{"id":9665,"date":"2018-09-09T19:59:17","date_gmt":"2018-09-09T17:59:17","guid":{"rendered":"http:\/\/www.lassebacklund.fi\/?page_id=9665"},"modified":"2025-12-09T22:47:45","modified_gmt":"2025-12-09T20:47:45","slug":"ellen-gronroos-1906-1988","status":"publish","type":"page","link":"https:\/\/www.lassebacklund.fi\/?page_id=9665","title":{"rendered":"Ellen Gr\u00f6nroos (1906 &#8211; 1988)"},"content":{"rendered":"<p><strong>Ellen Gr\u00f6nroos<\/strong> som f\u00f6ddes \u00e5r 1906 i Klemets\u00e4ndan var <a href=\"http:\/\/www.lassebacklund.fi\/?page_id=9700\">Erland Gr\u00f6nroos\u00b4 f\u00f6rsta barn<\/a> som han fick med sin f\u00f6rsta hustru Adelina Andersdotter Klemets. N\u00e4r Ellen var 2 \u00e5r dog hennes mor och redan f\u00f6ljande \u00e5r gifte pappa Erland om sig med Selma Amanda, Eriksdotter Klemets fr\u00e5n Erikas som trots samma sl\u00e4ktnamn inte var n\u00e4ra sl\u00e4kt med Erlands f\u00f6rsta hustru.<\/p>\n<p>Lilla Ellen hamnade nu att flytta och b\u00f6rjade bo hos farmor Anna Kajsa och farfar Josef L\u00e5ng, som d\u00e5 bodde i lillstugan hos <a href=\"http:\/\/www.lassebacklund.fi\/?page_id=3001\">Axel Forslin p\u00e5 \u00c5backan.<\/a><\/p>\n<p>Det var allts\u00e5 p\u00e5 \u00c5backan som Ellen v\u00e4xte upp och hon fick tidigt g\u00f6ra r\u00e4tt f\u00f6r sig med tungt arbete. Hon arbetade ocks\u00e5 en tid p\u00e5 Sigrids cafe. Efter att hennes farfar och farmor dog s\u00e5 hyrde hon \u00e5ren 1929-1930 ut ett av de tv\u00e5 rummen i lillstugan \u00e5t tv\u00e5 br\u00f6der som hette Pullola fr\u00e5n Stor\u00e5, som just d\u00e5 h\u00f6ll p\u00e5 att bygga kapten Nelsons g\u00e5rd p\u00e5 \u00c5backan. (Vill du se hur kapten Nelsons vackra g\u00e5rd ser ut, s\u00e5 klicka <a href=\"http:\/\/www.lassebacklund.fi\/?page_id=2786\"><strong><u>H\u00c4R)<\/u><\/strong><\/a><\/p>\n<figure id=\"attachment_9679\" aria-describedby=\"caption-attachment-9679\" style=\"width: 689px\" class=\"wp-caption aligncenter\"><img loading=\"lazy\" decoding=\"async\" class=\"size-full wp-image-9679\" src=\"http:\/\/www.lassebacklund.fi\/wp-content\/uploads\/2018\/09\/Ellen-Gr\u00f6nroos-som-ung.jpg\" alt=\"Ellen Gr\u00f6nroos flyttade som barn till farfar &quot;Lillk\u00e5rk-Josip&quot; och farmor Anna Kajsa p\u00e5 \u00c5backan, d\u00e4r hon sedan v\u00e4xte upp. Hon gifte sig med Yrj\u00f6 Pullola och bodde med honom p\u00e5 flera st\u00e4llen.\" width=\"689\" height=\"1051\" srcset=\"https:\/\/www.lassebacklund.fi\/wp-content\/uploads\/2018\/09\/Ellen-Gr\u00f6nroos-som-ung.jpg 689w, https:\/\/www.lassebacklund.fi\/wp-content\/uploads\/2018\/09\/Ellen-Gr\u00f6nroos-som-ung-197x300.jpg 197w, https:\/\/www.lassebacklund.fi\/wp-content\/uploads\/2018\/09\/Ellen-Gr\u00f6nroos-som-ung-671x1024.jpg 671w\" sizes=\"auto, (max-width: 689px) 100vw, 689px\" \/><figcaption id=\"caption-attachment-9679\" class=\"wp-caption-text\">Ellen Gr\u00f6nroos flyttade som barn till farfar &#8221;Lillk\u00e5rk-Josip&#8221; och farmor Anna Kajsa p\u00e5 \u00c5backan, d\u00e4r hon sedan v\u00e4xte upp. Hon gifte sig med Yrj\u00f6 Pullola och bodde med honom p\u00e5 flera st\u00e4llen.<\/figcaption><\/figure>\n<p>Hon fattade tycke f\u00f6r den ena brodern som hette Yrj\u00f6 Pullola (1907-1949) och p\u00e5 sommaren 1930 gifte de sig. Yrj\u00f6 var timmerman och var ocks\u00e5 med och byggde den nya folkh\u00f6gskolan i Lappfj\u00e4rd.<\/p>\n<p>Till h\u00f6sten 1930 f\u00f6ddes deras f\u00f6rsta dotter Eila. Det h\u00e4r \u00e4ktenskapen gillades inte av alla i sl\u00e4kten i Dagsmark, allts\u00e5 att Ellen gifte sig med en finne fr\u00e5n Stor\u00e5. S\u00e5 de flyttade till Stor\u00e5 och bodde d\u00e4r n\u00e5gra \u00e5r men d\u00e4r var det likadant, alla gillade inte att Yrj\u00f6 hade gift sig med en svensk flicka. Efter n\u00e5gra \u00e5r i Stor\u00e5 flyttade Ellen och Yrj\u00f6 med sina barn till Lappfj\u00e4rd, d\u00e4r de bodde n\u00e4ra kyrkan.<\/p>\n<p>Ellen och Yrj\u00f6 fick tillsammans 11 barn under \u00e5ren 1930-1948 och i n\u00e5got skede s\u00e5 flyttade de till Kristinestad. Yrj\u00f6 arbetade som snickare i Stor\u00e5 och bodde d\u00e4r inne i veckorna och Ellen som sk\u00f6tte hem och barn arbetade p\u00e5 ett fiskr\u00f6keri i staden. De bodde p\u00e5 hyra p\u00e5 flera olika st\u00e4llen runtom i staden och \u00e5r 1949 blev Ellen \u00e4nka d\u00e5 Yrj\u00f6 dog. Yrj\u00f6 hade blivit skadad i vinterkriget och blev inte riktigt frisk vilket gjorde att han dog i sviterna d\u00e4rav m\u00e5nga \u00e5r efter\u00e5t.<\/p>\n<p>Ellen var k\u00e4nd som en stark kvinna med h\u00e5rd vilja och hon best\u00e4mde det mesta d\u00e4r hemma. Yrj\u00f6 hade varit mera stillsam och lugn d\u00e5 Ellen var raka motsatsen.<\/p>\n<p>Ett bra exempel p\u00e5 hennes temperament \u00e4r d\u00e5 hon tillsammans med ett par av barnen s\u00f6kte upp fattigv\u00e5rdsn\u00e4mndens ordf\u00f6rande, handlanden John Spolander i hans hem i Norrstan. De hade tidigare f\u00e5tt lov att ta kvistar fr\u00e5n stadens skogar d\u00e5 avverkningar utf\u00f6rdes men kvistarna ville inte r\u00e4cka till s\u00e5 hon ville f\u00e5 lov att b\u00f6rja ta topparna ocks\u00e5. Spolander r\u00e5kade befinna i stallet d\u00e4r han h\u00f6ll p\u00e5 att mocka under h\u00e4starna d\u00e5 Ellen kom in. Hon framf\u00f6rde beg\u00e4ran om att f\u00e5 b\u00f6rja ta ocks\u00e5 topparna fr\u00e5n hyggesplatserna men d\u00e5 svarade Spolander att h\u00e4danefter f\u00e5r de inte ta n\u00e5gonting ur stadens skogar, inga toppar och inga kvistar heller.<\/p>\n<p>Utan ett ord gick Ellen fram till Spolander och med knuten n\u00e4ve slog hon till honom p\u00e5 k\u00e4ften, s\u00e5 att han fl\u00f6g bakl\u00e4nges och landade i h\u00e4stdyngan. Och utan ett ord s\u00e5 tog Ellen barnen och gick i v\u00e4g. Efter den dagen plockade de kvistar, toppar och b\u00e4ttre ved ur stadens skogar utan att n\u00e5gon v\u00e5gade f\u00f6rbjuda dem.<\/p>\n<p>I b\u00f6rjan p\u00e5 50-talet s\u00e5 hade de 6 \u00e4ldsta barnen flyttat till Sverige och de stannade alla d\u00e4r utom Aarno som efter ett par \u00e5r \u00e5terv\u00e4nde till Kristinestad \u00e5r 1951. En kv\u00e4ll n\u00e4r han redan flyttat hem tillbaka s\u00e5 fick han h\u00f6ra av Ellen att hon och alla de \u00f6vriga 5 barnen skulle flytta till Sverige. Aarno fr\u00e5gade att n\u00e4r d\u00e5, varp\u00e5 Ellen svarade: -I morgon! Det h\u00e4r var ocks\u00e5 typiskt Ellen, att besluten gjordes snabbt. En av d\u00f6ttrarna hade n\u00e5gon tid innan brutit benet och hade fortfarande gipset p\u00e5 men det hindrade inte resan, f\u00f6r Ellen hackade och klippte bort det med en f\u00e5rsax, s\u00e5 att det skulle bli enklare att resa.<\/p>\n<p>F\u00f6ljande dag tog Ellen Pullola barnen med p\u00e5 postbussen till \u00c5bo och s\u00e5 flyttade de till Dalarna i Sverige. N\u00e5got bagage hade de inte med, mest p\u00e5 grund av de inte \u00e4gde n\u00e4stan n\u00e5gonting. D\u00e4r bytte hon sl\u00e4ktnamn i april 1963 och \u00e5tertog flicknamnet Gr\u00f6nroos, eftersom svenskarna hade sv\u00e5rt med namnet Pullola. Efter n\u00e5gra \u00e5r i Faluntrakten i Dalarna flyttade hon ner till Landskrona i Sk\u00e5ne d\u00e4r hon dog \u00e5r 1988 och hon ligger begravd d\u00e4r.<\/p>\n<figure id=\"attachment_9678\" aria-describedby=\"caption-attachment-9678\" style=\"width: 1439px\" class=\"wp-caption aligncenter\"><img loading=\"lazy\" decoding=\"async\" class=\"size-full wp-image-9678\" src=\"http:\/\/www.lassebacklund.fi\/wp-content\/uploads\/2018\/09\/Ellen-Gr\u00f6nroos-80-\u00e5r.jpg\" alt=\"Ellen Gr\u00f6nroos som f\u00f6ddes d\u00e4r &quot;Andersas&quot; men v\u00e4xte upp p\u00e5 \u00c5backan flyttade p\u00e5 \u00e4ldre dar till Sverige med s\u00e5 gott som alla barn. H\u00e4r fotograferad p\u00e5 sin 80-\u00e5rs dag.\" width=\"1439\" height=\"981\" srcset=\"https:\/\/www.lassebacklund.fi\/wp-content\/uploads\/2018\/09\/Ellen-Gr\u00f6nroos-80-\u00e5r.jpg 1439w, https:\/\/www.lassebacklund.fi\/wp-content\/uploads\/2018\/09\/Ellen-Gr\u00f6nroos-80-\u00e5r-300x205.jpg 300w, https:\/\/www.lassebacklund.fi\/wp-content\/uploads\/2018\/09\/Ellen-Gr\u00f6nroos-80-\u00e5r-768x524.jpg 768w, https:\/\/www.lassebacklund.fi\/wp-content\/uploads\/2018\/09\/Ellen-Gr\u00f6nroos-80-\u00e5r-1024x698.jpg 1024w\" sizes=\"auto, (max-width: 1439px) 100vw, 1439px\" \/><figcaption id=\"caption-attachment-9678\" class=\"wp-caption-text\">Ellen Gr\u00f6nroos som f\u00f6ddes d\u00e4r &#8221;Andersas&#8221; men v\u00e4xte upp p\u00e5 \u00c5backan flyttade p\u00e5 \u00e4ldre dar till Sverige med s\u00e5 gott som alla barn. H\u00e4r fotograferad p\u00e5 sin 80-\u00e5rs dag.<\/figcaption><\/figure>\n<figure id=\"attachment_2994\" aria-describedby=\"caption-attachment-2994\" style=\"width: 1386px\" class=\"wp-caption aligncenter\"><img loading=\"lazy\" decoding=\"async\" class=\"size-full wp-image-2994\" src=\"http:\/\/www.lassebacklund.fi\/wp-content\/uploads\/2017\/02\/5-6.jpg\" alt=\"Det var allts\u00e5 i den h\u00e4r lillstugan som Ellen b\u00f6rjade umg\u00e5s med byggaren Yrj\u00f6 Pullola fr\u00e5n Stor\u00e5. Lillstugan fotograferad 2014 fr\u00e5n s\u00f6der. Lillstugan var i tiderna f\u00f6rl\u00e4ngd med uthus och ett f\u00e4hus. \" width=\"1386\" height=\"1039\" srcset=\"https:\/\/www.lassebacklund.fi\/wp-content\/uploads\/2017\/02\/5-6.jpg 1386w, https:\/\/www.lassebacklund.fi\/wp-content\/uploads\/2017\/02\/5-6-300x225.jpg 300w, https:\/\/www.lassebacklund.fi\/wp-content\/uploads\/2017\/02\/5-6-768x576.jpg 768w, https:\/\/www.lassebacklund.fi\/wp-content\/uploads\/2017\/02\/5-6-1024x768.jpg 1024w\" sizes=\"auto, (max-width: 1386px) 100vw, 1386px\" \/><figcaption id=\"caption-attachment-2994\" class=\"wp-caption-text\">Det var allts\u00e5 i den h\u00e4r lillstugan som Ellen b\u00f6rjade umg\u00e5s med byggaren Yrj\u00f6 Pullola fr\u00e5n Stor\u00e5. Lillstugan fotograferad 2014 fr\u00e5n s\u00f6der. Lillstugan var i tiderna f\u00f6rl\u00e4ngd med uthus och ett f\u00e4hus.<\/figcaption><\/figure>\n","protected":false},"excerpt":{"rendered":"<p>Ellen Gr\u00f6nroos som f\u00f6ddes \u00e5r 1906 i Klemets\u00e4ndan var Erland Gr\u00f6nroos\u00b4 f\u00f6rsta barn som han fick med sin f\u00f6rsta hustru Adelina Andersdotter Klemets. N\u00e4r Ellen var 2 \u00e5r dog hennes mor och redan f\u00f6ljande \u00e5r gifte pappa Erland om sig <a class=\"more-link\" href=\"https:\/\/www.lassebacklund.fi\/?page_id=9665\">Forts\u00e4tt l\u00e4sa <span class=\"screen-reader-text\">  Ellen Gr\u00f6nroos (1906 &#8211; 1988)<\/span><span class=\"meta-nav\">&rarr;<\/span><\/a><\/p>\n","protected":false},"author":1,"featured_media":0,"parent":3001,"menu_order":0,"comment_status":"closed","ping_status":"closed","template":"","meta":{"footnotes":""},"class_list":["post-9665","page","type-page","status-publish","hentry"],"_links":{"self":[{"href":"https:\/\/www.lassebacklund.fi\/index.php?rest_route=\/wp\/v2\/pages\/9665","targetHints":{"allow":["GET"]}}],"collection":[{"href":"https:\/\/www.lassebacklund.fi\/index.php?rest_route=\/wp\/v2\/pages"}],"about":[{"href":"https:\/\/www.lassebacklund.fi\/index.php?rest_route=\/wp\/v2\/types\/page"}],"author":[{"embeddable":true,"href":"https:\/\/www.lassebacklund.fi\/index.php?rest_route=\/wp\/v2\/users\/1"}],"replies":[{"embeddable":true,"href":"https:\/\/www.lassebacklund.fi\/index.php?rest_route=%2Fwp%2Fv2%2Fcomments&post=9665"}],"version-history":[{"count":5,"href":"https:\/\/www.lassebacklund.fi\/index.php?rest_route=\/wp\/v2\/pages\/9665\/revisions"}],"predecessor-version":[{"id":25145,"href":"https:\/\/www.lassebacklund.fi\/index.php?rest_route=\/wp\/v2\/pages\/9665\/revisions\/25145"}],"up":[{"embeddable":true,"href":"https:\/\/www.lassebacklund.fi\/index.php?rest_route=\/wp\/v2\/pages\/3001"}],"wp:attachment":[{"href":"https:\/\/www.lassebacklund.fi\/index.php?rest_route=%2Fwp%2Fv2%2Fmedia&parent=9665"}],"curies":[{"name":"wp","href":"https:\/\/api.w.org\/{rel}","templated":true}]}}