{"id":8838,"date":"2018-06-23T08:07:44","date_gmt":"2018-06-23T06:07:44","guid":{"rendered":"http:\/\/www.lassebacklund.fi\/?page_id=8838"},"modified":"2019-06-05T11:50:39","modified_gmt":"2019-06-05T08:50:39","slug":"tidningsartiklar-fran-1950-talet","status":"publish","type":"page","link":"https:\/\/www.lassebacklund.fi\/?page_id=8838","title":{"rendered":"Tidningsartiklar fr\u00e5n 1950-talet."},"content":{"rendered":"<p><span style=\"color: #000080;\">Syd-\u00d6sterbotten 5.1.1950:<\/span><\/p>\n<h3><strong>Skattebetalarna i Lappfj\u00e4rd.<\/strong><\/h3>\n<p>Den 28 dec. h\u00f6ll skifteslaget i Dagsmark st\u00e4mma varvid bl.a. besl\u00f6ts ink\u00f6pa en grust\u00e4kt f\u00f6r skifteslagets r\u00e4kning.<\/p>\n<p>Vidare befullm\u00e4ktigades styrelsen att med Korsb\u00e4ck ungdomsf\u00f6rening \u00f6verenskomma om utarrendering av tomtomr\u00e5de till n\u00e4mnda f\u00f6rening.<\/p>\n<p>Sedan f\u00f6rhandlingarna avslutades f\u00f6ljde en livlig diskussion varvid kommunala sp\u00f6rsm\u00e5l och s\u00e4rskilt beskattningen ventilerades. Bl.a. p\u00e5pekades att skatt\u00f6resval\u00f6ren \u00e5r efter \u00e5r visat en stigande tendens. Flera av de senaste fullm\u00e4ktigebesluten nagelfors och det framh\u00f6lls att det planerade centralskolbygget blir f\u00f6r dyrt.<\/p>\n<p>Flera f\u00f6rslag gjordes som avs\u00e5g att nedbringa de kommunala utgifterna men till n\u00e5gon godtagbar l\u00f6sning av fr\u00e5gan kom man dock ej.<\/p>\n<p>Slutligen enades man om att i en snar framtid sammankalla ett m\u00f6te i kyrkbyn vid vilket skattebetalarna i kommunen f\u00e5r tillf\u00e4lle att dryfta hith\u00f6rande fr\u00e5gor.<\/p>\n<p><span style=\"margin: 0px; color: #000080; font-family: 'Helvetica','sans-serif';\">Syd-\u00d6sterbotten 2.2.1950:<\/span><\/p>\n<p><span style=\"margin: 0px; font-family: 'Helvetica','sans-serif';\"><span style=\"color: #000000;\">Stafettskidningarna i Dagsmark.<\/span><\/span><\/p>\n<p><span style=\"margin: 0px; font-family: 'Helvetica','sans-serif';\"><span style=\"color: #000000;\">Veli Kangas svarade f\u00f6r det b\u00e4sta individuella resultatet.<\/span><\/span><\/p>\n<p><span style=\"margin: 0px; font-family: 'Helvetica','sans-serif';\"><span style=\"color: #000000;\">P\u00e5 s\u00f6ndagen f\u00f6rsiggick i Dagsmark IF L\u00e4nkens stafettskidningar 4 x 10 km om handlanden Silfverbergs nyinstiftade vandringspris mellan avdelningarna. Lappfj\u00e4rds norra, Lappfj\u00e4rds s\u00f6dra, samt P\u00e4rus och Dagsmark hade s\u00e4nt fulltaliga lag medan Lappfj\u00e4rds finska hade endast 3 l\u00f6pare. Banan som m\u00e4tte 5 km skidades 2 varv.<\/span><\/span><\/p>\n<p><span style=\"margin: 0px; font-family: 'Helvetica','sans-serif';\"><span style=\"color: #000000;\">Efter f\u00f6rsta varvet ledde s\u00f6dra sidan N. Kl\u00e5vus, som tycktes ha v\u00e4ldiga krafter och l\u00f6pte andra varvet 46 snabbare \u00e4n f\u00f6rsta. Efter 10 km ledde allts\u00e5 Lappfj\u00e4rds s\u00f6dra med 2 minuter f\u00f6re Dagsmar, 5 minuter f\u00f6re P\u00e4rus och 7 minuter f\u00f6re norra. P\u00e5 andra milen drog Hans Gullmes fr\u00e5n P\u00e4rus storartat f\u00f6rbi Dagsmark, samt Lappfj\u00e4rd s\u00f6dras man. Norra sidans Bjarne Smeds l\u00f6pte tekniskt v\u00e4l och n\u00e5dde dagens snabbaste varvtid. Han tog upp t\u00e4tens 7 minuters f\u00f6rspr\u00e5ng, s\u00e5 n\u00e4r som 1 \u00bd minut.<\/span><\/span><\/p>\n<p><span style=\"margin: 0px; font-family: 'Helvetica','sans-serif';\"><span style=\"color: #000000;\">J\u00e4mnheten mellan lagen b\u00f6rjade visa sig. I mitten av tredje milen skilde endast 13 sekunder mellan P\u00e4rus, Dagsmark och norra, medan Lappfj\u00e4rds s\u00f6dra sackat efter p\u00e5 grund av problem med bindningarna. \u201dDet skall vara r\u00e5ttf\u00e4llor till n\u00e4sta g\u00e5ng\u201d!<\/span><\/span><\/p>\n<p><span style=\"margin: 0px; font-family: 'Helvetica','sans-serif';\"><span style=\"color: #000000;\">Efter 30 km ledde Dagsmark genom Arne Rosengren med 41 sekunder f\u00f6re norra och P\u00e4rus. S\u00e5 tog lagens ankaren vid p\u00e5 sista milen. Tippningarna b\u00f6rjade bland publiken. Skulle Dagsmark vinna eller skulle norra sidans S. Smeds knappa in de felande 4 sekunderna?<\/span><\/span><\/p>\n<p><span style=\"margin: 0px; font-family: 'Helvetica','sans-serif';\"><span style=\"color: #000000;\">Vid sista halvmilen visade det sig att Smeds hade vallat galet. Han f\u00f6rlorade sekunder f\u00f6r varje stavtag. Det visade sig ocks\u00e5 att Nils Rosenstedt fr\u00e5n P\u00e4rus hade snabbare varvtid \u00e4n Veli Kangas fr\u00e5n Dagsmark, som l\u00e5g j\u00e4mt 2 minuter f\u00f6re i sp\u00e5ret. Men Kangas \u201dmalade\u201d j\u00e4mnt: f\u00f6rsta varvet p\u00e5 22,15 och andra varvet p\u00e5 22,22. Veli Kangas l\u00f6pte i m\u00e5l p\u00e5 snabbaste miltiden.<\/span><\/span><\/p>\n<p><span style=\"margin: 0px; font-family: 'Helvetica','sans-serif';\"><span style=\"color: #000000;\">Lagresultat: Dagsmark, P\u00e4rus, Lappfj\u00e4rd Norra, Lappfj\u00e4rd S\u00f6dra.<\/span><\/span><\/p>\n<p><span style=\"margin: 0px; font-family: 'Helvetica','sans-serif';\"><span style=\"color: #000000;\">Individuella resultat: 1) Veli Kangas, 2) Bjarne Smeds, 3) Nils Rosenstedt, 4) Hans Gullmes. 5) Nils Kl\u00e5vus, 6) Gustav Evars.<\/span><\/span><\/p>\n<p><span style=\"margin: 0px; color: #000080; font-family: 'Helvetica','sans-serif';\">Syd-\u00d6sterbotten torsdagen 25.5.1950:<\/span><\/p>\n<h5><strong><span style=\"margin: 0px; font-family: 'Helvetica','sans-serif';\"><span style=\"color: #000000;\">Fyra\u00e5ring f\u00f6rsvunnen i Lappfj\u00e4rd.<\/span><\/span><\/strong><\/h5>\n<p><span style=\"margin: 0px; font-family: 'Helvetica','sans-serif';\"><span style=\"color: #000000;\">I m\u00e5ndags vid 15-tiden f\u00f6rsvann 4-\u00e5riga Jan Ole Lillsj\u00f6 fr\u00e5n sitt hem i Dagsmark och har trots intensiva efterforskningar inte antr\u00e4ffats. N\u00e4r fadern Ingvar Lillsj\u00f6 gick till sitt arbete ville gossen f\u00f6lja med men nekades. Sannolikt har dock gossen begett sig ut f\u00f6r att s\u00f6ka efter sin far, som arbetade cirka en km fr\u00e5n hemmet, men p\u00e5 den v\u00e4gen f\u00f6rsvann han i obekanta \u00f6den.<\/span><\/span><\/p>\n<p><span style=\"margin: 0px; font-family: 'Helvetica','sans-serif';\"><span style=\"color: #000000;\">Skallg\u00e5ng anordnades p\u00e5 kv\u00e4llen och p\u00e5 tisdagen fortsatte ett 70-tal man efterforskningarna. I g\u00e5r onsdag fick man hj\u00e4lp av 54 soldater fr\u00e5n Niinisalo och fr\u00e5n Dagsmark deltog ett lika stort antal i efterforskningarna.<\/span><\/span><\/p>\n<p><span style=\"color: #000000;\"><span style=\"margin: 0px; font-family: 'Helvetica','sans-serif';\">Trots att man har finkammat ett omr\u00e5de p\u00e5 7 km<\/span><span style=\"margin: 0px; font-family: 'Helvetica','sans-serif';\">\u00b2 och draggat i alla brunnar har man inte funnit n\u00e5gra sp\u00e5r efter gossen. \u00c4ven i \u00e5n har man draggat.<\/span><\/span><\/p>\n<p><span style=\"margin: 0px; color: #000080; font-family: 'Helvetica','sans-serif';\">Syd-\u00d6sterbotten l\u00f6rdagen 27.5.1950:<\/span><\/p>\n<h5><strong><span style=\"margin: 0px; font-family: 'Helvetica','sans-serif';\"><span style=\"color: #000000;\">Fyra\u00e5ringen \u00e5terfunnen.<\/span><\/span><\/strong><\/h5>\n<p><strong><span style=\"margin: 0px; font-family: 'Helvetica','sans-serif';\"><span style=\"color: #000000;\">Befinner sig v\u00e4l efter tre n\u00e4tter i skogen.<\/span><\/span><\/strong><\/p>\n<p><span style=\"margin: 0px; font-family: 'Helvetica','sans-serif';\"><span style=\"color: #000000;\">Fyra\u00e5riga Jan Ole Lillsj\u00f6 som p\u00e5 m\u00e5ndagen f\u00f6rsvann fr\u00e5n sitt hem i Dagsmark \u00e5terfanns i torsdags p\u00e5 eftermiddagen. Han v\u00e5rdas nu p\u00e5 sjukhuset i Kristinestad och det finns gott hopp om att han skall klara sig utan men fr\u00e5n sitt v\u00e5dliga \u00e4ventyr.<\/span><\/span><\/p>\n<p><span style=\"margin: 0px; font-family: 'Helvetica','sans-serif';\"><span style=\"color: #000000;\">Efterforskningarna hade allt sedan alarm gavs p\u00e5 m\u00e5ndagskv\u00e4llen bedrivits med st\u00f6rsta intensitet och man ber\u00e4knar att minst 500 personer deltagit i skallg\u00e5ngen. Till och med \u00e5ldersstigna kvinnor, bland dem 70-\u00e5riga Mina S\u00f6derholm i Dagsmark begav sig ut f\u00f6r att leta efter den f\u00f6rsvunna.<\/span><\/span><\/p>\n<p><span style=\"margin: 0px; font-family: 'Helvetica','sans-serif';\"><span style=\"color: #000000;\">Gossen antr\u00e4ffades vid 16-tiden i torsdags sittande i skogen c. 4,5 km f\u00e5gelv\u00e4gen fr\u00e5n sitt hem. Man ber\u00e4knar att han g\u00e5tt \u00e5tminstone 10 km. Spaningskeden skulle just v\u00e4nda f\u00f6r att g\u00f6ra den sista kamningen, n\u00e4r gossen observerades av E. Berg. Platsen \u201dV\u00e4grutan\u201d, dit 4-\u00e5ringen f\u00f6rirrat sig ligger i r\u00e5n mellan Emil Ekmans och E. Bj\u00f6rses skogsskiften v\u00e4ster om Korsb\u00e4ck.<\/span><\/span><\/p>\n<p><span style=\"margin: 0px; font-family: 'Helvetica','sans-serif';\"><span style=\"color: #000000;\">P\u00e5 onsdagskv\u00e4llen fann man den f\u00f6rsvunnas n\u00e4sduk i skogen och detta underl\u00e4ttade spaningsarbetet. \u00c4ven en annan omst\u00e4ndighet som bidrog till att underl\u00e4tta efterforskningen \u00e4r v\u00e4rd att noteras. Man hade lagt m\u00e4rke till tv\u00e5 korpar som kretsade runt en viss punkt i skogen och det visade sig att f\u00e5glarna fl\u00f6g just \u00f6ver plats d\u00e4r gossen satt.<\/span><\/span><\/p>\n<p><span style=\"margin: 0px; font-family: 'Helvetica','sans-serif';\"><span style=\"color: #000000;\">Trots den l\u00e5ngvariga vistelsen i skogen befann sig gossen i ovanligt gott skick. Han hade likv\u00e4l \u00e5dragit sig frostskador men dessa \u00e4r inte av allvarligare natur. De psykiska p\u00e5frestningarna har likv\u00e4l varit stora f\u00f6r den lille och han har f\u00e5tt skr\u00e4ck f\u00f6r m\u00f6rker och ensamhet. Gossen har ber\u00e4ttat att han p\u00e5 onsdagskv\u00e4llen h\u00f6rde sin far ropa i skogen men han v\u00e5gade inte svara.<\/span><\/span><\/p>\n<p><span style=\"margin: 0px; font-family: 'Helvetica','sans-serif';\"><span style=\"color: #000000;\">F\u00f6r den lyckliga utg\u00e5ngen av efterforskningarna b\u00f6r ges fullt erk\u00e4nnande \u00e5t allm\u00e4nheten, som trots den synnerligen br\u00e5da tiden, l\u00e4mnade arbetet f\u00f6r att s\u00f6ka den vilseg\u00e5ngna. \u00c4ven orienteringskunnandet p\u00e5 orten bidrog till att gossen \u00e5terfanns.<\/span><\/span><\/p>\n<p><span style=\"margin: 0px; font-family: 'Helvetica','sans-serif';\"><span style=\"color: #000000;\">I detta fall hade en god polishund f\u00f6rsta kv\u00e4llen efter f\u00f6rsvinnandet inbesparat hundratals dagsverken. Kunde man ej t\u00e4nka sig att Kristinestad och Kask\u00f6 med omgivande l\u00e4nsmansdistrikt gemensamt kunde best\u00e5 sig med en dylik hund, vilseg\u00e5ngna till hj\u00e4lp och f\u00f6rbrytare till varnagel.<\/span><\/span><\/p>\n<p><span style=\"margin: 0px; font-family: 'Helvetica','sans-serif';\"><span style=\"color: #000000;\">\u00a0<\/span><\/span><\/p>\n<p><span style=\"margin: 0px; font-family: 'Helvetica','sans-serif';\"><span style=\"color: #000000;\">\u00a0<\/span><\/span><\/p>\n<p><span style=\"font-family: 'Helvetica','sans-serif';\"><span style=\"color: #000000; font-size: medium;\"><span style=\"color: #000080;\">I Syd-\u00d6sterbotten 7.6.1956&#8230;<\/span> <\/span><\/span><\/p>\n<p><span style=\"font-family: 'Helvetica','sans-serif';\"><span style=\"color: #000000; font-size: medium;\">&#8230;meddelar Karl Kronman att en v\u00e4g skall byggas p\u00e5 talko p\u00e5 B\u00f6tombergen till den nya skidstugan och alla lastbils\u00e4gare i Lappfj\u00e4rd kommer att vara med och k\u00f6ra grus till den. Cementgjuteriet i Dagsmark skall ocks\u00e5 vara med, d\u00e5 de l\u00e5nar ut en gr\u00e4vmaskin. Talkofolket skall ta spaden med och samlas p\u00e5 s\u00f6ndag morgon klockan nio vid \u201dParadisv\u00e4gen\u201d.<\/span><\/span><\/p>\n<p><span style=\"font-family: 'Helvetica','sans-serif';\"><span style=\"color: #000000; font-size: medium;\">I tidningens f\u00f6ljande nummer den 9.6. dementerar L\u00e4nken de tidigare uppgifter och skriver att det \u00e4r Syd\u00f6sterbottens cementgjuteri i Lappfj\u00e4rd som \u00e4ger gr\u00e4vmaskinen. Tidningens redaktion hoppas att dagsmarkf\u00f6retaget kan vara med och hj\u00e4lpa till med en \u201dmekanisk hj\u00e4lpreda\u201d.<\/span><\/span><\/p>\n<p><span style=\"color: #000080;\">Syd-\u00d6sterbotten 7 9.1957.<\/span><\/p>\n<p><span style=\"margin: 0px; font-family: 'Helvetica','sans-serif';\"><span style=\"color: #000000;\">\u00d6sterbottens f\u00f6rsta permanentbelagda v\u00e4g, Riks\u00e5ttan mellan Vasa och Pada v\u00e4gsk\u00e4l i Helsingby \u00f6ppnades i torsdags f\u00f6r trafik. \u00d6ppningen verkst\u00e4lldes av landsh\u00f6vding Ahlb\u00e4ck. V\u00e4gen \u00e4r 6,9 km l\u00e5ng och 7 meter bred och kostade 29 miljoner mark att asfaltera. Asfaltv\u00e4gen kostade allts\u00e5 19\u00a0000 mark per meter.<\/span><\/span><\/p>\n<p>&nbsp;<\/p>\n","protected":false},"excerpt":{"rendered":"<p>Syd-\u00d6sterbotten 5.1.1950: Skattebetalarna i Lappfj\u00e4rd. Den 28 dec. h\u00f6ll skifteslaget i Dagsmark st\u00e4mma varvid bl.a. besl\u00f6ts ink\u00f6pa en grust\u00e4kt f\u00f6r skifteslagets r\u00e4kning. Vidare befullm\u00e4ktigades styrelsen att med Korsb\u00e4ck ungdomsf\u00f6rening \u00f6verenskomma om utarrendering av tomtomr\u00e5de till n\u00e4mnda f\u00f6rening. Sedan f\u00f6rhandlingarna avslutades <a class=\"more-link\" href=\"https:\/\/www.lassebacklund.fi\/?page_id=8838\">Forts\u00e4tt l\u00e4sa <span class=\"screen-reader-text\">  Tidningsartiklar fr\u00e5n 1950-talet.<\/span><span class=\"meta-nav\">&rarr;<\/span><\/a><\/p>\n","protected":false},"author":1,"featured_media":0,"parent":25,"menu_order":1950,"comment_status":"closed","ping_status":"closed","template":"","meta":{"footnotes":""},"class_list":["post-8838","page","type-page","status-publish","hentry"],"_links":{"self":[{"href":"https:\/\/www.lassebacklund.fi\/index.php?rest_route=\/wp\/v2\/pages\/8838","targetHints":{"allow":["GET"]}}],"collection":[{"href":"https:\/\/www.lassebacklund.fi\/index.php?rest_route=\/wp\/v2\/pages"}],"about":[{"href":"https:\/\/www.lassebacklund.fi\/index.php?rest_route=\/wp\/v2\/types\/page"}],"author":[{"embeddable":true,"href":"https:\/\/www.lassebacklund.fi\/index.php?rest_route=\/wp\/v2\/users\/1"}],"replies":[{"embeddable":true,"href":"https:\/\/www.lassebacklund.fi\/index.php?rest_route=%2Fwp%2Fv2%2Fcomments&post=8838"}],"version-history":[{"count":6,"href":"https:\/\/www.lassebacklund.fi\/index.php?rest_route=\/wp\/v2\/pages\/8838\/revisions"}],"predecessor-version":[{"id":12614,"href":"https:\/\/www.lassebacklund.fi\/index.php?rest_route=\/wp\/v2\/pages\/8838\/revisions\/12614"}],"up":[{"embeddable":true,"href":"https:\/\/www.lassebacklund.fi\/index.php?rest_route=\/wp\/v2\/pages\/25"}],"wp:attachment":[{"href":"https:\/\/www.lassebacklund.fi\/index.php?rest_route=%2Fwp%2Fv2%2Fmedia&parent=8838"}],"curies":[{"name":"wp","href":"https:\/\/api.w.org\/{rel}","templated":true}]}}