{"id":8762,"date":"2018-06-20T21:43:38","date_gmt":"2018-06-20T19:43:38","guid":{"rendered":"http:\/\/www.lassebacklund.fi\/?page_id=8762"},"modified":"2018-06-20T21:54:04","modified_gmt":"2018-06-20T19:54:04","slug":"ingmar-rosengards-foton","status":"publish","type":"page","link":"https:\/\/www.lassebacklund.fi\/?page_id=8762","title":{"rendered":"Ingmar Roseng\u00e5rds foton."},"content":{"rendered":"<figure id=\"attachment_8732\" aria-describedby=\"caption-attachment-8732\" style=\"width: 1050px\" class=\"wp-caption aligncenter\"><img loading=\"lazy\" decoding=\"async\" class=\"size-full wp-image-8732\" src=\"http:\/\/www.lassebacklund.fi\/wp-content\/uploads\/2018\/06\/DX_9-web.jpg\" alt=\"Fotografen Ingmar Roseng\u00e5rd i b\u00f6rjan p\u00e5 1970-talet.\" width=\"1050\" height=\"700\" srcset=\"https:\/\/www.lassebacklund.fi\/wp-content\/uploads\/2018\/06\/DX_9-web.jpg 1050w, https:\/\/www.lassebacklund.fi\/wp-content\/uploads\/2018\/06\/DX_9-web-300x200.jpg 300w, https:\/\/www.lassebacklund.fi\/wp-content\/uploads\/2018\/06\/DX_9-web-768x512.jpg 768w, https:\/\/www.lassebacklund.fi\/wp-content\/uploads\/2018\/06\/DX_9-web-1024x683.jpg 1024w\" sizes=\"auto, (max-width: 1050px) 100vw, 1050px\" \/><figcaption id=\"caption-attachment-8732\" class=\"wp-caption-text\">L\u00e4raren och naturfotografen Ingmar Roseng\u00e5rd (f.1947) i b\u00f6rjan p\u00e5 1970-talet. F\u00e5glar och naturen\u00a0har varit\u00a0hans stora intresse men han var ocks\u00e5 ofta p\u00e5passligt framme med kameran och fotograferade f\u00f6rsvinnande vyer i Dagsmark.<\/figcaption><\/figure>\n<figure id=\"attachment_8760\" aria-describedby=\"caption-attachment-8760\" style=\"width: 853px\" class=\"wp-caption aligncenter\"><img loading=\"lazy\" decoding=\"async\" class=\"size-full wp-image-8760\" src=\"http:\/\/www.lassebacklund.fi\/wp-content\/uploads\/2018\/06\/Vikingas-hoppbackan.jpg\" alt=\"Vikingas hoppbacken p\u00e5 \u00c5backan.\" width=\"853\" height=\"529\" srcset=\"https:\/\/www.lassebacklund.fi\/wp-content\/uploads\/2018\/06\/Vikingas-hoppbackan.jpg 853w, https:\/\/www.lassebacklund.fi\/wp-content\/uploads\/2018\/06\/Vikingas-hoppbackan-300x186.jpg 300w, https:\/\/www.lassebacklund.fi\/wp-content\/uploads\/2018\/06\/Vikingas-hoppbackan-768x476.jpg 768w\" sizes=\"auto, (max-width: 853px) 100vw, 853px\" \/><figcaption id=\"caption-attachment-8760\" class=\"wp-caption-text\">Vikingas hoppbacken p\u00e5 \u00c5backan.<\/figcaption><\/figure>\n<figure id=\"attachment_8754\" aria-describedby=\"caption-attachment-8754\" style=\"width: 893px\" class=\"wp-caption aligncenter\"><img loading=\"lazy\" decoding=\"async\" class=\"size-full wp-image-8754\" src=\"http:\/\/www.lassebacklund.fi\/wp-content\/uploads\/2018\/06\/Roseng\u00e5rds-hemg\u00e5rd.jpg\" alt=\"Roseng\u00e5rd Erik Anders g\u00e5rd p\u00e5 Brobackan, som revs i b\u00f6rjan p\u00e5 1970-talet.\" width=\"893\" height=\"889\" srcset=\"https:\/\/www.lassebacklund.fi\/wp-content\/uploads\/2018\/06\/Roseng\u00e5rds-hemg\u00e5rd.jpg 893w, https:\/\/www.lassebacklund.fi\/wp-content\/uploads\/2018\/06\/Roseng\u00e5rds-hemg\u00e5rd-150x150.jpg 150w, https:\/\/www.lassebacklund.fi\/wp-content\/uploads\/2018\/06\/Roseng\u00e5rds-hemg\u00e5rd-300x300.jpg 300w, https:\/\/www.lassebacklund.fi\/wp-content\/uploads\/2018\/06\/Roseng\u00e5rds-hemg\u00e5rd-768x765.jpg 768w\" sizes=\"auto, (max-width: 893px) 100vw, 893px\" \/><figcaption id=\"caption-attachment-8754\" class=\"wp-caption-text\">Roseng\u00e5rd Erik Anders g\u00e5rd p\u00e5 Brobackan, som revs i b\u00f6rjan p\u00e5 1970-talet.<\/figcaption><\/figure>\n<figure id=\"attachment_8753\" aria-describedby=\"caption-attachment-8753\" style=\"width: 1399px\" class=\"wp-caption aligncenter\"><img loading=\"lazy\" decoding=\"async\" class=\"size-full wp-image-8753\" src=\"http:\/\/www.lassebacklund.fi\/wp-content\/uploads\/2018\/06\/Rimfrost-i-bj\u00f6rkarna-runt-lokaluthuset-1985-web.jpg\" alt=\"Bj\u00f6rkarna fulla med rimfrost vintern 1985 d\u00e4r ungdomsf\u00f6reningens uthus syns mitt i bild.\" width=\"1399\" height=\"912\" srcset=\"https:\/\/www.lassebacklund.fi\/wp-content\/uploads\/2018\/06\/Rimfrost-i-bj\u00f6rkarna-runt-lokaluthuset-1985-web.jpg 1399w, https:\/\/www.lassebacklund.fi\/wp-content\/uploads\/2018\/06\/Rimfrost-i-bj\u00f6rkarna-runt-lokaluthuset-1985-web-300x196.jpg 300w, https:\/\/www.lassebacklund.fi\/wp-content\/uploads\/2018\/06\/Rimfrost-i-bj\u00f6rkarna-runt-lokaluthuset-1985-web-768x501.jpg 768w, https:\/\/www.lassebacklund.fi\/wp-content\/uploads\/2018\/06\/Rimfrost-i-bj\u00f6rkarna-runt-lokaluthuset-1985-web-1024x668.jpg 1024w\" sizes=\"auto, (max-width: 1399px) 100vw, 1399px\" \/><figcaption id=\"caption-attachment-8753\" class=\"wp-caption-text\">Bj\u00f6rkarna fulla med rimfrost vintern 1985 d\u00e4r ungdomsf\u00f6reningens uthus syns mitt i bild.<\/figcaption><\/figure>\n<figure id=\"attachment_8752\" aria-describedby=\"caption-attachment-8752\" style=\"width: 933px\" class=\"wp-caption aligncenter\"><img loading=\"lazy\" decoding=\"async\" class=\"size-full wp-image-8752\" src=\"http:\/\/www.lassebacklund.fi\/wp-content\/uploads\/2018\/06\/Lokalen-fr\u00e5n-\u00f6ster.jpg\" alt=\"Dagsmark Ungdomsf\u00f6renings lokal fotograferad fr\u00e5n \u00f6ster.\" width=\"933\" height=\"587\" srcset=\"https:\/\/www.lassebacklund.fi\/wp-content\/uploads\/2018\/06\/Lokalen-fr\u00e5n-\u00f6ster.jpg 933w, https:\/\/www.lassebacklund.fi\/wp-content\/uploads\/2018\/06\/Lokalen-fr\u00e5n-\u00f6ster-300x189.jpg 300w, https:\/\/www.lassebacklund.fi\/wp-content\/uploads\/2018\/06\/Lokalen-fr\u00e5n-\u00f6ster-768x483.jpg 768w\" sizes=\"auto, (max-width: 933px) 100vw, 933px\" \/><figcaption id=\"caption-attachment-8752\" class=\"wp-caption-text\">Dagsmark Ungdomsf\u00f6renings lokal fotograferad fr\u00e5n \u00f6ster.<\/figcaption><\/figure>\n<figure id=\"attachment_8742\" aria-describedby=\"caption-attachment-8742\" style=\"width: 1050px\" class=\"wp-caption aligncenter\"><img loading=\"lazy\" decoding=\"async\" class=\"size-full wp-image-8742\" src=\"http:\/\/www.lassebacklund.fi\/wp-content\/uploads\/2018\/06\/Kopia-av-kyrkfotot-web.jpg\" alt=\"Kyrkan i Lappfj\u00e4rd fotograferad fr\u00e5n \u00c5s\u00e4ndan.\" width=\"1050\" height=\"700\" srcset=\"https:\/\/www.lassebacklund.fi\/wp-content\/uploads\/2018\/06\/Kopia-av-kyrkfotot-web.jpg 1050w, https:\/\/www.lassebacklund.fi\/wp-content\/uploads\/2018\/06\/Kopia-av-kyrkfotot-web-300x200.jpg 300w, https:\/\/www.lassebacklund.fi\/wp-content\/uploads\/2018\/06\/Kopia-av-kyrkfotot-web-768x512.jpg 768w, https:\/\/www.lassebacklund.fi\/wp-content\/uploads\/2018\/06\/Kopia-av-kyrkfotot-web-1024x683.jpg 1024w\" sizes=\"auto, (max-width: 1050px) 100vw, 1050px\" \/><figcaption id=\"caption-attachment-8742\" class=\"wp-caption-text\">Kyrkan i Lappfj\u00e4rd fotograferad fr\u00e5n \u00c5s\u00e4ndan.<\/figcaption><\/figure>\n<figure id=\"attachment_8750\" aria-describedby=\"caption-attachment-8750\" style=\"width: 893px\" class=\"wp-caption aligncenter\"><img loading=\"lazy\" decoding=\"async\" class=\"size-full wp-image-8750\" src=\"http:\/\/www.lassebacklund.fi\/wp-content\/uploads\/2018\/06\/Landsv\u00e4gsvy-mot-Palon.jpg\" alt=\"Fotot taget fr\u00e5n Pala-Alvaras mot Palon . Mitt i bild transformatorn.\" width=\"893\" height=\"601\" srcset=\"https:\/\/www.lassebacklund.fi\/wp-content\/uploads\/2018\/06\/Landsv\u00e4gsvy-mot-Palon.jpg 893w, https:\/\/www.lassebacklund.fi\/wp-content\/uploads\/2018\/06\/Landsv\u00e4gsvy-mot-Palon-300x202.jpg 300w, https:\/\/www.lassebacklund.fi\/wp-content\/uploads\/2018\/06\/Landsv\u00e4gsvy-mot-Palon-768x517.jpg 768w\" sizes=\"auto, (max-width: 893px) 100vw, 893px\" \/><figcaption id=\"caption-attachment-8750\" class=\"wp-caption-text\">Fotot taget fr\u00e5n Pala-Alvaras mot Palon . Mitt i bild transformatorn.<\/figcaption><\/figure>\n<figure id=\"attachment_8743\" aria-describedby=\"caption-attachment-8743\" style=\"width: 1399px\" class=\"wp-caption aligncenter\"><img loading=\"lazy\" decoding=\"async\" class=\"size-full wp-image-8743\" src=\"http:\/\/www.lassebacklund.fi\/wp-content\/uploads\/2018\/06\/Landsv\u00e4gen-mot-storbron-1974-web.jpg\" alt=\"Storabron fotograferad fr\u00e5n B\u00f6tomkorsningen \u00e5r 1974. Det gula huset till h\u00f6ger tillh\u00f6r Birger och Anna Bj\u00f6rklund och f\u00f6ljande \u00e4r \u00c5lgars g\u00e5rd. Riktigt i kanten skymtar Andelshandelns lagerbyggnad.\" width=\"1399\" height=\"929\" srcset=\"https:\/\/www.lassebacklund.fi\/wp-content\/uploads\/2018\/06\/Landsv\u00e4gen-mot-storbron-1974-web.jpg 1399w, https:\/\/www.lassebacklund.fi\/wp-content\/uploads\/2018\/06\/Landsv\u00e4gen-mot-storbron-1974-web-300x199.jpg 300w, https:\/\/www.lassebacklund.fi\/wp-content\/uploads\/2018\/06\/Landsv\u00e4gen-mot-storbron-1974-web-768x510.jpg 768w, https:\/\/www.lassebacklund.fi\/wp-content\/uploads\/2018\/06\/Landsv\u00e4gen-mot-storbron-1974-web-1024x680.jpg 1024w\" sizes=\"auto, (max-width: 1399px) 100vw, 1399px\" \/><figcaption id=\"caption-attachment-8743\" class=\"wp-caption-text\">Storabron fotograferad fr\u00e5n B\u00f6tomkorsningen \u00e5r 1974. Det gula huset till h\u00f6ger tillh\u00f6r Birger och Anna Bj\u00f6rklund och f\u00f6ljande \u00e4r \u00c5lgars g\u00e5rd. Riktigt i kanten skymtar Andelshandelns lagerbyggnad.<\/figcaption><\/figure>\n<figure id=\"attachment_8741\" aria-describedby=\"caption-attachment-8741\" style=\"width: 1333px\" class=\"wp-caption aligncenter\"><img loading=\"lazy\" decoding=\"async\" class=\"size-full wp-image-8741\" src=\"http:\/\/www.lassebacklund.fi\/wp-content\/uploads\/2018\/06\/Klemetsforsen-fotad-fr\u00e5n-bron-web.jpg\" alt=\"Dammen i Klemetsforsen fotograferad 1972 fr\u00e5n Klemetsbroen.\" width=\"1333\" height=\"937\" srcset=\"https:\/\/www.lassebacklund.fi\/wp-content\/uploads\/2018\/06\/Klemetsforsen-fotad-fr\u00e5n-bron-web.jpg 1333w, https:\/\/www.lassebacklund.fi\/wp-content\/uploads\/2018\/06\/Klemetsforsen-fotad-fr\u00e5n-bron-web-300x211.jpg 300w, https:\/\/www.lassebacklund.fi\/wp-content\/uploads\/2018\/06\/Klemetsforsen-fotad-fr\u00e5n-bron-web-768x540.jpg 768w, https:\/\/www.lassebacklund.fi\/wp-content\/uploads\/2018\/06\/Klemetsforsen-fotad-fr\u00e5n-bron-web-1024x720.jpg 1024w\" sizes=\"auto, (max-width: 1333px) 100vw, 1333px\" \/><figcaption id=\"caption-attachment-8741\" class=\"wp-caption-text\">Dammen i Klemetsforsen fotograferad 1972 fr\u00e5n Klemetsbroen.<\/figcaption><\/figure>\n<figure id=\"attachment_8740\" aria-describedby=\"caption-attachment-8740\" style=\"width: 995px\" class=\"wp-caption aligncenter\"><img loading=\"lazy\" decoding=\"async\" class=\" wp-image-8740\" src=\"http:\/\/www.lassebacklund.fi\/wp-content\/uploads\/2018\/06\/kias.jpg\" alt=\"Kias-Erland och Idas bondg\u00e5rd i Kias-kroken. Till h\u00f6ger Vilho Toivonens g\u00e5rd som byggdes 1970.\" width=\"995\" height=\"692\" srcset=\"https:\/\/www.lassebacklund.fi\/wp-content\/uploads\/2018\/06\/kias.jpg 613w, https:\/\/www.lassebacklund.fi\/wp-content\/uploads\/2018\/06\/kias-300x208.jpg 300w\" sizes=\"auto, (max-width: 995px) 100vw, 995px\" \/><figcaption id=\"caption-attachment-8740\" class=\"wp-caption-text\">Kias-Erland och Idas bondg\u00e5rd i Kias-kroken. Till h\u00f6ger Vilho Toivonens g\u00e5rd som byggdes 1970.<\/figcaption><\/figure>\n<figure id=\"attachment_8736\" aria-describedby=\"caption-attachment-8736\" style=\"width: 959px\" class=\"wp-caption aligncenter\"><img loading=\"lazy\" decoding=\"async\" class=\"size-full wp-image-8736\" src=\"http:\/\/www.lassebacklund.fi\/wp-content\/uploads\/2018\/06\/Ingmars-g\u00e5rd-1963.jpg\" alt=\"Roseng\u00e5rd Ingmars g\u00e5rd, fotad fr\u00e5n \u00f6ster 1963. Till v\u00e4nster syns ungdomsf\u00f6reningens gamla uthusbyggnad.\" width=\"959\" height=\"584\" srcset=\"https:\/\/www.lassebacklund.fi\/wp-content\/uploads\/2018\/06\/Ingmars-g\u00e5rd-1963.jpg 959w, https:\/\/www.lassebacklund.fi\/wp-content\/uploads\/2018\/06\/Ingmars-g\u00e5rd-1963-300x183.jpg 300w, https:\/\/www.lassebacklund.fi\/wp-content\/uploads\/2018\/06\/Ingmars-g\u00e5rd-1963-768x468.jpg 768w\" sizes=\"auto, (max-width: 959px) 100vw, 959px\" \/><figcaption id=\"caption-attachment-8736\" class=\"wp-caption-text\">Roseng\u00e5rd Ingmars g\u00e5rd, fotad fr\u00e5n \u00f6ster 1963. Till v\u00e4nster syns ungdomsf\u00f6reningens gamla uthusbyggnad.<\/figcaption><\/figure>\n<figure id=\"attachment_8737\" aria-describedby=\"caption-attachment-8737\" style=\"width: 838px\" class=\"wp-caption aligncenter\"><img loading=\"lazy\" decoding=\"async\" class=\"size-full wp-image-8737\" src=\"http:\/\/www.lassebacklund.fi\/wp-content\/uploads\/2018\/06\/Ishockeyspelare-p\u00e5-Lill\u00e5n-1965.jpg\" alt=\"Ishockeyspelare p\u00e5 Lill\u00e5n n\u00e4ra \u00c5ddin 1965, Fotot taget fr\u00e5n Lillbron.\" width=\"838\" height=\"511\" srcset=\"https:\/\/www.lassebacklund.fi\/wp-content\/uploads\/2018\/06\/Ishockeyspelare-p\u00e5-Lill\u00e5n-1965.jpg 838w, https:\/\/www.lassebacklund.fi\/wp-content\/uploads\/2018\/06\/Ishockeyspelare-p\u00e5-Lill\u00e5n-1965-300x183.jpg 300w, https:\/\/www.lassebacklund.fi\/wp-content\/uploads\/2018\/06\/Ishockeyspelare-p\u00e5-Lill\u00e5n-1965-768x468.jpg 768w\" sizes=\"auto, (max-width: 838px) 100vw, 838px\" \/><figcaption id=\"caption-attachment-8737\" class=\"wp-caption-text\">Ishockeyspelare p\u00e5 Lill\u00e5n n\u00e4ra \u00c5ddin 1965, Fotot taget fr\u00e5n Lillbron.<\/figcaption><\/figure>\n<figure id=\"attachment_8735\" aria-describedby=\"caption-attachment-8735\" style=\"width: 926px\" class=\"wp-caption aligncenter\"><img loading=\"lazy\" decoding=\"async\" class=\"size-full wp-image-8735\" src=\"http:\/\/www.lassebacklund.fi\/wp-content\/uploads\/2018\/06\/Ingmars-g\u00e5rd-1952.jpg\" alt=\"I tiderna var detta \u00c5sinas-Viktoras g\u00e5rd, numera Roseng\u00e5rds. Fotot fr\u00e5n 1952.\" width=\"926\" height=\"583\" srcset=\"https:\/\/www.lassebacklund.fi\/wp-content\/uploads\/2018\/06\/Ingmars-g\u00e5rd-1952.jpg 926w, https:\/\/www.lassebacklund.fi\/wp-content\/uploads\/2018\/06\/Ingmars-g\u00e5rd-1952-300x189.jpg 300w, https:\/\/www.lassebacklund.fi\/wp-content\/uploads\/2018\/06\/Ingmars-g\u00e5rd-1952-768x484.jpg 768w\" sizes=\"auto, (max-width: 926px) 100vw, 926px\" \/><figcaption id=\"caption-attachment-8735\" class=\"wp-caption-text\">I tiderna var detta \u00c5sinas-Viktoras g\u00e5rd, numera Roseng\u00e5rds. Fotot fr\u00e5n 1952.<\/figcaption><\/figure>\n<figure id=\"attachment_8719\" aria-describedby=\"caption-attachment-8719\" style=\"width: 879px\" class=\"wp-caption aligncenter\"><img loading=\"lazy\" decoding=\"async\" class=\"size-full wp-image-8719\" src=\"http:\/\/www.lassebacklund.fi\/wp-content\/uploads\/2018\/06\/Blommor-vid-Ingmars-g\u00e5rd.jpg\" alt=\"Blommor och kl\u00e4tterv\u00e4xter i gaveln hos Roseng\u00e5rds. I bakgrunden Boris Lillsj\u00f6s Gulf servicestation, som byggdes 1965.\" width=\"879\" height=\"871\" srcset=\"https:\/\/www.lassebacklund.fi\/wp-content\/uploads\/2018\/06\/Blommor-vid-Ingmars-g\u00e5rd.jpg 879w, https:\/\/www.lassebacklund.fi\/wp-content\/uploads\/2018\/06\/Blommor-vid-Ingmars-g\u00e5rd-150x150.jpg 150w, https:\/\/www.lassebacklund.fi\/wp-content\/uploads\/2018\/06\/Blommor-vid-Ingmars-g\u00e5rd-300x297.jpg 300w, https:\/\/www.lassebacklund.fi\/wp-content\/uploads\/2018\/06\/Blommor-vid-Ingmars-g\u00e5rd-768x761.jpg 768w\" sizes=\"auto, (max-width: 879px) 100vw, 879px\" \/><figcaption id=\"caption-attachment-8719\" class=\"wp-caption-text\">Blommor och kl\u00e4tterv\u00e4xter i gaveln hos Roseng\u00e5rds. I bakgrunden Boris Lillsj\u00f6s Gulf servicestation, som byggdes 1965.<\/figcaption><\/figure>\n<figure id=\"attachment_8724\" aria-describedby=\"caption-attachment-8724\" style=\"width: 1374px\" class=\"wp-caption aligncenter\"><img loading=\"lazy\" decoding=\"async\" class=\"size-full wp-image-8724\" src=\"http:\/\/www.lassebacklund.fi\/wp-content\/uploads\/2018\/06\/Dagsmark-centrum-1972-fr\u00e5n-lokaltaket-web.jpg\" alt=\"Foto fr\u00e5n lokaltaket 1972, \u00e5ret efter att Sparbankshuset brann ned. L\u00e4ngst fram fr\u00f6ken Elin Rosenbacks hus, l\u00e4ngre bak till v\u00e4nster syns gamla mejeriet, sedan Nelsonas, lite bakom Anderssonas och till h\u00f6ger Lillsj\u00f6s servicestation.\" width=\"1374\" height=\"916\" srcset=\"https:\/\/www.lassebacklund.fi\/wp-content\/uploads\/2018\/06\/Dagsmark-centrum-1972-fr\u00e5n-lokaltaket-web.jpg 1374w, https:\/\/www.lassebacklund.fi\/wp-content\/uploads\/2018\/06\/Dagsmark-centrum-1972-fr\u00e5n-lokaltaket-web-300x200.jpg 300w, https:\/\/www.lassebacklund.fi\/wp-content\/uploads\/2018\/06\/Dagsmark-centrum-1972-fr\u00e5n-lokaltaket-web-768x512.jpg 768w, https:\/\/www.lassebacklund.fi\/wp-content\/uploads\/2018\/06\/Dagsmark-centrum-1972-fr\u00e5n-lokaltaket-web-1024x683.jpg 1024w\" sizes=\"auto, (max-width: 1374px) 100vw, 1374px\" \/><figcaption id=\"caption-attachment-8724\" class=\"wp-caption-text\">Foto fr\u00e5n lokaltaket 1972, \u00e5ret efter att Sparbankshuset brann ned. L\u00e4ngst fram fr\u00f6ken Elin Rosenbacks hus, l\u00e4ngre bak till v\u00e4nster syns gamla mejeriet, sedan Nelsonas, lite bakom Anderssonas och till h\u00f6ger Lillsj\u00f6s servicestation.<\/figcaption><\/figure>\n<figure id=\"attachment_8725\" aria-describedby=\"caption-attachment-8725\" style=\"width: 1399px\" class=\"wp-caption aligncenter\"><img loading=\"lazy\" decoding=\"async\" class=\"size-full wp-image-8725\" src=\"http:\/\/www.lassebacklund.fi\/wp-content\/uploads\/2018\/06\/Dagsmark-centrum-fr\u00e5n-lokaltaket-1974-web.jpg\" alt=\"P\u00e5 fotot fr\u00e5n 1974 syns det att p\u00e5 av Sparbankens nedbrunna aff\u00e4rshus har det byggts ett egnahemshus med en hyreslokal f\u00f6r banken.\" width=\"1399\" height=\"925\" srcset=\"https:\/\/www.lassebacklund.fi\/wp-content\/uploads\/2018\/06\/Dagsmark-centrum-fr\u00e5n-lokaltaket-1974-web.jpg 1399w, https:\/\/www.lassebacklund.fi\/wp-content\/uploads\/2018\/06\/Dagsmark-centrum-fr\u00e5n-lokaltaket-1974-web-300x198.jpg 300w, https:\/\/www.lassebacklund.fi\/wp-content\/uploads\/2018\/06\/Dagsmark-centrum-fr\u00e5n-lokaltaket-1974-web-768x508.jpg 768w, https:\/\/www.lassebacklund.fi\/wp-content\/uploads\/2018\/06\/Dagsmark-centrum-fr\u00e5n-lokaltaket-1974-web-1024x677.jpg 1024w\" sizes=\"auto, (max-width: 1399px) 100vw, 1399px\" \/><figcaption id=\"caption-attachment-8725\" class=\"wp-caption-text\">P\u00e5 fotot fr\u00e5n 1974 syns det att p\u00e5 av Sparbankens nedbrunna aff\u00e4rshus har det byggts ett egnahemshus med en hyreslokal f\u00f6r banken.<\/figcaption><\/figure>\n<figure id=\"attachment_8721\" aria-describedby=\"caption-attachment-8721\" style=\"width: 1370px\" class=\"wp-caption aligncenter\"><img loading=\"lazy\" decoding=\"async\" class=\"size-full wp-image-8721\" src=\"http:\/\/www.lassebacklund.fi\/wp-content\/uploads\/2018\/06\/By\u00e5sen-vy-f\u00f6r-web.jpg\" alt=\"Den nya dragningen av K\u00e4rrv\u00e4gen p\u00e5 By\u00e5sen \u00e5r 1972. Bakom tr\u00e4den skymtar Roseng\u00e5rds, ungdomslokalen och till h\u00f6ger Bagar-Annas g\u00e5rd.\" width=\"1370\" height=\"921\" srcset=\"https:\/\/www.lassebacklund.fi\/wp-content\/uploads\/2018\/06\/By\u00e5sen-vy-f\u00f6r-web.jpg 1370w, https:\/\/www.lassebacklund.fi\/wp-content\/uploads\/2018\/06\/By\u00e5sen-vy-f\u00f6r-web-300x202.jpg 300w, https:\/\/www.lassebacklund.fi\/wp-content\/uploads\/2018\/06\/By\u00e5sen-vy-f\u00f6r-web-768x516.jpg 768w, https:\/\/www.lassebacklund.fi\/wp-content\/uploads\/2018\/06\/By\u00e5sen-vy-f\u00f6r-web-1024x688.jpg 1024w\" sizes=\"auto, (max-width: 1370px) 100vw, 1370px\" \/><figcaption id=\"caption-attachment-8721\" class=\"wp-caption-text\">Den nya dragningen av K\u00e4rrv\u00e4gen p\u00e5 By\u00e5sen \u00e5r 1972. Bakom tr\u00e4den skymtar Roseng\u00e5rds, ungdomslokalen och till h\u00f6ger Bagar-Annas g\u00e5rd.<\/figcaption><\/figure>\n<figure id=\"attachment_8722\" aria-describedby=\"caption-attachment-8722\" style=\"width: 897px\" class=\"wp-caption aligncenter\"><img loading=\"lazy\" decoding=\"async\" class=\"size-full wp-image-8722\" src=\"http:\/\/www.lassebacklund.fi\/wp-content\/uploads\/2018\/06\/Dagsmark-centrum-1969-fotograferad-fr\u00e5n-Ingmars-tak.jpg\" alt=\"Dagsmark centrum fotograferat fr\u00e5n stugtaket \u00e5r 1969.\" width=\"897\" height=\"751\" srcset=\"https:\/\/www.lassebacklund.fi\/wp-content\/uploads\/2018\/06\/Dagsmark-centrum-1969-fotograferad-fr\u00e5n-Ingmars-tak.jpg 897w, https:\/\/www.lassebacklund.fi\/wp-content\/uploads\/2018\/06\/Dagsmark-centrum-1969-fotograferad-fr\u00e5n-Ingmars-tak-300x251.jpg 300w, https:\/\/www.lassebacklund.fi\/wp-content\/uploads\/2018\/06\/Dagsmark-centrum-1969-fotograferad-fr\u00e5n-Ingmars-tak-768x643.jpg 768w\" sizes=\"auto, (max-width: 897px) 100vw, 897px\" \/><figcaption id=\"caption-attachment-8722\" class=\"wp-caption-text\">Dagsmark centrum fotograferat fr\u00e5n stugtaket \u00e5r 1969.<\/figcaption><\/figure>\n<figure id=\"attachment_8723\" aria-describedby=\"caption-attachment-8723\" style=\"width: 912px\" class=\"wp-caption aligncenter\"><img loading=\"lazy\" decoding=\"async\" class=\"size-full wp-image-8723\" src=\"http:\/\/www.lassebacklund.fi\/wp-content\/uploads\/2018\/06\/Dagsmark-centrum-1970.jpg\" alt=\"Dagsmark centrum fotograferat fr\u00e5n v\u00e4ster 1970.\" width=\"912\" height=\"802\" srcset=\"https:\/\/www.lassebacklund.fi\/wp-content\/uploads\/2018\/06\/Dagsmark-centrum-1970.jpg 912w, https:\/\/www.lassebacklund.fi\/wp-content\/uploads\/2018\/06\/Dagsmark-centrum-1970-300x264.jpg 300w, https:\/\/www.lassebacklund.fi\/wp-content\/uploads\/2018\/06\/Dagsmark-centrum-1970-768x675.jpg 768w\" sizes=\"auto, (max-width: 912px) 100vw, 912px\" \/><figcaption id=\"caption-attachment-8723\" class=\"wp-caption-text\">Dagsmark centrum fotograferat fr\u00e5n v\u00e4ster 1970.<\/figcaption><\/figure>\n<figure id=\"attachment_8733\" aria-describedby=\"caption-attachment-8733\" style=\"width: 1050px\" class=\"wp-caption aligncenter\"><img loading=\"lazy\" decoding=\"async\" class=\"size-full wp-image-8733\" src=\"http:\/\/www.lassebacklund.fi\/wp-content\/uploads\/2018\/06\/DX_12-kopia-web.jpg\" alt=\"Foto fr\u00e5n lokaltaket 1972. L\u00e4ngst fram Ingmar Roseng\u00e5rds, i bakgrunden till v\u00e4nster Ralf R\u00f6nnlund g\u00e5rd. Till h\u00f6ger &quot;Lillk\u00e5rk-lillstugon&quot; \" width=\"1050\" height=\"700\" srcset=\"https:\/\/www.lassebacklund.fi\/wp-content\/uploads\/2018\/06\/DX_12-kopia-web.jpg 1050w, https:\/\/www.lassebacklund.fi\/wp-content\/uploads\/2018\/06\/DX_12-kopia-web-300x200.jpg 300w, https:\/\/www.lassebacklund.fi\/wp-content\/uploads\/2018\/06\/DX_12-kopia-web-768x512.jpg 768w, https:\/\/www.lassebacklund.fi\/wp-content\/uploads\/2018\/06\/DX_12-kopia-web-1024x683.jpg 1024w\" sizes=\"auto, (max-width: 1050px) 100vw, 1050px\" \/><figcaption id=\"caption-attachment-8733\" class=\"wp-caption-text\">Foto fr\u00e5n lokaltaket 1972. L\u00e4ngst fram Ingmar Roseng\u00e5rds, i bakgrunden till v\u00e4nster Ralf R\u00f6nnlund g\u00e5rd. Till h\u00f6ger &#8221;Lillk\u00e5rk-lillstugon&#8221;<\/figcaption><\/figure>\n<figure id=\"attachment_8734\" aria-describedby=\"caption-attachment-8734\" style=\"width: 1374px\" class=\"wp-caption aligncenter\"><img loading=\"lazy\" decoding=\"async\" class=\"size-full wp-image-8734\" src=\"http:\/\/www.lassebacklund.fi\/wp-content\/uploads\/2018\/06\/Fr\u00e5n-lokaltaket-mot-\u00c5backan-1972-web.jpg\" alt=\"Fr\u00e5n lokaltaket 1972 med Roseng\u00e5rds gamla g\u00e5rd i f\u00f6rgrunden och Lillk\u00e5rk-lillstugan snett bakom till h\u00f6ger.\" width=\"1374\" height=\"920\" srcset=\"https:\/\/www.lassebacklund.fi\/wp-content\/uploads\/2018\/06\/Fr\u00e5n-lokaltaket-mot-\u00c5backan-1972-web.jpg 1374w, https:\/\/www.lassebacklund.fi\/wp-content\/uploads\/2018\/06\/Fr\u00e5n-lokaltaket-mot-\u00c5backan-1972-web-300x201.jpg 300w, https:\/\/www.lassebacklund.fi\/wp-content\/uploads\/2018\/06\/Fr\u00e5n-lokaltaket-mot-\u00c5backan-1972-web-768x514.jpg 768w, https:\/\/www.lassebacklund.fi\/wp-content\/uploads\/2018\/06\/Fr\u00e5n-lokaltaket-mot-\u00c5backan-1972-web-1024x686.jpg 1024w\" sizes=\"auto, (max-width: 1374px) 100vw, 1374px\" \/><figcaption id=\"caption-attachment-8734\" class=\"wp-caption-text\">Fr\u00e5n lokaltaket 1972 med Roseng\u00e5rds gamla g\u00e5rd i f\u00f6rgrunden och Lillk\u00e5rk-lillstugan snett bakom till h\u00f6ger.<\/figcaption><\/figure>\n<figure id=\"attachment_8731\" aria-describedby=\"caption-attachment-8731\" style=\"width: 1050px\" class=\"wp-caption aligncenter\"><img loading=\"lazy\" decoding=\"async\" class=\"size-full wp-image-8731\" src=\"http:\/\/www.lassebacklund.fi\/wp-content\/uploads\/2018\/06\/DX_7-kopia-web.jpg\" alt=\"Foto fr\u00e5n lokaltaket 1972. I v\u00e4nstra kanten syns Erik Anders Klemets lillstuga och i den h\u00f6gra Lillsj\u00f6-Bagarinas uthus.\" width=\"1050\" height=\"700\" srcset=\"https:\/\/www.lassebacklund.fi\/wp-content\/uploads\/2018\/06\/DX_7-kopia-web.jpg 1050w, https:\/\/www.lassebacklund.fi\/wp-content\/uploads\/2018\/06\/DX_7-kopia-web-300x200.jpg 300w, https:\/\/www.lassebacklund.fi\/wp-content\/uploads\/2018\/06\/DX_7-kopia-web-768x512.jpg 768w, https:\/\/www.lassebacklund.fi\/wp-content\/uploads\/2018\/06\/DX_7-kopia-web-1024x683.jpg 1024w\" sizes=\"auto, (max-width: 1050px) 100vw, 1050px\" \/><figcaption id=\"caption-attachment-8731\" class=\"wp-caption-text\">Foto fr\u00e5n lokaltaket 1972. I v\u00e4nstra kanten syns Erik Anders Klemets lillstuga och i den h\u00f6gra Lillsj\u00f6-Bagarinas uthus.<\/figcaption><\/figure>\n<figure id=\"attachment_8730\" aria-describedby=\"caption-attachment-8730\" style=\"width: 1050px\" class=\"wp-caption aligncenter\"><img loading=\"lazy\" decoding=\"async\" class=\"size-full wp-image-8730\" src=\"http:\/\/www.lassebacklund.fi\/wp-content\/uploads\/2018\/06\/DX_5-kopia-web.jpg\" alt=\"Foto fr\u00e5n lokaltaket 1972. I v\u00e4nstra kanten Anderssonas g\u00e5rd. Mitt i bild den Gulf servicestation som Boris Lillsj\u00f6 byggde \u00e5r 1965 och som revs i slutet p\u00e5 1990-talet. Till h\u00f6ger Hammarbergs halvf\u00e4rdiga bostadshus\" width=\"1050\" height=\"700\" srcset=\"https:\/\/www.lassebacklund.fi\/wp-content\/uploads\/2018\/06\/DX_5-kopia-web.jpg 1050w, https:\/\/www.lassebacklund.fi\/wp-content\/uploads\/2018\/06\/DX_5-kopia-web-300x200.jpg 300w, https:\/\/www.lassebacklund.fi\/wp-content\/uploads\/2018\/06\/DX_5-kopia-web-768x512.jpg 768w, https:\/\/www.lassebacklund.fi\/wp-content\/uploads\/2018\/06\/DX_5-kopia-web-1024x683.jpg 1024w\" sizes=\"auto, (max-width: 1050px) 100vw, 1050px\" \/><figcaption id=\"caption-attachment-8730\" class=\"wp-caption-text\">Foto fr\u00e5n lokaltaket 1972. I v\u00e4nstra kanten Anderssonas g\u00e5rd. Mitt i bild den Gulf servicestation som Boris Lillsj\u00f6 byggde \u00e5r 1965 och som revs i slutet p\u00e5 1990-talet. Till h\u00f6ger Hammarbergs halvf\u00e4rdiga bostadshus<\/figcaption><\/figure>\n<figure id=\"attachment_8729\" aria-describedby=\"caption-attachment-8729\" style=\"width: 1050px\" class=\"wp-caption aligncenter\"><img loading=\"lazy\" decoding=\"async\" class=\"size-full wp-image-8729\" src=\"http:\/\/www.lassebacklund.fi\/wp-content\/uploads\/2018\/06\/DX_4-kopia-web.jpg\" alt=\"Foto fr\u00e5n lokaltaket 1972. L\u00e4ngst fram fr\u00f6ken Elin Rosenbacks g\u00e5rd. Mitt i bild i bakgrunden syns Dagsmark Andelsmejeri, mot h\u00f6ger Nelsons butik och i h\u00f6gra kanten Anderssonas.\" width=\"1050\" height=\"700\" srcset=\"https:\/\/www.lassebacklund.fi\/wp-content\/uploads\/2018\/06\/DX_4-kopia-web.jpg 1050w, https:\/\/www.lassebacklund.fi\/wp-content\/uploads\/2018\/06\/DX_4-kopia-web-300x200.jpg 300w, https:\/\/www.lassebacklund.fi\/wp-content\/uploads\/2018\/06\/DX_4-kopia-web-768x512.jpg 768w, https:\/\/www.lassebacklund.fi\/wp-content\/uploads\/2018\/06\/DX_4-kopia-web-1024x683.jpg 1024w\" sizes=\"auto, (max-width: 1050px) 100vw, 1050px\" \/><figcaption id=\"caption-attachment-8729\" class=\"wp-caption-text\">Foto fr\u00e5n lokaltaket 1972. L\u00e4ngst fram fr\u00f6ken Elin Rosenbacks g\u00e5rd. Mitt i bild i bakgrunden syns Dagsmark Andelsmejeri, mot h\u00f6ger Nelsons butik och i h\u00f6gra kanten Anderssonas.<\/figcaption><\/figure>\n<figure id=\"attachment_8728\" aria-describedby=\"caption-attachment-8728\" style=\"width: 1050px\" class=\"wp-caption aligncenter\"><img loading=\"lazy\" decoding=\"async\" class=\"size-full wp-image-8728\" src=\"http:\/\/www.lassebacklund.fi\/wp-content\/uploads\/2018\/06\/DX_2-kopia-web.jpg\" alt=\"Foto fr\u00e5n lokaltaket 1972. Till v\u00e4nster Alfons L\u00f6vdahls uthus och i bakgrunden uthusen d\u00e4r Antas. G\u00e5rden till h\u00f6ger har tillh\u00f6rt Runar och Elna Grans.\" width=\"1050\" height=\"700\" srcset=\"https:\/\/www.lassebacklund.fi\/wp-content\/uploads\/2018\/06\/DX_2-kopia-web.jpg 1050w, https:\/\/www.lassebacklund.fi\/wp-content\/uploads\/2018\/06\/DX_2-kopia-web-300x200.jpg 300w, https:\/\/www.lassebacklund.fi\/wp-content\/uploads\/2018\/06\/DX_2-kopia-web-768x512.jpg 768w, https:\/\/www.lassebacklund.fi\/wp-content\/uploads\/2018\/06\/DX_2-kopia-web-1024x683.jpg 1024w\" sizes=\"auto, (max-width: 1050px) 100vw, 1050px\" \/><figcaption id=\"caption-attachment-8728\" class=\"wp-caption-text\">Foto fr\u00e5n lokaltaket 1972. Till v\u00e4nster Alfons L\u00f6vdahls uthus och i bakgrunden uthusen d\u00e4r Antas. G\u00e5rden till h\u00f6ger har tillh\u00f6rt Runar och Elna Grans.<\/figcaption><\/figure>\n<figure id=\"attachment_8727\" aria-describedby=\"caption-attachment-8727\" style=\"width: 1050px\" class=\"wp-caption aligncenter\"><img loading=\"lazy\" decoding=\"async\" class=\"size-full wp-image-8727\" src=\"http:\/\/www.lassebacklund.fi\/wp-content\/uploads\/2018\/06\/DX_1-kopia-web.jpg\" alt=\"Foto fr\u00e5n lokaltaket 1972. L\u00e4ngst till v\u00e4nster Eskil Agn\u00e4s g\u00e5rd med Agn\u00e4s Fransas lillstugon. Mitt i bild Emil och Mildrid Kl\u00e5vus g\u00e5rd.\" width=\"1050\" height=\"700\" srcset=\"https:\/\/www.lassebacklund.fi\/wp-content\/uploads\/2018\/06\/DX_1-kopia-web.jpg 1050w, https:\/\/www.lassebacklund.fi\/wp-content\/uploads\/2018\/06\/DX_1-kopia-web-300x200.jpg 300w, https:\/\/www.lassebacklund.fi\/wp-content\/uploads\/2018\/06\/DX_1-kopia-web-768x512.jpg 768w, https:\/\/www.lassebacklund.fi\/wp-content\/uploads\/2018\/06\/DX_1-kopia-web-1024x683.jpg 1024w\" sizes=\"auto, (max-width: 1050px) 100vw, 1050px\" \/><figcaption id=\"caption-attachment-8727\" class=\"wp-caption-text\">Foto fr\u00e5n lokaltaket 1972. L\u00e4ngst till v\u00e4nster Eskil Agn\u00e4s g\u00e5rd med Agn\u00e4s Fransas lillstugon. Mitt i bild Emil och Mildrid Kl\u00e5vus g\u00e5rd.<\/figcaption><\/figure>\n<figure id=\"attachment_8726\" aria-describedby=\"caption-attachment-8726\" style=\"width: 1050px\" class=\"wp-caption aligncenter\"><img loading=\"lazy\" decoding=\"async\" class=\"size-full wp-image-8726\" src=\"http:\/\/www.lassebacklund.fi\/wp-content\/uploads\/2018\/06\/DX-kopia-web.jpg\" alt=\"Foto fr\u00e5n lokaltaket 1972. Till v\u00e4nster Bagar-Annas g\u00e5rd, duvslaget och l\u00e4ngst till h\u00f6ger likvagnshuset.\" width=\"1050\" height=\"700\" srcset=\"https:\/\/www.lassebacklund.fi\/wp-content\/uploads\/2018\/06\/DX-kopia-web.jpg 1050w, https:\/\/www.lassebacklund.fi\/wp-content\/uploads\/2018\/06\/DX-kopia-web-300x200.jpg 300w, https:\/\/www.lassebacklund.fi\/wp-content\/uploads\/2018\/06\/DX-kopia-web-768x512.jpg 768w, https:\/\/www.lassebacklund.fi\/wp-content\/uploads\/2018\/06\/DX-kopia-web-1024x683.jpg 1024w\" sizes=\"auto, (max-width: 1050px) 100vw, 1050px\" \/><figcaption id=\"caption-attachment-8726\" class=\"wp-caption-text\">Foto fr\u00e5n lokaltaket 1972. Till v\u00e4nster Bagar-Annas g\u00e5rd, duvslaget och l\u00e4ngst till h\u00f6ger likvagnshuset.<\/figcaption><\/figure>\n<figure id=\"attachment_8720\" aria-describedby=\"caption-attachment-8720\" style=\"width: 1399px\" class=\"wp-caption aligncenter\"><img loading=\"lazy\" decoding=\"async\" class=\"size-full wp-image-8720\" src=\"http:\/\/www.lassebacklund.fi\/wp-content\/uploads\/2018\/06\/Brobygget-med-reservbron-1984-web.jpg\" alt=\"D\u00e5 den nya Storbron byggdes s\u00e5 leddes trafiken snett \u00f6ver \u00e5n p\u00e5 en tillf\u00e4llig bro, som syns mitt i bild. Fotot fr\u00e5n 1983.\" width=\"1399\" height=\"916\" srcset=\"https:\/\/www.lassebacklund.fi\/wp-content\/uploads\/2018\/06\/Brobygget-med-reservbron-1984-web.jpg 1399w, https:\/\/www.lassebacklund.fi\/wp-content\/uploads\/2018\/06\/Brobygget-med-reservbron-1984-web-300x196.jpg 300w, https:\/\/www.lassebacklund.fi\/wp-content\/uploads\/2018\/06\/Brobygget-med-reservbron-1984-web-768x503.jpg 768w, https:\/\/www.lassebacklund.fi\/wp-content\/uploads\/2018\/06\/Brobygget-med-reservbron-1984-web-1024x670.jpg 1024w\" sizes=\"auto, (max-width: 1399px) 100vw, 1399px\" \/><figcaption id=\"caption-attachment-8720\" class=\"wp-caption-text\">D\u00e5 den nya Storbron byggdes s\u00e5 leddes trafiken snett \u00f6ver \u00e5n p\u00e5 en tillf\u00e4llig bro, som syns mitt i bild. Fotot fr\u00e5n 1983.<\/figcaption><\/figure>\n<figure id=\"attachment_8759\" aria-describedby=\"caption-attachment-8759\" style=\"width: 1404px\" class=\"wp-caption aligncenter\"><img loading=\"lazy\" decoding=\"async\" class=\"size-full wp-image-8759\" src=\"http:\/\/www.lassebacklund.fi\/wp-content\/uploads\/2018\/06\/Storkulls-uthus-med-vy-mot-\u00c5backan-1974-web.jpg\" alt=\"Bakom Storkulls uthus breder \u00e5krarna ut sig p\u00e5 \u00c5backan. Fotot fr\u00e5n lokaltaket 1974.\" width=\"1404\" height=\"925\" srcset=\"https:\/\/www.lassebacklund.fi\/wp-content\/uploads\/2018\/06\/Storkulls-uthus-med-vy-mot-\u00c5backan-1974-web.jpg 1404w, https:\/\/www.lassebacklund.fi\/wp-content\/uploads\/2018\/06\/Storkulls-uthus-med-vy-mot-\u00c5backan-1974-web-300x198.jpg 300w, https:\/\/www.lassebacklund.fi\/wp-content\/uploads\/2018\/06\/Storkulls-uthus-med-vy-mot-\u00c5backan-1974-web-768x506.jpg 768w, https:\/\/www.lassebacklund.fi\/wp-content\/uploads\/2018\/06\/Storkulls-uthus-med-vy-mot-\u00c5backan-1974-web-1024x675.jpg 1024w\" sizes=\"auto, (max-width: 1404px) 100vw, 1404px\" \/><figcaption id=\"caption-attachment-8759\" class=\"wp-caption-text\">Bakom Storkulls uthus breder \u00e5krarna ut sig p\u00e5 \u00c5backan. Fotot fr\u00e5n lokaltaket 1974.<\/figcaption><\/figure>\n<figure id=\"attachment_8756\" aria-describedby=\"caption-attachment-8756\" style=\"width: 912px\" class=\"wp-caption aligncenter\"><img loading=\"lazy\" decoding=\"async\" class=\"size-full wp-image-8756\" src=\"http:\/\/www.lassebacklund.fi\/wp-content\/uploads\/2018\/06\/Storbron-fotad-fr\u00e5n-Birgeras-sida-1983-web.jpg\" alt=\"Den gamla Storbron fotograferad 1983 fr\u00e5n Bj\u00f6rklund Birgers g\u00e5rdsplan.\" width=\"912\" height=\"1399\" srcset=\"https:\/\/www.lassebacklund.fi\/wp-content\/uploads\/2018\/06\/Storbron-fotad-fr\u00e5n-Birgeras-sida-1983-web.jpg 912w, https:\/\/www.lassebacklund.fi\/wp-content\/uploads\/2018\/06\/Storbron-fotad-fr\u00e5n-Birgeras-sida-1983-web-196x300.jpg 196w, https:\/\/www.lassebacklund.fi\/wp-content\/uploads\/2018\/06\/Storbron-fotad-fr\u00e5n-Birgeras-sida-1983-web-768x1178.jpg 768w, https:\/\/www.lassebacklund.fi\/wp-content\/uploads\/2018\/06\/Storbron-fotad-fr\u00e5n-Birgeras-sida-1983-web-668x1024.jpg 668w\" sizes=\"auto, (max-width: 912px) 100vw, 912px\" \/><figcaption id=\"caption-attachment-8756\" class=\"wp-caption-text\">Den gamla Storbron fotograferad 1983 fr\u00e5n Bj\u00f6rklund Birgers g\u00e5rdsplan.<\/figcaption><\/figure>\n<figure id=\"attachment_8758\" aria-describedby=\"caption-attachment-8758\" style=\"width: 1412px\" class=\"wp-caption aligncenter\"><img loading=\"lazy\" decoding=\"async\" class=\"size-full wp-image-8758\" src=\"http:\/\/www.lassebacklund.fi\/wp-content\/uploads\/2018\/06\/Storbron-fotad-uppifr\u00e5n-1983-web.jpg\" alt=\"Storbron fotograferad 1983 norrifr\u00e5n just f\u00f6re den revs.\" width=\"1412\" height=\"933\" srcset=\"https:\/\/www.lassebacklund.fi\/wp-content\/uploads\/2018\/06\/Storbron-fotad-uppifr\u00e5n-1983-web.jpg 1412w, https:\/\/www.lassebacklund.fi\/wp-content\/uploads\/2018\/06\/Storbron-fotad-uppifr\u00e5n-1983-web-300x198.jpg 300w, https:\/\/www.lassebacklund.fi\/wp-content\/uploads\/2018\/06\/Storbron-fotad-uppifr\u00e5n-1983-web-768x507.jpg 768w, https:\/\/www.lassebacklund.fi\/wp-content\/uploads\/2018\/06\/Storbron-fotad-uppifr\u00e5n-1983-web-1024x677.jpg 1024w\" sizes=\"auto, (max-width: 1412px) 100vw, 1412px\" \/><figcaption id=\"caption-attachment-8758\" class=\"wp-caption-text\">Storbron fotograferad 1983 norrifr\u00e5n just f\u00f6re den revs.<\/figcaption><\/figure>\n<figure id=\"attachment_8757\" aria-describedby=\"caption-attachment-8757\" style=\"width: 1399px\" class=\"wp-caption aligncenter\"><img loading=\"lazy\" decoding=\"async\" class=\"size-full wp-image-8757\" src=\"http:\/\/www.lassebacklund.fi\/wp-content\/uploads\/2018\/06\/Storbron-fotad-nerifr\u00e5n-1983-web.jpg\" alt=\"Storbron fotograferad fr\u00e5n s\u00f6der 1983, just f\u00f6re den revs och den nya byggdes.\" width=\"1399\" height=\"912\" srcset=\"https:\/\/www.lassebacklund.fi\/wp-content\/uploads\/2018\/06\/Storbron-fotad-nerifr\u00e5n-1983-web.jpg 1399w, https:\/\/www.lassebacklund.fi\/wp-content\/uploads\/2018\/06\/Storbron-fotad-nerifr\u00e5n-1983-web-300x196.jpg 300w, https:\/\/www.lassebacklund.fi\/wp-content\/uploads\/2018\/06\/Storbron-fotad-nerifr\u00e5n-1983-web-768x501.jpg 768w, https:\/\/www.lassebacklund.fi\/wp-content\/uploads\/2018\/06\/Storbron-fotad-nerifr\u00e5n-1983-web-1024x668.jpg 1024w\" sizes=\"auto, (max-width: 1399px) 100vw, 1399px\" \/><figcaption id=\"caption-attachment-8757\" class=\"wp-caption-text\">Storbron fotograferad fr\u00e5n s\u00f6der 1983, just f\u00f6re den revs och den nya byggdes.<\/figcaption><\/figure>\n<figure id=\"attachment_8745\" aria-describedby=\"caption-attachment-8745\" style=\"width: 1412px\" class=\"wp-caption aligncenter\"><img loading=\"lazy\" decoding=\"async\" class=\"size-full wp-image-8745\" src=\"http:\/\/www.lassebacklund.fi\/wp-content\/uploads\/2018\/06\/Landsv\u00e4gen-n\u00e4ra-Kl\u00e5vus-med-Antas-och-Lid-i-bakgrunden-1983-web.jpg\" alt=\"Sebbasbackan fotad \u00e5r 1983. I v\u00e4nstra kanten Frans Agn\u00e4s lillstuga. i mitten Lid-Alvaras och Antas bondg\u00e5rd till h\u00f6ger.\" width=\"1412\" height=\"933\" srcset=\"https:\/\/www.lassebacklund.fi\/wp-content\/uploads\/2018\/06\/Landsv\u00e4gen-n\u00e4ra-Kl\u00e5vus-med-Antas-och-Lid-i-bakgrunden-1983-web.jpg 1412w, https:\/\/www.lassebacklund.fi\/wp-content\/uploads\/2018\/06\/Landsv\u00e4gen-n\u00e4ra-Kl\u00e5vus-med-Antas-och-Lid-i-bakgrunden-1983-web-300x198.jpg 300w, https:\/\/www.lassebacklund.fi\/wp-content\/uploads\/2018\/06\/Landsv\u00e4gen-n\u00e4ra-Kl\u00e5vus-med-Antas-och-Lid-i-bakgrunden-1983-web-768x507.jpg 768w, https:\/\/www.lassebacklund.fi\/wp-content\/uploads\/2018\/06\/Landsv\u00e4gen-n\u00e4ra-Kl\u00e5vus-med-Antas-och-Lid-i-bakgrunden-1983-web-1024x677.jpg 1024w\" sizes=\"auto, (max-width: 1412px) 100vw, 1412px\" \/><figcaption id=\"caption-attachment-8745\" class=\"wp-caption-text\">Sebbasbackan fotad \u00e5r 1983. I v\u00e4nstra kanten Frans Agn\u00e4s lillstuga. i mitten Lid-Alvaras och Antas bondg\u00e5rd till h\u00f6ger.<\/figcaption><\/figure>\n<figure id=\"attachment_8747\" aria-describedby=\"caption-attachment-8747\" style=\"width: 1412px\" class=\"wp-caption aligncenter\"><img loading=\"lazy\" decoding=\"async\" class=\"size-full wp-image-8747\" src=\"http:\/\/www.lassebacklund.fi\/wp-content\/uploads\/2018\/06\/Landsv\u00e4gen-vid-Antas-med-Kiaskroken-l\u00e5ngt-borta-1983-web.jpg\" alt=\"Landsv\u00e4gen p\u00e5 Sebbasbacken \u00e5r 1983. Taket som syns till v\u00e4nster \u00e4r p\u00e5 Kurt Backlund hus.\" width=\"1412\" height=\"933\" srcset=\"https:\/\/www.lassebacklund.fi\/wp-content\/uploads\/2018\/06\/Landsv\u00e4gen-vid-Antas-med-Kiaskroken-l\u00e5ngt-borta-1983-web.jpg 1412w, https:\/\/www.lassebacklund.fi\/wp-content\/uploads\/2018\/06\/Landsv\u00e4gen-vid-Antas-med-Kiaskroken-l\u00e5ngt-borta-1983-web-300x198.jpg 300w, https:\/\/www.lassebacklund.fi\/wp-content\/uploads\/2018\/06\/Landsv\u00e4gen-vid-Antas-med-Kiaskroken-l\u00e5ngt-borta-1983-web-768x507.jpg 768w, https:\/\/www.lassebacklund.fi\/wp-content\/uploads\/2018\/06\/Landsv\u00e4gen-vid-Antas-med-Kiaskroken-l\u00e5ngt-borta-1983-web-1024x677.jpg 1024w\" sizes=\"auto, (max-width: 1412px) 100vw, 1412px\" \/><figcaption id=\"caption-attachment-8747\" class=\"wp-caption-text\">Landsv\u00e4gen p\u00e5 Sebbasbacken \u00e5r 1983. Taket som syns till v\u00e4nster \u00e4r p\u00e5 Kurt Backlund hus.<\/figcaption><\/figure>\n<figure id=\"attachment_8748\" aria-describedby=\"caption-attachment-8748\" style=\"width: 1412px\" class=\"wp-caption aligncenter\"><img loading=\"lazy\" decoding=\"async\" class=\"size-full wp-image-8748\" src=\"http:\/\/www.lassebacklund.fi\/wp-content\/uploads\/2018\/06\/Landsv\u00e4gen-vid-Kias-kroken-1983-web.jpg\" alt=\"Den ber\u00f6mda Kiaskroken \u00e5r 1983. Till h\u00f6ger det hus som Harald Lillsj\u00f6 byggde i tiderna, d\u00e4r Broberg bodde en tid.\" width=\"1412\" height=\"933\" srcset=\"https:\/\/www.lassebacklund.fi\/wp-content\/uploads\/2018\/06\/Landsv\u00e4gen-vid-Kias-kroken-1983-web.jpg 1412w, https:\/\/www.lassebacklund.fi\/wp-content\/uploads\/2018\/06\/Landsv\u00e4gen-vid-Kias-kroken-1983-web-300x198.jpg 300w, https:\/\/www.lassebacklund.fi\/wp-content\/uploads\/2018\/06\/Landsv\u00e4gen-vid-Kias-kroken-1983-web-768x507.jpg 768w, https:\/\/www.lassebacklund.fi\/wp-content\/uploads\/2018\/06\/Landsv\u00e4gen-vid-Kias-kroken-1983-web-1024x677.jpg 1024w\" sizes=\"auto, (max-width: 1412px) 100vw, 1412px\" \/><figcaption id=\"caption-attachment-8748\" class=\"wp-caption-text\">Den ber\u00f6mda Kiaskroken \u00e5r 1983. Till h\u00f6ger det hus som Harald Lillsj\u00f6 byggde i tiderna, d\u00e4r Broberg bodde en tid.<\/figcaption><\/figure>\n<figure id=\"attachment_8746\" aria-describedby=\"caption-attachment-8746\" style=\"width: 1412px\" class=\"wp-caption aligncenter\"><img loading=\"lazy\" decoding=\"async\" class=\"size-full wp-image-8746\" src=\"http:\/\/www.lassebacklund.fi\/wp-content\/uploads\/2018\/06\/Landsv\u00e4gen-n\u00e4ra-Vikfors-med-Holgers-hus-tv-1983-web.jpg\" alt=\"Landsv\u00e4gen fotad 1983 utanf\u00f6r Vikfors g\u00e5rd. Till v\u00e4nster Holger Hammarbergs g\u00e5rd.\" width=\"1412\" height=\"933\" srcset=\"https:\/\/www.lassebacklund.fi\/wp-content\/uploads\/2018\/06\/Landsv\u00e4gen-n\u00e4ra-Vikfors-med-Holgers-hus-tv-1983-web.jpg 1412w, https:\/\/www.lassebacklund.fi\/wp-content\/uploads\/2018\/06\/Landsv\u00e4gen-n\u00e4ra-Vikfors-med-Holgers-hus-tv-1983-web-300x198.jpg 300w, https:\/\/www.lassebacklund.fi\/wp-content\/uploads\/2018\/06\/Landsv\u00e4gen-n\u00e4ra-Vikfors-med-Holgers-hus-tv-1983-web-768x507.jpg 768w, https:\/\/www.lassebacklund.fi\/wp-content\/uploads\/2018\/06\/Landsv\u00e4gen-n\u00e4ra-Vikfors-med-Holgers-hus-tv-1983-web-1024x677.jpg 1024w\" sizes=\"auto, (max-width: 1412px) 100vw, 1412px\" \/><figcaption id=\"caption-attachment-8746\" class=\"wp-caption-text\">Landsv\u00e4gen fotad 1983 utanf\u00f6r Vikfors g\u00e5rd. Till v\u00e4nster Holger Hammarbergs g\u00e5rd.<\/figcaption><\/figure>\n<figure id=\"attachment_8749\" aria-describedby=\"caption-attachment-8749\" style=\"width: 1412px\" class=\"wp-caption aligncenter\"><img loading=\"lazy\" decoding=\"async\" class=\"size-full wp-image-8749\" src=\"http:\/\/www.lassebacklund.fi\/wp-content\/uploads\/2018\/06\/Landsv\u00e4gen-vid-Lindellas-kroken-med-Heini\u00f6s-hus-tv-1983-web.jpg\" alt=\"Vid Lindells snickeri gjorde landsv\u00e4gen en tv\u00e4r kr\u00f6k. Fotot fr\u00e5n 1983 och mitt i bild Heini\u00f6s g\u00e5rd och riktigt i h\u00f6gra kanten skymtar Grans Lennart g\u00e5rd.\" width=\"1412\" height=\"933\" srcset=\"https:\/\/www.lassebacklund.fi\/wp-content\/uploads\/2018\/06\/Landsv\u00e4gen-vid-Lindellas-kroken-med-Heini\u00f6s-hus-tv-1983-web.jpg 1412w, https:\/\/www.lassebacklund.fi\/wp-content\/uploads\/2018\/06\/Landsv\u00e4gen-vid-Lindellas-kroken-med-Heini\u00f6s-hus-tv-1983-web-300x198.jpg 300w, https:\/\/www.lassebacklund.fi\/wp-content\/uploads\/2018\/06\/Landsv\u00e4gen-vid-Lindellas-kroken-med-Heini\u00f6s-hus-tv-1983-web-768x507.jpg 768w, https:\/\/www.lassebacklund.fi\/wp-content\/uploads\/2018\/06\/Landsv\u00e4gen-vid-Lindellas-kroken-med-Heini\u00f6s-hus-tv-1983-web-1024x677.jpg 1024w\" sizes=\"auto, (max-width: 1412px) 100vw, 1412px\" \/><figcaption id=\"caption-attachment-8749\" class=\"wp-caption-text\">Vid Lindells snickeri gjorde landsv\u00e4gen en tv\u00e4r kr\u00f6k. Fotot fr\u00e5n 1983 och mitt i bild Heini\u00f6s g\u00e5rd och riktigt i h\u00f6gra kanten skymtar Grans Lennart g\u00e5rd.<\/figcaption><\/figure>\n<figure id=\"attachment_8744\" aria-describedby=\"caption-attachment-8744\" style=\"width: 1412px\" class=\"wp-caption aligncenter\"><img loading=\"lazy\" decoding=\"async\" class=\"size-full wp-image-8744\" src=\"http:\/\/www.lassebacklund.fi\/wp-content\/uploads\/2018\/06\/Landsv\u00e4gen-n\u00e4ra-Andersas-eller-Mattas-1983-web.jpg\" alt=\"Landsv\u00e4gen \u00e5r 1983 med Anderas eller Grans Lennart till v\u00e4nster , mitt i bild Kangas Velis hus och l\u00e4ngst till h\u00f6ger Artur L\u00f6vholms g\u00e5rd.\" width=\"1412\" height=\"929\" srcset=\"https:\/\/www.lassebacklund.fi\/wp-content\/uploads\/2018\/06\/Landsv\u00e4gen-n\u00e4ra-Andersas-eller-Mattas-1983-web.jpg 1412w, https:\/\/www.lassebacklund.fi\/wp-content\/uploads\/2018\/06\/Landsv\u00e4gen-n\u00e4ra-Andersas-eller-Mattas-1983-web-300x197.jpg 300w, https:\/\/www.lassebacklund.fi\/wp-content\/uploads\/2018\/06\/Landsv\u00e4gen-n\u00e4ra-Andersas-eller-Mattas-1983-web-768x505.jpg 768w, https:\/\/www.lassebacklund.fi\/wp-content\/uploads\/2018\/06\/Landsv\u00e4gen-n\u00e4ra-Andersas-eller-Mattas-1983-web-1024x674.jpg 1024w\" sizes=\"auto, (max-width: 1412px) 100vw, 1412px\" \/><figcaption id=\"caption-attachment-8744\" class=\"wp-caption-text\">Landsv\u00e4gen \u00e5r 1983 med Anderas eller Grans Lennart till v\u00e4nster , mitt i bild Kangas Velis hus och l\u00e4ngst till h\u00f6ger Artur L\u00f6vholms g\u00e5rd.<\/figcaption><\/figure>\n<figure id=\"attachment_8751\" aria-describedby=\"caption-attachment-8751\" style=\"width: 1403px\" class=\"wp-caption aligncenter\"><img loading=\"lazy\" decoding=\"async\" class=\"size-full wp-image-8751\" src=\"http:\/\/www.lassebacklund.fi\/wp-content\/uploads\/2018\/06\/Lindells-krok-med-\u00e5n-th-1983-web.jpg\" alt=\"H\u00e4r den tv\u00e4ra kr\u00f6ken p\u00e5 landsv\u00e4gen vid Lindells snickeri \u00e5r 1983, d\u00e4r Lappfj\u00e4rds \u00e5 syns till h\u00f6ger.\" width=\"1403\" height=\"916\" srcset=\"https:\/\/www.lassebacklund.fi\/wp-content\/uploads\/2018\/06\/Lindells-krok-med-\u00e5n-th-1983-web.jpg 1403w, https:\/\/www.lassebacklund.fi\/wp-content\/uploads\/2018\/06\/Lindells-krok-med-\u00e5n-th-1983-web-300x196.jpg 300w, https:\/\/www.lassebacklund.fi\/wp-content\/uploads\/2018\/06\/Lindells-krok-med-\u00e5n-th-1983-web-768x501.jpg 768w, https:\/\/www.lassebacklund.fi\/wp-content\/uploads\/2018\/06\/Lindells-krok-med-\u00e5n-th-1983-web-1024x669.jpg 1024w\" sizes=\"auto, (max-width: 1403px) 100vw, 1403px\" \/><figcaption id=\"caption-attachment-8751\" class=\"wp-caption-text\">H\u00e4r den tv\u00e4ra kr\u00f6ken p\u00e5 landsv\u00e4gen vid Lindells snickeri \u00e5r 1983, d\u00e4r Lappfj\u00e4rds \u00e5 syns till h\u00f6ger.<\/figcaption><\/figure>\n<figure id=\"attachment_8755\" aria-describedby=\"caption-attachment-8755\" style=\"width: 1379px\" class=\"wp-caption aligncenter\"><img loading=\"lazy\" decoding=\"async\" class=\"size-full wp-image-8755\" src=\"http:\/\/www.lassebacklund.fi\/wp-content\/uploads\/2018\/06\/Sebbas-backan-med-Antas-till-v\u00e4nster-1983-web.jpg\" alt=\"Landsv\u00e4gen upp mot Sebbasbackan \u00e5r 1983. G\u00e5rden \u00e4r Antas eller Bj\u00f6rklund Arvidas.\" width=\"1379\" height=\"916\" srcset=\"https:\/\/www.lassebacklund.fi\/wp-content\/uploads\/2018\/06\/Sebbas-backan-med-Antas-till-v\u00e4nster-1983-web.jpg 1379w, https:\/\/www.lassebacklund.fi\/wp-content\/uploads\/2018\/06\/Sebbas-backan-med-Antas-till-v\u00e4nster-1983-web-300x199.jpg 300w, https:\/\/www.lassebacklund.fi\/wp-content\/uploads\/2018\/06\/Sebbas-backan-med-Antas-till-v\u00e4nster-1983-web-768x510.jpg 768w, https:\/\/www.lassebacklund.fi\/wp-content\/uploads\/2018\/06\/Sebbas-backan-med-Antas-till-v\u00e4nster-1983-web-1024x680.jpg 1024w\" sizes=\"auto, (max-width: 1379px) 100vw, 1379px\" \/><figcaption id=\"caption-attachment-8755\" class=\"wp-caption-text\">Landsv\u00e4gen upp mot Sebbasbackan \u00e5r 1983. G\u00e5rden \u00e4r Antas eller Bj\u00f6rklund Arvidas.<\/figcaption><\/figure>\n<figure id=\"attachment_8739\" aria-describedby=\"caption-attachment-8739\" style=\"width: 1364px\" class=\"wp-caption aligncenter\"><img loading=\"lazy\" decoding=\"async\" class=\"size-full wp-image-8739\" src=\"http:\/\/www.lassebacklund.fi\/wp-content\/uploads\/2018\/06\/Kias-kroken-mot-Sebbasbacken-1983-web.jpg\" alt=\"Kiaskroken 1983 med Sebbasbackan l\u00e4ngre fram. I v\u00e4nstra kanten skymtar eltransformatorn.\" width=\"1364\" height=\"916\" srcset=\"https:\/\/www.lassebacklund.fi\/wp-content\/uploads\/2018\/06\/Kias-kroken-mot-Sebbasbacken-1983-web.jpg 1364w, https:\/\/www.lassebacklund.fi\/wp-content\/uploads\/2018\/06\/Kias-kroken-mot-Sebbasbacken-1983-web-300x201.jpg 300w, https:\/\/www.lassebacklund.fi\/wp-content\/uploads\/2018\/06\/Kias-kroken-mot-Sebbasbacken-1983-web-768x516.jpg 768w, https:\/\/www.lassebacklund.fi\/wp-content\/uploads\/2018\/06\/Kias-kroken-mot-Sebbasbacken-1983-web-1024x688.jpg 1024w\" sizes=\"auto, (max-width: 1364px) 100vw, 1364px\" \/><figcaption id=\"caption-attachment-8739\" class=\"wp-caption-text\">Kiaskroken 1983 med Sebbasbackan l\u00e4ngre fram. I v\u00e4nstra kanten skymtar eltransformatorn.<\/figcaption><\/figure>\n<figure id=\"attachment_8738\" aria-describedby=\"caption-attachment-8738\" style=\"width: 1399px\" class=\"wp-caption aligncenter\"><img loading=\"lazy\" decoding=\"async\" class=\"size-full wp-image-8738\" src=\"http:\/\/www.lassebacklund.fi\/wp-content\/uploads\/2018\/06\/Kias-kroken-fotad-fr\u00e5n-s\u00f6der-1983-web.jpg\" alt=\"S\u00e5 h\u00e4r s\u00e5g Kiaskroken ut d\u00e5 man n\u00e4rmade sig fr\u00e5n s\u00f6der, fotot fr\u00e5n 1983.\" width=\"1399\" height=\"916\" srcset=\"https:\/\/www.lassebacklund.fi\/wp-content\/uploads\/2018\/06\/Kias-kroken-fotad-fr\u00e5n-s\u00f6der-1983-web.jpg 1399w, https:\/\/www.lassebacklund.fi\/wp-content\/uploads\/2018\/06\/Kias-kroken-fotad-fr\u00e5n-s\u00f6der-1983-web-300x196.jpg 300w, https:\/\/www.lassebacklund.fi\/wp-content\/uploads\/2018\/06\/Kias-kroken-fotad-fr\u00e5n-s\u00f6der-1983-web-768x503.jpg 768w, https:\/\/www.lassebacklund.fi\/wp-content\/uploads\/2018\/06\/Kias-kroken-fotad-fr\u00e5n-s\u00f6der-1983-web-1024x670.jpg 1024w\" sizes=\"auto, (max-width: 1399px) 100vw, 1399px\" \/><figcaption id=\"caption-attachment-8738\" class=\"wp-caption-text\">S\u00e5 h\u00e4r s\u00e5g Kiaskroken ut d\u00e5 man n\u00e4rmade sig fr\u00e5n s\u00f6der, fotot fr\u00e5n 1983.<\/figcaption><\/figure>\n","protected":false},"excerpt":{"rendered":"","protected":false},"author":1,"featured_media":0,"parent":47,"menu_order":0,"comment_status":"closed","ping_status":"closed","template":"","meta":{"footnotes":""},"class_list":["post-8762","page","type-page","status-publish","hentry"],"_links":{"self":[{"href":"https:\/\/www.lassebacklund.fi\/index.php?rest_route=\/wp\/v2\/pages\/8762","targetHints":{"allow":["GET"]}}],"collection":[{"href":"https:\/\/www.lassebacklund.fi\/index.php?rest_route=\/wp\/v2\/pages"}],"about":[{"href":"https:\/\/www.lassebacklund.fi\/index.php?rest_route=\/wp\/v2\/types\/page"}],"author":[{"embeddable":true,"href":"https:\/\/www.lassebacklund.fi\/index.php?rest_route=\/wp\/v2\/users\/1"}],"replies":[{"embeddable":true,"href":"https:\/\/www.lassebacklund.fi\/index.php?rest_route=%2Fwp%2Fv2%2Fcomments&post=8762"}],"version-history":[{"count":5,"href":"https:\/\/www.lassebacklund.fi\/index.php?rest_route=\/wp\/v2\/pages\/8762\/revisions"}],"predecessor-version":[{"id":8768,"href":"https:\/\/www.lassebacklund.fi\/index.php?rest_route=\/wp\/v2\/pages\/8762\/revisions\/8768"}],"up":[{"embeddable":true,"href":"https:\/\/www.lassebacklund.fi\/index.php?rest_route=\/wp\/v2\/pages\/47"}],"wp:attachment":[{"href":"https:\/\/www.lassebacklund.fi\/index.php?rest_route=%2Fwp%2Fv2%2Fmedia&parent=8762"}],"curies":[{"name":"wp","href":"https:\/\/api.w.org\/{rel}","templated":true}]}}