{"id":8374,"date":"2018-05-02T16:43:43","date_gmt":"2018-05-02T14:43:43","guid":{"rendered":"http:\/\/www.lassebacklund.fi\/?page_id=8374"},"modified":"2024-04-25T10:19:27","modified_gmt":"2024-04-25T07:19:27","slug":"selims-foton-fran-1958","status":"publish","type":"page","link":"https:\/\/www.lassebacklund.fi\/?page_id=8374","title":{"rendered":"Selims foton fr\u00e5n 1958."},"content":{"rendered":"<p>H\u00e4r n\u00e5gra av folkskoll\u00e4raren Selim Bj\u00f6rses\u00b4 fotografier, som han tog \u00e5r 1958. Eric Stens har identifierat personerna och skrivit de flesta texter. Fotografierna \u00e4r fr\u00e5n Svenska Litteraturs\u00e4llskapets arkiv i Vasa.<\/p>\n<figure id=\"attachment_8368\" aria-describedby=\"caption-attachment-8368\" style=\"width: 1200px\" class=\"wp-caption aligncenter\"><img loading=\"lazy\" decoding=\"async\" class=\"size-full wp-image-8368\" src=\"http:\/\/www.lassebacklund.fi\/wp-content\/uploads\/2018\/05\/ota295_foto_0653.jpg\" alt=\"H\u00e4r tar folkskoll\u00e4raren Selim Bj\u00f6rses avsked av s\u00f6dra folkskolan och stegar iv\u00e4g till den nya Centralskolan. I 79 \u00e5r har folkskolan funnits p\u00e5 detta st\u00e4lle men nu \u00e4r det definitivt slut.\" width=\"1200\" height=\"807\" srcset=\"https:\/\/www.lassebacklund.fi\/wp-content\/uploads\/2018\/05\/ota295_foto_0653.jpg 1200w, https:\/\/www.lassebacklund.fi\/wp-content\/uploads\/2018\/05\/ota295_foto_0653-300x202.jpg 300w, https:\/\/www.lassebacklund.fi\/wp-content\/uploads\/2018\/05\/ota295_foto_0653-768x516.jpg 768w, https:\/\/www.lassebacklund.fi\/wp-content\/uploads\/2018\/05\/ota295_foto_0653-1024x689.jpg 1024w\" sizes=\"auto, (max-width: 1200px) 100vw, 1200px\" \/><figcaption id=\"caption-attachment-8368\" class=\"wp-caption-text\">H\u00e4r tar folkskoll\u00e4raren Selim Bj\u00f6rses avsked av s\u00f6dra folkskolan och stegar iv\u00e4g till den nya Centralskolan. I 79 \u00e5r har folkskolan funnits p\u00e5 detta st\u00e4lle men nu \u00e4r det definitivt slut.<\/figcaption><\/figure>\n<figure id=\"attachment_8371\" aria-describedby=\"caption-attachment-8371\" style=\"width: 1180px\" class=\"wp-caption aligncenter\"><img loading=\"lazy\" decoding=\"async\" class=\"size-full wp-image-8371\" src=\"http:\/\/www.lassebacklund.fi\/wp-content\/uploads\/2018\/05\/ota295_foto_0656.jpg\" alt=\"K. A. och Nils Bj\u00f6rklund med planklasset, som skall anv\u00e4ndas till locket.\" width=\"1180\" height=\"800\" srcset=\"https:\/\/www.lassebacklund.fi\/wp-content\/uploads\/2018\/05\/ota295_foto_0656.jpg 1180w, https:\/\/www.lassebacklund.fi\/wp-content\/uploads\/2018\/05\/ota295_foto_0656-300x203.jpg 300w, https:\/\/www.lassebacklund.fi\/wp-content\/uploads\/2018\/05\/ota295_foto_0656-768x521.jpg 768w, https:\/\/www.lassebacklund.fi\/wp-content\/uploads\/2018\/05\/ota295_foto_0656-1024x694.jpg 1024w\" sizes=\"auto, (max-width: 1180px) 100vw, 1180px\" \/><figcaption id=\"caption-attachment-8371\" class=\"wp-caption-text\">K. A. och Nils Bj\u00f6rklund med planklasset, som skall anv\u00e4ndas till locket.<\/figcaption><\/figure>\n<figure id=\"attachment_8369\" aria-describedby=\"caption-attachment-8369\" style=\"width: 1195px\" class=\"wp-caption aligncenter\"><img loading=\"lazy\" decoding=\"async\" class=\"size-full wp-image-8369\" src=\"http:\/\/www.lassebacklund.fi\/wp-content\/uploads\/2018\/05\/ota295_foto_0654.jpg\" alt=\"Prostg\u00e5rdens bastu och tv\u00e4ttstuga p\u00e5 \u00e5backen \u00f6vanf\u00f6r Holmforsen.\" width=\"1195\" height=\"576\" srcset=\"https:\/\/www.lassebacklund.fi\/wp-content\/uploads\/2018\/05\/ota295_foto_0654.jpg 1195w, https:\/\/www.lassebacklund.fi\/wp-content\/uploads\/2018\/05\/ota295_foto_0654-300x145.jpg 300w, https:\/\/www.lassebacklund.fi\/wp-content\/uploads\/2018\/05\/ota295_foto_0654-768x370.jpg 768w, https:\/\/www.lassebacklund.fi\/wp-content\/uploads\/2018\/05\/ota295_foto_0654-1024x494.jpg 1024w\" sizes=\"auto, (max-width: 1195px) 100vw, 1195px\" \/><figcaption id=\"caption-attachment-8369\" class=\"wp-caption-text\">Prostg\u00e5rdens bastu och tv\u00e4ttstuga p\u00e5 Pr\u00e4st\u00e5backan \u00f6vanf\u00f6r Holmforsen. Gabbels Mina, Mina Skans och pr\u00e4stg\u00e5rdens piga tv\u00e4ttade och kokade byket s\u00e5 \u00e5ngan stod t\u00e4t ur f\u00f6nster och d\u00f6rrar. Utanf\u00f6r betade korna och vid\u00a0\u00e5n fanns barnens simstrand. En riktig idyll d\u00e4r alla samsades. I bakgrunden l\u00e4ngst till v\u00e4nster syns Alfred S\u00f6lfvins g\u00e5rd och den h\u00f6gre g\u00e5rden \u00e4r Hellmans nybyggda g\u00e5rd.<\/figcaption><\/figure>\n<p>&nbsp;<\/p>\n<figure id=\"attachment_8370\" aria-describedby=\"caption-attachment-8370\" style=\"width: 1200px\" class=\"wp-caption aligncenter\"><img loading=\"lazy\" decoding=\"async\" class=\"size-full wp-image-8370\" src=\"http:\/\/www.lassebacklund.fi\/wp-content\/uploads\/2018\/05\/ota295_foto_0655.jpg\" alt=\"&quot;Svedarbacken&quot; nedanf\u00f6r kyrkan d\u00e4r korsningen till Bagar-Linas t\u00e5 syns till v\u00e4nster. G\u00e5rden mitt i bild \u00e4r &quot;Kaaljohanas&quot; allts\u00e5 Ch. Ulfves aff\u00e4rshus. Bj\u00f6rkarna till h\u00f6ger planterade eleverna under \u00e5ren 1930-1932.\" width=\"1200\" height=\"812\" srcset=\"https:\/\/www.lassebacklund.fi\/wp-content\/uploads\/2018\/05\/ota295_foto_0655.jpg 1200w, https:\/\/www.lassebacklund.fi\/wp-content\/uploads\/2018\/05\/ota295_foto_0655-300x203.jpg 300w, https:\/\/www.lassebacklund.fi\/wp-content\/uploads\/2018\/05\/ota295_foto_0655-768x520.jpg 768w, https:\/\/www.lassebacklund.fi\/wp-content\/uploads\/2018\/05\/ota295_foto_0655-1024x693.jpg 1024w\" sizes=\"auto, (max-width: 1200px) 100vw, 1200px\" \/><figcaption id=\"caption-attachment-8370\" class=\"wp-caption-text\">&#8221;Svedarbacken&#8221; nedanf\u00f6r kyrkan d\u00e4r korsningen till Bagar-Linas t\u00e5 syns till v\u00e4nster. G\u00e5rden mitt i bild \u00e4r &#8221;Kaaljohanas&#8221; allts\u00e5 Ch. Ulfves aff\u00e4rshus. Bj\u00f6rkarna till h\u00f6ger planterade eleverna under \u00e5ren 1930-1932.<\/figcaption><\/figure>\n<figure id=\"attachment_8373\" aria-describedby=\"caption-attachment-8373\" style=\"width: 1121px\" class=\"wp-caption aligncenter\"><img loading=\"lazy\" decoding=\"async\" class=\"size-full wp-image-8373\" src=\"http:\/\/www.lassebacklund.fi\/wp-content\/uploads\/2018\/05\/ota295_foto_0658.jpg\" alt=\"Svarta tavlan p\u00e5 s\u00f6dra folkskolan p\u00e5 den sista examensdagen 1958. T\u00e4nk s\u00e5 mycket l\u00e4rdom som hade f\u00f6rmedlats av l\u00e4raren till eleverna via denna tavla. Samtidigt var det flera elevers stora skr\u00e4ck, d\u00e5 deras kunskaper skulle skrivas eller ritas, s\u00e5 att hela klassen kunde se resultatet.\" width=\"1121\" height=\"836\" srcset=\"https:\/\/www.lassebacklund.fi\/wp-content\/uploads\/2018\/05\/ota295_foto_0658.jpg 1121w, https:\/\/www.lassebacklund.fi\/wp-content\/uploads\/2018\/05\/ota295_foto_0658-300x224.jpg 300w, https:\/\/www.lassebacklund.fi\/wp-content\/uploads\/2018\/05\/ota295_foto_0658-768x573.jpg 768w, https:\/\/www.lassebacklund.fi\/wp-content\/uploads\/2018\/05\/ota295_foto_0658-1024x764.jpg 1024w\" sizes=\"auto, (max-width: 1121px) 100vw, 1121px\" \/><figcaption id=\"caption-attachment-8373\" class=\"wp-caption-text\">Svarta tavlan p\u00e5 s\u00f6dra folkskolan p\u00e5 den sista examensdagen 1958. T\u00e4nk s\u00e5 mycket l\u00e4rdom som hade f\u00f6rmedlats av l\u00e4raren till eleverna via denna tavla. Samtidigt var det flera elevers stora skr\u00e4ck, d\u00e5 deras kunskaper skulle skrivas eller ritas, s\u00e5 att hela klassen kunde se resultatet.<\/figcaption><\/figure>\n<figure id=\"attachment_8372\" aria-describedby=\"caption-attachment-8372\" style=\"width: 1200px\" class=\"wp-caption aligncenter\"><img loading=\"lazy\" decoding=\"async\" class=\"size-full wp-image-8372\" src=\"http:\/\/www.lassebacklund.fi\/wp-content\/uploads\/2018\/05\/ota295_foto_0657.jpg\" alt=\"Ett s\u00e4kert v\u00e5rtecken var det d\u00e5 &quot;Gam\u00e4lbroen&quot; skulle l\u00e4ggas ut. H\u00e4r \u00e4r det K. A. och Nils Bj\u00f6rklund som visar \u00e5t barnen p\u00e5 stranden hur arbetet g\u00e5r till. I bakgrunden lantm\u00e4tare Nils Molanders g\u00e5rd.\" width=\"1200\" height=\"811\" srcset=\"https:\/\/www.lassebacklund.fi\/wp-content\/uploads\/2018\/05\/ota295_foto_0657.jpg 1200w, https:\/\/www.lassebacklund.fi\/wp-content\/uploads\/2018\/05\/ota295_foto_0657-300x203.jpg 300w, https:\/\/www.lassebacklund.fi\/wp-content\/uploads\/2018\/05\/ota295_foto_0657-768x519.jpg 768w, https:\/\/www.lassebacklund.fi\/wp-content\/uploads\/2018\/05\/ota295_foto_0657-1024x692.jpg 1024w\" sizes=\"auto, (max-width: 1200px) 100vw, 1200px\" \/><figcaption id=\"caption-attachment-8372\" class=\"wp-caption-text\">Ett s\u00e4kert v\u00e5rtecken var det d\u00e5 &#8221;Gam\u00e4lbroen&#8221; skulle l\u00e4ggas ut. H\u00e4r \u00e4r det K. A. och Nils Bj\u00f6rklund som visar \u00e5t barnen p\u00e5 stranden hur arbetet g\u00e5r till. I bakgrunden lantm\u00e4tare Nils Molanders g\u00e5rd.<\/figcaption><\/figure>\n<p>Mera foton av Selim Bj\u00f6rses hittar du genom att klicka<a href=\"https:\/\/www.lassebacklund.fi\/?page_id=8389\"><span style=\"color: #000080;\"><strong> H\u00c4R!<\/strong><\/span><\/a><\/p>\n","protected":false},"excerpt":{"rendered":"<p>H\u00e4r n\u00e5gra av folkskoll\u00e4raren Selim Bj\u00f6rses\u00b4 fotografier, som han tog \u00e5r 1958. Eric Stens har identifierat personerna och skrivit de flesta texter. Fotografierna \u00e4r fr\u00e5n Svenska Litteraturs\u00e4llskapets arkiv i Vasa. &nbsp; Mera foton av Selim Bj\u00f6rses hittar du genom att <a class=\"more-link\" href=\"https:\/\/www.lassebacklund.fi\/?page_id=8374\">Forts\u00e4tt l\u00e4sa <span class=\"screen-reader-text\">  Selims foton fr\u00e5n 1958.<\/span><span class=\"meta-nav\">&rarr;<\/span><\/a><\/p>\n","protected":false},"author":1,"featured_media":0,"parent":4555,"menu_order":1958,"comment_status":"closed","ping_status":"closed","template":"","meta":{"footnotes":""},"class_list":["post-8374","page","type-page","status-publish","hentry"],"_links":{"self":[{"href":"https:\/\/www.lassebacklund.fi\/index.php?rest_route=\/wp\/v2\/pages\/8374","targetHints":{"allow":["GET"]}}],"collection":[{"href":"https:\/\/www.lassebacklund.fi\/index.php?rest_route=\/wp\/v2\/pages"}],"about":[{"href":"https:\/\/www.lassebacklund.fi\/index.php?rest_route=\/wp\/v2\/types\/page"}],"author":[{"embeddable":true,"href":"https:\/\/www.lassebacklund.fi\/index.php?rest_route=\/wp\/v2\/users\/1"}],"replies":[{"embeddable":true,"href":"https:\/\/www.lassebacklund.fi\/index.php?rest_route=%2Fwp%2Fv2%2Fcomments&post=8374"}],"version-history":[{"count":5,"href":"https:\/\/www.lassebacklund.fi\/index.php?rest_route=\/wp\/v2\/pages\/8374\/revisions"}],"predecessor-version":[{"id":22779,"href":"https:\/\/www.lassebacklund.fi\/index.php?rest_route=\/wp\/v2\/pages\/8374\/revisions\/22779"}],"up":[{"embeddable":true,"href":"https:\/\/www.lassebacklund.fi\/index.php?rest_route=\/wp\/v2\/pages\/4555"}],"wp:attachment":[{"href":"https:\/\/www.lassebacklund.fi\/index.php?rest_route=%2Fwp%2Fv2%2Fmedia&parent=8374"}],"curies":[{"name":"wp","href":"https:\/\/api.w.org\/{rel}","templated":true}]}}