{"id":8248,"date":"2018-04-07T19:31:27","date_gmt":"2018-04-07T17:31:27","guid":{"rendered":"http:\/\/www.lassebacklund.fi\/?page_id=8248"},"modified":"2018-04-07T19:31:27","modified_gmt":"2018-04-07T17:31:27","slug":"invigningstal-1-november-1926","status":"publish","type":"page","link":"https:\/\/www.lassebacklund.fi\/?page_id=8248","title":{"rendered":"Invigningstal 1 november 1926."},"content":{"rendered":"<p><span style=\"color: #000080;\">Artikel i tidskriften \u201dUngdomsv\u00e4nnen\u201d 1.1.1927:<\/span><\/p>\n<p>Anteckningar efter kyrkoherde J. Im. B\u00e4cks tal vid den Ev. folkh\u00f6gskolans invigning i Dagsmark den 1 nov. 1926:<\/p>\n<p>Fader, vi bek\u00e4nna inf\u00f6r ditt ansikte, att vi \u00e4ro svaga. Vi hava ingen kraft och makt av oss sj\u00e4lva. Synden har gjort oss svaga och kraftl\u00f6sa, men du s\u00e4ger i ditt ord, att du \u00e4r stark i v\u00e5r svaghet. Ocks\u00e5 med h\u00e4nsyn till det arbete, som i denna skola skall utf\u00f6ras, \u00e4r du den ende, som skall kunna hj\u00e4lpa och styrka oss. D\u00e4rf\u00f6r s\u00e4ga vi i Jesu namn: Amen.<\/p>\n<p>\u00bbEvangelium \u00e4r en Guds kraft\u00bb Rom. 1:16.<\/p>\n<p>De, som vid tiden f\u00f6r \u00e5r 1918 n\u00e5tt mogen \u00e5lder, minnas s\u00e4kert med vilka glada f\u00f6rhoppningar man d\u00e5 s\u00e5g framtiden an. En allm\u00e4n v\u00e4ckelse gjorde sig g\u00e4llande, och det s\u00e5g ut, som om evangelium i alla samh\u00e4llskretsar skulle f\u00e5 mera rum och ut\u00f6va st\u00f6rre inflytande \u00f6ver m\u00e4nniskohj\u00e4rtan. M\u00e5ste vi ej medge att dessa f\u00f6rhoppningar slagit fel. En sedlig tillbakag\u00e5ng synes i v\u00e5rt \u00e4lskade fosterland. I en enda tidning kan man l\u00e4sa om ett tiotal mord, spritsmugglingar m. m. Vi beh\u00f6ver inte vara pr\u00e4ster utan allvarliga fosterlandsv\u00e4nner, ej allenast i egenskap av kristna, utan ocks\u00e5 som fosterlandsv\u00e4nner m\u00e5ste vi erk\u00e4nna, att samh\u00e4llskroppen \u00e4r sjuk, f\u00f6rsvagad. \u2014 Men ungdomen, v\u00e5rt framtidshopp, \u00e4r den ej stark, har den ej livsmod? Den \u00e4r glad, men dess gl\u00e4djeyttringar \u00e4r ett d\u00f6dstecken. Tror Ni, unga kvinnor och m\u00e4n, att landets v\u00e4l skall med framg\u00e5ng kunna byggas utav ett sl\u00e4kte som fostras p\u00e5 danstiljan? Du f\u00e5r ingen karakt\u00e4r, ingen d\u00e5dkraft, ingen verklig h\u00e4lsa, du kan inte bli en duglig medborgare i \u00e4lskat fosterland p\u00e5 detta s\u00e4tt. Jag st\u00f6ter kanske h\u00e4rmed n\u00e5gon f\u00f6r pannan, men sanningen m\u00e5ste uts\u00e4gas, give Gud av tusentals tungor.<\/p>\n<p>Det st\u00e5r ej r\u00e4tt till s\u00e5som samh\u00e4llet nu \u00e4r. Det \u00e4r svagt och d\u00f6dstecken visa sig. Hj\u00e4lp \u00e4r oss av n\u00f6den. Kraft \u00e5t de svaga \u00e4r dagens l\u00f6sen, kraft som st\u00e5ls\u00e4tter viljan, h\u00e4rdar karakt\u00e4ren, ger lust att k\u00e4mpa f\u00f6r sanning och r\u00e4tt. Vi \u00e4ldre g\u00e5r bort, de unga intar platsen i v\u00e5rt st\u00e4lle. Varifr\u00e5n skall den unga f\u00e5 kraft. Har du inte, moder, har du inte, fader, fr\u00e5gat dig: \u00bbVarifr\u00e5n skall mitt barn f\u00e5 kraft?\u00bb Man f\u00f6rs\u00f6ker svara p\u00e5 olika s\u00e4tt. Ett svar p\u00e5 denna fr\u00e5ga \u00e4r: Bildning skall ge kraft. Genom kultivering, bildning skall en allm\u00e4n uppryckning g\u00f6ra sig g\u00e4llande. Jag s\u00e4tter v\u00e4rde p\u00e5 bildningen, men i alla fall kan jag aldrig g\u00e5 in p\u00e5 att den \u00e4r den r\u00e4tta kraftk\u00e4llan. Saknar bildningen kristendom, \u00e4r den ett folks f\u00f6rd\u00e4rv, d\u00e4rom b\u00e4r historien vittnesb\u00f6rd. De gamla antika byggnaderna i Rom och Grekland vittnar om att bildningen stod h\u00f6gt bland dessa folk, men de gick under, inte f\u00f6r bristande bildning, utan f\u00f6r att de ej \u00e4gde kristendomens kraft. Str\u00e4va efter bildning, men inte efter religionsl\u00f6shet. En upplysning, inte uppburen av kristen tro, b\u00e4r f\u00f6rd\u00e4rvet under sitt hj\u00e4rta; barnet ber\u00f6var modern livet.<\/p>\n<p>Vi har kommit s\u00e5 l\u00e5ngt nu att en bildning utan kristendom inte kan ge kraft. Var d\u00e5 finna kraft? I lagen? En helvetespredikan \u00e4ndrar nog ungdomen, menar man. Lagen \u00e4r bra som tuktom\u00e4stare till Kristus, men man bedrar sig, om man tror, att den omskapar sinnena. Jag har \u00e5h\u00f6rt tal om ungdomens ogudaktighet, och m\u00e4rkt f\u00f6rh\u00e4rdelsen i de ungas blickar. De tycktes s\u00e4ga: \u00bbDu har blott att p\u00e5st\u00e5 att vi \u00e4ro el\u00e4ndiga, svaga stackare.\u00bb Det har alltid visat sig, att lagen kommer vrede \u00e5stad. Finns det d\u00e5 n\u00e5gon kraftk\u00e4lla f\u00f6r ungdomen? Finns det n\u00e5got, som kan upplyfta de unga, ge dem ny livssyn, ny kraft? Texten s\u00e4ger: \u00bbEvangelium \u00e4r en Guds kraft.\u00bb Du har ofta l\u00e4st de orden. Har Gud f\u00e5tt l\u00e4ra dig att f\u00f6rst\u00e5 deras inneb\u00f6rd? Fast allt brister i mig sj\u00e4lv, s\u00e5 har jag \u00e4nd\u00e5 Guds kraft, som aldrig sviker, som b\u00e4r mig \u00e4nda hem. Vi m\u00e5ste g\u00e5 i Guds skola. Han avkl\u00e4der oss v\u00e5r egen kraft och g\u00f6r oss d\u00f6da i oss sj\u00e4lva, g\u00f6r oss till f\u00f6rtappade, f\u00f6rlorade syndare. \u00c4ven bland denna unga skara har det skett, de har blivit avkl\u00e4dda.<\/p>\n<p>Ocks\u00e5 vi \u00e4ldre vet, att Gud gjorde oss d\u00f6da, men \u00e5ter levande genom evangelii h\u00e4rliga, saliga fridsbudskap om syndernas f\u00f6rl\u00e5telse i Jesu blod. Minns du trolovningsstunderna? Vad betydde all sm\u00e4lek, allt f\u00f6rakt fr\u00e5n v\u00e4rldens sida? \u2014 Intet \u2014 intet. Du svaga, d\u00f6da och kalla fick kraft fr\u00e5n h\u00f6jden, besegrade dj\u00e4vulen, fick frid och liv. Han som kom och gjorde dig d\u00f6d, han gjorde dig ocks\u00e5 levande. Kommer du ih\u00e5g den stund, d\u00e5 n\u00e5dens flod fick tr\u00e4nga in i ditt hj\u00e4rta, ge dig den kraft, som betvingar v\u00e4rlden och besegrar d\u00f6den? Han, som sk\u00e4nker liv i d\u00f6den, l\u00e4rde dig leva. Guds kraft beh\u00f6va vi, inte m\u00e4nniskokraft. Vi och v\u00e5ra barn har en b\u00e4ttre kraft, Guds kraft, v\u00e4rldar och dj\u00e4vlar till trots, och vi f\u00e5r sjunga om kraft och seger i Herren Jesus Kristus, som alltid varit de svagas kraft. Evangelium om syndernas f\u00f6rl\u00e5telse i Jesu blod anses som en farlig l\u00e4ra och l\u00f6s mat, men f\u00f6raktar du den, l\u00e5ter du taga ifr\u00e5n dig Guds kraft, och i den sista striden g\u00e5r du hoppl\u00f6st under. L\u00e4re Gud \u00e4ven dig att s\u00e4ga: Evangelium \u00e4r en Guds kraft.<\/p>\n<p>Denna kraft har ocks\u00e5 grundat v\u00e5r skola. Du har sett, att v\u00e4rldens stora varit emot henne. Blott enkelt folk f\u00f6rde fram henne. S\u00e5 kom hon fram med Guds kraft. Vi k\u00e4nner gl\u00e4dje, nu d\u00e5 v\u00e5r skola blivit en verklighet och med Guds hj\u00e4lp b\u00f6rjar sin verksamhet. De m\u00e5nga elever som blivit inskrivna \u00e4r ett bevis p\u00e5, att evangelium \u00e4r en Guds kraft i dag som i g\u00e5r. Kommen ih\u00e5g det ni: v\u00e4nner, l\u00e4rare och unga. Vi kommer att m\u00f6ta nya faror, sv\u00e5righeter, fiender och hinder; kommer att f\u00e5 erfara v\u00e5r egen svaghet i v\u00e5rt arbete, men vi f\u00e5r minnas, att evangelium \u00e4r en Guds kraft. L\u00e4rare och elever, b\u00f6rja i Guds kraft alla dagar edert arbete i det gamla kraftens evangelium, att synderna \u00e4ro f\u00f6rl\u00e5tna i Jesu blod. Allt hat till trots \u00e4r v\u00e5r skola en skola som b\u00f6rjar, forts\u00e4tter och slutar i syndaf\u00f6rl\u00e5telsens kraft. V\u00e4lsignade Dagsmark by, som f\u00e5tt en s\u00e5dan skola! S\u00e4g vad man vill, denna skola skall vara i Herrens hand en v\u00e4lsignelse f\u00f6r v\u00e5rt land. M\u00e5nga \u00e4ro de, som \u00e4nnu hemma i himlen kommer att tacka Gud f\u00f6r sommar i vintertid i den f\u00f6raktade evangeliska folkh\u00f6gskolan.<\/p>\n<p>Guds v\u00e4lsignelse vile \u00f6ver dig, Gud v\u00e4lsigne dig med syndaf\u00f6rl\u00e5telsens kraft. Med dessa ord \u00f6ppnar jag nu denna skola i den treenige Gudens namn. Han v\u00e4lsigne henne och ger henne kraft fr\u00e5n h\u00f6jden och n\u00e5d att bringa upplysning i vida kretsar.<\/p>\n","protected":false},"excerpt":{"rendered":"<p>Artikel i tidskriften \u201dUngdomsv\u00e4nnen\u201d 1.1.1927: Anteckningar efter kyrkoherde J. Im. B\u00e4cks tal vid den Ev. folkh\u00f6gskolans invigning i Dagsmark den 1 nov. 1926: Fader, vi bek\u00e4nna inf\u00f6r ditt ansikte, att vi \u00e4ro svaga. Vi hava ingen kraft och makt av <a class=\"more-link\" href=\"https:\/\/www.lassebacklund.fi\/?page_id=8248\">Forts\u00e4tt l\u00e4sa <span class=\"screen-reader-text\">  Invigningstal 1 november 1926.<\/span><span class=\"meta-nav\">&rarr;<\/span><\/a><\/p>\n","protected":false},"author":1,"featured_media":0,"parent":8088,"menu_order":0,"comment_status":"closed","ping_status":"closed","template":"","meta":{"footnotes":""},"class_list":["post-8248","page","type-page","status-publish","hentry"],"_links":{"self":[{"href":"https:\/\/www.lassebacklund.fi\/index.php?rest_route=\/wp\/v2\/pages\/8248","targetHints":{"allow":["GET"]}}],"collection":[{"href":"https:\/\/www.lassebacklund.fi\/index.php?rest_route=\/wp\/v2\/pages"}],"about":[{"href":"https:\/\/www.lassebacklund.fi\/index.php?rest_route=\/wp\/v2\/types\/page"}],"author":[{"embeddable":true,"href":"https:\/\/www.lassebacklund.fi\/index.php?rest_route=\/wp\/v2\/users\/1"}],"replies":[{"embeddable":true,"href":"https:\/\/www.lassebacklund.fi\/index.php?rest_route=%2Fwp%2Fv2%2Fcomments&post=8248"}],"version-history":[{"count":1,"href":"https:\/\/www.lassebacklund.fi\/index.php?rest_route=\/wp\/v2\/pages\/8248\/revisions"}],"predecessor-version":[{"id":8249,"href":"https:\/\/www.lassebacklund.fi\/index.php?rest_route=\/wp\/v2\/pages\/8248\/revisions\/8249"}],"up":[{"embeddable":true,"href":"https:\/\/www.lassebacklund.fi\/index.php?rest_route=\/wp\/v2\/pages\/8088"}],"wp:attachment":[{"href":"https:\/\/www.lassebacklund.fi\/index.php?rest_route=%2Fwp%2Fv2%2Fmedia&parent=8248"}],"curies":[{"name":"wp","href":"https:\/\/api.w.org\/{rel}","templated":true}]}}