{"id":7082,"date":"2017-12-19T17:45:08","date_gmt":"2017-12-19T16:45:08","guid":{"rendered":"http:\/\/www.lassebacklund.fi\/?page_id=7082"},"modified":"2024-04-25T10:12:54","modified_gmt":"2024-04-25T07:12:54","slug":"selims-foton-fran-aren-1946-1947","status":"publish","type":"page","link":"https:\/\/www.lassebacklund.fi\/?page_id=7082","title":{"rendered":"Selims foton fr\u00e5n \u00e5ren 1946-1947."},"content":{"rendered":"<p>H\u00e4r n\u00e5gra av Selim Bj\u00f6rses\u00b4 fotografier tagna \u00e5ren 1946 och 1947. Eric Stens har identifierat personerna och skrivit de flesta texter. Fotografierna \u00e4r fr\u00e5n Svenska Litteraturs\u00e4llskapets arkiv i Vasa.<\/p>\n<figure id=\"attachment_7079\" aria-describedby=\"caption-attachment-7079\" style=\"width: 1326px\" class=\"wp-caption aligncenter\"><img loading=\"lazy\" decoding=\"async\" class=\"size-full wp-image-7079\" src=\"http:\/\/www.lassebacklund.fi\/wp-content\/uploads\/2017\/12\/\u00c4lgen.jpg\" alt=\"Den h\u00e4r \u00e4lgtjuren f\u00e4llde j\u00e4garen Runar Ingves fr\u00e5n s\u00f6dra sidans jaktlag \u00e5r 1946. Det h\u00e4r var den tiden en stor h\u00e4ndelse eftersom de f\u00f6rsta \u00e4lgarna i Lappfj\u00e4rd f\u00e4lldes \u00e5ret innan, allts\u00e5 1945.\" width=\"1326\" height=\"960\" srcset=\"https:\/\/www.lassebacklund.fi\/wp-content\/uploads\/2017\/12\/\u00c4lgen.jpg 1326w, https:\/\/www.lassebacklund.fi\/wp-content\/uploads\/2017\/12\/\u00c4lgen-300x217.jpg 300w, https:\/\/www.lassebacklund.fi\/wp-content\/uploads\/2017\/12\/\u00c4lgen-768x556.jpg 768w, https:\/\/www.lassebacklund.fi\/wp-content\/uploads\/2017\/12\/\u00c4lgen-1024x741.jpg 1024w\" sizes=\"auto, (max-width: 1326px) 100vw, 1326px\" \/><figcaption id=\"caption-attachment-7079\" class=\"wp-caption-text\">Den h\u00e4r \u00e4lgtjuren f\u00e4llde j\u00e4garen Runar Ingves fr\u00e5n s\u00f6dra sidans jaktlag \u00e5r 1946. Det h\u00e4r var den tiden en stor h\u00e4ndelse eftersom de f\u00f6rsta \u00e4lgarna i Lappfj\u00e4rd f\u00e4lldes \u00e5ret innan, allts\u00e5 1945.<\/figcaption><\/figure>\n<figure id=\"attachment_7078\" aria-describedby=\"caption-attachment-7078\" style=\"width: 967px\" class=\"wp-caption aligncenter\"><img loading=\"lazy\" decoding=\"async\" class=\"size-full wp-image-7078\" src=\"http:\/\/www.lassebacklund.fi\/wp-content\/uploads\/2017\/12\/Porander-Runar.jpg\" alt=\"Runar Porander i sitt sockerbetsland vid g\u00e5rden och med silon till h\u00f6ger. I bakgrunden &quot;Berginas flickoras&quot;.\" width=\"967\" height=\"591\" srcset=\"https:\/\/www.lassebacklund.fi\/wp-content\/uploads\/2017\/12\/Porander-Runar.jpg 967w, https:\/\/www.lassebacklund.fi\/wp-content\/uploads\/2017\/12\/Porander-Runar-300x183.jpg 300w, https:\/\/www.lassebacklund.fi\/wp-content\/uploads\/2017\/12\/Porander-Runar-768x469.jpg 768w\" sizes=\"auto, (max-width: 967px) 100vw, 967px\" \/><figcaption id=\"caption-attachment-7078\" class=\"wp-caption-text\">Runar Porander i sitt sockerbetsland vid g\u00e5rden och med silon till h\u00f6ger. I bakgrunden &#8221;Berginas flickoras&#8221;.<\/figcaption><\/figure>\n<figure id=\"attachment_7077\" aria-describedby=\"caption-attachment-7077\" style=\"width: 1200px\" class=\"wp-caption aligncenter\"><img loading=\"lazy\" decoding=\"async\" class=\"size-full wp-image-7077\" src=\"http:\/\/www.lassebacklund.fi\/wp-content\/uploads\/2017\/12\/ota295_foto_0597.jpg\" alt=\"S\u00e5 gott som varje \u00e5r fotograferade Selim Bj\u00f6rses sin tr\u00e4dg\u00e5rd vid s\u00f6dra folkskolan och h\u00e4r lyckades han f\u00e5 ett fint foto av kyrkan ocks\u00e5.\" width=\"1200\" height=\"808\" srcset=\"https:\/\/www.lassebacklund.fi\/wp-content\/uploads\/2017\/12\/ota295_foto_0597.jpg 1200w, https:\/\/www.lassebacklund.fi\/wp-content\/uploads\/2017\/12\/ota295_foto_0597-300x202.jpg 300w, https:\/\/www.lassebacklund.fi\/wp-content\/uploads\/2017\/12\/ota295_foto_0597-768x517.jpg 768w, https:\/\/www.lassebacklund.fi\/wp-content\/uploads\/2017\/12\/ota295_foto_0597-1024x689.jpg 1024w\" sizes=\"auto, (max-width: 1200px) 100vw, 1200px\" \/><figcaption id=\"caption-attachment-7077\" class=\"wp-caption-text\">S\u00e5 gott som varje \u00e5r fotograferade Selim Bj\u00f6rses sin tr\u00e4dg\u00e5rd vid s\u00f6dra folkskolan och h\u00e4r lyckades han f\u00e5 ett fint foto av kyrkan ocks\u00e5.<\/figcaption><\/figure>\n<figure id=\"attachment_7076\" aria-describedby=\"caption-attachment-7076\" style=\"width: 1156px\" class=\"wp-caption aligncenter\"><img loading=\"lazy\" decoding=\"async\" class=\"size-full wp-image-7076\" src=\"http:\/\/www.lassebacklund.fi\/wp-content\/uploads\/2017\/12\/ota295_foto_0574.jpg\" alt=\"Flickor samlade i s\u00f6dra folkskolan.\" width=\"1156\" height=\"833\" srcset=\"https:\/\/www.lassebacklund.fi\/wp-content\/uploads\/2017\/12\/ota295_foto_0574.jpg 1156w, https:\/\/www.lassebacklund.fi\/wp-content\/uploads\/2017\/12\/ota295_foto_0574-300x216.jpg 300w, https:\/\/www.lassebacklund.fi\/wp-content\/uploads\/2017\/12\/ota295_foto_0574-768x553.jpg 768w, https:\/\/www.lassebacklund.fi\/wp-content\/uploads\/2017\/12\/ota295_foto_0574-1024x738.jpg 1024w\" sizes=\"auto, (max-width: 1156px) 100vw, 1156px\" \/><figcaption id=\"caption-attachment-7076\" class=\"wp-caption-text\">Flickor samlade i s\u00f6dra folkskolan.<\/figcaption><\/figure>\n<figure id=\"attachment_7074\" aria-describedby=\"caption-attachment-7074\" style=\"width: 1134px\" class=\"wp-caption aligncenter\"><img loading=\"lazy\" decoding=\"async\" class=\"size-full wp-image-7074\" src=\"http:\/\/www.lassebacklund.fi\/wp-content\/uploads\/2017\/12\/ota295_foto_0570.jpg\" alt=\"\u00c5r 1946 d\u00e5 ungdomsf\u00f6reningen firade sina 50 \u00e5r, samlades de tidigare ordf\u00f6randena f\u00f6r fotografering. Sittande fr\u00e5n v\u00e4nster Selim Bj\u00f6rses, Elvi Lilltr\u00e4sk, Erland Ingves, Frans Teir, Hulda Blomberg och Selim Lillg\u00e4ls. St\u00e5ende \u00c5ke Knus, Elis Krokb\u00e4ck, Gunnar S\u00f6derg\u00e5rd, Lennart Agn\u00e4s, Alvar Bj\u00f6rklund, Karl Bj\u00f6rses, Ingeborg \u00c5lgars, Gunnar Smeds, Astrid Nyg\u00e5rd, Lennart Forsman, Nils Jossandt och Frans Korsb\u00e4ck.\" width=\"1134\" height=\"853\" srcset=\"https:\/\/www.lassebacklund.fi\/wp-content\/uploads\/2017\/12\/ota295_foto_0570.jpg 1134w, https:\/\/www.lassebacklund.fi\/wp-content\/uploads\/2017\/12\/ota295_foto_0570-300x226.jpg 300w, https:\/\/www.lassebacklund.fi\/wp-content\/uploads\/2017\/12\/ota295_foto_0570-768x578.jpg 768w, https:\/\/www.lassebacklund.fi\/wp-content\/uploads\/2017\/12\/ota295_foto_0570-1024x770.jpg 1024w\" sizes=\"auto, (max-width: 1134px) 100vw, 1134px\" \/><figcaption id=\"caption-attachment-7074\" class=\"wp-caption-text\">\u00c5r 1946 d\u00e5 ungdomsf\u00f6reningen firade sina 50 \u00e5r, samlades de tidigare ordf\u00f6randena f\u00f6r fotografering. Sittande fr\u00e5n v\u00e4nster Selim Bj\u00f6rses, Elvi Lilltr\u00e4sk, Erland Ingves, Frans Teir, Hulda Blomberg och Selim Lillg\u00e4ls. St\u00e5ende \u00c5ke Knus, Elis Krokb\u00e4ck, Gunnar S\u00f6derg\u00e5rd, Lennart Agn\u00e4s, Alvar Bj\u00f6rklund, Karl Bj\u00f6rses, Ingeborg \u00c5lgars, Gunnar Smeds, Astrid Nyg\u00e5rd, Lennart Forsman, Nils Jossandt och Frans Korsb\u00e4ck.<\/figcaption><\/figure>\n<figure id=\"attachment_7073\" aria-describedby=\"caption-attachment-7073\" style=\"width: 1200px\" class=\"wp-caption aligncenter\"><img loading=\"lazy\" decoding=\"async\" class=\"size-full wp-image-7073\" src=\"http:\/\/www.lassebacklund.fi\/wp-content\/uploads\/2017\/12\/ota295_foto_0569.jpg\" alt=\"Flera flickor ikl\u00e4dda folkdr\u00e4kt vid skolavslutningen 1947.\" width=\"1200\" height=\"805\" srcset=\"https:\/\/www.lassebacklund.fi\/wp-content\/uploads\/2017\/12\/ota295_foto_0569.jpg 1200w, https:\/\/www.lassebacklund.fi\/wp-content\/uploads\/2017\/12\/ota295_foto_0569-300x201.jpg 300w, https:\/\/www.lassebacklund.fi\/wp-content\/uploads\/2017\/12\/ota295_foto_0569-768x515.jpg 768w, https:\/\/www.lassebacklund.fi\/wp-content\/uploads\/2017\/12\/ota295_foto_0569-1024x687.jpg 1024w\" sizes=\"auto, (max-width: 1200px) 100vw, 1200px\" \/><figcaption id=\"caption-attachment-7073\" class=\"wp-caption-text\">Flera flickor ikl\u00e4dda folkdr\u00e4kt vid skolavslutningen 1947.<\/figcaption><\/figure>\n<figure id=\"attachment_7072\" aria-describedby=\"caption-attachment-7072\" style=\"width: 1187px\" class=\"wp-caption aligncenter\"><img loading=\"lazy\" decoding=\"async\" class=\"size-full wp-image-7072\" src=\"http:\/\/www.lassebacklund.fi\/wp-content\/uploads\/2017\/12\/ota295_foto_0568.jpg\" alt=\"Idrott och gymnastik var omtyckta \u00e4mnen bland eleverna i s\u00f6dra folkskolan.\" width=\"1187\" height=\"616\" srcset=\"https:\/\/www.lassebacklund.fi\/wp-content\/uploads\/2017\/12\/ota295_foto_0568.jpg 1187w, https:\/\/www.lassebacklund.fi\/wp-content\/uploads\/2017\/12\/ota295_foto_0568-300x156.jpg 300w, https:\/\/www.lassebacklund.fi\/wp-content\/uploads\/2017\/12\/ota295_foto_0568-768x399.jpg 768w, https:\/\/www.lassebacklund.fi\/wp-content\/uploads\/2017\/12\/ota295_foto_0568-1024x531.jpg 1024w\" sizes=\"auto, (max-width: 1187px) 100vw, 1187px\" \/><figcaption id=\"caption-attachment-7072\" class=\"wp-caption-text\">Idrott och gymnastik var omtyckta \u00e4mnen bland eleverna i s\u00f6dra folkskolan.<\/figcaption><\/figure>\n<figure id=\"attachment_7071\" aria-describedby=\"caption-attachment-7071\" style=\"width: 1173px\" class=\"wp-caption aligncenter\"><img loading=\"lazy\" decoding=\"async\" class=\"size-full wp-image-7071\" src=\"http:\/\/www.lassebacklund.fi\/wp-content\/uploads\/2017\/12\/ota295_foto_0567.jpg\" alt=\"Med lite fantasin kan man se de f\u00e4rggranna blommorna i den prunkande tr\u00e4dg\u00e5rden vid s\u00f6dra folkskolan.\" width=\"1173\" height=\"763\" srcset=\"https:\/\/www.lassebacklund.fi\/wp-content\/uploads\/2017\/12\/ota295_foto_0567.jpg 1173w, https:\/\/www.lassebacklund.fi\/wp-content\/uploads\/2017\/12\/ota295_foto_0567-300x195.jpg 300w, https:\/\/www.lassebacklund.fi\/wp-content\/uploads\/2017\/12\/ota295_foto_0567-768x500.jpg 768w, https:\/\/www.lassebacklund.fi\/wp-content\/uploads\/2017\/12\/ota295_foto_0567-1024x666.jpg 1024w\" sizes=\"auto, (max-width: 1173px) 100vw, 1173px\" \/><figcaption id=\"caption-attachment-7071\" class=\"wp-caption-text\">Med lite fantasi kan man se de f\u00e4rggranna blommorna i den prunkande tr\u00e4dg\u00e5rden vid s\u00f6dra folkskolan.<\/figcaption><\/figure>\n<figure id=\"attachment_7070\" aria-describedby=\"caption-attachment-7070\" style=\"width: 929px\" class=\"wp-caption aligncenter\"><img loading=\"lazy\" decoding=\"async\" class=\"size-full wp-image-7070\" src=\"http:\/\/www.lassebacklund.fi\/wp-content\/uploads\/2017\/12\/Landg\u00e4rds-syskonen.jpg\" alt=\"Syskonen Enid och Doris Landg\u00e4rds i klubblandet bland s\u00f6mntutor och annat.\" width=\"929\" height=\"639\" srcset=\"https:\/\/www.lassebacklund.fi\/wp-content\/uploads\/2017\/12\/Landg\u00e4rds-syskonen.jpg 929w, https:\/\/www.lassebacklund.fi\/wp-content\/uploads\/2017\/12\/Landg\u00e4rds-syskonen-300x206.jpg 300w, https:\/\/www.lassebacklund.fi\/wp-content\/uploads\/2017\/12\/Landg\u00e4rds-syskonen-768x528.jpg 768w\" sizes=\"auto, (max-width: 929px) 100vw, 929px\" \/><figcaption id=\"caption-attachment-7070\" class=\"wp-caption-text\">Syskonen Enid och Doris Landg\u00e4rds i klubblandet bland s\u00f6mntutor och annat.<\/figcaption><\/figure>\n<figure id=\"attachment_7069\" aria-describedby=\"caption-attachment-7069\" style=\"width: 944px\" class=\"wp-caption aligncenter\"><img loading=\"lazy\" decoding=\"async\" class=\"size-full wp-image-7069\" src=\"http:\/\/www.lassebacklund.fi\/wp-content\/uploads\/2017\/12\/Hj\u00e4ltegravarna.jpg\" alt=\"Hj\u00e4ltegravarna vid kyrkan i Lappfj\u00e4rd. De vita tr\u00e4korsen p\u00e5minner om tro p\u00e5 fosterlandet. De som ligger h\u00e4r, gav sitt allt.\" width=\"944\" height=\"607\" srcset=\"https:\/\/www.lassebacklund.fi\/wp-content\/uploads\/2017\/12\/Hj\u00e4ltegravarna.jpg 944w, https:\/\/www.lassebacklund.fi\/wp-content\/uploads\/2017\/12\/Hj\u00e4ltegravarna-300x193.jpg 300w, https:\/\/www.lassebacklund.fi\/wp-content\/uploads\/2017\/12\/Hj\u00e4ltegravarna-768x494.jpg 768w\" sizes=\"auto, (max-width: 944px) 100vw, 944px\" \/><figcaption id=\"caption-attachment-7069\" class=\"wp-caption-text\">Hj\u00e4ltegravarna vid kyrkan i Lappfj\u00e4rd. De vita tr\u00e4korsen p\u00e5minner om tro p\u00e5 fosterlandet. De som ligger h\u00e4r, gav sitt allt.<\/figcaption><\/figure>\n<p>Mera foton av Selim Bj\u00f6rses hittar du genom att klicka<a href=\"https:\/\/www.lassebacklund.fi\/?page_id=7448\"><span style=\"color: #000080;\"><strong> H\u00c4R!<\/strong><\/span><\/a><\/p>\n","protected":false},"excerpt":{"rendered":"<p>H\u00e4r n\u00e5gra av Selim Bj\u00f6rses\u00b4 fotografier tagna \u00e5ren 1946 och 1947. Eric Stens har identifierat personerna och skrivit de flesta texter. Fotografierna \u00e4r fr\u00e5n Svenska Litteraturs\u00e4llskapets arkiv i Vasa. Mera foton av Selim Bj\u00f6rses hittar du genom att klicka H\u00c4R!<\/p>\n","protected":false},"author":1,"featured_media":0,"parent":4555,"menu_order":1946,"comment_status":"closed","ping_status":"closed","template":"","meta":{"footnotes":""},"class_list":["post-7082","page","type-page","status-publish","hentry"],"_links":{"self":[{"href":"https:\/\/www.lassebacklund.fi\/index.php?rest_route=\/wp\/v2\/pages\/7082","targetHints":{"allow":["GET"]}}],"collection":[{"href":"https:\/\/www.lassebacklund.fi\/index.php?rest_route=\/wp\/v2\/pages"}],"about":[{"href":"https:\/\/www.lassebacklund.fi\/index.php?rest_route=\/wp\/v2\/types\/page"}],"author":[{"embeddable":true,"href":"https:\/\/www.lassebacklund.fi\/index.php?rest_route=\/wp\/v2\/users\/1"}],"replies":[{"embeddable":true,"href":"https:\/\/www.lassebacklund.fi\/index.php?rest_route=%2Fwp%2Fv2%2Fcomments&post=7082"}],"version-history":[{"count":3,"href":"https:\/\/www.lassebacklund.fi\/index.php?rest_route=\/wp\/v2\/pages\/7082\/revisions"}],"predecessor-version":[{"id":22773,"href":"https:\/\/www.lassebacklund.fi\/index.php?rest_route=\/wp\/v2\/pages\/7082\/revisions\/22773"}],"up":[{"embeddable":true,"href":"https:\/\/www.lassebacklund.fi\/index.php?rest_route=\/wp\/v2\/pages\/4555"}],"wp:attachment":[{"href":"https:\/\/www.lassebacklund.fi\/index.php?rest_route=%2Fwp%2Fv2%2Fmedia&parent=7082"}],"curies":[{"name":"wp","href":"https:\/\/api.w.org\/{rel}","templated":true}]}}