{"id":676,"date":"2016-09-16T22:42:40","date_gmt":"2016-09-16T20:42:40","guid":{"rendered":"http:\/\/www.lassebacklund.fi\/?page_id=676"},"modified":"2026-01-03T00:03:53","modified_gmt":"2026-01-02T22:03:53","slug":"westerbacks-gard-pa-addin-pa-dagsmarkvagen-435","status":"publish","type":"page","link":"https:\/\/www.lassebacklund.fi\/?page_id=676","title":{"rendered":"Westerbacks g\u00e5rd p\u00e5 Dagsmarkv\u00e4gen 437"},"content":{"rendered":"<figure id=\"attachment_655\" aria-describedby=\"caption-attachment-655\" style=\"width: 3975px\" class=\"wp-caption aligncenter\"><img loading=\"lazy\" decoding=\"async\" class=\"size-full wp-image-655\" src=\"http:\/\/www.lassebacklund.fi\/wp-content\/uploads\/2016\/09\/1-13.jpg\" alt=\"Flygfoto fr\u00e5n 1961 med Westerbacks st\u00e5tliga g\u00e5rd p\u00e5 \u00c5ddin.\" width=\"3975\" height=\"2604\" srcset=\"https:\/\/www.lassebacklund.fi\/wp-content\/uploads\/2016\/09\/1-13.jpg 3975w, https:\/\/www.lassebacklund.fi\/wp-content\/uploads\/2016\/09\/1-13-300x197.jpg 300w, https:\/\/www.lassebacklund.fi\/wp-content\/uploads\/2016\/09\/1-13-768x503.jpg 768w, https:\/\/www.lassebacklund.fi\/wp-content\/uploads\/2016\/09\/1-13-1024x671.jpg 1024w\" sizes=\"auto, (max-width: 3975px) 100vw, 3975px\" \/><figcaption id=\"caption-attachment-655\" class=\"wp-caption-text\">Det h\u00e4r st\u00e5tliga huset p\u00e5 udden d\u00e4r Lill\u00e5n rinner ut i Lappfj\u00e4rds \u00e5 byggdes \u00e5r 1922 av bonden Frans Westerback (1896-1924) och Hilma (f. Hannus i H\u00e4rkmeri 1893-1988). Fr\u00e5n tidigare stod p\u00e5 samma st\u00e4lle en st\u00f6rre bondg\u00e5rd, som var byggd i mitten av 1800-talet. P\u00e5 grund av det passliga l\u00e4get p\u00e5 udden har alla Westerbackarna i folkmun kallats f\u00f6r \u201d\u00c5dd\u201d. Flygfotot fr\u00e5n 1961 med Westerbacks g\u00e5rd p\u00e5 \u00c5ddin.<\/figcaption><\/figure>\n<p><strong><span style=\"color: #000080;\">Sammanst\u00e4llt av Lasse Backlund 2014, med hj\u00e4lp av Bernice och Bror Skogman. Inga-Lill Sandstr\u00f6m har bidragit med viktig information om sl\u00e4kten.<\/span><\/strong><\/p>\n<h3><strong>G\u00e5rdens historia<\/strong><\/h3>\n<p>Den tidigare, gamla g\u00e5rden byggdes troligen av bonden Erik Eriksson L\u00e5ng (f. 1796) som var f\u00f6dd p\u00e5 L\u00e5ng hemmanet, som tidigare l\u00e5g nedanf\u00f6r nuvarande skolbyggnad p\u00e5 Sebasbackan. Tillsammans med sin far Erik Johansson L\u00e5ng (1765-1827) och sina m\u00e5nga syskon flyttade han boplatsen till Brobackan i b\u00f6rjan p\u00e5 1800-talet. Hemmanet var p\u00e5 1\/12 mantal. Boplatsen fanns d\u00e4r \u201dK\u00e5rk Viktoras\u201d, med andra ord det st\u00e4lle som vi i dag kallar f\u00f6r Norrbackas eller Marias, i Westeras korsningen.<\/p>\n<p>(Erik Eriksson L\u00e5ng gjorde \u00e5r 1855 upp ett arrendekontrakt med en torpare, som du kan l\u00e4sa genom att klicka <a href=\"http:\/\/www.lassebacklund.fi\/?page_id=1041\"><strong><u>h\u00e4r.<\/u><\/strong><\/a>)<\/p>\n<h3><strong>1860 Josef Eriksson L\u00e5ng tar \u00f6ver\u00a0<\/strong><\/h3>\n<p>Erik Eriksson och hans hustru Maria Eriksdotter L\u00e5ng fick \u00e5tminstone 6 barn men det var bara s\u00f6nerna, <strong>Karl Gustav<\/strong> (1836-1919) och <strong>Josef<\/strong> (1828-1908) som delade hemmanet \u00e5r 1860. Hemmanet v\u00e4rderades d\u00e5 till 450 rubel silver.\u00a0<span style=\"display: inline !important; float: none; background-color: transparent; color: #373737; cursor: text; font-family: 'Helvetica Neue',Helvetica,Arial,sans-serif; font-size: 15px; font-style: normal; font-variant: normal; font-weight: 300; letter-spacing: normal; orphans: 2; text-align: left; text-decoration: none; text-indent: 0px; text-transform: none; -webkit-text-stroke-width: 0px; white-space: normal; word-spacing: 0px;\">\u00c5r 1861 kom br\u00f6derna \u00f6verens om hur g\u00e5rdarna skulle delas dem emellan. Karl Gustav skulle f\u00e5 den gamla g\u00e5rden och den nya rian medan Josef skulle f\u00e5 den nyare g\u00e5rden p\u00e5 udden och den gamla rian.<\/span> Det var allts\u00e5 Karl Gustav som \u00f6vertog hemg\u00e5rden som stod i Westeras korsningen och blev bonde d\u00e4r. Han blev sedan far till &#8221;K\u00e5rk&#8221; Viktor Eklund, som sedan \u00f6vertog hans hemmansdel.<\/p>\n<p>Den andra sonen Josef kunde d\u00e5 \u00f6verta en nyare g\u00e5rd som stod p\u00e5 udden l\u00e4ngre v\u00e4sterut. Br\u00f6dernas hemman blev allts\u00e5 1\/24 mantal var efter delningen. Br\u00f6derna skulle ocks\u00e5 ge utl\u00f6sen \u00e5t sina 4 syskon: brodern Malakias 60 rubel och systrarna Maja Lena, Anna Sofia och Kajsa 30 rubel var.<\/p>\n<p>Josef p\u00e5 \u00c5ddin som var barnl\u00f6s hade en syster som hette Anna Sofia Eriksdotter L\u00e5ng (f.1832) och tillsammans med maken Karl Johan Mangs (f. 1828 i Lappfj\u00e4rd) fick de sonen Johan <strong><u>Ivar <\/u><\/strong>(1860-1934). Under \u00e5ren 1858-1863 s\u00e5 bodde de p\u00e5 Kankaanp\u00e4\u00e4 hemman i K\u00e4rjenkoski. Josef p\u00e5 \u00c5ddin tog denne systerson Ivar till fosterson och Ivar bytte sedan namn till Westerback. Ivar som allts\u00e5 var f\u00f6dd i K\u00e4rjenkoski gifte sig sedan med Sofia (f. L\u00e5ng p\u00e5 Koll-t\u00e5 i Dagsmark 1860-1930) och de fick tv\u00e5 barn, Amanda och Frans. Frans och Sofia Westerback tog \u00f6ver hemmanet \u00e5r1902 efter Josef L\u00e5ng.<\/p>\n<h3><strong>Systersonen Ivar Westerback tar \u00f6ver<\/strong><\/h3>\n<p><strong>\u00c5r 1889, den 20 maj<\/strong> tog fostersonen Ivar L\u00e5ng \u00f6ver Josef Erikssons L\u00e5ng hemman p\u00e5 1\/24 dels mtl p\u00e5 \u00c5ddin. Hemmanet v\u00e4rderades till 3 000 mark och k\u00f6peskillingen betalades genom att Ivar \u00f6vertog ett l\u00e5n p\u00e5 500 mark och s\u00e5 skulle han ge livstids sytning \u00e5t Josef Eriksson och hans hustru Maja Lena.<\/p>\n<p>Vill du veta mera om Ivar Westerbacks bakgrund, s\u00e5 skall du klicka <a href=\"http:\/\/www.lassebacklund.fi\/?page_id=11612\"><span style=\"text-decoration: underline;\"><span style=\"color: #000080;\"><strong>h\u00e4r!\u00a0<\/strong><\/span><\/span><\/a> Vill du l\u00e4sa mera om Sofia Westerbacks barndomshem, s\u00e5 klicka <a href=\"http:\/\/www.lassebacklund.fi\/?page_id=1181\"><strong><u>h\u00e4r!<\/u><\/strong><\/a><\/p>\n<p>&#8221;\u00c5dd Ivar&#8221; Westerback vistades i Amerika under \u00e5ren 1883-1886. Han hade flera syskon och vill du l\u00e4sa mera om till exempel hans lillasyster Olga, som f\u00f6ddes i Kasab\u00f6le men som blev torpare p\u00e5 A-sidon, s\u00e5 skall du klicka <a href=\"http:\/\/www.lassebacklund.fi\/?page_id=1037\"><strong><u>h\u00e4r<\/u><\/strong><\/a>! Efter storskiftet blev Ivar Westerback ensam \u00e4gare till kvarntomten i Verkforsen och vill du l\u00e4sa mera om den, s\u00e5 skall du klicka <a href=\"http:\/\/www.lassebacklund.fi\/?page_id=1652\"><span style=\"text-decoration: underline;\"><span style=\"color: #000080;\"><strong>H\u00c4R!<\/strong><\/span><\/span><\/a><\/p>\n<p>D\u00e5 sytningsmannen Josef Eriksson L\u00e5ng dog \u00e5r 1908, s\u00e5 v\u00e4rderades all hans egendom till 576 mark. Den st\u00f6rsta posten bestod av en \u00bc dels lott i Dagsmark Storsj\u00f6tr\u00e4sk och den v\u00e4rderades till hela 350 mark. Enligt den v\u00e4rderingen s\u00e5 skulle alla lotter i tr\u00e4sket ha ett v\u00e4rde p\u00e5 hela 112 000 mark, ett ofattbart h\u00f6gt v\u00e4rde.<\/p>\n<figure id=\"attachment_4942\" aria-describedby=\"caption-attachment-4942\" style=\"width: 640px\" class=\"wp-caption alignnone\"><img loading=\"lazy\" decoding=\"async\" class=\"size-full wp-image-4942\" src=\"http:\/\/www.lassebacklund.fi\/wp-content\/uploads\/2017\/07\/\u00c5dd-Ivars-g\u00e5rd-med-port.jpg\" alt=\"P\u00e5 detta foto fr\u00e5n 1908 s\u00e5 ser vi en speciell port mellan de tv\u00e5 g\u00e5rdarna och d\u00e4rtill fanns det en grind i staketet. Byggnaden till h\u00f6ger revs i b\u00f6rjan p\u00e5 1920-talet d\u00e5 den nya byggdes, men byggnaden till v\u00e4nster st\u00e5r fortfarande kvar i originalskick. Fotot taget 20.8.1908 av A. O. Heikel och finns arkiverat p\u00e5 Museiverket. \" width=\"640\" height=\"471\" srcset=\"https:\/\/www.lassebacklund.fi\/wp-content\/uploads\/2017\/07\/\u00c5dd-Ivars-g\u00e5rd-med-port.jpg 640w, https:\/\/www.lassebacklund.fi\/wp-content\/uploads\/2017\/07\/\u00c5dd-Ivars-g\u00e5rd-med-port-300x221.jpg 300w\" sizes=\"auto, (max-width: 640px) 100vw, 640px\" \/><figcaption id=\"caption-attachment-4942\" class=\"wp-caption-text\">P\u00e5 detta foto fr\u00e5n 1908 s\u00e5 ser vi en speciell port mellan de tv\u00e5 g\u00e5rdarna och d\u00e4rtill fanns det en grind i staketet. Byggnaden till h\u00f6ger revs i b\u00f6rjan p\u00e5 1920-talet d\u00e5 den nya byggdes, men byggnaden till v\u00e4nster st\u00e5r fortfarande kvar i originalskick.<br \/>Fotot taget 20.8.1908 av A. O. Heikel och finns arkiverat p\u00e5 Museiverket.<\/figcaption><\/figure>\n<p>D\u00e5 Josef dog ordnade \u00e4nkan Maja Lena Johansdotter en auktion p\u00e5 hans tillh\u00f6righeter. Sekreteraren hade vissa sv\u00e5righeter med namnen, f\u00f6ljaktligen fanns det inropare som hette till exempel: Edvart Ulla, Konst Vib\u00e4rg, Karolina Haga, Edla Lillstu, Skredaren Storkull, Henrik Haga och Wicktor B\u00e4ckas.<\/p>\n<figure id=\"attachment_668\" aria-describedby=\"caption-attachment-668\" style=\"width: 523px\" class=\"wp-caption alignnone\"><img loading=\"lazy\" decoding=\"async\" class=\" wp-image-668\" src=\"http:\/\/www.lassebacklund.fi\/wp-content\/uploads\/2016\/09\/Tv-Maria-L\u00e5ng-gm-JH-Storkull-Vilhelmina-L\u00e5ng-gm-Erik-Anders-Rosengren-och-Sofia-L\u00e5ng-gm-Ivar-Westerback.jpg\" alt=\"Till v\u00e4nster Maria L\u00e5ng som var gift med handlanden J.H. Storkull, i mitten st\u00e5r Vilhelmina L\u00e5ng som var gift med Erik Anders Rosengren och till h\u00f6ger Sofia L\u00e5ng som var gift med Ivar Westerback. Vilhelmina och Sofia var halvsystrar till &quot;Koll&quot;- Marias far \u201dKaalas-Hindrik\u201d. \" width=\"523\" height=\"693\" srcset=\"https:\/\/www.lassebacklund.fi\/wp-content\/uploads\/2016\/09\/Tv-Maria-L\u00e5ng-gm-JH-Storkull-Vilhelmina-L\u00e5ng-gm-Erik-Anders-Rosengren-och-Sofia-L\u00e5ng-gm-Ivar-Westerback.jpg 948w, https:\/\/www.lassebacklund.fi\/wp-content\/uploads\/2016\/09\/Tv-Maria-L\u00e5ng-gm-JH-Storkull-Vilhelmina-L\u00e5ng-gm-Erik-Anders-Rosengren-och-Sofia-L\u00e5ng-gm-Ivar-Westerback-226x300.jpg 226w, https:\/\/www.lassebacklund.fi\/wp-content\/uploads\/2016\/09\/Tv-Maria-L\u00e5ng-gm-JH-Storkull-Vilhelmina-L\u00e5ng-gm-Erik-Anders-Rosengren-och-Sofia-L\u00e5ng-gm-Ivar-Westerback-768x1019.jpg 768w, https:\/\/www.lassebacklund.fi\/wp-content\/uploads\/2016\/09\/Tv-Maria-L\u00e5ng-gm-JH-Storkull-Vilhelmina-L\u00e5ng-gm-Erik-Anders-Rosengren-och-Sofia-L\u00e5ng-gm-Ivar-Westerback-772x1024.jpg 772w\" sizes=\"auto, (max-width: 523px) 100vw, 523px\" \/><figcaption id=\"caption-attachment-668\" class=\"wp-caption-text\">Till v\u00e4nster Maria L\u00e5ng som var gift med handlanden J.H. Storkull, i mitten st\u00e5r Vilhelmina L\u00e5ng som var gift med Erik Anders Rosengren och till h\u00f6ger Sofia L\u00e5ng som var gift med Ivar Westerback. Vilhelmina och Sofia var halvsystrar till &#8221;Koll&#8221;- Marias far \u201dKaalas Hindrik\u201d.<\/figcaption><\/figure>\n<p>\u00c5dd Ivars hustru Sofia var dotter till Anna Kaisa L\u00e5ng (f. Storkull 1827-1897) i hennes andra \u00e4ktenskap med Erik Johansson Rosenback (f. 1829). Sofia var syster till Vilhelmina (f. 1869) som gifte sig med Erik Anders Rosengren och som flyttade till \u00c5backan. Sofia var halvsyster till \u201dKaalas Hindrik\u201d Henrik L\u00e5ng (1853-1939) som sedan fick dottern Maria som gifte sig med handlanden J.H. Storkull.<\/p>\n<figure id=\"attachment_667\" aria-describedby=\"caption-attachment-667\" style=\"width: 942px\" class=\"wp-caption alignnone\"><img loading=\"lazy\" decoding=\"async\" class=\"size-full wp-image-667\" src=\"http:\/\/www.lassebacklund.fi\/wp-content\/uploads\/2016\/09\/ota259_foto_135.jpg\" alt=\"P\u00e5 det h\u00e4r fotot fr\u00e5n ca 1915 ser vi hur den gamla g\u00e5rden p\u00e5 \u00c5ddin s\u00e5g ut. Huset mitt i bild \u00e4r \u201dKork\u201d-Frans Eklund g\u00e5rd som den s\u00e5g ut f\u00f6re den byggdes p\u00e5 med en v\u00e5ning till. F\u00f6ljande g\u00e5rd \u00e4r h\u00f6gst troligt den f\u00f6rsta g\u00e5rden som L\u00e5ngarna byggde p\u00e5 Brobackan i b\u00f6rjan p\u00e5 1800-talet. Foto av Viktor Nylund, fr\u00e5n Traditionsarkivet i Vasa.\" width=\"942\" height=\"710\" srcset=\"https:\/\/www.lassebacklund.fi\/wp-content\/uploads\/2016\/09\/ota259_foto_135.jpg 942w, https:\/\/www.lassebacklund.fi\/wp-content\/uploads\/2016\/09\/ota259_foto_135-300x226.jpg 300w, https:\/\/www.lassebacklund.fi\/wp-content\/uploads\/2016\/09\/ota259_foto_135-768x579.jpg 768w\" sizes=\"auto, (max-width: 942px) 100vw, 942px\" \/><figcaption id=\"caption-attachment-667\" class=\"wp-caption-text\">P\u00e5 det h\u00e4r fotot fr\u00e5n ca 1915 ser vi hur den gamla g\u00e5rden p\u00e5 \u00c5ddin s\u00e5g ut. Huset mitt i bild \u00e4r \u201dK\u00e5rk\u201d-Frans Eklund g\u00e5rd som den s\u00e5g ut f\u00f6re den byggdes p\u00e5 med en v\u00e5ning till. F\u00f6ljande g\u00e5rd \u00e4r h\u00f6gst troligt den f\u00f6rsta g\u00e5rden som L\u00e5ngarna byggde p\u00e5 Brobackan i b\u00f6rjan p\u00e5 1800-talet. Foto av Viktor Nylund, fr\u00e5n SLS:s arkiv.<\/figcaption><\/figure>\n<p>Det fanns m\u00e5nga byggnader d\u00e4r \u00c5dd och i de gamla f\u00f6rs\u00e4kringsbreven finns de uppr\u00e4knade. Vill du l\u00e4sa mera om dessa byggnader och hur de f\u00f6rs\u00e4krades, s\u00e5 klicka <a href=\"http:\/\/www.lassebacklund.fi\/?page_id=1046\"><strong><u>h\u00e4r<\/u><\/strong><\/a>.<\/p>\n<figure id=\"attachment_665\" aria-describedby=\"caption-attachment-665\" style=\"width: 536px\" class=\"wp-caption alignnone\"><img loading=\"lazy\" decoding=\"async\" class=\" wp-image-665\" src=\"http:\/\/www.lassebacklund.fi\/wp-content\/uploads\/2016\/09\/11-6.jpg\" alt=\"H\u00e4r den gamla lillstugan d\u00e4r Amanda Westerback bodde en stor del av sitt liv, ogift och barnl\u00f6s. Den \u00e4r troligen byggd i b\u00f6rjan p\u00e5 1800-talet eller i slutet av 1700-talet, vilket betyder att det kan vara den \u00e4ldsta byggnaden i Dagsmark.\" width=\"536\" height=\"401\" srcset=\"https:\/\/www.lassebacklund.fi\/wp-content\/uploads\/2016\/09\/11-6.jpg 1386w, https:\/\/www.lassebacklund.fi\/wp-content\/uploads\/2016\/09\/11-6-300x225.jpg 300w, https:\/\/www.lassebacklund.fi\/wp-content\/uploads\/2016\/09\/11-6-768x576.jpg 768w, https:\/\/www.lassebacklund.fi\/wp-content\/uploads\/2016\/09\/11-6-1024x768.jpg 1024w\" sizes=\"auto, (max-width: 536px) 100vw, 536px\" \/><figcaption id=\"caption-attachment-665\" class=\"wp-caption-text\">I den h\u00e4r den gamla lillstugan bodde Ivar och Sofia med dottern Amanda Westerback (1882-1964). Den \u00e4r troligen byggd i b\u00f6rjan p\u00e5 1800-talet eller i slutet av 1700-talet, vilket betyder att det kan vara den \u00e4ldsta byggnaden i Dagsmark.<\/figcaption><\/figure>\n<p>Ivars och Sofias son Frans deltog i inb\u00f6rdeskriget 1918 i det\u00a0omtalade Melins kompani. Han var med i de h\u00e5rda striderna i Tammerfors under &#8221;den blodiga sk\u00e4rtorsdagen&#8221; den 28 mars men blev sv\u00e5rt sjuk efter vadandet \u00f6ver b\u00e4cken &#8221;Haisuoja&#8221;. Detta betydde att han inte deltog i stormningen av N\u00e4silinna denna 3 april. Frans deltog sedan i f\u00f6rf\u00f6ljandet av r\u00f6dgardisterna \u00f6sterut och i striderna vid Kuokkala j\u00e4rnv\u00e4gsstation blev han s\u00e5rad av en s\u00e5 kallad shrapnellkula.<\/p>\n<h3><strong>1920 Frans Westerback tar \u00f6ver<\/strong><\/h3>\n<p>Efter hemkomsten fr\u00e5n kriget gifte sig Frans med Hilma Hannus fr\u00e5n H\u00e4rkmeri. Hilma var enda barnet till Axel Hannus, som ocks\u00e5 flyttade till Dagsmark. Axel Hannus bodde kvar i g\u00e5rden till sin d\u00f6d 1950. Frans och Hilma fick tv\u00e5 barn: Beda (1917-1985) och Ellen (1922-1997)<\/p>\n<p><strong>\u00c5r 1920, den 1 mars<\/strong> k\u00f6pte Frans hemmanet V\u00e4sterback 4:5 p\u00e5 1\/24 mtl av sina f\u00f6r\u00e4ldrar Ivar (f.1860) och Anna Sofia (f.1860). K\u00f6peskillingen utgjorde 9 000 mark, som skulle betalas \u00e5t Frans syster Amanda. Dessutom skulle Frans och Hilma ge livstids sytning \u00e5t s\u00e4ljarna. I k\u00f6pebrevet fanns ocks\u00e5 inskrivet speciella villkor, till exempel:<\/p>\n<p><em>&#8221;I Brojerdan undantages en half hektar jord fr\u00e5n Lansvegen ned till \u00e5n straks ovan vattvegen, som f\u00e5r till Parcell utbrytas. Lillstugan, F\u00e4huset med foderlada och lider undantages, ofvan undantagna hus f\u00f6rbinder sig hemmansegaren p\u00e5 egen bek\u00e5snad bortflykta och i beboeligt st\u00e5nd settas p\u00e5 Brojerds Parcell. Med k\u00f6pet f\u00f6ljer en h\u00e4st, en fjerdedels l\u00e5tt i Dagsark storsj\u00f6tr\u00e4sk, samt k\u00f6r &#8211; \u00e5kerbruksredskap. Utom en minre linjalk\u00e4rra, samt en arbetsk\u00e4rra&#8221;.<\/em><\/p>\n<p>F\u00f6r\u00e4ldrarna bodde efter det i lillstugan tillsammans med ogifta dottern Amanda (f. 1882). P\u00e5 hemmanet, lite l\u00e4ngre \u00f6sterut bodde d\u00e5 backstugusittarna <a href=\"https:\/\/www.lassebacklund.fi\/?page_id=1824\">Sofia Johansdotter Lillkull (f. 1874) och hennes syster Anna Kajsa (f. 1876)<\/a> med sonen Arvid. L\u00e4ngre \u00f6sterut bodde<a href=\"https:\/\/www.lassebacklund.fi\/?page_id=22801\"> backstugusittaren Viktor (f. 1859) Str\u00f6mberg<\/a> med hustrun Anna (f.1859).<\/p>\n<h3><strong>1922 nya g\u00e5rden byggs\u00a0<\/strong><\/h3>\n<p>De b\u00f6rjade d\u00e5 bygga det nya huset enligt ritningar som var uppgjorda \u00e5r 1921 av l\u00e4rarsonen och byggm\u00e4staren <a href=\"http:\/\/www.lassebacklund.fi\/?page_id=781\">Einar Wadstr\u00f6m<\/a>. Ritningarna som fortfarande finns i beh\u00e5ll \u00e4r mycket v\u00e4lgjorda och detaljerade.<\/p>\n<figure id=\"attachment_669\" aria-describedby=\"caption-attachment-669\" style=\"width: 4783px\" class=\"wp-caption aligncenter\"><img loading=\"lazy\" decoding=\"async\" class=\"size-full wp-image-669\" src=\"http:\/\/www.lassebacklund.fi\/wp-content\/uploads\/2016\/09\/Westerback-ritning-allihopa.jpg\" alt=\"H\u00e4r hela ritningen i f\u00e4rg, med bottenplan och fasader, till och med en genomsk\u00e4rning. L\u00e4ngst ner i historiken hittar du st\u00f6rre bilder av denna ritning. \" width=\"4783\" height=\"3432\" srcset=\"https:\/\/www.lassebacklund.fi\/wp-content\/uploads\/2016\/09\/Westerback-ritning-allihopa.jpg 4783w, https:\/\/www.lassebacklund.fi\/wp-content\/uploads\/2016\/09\/Westerback-ritning-allihopa-300x215.jpg 300w, https:\/\/www.lassebacklund.fi\/wp-content\/uploads\/2016\/09\/Westerback-ritning-allihopa-768x551.jpg 768w, https:\/\/www.lassebacklund.fi\/wp-content\/uploads\/2016\/09\/Westerback-ritning-allihopa-1024x735.jpg 1024w\" sizes=\"auto, (max-width: 4783px) 100vw, 4783px\" \/><figcaption id=\"caption-attachment-669\" class=\"wp-caption-text\">H\u00e4r hela ritningen i f\u00e4rg, med bottenplan och fasader, till och med en genomsk\u00e4rning. L\u00e4ngst ner i historiken hittar du st\u00f6rre bilder av denna ritning.<\/figcaption><\/figure>\n<figure id=\"attachment_656\" aria-describedby=\"caption-attachment-656\" style=\"width: 1181px\" class=\"wp-caption alignnone\"><img loading=\"lazy\" decoding=\"async\" class=\"size-full wp-image-656\" src=\"http:\/\/www.lassebacklund.fi\/wp-content\/uploads\/2016\/09\/2-13.jpg\" alt=\"Detta foto troligen fr\u00e5n b\u00f6rjan p\u00e5 1930-talet med det st\u00e5tliga huset bredvid Storbron d\u00e4r den gamla Broback-kvarnen syns i bro\u00f6ppningen.\" width=\"1181\" height=\"730\" srcset=\"https:\/\/www.lassebacklund.fi\/wp-content\/uploads\/2016\/09\/2-13.jpg 1181w, https:\/\/www.lassebacklund.fi\/wp-content\/uploads\/2016\/09\/2-13-300x185.jpg 300w, https:\/\/www.lassebacklund.fi\/wp-content\/uploads\/2016\/09\/2-13-768x475.jpg 768w, https:\/\/www.lassebacklund.fi\/wp-content\/uploads\/2016\/09\/2-13-1024x633.jpg 1024w\" sizes=\"auto, (max-width: 1181px) 100vw, 1181px\" \/><figcaption id=\"caption-attachment-656\" class=\"wp-caption-text\">Detta foto troligen fr\u00e5n b\u00f6rjan p\u00e5 1930-talet med det st\u00e5tliga huset bredvid <a href=\"https:\/\/www.lassebacklund.fi\/?page_id=1501\">Storbron<\/a> d\u00e4r den gamla Brobackkvarnen syns i bro\u00f6ppningen.<\/figcaption><\/figure>\n<figure id=\"attachment_14690\" aria-describedby=\"caption-attachment-14690\" style=\"width: 4000px\" class=\"wp-caption alignnone\"><img loading=\"lazy\" decoding=\"async\" class=\"size-full wp-image-14690\" src=\"http:\/\/www.lassebacklund.fi\/wp-content\/uploads\/2019\/10\/\u00c5ddin-med-storbron.jpg\" alt=\"\" width=\"4000\" height=\"2673\" srcset=\"https:\/\/www.lassebacklund.fi\/wp-content\/uploads\/2019\/10\/\u00c5ddin-med-storbron.jpg 4000w, https:\/\/www.lassebacklund.fi\/wp-content\/uploads\/2019\/10\/\u00c5ddin-med-storbron-300x200.jpg 300w, https:\/\/www.lassebacklund.fi\/wp-content\/uploads\/2019\/10\/\u00c5ddin-med-storbron-768x513.jpg 768w, https:\/\/www.lassebacklund.fi\/wp-content\/uploads\/2019\/10\/\u00c5ddin-med-storbron-1024x684.jpg 1024w\" sizes=\"auto, (max-width: 4000px) 100vw, 4000px\" \/><figcaption id=\"caption-attachment-14690\" class=\"wp-caption-text\">I centrala Dagsmark utmynnar Lill\u00e5n i huvudf\u00e5ran och mitt i Selim Bj\u00f6rses foto syns den natursk\u00f6na &#8221;\u00c5ddin&#8221; d\u00e4r Westerbacks st\u00e5tliga g\u00e5rd \u00e4r skymd av vegetationen. Under <a href=\"https:\/\/www.lassebacklund.fi\/?page_id=1501\">Stora bron<\/a> till v\u00e4nster syns det elkraftverk som byggdes d\u00e4r en s\u00e5gkvarn stod i tiderna. SLS:s foto.<\/figcaption><\/figure>\n<figure id=\"attachment_657\" aria-describedby=\"caption-attachment-657\" style=\"width: 1367px\" class=\"wp-caption aligncenter\"><img loading=\"lazy\" decoding=\"async\" class=\"size-full wp-image-657\" src=\"http:\/\/www.lassebacklund.fi\/wp-content\/uploads\/2016\/09\/3-9.jpg\" alt=\"H\u00e4r ett annat foto troligen fr\u00e5n samma tidpunkt d\u00e4r ocks\u00e5 grannen \u201dKork\u201d- Frans Eklunds g\u00e5rd syns mitt i bild.\" width=\"1367\" height=\"873\" srcset=\"https:\/\/www.lassebacklund.fi\/wp-content\/uploads\/2016\/09\/3-9.jpg 1367w, https:\/\/www.lassebacklund.fi\/wp-content\/uploads\/2016\/09\/3-9-300x192.jpg 300w, https:\/\/www.lassebacklund.fi\/wp-content\/uploads\/2016\/09\/3-9-768x490.jpg 768w, https:\/\/www.lassebacklund.fi\/wp-content\/uploads\/2016\/09\/3-9-1024x654.jpg 1024w\" sizes=\"auto, (max-width: 1367px) 100vw, 1367px\" \/><figcaption id=\"caption-attachment-657\" class=\"wp-caption-text\">H\u00e4r ett annat foto troligen fr\u00e5n samma tidpunkt d\u00e4r ocks\u00e5 grannen \u201dK\u00e5rk\u201d- Frans Eklunds g\u00e5rd syns mitt i bild.<\/figcaption><\/figure>\n<h3><strong>Hilma Westerback tar \u00f6ver<\/strong><\/h3>\n<p><strong>\u00c5r 1924<\/strong> avled Frans och g\u00e5rden och hemmanet V\u00e4sterback \u00f6vertogs av \u00e4nkan Hilma eftersom de hade uppgjort ett inb\u00f6rdes testamente. Hilma hade med andra ord r\u00e4tt att sitta i orubbat bo, s\u00e5 l\u00e4nge hon var ogift.<\/p>\n<p>Tillsammans med sin mor Hilma bodde dottern Beda kvar i den h\u00e4r g\u00e5rden fram till sin d\u00f6d. Ellen gifte sig \u00e5r 1941 med Ragnar Skogman fr\u00e5n Lappfj\u00e4rd (1916-1977) och de bodde en tid i den norra \u00e4ndan av g\u00e5rden men de flyttade \u00e5r 1945 till <a href=\"https:\/\/www.lassebacklund.fi\/?page_id=22801\">Stor\u00e5v\u00e4gen 20<\/a>, d\u00e4r de byggde en ny g\u00e5rd \u00e5t sig.<\/p>\n<h3><strong>Ellen och Beda tar \u00f6ver<\/strong><\/h3>\n<p><strong>\u00c5r 1945, den 3 januari<\/strong> \u00f6verl\u00e4t Hilma en fj\u00e4rdedel av hemmanet V\u00e4sterback 4:52 \u00e5t sin dotter Ellen och hennes man Ragnar Skogman och en annan fj\u00e4rdedel \u00e5t andra dottern Beda. I \u00f6verl\u00e5telsen ingick inga byggnader och Hilma tog \u00e5t sig livstids fri bostadsr\u00e4tt f\u00f6r sig sj\u00e4lv och f\u00f6r sv\u00e4gerskan Amanda, som bodde i lillstugan. Ellen och Beda skulle ocks\u00e5 ge livstids sytning \u00e5t Hilma. Hemmanet bestod d\u00e5 av markerna p\u00e5 Brobackan och ca 7 ha skog i Bj\u00f6rkmossen. Den h\u00e4r skogen i syd\u00f6stra B\u00f6rkmossen s\u00e5lde de i maj 1947 \u00e5t Selma Rajala, som kort d\u00e4refter s\u00e5lde skogen \u00e5t Vilhelm och Sanelma Jansson.<\/p>\n<p>Den h\u00e4r g\u00e5rden \u00e4r fortfarande i sl\u00e4kten Skogmans \u00e4go men har varit obebodd sedan 1988.<\/p>\n<figure id=\"attachment_660\" aria-describedby=\"caption-attachment-660\" style=\"width: 1337px\" class=\"wp-caption aligncenter\"><img loading=\"lazy\" decoding=\"async\" class=\"size-full wp-image-660\" src=\"http:\/\/www.lassebacklund.fi\/wp-content\/uploads\/2016\/09\/5-11.jpg\" alt=\"H\u00e4r p\u00e5 bilderna Ellen Westerback och Ragnar Skogman, n\u00e5gon g\u00e5ng p\u00e5 1930-talet. \" width=\"1337\" height=\"615\" srcset=\"https:\/\/www.lassebacklund.fi\/wp-content\/uploads\/2016\/09\/5-11.jpg 1337w, https:\/\/www.lassebacklund.fi\/wp-content\/uploads\/2016\/09\/5-11-300x138.jpg 300w, https:\/\/www.lassebacklund.fi\/wp-content\/uploads\/2016\/09\/5-11-768x353.jpg 768w, https:\/\/www.lassebacklund.fi\/wp-content\/uploads\/2016\/09\/5-11-1024x471.jpg 1024w\" sizes=\"auto, (max-width: 1337px) 100vw, 1337px\" \/><figcaption id=\"caption-attachment-660\" class=\"wp-caption-text\">Ellen Westerback och Ragnar Skogman, n\u00e5gon g\u00e5ng p\u00e5 1930-talet.<\/figcaption><\/figure>\n<figure id=\"attachment_661\" aria-describedby=\"caption-attachment-661\" style=\"width: 948px\" class=\"wp-caption alignnone\"><img loading=\"lazy\" decoding=\"async\" class=\"size-full wp-image-661\" src=\"http:\/\/www.lassebacklund.fi\/wp-content\/uploads\/2016\/09\/6-11.jpg\" alt=\"H\u00e4r Ragnar och Ellen med sonen Bo i vagnen, i b\u00f6rjan p\u00e5 40-talet. Till v\u00e4nster i bakgrunden Anderssons butik med den gamla magasinbyggnaden. \" width=\"948\" height=\"653\" srcset=\"https:\/\/www.lassebacklund.fi\/wp-content\/uploads\/2016\/09\/6-11.jpg 948w, https:\/\/www.lassebacklund.fi\/wp-content\/uploads\/2016\/09\/6-11-300x207.jpg 300w, https:\/\/www.lassebacklund.fi\/wp-content\/uploads\/2016\/09\/6-11-768x529.jpg 768w\" sizes=\"auto, (max-width: 948px) 100vw, 948px\" \/><figcaption id=\"caption-attachment-661\" class=\"wp-caption-text\">Ragnar och Ellen med sonen Bo i vagnen, i b\u00f6rjan p\u00e5 40-talet. Till v\u00e4nster i bakgrunden Erik Andersons butik med den gamla magasinbyggnaden.<\/figcaption><\/figure>\n<figure id=\"attachment_662\" aria-describedby=\"caption-attachment-662\" style=\"width: 917px\" class=\"wp-caption alignnone\"><img loading=\"lazy\" decoding=\"async\" class=\"size-full wp-image-662\" src=\"http:\/\/www.lassebacklund.fi\/wp-content\/uploads\/2016\/09\/7-10.jpg\" alt=\"Ellen Skogman med sonen Bo p\u00e5 Westerbacks innerg\u00e5rd, till h\u00f6ger syns h\u00f6rnet av lillstugan d\u00e4r Ellens faster Amanda bodde. I bakgrunden skymtar mejeriet. \" width=\"917\" height=\"629\" srcset=\"https:\/\/www.lassebacklund.fi\/wp-content\/uploads\/2016\/09\/7-10.jpg 917w, https:\/\/www.lassebacklund.fi\/wp-content\/uploads\/2016\/09\/7-10-300x206.jpg 300w, https:\/\/www.lassebacklund.fi\/wp-content\/uploads\/2016\/09\/7-10-768x527.jpg 768w\" sizes=\"auto, (max-width: 917px) 100vw, 917px\" \/><figcaption id=\"caption-attachment-662\" class=\"wp-caption-text\">Ellen Skogman med sonen Bo p\u00e5 Westerbacks innerg\u00e5rd, till h\u00f6ger syns h\u00f6rnet av lillstugan d\u00e4r Ellens faster Amanda bodde. I bakgrunden skymtar mejeriet.<\/figcaption><\/figure>\n<figure id=\"attachment_680\" aria-describedby=\"caption-attachment-680\" style=\"width: 627px\" class=\"wp-caption alignnone\"><img loading=\"lazy\" decoding=\"async\" class=\"size-full wp-image-680\" src=\"http:\/\/www.lassebacklund.fi\/wp-content\/uploads\/2016\/09\/Ragnar-Skogman-med-Vidbergs-g\u00e5rd-p\u00e5-andra-sidan.jpg\" alt=\"H\u00e4r Ragnar Skogman med Bo i vagnen. P\u00e5 andra sidan \u00e5n syns den g\u00e5rd som Erik Anders Broberg byggde i tiderna och d\u00e4r Glas-Kajs sedan bodde tillsammans med sin andra man Karl Henrik S\u00f6derstr\u00f6m. Sedan bodde d\u00e4r Runar och Ellen Vidberg och efter deras d\u00f6d bodde h\u00e4r flyktingar fr\u00e5n Karelen, bland annat familjen Malinen. En kort tid bodde ocks\u00e5 familjen Lauri Lehtim\u00e4ki h\u00e4r, f\u00f6re de flyttade till Palon.\" width=\"627\" height=\"955\" srcset=\"https:\/\/www.lassebacklund.fi\/wp-content\/uploads\/2016\/09\/Ragnar-Skogman-med-Vidbergs-g\u00e5rd-p\u00e5-andra-sidan.jpg 627w, https:\/\/www.lassebacklund.fi\/wp-content\/uploads\/2016\/09\/Ragnar-Skogman-med-Vidbergs-g\u00e5rd-p\u00e5-andra-sidan-197x300.jpg 197w\" sizes=\"auto, (max-width: 627px) 100vw, 627px\" \/><figcaption id=\"caption-attachment-680\" class=\"wp-caption-text\">Ragnar Skogman med sonen Bo i vagnen. P\u00e5 andra sidan \u00e5n syns den <a href=\"https:\/\/www.lassebacklund.fi\/?page_id=10912\">g\u00e5rd som Erik Anders Broberg byggde i tiderna<\/a> och d\u00e4r Glas Kajs sedan bodde tillsammans med sin andra man Karl Henrik S\u00f6derstr\u00f6m. Sedan bodde d\u00e4r Runar och Ellen Vidberg och efter deras d\u00f6d bodde h\u00e4r flyktingar fr\u00e5n Karelen, bland annat familjen Malinen. En kort tid bodde ocks\u00e5 familjen Lauri Lehtim\u00e4ki h\u00e4r, f\u00f6re de flyttade till Palon.<\/figcaption><\/figure>\n<figure id=\"attachment_663\" aria-describedby=\"caption-attachment-663\" style=\"width: 1127px\" class=\"wp-caption aligncenter\"><img loading=\"lazy\" decoding=\"async\" class=\"size-full wp-image-663\" src=\"http:\/\/www.lassebacklund.fi\/wp-content\/uploads\/2016\/09\/8-10.jpg\" alt=\"\u201d\u00c5dd\u201d Beda arbetade i yngre \u00e5r i Bor\u00e5s som s\u00f6mmerska vintertid men till sommaren kom hon till Dagsmark f\u00f6r att arbeta inom jordbruket. Sedan bodde hon tillsammans med sin mor Hilma i den stora g\u00e5rden fram till sin d\u00f6d 1985 och Hilma dog sedan \u00e5r 1988 och efter det har g\u00e5rden st\u00e5tt tom.\" width=\"1127\" height=\"879\" srcset=\"https:\/\/www.lassebacklund.fi\/wp-content\/uploads\/2016\/09\/8-10.jpg 1127w, https:\/\/www.lassebacklund.fi\/wp-content\/uploads\/2016\/09\/8-10-300x234.jpg 300w, https:\/\/www.lassebacklund.fi\/wp-content\/uploads\/2016\/09\/8-10-768x599.jpg 768w, https:\/\/www.lassebacklund.fi\/wp-content\/uploads\/2016\/09\/8-10-1024x799.jpg 1024w\" sizes=\"auto, (max-width: 1127px) 100vw, 1127px\" \/><figcaption id=\"caption-attachment-663\" class=\"wp-caption-text\">\u201d\u00c5dd\u201d Beda arbetade i yngre \u00e5r i Bor\u00e5s som s\u00f6mmerska vintertid men till sommaren kom hon till Dagsmark f\u00f6r att arbeta inom jordbruket. Sedan bodde hon tillsammans med sin mor Hilma i den stora g\u00e5rden fram till sin d\u00f6d 1985 och Hilma dog sedan \u00e5r 1988 och efter det har g\u00e5rden st\u00e5tt tom.<\/figcaption><\/figure>\n<figure id=\"attachment_675\" aria-describedby=\"caption-attachment-675\" style=\"width: 2816px\" class=\"wp-caption aligncenter\"><img loading=\"lazy\" decoding=\"async\" class=\"size-full wp-image-675\" src=\"http:\/\/www.lassebacklund.fi\/wp-content\/uploads\/2016\/09\/Westerbacks-g\u00e5rd-p\u00e5-\u00c5ddin-2.jpg\" alt=\"H\u00e4r g\u00e5rden fotograferad fr\u00e5n Storbron, allts\u00e5 fr\u00e5n norr.\" width=\"2816\" height=\"2112\" srcset=\"https:\/\/www.lassebacklund.fi\/wp-content\/uploads\/2016\/09\/Westerbacks-g\u00e5rd-p\u00e5-\u00c5ddin-2.jpg 2816w, https:\/\/www.lassebacklund.fi\/wp-content\/uploads\/2016\/09\/Westerbacks-g\u00e5rd-p\u00e5-\u00c5ddin-2-300x225.jpg 300w, https:\/\/www.lassebacklund.fi\/wp-content\/uploads\/2016\/09\/Westerbacks-g\u00e5rd-p\u00e5-\u00c5ddin-2-768x576.jpg 768w, https:\/\/www.lassebacklund.fi\/wp-content\/uploads\/2016\/09\/Westerbacks-g\u00e5rd-p\u00e5-\u00c5ddin-2-1024x768.jpg 1024w\" sizes=\"auto, (max-width: 2816px) 100vw, 2816px\" \/><figcaption id=\"caption-attachment-675\" class=\"wp-caption-text\">Westerbacks g\u00e5rd fotograferad fr\u00e5n Storbron, allts\u00e5 fr\u00e5n norr.<\/figcaption><\/figure>\n<figure id=\"attachment_664\" aria-describedby=\"caption-attachment-664\" style=\"width: 1389px\" class=\"wp-caption aligncenter\"><img loading=\"lazy\" decoding=\"async\" class=\"size-full wp-image-664\" src=\"http:\/\/www.lassebacklund.fi\/wp-content\/uploads\/2016\/09\/10-6.jpg\" alt=\"Westerbacks g\u00e5rd fotograferad fr\u00e5n nordost \u00e5r 2014. Nya Storbron syns i h\u00f6gra kanten.\" width=\"1389\" height=\"1042\" srcset=\"https:\/\/www.lassebacklund.fi\/wp-content\/uploads\/2016\/09\/10-6.jpg 1389w, https:\/\/www.lassebacklund.fi\/wp-content\/uploads\/2016\/09\/10-6-300x225.jpg 300w, https:\/\/www.lassebacklund.fi\/wp-content\/uploads\/2016\/09\/10-6-768x576.jpg 768w, https:\/\/www.lassebacklund.fi\/wp-content\/uploads\/2016\/09\/10-6-1024x768.jpg 1024w\" sizes=\"auto, (max-width: 1389px) 100vw, 1389px\" \/><figcaption id=\"caption-attachment-664\" class=\"wp-caption-text\">Westerbacks g\u00e5rd fotograferad fr\u00e5n nordost \u00e5r 2014. Nya Storbron syns i h\u00f6gra kanten.<\/figcaption><\/figure>\n<p>Ivar och Sofia bodde i lillstugan p\u00e5 g\u00e5rden \u00e4nda till d\u00f6d dag. Ivar var f\u00f6r \u00f6vrigt k\u00e4nd som trollkarl, som kunde reparera s\u00f6ndriga klockor och bota sjukdomar med enkla medel. Till exempel Kurt Rosengren fr\u00e5n A-sidon kan ber\u00e4tta hur han i sin ungdom p\u00e5 1930-talet fick en stor och besv\u00e4rande v\u00e5rta ovanp\u00e5 handen. Kurts far Artur f\u00f6reslog att Kurt skulle upps\u00f6ka Ivar f\u00f6r att f\u00e5 hj\u00e4lp. D\u00e5 Kurt kom dit satt Ivar p\u00e5 trappan och Kurt visade v\u00e5rtan och fr\u00e5gade om det g\u00e5r att bota. \u2013Jod\u00e5, svarade Ivar men det h\u00e4r kan du bota sj\u00e4lv. G\u00e5 ner p\u00e5 udden bakom smedjan och s\u00e5 r\u00e4knar du bakl\u00e4nges fr\u00e5n 20 till 1. Kurt tvivlade p\u00e5 den h\u00e4r enkla ordinationen men gjorde \u00e4nd\u00e5 som Ivar f\u00f6reslog. Och h\u00f6r och h\u00e4pna, inom 2 veckor var v\u00e5rtan f\u00f6rsvunnen!<\/p>\n<p>Det h\u00e4r \u00e4r bara ett exempel p\u00e5 Ivars f\u00f6rm\u00e5ga att bota sjukdomar men det kom folk l\u00e5ngv\u00e4ga ifr\u00e5n f\u00f6r att f\u00e5 hj\u00e4lp med olika kr\u00e4mpor.<\/p>\n<figure id=\"attachment_666\" aria-describedby=\"caption-attachment-666\" style=\"width: 1600px\" class=\"wp-caption aligncenter\"><img loading=\"lazy\" decoding=\"async\" class=\"size-full wp-image-666\" src=\"http:\/\/www.lassebacklund.fi\/wp-content\/uploads\/2016\/09\/12-6.jpg\" alt=\"G\u00e5rden fotograferad fr\u00e5n sydost 2003.\" width=\"1600\" height=\"1200\" srcset=\"https:\/\/www.lassebacklund.fi\/wp-content\/uploads\/2016\/09\/12-6.jpg 1600w, https:\/\/www.lassebacklund.fi\/wp-content\/uploads\/2016\/09\/12-6-300x225.jpg 300w, https:\/\/www.lassebacklund.fi\/wp-content\/uploads\/2016\/09\/12-6-768x576.jpg 768w, https:\/\/www.lassebacklund.fi\/wp-content\/uploads\/2016\/09\/12-6-1024x768.jpg 1024w\" sizes=\"auto, (max-width: 1600px) 100vw, 1600px\" \/><figcaption id=\"caption-attachment-666\" class=\"wp-caption-text\">G\u00e5rden fotograferad fr\u00e5n sydost 2003.<\/figcaption><\/figure>\n<figure id=\"attachment_671\" aria-describedby=\"caption-attachment-671\" style=\"width: 1543px\" class=\"wp-caption aligncenter\"><img loading=\"lazy\" decoding=\"async\" class=\"size-full wp-image-671\" src=\"http:\/\/www.lassebacklund.fi\/wp-content\/uploads\/2016\/09\/Westerback-ritningar-bottenplan.jpg\" alt=\"H\u00e4r p\u00e5 planritningen s\u00e5 ser vi att huset har 2 l\u00e4genheter med var sin ing\u00e5ng.\" width=\"1543\" height=\"1212\" srcset=\"https:\/\/www.lassebacklund.fi\/wp-content\/uploads\/2016\/09\/Westerback-ritningar-bottenplan.jpg 1543w, https:\/\/www.lassebacklund.fi\/wp-content\/uploads\/2016\/09\/Westerback-ritningar-bottenplan-300x236.jpg 300w, https:\/\/www.lassebacklund.fi\/wp-content\/uploads\/2016\/09\/Westerback-ritningar-bottenplan-768x603.jpg 768w, https:\/\/www.lassebacklund.fi\/wp-content\/uploads\/2016\/09\/Westerback-ritningar-bottenplan-1024x804.jpg 1024w\" sizes=\"auto, (max-width: 1543px) 100vw, 1543px\" \/><figcaption id=\"caption-attachment-671\" class=\"wp-caption-text\">H\u00e4r p\u00e5 planritningen s\u00e5 ser vi att huset har 2 l\u00e4genheter med var sin ing\u00e5ng.<\/figcaption><\/figure>\n<figure id=\"attachment_672\" aria-describedby=\"caption-attachment-672\" style=\"width: 2275px\" class=\"wp-caption aligncenter\"><img loading=\"lazy\" decoding=\"async\" class=\"size-full wp-image-672\" src=\"http:\/\/www.lassebacklund.fi\/wp-content\/uploads\/2016\/09\/Westerback-ritningar-fr\u00e5n-g\u00e5rdssidan-Kopia.jpg\" alt=\"Fasaden mot g\u00e5rden skulle se ut s\u00e5 h\u00e4r.\" width=\"2275\" height=\"1242\" srcset=\"https:\/\/www.lassebacklund.fi\/wp-content\/uploads\/2016\/09\/Westerback-ritningar-fr\u00e5n-g\u00e5rdssidan-Kopia.jpg 2275w, https:\/\/www.lassebacklund.fi\/wp-content\/uploads\/2016\/09\/Westerback-ritningar-fr\u00e5n-g\u00e5rdssidan-Kopia-300x164.jpg 300w, https:\/\/www.lassebacklund.fi\/wp-content\/uploads\/2016\/09\/Westerback-ritningar-fr\u00e5n-g\u00e5rdssidan-Kopia-768x419.jpg 768w, https:\/\/www.lassebacklund.fi\/wp-content\/uploads\/2016\/09\/Westerback-ritningar-fr\u00e5n-g\u00e5rdssidan-Kopia-1024x559.jpg 1024w\" sizes=\"auto, (max-width: 2275px) 100vw, 2275px\" \/><figcaption id=\"caption-attachment-672\" class=\"wp-caption-text\">Fasaden mot g\u00e5rden skulle se ut s\u00e5 h\u00e4r.<\/figcaption><\/figure>\n<figure id=\"attachment_670\" aria-describedby=\"caption-attachment-670\" style=\"width: 2265px\" class=\"wp-caption aligncenter\"><img loading=\"lazy\" decoding=\"async\" class=\"size-full wp-image-670\" src=\"http:\/\/www.lassebacklund.fi\/wp-content\/uploads\/2016\/09\/Westerback-ritning-fasad.jpg\" alt=\"Fasaden mot nordv\u00e4st.\" width=\"2265\" height=\"1232\" srcset=\"https:\/\/www.lassebacklund.fi\/wp-content\/uploads\/2016\/09\/Westerback-ritning-fasad.jpg 2265w, https:\/\/www.lassebacklund.fi\/wp-content\/uploads\/2016\/09\/Westerback-ritning-fasad-300x163.jpg 300w, https:\/\/www.lassebacklund.fi\/wp-content\/uploads\/2016\/09\/Westerback-ritning-fasad-768x418.jpg 768w, https:\/\/www.lassebacklund.fi\/wp-content\/uploads\/2016\/09\/Westerback-ritning-fasad-1024x557.jpg 1024w\" sizes=\"auto, (max-width: 2265px) 100vw, 2265px\" \/><figcaption id=\"caption-attachment-670\" class=\"wp-caption-text\">Fasaden mot nordv\u00e4st.<\/figcaption><\/figure>\n<figure id=\"attachment_674\" aria-describedby=\"caption-attachment-674\" style=\"width: 3117px\" class=\"wp-caption aligncenter\"><img loading=\"lazy\" decoding=\"async\" class=\"size-full wp-image-674\" src=\"http:\/\/www.lassebacklund.fi\/wp-content\/uploads\/2016\/09\/Westerback-ritningar-gavel-och-sk\u00e4rning.jpg\" alt=\"H\u00e4r st\u00e5r det att det var l\u00e4rarsonen Einar Wadstr\u00f6m som hade gjort ritningen \u00e5r 1921, \u00e5ret f\u00f6re g\u00e5rden byggdes.\" width=\"3117\" height=\"1347\" srcset=\"https:\/\/www.lassebacklund.fi\/wp-content\/uploads\/2016\/09\/Westerback-ritningar-gavel-och-sk\u00e4rning.jpg 3117w, https:\/\/www.lassebacklund.fi\/wp-content\/uploads\/2016\/09\/Westerback-ritningar-gavel-och-sk\u00e4rning-300x130.jpg 300w, https:\/\/www.lassebacklund.fi\/wp-content\/uploads\/2016\/09\/Westerback-ritningar-gavel-och-sk\u00e4rning-768x332.jpg 768w, https:\/\/www.lassebacklund.fi\/wp-content\/uploads\/2016\/09\/Westerback-ritningar-gavel-och-sk\u00e4rning-1024x443.jpg 1024w\" sizes=\"auto, (max-width: 3117px) 100vw, 3117px\" \/><figcaption id=\"caption-attachment-674\" class=\"wp-caption-text\">H\u00e4r st\u00e5r det att det var l\u00e4rarsonen Einar Wadstr\u00f6m som hade gjort ritningen \u00e5r 1921, \u00e5ret f\u00f6re g\u00e5rden byggdes.<\/figcaption><\/figure>\n<p>&nbsp;<\/p>\n","protected":false},"excerpt":{"rendered":"<p>Sammanst\u00e4llt av Lasse Backlund 2014, med hj\u00e4lp av Bernice och Bror Skogman. Inga-Lill Sandstr\u00f6m har bidragit med viktig information om sl\u00e4kten. G\u00e5rdens historia Den tidigare, gamla g\u00e5rden byggdes troligen av bonden Erik Eriksson L\u00e5ng (f. 1796) som var f\u00f6dd p\u00e5 <a class=\"more-link\" href=\"https:\/\/www.lassebacklund.fi\/?page_id=676\">Forts\u00e4tt l\u00e4sa <span class=\"screen-reader-text\">  Westerbacks g\u00e5rd p\u00e5 Dagsmarkv\u00e4gen 437<\/span><span class=\"meta-nav\">&rarr;<\/span><\/a><\/p>\n","protected":false},"author":1,"featured_media":0,"parent":61,"menu_order":435,"comment_status":"closed","ping_status":"closed","template":"","meta":{"footnotes":""},"class_list":["post-676","page","type-page","status-publish","hentry"],"_links":{"self":[{"href":"https:\/\/www.lassebacklund.fi\/index.php?rest_route=\/wp\/v2\/pages\/676","targetHints":{"allow":["GET"]}}],"collection":[{"href":"https:\/\/www.lassebacklund.fi\/index.php?rest_route=\/wp\/v2\/pages"}],"about":[{"href":"https:\/\/www.lassebacklund.fi\/index.php?rest_route=\/wp\/v2\/types\/page"}],"author":[{"embeddable":true,"href":"https:\/\/www.lassebacklund.fi\/index.php?rest_route=\/wp\/v2\/users\/1"}],"replies":[{"embeddable":true,"href":"https:\/\/www.lassebacklund.fi\/index.php?rest_route=%2Fwp%2Fv2%2Fcomments&post=676"}],"version-history":[{"count":28,"href":"https:\/\/www.lassebacklund.fi\/index.php?rest_route=\/wp\/v2\/pages\/676\/revisions"}],"predecessor-version":[{"id":25323,"href":"https:\/\/www.lassebacklund.fi\/index.php?rest_route=\/wp\/v2\/pages\/676\/revisions\/25323"}],"up":[{"embeddable":true,"href":"https:\/\/www.lassebacklund.fi\/index.php?rest_route=\/wp\/v2\/pages\/61"}],"wp:attachment":[{"href":"https:\/\/www.lassebacklund.fi\/index.php?rest_route=%2Fwp%2Fv2%2Fmedia&parent=676"}],"curies":[{"name":"wp","href":"https:\/\/api.w.org\/{rel}","templated":true}]}}