{"id":6643,"date":"2017-11-22T22:44:17","date_gmt":"2017-11-22T21:44:17","guid":{"rendered":"http:\/\/www.lassebacklund.fi\/?page_id=6643"},"modified":"2025-09-20T22:17:30","modified_gmt":"2025-09-20T19:17:30","slug":"vara-ledande-faltman-johannes-rosenback","status":"publish","type":"page","link":"https:\/\/www.lassebacklund.fi\/?page_id=6643","title":{"rendered":"Sebbins son Johannes Rosenback"},"content":{"rendered":"<p><span style=\"color: #000000;\">Johannes Rosenback f\u00f6ddes p\u00e5 Sebasbackan i Dagsmark \u00e5r 1875 som son till n\u00e4mndemannen och skolgrundaren Johan &#8221;Sebbin&#8221; Rosenback. Han utbildade sig till l\u00e4rare och fick tj\u00e4nst i M\u00f6rtmark svenska folkskola och fick sedan l\u00e4rartj\u00e4nst i Yttermark i N\u00e4rpes, dit han flyttade i oktober 1898. Han valdes \u00e5r 1904 till l\u00e4rare i den nyinr\u00e4ttade folkskolan i K\u00e5tn\u00e4s folkskola, f\u00f6re han blev f\u00f6rs\u00e4kringsman och bosatte sig i Kristinestad \u00e5r 1908.<\/span><\/p>\n<figure id=\"attachment_23133\" aria-describedby=\"caption-attachment-23133\" style=\"width: 2284px\" class=\"wp-caption alignnone\"><img loading=\"lazy\" decoding=\"async\" class=\"size-full wp-image-23133\" src=\"https:\/\/www.lassebacklund.fi\/wp-content\/uploads\/2024\/08\/Rosenback-Johannes-och-Tekla-Hasselblatt.jpg\" alt=\"\" width=\"2284\" height=\"1474\" srcset=\"https:\/\/www.lassebacklund.fi\/wp-content\/uploads\/2024\/08\/Rosenback-Johannes-och-Tekla-Hasselblatt.jpg 2284w, https:\/\/www.lassebacklund.fi\/wp-content\/uploads\/2024\/08\/Rosenback-Johannes-och-Tekla-Hasselblatt-300x194.jpg 300w, https:\/\/www.lassebacklund.fi\/wp-content\/uploads\/2024\/08\/Rosenback-Johannes-och-Tekla-Hasselblatt-1024x661.jpg 1024w, https:\/\/www.lassebacklund.fi\/wp-content\/uploads\/2024\/08\/Rosenback-Johannes-och-Tekla-Hasselblatt-768x496.jpg 768w, https:\/\/www.lassebacklund.fi\/wp-content\/uploads\/2024\/08\/Rosenback-Johannes-och-Tekla-Hasselblatt-1536x991.jpg 1536w, https:\/\/www.lassebacklund.fi\/wp-content\/uploads\/2024\/08\/Rosenback-Johannes-och-Tekla-Hasselblatt-2048x1322.jpg 2048w\" sizes=\"auto, (max-width: 2284px) 100vw, 2284px\" \/><figcaption id=\"caption-attachment-23133\" class=\"wp-caption-text\">Folkskoll\u00e4raren Johannes Rosenback gifte sig med Tekla Hasselblatt (f.1879) som var dotter till tidigare kopparslagaren i Kristinestad Henrik Wilhelm Hasselblatt. Fadern och hela familjen flyttade till N\u00e4rpes \u00e5r 1896, d\u00e4r han f\u00f6rs\u00f6rjde sig som handelsagent med lantbruksprodukter. Fotot utl\u00e5nat av deras barnbarn Ingrid Rosenback i USA.<\/figcaption><\/figure>\n<p><span style=\"color: #000000;\">Han var gift med Tekla Hasselblatt (1879-1956) som var dotter till kopparslagaren Henrik Wilhelm Hasselblatt (f.1853) och Kristina Sofia (f.Studd 1849-1915) fr\u00e5n Kristinestad. Tekla hade 3 yngre syskon. \u00c5r 1896 flyttade familjen Hasselblatt till N\u00e4rpes, d\u00e4r Henrik Wilhelm blev handelsagent med lantbruksprodukter.\u00a0 Efter att Johannes flyttade till N\u00e4rpes 1898 hj\u00e4lpte han sv\u00e4rfadern i dennes lantbrukshandel, \u00e5tminstone sommartid. Se en del annonser l\u00e4ngst ned i denna historik.<\/span><\/p>\n<p><span style=\"color: #000000;\">I mars 1910 k\u00f6pte Johannes g\u00e5rden nr 163 p\u00e5 adressen <a href=\"https:\/\/www.kristinestadshistoria.fi\/?page_id=26362\">Kyrkogatan 4<\/a> av vattenfabrik\u00f6ren August Remahl, som denne hade byggt \u00e5r 1900. I k\u00e4llaren hade August tillverkat l\u00e4skedrycker men d\u00e5 han blev \u00e4nkling 1908, s\u00e5 s\u00e5lde han och barnen g\u00e5rden \u00e5t Johannes Rosenback. H\u00e4r bodde Johannes och Tekla med 3 barn, alla f\u00f6dda p\u00e5 1900-talet.<\/span><\/p>\n<p><span style=\"color: #000000;\">\u00c5r 1916 s\u00e5lde Rosenback g\u00e5rden Kyrkogatan 4 \u00e5t Alexander Slotte och han flyttade d\u00e5 med sin familj till det nybyggda huset Kilpi p\u00e5 \u00d6stra sidan och d\u00e4r f\u00f6ddes deras fj\u00e4rde barn. I b\u00f6rjan av 1920-talet flyttade de till <a href=\"https:\/\/www.kristinestadshistoria.fi\/?page_id=20539\">V\u00e4stra L\u00e5nggatan 10<\/a> d\u00e4r de bodde en tid i Maja och Lars Knutsons g\u00e5rd p\u00e5 hyra. Sedan k\u00f6pte de en del av g\u00e5rden V\u00e4stra L\u00e5nggatan 18\/Parmansgatan 7 och d\u00e4r bodde de sedan s\u00e5 l\u00e4nge de levde.<\/span><\/p>\n<p><span style=\"color: #000000;\">Efter en l\u00e4ngre tids sjukdom dog Johannes Rosenback \u00e5r 1938 i en \u00e5lder av 62 \u00e5r men hustrun Tekla fortsatte att bo kvar p\u00e5 V\u00e4stra L\u00e5nggatan 18\/Parmansgatan 7 tills hon dog \u00e5r 1956.<\/span><\/p>\n<figure id=\"attachment_23138\" aria-describedby=\"caption-attachment-23138\" style=\"width: 1988px\" class=\"wp-caption alignnone\"><img loading=\"lazy\" decoding=\"async\" class=\"size-full wp-image-23138\" src=\"https:\/\/www.lassebacklund.fi\/wp-content\/uploads\/2024\/08\/Rosenback-Johannes-och-Tekla-med-sonen-Lars.jpg\" alt=\"\" width=\"1988\" height=\"1277\" srcset=\"https:\/\/www.lassebacklund.fi\/wp-content\/uploads\/2024\/08\/Rosenback-Johannes-och-Tekla-med-sonen-Lars.jpg 1988w, https:\/\/www.lassebacklund.fi\/wp-content\/uploads\/2024\/08\/Rosenback-Johannes-och-Tekla-med-sonen-Lars-300x193.jpg 300w, https:\/\/www.lassebacklund.fi\/wp-content\/uploads\/2024\/08\/Rosenback-Johannes-och-Tekla-med-sonen-Lars-1024x658.jpg 1024w, https:\/\/www.lassebacklund.fi\/wp-content\/uploads\/2024\/08\/Rosenback-Johannes-och-Tekla-med-sonen-Lars-768x493.jpg 768w, https:\/\/www.lassebacklund.fi\/wp-content\/uploads\/2024\/08\/Rosenback-Johannes-och-Tekla-med-sonen-Lars-1536x987.jpg 1536w\" sizes=\"auto, (max-width: 1988px) 100vw, 1988px\" \/><figcaption id=\"caption-attachment-23138\" class=\"wp-caption-text\">Rosenback Tekla och Johannes i sitt hem p\u00e5 Parmansgatan tillsammans med sonen Lars. Fotot fr\u00e5n \u00e5r 1934 \u00e4r utl\u00e5nat av Lars Rosenbacks dotter Ingrid fr\u00e5n USA.<\/figcaption><\/figure>\n<figure id=\"attachment_23139\" aria-describedby=\"caption-attachment-23139\" style=\"width: 2110px\" class=\"wp-caption alignnone\"><img loading=\"lazy\" decoding=\"async\" class=\"size-full wp-image-23139\" src=\"https:\/\/www.lassebacklund.fi\/wp-content\/uploads\/2024\/08\/Rosenback-Tekla-i-sitt-hem.jpg\" alt=\"\" width=\"2110\" height=\"1333\" srcset=\"https:\/\/www.lassebacklund.fi\/wp-content\/uploads\/2024\/08\/Rosenback-Tekla-i-sitt-hem.jpg 2110w, https:\/\/www.lassebacklund.fi\/wp-content\/uploads\/2024\/08\/Rosenback-Tekla-i-sitt-hem-300x190.jpg 300w, https:\/\/www.lassebacklund.fi\/wp-content\/uploads\/2024\/08\/Rosenback-Tekla-i-sitt-hem-1024x647.jpg 1024w, https:\/\/www.lassebacklund.fi\/wp-content\/uploads\/2024\/08\/Rosenback-Tekla-i-sitt-hem-768x485.jpg 768w, https:\/\/www.lassebacklund.fi\/wp-content\/uploads\/2024\/08\/Rosenback-Tekla-i-sitt-hem-1536x970.jpg 1536w, https:\/\/www.lassebacklund.fi\/wp-content\/uploads\/2024\/08\/Rosenback-Tekla-i-sitt-hem-2048x1294.jpg 2048w\" sizes=\"auto, (max-width: 2110px) 100vw, 2110px\" \/><figcaption id=\"caption-attachment-23139\" class=\"wp-caption-text\">Barmtr\u00e4dg\u00e5rdsl\u00e4rarinnan Tekla Rosenback i sitt hem vid Parmansgatan, mitt emot nya kyrkan. P\u00e5 v\u00e4ggen ovanf\u00f6r henne h\u00e4nger portr\u00e4ttet av hennes sv\u00e4rf\u00f6r\u00e4ldrar Johan &#8221;Sebbin&#8221; och Mathilda Rosenback. Fotot utl\u00e5nat av Teklas barnbarn Ingrid Rosenback fr\u00e5n USA.<\/figcaption><\/figure>\n<p>&nbsp;<\/p>\n<p><span style=\"color: #000000;\">Livf\u00f6rs\u00e4kringsbolaget Fennia gav i tiderna ut en tidskrift som hette \u201dFolkf\u00f6rs\u00e4kraren\u201d och i det nummer som utkom 1.12.1908 fanns en artikel om Johannes Rosenback:<\/span><\/p>\n<h4><strong>V\u00e5ra ledande f\u00e4ltm\u00e4n.<\/strong><\/h4>\n<h5><strong>Johannes Rosenback.<\/strong><\/h5>\n<p>&nbsp;<\/p>\n<p>Som vi i v\u00e5rt f\u00f6reg\u00e5ende nummer n\u00e4mnt, \u00e4r inspekt\u00f6r Rosenback en av Fennias st\u00f6ttepelare i Svenska \u00d6sterbotten.<\/p>\n<p>Rosenback \u00e4r f\u00f6dd i Lappfj\u00e4rd den 28 december 1875. Har efter genomg\u00e5ngen seminariekurs \u00e4gnat ett tiotal \u00e5r av sitt liv \u00e5t l\u00e4raryrket.<\/p>\n<p>Han \u00e4r mycket ansedd inom sin kommun, och anlitad i allm\u00e4nna \u00e4renden har han varit ordf\u00f6rande i Yttermarks ungdomsf\u00f6rening, sekreterare i N\u00e4rpes lantmannahandel, ordf\u00f6rande i Syd\u00f6sterbottens l\u00e4rarf\u00f6rening, viceordf\u00f6rande i kommunaln\u00e4mnden i N\u00e4rpes och s\u00e5 vidare.<\/p>\n<p>Trots att han var alldeles oerfaren som f\u00f6rs\u00e4kringsman vid Fennias startande har han fr\u00e5n sitt f\u00f6rsta framtr\u00e4dande visat sig vara en talangfull organisat\u00f6r och skicklig kundv\u00e4rvare. S\u00e4rskilt v\u00e4rd beundran \u00e4r det s\u00e4tt varp\u00e5 han sk\u00f6ter om sina f\u00f6rs\u00e4kringstagare, eftersom n\u00e4stan inga annulleringar kommer fr\u00e5n hans en g\u00e5ng er\u00f6vrade marker.<\/p>\n<p>Allt mer och mer intresserad av f\u00f6rs\u00e4kringsarbetet har han fr\u00e5n och med detta \u00e5rs ing\u00e5ng helt \u00e4gnat sig \u00e5t Fennias tj\u00e4nst. Han st\u00e5r nu som chef f\u00f6r ett vitt utgrenat agentn\u00e4t i Syd\u00f6sterbotten och \u00d6stra Nyland. Johannes Rosenback har i likhet med m\u00e5nga andra f\u00f6re honom visat att f\u00f6rs\u00e4kringsarbetet och uppfostringsarbetet st\u00e5r i n\u00e4ra samband med varandra.<\/p>\n<p>Herr Rosenbacks \u00f6ppna manliga v\u00e4sen, ideella syn p\u00e5 v\u00e4rlden samt fl\u00e4rdfria v\u00e4ns\u00e4llhet har gjort honom \u00e4rad och avh\u00e5llen av f\u00f6rm\u00e4n och kamrater.<\/p>\n<p><img loading=\"lazy\" decoding=\"async\" class=\"size-full wp-image-6642 alignnone\" src=\"http:\/\/www.lassebacklund.fi\/wp-content\/uploads\/2017\/11\/Johannes-Rosenbacks-foto.jpg\" alt=\"Johannes Rosenbacks foto\" width=\"442\" height=\"686\" srcset=\"https:\/\/www.lassebacklund.fi\/wp-content\/uploads\/2017\/11\/Johannes-Rosenbacks-foto.jpg 442w, https:\/\/www.lassebacklund.fi\/wp-content\/uploads\/2017\/11\/Johannes-Rosenbacks-foto-193x300.jpg 193w\" sizes=\"auto, (max-width: 442px) 100vw, 442px\" \/><\/p>\n<p><strong><span style=\"color: #000080;\">Artikel i Syd-\u00d6sterbotten 17.3.1926:<\/span><\/strong><\/p>\n<p><span style=\"margin: 0px; color: black; font-family: 'Helvetica','sans-serif';\">20-\u00e5rsjubileum kan i fredag den 19 dennes \u00f6verinspekt\u00f6ren i \u00d6msesidiga livf\u00f6rs\u00e4kringsbolaget Kaleva Johannes Rosenback i Kristinestad fira i egenskap av resande organisat\u00f6r och ledare i Svenska Finland av \u201df\u00e4ltarbetet&#8221;, f\u00f6rst i livbolaget Fennia och, sedan detta upph\u00f6rde, i Kaleva, landets \u00e4ldsta livf\u00f6rs\u00e4kringsbolag. Johannes Rosenback har \u00e5dagalagt en enast\u00e5ende framg\u00e5ng och uth\u00e5llighet i sin verksamhet. I Finlands svenska bygder torde han g\u00f6r n\u00e4rvarande. \u00e4ga st\u00f6rre personk\u00e4nnedom \u00e4n n\u00e5gon annan. Han \u00e4r \u00e4ven v\u00e4lk\u00e4nd \u00f6verallt f\u00f6r sitt glada och fryntliga v\u00e4sen och sin enast\u00e5ende f\u00f6rm\u00e5ga att fr\u00e5n sk\u00e4mt och glam leda maken familjef\u00f6rs\u00f6rjarens tankar till hur man genom en l\u00e4mpligt vald livassurans, vars premier s\u00e5 gott som alla med god vilja f\u00f6rm\u00e5 erl\u00e4gga, kan \u00e4ven efter sin d\u00f6d st\u00f6da och bist\u00e5 sina egna. Utan att g\u00f6ra oss skyldiga till \u00f6verdrift v\u00e5gar vi p\u00e5st\u00e5 att \u00e4nkor och faderl\u00f6sa kan r\u00e4knas i tusental, som haft sk\u00e4l att gl\u00e4djas \u00f6ver \u00f6verinspekt\u00f6r Rosenbacks arbete under de g\u00e5ngna 20 \u00e5ren. Vi lyck\u00f6nskar honom till fortsatt framg\u00e5ng.<\/span><\/p>\n<figure id=\"attachment_12814\" aria-describedby=\"caption-attachment-12814\" style=\"width: 827px\" class=\"wp-caption alignnone\"><img loading=\"lazy\" decoding=\"async\" class=\"size-full wp-image-12814\" src=\"http:\/\/www.lassebacklund.fi\/wp-content\/uploads\/2019\/06\/Rosenback-Johannes-annonser-1926.jpg\" alt=\"\" width=\"827\" height=\"1134\" srcset=\"https:\/\/www.lassebacklund.fi\/wp-content\/uploads\/2019\/06\/Rosenback-Johannes-annonser-1926.jpg 827w, https:\/\/www.lassebacklund.fi\/wp-content\/uploads\/2019\/06\/Rosenback-Johannes-annonser-1926-219x300.jpg 219w, https:\/\/www.lassebacklund.fi\/wp-content\/uploads\/2019\/06\/Rosenback-Johannes-annonser-1926-768x1053.jpg 768w, https:\/\/www.lassebacklund.fi\/wp-content\/uploads\/2019\/06\/Rosenback-Johannes-annonser-1926-747x1024.jpg 747w\" sizes=\"auto, (max-width: 827px) 100vw, 827px\" \/><figcaption id=\"caption-attachment-12814\" class=\"wp-caption-text\">Dessa tv\u00e5 annonser var ofta inf\u00f6rda i tidningen Syd-\u00d6sterbotten \u00e5r 1926.<\/figcaption><\/figure>\n<p><span style=\"margin: 0px; color: #000080; font-family: 'Helvetica','sans-serif';\">Artikel i Syd-\u00d6sterbotten 22.7.1936:<\/span><\/p>\n<h4><strong><span style=\"margin: 0px; font-family: 'Helvetica','sans-serif';\"><span style=\"color: #000000;\">Johannes Rosenback med och bildade S\u00f6dra \u00d6sterbottens s\u00e5ng- och musikf\u00f6rbund.<\/span><\/span><\/strong><\/h4>\n<p><span style=\"margin: 0px; font-family: 'Helvetica','sans-serif';\"><span style=\"color: #000000;\">En h\u00f6stdag \u00e5r 1925 satt p\u00e5 kallelse av rektor Heikfolk n\u00e5gra personer i ett av rummen p\u00e5 restaurant Fredriksberg och diskuterade fr\u00e5gan om s\u00e5ngverksamheten i s\u00f6dra \u00d6sterbotten. I \u00f6vriga delar av Svenskfinland hade man redan g\u00e5tt i f\u00f6rfattning om att bilda s\u00e5ng- och musikf\u00f6rbund, och \u00e4ven i v\u00e5r lands\u00e4nda emots\u00e5g man att n\u00e5got skulle g\u00f6ras f\u00f6r en konsolidering av tonernas ut\u00f6vare.<\/span><\/span><\/p>\n<p><span style=\"margin: 0px; font-family: 'Helvetica','sans-serif';\"><span style=\"color: #000000;\">Fr\u00e5gan inleddes av d\u00e5varande ordf\u00f6randen i Svenska \u00d6sterbottens ungdomsf\u00f6rbund Ernst Aug. Mitts. Flera av de n\u00e4rvarande hade nedsl\u00e5ende intryck fr\u00e5n ungdomsringarnas s\u00e5ngarst\u00e4mmor och st\u00e4llde sig skeptiska till tanken p\u00e5 ett eget s\u00e5ngf\u00f6rbund f\u00f6r Syd\u00f6sterbotten. Man hade intrycket att fr\u00e5gan var d\u00f6df\u00f6dd.<\/span><\/span><\/p>\n<p><span style=\"margin: 0px; font-family: 'Helvetica','sans-serif';\"><span style=\"color: #000000;\">Men d\u00e5 framst\u00e4llde en av de n\u00e4rvarande f\u00f6rslaget, att man till sommaren 1926 skulle utlysa en s\u00e5ngfest i Kristinestad och p\u00e5 basen d\u00e4rav f\u00f6rs\u00f6ka f\u00e5 till st\u00e5ng lokala s\u00e5ngk\u00f6rer. F\u00f6rslaget befanns vara anammansv\u00e4rt. Men f\u00f6r v\u00e4ckelsearbetet beh\u00f6vdes instrukt\u00f6rer och f\u00f6r anst\u00e4llande av dylika kr\u00e4vdes pengar. Fr\u00e5gan s\u00e5g ut att stranda, nu f\u00f6r andra g\u00e5ngen.<\/span><\/span><\/p>\n<p><span style=\"margin: 0px; font-family: 'Helvetica','sans-serif';\"><span style=\"color: #000000;\">Nu reste sig d\u00e5varande f\u00f6rs\u00e4kringsinspekt\u00f6ren Johannes Rosenback fr\u00e5n Kristinestad men f\u00f6dd i Dagsmark. Han gick fram till bordet och \u00f6verl\u00e4mnade 1\u00a0000 mark som grundpl\u00e5t f\u00f6r ett blivande s\u00e5ng- och musikf\u00f6rbund i s\u00f6dra \u00d6sterbotten.<\/span><\/span><\/p>\n<p><span style=\"margin: 0px; font-family: 'Helvetica','sans-serif';\"><span style=\"color: #000000;\">Hoppet var d\u00e4rmed st\u00e4rkt, och man skred omedelbart till verket. En interimsstyrelse tillsattes, budskapet om en s\u00e5ngfest s\u00e4ndes ut och utsedda instrukt\u00f6rer gav vinkar och r\u00e5d \u00e5t redan existerande k\u00f6rer, samtidigt som nya v\u00e4cktes till liv. Anslutning blev st\u00f6rre \u00e4n man ber\u00e4knat och n\u00e4r s\u00e5ng- och musikfesten gick av stapeln i Kristinestad den 31 juli \u2013 1 augusti 1926, betecknades prestationerna allm\u00e4nt som lyckade och l\u00f6ftesrika.<\/span><\/span><\/p>\n<p><span style=\"margin: 0px; font-family: 'Helvetica','sans-serif';\"><span style=\"color: #000000;\">I detta sammanhang skall vi inte dr\u00f6ja kvar vid den minnesrika festen, det blir vi kanske i tillf\u00e4lle att \u00e5terkomma till en annan g\u00e5ng. H\u00e4r vill vi bara betona att festen hade den verkan som initiativtagarna syftade p\u00e5. Mitt i festgl\u00e4djen sammantr\u00e4dde representanter fr\u00e5n str\u00e4ckan Sideby \u2013 Korsn\u00e4s i gamla kyrkan i Kristinestad och de besl\u00f6t enh\u00e4lligt att bilda S\u00f6dra \u00d6sterbottens s\u00e5ng- och musikf\u00f6rbund. Detta f\u00f6rbund har efter det haft hand om s\u00e5ngstr\u00e4vandena i lands\u00e4ndan och \u00e5rligen anordnat s\u00e5ngarst\u00e4mmor.<\/span><\/span><\/p>\n<p><em><span style=\"margin: 0px; font-family: 'Helvetica','sans-serif';\"><span style=\"color: #000000;\">(restaurant Fredriksberg fanns i tiderna p\u00e5 Kvarnbacken p\u00e5 \u00d6stra sidan. Innehavare var fr\u00f6ken Amanda Stenberg men \u00e5r 1941 k\u00f6pte Alvar Utter restaurangen och g\u00e5rden. G\u00e5rden \u00e4r fortfarande i sl\u00e4kten Utters \u00e4go och har under en l\u00e5ng endast anv\u00e4nts som privat bostad)<\/span><\/span><\/em><\/p>\n<p><span style=\"margin: 0px; font-family: 'Helvetica','sans-serif';\"><span style=\"color: #000000;\">\u00a0<\/span><\/span><span style=\"margin: 0px; color: #000080; font-family: 'Helvetica','sans-serif';\">Nekrolog i Syd-\u00d6sterbotten 9.6.1938:<\/span><\/p>\n<h4><strong><span style=\"margin: 0px; font-family: 'Helvetica','sans-serif';\"><span style=\"color: #000000;\">Johannes Rosenback d\u00f6d.<\/span><\/span><\/strong><\/h4>\n<p><span style=\"margin: 0px; font-family: 'Helvetica','sans-serif';\"><span style=\"color: #000000;\">I g\u00e5r avled i sitt hem i Kristinestad f.d. \u00f6verinspekt\u00f6ren Johannes Rosenback efter en l\u00e5ng och sv\u00e5r sjukdom.<\/span><\/span><\/p>\n<p><span style=\"margin: 0px; font-family: 'Helvetica','sans-serif';\"><span style=\"color: #000000;\">Den avlidne var f\u00f6dd i Dagsmark den 28 december 1875 och var s\u00e5ledes 62 \u00e5r gammal vid sitt fr\u00e5nf\u00e4lle. Han dimitterades fr\u00e5n Nykarleby seminarium 1897 och verkade h\u00e4refter som l\u00e4rare vid M\u00f6rtmark folkskola i Lappfj\u00e4rd och vid \u00d6ster-Yttermark s\u00f6dra och K\u00e5tn\u00e4s folkskolor i N\u00e4rpes. \u00c5r 1908 l\u00e4mnade han sin l\u00e4rarbana och \u00e4gnade sig sedan \u00e5t f\u00f6rs\u00e4kringsverksamhet. <\/span><\/span><\/p>\n<p><span style=\"margin: 0px; font-family: 'Helvetica','sans-serif';\"><span style=\"color: #000000;\">Han var en synnerligen framg\u00e5ngsrik f\u00f6rs\u00e4kringsman och avancerade till \u00f6verinspekt\u00f6r f\u00f6r \u00d6sterbotten inom bolaget Kaleva. P\u00e5 denna post var han verksam \u00e4nda till f\u00f6r ett tiotal \u00e5r sedan, d\u00e5 han av h\u00e4lsosk\u00e4l m\u00e5ste dra sig tillbaka. Vid sidan av f\u00f6rs\u00e4kringsarbetet drev han tidtals \u00e4ven agenturr\u00f6relse av olika slag.<\/span><\/span><\/p>\n<p><span style=\"margin: 0px; font-family: 'Helvetica','sans-serif';\"><span style=\"color: #000000;\">I sin h\u00e4lsas dagar var Johannes Rosenback en charmerande s\u00e4llskapsm\u00e4nniska, beg\u00e5vad med sinne f\u00f6r humor och en icke obetydlig poetisk \u00e5dra. Han hade ocks\u00e5 vida kulturella intressen. Endast ett f\u00e5tal torde k\u00e4nna till att S\u00f6dra \u00d6sterbottens s\u00e5ng- och musikf\u00f6rbund i h\u00f6g grad har att tacka Johannes Rosenback f\u00f6r sin tillkomst. H\u00f6sten 1925 samlades n\u00e5gra av saken intresserade personer i Kristinestad f\u00f6r att diskutera m\u00f6jligheten att bilda ett s\u00e5ng- och musikf\u00f6rbund. Man fann dock sv\u00e5righeterna s\u00e5 stora, att alla utom en ans\u00e5g att f\u00f6retaget var hoppl\u00f6st.<\/span><\/span><\/p>\n<p><span style=\"margin: 0px; font-family: 'Helvetica','sans-serif';\"><span style=\"color: #000000;\">Den enda optimisten i s\u00e4llskapet var Johannes Rosenback, som donerade 1\u00a0000 mark f\u00f6r att verksamheten skulle kunna s\u00e4ttas i g\u00e5ng. Man skred s\u00e5 till verket och det f\u00f6rsta ut\u00e5t synliga resultatet var den stora och synnerligen lyckade s\u00e5ngfesten i Kristinestad \u00e5r 1926. Vid denna s\u00e5ngfest bildades sedan S\u00f6dra \u00d6sterbottens s\u00e5ng- och musikf\u00f6rbund.<\/span><\/span><\/p>\n<p><span style=\"margin: 0px; font-family: 'Helvetica','sans-serif';\"><span style=\"color: #000000;\">N\u00e4rmast s\u00f6rjes Johannes av maka och vuxna barn, samt tv\u00e5 systrar. Jordf\u00e4stningen f\u00f6rsigg\u00e5r p\u00e5 Nya begravningsplatsen i Kristinestad.<\/span><\/span><\/p>\n<p><img loading=\"lazy\" decoding=\"async\" class=\"alignnone size-full wp-image-12243\" src=\"http:\/\/www.lassebacklund.fi\/wp-content\/uploads\/2019\/04\/Rosenback-Johannes.jpg\" alt=\"\" width=\"749\" height=\"501\" srcset=\"https:\/\/www.lassebacklund.fi\/wp-content\/uploads\/2019\/04\/Rosenback-Johannes.jpg 749w, https:\/\/www.lassebacklund.fi\/wp-content\/uploads\/2019\/04\/Rosenback-Johannes-300x201.jpg 300w\" sizes=\"auto, (max-width: 749px) 100vw, 749px\" \/><\/p>\n<p><img loading=\"lazy\" decoding=\"async\" class=\"alignnone size-full wp-image-24637\" src=\"https:\/\/www.lassebacklund.fi\/wp-content\/uploads\/2025\/09\/19560329-Tekla-Rosenbacks-dodsannons.jpg\" alt=\"\" width=\"1358\" height=\"679\" srcset=\"https:\/\/www.lassebacklund.fi\/wp-content\/uploads\/2025\/09\/19560329-Tekla-Rosenbacks-dodsannons.jpg 1358w, https:\/\/www.lassebacklund.fi\/wp-content\/uploads\/2025\/09\/19560329-Tekla-Rosenbacks-dodsannons-300x150.jpg 300w, https:\/\/www.lassebacklund.fi\/wp-content\/uploads\/2025\/09\/19560329-Tekla-Rosenbacks-dodsannons-1024x512.jpg 1024w, https:\/\/www.lassebacklund.fi\/wp-content\/uploads\/2025\/09\/19560329-Tekla-Rosenbacks-dodsannons-768x384.jpg 768w\" sizes=\"auto, (max-width: 1358px) 100vw, 1358px\" \/><\/p>\n<p><span style=\"color: #000080;\"><strong>Nekrolog i Hufvudstadsbladet 11 juni 1938:<\/strong><\/span><\/p>\n<p>Den 8 juni avled i Kristinestad f\u00f6re detta \u00f6verinspekt\u00f6ren Johannes Rosenback. \u00d6verinspekt\u00f6r Rosenback f\u00f6ddes i Lappfj\u00e4rd 1875. Efter att ha genomg\u00e5tt Nykarleby seminarium, utdimitterades han d\u00e4rifr\u00e5n 1897 och vann samma \u00e5r anst\u00e4llning vid M\u00f6rtmark h\u00f6gre folkskola. Sitt egentliga pedagogiska v\u00e4rv utf\u00f6rde herr Rosenback vid Granlid folkskola i Yttermark \u00e5ren 1898\u20141904 samt vid B\u00e4ckby-K\u00e5tn\u00e4s folkskola \u00e5ren 1904\u20141908. Intresserad av livf\u00f6rs\u00e4kringsarbetet \u00f6vergav inspekt\u00f6r Rosenback sin pedagogiska verksamhet och anst\u00e4lldes 1906 som inspekt\u00f6r f\u00f6r livf\u00f6rs\u00e4kringsbolaget Fennia. 1914 utn\u00e4mndes han till \u00f6verinspekt\u00f6r vid f\u00f6rs\u00e4kringsbolaget Kaleva och kvarstod i denna tj\u00e4nst till den 1 september 1927, d\u00e5 han p\u00e5 grund av sjuklighet anh\u00f6ll om befrielse fr\u00e5n sin befattning.<\/p>\n<p>Varmt intresserad av kommunala v\u00e4rv har herr Rosenback under den tid han \u00e4nnu var i besittning av sin h\u00e4lsa haft m\u00e5nga f\u00f6rtroendeuppdrag i Kristinestad, bland annat som medlem av stadsfullm\u00e4ktige, sparbanksdirektionen och folkskoledirektionen.<\/p>\n<p>De b\u00e4sta av sina krafter har herr Rosenback dels som pedagog, dels som f\u00f6rs\u00e4kringsman anv\u00e4nt f\u00f6r det svenska folkets f\u00f6rkovran i hemlandskapet \u00d6sterbotten, och har han h\u00e4r blivit uppskattad f\u00f6r sitt anspr\u00e5ksl\u00f6sa och hj\u00e4rtegoda v\u00e4sen som p\u00e5 ett s\u00e4llsynt lyckligt s\u00e4tt f\u00f6renats med svensk-\u00f6sterbottnisk f\u00f6retagsamhet och initiativrikedom.<\/p>\n<p>\u00d6verinspekt\u00f6r Rosenback s\u00f6rjs n\u00e4rmast av maka, f\u00f6dd Hasselblatt, och barn.<\/p>\n<figure id=\"attachment_23134\" aria-describedby=\"caption-attachment-23134\" style=\"width: 833px\" class=\"wp-caption alignnone\"><img loading=\"lazy\" decoding=\"async\" class=\"size-full wp-image-23134\" src=\"https:\/\/www.lassebacklund.fi\/wp-content\/uploads\/2024\/08\/Rosenback-Johannes-pa-aldre-dagar.jpg\" alt=\"\" width=\"833\" height=\"1207\" srcset=\"https:\/\/www.lassebacklund.fi\/wp-content\/uploads\/2024\/08\/Rosenback-Johannes-pa-aldre-dagar.jpg 833w, https:\/\/www.lassebacklund.fi\/wp-content\/uploads\/2024\/08\/Rosenback-Johannes-pa-aldre-dagar-207x300.jpg 207w, https:\/\/www.lassebacklund.fi\/wp-content\/uploads\/2024\/08\/Rosenback-Johannes-pa-aldre-dagar-707x1024.jpg 707w, https:\/\/www.lassebacklund.fi\/wp-content\/uploads\/2024\/08\/Rosenback-Johannes-pa-aldre-dagar-768x1113.jpg 768w\" sizes=\"auto, (max-width: 833px) 100vw, 833px\" \/><figcaption id=\"caption-attachment-23134\" class=\"wp-caption-text\">Johannes Rosenback f\u00f6ddes i Dagsmark 28 februari 1875 och han dog i Kristinestad \u00e5r 1938. Fotot utl\u00e5nat av hans barnbarn Ingrid Rosenback fr\u00e5n USA.<\/figcaption><\/figure>\n<p>&nbsp;<\/p>\n<p><img loading=\"lazy\" decoding=\"async\" class=\"alignnone size-full wp-image-23086\" src=\"https:\/\/www.lassebacklund.fi\/wp-content\/uploads\/2024\/08\/1906-Annonser-Johannes-Rosenback.jpg\" alt=\"\" width=\"1654\" height=\"1093\" srcset=\"https:\/\/www.lassebacklund.fi\/wp-content\/uploads\/2024\/08\/1906-Annonser-Johannes-Rosenback.jpg 1654w, https:\/\/www.lassebacklund.fi\/wp-content\/uploads\/2024\/08\/1906-Annonser-Johannes-Rosenback-300x198.jpg 300w, https:\/\/www.lassebacklund.fi\/wp-content\/uploads\/2024\/08\/1906-Annonser-Johannes-Rosenback-1024x677.jpg 1024w, https:\/\/www.lassebacklund.fi\/wp-content\/uploads\/2024\/08\/1906-Annonser-Johannes-Rosenback-768x508.jpg 768w, https:\/\/www.lassebacklund.fi\/wp-content\/uploads\/2024\/08\/1906-Annonser-Johannes-Rosenback-1536x1015.jpg 1536w\" sizes=\"auto, (max-width: 1654px) 100vw, 1654px\" \/> <img loading=\"lazy\" decoding=\"async\" class=\"alignnone size-full wp-image-23088\" src=\"https:\/\/www.lassebacklund.fi\/wp-content\/uploads\/2024\/08\/1908-Annonser-Rosenback-Hasselblatt.jpg\" alt=\"\" width=\"1181\" height=\"1222\" srcset=\"https:\/\/www.lassebacklund.fi\/wp-content\/uploads\/2024\/08\/1908-Annonser-Rosenback-Hasselblatt.jpg 1181w, https:\/\/www.lassebacklund.fi\/wp-content\/uploads\/2024\/08\/1908-Annonser-Rosenback-Hasselblatt-290x300.jpg 290w, https:\/\/www.lassebacklund.fi\/wp-content\/uploads\/2024\/08\/1908-Annonser-Rosenback-Hasselblatt-990x1024.jpg 990w, https:\/\/www.lassebacklund.fi\/wp-content\/uploads\/2024\/08\/1908-Annonser-Rosenback-Hasselblatt-768x795.jpg 768w\" sizes=\"auto, (max-width: 1181px) 100vw, 1181px\" \/> <img loading=\"lazy\" decoding=\"async\" class=\"alignnone size-full wp-image-23087\" src=\"https:\/\/www.lassebacklund.fi\/wp-content\/uploads\/2024\/08\/1907-Annonser-Johannes-Rosenback.jpg\" alt=\"\" width=\"1535\" height=\"809\" srcset=\"https:\/\/www.lassebacklund.fi\/wp-content\/uploads\/2024\/08\/1907-Annonser-Johannes-Rosenback.jpg 1535w, https:\/\/www.lassebacklund.fi\/wp-content\/uploads\/2024\/08\/1907-Annonser-Johannes-Rosenback-300x158.jpg 300w, https:\/\/www.lassebacklund.fi\/wp-content\/uploads\/2024\/08\/1907-Annonser-Johannes-Rosenback-1024x540.jpg 1024w, https:\/\/www.lassebacklund.fi\/wp-content\/uploads\/2024\/08\/1907-Annonser-Johannes-Rosenback-768x405.jpg 768w\" sizes=\"auto, (max-width: 1535px) 100vw, 1535px\" \/> <img loading=\"lazy\" decoding=\"async\" class=\"alignnone size-full wp-image-23089\" src=\"https:\/\/www.lassebacklund.fi\/wp-content\/uploads\/2024\/08\/1908.1909-annonser-Rosenback.jpg\" alt=\"\" width=\"1240\" height=\"1045\" srcset=\"https:\/\/www.lassebacklund.fi\/wp-content\/uploads\/2024\/08\/1908.1909-annonser-Rosenback.jpg 1240w, https:\/\/www.lassebacklund.fi\/wp-content\/uploads\/2024\/08\/1908.1909-annonser-Rosenback-300x253.jpg 300w, https:\/\/www.lassebacklund.fi\/wp-content\/uploads\/2024\/08\/1908.1909-annonser-Rosenback-1024x863.jpg 1024w, https:\/\/www.lassebacklund.fi\/wp-content\/uploads\/2024\/08\/1908.1909-annonser-Rosenback-768x647.jpg 768w\" sizes=\"auto, (max-width: 1240px) 100vw, 1240px\" \/><\/p>\n","protected":false},"excerpt":{"rendered":"<p>Johannes Rosenback f\u00f6ddes p\u00e5 Sebasbackan i Dagsmark \u00e5r 1875 som son till n\u00e4mndemannen och skolgrundaren Johan &#8221;Sebbin&#8221; Rosenback. Han utbildade sig till l\u00e4rare och fick tj\u00e4nst i M\u00f6rtmark svenska folkskola och fick sedan l\u00e4rartj\u00e4nst i Yttermark i N\u00e4rpes, dit han <a class=\"more-link\" href=\"https:\/\/www.lassebacklund.fi\/?page_id=6643\">Forts\u00e4tt l\u00e4sa <span class=\"screen-reader-text\">  Sebbins son Johannes Rosenback<\/span><span class=\"meta-nav\">&rarr;<\/span><\/a><\/p>\n","protected":false},"author":1,"featured_media":0,"parent":763,"menu_order":0,"comment_status":"closed","ping_status":"closed","template":"","meta":{"footnotes":""},"class_list":["post-6643","page","type-page","status-publish","hentry"],"_links":{"self":[{"href":"https:\/\/www.lassebacklund.fi\/index.php?rest_route=\/wp\/v2\/pages\/6643","targetHints":{"allow":["GET"]}}],"collection":[{"href":"https:\/\/www.lassebacklund.fi\/index.php?rest_route=\/wp\/v2\/pages"}],"about":[{"href":"https:\/\/www.lassebacklund.fi\/index.php?rest_route=\/wp\/v2\/types\/page"}],"author":[{"embeddable":true,"href":"https:\/\/www.lassebacklund.fi\/index.php?rest_route=\/wp\/v2\/users\/1"}],"replies":[{"embeddable":true,"href":"https:\/\/www.lassebacklund.fi\/index.php?rest_route=%2Fwp%2Fv2%2Fcomments&post=6643"}],"version-history":[{"count":27,"href":"https:\/\/www.lassebacklund.fi\/index.php?rest_route=\/wp\/v2\/pages\/6643\/revisions"}],"predecessor-version":[{"id":24638,"href":"https:\/\/www.lassebacklund.fi\/index.php?rest_route=\/wp\/v2\/pages\/6643\/revisions\/24638"}],"up":[{"embeddable":true,"href":"https:\/\/www.lassebacklund.fi\/index.php?rest_route=\/wp\/v2\/pages\/763"}],"wp:attachment":[{"href":"https:\/\/www.lassebacklund.fi\/index.php?rest_route=%2Fwp%2Fv2%2Fmedia&parent=6643"}],"curies":[{"name":"wp","href":"https:\/\/api.w.org\/{rel}","templated":true}]}}