{"id":6374,"date":"2017-10-28T21:34:29","date_gmt":"2017-10-28T19:34:29","guid":{"rendered":"http:\/\/www.lassebacklund.fi\/?page_id=6374"},"modified":"2019-07-20T11:24:45","modified_gmt":"2019-07-20T08:24:45","slug":"nekrologer-efter-josef-lillkulls-dodsfall","status":"publish","type":"page","link":"https:\/\/www.lassebacklund.fi\/?page_id=6374","title":{"rendered":"Nekrologer efter Josef Lillkulls d\u00f6dsfall."},"content":{"rendered":"<p><span style=\"color: #000080;\">Nekrolog efter Josef Lillkulls d\u00f6d i Syd-\u00d6sterbotten 6.6.1917:<\/span><\/p>\n<p>Den 30 maj avled i Dagsmark bonden Josef Lillkull i en \u00e5lder 66 \u00e5r. Den avlidne var en bem\u00e4rkt och aktad allmogeman, som, utom, att han i yngre \u00e4r ofta var anlitad i kommunala v\u00e4rv, tillhandagick allm\u00e4nheten med varjehanda f\u00f6rr\u00e4ttningar s\u00e5som bouppteckningar arvskiften och dylikt. D\u00e5 ortens folkskola, som inr\u00e4ttades 1878, b\u00f6rjade sin banbrytande verksamhet, var Josef Lillkull, vilken var en ivrig f\u00f6rk\u00e4mpe f\u00f6r skolans tillkomst, under en l\u00e5ng f\u00f6ljd av \u00e5r, ordf\u00f6rande i skolans direktion och tillkom det honom att med t\u00e5lamod och ih\u00e4rdighet, f\u00f6rsvara skolan, vars verksamhet under de f\u00f6rsta \u00e5ren ingalunda var allm\u00e4nt erk\u00e4nt. Den avlidne, som var varmt religi\u00f6s samt en framstegs- och bildningsv\u00e4n som f\u00e5, s\u00f6rjes n\u00e4rmast, av maka tre barn. Frid \u00f6ver den redlige och v\u00e4ns\u00e4lle odalmannens minne!<\/p>\n<p><span style=\"color: #000080;\">Nekrolog efter Josef Lillkulls d\u00f6d i S\u00e4ndebudet 1.9.2017:<\/span><\/p>\n<p>Den 30 maj detta \u00e4r afled i Dagsmark by i Lappfj\u00e4rd bonden Josef Lillkull i en \u00e5lder af 66 \u00e5r. Den aflidne var en m\u00e4rkesman p\u00e5 orten. I yngre \u00e5r var han ofta anlitad i kommunala v\u00e4rv. Men oaktadt tr\u00e4gna jordiska syssels\u00e4ttningar, var han st\u00e4dse angel\u00e4gen om det enda n\u00f6dv\u00e4ndiga, sin sj\u00e4ls fr\u00e4lsning. Redan i unga \u00e4r k\u00e4nde han sig dragen till Herren. Lutherska evangelif\u00f6reningens verksamhet var d\u00e4rf\u00f6r honom mycket k\u00e4rvorden. D\u00e5 n\u00e4mnda f\u00f6renings predikanter och kolport\u00f6rer under en l\u00e5ng f\u00f6ljd av \u00e5r bes\u00f6kte orten, kunde de alltid p\u00e5r\u00e4kna v\u00e4nlighet och g\u00e4stfrihet hos den aflidne,som s\u00e5 mycket hellre kunde visa denna k\u00e4rlekstj\u00e4nst, som han d\u00e4rvid hade st\u00f6d af en god och troende maka.<\/p>\n<p>Sommartid, d\u00e5 filialfesterna firades i bygderna f\u00f6rsummade icke Lillkull att bes\u00f6ka dylika tillf\u00e4llen \u00e4fven utom hemsocknen. Han hade ett lefvande behov av att h\u00f6ra det ord, som visst \u00e4r och l\u00e4ra kan.<\/p>\n<p>Tanken att i Dagsmark uppf\u00f6ra ett b\u00f6nehus hade i den aflidne en ih\u00e4rdig f\u00f6rk\u00e4mpe och hade han \u00e4fven gl\u00e4djen att se denna \u00f6nskan uppfylld, d\u00e5 b\u00f6nehuset p\u00e5 orten f\u00f6r tv\u00e5 \u00e5r sedan invigdes till sin best\u00e4mmelse, och var Lillkull till ing\u00e5ngen af detta \u00e5r ordf\u00f6rande i b\u00f6nehusets lokalstyrelse.<\/p>\n<p>Under de tv\u00e5 senare \u00e5ren led Lillkull af oh\u00e4lsa och detta var f\u00f6r honom en erinring om, att hans jordiska lif snart skulle lykta, och s\u00e5som en tr\u00f6tt pilgrim \u00e5stundade han \u00e4fven att f\u00e5 skiljas h\u00e4dan. Till den himmelske Fadren v\u00e4djade han under sitt lif i s\u00e5 v\u00e4l motg\u00e5ng som medg\u00e5ng. I f\u00f6rvissning om blodsn\u00e5dens renande kraft fr\u00e5n synder och orenhet var d\u00f6den f\u00f6r honom en vinning. Full och rik \u00e4r n\u00e5del\u00f6nen vid Guds och Lammets tron. Vile han i frid till glad uppst\u00e5ndelsemorgon!<\/p>\n<figure id=\"attachment_13292\" aria-describedby=\"caption-attachment-13292\" style=\"width: 847px\" class=\"wp-caption alignnone\"><img loading=\"lazy\" decoding=\"async\" class=\"size-full wp-image-13292\" src=\"http:\/\/www.lassebacklund.fi\/wp-content\/uploads\/2019\/07\/Josef-Lillkulls-gravkors-p\u00e5-\u00c5s\u00e4ndan.jpg\" alt=\"\" width=\"847\" height=\"1130\" srcset=\"https:\/\/www.lassebacklund.fi\/wp-content\/uploads\/2019\/07\/Josef-Lillkulls-gravkors-p\u00e5-\u00c5s\u00e4ndan.jpg 847w, https:\/\/www.lassebacklund.fi\/wp-content\/uploads\/2019\/07\/Josef-Lillkulls-gravkors-p\u00e5-\u00c5s\u00e4ndan-225x300.jpg 225w, https:\/\/www.lassebacklund.fi\/wp-content\/uploads\/2019\/07\/Josef-Lillkulls-gravkors-p\u00e5-\u00c5s\u00e4ndan-768x1024.jpg 768w\" sizes=\"auto, (max-width: 847px) 100vw, 847px\" \/><figcaption id=\"caption-attachment-13292\" class=\"wp-caption-text\">&#8221;Pelas-Josip&#8221;, allts\u00e5 Josef Lillkull var son till Matts Bj\u00f6rses fr\u00e5n Lappfj\u00e4rd. Matts kom till Dagsmark som m\u00e5g d\u00e5 han gifte sig med Anna Lena Lillkull och tog \u00f6ver en stor g\u00e5rd och ett stort hemman efter Anna Lenas bror Erik Henrik, som flyttade till Perus.<\/figcaption><\/figure>\n","protected":false},"excerpt":{"rendered":"<p>Nekrolog efter Josef Lillkulls d\u00f6d i Syd-\u00d6sterbotten 6.6.1917: Den 30 maj avled i Dagsmark bonden Josef Lillkull i en \u00e5lder 66 \u00e5r. Den avlidne var en bem\u00e4rkt och aktad allmogeman, som, utom, att han i yngre \u00e4r ofta var anlitad <a class=\"more-link\" href=\"https:\/\/www.lassebacklund.fi\/?page_id=6374\">Forts\u00e4tt l\u00e4sa <span class=\"screen-reader-text\">  Nekrologer efter Josef Lillkulls d\u00f6dsfall.<\/span><span class=\"meta-nav\">&rarr;<\/span><\/a><\/p>\n","protected":false},"author":1,"featured_media":0,"parent":2266,"menu_order":0,"comment_status":"closed","ping_status":"closed","template":"","meta":{"footnotes":""},"class_list":["post-6374","page","type-page","status-publish","hentry"],"_links":{"self":[{"href":"https:\/\/www.lassebacklund.fi\/index.php?rest_route=\/wp\/v2\/pages\/6374","targetHints":{"allow":["GET"]}}],"collection":[{"href":"https:\/\/www.lassebacklund.fi\/index.php?rest_route=\/wp\/v2\/pages"}],"about":[{"href":"https:\/\/www.lassebacklund.fi\/index.php?rest_route=\/wp\/v2\/types\/page"}],"author":[{"embeddable":true,"href":"https:\/\/www.lassebacklund.fi\/index.php?rest_route=\/wp\/v2\/users\/1"}],"replies":[{"embeddable":true,"href":"https:\/\/www.lassebacklund.fi\/index.php?rest_route=%2Fwp%2Fv2%2Fcomments&post=6374"}],"version-history":[{"count":3,"href":"https:\/\/www.lassebacklund.fi\/index.php?rest_route=\/wp\/v2\/pages\/6374\/revisions"}],"predecessor-version":[{"id":13294,"href":"https:\/\/www.lassebacklund.fi\/index.php?rest_route=\/wp\/v2\/pages\/6374\/revisions\/13294"}],"up":[{"embeddable":true,"href":"https:\/\/www.lassebacklund.fi\/index.php?rest_route=\/wp\/v2\/pages\/2266"}],"wp:attachment":[{"href":"https:\/\/www.lassebacklund.fi\/index.php?rest_route=%2Fwp%2Fv2%2Fmedia&parent=6374"}],"curies":[{"name":"wp","href":"https:\/\/api.w.org\/{rel}","templated":true}]}}