{"id":6275,"date":"2017-10-17T21:48:54","date_gmt":"2017-10-17T19:48:54","guid":{"rendered":"http:\/\/www.lassebacklund.fi\/?page_id=6275"},"modified":"2024-04-25T10:09:17","modified_gmt":"2024-04-25T07:09:17","slug":"selims-foton-fran-ar-1942","status":"publish","type":"page","link":"https:\/\/www.lassebacklund.fi\/?page_id=6275","title":{"rendered":"Selims foton fr\u00e5n \u00e5r 1942."},"content":{"rendered":"<p>H\u00e4r n\u00e5gra av Selim Bj\u00f6rses\u00b4 fotografier tagna \u00e5r 1942. Eric Stens har identifierat personerna och skrivit de flesta texter. Fotografierna \u00e4r fr\u00e5n Svenska Litteraturs\u00e4llskapets arkiv i Vasa.<\/p>\n<figure id=\"attachment_6283\" aria-describedby=\"caption-attachment-6283\" style=\"width: 994px\" class=\"wp-caption aligncenter\"><img loading=\"lazy\" decoding=\"async\" class=\"size-full wp-image-6283\" src=\"http:\/\/www.lassebacklund.fi\/wp-content\/uploads\/2017\/10\/Paket-p\u00e5-v\u00e4g.jpg\" alt=\"S\u00e5 h\u00e4r s\u00e5g det ut p\u00e5 Elis Lilltr\u00e4sks g\u00e5rdsplan d\u00e5 anh\u00f6rigas paket skulle skickas till fronten vid Jandeba. Kurirer var Heinz Stude och Otto Bj\u00f6rses.\" width=\"994\" height=\"649\" srcset=\"https:\/\/www.lassebacklund.fi\/wp-content\/uploads\/2017\/10\/Paket-p\u00e5-v\u00e4g.jpg 994w, https:\/\/www.lassebacklund.fi\/wp-content\/uploads\/2017\/10\/Paket-p\u00e5-v\u00e4g-300x196.jpg 300w, https:\/\/www.lassebacklund.fi\/wp-content\/uploads\/2017\/10\/Paket-p\u00e5-v\u00e4g-768x501.jpg 768w\" sizes=\"auto, (max-width: 994px) 100vw, 994px\" \/><figcaption id=\"caption-attachment-6283\" class=\"wp-caption-text\">S\u00e5 h\u00e4r s\u00e5g det ut p\u00e5 Elis Lilltr\u00e4sks g\u00e5rdsplan d\u00e5 anh\u00f6rigas paket skulle skickas till fronten vid Jandeba. Kurirer var Heinz Stude och Otto Bj\u00f6rses.<\/figcaption><\/figure>\n<figure id=\"attachment_6274\" aria-describedby=\"caption-attachment-6274\" style=\"width: 1200px\" class=\"wp-caption aligncenter\"><img loading=\"lazy\" decoding=\"async\" class=\"size-full wp-image-6274\" src=\"http:\/\/www.lassebacklund.fi\/wp-content\/uploads\/2017\/10\/ota295_foto_0546.jpg\" alt=\"L\u00e5nga rader med vita tr\u00e4kors vittnar om de offer som vinterkriget sk\u00f6rdade.\" width=\"1200\" height=\"810\" srcset=\"https:\/\/www.lassebacklund.fi\/wp-content\/uploads\/2017\/10\/ota295_foto_0546.jpg 1200w, https:\/\/www.lassebacklund.fi\/wp-content\/uploads\/2017\/10\/ota295_foto_0546-300x203.jpg 300w, https:\/\/www.lassebacklund.fi\/wp-content\/uploads\/2017\/10\/ota295_foto_0546-768x518.jpg 768w, https:\/\/www.lassebacklund.fi\/wp-content\/uploads\/2017\/10\/ota295_foto_0546-1024x691.jpg 1024w\" sizes=\"auto, (max-width: 1200px) 100vw, 1200px\" \/><figcaption id=\"caption-attachment-6274\" class=\"wp-caption-text\">L\u00e5nga rader med vita tr\u00e4kors vittnar om de offer som v\u00e5ra krig hade sk\u00f6rdat.<\/figcaption><\/figure>\n<figure id=\"attachment_6273\" aria-describedby=\"caption-attachment-6273\" style=\"width: 1200px\" class=\"wp-caption aligncenter\"><img loading=\"lazy\" decoding=\"async\" class=\"size-full wp-image-6273\" src=\"http:\/\/www.lassebacklund.fi\/wp-content\/uploads\/2017\/10\/ota295_foto_0545.jpg\" alt=\"Skyddsk\u00e5rens fana vajar d\u00e5 Eskil \u00c5lgars begravs p\u00e5 begravningsplatsen bredvid kyrkan i Lappfj\u00e4rd.\" width=\"1200\" height=\"814\" srcset=\"https:\/\/www.lassebacklund.fi\/wp-content\/uploads\/2017\/10\/ota295_foto_0545.jpg 1200w, https:\/\/www.lassebacklund.fi\/wp-content\/uploads\/2017\/10\/ota295_foto_0545-300x204.jpg 300w, https:\/\/www.lassebacklund.fi\/wp-content\/uploads\/2017\/10\/ota295_foto_0545-768x521.jpg 768w, https:\/\/www.lassebacklund.fi\/wp-content\/uploads\/2017\/10\/ota295_foto_0545-1024x695.jpg 1024w\" sizes=\"auto, (max-width: 1200px) 100vw, 1200px\" \/><figcaption id=\"caption-attachment-6273\" class=\"wp-caption-text\">Skyddsk\u00e5rens fana vajar d\u00e5 Eskil \u00c5lgars begravs p\u00e5 begravningsplatsen bredvid kyrkan i Lappfj\u00e4rd.<\/figcaption><\/figure>\n<figure id=\"attachment_6272\" aria-describedby=\"caption-attachment-6272\" style=\"width: 1200px\" class=\"wp-caption aligncenter\"><img loading=\"lazy\" decoding=\"async\" class=\"size-full wp-image-6272\" src=\"http:\/\/www.lassebacklund.fi\/wp-content\/uploads\/2017\/10\/ota295_foto_0544.jpg\" alt=\"Klubbledaren Karin Andtfolk p\u00e5 bes\u00f6k hos syskonen Holmberg.\" width=\"1200\" height=\"812\" srcset=\"https:\/\/www.lassebacklund.fi\/wp-content\/uploads\/2017\/10\/ota295_foto_0544.jpg 1200w, https:\/\/www.lassebacklund.fi\/wp-content\/uploads\/2017\/10\/ota295_foto_0544-300x203.jpg 300w, https:\/\/www.lassebacklund.fi\/wp-content\/uploads\/2017\/10\/ota295_foto_0544-768x520.jpg 768w, https:\/\/www.lassebacklund.fi\/wp-content\/uploads\/2017\/10\/ota295_foto_0544-1024x693.jpg 1024w\" sizes=\"auto, (max-width: 1200px) 100vw, 1200px\" \/><figcaption id=\"caption-attachment-6272\" class=\"wp-caption-text\">Klubbledaren Karin Andtfolk p\u00e5 bes\u00f6k hos syskonen Holmberg.<\/figcaption><\/figure>\n<figure id=\"attachment_6271\" aria-describedby=\"caption-attachment-6271\" style=\"width: 1200px\" class=\"wp-caption aligncenter\"><img loading=\"lazy\" decoding=\"async\" class=\"size-full wp-image-6271\" src=\"http:\/\/www.lassebacklund.fi\/wp-content\/uploads\/2017\/10\/ota295_foto_0543.jpg\" alt=\"\u00c5ke och Kurt \u00c5lgars i morotslandet. I bakgrunden till h\u00f6ger syns kommunalg\u00e5rden.\" width=\"1200\" height=\"816\" srcset=\"https:\/\/www.lassebacklund.fi\/wp-content\/uploads\/2017\/10\/ota295_foto_0543.jpg 1200w, https:\/\/www.lassebacklund.fi\/wp-content\/uploads\/2017\/10\/ota295_foto_0543-300x204.jpg 300w, https:\/\/www.lassebacklund.fi\/wp-content\/uploads\/2017\/10\/ota295_foto_0543-768x522.jpg 768w, https:\/\/www.lassebacklund.fi\/wp-content\/uploads\/2017\/10\/ota295_foto_0543-1024x696.jpg 1024w\" sizes=\"auto, (max-width: 1200px) 100vw, 1200px\" \/><figcaption id=\"caption-attachment-6271\" class=\"wp-caption-text\">\u00c5ke och Kurt \u00c5lgars i morotslandet. I bakgrunden till h\u00f6ger syns kommunalg\u00e5rden.<\/figcaption><\/figure>\n<figure id=\"attachment_6270\" aria-describedby=\"caption-attachment-6270\" style=\"width: 1200px\" class=\"wp-caption aligncenter\"><img loading=\"lazy\" decoding=\"async\" class=\"size-full wp-image-6270\" src=\"http:\/\/www.lassebacklund.fi\/wp-content\/uploads\/2017\/10\/ota295_foto_0542.jpg\" alt=\"Konrad Kronman st\u00e5r till h\u00f6ger och granskar transporten av s\u00e4ckar som m\u00f6jligtvis inneh\u00e5ller tr\u00e4kol.\" width=\"1200\" height=\"805\" srcset=\"https:\/\/www.lassebacklund.fi\/wp-content\/uploads\/2017\/10\/ota295_foto_0542.jpg 1200w, https:\/\/www.lassebacklund.fi\/wp-content\/uploads\/2017\/10\/ota295_foto_0542-300x201.jpg 300w, https:\/\/www.lassebacklund.fi\/wp-content\/uploads\/2017\/10\/ota295_foto_0542-768x515.jpg 768w, https:\/\/www.lassebacklund.fi\/wp-content\/uploads\/2017\/10\/ota295_foto_0542-1024x687.jpg 1024w\" sizes=\"auto, (max-width: 1200px) 100vw, 1200px\" \/><figcaption id=\"caption-attachment-6270\" class=\"wp-caption-text\">Konrad Kronman st\u00e5r till h\u00f6ger och granskar transporten av s\u00e4ckar som m\u00f6jligtvis inneh\u00e5ller tr\u00e4kol.<\/figcaption><\/figure>\n<figure id=\"attachment_6269\" aria-describedby=\"caption-attachment-6269\" style=\"width: 1191px\" class=\"wp-caption aligncenter\"><img loading=\"lazy\" decoding=\"async\" class=\"size-full wp-image-6269\" src=\"http:\/\/www.lassebacklund.fi\/wp-content\/uploads\/2017\/10\/ota295_foto_0541.jpg\" alt=\"Greta Vesterlund visar upp sitt klubbland och v\u00e4xthus p\u00e5 \u00c5s\u00e4ndan med kyrkan i bakgrunden.\" width=\"1191\" height=\"726\" srcset=\"https:\/\/www.lassebacklund.fi\/wp-content\/uploads\/2017\/10\/ota295_foto_0541.jpg 1191w, https:\/\/www.lassebacklund.fi\/wp-content\/uploads\/2017\/10\/ota295_foto_0541-300x183.jpg 300w, https:\/\/www.lassebacklund.fi\/wp-content\/uploads\/2017\/10\/ota295_foto_0541-768x468.jpg 768w, https:\/\/www.lassebacklund.fi\/wp-content\/uploads\/2017\/10\/ota295_foto_0541-1024x624.jpg 1024w\" sizes=\"auto, (max-width: 1191px) 100vw, 1191px\" \/><figcaption id=\"caption-attachment-6269\" class=\"wp-caption-text\">Greta Vesterlund visar upp sitt klubbland och v\u00e4xthus p\u00e5 \u00c5s\u00e4ndan med kyrkan i bakgrunden.<\/figcaption><\/figure>\n<figure id=\"attachment_6268\" aria-describedby=\"caption-attachment-6268\" style=\"width: 1200px\" class=\"wp-caption aligncenter\"><img loading=\"lazy\" decoding=\"async\" class=\"size-full wp-image-6268\" src=\"http:\/\/www.lassebacklund.fi\/wp-content\/uploads\/2017\/10\/ota295_foto_0540.jpg\" alt=\"Torsten Gullmes hj\u00e4ltegrav vackert dekorerad med blommor och band.\" width=\"1200\" height=\"811\" srcset=\"https:\/\/www.lassebacklund.fi\/wp-content\/uploads\/2017\/10\/ota295_foto_0540.jpg 1200w, https:\/\/www.lassebacklund.fi\/wp-content\/uploads\/2017\/10\/ota295_foto_0540-300x203.jpg 300w, https:\/\/www.lassebacklund.fi\/wp-content\/uploads\/2017\/10\/ota295_foto_0540-768x519.jpg 768w, https:\/\/www.lassebacklund.fi\/wp-content\/uploads\/2017\/10\/ota295_foto_0540-1024x692.jpg 1024w\" sizes=\"auto, (max-width: 1200px) 100vw, 1200px\" \/><figcaption id=\"caption-attachment-6268\" class=\"wp-caption-text\">Torsten Gullmes hj\u00e4ltegrav vackert dekorerad med blommor och band.<\/figcaption><\/figure>\n<figure id=\"attachment_6267\" aria-describedby=\"caption-attachment-6267\" style=\"width: 1965px\" class=\"wp-caption aligncenter\"><img loading=\"lazy\" decoding=\"async\" class=\"size-full wp-image-6267\" src=\"http:\/\/www.lassebacklund.fi\/wp-content\/uploads\/2017\/10\/ota295_foto_0539-Viktor-\u00c5lgars-k\u00f6r-likvagnen-med-sonen-Eskil.jpg\" alt=\"Viktor \u00c5lgars k\u00f6r sonen Eskil till den sista vilan i hj\u00e4ltegraven vid kyrkan, f\u00f6ljd av lottor, skyddsk\u00e5rister och anh\u00f6riga. Bredvid Viktor g\u00e5r hedersvakten Erik Ingves.\" width=\"1965\" height=\"1281\" srcset=\"https:\/\/www.lassebacklund.fi\/wp-content\/uploads\/2017\/10\/ota295_foto_0539-Viktor-\u00c5lgars-k\u00f6r-likvagnen-med-sonen-Eskil.jpg 1965w, https:\/\/www.lassebacklund.fi\/wp-content\/uploads\/2017\/10\/ota295_foto_0539-Viktor-\u00c5lgars-k\u00f6r-likvagnen-med-sonen-Eskil-300x196.jpg 300w, https:\/\/www.lassebacklund.fi\/wp-content\/uploads\/2017\/10\/ota295_foto_0539-Viktor-\u00c5lgars-k\u00f6r-likvagnen-med-sonen-Eskil-768x501.jpg 768w, https:\/\/www.lassebacklund.fi\/wp-content\/uploads\/2017\/10\/ota295_foto_0539-Viktor-\u00c5lgars-k\u00f6r-likvagnen-med-sonen-Eskil-1024x668.jpg 1024w\" sizes=\"auto, (max-width: 1965px) 100vw, 1965px\" \/><figcaption id=\"caption-attachment-6267\" class=\"wp-caption-text\">Viktor \u00c5lgars k\u00f6r sonen Eskil till den sista vilan i hj\u00e4ltegraven vid kyrkan, f\u00f6ljd av lottor, skyddsk\u00e5rister och anh\u00f6riga. Bredvid Viktor g\u00e5r hedersvakten Erik Ingves.<\/figcaption><\/figure>\n<figure id=\"attachment_6266\" aria-describedby=\"caption-attachment-6266\" style=\"width: 1184px\" class=\"wp-caption aligncenter\"><img loading=\"lazy\" decoding=\"async\" class=\"size-full wp-image-6266\" src=\"http:\/\/www.lassebacklund.fi\/wp-content\/uploads\/2017\/10\/ota295_foto_0538.jpg\" alt=\"Eskil \u00c5lgars som stupade 1940 i vinterkriget begravs f\u00f6rst 1942 och h\u00e4r b\u00e4rs han in i kyrkan.\" width=\"1184\" height=\"747\" srcset=\"https:\/\/www.lassebacklund.fi\/wp-content\/uploads\/2017\/10\/ota295_foto_0538.jpg 1184w, https:\/\/www.lassebacklund.fi\/wp-content\/uploads\/2017\/10\/ota295_foto_0538-300x189.jpg 300w, https:\/\/www.lassebacklund.fi\/wp-content\/uploads\/2017\/10\/ota295_foto_0538-768x485.jpg 768w, https:\/\/www.lassebacklund.fi\/wp-content\/uploads\/2017\/10\/ota295_foto_0538-1024x646.jpg 1024w\" sizes=\"auto, (max-width: 1184px) 100vw, 1184px\" \/><figcaption id=\"caption-attachment-6266\" class=\"wp-caption-text\">Eskil \u00c5lgars som stupade 1940 i vinterkriget begravs f\u00f6rst 1942 och h\u00e4r b\u00e4rs han in i kyrkan.<\/figcaption><\/figure>\n<figure id=\"attachment_6265\" aria-describedby=\"caption-attachment-6265\" style=\"width: 1200px\" class=\"wp-caption aligncenter\"><img loading=\"lazy\" decoding=\"async\" class=\"size-full wp-image-6265\" src=\"http:\/\/www.lassebacklund.fi\/wp-content\/uploads\/2017\/10\/ota295_foto_0537.jpg\" alt=\"Torsten Gullmes stupade i vinterkriget men \u00e5terb\u00f6rdades till hemorten f\u00f6rst 1942, d\u00e5 jordf\u00e4stningen skedde i kyrkan.\" width=\"1200\" height=\"805\" srcset=\"https:\/\/www.lassebacklund.fi\/wp-content\/uploads\/2017\/10\/ota295_foto_0537.jpg 1200w, https:\/\/www.lassebacklund.fi\/wp-content\/uploads\/2017\/10\/ota295_foto_0537-300x201.jpg 300w, https:\/\/www.lassebacklund.fi\/wp-content\/uploads\/2017\/10\/ota295_foto_0537-768x515.jpg 768w, https:\/\/www.lassebacklund.fi\/wp-content\/uploads\/2017\/10\/ota295_foto_0537-1024x687.jpg 1024w\" sizes=\"auto, (max-width: 1200px) 100vw, 1200px\" \/><figcaption id=\"caption-attachment-6265\" class=\"wp-caption-text\">Torsten Gullmes stupade i vinterkriget men \u00e5terb\u00f6rdades till hemorten f\u00f6rst 1942, d\u00e5 jordf\u00e4stningen skedde i kyrkan.<\/figcaption><\/figure>\n<figure id=\"attachment_6264\" aria-describedby=\"caption-attachment-6264\" style=\"width: 1150px\" class=\"wp-caption aligncenter\"><img loading=\"lazy\" decoding=\"async\" class=\"size-full wp-image-6264\" src=\"http:\/\/www.lassebacklund.fi\/wp-content\/uploads\/2017\/10\/ota295_foto_0536.jpg\" alt=\"L\u00e4rarbostaden bredvid s\u00f6dra folkskolan i vinterskrud.\" width=\"1150\" height=\"680\" srcset=\"https:\/\/www.lassebacklund.fi\/wp-content\/uploads\/2017\/10\/ota295_foto_0536.jpg 1150w, https:\/\/www.lassebacklund.fi\/wp-content\/uploads\/2017\/10\/ota295_foto_0536-300x177.jpg 300w, https:\/\/www.lassebacklund.fi\/wp-content\/uploads\/2017\/10\/ota295_foto_0536-768x454.jpg 768w, https:\/\/www.lassebacklund.fi\/wp-content\/uploads\/2017\/10\/ota295_foto_0536-1024x605.jpg 1024w\" sizes=\"auto, (max-width: 1150px) 100vw, 1150px\" \/><figcaption id=\"caption-attachment-6264\" class=\"wp-caption-text\">L\u00e4rarbostaden bredvid s\u00f6dra folkskolan i vinterskrud.<\/figcaption><\/figure>\n<figure id=\"attachment_6263\" aria-describedby=\"caption-attachment-6263\" style=\"width: 1176px\" class=\"wp-caption aligncenter\"><img loading=\"lazy\" decoding=\"async\" class=\"size-full wp-image-6263\" src=\"http:\/\/www.lassebacklund.fi\/wp-content\/uploads\/2017\/10\/ota295_foto_0535.jpg\" alt=\"Elise Klockars (senare gift Rosendahl) visar upp blommorna i sitt klubbland.\" width=\"1176\" height=\"746\" srcset=\"https:\/\/www.lassebacklund.fi\/wp-content\/uploads\/2017\/10\/ota295_foto_0535.jpg 1176w, https:\/\/www.lassebacklund.fi\/wp-content\/uploads\/2017\/10\/ota295_foto_0535-300x190.jpg 300w, https:\/\/www.lassebacklund.fi\/wp-content\/uploads\/2017\/10\/ota295_foto_0535-768x487.jpg 768w, https:\/\/www.lassebacklund.fi\/wp-content\/uploads\/2017\/10\/ota295_foto_0535-1024x650.jpg 1024w\" sizes=\"auto, (max-width: 1176px) 100vw, 1176px\" \/><figcaption id=\"caption-attachment-6263\" class=\"wp-caption-text\">Elise Klockars (senare gift Rosendahl) visar upp blommorna i sitt klubbland.<\/figcaption><\/figure>\n<figure id=\"attachment_6262\" aria-describedby=\"caption-attachment-6262\" style=\"width: 1979px\" class=\"wp-caption aligncenter\"><img loading=\"lazy\" decoding=\"async\" class=\"size-full wp-image-6262\" src=\"http:\/\/www.lassebacklund.fi\/wp-content\/uploads\/2017\/10\/ota295_foto_0534-skyddsk\u00e5rister-med-b\u00f6ssor.jpg\" alt=\"Skyddsk\u00e5risternas skjut\u00f6vningar p\u00e5 Lill\u00e5n vid skjutbanan. Liggande Egil Jossandt.\" width=\"1979\" height=\"1292\" srcset=\"https:\/\/www.lassebacklund.fi\/wp-content\/uploads\/2017\/10\/ota295_foto_0534-skyddsk\u00e5rister-med-b\u00f6ssor.jpg 1979w, https:\/\/www.lassebacklund.fi\/wp-content\/uploads\/2017\/10\/ota295_foto_0534-skyddsk\u00e5rister-med-b\u00f6ssor-300x196.jpg 300w, https:\/\/www.lassebacklund.fi\/wp-content\/uploads\/2017\/10\/ota295_foto_0534-skyddsk\u00e5rister-med-b\u00f6ssor-768x501.jpg 768w, https:\/\/www.lassebacklund.fi\/wp-content\/uploads\/2017\/10\/ota295_foto_0534-skyddsk\u00e5rister-med-b\u00f6ssor-1024x669.jpg 1024w\" sizes=\"auto, (max-width: 1979px) 100vw, 1979px\" \/><figcaption id=\"caption-attachment-6262\" class=\"wp-caption-text\">Skyddsk\u00e5risternas skjut\u00f6vningar p\u00e5 Lill\u00e5n vid skjutbanan. Liggande Egil Jossandt.<\/figcaption><\/figure>\n<figure id=\"attachment_6261\" aria-describedby=\"caption-attachment-6261\" style=\"width: 1200px\" class=\"wp-caption aligncenter\"><img loading=\"lazy\" decoding=\"async\" class=\"size-full wp-image-6261\" src=\"http:\/\/www.lassebacklund.fi\/wp-content\/uploads\/2017\/10\/ota295_foto_0533.jpg\" alt=\"Skyddsk\u00e5risternas \u00f6vningar vintern 1942.\" width=\"1200\" height=\"813\" srcset=\"https:\/\/www.lassebacklund.fi\/wp-content\/uploads\/2017\/10\/ota295_foto_0533.jpg 1200w, https:\/\/www.lassebacklund.fi\/wp-content\/uploads\/2017\/10\/ota295_foto_0533-300x203.jpg 300w, https:\/\/www.lassebacklund.fi\/wp-content\/uploads\/2017\/10\/ota295_foto_0533-768x520.jpg 768w, https:\/\/www.lassebacklund.fi\/wp-content\/uploads\/2017\/10\/ota295_foto_0533-1024x694.jpg 1024w\" sizes=\"auto, (max-width: 1200px) 100vw, 1200px\" \/><figcaption id=\"caption-attachment-6261\" class=\"wp-caption-text\">Skyddsk\u00e5risternas \u00f6vningar vintern 1942.<\/figcaption><\/figure>\n<figure id=\"attachment_6260\" aria-describedby=\"caption-attachment-6260\" style=\"width: 1200px\" class=\"wp-caption aligncenter\"><img loading=\"lazy\" decoding=\"async\" class=\"size-full wp-image-6260\" src=\"http:\/\/www.lassebacklund.fi\/wp-content\/uploads\/2017\/10\/ota295_foto_0532.jpg\" alt=\"Klubbmedlemmarna fr\u00e5n Lappfj\u00e4rd tar paus vid norra tullsugan i Kristinestad under sin utf\u00e4rd till Antila.\" width=\"1200\" height=\"811\" srcset=\"https:\/\/www.lassebacklund.fi\/wp-content\/uploads\/2017\/10\/ota295_foto_0532.jpg 1200w, https:\/\/www.lassebacklund.fi\/wp-content\/uploads\/2017\/10\/ota295_foto_0532-300x203.jpg 300w, https:\/\/www.lassebacklund.fi\/wp-content\/uploads\/2017\/10\/ota295_foto_0532-768x519.jpg 768w, https:\/\/www.lassebacklund.fi\/wp-content\/uploads\/2017\/10\/ota295_foto_0532-1024x692.jpg 1024w\" sizes=\"auto, (max-width: 1200px) 100vw, 1200px\" \/><figcaption id=\"caption-attachment-6260\" class=\"wp-caption-text\">Klubbmedlemmarna fr\u00e5n Lappfj\u00e4rd tar paus vid norra tullstugan i Kristinestad under sin utf\u00e4rd till Antila.<\/figcaption><\/figure>\n<figure id=\"attachment_6259\" aria-describedby=\"caption-attachment-6259\" style=\"width: 1977px\" class=\"wp-caption aligncenter\"><img loading=\"lazy\" decoding=\"async\" class=\"size-full wp-image-6259\" src=\"http:\/\/www.lassebacklund.fi\/wp-content\/uploads\/2017\/10\/ota295_foto_0531-Viktor-\u00c5lgars-i-morotslandet.jpg\" alt=\"Viktor \u00c5lgars (1871-1949) med m\u00e5nga hj\u00e4lpredor i morotslandet. Mitt i bild st\u00e5r sonen Kurt (f.1926) och med h\u00e4nderna p\u00e5 ryggen st\u00e5r \u00c5ke (f.1924) och l\u00e4ngst till h\u00f6ger Johan (f.1929). L\u00e4ngst bak i \u00e5kern st\u00e5r dottern Agnes (f. 1917). De \u00f6vriga flickorna tillsvidare ok\u00e4nda. Artur Hellmans uthus och ria syns till v\u00e4nster.\" width=\"1977\" height=\"1311\" srcset=\"https:\/\/www.lassebacklund.fi\/wp-content\/uploads\/2017\/10\/ota295_foto_0531-Viktor-\u00c5lgars-i-morotslandet.jpg 1977w, https:\/\/www.lassebacklund.fi\/wp-content\/uploads\/2017\/10\/ota295_foto_0531-Viktor-\u00c5lgars-i-morotslandet-300x199.jpg 300w, https:\/\/www.lassebacklund.fi\/wp-content\/uploads\/2017\/10\/ota295_foto_0531-Viktor-\u00c5lgars-i-morotslandet-768x509.jpg 768w, https:\/\/www.lassebacklund.fi\/wp-content\/uploads\/2017\/10\/ota295_foto_0531-Viktor-\u00c5lgars-i-morotslandet-1024x679.jpg 1024w\" sizes=\"auto, (max-width: 1977px) 100vw, 1977px\" \/><figcaption id=\"caption-attachment-6259\" class=\"wp-caption-text\">Viktor \u00c5lgars (1871-1949) med m\u00e5nga hj\u00e4lpredor i morotslandet. Mitt i bild st\u00e5r sonen Kurt (f.1926) och med h\u00e4nderna p\u00e5 ryggen st\u00e5r \u00c5ke (f.1924) och l\u00e4ngst till h\u00f6ger Johan (f.1929). L\u00e4ngst bak i \u00e5kern st\u00e5r dottern Agnes (f. 1917). De \u00f6vriga flickorna tillsvidare ok\u00e4nda. Artur Hellmans uthus och ria syns till v\u00e4nster.<\/figcaption><\/figure>\n<figure id=\"attachment_6258\" aria-describedby=\"caption-attachment-6258\" style=\"width: 1191px\" class=\"wp-caption aligncenter\"><img loading=\"lazy\" decoding=\"async\" class=\"size-full wp-image-6258\" src=\"http:\/\/www.lassebacklund.fi\/wp-content\/uploads\/2017\/10\/ota295_foto_0530.jpg\" alt=\"Klubbmedlemmarna uppst\u00e4llda f\u00f6r fotografering under utf\u00e4rden till Antila i Kristinestad.\" width=\"1191\" height=\"745\" srcset=\"https:\/\/www.lassebacklund.fi\/wp-content\/uploads\/2017\/10\/ota295_foto_0530.jpg 1191w, https:\/\/www.lassebacklund.fi\/wp-content\/uploads\/2017\/10\/ota295_foto_0530-300x188.jpg 300w, https:\/\/www.lassebacklund.fi\/wp-content\/uploads\/2017\/10\/ota295_foto_0530-768x480.jpg 768w, https:\/\/www.lassebacklund.fi\/wp-content\/uploads\/2017\/10\/ota295_foto_0530-1024x641.jpg 1024w\" sizes=\"auto, (max-width: 1191px) 100vw, 1191px\" \/><figcaption id=\"caption-attachment-6258\" class=\"wp-caption-text\">Klubbmedlemmarna uppst\u00e4llda f\u00f6r fotografering under utf\u00e4rden till Antila i Kristinestad.<\/figcaption><\/figure>\n<figure id=\"attachment_6257\" aria-describedby=\"caption-attachment-6257\" style=\"width: 1200px\" class=\"wp-caption aligncenter\"><img loading=\"lazy\" decoding=\"async\" class=\"size-full wp-image-6257\" src=\"http:\/\/www.lassebacklund.fi\/wp-content\/uploads\/2017\/10\/ota295_foto_0528.jpg\" alt=\"Flickor p\u00e5 kokkurs p\u00e5 s\u00f6dra folkskolan.\" width=\"1200\" height=\"806\" srcset=\"https:\/\/www.lassebacklund.fi\/wp-content\/uploads\/2017\/10\/ota295_foto_0528.jpg 1200w, https:\/\/www.lassebacklund.fi\/wp-content\/uploads\/2017\/10\/ota295_foto_0528-300x202.jpg 300w, https:\/\/www.lassebacklund.fi\/wp-content\/uploads\/2017\/10\/ota295_foto_0528-768x516.jpg 768w, https:\/\/www.lassebacklund.fi\/wp-content\/uploads\/2017\/10\/ota295_foto_0528-1024x688.jpg 1024w\" sizes=\"auto, (max-width: 1200px) 100vw, 1200px\" \/><figcaption id=\"caption-attachment-6257\" class=\"wp-caption-text\">Flickor p\u00e5 kokkurs p\u00e5 s\u00f6dra folkskolan. Flickan l\u00e4ngst till v\u00e4nster \u00e4r Doris Bergmark, som sedan gifte sig med G\u00f6sta Uljens.<\/figcaption><\/figure>\n<figure id=\"attachment_6256\" aria-describedby=\"caption-attachment-6256\" style=\"width: 488px\" class=\"wp-caption aligncenter\"><img loading=\"lazy\" decoding=\"async\" class=\" wp-image-6256\" src=\"http:\/\/www.lassebacklund.fi\/wp-content\/uploads\/2017\/10\/ota295_foto_0527.jpg\" alt=\"Folkskoll\u00e4raren, klubbledaren och fotografen Selim Bj\u00f6rses.\" width=\"488\" height=\"691\" srcset=\"https:\/\/www.lassebacklund.fi\/wp-content\/uploads\/2017\/10\/ota295_foto_0527.jpg 847w, https:\/\/www.lassebacklund.fi\/wp-content\/uploads\/2017\/10\/ota295_foto_0527-212x300.jpg 212w, https:\/\/www.lassebacklund.fi\/wp-content\/uploads\/2017\/10\/ota295_foto_0527-768x1088.jpg 768w, https:\/\/www.lassebacklund.fi\/wp-content\/uploads\/2017\/10\/ota295_foto_0527-723x1024.jpg 723w\" sizes=\"auto, (max-width: 488px) 100vw, 488px\" \/><figcaption id=\"caption-attachment-6256\" class=\"wp-caption-text\">Folkskoll\u00e4raren, klubbledaren och fotografen Selim Bj\u00f6rses.<\/figcaption><\/figure>\n<figure id=\"attachment_6255\" aria-describedby=\"caption-attachment-6255\" style=\"width: 1200px\" class=\"wp-caption aligncenter\"><img loading=\"lazy\" decoding=\"async\" class=\"size-full wp-image-6255\" src=\"http:\/\/www.lassebacklund.fi\/wp-content\/uploads\/2017\/10\/ota295_foto_0524.jpg\" alt=\"Birgit och Paul Englund i Palon i Dagsmark visar upp sitt klubbland.\" width=\"1200\" height=\"813\" srcset=\"https:\/\/www.lassebacklund.fi\/wp-content\/uploads\/2017\/10\/ota295_foto_0524.jpg 1200w, https:\/\/www.lassebacklund.fi\/wp-content\/uploads\/2017\/10\/ota295_foto_0524-300x203.jpg 300w, https:\/\/www.lassebacklund.fi\/wp-content\/uploads\/2017\/10\/ota295_foto_0524-768x520.jpg 768w, https:\/\/www.lassebacklund.fi\/wp-content\/uploads\/2017\/10\/ota295_foto_0524-1024x694.jpg 1024w\" sizes=\"auto, (max-width: 1200px) 100vw, 1200px\" \/><figcaption id=\"caption-attachment-6255\" class=\"wp-caption-text\">Birgit och Paul Englund i Palon i Dagsmark visar upp sitt klubbland.<\/figcaption><\/figure>\n<figure id=\"attachment_6254\" aria-describedby=\"caption-attachment-6254\" style=\"width: 1200px\" class=\"wp-caption aligncenter\"><img loading=\"lazy\" decoding=\"async\" class=\"size-full wp-image-6254\" src=\"http:\/\/www.lassebacklund.fi\/wp-content\/uploads\/2017\/10\/ota295_foto_0523.jpg\" alt=\"Klubbledaren Karin Andtfolk p\u00e5 bes\u00f6k hos syskonen Andtfolk i Henriksdal.\" width=\"1200\" height=\"807\" srcset=\"https:\/\/www.lassebacklund.fi\/wp-content\/uploads\/2017\/10\/ota295_foto_0523.jpg 1200w, https:\/\/www.lassebacklund.fi\/wp-content\/uploads\/2017\/10\/ota295_foto_0523-300x202.jpg 300w, https:\/\/www.lassebacklund.fi\/wp-content\/uploads\/2017\/10\/ota295_foto_0523-768x516.jpg 768w, https:\/\/www.lassebacklund.fi\/wp-content\/uploads\/2017\/10\/ota295_foto_0523-1024x689.jpg 1024w\" sizes=\"auto, (max-width: 1200px) 100vw, 1200px\" \/><figcaption id=\"caption-attachment-6254\" class=\"wp-caption-text\">Klubbledaren Karin Andtfolk p\u00e5 bes\u00f6k hos syskonen Andtfolk i Henriksdal.<\/figcaption><\/figure>\n<figure id=\"attachment_6253\" aria-describedby=\"caption-attachment-6253\" style=\"width: 2000px\" class=\"wp-caption aligncenter\"><img loading=\"lazy\" decoding=\"async\" class=\"size-full wp-image-6253\" src=\"http:\/\/www.lassebacklund.fi\/wp-content\/uploads\/2017\/10\/ota295_foto_0522-WEB-skrotet-k\u00f6rs-iv\u00e4g.jpg\" alt=\"Under krigs\u00e5ren samlades gummi, glas och metallskrot och h\u00e4r st\u00e5r 3 stolta pojkar som med h\u00e4st levererar de insamlade metallerna. Fr\u00e5n v\u00e4nster Bengt Engelholm, Harald Marttila och Mikael Bj\u00f6rses. Personen p\u00e5 k\u00e4rran \u00e4r oidentifierad.\" width=\"2000\" height=\"1352\" srcset=\"https:\/\/www.lassebacklund.fi\/wp-content\/uploads\/2017\/10\/ota295_foto_0522-WEB-skrotet-k\u00f6rs-iv\u00e4g.jpg 2000w, https:\/\/www.lassebacklund.fi\/wp-content\/uploads\/2017\/10\/ota295_foto_0522-WEB-skrotet-k\u00f6rs-iv\u00e4g-300x203.jpg 300w, https:\/\/www.lassebacklund.fi\/wp-content\/uploads\/2017\/10\/ota295_foto_0522-WEB-skrotet-k\u00f6rs-iv\u00e4g-768x519.jpg 768w, https:\/\/www.lassebacklund.fi\/wp-content\/uploads\/2017\/10\/ota295_foto_0522-WEB-skrotet-k\u00f6rs-iv\u00e4g-1024x692.jpg 1024w\" sizes=\"auto, (max-width: 2000px) 100vw, 2000px\" \/><figcaption id=\"caption-attachment-6253\" class=\"wp-caption-text\">Under krigs\u00e5ren samlades gummi, glas och metallskrot och h\u00e4r st\u00e5r 3 stolta pojkar som med h\u00e4st levererar de insamlade metallerna. Fr\u00e5n v\u00e4nster Bengt Engelholm, Harald Marttila och Mikael Bj\u00f6rses. Personen p\u00e5 k\u00e4rran \u00e4r oidentifierad.<\/figcaption><\/figure>\n<figure id=\"attachment_6252\" aria-describedby=\"caption-attachment-6252\" style=\"width: 2000px\" class=\"wp-caption aligncenter\"><img loading=\"lazy\" decoding=\"async\" class=\"size-full wp-image-6252\" src=\"http:\/\/www.lassebacklund.fi\/wp-content\/uploads\/2017\/10\/ota295_foto_0521-WEB-skrotet-lastas.jpg\" alt=\"Under krigs\u00e5ren 1941-44 samlade skolbarnen skrot f\u00f6r f\u00f6rsvarsmakten. Pojken p\u00e5 k\u00e4rran lastar av de insamlade metallerna medan flickorna ser p\u00e5. Fr\u00e5n v\u00e4nster Etel Storsj\u00f6, Elvi Lassfolk, Ulla Sj\u00f6berg, ok\u00e4nd och Astrid Nissander.\" width=\"2000\" height=\"1353\" srcset=\"https:\/\/www.lassebacklund.fi\/wp-content\/uploads\/2017\/10\/ota295_foto_0521-WEB-skrotet-lastas.jpg 2000w, https:\/\/www.lassebacklund.fi\/wp-content\/uploads\/2017\/10\/ota295_foto_0521-WEB-skrotet-lastas-300x203.jpg 300w, https:\/\/www.lassebacklund.fi\/wp-content\/uploads\/2017\/10\/ota295_foto_0521-WEB-skrotet-lastas-768x520.jpg 768w, https:\/\/www.lassebacklund.fi\/wp-content\/uploads\/2017\/10\/ota295_foto_0521-WEB-skrotet-lastas-1024x693.jpg 1024w\" sizes=\"auto, (max-width: 2000px) 100vw, 2000px\" \/><figcaption id=\"caption-attachment-6252\" class=\"wp-caption-text\">Under krigs\u00e5ren 1941-44 samlade skolbarnen skrot f\u00f6r f\u00f6rsvarsmakten. Pojken p\u00e5 k\u00e4rran lastar av de insamlade metallerna medan flickorna ser p\u00e5. Fr\u00e5n v\u00e4nster Etel Storsj\u00f6, Elvi Lassfolk, Ulla Sj\u00f6berg, ok\u00e4nd och Astrid Nissander.<\/figcaption><\/figure>\n<figure id=\"attachment_6251\" aria-describedby=\"caption-attachment-6251\" style=\"width: 2000px\" class=\"wp-caption aligncenter\"><img loading=\"lazy\" decoding=\"async\" class=\"size-full wp-image-6251\" src=\"http:\/\/www.lassebacklund.fi\/wp-content\/uploads\/2017\/10\/ota295_foto_0520WEB-skrotet-v\u00e4gs.jpg\" alt=\"Metallerna som samlades in f\u00f6r f\u00f6rsvarsmakten skulle v\u00e4gas och bokf\u00f6ras. Runar Storsj\u00f6 sk\u00f6ter bokf\u00f6ringen medan v\u00e4garen \u00e4r ok\u00e4nd. Bakom st\u00e5r Erik Skogman och Fjalar Marttila.\" width=\"2000\" height=\"1350\" srcset=\"https:\/\/www.lassebacklund.fi\/wp-content\/uploads\/2017\/10\/ota295_foto_0520WEB-skrotet-v\u00e4gs.jpg 2000w, https:\/\/www.lassebacklund.fi\/wp-content\/uploads\/2017\/10\/ota295_foto_0520WEB-skrotet-v\u00e4gs-300x203.jpg 300w, https:\/\/www.lassebacklund.fi\/wp-content\/uploads\/2017\/10\/ota295_foto_0520WEB-skrotet-v\u00e4gs-768x518.jpg 768w, https:\/\/www.lassebacklund.fi\/wp-content\/uploads\/2017\/10\/ota295_foto_0520WEB-skrotet-v\u00e4gs-1024x691.jpg 1024w\" sizes=\"auto, (max-width: 2000px) 100vw, 2000px\" \/><figcaption id=\"caption-attachment-6251\" class=\"wp-caption-text\">Metallerna som samlades in f\u00f6r f\u00f6rsvarsmakten skulle v\u00e4gas och bokf\u00f6ras. Runar Storsj\u00f6 sk\u00f6ter bokf\u00f6ringen medan v\u00e4garen \u00e4r ok\u00e4nd. Bakom st\u00e5r Erik Skogman och Fjalar Marttila.<\/figcaption><\/figure>\n<figure id=\"attachment_6250\" aria-describedby=\"caption-attachment-6250\" style=\"width: 1180px\" class=\"wp-caption aligncenter\"><img loading=\"lazy\" decoding=\"async\" class=\"size-full wp-image-6250\" src=\"http:\/\/www.lassebacklund.fi\/wp-content\/uploads\/2017\/10\/ota295_foto_0519.jpg\" alt=\"Jordf\u00e4stning av en stupad soldat d\u00e4r skyddsk\u00e5rister st\u00e5r hedersvakt kring kistan.\" width=\"1180\" height=\"761\" srcset=\"https:\/\/www.lassebacklund.fi\/wp-content\/uploads\/2017\/10\/ota295_foto_0519.jpg 1180w, https:\/\/www.lassebacklund.fi\/wp-content\/uploads\/2017\/10\/ota295_foto_0519-300x193.jpg 300w, https:\/\/www.lassebacklund.fi\/wp-content\/uploads\/2017\/10\/ota295_foto_0519-768x495.jpg 768w, https:\/\/www.lassebacklund.fi\/wp-content\/uploads\/2017\/10\/ota295_foto_0519-1024x660.jpg 1024w\" sizes=\"auto, (max-width: 1180px) 100vw, 1180px\" \/><figcaption id=\"caption-attachment-6250\" class=\"wp-caption-text\">Jordf\u00e4stning av en stupad soldat d\u00e4r skyddsk\u00e5rister st\u00e5r hedersvakt kring kistan.<\/figcaption><\/figure>\n<figure id=\"attachment_6249\" aria-describedby=\"caption-attachment-6249\" style=\"width: 2000px\" class=\"wp-caption aligncenter\"><img loading=\"lazy\" decoding=\"async\" class=\"size-full wp-image-6249\" src=\"http:\/\/www.lassebacklund.fi\/wp-content\/uploads\/2017\/10\/ota295_foto_0518-Soldatgossek\u00e5ren-med-\u00c5ke-\u00c5lgars-och-Torsten-Mitts-2.jpg\" alt=\"Soldatgossek\u00e5ren uppst\u00e4llda med skidor p\u00e5 sportplanen. Till v\u00e4nster \u00c5ke \u00c5lgars och Torsten Mitts.\" width=\"2000\" height=\"1338\" srcset=\"https:\/\/www.lassebacklund.fi\/wp-content\/uploads\/2017\/10\/ota295_foto_0518-Soldatgossek\u00e5ren-med-\u00c5ke-\u00c5lgars-och-Torsten-Mitts-2.jpg 2000w, https:\/\/www.lassebacklund.fi\/wp-content\/uploads\/2017\/10\/ota295_foto_0518-Soldatgossek\u00e5ren-med-\u00c5ke-\u00c5lgars-och-Torsten-Mitts-2-300x201.jpg 300w, https:\/\/www.lassebacklund.fi\/wp-content\/uploads\/2017\/10\/ota295_foto_0518-Soldatgossek\u00e5ren-med-\u00c5ke-\u00c5lgars-och-Torsten-Mitts-2-768x514.jpg 768w, https:\/\/www.lassebacklund.fi\/wp-content\/uploads\/2017\/10\/ota295_foto_0518-Soldatgossek\u00e5ren-med-\u00c5ke-\u00c5lgars-och-Torsten-Mitts-2-1024x685.jpg 1024w\" sizes=\"auto, (max-width: 2000px) 100vw, 2000px\" \/><figcaption id=\"caption-attachment-6249\" class=\"wp-caption-text\">Soldatgossek\u00e5ren uppst\u00e4llda med skidor p\u00e5 sportplanen. Till v\u00e4nster \u00c5ke \u00c5lgars och Torsten Mitts.<\/figcaption><\/figure>\n<figure id=\"attachment_6248\" aria-describedby=\"caption-attachment-6248\" style=\"width: 1191px\" class=\"wp-caption aligncenter\"><img loading=\"lazy\" decoding=\"async\" class=\"size-full wp-image-6248\" src=\"http:\/\/www.lassebacklund.fi\/wp-content\/uploads\/2017\/10\/ota295_foto_0517.jpg\" alt=\"Skyddsk\u00e5risternas skid\u00f6vningar med ledarna Konrad Kronman och Alvar Bj\u00f6rklund. I ledet bland annat Lennart Bj\u00f6rkn\u00e4s, Ragnar Korsb\u00e4ck, Torsten Mitts, Per Klockars, Jossandt och Holm.\" width=\"1191\" height=\"631\" srcset=\"https:\/\/www.lassebacklund.fi\/wp-content\/uploads\/2017\/10\/ota295_foto_0517.jpg 1191w, https:\/\/www.lassebacklund.fi\/wp-content\/uploads\/2017\/10\/ota295_foto_0517-300x159.jpg 300w, https:\/\/www.lassebacklund.fi\/wp-content\/uploads\/2017\/10\/ota295_foto_0517-768x407.jpg 768w, https:\/\/www.lassebacklund.fi\/wp-content\/uploads\/2017\/10\/ota295_foto_0517-1024x543.jpg 1024w\" sizes=\"auto, (max-width: 1191px) 100vw, 1191px\" \/><figcaption id=\"caption-attachment-6248\" class=\"wp-caption-text\">Skyddsk\u00e5risternas skid\u00f6vningar med ledarna Konrad Kronman och Alvar Bj\u00f6rklund. I ledet bland annat Lennart Bj\u00f6rkn\u00e4s, Ragnar Korsb\u00e4ck, Torsten Mitts, Per Klockars, Jossandt och Holm.<\/figcaption><\/figure>\n<figure id=\"attachment_6247\" aria-describedby=\"caption-attachment-6247\" style=\"width: 1180px\" class=\"wp-caption aligncenter\"><img loading=\"lazy\" decoding=\"async\" class=\"size-full wp-image-6247\" src=\"http:\/\/www.lassebacklund.fi\/wp-content\/uploads\/2017\/10\/ota295_foto_0516.jpg\" alt=\"Skyddsk\u00e5rsm\u00f6nstring p\u00e5 sportplanen i Lappfj\u00e4rd. Till v\u00e4nster Bertel Ekman som \u00e4r dekorerad med flera medaljer och framf\u00f6r honom st\u00e5r Artur Bj\u00f6rses.\" width=\"1180\" height=\"684\" srcset=\"https:\/\/www.lassebacklund.fi\/wp-content\/uploads\/2017\/10\/ota295_foto_0516.jpg 1180w, https:\/\/www.lassebacklund.fi\/wp-content\/uploads\/2017\/10\/ota295_foto_0516-300x174.jpg 300w, https:\/\/www.lassebacklund.fi\/wp-content\/uploads\/2017\/10\/ota295_foto_0516-768x445.jpg 768w, https:\/\/www.lassebacklund.fi\/wp-content\/uploads\/2017\/10\/ota295_foto_0516-1024x594.jpg 1024w\" sizes=\"auto, (max-width: 1180px) 100vw, 1180px\" \/><figcaption id=\"caption-attachment-6247\" class=\"wp-caption-text\">Skyddsk\u00e5rsm\u00f6nstring p\u00e5 sportplanen i Lappfj\u00e4rd. Till v\u00e4nster Bertel Ekman som \u00e4r dekorerad med flera medaljer och framf\u00f6r honom st\u00e5r Artur Bj\u00f6rses.<\/figcaption><\/figure>\n<figure id=\"attachment_6246\" aria-describedby=\"caption-attachment-6246\" style=\"width: 2000px\" class=\"wp-caption aligncenter\"><img loading=\"lazy\" decoding=\"async\" class=\"size-full wp-image-6246\" src=\"http:\/\/www.lassebacklund.fi\/wp-content\/uploads\/2017\/10\/ota295_foto_0515-WEB-paketk\u00e4rra-p\u00e5-v\u00e4g-till-fronten.jpg\" alt=\"Paket som skulle skickas till fronten samlades i Lilltr\u00e4sks lillstuga. Till v\u00e4nster Otto Bj\u00f6rses, i mitten Erland Bj\u00f6rkskog och till h\u00f6ger Konrad Kronman. Paketen f\u00f6rdes till t\u00e5gstationen i Kristinestad, d\u00e4rifr\u00e5n de sedan transporterades vidare till v\u00e4ntande soldater.\" width=\"2000\" height=\"1341\" srcset=\"https:\/\/www.lassebacklund.fi\/wp-content\/uploads\/2017\/10\/ota295_foto_0515-WEB-paketk\u00e4rra-p\u00e5-v\u00e4g-till-fronten.jpg 2000w, https:\/\/www.lassebacklund.fi\/wp-content\/uploads\/2017\/10\/ota295_foto_0515-WEB-paketk\u00e4rra-p\u00e5-v\u00e4g-till-fronten-300x201.jpg 300w, https:\/\/www.lassebacklund.fi\/wp-content\/uploads\/2017\/10\/ota295_foto_0515-WEB-paketk\u00e4rra-p\u00e5-v\u00e4g-till-fronten-768x515.jpg 768w, https:\/\/www.lassebacklund.fi\/wp-content\/uploads\/2017\/10\/ota295_foto_0515-WEB-paketk\u00e4rra-p\u00e5-v\u00e4g-till-fronten-1024x687.jpg 1024w\" sizes=\"auto, (max-width: 2000px) 100vw, 2000px\" \/><figcaption id=\"caption-attachment-6246\" class=\"wp-caption-text\">Paket som skulle skickas till fronten samlades i Lilltr\u00e4sks lillstuga. Till v\u00e4nster Otto Bj\u00f6rses, i mitten Erland Bj\u00f6rkskog och till h\u00f6ger Konrad Kronman. Paketen f\u00f6rdes till t\u00e5gstationen i Kristinestad, d\u00e4rifr\u00e5n de sedan transporterades vidare till v\u00e4ntande soldater.<\/figcaption><\/figure>\n<figure id=\"attachment_6245\" aria-describedby=\"caption-attachment-6245\" style=\"width: 1200px\" class=\"wp-caption aligncenter\"><img loading=\"lazy\" decoding=\"async\" class=\"size-full wp-image-6245\" src=\"http:\/\/www.lassebacklund.fi\/wp-content\/uploads\/2017\/10\/ota295_foto_0514.jpg\" alt=\"Det var kappl\u00f6pning och lekar d\u00e5 klubbmedlemmarna var p\u00e5 utf\u00e4rd till Antila i Kristinestad,\" width=\"1200\" height=\"805\" srcset=\"https:\/\/www.lassebacklund.fi\/wp-content\/uploads\/2017\/10\/ota295_foto_0514.jpg 1200w, https:\/\/www.lassebacklund.fi\/wp-content\/uploads\/2017\/10\/ota295_foto_0514-300x201.jpg 300w, https:\/\/www.lassebacklund.fi\/wp-content\/uploads\/2017\/10\/ota295_foto_0514-768x515.jpg 768w, https:\/\/www.lassebacklund.fi\/wp-content\/uploads\/2017\/10\/ota295_foto_0514-1024x687.jpg 1024w\" sizes=\"auto, (max-width: 1200px) 100vw, 1200px\" \/><figcaption id=\"caption-attachment-6245\" class=\"wp-caption-text\">Det var kappl\u00f6pning och lekar d\u00e5 klubbmedlemmarna var p\u00e5 utf\u00e4rd till Antila i Kristinestad.<\/figcaption><\/figure>\n<p>Mera foton av Selim Bj\u00f6rses hittar du genom att klicka<a href=\"https:\/\/www.lassebacklund.fi\/?page_id=6626\"><span style=\"color: #000080;\"><strong> H\u00c4R!<\/strong><\/span><\/a><\/p>\n","protected":false},"excerpt":{"rendered":"<p>H\u00e4r n\u00e5gra av Selim Bj\u00f6rses\u00b4 fotografier tagna \u00e5r 1942. Eric Stens har identifierat personerna och skrivit de flesta texter. Fotografierna \u00e4r fr\u00e5n Svenska Litteraturs\u00e4llskapets arkiv i Vasa. Mera foton av Selim Bj\u00f6rses hittar du genom att klicka H\u00c4R!<\/p>\n","protected":false},"author":1,"featured_media":0,"parent":4555,"menu_order":1942,"comment_status":"closed","ping_status":"closed","template":"","meta":{"footnotes":""},"class_list":["post-6275","page","type-page","status-publish","hentry"],"_links":{"self":[{"href":"https:\/\/www.lassebacklund.fi\/index.php?rest_route=\/wp\/v2\/pages\/6275","targetHints":{"allow":["GET"]}}],"collection":[{"href":"https:\/\/www.lassebacklund.fi\/index.php?rest_route=\/wp\/v2\/pages"}],"about":[{"href":"https:\/\/www.lassebacklund.fi\/index.php?rest_route=\/wp\/v2\/types\/page"}],"author":[{"embeddable":true,"href":"https:\/\/www.lassebacklund.fi\/index.php?rest_route=\/wp\/v2\/users\/1"}],"replies":[{"embeddable":true,"href":"https:\/\/www.lassebacklund.fi\/index.php?rest_route=%2Fwp%2Fv2%2Fcomments&post=6275"}],"version-history":[{"count":8,"href":"https:\/\/www.lassebacklund.fi\/index.php?rest_route=\/wp\/v2\/pages\/6275\/revisions"}],"predecessor-version":[{"id":22770,"href":"https:\/\/www.lassebacklund.fi\/index.php?rest_route=\/wp\/v2\/pages\/6275\/revisions\/22770"}],"up":[{"embeddable":true,"href":"https:\/\/www.lassebacklund.fi\/index.php?rest_route=\/wp\/v2\/pages\/4555"}],"wp:attachment":[{"href":"https:\/\/www.lassebacklund.fi\/index.php?rest_route=%2Fwp%2Fv2%2Fmedia&parent=6275"}],"curies":[{"name":"wp","href":"https:\/\/api.w.org\/{rel}","templated":true}]}}