{"id":5818,"date":"2017-09-17T20:45:20","date_gmt":"2017-09-17T18:45:20","guid":{"rendered":"http:\/\/www.lassebacklund.fi\/?page_id=5818"},"modified":"2017-09-17T20:45:20","modified_gmt":"2017-09-17T18:45:20","slug":"johan-henrik-basks-nekrolog","status":"publish","type":"page","link":"https:\/\/www.lassebacklund.fi\/?page_id=5818","title":{"rendered":"Johan Henrik B\u00e5sks nekrolog."},"content":{"rendered":"<p><span style=\"color: #000080;\">Nekrolog i Wasa Tidning 22.10.1886 skriven av \u201dJo,Ja\u201d som torde vara l\u00e4raren Johan Jakob Wadstr\u00f6m.<\/span><\/p>\n<h3><strong>D\u00f6dsfall. <\/strong><\/h3>\n<p>Den 12 denns afled i Dagsmark by af denna f\u00f6rsamling en allm\u00e4nt aktad allmogeman, sytningsmannen Johan Henrik B\u00e5sk. Redan i barndomen hade han f\u00f6rv\u00e4rvat en god handstil, som den tiden var n\u00e5got ovanligt. Detta, i f\u00f6rening med en icke ringa juridisk skicklighet; gjorde att han vid mognare \u00e5lder allm\u00e4nt anlitades i f\u00f6rekommande skrifg\u00f6rom\u00e5l, s\u00e5som att uppg\u00f6ra hemmanshandlingar, kontrakt, bouppteckningar, arvsskiften m.m. Sj\u00e4lv hemman\u00e4gare, var han en ivrig kommunalman, som s\u00e4llan saknades d\u00e4r f\u00f6rsamlingens angel\u00e4genheter dryftades och f\u00f6ljde st\u00e4dse med stort intresse livets viktiga fr\u00e5gor. Alltsomoftast valdes B\u00e5sk att vara f\u00f6rsamlingens f\u00f6rtroendeman. Under en l\u00e5ng f\u00f6ljd av \u00e5r var han medlem i kyrkor\u00e5det och ordf\u00f6rande i styrelsen f\u00f6r fattigv\u00e5rden, d\u00e4r han visade sitt nit f\u00f6r de n\u00f6dlidande, i det han ingalunda f\u00f6rbis\u00e5g f\u00f6rsamlingens b\u00e4sta. N\u00e4r kommunalf\u00f6rvaltningen p\u00e5 landet inf\u00f6rdes, var det t\u00e4mligen sj\u00e4lvfallet att B\u00e5sk var den mest l\u00e4mpade att intaga plats i dess styrelse, s\u00e5som ordf\u00f6rande. Allt fullgjorde han med den st\u00f6rsta samvetsgrannhet. Den spr\u00e5ksamme mannen skall helt s\u00e4kert hos m\u00e5ngen l\u00e4nge lefva i k\u00e4r h\u00e5gkomst. Hans sjuttio\u00e5riga lefnadsbana \u00e4r nu fullbordad. Frid \u00f6fver hans minne!<\/p>\n","protected":false},"excerpt":{"rendered":"<p>Nekrolog i Wasa Tidning 22.10.1886 skriven av \u201dJo,Ja\u201d som torde vara l\u00e4raren Johan Jakob Wadstr\u00f6m. D\u00f6dsfall. Den 12 denns afled i Dagsmark by af denna f\u00f6rsamling en allm\u00e4nt aktad allmogeman, sytningsmannen Johan Henrik B\u00e5sk. Redan i barndomen hade han f\u00f6rv\u00e4rvat <a class=\"more-link\" href=\"https:\/\/www.lassebacklund.fi\/?page_id=5818\">Forts\u00e4tt l\u00e4sa <span class=\"screen-reader-text\">  Johan Henrik B\u00e5sks nekrolog.<\/span><span class=\"meta-nav\">&rarr;<\/span><\/a><\/p>\n","protected":false},"author":1,"featured_media":0,"parent":5810,"menu_order":0,"comment_status":"closed","ping_status":"closed","template":"","meta":{"footnotes":""},"class_list":["post-5818","page","type-page","status-publish","hentry"],"_links":{"self":[{"href":"https:\/\/www.lassebacklund.fi\/index.php?rest_route=\/wp\/v2\/pages\/5818","targetHints":{"allow":["GET"]}}],"collection":[{"href":"https:\/\/www.lassebacklund.fi\/index.php?rest_route=\/wp\/v2\/pages"}],"about":[{"href":"https:\/\/www.lassebacklund.fi\/index.php?rest_route=\/wp\/v2\/types\/page"}],"author":[{"embeddable":true,"href":"https:\/\/www.lassebacklund.fi\/index.php?rest_route=\/wp\/v2\/users\/1"}],"replies":[{"embeddable":true,"href":"https:\/\/www.lassebacklund.fi\/index.php?rest_route=%2Fwp%2Fv2%2Fcomments&post=5818"}],"version-history":[{"count":1,"href":"https:\/\/www.lassebacklund.fi\/index.php?rest_route=\/wp\/v2\/pages\/5818\/revisions"}],"predecessor-version":[{"id":5819,"href":"https:\/\/www.lassebacklund.fi\/index.php?rest_route=\/wp\/v2\/pages\/5818\/revisions\/5819"}],"up":[{"embeddable":true,"href":"https:\/\/www.lassebacklund.fi\/index.php?rest_route=\/wp\/v2\/pages\/5810"}],"wp:attachment":[{"href":"https:\/\/www.lassebacklund.fi\/index.php?rest_route=%2Fwp%2Fv2%2Fmedia&parent=5818"}],"curies":[{"name":"wp","href":"https:\/\/api.w.org\/{rel}","templated":true}]}}