{"id":5743,"date":"2017-08-31T22:45:28","date_gmt":"2017-08-31T20:45:28","guid":{"rendered":"http:\/\/www.lassebacklund.fi\/?page_id=5743"},"modified":"2019-09-30T21:00:14","modified_gmt":"2019-09-30T18:00:14","slug":"verkfors-kvarnens-tidiga-historia","status":"publish","type":"page","link":"https:\/\/www.lassebacklund.fi\/?page_id=5743","title":{"rendered":"Verkfors kvarnens tidiga historia."},"content":{"rendered":"<p><span style=\"color: #000080;\">Denna sammanst\u00e4llning \u00e4r gjord av Lasse Backlund i augusti 2017, med uppgifter tagna ur ett r\u00e4tteg\u00e5ngsprotokoll fr\u00e5n \u00e5r 1913. Inga-Lill Sandstr\u00f6m har hj\u00e4lpt till med en sl\u00e4ktutredning.<\/span><\/p>\n<p>S\u00e5gkvarnen\u00a0i Verkforsen har en l\u00e5ng historia\u00a0med m\u00e5nga olika \u00e4gare och vi kan utg\u00e5 ifr\u00e5n att d\u00e4r har malts s\u00e4d i hundratals \u00e5r. Vissa mark\u00e4gare har arrenderat ut kvarnen och det har uppst\u00e5tt tvister om det \u00e4r enbart kvarnen eller ocks\u00e5 marken som utarrenderats. Kvarnen och s\u00e5ginr\u00e4ttningen hade ocks\u00e5 tidvis skilda \u00e4gare, vilket kan r\u00e5dda till \u00e4gof\u00f6rh\u00e5llandena. Kontrakten var ofta otydligt skrivna och ibland fick de redas ut p\u00e5 tinget.<\/p>\n<p>\u00c5r 1888 var Victor Gustafson L\u00e5ng \u00e4gare, \u00e5tminstone gjorde han ett arrendekontrakt med Oskar Penttil\u00e4 p\u00e5 50 \u00e5r. Denne Victor bytte ju sedan namn till Eklund och kallades i folkmun f\u00f6r \u201dK\u00e5rk-Viktor\u201d. S\u00e5 h\u00e4r l\u00f6d det kontraktet:<\/p>\n<p><span style=\"color: #000080;\">Arende Kontrakt<\/span><\/p>\n<p><span style=\"color: #000080;\">Her med upp l\u00e5ter jag underskrifne Wictor gustaf son L\u00e5ng ett qvarn stelle vid den s\u00e5 kallade stor backen p\u00e5 \u00f6stra sidan om storbron l\u00e4ngsm\u00e4d \u00e5bakken 20 famnar l\u00e5ngt och 6 famnar br\u00e4t, till mj\u00f6lnaren \u00c5skar Jakobs son Bentil\u00e4 p\u00e5 50 \u00e5rs tid och \u00e4ven skall \u00e5van nemde Mj\u00f6lnare g\u00f6ra 25 mark i finskt guld mynt i Arende om \u00e5ret och \u00e4ven mala vard uppl\u00e5taren Wicktor gustaf son L\u00e5ng beh\u00f6fver f\u00f6r \u00e5ret b\u00e5de gryn och mi\u00f6l och \u00e4ven g\u00f6ra pertor p\u00e5 maskinen vard uppl\u00e5taren beh\u00f6fver \u00e5rligen men efter 50 \u00e5rs f\u00f6rlopp m\u00e5st bonden l\u00f6sa in qvarnen enligt verde om int Bonden kommer \u00f6verens m\u00e4d mi\u00f6lnaren om samma rekning som f\u00f6rut, hvilket vi med v\u00e5ra namn och \u00e4genhendiga bom\u00e4rken uti till kallade vittnes nervaro bestyrkes.<\/span><\/p>\n<p><span style=\"color: #000080;\">Dagsmark by den 1 juli 1888<\/span><\/p>\n<p><span style=\"color: #000080;\">Wictor gustaf son L\u00e5ng, uppl\u00e5tare<\/span><\/p>\n<p><span style=\"color: #000080;\">M\u00e4d f\u00f6rest\u00e5ende Arende kontrakt f\u00f6r klarar jag mig till Alla delar n\u00f6id ort och tid som \u00e5van.<\/span><\/p>\n<p><span style=\"color: #000080;\">mj\u00f6lnaren oskar jakobs son bentil\u00e4<\/span><\/p>\n<p><span style=\"color: #000080;\">Bevitnar Josef Josef son B\u00e5sk\u00a0\u00a0\u00a0\u00a0 Josef S\u00f6derholm<\/span><\/p>\n<p>Det h\u00e4r kontraktet upph\u00e4vdes dock redan i mars 1890, d\u00e5 Oskar Penttil\u00e4 \u00f6verl\u00e4t kvarnen \u00e5t kusinerna &#8221;\u00c5dd&#8221; Ivar Westerback och &#8221;K\u00e5rk&#8221; Viktor Eklund, h\u00e4lften var. \u00c5r 1897 ans\u00f6kte del\u00e4garna Westerback och Eklund om tillst\u00e5nd f\u00f6r ett vattenverk av guvern\u00f6ren, och vill du l\u00e4sa om det skall du klicka <strong><a href=\"http:\/\/www.lassebacklund.fi\/?page_id=5732\"><span style=\"text-decoration: underline;\"><span style=\"color: #000080; text-decoration: underline;\">H\u00c4R.<\/span><\/span><\/a>\u00a0<\/strong>Vill du l\u00e4sa mera om \u00c5dd-Ivar och hans g\u00e5rd och sl\u00e4kt, s\u00e5\u00a0 klicka <a href=\"http:\/\/www.lassebacklund.fi\/?page_id=676\"><span style=\"text-decoration: underline;\"><span style=\"color: #000080;\"><strong>H\u00c4R!<\/strong><\/span><\/span><\/a><\/p>\n<p>\u00c5tminstone Viktor Gustafson L\u00e5ng s\u00e5lde sin andel och gjorde ett nytt kontrakt med torparen Erik L\u00e5ng och troligtvis gjorde Ivar ett likadant med nya mj\u00f6lnaren. Vad som stod i det gamla kontraktet \u00e4r inte klart men i maj 1904 f\u00f6rnyades kontraktet, och det l\u00f6d d\u00e5 s\u00e5 h\u00e4r:<\/p>\n<p><span style=\"color: #000080;\">Undertecknad, som genom k\u00f6pehandling af den 11 mars 1890 till torparen Erik L\u00e5ng f\u00f6rs\u00e5lt min tidigare innehavda andel utg\u00f6rande h\u00e4lften af Verkfors mj\u00f6lkvarn, bel\u00e4gen invid Dagsmark \u00e5bro, mot en d\u00e5 genast erlagd k\u00f6pesumma stor ettusensexhundra femtio (1650) finska mark, f\u00f6rutom r\u00e4tt att utan avgift f\u00f6rmala h\u00e4lften af den spannm\u00e5l jag skulle beh\u00f6fva f\u00f6r husbehof, samt 12 mark och 50 penni \u00e5rligt arrende f\u00f6r kvarntomten vill h\u00e4rigenom efter \u00f6fverenskommelse med k\u00f6paren hafva ifr\u00e5gavarande f\u00f6rs\u00e4ljningsvillkor och arrende \u00e4ndrade d\u00e4rh\u00e4n, att jag utom den ofvann\u00e4mnda och uppburna k\u00f6pesumman skall till arrende hafva r\u00e4tt att utan ers\u00e4ttning \u00e5 ber\u00f6rda kvarn f\u00f6rmala all den spannm\u00e5l jag kan beh\u00f6fva till husbehof men icke till afsalu, \u00e4fvensom att jag likaledes afgiftsfritt f\u00f6r eget behof men icke i och f\u00f6r f\u00f6rs\u00e4ljning, eger utf\u00f6ra tillverkningar af gryn och p\u00e4rthyfvelmaskinerna vid ber\u00f6rda kvarn och varder k\u00f6peafhandlingen af den 11 mars 1890 h\u00e4rigenom annullerad.<\/span><\/p>\n<p><span style=\"color: #000080;\">Dagsmark den 24 maj 1904.<\/span><\/p>\n<p><span style=\"color: #000080;\">Viktor Eklund, eller L\u00e5ng<\/span><\/p>\n<p><span style=\"color: #000080;\">H\u00e4rmed n\u00f6jd, Erick L\u00e5ng<\/span><\/p>\n<p>Samma dag, allts\u00e5 den 24 maj 1904 gjorde\u00a0\u201d\u00c5dd\u201d Ivar L\u00e5ng, senare Westerback, som var kusin med Viktor Eklund ett n\u00e4stan likalydande kontrakt med torparen Erik L\u00e5ng och det l\u00f6d s\u00e5 h\u00e4r:<\/p>\n<p><span style=\"color: #000080;\">H\u00e4rmedelst f\u00f6rs\u00e4ljer jag Ivar L\u00e5ng till torparen Erik L\u00e5ng mina \u00e4gande andelar i Verkfors mj\u00f6lkvarn och s\u00e5ginr\u00e4ttningar, bel\u00e4gna invid Dagsmark \u00e5bro, hvilka andelar utg\u00f6ra h\u00e4lften af kvarnen och en \u00e5ttondedel av s\u00e5ginr\u00e4ttningen j\u00e4mte min andel i inventarierna, mot en \u00f6fverenskommen k\u00f6pesumma stor ettusensexhundra (1600) finska mark, hvilken summa nu genast \u00e4r erlagd och kvitteras och f\u00e5r k\u00f6paren nu genast tilltr\u00e4da och disponera ifr\u00e5gavarande inr\u00e4ttningar. Utom ofvann\u00e4mnda k\u00f6pesumma f\u00f6rbeh\u00e5ller jag mig r\u00e4tt att utan ers\u00e4ttning \u00e5 ber\u00f6rda kvarn f\u00f6rmala all den spannm\u00e5l jag kan beh\u00f6fva till husbehof, men icke till afsalu, \u00e4fvensom att likaledes afgiftsfritt f\u00f6r eget behof, men icke f\u00f6r f\u00f6rs\u00e4ljning utf\u00f6ras tillverkningar \u00e5 gryn och p\u00e4rthyfvelmaskinerna vid sagda kvarn.<\/span><\/p>\n<p><span style=\"color: #000080;\">Dagsmark den 24 maj 1904.<\/span><\/p>\n<p><span style=\"color: #000080;\">Ivar L\u00e5ng.<\/span><\/p>\n<p><span style=\"color: #000080;\">H\u00e4rmed n\u00f6jd, Erick L\u00e5ng.<\/span><\/p>\n<p>Denne Erik L\u00e5ng hade varit i Amerika flera g\u00e5nger p\u00e5 1800-talet, men mellan \u00e5ren 1894-1903 var han torpare p\u00e5 L\u00e5ng hemman, n\u00e5gonstans p\u00e5 A-sidon. Erik (1851-1930) var son till Josef Fr\u00f6berg och Lena Greta Rost\u00e9n, och blev efter sin mor kallad f\u00f6r \u201dLena-Erik\u201d. Erik var gift med Maria Sofia och de fick flera barn, bland annat Erland Rosenback (1890-1943).<\/p>\n<p>Denna torpare Erik L\u00e5ng blev inte l\u00e5ngvarig \u00e4gare, f\u00f6r \u00e5r 1907 s\u00e5lde han alltsammans \u00e5t Erik Anders Broberg och reser sedan tillbaka till Amerika, varifr\u00e5n han dock \u00e5terv\u00e4nder efter 5 \u00e5r. S\u00e5 h\u00e4r l\u00f6d detta kontrakt:<\/p>\n<p><span style=\"color: #000080;\">H\u00e4rmed f\u00f6rs\u00e4ljer jag Erik Josefsson L\u00e5ng till inhysesmannen Erik Anders Broberg, icke blott min \u00e4gande vid Dagsmark \u00e5bro bel\u00e4gna Verkfors mj\u00f6lkvarn, utan \u00e4fven mig tillh\u00f6rande 3\/8 af den d\u00e4rinvid bel\u00e4gna s\u00e5ginr\u00e4ttningen med s\u00e5v\u00e4l till kvarnen som s\u00e5gandelen tillh\u00f6riga inventarier, allt i det skick det nu befinnes mot en \u00f6verenskommen och nu erlagd k\u00f6pesumma stor fyratusen etthundra (4100) mark finskt guldmynt som kvitteras, hvarf\u00f6rutom b\u00f6nderna Viktor Eklund och Ivar L\u00e5ng bibeh\u00e5lles vid de r\u00e4ttigheter i afseende \u00e5 afgiftsfri malning \u00e5 kvarnen \u00e4fvensom tillverkningar av gryn- och p\u00e4rthyvelmaskinerna i den m\u00e5n deras kontrakt af den 24 maj 1904 s\u00e5dant medgifva.<\/span><\/p>\n<p><span style=\"color: #000080;\">Ifr\u00e5ga varande kvarn och andel i ber\u00f6rda s\u00e5ginr\u00e4ttning j\u00e4mte inventarierna f\u00e5r af k\u00f6paren Erik Anders Broberg genast fr\u00e5n denna dag tilltr\u00e4das, i \u00f6frigt p\u00e5 de villkor jag innehaft densamma, som f\u00f6rs\u00e4kras.<\/span><\/p>\n<p><span style=\"color: #000080;\">Dagsmark den 9 oktober 1907.<\/span><\/p>\n<p><span style=\"color: #000080;\">Erick L\u00e5ng<\/span><\/p>\n<p><span style=\"color: #000080;\">H\u00e4rmed n\u00f6jd, Erik Anders Broberg<\/span><\/p>\n<p>Den nya \u00e4garen, Erik Anders Broberg (1878-1954) var son till Josef Str\u00f6mberg den \u00e4ldre som bodde n\u00e4ra Kiaskroken, han var allts\u00e5 bror till &#8221;Str\u00f6mbergas-Josip&#8221; den yngre. Broberg var en orolig man, som var till Amerika inte mindre \u00e4n 4 g\u00e5nger och inte nog med det, han var gift lika m\u00e5nga g\u00e5nger. Med den ena hustrun fick han 2 d\u00f6ttrar, den ena flyttade till Amerika medan den andra gifte sig till L\u00e5lby. Vill du l\u00e4sa mera om Str\u00f6mbergas Josipas, s\u00e5 klicka <a href=\"http:\/\/www.lassebacklund.fi\/?page_id=3261\"><span style=\"text-decoration: underline;\"><span style=\"color: #000080;\"><strong>H\u00c4R.<\/strong><\/span><\/span><\/a><\/p>\n<p>Fr\u00e5n och med 1907 \u00e4r allts\u00e5 Broberg \u00e4gare och \u00e5r 1909 annonserade han s\u00e5 h\u00e4r:<\/p>\n<figure id=\"attachment_1657\" aria-describedby=\"caption-attachment-1657\" style=\"width: 370px\" class=\"wp-caption aligncenter\"><img loading=\"lazy\" decoding=\"async\" class=\"wp-image-1657\" src=\"http:\/\/www.lassebacklund.fi\/wp-content\/uploads\/2016\/11\/1909-april-Brobergs-frakthyvling.jpg\" alt=\"\u00c5r 1909 s\u00e5 ser det ut som om Broberg skulle ha varit \u00e4gare till s\u00e5gkvarnen vid Verkforsen.\" width=\"370\" height=\"251\" srcset=\"https:\/\/www.lassebacklund.fi\/wp-content\/uploads\/2016\/11\/1909-april-Brobergs-frakthyvling.jpg 481w, https:\/\/www.lassebacklund.fi\/wp-content\/uploads\/2016\/11\/1909-april-Brobergs-frakthyvling-300x203.jpg 300w\" sizes=\"auto, (max-width: 370px) 100vw, 370px\" \/><figcaption id=\"caption-attachment-1657\" class=\"wp-caption-text\">\u00c5r 1909 s\u00e5 var Broberg \u00e4gare till s\u00e5gkvarnen vid Verkforsen. Han reste till Canada samma \u00e5r men \u00e5terv\u00e4nde redan f\u00f6ljande \u00e5r.<\/figcaption><\/figure>\n<p>Broberg\u00a0gjorde inte mindre \u00e4n 4 resor till\u00a0Amerika och under hans resor var det Frans Heinonen fr\u00e5n Lappfj\u00e4rd som sk\u00f6tte mj\u00f6lkvarnen i Verkforsen. \u00c5rsarrendet skulle varje \u00e5r betalas \u00e5t Ivar Westerback och \u00e5r 1910 d\u00e5 Broberg sj\u00e4lv var i Amerika, s\u00e5 var det hustrun som sk\u00f6tte betalningen och hon fick ett kvitto av Ivar, som lydde s\u00e5 h\u00e4r:<\/p>\n<p><span style=\"color: #000080;\">Af Maya greta Broberg har jag denna dag mottagit femtio (50) mark som tv\u00e5 \u00e5rs arend f\u00f6r qvarntomten, erk\u00e4nnes h\u00e4rmed.<\/span><\/p>\n<p>Undertecknat av Ivar Westerback och bevittnat av J. H. Storkull och Amanda Lillkull.<\/p>\n<p>Sedan \u00e5r 1900 hade en storskiftesreglering varit p\u00e5 g\u00e5ng i Dagsmark och lantm\u00e4taren ans\u00e5g d\u00e5 att denna tomt skulle tillh\u00f6ra Ivar Westerback. S\u00e5gkvarnen \u00e4gdes visserligen av Broberg men enligt lantm\u00e4taren \u00e4gde Broberg ingen tomt. Viktor Eklund besv\u00e4rade sig \u00f6ver\u00a0detta beslut men 1906 f\u00f6rkastades hans besv\u00e4r av egodelningsr\u00e4tten. I augusti 1908 tillerk\u00e4nde r\u00e4tten till denna kvarntomt \u00e5t Ivar Westerback och det blev sedan lagligen fastst\u00e4llt i november \u00e5r 1912, d\u00e5 storskiftet avslutades. Broberg fortsatte att besitta kvarntomten, trots att Ivar Westerback yrkade p\u00e5 att han skulle uppge tomten och flytta bort alla byggnader. Broberg ans\u00e5g sig ha r\u00e4tt att kvarh\u00e5lla kvarnen enligt gamla avtal och eftersom de inte kunde enas, s\u00e5 f\u00f6rde Ivar \u00e4rendet till r\u00e4tten f\u00f6r att avhysa Broberg.<\/p>\n<figure id=\"attachment_1658\" aria-describedby=\"caption-attachment-1658\" style=\"width: 353px\" class=\"wp-caption aligncenter\"><img loading=\"lazy\" decoding=\"async\" class=\" wp-image-1658\" src=\"http:\/\/www.lassebacklund.fi\/wp-content\/uploads\/2016\/11\/19121214-Broberg-s\u00e4ljer-kvarn.jpg\" alt=\"I december 1912 vill Broberg s\u00e4lja kvarnen enligt en annons i Syd-\u00d6sterbotten.\" width=\"353\" height=\"206\" srcset=\"https:\/\/www.lassebacklund.fi\/wp-content\/uploads\/2016\/11\/19121214-Broberg-s\u00e4ljer-kvarn.jpg 1769w, https:\/\/www.lassebacklund.fi\/wp-content\/uploads\/2016\/11\/19121214-Broberg-s\u00e4ljer-kvarn-300x175.jpg 300w, https:\/\/www.lassebacklund.fi\/wp-content\/uploads\/2016\/11\/19121214-Broberg-s\u00e4ljer-kvarn-768x448.jpg 768w, https:\/\/www.lassebacklund.fi\/wp-content\/uploads\/2016\/11\/19121214-Broberg-s\u00e4ljer-kvarn-1024x598.jpg 1024w\" sizes=\"auto, (max-width: 353px) 100vw, 353px\" \/><figcaption id=\"caption-attachment-1658\" class=\"wp-caption-text\">I december 1912, allts\u00e5 en m\u00e5nad efter att storskiftet\u00a0hade avslutats s\u00e5 ville Broberg s\u00e4lja kvarnen enligt en annons i Syd-\u00d6sterbotten.<\/figcaption><\/figure>\n<p>Den 13 februari 1913 gjorde Ivar Westerback en ans\u00f6kan om st\u00e4mning till Domhafvandet i N\u00e4rpes domsaga att Broberg skall avtr\u00e4da marken \u00e5t honom:<\/p>\n<p><span style=\"color: #000080;\">Vid storskiftesregleringen i Dagsmark skifteslag, som slutligen fastst\u00e4lldes 28 november 1912 har min egande Westerback ben\u00e4mnda af L\u00e5ng skattehemman Nr 4 i Dagsmark by af Lappfj\u00e4rds socken bland annat tillskiftats egofiguren Nr 1388 om 0,215 hektar. Denna mark besitter nu Mj\u00f6lnaren Erik Anders Josefsson Broberg, utan mig veterlig r\u00e4tt.<\/span><\/p>\n<p><span style=\"color: #000080;\">D\u00e5 han ej i godo kunnat f\u00f6rm\u00e5s att till mig aftr\u00e4da marken samt bortflytta sin d\u00e4r uppf\u00f6rda kvarnanl\u00e4ggning, anh\u00e5ller jag v\u00f6rdsammast, om laga st\u00e4mning \u00e5 honom till f\u00f6rstskeende lagtima vinterting i Lappfj\u00e4rds och Sideby socknars tingslag f\u00f6r att h\u00f6ras och svarom\u00e5l avgiva, d\u00e5 jag \u00e4rnar yrka hans lagliga f\u00f6rpliktande att till mig genast avtr\u00e4da marken och bortflytta sina d\u00e4r\u00e5 uppf\u00f6rda hus.<\/span><\/p>\n<p><span style=\"color: #000080;\">Kristinestad den 13 februari 1913.<\/span><\/p>\n<p><span style=\"color: #000080;\">Ivar Karlsson Westerback, Bonde i Dagsmark<\/span><\/p>\n<p>Ivars ans\u00f6kan ledde till att Broberg fick en st\u00e4mning att infinna sig p\u00e5 tinget, som lydde s\u00e5 h\u00e4r:<\/p>\n<p><span style=\"color: #000080;\">Till f\u00f6ljd av f\u00f6rest\u00e5ende st\u00e4mnings ans\u00f6kan varder Mj\u00f6lnaren Erik Anders Josefsson Broberg h\u00e4rigenom kallad och st\u00e4mt till femte (5) r\u00e4tteg\u00e5ngsdagen af f\u00f6rstinfallande lagtima vinterting i Lappfj\u00e4rd och Sideby socknars tingslag, vilket ting vidtager den 22 n\u00e4stinkommande April och f\u00f6rr\u00e4ttas \u00e5 Jossandt hemman i Lappfj\u00e4rd by och socken, f\u00f6r att h\u00f6ras och svarom\u00e5l avgiva i anledning af st\u00e4mningstaganden Ivar Karlsson Westerbacks tillernade i st\u00e4mningsans\u00f6kan n\u00e4rmare utvecklade talan. Och erinras att denna st\u00e4mning b\u00f6r vid laga p\u00e5f\u00f6ljd h\u00f6rsammas.<\/span><\/p>\n<p><span style=\"color: #000080;\">Malaks den 18 Februari 1913.<\/span><\/p>\n<p><span style=\"color: #000080;\">P\u00e5 Domare \u00e4mbetets v\u00e4gnar, J.F. Barck<\/span><\/p>\n<p>N\u00e4mndemannen J. V. Ingves fr\u00e5n Lappfj\u00e4rd upps\u00f6kte tillsammans med vittnet Otto P\u00e4rus, Broberg i Dagsmark och \u00f6verl\u00e4t st\u00e4mningen:<\/p>\n<p><span style=\"color: #000080;\">En bestyrkt afskrift af f\u00f6rest\u00e5ende st\u00e4mning har jag idag delgifvit och tillst\u00e4lldt Mj\u00f6lnaren Erik Anders Josefsson Broberg, <\/span><span style=\"color: #000080;\">intygar Dagsmark den 24 februari 1913. J. V. Ingves, n\u00e4mndeman.<\/span><\/p>\n<p>Under sj\u00e4lva r\u00e4tteg\u00e5ngen i april 1913 uppvisade Ivar Westerback en karta som klart visade att han efter storskiftet blivit \u00e4gare till kvarntomten.<\/p>\n<figure id=\"attachment_5730\" aria-describedby=\"caption-attachment-5730\" style=\"width: 803px\" class=\"wp-caption aligncenter\"><img loading=\"lazy\" decoding=\"async\" class=\" wp-image-5730\" src=\"http:\/\/www.lassebacklund.fi\/wp-content\/uploads\/2017\/08\/Karta-\u00f6ver-kvarn-s\u00e5gomr\u00e5det.jpg\" alt=\"P\u00e5 denna detaljkarta fr\u00e5n 1912, s\u00e5 ser vi att omr\u00e5det tillh\u00f6rde Ivar Westerback.\" width=\"803\" height=\"1292\" srcset=\"https:\/\/www.lassebacklund.fi\/wp-content\/uploads\/2017\/08\/Karta-\u00f6ver-kvarn-s\u00e5gomr\u00e5det.jpg 997w, https:\/\/www.lassebacklund.fi\/wp-content\/uploads\/2017\/08\/Karta-\u00f6ver-kvarn-s\u00e5gomr\u00e5det-186x300.jpg 186w, https:\/\/www.lassebacklund.fi\/wp-content\/uploads\/2017\/08\/Karta-\u00f6ver-kvarn-s\u00e5gomr\u00e5det-768x1236.jpg 768w, https:\/\/www.lassebacklund.fi\/wp-content\/uploads\/2017\/08\/Karta-\u00f6ver-kvarn-s\u00e5gomr\u00e5det-636x1024.jpg 636w\" sizes=\"auto, (max-width: 803px) 100vw, 803px\" \/><figcaption id=\"caption-attachment-5730\" class=\"wp-caption-text\">P\u00e5 denna detaljkarta fr\u00e5n 1912, s\u00e5 ser vi att omr\u00e5det tillh\u00f6rde Ivar Westerback.<\/figcaption><\/figure>\n<p>Enligt kartan blev denna kvarntomt utbruten \u00e5t Ivar Westerback 1906-1907 men tydligen var inte Broberg informerad om detta. P\u00e5 tinget bitr\u00e4ddes k\u00e4randen Westerback av borgm\u00e4stare Granfelt fr\u00e5n Kristinestad och Broberg bitr\u00e4ddes av juristen Torsten Nilsson.<\/p>\n<p>K\u00e4randen Westerback uppvisade ocks\u00e5 dokument som storskiftets lantm\u00e4tare Sten Nilsson hade skrivit. Den andra maj 1906 hade kvarntomten tilldelats Westerback och n\u00e5gon g\u00e5ng mellan den 10 juni \u2013 5 augusti 1907 hade tomten p\u00e5lats ut med r\u00e5stenar.<\/p>\n<p>P\u00e5 tinget ingav svarandepartens ombud Nilsson ett skriftligt svar:<\/p>\n<p><span style=\"color: #000080;\">Genom Guvern\u00f6rens \u00f6fver Vasa l\u00e4n utslag af den 14 februari 1899 har tillst\u00e5nd gifvits b\u00f6nderna Viktor Gustafson L\u00e5ng och Ivar Karlsson, hvilken sistn\u00e4mnde \u00e4r samma person som k\u00e4rande Ivar Karlsson Westerback, att med vattenkraft drifva nu ifr\u00e5gavarande vattenverk i Verkforsen ben\u00e4mnda fors af Lappfj\u00e4rds \u00e5 och har vi f\u00f6rr\u00e4ttningen f\u00f6r sagda tillst\u00e5nds gifvande framg\u00e5tt, det n\u00e4mnda s\u00f6kande ensamma voro \u00e4gare till anl\u00e4ggningsst\u00e4llet och vattenkraften. Kvarnen \u00e4gdes sedan till h\u00e4lften av k\u00e4randen och till den andra h\u00e4lften av Viktor L\u00e5ng, \u00e4nda tills k\u00e4randen genom k\u00f6peafhandling af den 24 maj 1904 s\u00e5lde sin andel i kvarnen till torparen Erik L\u00e5ng, och Viktor Eklund genom k\u00f6pebref av samma datum \u00e4fven s\u00e5lde sin andel till Erik L\u00e5ng. I k\u00f6pehandlingarna f\u00f6rbeh\u00e5ller sig s\u00e4ljarna, utom andra f\u00f6rm\u00e5ner, r\u00e4tt att utan ers\u00e4ttning \u00e5 n\u00e4mnda kvarn f\u00f6rmala all den spannm\u00e5l de beh\u00f6fver till husbehof, \u00e4fvensom att likas\u00e5 afgiftsfritt f\u00f6r eget behof utf\u00f6ra tillverkningar \u00e5 grynverk och hyfvelmaskinerna vid kvarnen. Genom afhandling af den 9 oktober 1907 s\u00e5lde sedan bem\u00e4lde Erik L\u00e5ng hela kvarnen till mig, d\u00e4rvid jag \u00f6vertog mj\u00f6lnarens f\u00f6rpliktelser mot Viktor L\u00e5ng och k\u00e4randen, hvilka s\u00e5lunda bibeh\u00f6llos vid sina r\u00e4ttigheter i afseende \u00e5 avgiftsfri malning samt begagna grynverk och p\u00e4rthyfvelmaskinerna. Af dessa sina r\u00e4ttigheter har k\u00e4randen \u00e4fven begagnat sig samt \u00e4fven mottagit arrende f\u00f6r kvarntomten af mig.<\/span><\/p>\n<p><span style=\"color: #000080;\">Den 23 april 1906 fastst\u00e4llde denna H\u00e4radsr\u00e4tt inteckning i Viktor L\u00e5ngs och hans hustrus egande 1\/24 mantal af L\u00e5ng skattehemman Nr 4 i Dagsmarkby af Lappfj\u00e4rds socken, d\u00e5varande innehafvaren af kvarnen Erik L\u00e5ngs till s\u00e4kerhet f\u00f6r den honom tillkommande nyttjander\u00e4tten till sagda tomtplats, hvilken nyttjander\u00e4tt enligt kontraktet af den 24 maj 1904 skulle g\u00e4lla i 50 \u00e5rs tid, r\u00e4knat fr\u00e5n sagda dag. Om nu k\u00e4randen, s\u00e5som han p\u00e5st\u00e5r, genom storskiftesregleringen i Dagsmark skifteslag f\u00e5tt egander\u00e4tt till kvarntomten, hvarom jag ej har k\u00e4nnedom, och d\u00e5 han sj\u00e4lv j\u00e4mv\u00e4l tidigare s\u00e5som n\u00e4mnts egt ideel andel i kvarnen, b\u00f6r han ju forts\u00e4ttningsvis vara ansvarig f\u00f6r att kvarnens \u00e4gare f\u00e5r \u00e5tnjuta densamma, hvilket framg\u00e5r ur lagens principstadganden om hemulst\u00e5ndande. Att nyttjander\u00e4tten till tomten \u00e4r bindande \u00e4fven gentemot k\u00e4randen synes icke vara utan tvivel underkastat, d\u00e5 han sj\u00e4lf i k\u00f6pebrevet mellan honom och Erik L\u00e5ng f\u00f6rbundit sig l\u00e5ta denna tilltr\u00e4da och disponera ifr\u00e5gavarande inr\u00e4ttningar, samt d\u00e5 han sj\u00e4lvmant intr\u00e4dt i Viktor L\u00e5ngs r\u00e4ttighet att uppb\u00e4ra arrendet f\u00f6r kvarntomten, \u00e4fven som fortfarande \u00e5tnjutit sina r\u00e4ttigheter i fr\u00e5ga om fri m\u00e4ld. Genom att begagna sig af fri m\u00e4ld i kvarnen har k\u00e4randen s\u00e5ledes sj\u00e4lv iakttagit och underkastat sig arrendekontraktet och var han s\u00e5lunda bunden af kontraktet redan f\u00f6rr\u00e4n han enligt egen uppgift genom storskiftesregleringen m\u00f6jligen blifvit \u00e4gare till omr\u00e5de hvar\u00e5 kvarnen befinner sig.<\/span><\/p>\n<p><span style=\"color: #000080;\">P\u00e5 ofvanf\u00f6rda sk\u00e4l emotser jag k\u00e4rom\u00e5lets f\u00f6rkastande, samt k\u00e4randens f\u00f6rpliktande att ers\u00e4tta kostnader i m\u00e5let.<\/span><\/p>\n<p><span style=\"color: #000080;\">I f\u00f6rbig\u00e5ende vill jag \u00e4nnu omn\u00e4mna, det till min k\u00e4nnedom kommit det Kejserliga Vasa Hofr\u00e4tt afgjort ett liknande m\u00e5l som detta samt d\u00e4rvid godk\u00e4nt den af mig nu framlagda tolkningen af nya jord\u00e4garens skyldigheter att respektera kvarn\u00e4garens arrendekontrakt. R\u00e4ttsfallet ifr\u00e5ga var n\u00e4mligen i korthet refererat f\u00f6ljande: En jord\u00e4gare hade till en mj\u00f6lnare arrenderat jordomr\u00e5de och vattenfall i och f\u00f6r anl\u00e4ggande af kvarn, samt utom arrendet f\u00f6rbeh\u00e5llit sig r\u00e4tt till fri m\u00e4ld. D\u00e4rav hade han \u00e4fven begagnat sig. Ifr\u00e5gavarande arrendekontrakt var ej intecknadt i jord\u00e4garens fastighet. D\u00e5 denne s\u00e5lde fastigheten begagnade sig den nya fastighets\u00e4garen af sin r\u00e4tt till fri m\u00e4ld, utan att dock hafva med mj\u00f6lnaren uppgjort n\u00e5gon som h\u00e4lst \u00f6fverenskommelse ang\u00e5ende arrendekontraktets fortfarande best\u00e5nd. Sedermera yrkade denne nya \u00e4gare mj\u00f6lnarens avhysande p\u00e5 grund af arrendekontraktet s\u00e5som icke intecknadt ej vore bindande gentemot honom. Kejserliga Vasa Hofr\u00e4tt som i sista instans avgjorde m\u00e5let, f\u00f6rkastade k\u00e4rom\u00e5let just p\u00e5 den grund, att k\u00e4randen genom att begagna sig af sin r\u00e4tt till fri m\u00e4ld intr\u00e4tt i arrendegifvarens st\u00e4lle och d\u00e4rigenom underkastat sig arredekontraktet.<\/span><\/p>\n<p><span style=\"color: #000080;\">Erik Anders Josefsson Broberg, Mj\u00f6lnare i Dagsmark by af Lappfj\u00e4rds socken.<\/span><\/p>\n<p>Efter l\u00e5nga f\u00f6rhandlingar mellan parterna kallades 3 vittnen in: bonden Josef Nyg\u00e5rd, dr\u00e4ngen Frans Heinonen fr\u00e5n Lappfj\u00e4rd och Handelsf\u00f6rest\u00e5ndaren Erik Roseng\u00e5rd.<\/p>\n<p>Josef Nyg\u00e5rd vittnade att k\u00e4randen Ivar Westerback nog anv\u00e4nt sig av kvarnen. Denne skulle ocks\u00e5 ha hyvlat p\u00e4rtor \u00e5t sig f\u00f6r husbehov. Dr\u00e4ngen Frans Heinonen som under Brobergs Amerikavistelse f\u00f6r tre \u00e5r sedan, sk\u00f6tte om kvarnen vittnade att Ivar Westerback nog hade anv\u00e4nt b\u00e5de kvarnen och p\u00e4rthyvelmaskinen. Erik Anders Roseng\u00e5rd intygande samma sak som de tv\u00e5 tidigare vittnena.<\/p>\n<p>Efter vittnesm\u00e5len fortsatte diskussionen med slutpl\u00e4deringar och efter det var parterna \u00f6verens att \u00f6verl\u00e4mna \u00e4rendet till r\u00e4ttens pr\u00f6vning. F\u00f6r att r\u00e4tten skulle f\u00e5 tid p\u00e5 sig att g\u00e5 igenom handlingarna uppsk\u00f6ts behandlingen till tingets 13 dag d\u00e5 beslutet delgavs parterna.<\/p>\n<p>Den 9 maj 1913 fortsatte behandlingen och b\u00e5da parter kompletterade sina yrkanden. Sedan kom r\u00e4tten med sitt utslag som konstaterade att Ivar Westerback i storskiftesreglering blivit tillskiftad denna kvarntomt och att Erik Anders Broberg b\u00f6r uppge sin besittningsr\u00e4tt \u00e5t Westerback. Senast f\u00f6rsta juni \u00e5r 1914 b\u00f6r Broberg ha flyttat bort sina byggnader fr\u00e5n kvarntomten och r\u00e4tten d\u00f6mde b\u00e5da parter att sj\u00e4lva st\u00e5 f\u00f6r sina r\u00e4tteg\u00e5ngskostnader.<\/p>\n<p>Vad som sedan h\u00e4nde med Brobergs s\u00e5gkvarn i Verkforsen \u00e4r oklart, m\u00f6jligtvis gjorde han n\u00e5gon f\u00f6rlikning med Ivar Westerback. Efter n\u00e5gra \u00e5r byggdes kvarnen om till elkraftverk och Broberg torde ha varit med i det projektet.<\/p>\n","protected":false},"excerpt":{"rendered":"<p>Denna sammanst\u00e4llning \u00e4r gjord av Lasse Backlund i augusti 2017, med uppgifter tagna ur ett r\u00e4tteg\u00e5ngsprotokoll fr\u00e5n \u00e5r 1913. Inga-Lill Sandstr\u00f6m har hj\u00e4lpt till med en sl\u00e4ktutredning. S\u00e5gkvarnen\u00a0i Verkforsen har en l\u00e5ng historia\u00a0med m\u00e5nga olika \u00e4gare och vi kan utg\u00e5 <a class=\"more-link\" href=\"https:\/\/www.lassebacklund.fi\/?page_id=5743\">Forts\u00e4tt l\u00e4sa <span class=\"screen-reader-text\">  Verkfors kvarnens tidiga historia.<\/span><span class=\"meta-nav\">&rarr;<\/span><\/a><\/p>\n","protected":false},"author":1,"featured_media":0,"parent":1652,"menu_order":0,"comment_status":"closed","ping_status":"closed","template":"","meta":{"footnotes":""},"class_list":["post-5743","page","type-page","status-publish","hentry"],"_links":{"self":[{"href":"https:\/\/www.lassebacklund.fi\/index.php?rest_route=\/wp\/v2\/pages\/5743","targetHints":{"allow":["GET"]}}],"collection":[{"href":"https:\/\/www.lassebacklund.fi\/index.php?rest_route=\/wp\/v2\/pages"}],"about":[{"href":"https:\/\/www.lassebacklund.fi\/index.php?rest_route=\/wp\/v2\/types\/page"}],"author":[{"embeddable":true,"href":"https:\/\/www.lassebacklund.fi\/index.php?rest_route=\/wp\/v2\/users\/1"}],"replies":[{"embeddable":true,"href":"https:\/\/www.lassebacklund.fi\/index.php?rest_route=%2Fwp%2Fv2%2Fcomments&post=5743"}],"version-history":[{"count":9,"href":"https:\/\/www.lassebacklund.fi\/index.php?rest_route=\/wp\/v2\/pages\/5743\/revisions"}],"predecessor-version":[{"id":14561,"href":"https:\/\/www.lassebacklund.fi\/index.php?rest_route=\/wp\/v2\/pages\/5743\/revisions\/14561"}],"up":[{"embeddable":true,"href":"https:\/\/www.lassebacklund.fi\/index.php?rest_route=\/wp\/v2\/pages\/1652"}],"wp:attachment":[{"href":"https:\/\/www.lassebacklund.fi\/index.php?rest_route=%2Fwp%2Fv2%2Fmedia&parent=5743"}],"curies":[{"name":"wp","href":"https:\/\/api.w.org\/{rel}","templated":true}]}}