{"id":5375,"date":"2017-07-30T14:21:40","date_gmt":"2017-07-30T12:21:40","guid":{"rendered":"http:\/\/www.lassebacklund.fi\/?page_id=5375"},"modified":"2024-04-25T10:05:01","modified_gmt":"2024-04-25T07:05:01","slug":"selims-foton-fran-ar-1939","status":"publish","type":"page","link":"https:\/\/www.lassebacklund.fi\/?page_id=5375","title":{"rendered":"Selims foton fr\u00e5n \u00e5r 1939."},"content":{"rendered":"<p>H\u00e4r n\u00e5gra av folkskoll\u00e4raren Selim Bj\u00f6rses\u00b4 fotografier. Eric Stens har identifierat personerna och skrivit de flesta texter. Fotografierna \u00e4r fr\u00e5n Svenska Litteraturs\u00e4llskapets arkiv i Vasa.<\/p>\n<figure id=\"attachment_5421\" aria-describedby=\"caption-attachment-5421\" style=\"width: 1941px\" class=\"wp-caption aligncenter\"><img loading=\"lazy\" decoding=\"async\" class=\"size-full wp-image-5421\" src=\"http:\/\/www.lassebacklund.fi\/wp-content\/uploads\/2017\/07\/ota295_foto_0405WEB-Fr\u00f6berg-Otto-med-gammal-traktor.jpg\" alt=\"Otto Fr\u00f6berg plogar med sin nya traktor av modell McCormick, med j\u00e4rnhjul b\u00e5de fram och bak. I bakgrunden Flottbron och Storhannus g\u00e5rd.\" width=\"1941\" height=\"1244\" srcset=\"https:\/\/www.lassebacklund.fi\/wp-content\/uploads\/2017\/07\/ota295_foto_0405WEB-Fr\u00f6berg-Otto-med-gammal-traktor.jpg 1941w, https:\/\/www.lassebacklund.fi\/wp-content\/uploads\/2017\/07\/ota295_foto_0405WEB-Fr\u00f6berg-Otto-med-gammal-traktor-300x192.jpg 300w, https:\/\/www.lassebacklund.fi\/wp-content\/uploads\/2017\/07\/ota295_foto_0405WEB-Fr\u00f6berg-Otto-med-gammal-traktor-768x492.jpg 768w, https:\/\/www.lassebacklund.fi\/wp-content\/uploads\/2017\/07\/ota295_foto_0405WEB-Fr\u00f6berg-Otto-med-gammal-traktor-1024x656.jpg 1024w\" sizes=\"auto, (max-width: 1941px) 100vw, 1941px\" \/><figcaption id=\"caption-attachment-5421\" class=\"wp-caption-text\">Otto Fr\u00f6berg plogar med sin nya traktor av modell McCormick, med j\u00e4rnhjul b\u00e5de fram och bak. I bakgrunden Flottbron och Storhannus g\u00e5rd.<\/figcaption><\/figure>\n<figure id=\"attachment_5412\" aria-describedby=\"caption-attachment-5412\" style=\"width: 1188px\" class=\"wp-caption aligncenter\"><img loading=\"lazy\" decoding=\"async\" class=\"size-full wp-image-5412\" src=\"http:\/\/www.lassebacklund.fi\/wp-content\/uploads\/2017\/07\/ota295_foto_0414.jpg\" alt=\"Verna Agn\u00e4s (f. 1925 senare gift med Arne Bj\u00f6rkskog) visar upp sin fina tr\u00e4dg\u00e5rd, framf\u00f6r en minst lika fin bondg\u00e5rd p\u00e5 Sebbasbackan bredvid folkskolan i Dagsmark.\" width=\"1188\" height=\"691\" srcset=\"https:\/\/www.lassebacklund.fi\/wp-content\/uploads\/2017\/07\/ota295_foto_0414.jpg 1188w, https:\/\/www.lassebacklund.fi\/wp-content\/uploads\/2017\/07\/ota295_foto_0414-300x174.jpg 300w, https:\/\/www.lassebacklund.fi\/wp-content\/uploads\/2017\/07\/ota295_foto_0414-768x447.jpg 768w, https:\/\/www.lassebacklund.fi\/wp-content\/uploads\/2017\/07\/ota295_foto_0414-1024x596.jpg 1024w\" sizes=\"auto, (max-width: 1188px) 100vw, 1188px\" \/><figcaption id=\"caption-attachment-5412\" class=\"wp-caption-text\">Verna Agn\u00e4s (f. 1925 senare gift med Arne Bj\u00f6rkskog) visar upp sin fina tr\u00e4dg\u00e5rd, framf\u00f6r en minst lika fin bondg\u00e5rd p\u00e5 Sebbasbackan bredvid folkskolan i Dagsmark.<\/figcaption><\/figure>\n<p>Vill du l\u00e4sa mera om Agn\u00e4s g\u00e5rd p\u00e5 Sebbasbackan, s\u00e5 klicka <a href=\"http:\/\/www.lassebacklund.fi\/?page_id=623\"><span style=\"text-decoration: underline;\"><span style=\"color: #000080;\"><strong>H\u00c4R!<\/strong><\/span><\/span><\/a><\/p>\n<figure id=\"attachment_5411\" aria-describedby=\"caption-attachment-5411\" style=\"width: 1175px\" class=\"wp-caption aligncenter\"><img loading=\"lazy\" decoding=\"async\" class=\"size-full wp-image-5411\" src=\"http:\/\/www.lassebacklund.fi\/wp-content\/uploads\/2017\/07\/ota295_foto_0413.jpg\" alt=\"Ok\u00e4nd flicka som visar upp sitt klubbland, med \u00f6ppna \u00e4ngar i bakgrunden.\" width=\"1175\" height=\"751\" srcset=\"https:\/\/www.lassebacklund.fi\/wp-content\/uploads\/2017\/07\/ota295_foto_0413.jpg 1175w, https:\/\/www.lassebacklund.fi\/wp-content\/uploads\/2017\/07\/ota295_foto_0413-300x192.jpg 300w, https:\/\/www.lassebacklund.fi\/wp-content\/uploads\/2017\/07\/ota295_foto_0413-768x491.jpg 768w, https:\/\/www.lassebacklund.fi\/wp-content\/uploads\/2017\/07\/ota295_foto_0413-1024x654.jpg 1024w\" sizes=\"auto, (max-width: 1175px) 100vw, 1175px\" \/><figcaption id=\"caption-attachment-5411\" class=\"wp-caption-text\">Ok\u00e4nd flicka som visar upp sitt klubbland, med \u00f6ppna \u00e4ngar i bakgrunden.<\/figcaption><\/figure>\n<figure id=\"attachment_5410\" aria-describedby=\"caption-attachment-5410\" style=\"width: 1172px\" class=\"wp-caption aligncenter\"><img loading=\"lazy\" decoding=\"async\" class=\"size-full wp-image-5410\" src=\"http:\/\/www.lassebacklund.fi\/wp-content\/uploads\/2017\/07\/ota295_foto_0411.jpg\" alt=\"Deltagarna i s\u00e5ngfesten i Korsn\u00e4s, fr\u00e5n v\u00e4nster Bertel P\u00e4rus, Valter Bj\u00f6rkn\u00e4s, Elis Holmlund, Birger Hedkrok, Irma Hinders, Erik Storkull eller Stens, Svea \u00c5djers, Elin Bj\u00f6rses, Anna \u00c5djers, Elin Norrholm, Edit Nordb\u00e4ck, Linnea Holm, Gerda Skogman, Gurli Sved l\u00e4ngst till h\u00f6ger. Ungdomarna inkvarterades i g\u00e5rdarna.\" width=\"1172\" height=\"756\" srcset=\"https:\/\/www.lassebacklund.fi\/wp-content\/uploads\/2017\/07\/ota295_foto_0411.jpg 1172w, https:\/\/www.lassebacklund.fi\/wp-content\/uploads\/2017\/07\/ota295_foto_0411-300x194.jpg 300w, https:\/\/www.lassebacklund.fi\/wp-content\/uploads\/2017\/07\/ota295_foto_0411-768x495.jpg 768w, https:\/\/www.lassebacklund.fi\/wp-content\/uploads\/2017\/07\/ota295_foto_0411-1024x661.jpg 1024w\" sizes=\"auto, (max-width: 1172px) 100vw, 1172px\" \/><figcaption id=\"caption-attachment-5410\" class=\"wp-caption-text\">Deltagarna i s\u00e5ngfesten i Korsn\u00e4s, fr\u00e5n v\u00e4nster Bertel P\u00e4rus, Valter Bj\u00f6rkn\u00e4s, Elis Holmlund, Birger Hedkrok, Irma Hinders, Erik Storkull eller Stens, Svea \u00c5djers, Elin Bj\u00f6rses, Anna \u00c5djers, Elin Norrholm, Edit Nordb\u00e4ck, Linnea Holm, Gerda Skogman, Gurli Sved l\u00e4ngst till h\u00f6ger. Ungdomarna inkvarterades i g\u00e5rdarna.<\/figcaption><\/figure>\n<figure id=\"attachment_5409\" aria-describedby=\"caption-attachment-5409\" style=\"width: 1148px\" class=\"wp-caption aligncenter\"><img loading=\"lazy\" decoding=\"async\" class=\"size-full wp-image-5409\" src=\"http:\/\/www.lassebacklund.fi\/wp-content\/uploads\/2017\/07\/ota295_foto_0410.jpg\" alt=\"Lappfj\u00e4rdsungdomarna p\u00e5 parad under s\u00e5ngfesten i Korsn\u00e4s.\" width=\"1148\" height=\"688\" srcset=\"https:\/\/www.lassebacklund.fi\/wp-content\/uploads\/2017\/07\/ota295_foto_0410.jpg 1148w, https:\/\/www.lassebacklund.fi\/wp-content\/uploads\/2017\/07\/ota295_foto_0410-300x180.jpg 300w, https:\/\/www.lassebacklund.fi\/wp-content\/uploads\/2017\/07\/ota295_foto_0410-768x460.jpg 768w, https:\/\/www.lassebacklund.fi\/wp-content\/uploads\/2017\/07\/ota295_foto_0410-1024x614.jpg 1024w\" sizes=\"auto, (max-width: 1148px) 100vw, 1148px\" \/><figcaption id=\"caption-attachment-5409\" class=\"wp-caption-text\">Lappfj\u00e4rdsungdomarna p\u00e5 parad under s\u00e5ngfesten i Korsn\u00e4s.<\/figcaption><\/figure>\n<figure id=\"attachment_5408\" aria-describedby=\"caption-attachment-5408\" style=\"width: 1172px\" class=\"wp-caption aligncenter\"><img loading=\"lazy\" decoding=\"async\" class=\"size-full wp-image-5408\" src=\"http:\/\/www.lassebacklund.fi\/wp-content\/uploads\/2017\/07\/ota295_foto_0408.jpg\" alt=\"Lador p\u00e5 \u00e4ngarna p\u00e5 ok\u00e4nt st\u00e4lle.\" width=\"1172\" height=\"767\" srcset=\"https:\/\/www.lassebacklund.fi\/wp-content\/uploads\/2017\/07\/ota295_foto_0408.jpg 1172w, https:\/\/www.lassebacklund.fi\/wp-content\/uploads\/2017\/07\/ota295_foto_0408-300x196.jpg 300w, https:\/\/www.lassebacklund.fi\/wp-content\/uploads\/2017\/07\/ota295_foto_0408-768x503.jpg 768w, https:\/\/www.lassebacklund.fi\/wp-content\/uploads\/2017\/07\/ota295_foto_0408-1024x670.jpg 1024w\" sizes=\"auto, (max-width: 1172px) 100vw, 1172px\" \/><figcaption id=\"caption-attachment-5408\" class=\"wp-caption-text\">Lador p\u00e5 \u00e4ngarna p\u00e5 ok\u00e4nt st\u00e4lle.<\/figcaption><\/figure>\n<figure id=\"attachment_5407\" aria-describedby=\"caption-attachment-5407\" style=\"width: 1175px\" class=\"wp-caption aligncenter\"><img loading=\"lazy\" decoding=\"async\" class=\"size-full wp-image-5407\" src=\"http:\/\/www.lassebacklund.fi\/wp-content\/uploads\/2017\/07\/ota295_foto_0407.jpg\" alt=\"Ungdomarna fr\u00e5n Lappfj\u00e4rd upptr\u00e4dde tillsammans med m\u00e5nga andra utanf\u00f6r Korsn\u00e4sg\u00e5rden.\" width=\"1175\" height=\"761\" srcset=\"https:\/\/www.lassebacklund.fi\/wp-content\/uploads\/2017\/07\/ota295_foto_0407.jpg 1175w, https:\/\/www.lassebacklund.fi\/wp-content\/uploads\/2017\/07\/ota295_foto_0407-300x194.jpg 300w, https:\/\/www.lassebacklund.fi\/wp-content\/uploads\/2017\/07\/ota295_foto_0407-768x497.jpg 768w, https:\/\/www.lassebacklund.fi\/wp-content\/uploads\/2017\/07\/ota295_foto_0407-1024x663.jpg 1024w\" sizes=\"auto, (max-width: 1175px) 100vw, 1175px\" \/><figcaption id=\"caption-attachment-5407\" class=\"wp-caption-text\">Ungdomarna fr\u00e5n Lappfj\u00e4rd upptr\u00e4dde tillsammans med m\u00e5nga andra utanf\u00f6r Korsn\u00e4sg\u00e5rden.<\/figcaption><\/figure>\n<figure id=\"attachment_5406\" aria-describedby=\"caption-attachment-5406\" style=\"width: 1174px\" class=\"wp-caption aligncenter\"><img loading=\"lazy\" decoding=\"async\" class=\"size-full wp-image-5406\" src=\"http:\/\/www.lassebacklund.fi\/wp-content\/uploads\/2017\/07\/ota295_foto_0404.jpg\" alt=\"Skriftskolungdomarna p\u00e5 v\u00e4g in i kyrkan. Notera raden med h\u00e4star till h\u00f6ger om paraden.\" width=\"1174\" height=\"767\" srcset=\"https:\/\/www.lassebacklund.fi\/wp-content\/uploads\/2017\/07\/ota295_foto_0404.jpg 1174w, https:\/\/www.lassebacklund.fi\/wp-content\/uploads\/2017\/07\/ota295_foto_0404-300x196.jpg 300w, https:\/\/www.lassebacklund.fi\/wp-content\/uploads\/2017\/07\/ota295_foto_0404-768x502.jpg 768w, https:\/\/www.lassebacklund.fi\/wp-content\/uploads\/2017\/07\/ota295_foto_0404-1024x669.jpg 1024w\" sizes=\"auto, (max-width: 1174px) 100vw, 1174px\" \/><figcaption id=\"caption-attachment-5406\" class=\"wp-caption-text\">Skriftskolungdomarna p\u00e5 v\u00e4g in i kyrkan. Notera raden med h\u00e4star till h\u00f6ger om paraden.<\/figcaption><\/figure>\n<figure id=\"attachment_5405\" aria-describedby=\"caption-attachment-5405\" style=\"width: 1191px\" class=\"wp-caption aligncenter\"><img loading=\"lazy\" decoding=\"async\" class=\"size-full wp-image-5405\" src=\"http:\/\/www.lassebacklund.fi\/wp-content\/uploads\/2017\/07\/ota295_foto_0403.jpg\" alt=\"L\u00e5ng rad med konfirmander p\u00e5 v\u00e4g in i kyrkan midsommardagen 1939.\" width=\"1191\" height=\"786\" srcset=\"https:\/\/www.lassebacklund.fi\/wp-content\/uploads\/2017\/07\/ota295_foto_0403.jpg 1191w, https:\/\/www.lassebacklund.fi\/wp-content\/uploads\/2017\/07\/ota295_foto_0403-300x198.jpg 300w, https:\/\/www.lassebacklund.fi\/wp-content\/uploads\/2017\/07\/ota295_foto_0403-768x507.jpg 768w, https:\/\/www.lassebacklund.fi\/wp-content\/uploads\/2017\/07\/ota295_foto_0403-1024x676.jpg 1024w\" sizes=\"auto, (max-width: 1191px) 100vw, 1191px\" \/><figcaption id=\"caption-attachment-5405\" class=\"wp-caption-text\">L\u00e5ng rad med konfirmander p\u00e5 v\u00e4g in i kyrkan midsommardagen 1939.<\/figcaption><\/figure>\n<figure id=\"attachment_5404\" aria-describedby=\"caption-attachment-5404\" style=\"width: 870px\" class=\"wp-caption aligncenter\"><img loading=\"lazy\" decoding=\"async\" class=\"size-full wp-image-5404\" src=\"http:\/\/www.lassebacklund.fi\/wp-content\/uploads\/2017\/07\/ota295_foto_0398.jpg\" alt=\"Emil Stenholms dotter Greta (f.1924) blickar ut \u00f6ver sitt klubbland. &quot;Sme g\u00e5rdarna&quot; p\u00e5 Kullan syns i bakgrunden.\" width=\"870\" height=\"766\" srcset=\"https:\/\/www.lassebacklund.fi\/wp-content\/uploads\/2017\/07\/ota295_foto_0398.jpg 870w, https:\/\/www.lassebacklund.fi\/wp-content\/uploads\/2017\/07\/ota295_foto_0398-300x264.jpg 300w, https:\/\/www.lassebacklund.fi\/wp-content\/uploads\/2017\/07\/ota295_foto_0398-768x676.jpg 768w\" sizes=\"auto, (max-width: 870px) 100vw, 870px\" \/><figcaption id=\"caption-attachment-5404\" class=\"wp-caption-text\">Emil Stenholms dotter Greta (f.1924) blickar ut \u00f6ver sitt klubbland. &#8221;Sme g\u00e5rdarna&#8221; p\u00e5 Kullan syns i bakgrunden.<\/figcaption><\/figure>\n<figure id=\"attachment_5403\" aria-describedby=\"caption-attachment-5403\" style=\"width: 1182px\" class=\"wp-caption aligncenter\"><img loading=\"lazy\" decoding=\"async\" class=\"size-full wp-image-5403\" src=\"http:\/\/www.lassebacklund.fi\/wp-content\/uploads\/2017\/07\/ota295_foto_0396.jpg\" alt=\"Gunvor Teir (1924-2010) med sin syster Inga Teir (f.1926) i klubblandet i L\u00e5lby.\" width=\"1182\" height=\"776\" srcset=\"https:\/\/www.lassebacklund.fi\/wp-content\/uploads\/2017\/07\/ota295_foto_0396.jpg 1182w, https:\/\/www.lassebacklund.fi\/wp-content\/uploads\/2017\/07\/ota295_foto_0396-300x197.jpg 300w, https:\/\/www.lassebacklund.fi\/wp-content\/uploads\/2017\/07\/ota295_foto_0396-768x504.jpg 768w, https:\/\/www.lassebacklund.fi\/wp-content\/uploads\/2017\/07\/ota295_foto_0396-1024x672.jpg 1024w\" sizes=\"auto, (max-width: 1182px) 100vw, 1182px\" \/><figcaption id=\"caption-attachment-5403\" class=\"wp-caption-text\">Gunvor Teir (1924-2010) med sin syster Inga Teir (f.1926) i klubblandet i L\u00e5lby.<\/figcaption><\/figure>\n<figure id=\"attachment_5402\" aria-describedby=\"caption-attachment-5402\" style=\"width: 773px\" class=\"wp-caption aligncenter\"><img loading=\"lazy\" decoding=\"async\" class=\"size-full wp-image-5402\" src=\"http:\/\/www.lassebacklund.fi\/wp-content\/uploads\/2017\/07\/ota295_foto_0395.jpg\" alt=\"Anni Enlund som f\u00f6ljande \u00e5r skulle gifta sig med Birger Holm st\u00e5r h\u00e4r och vispar till en kaka bland blommor och blad.\" width=\"773\" height=\"971\" srcset=\"https:\/\/www.lassebacklund.fi\/wp-content\/uploads\/2017\/07\/ota295_foto_0395.jpg 773w, https:\/\/www.lassebacklund.fi\/wp-content\/uploads\/2017\/07\/ota295_foto_0395-239x300.jpg 239w, https:\/\/www.lassebacklund.fi\/wp-content\/uploads\/2017\/07\/ota295_foto_0395-768x965.jpg 768w\" sizes=\"auto, (max-width: 773px) 100vw, 773px\" \/><figcaption id=\"caption-attachment-5402\" class=\"wp-caption-text\">Anni Enlund som f\u00f6ljande \u00e5r skulle gifta sig med Birger Holm st\u00e5r h\u00e4r och vispar till en kaka bland blommor och blad.<\/figcaption><\/figure>\n<figure id=\"attachment_5401\" aria-describedby=\"caption-attachment-5401\" style=\"width: 1179px\" class=\"wp-caption aligncenter\"><img loading=\"lazy\" decoding=\"async\" class=\"size-full wp-image-5401\" src=\"http:\/\/www.lassebacklund.fi\/wp-content\/uploads\/2017\/07\/ota295_foto_0393.jpg\" alt=\"Elsi Maj Str\u00f6msten, Maidi Enkulla, Gretel och Gunnel R\u00f6nnberg fr\u00e5n H\u00e4rkmeri.\" width=\"1179\" height=\"769\" srcset=\"https:\/\/www.lassebacklund.fi\/wp-content\/uploads\/2017\/07\/ota295_foto_0393.jpg 1179w, https:\/\/www.lassebacklund.fi\/wp-content\/uploads\/2017\/07\/ota295_foto_0393-300x196.jpg 300w, https:\/\/www.lassebacklund.fi\/wp-content\/uploads\/2017\/07\/ota295_foto_0393-768x501.jpg 768w, https:\/\/www.lassebacklund.fi\/wp-content\/uploads\/2017\/07\/ota295_foto_0393-1024x668.jpg 1024w\" sizes=\"auto, (max-width: 1179px) 100vw, 1179px\" \/><figcaption id=\"caption-attachment-5401\" class=\"wp-caption-text\">Elsi Maj Str\u00f6msten, Maidi Enkulla, Gretel och Gunnel R\u00f6nnberg fr\u00e5n H\u00e4rkmeri.<\/figcaption><\/figure>\n<figure id=\"attachment_5400\" aria-describedby=\"caption-attachment-5400\" style=\"width: 1186px\" class=\"wp-caption aligncenter\"><img loading=\"lazy\" decoding=\"async\" class=\"size-full wp-image-5400\" src=\"http:\/\/www.lassebacklund.fi\/wp-content\/uploads\/2017\/07\/ota295_foto_0392.jpg\" alt=\"S\u00e5 h\u00e4r s\u00e5g det ut p\u00e5 \u00e5krarna f\u00f6rr i tiderna, med r\u00e5gskylar i l\u00e5nga rader.\" width=\"1186\" height=\"612\" srcset=\"https:\/\/www.lassebacklund.fi\/wp-content\/uploads\/2017\/07\/ota295_foto_0392.jpg 1186w, https:\/\/www.lassebacklund.fi\/wp-content\/uploads\/2017\/07\/ota295_foto_0392-300x155.jpg 300w, https:\/\/www.lassebacklund.fi\/wp-content\/uploads\/2017\/07\/ota295_foto_0392-768x396.jpg 768w, https:\/\/www.lassebacklund.fi\/wp-content\/uploads\/2017\/07\/ota295_foto_0392-1024x528.jpg 1024w\" sizes=\"auto, (max-width: 1186px) 100vw, 1186px\" \/><figcaption id=\"caption-attachment-5400\" class=\"wp-caption-text\">S\u00e5 h\u00e4r s\u00e5g det ut p\u00e5 \u00e5krarna f\u00f6rr i tiderna, med r\u00e5gskylar i l\u00e5nga rader.<\/figcaption><\/figure>\n<figure id=\"attachment_5399\" aria-describedby=\"caption-attachment-5399\" style=\"width: 1188px\" class=\"wp-caption aligncenter\"><img loading=\"lazy\" decoding=\"async\" class=\"size-full wp-image-5399\" src=\"http:\/\/www.lassebacklund.fi\/wp-content\/uploads\/2017\/07\/ota295_foto_0388.jpg\" alt=\"Ok\u00e4nd flicka st\u00e5r bredvid det blommande \u00e4ppeltr\u00e4det.\" width=\"1188\" height=\"771\" srcset=\"https:\/\/www.lassebacklund.fi\/wp-content\/uploads\/2017\/07\/ota295_foto_0388.jpg 1188w, https:\/\/www.lassebacklund.fi\/wp-content\/uploads\/2017\/07\/ota295_foto_0388-300x195.jpg 300w, https:\/\/www.lassebacklund.fi\/wp-content\/uploads\/2017\/07\/ota295_foto_0388-768x498.jpg 768w, https:\/\/www.lassebacklund.fi\/wp-content\/uploads\/2017\/07\/ota295_foto_0388-1024x665.jpg 1024w\" sizes=\"auto, (max-width: 1188px) 100vw, 1188px\" \/><figcaption id=\"caption-attachment-5399\" class=\"wp-caption-text\">Ok\u00e4nd flicka st\u00e5r bredvid det blommande \u00e4ppeltr\u00e4det.<\/figcaption><\/figure>\n<figure id=\"attachment_5398\" aria-describedby=\"caption-attachment-5398\" style=\"width: 1184px\" class=\"wp-caption aligncenter\"><img loading=\"lazy\" decoding=\"async\" class=\"size-full wp-image-5398\" src=\"http:\/\/www.lassebacklund.fi\/wp-content\/uploads\/2017\/07\/ota295_foto_0384.jpg\" alt=\"Eufrosyne Bj\u00f6rses (1901-1949) var syster till fotografen och folkskoll\u00e4raren Selim Bj\u00f6rses, i vars tr\u00e4dg\u00e5rd hon st\u00e5r p\u00e5 fotot.\" width=\"1184\" height=\"756\" srcset=\"https:\/\/www.lassebacklund.fi\/wp-content\/uploads\/2017\/07\/ota295_foto_0384.jpg 1184w, https:\/\/www.lassebacklund.fi\/wp-content\/uploads\/2017\/07\/ota295_foto_0384-300x192.jpg 300w, https:\/\/www.lassebacklund.fi\/wp-content\/uploads\/2017\/07\/ota295_foto_0384-768x490.jpg 768w, https:\/\/www.lassebacklund.fi\/wp-content\/uploads\/2017\/07\/ota295_foto_0384-1024x654.jpg 1024w\" sizes=\"auto, (max-width: 1184px) 100vw, 1184px\" \/><figcaption id=\"caption-attachment-5398\" class=\"wp-caption-text\">Eufrosyne Bj\u00f6rses (1901-1949) var syster till fotografen och folkskoll\u00e4raren Selim Bj\u00f6rses, i vars tr\u00e4dg\u00e5rd hon st\u00e5r p\u00e5 fotot.<\/figcaption><\/figure>\n<figure id=\"attachment_5397\" aria-describedby=\"caption-attachment-5397\" style=\"width: 1187px\" class=\"wp-caption aligncenter\"><img loading=\"lazy\" decoding=\"async\" class=\"size-full wp-image-5397\" src=\"http:\/\/www.lassebacklund.fi\/wp-content\/uploads\/2017\/07\/ota295_foto_0383.jpg\" alt=\"Artur Bj\u00f6rses p\u00e5 h\u00e4str\u00e4fsan.\" width=\"1187\" height=\"729\" srcset=\"https:\/\/www.lassebacklund.fi\/wp-content\/uploads\/2017\/07\/ota295_foto_0383.jpg 1187w, https:\/\/www.lassebacklund.fi\/wp-content\/uploads\/2017\/07\/ota295_foto_0383-300x184.jpg 300w, https:\/\/www.lassebacklund.fi\/wp-content\/uploads\/2017\/07\/ota295_foto_0383-768x472.jpg 768w, https:\/\/www.lassebacklund.fi\/wp-content\/uploads\/2017\/07\/ota295_foto_0383-1024x629.jpg 1024w\" sizes=\"auto, (max-width: 1187px) 100vw, 1187px\" \/><figcaption id=\"caption-attachment-5397\" class=\"wp-caption-text\">Artur Bj\u00f6rses p\u00e5 h\u00e4str\u00e4fsan.<\/figcaption><\/figure>\n<figure id=\"attachment_5396\" aria-describedby=\"caption-attachment-5396\" style=\"width: 1170px\" class=\"wp-caption aligncenter\"><img loading=\"lazy\" decoding=\"async\" class=\"size-full wp-image-5396\" src=\"http:\/\/www.lassebacklund.fi\/wp-content\/uploads\/2017\/07\/ota295_foto_0382.jpg\" alt=\"Eva Engman (f.1922 senare gift med Veikko Kaivo-oja) visar upp sitt kubbland.\" width=\"1170\" height=\"764\" srcset=\"https:\/\/www.lassebacklund.fi\/wp-content\/uploads\/2017\/07\/ota295_foto_0382.jpg 1170w, https:\/\/www.lassebacklund.fi\/wp-content\/uploads\/2017\/07\/ota295_foto_0382-300x196.jpg 300w, https:\/\/www.lassebacklund.fi\/wp-content\/uploads\/2017\/07\/ota295_foto_0382-768x501.jpg 768w, https:\/\/www.lassebacklund.fi\/wp-content\/uploads\/2017\/07\/ota295_foto_0382-1024x669.jpg 1024w\" sizes=\"auto, (max-width: 1170px) 100vw, 1170px\" \/><figcaption id=\"caption-attachment-5396\" class=\"wp-caption-text\">Eva Engman (f.1922 senare gift med Veikko Kaivo-oja) visar upp sitt kubbland.<\/figcaption><\/figure>\n<figure id=\"attachment_5395\" aria-describedby=\"caption-attachment-5395\" style=\"width: 1177px\" class=\"wp-caption aligncenter\"><img loading=\"lazy\" decoding=\"async\" class=\"size-full wp-image-5395\" src=\"http:\/\/www.lassebacklund.fi\/wp-content\/uploads\/2017\/07\/ota295_foto_0381.jpg\" alt=\"G\u00f6sta Gullmes st\u00e5r med Elin i hennes klubbland vid hemg\u00e5rden.\" width=\"1177\" height=\"773\" srcset=\"https:\/\/www.lassebacklund.fi\/wp-content\/uploads\/2017\/07\/ota295_foto_0381.jpg 1177w, https:\/\/www.lassebacklund.fi\/wp-content\/uploads\/2017\/07\/ota295_foto_0381-300x197.jpg 300w, https:\/\/www.lassebacklund.fi\/wp-content\/uploads\/2017\/07\/ota295_foto_0381-768x504.jpg 768w, https:\/\/www.lassebacklund.fi\/wp-content\/uploads\/2017\/07\/ota295_foto_0381-1024x673.jpg 1024w\" sizes=\"auto, (max-width: 1177px) 100vw, 1177px\" \/><figcaption id=\"caption-attachment-5395\" class=\"wp-caption-text\">G\u00f6sta Gullmes st\u00e5r med Elin i hennes klubbland vid hemg\u00e5rden.<\/figcaption><\/figure>\n<figure id=\"attachment_5394\" aria-describedby=\"caption-attachment-5394\" style=\"width: 1190px\" class=\"wp-caption aligncenter\"><img loading=\"lazy\" decoding=\"async\" class=\"size-full wp-image-5394\" src=\"http:\/\/www.lassebacklund.fi\/wp-content\/uploads\/2017\/07\/ota295_foto_0376.jpg\" alt=\"\u00c5ke Jossandt i sitt rotfruktsland.\" width=\"1190\" height=\"778\" srcset=\"https:\/\/www.lassebacklund.fi\/wp-content\/uploads\/2017\/07\/ota295_foto_0376.jpg 1190w, https:\/\/www.lassebacklund.fi\/wp-content\/uploads\/2017\/07\/ota295_foto_0376-300x196.jpg 300w, https:\/\/www.lassebacklund.fi\/wp-content\/uploads\/2017\/07\/ota295_foto_0376-768x502.jpg 768w, https:\/\/www.lassebacklund.fi\/wp-content\/uploads\/2017\/07\/ota295_foto_0376-1024x669.jpg 1024w\" sizes=\"auto, (max-width: 1190px) 100vw, 1190px\" \/><figcaption id=\"caption-attachment-5394\" class=\"wp-caption-text\">\u00c5ke Jossandt i sitt rotfruktsland.<\/figcaption><\/figure>\n<figure id=\"attachment_5393\" aria-describedby=\"caption-attachment-5393\" style=\"width: 1134px\" class=\"wp-caption aligncenter\"><img loading=\"lazy\" decoding=\"async\" class=\"size-full wp-image-5393\" src=\"http:\/\/www.lassebacklund.fi\/wp-content\/uploads\/2017\/07\/ota295_foto_0375.jpg\" alt=\"Festkl\u00e4dda barn p\u00e5 skolg\u00e5rden.\" width=\"1134\" height=\"864\" srcset=\"https:\/\/www.lassebacklund.fi\/wp-content\/uploads\/2017\/07\/ota295_foto_0375.jpg 1134w, https:\/\/www.lassebacklund.fi\/wp-content\/uploads\/2017\/07\/ota295_foto_0375-300x229.jpg 300w, https:\/\/www.lassebacklund.fi\/wp-content\/uploads\/2017\/07\/ota295_foto_0375-768x585.jpg 768w, https:\/\/www.lassebacklund.fi\/wp-content\/uploads\/2017\/07\/ota295_foto_0375-1024x780.jpg 1024w\" sizes=\"auto, (max-width: 1134px) 100vw, 1134px\" \/><figcaption id=\"caption-attachment-5393\" class=\"wp-caption-text\">Festkl\u00e4dda barn p\u00e5 skolg\u00e5rden.<\/figcaption><\/figure>\n<figure id=\"attachment_5392\" aria-describedby=\"caption-attachment-5392\" style=\"width: 1180px\" class=\"wp-caption aligncenter\"><img loading=\"lazy\" decoding=\"async\" class=\"size-full wp-image-5392\" src=\"http:\/\/www.lassebacklund.fi\/wp-content\/uploads\/2017\/07\/ota295_foto_0290.jpg\" alt=\"Gammal loftbyggnad.\" width=\"1180\" height=\"778\" srcset=\"https:\/\/www.lassebacklund.fi\/wp-content\/uploads\/2017\/07\/ota295_foto_0290.jpg 1180w, https:\/\/www.lassebacklund.fi\/wp-content\/uploads\/2017\/07\/ota295_foto_0290-300x198.jpg 300w, https:\/\/www.lassebacklund.fi\/wp-content\/uploads\/2017\/07\/ota295_foto_0290-768x506.jpg 768w, https:\/\/www.lassebacklund.fi\/wp-content\/uploads\/2017\/07\/ota295_foto_0290-1024x675.jpg 1024w\" sizes=\"auto, (max-width: 1180px) 100vw, 1180px\" \/><figcaption id=\"caption-attachment-5392\" class=\"wp-caption-text\">Gammal loftbyggnad.<\/figcaption><\/figure>\n<figure id=\"attachment_5391\" aria-describedby=\"caption-attachment-5391\" style=\"width: 481px\" class=\"wp-caption aligncenter\"><img loading=\"lazy\" decoding=\"async\" class=\"size-full wp-image-5391\" src=\"http:\/\/www.lassebacklund.fi\/wp-content\/uploads\/2017\/07\/Nils-\u00c5lgars-i-Korsb\u00e4ck.jpg\" alt=\"Nils \u00c5lgars visar upp sin tr\u00e4dg\u00e5rd i Korsb\u00e4ck.\" width=\"481\" height=\"320\" srcset=\"https:\/\/www.lassebacklund.fi\/wp-content\/uploads\/2017\/07\/Nils-\u00c5lgars-i-Korsb\u00e4ck.jpg 481w, https:\/\/www.lassebacklund.fi\/wp-content\/uploads\/2017\/07\/Nils-\u00c5lgars-i-Korsb\u00e4ck-300x200.jpg 300w\" sizes=\"auto, (max-width: 481px) 100vw, 481px\" \/><figcaption id=\"caption-attachment-5391\" class=\"wp-caption-text\">Nils \u00c5lgars visar upp sin tr\u00e4dg\u00e5rd i Korsb\u00e4ck.<\/figcaption><\/figure>\n<figure id=\"attachment_5390\" aria-describedby=\"caption-attachment-5390\" style=\"width: 973px\" class=\"wp-caption aligncenter\"><img loading=\"lazy\" decoding=\"async\" class=\"size-full wp-image-5390\" src=\"http:\/\/www.lassebacklund.fi\/wp-content\/uploads\/2017\/07\/Korsb\u00e4ckflickor.jpg\" alt=\"Tre korsb\u00e4ckflickor st\u00e5r vid Sylvia Liljedahls (f.1928 senare Stenlunds) tr\u00e4dg\u00e5rd. Stenlunds st\u00e5tliga g\u00e5rd i bakgrunden.\" width=\"973\" height=\"624\" srcset=\"https:\/\/www.lassebacklund.fi\/wp-content\/uploads\/2017\/07\/Korsb\u00e4ckflickor.jpg 973w, https:\/\/www.lassebacklund.fi\/wp-content\/uploads\/2017\/07\/Korsb\u00e4ckflickor-300x192.jpg 300w, https:\/\/www.lassebacklund.fi\/wp-content\/uploads\/2017\/07\/Korsb\u00e4ckflickor-768x493.jpg 768w\" sizes=\"auto, (max-width: 973px) 100vw, 973px\" \/><figcaption id=\"caption-attachment-5390\" class=\"wp-caption-text\">Tre korsb\u00e4ckflickor st\u00e5r vid Sylvia Liljedahls (f.1928 senare Stenlunds) tr\u00e4dg\u00e5rd. Stenlunds st\u00e5tliga g\u00e5rd i bakgrunden.<\/figcaption><\/figure>\n<figure id=\"attachment_5389\" aria-describedby=\"caption-attachment-5389\" style=\"width: 946px\" class=\"wp-caption aligncenter\"><img loading=\"lazy\" decoding=\"async\" class=\"size-full wp-image-5389\" src=\"http:\/\/www.lassebacklund.fi\/wp-content\/uploads\/2017\/07\/Karl-Erik-Evars.jpg\" alt=\"Karl Erik Evars bland l\u00f6kpiporna.\" width=\"946\" height=\"615\" srcset=\"https:\/\/www.lassebacklund.fi\/wp-content\/uploads\/2017\/07\/Karl-Erik-Evars.jpg 946w, https:\/\/www.lassebacklund.fi\/wp-content\/uploads\/2017\/07\/Karl-Erik-Evars-300x195.jpg 300w, https:\/\/www.lassebacklund.fi\/wp-content\/uploads\/2017\/07\/Karl-Erik-Evars-768x499.jpg 768w\" sizes=\"auto, (max-width: 946px) 100vw, 946px\" \/><figcaption id=\"caption-attachment-5389\" class=\"wp-caption-text\">Karl Erik Evars bland l\u00f6kpiporna.<\/figcaption><\/figure>\n<figure id=\"attachment_5388\" aria-describedby=\"caption-attachment-5388\" style=\"width: 488px\" class=\"wp-caption aligncenter\"><img loading=\"lazy\" decoding=\"async\" class=\"size-full wp-image-5388\" src=\"http:\/\/www.lassebacklund.fi\/wp-content\/uploads\/2017\/07\/Josef-Guss-med-dotter-Svea.jpg\" alt=\"Svea Guss tillsammans med pappa Josef i tr\u00e4dg\u00e5rden framf\u00f6r hemmet i Dagsmark.\" width=\"488\" height=\"317\" srcset=\"https:\/\/www.lassebacklund.fi\/wp-content\/uploads\/2017\/07\/Josef-Guss-med-dotter-Svea.jpg 488w, https:\/\/www.lassebacklund.fi\/wp-content\/uploads\/2017\/07\/Josef-Guss-med-dotter-Svea-300x195.jpg 300w\" sizes=\"auto, (max-width: 488px) 100vw, 488px\" \/><figcaption id=\"caption-attachment-5388\" class=\"wp-caption-text\">Svea Guss tillsammans med pappa Josef i tr\u00e4dg\u00e5rden framf\u00f6r hemmet i Dagsmark.<\/figcaption><\/figure>\n<figure id=\"attachment_5387\" aria-describedby=\"caption-attachment-5387\" style=\"width: 942px\" class=\"wp-caption aligncenter\"><img loading=\"lazy\" decoding=\"async\" class=\"size-full wp-image-5387\" src=\"http:\/\/www.lassebacklund.fi\/wp-content\/uploads\/2017\/07\/Ingvar-Bjors.jpg\" alt=\"Ingvar Bjors i sin vete\u00e5ker.\" width=\"942\" height=\"622\" srcset=\"https:\/\/www.lassebacklund.fi\/wp-content\/uploads\/2017\/07\/Ingvar-Bjors.jpg 942w, https:\/\/www.lassebacklund.fi\/wp-content\/uploads\/2017\/07\/Ingvar-Bjors-300x198.jpg 300w, https:\/\/www.lassebacklund.fi\/wp-content\/uploads\/2017\/07\/Ingvar-Bjors-768x507.jpg 768w\" sizes=\"auto, (max-width: 942px) 100vw, 942px\" \/><figcaption id=\"caption-attachment-5387\" class=\"wp-caption-text\">Ingvar Bjors i sin vete\u00e5ker.<\/figcaption><\/figure>\n<figure id=\"attachment_5386\" aria-describedby=\"caption-attachment-5386\" style=\"width: 962px\" class=\"wp-caption aligncenter\"><img loading=\"lazy\" decoding=\"async\" class=\"size-full wp-image-5386\" src=\"http:\/\/www.lassebacklund.fi\/wp-content\/uploads\/2017\/07\/Gunnar-Westerback.jpg\" alt=\"Gunnar Westerback i sitt klubbland.\" width=\"962\" height=\"625\" srcset=\"https:\/\/www.lassebacklund.fi\/wp-content\/uploads\/2017\/07\/Gunnar-Westerback.jpg 962w, https:\/\/www.lassebacklund.fi\/wp-content\/uploads\/2017\/07\/Gunnar-Westerback-300x195.jpg 300w, https:\/\/www.lassebacklund.fi\/wp-content\/uploads\/2017\/07\/Gunnar-Westerback-768x499.jpg 768w\" sizes=\"auto, (max-width: 962px) 100vw, 962px\" \/><figcaption id=\"caption-attachment-5386\" class=\"wp-caption-text\">Gunnar Westerback i sitt klubbland.<\/figcaption><\/figure>\n<figure id=\"attachment_5385\" aria-describedby=\"caption-attachment-5385\" style=\"width: 972px\" class=\"wp-caption aligncenter\"><img loading=\"lazy\" decoding=\"async\" class=\"size-full wp-image-5385\" src=\"http:\/\/www.lassebacklund.fi\/wp-content\/uploads\/2017\/07\/Erik-Ingves.jpg\" alt=\"Erik Ingves i vete\u00e5ker ut mot Lillsund. Kyrkan syns i bakgrunden.\" width=\"972\" height=\"605\" srcset=\"https:\/\/www.lassebacklund.fi\/wp-content\/uploads\/2017\/07\/Erik-Ingves.jpg 972w, https:\/\/www.lassebacklund.fi\/wp-content\/uploads\/2017\/07\/Erik-Ingves-300x187.jpg 300w, https:\/\/www.lassebacklund.fi\/wp-content\/uploads\/2017\/07\/Erik-Ingves-768x478.jpg 768w\" sizes=\"auto, (max-width: 972px) 100vw, 972px\" \/><figcaption id=\"caption-attachment-5385\" class=\"wp-caption-text\">Erik Ingves i vete\u00e5ker ut mot Lillsund. Kyrkan syns i bakgrunden.<\/figcaption><\/figure>\n<figure id=\"attachment_5384\" aria-describedby=\"caption-attachment-5384\" style=\"width: 947px\" class=\"wp-caption aligncenter\"><img loading=\"lazy\" decoding=\"async\" class=\"size-full wp-image-5384\" src=\"http:\/\/www.lassebacklund.fi\/wp-content\/uploads\/2017\/07\/Elise-Klockars.jpg\" alt=\"Elise Klockars visar upp sitt land.\" width=\"947\" height=\"571\" srcset=\"https:\/\/www.lassebacklund.fi\/wp-content\/uploads\/2017\/07\/Elise-Klockars.jpg 947w, https:\/\/www.lassebacklund.fi\/wp-content\/uploads\/2017\/07\/Elise-Klockars-300x181.jpg 300w, https:\/\/www.lassebacklund.fi\/wp-content\/uploads\/2017\/07\/Elise-Klockars-768x463.jpg 768w\" sizes=\"auto, (max-width: 947px) 100vw, 947px\" \/><figcaption id=\"caption-attachment-5384\" class=\"wp-caption-text\">Elise Klockars visar upp sitt land.<\/figcaption><\/figure>\n<figure id=\"attachment_5383\" aria-describedby=\"caption-attachment-5383\" style=\"width: 486px\" class=\"wp-caption aligncenter\"><img loading=\"lazy\" decoding=\"async\" class=\"size-full wp-image-5383\" src=\"http:\/\/www.lassebacklund.fi\/wp-content\/uploads\/2017\/07\/Elgot-och-Karin-Nyg\u00e5rd.jpg\" alt=\"Syskonen Elgot och Karin Nyg\u00e5rd i Korsb\u00e4ck ute i tr\u00e4dg\u00e5rden, med fina r\u00e5gskylar i bakgrunden.\" width=\"486\" height=\"312\" srcset=\"https:\/\/www.lassebacklund.fi\/wp-content\/uploads\/2017\/07\/Elgot-och-Karin-Nyg\u00e5rd.jpg 486w, https:\/\/www.lassebacklund.fi\/wp-content\/uploads\/2017\/07\/Elgot-och-Karin-Nyg\u00e5rd-300x193.jpg 300w\" sizes=\"auto, (max-width: 486px) 100vw, 486px\" \/><figcaption id=\"caption-attachment-5383\" class=\"wp-caption-text\">Syskonen Elgot och Karin Nyg\u00e5rd i Korsb\u00e4ck ute i tr\u00e4dg\u00e5rden, med fina r\u00e5gskylar i bakgrunden.<\/figcaption><\/figure>\n<figure id=\"attachment_5382\" aria-describedby=\"caption-attachment-5382\" style=\"width: 491px\" class=\"wp-caption aligncenter\"><img loading=\"lazy\" decoding=\"async\" class=\"size-full wp-image-5382\" src=\"http:\/\/www.lassebacklund.fi\/wp-content\/uploads\/2017\/07\/Byholmare.jpg\" alt=\"Barn i H\u00e4rkmeri.\" width=\"491\" height=\"317\" srcset=\"https:\/\/www.lassebacklund.fi\/wp-content\/uploads\/2017\/07\/Byholmare.jpg 491w, https:\/\/www.lassebacklund.fi\/wp-content\/uploads\/2017\/07\/Byholmare-300x194.jpg 300w\" sizes=\"auto, (max-width: 491px) 100vw, 491px\" \/><figcaption id=\"caption-attachment-5382\" class=\"wp-caption-text\">Barn i H\u00e4rkmeri.<\/figcaption><\/figure>\n<figure id=\"attachment_5381\" aria-describedby=\"caption-attachment-5381\" style=\"width: 463px\" class=\"wp-caption aligncenter\"><img loading=\"lazy\" decoding=\"async\" class=\"size-full wp-image-5381\" src=\"http:\/\/www.lassebacklund.fi\/wp-content\/uploads\/2017\/07\/Byholm-Anna.jpg\" alt=\"Anna Byholm, som sedan gifte sig med Ingmar Sandg\u00e4rds.\" width=\"463\" height=\"304\" srcset=\"https:\/\/www.lassebacklund.fi\/wp-content\/uploads\/2017\/07\/Byholm-Anna.jpg 463w, https:\/\/www.lassebacklund.fi\/wp-content\/uploads\/2017\/07\/Byholm-Anna-300x197.jpg 300w\" sizes=\"auto, (max-width: 463px) 100vw, 463px\" \/><figcaption id=\"caption-attachment-5381\" class=\"wp-caption-text\">Anna Byholm, som sedan gifte sig med Ingmar Sandg\u00e4rds.<\/figcaption><\/figure>\n<figure id=\"attachment_5380\" aria-describedby=\"caption-attachment-5380\" style=\"width: 474px\" class=\"wp-caption aligncenter\"><img loading=\"lazy\" decoding=\"async\" class=\"size-full wp-image-5380\" src=\"http:\/\/www.lassebacklund.fi\/wp-content\/uploads\/2017\/07\/Byholm-Agnes.jpg\" alt=\"Agnes Byholm i mitten omgiven av syskonen fr\u00e5n v\u00e4nster Alf, Annel, Arne och J\u00f6rgen. H\u00e4rkmerifj\u00e4rden i bakgrunden.\" width=\"474\" height=\"306\" srcset=\"https:\/\/www.lassebacklund.fi\/wp-content\/uploads\/2017\/07\/Byholm-Agnes.jpg 474w, https:\/\/www.lassebacklund.fi\/wp-content\/uploads\/2017\/07\/Byholm-Agnes-300x194.jpg 300w\" sizes=\"auto, (max-width: 474px) 100vw, 474px\" \/><figcaption id=\"caption-attachment-5380\" class=\"wp-caption-text\">Agnes Byholm i mitten omgiven av syskonen fr\u00e5n v\u00e4nster Alf, Annel, Arne och J\u00f6rgen. H\u00e4rkmerifj\u00e4rden i bakgrunden.<\/figcaption><\/figure>\n<figure id=\"attachment_5379\" aria-describedby=\"caption-attachment-5379\" style=\"width: 487px\" class=\"wp-caption aligncenter\"><img loading=\"lazy\" decoding=\"async\" class=\"size-full wp-image-5379\" src=\"http:\/\/www.lassebacklund.fi\/wp-content\/uploads\/2017\/07\/Birger-och-Birgit-Enkulla.jpg\" alt=\"Birger (f.1924) och Birgit Enkulla (f. 1926, senare gift med Fridolf Till) i H\u00e4rkmeri.\" width=\"487\" height=\"312\" srcset=\"https:\/\/www.lassebacklund.fi\/wp-content\/uploads\/2017\/07\/Birger-och-Birgit-Enkulla.jpg 487w, https:\/\/www.lassebacklund.fi\/wp-content\/uploads\/2017\/07\/Birger-och-Birgit-Enkulla-300x192.jpg 300w\" sizes=\"auto, (max-width: 487px) 100vw, 487px\" \/><figcaption id=\"caption-attachment-5379\" class=\"wp-caption-text\">Birger (f.1924) och Birgit Enkulla (f. 1926, senare gift med Fridolf Till) i H\u00e4rkmeri.<\/figcaption><\/figure>\n<figure id=\"attachment_5378\" aria-describedby=\"caption-attachment-5378\" style=\"width: 717px\" class=\"wp-caption aligncenter\"><img loading=\"lazy\" decoding=\"async\" class=\"size-full wp-image-5378\" src=\"http:\/\/www.lassebacklund.fi\/wp-content\/uploads\/2017\/07\/Albin-Hermans.jpg\" alt=\"Albin Hermans (f.1919) i potatislandet.\" width=\"717\" height=\"494\" srcset=\"https:\/\/www.lassebacklund.fi\/wp-content\/uploads\/2017\/07\/Albin-Hermans.jpg 717w, https:\/\/www.lassebacklund.fi\/wp-content\/uploads\/2017\/07\/Albin-Hermans-300x207.jpg 300w\" sizes=\"auto, (max-width: 717px) 100vw, 717px\" \/><figcaption id=\"caption-attachment-5378\" class=\"wp-caption-text\">Albin Hermans (f.1919) i potatislandet.<\/figcaption><\/figure>\n<figure id=\"attachment_5377\" aria-describedby=\"caption-attachment-5377\" style=\"width: 966px\" class=\"wp-caption aligncenter\"><img loading=\"lazy\" decoding=\"async\" class=\"size-full wp-image-5377\" src=\"http:\/\/www.lassebacklund.fi\/wp-content\/uploads\/2017\/07\/Agnes-Byholm-med-kamrat.jpg\" alt=\"Agnes Byholm med en hittills ok\u00e4nd kamrat.\" width=\"966\" height=\"594\" srcset=\"https:\/\/www.lassebacklund.fi\/wp-content\/uploads\/2017\/07\/Agnes-Byholm-med-kamrat.jpg 966w, https:\/\/www.lassebacklund.fi\/wp-content\/uploads\/2017\/07\/Agnes-Byholm-med-kamrat-300x184.jpg 300w, https:\/\/www.lassebacklund.fi\/wp-content\/uploads\/2017\/07\/Agnes-Byholm-med-kamrat-768x472.jpg 768w\" sizes=\"auto, (max-width: 966px) 100vw, 966px\" \/><figcaption id=\"caption-attachment-5377\" class=\"wp-caption-text\">Agnes Byholm med en hittills ok\u00e4nd kamrat.<\/figcaption><\/figure>\n<figure id=\"attachment_5420\" aria-describedby=\"caption-attachment-5420\" style=\"width: 1002px\" class=\"wp-caption aligncenter\"><img loading=\"lazy\" decoding=\"async\" class=\"size-full wp-image-5420\" src=\"http:\/\/www.lassebacklund.fi\/wp-content\/uploads\/2017\/07\/Saga-Korsb\u00e4ck.jpg\" alt=\"Saga Korsb\u00e4ck (1928-2007 som sedan gifte sig med Einar R\u00f6nngren) i hemtr\u00e4dg\u00e5rden i Korsb\u00e4ck, d\u00e4r skolan syns i bakgrunden.\" width=\"1002\" height=\"605\" srcset=\"https:\/\/www.lassebacklund.fi\/wp-content\/uploads\/2017\/07\/Saga-Korsb\u00e4ck.jpg 1002w, https:\/\/www.lassebacklund.fi\/wp-content\/uploads\/2017\/07\/Saga-Korsb\u00e4ck-300x181.jpg 300w, https:\/\/www.lassebacklund.fi\/wp-content\/uploads\/2017\/07\/Saga-Korsb\u00e4ck-768x464.jpg 768w\" sizes=\"auto, (max-width: 1002px) 100vw, 1002px\" \/><figcaption id=\"caption-attachment-5420\" class=\"wp-caption-text\">Saga Korsb\u00e4ck (1928-2007 som sedan gifte sig med Einar R\u00f6nngren) i hemtr\u00e4dg\u00e5rden i Korsb\u00e4ck, d\u00e4r skolan syns i bakgrunden.<\/figcaption><\/figure>\n<figure id=\"attachment_5419\" aria-describedby=\"caption-attachment-5419\" style=\"width: 462px\" class=\"wp-caption aligncenter\"><img loading=\"lazy\" decoding=\"async\" class=\"size-full wp-image-5419\" src=\"http:\/\/www.lassebacklund.fi\/wp-content\/uploads\/2017\/07\/Rurik-Holm.jpg\" alt=\"Rurik Holm till h\u00f6ger gr\u00e4ftar upp potatisen medan kamraten Herbert Nordman h\u00e5ller upp s\u00e4cken. Bakom g\u00e4rdesg\u00e5rden st\u00e5r Ruriks hemg\u00e5rd.\" width=\"462\" height=\"307\" srcset=\"https:\/\/www.lassebacklund.fi\/wp-content\/uploads\/2017\/07\/Rurik-Holm.jpg 462w, https:\/\/www.lassebacklund.fi\/wp-content\/uploads\/2017\/07\/Rurik-Holm-300x199.jpg 300w\" sizes=\"auto, (max-width: 462px) 100vw, 462px\" \/><figcaption id=\"caption-attachment-5419\" class=\"wp-caption-text\">Rurik Holm till h\u00f6ger gr\u00e4ftar upp potatisen medan kamraten Herbert Nordman h\u00e5ller upp s\u00e4cken. Bakom g\u00e4rdesg\u00e5rden st\u00e5r Ruriks hemg\u00e5rd.<\/figcaption><\/figure>\n<figure id=\"attachment_5418\" aria-describedby=\"caption-attachment-5418\" style=\"width: 1187px\" class=\"wp-caption aligncenter\"><img loading=\"lazy\" decoding=\"async\" class=\"size-full wp-image-5418\" src=\"http:\/\/www.lassebacklund.fi\/wp-content\/uploads\/2017\/07\/ota295_foto_0421.jpg\" alt=\"Till v\u00e4nster Gerda Kl\u00e5vus (1925-1945) i sin tr\u00e4dg\u00e5rd tillsammans med grannflickan Verna Agn\u00e4s, senare gift Bj\u00f6rkskog\" width=\"1187\" height=\"638\" srcset=\"https:\/\/www.lassebacklund.fi\/wp-content\/uploads\/2017\/07\/ota295_foto_0421.jpg 1187w, https:\/\/www.lassebacklund.fi\/wp-content\/uploads\/2017\/07\/ota295_foto_0421-300x161.jpg 300w, https:\/\/www.lassebacklund.fi\/wp-content\/uploads\/2017\/07\/ota295_foto_0421-768x413.jpg 768w, https:\/\/www.lassebacklund.fi\/wp-content\/uploads\/2017\/07\/ota295_foto_0421-1024x550.jpg 1024w\" sizes=\"auto, (max-width: 1187px) 100vw, 1187px\" \/><figcaption id=\"caption-attachment-5418\" class=\"wp-caption-text\">Till v\u00e4nster Gerda Kl\u00e5vus (1925-1945) i sin tr\u00e4dg\u00e5rd tillsammans med grannflickan Verna Agn\u00e4s, senare gift Bj\u00f6rkskog.<\/figcaption><\/figure>\n<p>Vill du l\u00e4sa mera om Gerda Kl\u00e5vus, hennes familj och hemg\u00e5rd s\u00e5 skall du klicka <a href=\"http:\/\/www.lassebacklund.fi\/?page_id=860\"><span style=\"text-decoration: underline;\"><span style=\"color: #000080;\"><strong>H\u00c4R!<\/strong><\/span><\/span><\/a><\/p>\n<figure id=\"attachment_5417\" aria-describedby=\"caption-attachment-5417\" style=\"width: 1176px\" class=\"wp-caption aligncenter\"><img loading=\"lazy\" decoding=\"async\" class=\"size-full wp-image-5417\" src=\"http:\/\/www.lassebacklund.fi\/wp-content\/uploads\/2017\/07\/ota295_foto_0420.jpg\" alt=\"Lemonaden smakar bra f\u00f6r eleverna under deras utf\u00e4rd till Sideby fyr.\" width=\"1176\" height=\"761\" srcset=\"https:\/\/www.lassebacklund.fi\/wp-content\/uploads\/2017\/07\/ota295_foto_0420.jpg 1176w, https:\/\/www.lassebacklund.fi\/wp-content\/uploads\/2017\/07\/ota295_foto_0420-300x194.jpg 300w, https:\/\/www.lassebacklund.fi\/wp-content\/uploads\/2017\/07\/ota295_foto_0420-768x497.jpg 768w, https:\/\/www.lassebacklund.fi\/wp-content\/uploads\/2017\/07\/ota295_foto_0420-1024x663.jpg 1024w\" sizes=\"auto, (max-width: 1176px) 100vw, 1176px\" \/><figcaption id=\"caption-attachment-5417\" class=\"wp-caption-text\">Lemonaden smakar bra f\u00f6r eleverna under deras utf\u00e4rd till Sideby fyr.<\/figcaption><\/figure>\n<figure id=\"attachment_5416\" aria-describedby=\"caption-attachment-5416\" style=\"width: 1200px\" class=\"wp-caption aligncenter\"><img loading=\"lazy\" decoding=\"async\" class=\"size-full wp-image-5416\" src=\"http:\/\/www.lassebacklund.fi\/wp-content\/uploads\/2017\/07\/ota295_foto_0419.jpg\" alt=\"Nym\u00e5lade sk\u00e5p och moraklocka p\u00e5 folkh\u00f6gskolan.\" width=\"1200\" height=\"814\" srcset=\"https:\/\/www.lassebacklund.fi\/wp-content\/uploads\/2017\/07\/ota295_foto_0419.jpg 1200w, https:\/\/www.lassebacklund.fi\/wp-content\/uploads\/2017\/07\/ota295_foto_0419-300x204.jpg 300w, https:\/\/www.lassebacklund.fi\/wp-content\/uploads\/2017\/07\/ota295_foto_0419-768x521.jpg 768w, https:\/\/www.lassebacklund.fi\/wp-content\/uploads\/2017\/07\/ota295_foto_0419-1024x695.jpg 1024w\" sizes=\"auto, (max-width: 1200px) 100vw, 1200px\" \/><figcaption id=\"caption-attachment-5416\" class=\"wp-caption-text\">Nym\u00e5lade sk\u00e5p och moraklocka p\u00e5 folkh\u00f6gskolan.<\/figcaption><\/figure>\n<figure id=\"attachment_5415\" aria-describedby=\"caption-attachment-5415\" style=\"width: 1173px\" class=\"wp-caption aligncenter\"><img loading=\"lazy\" decoding=\"async\" class=\"size-full wp-image-5415\" src=\"http:\/\/www.lassebacklund.fi\/wp-content\/uploads\/2017\/07\/ota295_foto_0418.jpg\" alt=\"Lappfj\u00e4rdsungdomar p\u00e5 bes\u00f6k vid Korsholms vallar i Gamla Vasa, flickorna fr\u00e5n v\u00e4nster Else-Maj Hemberg, Irene Ingvesback, ok\u00e4nd, Elin Bj\u00f6rkman, ok\u00e4nd, Astrid Nyg\u00e5rd, Elin Mangs, Tyra Ingves, Svea \u00c5djers, Elin Gullmes, Inga Lillsj\u00f6 och Alice Bj\u00f6rses. Pojkarna d\u00e4r bak bland annat Valter Bj\u00f6rkn\u00e4s, Karl Stenman, Birger Bj\u00f6rses, Runar Ingvesback, Bertel Granskog, Hilding Bj\u00f6rmans och Eskil \u00c5lgars.\" width=\"1173\" height=\"773\" srcset=\"https:\/\/www.lassebacklund.fi\/wp-content\/uploads\/2017\/07\/ota295_foto_0418.jpg 1173w, https:\/\/www.lassebacklund.fi\/wp-content\/uploads\/2017\/07\/ota295_foto_0418-300x198.jpg 300w, https:\/\/www.lassebacklund.fi\/wp-content\/uploads\/2017\/07\/ota295_foto_0418-768x506.jpg 768w, https:\/\/www.lassebacklund.fi\/wp-content\/uploads\/2017\/07\/ota295_foto_0418-1024x675.jpg 1024w\" sizes=\"auto, (max-width: 1173px) 100vw, 1173px\" \/><figcaption id=\"caption-attachment-5415\" class=\"wp-caption-text\">Lappfj\u00e4rdsungdomar p\u00e5 bes\u00f6k vid Korsholms vallar i Gamla Vasa, flickorna fr\u00e5n v\u00e4nster Else-Maj Hemberg, Irene Ingvesback, ok\u00e4nd, Elin Bj\u00f6rkman, ok\u00e4nd, Astrid Nyg\u00e5rd, Elin Mangs, Tyra Ingves, Svea \u00c5djers, Elin Gullmes, Inga Lillsj\u00f6 och Alice Bj\u00f6rses. Pojkarna d\u00e4r bak bland annat Valter Bj\u00f6rkn\u00e4s, Karl Stenman, Birger Bj\u00f6rses, Runar Ingvesback, Bertel Granskog, Hilding Bj\u00f6rmans och Eskil \u00c5lgars.<\/figcaption><\/figure>\n<figure id=\"attachment_5414\" aria-describedby=\"caption-attachment-5414\" style=\"width: 1183px\" class=\"wp-caption aligncenter\"><img loading=\"lazy\" decoding=\"async\" class=\"size-full wp-image-5414\" src=\"http:\/\/www.lassebacklund.fi\/wp-content\/uploads\/2017\/07\/ota295_foto_0417.jpg\" alt=\"Greta Ebb (f. 1922, senare gift med Yrj\u00f6 Sillanp\u00e4\u00e4) i sin tr\u00e4dg\u00e5rd framf\u00f6r hemmet.\" width=\"1183\" height=\"766\" srcset=\"https:\/\/www.lassebacklund.fi\/wp-content\/uploads\/2017\/07\/ota295_foto_0417.jpg 1183w, https:\/\/www.lassebacklund.fi\/wp-content\/uploads\/2017\/07\/ota295_foto_0417-300x194.jpg 300w, https:\/\/www.lassebacklund.fi\/wp-content\/uploads\/2017\/07\/ota295_foto_0417-768x497.jpg 768w, https:\/\/www.lassebacklund.fi\/wp-content\/uploads\/2017\/07\/ota295_foto_0417-1024x663.jpg 1024w\" sizes=\"auto, (max-width: 1183px) 100vw, 1183px\" \/><figcaption id=\"caption-attachment-5414\" class=\"wp-caption-text\">Greta Ebb (f. 1922, senare gift med Yrj\u00f6 Sillanp\u00e4\u00e4) i sin tr\u00e4dg\u00e5rd framf\u00f6r hemmet.<\/figcaption><\/figure>\n<figure id=\"attachment_5413\" aria-describedby=\"caption-attachment-5413\" style=\"width: 1175px\" class=\"wp-caption aligncenter\"><img loading=\"lazy\" decoding=\"async\" class=\"size-full wp-image-5413\" src=\"http:\/\/www.lassebacklund.fi\/wp-content\/uploads\/2017\/07\/ota295_foto_0416.jpg\" alt=\"Till v\u00e4nster Helge Holm (1927-2017) bredvid pappa Erland (1896-1950)och till h\u00f6ger st\u00e5r Olof Holm (f. 1925) och ser p\u00e5 d\u00e5 en ok\u00e4nd man h\u00e5ller p\u00e5 och t\u00e4ckdikar i \u00e5kern.\" width=\"1175\" height=\"721\" srcset=\"https:\/\/www.lassebacklund.fi\/wp-content\/uploads\/2017\/07\/ota295_foto_0416.jpg 1175w, https:\/\/www.lassebacklund.fi\/wp-content\/uploads\/2017\/07\/ota295_foto_0416-300x184.jpg 300w, https:\/\/www.lassebacklund.fi\/wp-content\/uploads\/2017\/07\/ota295_foto_0416-768x471.jpg 768w, https:\/\/www.lassebacklund.fi\/wp-content\/uploads\/2017\/07\/ota295_foto_0416-1024x628.jpg 1024w\" sizes=\"auto, (max-width: 1175px) 100vw, 1175px\" \/><figcaption id=\"caption-attachment-5413\" class=\"wp-caption-text\">Till v\u00e4nster Helge Holm (1927-2017) bredvid pappa Erland (1896-1950)och till h\u00f6ger st\u00e5r Olof Holm (f. 1925) och ser p\u00e5 d\u00e5 en ok\u00e4nd man h\u00e5ller p\u00e5 och t\u00e4ckdikar i \u00e5kern.<\/figcaption><\/figure>\n<p>Om du vill se Selims foton fr\u00e5n vinterkrigstiden, s\u00e5 skall du klicka <a href=\"https:\/\/www.lassebacklund.fi\/?page_id=5425\"><span style=\"color: #000080;\"><strong>H\u00c4R!<\/strong><\/span><\/a><\/p>\n<p>Mera foton av Selim Bj\u00f6rses hittar du genom att klicka<a href=\"https:\/\/www.lassebacklund.fi\/?page_id=5464\"><span style=\"color: #000080;\"><strong> H\u00c4R!<\/strong><\/span><\/a><\/p>\n","protected":false},"excerpt":{"rendered":"<p>H\u00e4r n\u00e5gra av folkskoll\u00e4raren Selim Bj\u00f6rses\u00b4 fotografier. Eric Stens har identifierat personerna och skrivit de flesta texter. Fotografierna \u00e4r fr\u00e5n Svenska Litteraturs\u00e4llskapets arkiv i Vasa. Vill du l\u00e4sa mera om Agn\u00e4s g\u00e5rd p\u00e5 Sebbasbackan, s\u00e5 klicka H\u00c4R! Vill du l\u00e4sa <a class=\"more-link\" href=\"https:\/\/www.lassebacklund.fi\/?page_id=5375\">Forts\u00e4tt l\u00e4sa <span class=\"screen-reader-text\">  Selims foton fr\u00e5n \u00e5r 1939.<\/span><span class=\"meta-nav\">&rarr;<\/span><\/a><\/p>\n","protected":false},"author":1,"featured_media":0,"parent":4555,"menu_order":1939,"comment_status":"closed","ping_status":"closed","template":"","meta":{"footnotes":""},"class_list":["post-5375","page","type-page","status-publish","hentry"],"_links":{"self":[{"href":"https:\/\/www.lassebacklund.fi\/index.php?rest_route=\/wp\/v2\/pages\/5375","targetHints":{"allow":["GET"]}}],"collection":[{"href":"https:\/\/www.lassebacklund.fi\/index.php?rest_route=\/wp\/v2\/pages"}],"about":[{"href":"https:\/\/www.lassebacklund.fi\/index.php?rest_route=\/wp\/v2\/types\/page"}],"author":[{"embeddable":true,"href":"https:\/\/www.lassebacklund.fi\/index.php?rest_route=\/wp\/v2\/users\/1"}],"replies":[{"embeddable":true,"href":"https:\/\/www.lassebacklund.fi\/index.php?rest_route=%2Fwp%2Fv2%2Fcomments&post=5375"}],"version-history":[{"count":7,"href":"https:\/\/www.lassebacklund.fi\/index.php?rest_route=\/wp\/v2\/pages\/5375\/revisions"}],"predecessor-version":[{"id":22767,"href":"https:\/\/www.lassebacklund.fi\/index.php?rest_route=\/wp\/v2\/pages\/5375\/revisions\/22767"}],"up":[{"embeddable":true,"href":"https:\/\/www.lassebacklund.fi\/index.php?rest_route=\/wp\/v2\/pages\/4555"}],"wp:attachment":[{"href":"https:\/\/www.lassebacklund.fi\/index.php?rest_route=%2Fwp%2Fv2%2Fmedia&parent=5375"}],"curies":[{"name":"wp","href":"https:\/\/api.w.org\/{rel}","templated":true}]}}