{"id":532,"date":"2016-09-14T20:51:16","date_gmt":"2016-09-14T18:51:16","guid":{"rendered":"http:\/\/www.lassebacklund.fi\/?page_id=532"},"modified":"2025-07-16T23:48:43","modified_gmt":"2025-07-16T20:48:43","slug":"stromberg-selims-gard-pa-dagsmarkvagen-360","status":"publish","type":"page","link":"https:\/\/www.lassebacklund.fi\/?page_id=532","title":{"rendered":"Str\u00f6mberg Selims g\u00e5rd p\u00e5 Dagsmarkv\u00e4gen 360"},"content":{"rendered":"<figure id=\"attachment_24357\" aria-describedby=\"caption-attachment-24357\" style=\"width: 1805px\" class=\"wp-caption alignnone\"><img loading=\"lazy\" decoding=\"async\" class=\"wp-image-24357 size-full\" src=\"https:\/\/www.lassebacklund.fi\/wp-content\/uploads\/2025\/07\/PICT5526.jpg\" alt=\"\" width=\"1805\" height=\"1088\" srcset=\"https:\/\/www.lassebacklund.fi\/wp-content\/uploads\/2025\/07\/PICT5526.jpg 1805w, https:\/\/www.lassebacklund.fi\/wp-content\/uploads\/2025\/07\/PICT5526-300x181.jpg 300w, https:\/\/www.lassebacklund.fi\/wp-content\/uploads\/2025\/07\/PICT5526-1024x617.jpg 1024w, https:\/\/www.lassebacklund.fi\/wp-content\/uploads\/2025\/07\/PICT5526-768x463.jpg 768w, https:\/\/www.lassebacklund.fi\/wp-content\/uploads\/2025\/07\/PICT5526-1536x926.jpg 1536w\" sizes=\"auto, (max-width: 1805px) 100vw, 1805px\" \/><figcaption id=\"caption-attachment-24357\" class=\"wp-caption-text\">G\u00e5rden fotograferad fr\u00e5n landsv\u00e4gen sommaren 2025.<\/figcaption><\/figure>\n<p><strong><span style=\"color: #000080;\">Sammanst\u00e4llt av Lasse Backlund 2013.<\/span><\/strong><\/p>\n<p>Det h\u00e4r huset byggdes av arbetaren Selim Str\u00f6mberg i mitten av 1900-talet. Det stod tidigare bakom Str\u00f6mbergas bondg\u00e5rd, snett upp mot By\u00e5sen och det var d\u00e5 Hindrikas J\u00e5hanas lillstuga. d\u00e4r den stod med gaveln v\u00e4nd mot landsv\u00e4gen. Sj\u00e4lva huvudg\u00e5rden s\u00e5ldes \u00e5t Erland Nor\u00e9n, som flyttade den till \u00c5backan vid storskiftet 1900-1912. (Vill du l\u00e4sa mera om den g\u00e5rden som sedan \u00f6vertogs av familjen H\u00e4llback, klicka <a href=\"http:\/\/www.lassebacklund.fi\/serif\/aback312.html\"><u>h\u00e4r<\/u><\/a>).<\/p>\n<p>P\u00e5 den h\u00e4r platsen stod f\u00f6re storskiftet Gr\u00f6ndalas Josefs bondg\u00e5rd men den blev flyttad till Myron p\u00e5\u00a0 \u00c5backan. I storskiftet 1900-1912 blev detta omr\u00e5de en del av hemmanet Rosendal, som \u00e4gdes av Erland och Ida B\u00e5sk i Kiaskroken. I juni 1945 s\u00e5lde Erland och Ida ett tomtomr\u00e5de p\u00e5\u00a0 0.26 ha n\u00e4ra Gr\u00f6ndalas t\u00e5\u00a0 \u00e5t Selim Str\u00f6mberg (1901 \u2013 1976) och Hulda Maria (f. Vesterg\u00e5rd 1904, d.1984). Tomten fick namnet B\u00e5skbacka 2:67. M\u00f6jligtvis hade lillstugan flyttats till sitt nuvarande st\u00e4lle redan f\u00f6re eller under kriget, fast tomtk\u00f6pet gjordes efter kriget. Selim och hustrun Hulda, som inte hade n\u00e5gra barn bodde i stugan hela livet.<\/p>\n<h4><strong>Selim Str\u00f6mberg.<\/strong><\/h4>\n<p>Selim Sigfrid (1901-1976) var son till Johan Josefsson Str\u00f6mberg (1857-1907) och Wilhelmina (f. Johan Henriksdotter \u00c4bb 1859, d. 1923). Selim var yngst av 6 syskon men den enda som levde till vuxen \u00e5lder. Selims far Johan Str\u00f6mberg var bror bland annat till Kias-Erland B\u00e5sk och till Josef Str\u00f6mberg d.\u00e4. (allts\u00e5 till den Josef som sedan blev far till Erik Anders Broberg och till Str\u00f6mbergas Josip d.y.). Selim var med andra ord kusin med Erik Anders Broberg och till Josef Str\u00f6mberg d.y. som blev far till bland annat Signe Holmberg och Elvi \u00d6ist.<\/p>\n<p>Selim Str\u00f6mberg gifte sig \u00e5r 1943 med <span style=\"text-decoration: underline;\">Hulda<\/span> Maria Vesterg\u00e5rd (1904-1984) som var dotter till Henrik Vesterg\u00e5rd (1870-1918) och Ida (f\u00f6dd Klemets 1878). Hulda var syster till Artur, Elin, Gunnar och Signe Vesterg\u00e5rd, som kallades &#8221;Erikas&#8221;. Selim arbetade i Kristinestad, bland annat \u00e5t Wiik &amp; H\u00f6glund.<\/p>\n<h4><strong>F\u00f6ljande \u00e4gare.<\/strong><\/h4>\n<p>I slutet av 1980-talet bodde Anne Hukkanen och hennes man i huset. Mannen arbetade p\u00e5 Lindells snickeri i n\u00e4rheten och Anne arbetade som st\u00e4dare p\u00e5 brandstationen och som sjukhusbitr\u00e4de p\u00e5 Kretssjukhuset. Anne var hemma fr\u00e5n Joensuu och hon f\u00f6dde upp angorakaniner, som hade tjock p\u00e4ls. Denna klipptes tre g\u00e5nger per \u00e5r och gav v\u00e4rdefull ull.<\/p>\n<p>De nuvarande \u00e4garna har flyttat fr\u00e5n annan ort och de renoverade huset som ocks\u00e5 byggdes till p\u00e5 1990-talet och de bor fortfarande i huset.<\/p>\n<figure id=\"attachment_12826\" aria-describedby=\"caption-attachment-12826\" style=\"width: 2304px\" class=\"wp-caption alignnone\"><img loading=\"lazy\" decoding=\"async\" class=\"size-full wp-image-12826\" src=\"http:\/\/www.lassebacklund.fi\/wp-content\/uploads\/2019\/07\/Str\u00f6mbergas-Selimas-Kaura.jpg\" alt=\"\" width=\"2304\" height=\"1704\" srcset=\"https:\/\/www.lassebacklund.fi\/wp-content\/uploads\/2019\/07\/Str\u00f6mbergas-Selimas-Kaura.jpg 2304w, https:\/\/www.lassebacklund.fi\/wp-content\/uploads\/2019\/07\/Str\u00f6mbergas-Selimas-Kaura-300x222.jpg 300w, https:\/\/www.lassebacklund.fi\/wp-content\/uploads\/2019\/07\/Str\u00f6mbergas-Selimas-Kaura-768x568.jpg 768w, https:\/\/www.lassebacklund.fi\/wp-content\/uploads\/2019\/07\/Str\u00f6mbergas-Selimas-Kaura-1024x757.jpg 1024w\" sizes=\"auto, (max-width: 2304px) 100vw, 2304px\" \/><figcaption id=\"caption-attachment-12826\" class=\"wp-caption-text\">G\u00e5rden fotograferad fr\u00e5n landsv\u00e4gen i juli 2019.<\/figcaption><\/figure>\n<figure id=\"attachment_531\" aria-describedby=\"caption-attachment-531\" style=\"width: 1600px\" class=\"wp-caption alignnone\"><img loading=\"lazy\" decoding=\"async\" class=\"size-full wp-image-531\" src=\"http:\/\/www.lassebacklund.fi\/wp-content\/uploads\/2016\/09\/1-6.jpg\" alt=\"S\u00e5 h\u00e4r s\u00e5g Str\u00f6mberg Selims g\u00e5rd ut fr\u00e5n landsv\u00e4gen \u00e5r 2003, efter att den blivit grundligt renoverad.\" width=\"1600\" height=\"1200\" srcset=\"https:\/\/www.lassebacklund.fi\/wp-content\/uploads\/2016\/09\/1-6.jpg 1600w, https:\/\/www.lassebacklund.fi\/wp-content\/uploads\/2016\/09\/1-6-300x225.jpg 300w, https:\/\/www.lassebacklund.fi\/wp-content\/uploads\/2016\/09\/1-6-768x576.jpg 768w, https:\/\/www.lassebacklund.fi\/wp-content\/uploads\/2016\/09\/1-6-1024x768.jpg 1024w\" sizes=\"auto, (max-width: 1600px) 100vw, 1600px\" \/><figcaption id=\"caption-attachment-531\" class=\"wp-caption-text\">S\u00e5 h\u00e4r s\u00e5g Str\u00f6mberg Selims g\u00e5rd ut fr\u00e5n landsv\u00e4gen \u00e5r 2003, efter att den blivit grundligt renoverad.<\/figcaption><\/figure>\n","protected":false},"excerpt":{"rendered":"<p>Sammanst\u00e4llt av Lasse Backlund 2013. Det h\u00e4r huset byggdes av arbetaren Selim Str\u00f6mberg i mitten av 1900-talet. Det stod tidigare bakom Str\u00f6mbergas bondg\u00e5rd, snett upp mot By\u00e5sen och det var d\u00e5 Hindrikas J\u00e5hanas lillstuga. d\u00e4r den stod med gaveln v\u00e4nd <a class=\"more-link\" href=\"https:\/\/www.lassebacklund.fi\/?page_id=532\">Forts\u00e4tt l\u00e4sa <span class=\"screen-reader-text\">  Str\u00f6mberg Selims g\u00e5rd p\u00e5 Dagsmarkv\u00e4gen 360<\/span><span class=\"meta-nav\">&rarr;<\/span><\/a><\/p>\n","protected":false},"author":1,"featured_media":0,"parent":61,"menu_order":360,"comment_status":"closed","ping_status":"closed","template":"","meta":{"footnotes":""},"class_list":["post-532","page","type-page","status-publish","hentry"],"_links":{"self":[{"href":"https:\/\/www.lassebacklund.fi\/index.php?rest_route=\/wp\/v2\/pages\/532","targetHints":{"allow":["GET"]}}],"collection":[{"href":"https:\/\/www.lassebacklund.fi\/index.php?rest_route=\/wp\/v2\/pages"}],"about":[{"href":"https:\/\/www.lassebacklund.fi\/index.php?rest_route=\/wp\/v2\/types\/page"}],"author":[{"embeddable":true,"href":"https:\/\/www.lassebacklund.fi\/index.php?rest_route=\/wp\/v2\/users\/1"}],"replies":[{"embeddable":true,"href":"https:\/\/www.lassebacklund.fi\/index.php?rest_route=%2Fwp%2Fv2%2Fcomments&post=532"}],"version-history":[{"count":12,"href":"https:\/\/www.lassebacklund.fi\/index.php?rest_route=\/wp\/v2\/pages\/532\/revisions"}],"predecessor-version":[{"id":24358,"href":"https:\/\/www.lassebacklund.fi\/index.php?rest_route=\/wp\/v2\/pages\/532\/revisions\/24358"}],"up":[{"embeddable":true,"href":"https:\/\/www.lassebacklund.fi\/index.php?rest_route=\/wp\/v2\/pages\/61"}],"wp:attachment":[{"href":"https:\/\/www.lassebacklund.fi\/index.php?rest_route=%2Fwp%2Fv2%2Fmedia&parent=532"}],"curies":[{"name":"wp","href":"https:\/\/api.w.org\/{rel}","templated":true}]}}