{"id":415,"date":"2016-09-12T20:16:58","date_gmt":"2016-09-12T18:16:58","guid":{"rendered":"http:\/\/www.lassebacklund.fi\/?page_id=415"},"modified":"2025-12-12T20:48:35","modified_gmt":"2025-12-12T18:48:35","slug":"jossas-kaalas-pa-dagsmarkvagen-176","status":"publish","type":"page","link":"https:\/\/www.lassebacklund.fi\/?page_id=415","title":{"rendered":"Br\u00e4nnkull p\u00e5 Dagsmarkv\u00e4gen 176"},"content":{"rendered":"<figure id=\"attachment_411\" aria-describedby=\"caption-attachment-411\" style=\"width: 1386px\" class=\"wp-caption aligncenter\"><img loading=\"lazy\" decoding=\"async\" class=\"size-full wp-image-411\" src=\"http:\/\/www.lassebacklund.fi\/wp-content\/uploads\/2016\/09\/1.jpg\" alt=\"S\u00e5 h\u00e4r s\u00e5g Jossas Kaalas g\u00e5rd ut \u00e5r 2013, fotograferad fr\u00e5n s\u00f6der.\" width=\"1386\" height=\"1039\" srcset=\"https:\/\/www.lassebacklund.fi\/wp-content\/uploads\/2016\/09\/1.jpg 1386w, https:\/\/www.lassebacklund.fi\/wp-content\/uploads\/2016\/09\/1-300x225.jpg 300w, https:\/\/www.lassebacklund.fi\/wp-content\/uploads\/2016\/09\/1-768x576.jpg 768w, https:\/\/www.lassebacklund.fi\/wp-content\/uploads\/2016\/09\/1-1024x768.jpg 1024w\" sizes=\"auto, (max-width: 1386px) 100vw, 1386px\" \/><figcaption id=\"caption-attachment-411\" class=\"wp-caption-text\">S\u00e5 h\u00e4r s\u00e5g Karl Johan Br\u00e4nnkulls g\u00e5rd ut sommaren 2013. Han kallades i folkmun &#8221;J\u00e5ssas Kaal&#8221; och d\u00e5 hustrun Maja Greta var med kallades de &#8221;Kalle G\u00e5bbin och Maj&#8221;. G\u00e5rden st\u00e5r p\u00e5 Lappfj\u00e4rds bys marker men geografiskt ligger den i Dagsmark. Fotot taget fr\u00e5n s\u00f6der.<\/figcaption><\/figure>\n<p><strong><span style=\"color: #333399;\">Sammanst\u00e4llt av Lasse Backlund 2014, med hj\u00e4lp av Eugen Bj\u00f6rs och Rolf Stenlund.<\/span><\/strong><\/p>\n<h3><strong>G\u00e5rdens historia<\/strong><\/h3>\n<p>Den h\u00e4r gamla g\u00e5rden st\u00e5r l\u00e5ngt fr\u00e5n Dagsmarkv\u00e4gen men \u00e4r fullt synlig d\u00e4r den st\u00e5r n\u00e4ra skogsbrynet. Den byggdes eller flyttades hit till Skitvikst\u00e5 av Karl Johan &#8221;J\u00e5ssas Kaal&#8221; Br\u00e4nnkull (f. P\u00e4rus1863-1937) och hans hustru Maja Greta (f. Nyholm1861-1936). De kallades ocks\u00e5 f\u00f6r &#8221;Kalle G\u00e5bbin och Maj&#8221; i vardagligt tal. Runt huset hade de ett litet jordbruk med ett par kor. I n\u00e5got skede har g\u00e5rden blivit tillbyggd i den norra \u00e4ndan och den nuvarande \u00e4garen har ocks\u00e5 byggt till en ny farstukvist.<\/p>\n<figure id=\"attachment_4938\" aria-describedby=\"caption-attachment-4938\" style=\"width: 790px\" class=\"wp-caption alignnone\"><img loading=\"lazy\" decoding=\"async\" class=\" wp-image-4938\" src=\"http:\/\/www.lassebacklund.fi\/wp-content\/uploads\/2017\/07\/Karl-Johan-Br\u00e4nnkull-i-Krasnoje-Selo-baksida.jpg\" alt=\"I mitten p\u00e5 1880-talet tj\u00e4nstgjorde &quot;Jossas Kaal&quot; i 3 \u00e5rs tid som skarpskytt i den finska arm\u00e9n, troligen i Vasa. Under de 3 \u00e5ren deltog han, liksom alla andra soldater under 5-7 veckor i en h\u00e5rd man\u00f6ver i Krasnoje Selo, som ligger utanf\u00f6r Sankt Petersburg.\" width=\"790\" height=\"652\" srcset=\"https:\/\/www.lassebacklund.fi\/wp-content\/uploads\/2017\/07\/Karl-Johan-Br\u00e4nnkull-i-Krasnoje-Selo-baksida.jpg 1440w, https:\/\/www.lassebacklund.fi\/wp-content\/uploads\/2017\/07\/Karl-Johan-Br\u00e4nnkull-i-Krasnoje-Selo-baksida-300x247.jpg 300w, https:\/\/www.lassebacklund.fi\/wp-content\/uploads\/2017\/07\/Karl-Johan-Br\u00e4nnkull-i-Krasnoje-Selo-baksida-768x633.jpg 768w, https:\/\/www.lassebacklund.fi\/wp-content\/uploads\/2017\/07\/Karl-Johan-Br\u00e4nnkull-i-Krasnoje-Selo-baksida-1024x844.jpg 1024w\" sizes=\"auto, (max-width: 790px) 100vw, 790px\" \/><figcaption id=\"caption-attachment-4938\" class=\"wp-caption-text\">I mitten p\u00e5 1880-talet tj\u00e4nstgjorde &#8221;J\u00e5ssas Kaal&#8221; i 3 \u00e5rs tid som skarpskytt i den finska arm\u00e9n, troligen i Vasa. Under de 3 \u00e5ren deltog han, liksom alla andra soldater under 5-7 veckor i en h\u00e5rd man\u00f6ver i Krasnoje Selo, som ligger utanf\u00f6r Sankt Petersburg i Ryssland. Om du vill l\u00e4sa mera om den finska milit\u00e4ren under den ryska tiden, d\u00e5 skall du klicka <a href=\"http:\/\/www.lassebacklund.fi\/?page_id=4677\"><span style=\"text-decoration: underline;\"><span style=\"color: #000080;\"><strong>H\u00c4R!<\/strong><\/span><\/span><\/a><\/figcaption><\/figure>\n<p>Karl Johan Br\u00e4nnkull var son till torparen Johan Henrik Johansson P\u00e4rus, skriven p\u00e5 Ingves i Lappfj\u00e4rd. Hustrun Maja Greta var dotter till Johan Anders Nyholm (1842-1910) fr\u00e5n J\u00e5hanas i Norrviken som f\u00f6rsta g\u00e5ngen var gift med Anna Kajsa Sm\u00e5tr\u00e4sk (1835-1864).<\/p>\n<p><strong>\u00c5r 1921<\/strong> hade Karl Br\u00e4nnkull f\u00f6rv\u00e4rvat ett markomr\u00e5de p\u00e5 2,4 ha av Storkull hemman, som han gav namnet Viken. S\u00e4ljare var Erland och Ida Norrg\u00e5rd och det h\u00e4r omr\u00e5det ligger 120 meter fr\u00e5n landsv\u00e4gen och ligger l\u00e4ngs den v\u00e4g som g\u00e5r upp till Br\u00e4nnkulls g\u00e5rd. \u00c5r 1935 fick Karl lagfart p\u00e5 detta Viken och p\u00e5 samma g\u00e5ng ocks\u00e5 p\u00e5 l\u00e4genheten Br\u00e4nnkulla 21:12 i Lappfj\u00e4rd och \u00c5back 21:51 i Lappfj\u00e4rd.<\/p>\n<p>Karl Johan och Maja Greta Br\u00e4nnkull fick tv\u00e5 s\u00f6ner som levde till vuxen \u00e5lder. Den \u00e4ldre sonen Johan Alfred (f.1884) emigrerade till Amerika \u00e5r 1902. Den yngre sonen som hette Erland Br\u00e4nnkull (1888-1939) gifte sig med Adelina Hinders (1890-1981). Adelina och Erland Br\u00e4nnkull fick en dotter Ellen (1917-2009) som senare gift med Ragnar Nissander fr\u00e5n Lappfj\u00e4rd.<\/p>\n<h3><strong>Dottern Ellen och Ragnar Nissander tar \u00f6ver<\/strong><\/h3>\n<p><strong>\u00c5r 1941 i november<\/strong> s\u00e5lde \u00e4nkan Adelina Br\u00e4nnkull g\u00e5rden med d\u00e4rtill h\u00f6rande marker \u00e5t sin dotter Ellen Nissander, som var gift med Ragnar Nissander. I k\u00f6pet ingick 3 l\u00e4genheter, n\u00e4mligen Br\u00e4nnkulla 21:12 under Stor-Perus andel i Lappfj\u00e4rd, \u00c5back 21:51 i Lappfj\u00e4rd och Viken 6:26 av Storkull hemman i Dagsmark. K\u00f6parna bodde ocks\u00e5 h\u00e4r en tid men flyttade sedan till centrala Perus till adressen Lappfj\u00e4rdsv\u00e4gen 1270, till den g\u00e5rd som Erik Anders B\u00e5sk hade byggt och d\u00e4r han med d\u00e5lig framg\u00e5ng bedrivit handel.<\/p>\n<p>Efter att Adelina och Erland Br\u00e4nnkull flyttade bort har d\u00e4r J\u00e5ssas-Kaalas p\u00e5 hyra bott ett stort antal familjer, bland annat Elvi och Elis Hammarberg, familjerna Ketola och Laaksonen, <span style=\"display: inline !important; float: none; background-color: transparent; color: #373737; font-family: 'Helvetica Neue',Helvetica,Arial,sans-serif; font-size: 15px; font-style: normal; font-variant: normal; font-weight: 300; letter-spacing: normal; orphans: 2; text-align: left; text-decoration: none; text-indent: 0px; text-transform: none; -webkit-text-stroke-width: 0px; white-space: normal; word-spacing: 0px;\">Jokinen, m\u00f6jligtvis \u00e4nnu flera.<\/span> Wiljam M\u00e4nnist\u00f6 fr\u00e5n Sideby och hans hustru\u00a0 Adelina bodde h\u00e4r i b\u00f6rjan p\u00e5 30-talet f\u00f6re de flyttade till Sandviken p\u00e5 Korsb\u00e4ckv\u00e4gen 463. M\u00e4nnist\u00f6 bytte sedan sl\u00e4ktnamn till Sj\u00f6vik och \u00e5r 1945 b\u00f6rjade de sk\u00f6ta om Korsb\u00e4cks f\u00f6rsta telefoncentral. Trots att Wiljam hade hetat b\u00e5de M\u00e4nnist\u00f6 och Sj\u00f6vik, s\u00e5 k\u00e4nde korsb\u00e4ckborna honom endast som &#8221;Sandviik Wiljam&#8221;.<\/p>\n<p><strong>\u00c5r 1977, den 21 februari<\/strong> s\u00e5lde Ragnar och Ellen Nissander l\u00e4genheten Viken 287-405-6-26 \u00e5t bonden Erkki M\u00e4kitalo f\u00f6r 40 000 mark.<\/p>\n<p><strong>I slutet av1970-talet<\/strong> s\u00e5lde Nissander sj\u00e4lva huvudbyggnaden med omkring liggande marker \u00e5t n\u00e5gra investerare och de uppf\u00f6rde en p\u00e4lsdjursfarm p\u00e5 \u00e5krarna bakom huset. De drev den h\u00e4r farmen bara till \u00e5r 1982 d\u00e5 de s\u00e5lde den till den nuvarande \u00e4garen, som lade ner farmverksamheten \u00e5r 2005.<\/p>\n<figure id=\"attachment_412\" aria-describedby=\"caption-attachment-412\" style=\"width: 1386px\" class=\"wp-caption aligncenter\"><img loading=\"lazy\" decoding=\"async\" class=\"size-full wp-image-412\" src=\"http:\/\/www.lassebacklund.fi\/wp-content\/uploads\/2016\/09\/2-1.jpg\" alt=\"H\u00e4r samma g\u00e5rd fotograferad fr\u00e5n norr \u00e5r 2013.\" width=\"1386\" height=\"1039\" srcset=\"https:\/\/www.lassebacklund.fi\/wp-content\/uploads\/2016\/09\/2-1.jpg 1386w, https:\/\/www.lassebacklund.fi\/wp-content\/uploads\/2016\/09\/2-1-300x225.jpg 300w, https:\/\/www.lassebacklund.fi\/wp-content\/uploads\/2016\/09\/2-1-768x576.jpg 768w, https:\/\/www.lassebacklund.fi\/wp-content\/uploads\/2016\/09\/2-1-1024x768.jpg 1024w\" sizes=\"auto, (max-width: 1386px) 100vw, 1386px\" \/><figcaption id=\"caption-attachment-412\" class=\"wp-caption-text\">Br\u00e4nnkulls g\u00e5rd fotograferad fr\u00e5n norr \u00e5r 2013.<\/figcaption><\/figure>\n<figure id=\"attachment_413\" aria-describedby=\"caption-attachment-413\" style=\"width: 2816px\" class=\"wp-caption aligncenter\"><img loading=\"lazy\" decoding=\"async\" class=\"size-full wp-image-413\" src=\"http:\/\/www.lassebacklund.fi\/wp-content\/uploads\/2016\/09\/Jossas-Kalas-3.jpg\" alt=\"Huset fotograferat fr\u00e5n g\u00e5rdssidan. I bakgrunden skymtar Norrg\u00e5rds nere p\u00e5 Dagsmarkv\u00e4gen.\" width=\"2816\" height=\"2112\" srcset=\"https:\/\/www.lassebacklund.fi\/wp-content\/uploads\/2016\/09\/Jossas-Kalas-3.jpg 2816w, https:\/\/www.lassebacklund.fi\/wp-content\/uploads\/2016\/09\/Jossas-Kalas-3-300x225.jpg 300w, https:\/\/www.lassebacklund.fi\/wp-content\/uploads\/2016\/09\/Jossas-Kalas-3-768x576.jpg 768w, https:\/\/www.lassebacklund.fi\/wp-content\/uploads\/2016\/09\/Jossas-Kalas-3-1024x768.jpg 1024w\" sizes=\"auto, (max-width: 2816px) 100vw, 2816px\" \/><figcaption id=\"caption-attachment-413\" class=\"wp-caption-text\">Huset fotograferat fr\u00e5n g\u00e5rdssidan. I bakgrunden skymtar Norrg\u00e5rds nere p\u00e5 Dagsmarkv\u00e4gen.<\/figcaption><\/figure>\n<p><img loading=\"lazy\" decoding=\"async\" class=\"size-full wp-image-414 aligncenter\" src=\"http:\/\/www.lassebacklund.fi\/wp-content\/uploads\/2016\/09\/Karta-\u00f6ver-Jossas-Kaalas.jpg\" alt=\"Karta \u00f6ver Jossas Kaalas\" width=\"715\" height=\"562\" srcset=\"https:\/\/www.lassebacklund.fi\/wp-content\/uploads\/2016\/09\/Karta-\u00f6ver-Jossas-Kaalas.jpg 715w, https:\/\/www.lassebacklund.fi\/wp-content\/uploads\/2016\/09\/Karta-\u00f6ver-Jossas-Kaalas-300x236.jpg 300w\" sizes=\"auto, (max-width: 715px) 100vw, 715px\" \/><\/p>\n<p>Man skulle tycka att denna g\u00e5rd ligger i Dagsmark men enligt den h\u00e4r kartan \u00e4r g\u00e5rden bel\u00e4gen p\u00e5 Lappfj\u00e4rds bys omr\u00e5de.<\/p>\n","protected":false},"excerpt":{"rendered":"<p>Sammanst\u00e4llt av Lasse Backlund 2014, med hj\u00e4lp av Eugen Bj\u00f6rs och Rolf Stenlund. G\u00e5rdens historia Den h\u00e4r gamla g\u00e5rden st\u00e5r l\u00e5ngt fr\u00e5n Dagsmarkv\u00e4gen men \u00e4r fullt synlig d\u00e4r den st\u00e5r n\u00e4ra skogsbrynet. Den byggdes eller flyttades hit till Skitvikst\u00e5 av <a class=\"more-link\" href=\"https:\/\/www.lassebacklund.fi\/?page_id=415\">Forts\u00e4tt l\u00e4sa <span class=\"screen-reader-text\">  Br\u00e4nnkull p\u00e5 Dagsmarkv\u00e4gen 176<\/span><span class=\"meta-nav\">&rarr;<\/span><\/a><\/p>\n","protected":false},"author":1,"featured_media":0,"parent":61,"menu_order":176,"comment_status":"closed","ping_status":"closed","template":"","meta":{"footnotes":""},"class_list":["post-415","page","type-page","status-publish","hentry"],"_links":{"self":[{"href":"https:\/\/www.lassebacklund.fi\/index.php?rest_route=\/wp\/v2\/pages\/415","targetHints":{"allow":["GET"]}}],"collection":[{"href":"https:\/\/www.lassebacklund.fi\/index.php?rest_route=\/wp\/v2\/pages"}],"about":[{"href":"https:\/\/www.lassebacklund.fi\/index.php?rest_route=\/wp\/v2\/types\/page"}],"author":[{"embeddable":true,"href":"https:\/\/www.lassebacklund.fi\/index.php?rest_route=\/wp\/v2\/users\/1"}],"replies":[{"embeddable":true,"href":"https:\/\/www.lassebacklund.fi\/index.php?rest_route=%2Fwp%2Fv2%2Fcomments&post=415"}],"version-history":[{"count":18,"href":"https:\/\/www.lassebacklund.fi\/index.php?rest_route=\/wp\/v2\/pages\/415\/revisions"}],"predecessor-version":[{"id":25156,"href":"https:\/\/www.lassebacklund.fi\/index.php?rest_route=\/wp\/v2\/pages\/415\/revisions\/25156"}],"up":[{"embeddable":true,"href":"https:\/\/www.lassebacklund.fi\/index.php?rest_route=\/wp\/v2\/pages\/61"}],"wp:attachment":[{"href":"https:\/\/www.lassebacklund.fi\/index.php?rest_route=%2Fwp%2Fv2%2Fmedia&parent=415"}],"curies":[{"name":"wp","href":"https:\/\/api.w.org\/{rel}","templated":true}]}}