{"id":4125,"date":"2017-05-18T17:53:31","date_gmt":"2017-05-18T15:53:31","guid":{"rendered":"http:\/\/www.lassebacklund.fi\/?page_id=4125"},"modified":"2026-04-01T22:40:53","modified_gmt":"2026-04-01T19:40:53","slug":"nya-hemman-pa-lang-nr-4","status":"publish","type":"page","link":"https:\/\/www.lassebacklund.fi\/?page_id=4125","title":{"rendered":"&#8221;Nya&#8221; hemman p\u00e5 L\u00e5ng nr 4."},"content":{"rendered":"<p><strong>Nya\u00a0hemman\u00a0vid storskiftet 1900-1912.<\/strong><\/p>\n<p>F\u00f6r\u00e4ndringarna var verkligt stora i hur hemmanen s\u00e5g ut f\u00f6re och efter det senaste storskiftet. En bonde hade vanligtvis ett tiotal skiften som var utspridda \u00f6ver hela byn, vilket betydde att en stor del av bondens tid gick \u00e5t att f\u00f6rflytta sig mellan de olika skiften. Om man ser till helheten s\u00e5 var storskiftet verkligt n\u00f6dv\u00e4ndigt men tyv\u00e4rr s\u00e5 fanns det n\u00e5gra b\u00f6nder som bodde centralt p\u00e5 Sebasbackan som m\u00e5ste flytta ut till nya st\u00e4llen. De som blev flyttade till Palon, Klemets\u00e4ndan och till Korsb\u00e4ck var i regel n\u00f6jda med det nya hemmanet medan de som m\u00e5ste flytta till de avl\u00e4gsna trakterna p\u00e5 \u00c5backan, n\u00e4ra r\u00e5n till B\u00f6tom protesterade och besv\u00e4rade sig. Besv\u00e4ren avslogs dock i delningsr\u00e4tten och storskiftet genomf\u00f6rdes s\u00e5som lantm\u00e4tare Sten Nilsson hade f\u00f6reslagit.<\/p>\n<p>H\u00e4r nedan finns f\u00f6rteckningar som visar hur m\u00e5nga skiften varje bonde p\u00e5 L\u00e5ng hemman fick efter storskiftet och var de fanns. Hemmanets storlek i hektar syns ocks\u00e5, uppdelat i:<\/p>\n<p><strong>-\u00c5ker<\/strong> (\u00e5ker \u00e4r ett skifte som plogas, harvas och g\u00f6dslas varje \u00e5r)<\/p>\n<p>&#8211;<strong>\u00c4ng<\/strong> (\u00e4ng \u00e4r ett skifte som v\u00e4xer vilt utan att brukas eller g\u00f6dslas. Med andra ord s\u00e5 sk\u00f6rdar man det som r\u00e5kar v\u00e4xa)<\/p>\n<p>&#8211;<strong>Odlingsbar mark<\/strong> (mark som \u00e4r m\u00f6jlig att odla upp till \u00e5ker)<\/p>\n<p>&#8211;<strong>Skog.<\/strong><\/p>\n<p>Varje liten figur och skifte graderades mellan 0 till 10 enligt hur bra och v\u00e4rdefull marken var. Om ett skifte fick graden 0 s\u00e5 var det helt v\u00e4rdel\u00f6st, till exempel ett berg. Om ett skifte fick graden 10 s\u00e5 var det den absolut b\u00e4sta som fanns inom byn. Talet som finns efter =tecknet avser just det graderade v\u00e4rdet och det \u00e4r det mest intressanta talet, som visar det verkliga v\u00e4rdet p\u00e5 nya hemmanet.<\/p>\n<p>P\u00e5 kartorna \u00e4r det hemskiftet som \u00e4r utm\u00e4rkt med bl\u00e5 linje.<\/p>\n<p>Uppgifterna om de olika hemmens storlek \u00e4r tagna ur \u201dDagsmark Skifteslags Delningsinstrument \u00f6ver storskiftesregleringen 1904-1906\u201d.<\/p>\n<p>Kartorna \u00e4r fr\u00e5n Riksarkivet i Helsingfors.<\/p>\n<p>Uppgifter har ocks\u00e5 tagits ur Gunnar Gr\u00f6ndahls bok \u201dTillbakablick p\u00e5 Storskiftesregleringen i Dagsmark by \u00e5ren 1900-1912\u201d.<\/p>\n<p>Vid det tidigare storskiftet \u00e5r 1793 kl\u00f6vs L\u00e5ng hemman nr 4 i tre nya hemman, som fick numren: 4:1, 4:2 och 4:3. Fram till slutet p\u00e5 \u00e5r 2015 har L\u00e5ng hemmanet kluvits flera g\u00e5nger och best\u00e5r i dag av 245 olika l\u00e4genheter. Alla l\u00e4genheter p\u00e5 L\u00e5ng hemman har i dag en total areal om 305 hektar.<\/p>\n<h3><strong>L\u00e5ng 4:1. <\/strong><\/h3>\n<p>Hemmanet tidigare p\u00e5 Brobackan, men nya bel\u00e4get i Palon.<\/p>\n<p><img loading=\"lazy\" decoding=\"async\" class=\"size-full wp-image-4111 aligncenter\" src=\"http:\/\/www.lassebacklund.fi\/wp-content\/uploads\/2017\/05\/l-1-L\u00e5ng.jpg\" alt=\"l 1 L\u00e5ng\" width=\"1387\" height=\"817\" srcset=\"https:\/\/www.lassebacklund.fi\/wp-content\/uploads\/2017\/05\/l-1-L\u00e5ng.jpg 1387w, https:\/\/www.lassebacklund.fi\/wp-content\/uploads\/2017\/05\/l-1-L\u00e5ng-300x177.jpg 300w, https:\/\/www.lassebacklund.fi\/wp-content\/uploads\/2017\/05\/l-1-L\u00e5ng-768x452.jpg 768w, https:\/\/www.lassebacklund.fi\/wp-content\/uploads\/2017\/05\/l-1-L\u00e5ng-1024x603.jpg 1024w\" sizes=\"auto, (max-width: 1387px) 100vw, 1387px\" \/><\/p>\n<p>0,0834 mantal som utg\u00f6r 2\/13 mantal av L\u00e5ng hemman, \u00e4gdes av bonde\u00e4nkan Lena Andersson L\u00e5ng, som kallades f\u00f6r \u201dK\u00e5rk Lena\u201d. Hemmanet \u00f6vertogs sedan av sonen Erik Johan L\u00e5ng, som kallades f\u00f6r \u201dK\u00e5rk Erik J\u00e5han\u201d och hans hustru Matilda, som var dotter till Mokkelin och f\u00f6ljaktligen kallades f\u00f6r \u201dMokkela Tilda\u201d. Efter K\u00e5rk Lena d\u00f6d \u00e5r 1926 s\u00e5lde Erik Johan \u00e5r 1927 halva hemmanet, mittersta delen \u00e5t en Peltomaa fr\u00e5n Stor\u00e5. Denne Peltomaa s\u00e5lde sedan ut sitt hemman i delar, bland annat \u00e5t Karl Hemberg, som k\u00f6pte mark i den \u00f6stra delen.I januari 1937 s\u00e5lde Erik Johan L\u00e5ng resten av hemmanet, allts\u00e5 i b\u00e5da \u00e4ndarna i det ursprungliga hemmanet \u00e5t bonden Armas Varsaviita fr\u00e5n Stor\u00e5. Denne hyrde ut g\u00e5rden \u00e5t beh\u00f6vande, bland annat verkade den finska folkskolan h\u00e4r fr\u00e5n \u00e5r 1941 i n\u00e5gra \u00e5rs tid. Efter krigsslutet tog staten g\u00e5rden och hemmanet, som d\u00e5 var cirka 14 hektar mark och 10 ha skog av Varsaviita och gav det \u00e5t karelaren Juho Jantunen och hans familj. I b\u00f6rjan p\u00e5 1960-talet k\u00f6pte familjen Norrvik hemmanet av Jantunen och det \u00e4r fortfarande i den sl\u00e4ktens \u00e4go.<\/p>\n<p>\u201dK\u00e5rk Lena\u201d fick alla \u00e4gor i tv\u00e5 skiften: ett hemskifte i Palon och i K\u00e4ll\u00e4ngen, i s\u00f6dra \u00e4ndan av Lillsj\u00f6n.<\/p>\n<p>-\u00e5ker \u00a0\u00a0\u00a0\u00a0\u00a0\u00a0\u00a0\u00a0\u00a0\u00a0\u00a0\u00a0\u00a0\u00a0\u00a0\u00a0\u00a0\u00a0\u00a0\u00a0\u00a0\u00a0\u00a0\u00a0\u00a0\u00a0\u00a0\u00a0\u00a0\u00a0\u00a0\u00a0\u00a0 16,182 ha = 7,5411<\/p>\n<p>-\u00e4ng\u00a0\u00a0\u00a0\u00a0\u00a0\u00a0\u00a0\u00a0\u00a0\u00a0\u00a0\u00a0\u00a0\u00a0\u00a0\u00a0\u00a0\u00a0\u00a0\u00a0\u00a0\u00a0\u00a0\u00a0\u00a0\u00a0\u00a0\u00a0\u00a0\u00a0\u00a0\u00a0\u00a0\u00a0\u00a0 12,241 ha = 4,4930<\/p>\n<p>-odlingsbar mark\u00a0\u00a0\u00a0\u00a0\u00a0\u00a0\u00a0\u00a0\u00a0\u00a0\u00a0\u00a0\u00a0\u00a0 2,127 ha = 0.4762<\/p>\n<p>-skog\u00a0\u00a0\u00a0\u00a0\u00a0\u00a0\u00a0\u00a0\u00a0\u00a0\u00a0\u00a0\u00a0\u00a0\u00a0\u00a0\u00a0\u00a0\u00a0\u00a0\u00a0\u00a0\u00a0\u00a0\u00a0\u00a0\u00a0\u00a0\u00a0\u00a0\u00a0\u00a0\u00a0 25,428 ha = 3,9513<\/p>\n<p><strong>Totalt\u00a0\u00a0\u00a0\u00a0\u00a0\u00a0\u00a0\u00a0\u00a0\u00a0\u00a0 \u00a0\u00a0\u00a0\u00a0\u00a0\u00a0\u00a0\u00a0\u00a0\u00a0\u00a0\u00a0\u00a0\u00a0\u00a0\u00a0\u00a0\u00a0\u00a0\u00a0\u00a0 55,978 ha = 16,4616<\/strong><\/p>\n<p>Inga tomter p\u00e5 hemmanet i Palon.<\/p>\n<h3><strong>Vesterback 4:2. <\/strong><\/h3>\n<p>Hemmanet bel\u00e4get p\u00e5 \u00c5ddin och Brobackan.<\/p>\n<p><img loading=\"lazy\" decoding=\"async\" class=\"size-full wp-image-4112 aligncenter\" src=\"http:\/\/www.lassebacklund.fi\/wp-content\/uploads\/2017\/05\/l-2-Westerback.jpg\" alt=\"l 2 Westerback\" width=\"1026\" height=\"892\" srcset=\"https:\/\/www.lassebacklund.fi\/wp-content\/uploads\/2017\/05\/l-2-Westerback.jpg 1026w, https:\/\/www.lassebacklund.fi\/wp-content\/uploads\/2017\/05\/l-2-Westerback-300x261.jpg 300w, https:\/\/www.lassebacklund.fi\/wp-content\/uploads\/2017\/05\/l-2-Westerback-768x668.jpg 768w, https:\/\/www.lassebacklund.fi\/wp-content\/uploads\/2017\/05\/l-2-Westerback-1024x890.jpg 1024w\" sizes=\"auto, (max-width: 1026px) 100vw, 1026px\" \/><\/p>\n<p>0,0417 mantal som utg\u00f6r 1\/13 mantal av L\u00e5ng hemman, \u00e4gdes av bonden Ivar Karlsson Vesterback, som ocks\u00e5 kallades f\u00f6r \u201d\u00c5dd Ivar\u201d. Det \u00f6vertogs sedan av sonen Frans och hans hustru Hilma, och sedan av deras d\u00f6ttrar Beda och Ellen och hemmanet \u00e4r fortfarande i den sl\u00e4ktens \u00e4go.<\/p>\n<p>\u201d\u00c5dd Ivar\u201d fick alla \u00e4gor i 4 skiften: ett hemskifte p\u00e5 \u00c5ddin, i Kvarn\u00e5, skog p\u00e5 B\u00f6rkmossan och p\u00e5 Svartmossan.<\/p>\n<p>-\u00e5ker \u00a0\u00a0\u00a0\u00a0\u00a0\u00a0\u00a0\u00a0\u00a0\u00a0\u00a0\u00a0\u00a0\u00a0\u00a0\u00a0\u00a0\u00a0\u00a0\u00a0\u00a0\u00a0\u00a0\u00a0\u00a0\u00a0\u00a0\u00a0\u00a0\u00a0\u00a0\u00a0\u00a0 10,236 ha = 5,1791<\/p>\n<p>-\u00e4ng\u00a0\u00a0\u00a0\u00a0\u00a0\u00a0\u00a0\u00a0\u00a0\u00a0\u00a0\u00a0\u00a0\u00a0\u00a0\u00a0\u00a0\u00a0\u00a0\u00a0\u00a0\u00a0\u00a0\u00a0\u00a0\u00a0\u00a0\u00a0\u00a0\u00a0\u00a0\u00a0\u00a0\u00a0\u00a0 8,236 ha = 1,2297<\/p>\n<p>-odlingsbar mark\u00a0\u00a0\u00a0\u00a0\u00a0\u00a0\u00a0\u00a0\u00a0\u00a0\u00a0\u00a0\u00a0\u00a0 0 ha = 0<\/p>\n<p>-skog\u00a0\u00a0\u00a0\u00a0\u00a0\u00a0\u00a0\u00a0\u00a0\u00a0\u00a0\u00a0\u00a0\u00a0\u00a0\u00a0\u00a0\u00a0\u00a0\u00a0\u00a0\u00a0\u00a0\u00a0\u00a0\u00a0\u00a0\u00a0\u00a0\u00a0\u00a0\u00a0\u00a0 24,131 ha = 1,8220<\/p>\n<p><strong>Totalt\u00a0\u00a0\u00a0\u00a0\u00a0\u00a0\u00a0\u00a0\u00a0\u00a0\u00a0 \u00a0\u00a0\u00a0\u00a0\u00a0\u00a0\u00a0\u00a0\u00a0\u00a0\u00a0\u00a0\u00a0\u00a0\u00a0\u00a0\u00a0\u00a0\u00a0\u00a0\u00a0 42,602 ha = 8,2308<\/strong><\/p>\n<p>G\u00e5rdstomter p\u00e5 figurerna 1387 och 1443, d\u00e4r Viktor och Anna Str\u00f6mberg bodde. Torptomter p\u00e5 1431, 1435 och 1438. Trots besv\u00e4r s\u00e5 fick \u00c5dd Ivar den s\u00e5 kallade Kvarntomten p\u00e5 sitt hemman, p\u00e5 figur nr 1388.<\/p>\n<p>Vill du l\u00e4sa mera om detta hemman och dess \u00e4gare, klicka <a href=\"http:\/\/www.lassebacklund.fi\/?page_id=676\"><span style=\"text-decoration: underline;\"><span style=\"color: #000080; text-decoration: underline;\"><strong>h\u00e4r<\/strong>!<\/span><\/span><\/a><\/p>\n<h3><strong>Eklund 4:3. <\/strong><\/h3>\n<p>Hemmanet bel\u00e4get p\u00e5 Brobackan mot Kvarn\u00e5.<\/p>\n<p><img loading=\"lazy\" decoding=\"async\" class=\"size-full wp-image-4113 aligncenter\" src=\"http:\/\/www.lassebacklund.fi\/wp-content\/uploads\/2017\/05\/l-3-Eklund.jpg\" alt=\"l 3 Eklund\" width=\"1386\" height=\"744\" srcset=\"https:\/\/www.lassebacklund.fi\/wp-content\/uploads\/2017\/05\/l-3-Eklund.jpg 1386w, https:\/\/www.lassebacklund.fi\/wp-content\/uploads\/2017\/05\/l-3-Eklund-300x161.jpg 300w, https:\/\/www.lassebacklund.fi\/wp-content\/uploads\/2017\/05\/l-3-Eklund-768x412.jpg 768w, https:\/\/www.lassebacklund.fi\/wp-content\/uploads\/2017\/05\/l-3-Eklund-1024x550.jpg 1024w\" sizes=\"auto, (max-width: 1386px) 100vw, 1386px\" \/><\/p>\n<p>0,0417 mantal som utg\u00f6r 1\/13 mantal av L\u00e5ng hemman, \u00e4gdes av bonden Karl Viktor Gustavsson L\u00e5ng, senare Eklund och han kallades f\u00f6r \u201dK\u00e5rk-Viktor\u201d. Hemmanet \u00f6vertogs sedan av sonen Frans och Elvira och sedan av deras dotter Lilli och hennes man \u00c5ke Lindblad och det \u00e4r fortfarande i den sl\u00e4ktens \u00e4go. K\u00e5rk-Viktor var ju ocks\u00e5 genom sin hustru \u00e4gare till \u00c5bro hemman i Palon, som han dock s\u00e5lde efter en tid.<\/p>\n<p>\u201dK\u00e5rk-Viktor\u201d fick alla \u00e4gor i 3 skiften: ett hemskifte p\u00e5 Brobackan, i K\u00e4ll\u00e4ngen n\u00e4ra L\u00e5ng\u00e4ngen och p\u00e5 Svartmossan ovanf\u00f6r Lillsj\u00f6.<\/p>\n<p>-\u00e5ker \u00a0\u00a0\u00a0\u00a0\u00a0\u00a0\u00a0\u00a0\u00a0\u00a0\u00a0\u00a0\u00a0\u00a0\u00a0\u00a0\u00a0\u00a0\u00a0\u00a0\u00a0\u00a0\u00a0\u00a0\u00a0\u00a0\u00a0\u00a0\u00a0\u00a0\u00a0\u00a0\u00a0 9,025 ha = 4,0213<\/p>\n<p>-\u00e4ng\u00a0\u00a0\u00a0\u00a0\u00a0\u00a0\u00a0\u00a0\u00a0\u00a0\u00a0\u00a0\u00a0\u00a0 \u00a0\u00a0\u00a0\u00a0\u00a0\u00a0\u00a0\u00a0\u00a0\u00a0\u00a0\u00a0\u00a0\u00a0\u00a0\u00a0\u00a0\u00a0\u00a0\u00a0\u00a0 7,709 ha = 1,7325<\/p>\n<p>-odlingsbar mark\u00a0\u00a0\u00a0\u00a0\u00a0\u00a0\u00a0\u00a0\u00a0\u00a0\u00a0\u00a0\u00a0\u00a0 0,450 ha = 0,1125<\/p>\n<p>-skog\u00a0\u00a0\u00a0\u00a0\u00a0\u00a0\u00a0\u00a0\u00a0\u00a0\u00a0\u00a0\u00a0\u00a0\u00a0\u00a0\u00a0\u00a0\u00a0\u00a0\u00a0\u00a0\u00a0\u00a0\u00a0\u00a0\u00a0\u00a0\u00a0\u00a0\u00a0\u00a0\u00a0 32,485 ha = 2,3645<\/p>\n<p><strong>Totalt\u00a0\u00a0\u00a0\u00a0\u00a0\u00a0\u00a0\u00a0\u00a0\u00a0\u00a0 \u00a0\u00a0\u00a0\u00a0\u00a0\u00a0\u00a0\u00a0\u00a0\u00a0\u00a0\u00a0\u00a0\u00a0\u00a0\u00a0\u00a0\u00a0\u00a0\u00a0\u00a0 49,669 ha = 8,2308<\/strong><\/p>\n<p>G\u00e5rdstomter p\u00e5 figurerna 1389, 1395, 1396, 1403. Tomt p\u00e5 figur 1394 och rietomt p\u00e5 nr 1397.<\/p>\n<h3><strong>Sandback 4:4. <\/strong><\/h3>\n<p>Hemmanet bel\u00e4get p\u00e5 A-sidon n\u00e4ra Lillbron.<\/p>\n<p><img loading=\"lazy\" decoding=\"async\" class=\"size-full wp-image-4114 aligncenter\" src=\"http:\/\/www.lassebacklund.fi\/wp-content\/uploads\/2017\/05\/l-4-Sandback.jpg\" alt=\"l 4 Sandback\" width=\"981\" height=\"1137\" srcset=\"https:\/\/www.lassebacklund.fi\/wp-content\/uploads\/2017\/05\/l-4-Sandback.jpg 981w, https:\/\/www.lassebacklund.fi\/wp-content\/uploads\/2017\/05\/l-4-Sandback-259x300.jpg 259w, https:\/\/www.lassebacklund.fi\/wp-content\/uploads\/2017\/05\/l-4-Sandback-768x890.jpg 768w, https:\/\/www.lassebacklund.fi\/wp-content\/uploads\/2017\/05\/l-4-Sandback-884x1024.jpg 884w\" sizes=\"auto, (max-width: 981px) 100vw, 981px\" \/><\/p>\n<p>0,0278 mantal som utg\u00f6r 2\/39 mantal av L\u00e5ng hemman, \u00e4gdes av bonde\u00e4nkan Maria Andersdotter Utter, som hade varit gift med Carl Erik Utter. Maria gifte sedan om sig med \u201dHaga Hindrik\u201d och flyttade till \u201dStor\u00e5s Selimas\u201d bakom Nylundas. De s\u00e5lde d\u00e5 hemmanet \u00e5t Anders och Mathilda Forsg\u00e5rd och efter att Anders rest till Amerika, s\u00e5 s\u00e5lde Mathilda sj\u00e4lva boningshuset \u00e5t Evangelif\u00f6reningen och de byggde om och f\u00f6rstorade bondg\u00e5rden till b\u00f6nehus.<\/p>\n<p>En stor del av hemmanet Sandback s\u00e5lde Mathilda \u00e5r 1917 \u00e5t handlanden Josef Henrik och Maria Storkull.\u00a0 \u00c5r 1931, den 6 februari s\u00e5lde handlanden Storkull hemmanet Sandback 4:36 p\u00e5 ca 15 ha \u00e5t egna sonen Evert och hans hustru Selma, f\u00f6dd Lillkull f\u00f6r 20 000 mark.<\/p>\n<p>Maria Utter fick sina \u00e4gor i 4 skiften: ett hemskifte p\u00e5 A-sidon, i R\u00e5ddlandet nedanf\u00f6r \u00c5backv\u00e4gen, i Stor\u00e4ngen och p\u00e5 Berg\u00e5sen.<\/p>\n<p>-\u00e5ker \u00a0\u00a0\u00a0\u00a0\u00a0\u00a0\u00a0\u00a0\u00a0\u00a0\u00a0\u00a0\u00a0\u00a0\u00a0\u00a0\u00a0\u00a0\u00a0\u00a0\u00a0\u00a0\u00a0\u00a0\u00a0\u00a0\u00a0\u00a0\u00a0\u00a0\u00a0\u00a0\u00a0 7,635 ha = 2,8470<\/p>\n<p>-\u00e4ng\u00a0\u00a0\u00a0\u00a0\u00a0\u00a0\u00a0\u00a0\u00a0\u00a0\u00a0\u00a0\u00a0\u00a0\u00a0\u00a0\u00a0\u00a0\u00a0\u00a0\u00a0\u00a0\u00a0\u00a0\u00a0\u00a0\u00a0\u00a0\u00a0\u00a0\u00a0\u00a0\u00a0\u00a0\u00a0 3,681 ha = 1,3623<\/p>\n<p>-odlingsbar mark\u00a0\u00a0\u00a0\u00a0\u00a0\u00a0\u00a0\u00a0\u00a0\u00a0\u00a0\u00a0\u00a0\u00a0 4,170 ha = 1,2182<\/p>\n<p>-skog\u00a0\u00a0\u00a0\u00a0\u00a0\u00a0\u00a0\u00a0\u00a0\u00a0\u00a0\u00a0\u00a0\u00a0\u00a0\u00a0\u00a0\u00a0\u00a0\u00a0\u00a0\u00a0\u00a0\u00a0\u00a0\u00a0\u00a0\u00a0\u00a0\u00a0\u00a0\u00a0\u00a0 8,601 ha = 1,2660<\/p>\n<p><strong>Totalt\u00a0\u00a0\u00a0\u00a0\u00a0\u00a0\u00a0\u00a0\u00a0\u00a0\u00a0 \u00a0\u00a0\u00a0\u00a0\u00a0\u00a0\u00a0\u00a0\u00a0\u00a0\u00a0\u00a0\u00a0\u00a0\u00a0\u00a0\u00a0\u00a0\u00a0\u00a0\u00a0 24,087 ha = 6,6935<\/strong><\/p>\n<p>G\u00e5rdstomt p\u00e5 figuren 1821. Vill du l\u00e4sa mera om b\u00f6nehuset och hemmanets historia, s\u00e5 klicka <a href=\"http:\/\/www.lassebacklund.fi\/?page_id=1928\"><strong>h\u00e4r<\/strong>!<\/a><\/p>\n<h3><strong>Backlund 4:5. <\/strong><\/h3>\n<p>Hemmanet bel\u00e4get p\u00e5 A-sidon.<\/p>\n<p><img loading=\"lazy\" decoding=\"async\" class=\"size-full wp-image-4115 aligncenter\" src=\"http:\/\/www.lassebacklund.fi\/wp-content\/uploads\/2017\/05\/l-5-Backlund.jpg\" alt=\"l 5 Backlund\" width=\"1362\" height=\"981\" srcset=\"https:\/\/www.lassebacklund.fi\/wp-content\/uploads\/2017\/05\/l-5-Backlund.jpg 1362w, https:\/\/www.lassebacklund.fi\/wp-content\/uploads\/2017\/05\/l-5-Backlund-300x216.jpg 300w, https:\/\/www.lassebacklund.fi\/wp-content\/uploads\/2017\/05\/l-5-Backlund-768x553.jpg 768w, https:\/\/www.lassebacklund.fi\/wp-content\/uploads\/2017\/05\/l-5-Backlund-1024x738.jpg 1024w\" sizes=\"auto, (max-width: 1362px) 100vw, 1362px\" \/><\/p>\n<p>0,0278 mantal som utg\u00f6r 2\/39 mantal av L\u00e5ng hemman, \u00e4gdes av bonden Josef Backlund och det \u00f6vertogs \u00e5r 1917 av sonen Emil och hans Ida, och sedan av Emils s\u00f6ner Ragnar och \u00c5ke. Hemmanet \u00e4r fortfarande i sl\u00e4ktens \u00e4go. Mitt i hemskiftet ligger samf\u00e4llighetens sandplats, allts\u00e5 ett sandtag d\u00e4r sand kunde tas f\u00f6r olika \u00e4ndam\u00e5l. P\u00e5 detta st\u00e4lle finns i dag potatispackeriet Lappfj\u00e4rds Potatis.<\/p>\n<p>\u201dBacklundas Josip\u201d fick sina \u00e4gor i 4 skiften: ett hemskifte p\u00e5 A-sidon, p\u00e5 \u00c5kersskiftet eller Annaskiftet bakom Nylundas, skog p\u00e5 Berg\u00e5sen och p\u00e5 L\u00e5ng\u00e4ngen ner mot Lillsj\u00f6n.<\/p>\n<p>-\u00e5ker \u00a0\u00a0\u00a0\u00a0\u00a0\u00a0\u00a0\u00a0\u00a0\u00a0\u00a0\u00a0\u00a0\u00a0\u00a0\u00a0\u00a0\u00a0\u00a0\u00a0\u00a0\u00a0\u00a0\u00a0\u00a0\u00a0\u00a0\u00a0\u00a0\u00a0\u00a0\u00a0\u00a0 7,249 ha = 2,9512<\/p>\n<p>-\u00e4ng\u00a0\u00a0\u00a0\u00a0\u00a0\u00a0\u00a0\u00a0\u00a0\u00a0\u00a0\u00a0\u00a0\u00a0\u00a0\u00a0\u00a0\u00a0\u00a0\u00a0\u00a0\u00a0\u00a0\u00a0\u00a0\u00a0\u00a0\u00a0\u00a0\u00a0\u00a0\u00a0\u00a0\u00a0\u00a0 7,446 ha = 1,6378<\/p>\n<p>-odlingsbar mark\u00a0\u00a0\u00a0\u00a0\u00a0\u00a0\u00a0\u00a0\u00a0\u00a0\u00a0\u00a0\u00a0\u00a0 2,355 ha = 0,7065<\/p>\n<p>-skog\u00a0\u00a0\u00a0\u00a0\u00a0\u00a0\u00a0\u00a0\u00a0\u00a0\u00a0\u00a0\u00a0\u00a0\u00a0\u00a0\u00a0\u00a0\u00a0\u00a0\u00a0\u00a0\u00a0\u00a0\u00a0\u00a0\u00a0\u00a0\u00a0\u00a0\u00a0\u00a0\u00a0 10,045 ha = 1,3980<\/p>\n<p><strong>Totalt\u00a0\u00a0\u00a0\u00a0\u00a0\u00a0\u00a0\u00a0\u00a0\u00a0\u00a0 \u00a0\u00a0\u00a0\u00a0\u00a0\u00a0\u00a0\u00a0\u00a0\u00a0\u00a0\u00a0\u00a0\u00a0\u00a0\u00a0\u00a0\u00a0\u00a0\u00a0\u00a0 27,095 ha = 6,6935<\/strong><\/p>\n<p>G\u00e5rdstomt p\u00e5 figuren 1831. Torptomter p\u00e5 2898, 2902 och 2909. Rietomt p\u00e5 2897, p\u00e5 gr\u00e4nsen till Nylundas.<\/p>\n<p>Vill du l\u00e4sa mera om g\u00e5rden och om sl\u00e4kten, s\u00e5 klicka <a href=\"http:\/\/www.lassebacklund.fi\/?page_id=2422\"><span style=\"text-decoration: underline;\"><span style=\"color: #000080; text-decoration: underline;\"><strong>h\u00e4r<\/strong>!<\/span><\/span><\/a><\/p>\n<h3><strong>Stenvall 4:6. <\/strong><\/h3>\n<p>Hemmanet bel\u00e4get i centrum upp mot \u00c5backan.<\/p>\n<p><img loading=\"lazy\" decoding=\"async\" class=\"size-full wp-image-4116 aligncenter\" src=\"http:\/\/www.lassebacklund.fi\/wp-content\/uploads\/2017\/05\/l-6-Stenvall.jpg\" alt=\"l 6 Stenvall\" width=\"933\" height=\"891\" srcset=\"https:\/\/www.lassebacklund.fi\/wp-content\/uploads\/2017\/05\/l-6-Stenvall.jpg 933w, https:\/\/www.lassebacklund.fi\/wp-content\/uploads\/2017\/05\/l-6-Stenvall-300x286.jpg 300w, https:\/\/www.lassebacklund.fi\/wp-content\/uploads\/2017\/05\/l-6-Stenvall-768x733.jpg 768w\" sizes=\"auto, (max-width: 933px) 100vw, 933px\" \/><\/p>\n<p>0,0555 mantal som utg\u00f6r 4\/39 mantal av L\u00e5ng hemman, \u00e4gdes av bonden och handlaren Josef Henrik Josefsson Storkull. Josef Henrik hade \u00e5r 1904 k\u00f6pt detta hemman f\u00f6r 3 000 mark av sin sv\u00e4rfar &#8221;Kaalas Hindrik&#8221;, allts\u00e5 Henrik L\u00e5ng och denne hade i sin tur \u00e4rvt hemmanet av sin far Johan Karlsson L\u00e5ng \u00e5r 1858. Handlande J. H. Storkull \u00e4gde ocks\u00e5 ett annat mindre hemman, nr 4:13 som l\u00e5g utefter Lappfj\u00e4rds \u00e5.<\/p>\n<p>\u201dKoll-handlarin\u201d fick sina \u00e4gor i 3 skiften: ett hemskifte, p\u00e5 Svartmossan och i Villurin.<\/p>\n<p>-\u00e5ker \u00a0\u00a0\u00a0\u00a0\u00a0\u00a0\u00a0\u00a0\u00a0\u00a0\u00a0\u00a0\u00a0\u00a0\u00a0\u00a0\u00a0\u00a0\u00a0\u00a0\u00a0\u00a0\u00a0\u00a0\u00a0\u00a0\u00a0\u00a0\u00a0\u00a0\u00a0\u00a0\u00a0 12,565 ha = 6,6620<\/p>\n<p>-\u00e4ng\u00a0\u00a0\u00a0\u00a0\u00a0\u00a0\u00a0\u00a0\u00a0\u00a0\u00a0\u00a0\u00a0\u00a0\u00a0\u00a0\u00a0\u00a0\u00a0\u00a0\u00a0\u00a0\u00a0\u00a0\u00a0\u00a0\u00a0\u00a0\u00a0\u00a0\u00a0\u00a0\u00a0\u00a0\u00a0 11,210 ha = 3,8955<\/p>\n<p>-odlingsbar mark\u00a0\u00a0\u00a0\u00a0\u00a0\u00a0\u00a0\u00a0\u00a0\u00a0\u00a0\u00a0\u00a0\u00a0 1,105 ha = 0,2707<\/p>\n<p>-skog\u00a0\u00a0\u00a0\u00a0\u00a0\u00a0\u00a0\u00a0\u00a0\u00a0\u00a0\u00a0\u00a0\u00a0\u00a0\u00a0\u00a0\u00a0\u00a0\u00a0\u00a0\u00a0\u00a0\u00a0\u00a0\u00a0\u00a0\u00a0\u00a0\u00a0\u00a0\u00a0\u00a0 19,690 ha = 2,5587<\/p>\n<p><strong>Totalt\u00a0\u00a0\u00a0\u00a0\u00a0\u00a0\u00a0\u00a0\u00a0\u00a0\u00a0 \u00a0\u00a0\u00a0\u00a0\u00a0\u00a0\u00a0\u00a0\u00a0\u00a0\u00a0\u00a0\u00a0\u00a0\u00a0\u00a0\u00a0\u00a0\u00a0\u00a0\u00a0 44,570 ha = 13,3869<\/strong><\/p>\n<p>G\u00e5rdstomter p\u00e5 figurerna 376 och 632. Torptomt p\u00e5 374 och tomter p\u00e5 630 och 631.<\/p>\n<p>Vill du l\u00e4sa mera om detta hemman och dess \u00e4gare, s\u00e5 klicka <a href=\"http:\/\/www.lassebacklund.fi\/?page_id=1181\"><span style=\"text-decoration: underline;\"><span style=\"color: #000080; text-decoration: underline;\"><strong>h\u00e4r<\/strong>!<\/span><\/span><\/a><\/p>\n<h3><strong>Silfverberg 4:7. <\/strong><\/h3>\n<p>Hemmanet bel\u00e4get p\u00e5 Mellan\u00e5.<\/p>\n<p><img loading=\"lazy\" decoding=\"async\" class=\"size-full wp-image-4117 aligncenter\" src=\"http:\/\/www.lassebacklund.fi\/wp-content\/uploads\/2017\/05\/l-7-Silfverberg.jpg\" alt=\"l 7 Silfverberg\" width=\"1296\" height=\"1004\" srcset=\"https:\/\/www.lassebacklund.fi\/wp-content\/uploads\/2017\/05\/l-7-Silfverberg.jpg 1296w, https:\/\/www.lassebacklund.fi\/wp-content\/uploads\/2017\/05\/l-7-Silfverberg-300x232.jpg 300w, https:\/\/www.lassebacklund.fi\/wp-content\/uploads\/2017\/05\/l-7-Silfverberg-768x595.jpg 768w, https:\/\/www.lassebacklund.fi\/wp-content\/uploads\/2017\/05\/l-7-Silfverberg-1024x793.jpg 1024w\" sizes=\"auto, (max-width: 1296px) 100vw, 1296px\" \/><\/p>\n<p>0,0261 mantal som utg\u00f6r 5\/104 mantal av L\u00e5ng hemman, \u00e4gdes av bonden Josef Andersson L\u00e5ng (1845-1921).<\/p>\n<p>Josef och hans hustru Maja Lena hade varit torpare p\u00e5 L\u00e5ng mellan \u00e5ren 1866-1893, allts\u00e5 tills de f\u00f6rv\u00e4rvade detta hemman 1893. Bostadshuset l\u00e5g i centrala Dagsmark mellan nuvarande Mannilas och Malinens g\u00e5rdar. \u00c5r 1896 delade Josef Andersson L\u00e5ng sitt hemman med brodern Viktor Andersson L\u00e5ng, senare Nyback (1855-1928) vars hustru Wilhelmina Klemets bodde n\u00e4ra nuvarande Stolidbackan. Nyback Viktors dotter Amanda och hennes man Erland Johansson Knus, som tog namnet R\u00f6nngren \u00f6vertog sedan hemmanet, som vid storskiftet placerades vid Norrviksv\u00e4gen<\/p>\n<p>Josefs Andersson L\u00e5ngs hemman \u00f6ster om nuvarande Mellan\u00e5 Plant fick vid storskiftet namnet Silfverberg 4:7.<\/p>\n<p><strong>\u00c5r 1910, den 8 november<\/strong> s\u00e5lde Josef Andersson L\u00e5ng sin hemmansdel p\u00e5 5\/192 mtl \u00e5t sin fosterdotter Josefina &#8221;Fina&#8221; Lillvik, som hade gift sig med Erland Rosenback, som fanns p\u00e5 hemman Rosenstedt 3:8.<\/p>\n<p><strong>\u00c5r 1916, den 15 maj<\/strong> s\u00e5lde Erland och Fina hela hemmanet Silfverberg \u00e5t torparen Johan Eriksson Kl\u00e5vus och hans hustru Ellida f\u00f6r 5 000 mark, plus sytning \u00e5t f\u00f6rra \u00e4garen Josef och Maja Lena L\u00e5ng.<\/p>\n<p>Inom n\u00e5gra \u00e5r bytte hemmanet \u00e4gare flera g\u00e5nger, s\u00e5 det var s\u00e4kert sv\u00e5rt f\u00f6r de gamla \u00e4garna Josef och Maja Lena att veta vem eller vilka som skulle betala sytningen \u00e5t dem.\u00a0 Hemmanet Silfverberg har i dag flera \u00e4gare fr\u00e5n Dagsmark.<\/p>\n<p>Josef fick sina \u00e4gor i 2 skiften: ett hemskifte och skog p\u00e5 M\u00f6ss\u00e5sen n\u00e4ra Kornb\u00e4cken.<\/p>\n<p>-\u00e5ker \u00a0\u00a0\u00a0\u00a0\u00a0\u00a0\u00a0\u00a0\u00a0\u00a0\u00a0\u00a0\u00a0\u00a0\u00a0\u00a0\u00a0\u00a0\u00a0\u00a0\u00a0\u00a0\u00a0\u00a0\u00a0\u00a0\u00a0\u00a0\u00a0\u00a0\u00a0\u00a0\u00a0 5,375 ha = 2,0113<\/p>\n<p>-\u00e4ng\u00a0\u00a0\u00a0\u00a0\u00a0\u00a0\u00a0\u00a0\u00a0\u00a0\u00a0\u00a0\u00a0\u00a0\u00a0\u00a0\u00a0\u00a0\u00a0\u00a0\u00a0\u00a0\u00a0\u00a0\u00a0\u00a0\u00a0\u00a0\u00a0\u00a0\u00a0\u00a0\u00a0\u00a0\u00a0 6,495 ha = 1,8468<\/p>\n<p>-odlingsbar mark\u00a0\u00a0\u00a0\u00a0\u00a0\u00a0\u00a0\u00a0\u00a0\u00a0\u00a0\u00a0\u00a0\u00a0 7,595 ha = 1,1386<\/p>\n<p>-skog\u00a0\u00a0\u00a0\u00a0\u00a0\u00a0\u00a0\u00a0\u00a0\u00a0\u00a0\u00a0\u00a0\u00a0\u00a0\u00a0\u00a0\u00a0\u00a0\u00a0\u00a0\u00a0\u00a0\u00a0\u00a0\u00a0\u00a0\u00a0\u00a0\u00a0\u00a0\u00a0\u00a0 6,120 ha = 0,9911<\/p>\n<p><strong>Totalt\u00a0\u00a0\u00a0\u00a0\u00a0\u00a0\u00a0\u00a0\u00a0\u00a0\u00a0 \u00a0\u00a0\u00a0\u00a0\u00a0\u00a0\u00a0\u00a0\u00a0\u00a0\u00a0\u00a0\u00a0\u00a0\u00a0\u00a0\u00a0\u00a0\u00a0\u00a0\u00a0 25,586 ha = 5,9877<\/strong><\/p>\n<p>Torptomt p\u00e5 figur 277.<\/p>\n<h3><strong>Nyback 4:8. <\/strong><\/h3>\n<p>Hemmanet bel\u00e4get i Korsb\u00e4ck n\u00e4ra Stolidbackan, eller Kytt\u00e5kersbackan som den hette f\u00f6re Erland Hammarberg flyttade dit fr\u00e5n Storliden.<\/p>\n<p><img loading=\"lazy\" decoding=\"async\" class=\"size-full wp-image-4118 aligncenter\" src=\"http:\/\/www.lassebacklund.fi\/wp-content\/uploads\/2017\/05\/l-8-Nyback.jpg\" alt=\"l 8 Nyback\" width=\"984\" height=\"865\" srcset=\"https:\/\/www.lassebacklund.fi\/wp-content\/uploads\/2017\/05\/l-8-Nyback.jpg 984w, https:\/\/www.lassebacklund.fi\/wp-content\/uploads\/2017\/05\/l-8-Nyback-300x264.jpg 300w, https:\/\/www.lassebacklund.fi\/wp-content\/uploads\/2017\/05\/l-8-Nyback-768x675.jpg 768w\" sizes=\"auto, (max-width: 984px) 100vw, 984px\" \/><\/p>\n<p>0,0261 mantal som utg\u00f6r 5\/104 mantal av L\u00e5ng hemman, \u00e4gdes av bonden Viktor Andersson L\u00e5ng, som sedan bytte namn till Nyback. Torparen Viktor Andersson L\u00e5ng och hustrun Vilhelmina Josefsdotter hade \u00e5r 1896 k\u00f6pt h\u00e4lften av sin storebror Josef Andersson L\u00e5ngs och hans hustru Maja Lena Andersdotters hemman p\u00e5 L\u00e5ng. (se tidigare hemman nr 4:7) Viktor Nyback bodde f\u00f6re storskiftet i centrum av Dagsmark, ungef\u00e4r mellan Mannilas och Malinens g\u00e5rdar. Hemmanet \u00f6vertogs av Nyback Viktors dotter Amanda som var gift med Erland R\u00f6nngren. En del av hemmanet \u00f6vertogs senare av Erland Hammarberg som flyttade hit fr\u00e5n Storliden.<\/p>\n<p>Nyback-Viktor fick sina \u00e4gor i 2 skiften: ett hemskifte och skog och \u00e4ngar p\u00e5 B\u00f6rkmossan.<\/p>\n<p>-\u00e5ker \u00a0\u00a0\u00a0\u00a0\u00a0\u00a0\u00a0\u00a0\u00a0\u00a0\u00a0\u00a0\u00a0\u00a0\u00a0\u00a0\u00a0\u00a0\u00a0\u00a0\u00a0\u00a0\u00a0\u00a0\u00a0\u00a0\u00a0\u00a0\u00a0\u00a0\u00a0\u00a0\u00a0 2,565 ha = 0,8963<\/p>\n<p>-\u00e4ng\u00a0\u00a0\u00a0\u00a0\u00a0\u00a0\u00a0\u00a0\u00a0\u00a0\u00a0\u00a0\u00a0\u00a0\u00a0\u00a0\u00a0\u00a0\u00a0\u00a0\u00a0\u00a0\u00a0\u00a0\u00a0\u00a0\u00a0\u00a0\u00a0\u00a0\u00a0\u00a0\u00a0\u00a0\u00a0 10,168 ha = 4,0120<\/p>\n<p>-odlingsbar mark\u00a0\u00a0\u00a0\u00a0\u00a0\u00a0\u00a0\u00a0\u00a0\u00a0\u00a0\u00a0\u00a0\u00a0 0 ha = 0<\/p>\n<p>-skog\u00a0\u00a0\u00a0\u00a0\u00a0\u00a0\u00a0\u00a0\u00a0\u00a0\u00a0\u00a0\u00a0\u00a0\u00a0\u00a0\u00a0\u00a0\u00a0\u00a0\u00a0\u00a0\u00a0\u00a0\u00a0\u00a0\u00a0\u00a0\u00a0\u00a0\u00a0\u00a0\u00a0 6,760 ha = 1,0794<\/p>\n<p><strong>Totalt\u00a0\u00a0\u00a0\u00a0\u00a0\u00a0\u00a0\u00a0\u00a0\u00a0\u00a0 \u00a0\u00a0\u00a0\u00a0\u00a0\u00a0\u00a0\u00a0\u00a0\u00a0\u00a0\u00a0\u00a0\u00a0\u00a0\u00a0\u00a0\u00a0\u00a0\u00a0\u00a0 19,493 ha = 5,9877<\/strong><\/p>\n<p>Torptomt p\u00e5 figur 2193 och rietomt p\u00e5 2198. P\u00e5 figur 2447 fanns en tj\u00e4rdal.<\/p>\n<h3><strong>Viklund 4:9. <\/strong><\/h3>\n<p>Hemmanet bel\u00e4get p\u00e5 Flak\u00e5sv\u00e4gen n\u00e4ra Storfors, p\u00e5 gr\u00e4nsen till Lappfj\u00e4rd. Detta hemman hade i tiderna tillh\u00f6rt Josef Henrik Finne, senare Lillkull och det l\u00e5g d\u00e5 bakom nuvarande f\u00f6reningshuset Majbo. \u00c5r 1899 erh\u00f6ll dottern Edla Karolina L\u00e5ng (1866-1900) 5\/192 mtl av det. Hon hade ett par \u00e5r tidigare gift sig med Viktor Klemets (1871-1914), som var f\u00f6dd i den g\u00e5rd som blev det f\u00f6rsta Majbo, allts\u00e5 p\u00e5 granntomten. Edla Karolina, som kallades &#8221;St\u00e5l Edla&#8221; dog i barns\u00e4ng \u00e5r 1900 och Viktor, som d\u00e5 hette L\u00e5ng \u00f6vertog hela hemmanet genom ett muntligt testamente. F\u00f6ljande \u00e5r gifte Viktor om sig med Wilhelmina Klemets och de blev p\u00e5 det viset \u00e4gare till L\u00e5ng hemmanet, som vid storskiftet blev flyttat till Flak\u00e5sen.<\/p>\n<p><img loading=\"lazy\" decoding=\"async\" class=\"size-full wp-image-4119 aligncenter\" src=\"http:\/\/www.lassebacklund.fi\/wp-content\/uploads\/2017\/05\/l-9-Viklund.jpg\" alt=\"l 9 Viklund\" width=\"1031\" height=\"833\" srcset=\"https:\/\/www.lassebacklund.fi\/wp-content\/uploads\/2017\/05\/l-9-Viklund.jpg 1031w, https:\/\/www.lassebacklund.fi\/wp-content\/uploads\/2017\/05\/l-9-Viklund-300x242.jpg 300w, https:\/\/www.lassebacklund.fi\/wp-content\/uploads\/2017\/05\/l-9-Viklund-768x621.jpg 768w, https:\/\/www.lassebacklund.fi\/wp-content\/uploads\/2017\/05\/l-9-Viklund-1024x827.jpg 1024w\" sizes=\"auto, (max-width: 1031px) 100vw, 1031px\" \/><\/p>\n<p>0,0261 mantal som utg\u00f6r 5\/194 mantal av L\u00e5ng hemman, \u00e4gdes av bonden Viktor Josefsson och Vilhelmina Klemets, som sedan tog namnet Viklund. F\u00f6re storskiftet bodde Viktor p\u00e5 det st\u00e4lle d\u00e4r Majbo st\u00e5r i dag. D\u00e5 Viktor dog \u00e5r 1914 s\u00e5 s\u00e5lde \u00e4nkan Vilhelmina hemmanet \u00e5t firman Axel Lilltr\u00e4sk. <strong>\u00c5r 1914, den 5 oktober<\/strong> s\u00e5lde Lilltr\u00e4sk hela omr\u00e5det v\u00e4ster om v\u00e4gen som arrendemark till Gustav Jokela och Sven Kangasniemi f\u00f6r 200 mark per tunnland. Omr\u00e5det var p\u00e5 8 ha och fick namnet S\u00f6derlund 4:25, som sedan har delats upp i flera mindre l\u00e4genheter.\u00a0 Axel s\u00e5lde lika snabbt sj\u00e4lva hemmanet Viklund \u00e5t familjen Korkeam\u00e4ki. <strong>\u00c5r 1919, den 22 februari<\/strong> s\u00e5lde familjen Korkeam\u00e4ki hemmanet Viklund som var 5\/192 dels mtl p\u00e5 offentlig auktion och h\u00f6gsta godk\u00e4nda budet gavs av Johannes &#8221;J\u00e5ss&#8221; M\u00e4kel\u00e4, som bj\u00f6d 24 900 mark. Redan den 7 november s\u00e5lde &#8221;M\u00e4kel\u00e4 J\u00e5ss&#8221; hemmansdelen vidare \u00e5t Viktor Rosenback f\u00f6r 25 500 mark.<\/p>\n<p><strong>\u00c5r 1925, den 12 november<\/strong> s\u00e5lde Viktor Rosenback ett 4 ha markomr\u00e5de \u00e5t &#8221;Mickasin&#8221; Alfred och Elvira Mitts och det l\u00e5g l\u00e4ngst \u00f6sterut p\u00e5 hemmanet. Samma dag s\u00e5lde han ett markomr\u00e5de &#8221;Sandbacka&#8221; p\u00e5 2 ha \u00e5t Emil och Hilma Sandbacka.\u00a0 <strong>\u00c5r 1926, den 7 juni<\/strong> s\u00e5lde Viktor Rosenback ett 2 ha markomr\u00e5de &#8221;Vik&#8221; \u00e5t Otto Sigfrid Rosenlund, det som kallas &#8221;Lillsj\u00f6 Rurikas&#8221;. Samma dag s\u00e5lde Viktor ett markomr\u00e5de &#8221;Hammarvik&#8221; \u00e5t Motta Kalle Hammarberg.<\/p>\n<p>Den st\u00f6rsta delen \u00f6vertogs sedan av Emil Bj\u00f6rses och sedan av dennes son Elis. Det ljusa omr\u00e5det p\u00e5 kartan h\u00f6r till Lappfj\u00e4rds by.<\/p>\n<p>Viktor Viklund fick sina \u00e4gor i 2 skiften: ett hemskifte och i Stormyron som syns p\u00e5 kartan. Stormyron \u00e4r en enklav inne i Lappfj\u00e4rd by. Den s\u00f6dra delen av Stormyron h\u00f6r till Lillsj\u00f6 hemman.<\/p>\n<p>-\u00e5ker \u00a0\u00a0\u00a0\u00a0\u00a0\u00a0\u00a0\u00a0\u00a0\u00a0\u00a0\u00a0\u00a0\u00a0\u00a0\u00a0\u00a0\u00a0\u00a0\u00a0\u00a0\u00a0\u00a0\u00a0\u00a0\u00a0\u00a0\u00a0\u00a0\u00a0\u00a0\u00a0\u00a0 6,425 ha = 2,4895<\/p>\n<p>-\u00e4ng\u00a0\u00a0\u00a0\u00a0\u00a0\u00a0\u00a0\u00a0\u00a0\u00a0\u00a0\u00a0\u00a0\u00a0\u00a0\u00a0\u00a0\u00a0\u00a0\u00a0\u00a0\u00a0\u00a0\u00a0\u00a0\u00a0\u00a0\u00a0\u00a0\u00a0\u00a0\u00a0\u00a0\u00a0\u00a0 7,538 ha = 2,2446<\/p>\n<p>-odlingsbar mark\u00a0\u00a0\u00a0\u00a0\u00a0\u00a0\u00a0\u00a0\u00a0\u00a0\u00a0\u00a0\u00a0\u00a0 1,160 ha = 0,3905<\/p>\n<p>-skog\u00a0\u00a0\u00a0\u00a0\u00a0\u00a0\u00a0\u00a0\u00a0\u00a0\u00a0\u00a0\u00a0\u00a0\u00a0\u00a0\u00a0\u00a0\u00a0\u00a0\u00a0\u00a0\u00a0\u00a0\u00a0\u00a0\u00a0\u00a0\u00a0\u00a0\u00a0\u00a0\u00a0 6,368 ha = 0,8631<\/p>\n<p><strong>Totalt\u00a0\u00a0\u00a0\u00a0\u00a0\u00a0\u00a0\u00a0\u00a0\u00a0\u00a0 \u00a0\u00a0\u00a0\u00a0\u00a0\u00a0\u00a0\u00a0\u00a0\u00a0\u00a0\u00a0\u00a0\u00a0\u00a0\u00a0\u00a0\u00a0\u00a0\u00a0\u00a0 21,491 ha = 5,9877<\/strong><\/p>\n<p>Torptomt p\u00e5 figur 390. Lillkull holmen h\u00f6rde ocks\u00e5 till hemmanet.<\/p>\n<h3><strong>L\u00e5ngqvist 4:10. <\/strong><\/h3>\n<p>Hemmanet bel\u00e4get i centrum av Dagsmark.<\/p>\n<p><img loading=\"lazy\" decoding=\"async\" class=\"size-full wp-image-4120 aligncenter\" src=\"http:\/\/www.lassebacklund.fi\/wp-content\/uploads\/2017\/05\/l-10-L\u00e5ngqvist.jpg\" alt=\"l 10 L\u00e5ngqvist\" width=\"1061\" height=\"915\" srcset=\"https:\/\/www.lassebacklund.fi\/wp-content\/uploads\/2017\/05\/l-10-L\u00e5ngqvist.jpg 1061w, https:\/\/www.lassebacklund.fi\/wp-content\/uploads\/2017\/05\/l-10-L\u00e5ngqvist-300x259.jpg 300w, https:\/\/www.lassebacklund.fi\/wp-content\/uploads\/2017\/05\/l-10-L\u00e5ngqvist-768x662.jpg 768w, https:\/\/www.lassebacklund.fi\/wp-content\/uploads\/2017\/05\/l-10-L\u00e5ngqvist-1024x883.jpg 1024w\" sizes=\"auto, (max-width: 1061px) 100vw, 1061px\" \/><\/p>\n<p>0,0521 mantal som utg\u00f6r 5\/52 mantal av L\u00e5ng hemman, \u00e4gdes av bonden Viktor L\u00e5ngkvist, som kallades f\u00f6r \u201dLillk\u00e5rk Viktor\u201d. Hemmanet \u00f6vertogs i juli 1902 av sonen fr\u00e5n det andra \u00e4ktenskapet med Amanda Rosenback, som hette Gunnar. Han byggde sedan en ny g\u00e5rd i R\u00e5ddlandet p\u00e5 \u00c5backan och kvar p\u00e5 gamla st\u00e4llet l\u00e4mnade bara lillstugan, som fortfarande st\u00e5r kvar. Hemmanet har sedan s\u00e5lts i delar \u00e5t andra \u00e4gare.<\/p>\n<p>Lillk\u00e5rk Viktor fick sina \u00e4gor i 3 skiften: ett hemskifte, i R\u00e5ddlandet p\u00e5 \u00c5backan och i Mellan\u00e4ngen som ligger bakom \u00c4nikoskmossen bredvid Kl\u00e4ppforsen.<\/p>\n<p>-\u00e5ker \u00a0\u00a0\u00a0\u00a0\u00a0\u00a0\u00a0\u00a0\u00a0\u00a0\u00a0\u00a0\u00a0\u00a0\u00a0\u00a0\u00a0\u00a0\u00a0\u00a0\u00a0\u00a0\u00a0\u00a0\u00a0\u00a0\u00a0\u00a0\u00a0\u00a0\u00a0\u00a0\u00a0 11,753 ha = 5,8554<\/p>\n<p>-\u00e4ng\u00a0\u00a0\u00a0\u00a0\u00a0\u00a0\u00a0\u00a0\u00a0\u00a0\u00a0\u00a0\u00a0\u00a0\u00a0\u00a0\u00a0\u00a0\u00a0\u00a0\u00a0\u00a0\u00a0\u00a0\u00a0\u00a0\u00a0\u00a0\u00a0\u00a0\u00a0\u00a0\u00a0\u00a0\u00a0 12,284 ha = 2,9677<\/p>\n<p>-odlingsbar mark\u00a0\u00a0\u00a0\u00a0\u00a0\u00a0\u00a0\u00a0\u00a0\u00a0\u00a0\u00a0\u00a0\u00a0 3,275 ha = 0,8347<\/p>\n<p>-skog\u00a0\u00a0\u00a0\u00a0\u00a0\u00a0\u00a0\u00a0\u00a0\u00a0\u00a0\u00a0\u00a0\u00a0\u00a0\u00a0\u00a0\u00a0\u00a0\u00a0\u00a0\u00a0\u00a0\u00a0\u00a0\u00a0\u00a0\u00a0\u00a0\u00a0\u00a0\u00a0\u00a0 33,059 ha = 2,3177<\/p>\n<p><strong>Totalt\u00a0\u00a0\u00a0\u00a0\u00a0\u00a0\u00a0\u00a0\u00a0\u00a0\u00a0 \u00a0\u00a0\u00a0\u00a0\u00a0\u00a0\u00a0\u00a0\u00a0\u00a0\u00a0\u00a0\u00a0\u00a0\u00a0\u00a0\u00a0\u00a0\u00a0\u00a0\u00a0 62,371 ha = 11,9755<\/strong><\/p>\n<p>G\u00e5rdstomter p\u00e5 figurer 635, 636, 641, 642, 643, 1353, 1354, 1357, 1358, 1359, 1381, 1382. Riar p\u00e5 figurerna 1356, 1360, 1361 och 1377. Tr\u00e4dg\u00e5rd p\u00e5 figur 640. Tomt p\u00e5 figurer 1379 och 1380.<\/p>\n<h3><strong>Hummelg\u00e5rd 4:11. <\/strong><\/h3>\n<p>Hemmanet bel\u00e4get p\u00e5 \u00c5backan.<\/p>\n<p><img loading=\"lazy\" decoding=\"async\" class=\"size-full wp-image-4121 aligncenter\" src=\"http:\/\/www.lassebacklund.fi\/wp-content\/uploads\/2017\/05\/l-11-Hummelg\u00e5rd.jpg\" alt=\"l 11 Hummelg\u00e5rd\" width=\"988\" height=\"748\" srcset=\"https:\/\/www.lassebacklund.fi\/wp-content\/uploads\/2017\/05\/l-11-Hummelg\u00e5rd.jpg 988w, https:\/\/www.lassebacklund.fi\/wp-content\/uploads\/2017\/05\/l-11-Hummelg\u00e5rd-300x227.jpg 300w, https:\/\/www.lassebacklund.fi\/wp-content\/uploads\/2017\/05\/l-11-Hummelg\u00e5rd-768x581.jpg 768w\" sizes=\"auto, (max-width: 988px) 100vw, 988px\" \/><\/p>\n<p>0,0521 mantal som utg\u00f6r 5\/52 mantal av L\u00e5ng hemman, \u00e4gdes av bonden Josef Karlsson L\u00e5ng, som kallades f\u00f6r \u201dLillk\u00e5rk Josip\u201d och han var farbror \u00e5t Viktor L\u00e5ngkvist, som kallades f\u00f6r \u201dLillk\u00e5rk Viktor\u201d. Bostadsbyggnaden stod tidigare ungef\u00e4r d\u00e4r Roseng\u00e5rd Ingmar bor i dag och den flyttades under storskiftet till sin nuvarande plats p\u00e5 Leirbackan. Josef bytte sedan namn till Hummelg\u00e5rd. Hemmanet \u00f6vertogs sedan av sonen Axel Hummelg\u00e5rd, som bytte namn till Forslin. Hemmanet delades sedan mellan Axels barn och g\u00e5rden \u00f6vertogs av \u201dPala\u201d Gunnar H\u00e4gglund fr\u00e5n Palon. G\u00e5rden har sedermera s\u00e5lts \u00e5t utomst\u00e5ende fr\u00e5n s\u00f6dra Finland.<\/p>\n<p>Lillk\u00e5rk Josip fick sina \u00e4gor i 2 skiften: ett hemskifte och p\u00e5 \u00c4nikoskmossan.<\/p>\n<p>-\u00e5ker \u00a0\u00a0\u00a0\u00a0\u00a0\u00a0\u00a0\u00a0\u00a0\u00a0\u00a0\u00a0\u00a0\u00a0\u00a0\u00a0\u00a0\u00a0\u00a0\u00a0\u00a0\u00a0\u00a0\u00a0\u00a0\u00a0\u00a0\u00a0\u00a0\u00a0\u00a0\u00a0\u00a0 10,893 ha = 4,9881<\/p>\n<p>-\u00e4ng\u00a0\u00a0\u00a0\u00a0\u00a0\u00a0\u00a0\u00a0\u00a0\u00a0\u00a0\u00a0\u00a0\u00a0\u00a0\u00a0\u00a0\u00a0\u00a0\u00a0\u00a0\u00a0\u00a0\u00a0\u00a0\u00a0\u00a0\u00a0\u00a0\u00a0\u00a0\u00a0\u00a0\u00a0\u00a0 9,348 ha = 4,2994<\/p>\n<p>-odlingsbar mark\u00a0\u00a0\u00a0\u00a0\u00a0\u00a0\u00a0\u00a0\u00a0\u00a0\u00a0\u00a0\u00a0\u00a0 1,280 ha = 0,4039<\/p>\n<p>-skog\u00a0\u00a0\u00a0\u00a0\u00a0\u00a0\u00a0\u00a0\u00a0\u00a0\u00a0\u00a0\u00a0\u00a0\u00a0\u00a0\u00a0\u00a0\u00a0\u00a0\u00a0\u00a0\u00a0\u00a0\u00a0\u00a0\u00a0\u00a0\u00a0\u00a0\u00a0\u00a0\u00a0 34,953 ha = 2,2841<\/p>\n<p><strong>Totalt\u00a0\u00a0\u00a0\u00a0\u00a0\u00a0\u00a0\u00a0\u00a0\u00a0\u00a0 \u00a0\u00a0\u00a0\u00a0\u00a0\u00a0\u00a0\u00a0\u00a0\u00a0\u00a0\u00a0\u00a0\u00a0\u00a0\u00a0\u00a0\u00a0\u00a0\u00a0\u00a0 56,474 ha = 11,9755<\/strong><\/p>\n<p>Inga tomter fanns p\u00e5 det nya hemmanet.<\/p>\n<p>Vill du l\u00e4sa mera om g\u00e5rden och sl\u00e4kten Forslin, s\u00e5 klicka <a href=\"http:\/\/www.lassebacklund.fi\/?page_id=3001\"><span style=\"text-decoration: underline;\"><span style=\"color: #000080; text-decoration: underline;\"><strong>h\u00e4r<\/strong>!<\/span><\/span><\/a><\/p>\n<h3><strong>Rosengren 4:12. <\/strong><\/h3>\n<p>Hemmanet bel\u00e4get p\u00e5 \u00c5backan.<\/p>\n<p><img loading=\"lazy\" decoding=\"async\" class=\"size-full wp-image-4122 aligncenter\" src=\"http:\/\/www.lassebacklund.fi\/wp-content\/uploads\/2017\/05\/l-12-Rosengren.jpg\" alt=\"l 12 Rosengren\" width=\"961\" height=\"876\" srcset=\"https:\/\/www.lassebacklund.fi\/wp-content\/uploads\/2017\/05\/l-12-Rosengren.jpg 961w, https:\/\/www.lassebacklund.fi\/wp-content\/uploads\/2017\/05\/l-12-Rosengren-300x273.jpg 300w, https:\/\/www.lassebacklund.fi\/wp-content\/uploads\/2017\/05\/l-12-Rosengren-768x700.jpg 768w\" sizes=\"auto, (max-width: 961px) 100vw, 961px\" \/><\/p>\n<p>0,0278 mantal som utg\u00f6r 2\/39 mantal av L\u00e5ng hemman, \u00e4gdes av bonden Erik Anders Klemets som kallades f\u00f6r \u201dKaalas Erik Anders\u201d, han bytte sedan namn till Rosengren. Hemmanet \u00f6vertogs sedan av sonen Valdemar och hemmanet \u00e4r fortfarande i sl\u00e4ktens \u00e4go. Erik Anders var f\u00f6dd d\u00e4r Majbo finns i dag och han var gift med Vilhelmina, som var syster till \u201dKaalas Hindrik\u201d som bodde p\u00e5 Kollt\u00e5. De flyttade ocks\u00e5 en g\u00e5rd d\u00e4rifr\u00e5n till det nya hemmanet.<\/p>\n<p>Erik Anders fick sina \u00e4gor i 2 skiften: ett hemskifte och i Laxg\u00e5rdskiftet, som ligger n\u00e4ra Tuimala i Kornb\u00e4cken.<\/p>\n<p>-\u00e5ker \u00a0\u00a0\u00a0\u00a0\u00a0\u00a0\u00a0\u00a0\u00a0\u00a0\u00a0\u00a0\u00a0\u00a0\u00a0\u00a0\u00a0\u00a0\u00a0\u00a0\u00a0\u00a0\u00a0\u00a0\u00a0\u00a0\u00a0\u00a0\u00a0\u00a0\u00a0\u00a0\u00a0 8,422 ha = 4,2285<\/p>\n<p>-\u00e4ng\u00a0\u00a0\u00a0\u00a0\u00a0\u00a0\u00a0\u00a0\u00a0\u00a0\u00a0\u00a0\u00a0\u00a0\u00a0\u00a0\u00a0\u00a0\u00a0\u00a0\u00a0\u00a0\u00a0\u00a0\u00a0\u00a0\u00a0\u00a0\u00a0\u00a0\u00a0\u00a0\u00a0\u00a0\u00a0 2,583 ha = 0,5443<\/p>\n<p>-odlingsbar mark\u00a0\u00a0\u00a0\u00a0\u00a0\u00a0\u00a0\u00a0\u00a0\u00a0\u00a0\u00a0\u00a0\u00a0 1,460 ha = 0,2418<\/p>\n<p>-skog\u00a0\u00a0\u00a0\u00a0\u00a0\u00a0\u00a0\u00a0\u00a0\u00a0\u00a0\u00a0\u00a0\u00a0\u00a0\u00a0\u00a0\u00a0\u00a0\u00a0\u00a0\u00a0\u00a0\u00a0\u00a0\u00a0\u00a0\u00a0\u00a0\u00a0\u00a0\u00a0\u00a0 15,304 ha = 1,6789<\/p>\n<p><strong>Totalt\u00a0\u00a0\u00a0\u00a0\u00a0\u00a0\u00a0\u00a0\u00a0\u00a0\u00a0 \u00a0\u00a0\u00a0\u00a0\u00a0\u00a0\u00a0\u00a0\u00a0\u00a0\u00a0\u00a0\u00a0\u00a0\u00a0\u00a0\u00a0\u00a0\u00a0\u00a0\u00a0 27,769 ha = 6,6935<\/strong><\/p>\n<p>Inga tomter fanns p\u00e5 det nya hemmanet.<\/p>\n<h3><strong>Gr\u00f6nvall 4:13.<\/strong><\/h3>\n<p>Hemmanet bel\u00e4get centrum upp mot \u00c5backan.<\/p>\n<p><img loading=\"lazy\" decoding=\"async\" class=\"size-full wp-image-4123 aligncenter\" src=\"http:\/\/www.lassebacklund.fi\/wp-content\/uploads\/2017\/05\/l-13-Gr\u00f6nvall.jpg\" alt=\"l 13 Gr\u00f6nvall\" width=\"1127\" height=\"928\" srcset=\"https:\/\/www.lassebacklund.fi\/wp-content\/uploads\/2017\/05\/l-13-Gr\u00f6nvall.jpg 1127w, https:\/\/www.lassebacklund.fi\/wp-content\/uploads\/2017\/05\/l-13-Gr\u00f6nvall-300x247.jpg 300w, https:\/\/www.lassebacklund.fi\/wp-content\/uploads\/2017\/05\/l-13-Gr\u00f6nvall-768x632.jpg 768w, https:\/\/www.lassebacklund.fi\/wp-content\/uploads\/2017\/05\/l-13-Gr\u00f6nvall-1024x843.jpg 1024w\" sizes=\"auto, (max-width: 1127px) 100vw, 1127px\" \/><\/p>\n<p>0,0260 mantal som utg\u00f6r 3\/104 mantal av L\u00e5ng hemman, bonden och handlaren Josef Henrik Josefsson Storkull. Detta hemman hade han \u00e5r 1902 k\u00f6pt f\u00f6r 1 000 mark av sin sv\u00e4rfar &#8221;Kaalas Hindrik&#8221;, allts\u00e5 Henrik L\u00e5ng Han \u00e4gde ocks\u00e5 ett annat hemman, Stenvall som l\u00e5g p\u00e5 andra sidan \u00c5backv\u00e4gen. I november 1942 s\u00e5lde handlande\u00e4nkan Maria Storkull hela hemmanet Gr\u00f6nvall \u00e5t sonen Eskil.<\/p>\n<p>P\u00e5 detta hemman fick Josef Henrik Storkull sina \u00e4gor i 3 skiften: ett hemskifte, skog p\u00e5 By\u00e5sen och i Villurin.<\/p>\n<p>-\u00e5ker \u00a0\u00a0\u00a0\u00a0\u00a0\u00a0\u00a0\u00a0\u00a0\u00a0\u00a0\u00a0\u00a0\u00a0\u00a0\u00a0\u00a0\u00a0\u00a0\u00a0\u00a0\u00a0\u00a0\u00a0\u00a0\u00a0\u00a0\u00a0\u00a0\u00a0\u00a0\u00a0\u00a0 5,406 ha = 3,6814<\/p>\n<p>-\u00e4ng\u00a0\u00a0\u00a0\u00a0\u00a0\u00a0\u00a0\u00a0\u00a0\u00a0\u00a0\u00a0\u00a0\u00a0\u00a0\u00a0\u00a0\u00a0\u00a0\u00a0\u00a0\u00a0\u00a0\u00a0\u00a0\u00a0\u00a0\u00a0\u00a0\u00a0\u00a0\u00a0\u00a0\u00a0\u00a0 3,892 ha = 1,3981<\/p>\n<p>-odlingsbar mark\u00a0\u00a0\u00a0\u00a0\u00a0\u00a0\u00a0\u00a0\u00a0\u00a0\u00a0\u00a0\u00a0\u00a0 0 ha = 0<\/p>\n<p>-skog\u00a0\u00a0\u00a0\u00a0\u00a0\u00a0\u00a0\u00a0\u00a0\u00a0\u00a0\u00a0\u00a0\u00a0\u00a0\u00a0\u00a0\u00a0\u00a0\u00a0\u00a0\u00a0\u00a0\u00a0\u00a0\u00a0\u00a0\u00a0\u00a0\u00a0\u00a0\u00a0\u00a0 5,645 ha = 0,9082<\/p>\n<p><strong>Totalt\u00a0\u00a0\u00a0\u00a0\u00a0\u00a0\u00a0\u00a0\u00a0\u00a0\u00a0 \u00a0\u00a0\u00a0\u00a0\u00a0\u00a0\u00a0\u00a0\u00a0\u00a0\u00a0\u00a0\u00a0\u00a0\u00a0\u00a0\u00a0\u00a0\u00a0\u00a0\u00a0 14,942 ha = 5,9877<\/strong><\/p>\n<p>Inga tomter fanns p\u00e5 detta hemman.<\/p>\n<h3><strong>Drag\u00e5s 4:14.<\/strong><\/h3>\n<p>Bredvid Gamlav\u00e4gen n\u00e4ra Berg\u00e5sen.<\/p>\n<p><strong><img loading=\"lazy\" decoding=\"async\" class=\"size-full wp-image-4124 aligncenter\" src=\"http:\/\/www.lassebacklund.fi\/wp-content\/uploads\/2017\/05\/l-14-Drag\u00e5s.jpg\" alt=\"l 14 Drag\u00e5s\" width=\"1316\" height=\"894\" srcset=\"https:\/\/www.lassebacklund.fi\/wp-content\/uploads\/2017\/05\/l-14-Drag\u00e5s.jpg 1316w, https:\/\/www.lassebacklund.fi\/wp-content\/uploads\/2017\/05\/l-14-Drag\u00e5s-300x204.jpg 300w, https:\/\/www.lassebacklund.fi\/wp-content\/uploads\/2017\/05\/l-14-Drag\u00e5s-768x522.jpg 768w, https:\/\/www.lassebacklund.fi\/wp-content\/uploads\/2017\/05\/l-14-Drag\u00e5s-1024x696.jpg 1024w\" sizes=\"auto, (max-width: 1316px) 100vw, 1316px\" \/>\u00a0<\/strong>0,0278 mantal av L\u00e5ng skattehemman , \u00e4gdes av bonde\u00e4nkan Karolina Esaiasdotter (f. Korsb\u00e4ck 1851-1934). Karolina var \u00e4nka efter Johan Henrik Lillsj\u00f6 el L\u00e5ng (1847-1905). Johan Henrik var son till Johan Gustafsson Lillsj\u00f6 (1821-1888) och Maja Lena (f. Rosenback 1826-1890). Johan Henrik och Karolina fick bland annat dottern Edla Karolina som sedan gifte sig med \u201dHaga-Emel\u201d Lund och bodde p\u00e5 By\u00e5sen. Haga-Emel Lund och Edla Karolina fick flera barn, bland annat Elna och Leander. Hemskiftet ca 8,6 ha.<\/p>\n<p><strong>\u00c5r 1906 i juni<\/strong> s\u00e5lde nyblivna \u00e4nkan Karolina L\u00e5ng hemmanet 4:14 p\u00e5 1\/36 mantal f\u00f6r 1 700 mark \u00e5t torparen Heikki Henberg-M\u00e4enp\u00e4\u00e4. Av k\u00f6peskillingen skulle 600 mark betalas kontant och 1 100 betalades genom att k\u00f6paren \u00f6vertog en skuldsedel till parcell\u00e4garen Henrik Gullmes. I k\u00f6pet ingick en stuga med tv\u00e5 rum under vattentak och \u00e4ngslador. Karolina fortsatte att bo kvar p\u00e5 Drag\u00e5s \u00e5tminstone till \u00e5r 1912. D\u00e5 Karolinas dotter Edla Karolina (1876-1952) \u00e5r 1904 gifte sig med &#8221;Haga Emel&#8221; Emil Lund (1884-1937) s\u00e5 flyttade ocks\u00e5 de till Drag\u00e5s hemmanet. \u00c5r 1912 flyttade Edla Karolina och Emil Lund till Lillk\u00e5rk, d\u00e4r de bodde hos L\u00e5ngqvist Viktor, antingen i stora g\u00e5rden eller i lillstugan.<\/p>\n<p>Heikki Henberg var f\u00f6dd i Honkajoki, var gift men blev \u00e4nkling men gifte om sig i oktober 1905 med Ulrika Viita, f\u00f6dd Kuusela som bodde i B\u00f6tom. Ulrika hade fr\u00e5n tidigare sonen Karl och fick en dotter Aili med sin nya man Heikki Henberg. Heikki och Ulrika b\u00f6rjade sedan anv\u00e4nda namnet Hemberg. De flyttade troligen inte till det nya hemmanet trots att de \u00e5r 1907 anm\u00e4lde att de skulle flytta en bostadstimra dit. Tillsammans med Anders Forsg\u00e5rd anh\u00f6ll Hemberg ocks\u00e5 att flytta gemensamma sytningshus. I skogsbrynet finns fortfarande en fungerande brunn, som h\u00f6gst troligt \u00e4r gr\u00e4vd p\u00e5 denna tid.<\/p>\n<p><strong>\u00c5r 1907, den 21 november <\/strong>s\u00e5lde &#8221;Henrik Henberg Lang och Ulrika Josefiina Lang&#8221; hela hemmanet p\u00e5 1\/36 mantal vidare \u00e5t Sven Kangasniemi (1873-1928) och hans hustru Elina, och i det k\u00f6pet ingick ocks\u00e5 ett bostadshus. K\u00f6peskillingen utgjorde 3 000 mark och den skulle betalas i rater f\u00f6re julen 1907 och s\u00e5 skulle de sk\u00f6ta om sytningen som h\u00f6rde till hemmanet. Sven el Severi Mattsson Kangasniemi var fr\u00e5n Stor\u00e5 eller Honkajoki, gift 2 g\u00e5nger, f\u00f6rst med Elina Mikkosdotter f.1876 i Honkajoki och sedan med Hilda Katarina M\u00e4kel\u00e4 (1883-1959) och han var far bland annat till Esteri Lehtim\u00e4ki i Palon och Helvi Porander fr\u00e5n Perus. Sven Kangasniemi bodde sedan d\u00e4r Korpelas i Perus p\u00e5 \u00c5bygg\u00e4ndan.<\/p>\n<p>D\u00e5 Heikki och Ulrika Hemberg s\u00e5lde hemmanet \u00e5t Sven Kangasniemi, s\u00e5 flyttade de sj\u00e4lva till ett torp i Klemets\u00e4ndan, som vi i dag kallar f\u00f6r <a href=\"https:\/\/www.lassebacklund.fi\/?page_id=5566\">Norrg\u00e5rd Gunnaras lillstugon.<\/a> D\u00e4r hade tidigare bott Heikkis bror som hette Johan Teivala, han for till Amerika redan 1897 men hade n\u00e5gon son, som troligen l\u00e4mnade kvar i Klemets\u00e4ndan.<\/p>\n<p><img loading=\"lazy\" decoding=\"async\" class=\"wp-image-4110 aligncenter\" src=\"http:\/\/www.lassebacklund.fi\/wp-content\/uploads\/2017\/05\/14-annons.jpg\" alt=\"14 annons\" width=\"428\" height=\"335\" \/><\/p>\n<p><strong>\u00c5r 1912 <\/strong>blev Sven Kangasniemi \u00e4nkling och halva hemmanet p\u00e5 1\/36 dels mtl \u00f6vertogs d\u00e5 av Sven, som fick 1\/72 dels mtl genom giftor\u00e4tten och den andra halvan p\u00e5 1\/72 dels mtl\u00a0 delades av de omyndiga barnen som arv.<\/p>\n<p><strong> \u00c5r 1912, den 18 november <\/strong>s\u00e5ldes de omyndiga barnens hemmanshalva p\u00e5 offentlig auktion. Den nedre delen s\u00e5ldes p\u00e5 auktionen \u00e5t bonden Josef Backlund 2 770\u00a0 mark, plus sytning \u00e5t gamla \u00e4garen Karolina L\u00e5ng och den hemmansdelen fick namnet Berg\u00e5s 4:50.<\/p>\n<p><strong>\u00c5r 1912, den 9 december<\/strong> s\u00e5lde Sven Kangasniemi sin \u00f6vre hemmanshalva \u00e5t bonden Niklas Nystr\u00f6m och hans hustru Anna Kajsa. K\u00f6pesumman denna g\u00e5ng ocks\u00e5\u00a0 2 770 mark, plus sytning. Hemmanet fick \u00f6vertas direkt men Sven tog \u00e5t sig r\u00e4tten att anv\u00e4nda boningshuset och uthusen till 1 maj 1913.<\/p>\n<p><strong>\u00c5r 1915, den 5 april<\/strong> s\u00e5lde b\u00f6nderna Nystr\u00f6m och Backlund hemmanets marker i Villuri \u00e5t bonden Edvard och Hilda Tammela. Omr\u00e5det p\u00e5 4,4 ha bestod av \u00e4ngar och fick namnet Tammela 4:31. Paret Tammela s\u00e5lde \u00e5r 1923 h\u00e4lften av omr\u00e5det \u00e5t &#8221;Konstu Basi och Vaimmo Hilta&#8221;, borde allts\u00e5 vara Konstantin Pasi och hustrun Hilda.<\/p>\n<p><strong>\u00c5r 1916, den 25 november<\/strong> s\u00e5lde Niklas och Anna Kajsa Nystr\u00f6m den \u00f6vre hemmansdelen p\u00e5 1\/72 dels mtl \u00e5t Johannes &#8221;J\u00e5ss&#8221; M\u00e4kel\u00e4 f\u00f6r 3 300 mark, plus den sytning som skulle ges \u00e5t gamla \u00e4garen Karolina.<\/p>\n<p><strong>\u00c5r 1921 i september<\/strong> s\u00e5lde Johannes M\u00e4kel\u00e4 1\/72 mantal av L\u00e5ng skattehemman , allts\u00e5 den \u00f6vre delen \u00e5t l\u00e4raren Johannes Sj\u00f6blad. Han var l\u00e4rare i Dagsmark folkskola mellan \u00e5ren 1921-1930 och hans dotter Karin gifte sig sedan med Rurik Nylund.<\/p>\n<p><strong>\u00c5r 1927, den 18 maj<\/strong> s\u00e5lde Johannes Sj\u00f6blad ca 3 hektar av den \u00f6vre delen nummer 4:62 som har namnet Drag\u00e5s f\u00f6r 20 950 mark \u00e5t bonden Emil Backlund.<\/p>\n<p><strong>\u00c5r 1928, den 14 januari<\/strong> s\u00e5lde Emil och Ida Backlund ett markomr\u00e5de \u00e5t Viktor S\u00f6derkvist och det fick namnet Lind\u00e5s 4:61. K\u00f6peskillingen utgjorde 8 500 mark och den betalades med ett l\u00e5n fr\u00e5n kolonisationsn\u00e4mnden. S\u00f6derkvist kallade det h\u00e4r markomr\u00e5det &#8221;Sj\u00f6bladas&#8221; och det gick sedan i arv i tv\u00e5 generationer.<\/p>\n<p>Kurt Backlund k\u00f6pte sedan Sj\u00f6bladas av H\u00e5kan S\u00f6derqvists d\u00f6dsbo, vilket betyder att det forna hemmanet Drag\u00e5s igen har endast en \u00e4gare och det har nummer 4:252.<\/p>\n<p>&#8212;&#8212;&#8212;<\/p>\n<p>Karolina Esaiasdotter fick hemmanet i 3 skiften: i Hemskiftet n\u00e4ra Gamlav\u00e4gen, i Villuri p\u00e5 Stor\u00e4ngen och skog p\u00e5 Berg\u00e5sen:<\/p>\n<p>-\u00e5ker \u00a0\u00a0\u00a0\u00a0\u00a0\u00a0\u00a0\u00a0\u00a0\u00a0\u00a0\u00a0\u00a0\u00a0\u00a0\u00a0\u00a0\u00a0\u00a0\u00a0\u00a0\u00a0\u00a0\u00a0\u00a0\u00a0\u00a0\u00a0\u00a0\u00a0\u00a0\u00a0\u00a0 7,069 ha = 3,0713<\/p>\n<p>-\u00e4ng\u00a0\u00a0\u00a0\u00a0\u00a0\u00a0\u00a0\u00a0\u00a0\u00a0\u00a0\u00a0\u00a0\u00a0\u00a0\u00a0\u00a0\u00a0\u00a0\u00a0\u00a0\u00a0\u00a0\u00a0\u00a0\u00a0\u00a0\u00a0\u00a0\u00a0\u00a0\u00a0\u00a0\u00a0\u00a0 5,301 ha = 2,1295<\/p>\n<p>-odlingsbar mark\u00a0\u00a0\u00a0\u00a0\u00a0\u00a0\u00a0\u00a0\u00a0\u00a0\u00a0\u00a0\u00a0\u00a0 0,696 ha = 0,2026<\/p>\n<p>-skog\u00a0\u00a0\u00a0\u00a0\u00a0\u00a0\u00a0\u00a0\u00a0\u00a0\u00a0\u00a0\u00a0\u00a0\u00a0\u00a0\u00a0\u00a0\u00a0\u00a0\u00a0\u00a0\u00a0\u00a0\u00a0\u00a0\u00a0\u00a0\u00a0\u00a0\u00a0\u00a0\u00a0 7,226 ha = 1,2909<\/p>\n<p><strong>Totalt\u00a0\u00a0\u00a0\u00a0\u00a0\u00a0\u00a0\u00a0\u00a0\u00a0\u00a0 \u00a0\u00a0\u00a0\u00a0\u00a0\u00a0\u00a0\u00a0\u00a0\u00a0\u00a0\u00a0\u00a0\u00a0\u00a0\u00a0\u00a0\u00a0\u00a0\u00a0\u00a0 20,270 ha = 6,6936<\/strong><\/p>\n<p>Inga gamla tomter p\u00e5 detta hemman.<\/p>\n","protected":false},"excerpt":{"rendered":"<p>Nya\u00a0hemman\u00a0vid storskiftet 1900-1912. F\u00f6r\u00e4ndringarna var verkligt stora i hur hemmanen s\u00e5g ut f\u00f6re och efter det senaste storskiftet. En bonde hade vanligtvis ett tiotal skiften som var utspridda \u00f6ver hela byn, vilket betydde att en stor del av bondens tid <a class=\"more-link\" href=\"https:\/\/www.lassebacklund.fi\/?page_id=4125\">Forts\u00e4tt l\u00e4sa <span class=\"screen-reader-text\">  &#8221;Nya&#8221; hemman p\u00e5 L\u00e5ng nr 4.<\/span><span class=\"meta-nav\">&rarr;<\/span><\/a><\/p>\n","protected":false},"author":1,"featured_media":0,"parent":45,"menu_order":4,"comment_status":"closed","ping_status":"closed","template":"","meta":{"footnotes":""},"class_list":["post-4125","page","type-page","status-publish","hentry"],"_links":{"self":[{"href":"https:\/\/www.lassebacklund.fi\/index.php?rest_route=\/wp\/v2\/pages\/4125","targetHints":{"allow":["GET"]}}],"collection":[{"href":"https:\/\/www.lassebacklund.fi\/index.php?rest_route=\/wp\/v2\/pages"}],"about":[{"href":"https:\/\/www.lassebacklund.fi\/index.php?rest_route=\/wp\/v2\/types\/page"}],"author":[{"embeddable":true,"href":"https:\/\/www.lassebacklund.fi\/index.php?rest_route=\/wp\/v2\/users\/1"}],"replies":[{"embeddable":true,"href":"https:\/\/www.lassebacklund.fi\/index.php?rest_route=%2Fwp%2Fv2%2Fcomments&post=4125"}],"version-history":[{"count":45,"href":"https:\/\/www.lassebacklund.fi\/index.php?rest_route=\/wp\/v2\/pages\/4125\/revisions"}],"predecessor-version":[{"id":25764,"href":"https:\/\/www.lassebacklund.fi\/index.php?rest_route=\/wp\/v2\/pages\/4125\/revisions\/25764"}],"up":[{"embeddable":true,"href":"https:\/\/www.lassebacklund.fi\/index.php?rest_route=\/wp\/v2\/pages\/45"}],"wp:attachment":[{"href":"https:\/\/www.lassebacklund.fi\/index.php?rest_route=%2Fwp%2Fv2%2Fmedia&parent=4125"}],"curies":[{"name":"wp","href":"https:\/\/api.w.org\/{rel}","templated":true}]}}