{"id":3864,"date":"2017-04-27T17:32:24","date_gmt":"2017-04-27T15:32:24","guid":{"rendered":"http:\/\/www.lassebacklund.fi\/?page_id=3864"},"modified":"2026-03-02T18:40:46","modified_gmt":"2026-03-02T16:40:46","slug":"nyholm-emil-och-huldas-gard-i-kvarna-pa-lillsjovagen-117","status":"publish","type":"page","link":"https:\/\/www.lassebacklund.fi\/?page_id=3864","title":{"rendered":"Nyholm Emil och Huldas g\u00e5rd p\u00e5 Lillsj\u00f6v\u00e4gen 116"},"content":{"rendered":"<figure id=\"attachment_5883\" aria-describedby=\"caption-attachment-5883\" style=\"width: 1261px\" class=\"wp-caption aligncenter\"><img loading=\"lazy\" decoding=\"async\" class=\"size-full wp-image-5883\" src=\"http:\/\/www.lassebacklund.fi\/wp-content\/uploads\/2017\/09\/IMG_0091.jpg\" alt=\"Nyholms g\u00e5rd fotograferad fr\u00e5n g\u00e5rdssidan \u00e5r 2017.\" width=\"1261\" height=\"746\" srcset=\"https:\/\/www.lassebacklund.fi\/wp-content\/uploads\/2017\/09\/IMG_0091.jpg 1261w, https:\/\/www.lassebacklund.fi\/wp-content\/uploads\/2017\/09\/IMG_0091-300x177.jpg 300w, https:\/\/www.lassebacklund.fi\/wp-content\/uploads\/2017\/09\/IMG_0091-768x454.jpg 768w, https:\/\/www.lassebacklund.fi\/wp-content\/uploads\/2017\/09\/IMG_0091-1024x606.jpg 1024w\" sizes=\"auto, (max-width: 1261px) 100vw, 1261px\" \/><figcaption id=\"caption-attachment-5883\" class=\"wp-caption-text\">Emil och Hulda Nyholms g\u00e5rd, som uppf\u00f6rdes \u00e5r 1931 \u00e4r fotograferad fr\u00e5n g\u00e5rdssidan \u00e5r 2017.<\/figcaption><\/figure>\n<p><strong><span style=\"color: #000080;\">Sammanst\u00e4llt av Lasse Backlund 2013, med hj\u00e4lp av Ralf och Annel Nyholm.\u00a0<\/span><\/strong><\/p>\n<p>Henrik EMIL Nyholm (1900-1978) f\u00f6ddes i Norrviken och han var son till bonden Viktor Nyholm (1874-1951) och Maria (1873-1943), som var dotter till \u201dTr\u00e4sk Kalle\u201d Rosenqvist. Emil flyttade till Dagsmark \u00e5r 1923 med f\u00f6r\u00e4ldrarna och de tog en g\u00e5rd med sig fr\u00e5n Norrviken. Den h\u00e4r g\u00e5rden \u00f6vertogs sedan av Emils bror Leander Nyholm och hans hustru Signe.<\/p>\n<p><strong>\u00c5r 1925 i augusti<\/strong> \u00f6vertog Emil Nyholm en g\u00e5rd med en vattenfabrik och en aff\u00e4r p\u00e5 <a href=\"https:\/\/www.lassebacklund.fi\/?page_id=906\">Korsb\u00e4ckv\u00e4gen 6<\/a> av en grupp dagsmarkbor. \u00a0Lemonadfabriken hade tidigare tillh\u00f6rt Alfred Mattsson men han dog \u00e5r 1922 och \u00e4nkan Ingeborg flyttade till Kristinestad 1923. M\u00f6jligtvis var denna grupp Dagsmarkbor i borgen f\u00f6r de l\u00e5n som Alfred Mattsson hade tagit d\u00e5 han f\u00f6rv\u00e4rvade lemonadfabriken av Erik Anders Sundholm och Erik Anders Broberg \u00e5r 1914. Vill du l\u00e4sa mera om den g\u00e5rden och lemonadfabriken, s\u00e5 klicka <a href=\"http:\/\/www.lassebacklund.fi\/?page_id=906\"><span style=\"color: #000080;\"><strong>H\u00c4R!<\/strong><\/span><\/a><\/p>\n<p>Det var i mitten av 20-talet d\u00e5 Emil Nyholm blev b\u00e5de bagare och lemonadfabrik\u00f6r. Den 5 oktober 1925 fick han tillst\u00e5nd av Socialministeriets nykterhetsavdelning att skaffa och anv\u00e4nda alkoholhaltiga essenser f\u00f6r tillverkning av lemonad: <span style=\"color: #000080;\">\u201d<em>Socialministeriets nykterhetsavdelning har tagit \u00e4rende i \u00f6verv\u00e4gande och pr\u00f6var sk\u00e4ligt, i st\u00f6d av stadgandena uti \u00a7 2 i Statsr\u00e5dets beslut den 22 juli 1922 ang\u00e5ende verkst\u00e4llighet av f\u00f6rbudslagen, bifalla ans\u00f6kan, och ber\u00e4ttigas s\u00f6kanden f\u00f6rty att anskaffa och f\u00f6r ber\u00f6rda \u00e4ndam\u00e5l anv\u00e4nda alkoholhaltiga essenser. Detta tillst\u00e5nd g\u00e4ller tillsvidare.\u201d<\/em><\/span><\/p>\n<p><strong>\u00c5r 1926<\/strong> gifte sig Emil med ELIN Irene P\u00e4rus (1905-1929). Elin var dotter till Erik Anders P\u00e4rus (1876-1945) och Maria Hinders (1886-1923) och Elin var syster till m\u00e4sterspelmannen Torsten P\u00e4rus. Mamman Maria Hinders var f\u00f6r \u00f6vrigt syster till <a href=\"https:\/\/www.lassebacklund.fi\/?page_id=415\">Adelina Br\u00e4nnkull (f.1890).<\/a><\/p>\n<p>.<strong>\u00c5r 1929, den 18 augusti<\/strong> avled Elin P\u00e4rus och l\u00e4mnade efter sig \u00e4nklingen Emil Nyholm och sonen Nils, som d\u00e5 var tv\u00e5 gammal. Dottern Helfrid Elisabeth, som var f\u00f6dd \u00e5r 1928 hade avlidit redan \u00e5r 1929. Sonen Nils avled \u00e5r 1935 i en tragisk olycka p\u00e5 s\u00e5gen i Kvarn\u00e5. D\u00e5 Emils hustru Elin dog s\u00e5 s\u00e5lde han g\u00e5rden, bageriet och lemonadfabriken f\u00f6ljande \u00e5r \u00e5t bonden Vilhelm Norrback fr\u00e5n Tj\u00f6ck.<\/p>\n<p><strong>\u00c5r 1930, den 17 augusti<\/strong> gifte Emil Nyholm sig en andra g\u00e5ng, och nu med Hulda L\u00e5ng (1907-2006) fr\u00e5n Palon. Hon var dotter till \u201dBeckaas Josip\u201d L\u00e5ng (1884-1954) som bodde p\u00e5 Brobackan men som i n\u00e4stan 40 \u00e5rs tid vistades i Amerika. \u201dBeckaas Josip\u201d var gift med \u201dFinn Ants\u201d dotter Maria Lindfors (1877-1963) fr\u00e5n Korsb\u00e4ck.Med Hulda fick Emil Nyholm dottern Deris \u00c5lgars (1937-2018) och sonen Ralf Nyholm (1941-2024).<\/p>\n<p><strong>\u00c5r 1931<\/strong> byggde Emil och Hulda Nyholm den nya g\u00e5rden p\u00e5 Lillsj\u00f6v\u00e4gen 116 och samtidigt b\u00f6rjade han bygga en s\u00e5g lite l\u00e4ngre \u00f6sterut. Samtidigt var han b\u00e5de telefon- och elmont\u00f6r.<\/p>\n<p>Vill du l\u00e4sa mera om &#8221;Beckaas&#8221; p\u00e5 Brobackan och i Palon, s\u00e5 klicka <a href=\"http:\/\/www.lassebacklund.fi\/?page_id=3695\"><span style=\"color: #000080; text-decoration: underline;\"><strong>H\u00c4R!<\/strong><\/span><\/a><\/p>\n<p><strong>\u00c5r 1937, den 10 oktober<\/strong> k\u00f6pte Emil och Hulda en del av hemmanet Sj\u00f6gren 3:64 av Emils f\u00f6r\u00e4ldrar Viktor och Maria Nyholm. Omr\u00e5det 3:26 var cirka 5 ha och bestod av b\u00e5de \u00e5krar och \u00e4ngar. I k\u00f6pet ingick ingen bostadsbyggnad men nog en tredjedel av en ria, och de lador som l\u00e5g p\u00e5 markerna.<\/p>\n<p>I b\u00f6rjan p\u00e5 1950-talet byggde Emil en helt ny s\u00e5g i Kvarn\u00e5 och han k\u00f6pte upp stockar p\u00e5 rot och p\u00e5 leverans. Det s\u00e5gade virket s\u00e5lde han sedan till Kaskisten Puu i Kask\u00f6. Vill du l\u00e4sa mera om Kvarn\u00e5 S\u00e5g, klicka d\u00e5 <a href=\"http:\/\/www.lassebacklund.fi\/?page_id=6036\"><span style=\"text-decoration: underline;\"><span style=\"color: #000080;\"><strong>H\u00c4R!<\/strong><\/span><\/span><\/a><\/p>\n<p><strong>\u00c5r 1967, den 25 september<\/strong> s\u00e5lde Emil och Hulda Nyholm sin g\u00e5rd och s\u00e5gen p\u00e5 ett 2,2 ha stort omr\u00e5de \u00e5t sin son Ralf (1941-2024) som \u00e5r 1964 hade gift sig med Annel Lindblad (f. 1944). L\u00e4genheten heter Kvarn\u00e5ker 3:143 och d\u00e4rifr\u00e5n har sedan utstyckats tomten d\u00e4r s\u00e5gen st\u00e5r.<\/p>\n<h3><strong>Foton<\/strong><\/h3>\n<figure id=\"attachment_3837\" aria-describedby=\"caption-attachment-3837\" style=\"width: 521px\" class=\"wp-caption alignnone\"><img loading=\"lazy\" decoding=\"async\" class=\" wp-image-3837\" src=\"http:\/\/www.lassebacklund.fi\/wp-content\/uploads\/2017\/04\/2-1.jpg\" alt=\"Detta vackra vinterfoto av Nyholms hus \u00e4r fr\u00e5n 1983 och taget av Ralf Nyholm.\" width=\"521\" height=\"349\" srcset=\"https:\/\/www.lassebacklund.fi\/wp-content\/uploads\/2017\/04\/2-1.jpg 614w, https:\/\/www.lassebacklund.fi\/wp-content\/uploads\/2017\/04\/2-1-300x201.jpg 300w\" sizes=\"auto, (max-width: 521px) 100vw, 521px\" \/><figcaption id=\"caption-attachment-3837\" class=\"wp-caption-text\">Detta vackra vinterfoto av Nyholms hus \u00e4r fr\u00e5n 1983 och taget av Ralf Nyholm.<\/figcaption><\/figure>\n<figure id=\"attachment_3838\" aria-describedby=\"caption-attachment-3838\" style=\"width: 614px\" class=\"wp-caption alignnone\"><img loading=\"lazy\" decoding=\"async\" class=\"size-full wp-image-3838\" src=\"http:\/\/www.lassebacklund.fi\/wp-content\/uploads\/2017\/04\/3-1.jpg\" alt=\"Nyholms g\u00e5rd fotograferad 1990.\" width=\"614\" height=\"410\" srcset=\"https:\/\/www.lassebacklund.fi\/wp-content\/uploads\/2017\/04\/3-1.jpg 614w, https:\/\/www.lassebacklund.fi\/wp-content\/uploads\/2017\/04\/3-1-300x200.jpg 300w\" sizes=\"auto, (max-width: 614px) 100vw, 614px\" \/><figcaption id=\"caption-attachment-3838\" class=\"wp-caption-text\">Nyholms g\u00e5rd fotograferad 1990.<\/figcaption><\/figure>\n<figure id=\"attachment_3839\" aria-describedby=\"caption-attachment-3839\" style=\"width: 1600px\" class=\"wp-caption alignnone\"><img loading=\"lazy\" decoding=\"async\" class=\"size-full wp-image-3839\" src=\"http:\/\/www.lassebacklund.fi\/wp-content\/uploads\/2017\/04\/4-1.jpg\" alt=\"Nyholms hus fotograferat 2003.\" width=\"1600\" height=\"1200\" srcset=\"https:\/\/www.lassebacklund.fi\/wp-content\/uploads\/2017\/04\/4-1.jpg 1600w, https:\/\/www.lassebacklund.fi\/wp-content\/uploads\/2017\/04\/4-1-300x225.jpg 300w, https:\/\/www.lassebacklund.fi\/wp-content\/uploads\/2017\/04\/4-1-768x576.jpg 768w, https:\/\/www.lassebacklund.fi\/wp-content\/uploads\/2017\/04\/4-1-1024x768.jpg 1024w\" sizes=\"auto, (max-width: 1600px) 100vw, 1600px\" \/><figcaption id=\"caption-attachment-3839\" class=\"wp-caption-text\">Nyholms g\u00e5rd fotograferad 2003.<\/figcaption><\/figure>\n<p>&nbsp;<\/p>\n<h3><\/h3>\n<figure id=\"attachment_5884\" aria-describedby=\"caption-attachment-5884\" style=\"width: 643px\" class=\"wp-caption alignnone\"><img loading=\"lazy\" decoding=\"async\" class=\" wp-image-5884\" src=\"http:\/\/www.lassebacklund.fi\/wp-content\/uploads\/2017\/09\/IMG_0095.jpg\" alt=\"Nyholm Emils g\u00e5rd fotograferad fr\u00e5n Lillsj\u00f6v\u00e4gen \u00e5r 2017.\" width=\"643\" height=\"373\" srcset=\"https:\/\/www.lassebacklund.fi\/wp-content\/uploads\/2017\/09\/IMG_0095.jpg 1341w, https:\/\/www.lassebacklund.fi\/wp-content\/uploads\/2017\/09\/IMG_0095-300x174.jpg 300w, https:\/\/www.lassebacklund.fi\/wp-content\/uploads\/2017\/09\/IMG_0095-768x446.jpg 768w, https:\/\/www.lassebacklund.fi\/wp-content\/uploads\/2017\/09\/IMG_0095-1024x594.jpg 1024w\" sizes=\"auto, (max-width: 643px) 100vw, 643px\" \/><figcaption id=\"caption-attachment-5884\" class=\"wp-caption-text\">Nyholm Emils g\u00e5rd fotograferad fr\u00e5n Lillsj\u00f6v\u00e4gen \u00e5r 2017.<\/figcaption><\/figure>\n<figure id=\"attachment_3842\" aria-describedby=\"caption-attachment-3842\" style=\"width: 530px\" class=\"wp-caption alignnone\"><img loading=\"lazy\" decoding=\"async\" class=\" wp-image-3842\" src=\"http:\/\/www.lassebacklund.fi\/wp-content\/uploads\/2017\/04\/Deris-och-Ralf-p\u00e5-en-biltraktor-av-Chevrolet.jpg\" alt=\"Syskonen Deris och Ralf Nyholm provsitter biltraktorn av m\u00e4rket Chevrolet.\" width=\"530\" height=\"368\" srcset=\"https:\/\/www.lassebacklund.fi\/wp-content\/uploads\/2017\/04\/Deris-och-Ralf-p\u00e5-en-biltraktor-av-Chevrolet.jpg 918w, https:\/\/www.lassebacklund.fi\/wp-content\/uploads\/2017\/04\/Deris-och-Ralf-p\u00e5-en-biltraktor-av-Chevrolet-300x208.jpg 300w, https:\/\/www.lassebacklund.fi\/wp-content\/uploads\/2017\/04\/Deris-och-Ralf-p\u00e5-en-biltraktor-av-Chevrolet-768x533.jpg 768w\" sizes=\"auto, (max-width: 530px) 100vw, 530px\" \/><figcaption id=\"caption-attachment-3842\" class=\"wp-caption-text\">Syskonen Deris och Ralf Nyholm provsitter biltraktorn av m\u00e4rket Chevrolet.<\/figcaption><\/figure>\n<figure id=\"attachment_3846\" aria-describedby=\"caption-attachment-3846\" style=\"width: 591px\" class=\"wp-caption alignnone\"><img loading=\"lazy\" decoding=\"async\" class=\" wp-image-3846\" src=\"http:\/\/www.lassebacklund.fi\/wp-content\/uploads\/2017\/04\/Emil-Nyholm-p\u00e5-75-\u00e5rsdagen-\u00e5r-1975.jpg\" alt=\"Emil Nyholm som &quot;va lika gamb\u00e4l s\u00e5m Kekkonen&quot; fyllde 75 \u00e5r 1975.\" width=\"591\" height=\"619\" srcset=\"https:\/\/www.lassebacklund.fi\/wp-content\/uploads\/2017\/04\/Emil-Nyholm-p\u00e5-75-\u00e5rsdagen-\u00e5r-1975.jpg 959w, https:\/\/www.lassebacklund.fi\/wp-content\/uploads\/2017\/04\/Emil-Nyholm-p\u00e5-75-\u00e5rsdagen-\u00e5r-1975-286x300.jpg 286w, https:\/\/www.lassebacklund.fi\/wp-content\/uploads\/2017\/04\/Emil-Nyholm-p\u00e5-75-\u00e5rsdagen-\u00e5r-1975-768x805.jpg 768w\" sizes=\"auto, (max-width: 591px) 100vw, 591px\" \/><figcaption id=\"caption-attachment-3846\" class=\"wp-caption-text\">Emil Nyholm som &#8221;va lika gamb\u00e4l s\u00e5m Kekkonen&#8221; fyllde 75 \u00e5r 1975.<\/figcaption><\/figure>\n<figure id=\"attachment_3843\" aria-describedby=\"caption-attachment-3843\" style=\"width: 963px\" class=\"wp-caption alignnone\"><img loading=\"lazy\" decoding=\"async\" class=\"size-full wp-image-3843\" src=\"http:\/\/www.lassebacklund.fi\/wp-content\/uploads\/2017\/04\/Ellen-och-Ruben-\u00c5n\u00e4s-Ralf-Nyholm-p\u00e5-cykel-foto-fr\u00e5n-Rebeckas.jpg\" alt=\"I d\u00f6rren st\u00e5r syskonen Ellen och Ruben \u00c5n\u00e4s. Pojken p\u00e5 cykeln \u00e4r Ralf Nyholm och fotot av taget p\u00e5 Sunnantillv\u00e4gen.\" width=\"963\" height=\"637\" srcset=\"https:\/\/www.lassebacklund.fi\/wp-content\/uploads\/2017\/04\/Ellen-och-Ruben-\u00c5n\u00e4s-Ralf-Nyholm-p\u00e5-cykel-foto-fr\u00e5n-Rebeckas.jpg 963w, https:\/\/www.lassebacklund.fi\/wp-content\/uploads\/2017\/04\/Ellen-och-Ruben-\u00c5n\u00e4s-Ralf-Nyholm-p\u00e5-cykel-foto-fr\u00e5n-Rebeckas-300x198.jpg 300w, https:\/\/www.lassebacklund.fi\/wp-content\/uploads\/2017\/04\/Ellen-och-Ruben-\u00c5n\u00e4s-Ralf-Nyholm-p\u00e5-cykel-foto-fr\u00e5n-Rebeckas-768x508.jpg 768w\" sizes=\"auto, (max-width: 963px) 100vw, 963px\" \/><figcaption id=\"caption-attachment-3843\" class=\"wp-caption-text\">I d\u00f6rren st\u00e5r syskonen Ellen och Ruben \u00c5n\u00e4s. Pojken p\u00e5 cykeln \u00e4r Ralf Nyholm och fotot av taget p\u00e5 Sunnantillv\u00e4gen.<\/figcaption><\/figure>\n<figure id=\"attachment_3844\" aria-describedby=\"caption-attachment-3844\" style=\"width: 896px\" class=\"wp-caption alignnone\"><img loading=\"lazy\" decoding=\"async\" class=\"size-full wp-image-3844\" src=\"http:\/\/www.lassebacklund.fi\/wp-content\/uploads\/2017\/04\/Emil-Nyholm-med-Lars-\u00c5lgars-p\u00e5-traktorn.jpg\" alt=\"Emil Nyholm st\u00e5r och ser p\u00e5, d\u00e5 m\u00e5gen Lars \u00c5lgars k\u00f6r traktorn.\" width=\"896\" height=\"650\" srcset=\"https:\/\/www.lassebacklund.fi\/wp-content\/uploads\/2017\/04\/Emil-Nyholm-med-Lars-\u00c5lgars-p\u00e5-traktorn.jpg 896w, https:\/\/www.lassebacklund.fi\/wp-content\/uploads\/2017\/04\/Emil-Nyholm-med-Lars-\u00c5lgars-p\u00e5-traktorn-300x218.jpg 300w, https:\/\/www.lassebacklund.fi\/wp-content\/uploads\/2017\/04\/Emil-Nyholm-med-Lars-\u00c5lgars-p\u00e5-traktorn-768x557.jpg 768w\" sizes=\"auto, (max-width: 896px) 100vw, 896px\" \/><figcaption id=\"caption-attachment-3844\" class=\"wp-caption-text\">Emil Nyholm st\u00e5r och ser p\u00e5, d\u00e5 m\u00e5gen Lars \u00c5lgars k\u00f6r traktorn.<\/figcaption><\/figure>\n<figure id=\"attachment_3845\" aria-describedby=\"caption-attachment-3845\" style=\"width: 612px\" class=\"wp-caption alignnone\"><img loading=\"lazy\" decoding=\"async\" class=\" wp-image-3845\" src=\"http:\/\/www.lassebacklund.fi\/wp-content\/uploads\/2017\/04\/Emil-Nyholm-med-sitt-hem-i-bakgrunden.jpg\" alt=\"H\u00e4r Emil Nyholm n\u00e5gon g\u00e5ng p\u00e5 70-talet med sitt hem i bakgrunden.\" width=\"612\" height=\"616\" srcset=\"https:\/\/www.lassebacklund.fi\/wp-content\/uploads\/2017\/04\/Emil-Nyholm-med-sitt-hem-i-bakgrunden.jpg 900w, https:\/\/www.lassebacklund.fi\/wp-content\/uploads\/2017\/04\/Emil-Nyholm-med-sitt-hem-i-bakgrunden-150x150.jpg 150w, https:\/\/www.lassebacklund.fi\/wp-content\/uploads\/2017\/04\/Emil-Nyholm-med-sitt-hem-i-bakgrunden-298x300.jpg 298w, https:\/\/www.lassebacklund.fi\/wp-content\/uploads\/2017\/04\/Emil-Nyholm-med-sitt-hem-i-bakgrunden-768x773.jpg 768w\" sizes=\"auto, (max-width: 612px) 100vw, 612px\" \/><figcaption id=\"caption-attachment-3845\" class=\"wp-caption-text\">H\u00e4r Emil Nyholm n\u00e5gon g\u00e5ng p\u00e5 70-talet med sitt hem i bakgrunden.<\/figcaption><\/figure>\n<figure id=\"attachment_3848\" aria-describedby=\"caption-attachment-3848\" style=\"width: 225px\" class=\"wp-caption alignnone\"><img loading=\"lazy\" decoding=\"async\" class=\" wp-image-3848\" src=\"http:\/\/www.lassebacklund.fi\/wp-content\/uploads\/2017\/04\/Emil-Nyholms-portr\u00e4tt.jpg\" alt=\"Emil Nyholm.\" width=\"225\" height=\"311\" srcset=\"https:\/\/www.lassebacklund.fi\/wp-content\/uploads\/2017\/04\/Emil-Nyholms-portr\u00e4tt.jpg 519w, https:\/\/www.lassebacklund.fi\/wp-content\/uploads\/2017\/04\/Emil-Nyholms-portr\u00e4tt-217x300.jpg 217w\" sizes=\"auto, (max-width: 225px) 100vw, 225px\" \/><figcaption id=\"caption-attachment-3848\" class=\"wp-caption-text\">Emil Nyholm.<\/figcaption><\/figure>\n<figure id=\"attachment_3849\" aria-describedby=\"caption-attachment-3849\" style=\"width: 588px\" class=\"wp-caption alignnone\"><img loading=\"lazy\" decoding=\"async\" class=\" wp-image-3849\" src=\"http:\/\/www.lassebacklund.fi\/wp-content\/uploads\/2017\/04\/Emil-och-Hulda-p\u00e5-60-talet-med-julgran.jpg\" alt=\"Hulda och Emil Nyholm n\u00e5gon g\u00e5ng p\u00e5 60-talet.\" width=\"588\" height=\"866\" srcset=\"https:\/\/www.lassebacklund.fi\/wp-content\/uploads\/2017\/04\/Emil-och-Hulda-p\u00e5-60-talet-med-julgran.jpg 918w, https:\/\/www.lassebacklund.fi\/wp-content\/uploads\/2017\/04\/Emil-och-Hulda-p\u00e5-60-talet-med-julgran-204x300.jpg 204w, https:\/\/www.lassebacklund.fi\/wp-content\/uploads\/2017\/04\/Emil-och-Hulda-p\u00e5-60-talet-med-julgran-768x1130.jpg 768w, https:\/\/www.lassebacklund.fi\/wp-content\/uploads\/2017\/04\/Emil-och-Hulda-p\u00e5-60-talet-med-julgran-696x1024.jpg 696w\" sizes=\"auto, (max-width: 588px) 100vw, 588px\" \/><figcaption id=\"caption-attachment-3849\" class=\"wp-caption-text\">Hulda och Emil Nyholm n\u00e5gon g\u00e5ng p\u00e5 60-talet.<\/figcaption><\/figure>\n<figure id=\"attachment_3850\" aria-describedby=\"caption-attachment-3850\" style=\"width: 452px\" class=\"wp-caption alignnone\"><img loading=\"lazy\" decoding=\"async\" class=\" wp-image-3850\" src=\"http:\/\/www.lassebacklund.fi\/wp-content\/uploads\/2017\/04\/Emils-g\u00e5rd.jpg\" alt=\"Emils och Huldas g\u00e5rd i Kvarn\u00e5.\" width=\"452\" height=\"293\" srcset=\"https:\/\/www.lassebacklund.fi\/wp-content\/uploads\/2017\/04\/Emils-g\u00e5rd.jpg 981w, https:\/\/www.lassebacklund.fi\/wp-content\/uploads\/2017\/04\/Emils-g\u00e5rd-300x195.jpg 300w, https:\/\/www.lassebacklund.fi\/wp-content\/uploads\/2017\/04\/Emils-g\u00e5rd-768x499.jpg 768w\" sizes=\"auto, (max-width: 452px) 100vw, 452px\" \/><figcaption id=\"caption-attachment-3850\" class=\"wp-caption-text\">Emils och Huldas g\u00e5rd i Kvarn\u00e5.<\/figcaption><\/figure>\n<figure id=\"attachment_3851\" aria-describedby=\"caption-attachment-3851\" style=\"width: 554px\" class=\"wp-caption alignnone\"><img loading=\"lazy\" decoding=\"async\" class=\" wp-image-3851\" src=\"http:\/\/www.lassebacklund.fi\/wp-content\/uploads\/2017\/04\/Fina-Lindfors-80-\u00e5r.jpg\" alt=\"H\u00e4r Fina Lindfors p\u00e5 sin 80-\u00e5rs dag. Hon var Hulda Nyholms moster och var f\u00f6dd i Korsb\u00e4ck och vistades i Amerika i l\u00e5nga tider.\" width=\"554\" height=\"365\" srcset=\"https:\/\/www.lassebacklund.fi\/wp-content\/uploads\/2017\/04\/Fina-Lindfors-80-\u00e5r.jpg 1608w, https:\/\/www.lassebacklund.fi\/wp-content\/uploads\/2017\/04\/Fina-Lindfors-80-\u00e5r-300x198.jpg 300w, https:\/\/www.lassebacklund.fi\/wp-content\/uploads\/2017\/04\/Fina-Lindfors-80-\u00e5r-768x506.jpg 768w, https:\/\/www.lassebacklund.fi\/wp-content\/uploads\/2017\/04\/Fina-Lindfors-80-\u00e5r-1024x674.jpg 1024w\" sizes=\"auto, (max-width: 554px) 100vw, 554px\" \/><figcaption id=\"caption-attachment-3851\" class=\"wp-caption-text\">Fina Lindfors p\u00e5 sin 80-\u00e5rs dag. Hon var Hulda Nyholms moster och var f\u00f6dd i Korsb\u00e4ck och vistades i Amerika i l\u00e5nga tider.<\/figcaption><\/figure>\n<figure id=\"attachment_3852\" aria-describedby=\"caption-attachment-3852\" style=\"width: 585px\" class=\"wp-caption alignnone\"><img loading=\"lazy\" decoding=\"async\" class=\" wp-image-3852\" src=\"http:\/\/www.lassebacklund.fi\/wp-content\/uploads\/2017\/04\/Hulda-Nyholm-80-\u00e5r.jpg\" alt=\"Hulda Nyholm p\u00e5 sin 80-\u00e5rs dag.\" width=\"585\" height=\"404\" srcset=\"https:\/\/www.lassebacklund.fi\/wp-content\/uploads\/2017\/04\/Hulda-Nyholm-80-\u00e5r.jpg 1689w, https:\/\/www.lassebacklund.fi\/wp-content\/uploads\/2017\/04\/Hulda-Nyholm-80-\u00e5r-300x207.jpg 300w, https:\/\/www.lassebacklund.fi\/wp-content\/uploads\/2017\/04\/Hulda-Nyholm-80-\u00e5r-768x530.jpg 768w, https:\/\/www.lassebacklund.fi\/wp-content\/uploads\/2017\/04\/Hulda-Nyholm-80-\u00e5r-1024x707.jpg 1024w\" sizes=\"auto, (max-width: 585px) 100vw, 585px\" \/><figcaption id=\"caption-attachment-3852\" class=\"wp-caption-text\">Hulda Nyholm p\u00e5 sin 80-\u00e5rs dag.<\/figcaption><\/figure>\n<figure id=\"attachment_3853\" aria-describedby=\"caption-attachment-3853\" style=\"width: 567px\" class=\"wp-caption alignnone\"><img loading=\"lazy\" decoding=\"async\" class=\" wp-image-3853\" src=\"http:\/\/www.lassebacklund.fi\/wp-content\/uploads\/2017\/04\/Hulda-Nyholm-i-l\u00e4nstolen.jpg\" alt=\"Hulda Nyholm i l\u00e4nstolen.\" width=\"567\" height=\"509\" srcset=\"https:\/\/www.lassebacklund.fi\/wp-content\/uploads\/2017\/04\/Hulda-Nyholm-i-l\u00e4nstolen.jpg 1120w, https:\/\/www.lassebacklund.fi\/wp-content\/uploads\/2017\/04\/Hulda-Nyholm-i-l\u00e4nstolen-300x269.jpg 300w, https:\/\/www.lassebacklund.fi\/wp-content\/uploads\/2017\/04\/Hulda-Nyholm-i-l\u00e4nstolen-768x689.jpg 768w, https:\/\/www.lassebacklund.fi\/wp-content\/uploads\/2017\/04\/Hulda-Nyholm-i-l\u00e4nstolen-1024x919.jpg 1024w\" sizes=\"auto, (max-width: 567px) 100vw, 567px\" \/><figcaption id=\"caption-attachment-3853\" class=\"wp-caption-text\">Hulda Nyholm i l\u00e4nstolen.<\/figcaption><\/figure>\n<figure id=\"attachment_3854\" aria-describedby=\"caption-attachment-3854\" style=\"width: 496px\" class=\"wp-caption alignnone\"><img loading=\"lazy\" decoding=\"async\" class=\" wp-image-3854\" src=\"http:\/\/www.lassebacklund.fi\/wp-content\/uploads\/2017\/04\/Hulda-Nyholm-\u00e5r-2002.jpg\" alt=\"Hulda Nyholm \u00e5r 2002.\" width=\"496\" height=\"667\" srcset=\"https:\/\/www.lassebacklund.fi\/wp-content\/uploads\/2017\/04\/Hulda-Nyholm-\u00e5r-2002.jpg 860w, https:\/\/www.lassebacklund.fi\/wp-content\/uploads\/2017\/04\/Hulda-Nyholm-\u00e5r-2002-223x300.jpg 223w, https:\/\/www.lassebacklund.fi\/wp-content\/uploads\/2017\/04\/Hulda-Nyholm-\u00e5r-2002-768x1034.jpg 768w, https:\/\/www.lassebacklund.fi\/wp-content\/uploads\/2017\/04\/Hulda-Nyholm-\u00e5r-2002-760x1024.jpg 760w\" sizes=\"auto, (max-width: 496px) 100vw, 496px\" \/><figcaption id=\"caption-attachment-3854\" class=\"wp-caption-text\">Hulda Nyholm \u00e5r 2002.<\/figcaption><\/figure>\n<figure id=\"attachment_3855\" aria-describedby=\"caption-attachment-3855\" style=\"width: 2724px\" class=\"wp-caption aligncenter\"><img loading=\"lazy\" decoding=\"async\" class=\"size-full wp-image-3855\" src=\"http:\/\/www.lassebacklund.fi\/wp-content\/uploads\/2017\/04\/Hulda-och-Emil-med-alla-\u00e4ttlingar.jpg\" alt=\"H\u00e4r Hulda och Emil Nyholm med alla barn och barnbarn. Fr\u00e5n v\u00e4nster Ralf Nyholm och hustrun Annel, sedan Saga \u00c5lgars, f\u00f6ljande \u00e4r Kent \u00c5lgars som inte verkar gilla fotograferandet. Till h\u00f6ger st\u00e5r Lars \u00c5lgars och hustrun Deris. Nere till h\u00f6ger Ulrika och Beatrice Nyholm.\" width=\"2724\" height=\"2039\" srcset=\"https:\/\/www.lassebacklund.fi\/wp-content\/uploads\/2017\/04\/Hulda-och-Emil-med-alla-\u00e4ttlingar.jpg 2724w, https:\/\/www.lassebacklund.fi\/wp-content\/uploads\/2017\/04\/Hulda-och-Emil-med-alla-\u00e4ttlingar-300x225.jpg 300w, https:\/\/www.lassebacklund.fi\/wp-content\/uploads\/2017\/04\/Hulda-och-Emil-med-alla-\u00e4ttlingar-768x575.jpg 768w, https:\/\/www.lassebacklund.fi\/wp-content\/uploads\/2017\/04\/Hulda-och-Emil-med-alla-\u00e4ttlingar-1024x766.jpg 1024w\" sizes=\"auto, (max-width: 2724px) 100vw, 2724px\" \/><figcaption id=\"caption-attachment-3855\" class=\"wp-caption-text\">Hulda och Emil Nyholm med alla barn och barnbarn. Fr\u00e5n v\u00e4nster Ralf Nyholm och hustrun Annel, sedan Saga \u00c5lgars, f\u00f6ljande \u00e4r Kent \u00c5lgars som inte verkar gilla fotograferandet. Till h\u00f6ger st\u00e5r Lars \u00c5lgars och hustrun Deris. Nere till h\u00f6ger Ulrika och Beatrice Nyholm.<\/figcaption><\/figure>\n<figure id=\"attachment_3856\" aria-describedby=\"caption-attachment-3856\" style=\"width: 590px\" class=\"wp-caption alignnone\"><img loading=\"lazy\" decoding=\"async\" class=\" wp-image-3856\" src=\"http:\/\/www.lassebacklund.fi\/wp-content\/uploads\/2017\/04\/Hulda-och-Emil-med-VF-26.jpg\" alt=\"H\u00e4r Hulda och Emil Nyholm. De ser b\u00e5da lite stolta ut, s\u00e5 vi kan anta att bilen \u00e4r helt ny.\" width=\"590\" height=\"393\" srcset=\"https:\/\/www.lassebacklund.fi\/wp-content\/uploads\/2017\/04\/Hulda-och-Emil-med-VF-26.jpg 950w, https:\/\/www.lassebacklund.fi\/wp-content\/uploads\/2017\/04\/Hulda-och-Emil-med-VF-26-300x200.jpg 300w, https:\/\/www.lassebacklund.fi\/wp-content\/uploads\/2017\/04\/Hulda-och-Emil-med-VF-26-768x511.jpg 768w\" sizes=\"auto, (max-width: 590px) 100vw, 590px\" \/><figcaption id=\"caption-attachment-3856\" class=\"wp-caption-text\">Hulda och Emil Nyholm. De ser b\u00e5da lite stolta ut, s\u00e5 vi kan anta att bilen \u00e4r helt ny.<\/figcaption><\/figure>\n<figure id=\"attachment_3857\" aria-describedby=\"caption-attachment-3857\" style=\"width: 597px\" class=\"wp-caption alignnone\"><img loading=\"lazy\" decoding=\"async\" class=\" wp-image-3857\" src=\"http:\/\/www.lassebacklund.fi\/wp-content\/uploads\/2017\/04\/Hulda-och-Emil-Nyholm-med-mycket-blommor.jpg\" alt=\"H\u00e4r sitter Hulda och Emil Nyholm och av korten bland blommorna att d\u00f6ma \u00e4r det n\u00e5gon av dom som fyller 70.\" width=\"597\" height=\"401\" srcset=\"https:\/\/www.lassebacklund.fi\/wp-content\/uploads\/2017\/04\/Hulda-och-Emil-Nyholm-med-mycket-blommor.jpg 1483w, https:\/\/www.lassebacklund.fi\/wp-content\/uploads\/2017\/04\/Hulda-och-Emil-Nyholm-med-mycket-blommor-300x201.jpg 300w, https:\/\/www.lassebacklund.fi\/wp-content\/uploads\/2017\/04\/Hulda-och-Emil-Nyholm-med-mycket-blommor-768x516.jpg 768w, https:\/\/www.lassebacklund.fi\/wp-content\/uploads\/2017\/04\/Hulda-och-Emil-Nyholm-med-mycket-blommor-1024x688.jpg 1024w\" sizes=\"auto, (max-width: 597px) 100vw, 597px\" \/><figcaption id=\"caption-attachment-3857\" class=\"wp-caption-text\">Hulda och Emil Nyholm och av korten bland blommorna att d\u00f6ma \u00e4r det n\u00e5gon av dem som fyller 70.<\/figcaption><\/figure>\n<figure id=\"attachment_1449\" aria-describedby=\"caption-attachment-1449\" style=\"width: 1286px\" class=\"wp-caption alignnone\"><img loading=\"lazy\" decoding=\"async\" class=\"size-full wp-image-1449\" src=\"http:\/\/www.lassebacklund.fi\/wp-content\/uploads\/2016\/10\/Evert-Leander-Hulda-Emil-och-Hemming.-Nere-Viktor-och-Maria-Nyholm..jpg\" alt=\"H\u00e4r sitter Viktor och Maria Nyholm med barnen st\u00e5ende bakom, fr\u00e5n v\u00e4nster Evert, Leander, Hulda, Emil och Hemming. \" width=\"1286\" height=\"897\" srcset=\"https:\/\/www.lassebacklund.fi\/wp-content\/uploads\/2016\/10\/Evert-Leander-Hulda-Emil-och-Hemming.-Nere-Viktor-och-Maria-Nyholm..jpg 1286w, https:\/\/www.lassebacklund.fi\/wp-content\/uploads\/2016\/10\/Evert-Leander-Hulda-Emil-och-Hemming.-Nere-Viktor-och-Maria-Nyholm.-300x209.jpg 300w, https:\/\/www.lassebacklund.fi\/wp-content\/uploads\/2016\/10\/Evert-Leander-Hulda-Emil-och-Hemming.-Nere-Viktor-och-Maria-Nyholm.-768x536.jpg 768w, https:\/\/www.lassebacklund.fi\/wp-content\/uploads\/2016\/10\/Evert-Leander-Hulda-Emil-och-Hemming.-Nere-Viktor-och-Maria-Nyholm.-1024x714.jpg 1024w\" sizes=\"auto, (max-width: 1286px) 100vw, 1286px\" \/><figcaption id=\"caption-attachment-1449\" class=\"wp-caption-text\">H\u00e4r ser vi Emil Nyholm med sina f\u00f6r\u00e4ldrar och syskon. Nere sitter Viktor och Maria Nyholm med barnen st\u00e5ende bakom, fr\u00e5n v\u00e4nster Evert, Leander, Hulda, Emil och Hemming.<\/figcaption><\/figure>\n<figure id=\"attachment_3861\" aria-describedby=\"caption-attachment-3861\" style=\"width: 488px\" class=\"wp-caption alignnone\"><img loading=\"lazy\" decoding=\"async\" class=\" wp-image-3861\" src=\"http:\/\/www.lassebacklund.fi\/wp-content\/uploads\/2017\/04\/61.jpg\" alt=\"Nyholm hus fotograferat fr\u00e5n Dagsmarkh\u00e5llet.\" width=\"488\" height=\"366\" srcset=\"https:\/\/www.lassebacklund.fi\/wp-content\/uploads\/2017\/04\/61.jpg 551w, https:\/\/www.lassebacklund.fi\/wp-content\/uploads\/2017\/04\/61-300x225.jpg 300w\" sizes=\"auto, (max-width: 488px) 100vw, 488px\" \/><figcaption id=\"caption-attachment-3861\" class=\"wp-caption-text\">Nyholm hus fotograferat fr\u00e5n Dagsmarkh\u00e5llet.<\/figcaption><\/figure>\n<figure id=\"attachment_3859\" aria-describedby=\"caption-attachment-3859\" style=\"width: 470px\" class=\"wp-caption alignnone\"><img loading=\"lazy\" decoding=\"async\" class=\" wp-image-3859\" src=\"http:\/\/www.lassebacklund.fi\/wp-content\/uploads\/2017\/04\/Nils-Nyholm-tv-1927-1935.jpg\" alt=\"Till v\u00e4nster st\u00e5r Emil Nyholms son fr\u00e5n f\u00f6rsta giftet. Nils hette han, f\u00f6dd 1927 och dog i en olycka p\u00e5 s\u00e5gen 1935. Det \u00e4r fortfarande ok\u00e4nt vem den andre \u00e4r.\" width=\"470\" height=\"822\" srcset=\"https:\/\/www.lassebacklund.fi\/wp-content\/uploads\/2017\/04\/Nils-Nyholm-tv-1927-1935.jpg 690w, https:\/\/www.lassebacklund.fi\/wp-content\/uploads\/2017\/04\/Nils-Nyholm-tv-1927-1935-171x300.jpg 171w, https:\/\/www.lassebacklund.fi\/wp-content\/uploads\/2017\/04\/Nils-Nyholm-tv-1927-1935-585x1024.jpg 585w\" sizes=\"auto, (max-width: 470px) 100vw, 470px\" \/><figcaption id=\"caption-attachment-3859\" class=\"wp-caption-text\">Till v\u00e4nster st\u00e5r Emil Nyholms son fr\u00e5n f\u00f6rsta giftet. Nils hette han, f\u00f6dd 1927 och dog i en olycka p\u00e5 s\u00e5gen 1935. Det \u00e4r fortfarande ok\u00e4nt vem den andre \u00e4r.<\/figcaption><\/figure>\n<figure id=\"attachment_3862\" aria-describedby=\"caption-attachment-3862\" style=\"width: 576px\" class=\"wp-caption alignnone\"><img loading=\"lazy\" decoding=\"async\" class=\" wp-image-3862\" src=\"http:\/\/www.lassebacklund.fi\/wp-content\/uploads\/2017\/04\/Ralf-Nyholm-i-milit\u00e4rkl\u00e4der-och-Lars-\u00c5lgars-p\u00e5-Fordson-Major-57.jpg\" alt=\"H\u00e4r soldaten Ralf Nyholm i samspr\u00e5k med sv\u00e5gern Lars \u00c5lgars, som sitter p\u00e5 traktorn av modell Fordson Major, modell 1957.\" width=\"576\" height=\"387\" srcset=\"https:\/\/www.lassebacklund.fi\/wp-content\/uploads\/2017\/04\/Ralf-Nyholm-i-milit\u00e4rkl\u00e4der-och-Lars-\u00c5lgars-p\u00e5-Fordson-Major-57.jpg 954w, https:\/\/www.lassebacklund.fi\/wp-content\/uploads\/2017\/04\/Ralf-Nyholm-i-milit\u00e4rkl\u00e4der-och-Lars-\u00c5lgars-p\u00e5-Fordson-Major-57-300x202.jpg 300w, https:\/\/www.lassebacklund.fi\/wp-content\/uploads\/2017\/04\/Ralf-Nyholm-i-milit\u00e4rkl\u00e4der-och-Lars-\u00c5lgars-p\u00e5-Fordson-Major-57-768x516.jpg 768w\" sizes=\"auto, (max-width: 576px) 100vw, 576px\" \/><figcaption id=\"caption-attachment-3862\" class=\"wp-caption-text\">Soldaten Ralf Nyholm i samspr\u00e5k med sv\u00e5gern Lars \u00c5lgars, som sitter p\u00e5 traktorn av modell Fordson Major, modell 1957.<\/figcaption><\/figure>\n<figure id=\"attachment_3860\" aria-describedby=\"caption-attachment-3860\" style=\"width: 587px\" class=\"wp-caption alignnone\"><img loading=\"lazy\" decoding=\"async\" class=\" wp-image-3860\" src=\"http:\/\/www.lassebacklund.fi\/wp-content\/uploads\/2017\/04\/51.jpg\" alt=\"H\u00e4r g\u00e5rden fotograferad fr\u00e5n norr.\" width=\"587\" height=\"441\" srcset=\"https:\/\/www.lassebacklund.fi\/wp-content\/uploads\/2017\/04\/51.jpg 839w, https:\/\/www.lassebacklund.fi\/wp-content\/uploads\/2017\/04\/51-300x225.jpg 300w, https:\/\/www.lassebacklund.fi\/wp-content\/uploads\/2017\/04\/51-768x577.jpg 768w\" sizes=\"auto, (max-width: 587px) 100vw, 587px\" \/><figcaption id=\"caption-attachment-3860\" class=\"wp-caption-text\">G\u00e5rden fotograferad fr\u00e5n norr.<\/figcaption><\/figure>\n<figure id=\"attachment_3863\" aria-describedby=\"caption-attachment-3863\" style=\"width: 634px\" class=\"wp-caption alignnone\"><img loading=\"lazy\" decoding=\"async\" class=\" wp-image-3863\" src=\"http:\/\/www.lassebacklund.fi\/wp-content\/uploads\/2017\/04\/Selim-Lillkull-Sigurd-L\u00f6fgren-Emil-Nyholm-Otto-Bj\u00f6rklund-Leander-Nyholm.jpg\" alt=\"Herrarna Selim Lillkull, Sigurd L\u00f6fgren, Emil Nyholm, Otto Bj\u00f6rklund och Leander Nyholm p\u00e5 b\u00f6nehuset i Dagsmark.\" width=\"634\" height=\"600\" srcset=\"https:\/\/www.lassebacklund.fi\/wp-content\/uploads\/2017\/04\/Selim-Lillkull-Sigurd-L\u00f6fgren-Emil-Nyholm-Otto-Bj\u00f6rklund-Leander-Nyholm.jpg 977w, https:\/\/www.lassebacklund.fi\/wp-content\/uploads\/2017\/04\/Selim-Lillkull-Sigurd-L\u00f6fgren-Emil-Nyholm-Otto-Bj\u00f6rklund-Leander-Nyholm-300x284.jpg 300w, https:\/\/www.lassebacklund.fi\/wp-content\/uploads\/2017\/04\/Selim-Lillkull-Sigurd-L\u00f6fgren-Emil-Nyholm-Otto-Bj\u00f6rklund-Leander-Nyholm-768x726.jpg 768w\" sizes=\"auto, (max-width: 634px) 100vw, 634px\" \/><figcaption id=\"caption-attachment-3863\" class=\"wp-caption-text\">Herrarna Selim Lillkull, Sigurd L\u00f6fgren, Emil Nyholm, Otto Bj\u00f6rklund och Leander Nyholm p\u00e5 b\u00f6nehuset i Dagsmark.<\/figcaption><\/figure>\n<figure id=\"attachment_2128\" aria-describedby=\"caption-attachment-2128\" style=\"width: 569px\" class=\"wp-caption alignnone\"><img loading=\"lazy\" decoding=\"async\" class=\"size-full wp-image-2128\" src=\"http:\/\/www.lassebacklund.fi\/wp-content\/uploads\/2016\/11\/Nyholm-Emil-s\u00e5g\u00e4gare.jpg\" alt=\"S\u00e5g\u00e4garen Emil Nyholm.\" width=\"569\" height=\"736\" srcset=\"https:\/\/www.lassebacklund.fi\/wp-content\/uploads\/2016\/11\/Nyholm-Emil-s\u00e5g\u00e4gare.jpg 569w, https:\/\/www.lassebacklund.fi\/wp-content\/uploads\/2016\/11\/Nyholm-Emil-s\u00e5g\u00e4gare-232x300.jpg 232w\" sizes=\"auto, (max-width: 569px) 100vw, 569px\" \/><figcaption id=\"caption-attachment-2128\" class=\"wp-caption-text\">S\u00e5g\u00e4garen Emil Nyholm.<\/figcaption><\/figure>\n<figure id=\"attachment_3873\" aria-describedby=\"caption-attachment-3873\" style=\"width: 502px\" class=\"wp-caption alignnone\"><img loading=\"lazy\" decoding=\"async\" class=\" wp-image-3873\" src=\"http:\/\/www.lassebacklund.fi\/wp-content\/uploads\/2017\/04\/Brand-hos-Nyholms.jpg\" alt=\"Sommaren 1971 f\u00f6rst\u00f6rdes 2 uthusbyggnader i en brand hos Emil Nyholm. Urklippet ur tidningen Syd-\u00d6sterbotten.\" width=\"502\" height=\"1271\" srcset=\"https:\/\/www.lassebacklund.fi\/wp-content\/uploads\/2017\/04\/Brand-hos-Nyholms.jpg 650w, https:\/\/www.lassebacklund.fi\/wp-content\/uploads\/2017\/04\/Brand-hos-Nyholms-118x300.jpg 118w, https:\/\/www.lassebacklund.fi\/wp-content\/uploads\/2017\/04\/Brand-hos-Nyholms-404x1024.jpg 404w\" sizes=\"auto, (max-width: 502px) 100vw, 502px\" \/><figcaption id=\"caption-attachment-3873\" class=\"wp-caption-text\">Sommaren 1971 f\u00f6rst\u00f6rdes 2 uthusbyggnader i en brand hos Emil Nyholm. Urklippet ur tidningen Syd-\u00d6sterbotten.<\/figcaption><\/figure>\n<figure id=\"attachment_11651\" aria-describedby=\"caption-attachment-11651\" style=\"width: 1432px\" class=\"wp-caption aligncenter\"><img loading=\"lazy\" decoding=\"async\" class=\"size-full wp-image-11651\" src=\"http:\/\/www.lassebacklund.fi\/wp-content\/uploads\/2019\/03\/Brandbild.jpg\" alt=\"\" width=\"1432\" height=\"1041\" srcset=\"https:\/\/www.lassebacklund.fi\/wp-content\/uploads\/2019\/03\/Brandbild.jpg 1432w, https:\/\/www.lassebacklund.fi\/wp-content\/uploads\/2019\/03\/Brandbild-300x218.jpg 300w, https:\/\/www.lassebacklund.fi\/wp-content\/uploads\/2019\/03\/Brandbild-768x558.jpg 768w, https:\/\/www.lassebacklund.fi\/wp-content\/uploads\/2019\/03\/Brandbild-1024x744.jpg 1024w\" sizes=\"auto, (max-width: 1432px) 100vw, 1432px\" \/><figcaption id=\"caption-attachment-11651\" class=\"wp-caption-text\">Endast en h\u00f6g av f\u00f6rkolnade br\u00e4der och tegel \u00e5terst\u00e5r av Emil Nyholms uthusbyggnader. Bild och text ur Syd-\u00d6sterbotten.<\/figcaption><\/figure>\n<figure id=\"attachment_14412\" aria-describedby=\"caption-attachment-14412\" style=\"width: 2259px\" class=\"wp-caption alignnone\"><img loading=\"lazy\" decoding=\"async\" class=\"size-full wp-image-14412\" src=\"http:\/\/www.lassebacklund.fi\/wp-content\/uploads\/2019\/09\/Emil-Nyholms-uthus-brinner-25.6.1971-Rafael-Olin.jpg\" alt=\"\" width=\"2259\" height=\"1481\" srcset=\"https:\/\/www.lassebacklund.fi\/wp-content\/uploads\/2019\/09\/Emil-Nyholms-uthus-brinner-25.6.1971-Rafael-Olin.jpg 2259w, https:\/\/www.lassebacklund.fi\/wp-content\/uploads\/2019\/09\/Emil-Nyholms-uthus-brinner-25.6.1971-Rafael-Olin-300x197.jpg 300w, https:\/\/www.lassebacklund.fi\/wp-content\/uploads\/2019\/09\/Emil-Nyholms-uthus-brinner-25.6.1971-Rafael-Olin-768x504.jpg 768w, https:\/\/www.lassebacklund.fi\/wp-content\/uploads\/2019\/09\/Emil-Nyholms-uthus-brinner-25.6.1971-Rafael-Olin-1024x671.jpg 1024w\" sizes=\"auto, (max-width: 2259px) 100vw, 2259px\" \/><figcaption id=\"caption-attachment-14412\" class=\"wp-caption-text\">Emil Nyholm till h\u00f6ger kan bara konstatera att b\u00e5da uthusen totalf\u00f6rst\u00f6rdes i branden i juni 1971. Foto Rafael Olin, fr\u00e5n SLS:s arkiv.<\/figcaption><\/figure>\n<p><img loading=\"lazy\" decoding=\"async\" class=\"size-full wp-image-3884 aligncenter\" src=\"http:\/\/www.lassebacklund.fi\/wp-content\/uploads\/2017\/04\/Nyholm-Nils-\u00c5ke.jpg\" alt=\"Nyholm Nils \u00c5ke\" width=\"1176\" height=\"1332\" srcset=\"https:\/\/www.lassebacklund.fi\/wp-content\/uploads\/2017\/04\/Nyholm-Nils-\u00c5ke.jpg 1176w, https:\/\/www.lassebacklund.fi\/wp-content\/uploads\/2017\/04\/Nyholm-Nils-\u00c5ke-265x300.jpg 265w, https:\/\/www.lassebacklund.fi\/wp-content\/uploads\/2017\/04\/Nyholm-Nils-\u00c5ke-768x870.jpg 768w, https:\/\/www.lassebacklund.fi\/wp-content\/uploads\/2017\/04\/Nyholm-Nils-\u00c5ke-904x1024.jpg 904w\" sizes=\"auto, (max-width: 1176px) 100vw, 1176px\" \/><\/p>\n","protected":false},"excerpt":{"rendered":"<p>Sammanst\u00e4llt av Lasse Backlund 2013, med hj\u00e4lp av Ralf och Annel Nyholm.\u00a0 Henrik EMIL Nyholm (1900-1978) f\u00f6ddes i Norrviken och han var son till bonden Viktor Nyholm (1874-1951) och Maria (1873-1943), som var dotter till \u201dTr\u00e4sk Kalle\u201d Rosenqvist. Emil flyttade <a class=\"more-link\" href=\"https:\/\/www.lassebacklund.fi\/?page_id=3864\">Forts\u00e4tt l\u00e4sa <span class=\"screen-reader-text\">  Nyholm Emil och Huldas g\u00e5rd p\u00e5 Lillsj\u00f6v\u00e4gen 116<\/span><span class=\"meta-nav\">&rarr;<\/span><\/a><\/p>\n","protected":false},"author":1,"featured_media":0,"parent":78,"menu_order":117,"comment_status":"closed","ping_status":"closed","template":"","meta":{"footnotes":""},"class_list":["post-3864","page","type-page","status-publish","hentry"],"_links":{"self":[{"href":"https:\/\/www.lassebacklund.fi\/index.php?rest_route=\/wp\/v2\/pages\/3864","targetHints":{"allow":["GET"]}}],"collection":[{"href":"https:\/\/www.lassebacklund.fi\/index.php?rest_route=\/wp\/v2\/pages"}],"about":[{"href":"https:\/\/www.lassebacklund.fi\/index.php?rest_route=\/wp\/v2\/types\/page"}],"author":[{"embeddable":true,"href":"https:\/\/www.lassebacklund.fi\/index.php?rest_route=\/wp\/v2\/users\/1"}],"replies":[{"embeddable":true,"href":"https:\/\/www.lassebacklund.fi\/index.php?rest_route=%2Fwp%2Fv2%2Fcomments&post=3864"}],"version-history":[{"count":20,"href":"https:\/\/www.lassebacklund.fi\/index.php?rest_route=\/wp\/v2\/pages\/3864\/revisions"}],"predecessor-version":[{"id":25651,"href":"https:\/\/www.lassebacklund.fi\/index.php?rest_route=\/wp\/v2\/pages\/3864\/revisions\/25651"}],"up":[{"embeddable":true,"href":"https:\/\/www.lassebacklund.fi\/index.php?rest_route=\/wp\/v2\/pages\/78"}],"wp:attachment":[{"href":"https:\/\/www.lassebacklund.fi\/index.php?rest_route=%2Fwp%2Fv2%2Fmedia&parent=3864"}],"curies":[{"name":"wp","href":"https:\/\/api.w.org\/{rel}","templated":true}]}}