{"id":3828,"date":"2017-04-25T18:29:40","date_gmt":"2017-04-25T16:29:40","guid":{"rendered":"http:\/\/www.lassebacklund.fi\/?page_id=3828"},"modified":"2017-04-25T18:29:40","modified_gmt":"2017-04-25T16:29:40","slug":"viktor-nylunds-jordfastning","status":"publish","type":"page","link":"https:\/\/www.lassebacklund.fi\/?page_id=3828","title":{"rendered":"Viktor Nylunds jordf\u00e4stning."},"content":{"rendered":"<p><span style=\"color: #000080;\">Syd-\u00d6sterbotten 15.1.1936:<\/span><\/p>\n<p>Kl 13 p\u00e5 s\u00f6ndagen vigdes stoftet av direkt\u00f6r Viktor Nylund till den sista vilan p\u00e5 begravningsplatsen invid Lappfj\u00e4rds kyrka, Jordf\u00e4stningen f\u00f6rr\u00e4ttades av prosten A. G. Rancken, som talade varma ord till den avlidnes minne.<\/p>\n<p>Utom ett 30-tal kransar fr\u00e5n anh\u00f6riga, v\u00e4nner och bekanta nedlades kransar fr\u00e5n kyrkor\u00e5det och f\u00f6rsamlingen genom prosten A. G. Rancken och sparbankskamreren E. J. Bj\u00f6rses, fr\u00e5n P\u00e4rus-Fors genom direkt\u00f6r Verner Grankull, fr\u00e5n anst\u00e4llda och arbetare vid Ab P\u00e4rus-Fors Oy genom mont\u00f6r E. P\u00e4rus, fr\u00e5n Dagsmark ungdomsf\u00f6rening genom l\u00e4rare Einar Lind, fr\u00e5n Korsb\u00e4ck bysamh\u00e4lle genom Erland Lindqvist, fr\u00e5n kommunalfullm\u00e4ktige i Lappfj\u00e4rd Johan Lillkull och fr\u00e5n Dagsmark lantmannagille genom Frans Agn\u00e4s.<\/p>\n<p>Genom inbetalningar till \u201dDirekt\u00f6r Viktor Nylunds minnesfond\u201d vid Lappfj\u00e4rds folkh\u00f6gskola hade den avlidnes minne hedrats av Lappfj\u00e4rds folkh\u00f6gskola rektor J. Nyquist, byggm\u00e4stare W. Forss\u00e9n, fr\u00f6ken Ines Hannus, prostinnan Maja Ingman, fr\u00f6ken A. Gullans, fr\u00f6ken Hulda Blomberg, ingenj\u00f6r och fru N. Molander samt disponent och fru E. Korsb\u00e4ck. Ytterligare bidrag till fonden v\u00e4ntas \u00e4nnu inflyta.<\/p>\n<p>Viktor Nylund f\u00f6ljdes till graven av en stor skara socknebor, s\u00e5lunda deltog n\u00e4stan hela Dagsmark by i sorget\u00e5get. Denna stora anslutning liksom de m\u00e5nga talen vid graven vittnade of\u00f6rtydbart om huru allm\u00e4nt uppskattad den bortg\u00e5ngne var.<\/p>\n","protected":false},"excerpt":{"rendered":"<p>Syd-\u00d6sterbotten 15.1.1936: Kl 13 p\u00e5 s\u00f6ndagen vigdes stoftet av direkt\u00f6r Viktor Nylund till den sista vilan p\u00e5 begravningsplatsen invid Lappfj\u00e4rds kyrka, Jordf\u00e4stningen f\u00f6rr\u00e4ttades av prosten A. G. Rancken, som talade varma ord till den avlidnes minne. Utom ett 30-tal kransar <a class=\"more-link\" href=\"https:\/\/www.lassebacklund.fi\/?page_id=3828\">Forts\u00e4tt l\u00e4sa <span class=\"screen-reader-text\">  Viktor Nylunds jordf\u00e4stning.<\/span><span class=\"meta-nav\">&rarr;<\/span><\/a><\/p>\n","protected":false},"author":1,"featured_media":0,"parent":1696,"menu_order":0,"comment_status":"closed","ping_status":"closed","template":"","meta":{"footnotes":""},"class_list":["post-3828","page","type-page","status-publish","hentry"],"_links":{"self":[{"href":"https:\/\/www.lassebacklund.fi\/index.php?rest_route=\/wp\/v2\/pages\/3828","targetHints":{"allow":["GET"]}}],"collection":[{"href":"https:\/\/www.lassebacklund.fi\/index.php?rest_route=\/wp\/v2\/pages"}],"about":[{"href":"https:\/\/www.lassebacklund.fi\/index.php?rest_route=\/wp\/v2\/types\/page"}],"author":[{"embeddable":true,"href":"https:\/\/www.lassebacklund.fi\/index.php?rest_route=\/wp\/v2\/users\/1"}],"replies":[{"embeddable":true,"href":"https:\/\/www.lassebacklund.fi\/index.php?rest_route=%2Fwp%2Fv2%2Fcomments&post=3828"}],"version-history":[{"count":1,"href":"https:\/\/www.lassebacklund.fi\/index.php?rest_route=\/wp\/v2\/pages\/3828\/revisions"}],"predecessor-version":[{"id":3829,"href":"https:\/\/www.lassebacklund.fi\/index.php?rest_route=\/wp\/v2\/pages\/3828\/revisions\/3829"}],"up":[{"embeddable":true,"href":"https:\/\/www.lassebacklund.fi\/index.php?rest_route=\/wp\/v2\/pages\/1696"}],"wp:attachment":[{"href":"https:\/\/www.lassebacklund.fi\/index.php?rest_route=%2Fwp%2Fv2%2Fmedia&parent=3828"}],"curies":[{"name":"wp","href":"https:\/\/api.w.org\/{rel}","templated":true}]}}