{"id":3803,"date":"2017-04-23T22:09:51","date_gmt":"2017-04-23T20:09:51","guid":{"rendered":"http:\/\/www.lassebacklund.fi\/?page_id=3803"},"modified":"2017-05-09T17:40:23","modified_gmt":"2017-05-09T15:40:23","slug":"lappfjard-fick-finlands-forsta-skyddskar-ar-1917","status":"publish","type":"page","link":"https:\/\/www.lassebacklund.fi\/?page_id=3803","title":{"rendered":"Lappfj\u00e4rd fick Finlands f\u00f6rsta skyddsk\u00e5r \u00e5r 1917."},"content":{"rendered":"<p><span style=\"color: #000080;\">Hans Ingvesg\u00e5rd fr\u00e5n Lappfj\u00e4rd, som \u00e4r ordf\u00f6rande i Kristinestadsnejdens krigsveteraner r.f. sammanst\u00e4llde denna historik om Lappfj\u00e4rds skyddsk\u00e5r utg\u00e5ende fr\u00e5n l\u00e4raren Selim Bj\u00f6rses anteckningar och fakta ur Lappfj\u00e4rds Historia. Tidningen Syd-\u00d6sterbotten publicerade materialet den 25 mars 2017 illustrerad med tv\u00e5 av Selim Bj\u00f6rses foton:<\/span><\/p>\n<p><img loading=\"lazy\" decoding=\"async\" class=\" wp-image-3800 aligncenter\" src=\"http:\/\/www.lassebacklund.fi\/wp-content\/uploads\/2017\/04\/H1.jpg\" alt=\"H1\" width=\"539\" height=\"1082\" \/><img loading=\"lazy\" decoding=\"async\" class=\"size-full wp-image-3801 aligncenter\" src=\"http:\/\/www.lassebacklund.fi\/wp-content\/uploads\/2017\/04\/H2.jpg\" alt=\"H2\" width=\"510\" height=\"685\" srcset=\"https:\/\/www.lassebacklund.fi\/wp-content\/uploads\/2017\/04\/H2.jpg 510w, https:\/\/www.lassebacklund.fi\/wp-content\/uploads\/2017\/04\/H2-223x300.jpg 223w\" sizes=\"auto, (max-width: 510px) 100vw, 510px\" \/><\/p>\n<p><img loading=\"lazy\" decoding=\"async\" class=\"size-full wp-image-3802 aligncenter\" src=\"http:\/\/www.lassebacklund.fi\/wp-content\/uploads\/2017\/04\/H3.jpg\" alt=\"H3\" width=\"521\" height=\"1308\" srcset=\"https:\/\/www.lassebacklund.fi\/wp-content\/uploads\/2017\/04\/H3.jpg 521w, https:\/\/www.lassebacklund.fi\/wp-content\/uploads\/2017\/04\/H3-119x300.jpg 119w, https:\/\/www.lassebacklund.fi\/wp-content\/uploads\/2017\/04\/H3-408x1024.jpg 408w\" sizes=\"auto, (max-width: 521px) 100vw, 521px\" \/><\/p>\n<h3>Foton:<\/h3>\n<figure id=\"attachment_3796\" aria-describedby=\"caption-attachment-3796\" style=\"width: 1984px\" class=\"wp-caption aligncenter\"><img loading=\"lazy\" decoding=\"async\" class=\"size-full wp-image-3796\" src=\"http:\/\/www.lassebacklund.fi\/wp-content\/uploads\/2017\/04\/Lota295_foto_0517.jpg\" alt=\"Vinterutbildningsdag i mars 1942. Till v\u00e4nster ledarna Konrad Kronman och Alvar Bj\u00f6rklund. Fr\u00e4mst i ledet Lennart Bj\u00f6rkn\u00e4s, Ragnar Korsb\u00e4ck, Torsten Mitts, Per Klockars, Lennart Jossandt och Olof Holm. Foto Selim Bj\u00f6rses, SLS:s arkiv.\" width=\"1984\" height=\"1109\" srcset=\"https:\/\/www.lassebacklund.fi\/wp-content\/uploads\/2017\/04\/Lota295_foto_0517.jpg 1984w, https:\/\/www.lassebacklund.fi\/wp-content\/uploads\/2017\/04\/Lota295_foto_0517-300x168.jpg 300w, https:\/\/www.lassebacklund.fi\/wp-content\/uploads\/2017\/04\/Lota295_foto_0517-768x429.jpg 768w, https:\/\/www.lassebacklund.fi\/wp-content\/uploads\/2017\/04\/Lota295_foto_0517-1024x572.jpg 1024w\" sizes=\"auto, (max-width: 1984px) 100vw, 1984px\" \/><figcaption id=\"caption-attachment-3796\" class=\"wp-caption-text\">Vinterutbildningsdag i mars 1942. Till v\u00e4nster ledarna Konrad Kronman och Alvar Bj\u00f6rklund. Fr\u00e4mst i ledet Lennart Bj\u00f6rkn\u00e4s, Ragnar Korsb\u00e4ck, Torsten Mitts, Per Klockars, Lennart Jossandt och Olof Holm. Foto Selim Bj\u00f6rses, SLS:s arkiv.<\/figcaption><\/figure>\n<figure id=\"attachment_3793\" aria-describedby=\"caption-attachment-3793\" style=\"width: 1866px\" class=\"wp-caption aligncenter\"><img loading=\"lazy\" decoding=\"async\" class=\"size-full wp-image-3793\" src=\"http:\/\/www.lassebacklund.fi\/wp-content\/uploads\/2017\/04\/Lota295_foto_0224.jpg\" alt=\"H\u00e4r har Selim Bj\u00f6rses samlat m\u00e5nga skyddsk\u00e5rister och lottor p\u00e5 ett och samma foto. Bilden fr\u00e5n SLS:s arkiv.\" width=\"1866\" height=\"1102\" srcset=\"https:\/\/www.lassebacklund.fi\/wp-content\/uploads\/2017\/04\/Lota295_foto_0224.jpg 1866w, https:\/\/www.lassebacklund.fi\/wp-content\/uploads\/2017\/04\/Lota295_foto_0224-300x177.jpg 300w, https:\/\/www.lassebacklund.fi\/wp-content\/uploads\/2017\/04\/Lota295_foto_0224-768x454.jpg 768w, https:\/\/www.lassebacklund.fi\/wp-content\/uploads\/2017\/04\/Lota295_foto_0224-1024x605.jpg 1024w\" sizes=\"auto, (max-width: 1866px) 100vw, 1866px\" \/><figcaption id=\"caption-attachment-3793\" class=\"wp-caption-text\">H\u00e4r har Selim Bj\u00f6rses samlat m\u00e5nga skyddsk\u00e5rister och lottor p\u00e5 ett och samma foto. Bilden fr\u00e5n SLS:s arkiv.<\/figcaption><\/figure>\n<figure id=\"attachment_3799\" aria-describedby=\"caption-attachment-3799\" style=\"width: 2024px\" class=\"wp-caption aligncenter\"><img loading=\"lazy\" decoding=\"async\" class=\"size-full wp-image-3799\" src=\"http:\/\/www.lassebacklund.fi\/wp-content\/uploads\/2017\/04\/Lota295_foto_0556.jpg\" alt=\"Lottorna uppvaktar vid monumentet \u00f6ver stupade lappfj\u00e4rdsbor. Selim Bj\u00f6rses foto fr\u00e5n b\u00f6rjan av 1940-talet.\" width=\"2024\" height=\"1303\" srcset=\"https:\/\/www.lassebacklund.fi\/wp-content\/uploads\/2017\/04\/Lota295_foto_0556.jpg 2024w, https:\/\/www.lassebacklund.fi\/wp-content\/uploads\/2017\/04\/Lota295_foto_0556-300x193.jpg 300w, https:\/\/www.lassebacklund.fi\/wp-content\/uploads\/2017\/04\/Lota295_foto_0556-768x494.jpg 768w, https:\/\/www.lassebacklund.fi\/wp-content\/uploads\/2017\/04\/Lota295_foto_0556-1024x659.jpg 1024w\" sizes=\"auto, (max-width: 2024px) 100vw, 2024px\" \/><figcaption id=\"caption-attachment-3799\" class=\"wp-caption-text\">Lottorna uppvaktar vid monumentet \u00f6ver stupade lappfj\u00e4rdsbor. Selim Bj\u00f6rses foto fr\u00e5n b\u00f6rjan av 1940-talet.<\/figcaption><\/figure>\n<figure id=\"attachment_3798\" aria-describedby=\"caption-attachment-3798\" style=\"width: 1979px\" class=\"wp-caption aligncenter\"><img loading=\"lazy\" decoding=\"async\" class=\"size-full wp-image-3798\" src=\"http:\/\/www.lassebacklund.fi\/wp-content\/uploads\/2017\/04\/Lota295_foto_0534-skyddsk\u00e5rister-med-b\u00f6ssor.jpg\" alt=\"Skjut\u00f6vningar p\u00e5 skjutplan vid Lill\u00e5n, s\u00f6dra sidan. Egil Jossandt i tur. Foto SLS:s arkiv, Selim Bj\u00f6rses.\" width=\"1979\" height=\"1292\" srcset=\"https:\/\/www.lassebacklund.fi\/wp-content\/uploads\/2017\/04\/Lota295_foto_0534-skyddsk\u00e5rister-med-b\u00f6ssor.jpg 1979w, https:\/\/www.lassebacklund.fi\/wp-content\/uploads\/2017\/04\/Lota295_foto_0534-skyddsk\u00e5rister-med-b\u00f6ssor-300x196.jpg 300w, https:\/\/www.lassebacklund.fi\/wp-content\/uploads\/2017\/04\/Lota295_foto_0534-skyddsk\u00e5rister-med-b\u00f6ssor-768x501.jpg 768w, https:\/\/www.lassebacklund.fi\/wp-content\/uploads\/2017\/04\/Lota295_foto_0534-skyddsk\u00e5rister-med-b\u00f6ssor-1024x669.jpg 1024w\" sizes=\"auto, (max-width: 1979px) 100vw, 1979px\" \/><figcaption id=\"caption-attachment-3798\" class=\"wp-caption-text\">Skjut\u00f6vningar p\u00e5 skjutplan vid Lill\u00e5n, s\u00f6dra sidan. Egil Jossandt i tur. Foto SLS:s arkiv, Selim Bj\u00f6rses.<\/figcaption><\/figure>\n<figure id=\"attachment_3797\" aria-describedby=\"caption-attachment-3797\" style=\"width: 2000px\" class=\"wp-caption aligncenter\"><img loading=\"lazy\" decoding=\"async\" class=\"size-full wp-image-3797\" src=\"http:\/\/www.lassebacklund.fi\/wp-content\/uploads\/2017\/04\/Lota295_foto_0518-Soldatgossek\u00e5ren-med-\u00c5ke-\u00c5lgars-och-Torsten-Mitts-2.jpg\" alt=\"Soldatgossek\u00e5ren p\u00e5 skid\u00f6vningar p\u00e5 ungdomsf\u00f6reningens sportplan. L\u00e4ngst till v\u00e4nster \u00c5ke \u00c5lgars och f\u00f6ljande \u00e4r Torsten Mitts.\" width=\"2000\" height=\"1338\" srcset=\"https:\/\/www.lassebacklund.fi\/wp-content\/uploads\/2017\/04\/Lota295_foto_0518-Soldatgossek\u00e5ren-med-\u00c5ke-\u00c5lgars-och-Torsten-Mitts-2.jpg 2000w, https:\/\/www.lassebacklund.fi\/wp-content\/uploads\/2017\/04\/Lota295_foto_0518-Soldatgossek\u00e5ren-med-\u00c5ke-\u00c5lgars-och-Torsten-Mitts-2-300x201.jpg 300w, https:\/\/www.lassebacklund.fi\/wp-content\/uploads\/2017\/04\/Lota295_foto_0518-Soldatgossek\u00e5ren-med-\u00c5ke-\u00c5lgars-och-Torsten-Mitts-2-768x514.jpg 768w, https:\/\/www.lassebacklund.fi\/wp-content\/uploads\/2017\/04\/Lota295_foto_0518-Soldatgossek\u00e5ren-med-\u00c5ke-\u00c5lgars-och-Torsten-Mitts-2-1024x685.jpg 1024w\" sizes=\"auto, (max-width: 2000px) 100vw, 2000px\" \/><figcaption id=\"caption-attachment-3797\" class=\"wp-caption-text\">Soldatgossek\u00e5ren p\u00e5 skid\u00f6vningar p\u00e5 ungdomsf\u00f6reningens sportplan. L\u00e4ngst till v\u00e4nster \u00c5ke \u00c5lgars och f\u00f6ljande \u00e4r Torsten Mitts.<\/figcaption><\/figure>\n<figure id=\"attachment_3795\" aria-describedby=\"caption-attachment-3795\" style=\"width: 2400px\" class=\"wp-caption aligncenter\"><img loading=\"lazy\" decoding=\"async\" class=\"size-full wp-image-3795\" src=\"http:\/\/www.lassebacklund.fi\/wp-content\/uploads\/2017\/04\/Lota295_foto_0441-Skyddsk\u00e5rister-fr\u00e5n-Lappfj\u00e4rd.jpg\" alt=\"Fotot fr\u00e5n 1940 visar skyddsk\u00e5rscheferna fr\u00e5n Lappfj\u00e4rd, fr\u00e4n v\u00e4nster Nils Molander, Otto Bj\u00f6rses, Emil Bj\u00f6rses, Lottachefen Hj\u00f6rdis Landg\u00e4rds och till h\u00f6ger st\u00e5r Bertel Ekman.\" width=\"2400\" height=\"1610\" srcset=\"https:\/\/www.lassebacklund.fi\/wp-content\/uploads\/2017\/04\/Lota295_foto_0441-Skyddsk\u00e5rister-fr\u00e5n-Lappfj\u00e4rd.jpg 2400w, https:\/\/www.lassebacklund.fi\/wp-content\/uploads\/2017\/04\/Lota295_foto_0441-Skyddsk\u00e5rister-fr\u00e5n-Lappfj\u00e4rd-300x201.jpg 300w, https:\/\/www.lassebacklund.fi\/wp-content\/uploads\/2017\/04\/Lota295_foto_0441-Skyddsk\u00e5rister-fr\u00e5n-Lappfj\u00e4rd-768x515.jpg 768w, https:\/\/www.lassebacklund.fi\/wp-content\/uploads\/2017\/04\/Lota295_foto_0441-Skyddsk\u00e5rister-fr\u00e5n-Lappfj\u00e4rd-1024x687.jpg 1024w\" sizes=\"auto, (max-width: 2400px) 100vw, 2400px\" \/><figcaption id=\"caption-attachment-3795\" class=\"wp-caption-text\">Fotot fr\u00e5n 1940 visar skyddsk\u00e5rscheferna fr\u00e5n Lappfj\u00e4rd, fr\u00e4n v\u00e4nster Nils Molander, Otto Bj\u00f6rses, Emil Bj\u00f6rses, Lottachefen Hj\u00f6rdis Landg\u00e4rds och till h\u00f6ger st\u00e5r Bertel Ekman.<\/figcaption><\/figure>\n<figure id=\"attachment_3792\" aria-describedby=\"caption-attachment-3792\" style=\"width: 1942px\" class=\"wp-caption aligncenter\"><img loading=\"lazy\" decoding=\"async\" class=\"size-full wp-image-3792\" src=\"http:\/\/www.lassebacklund.fi\/wp-content\/uploads\/2017\/04\/Lota295_foto_0150.jpg\" alt=\"H\u00e4r skyddsk\u00e5risterna med velocipeder utanf\u00f6r lokalen i Lappfj\u00e4rd i b\u00f6rjan p\u00e5 1930-talet. Foto Selim Bj\u00f6rses, SLS:s arkiv.\" width=\"1942\" height=\"1278\" srcset=\"https:\/\/www.lassebacklund.fi\/wp-content\/uploads\/2017\/04\/Lota295_foto_0150.jpg 1942w, https:\/\/www.lassebacklund.fi\/wp-content\/uploads\/2017\/04\/Lota295_foto_0150-300x197.jpg 300w, https:\/\/www.lassebacklund.fi\/wp-content\/uploads\/2017\/04\/Lota295_foto_0150-768x505.jpg 768w, https:\/\/www.lassebacklund.fi\/wp-content\/uploads\/2017\/04\/Lota295_foto_0150-1024x674.jpg 1024w\" sizes=\"auto, (max-width: 1942px) 100vw, 1942px\" \/><figcaption id=\"caption-attachment-3792\" class=\"wp-caption-text\">H\u00e4r skyddsk\u00e5risterna med velocipeder utanf\u00f6r lokalen i Lappfj\u00e4rd i b\u00f6rjan p\u00e5 1930-talet. Foto Selim Bj\u00f6rses, SLS:s arkiv.<\/figcaption><\/figure>\n<p><a href=\"http:\/\/www.lassebacklund.fi\/?page_id=3747\"><span style=\"text-decoration: underline;\"><span style=\"color: #000080; text-decoration: underline;\">Tillbaka till huvudartikeln.<\/span><\/span><\/a><\/p>\n<p>&nbsp;<\/p>\n","protected":false},"excerpt":{"rendered":"<p>Hans Ingvesg\u00e5rd fr\u00e5n Lappfj\u00e4rd, som \u00e4r ordf\u00f6rande i Kristinestadsnejdens krigsveteraner r.f. sammanst\u00e4llde denna historik om Lappfj\u00e4rds skyddsk\u00e5r utg\u00e5ende fr\u00e5n l\u00e4raren Selim Bj\u00f6rses anteckningar och fakta ur Lappfj\u00e4rds Historia. Tidningen Syd-\u00d6sterbotten publicerade materialet den 25 mars 2017 illustrerad med tv\u00e5 av <a class=\"more-link\" href=\"https:\/\/www.lassebacklund.fi\/?page_id=3803\">Forts\u00e4tt l\u00e4sa <span class=\"screen-reader-text\">  Lappfj\u00e4rd fick Finlands f\u00f6rsta skyddsk\u00e5r \u00e5r 1917.<\/span><span class=\"meta-nav\">&rarr;<\/span><\/a><\/p>\n","protected":false},"author":1,"featured_media":0,"parent":3747,"menu_order":0,"comment_status":"closed","ping_status":"closed","template":"","meta":{"footnotes":""},"class_list":["post-3803","page","type-page","status-publish","hentry"],"_links":{"self":[{"href":"https:\/\/www.lassebacklund.fi\/index.php?rest_route=\/wp\/v2\/pages\/3803","targetHints":{"allow":["GET"]}}],"collection":[{"href":"https:\/\/www.lassebacklund.fi\/index.php?rest_route=\/wp\/v2\/pages"}],"about":[{"href":"https:\/\/www.lassebacklund.fi\/index.php?rest_route=\/wp\/v2\/types\/page"}],"author":[{"embeddable":true,"href":"https:\/\/www.lassebacklund.fi\/index.php?rest_route=\/wp\/v2\/users\/1"}],"replies":[{"embeddable":true,"href":"https:\/\/www.lassebacklund.fi\/index.php?rest_route=%2Fwp%2Fv2%2Fcomments&post=3803"}],"version-history":[{"count":2,"href":"https:\/\/www.lassebacklund.fi\/index.php?rest_route=\/wp\/v2\/pages\/3803\/revisions"}],"predecessor-version":[{"id":3965,"href":"https:\/\/www.lassebacklund.fi\/index.php?rest_route=\/wp\/v2\/pages\/3803\/revisions\/3965"}],"up":[{"embeddable":true,"href":"https:\/\/www.lassebacklund.fi\/index.php?rest_route=\/wp\/v2\/pages\/3747"}],"wp:attachment":[{"href":"https:\/\/www.lassebacklund.fi\/index.php?rest_route=%2Fwp%2Fv2%2Fmedia&parent=3803"}],"curies":[{"name":"wp","href":"https:\/\/api.w.org\/{rel}","templated":true}]}}