{"id":3752,"date":"2017-04-22T09:04:47","date_gmt":"2017-04-22T07:04:47","guid":{"rendered":"http:\/\/www.lassebacklund.fi\/?page_id=3752"},"modified":"2018-08-05T11:49:30","modified_gmt":"2018-08-05T09:49:30","slug":"stupade-i-kristinestad","status":"publish","type":"page","link":"https:\/\/www.lassebacklund.fi\/?page_id=3752","title":{"rendered":"Stupade i Kristinestad och i Frihetskriget."},"content":{"rendered":"<p><span style=\"color: #000080; font-family: 'Helvetica','sans-serif';\"><span style=\"font-size: medium;\">Tidningen Syd-\u00d6sterbotten publicerade den 6 februari 1918 en namnlista p\u00e5 de stupade i Kristinestad:<\/span><\/span><\/p>\n<p><span style=\"font-family: 'Helvetica','sans-serif';\"><span style=\"color: #000000; font-size: medium;\">Offren vid slaget i Kristinestad senaste torsdag \u00e4ro p\u00e5 skyddsk\u00e5risternas sida bonden Viktor Grannas (f.1889) och bondsonen Alfred Erlands (f. 1897) fr\u00e5n Tj\u00f6ck, bonden Alfred Nordman (f. 1892) fr\u00e5n Pjelaks och studeranden Yrj\u00f6 Kalske (Carlstedt) fr\u00e5n Virdois och genom olycksh\u00e4ndelse natten mot fredagen studeranden Sigurd Bl\u00e5field fr\u00e5n \u00c5bo.<\/span><\/span><\/p>\n<p><span style=\"font-family: 'Helvetica','sans-serif';\"><span style=\"color: #000000; font-size: medium;\">Av r\u00f6dbandisterna f\u00f6llo arbetaren Fritiof Stenroos f.1878, arbetaren Eero Friman f.1896, kopparslagaren Ernst Jaakko Joki f. 1899, gjutaren Johan Valfrid F\u00e4lt f.1876 och Ernst Eklund f.1895 fr\u00e5n Kristinestad, arbetarena Oskari Jalo fr\u00e5n Lappo och Kosti Salomaa fr\u00e5n Lavia och Hugo Adolf Plumppu f. 1892 fr\u00e5n Kristinestad. Dessutom stupade 6 ryska soldater.<\/span><\/span><\/p>\n<p><span style=\"color: #000080;\">Tidningen Syd-\u00d6sterbotten skrev utf\u00f6rligt om stupade och deras begravningar. Klicka p\u00e5 l\u00e4nkarna h\u00e4r under s\u00e5 kommer du vidare!<\/span><\/p>\n<p>Den 10 februari 1918 begravdes tj\u00f6ckborna <strong>Alfred\u00a0Erlands<\/strong> och <strong>Viktor Grannas<\/strong>. Begravningen blev den st\u00f6rsta genom tiderna och tidningen Syd-\u00d6sterbotten gav mycket spaltutrymme \u00e5t de stupade. Klicka <a href=\"http:\/\/www.lassebacklund.fi\/?page_id=4311\"><span style=\"text-decoration: underline;\"><span style=\"color: #000080; text-decoration: underline;\"><strong>H\u00c4R<\/strong><\/span><\/span><\/a> s\u00e5 f\u00e5r\u00a0du l\u00e4sa alla tal som h\u00f6lls!<\/p>\n<p>Vill du l\u00e4sa om den stupade <strong>Johan Ojala<\/strong> fr\u00e5n M\u00f6rtmark, s\u00e5 klicka <a href=\"http:\/\/www.lassebacklund.fi\/?page_id=4318\"><span style=\"color: #000080; text-decoration: underline;\"><strong>H\u00c4R!<\/strong><\/span><\/a><\/p>\n<p>Vill du l\u00e4sa om <strong>Emil Knus<\/strong> fr\u00e5n Lappfj\u00e4rd, s\u00e5 skall du klicka <a href=\"http:\/\/www.lassebacklund.fi\/?page_id=4327\"><span style=\"text-decoration: underline;\"><span style=\"color: #000080;\"><strong>H\u00c4R!<\/strong><\/span><\/span><\/a><\/p>\n<p>Vill du l\u00e4sa om den stupade s\u00e5g\u00e4garen <strong>John Eriksson<\/strong> fr\u00e5n H\u00e4rkmeri, s\u00e5 klicka <a href=\"http:\/\/www.lassebacklund.fi\/?page_id=4354\"><span style=\"text-decoration: underline;\"><span style=\"color: #000080;\"><strong>H\u00c4R!<\/strong><\/span><\/span><\/a><\/p>\n<p>Vill du l\u00e4sa om <strong>Erik Anders Sundholm<\/strong> fr\u00e5n Dagsmark som stupade i Ule\u00e5borg, s\u00e5 klicka <a href=\"http:\/\/www.lassebacklund.fi\/?page_id=4332\"><span style=\"color: #000080; text-decoration: underline;\"><strong>H\u00c4R!<\/strong><\/span><\/a><\/p>\n<p>Vill du l\u00e4sa mera om <strong>Alfred Nordman<\/strong> fr\u00e5n Pjelax, som stupade i Kristinestad, s\u00e5 klicka <a href=\"http:\/\/www.lassebacklund.fi\/?page_id=4321\"><span style=\"color: #000080; text-decoration: underline;\"><strong>H\u00c4R!<\/strong><\/span><\/a><\/p>\n<p>Om du vill l\u00e4sa om <strong>Birger Roth<\/strong> som stupade i Kuhmalahti, s\u00e5 klicka <a href=\"http:\/\/www.lassebacklund.fi\/?page_id=4345\"><span style=\"text-decoration: underline;\"><span style=\"color: #000080;\"><strong>H\u00c4R!<\/strong><\/span><\/span><\/a><\/p>\n<p>Tidningen Syd-\u00d6sterbotten\u00a0skrev om <strong>Matti Nummelin<\/strong>, som var den f\u00f6rsta fr\u00e5n Kristinestads skyddsk\u00e5r som stupade i sj\u00e4lva striderna.\u00a0Artikeln \u00e4r gripande och du kan l\u00e4sa den genom att klicka <a href=\"http:\/\/www.lassebacklund.fi\/?page_id=4250\"><span style=\"text-decoration: underline;\"><span style=\"color: #000080;\"><strong>H\u00c4R!<\/strong><\/span><\/span><\/a><\/p>\n<p>Vill du l\u00e4sa en l\u00e5ng och utf\u00f6rlig artikel om <strong>Axel Ekholm<\/strong> fr\u00e5n Skaftung, s\u00e5 skall du klicka <a href=\"http:\/\/www.lassebacklund.fi\/?page_id=4361\"><span style=\"text-decoration: underline;\"><span style=\"color: #000080;\"><strong>H\u00c4R!<\/strong><\/span><\/span><\/a><\/p>\n<p>Vill du l\u00e4sa om <strong>Hemming Utfolk<\/strong> fr\u00e5n Uttermossa, som stupade i Sastmola, klicka d\u00e5 <a href=\"http:\/\/www.lassebacklund.fi\/?page_id=4368\"><span style=\"text-decoration: underline;\"><span style=\"color: #000080; text-decoration: underline;\"><strong>H\u00c4R<\/strong><\/span><\/span><\/a>!<\/p>\n<p>Vill du l\u00e4sa om <strong>Anselm Agn\u00e4s<\/strong> fr\u00e5n Dagsmark som stupade i striderna utanf\u00f6r Tammerfors, klicka <a href=\"http:\/\/www.lassebacklund.fi\/?page_id=4396\"><span style=\"text-decoration: underline;\"><span style=\"color: #000080;\"><strong>H\u00c4R!<\/strong><\/span><\/span><\/a><\/p>\n<p>Vill du l\u00e4sa om 15-\u00e5riga <strong>Erik Ivar Agn\u00e4s<\/strong> <strong>eller Brunman<\/strong>, som stupade i Norrmark, klicka <a href=\"http:\/\/www.lassebacklund.fi\/?page_id=4385\"><span style=\"text-decoration: underline;\"><span style=\"color: #000080;\"><strong>H\u00c4R!<\/strong><\/span><\/span><\/a><\/p>\n<p>Vill du l\u00e4sa om f\u00f6retagsamma <strong>Axel Grankull<\/strong> fr\u00e5n Skaftung, s\u00e5 klicka <a href=\"http:\/\/www.lassebacklund.fi\/?page_id=4392\"><span style=\"text-decoration: underline;\"><span style=\"color: #000080;\"><strong>H\u00c4R!<\/strong><\/span><\/span><\/a><\/p>\n<p>\u00c5r 1943 gavs det ut en bok med nekrologer \u00f6ver samtliga stupade fr\u00e5n svenska \u00d6sterbotten. Vill du se vad som skrevs om de stupade fr\u00e5n Kristinestad, Lappfj\u00e4rd, Sideby och Tj\u00f6ck, s\u00e5 klicka <span style=\"text-decoration: underline;\"><a href=\"http:\/\/www.lassebacklund.fi\/?page_id=7946\"><span style=\"color: #000080; text-decoration: underline;\"><strong>H\u00c4R!<\/strong><\/span><\/a><\/span><\/p>\n<figure id=\"attachment_4492\" aria-describedby=\"caption-attachment-4492\" style=\"width: 683px\" class=\"wp-caption aligncenter\"><img loading=\"lazy\" decoding=\"async\" class=\" wp-image-4492\" src=\"http:\/\/www.lassebacklund.fi\/wp-content\/uploads\/2017\/06\/Namnen-fixade-v\u00e5ren-2017-2.jpg\" alt=\"Enligt tidningen Syd-\u00d6sterbotten s\u00e5 togs initiativet till detta minnesm\u00e4rke av den lokala evangeliska syf\u00f6reningen i Kristinestad. Det invigdes av sj\u00e4lvaste Gustav Mannerheim 22.11.1920. Med \u00e5ren f\u00f6rsvann texten men p\u00e5 f\u00f6rsommaren 2017 s\u00e5 l\u00e4t staden f\u00f6rgylla texten p\u00e5 nytt. Arbetet utf\u00f6rdes av Mike Roddis fr\u00e5n Lappfj\u00e4rd.\" width=\"683\" height=\"911\" srcset=\"https:\/\/www.lassebacklund.fi\/wp-content\/uploads\/2017\/06\/Namnen-fixade-v\u00e5ren-2017-2.jpg 1056w, https:\/\/www.lassebacklund.fi\/wp-content\/uploads\/2017\/06\/Namnen-fixade-v\u00e5ren-2017-2-225x300.jpg 225w, https:\/\/www.lassebacklund.fi\/wp-content\/uploads\/2017\/06\/Namnen-fixade-v\u00e5ren-2017-2-768x1024.jpg 768w\" sizes=\"auto, (max-width: 683px) 100vw, 683px\" \/><figcaption id=\"caption-attachment-4492\" class=\"wp-caption-text\">Enligt tidningen Syd-\u00d6sterbotten s\u00e5 togs initiativet till detta minnesm\u00e4rke av den lokala evangeliska syf\u00f6reningen i Kristinestad. Det invigdes av sj\u00e4lvaste Gustav Mannerheim 22.11.1920. Med \u00e5ren f\u00f6rsvann texten men p\u00e5 f\u00f6rsommaren 2017 s\u00e5 l\u00e4t staden f\u00f6rgylla texten p\u00e5 nytt. Arbetet utf\u00f6rdes av Mike Roddis fr\u00e5n Lappfj\u00e4rd.<\/figcaption><\/figure>\n<figure id=\"attachment_4493\" aria-describedby=\"caption-attachment-4493\" style=\"width: 469px\" class=\"wp-caption aligncenter\"><img loading=\"lazy\" decoding=\"async\" class=\" wp-image-4493\" src=\"http:\/\/www.lassebacklund.fi\/wp-content\/uploads\/2017\/06\/Namnen-syns-2.jpg\" alt=\"P\u00e5 minnesstenen finns namnen p\u00e5 3 stupade skyddsk\u00e5rister fr\u00e5n Kristinestads f\u00f6rsamling och p\u00e5 6 stupade fr\u00e5n Kristinestads landsf\u00f6rsamling i Tj\u00f6ck.\" width=\"469\" height=\"626\" srcset=\"https:\/\/www.lassebacklund.fi\/wp-content\/uploads\/2017\/06\/Namnen-syns-2.jpg 1056w, https:\/\/www.lassebacklund.fi\/wp-content\/uploads\/2017\/06\/Namnen-syns-2-225x300.jpg 225w, https:\/\/www.lassebacklund.fi\/wp-content\/uploads\/2017\/06\/Namnen-syns-2-768x1024.jpg 768w\" sizes=\"auto, (max-width: 469px) 100vw, 469px\" \/><figcaption id=\"caption-attachment-4493\" class=\"wp-caption-text\">P\u00e5 minnesstenen finns namnen p\u00e5 3 stupade skyddsk\u00e5rister fr\u00e5n Kristinestads f\u00f6rsamling och p\u00e5 6 stupade fr\u00e5n Kristinestads landsf\u00f6rsamling i Tj\u00f6ck.<\/figcaption><\/figure>\n<p>Tidningen Syd-\u00d6sterbotten skrev i krigets slutskede flera kortare artiklar om stupade skyddsk\u00e5rister, som jag har samlat p\u00e5 en och samma sida, som du hittar genom att klicka <a href=\"http:\/\/www.lassebacklund.fi\/?page_id=4410\"><span style=\"text-decoration: underline;\"><span style=\"color: #000080;\"><strong>H\u00c4R!<\/strong><\/span><\/span><\/a> H\u00e4r hittar du namn som <strong>Axel \u00c4ppel, James Blackie, Emil \u00c5djers, Gunnar Snellman, Bruno Karstr\u00f6m, Lennart Stenback, Lennart H\u00e4ggblom, Johan Mattfolk, Karl Johan D\u00e5hli, Otto Grannas, Frans Geisor, Frans Granberg, Eugen Uusitalo, Axel Klockars, Karl Guss, Josef Henrik Granqvist och Karl Henrik Holm.<\/strong><\/p>\n<p><span style=\"color: #000080;\">Syd-\u00d6sterbotten skrev 22.6.1921 s\u00e5 h\u00e4r om en f\u00f6rsvunnen Lappfj\u00e4rdsbo:<\/span><\/p>\n<p><strong>Frihetsk\u00e4mpe fr\u00e5n Lappfj\u00e4rd begraven i Kuokkala.<\/strong><\/p>\n<p>En av de i frihetskriget uppb\u00e5dade Lappfj\u00e4rdsborna, torparsonen Ivar Gideon Andersson R\u00f6nnlund fr\u00e5n Storliden, har h\u00e4rtills varit f\u00f6rsvunnen i obekanta \u00f6den. Han hade under krigets fortg\u00e5ng kommit ned till Karelska n\u00e4set men vidare visste man ej om hans \u00f6de.<\/p>\n<p>Genom f\u00e4nrik Gunnar Wadstr\u00f6m fr\u00e5n Lappfj\u00e4rd, som efter kriget en tid tj\u00e4nstgjorde p\u00e5 karelska n\u00e4set, fick R\u00f6nnlunds anh\u00f6riga slutligen veta, att i Kuokkala invid ryska gr\u00e4nsen \u00e4r begravda tv\u00e5 obekanta krigare. Genom fotografier, som funnits i beh\u00e5ll av dessa har det nu konstaterats, att den en av dem \u00e4r just Ivar R\u00f6nnlund fr\u00e5n Lappfj\u00e4rd.<\/p>\n<p>R\u00f6nnlund har antagligen stupat vid Ollila, som besk\u00f6ts av ett ryskt pansart\u00e5g omkring den 25 april 1918. Han var vid sin d\u00f6d omkring 28 \u00e5r 7 m\u00e5nader gammal.<\/p>\n<p>Det \u00e4r allts\u00e5 19 personer fr\u00e5n Lappfj\u00e4rd, som stupat i frihetskriget.<\/p>\n<p><a href=\"http:\/\/www.lassebacklund.fi\/?page_id=3747\"><span style=\"text-decoration: underline;\"><span style=\"color: #000080; text-decoration: underline;\">Tillbaka till huvudartikeln.<\/span><\/span><\/a><\/p>\n<p>H\u00e4r n\u00e5gra av d\u00f6dsannonserna som publicerades i de lokala tidningarna:<\/p>\n<figure id=\"attachment_3988\" aria-describedby=\"caption-attachment-3988\" style=\"width: 591px\" class=\"wp-caption aligncenter\"><img loading=\"lazy\" decoding=\"async\" class=\" wp-image-3988\" src=\"http:\/\/www.lassebacklund.fi\/wp-content\/uploads\/2017\/05\/1918-d\u00f6dsannonser-web.jpg\" alt=\"De flesta stupade hedrades med en d\u00f6dsannons i lokaltidningen. H\u00e4r n\u00e5gra exempel.\" width=\"591\" height=\"1156\" srcset=\"https:\/\/www.lassebacklund.fi\/wp-content\/uploads\/2017\/05\/1918-d\u00f6dsannonser-web.jpg 643w, https:\/\/www.lassebacklund.fi\/wp-content\/uploads\/2017\/05\/1918-d\u00f6dsannonser-web-153x300.jpg 153w, https:\/\/www.lassebacklund.fi\/wp-content\/uploads\/2017\/05\/1918-d\u00f6dsannonser-web-523x1024.jpg 523w\" sizes=\"auto, (max-width: 591px) 100vw, 591px\" \/><figcaption id=\"caption-attachment-3988\" class=\"wp-caption-text\">De flesta stupade hedrades med en d\u00f6dsannons i lokaltidningen. H\u00e4r n\u00e5gra exempel.<\/figcaption><\/figure>\n<p><span style=\"text-decoration: underline;\"><span style=\"color: #000080; text-decoration: underline;\"><img loading=\"lazy\" decoding=\"async\" class=\"size-full wp-image-4280 aligncenter\" src=\"http:\/\/www.lassebacklund.fi\/wp-content\/uploads\/2017\/05\/1918-d\u00f6dsannonser-2.jpg\" alt=\"1918 d\u00f6dsannonser 2\" width=\"600\" height=\"1109\" srcset=\"https:\/\/www.lassebacklund.fi\/wp-content\/uploads\/2017\/05\/1918-d\u00f6dsannonser-2.jpg 600w, https:\/\/www.lassebacklund.fi\/wp-content\/uploads\/2017\/05\/1918-d\u00f6dsannonser-2-162x300.jpg 162w, https:\/\/www.lassebacklund.fi\/wp-content\/uploads\/2017\/05\/1918-d\u00f6dsannonser-2-554x1024.jpg 554w\" sizes=\"auto, (max-width: 600px) 100vw, 600px\" \/><\/span><\/span><\/p>\n<p><img loading=\"lazy\" decoding=\"async\" class=\"size-full wp-image-4281 aligncenter\" src=\"http:\/\/www.lassebacklund.fi\/wp-content\/uploads\/2017\/05\/1918-d\u00f6dsannonser-3.jpg\" alt=\"1918 d\u00f6dsannonser 3\" width=\"472\" height=\"976\" srcset=\"https:\/\/www.lassebacklund.fi\/wp-content\/uploads\/2017\/05\/1918-d\u00f6dsannonser-3.jpg 472w, https:\/\/www.lassebacklund.fi\/wp-content\/uploads\/2017\/05\/1918-d\u00f6dsannonser-3-145x300.jpg 145w\" sizes=\"auto, (max-width: 472px) 100vw, 472px\" \/><\/p>\n<p>&nbsp;<\/p>\n<p><img loading=\"lazy\" decoding=\"async\" class=\"size-full wp-image-4283 aligncenter\" src=\"http:\/\/www.lassebacklund.fi\/wp-content\/uploads\/2017\/05\/1918-d\u00f6dsannonser-5.jpg\" alt=\"1918 d\u00f6dsannonser 5\" width=\"472\" height=\"863\" srcset=\"https:\/\/www.lassebacklund.fi\/wp-content\/uploads\/2017\/05\/1918-d\u00f6dsannonser-5.jpg 472w, https:\/\/www.lassebacklund.fi\/wp-content\/uploads\/2017\/05\/1918-d\u00f6dsannonser-5-164x300.jpg 164w\" sizes=\"auto, (max-width: 472px) 100vw, 472px\" \/><\/p>\n<p><img loading=\"lazy\" decoding=\"async\" class=\"size-full wp-image-4284 aligncenter\" src=\"http:\/\/www.lassebacklund.fi\/wp-content\/uploads\/2017\/05\/1918-d\u00f6dsannonser-6.jpg\" alt=\"1918 d\u00f6dsannonser 6\" width=\"1093\" height=\"1606\" srcset=\"https:\/\/www.lassebacklund.fi\/wp-content\/uploads\/2017\/05\/1918-d\u00f6dsannonser-6.jpg 1093w, https:\/\/www.lassebacklund.fi\/wp-content\/uploads\/2017\/05\/1918-d\u00f6dsannonser-6-204x300.jpg 204w, https:\/\/www.lassebacklund.fi\/wp-content\/uploads\/2017\/05\/1918-d\u00f6dsannonser-6-768x1128.jpg 768w, https:\/\/www.lassebacklund.fi\/wp-content\/uploads\/2017\/05\/1918-d\u00f6dsannonser-6-697x1024.jpg 697w\" sizes=\"auto, (max-width: 1093px) 100vw, 1093px\" \/><\/p>\n<p><img loading=\"lazy\" decoding=\"async\" class=\"size-full wp-image-4285 aligncenter\" src=\"http:\/\/www.lassebacklund.fi\/wp-content\/uploads\/2017\/05\/1918-d\u00f6dsannonser-7.jpg\" alt=\"1918 d\u00f6dsannonser 7\" width=\"788\" height=\"1405\" srcset=\"https:\/\/www.lassebacklund.fi\/wp-content\/uploads\/2017\/05\/1918-d\u00f6dsannonser-7.jpg 788w, https:\/\/www.lassebacklund.fi\/wp-content\/uploads\/2017\/05\/1918-d\u00f6dsannonser-7-168x300.jpg 168w, https:\/\/www.lassebacklund.fi\/wp-content\/uploads\/2017\/05\/1918-d\u00f6dsannonser-7-768x1369.jpg 768w, https:\/\/www.lassebacklund.fi\/wp-content\/uploads\/2017\/05\/1918-d\u00f6dsannonser-7-574x1024.jpg 574w\" sizes=\"auto, (max-width: 788px) 100vw, 788px\" \/><\/p>\n","protected":false},"excerpt":{"rendered":"<p>Tidningen Syd-\u00d6sterbotten publicerade den 6 februari 1918 en namnlista p\u00e5 de stupade i Kristinestad: Offren vid slaget i Kristinestad senaste torsdag \u00e4ro p\u00e5 skyddsk\u00e5risternas sida bonden Viktor Grannas (f.1889) och bondsonen Alfred Erlands (f. 1897) fr\u00e5n Tj\u00f6ck, bonden Alfred Nordman <a class=\"more-link\" href=\"https:\/\/www.lassebacklund.fi\/?page_id=3752\">Forts\u00e4tt l\u00e4sa <span class=\"screen-reader-text\">  Stupade i Kristinestad och i Frihetskriget.<\/span><span class=\"meta-nav\">&rarr;<\/span><\/a><\/p>\n","protected":false},"author":1,"featured_media":0,"parent":3747,"menu_order":0,"comment_status":"closed","ping_status":"closed","template":"","meta":{"footnotes":""},"class_list":["post-3752","page","type-page","status-publish","hentry"],"_links":{"self":[{"href":"https:\/\/www.lassebacklund.fi\/index.php?rest_route=\/wp\/v2\/pages\/3752","targetHints":{"allow":["GET"]}}],"collection":[{"href":"https:\/\/www.lassebacklund.fi\/index.php?rest_route=\/wp\/v2\/pages"}],"about":[{"href":"https:\/\/www.lassebacklund.fi\/index.php?rest_route=\/wp\/v2\/types\/page"}],"author":[{"embeddable":true,"href":"https:\/\/www.lassebacklund.fi\/index.php?rest_route=\/wp\/v2\/users\/1"}],"replies":[{"embeddable":true,"href":"https:\/\/www.lassebacklund.fi\/index.php?rest_route=%2Fwp%2Fv2%2Fcomments&post=3752"}],"version-history":[{"count":30,"href":"https:\/\/www.lassebacklund.fi\/index.php?rest_route=\/wp\/v2\/pages\/3752\/revisions"}],"predecessor-version":[{"id":9527,"href":"https:\/\/www.lassebacklund.fi\/index.php?rest_route=\/wp\/v2\/pages\/3752\/revisions\/9527"}],"up":[{"embeddable":true,"href":"https:\/\/www.lassebacklund.fi\/index.php?rest_route=\/wp\/v2\/pages\/3747"}],"wp:attachment":[{"href":"https:\/\/www.lassebacklund.fi\/index.php?rest_route=%2Fwp%2Fv2%2Fmedia&parent=3752"}],"curies":[{"name":"wp","href":"https:\/\/api.w.org\/{rel}","templated":true}]}}