{"id":24108,"date":"2025-06-03T18:18:44","date_gmt":"2025-06-03T15:18:44","guid":{"rendered":"https:\/\/www.lassebacklund.fi\/?page_id=24108"},"modified":"2025-10-05T23:33:40","modified_gmt":"2025-10-05T20:33:40","slug":"lundells-pa-abackvagen-33","status":"publish","type":"page","link":"https:\/\/www.lassebacklund.fi\/?page_id=24108","title":{"rendered":"Lundells p\u00e5 \u00c5backv\u00e4gen 33"},"content":{"rendered":"<figure id=\"attachment_24110\" aria-describedby=\"caption-attachment-24110\" style=\"width: 2016px\" class=\"wp-caption alignnone\"><img loading=\"lazy\" decoding=\"async\" class=\"size-full wp-image-24110\" src=\"https:\/\/www.lassebacklund.fi\/wp-content\/uploads\/2025\/06\/Lundellas-3.jpg\" alt=\"\" width=\"2016\" height=\"1115\" srcset=\"https:\/\/www.lassebacklund.fi\/wp-content\/uploads\/2025\/06\/Lundellas-3.jpg 2016w, https:\/\/www.lassebacklund.fi\/wp-content\/uploads\/2025\/06\/Lundellas-3-300x166.jpg 300w, https:\/\/www.lassebacklund.fi\/wp-content\/uploads\/2025\/06\/Lundellas-3-1024x566.jpg 1024w, https:\/\/www.lassebacklund.fi\/wp-content\/uploads\/2025\/06\/Lundellas-3-768x425.jpg 768w, https:\/\/www.lassebacklund.fi\/wp-content\/uploads\/2025\/06\/Lundellas-3-1536x850.jpg 1536w\" sizes=\"auto, (max-width: 2016px) 100vw, 2016px\" \/><figcaption id=\"caption-attachment-24110\" class=\"wp-caption-text\">Den h\u00e4r g\u00e5rden p\u00e5 \u00c5backv\u00e4gen 33 byggdes av Bror och Gunni Lundell \u00e5ren 1977\u20131978 och den uppf\u00f6rdes p\u00e5 samma tomt d\u00e4r deras tidigare hem hade funnits i den gamla mejeribyggnaden. Det var i juni 1977 som mejeribyggnaden f\u00f6rst\u00f6rdes i en brand. Fotot av g\u00e5rden \u00e4r taget fr\u00e5n \u00c5backv\u00e4gen sommaren 2025.<\/figcaption><\/figure>\n<p><span style=\"color: #000080;\"><strong>Sammanst\u00e4llt av Lasse Backlund i juni 2025.<\/strong><\/span><\/p>\n<h3><strong>G\u00e5rdens historia<\/strong><\/h3>\n<p>R\u00f6rmokaren och f\u00f6retagaren Bror Lundell (1933-2025) f\u00f6ddes i Bromarv och han gifte sig \u00e5r 1955 med Gunni \u00c5lgars (1935\u20131986) fr\u00e5n Korsb\u00e4ck. Gunni var dotter till arbetare Frans \u00c5lgars (1900\u20131981) och l\u00e4rarinnan Edna (f. \u00d6ist 1902\u20131953).<\/p>\n<p><strong>\u00c5r 1963, den 19 augusti<\/strong> k\u00f6pte svetsaren Bror Lundell och hans hustru Gunni l\u00e4genheten Kilg\u00e4rdet p\u00e5 \u00c5backv\u00e4gen 33 av Ragnar och Verna L\u00e5ngfors. P\u00e5 l\u00e4genheten l\u00e5g <a href=\"https:\/\/www.lassebacklund.fi\/?page_id=1332\">Dagsmark Andelsmejeri<\/a> gamla mejeribyggnad, d\u00e4r paret L\u00e5ngfors bedrev ett cementgjuteri.<\/p>\n<p><strong>\u00c5r 1964<\/strong> flyttade Bror och Gunni med sina tv\u00e5 s\u00f6ner fr\u00e5n Kolb\u00e4ck i Sverige och de \u00f6vertog d\u00e5 cementgjuteriet. Efter n\u00e5gra \u00e5r startade Bror en r\u00f6rmokerifirma, som till en b\u00f6rjan installerade centralv\u00e4rme i v\u00e4xthus. Lagret och verkstaden l\u00e5g i den nedre v\u00e5ningen medan familjen bodde i den \u00f6vre. I slutet av 1960-talet avslutades verksamheten med gjutningen av tellblock.<\/p>\n<figure id=\"attachment_24120\" aria-describedby=\"caption-attachment-24120\" style=\"width: 1210px\" class=\"wp-caption alignnone\"><img loading=\"lazy\" decoding=\"async\" class=\"size-full wp-image-24120\" src=\"https:\/\/www.lassebacklund.fi\/wp-content\/uploads\/2025\/06\/Flygfoto-Mejeri-och-Krook-garden-1961.jpg\" alt=\"\" width=\"1210\" height=\"716\" srcset=\"https:\/\/www.lassebacklund.fi\/wp-content\/uploads\/2025\/06\/Flygfoto-Mejeri-och-Krook-garden-1961.jpg 1210w, https:\/\/www.lassebacklund.fi\/wp-content\/uploads\/2025\/06\/Flygfoto-Mejeri-och-Krook-garden-1961-300x178.jpg 300w, https:\/\/www.lassebacklund.fi\/wp-content\/uploads\/2025\/06\/Flygfoto-Mejeri-och-Krook-garden-1961-1024x606.jpg 1024w, https:\/\/www.lassebacklund.fi\/wp-content\/uploads\/2025\/06\/Flygfoto-Mejeri-och-Krook-garden-1961-768x454.jpg 768w\" sizes=\"auto, (max-width: 1210px) 100vw, 1210px\" \/><figcaption id=\"caption-attachment-24120\" class=\"wp-caption-text\">Dagsmark Andelsmejeris byggnad fr\u00e5n slutet av 1920-talet, som Bror och Gunni k\u00f6pte 1963 och de bodde i \u00f6vre v\u00e5ningen \u00e4nda till 1977, d\u00e5 byggnaden f\u00f6rst\u00f6rdes i en brand.<\/figcaption><\/figure>\n<p><strong>\u00c5r 1977, i juni<\/strong> m\u00e5nad f\u00f6rst\u00f6rdes den f\u00f6re detta mejeribyggnaden i en brand. Familjen Lundell som d\u00e5 bodde i \u00f6vre v\u00e5ningen miste allt sitt l\u00f6s\u00f6re och flyttade tillf\u00e4lligt till\u00a0<a href=\"https:\/\/www.lassebacklund.fi\/?page_id=315\">Andersons hus<\/a>\u00a0p\u00e5 granntomten.<\/p>\n<p>En kort tid efter branden b\u00f6rjade Bror och Gunni bygga den nya g\u00e5rden, som fortfarande st\u00e5r kvar.<\/p>\n<p><strong>\u00c5r 1986, den 12 september<\/strong> avled Gunni Lundell i en \u00e5lder av 61 \u00e5r. Efter n\u00e5gra \u00e5r gifte \u00e4nklingen Bror om sig med Anna-Britta Pusa fr\u00e5n Pargas.<\/p>\n<p><strong>\u00c5r 2025, den 26 september<\/strong> avled Bror Lundell. Han hade d\u00e5 vistats en tid p\u00e5 Kristinahemmet i Kristinestad.<\/p>\n<h2><strong>Foton.<\/strong><\/h2>\n<figure id=\"attachment_24111\" aria-describedby=\"caption-attachment-24111\" style=\"width: 2016px\" class=\"wp-caption alignnone\"><img loading=\"lazy\" decoding=\"async\" class=\"size-full wp-image-24111\" src=\"https:\/\/www.lassebacklund.fi\/wp-content\/uploads\/2025\/06\/Lundellas-4.jpg\" alt=\"\" width=\"2016\" height=\"1042\" srcset=\"https:\/\/www.lassebacklund.fi\/wp-content\/uploads\/2025\/06\/Lundellas-4.jpg 2016w, https:\/\/www.lassebacklund.fi\/wp-content\/uploads\/2025\/06\/Lundellas-4-300x155.jpg 300w, https:\/\/www.lassebacklund.fi\/wp-content\/uploads\/2025\/06\/Lundellas-4-1024x529.jpg 1024w, https:\/\/www.lassebacklund.fi\/wp-content\/uploads\/2025\/06\/Lundellas-4-768x397.jpg 768w, https:\/\/www.lassebacklund.fi\/wp-content\/uploads\/2025\/06\/Lundellas-4-1536x794.jpg 1536w\" sizes=\"auto, (max-width: 2016px) 100vw, 2016px\" \/><figcaption id=\"caption-attachment-24111\" class=\"wp-caption-text\">Lundells g\u00e5rd fotograferad fr\u00e5n norr sommaren 2025.<\/figcaption><\/figure>\n<figure id=\"attachment_24118\" aria-describedby=\"caption-attachment-24118\" style=\"width: 805px\" class=\"wp-caption alignnone\"><img loading=\"lazy\" decoding=\"async\" class=\"size-full wp-image-24118\" src=\"https:\/\/www.lassebacklund.fi\/wp-content\/uploads\/2025\/06\/Karl-Lundell-i-militarklader.jpg\" alt=\"\" width=\"805\" height=\"1314\" srcset=\"https:\/\/www.lassebacklund.fi\/wp-content\/uploads\/2025\/06\/Karl-Lundell-i-militarklader.jpg 805w, https:\/\/www.lassebacklund.fi\/wp-content\/uploads\/2025\/06\/Karl-Lundell-i-militarklader-184x300.jpg 184w, https:\/\/www.lassebacklund.fi\/wp-content\/uploads\/2025\/06\/Karl-Lundell-i-militarklader-627x1024.jpg 627w, https:\/\/www.lassebacklund.fi\/wp-content\/uploads\/2025\/06\/Karl-Lundell-i-militarklader-768x1254.jpg 768w\" sizes=\"auto, (max-width: 805px) 100vw, 805px\" \/><figcaption id=\"caption-attachment-24118\" class=\"wp-caption-text\">Bror Lundells pappa Karl (f.1907 i Bromarv) var gift med Gunhild Sj\u00f6blom (1905-1977) fr\u00e5n \u00d6ja. Under kriget blev Karl skickad till en \u00f6 i Finska viken, som pl\u00f6tsligt intogs av de ryska soldaterna. D\u00e4r f\u00f6rsvann han och hans vidare \u00f6den \u00e4r ok\u00e4nda.<\/figcaption><\/figure>\n<figure id=\"attachment_24117\" aria-describedby=\"caption-attachment-24117\" style=\"width: 1297px\" class=\"wp-caption alignnone\"><img loading=\"lazy\" decoding=\"async\" class=\"size-full wp-image-24117\" src=\"https:\/\/www.lassebacklund.fi\/wp-content\/uploads\/2025\/06\/DSCN2740.jpg\" alt=\"\" width=\"1297\" height=\"973\" srcset=\"https:\/\/www.lassebacklund.fi\/wp-content\/uploads\/2025\/06\/DSCN2740.jpg 1297w, https:\/\/www.lassebacklund.fi\/wp-content\/uploads\/2025\/06\/DSCN2740-300x225.jpg 300w, https:\/\/www.lassebacklund.fi\/wp-content\/uploads\/2025\/06\/DSCN2740-1024x768.jpg 1024w, https:\/\/www.lassebacklund.fi\/wp-content\/uploads\/2025\/06\/DSCN2740-768x576.jpg 768w\" sizes=\"auto, (max-width: 1297px) 100vw, 1297px\" \/><figcaption id=\"caption-attachment-24117\" class=\"wp-caption-text\">Bror Lundells barndomshem i Bromarv finns fortfarande kvar. Fotot fr\u00e5n 2008.<\/figcaption><\/figure>\n<figure id=\"attachment_24116\" aria-describedby=\"caption-attachment-24116\" style=\"width: 2150px\" class=\"wp-caption alignnone\"><img loading=\"lazy\" decoding=\"async\" class=\"size-full wp-image-24116\" src=\"https:\/\/www.lassebacklund.fi\/wp-content\/uploads\/2025\/06\/DSCN2739.jpg\" alt=\"\" width=\"2150\" height=\"1554\" srcset=\"https:\/\/www.lassebacklund.fi\/wp-content\/uploads\/2025\/06\/DSCN2739.jpg 2150w, https:\/\/www.lassebacklund.fi\/wp-content\/uploads\/2025\/06\/DSCN2739-300x217.jpg 300w, https:\/\/www.lassebacklund.fi\/wp-content\/uploads\/2025\/06\/DSCN2739-1024x740.jpg 1024w, https:\/\/www.lassebacklund.fi\/wp-content\/uploads\/2025\/06\/DSCN2739-768x555.jpg 768w, https:\/\/www.lassebacklund.fi\/wp-content\/uploads\/2025\/06\/DSCN2739-1536x1110.jpg 1536w, https:\/\/www.lassebacklund.fi\/wp-content\/uploads\/2025\/06\/DSCN2739-2048x1480.jpg 2048w\" sizes=\"auto, (max-width: 2150px) 100vw, 2150px\" \/><figcaption id=\"caption-attachment-24116\" class=\"wp-caption-text\">Fundersam Bror minns de tider d\u00e5 han som barn bodde i herrg\u00e5rdens arbetarbostad i Bromarv. Fotot fr\u00e5n 2008.<\/figcaption><\/figure>\n<figure id=\"attachment_24115\" aria-describedby=\"caption-attachment-24115\" style=\"width: 1920px\" class=\"wp-caption alignnone\"><img loading=\"lazy\" decoding=\"async\" class=\"size-full wp-image-24115\" src=\"https:\/\/www.lassebacklund.fi\/wp-content\/uploads\/2025\/06\/2022-Bror-Lundell-pa-Lokalgrottan-scaled.jpg\" alt=\"\" width=\"1920\" height=\"2560\" srcset=\"https:\/\/www.lassebacklund.fi\/wp-content\/uploads\/2025\/06\/2022-Bror-Lundell-pa-Lokalgrottan-scaled.jpg 1920w, https:\/\/www.lassebacklund.fi\/wp-content\/uploads\/2025\/06\/2022-Bror-Lundell-pa-Lokalgrottan-225x300.jpg 225w, https:\/\/www.lassebacklund.fi\/wp-content\/uploads\/2025\/06\/2022-Bror-Lundell-pa-Lokalgrottan-768x1024.jpg 768w, https:\/\/www.lassebacklund.fi\/wp-content\/uploads\/2025\/06\/2022-Bror-Lundell-pa-Lokalgrottan-1152x1536.jpg 1152w, https:\/\/www.lassebacklund.fi\/wp-content\/uploads\/2025\/06\/2022-Bror-Lundell-pa-Lokalgrottan-1536x2048.jpg 1536w\" sizes=\"auto, (max-width: 1920px) 100vw, 1920px\" \/><figcaption id=\"caption-attachment-24115\" class=\"wp-caption-text\">Bror p\u00e5 pension\u00e4rsklubbens julfest p\u00e5 Lokalgrottan \u00e5r 2022.<\/figcaption><\/figure>\n<figure id=\"attachment_24114\" aria-describedby=\"caption-attachment-24114\" style=\"width: 1794px\" class=\"wp-caption alignnone\"><img loading=\"lazy\" decoding=\"async\" class=\"size-full wp-image-24114\" src=\"https:\/\/www.lassebacklund.fi\/wp-content\/uploads\/2025\/06\/2020-Lappfjardsdagen-Bror-och-Anna-Britta-Lundell-Iris-och-Boris-Lindblad-2-scaled.jpg\" alt=\"\" width=\"1794\" height=\"2560\" srcset=\"https:\/\/www.lassebacklund.fi\/wp-content\/uploads\/2025\/06\/2020-Lappfjardsdagen-Bror-och-Anna-Britta-Lundell-Iris-och-Boris-Lindblad-2-scaled.jpg 1794w, https:\/\/www.lassebacklund.fi\/wp-content\/uploads\/2025\/06\/2020-Lappfjardsdagen-Bror-och-Anna-Britta-Lundell-Iris-och-Boris-Lindblad-2-210x300.jpg 210w, https:\/\/www.lassebacklund.fi\/wp-content\/uploads\/2025\/06\/2020-Lappfjardsdagen-Bror-och-Anna-Britta-Lundell-Iris-och-Boris-Lindblad-2-718x1024.jpg 718w, https:\/\/www.lassebacklund.fi\/wp-content\/uploads\/2025\/06\/2020-Lappfjardsdagen-Bror-och-Anna-Britta-Lundell-Iris-och-Boris-Lindblad-2-768x1096.jpg 768w, https:\/\/www.lassebacklund.fi\/wp-content\/uploads\/2025\/06\/2020-Lappfjardsdagen-Bror-och-Anna-Britta-Lundell-Iris-och-Boris-Lindblad-2-1076x1536.jpg 1076w, https:\/\/www.lassebacklund.fi\/wp-content\/uploads\/2025\/06\/2020-Lappfjardsdagen-Bror-och-Anna-Britta-Lundell-Iris-och-Boris-Lindblad-2-1435x2048.jpg 1435w\" sizes=\"auto, (max-width: 1794px) 100vw, 1794px\" \/><figcaption id=\"caption-attachment-24114\" class=\"wp-caption-text\">Bror och Anna-Britta p\u00e5 Lappfj\u00e4rdsdagen i augusti 2020.<\/figcaption><\/figure>\n","protected":false},"excerpt":{"rendered":"<p>Sammanst\u00e4llt av Lasse Backlund i juni 2025. G\u00e5rdens historia R\u00f6rmokaren och f\u00f6retagaren Bror Lundell (1933-2025) f\u00f6ddes i Bromarv och han gifte sig \u00e5r 1955 med Gunni \u00c5lgars (1935\u20131986) fr\u00e5n Korsb\u00e4ck. Gunni var dotter till arbetare Frans \u00c5lgars (1900\u20131981) och l\u00e4rarinnan <a class=\"more-link\" href=\"https:\/\/www.lassebacklund.fi\/?page_id=24108\">Forts\u00e4tt l\u00e4sa <span class=\"screen-reader-text\">  Lundells p\u00e5 \u00c5backv\u00e4gen 33<\/span><span class=\"meta-nav\">&rarr;<\/span><\/a><\/p>\n","protected":false},"author":1,"featured_media":0,"parent":92,"menu_order":33,"comment_status":"closed","ping_status":"closed","template":"","meta":{"footnotes":""},"class_list":["post-24108","page","type-page","status-publish","hentry"],"_links":{"self":[{"href":"https:\/\/www.lassebacklund.fi\/index.php?rest_route=\/wp\/v2\/pages\/24108","targetHints":{"allow":["GET"]}}],"collection":[{"href":"https:\/\/www.lassebacklund.fi\/index.php?rest_route=\/wp\/v2\/pages"}],"about":[{"href":"https:\/\/www.lassebacklund.fi\/index.php?rest_route=\/wp\/v2\/types\/page"}],"author":[{"embeddable":true,"href":"https:\/\/www.lassebacklund.fi\/index.php?rest_route=\/wp\/v2\/users\/1"}],"replies":[{"embeddable":true,"href":"https:\/\/www.lassebacklund.fi\/index.php?rest_route=%2Fwp%2Fv2%2Fcomments&post=24108"}],"version-history":[{"count":7,"href":"https:\/\/www.lassebacklund.fi\/index.php?rest_route=\/wp\/v2\/pages\/24108\/revisions"}],"predecessor-version":[{"id":24803,"href":"https:\/\/www.lassebacklund.fi\/index.php?rest_route=\/wp\/v2\/pages\/24108\/revisions\/24803"}],"up":[{"embeddable":true,"href":"https:\/\/www.lassebacklund.fi\/index.php?rest_route=\/wp\/v2\/pages\/92"}],"wp:attachment":[{"href":"https:\/\/www.lassebacklund.fi\/index.php?rest_route=%2Fwp%2Fv2%2Fmedia&parent=24108"}],"curies":[{"name":"wp","href":"https:\/\/api.w.org\/{rel}","templated":true}]}}