{"id":22910,"date":"2024-06-02T17:48:07","date_gmt":"2024-06-02T14:48:07","guid":{"rendered":"https:\/\/www.lassebacklund.fi\/?page_id=22910"},"modified":"2026-03-11T21:57:36","modified_gmt":"2026-03-11T19:57:36","slug":"harald-lillsjos-gard-pa-dagsmarkvagen-346","status":"publish","type":"page","link":"https:\/\/www.lassebacklund.fi\/?page_id=22910","title":{"rendered":"Harald Lillsj\u00f6s g\u00e5rd p\u00e5 Dagsmarkv\u00e4gen 346"},"content":{"rendered":"<figure id=\"attachment_630\" aria-describedby=\"caption-attachment-630\" style=\"width: 1600px\" class=\"wp-caption alignnone\"><img loading=\"lazy\" decoding=\"async\" class=\"size-full wp-image-630\" src=\"https:\/\/www.lassebacklund.fi\/wp-content\/uploads\/2016\/09\/3-8.jpg\" alt=\"\" width=\"1600\" height=\"1200\" srcset=\"https:\/\/www.lassebacklund.fi\/wp-content\/uploads\/2016\/09\/3-8.jpg 1600w, https:\/\/www.lassebacklund.fi\/wp-content\/uploads\/2016\/09\/3-8-300x225.jpg 300w, https:\/\/www.lassebacklund.fi\/wp-content\/uploads\/2016\/09\/3-8-768x576.jpg 768w, https:\/\/www.lassebacklund.fi\/wp-content\/uploads\/2016\/09\/3-8-1024x768.jpg 1024w\" sizes=\"auto, (max-width: 1600px) 100vw, 1600px\" \/><figcaption id=\"caption-attachment-630\" class=\"wp-caption-text\">Den h\u00e4r g\u00e5rden i Kiaskroken byggdes ca 1927-28 av karamelltillverkaren Harald Lillsj\u00f6 (1898-1966). Han var son till Lillsj\u00f6 Bagarin och bror till Bagar Anna och han v\u00e4xte upp p\u00e5 Dagsmarkv\u00e4gen 402. I den v\u00e4stra \u00e4ndan av detta hus s\u00e5lde Harald strutar med karameller eller \u201dsockerbollar\u201d som de ocks\u00e5 kallades. Fotot taget \u00e5r 2003.<\/figcaption><\/figure>\n<p><span style=\"color: #000080;\"><strong>Sammanst\u00e4llt av Lasse Backlund i juni 2024. Uppgifterna \u00e4r tagna ur mantalsl\u00e4ngder, lagfarter och ur kyrkb\u00f6cker.<\/strong><\/span><\/p>\n<p>Harald Lillsj\u00f6 var son till &#8221;Lillsj\u00f6 Bagarin&#8221;, allts\u00e5 Josef Henrik Lillsj\u00f6 (1866-1932) och \u201dBagar Sofi\u201d Sofia (f\u00f6dd Rajala i Kauhajoki 1877-1958). \u00c5r 1917 for han till Amerika d\u00e4r han gifte sig med Lempi Randelin, f\u00f6dd 1895 i Raumo. Efter 10 \u00e5r \u00e5terv\u00e4nde Harald och Lempi till Dagsmark.<\/p>\n<h3><strong>G\u00e5rdens historia<\/strong><\/h3>\n<p><strong>\u00c5r 1917, den 25 september<\/strong> s\u00e5lde bonden Erland B\u00e5sk ett litet omr\u00e5de n\u00e4ra landsv\u00e4gen i r\u00e5 med Blomkvists hemman \u00e5t inhysningen Erik Anders Broberg. K\u00f6peskillingen f\u00f6r denna parcell, som fick namnet K\u00e4llvik uppgick till 3 300 mark och parcellen l\u00e5g under Erland B\u00e5sks hemman Rosendal 2:7. Varje \u00e5r skulle Broberg betala en mark i arrende \u00e5t Erland. Ett par veckor efter k\u00f6pet s\u00e5 for Broberg till Amerika f\u00f6r fj\u00e4rde och sista g\u00e5ngen. Han stannade d\u00e4r n\u00e5gra \u00e5r f\u00f6re han \u00e5terv\u00e4nde till Dagsmark. \u00c5r 1922 best\u00e4mdes det att parcellen skall ombildas till en egen l\u00e4genhet.<\/p>\n<p><strong>\u00c5r 1927, den 5 april<\/strong> s\u00e5lde Broberg l\u00e4genheten K\u00e4llvik \u00e5t &#8221;Broback Frans&#8221; och Matilda Anderson.<\/p>\n<p><strong>\u00c5r 1927, den 11 september<\/strong> s\u00e5lde Frans och Matilda Anderson obebyggda K\u00e4llvik l\u00e4genhet nr 2:27 \u00e5t Harald och Lempi Lillsj\u00f6 f\u00f6r 10 000 mark. Harald och Lempi uppf\u00f6rde d\u00e5 en g\u00e5rd p\u00e5 tomten, d\u00e4r de b\u00e5de bodde och tillverkade karameller. F\u00f6r att finansiera k\u00f6pet och byggandet av g\u00e5rden l\u00e5nade Harald 20 000 mark av Erland och Ida B\u00e5sk, som intecknade skuldsedeln i K\u00e4llvik L\u00e4genhet.<\/p>\n<p>Den h\u00e4r verksamheten blev inte s\u00e5 v\u00e4rst l\u00e5ngvarig och den <strong>3 april 1939<\/strong> s\u00e5lde Harald g\u00e5rden och K\u00e4llvik l\u00e4genhet \u00e5t grannarna Erland och Ida B\u00e5sk, som hade inteckning i l\u00e4genheten. Efter f\u00f6rs\u00e4ljningen s\u00e5 ser det ut som att ingen bodde i g\u00e5rden.<\/p>\n<h4><strong>Erik Anders Broberg tar \u00f6ver<\/strong><\/h4>\n<p><strong>\u00c5r 1942, den 17 maj<\/strong> s\u00e5lde Erland och Ida B\u00e5sk K\u00e4llvik 2:27 l\u00e4genhet f\u00f6r 37 000 mark \u00e5t Erik Anders och Amanda Broberg. Samma dag k\u00f6pte Broberg ett omr\u00e5de till bakom g\u00e5rdstomten av samma Erland B\u00e5sk. Omr\u00e5det var 2 200 kvm stort och fick namnet K\u00e4llvik I 2:63.<\/p>\n<p>Erik Anders var son till bonden Josef Str\u00f6mberg (1854-1906) och var f\u00f6dd och uppvuxen i n\u00e4rheten p\u00e5 Str\u00f6mbergs hemman. Broberg var d\u00e5 nygift efter att ha blivit \u00e4nkling f\u00f6r andra g\u00e5ngen och hans andra hustru Maja Greta hade avlidit i augusti 1940. Men i april 1941 gifte han sig f\u00f6r tredje g\u00e5ngen, denna g\u00e5ng med Selma <u>Amanda<\/u> Sandlund, f\u00f6dd 1893. Amanda var d\u00e5 \u00e4gare till en del Sandlunds hemman, som hon hade f\u00e5tt i arv efter sin avlidna mor och av sin avlidna bror. Amanda hade byggt en g\u00e5rd \u00e5t sig p\u00e5 tomten l\u00e4ngs med v\u00e4gen ned till Klemets bro och hon hade f\u00f6rg\u00e4ves v\u00e4ntat att grannpojken Erik Asplund, ocks\u00e5 kallad \u201dHalt Erik\u201d skulle fria till henne. D\u00e5 Amanda sent om sider gifte sig, s\u00e5 var det med \u00e4nklingen Broberg och de gjorde d\u00e5 ett inb\u00f6rdes testamente, som stipulerade att n\u00e4r n\u00e5gon av dem d\u00f6r s\u00e5 skall den \u00f6verlevande \u00e4rva all egendom.<\/p>\n<figure id=\"attachment_22902\" aria-describedby=\"caption-attachment-22902\" style=\"width: 1909px\" class=\"wp-caption alignnone\"><img loading=\"lazy\" decoding=\"async\" class=\"size-full wp-image-22902\" src=\"https:\/\/www.lassebacklund.fi\/wp-content\/uploads\/2024\/06\/Broberg-pa-2-foton.jpg\" alt=\"\" width=\"1909\" height=\"1524\" srcset=\"https:\/\/www.lassebacklund.fi\/wp-content\/uploads\/2024\/06\/Broberg-pa-2-foton.jpg 1909w, https:\/\/www.lassebacklund.fi\/wp-content\/uploads\/2024\/06\/Broberg-pa-2-foton-300x239.jpg 300w, https:\/\/www.lassebacklund.fi\/wp-content\/uploads\/2024\/06\/Broberg-pa-2-foton-1024x817.jpg 1024w, https:\/\/www.lassebacklund.fi\/wp-content\/uploads\/2024\/06\/Broberg-pa-2-foton-768x613.jpg 768w, https:\/\/www.lassebacklund.fi\/wp-content\/uploads\/2024\/06\/Broberg-pa-2-foton-1536x1226.jpg 1536w\" sizes=\"auto, (max-width: 1909px) 100vw, 1909px\" \/><figcaption id=\"caption-attachment-22902\" class=\"wp-caption-text\">Broberg gjorde fyra resor av olika l\u00e4ngd till Amerika och han arbetade ofta p\u00e5 olika byggen d\u00e4r. \u00c5tminstone fotot till h\u00f6ger ser ut att vara d\u00e4rifr\u00e5n.<\/figcaption><\/figure>\n<p><strong>\u00c5r 1942, den 1 november<\/strong> avled Amanda Broberg och Erik Anders blev d\u00e5 \u00e4nkling f\u00f6r tredje g\u00e5ngen. P\u00e5 grund av testamentet erh\u00f6ll Erik Anders Broberg Amandas del av Sandlunds hemman. Genom en f\u00f6rlikning med Amandas bror Frans och hennes far Johan Sandlund gav Broberg en del av hemmansdelen tillbaka.<\/p>\n<p><strong>1943, den 5 november<\/strong> gifte sig Erik Anders Broberg f\u00f6r fj\u00e4rde och sista g\u00e5ngen med Maria <u>Adelina<\/u> Blomberg, som var f\u00f6dd \u00e5r 1887 i Tj\u00f6ck.<\/p>\n<p><strong>\u00c5r 1951, den 2 juli<\/strong> s\u00e5lde Erik Anders och Adelina ett markomr\u00e5de p\u00e5 1 ha \u00e5t Gunnar och Svea Norrg\u00e5rd. Omr\u00e5det ligger p\u00e5 s\u00f6dra sidan om Sunnantillv\u00e4gen vid korsningen ner till Klemets bro och av n\u00e5gon anledning fick omr\u00e5det namnet \u201dBr\u00e5ttom\u201d.<\/p>\n<p><strong>\u00c5r 1953, den 17 augusti<\/strong> s\u00e5lde Erik Anders och Adelina p\u00e5 norra sidan av Sunnantillv\u00e4gen den del av Sandlunds hemman, som Erik Anders hade kommit \u00f6ver genom det korta \u00e4ktenskapet med Amanda Sandlund. K\u00f6pare var Valter och Ida L\u00e5ngfors och de rev d\u00e5 ner den g\u00e5rd som Amanda hade byggt d\u00e4r.<\/p>\n<h4><strong>Kujakoski tar \u00f6ver<\/strong><\/h4>\n<p><strong>\u00c5r 1958, den 9 juni<\/strong> s\u00e5lde \u00e4nkan Adelina Broberg l\u00e4genheten K\u00e4llvik med g\u00e5rden \u00e5t Lauri Kujakoski, som var f\u00f6dd 1916 i Lappfj\u00e4rd. Efter Lauris d\u00f6d \u00f6vertogs g\u00e5rden av d\u00f6dsboet och den torde fortfarande vara i dess \u00e4go.<\/p>\n<h3><strong>Foton och annonser.<\/strong><\/h3>\n<figure id=\"attachment_22918\" aria-describedby=\"caption-attachment-22918\" style=\"width: 2304px\" class=\"wp-caption alignnone\"><img loading=\"lazy\" decoding=\"async\" class=\"size-full wp-image-22918\" src=\"https:\/\/www.lassebacklund.fi\/wp-content\/uploads\/2024\/06\/Brobergas-i-Kias-kroken-2.jpg\" alt=\"\" width=\"2304\" height=\"1704\" srcset=\"https:\/\/www.lassebacklund.fi\/wp-content\/uploads\/2024\/06\/Brobergas-i-Kias-kroken-2.jpg 2304w, https:\/\/www.lassebacklund.fi\/wp-content\/uploads\/2024\/06\/Brobergas-i-Kias-kroken-2-300x222.jpg 300w, https:\/\/www.lassebacklund.fi\/wp-content\/uploads\/2024\/06\/Brobergas-i-Kias-kroken-2-1024x757.jpg 1024w, https:\/\/www.lassebacklund.fi\/wp-content\/uploads\/2024\/06\/Brobergas-i-Kias-kroken-2-768x568.jpg 768w, https:\/\/www.lassebacklund.fi\/wp-content\/uploads\/2024\/06\/Brobergas-i-Kias-kroken-2-1536x1136.jpg 1536w, https:\/\/www.lassebacklund.fi\/wp-content\/uploads\/2024\/06\/Brobergas-i-Kias-kroken-2-2048x1515.jpg 2048w\" sizes=\"auto, (max-width: 2304px) 100vw, 2304px\" \/><figcaption id=\"caption-attachment-22918\" class=\"wp-caption-text\">Inemot 100 \u00e5r har g\u00e5rden st\u00e5tt h\u00e4r i Kiaskroken. Fotot taget sommaren 2019.<\/figcaption><\/figure>\n<figure id=\"attachment_631\" aria-describedby=\"caption-attachment-631\" style=\"width: 1386px\" class=\"wp-caption alignnone\"><img loading=\"lazy\" decoding=\"async\" class=\"size-full wp-image-631\" src=\"https:\/\/www.lassebacklund.fi\/wp-content\/uploads\/2016\/09\/4-10.jpg\" alt=\"\" width=\"1386\" height=\"1039\" srcset=\"https:\/\/www.lassebacklund.fi\/wp-content\/uploads\/2016\/09\/4-10.jpg 1386w, https:\/\/www.lassebacklund.fi\/wp-content\/uploads\/2016\/09\/4-10-300x225.jpg 300w, https:\/\/www.lassebacklund.fi\/wp-content\/uploads\/2016\/09\/4-10-768x576.jpg 768w, https:\/\/www.lassebacklund.fi\/wp-content\/uploads\/2016\/09\/4-10-1024x768.jpg 1024w\" sizes=\"auto, (max-width: 1386px) 100vw, 1386px\" \/><figcaption id=\"caption-attachment-631\" class=\"wp-caption-text\">Denna vackra reklam i storleken 42 x 25 cm f\u00f6rbryllar lite, eftersom den har v\u00e4ldigt lite med karameller eller Dagsmark att g\u00f6ra.<\/figcaption><\/figure>\n<figure id=\"attachment_643\" aria-describedby=\"caption-attachment-643\" style=\"width: 815px\" class=\"wp-caption alignnone\"><img loading=\"lazy\" decoding=\"async\" class=\"size-full wp-image-643\" src=\"https:\/\/www.lassebacklund.fi\/wp-content\/uploads\/2016\/09\/Lillsj\u00f6-Haraldas-p\u00e4ronkaramell.jpg\" alt=\"\" width=\"815\" height=\"1469\" srcset=\"https:\/\/www.lassebacklund.fi\/wp-content\/uploads\/2016\/09\/Lillsj\u00f6-Haraldas-p\u00e4ronkaramell.jpg 815w, https:\/\/www.lassebacklund.fi\/wp-content\/uploads\/2016\/09\/Lillsj\u00f6-Haraldas-p\u00e4ronkaramell-166x300.jpg 166w, https:\/\/www.lassebacklund.fi\/wp-content\/uploads\/2016\/09\/Lillsj\u00f6-Haraldas-p\u00e4ronkaramell-768x1384.jpg 768w, https:\/\/www.lassebacklund.fi\/wp-content\/uploads\/2016\/09\/Lillsj\u00f6-Haraldas-p\u00e4ronkaramell-568x1024.jpg 568w\" sizes=\"auto, (max-width: 815px) 100vw, 815px\" \/><figcaption id=\"caption-attachment-643\" class=\"wp-caption-text\">H\u00e4r en bild p\u00e5 en P\u00e4\u00e4ryna-P\u00e4ronp\u00e5se fr\u00e5n Haralds karamellfabrik. Foto: John Hammarberg.<\/figcaption><\/figure>\n<figure id=\"attachment_22924\" aria-describedby=\"caption-attachment-22924\" style=\"width: 977px\" class=\"wp-caption alignnone\"><img loading=\"lazy\" decoding=\"async\" class=\"size-full wp-image-22924\" src=\"https:\/\/www.lassebacklund.fi\/wp-content\/uploads\/2024\/06\/Lillsjo-Josef-med-sonen-Harald.jpg\" alt=\"\" width=\"977\" height=\"1382\" srcset=\"https:\/\/www.lassebacklund.fi\/wp-content\/uploads\/2024\/06\/Lillsjo-Josef-med-sonen-Harald.jpg 977w, https:\/\/www.lassebacklund.fi\/wp-content\/uploads\/2024\/06\/Lillsjo-Josef-med-sonen-Harald-212x300.jpg 212w, https:\/\/www.lassebacklund.fi\/wp-content\/uploads\/2024\/06\/Lillsjo-Josef-med-sonen-Harald-724x1024.jpg 724w, https:\/\/www.lassebacklund.fi\/wp-content\/uploads\/2024\/06\/Lillsjo-Josef-med-sonen-Harald-768x1086.jpg 768w\" sizes=\"auto, (max-width: 977px) 100vw, 977px\" \/><figcaption id=\"caption-attachment-22924\" class=\"wp-caption-text\">Harald Lillsj\u00f6 med sin far &#8221;Lillsj\u00f6 Bagarin&#8221;, allts\u00e5 Josef Lillsj\u00f6.<\/figcaption><\/figure>\n<figure id=\"attachment_22925\" aria-describedby=\"caption-attachment-22925\" style=\"width: 1480px\" class=\"wp-caption alignnone\"><img loading=\"lazy\" decoding=\"async\" class=\"size-full wp-image-22925\" src=\"https:\/\/www.lassebacklund.fi\/wp-content\/uploads\/2024\/06\/Uppe-tv-Anna-Krook-nere-Lempi-och-Harald-Lillsjo-scaled.jpg\" alt=\"\" width=\"1480\" height=\"2560\" srcset=\"https:\/\/www.lassebacklund.fi\/wp-content\/uploads\/2024\/06\/Uppe-tv-Anna-Krook-nere-Lempi-och-Harald-Lillsjo-scaled.jpg 1480w, https:\/\/www.lassebacklund.fi\/wp-content\/uploads\/2024\/06\/Uppe-tv-Anna-Krook-nere-Lempi-och-Harald-Lillsjo-173x300.jpg 173w, https:\/\/www.lassebacklund.fi\/wp-content\/uploads\/2024\/06\/Uppe-tv-Anna-Krook-nere-Lempi-och-Harald-Lillsjo-592x1024.jpg 592w, https:\/\/www.lassebacklund.fi\/wp-content\/uploads\/2024\/06\/Uppe-tv-Anna-Krook-nere-Lempi-och-Harald-Lillsjo-768x1329.jpg 768w, https:\/\/www.lassebacklund.fi\/wp-content\/uploads\/2024\/06\/Uppe-tv-Anna-Krook-nere-Lempi-och-Harald-Lillsjo-888x1536.jpg 888w, https:\/\/www.lassebacklund.fi\/wp-content\/uploads\/2024\/06\/Uppe-tv-Anna-Krook-nere-Lempi-och-Harald-Lillsjo-1184x2048.jpg 1184w\" sizes=\"auto, (max-width: 1480px) 100vw, 1480px\" \/><figcaption id=\"caption-attachment-22925\" class=\"wp-caption-text\">Framme st\u00e5r Lempi och Harald Lillsj\u00f6 och kvinnan bakom till v\u00e4nster \u00e4r Anna Krook. De \u00f6vriga ok\u00e4nda tillsvidare.<\/figcaption><\/figure>\n<figure id=\"attachment_641\" aria-describedby=\"caption-attachment-641\" style=\"width: 1147px\" class=\"wp-caption alignnone\"><img loading=\"lazy\" decoding=\"async\" class=\"size-full wp-image-641\" src=\"https:\/\/www.lassebacklund.fi\/wp-content\/uploads\/2016\/09\/harald_arne.jpg\" alt=\"\" width=\"1147\" height=\"695\" srcset=\"https:\/\/www.lassebacklund.fi\/wp-content\/uploads\/2016\/09\/harald_arne.jpg 1147w, https:\/\/www.lassebacklund.fi\/wp-content\/uploads\/2016\/09\/harald_arne-300x182.jpg 300w, https:\/\/www.lassebacklund.fi\/wp-content\/uploads\/2016\/09\/harald_arne-768x465.jpg 768w, https:\/\/www.lassebacklund.fi\/wp-content\/uploads\/2016\/09\/harald_arne-1024x620.jpg 1024w\" sizes=\"auto, (max-width: 1147px) 100vw, 1147px\" \/><figcaption id=\"caption-attachment-641\" class=\"wp-caption-text\">Till v\u00e4nster Arne Weckstr\u00f6m tillsammans med sin morbror Harald Lillsj\u00f6 med en gengaslastbil p\u00e5 en handelsresa till n\u00e5gon st\u00f6rre stad i Finland. Bilden \u00e4r tagen under kriget i b\u00f6rjan p\u00e5 1940-talet.<\/figcaption><\/figure>\n","protected":false},"excerpt":{"rendered":"<p>Sammanst\u00e4llt av Lasse Backlund i juni 2024. Uppgifterna \u00e4r tagna ur mantalsl\u00e4ngder, lagfarter och ur kyrkb\u00f6cker. Harald Lillsj\u00f6 var son till &#8221;Lillsj\u00f6 Bagarin&#8221;, allts\u00e5 Josef Henrik Lillsj\u00f6 (1866-1932) och \u201dBagar Sofi\u201d Sofia (f\u00f6dd Rajala i Kauhajoki 1877-1958). \u00c5r 1917 for <a class=\"more-link\" href=\"https:\/\/www.lassebacklund.fi\/?page_id=22910\">Forts\u00e4tt l\u00e4sa <span class=\"screen-reader-text\">  Harald Lillsj\u00f6s g\u00e5rd p\u00e5 Dagsmarkv\u00e4gen 346<\/span><span class=\"meta-nav\">&rarr;<\/span><\/a><\/p>\n","protected":false},"author":1,"featured_media":0,"parent":61,"menu_order":346,"comment_status":"closed","ping_status":"closed","template":"","meta":{"footnotes":""},"class_list":["post-22910","page","type-page","status-publish","hentry"],"_links":{"self":[{"href":"https:\/\/www.lassebacklund.fi\/index.php?rest_route=\/wp\/v2\/pages\/22910","targetHints":{"allow":["GET"]}}],"collection":[{"href":"https:\/\/www.lassebacklund.fi\/index.php?rest_route=\/wp\/v2\/pages"}],"about":[{"href":"https:\/\/www.lassebacklund.fi\/index.php?rest_route=\/wp\/v2\/types\/page"}],"author":[{"embeddable":true,"href":"https:\/\/www.lassebacklund.fi\/index.php?rest_route=\/wp\/v2\/users\/1"}],"replies":[{"embeddable":true,"href":"https:\/\/www.lassebacklund.fi\/index.php?rest_route=%2Fwp%2Fv2%2Fcomments&post=22910"}],"version-history":[{"count":12,"href":"https:\/\/www.lassebacklund.fi\/index.php?rest_route=\/wp\/v2\/pages\/22910\/revisions"}],"predecessor-version":[{"id":25673,"href":"https:\/\/www.lassebacklund.fi\/index.php?rest_route=\/wp\/v2\/pages\/22910\/revisions\/25673"}],"up":[{"embeddable":true,"href":"https:\/\/www.lassebacklund.fi\/index.php?rest_route=\/wp\/v2\/pages\/61"}],"wp:attachment":[{"href":"https:\/\/www.lassebacklund.fi\/index.php?rest_route=%2Fwp%2Fv2%2Fmedia&parent=22910"}],"curies":[{"name":"wp","href":"https:\/\/api.w.org\/{rel}","templated":true}]}}