{"id":22801,"date":"2024-04-29T17:02:06","date_gmt":"2024-04-29T14:02:06","guid":{"rendered":"https:\/\/www.lassebacklund.fi\/?page_id=22801"},"modified":"2025-02-04T17:15:28","modified_gmt":"2025-02-04T15:15:28","slug":"skogmans-gard-pa-storavagen-20","status":"publish","type":"page","link":"https:\/\/www.lassebacklund.fi\/?page_id=22801","title":{"rendered":"Skogmans g\u00e5rd p\u00e5 Stor\u00e5v\u00e4gen 20"},"content":{"rendered":"<figure id=\"attachment_22821\" aria-describedby=\"caption-attachment-22821\" style=\"width: 2304px\" class=\"wp-caption alignnone\"><img loading=\"lazy\" decoding=\"async\" class=\"size-full wp-image-22821\" src=\"https:\/\/www.lassebacklund.fi\/wp-content\/uploads\/2024\/04\/Skogman-Ragnar-o-Ellen-2.jpg\" alt=\"\" width=\"2304\" height=\"1704\" srcset=\"https:\/\/www.lassebacklund.fi\/wp-content\/uploads\/2024\/04\/Skogman-Ragnar-o-Ellen-2.jpg 2304w, https:\/\/www.lassebacklund.fi\/wp-content\/uploads\/2024\/04\/Skogman-Ragnar-o-Ellen-2-300x222.jpg 300w, https:\/\/www.lassebacklund.fi\/wp-content\/uploads\/2024\/04\/Skogman-Ragnar-o-Ellen-2-1024x757.jpg 1024w, https:\/\/www.lassebacklund.fi\/wp-content\/uploads\/2024\/04\/Skogman-Ragnar-o-Ellen-2-768x568.jpg 768w, https:\/\/www.lassebacklund.fi\/wp-content\/uploads\/2024\/04\/Skogman-Ragnar-o-Ellen-2-1536x1136.jpg 1536w, https:\/\/www.lassebacklund.fi\/wp-content\/uploads\/2024\/04\/Skogman-Ragnar-o-Ellen-2-2048x1515.jpg 2048w\" sizes=\"auto, (max-width: 2304px) 100vw, 2304px\" \/><figcaption id=\"caption-attachment-22821\" class=\"wp-caption-text\">Den h\u00e4r g\u00e5rden byggde bonden Ragnar och Ellen Skogman \u00e5r 1945 och ungef\u00e4r p\u00e5 samma st\u00e4lle hade tidigare st\u00e5tt backstugusittaren Viktor Str\u00f6mbergs (1859-1925) och Annas (1861-1938) stuga, som revs f\u00f6r nybygget. Fotot fr\u00e5n 2019 \u00e5r taget fr\u00e5n sydv\u00e4st.<\/figcaption><\/figure>\n<p><span style=\"color: #000080;\"><strong>Sammanst\u00e4llt av Lasse Backlund i april 2024. Uppgifterna \u00e4r tagna ur gamla lagfarter och de gamla bilderna utl\u00e5nades i tiderna av Bror Skogman.<\/strong><\/span><\/p>\n<p>Ragnar Skogman (1916-1977) fr\u00e5n Lappfj\u00e4rd gifte sig \u00e5r 1941 med Ellen Westerback (1922-1997), som var dotter till bonden Frans och Hilma Westerback och hon bodde d\u00e5 p\u00e5 \u00c5ddin p\u00e5 <a href=\"https:\/\/www.lassebacklund.fi\/?page_id=676\">Dagsmarkv\u00e4gen 437.<\/a><\/p>\n<h3><strong>G\u00e5rdens och hemmanets historia.<\/strong><\/h3>\n<p><strong>\u00c5r 1924, den 7 juli<\/strong> avled Frans Westerback och \u00e4nkan Hilma \u00f6vertog hela hemmanet genom ett testamente fr\u00e5n 1918 och hon fortsatte att leva som \u00e4nka med de omyndiga d\u00f6ttrarna Ellen och Beda.<\/p>\n<figure id=\"attachment_22807\" aria-describedby=\"caption-attachment-22807\" style=\"width: 2560px\" class=\"wp-caption alignnone\"><img loading=\"lazy\" decoding=\"async\" class=\"size-full wp-image-22807\" src=\"https:\/\/www.lassebacklund.fi\/wp-content\/uploads\/2024\/04\/Ellen-o-Ragnar-Skogman-scaled.jpg\" alt=\"\" width=\"2560\" height=\"1534\" srcset=\"https:\/\/www.lassebacklund.fi\/wp-content\/uploads\/2024\/04\/Ellen-o-Ragnar-Skogman-scaled.jpg 2560w, https:\/\/www.lassebacklund.fi\/wp-content\/uploads\/2024\/04\/Ellen-o-Ragnar-Skogman-300x180.jpg 300w, https:\/\/www.lassebacklund.fi\/wp-content\/uploads\/2024\/04\/Ellen-o-Ragnar-Skogman-1024x614.jpg 1024w, https:\/\/www.lassebacklund.fi\/wp-content\/uploads\/2024\/04\/Ellen-o-Ragnar-Skogman-768x460.jpg 768w, https:\/\/www.lassebacklund.fi\/wp-content\/uploads\/2024\/04\/Ellen-o-Ragnar-Skogman-1536x921.jpg 1536w, https:\/\/www.lassebacklund.fi\/wp-content\/uploads\/2024\/04\/Ellen-o-Ragnar-Skogman-2048x1228.jpg 2048w\" sizes=\"auto, (max-width: 2560px) 100vw, 2560px\" \/><figcaption id=\"caption-attachment-22807\" class=\"wp-caption-text\">Ellen Westerback gifte sig med Ragnar Skogman fr\u00e5n Lappfj\u00e4rd \u00e5r 1941.<\/figcaption><\/figure>\n<p><strong>\u00c5r 1945, den 3 januari<\/strong> k\u00f6pte Ellen och m\u00e5gen Ragnar Skogman en fj\u00e4rdedel av hemmanet av Ellens mor Hilma, f\u00f6rutom den fj\u00e4rdedel som Ellen hade f\u00e5tt som arvedel och f\u00f6rutom den halva av hemmanet som Ellens syster Beda \u00e4gde. St\u00f6rsta delen av hemmanet fanns p\u00e5 Brobackan l\u00e4ngs med Lappfj\u00e4rds \u00e5 men det fanns ocks\u00e5 ett skifte i B\u00f6rkmossen. Det h\u00e4r skiftet p\u00e5 n\u00e4rmare 7 ha p\u00e5 B\u00f6rkmossen 4:149 s\u00e5lde Ragnar Skogman och Beda Westerback gemensamt \u00e5r 1969 \u00e5t \u201dJ\u00e4rvela\u201d Vilhelm och Sanelma Jansson.<\/p>\n<p>\u00c5r uppf\u00f6rde Ragnar och Ellen allts\u00e5 den g\u00e5rd som fortfarande st\u00e5r kvar p\u00e5 tomten. \u00c5krarna p\u00e5 Brobackan var l\u00e4mpliga f\u00f6r morotsodling och med tiden blev Ragnar och Ellen en av de st\u00f6rsta odlarna i Dagsmark. Hanteringen av mor\u00f6tter var arbetsdryg och d\u00e5 maskiner f\u00f6r potatiss\u00e4ttning och \u2013upptagning blev vanligare p\u00e5 1960-talet \u00f6vergick Skogman, som de flesta andra till odling av potatis. P\u00e5 1970-talet uppf\u00f6rde de ett st\u00f6rre potatislager p\u00e5 sin tomt.<\/p>\n<p><strong>\u00c5r 1953, den 29 januari<\/strong> k\u00f6pte Ragnar och Ellen Skogman l\u00e4genheten \u00c5back 3:28 f\u00f6r 150\u00a0000 mark av \u201dViiraas\u201d Karl Henrik Mitts och hans hustru Matilda, tidigare Rosenberg. Matilda och hennes f\u00f6rsta man\u00a0 Viktor Rosenberg (1876-1921) hade f\u00e5tt lagfart p\u00e5 denna l\u00e4genhet \u00e5r 1917. Omr\u00e5det p\u00e5 1,2 ha som den tiden bestod av \u00e5kermark, l\u00e5g bakom Myllyniemis g\u00e5rd p\u00e5 \u00c5backan och d\u00e4r finns i dag Estrellas nedlagda fabrik.<\/p>\n<p><strong>\u00c5r 1960, den 18 oktober<\/strong> k\u00f6pte Ragnar och Ellen Skogman l\u00e4genheten L\u00e5ngg\u00e4rd 4:67 f\u00f6r 300 000 gamla mark av Selim och Manda Lillkull, och det har i tiderna tillh\u00f6rt Erland och Hulda Krook. Omr\u00e5det, som mest best\u00e5r av \u00e5kermark, med lite skog n\u00e4rmast landsv\u00e4gen \u00e4r bel\u00e4get invid Hembergs g\u00e5rd i Palon.<\/p>\n<p><strong>\u00c5r 1963, den 21 mars<\/strong> k\u00f6pte Ragnar och Ellen Skogman l\u00e4genheten Sandbacka 4:46 f\u00f6r 1\u00a0500 nymark av \u00c5ke och Ilona Klemets, som hade f\u00f6rv\u00e4rvat l\u00e4genheten av Karl S\u00f6derstr\u00f6m. Omr\u00e5det p\u00e5 1,2 ha som \u00e4r jordbruksmark \u00e4r bel\u00e4get mellan g\u00e5rdarna Mitts och L\u00e5ngqvist p\u00e5 \u00c5backan.<\/p>\n<p><strong>\u00c5r 1977, den 21 januari<\/strong> avled bonden Ragnar Skogman och hemmanet och g\u00e5rden \u00f6vertogs d\u00e5 av \u00e4nkan \u00e4nkan Ellen och s\u00f6nerna Bo (1941-2021) som bodde i Sverige och Bror (1951-2018) bosatt i Dagsmark.<\/p>\n<h4><strong>Bror Skogman tar \u00f6ver<\/strong><\/h4>\n<p><strong>\u00c5r 1978, den 19 juli<\/strong> s\u00e5lde \u00e4nkan Ellen Skogman och hennes son Bo deras andelar i d\u00f6dsboet \u00e5t Ellens son Bror. Mamma Ellen tog \u00e5t sig livstids r\u00e4tt till bostad i den g\u00e5rd d\u00e4r hon d\u00e5 bodde. \u00c5r 1980 byggde Bror och hans hustru en ny g\u00e5rd p\u00e5 samma tomt, p\u00e5 adressen Stor\u00e5v\u00e4gen 14 och flyttade dit. Ellen fortsatte att bo i hemg\u00e5rden \u00e4nda till sin d\u00f6d \u00e5r 1997.<\/p>\n<p><strong>\u00c5r 2018<\/strong> avled bonden och verkstads\u00e4garen Bror Skogman och hemmanet och de \u00f6vriga tillg\u00e5ngarna \u00f6vertogs av \u00e4nkan och de tre barnen. G\u00e5rden p\u00e5 Dagsmarkv\u00e4gen 20 \u00e4r fortfarande i sl\u00e4kten Skogmans \u00e4go.<\/p>\n<h3><strong>Foton.<\/strong><\/h3>\n<figure id=\"attachment_22820\" aria-describedby=\"caption-attachment-22820\" style=\"width: 2304px\" class=\"wp-caption alignnone\"><img loading=\"lazy\" decoding=\"async\" class=\"size-full wp-image-22820\" src=\"https:\/\/www.lassebacklund.fi\/wp-content\/uploads\/2024\/04\/Skogman-Ragnar-o-Ellen-1.jpg\" alt=\"\" width=\"2304\" height=\"1704\" srcset=\"https:\/\/www.lassebacklund.fi\/wp-content\/uploads\/2024\/04\/Skogman-Ragnar-o-Ellen-1.jpg 2304w, https:\/\/www.lassebacklund.fi\/wp-content\/uploads\/2024\/04\/Skogman-Ragnar-o-Ellen-1-300x222.jpg 300w, https:\/\/www.lassebacklund.fi\/wp-content\/uploads\/2024\/04\/Skogman-Ragnar-o-Ellen-1-1024x757.jpg 1024w, https:\/\/www.lassebacklund.fi\/wp-content\/uploads\/2024\/04\/Skogman-Ragnar-o-Ellen-1-768x568.jpg 768w, https:\/\/www.lassebacklund.fi\/wp-content\/uploads\/2024\/04\/Skogman-Ragnar-o-Ellen-1-1536x1136.jpg 1536w, https:\/\/www.lassebacklund.fi\/wp-content\/uploads\/2024\/04\/Skogman-Ragnar-o-Ellen-1-2048x1515.jpg 2048w\" sizes=\"auto, (max-width: 2304px) 100vw, 2304px\" \/><figcaption id=\"caption-attachment-22820\" class=\"wp-caption-text\">Skogmans g\u00e5rd fotograferad fr\u00e5n landsv\u00e4gen sommaren 2019.<\/figcaption><\/figure>\n<figure id=\"attachment_23627\" aria-describedby=\"caption-attachment-23627\" style=\"width: 1744px\" class=\"wp-caption alignnone\"><img loading=\"lazy\" decoding=\"async\" class=\"size-full wp-image-23627\" src=\"https:\/\/www.lassebacklund.fi\/wp-content\/uploads\/2025\/02\/Skogman-Ragnars-gard-pa-50-talet.jpg\" alt=\"\" width=\"1744\" height=\"1163\" srcset=\"https:\/\/www.lassebacklund.fi\/wp-content\/uploads\/2025\/02\/Skogman-Ragnars-gard-pa-50-talet.jpg 1744w, https:\/\/www.lassebacklund.fi\/wp-content\/uploads\/2025\/02\/Skogman-Ragnars-gard-pa-50-talet-300x200.jpg 300w, https:\/\/www.lassebacklund.fi\/wp-content\/uploads\/2025\/02\/Skogman-Ragnars-gard-pa-50-talet-1024x683.jpg 1024w, https:\/\/www.lassebacklund.fi\/wp-content\/uploads\/2025\/02\/Skogman-Ragnars-gard-pa-50-talet-768x512.jpg 768w, https:\/\/www.lassebacklund.fi\/wp-content\/uploads\/2025\/02\/Skogman-Ragnars-gard-pa-50-talet-1536x1024.jpg 1536w\" sizes=\"auto, (max-width: 1744px) 100vw, 1744px\" \/><figcaption id=\"caption-attachment-23627\" class=\"wp-caption-text\">Skogmans g\u00e5rd fotograferad fr\u00e5n landsv\u00e4gen p\u00e5 1950-talet.<\/figcaption><\/figure>\n<figure id=\"attachment_22803\" aria-describedby=\"caption-attachment-22803\" style=\"width: 2560px\" class=\"wp-caption alignnone\"><img loading=\"lazy\" decoding=\"async\" class=\"size-full wp-image-22803\" src=\"https:\/\/www.lassebacklund.fi\/wp-content\/uploads\/2024\/04\/Bild21-scaled.jpg\" alt=\"\" width=\"2560\" height=\"1628\" srcset=\"https:\/\/www.lassebacklund.fi\/wp-content\/uploads\/2024\/04\/Bild21-scaled.jpg 2560w, https:\/\/www.lassebacklund.fi\/wp-content\/uploads\/2024\/04\/Bild21-300x191.jpg 300w, https:\/\/www.lassebacklund.fi\/wp-content\/uploads\/2024\/04\/Bild21-1024x651.jpg 1024w, https:\/\/www.lassebacklund.fi\/wp-content\/uploads\/2024\/04\/Bild21-768x488.jpg 768w, https:\/\/www.lassebacklund.fi\/wp-content\/uploads\/2024\/04\/Bild21-1536x977.jpg 1536w, https:\/\/www.lassebacklund.fi\/wp-content\/uploads\/2024\/04\/Bild21-2048x1302.jpg 2048w\" sizes=\"auto, (max-width: 2560px) 100vw, 2560px\" \/><figcaption id=\"caption-attachment-22803\" class=\"wp-caption-text\">Ragnar Skogman med sonen Bo utanf\u00f6r den nya g\u00e5rden p\u00e5 Brobackan. Byggnaderna till v\u00e4nster finns p\u00e5 Granlunds g\u00e5rd.<\/figcaption><\/figure>\n<figure id=\"attachment_22804\" aria-describedby=\"caption-attachment-22804\" style=\"width: 2560px\" class=\"wp-caption alignnone\"><img loading=\"lazy\" decoding=\"async\" class=\"size-full wp-image-22804\" src=\"https:\/\/www.lassebacklund.fi\/wp-content\/uploads\/2024\/04\/Bild22-scaled.jpg\" alt=\"\" width=\"2560\" height=\"1662\" srcset=\"https:\/\/www.lassebacklund.fi\/wp-content\/uploads\/2024\/04\/Bild22-scaled.jpg 2560w, https:\/\/www.lassebacklund.fi\/wp-content\/uploads\/2024\/04\/Bild22-300x195.jpg 300w, https:\/\/www.lassebacklund.fi\/wp-content\/uploads\/2024\/04\/Bild22-1024x665.jpg 1024w, https:\/\/www.lassebacklund.fi\/wp-content\/uploads\/2024\/04\/Bild22-768x499.jpg 768w, https:\/\/www.lassebacklund.fi\/wp-content\/uploads\/2024\/04\/Bild22-1536x997.jpg 1536w, https:\/\/www.lassebacklund.fi\/wp-content\/uploads\/2024\/04\/Bild22-2048x1329.jpg 2048w\" sizes=\"auto, (max-width: 2560px) 100vw, 2560px\" \/><figcaption id=\"caption-attachment-22804\" class=\"wp-caption-text\">Ragnar Skogman med h\u00e4sten och ett f\u00f6l utanf\u00f6r den nybyggda g\u00e5rden i mitten av 1940-talet.<\/figcaption><\/figure>\n<figure id=\"attachment_22805\" aria-describedby=\"caption-attachment-22805\" style=\"width: 2560px\" class=\"wp-caption alignnone\"><img loading=\"lazy\" decoding=\"async\" class=\"size-full wp-image-22805\" src=\"https:\/\/www.lassebacklund.fi\/wp-content\/uploads\/2024\/04\/Ellen-med-Bo-i-vagnen-pa-Westerbacks-gard-scaled.jpg\" alt=\"\" width=\"2560\" height=\"1727\" srcset=\"https:\/\/www.lassebacklund.fi\/wp-content\/uploads\/2024\/04\/Ellen-med-Bo-i-vagnen-pa-Westerbacks-gard-scaled.jpg 2560w, https:\/\/www.lassebacklund.fi\/wp-content\/uploads\/2024\/04\/Ellen-med-Bo-i-vagnen-pa-Westerbacks-gard-300x202.jpg 300w, https:\/\/www.lassebacklund.fi\/wp-content\/uploads\/2024\/04\/Ellen-med-Bo-i-vagnen-pa-Westerbacks-gard-1024x691.jpg 1024w, https:\/\/www.lassebacklund.fi\/wp-content\/uploads\/2024\/04\/Ellen-med-Bo-i-vagnen-pa-Westerbacks-gard-768x518.jpg 768w, https:\/\/www.lassebacklund.fi\/wp-content\/uploads\/2024\/04\/Ellen-med-Bo-i-vagnen-pa-Westerbacks-gard-1536x1036.jpg 1536w, https:\/\/www.lassebacklund.fi\/wp-content\/uploads\/2024\/04\/Ellen-med-Bo-i-vagnen-pa-Westerbacks-gard-2048x1382.jpg 2048w\" sizes=\"auto, (max-width: 2560px) 100vw, 2560px\" \/><figcaption id=\"caption-attachment-22805\" class=\"wp-caption-text\">Nygifta Ellen Skogman med \u00e4ldre sonen Bo p\u00e5 Westerbacks g\u00e5rdsplan \u00e5r 1941.<\/figcaption><\/figure>\n<figure id=\"attachment_22806\" aria-describedby=\"caption-attachment-22806\" style=\"width: 2560px\" class=\"wp-caption alignnone\"><img loading=\"lazy\" decoding=\"async\" class=\"size-full wp-image-22806\" src=\"https:\/\/www.lassebacklund.fi\/wp-content\/uploads\/2024\/04\/Ellen-o-Ragnar-i-graset-utan-Hilmas-gard-scaled.jpg\" alt=\"\" width=\"2560\" height=\"1699\" srcset=\"https:\/\/www.lassebacklund.fi\/wp-content\/uploads\/2024\/04\/Ellen-o-Ragnar-i-graset-utan-Hilmas-gard-scaled.jpg 2560w, https:\/\/www.lassebacklund.fi\/wp-content\/uploads\/2024\/04\/Ellen-o-Ragnar-i-graset-utan-Hilmas-gard-300x199.jpg 300w, https:\/\/www.lassebacklund.fi\/wp-content\/uploads\/2024\/04\/Ellen-o-Ragnar-i-graset-utan-Hilmas-gard-1024x680.jpg 1024w, https:\/\/www.lassebacklund.fi\/wp-content\/uploads\/2024\/04\/Ellen-o-Ragnar-i-graset-utan-Hilmas-gard-768x510.jpg 768w, https:\/\/www.lassebacklund.fi\/wp-content\/uploads\/2024\/04\/Ellen-o-Ragnar-i-graset-utan-Hilmas-gard-1536x1020.jpg 1536w, https:\/\/www.lassebacklund.fi\/wp-content\/uploads\/2024\/04\/Ellen-o-Ragnar-i-graset-utan-Hilmas-gard-2048x1360.jpg 2048w\" sizes=\"auto, (max-width: 2560px) 100vw, 2560px\" \/><figcaption id=\"caption-attachment-22806\" class=\"wp-caption-text\">Ellen och Ragnar i gr\u00e4set nedanf\u00f6r Westerbacks g\u00e5rd p\u00e5 \u00c5ddin.<\/figcaption><\/figure>\n<figure id=\"attachment_22808\" aria-describedby=\"caption-attachment-22808\" style=\"width: 1688px\" class=\"wp-caption alignnone\"><img loading=\"lazy\" decoding=\"async\" class=\"size-full wp-image-22808\" src=\"https:\/\/www.lassebacklund.fi\/wp-content\/uploads\/2024\/04\/Ellen-och-Ragnar-utanfor-Hilmas-gard-scaled.jpg\" alt=\"\" width=\"1688\" height=\"2560\" srcset=\"https:\/\/www.lassebacklund.fi\/wp-content\/uploads\/2024\/04\/Ellen-och-Ragnar-utanfor-Hilmas-gard-scaled.jpg 1688w, https:\/\/www.lassebacklund.fi\/wp-content\/uploads\/2024\/04\/Ellen-och-Ragnar-utanfor-Hilmas-gard-198x300.jpg 198w, https:\/\/www.lassebacklund.fi\/wp-content\/uploads\/2024\/04\/Ellen-och-Ragnar-utanfor-Hilmas-gard-675x1024.jpg 675w, https:\/\/www.lassebacklund.fi\/wp-content\/uploads\/2024\/04\/Ellen-och-Ragnar-utanfor-Hilmas-gard-768x1165.jpg 768w, https:\/\/www.lassebacklund.fi\/wp-content\/uploads\/2024\/04\/Ellen-och-Ragnar-utanfor-Hilmas-gard-1013x1536.jpg 1013w, https:\/\/www.lassebacklund.fi\/wp-content\/uploads\/2024\/04\/Ellen-och-Ragnar-utanfor-Hilmas-gard-1350x2048.jpg 1350w\" sizes=\"auto, (max-width: 1688px) 100vw, 1688px\" \/><figcaption id=\"caption-attachment-22808\" class=\"wp-caption-text\">Ellen och Ragnar utanf\u00f6r Hilmas g\u00e5rd p\u00e5 \u00c5ddin.<\/figcaption><\/figure>\n<figure id=\"attachment_22809\" aria-describedby=\"caption-attachment-22809\" style=\"width: 1669px\" class=\"wp-caption alignnone\"><img loading=\"lazy\" decoding=\"async\" class=\"size-full wp-image-22809\" src=\"https:\/\/www.lassebacklund.fi\/wp-content\/uploads\/2024\/04\/Ellen-Skogman-med-Saga-och-Bo.jpg\" alt=\"\" width=\"1669\" height=\"2413\" srcset=\"https:\/\/www.lassebacklund.fi\/wp-content\/uploads\/2024\/04\/Ellen-Skogman-med-Saga-och-Bo.jpg 1669w, https:\/\/www.lassebacklund.fi\/wp-content\/uploads\/2024\/04\/Ellen-Skogman-med-Saga-och-Bo-208x300.jpg 208w, https:\/\/www.lassebacklund.fi\/wp-content\/uploads\/2024\/04\/Ellen-Skogman-med-Saga-och-Bo-708x1024.jpg 708w, https:\/\/www.lassebacklund.fi\/wp-content\/uploads\/2024\/04\/Ellen-Skogman-med-Saga-och-Bo-768x1110.jpg 768w, https:\/\/www.lassebacklund.fi\/wp-content\/uploads\/2024\/04\/Ellen-Skogman-med-Saga-och-Bo-1062x1536.jpg 1062w, https:\/\/www.lassebacklund.fi\/wp-content\/uploads\/2024\/04\/Ellen-Skogman-med-Saga-och-Bo-1417x2048.jpg 1417w\" sizes=\"auto, (max-width: 1669px) 100vw, 1669px\" \/><figcaption id=\"caption-attachment-22809\" class=\"wp-caption-text\">Ellen och sonen Bo Skogman h\u00e4lsar p\u00e5 sl\u00e4ktingen Saga hos Rosengrens p\u00e5 \u00c5backan.<\/figcaption><\/figure>\n<figure id=\"attachment_22811\" aria-describedby=\"caption-attachment-22811\" style=\"width: 2560px\" class=\"wp-caption alignnone\"><img loading=\"lazy\" decoding=\"async\" class=\"size-full wp-image-22811\" src=\"https:\/\/www.lassebacklund.fi\/wp-content\/uploads\/2024\/04\/Ellen-Westerback-gift-Skogman-och-Elsebeth-Lillsjo-gift-med-Voitto-Kangas-scaled.jpg\" alt=\"\" width=\"2560\" height=\"1774\" srcset=\"https:\/\/www.lassebacklund.fi\/wp-content\/uploads\/2024\/04\/Ellen-Westerback-gift-Skogman-och-Elsebeth-Lillsjo-gift-med-Voitto-Kangas-scaled.jpg 2560w, https:\/\/www.lassebacklund.fi\/wp-content\/uploads\/2024\/04\/Ellen-Westerback-gift-Skogman-och-Elsebeth-Lillsjo-gift-med-Voitto-Kangas-300x208.jpg 300w, https:\/\/www.lassebacklund.fi\/wp-content\/uploads\/2024\/04\/Ellen-Westerback-gift-Skogman-och-Elsebeth-Lillsjo-gift-med-Voitto-Kangas-1024x709.jpg 1024w, https:\/\/www.lassebacklund.fi\/wp-content\/uploads\/2024\/04\/Ellen-Westerback-gift-Skogman-och-Elsebeth-Lillsjo-gift-med-Voitto-Kangas-768x532.jpg 768w, https:\/\/www.lassebacklund.fi\/wp-content\/uploads\/2024\/04\/Ellen-Westerback-gift-Skogman-och-Elsebeth-Lillsjo-gift-med-Voitto-Kangas-1536x1064.jpg 1536w, https:\/\/www.lassebacklund.fi\/wp-content\/uploads\/2024\/04\/Ellen-Westerback-gift-Skogman-och-Elsebeth-Lillsjo-gift-med-Voitto-Kangas-2048x1419.jpg 2048w\" sizes=\"auto, (max-width: 2560px) 100vw, 2560px\" \/><figcaption id=\"caption-attachment-22811\" class=\"wp-caption-text\">Ellen Westerback med Elsbeth Lillsj\u00f6 fr\u00e5n By\u00e5sv\u00e4gen. Elsbeth gifte sig sedan med Voitto Kangas och flyttade till Klemets\u00e4ndan bredvid kvarnen och s\u00e5gen.<\/figcaption><\/figure>\n<figure id=\"attachment_22812\" aria-describedby=\"caption-attachment-22812\" style=\"width: 2560px\" class=\"wp-caption alignnone\"><img loading=\"lazy\" decoding=\"async\" class=\"size-full wp-image-22812\" src=\"https:\/\/www.lassebacklund.fi\/wp-content\/uploads\/2024\/04\/Elsebeth-Lillsjo-Ragnar-och-Ellen-scaled.jpg\" alt=\"\" width=\"2560\" height=\"1583\" srcset=\"https:\/\/www.lassebacklund.fi\/wp-content\/uploads\/2024\/04\/Elsebeth-Lillsjo-Ragnar-och-Ellen-scaled.jpg 2560w, https:\/\/www.lassebacklund.fi\/wp-content\/uploads\/2024\/04\/Elsebeth-Lillsjo-Ragnar-och-Ellen-300x185.jpg 300w, https:\/\/www.lassebacklund.fi\/wp-content\/uploads\/2024\/04\/Elsebeth-Lillsjo-Ragnar-och-Ellen-1024x633.jpg 1024w, https:\/\/www.lassebacklund.fi\/wp-content\/uploads\/2024\/04\/Elsebeth-Lillsjo-Ragnar-och-Ellen-768x475.jpg 768w, https:\/\/www.lassebacklund.fi\/wp-content\/uploads\/2024\/04\/Elsebeth-Lillsjo-Ragnar-och-Ellen-1536x950.jpg 1536w, https:\/\/www.lassebacklund.fi\/wp-content\/uploads\/2024\/04\/Elsebeth-Lillsjo-Ragnar-och-Ellen-2048x1266.jpg 2048w\" sizes=\"auto, (max-width: 2560px) 100vw, 2560px\" \/><figcaption id=\"caption-attachment-22812\" class=\"wp-caption-text\">Elsbeth Lillsj\u00f6 p\u00e5 Nybron i Lappfj\u00e4rd med Ragnar och Ellen. Till h\u00f6ger syns Hoxellfolks g\u00e5rd.<\/figcaption><\/figure>\n<figure id=\"attachment_22813\" aria-describedby=\"caption-attachment-22813\" style=\"width: 2560px\" class=\"wp-caption alignnone\"><img loading=\"lazy\" decoding=\"async\" class=\"size-full wp-image-22813\" src=\"https:\/\/www.lassebacklund.fi\/wp-content\/uploads\/2024\/04\/Helga-Englund-och-Ellen-Skogman-pa-brygga-i-Kstad-scaled.jpg\" alt=\"\" width=\"2560\" height=\"1679\" srcset=\"https:\/\/www.lassebacklund.fi\/wp-content\/uploads\/2024\/04\/Helga-Englund-och-Ellen-Skogman-pa-brygga-i-Kstad-scaled.jpg 2560w, https:\/\/www.lassebacklund.fi\/wp-content\/uploads\/2024\/04\/Helga-Englund-och-Ellen-Skogman-pa-brygga-i-Kstad-300x197.jpg 300w, https:\/\/www.lassebacklund.fi\/wp-content\/uploads\/2024\/04\/Helga-Englund-och-Ellen-Skogman-pa-brygga-i-Kstad-1024x672.jpg 1024w, https:\/\/www.lassebacklund.fi\/wp-content\/uploads\/2024\/04\/Helga-Englund-och-Ellen-Skogman-pa-brygga-i-Kstad-768x504.jpg 768w, https:\/\/www.lassebacklund.fi\/wp-content\/uploads\/2024\/04\/Helga-Englund-och-Ellen-Skogman-pa-brygga-i-Kstad-1536x1008.jpg 1536w, https:\/\/www.lassebacklund.fi\/wp-content\/uploads\/2024\/04\/Helga-Englund-och-Ellen-Skogman-pa-brygga-i-Kstad-2048x1343.jpg 2048w\" sizes=\"auto, (max-width: 2560px) 100vw, 2560px\" \/><figcaption id=\"caption-attachment-22813\" class=\"wp-caption-text\">Helga Englund fr\u00e5n Palon och Ellen Westerback fr\u00e5n \u00c5ddin p\u00e5 en brygga i Kristinestad. Till v\u00e4nster syns stadsbron och till h\u00f6ger \u00e5ngb\u00e5tsbryggan.<\/figcaption><\/figure>\n<figure id=\"attachment_22814\" aria-describedby=\"caption-attachment-22814\" style=\"width: 2560px\" class=\"wp-caption alignnone\"><img loading=\"lazy\" decoding=\"async\" class=\"size-full wp-image-22814\" src=\"https:\/\/www.lassebacklund.fi\/wp-content\/uploads\/2024\/04\/Ragnar-i-militarklader-och-Ellen-scaled.jpg\" alt=\"\" width=\"2560\" height=\"1794\" srcset=\"https:\/\/www.lassebacklund.fi\/wp-content\/uploads\/2024\/04\/Ragnar-i-militarklader-och-Ellen-scaled.jpg 2560w, https:\/\/www.lassebacklund.fi\/wp-content\/uploads\/2024\/04\/Ragnar-i-militarklader-och-Ellen-300x210.jpg 300w, https:\/\/www.lassebacklund.fi\/wp-content\/uploads\/2024\/04\/Ragnar-i-militarklader-och-Ellen-1024x718.jpg 1024w, https:\/\/www.lassebacklund.fi\/wp-content\/uploads\/2024\/04\/Ragnar-i-militarklader-och-Ellen-768x538.jpg 768w, https:\/\/www.lassebacklund.fi\/wp-content\/uploads\/2024\/04\/Ragnar-i-militarklader-och-Ellen-1536x1076.jpg 1536w, https:\/\/www.lassebacklund.fi\/wp-content\/uploads\/2024\/04\/Ragnar-i-militarklader-och-Ellen-2048x1435.jpg 2048w\" sizes=\"auto, (max-width: 2560px) 100vw, 2560px\" \/><figcaption id=\"caption-attachment-22814\" class=\"wp-caption-text\">Ragnar Skogman milit\u00e4rkl\u00e4dd och Ellen i civila kl\u00e4der.<\/figcaption><\/figure>\n<figure id=\"attachment_22815\" aria-describedby=\"caption-attachment-22815\" style=\"width: 948px\" class=\"wp-caption alignnone\"><img loading=\"lazy\" decoding=\"async\" class=\"size-full wp-image-22815\" src=\"https:\/\/www.lassebacklund.fi\/wp-content\/uploads\/2024\/04\/Ragnar-o-Ellen-med-Bo-i-vagnen.jpg\" alt=\"\" width=\"948\" height=\"653\" srcset=\"https:\/\/www.lassebacklund.fi\/wp-content\/uploads\/2024\/04\/Ragnar-o-Ellen-med-Bo-i-vagnen.jpg 948w, https:\/\/www.lassebacklund.fi\/wp-content\/uploads\/2024\/04\/Ragnar-o-Ellen-med-Bo-i-vagnen-300x207.jpg 300w, https:\/\/www.lassebacklund.fi\/wp-content\/uploads\/2024\/04\/Ragnar-o-Ellen-med-Bo-i-vagnen-768x529.jpg 768w\" sizes=\"auto, (max-width: 948px) 100vw, 948px\" \/><figcaption id=\"caption-attachment-22815\" class=\"wp-caption-text\">Ragnar och Ellen p\u00e5 g\u00e5rden med \u00e4ldre sonen Bo i vagnen. Storbron ligger precis bredvid Westerbacks g\u00e5rd. I bakgrunden syns Storkull handlarins magasin och lite av aff\u00e4rshuset.<\/figcaption><\/figure>\n<figure id=\"attachment_22816\" aria-describedby=\"caption-attachment-22816\" style=\"width: 1776px\" class=\"wp-caption alignnone\"><img loading=\"lazy\" decoding=\"async\" class=\"size-full wp-image-22816\" src=\"https:\/\/www.lassebacklund.fi\/wp-content\/uploads\/2024\/04\/Ragnar-och-Ellen-i-buskarna.jpg\" alt=\"\" width=\"1776\" height=\"2321\" srcset=\"https:\/\/www.lassebacklund.fi\/wp-content\/uploads\/2024\/04\/Ragnar-och-Ellen-i-buskarna.jpg 1776w, https:\/\/www.lassebacklund.fi\/wp-content\/uploads\/2024\/04\/Ragnar-och-Ellen-i-buskarna-230x300.jpg 230w, https:\/\/www.lassebacklund.fi\/wp-content\/uploads\/2024\/04\/Ragnar-och-Ellen-i-buskarna-784x1024.jpg 784w, https:\/\/www.lassebacklund.fi\/wp-content\/uploads\/2024\/04\/Ragnar-och-Ellen-i-buskarna-768x1004.jpg 768w, https:\/\/www.lassebacklund.fi\/wp-content\/uploads\/2024\/04\/Ragnar-och-Ellen-i-buskarna-1175x1536.jpg 1175w, https:\/\/www.lassebacklund.fi\/wp-content\/uploads\/2024\/04\/Ragnar-och-Ellen-i-buskarna-1567x2048.jpg 1567w\" sizes=\"auto, (max-width: 1776px) 100vw, 1776px\" \/><figcaption id=\"caption-attachment-22816\" class=\"wp-caption-text\">Ragnar Skogman och Ellen Westerback i buskagen.<\/figcaption><\/figure>\n<figure id=\"attachment_22817\" aria-describedby=\"caption-attachment-22817\" style=\"width: 627px\" class=\"wp-caption alignnone\"><img loading=\"lazy\" decoding=\"async\" class=\"size-full wp-image-22817\" src=\"https:\/\/www.lassebacklund.fi\/wp-content\/uploads\/2024\/04\/Ragnar-Skogman-med-Vidbergs-gard-pa-andra-sidan.jpg\" alt=\"\" width=\"627\" height=\"955\" srcset=\"https:\/\/www.lassebacklund.fi\/wp-content\/uploads\/2024\/04\/Ragnar-Skogman-med-Vidbergs-gard-pa-andra-sidan.jpg 627w, https:\/\/www.lassebacklund.fi\/wp-content\/uploads\/2024\/04\/Ragnar-Skogman-med-Vidbergs-gard-pa-andra-sidan-197x300.jpg 197w\" sizes=\"auto, (max-width: 627px) 100vw, 627px\" \/><figcaption id=\"caption-attachment-22817\" class=\"wp-caption-text\">Ragnar Skogman gifte sig 1941 med Ellen Westerback och han flyttade d\u00e5 till Westerbacks g\u00e5rd p\u00e5 \u00c5ddin. H\u00e4r han ute med den \u00e4ldre sonen Bo i vagnen och i bakgrunden p\u00e5 andra sidan \u00e5n syns Brobergs\/Vidbergs g\u00e5rd.<\/figcaption><\/figure>\n<figure id=\"attachment_22818\" aria-describedby=\"caption-attachment-22818\" style=\"width: 664px\" class=\"wp-caption alignnone\"><img loading=\"lazy\" decoding=\"async\" class=\"size-full wp-image-22818\" src=\"https:\/\/www.lassebacklund.fi\/wp-content\/uploads\/2024\/04\/Saga-Rosengren-och-Bo-Skogman.jpg\" alt=\"\" width=\"664\" height=\"1004\" srcset=\"https:\/\/www.lassebacklund.fi\/wp-content\/uploads\/2024\/04\/Saga-Rosengren-och-Bo-Skogman.jpg 664w, https:\/\/www.lassebacklund.fi\/wp-content\/uploads\/2024\/04\/Saga-Rosengren-och-Bo-Skogman-198x300.jpg 198w\" sizes=\"auto, (max-width: 664px) 100vw, 664px\" \/><figcaption id=\"caption-attachment-22818\" class=\"wp-caption-text\">Bo Skogman hos fotografen med sin kusin Saga Rosengren. Bo och Saga var kusiner, eftersom Ragnar Skogman och Sagas mor M\u00e4rta var syskon. De var ocks\u00e5 sl\u00e4kt via Bos morfarsmor Sofia, som var syster med Sagas farmor Wilhelmina.<\/figcaption><\/figure>\n<figure id=\"attachment_22819\" aria-describedby=\"caption-attachment-22819\" style=\"width: 917px\" class=\"wp-caption alignnone\"><img loading=\"lazy\" decoding=\"async\" class=\"size-full wp-image-22819\" src=\"https:\/\/www.lassebacklund.fi\/wp-content\/uploads\/2024\/04\/Skogman-Bror.jpg\" alt=\"\" width=\"917\" height=\"1498\" srcset=\"https:\/\/www.lassebacklund.fi\/wp-content\/uploads\/2024\/04\/Skogman-Bror.jpg 917w, https:\/\/www.lassebacklund.fi\/wp-content\/uploads\/2024\/04\/Skogman-Bror-184x300.jpg 184w, https:\/\/www.lassebacklund.fi\/wp-content\/uploads\/2024\/04\/Skogman-Bror-627x1024.jpg 627w, https:\/\/www.lassebacklund.fi\/wp-content\/uploads\/2024\/04\/Skogman-Bror-768x1255.jpg 768w\" sizes=\"auto, (max-width: 917px) 100vw, 917px\" \/><figcaption id=\"caption-attachment-22819\" class=\"wp-caption-text\">Bror Skogman (1951-2018).<\/figcaption><\/figure>\n","protected":false},"excerpt":{"rendered":"<p>Sammanst\u00e4llt av Lasse Backlund i april 2024. Uppgifterna \u00e4r tagna ur gamla lagfarter och de gamla bilderna utl\u00e5nades i tiderna av Bror Skogman. Ragnar Skogman (1916-1977) fr\u00e5n Lappfj\u00e4rd gifte sig \u00e5r 1941 med Ellen Westerback (1922-1997), som var dotter till <a class=\"more-link\" href=\"https:\/\/www.lassebacklund.fi\/?page_id=22801\">Forts\u00e4tt l\u00e4sa <span class=\"screen-reader-text\">  Skogmans g\u00e5rd p\u00e5 Stor\u00e5v\u00e4gen 20<\/span><span class=\"meta-nav\">&rarr;<\/span><\/a><\/p>\n","protected":false},"author":1,"featured_media":0,"parent":88,"menu_order":20,"comment_status":"closed","ping_status":"closed","template":"","meta":{"footnotes":""},"class_list":["post-22801","page","type-page","status-publish","hentry"],"_links":{"self":[{"href":"https:\/\/www.lassebacklund.fi\/index.php?rest_route=\/wp\/v2\/pages\/22801","targetHints":{"allow":["GET"]}}],"collection":[{"href":"https:\/\/www.lassebacklund.fi\/index.php?rest_route=\/wp\/v2\/pages"}],"about":[{"href":"https:\/\/www.lassebacklund.fi\/index.php?rest_route=\/wp\/v2\/types\/page"}],"author":[{"embeddable":true,"href":"https:\/\/www.lassebacklund.fi\/index.php?rest_route=\/wp\/v2\/users\/1"}],"replies":[{"embeddable":true,"href":"https:\/\/www.lassebacklund.fi\/index.php?rest_route=%2Fwp%2Fv2%2Fcomments&post=22801"}],"version-history":[{"count":8,"href":"https:\/\/www.lassebacklund.fi\/index.php?rest_route=\/wp\/v2\/pages\/22801\/revisions"}],"predecessor-version":[{"id":23628,"href":"https:\/\/www.lassebacklund.fi\/index.php?rest_route=\/wp\/v2\/pages\/22801\/revisions\/23628"}],"up":[{"embeddable":true,"href":"https:\/\/www.lassebacklund.fi\/index.php?rest_route=\/wp\/v2\/pages\/88"}],"wp:attachment":[{"href":"https:\/\/www.lassebacklund.fi\/index.php?rest_route=%2Fwp%2Fv2%2Fmedia&parent=22801"}],"curies":[{"name":"wp","href":"https:\/\/api.w.org\/{rel}","templated":true}]}}