{"id":2159,"date":"2016-12-11T08:21:51","date_gmt":"2016-12-11T07:21:51","guid":{"rendered":"http:\/\/www.lassebacklund.fi\/?page_id=2159"},"modified":"2016-12-11T08:25:35","modified_gmt":"2016-12-11T07:25:35","slug":"vattenverkssyn-vid-klemets-kvarn-i-september-ar-1897","status":"publish","type":"page","link":"https:\/\/www.lassebacklund.fi\/?page_id=2159","title":{"rendered":"Vattenverkssyn vid Klemets Kvarn i september \u00e5r 1897."},"content":{"rendered":"<h6>Sedan 1600-talet har det funnits n\u00e5gon typ av kvarn i Klemets forsen men det var f\u00f6rst \u00e5r 1897 som guvern\u00f6ren i Vasa f\u00f6rordade att det skulle h\u00e5llas en syn p\u00e5 omr\u00e5det. D\u00e5varande mj\u00f6lnaren Anders Johan Eriksson Klemets hade anh\u00e5llit om tillst\u00e5nd f\u00f6r sin kvarn och i en resolution av den 20 april 1897 best\u00e4mdes att distriktsingeni\u00f6ren F.M. v. Willebrand skulle verkst\u00e4lla en f\u00f6rfattningsenlig syn. Willebrand uts\u00e5g Rudolf Calamnius att utf\u00f6ra synen och den 18 september h\u00f6lls en f\u00f6rr\u00e4ttning p\u00e5 st\u00e4llet och ett protokoll uppgjordes:<\/h6>\n<p>&nbsp;<\/p>\n<p><span style=\"color: #000080;\">\u201dTill f\u00f6rr\u00e4ttningsst\u00e4llet hade f\u00f6rutom undertecknad och som godem\u00e4n tillkallade b\u00f6nderna Johan Viktor Lillkull och Viktor Josefsson Klemets infunnit sig endast s\u00f6kanden.<\/span><\/p>\n<p><span style=\"color: #000080;\">Tillfr\u00e5gade erk\u00e4nde de n\u00e4rvarande att f\u00f6rr\u00e4ttningen var i laga ordning kungjord samt att godem\u00e4nnen voro oj\u00e4fvige.<\/span><\/p>\n<p><span style=\"color: #000080;\">Uti vattendraget, som upprinner inom Stor\u00e5 socken och utfaller ungef\u00e4r 10 km s\u00f6derom Kristinestad i saltsj\u00f6n, idkas flottning af skogsalster men ingen b\u00e5tfart och fiske aldeles obetydligt.<\/span><\/p>\n<p><span style=\"color: #000080;\">N\u00e4rmast ofvanom anl\u00e4ggningsst\u00e4llet som befinner sig par km nedanom Lappfj\u00e4rds \u00e5s f\u00f6reningsst\u00e4lle med K\u00e4rjenkoski \u00e5 befintliga vattenv\u00e4rk \u00e4r en kvarn i Riab\u00e4cks fors <span style=\"color: #000000;\">(allts\u00e5 i Gamla forsen eller som vi s\u00e4ger Nylundas forsen)<\/span> p\u00e5 ett afst\u00e5nd af c. 1 km och n\u00e4rmast nedanom befintliga en s\u00e5gkvarn i Storfors p\u00e5 ett afst\u00e5nd af c. 1,5 km fr\u00e5n anl\u00e4ggningsst\u00e4llet.<\/span><\/p>\n<p><span style=\"color: #000080;\">Sedan detta antecknats och intet i sak anf\u00f6rdes begynte synef\u00f6rr\u00e4ttningen \u00e5 anl\u00e4ggningsst\u00e4llet, hvarvid en fixpunkt \u00e5 kartan m\u00e4rkt FP. \u2013 inh\u00f6ggs i en stor sten i \u00e5n ofvanom dammen. Uti forsen befann sig en redan i fullst\u00e4ndigt skick varande kvarn med 2 par stenar f\u00f6r m\u00e4ld och 1 grynv\u00e4rk.<\/span><\/p>\n<p><span style=\"color: #000080;\">En damm af s.k. ripv\u00e4rk var anlagd \u00f6fver hela \u00e5n. Motsatta stranden \u00e4ges af flera b\u00f6nder fr\u00e5n samma Klemets nummer.<\/span><\/p>\n<p><span style=\"color: #000080;\">Tilloppsr\u00e4nnans bredd var 2 m och dess bottenh\u00f6jd 1,12 m under f.p.; afloppsr\u00e4nnan var 2,4 m bred och dess bottenh\u00f6jd 2,2 m under f.p.<\/span><\/p>\n<p><span style=\"color: #000080;\">Vid tillf\u00e4llet gick i forsen 1,73 m<sup>3<\/sup> vatten per sekund och sades att vattenst\u00e5ndet nu var det l\u00e4gsta, som under \u00e5ret f\u00f6rekommer.<\/span><\/p>\n<p><span style=\"color: #000080;\">Den under flodtid genom forsen rinnande vatten \u00f6fver dammen 38,1 m<sup>3<\/sup> och genom kvarnen 2,12 m<sup>3<\/sup>. S\u00e5ledes \u00e4r hela vattenmassan 40,22 m<sup>3<\/sup> per sekund.<\/span><\/p>\n<p><span style=\"color: #000080;\">Utl\u00e5tande:<\/span><\/p>\n<p><span style=\"color: #000080;\">Under f\u00f6ruts\u00e4ttning att s\u00f6kanden \u00e4ger full \u00e4gander\u00e4tt till anl\u00e4ggningsst\u00e4llet och vattenkraften, hvilket ej heller af n\u00e5gon bestrides och som ingen emotsatt sig v\u00e4rkets anl\u00e4ggning, f\u00e5r jag f\u00f6resl\u00e5, d\u00e5 d\u00e4rigenom ingen skada torde kunna f\u00f6rorsakas hvarken \u00f6fver- eller under-byggare, att s\u00f6kanden f\u00e5r bibeh\u00e5lla sin kvarn i det skick och \u00e5 den plats d\u00e4r den nu befinner sig, men b\u00f6r i dammen, som f\u00e5r \u00e4ga en h\u00f6jd af endast 0,3 m under F.P., mellan punkterna a och b inr\u00e4tta en 12 m bred \u00f6ppning, uti hvilken luckor med tr\u00f6skelh\u00f6jd 1,32 m under F.P. f\u00e5 anbringas. Dessa luckor b\u00f6ra \u00f6ppenh\u00e5llas v\u00e5rtid vid fiskens uppstigande, vid intr\u00e4ffande flottning af skogsalster samt alltid s\u00e5 snart vattnet n\u00e5r en h\u00f6jd \u00f6fver 0,3 m under F.P. S\u00e5lunda aflupit och f\u00f6r de n\u00e4rvarande uppl\u00e4sts. Ort och tid som ofvan. Bifogas karta \u00f6fver anl\u00e4ggningsst\u00e4llet i 2 exx. j\u00e4mte profiler.<\/span><\/p>\n<p><span style=\"color: #000080;\">Rudolf Calamnius.<\/span><\/p>\n<p><span style=\"color: #000080;\">Granskat F.M. v. Willebrand.\u201d<\/span><\/p>\n<figure id=\"attachment_1559\" aria-describedby=\"caption-attachment-1559\" style=\"width: 1366px\" class=\"wp-caption alignnone\"><img loading=\"lazy\" decoding=\"async\" class=\"size-full wp-image-1559\" src=\"http:\/\/www.lassebacklund.fi\/wp-content\/uploads\/2016\/10\/2-15.jpg\" alt=\"P\u00e5 denna karta fr\u00e5n \u00e5r 1897 ser vi kvarnens placering p\u00e5 norra sidan av Lappfj\u00e4rds \u00e5. \" width=\"1366\" height=\"948\" srcset=\"https:\/\/www.lassebacklund.fi\/wp-content\/uploads\/2016\/10\/2-15.jpg 1366w, https:\/\/www.lassebacklund.fi\/wp-content\/uploads\/2016\/10\/2-15-300x208.jpg 300w, https:\/\/www.lassebacklund.fi\/wp-content\/uploads\/2016\/10\/2-15-768x533.jpg 768w, https:\/\/www.lassebacklund.fi\/wp-content\/uploads\/2016\/10\/2-15-1024x711.jpg 1024w\" sizes=\"auto, (max-width: 1366px) 100vw, 1366px\" \/><figcaption id=\"caption-attachment-1559\" class=\"wp-caption-text\">P\u00e5 denna karta fr\u00e5n \u00e5r 1897 ser vi kvarnens placering p\u00e5 norra sidan av Lappfj\u00e4rds \u00e5. I h\u00f6gra kanten s\u00e5 syns den sten i \u00e5n d\u00e4r fixpunkten (F.P.) \u00e4r inhackad. Utg\u00e5ende fr\u00e5n denna fixpunkt best\u00e4mdes h\u00f6jden p\u00e5 dammen.<\/figcaption><\/figure>\n<p>&nbsp;<\/p>\n","protected":false},"excerpt":{"rendered":"<p>Sedan 1600-talet har det funnits n\u00e5gon typ av kvarn i Klemets forsen men det var f\u00f6rst \u00e5r 1897 som guvern\u00f6ren i Vasa f\u00f6rordade att det skulle h\u00e5llas en syn p\u00e5 omr\u00e5det. D\u00e5varande mj\u00f6lnaren Anders Johan Eriksson Klemets hade anh\u00e5llit om <a class=\"more-link\" href=\"https:\/\/www.lassebacklund.fi\/?page_id=2159\">Forts\u00e4tt l\u00e4sa <span class=\"screen-reader-text\">  Vattenverkssyn vid Klemets Kvarn i september \u00e5r 1897.<\/span><span class=\"meta-nav\">&rarr;<\/span><\/a><\/p>\n","protected":false},"author":1,"featured_media":0,"parent":1587,"menu_order":0,"comment_status":"closed","ping_status":"closed","template":"","meta":{"footnotes":""},"class_list":["post-2159","page","type-page","status-publish","hentry"],"_links":{"self":[{"href":"https:\/\/www.lassebacklund.fi\/index.php?rest_route=\/wp\/v2\/pages\/2159","targetHints":{"allow":["GET"]}}],"collection":[{"href":"https:\/\/www.lassebacklund.fi\/index.php?rest_route=\/wp\/v2\/pages"}],"about":[{"href":"https:\/\/www.lassebacklund.fi\/index.php?rest_route=\/wp\/v2\/types\/page"}],"author":[{"embeddable":true,"href":"https:\/\/www.lassebacklund.fi\/index.php?rest_route=\/wp\/v2\/users\/1"}],"replies":[{"embeddable":true,"href":"https:\/\/www.lassebacklund.fi\/index.php?rest_route=%2Fwp%2Fv2%2Fcomments&post=2159"}],"version-history":[{"count":3,"href":"https:\/\/www.lassebacklund.fi\/index.php?rest_route=\/wp\/v2\/pages\/2159\/revisions"}],"predecessor-version":[{"id":2162,"href":"https:\/\/www.lassebacklund.fi\/index.php?rest_route=\/wp\/v2\/pages\/2159\/revisions\/2162"}],"up":[{"embeddable":true,"href":"https:\/\/www.lassebacklund.fi\/index.php?rest_route=\/wp\/v2\/pages\/1587"}],"wp:attachment":[{"href":"https:\/\/www.lassebacklund.fi\/index.php?rest_route=%2Fwp%2Fv2%2Fmedia&parent=2159"}],"curies":[{"name":"wp","href":"https:\/\/api.w.org\/{rel}","templated":true}]}}