{"id":21555,"date":"2022-02-06T13:34:22","date_gmt":"2022-02-06T11:34:22","guid":{"rendered":"https:\/\/www.lassebacklund.fi\/?page_id=21555"},"modified":"2025-07-24T21:51:04","modified_gmt":"2025-07-24T18:51:04","slug":"nils-gronlunds-gard-pa-sunnantillvagen-164","status":"publish","type":"page","link":"https:\/\/www.lassebacklund.fi\/?page_id=21555","title":{"rendered":"Nils Gr\u00f6nlunds g\u00e5rd p\u00e5 Sunnantillv\u00e4gen 164"},"content":{"rendered":"<figure id=\"attachment_21558\" aria-describedby=\"caption-attachment-21558\" style=\"width: 1408px\" class=\"wp-caption alignnone\"><img loading=\"lazy\" decoding=\"async\" class=\"size-full wp-image-21558\" src=\"https:\/\/www.lassebacklund.fi\/wp-content\/uploads\/2022\/02\/Gronlund-Nils-gard-2018-2.jpg\" alt=\"\" width=\"1408\" height=\"1056\" srcset=\"https:\/\/www.lassebacklund.fi\/wp-content\/uploads\/2022\/02\/Gronlund-Nils-gard-2018-2.jpg 1408w, https:\/\/www.lassebacklund.fi\/wp-content\/uploads\/2022\/02\/Gronlund-Nils-gard-2018-2-300x225.jpg 300w, https:\/\/www.lassebacklund.fi\/wp-content\/uploads\/2022\/02\/Gronlund-Nils-gard-2018-2-1024x768.jpg 1024w, https:\/\/www.lassebacklund.fi\/wp-content\/uploads\/2022\/02\/Gronlund-Nils-gard-2018-2-768x576.jpg 768w\" sizes=\"auto, (max-width: 1408px) 100vw, 1408px\" \/><figcaption id=\"caption-attachment-21558\" class=\"wp-caption-text\">Byggandet av den h\u00e4r g\u00e5rden \u201d\u00e5p S\u00e5nan\u201d p\u00e5 Sunnantillv\u00e4gen 164 p\u00e5b\u00f6rjades \u00e5r 1948 och det slutf\u00f6rdes f\u00f6rst 1962. G\u00e5rden tillh\u00f6rde bonden Nils Gr\u00f6nlund (f.1925-d.14.5.2021) och det var han sj\u00e4lv som gjorde det mesta av arbetet. Fotot fr\u00e5n sommaren 2018.<\/figcaption><\/figure>\n<p><span style=\"color: #000080;\"><strong>Sammanst\u00e4llt av Lasse Backlund i februari 2022, med hj\u00e4lp av Nils Gr\u00f6nlund och hans dotter Eva.<\/strong><\/span><\/p>\n<h3><strong>G\u00e5rdens och hemmets historia<\/strong><\/h3>\n<p>Nils Gr\u00f6nlund (f.1925-d.14.5.2021), som kallades &#8221;Dal Nils&#8221;, f\u00f6ddes och v\u00e4xte upp p\u00e5 den <a href=\"https:\/\/www.lassebacklund.fi\/?page_id=2370\">andra sidan Sunnantillv\u00e4gen,<\/a> d\u00e4r hans barndomshem fortfarande st\u00e5r kvar. Nils var son till bonden Frans Gr\u00f6nlund (1890-1969) och Wilhelmina (f. Hoxell i Lappfj\u00e4rd 1891-1970).<\/p>\n<p>Trots sin unga \u00e5lder deltog Nils i slutskedet av kriget mot ryssarna och efter freden 1944 m\u00e5ste han forts\u00e4tta sin milit\u00e4rtj\u00e4nstg\u00f6ring fram till sommaren 1945. \u00c5r 1948 b\u00f6rjade han egenh\u00e4ndigt bygga en g\u00e5rd p\u00e5 andra sidan av Sunnantillv\u00e4gen. N\u00e5gon hj\u00e4lp beh\u00f6vde han inte, det var endast d\u00e5 tak\u00e5sarna skulle lyftas p\u00e5 plats som \u201dErikas\u201d Gunnar Vesterg\u00e5rd var med och hj\u00e4lpte till. Johannes <a href=\"https:\/\/www.lassebacklund.fi\/?page_id=3450\">Myllyniemi, som var snickare<\/a> p\u00e5 \u00c5backan tillverkade f\u00f6nstren.<\/p>\n<figure id=\"attachment_21565\" aria-describedby=\"caption-attachment-21565\" style=\"width: 454px\" class=\"wp-caption alignnone\"><img loading=\"lazy\" decoding=\"async\" class=\"size-full wp-image-21565\" src=\"https:\/\/www.lassebacklund.fi\/wp-content\/uploads\/2022\/02\/Nils-i-militaren.jpg\" alt=\"\" width=\"454\" height=\"674\" srcset=\"https:\/\/www.lassebacklund.fi\/wp-content\/uploads\/2022\/02\/Nils-i-militaren.jpg 454w, https:\/\/www.lassebacklund.fi\/wp-content\/uploads\/2022\/02\/Nils-i-militaren-202x300.jpg 202w\" sizes=\"auto, (max-width: 454px) 100vw, 454px\" \/><figcaption id=\"caption-attachment-21565\" class=\"wp-caption-text\">Nils Gr\u00f6nlund i milit\u00e4ren i mitten av 1940-talet.<\/figcaption><\/figure>\n<p>I april 1946 delades hemmanet Sundblom 1:6, s\u00e5 att fadern Frans beh\u00f6ll halva hemmanet och den andra halvan delades mellan de tre s\u00f6nerna Eskil, Nils och Sigvald. D\u00e5 hemmanet, som var lite mer \u00e4n 30 ha stort delades, s\u00e5 betydde det att de tre s\u00f6nerna fick ungef\u00e4r 5 ha var.<\/p>\n<p>Eftersom faderns hemman delades i f\u00f6r sm\u00e5 delar mellan s\u00f6nerna, s\u00e5 gick det inte att livn\u00e4ra sig endast p\u00e5 det. D\u00e4rf\u00f6r flyttade Nils till Sverige \u00e5r 1950, d\u00e4r han b\u00f6rjade arbeta p\u00e5 fabrik. Bygget av g\u00e5rden l\u00e4mnades d\u00e4rf\u00f6r p\u00e5 h\u00e4lft i obeboeligt skick. Nils bes\u00f6kte hemg\u00e5rden sommartid och p\u00e5 h\u00f6sten under sk\u00f6rdetiden men han \u00e5terv\u00e4nde alltid till Sverige efter att sk\u00f6rden var b\u00e4rgad. Vissa arbeten gjordes dock p\u00e5 huset, till exempel Eskil H\u00e4llfors murade skorstenen och Lennart Porander i Perus tillverkade d\u00f6rrarna.<\/p>\n<p>De 5 sista \u00e5ren p\u00e5 1950-talet stannade Nils i Sverige hela tiden och d\u00e5 var nog tanken den att han skulle stanna d\u00e4r f\u00f6r gott. I Sverige tr\u00e4ffade han sin blivande hustru Elna Karlsson fr\u00e5n Solf (1923- 2015) och de gifte sig 1956 och d\u00e4r f\u00f6ddes ocks\u00e5 de tv\u00e5 \u00e4ldsta barnen. Elna var dotter till Edvin Karlsson (1899-1945) och Ida (f\u00f6dd Fiskar i Malax 1898-1984).<\/p>\n<figure id=\"attachment_21566\" aria-describedby=\"caption-attachment-21566\" style=\"width: 367px\" class=\"wp-caption alignnone\"><img loading=\"lazy\" decoding=\"async\" class=\"size-full wp-image-21566\" src=\"https:\/\/www.lassebacklund.fi\/wp-content\/uploads\/2022\/02\/Nils-och-Elna-1956.jpg\" alt=\"\" width=\"367\" height=\"575\" srcset=\"https:\/\/www.lassebacklund.fi\/wp-content\/uploads\/2022\/02\/Nils-och-Elna-1956.jpg 367w, https:\/\/www.lassebacklund.fi\/wp-content\/uploads\/2022\/02\/Nils-och-Elna-1956-191x300.jpg 191w\" sizes=\"auto, (max-width: 367px) 100vw, 367px\" \/><figcaption id=\"caption-attachment-21566\" class=\"wp-caption-text\">\u00c5r 1956 gifte sig Nils Gr\u00f6nlund med Elna Karlsson fr\u00e5n Solf.<\/figcaption><\/figure>\n<p>N\u00e4r barnen kom i skol\u00e5ldern besl\u00f6t Nils och Elna \u00e5r 1962 att de skall flytta tillbaka till Finland till den halvf\u00e4rdiga g\u00e5rden, s\u00e5 att barnen kunde g\u00e5 i skola i Dagsmark. Efter hemkomsten fick de \u00e4nnu en son.<\/p>\n<p>Efter hemkomsten blev Nils och Elna b\u00f6nder p\u00e5 en del av Sundblom hemmanet. Nils arbetade ocks\u00e5 mycket p\u00e5 byggen, b\u00e5de som timmerman och som murare.<\/p>\n<p>Redan p\u00e5 1960-talet kom Nils med i kommunalpolitiken och under flera \u00e5r var han ordf\u00f6rande i SFP:s Dagsmarkavdelning. Mellan \u00e5ren 1984 och 1992 satt han med i stadsfullm\u00e4ktige i Kristinestad och han var ocks\u00e5 ledamot i stadsstyrelsen. F\u00f6rutom de politiska uppdragen har Nils suttit med ocks\u00e5 i styrelsen f\u00f6r Kristinestadsnejdens krigsinvalider och i Sydbottens Natur och Milj\u00f6. Naturen var viktig f\u00f6r Nils och fr\u00e4mst d\u00e5 skyddandet av Lappfj\u00e4rds \u00e5. P\u00e5 1970- och 80-talet var Nils aktivt med i <a href=\"https:\/\/www.lassebacklund.fi\/?page_id=7496\">Dagsmark Ungdomsf\u00f6renings<\/a> verksamhet.<\/p>\n<p>Efter pensioneringen \u00f6vertogs hemmanet av f\u00f6ljande generation och \u00e4r s\u00e5ledes fortfarande i sl\u00e4ktens \u00e4go.<\/p>\n<p><span style=\"color: #000080;\"><strong>Nils Gr\u00f6nlunds dotter Eva, som bor i Vasa har tecknat dessa minnesbilder om livet &#8221;\u00e5p Dalin \u00e5p S\u00e5nan&#8221;:<\/strong><\/span><\/p>\n<h5><strong>\u00c4ventyrligt i Axels aff\u00e4r i staden.<\/strong><\/h5>\n<p>Nils Gr\u00f6nlunds far Frans hade deltagit i frihetskriget 1918 och deltog i striderna i Lemp\u00e4\u00e4l\u00e4 \u2013 Lahtis. I samma kompani som Frans fanns handlanden Axel Nelson fr\u00e5n Lappfj\u00e4rd, <a href=\"https:\/\/www.lassebacklund.fi\/?page_id=6505\">Erland Rosenback (Lena-Erland)<\/a> och E-A Sj\u00f6holm fr\u00e5n Lillsj\u00f6.<\/p>\n<p>D\u00e5 Nils v\u00e4xte upp brukade han tillsammans med Frans h\u00e4lsa p\u00e5 Axel Nelson i hans butik i Kristinestad. Nils var med och fick h\u00f6ra p\u00e5 ber\u00e4ttelser om krigsminnen fr\u00e5n Tammerfors. En g\u00e5ng i b\u00f6rjan av \u00e5r 1939 blev det flygalarm och Nelsons butik m\u00e5ste utrymmas. Frans som just hade provat st\u00f6vlar fick springa ut med en st\u00f6vel.<\/p>\n<h5><strong>Vad som odlades i barndomshemmet.<\/strong><\/h5>\n<p>I barndomen odlades r\u00e5g, men ocks\u00e5 korn, vete och havre. Potatis odlades ner mot \u00e5n bakom huset.\u00a0 Potatislandet gr\u00e4ftades upp men senare k\u00f6ptes en \u201dp\u00e4ronspr\u00e4tt\u201d som drogs av 2 h\u00e4star. Uppe i Bymossen odlades tidvis rovor. De var gula och goda.<\/p>\n<h5><strong>Brandtillbud hos \u201dDal Frans\u201d.<\/strong><\/h5>\n<p>Det h\u00f6ll p\u00e5 att g\u00e5 illa d\u00e5 det b\u00f6rjade brinna p\u00e5 taket i hemg\u00e5rden p\u00e5 Dalen i b\u00f6rjan p\u00e5 1930-talet. Hj\u00e4lp med sl\u00e4ckning av branden kom fr\u00e5n andra sidan \u00e5n d\u00e5 bl.a. m\u00e4nnen fr\u00e5n <a href=\"https:\/\/www.lassebacklund.fi\/?page_id=494\">Nystr\u00f6mas<\/a> kom \u00f6ver med \u00f6jkstock och hj\u00e4lpte till. Niklas Nystr\u00f6m beundrades d\u00e5 han med ett \u00e4mbar med vatten i var hand gick upp f\u00f6r stegen f\u00f6r att sl\u00e4cka branden. Sl\u00e4ckningsarbetet lyckades. S\u00e4kert blev det en del reparationsarbete och \u00e4nnu finns m\u00e4rken av sotigt tr\u00e4virke under taket invid muren.<\/p>\n<h5><strong>\u201dMorgonstund har guld i mun\u201d.\u00a0 <\/strong><\/h5>\n<p>Frans brukade stiga upp tidigt p\u00e5 sommarmorgnarna, redan kl. 4. Han slamrade d\u00e5 i d\u00f6rrarna s\u00e5 att de andra skulle stiga upp. I h\u00f6b\u00e4rgningstider for han och b\u00f6rjade sl\u00e5 h\u00f6 med sl\u00e5ttermaskinen den tiden. D\u00e5 Nils kom n\u00e5gra timmar senare f\u00f6r att r\u00e4fsa dikesrenarna h\u00f6rde han i bland Frans sitta och sjunga p\u00e5 sl\u00e5ttermaskinen. Han sj\u00f6ng \u201dhur h\u00e4rligt s\u00e5ngen klingar\u201d, men slutade strax sjunga d\u00e5 han m\u00e4rkte att Nils kommit.<\/p>\n<h5><strong>Goda bullar fr\u00e5n stadin.<\/strong><\/h5>\n<p>Frans for till staden tillsammans med Halt-Erik Asplund som skulle ha en \u201dlillvelt\u201d att ploga med. Sonen Nils var med p\u00e5 resan. Frans fick b\u00e4ra den till Halt-Eriks h\u00e4stk\u00e4rra eftersom Halt-Erik inte kunde b\u00e4ra sj\u00e4lv. B\u00e5da karlarna hade tagit n\u00e5gon sup och Halt-Erik hade dessutom k\u00f6pt 2 p\u00e5sar med bullar. Nils fick \u00e4ta ena p\u00e5sen med bullar, men den andra skulle Erik ha till kaffet. I Lappfj\u00e4rd gick Erik och Frans in p\u00e5 Radiokafe\u00e9t och var d\u00e4r s\u00e5 l\u00e4nge, s\u00e5 att Nils \u00e5t upp ocks\u00e5 den andra bullap\u00e5sen medan han vaktade h\u00e4starna.<\/p>\n<h5><strong>Nils sparkad av trilskande h\u00e4st.<\/strong><\/h5>\n<p>P\u00e5 somrarna for man med h\u00e4st och linjalsk\u00e4rran till <a href=\"https:\/\/www.lassebacklund.fi\/?page_id=15223\">Lappfj\u00e4rds kyrka.<\/a> N\u00e5gon av flickorna tog en g\u00e5ng h\u00e4st och k\u00e4rra f\u00f6r att h\u00e4mta en syster som kom med buss till Lappfj\u00e4rd. H\u00e4sten var ung och b\u00f6rjade skena i Lappfj\u00e4rd och d\u00e5 de f\u00e5tt den att stanna skickade de bud till Dagsmark att de inte v\u00e5gade k\u00f6ra hem den. Nils for ner till Lappfj\u00e4rd och d\u00e5 han b\u00f6rjade k\u00f6ra h\u00e4sten for skalmarna upp. Han lutade sig fram f\u00f6r att f\u00e5 ner skalmarna och d\u00e5 sparkade h\u00e4sten honom p\u00e5 v\u00e4nstra ansiktshalvan s\u00e5 att han skadades och blev medvetsl\u00f6s. Han f\u00f6rdes till sjukhus och fick stanna d\u00e4r flera dagar. H\u00e4sten sprang hem till Dagsmark med en skalm i beh\u00e5llning och delar av linjalsk\u00e4rran hittades p\u00e5 Kol\u00e4ngen. Nils kom i h\u00e5g att d\u00e5 han vaknade p\u00e5 sjukhuset var allt blodigt. N\u00e4r han fick fara hem skedde det med en buss som till h\u00e4lften fraktade varor och till h\u00e4lften folk. Han var i svagt tillst\u00e5nd efter blodf\u00f6rlusten och fick vila flera g\u00e5nger p\u00e5 v\u00e4gen hem via <a href=\"https:\/\/www.lassebacklund.fi\/?page_id=1551\">L\u00e5ngas bron.<\/a><\/p>\n<h5><strong>Pr\u00e4st p\u00e5 villov\u00e4gar.<\/strong><\/h5>\n<p>Nils yngsta syster Signhild f\u00f6ddes 1936, (d. 2021). Dopet skulle ske ganska snart efter det. Man kontaktade pr\u00e4stg\u00e5rden och pr\u00e4sten Stjernberg, som d\u00e5 var ny i tj\u00e4nsten skulle komma upp till <a href=\"https:\/\/www.lassebacklund.fi\/?page_id=1928\">Dagsmarks b\u00f6nehus<\/a> till en f\u00f6rklaring samma dag som dopet skulle h\u00e5llas. Han skulle komma med cykel fr\u00e5n Lappfj\u00e4rd och storabror Sigvald skulle m\u00f6ta honom vid andra sidan \u00e5n vid <a href=\"https:\/\/www.lassebacklund.fi\/?page_id=1551\">L\u00e5ngasbron,<\/a> s\u00e5 att han skulle veta var han skulle ta sig \u00f6ver till andra sidan. Stjernberg hade dock sett att det gick att ta sig \u00f6ver p\u00e5 tv\u00e5 breda plankor redan vid <a href=\"https:\/\/www.lassebacklund.fi\/?page_id=1761\">Storfors<\/a> och g\u00e5tt \u00f6ver d\u00e4r. Turligt nog s\u00e5g Sigvald en svartkl\u00e4dd person komma cyklande \u00f6ver Kol\u00e4ngen och Sigvald fick fara \u00f6ver tillbaka och visa pr\u00e4sten till Gr\u00f6nlunds.<\/p>\n<p>Dopet h\u00f6lls hemma i \u201dframastugon\u201d. Pr\u00e4sten satt kvar efter dopet och ber\u00e4ttade hur tr\u00f6skningen med lie hade g\u00e5tt till i Borg\u00e5trakten d\u00e4rifr\u00e5n han kom. Han hade upplevt det tunga arbetet med att tr\u00f6ska.<\/p>\n<h5><strong>Gr\u00f6nlunds krigsveteraner.<\/strong><\/h5>\n<p>Sigvald, Eskil och Nils deltog alla i kriget. Sigvald som var \u00e4ldst s\u00e5rades sv\u00e5rt i ansiktet. Budet om att han s\u00e5rats kom via <a href=\"https:\/\/www.lassebacklund.fi\/?page_id=3542\">telefoncentralen<\/a> uppe i byn. Sigvald kom hem, han hade mist ett \u00f6ga och ansiktet var skadat. Han fick m\u00f6jlighet att fara till Stockholm, f\u00f6r att f\u00e5 v\u00e5rd f\u00f6r sina skador. Han bosatte sig ocks\u00e5 i Stockholm d\u00e4r han gifte sig och d\u00e4r han arbetade bl.a. som bilm\u00e5lare. Han byggde ocks\u00e5 sig en sommarstuga i Dagsmark.<\/p>\n<p>Brodern Eskil skadades ocks\u00e5 i kriget och vistades p\u00e5 krigssjukhus i Vasa. Hans skador var dock lindrigare. Han vistades en tid i \u00c5land och bosatte sig sedan p\u00e5 K\u00f6pmansgatan i Gamla Vasa. Han arbetade som torghandlare i Vasa. P\u00e5 \u00e4ldre dar flyttade han med sin hustru till hennes hemby Terj\u00e4rv och han bodde d\u00e4r s\u00e5 l\u00e4nge hustrun Nanny levde. Efter det flyttade han tillbaka till Skolhusgatan i Vasa.<\/p>\n<h3><strong>Foton.<\/strong><\/h3>\n<figure id=\"attachment_21562\" aria-describedby=\"caption-attachment-21562\" style=\"width: 1581px\" class=\"wp-caption alignnone\"><img loading=\"lazy\" decoding=\"async\" class=\"size-full wp-image-21562\" src=\"https:\/\/www.lassebacklund.fi\/wp-content\/uploads\/2022\/02\/Gronlund-Nils-1.jpg\" alt=\"\" width=\"1581\" height=\"921\" srcset=\"https:\/\/www.lassebacklund.fi\/wp-content\/uploads\/2022\/02\/Gronlund-Nils-1.jpg 1581w, https:\/\/www.lassebacklund.fi\/wp-content\/uploads\/2022\/02\/Gronlund-Nils-1-300x175.jpg 300w, https:\/\/www.lassebacklund.fi\/wp-content\/uploads\/2022\/02\/Gronlund-Nils-1-1024x597.jpg 1024w, https:\/\/www.lassebacklund.fi\/wp-content\/uploads\/2022\/02\/Gronlund-Nils-1-768x447.jpg 768w, https:\/\/www.lassebacklund.fi\/wp-content\/uploads\/2022\/02\/Gronlund-Nils-1-1536x895.jpg 1536w\" sizes=\"auto, (max-width: 1581px) 100vw, 1581px\" \/><figcaption id=\"caption-attachment-21562\" class=\"wp-caption-text\">G\u00e5rden fotograferad fr\u00e5n norr v\u00e5ren 2003.<\/figcaption><\/figure>\n<figure id=\"attachment_21557\" aria-describedby=\"caption-attachment-21557\" style=\"width: 1408px\" class=\"wp-caption alignnone\"><img loading=\"lazy\" decoding=\"async\" class=\"size-full wp-image-21557\" src=\"https:\/\/www.lassebacklund.fi\/wp-content\/uploads\/2022\/02\/Gronlund-Nils-gard-2018-1.jpg\" alt=\"\" width=\"1408\" height=\"1056\" srcset=\"https:\/\/www.lassebacklund.fi\/wp-content\/uploads\/2022\/02\/Gronlund-Nils-gard-2018-1.jpg 1408w, https:\/\/www.lassebacklund.fi\/wp-content\/uploads\/2022\/02\/Gronlund-Nils-gard-2018-1-300x225.jpg 300w, https:\/\/www.lassebacklund.fi\/wp-content\/uploads\/2022\/02\/Gronlund-Nils-gard-2018-1-1024x768.jpg 1024w, https:\/\/www.lassebacklund.fi\/wp-content\/uploads\/2022\/02\/Gronlund-Nils-gard-2018-1-768x576.jpg 768w\" sizes=\"auto, (max-width: 1408px) 100vw, 1408px\" \/><figcaption id=\"caption-attachment-21557\" class=\"wp-caption-text\">Den h\u00e4r 60 \u00e5r gamla g\u00e5rden \u00e4r byggd av rappat tegel. Efter att \u00e4garen Nils Gr\u00f6nlund avled \u00e5r 2021, s\u00e5 \u00e4r g\u00e5rden obebodd.<\/figcaption><\/figure>\n<figure id=\"attachment_21588\" aria-describedby=\"caption-attachment-21588\" style=\"width: 793px\" class=\"wp-caption alignnone\"><img loading=\"lazy\" decoding=\"async\" class=\"size-full wp-image-21588\" src=\"https:\/\/www.lassebacklund.fi\/wp-content\/uploads\/2022\/02\/Nils-i-skogsarbete.jpg\" alt=\"\" width=\"793\" height=\"584\" srcset=\"https:\/\/www.lassebacklund.fi\/wp-content\/uploads\/2022\/02\/Nils-i-skogsarbete.jpg 793w, https:\/\/www.lassebacklund.fi\/wp-content\/uploads\/2022\/02\/Nils-i-skogsarbete-300x221.jpg 300w, https:\/\/www.lassebacklund.fi\/wp-content\/uploads\/2022\/02\/Nils-i-skogsarbete-768x566.jpg 768w\" sizes=\"auto, (max-width: 793px) 100vw, 793px\" \/><figcaption id=\"caption-attachment-21588\" class=\"wp-caption-text\">P\u00e5 1950-talet var det bland annat skogsarbete som g\u00e4llde f\u00f6r Nils under tiden i Sverige.<\/figcaption><\/figure>\n<figure id=\"attachment_21569\" aria-describedby=\"caption-attachment-21569\" style=\"width: 746px\" class=\"wp-caption alignnone\"><img loading=\"lazy\" decoding=\"async\" class=\"size-full wp-image-21569\" src=\"https:\/\/www.lassebacklund.fi\/wp-content\/uploads\/2022\/02\/Nils-Runar-och-Elis-1979.jpg\" alt=\"\" width=\"746\" height=\"498\" srcset=\"https:\/\/www.lassebacklund.fi\/wp-content\/uploads\/2022\/02\/Nils-Runar-och-Elis-1979.jpg 746w, https:\/\/www.lassebacklund.fi\/wp-content\/uploads\/2022\/02\/Nils-Runar-och-Elis-1979-300x200.jpg 300w\" sizes=\"auto, (max-width: 746px) 100vw, 746px\" \/><figcaption id=\"caption-attachment-21569\" class=\"wp-caption-text\">Nils Gr\u00f6nlund satt l\u00e4nge i styrelsen f\u00f6r Dagsmark Elandelslag och d\u00e5 det upph\u00f6rde 1979 s\u00e5 tillf\u00f6ll en stor del av tillg\u00e5ngarna Dagsmark ungdomsf\u00f6rening. I mitten sitter disponenten Runar Grans och till h\u00f6ger Elis Nygren.<\/figcaption><\/figure>\n<figure id=\"attachment_21568\" aria-describedby=\"caption-attachment-21568\" style=\"width: 953px\" class=\"wp-caption alignnone\"><img loading=\"lazy\" decoding=\"async\" class=\"size-full wp-image-21568\" src=\"https:\/\/www.lassebacklund.fi\/wp-content\/uploads\/2022\/02\/Nils-och-skolans-direktion.jpg\" alt=\"\" width=\"953\" height=\"631\" srcset=\"https:\/\/www.lassebacklund.fi\/wp-content\/uploads\/2022\/02\/Nils-och-skolans-direktion.jpg 953w, https:\/\/www.lassebacklund.fi\/wp-content\/uploads\/2022\/02\/Nils-och-skolans-direktion-300x199.jpg 300w, https:\/\/www.lassebacklund.fi\/wp-content\/uploads\/2022\/02\/Nils-och-skolans-direktion-768x509.jpg 768w\" sizes=\"auto, (max-width: 953px) 100vw, 953px\" \/><figcaption id=\"caption-attachment-21568\" class=\"wp-caption-text\">Nils Gr\u00f6nlund satt i flera \u00e5r i direktionen f\u00f6r Dagsmark folkskola. Fotot fr\u00e5n l\u00e4rarrummet \u00e4r taget 1979 och fr\u00e5n v\u00e4nster sitter l\u00e4raren Nils Bergman och f\u00f6ljande \u00e4r ledam\u00f6terna Egil Norrvik och Nils Gr\u00f6nlund. L\u00e4ngst bak sitter l\u00e4rarinnan Celia Bergman och f\u00f6ljande \u00e4r ledam\u00f6terna Adele Gr\u00f6ndahl, Gunbert Hammarberg och Elgot Berg.<\/figcaption><\/figure>\n<figure id=\"attachment_21572\" aria-describedby=\"caption-attachment-21572\" style=\"width: 886px\" class=\"wp-caption alignnone\"><img loading=\"lazy\" decoding=\"async\" class=\"size-full wp-image-21572\" src=\"https:\/\/www.lassebacklund.fi\/wp-content\/uploads\/2022\/02\/Nils-i-KT-1992..jpg\" alt=\"\" width=\"886\" height=\"723\" srcset=\"https:\/\/www.lassebacklund.fi\/wp-content\/uploads\/2022\/02\/Nils-i-KT-1992..jpg 886w, https:\/\/www.lassebacklund.fi\/wp-content\/uploads\/2022\/02\/Nils-i-KT-1992.-300x245.jpg 300w, https:\/\/www.lassebacklund.fi\/wp-content\/uploads\/2022\/02\/Nils-i-KT-1992.-768x627.jpg 768w\" sizes=\"auto, (max-width: 886px) 100vw, 886px\" \/><figcaption id=\"caption-attachment-21572\" class=\"wp-caption-text\">Nils satt i stadsfullm\u00e4ktige i Kristinestad fr\u00e5n \u00e5r1984 till 1992, d\u00e5 han inte l\u00e4ngre st\u00e4llde upp f\u00f6r omval. Bilden fr\u00e5n Kristinestads Tidning, som gjorde ett reportage om honom, d\u00e5 han slutade inom politiken.<\/figcaption><\/figure>\n<figure id=\"attachment_21571\" aria-describedby=\"caption-attachment-21571\" style=\"width: 1036px\" class=\"wp-caption alignnone\"><img loading=\"lazy\" decoding=\"async\" class=\"size-full wp-image-21571\" src=\"https:\/\/www.lassebacklund.fi\/wp-content\/uploads\/2022\/02\/Minnesalbum-1990.jpg\" alt=\"\" width=\"1036\" height=\"620\" srcset=\"https:\/\/www.lassebacklund.fi\/wp-content\/uploads\/2022\/02\/Minnesalbum-1990.jpg 1036w, https:\/\/www.lassebacklund.fi\/wp-content\/uploads\/2022\/02\/Minnesalbum-1990-300x180.jpg 300w, https:\/\/www.lassebacklund.fi\/wp-content\/uploads\/2022\/02\/Minnesalbum-1990-1024x613.jpg 1024w, https:\/\/www.lassebacklund.fi\/wp-content\/uploads\/2022\/02\/Minnesalbum-1990-768x460.jpg 768w\" sizes=\"auto, (max-width: 1036px) 100vw, 1036px\" \/><figcaption id=\"caption-attachment-21571\" class=\"wp-caption-text\">I b\u00f6rjan av 1990-talet gjorde Kristinestadsnejdens krigsveteraner fyra minnesalbum \u00f6ver de som hade stupat i de senaste krigen. F\u00f6r Lappfj\u00e4rd gjordes ett eget album och Kristinestad, Sideby och Tj\u00f6ck fick ocks\u00e5 egna album. Nils Gr\u00f6nlund som sitter l\u00e4ngst till v\u00e4nster var ordf\u00f6rande i den kommitt\u00e9 som sammanst\u00e4llde albumen och de \u00f6vriga medlemmarna var Eric Stens, Henry Lassfolk, Helmer Bergvik, Birger Ingves och Helmer Hansas. Bilden tagen ur Kristinestads Tidning.<\/figcaption><\/figure>\n<figure id=\"attachment_21574\" aria-describedby=\"caption-attachment-21574\" style=\"width: 1026px\" class=\"wp-caption alignnone\"><img loading=\"lazy\" decoding=\"async\" class=\"size-full wp-image-21574\" src=\"https:\/\/www.lassebacklund.fi\/wp-content\/uploads\/2022\/02\/Nils-pa-Geritrim-vid-kaffebordet.jpg\" alt=\"\" width=\"1026\" height=\"590\" srcset=\"https:\/\/www.lassebacklund.fi\/wp-content\/uploads\/2022\/02\/Nils-pa-Geritrim-vid-kaffebordet.jpg 1026w, https:\/\/www.lassebacklund.fi\/wp-content\/uploads\/2022\/02\/Nils-pa-Geritrim-vid-kaffebordet-300x173.jpg 300w, https:\/\/www.lassebacklund.fi\/wp-content\/uploads\/2022\/02\/Nils-pa-Geritrim-vid-kaffebordet-1024x589.jpg 1024w, https:\/\/www.lassebacklund.fi\/wp-content\/uploads\/2022\/02\/Nils-pa-Geritrim-vid-kaffebordet-768x442.jpg 768w\" sizes=\"auto, (max-width: 1026px) 100vw, 1026px\" \/><figcaption id=\"caption-attachment-21574\" class=\"wp-caption-text\">Geritrims VD Tony Westerlund f\u00e5r en pratstund med frontveteraner p\u00e5 en fest i mars 2017. Skymd bakom Tony sitter veteranen Arne Bj\u00f6rkskog och f\u00f6ljande \u00e4r veteranen Levi Berglund. P\u00e5 andra sidan bordet fr\u00e5n h\u00f6ger krigsinvaliden Nils Sigg, f\u00f6ljande \u00e4r veteranerna Nils Gr\u00f6nlund, Tor-Erik Kronman och \u00c5ke Kvarng\u00e5rd.<\/figcaption><\/figure>\n<figure id=\"attachment_21578\" aria-describedby=\"caption-attachment-21578\" style=\"width: 1078px\" class=\"wp-caption alignnone\"><img loading=\"lazy\" decoding=\"async\" class=\"size-full wp-image-21578\" src=\"https:\/\/www.lassebacklund.fi\/wp-content\/uploads\/2022\/02\/Nils-pa-Geritrim-2017.jpg\" alt=\"\" width=\"1078\" height=\"686\" srcset=\"https:\/\/www.lassebacklund.fi\/wp-content\/uploads\/2022\/02\/Nils-pa-Geritrim-2017.jpg 1078w, https:\/\/www.lassebacklund.fi\/wp-content\/uploads\/2022\/02\/Nils-pa-Geritrim-2017-300x191.jpg 300w, https:\/\/www.lassebacklund.fi\/wp-content\/uploads\/2022\/02\/Nils-pa-Geritrim-2017-1024x652.jpg 1024w, https:\/\/www.lassebacklund.fi\/wp-content\/uploads\/2022\/02\/Nils-pa-Geritrim-2017-768x489.jpg 768w\" sizes=\"auto, (max-width: 1078px) 100vw, 1078px\" \/><figcaption id=\"caption-attachment-21578\" class=\"wp-caption-text\">Krigsveteraner samlade till fest p\u00e5 Geritrim i Kristinestad \u00e5r 2017. Mitt i bild sitter Nils Gr\u00f6nlund fr\u00e5n Dagsmark.<\/figcaption><\/figure>\n<figure id=\"attachment_21579\" aria-describedby=\"caption-attachment-21579\" style=\"width: 654px\" class=\"wp-caption alignnone\"><img loading=\"lazy\" decoding=\"async\" class=\"size-full wp-image-21579\" src=\"https:\/\/www.lassebacklund.fi\/wp-content\/uploads\/2022\/02\/Nils-pa-julmiddag-2018.jpg\" alt=\"\" width=\"654\" height=\"576\" srcset=\"https:\/\/www.lassebacklund.fi\/wp-content\/uploads\/2022\/02\/Nils-pa-julmiddag-2018.jpg 654w, https:\/\/www.lassebacklund.fi\/wp-content\/uploads\/2022\/02\/Nils-pa-julmiddag-2018-300x264.jpg 300w\" sizes=\"auto, (max-width: 654px) 100vw, 654px\" \/><figcaption id=\"caption-attachment-21579\" class=\"wp-caption-text\">Krigsveteraner samlade p\u00e5 julmiddag p\u00e5 Geritrim \u00e5r 2018, d\u00e4r Nils Gr\u00f6nlund har tagit plats som bords\u00e4ldste. De andra vid bordet \u00e4r fr\u00e5n v\u00e4nster Irja och \u00c5ke Kvarng\u00e5rd och Henry Lundqvist. P\u00e5 andra sidan fr\u00e5n h\u00f6ger sitter V\u00e4in\u00f6 Ij\u00e4s, Magnus Enkulla, Tor-Erik Kronman och Heikki Westerlund.<\/figcaption><\/figure>\n<figure id=\"attachment_21573\" aria-describedby=\"caption-attachment-21573\" style=\"width: 678px\" class=\"wp-caption alignnone\"><img loading=\"lazy\" decoding=\"async\" class=\"size-full wp-image-21573\" src=\"https:\/\/www.lassebacklund.fi\/wp-content\/uploads\/2022\/02\/Nild-med-Kevin.jpg\" alt=\"\" width=\"678\" height=\"738\" srcset=\"https:\/\/www.lassebacklund.fi\/wp-content\/uploads\/2022\/02\/Nild-med-Kevin.jpg 678w, https:\/\/www.lassebacklund.fi\/wp-content\/uploads\/2022\/02\/Nild-med-Kevin-276x300.jpg 276w\" sizes=\"auto, (max-width: 678px) 100vw, 678px\" \/><figcaption id=\"caption-attachment-21573\" class=\"wp-caption-text\">96-\u00e5riga Nils med ett av sina barnbarnsbarn i hemmet p\u00e5 Sunnantillv\u00e4gen i mars 2021 och han dog efter ett par m\u00e5nader, den 14 maj 2021.<\/figcaption><\/figure>\n","protected":false},"excerpt":{"rendered":"<p>Sammanst\u00e4llt av Lasse Backlund i februari 2022, med hj\u00e4lp av Nils Gr\u00f6nlund och hans dotter Eva. G\u00e5rdens och hemmets historia Nils Gr\u00f6nlund (f.1925-d.14.5.2021), som kallades &#8221;Dal Nils&#8221;, f\u00f6ddes och v\u00e4xte upp p\u00e5 den andra sidan Sunnantillv\u00e4gen, d\u00e4r hans barndomshem fortfarande <a class=\"more-link\" href=\"https:\/\/www.lassebacklund.fi\/?page_id=21555\">Forts\u00e4tt l\u00e4sa <span class=\"screen-reader-text\">  Nils Gr\u00f6nlunds g\u00e5rd p\u00e5 Sunnantillv\u00e4gen 164<\/span><span class=\"meta-nav\">&rarr;<\/span><\/a><\/p>\n","protected":false},"author":1,"featured_media":0,"parent":90,"menu_order":164,"comment_status":"closed","ping_status":"closed","template":"","meta":{"footnotes":""},"class_list":["post-21555","page","type-page","status-publish","hentry"],"_links":{"self":[{"href":"https:\/\/www.lassebacklund.fi\/index.php?rest_route=\/wp\/v2\/pages\/21555","targetHints":{"allow":["GET"]}}],"collection":[{"href":"https:\/\/www.lassebacklund.fi\/index.php?rest_route=\/wp\/v2\/pages"}],"about":[{"href":"https:\/\/www.lassebacklund.fi\/index.php?rest_route=\/wp\/v2\/types\/page"}],"author":[{"embeddable":true,"href":"https:\/\/www.lassebacklund.fi\/index.php?rest_route=\/wp\/v2\/users\/1"}],"replies":[{"embeddable":true,"href":"https:\/\/www.lassebacklund.fi\/index.php?rest_route=%2Fwp%2Fv2%2Fcomments&post=21555"}],"version-history":[{"count":18,"href":"https:\/\/www.lassebacklund.fi\/index.php?rest_route=\/wp\/v2\/pages\/21555\/revisions"}],"predecessor-version":[{"id":24373,"href":"https:\/\/www.lassebacklund.fi\/index.php?rest_route=\/wp\/v2\/pages\/21555\/revisions\/24373"}],"up":[{"embeddable":true,"href":"https:\/\/www.lassebacklund.fi\/index.php?rest_route=\/wp\/v2\/pages\/90"}],"wp:attachment":[{"href":"https:\/\/www.lassebacklund.fi\/index.php?rest_route=%2Fwp%2Fv2%2Fmedia&parent=21555"}],"curies":[{"name":"wp","href":"https:\/\/api.w.org\/{rel}","templated":true}]}}