{"id":2098,"date":"2016-11-20T21:18:08","date_gmt":"2016-11-20T20:18:08","guid":{"rendered":"http:\/\/www.lassebacklund.fi\/?page_id=2098"},"modified":"2026-04-24T22:34:39","modified_gmt":"2026-04-24T19:34:39","slug":"ekbergs-eller-anas-pa-sunnantillvagen-70","status":"publish","type":"page","link":"https:\/\/www.lassebacklund.fi\/?page_id=2098","title":{"rendered":"Ekbergs eller \u00c5n\u00e4s p\u00e5 Sunnantillv\u00e4gen 70"},"content":{"rendered":"<figure id=\"attachment_2092\" aria-describedby=\"caption-attachment-2092\" style=\"width: 948px\" class=\"wp-caption alignnone\"><img loading=\"lazy\" decoding=\"async\" class=\"size-full wp-image-2092\" src=\"http:\/\/www.lassebacklund.fi\/wp-content\/uploads\/2016\/11\/12-5.jpg\" alt=\"S\u00e5 h\u00e4r s\u00e5g g\u00e5rden ut ca 1915. Personerna p\u00e5 Viktor Nylunds foto st\u00e5r p\u00e5 Sunnantillv\u00e4gen. Fotografiet fr\u00e5n Traditionsarkivet i Vasa.\" width=\"948\" height=\"513\" srcset=\"https:\/\/www.lassebacklund.fi\/wp-content\/uploads\/2016\/11\/12-5.jpg 948w, https:\/\/www.lassebacklund.fi\/wp-content\/uploads\/2016\/11\/12-5-300x162.jpg 300w, https:\/\/www.lassebacklund.fi\/wp-content\/uploads\/2016\/11\/12-5-768x416.jpg 768w\" sizes=\"auto, (max-width: 948px) 100vw, 948px\" \/><figcaption id=\"caption-attachment-2092\" class=\"wp-caption-text\">S\u00e5 h\u00e4r s\u00e5g g\u00e5rden ut ca 1915. Personerna p\u00e5 Viktor Nylunds foto st\u00e5r p\u00e5 Sunnantillv\u00e4gen. Fotografiet fr\u00e5n SLS:s arkiv i Vasa.<\/figcaption><\/figure>\n<p><strong><span style=\"color: #000080;\">Sammanst\u00e4llt av Lasse Backlund 2014, med hj\u00e4lp av Helge Nyholm och Inga-Lill Sandstr\u00f6m. Ellen Hultqvist har bidragit med m\u00e5nga fotografier.\u00a0<\/span><\/strong><\/p>\n<h3><strong>L\u00e4nkar:<\/strong><\/h3>\n<p><span style=\"color: #000080;\"><strong>-om du vill l\u00e4sa om varifr\u00e5n namnet &#8221;Ulla&#8221; har kommit, s\u00e5 skall du klicka <a href=\"https:\/\/www.lassebacklund.fi\/?page_id=23604\">H\u00c4R!<\/a><\/strong><\/span><\/p>\n<figure id=\"attachment_2083\" aria-describedby=\"caption-attachment-2083\" style=\"width: 1386px\" class=\"wp-caption aligncenter\"><img loading=\"lazy\" decoding=\"async\" class=\"size-full wp-image-2083\" src=\"http:\/\/www.lassebacklund.fi\/wp-content\/uploads\/2016\/11\/1-11.jpg\" alt=\"G\u00e5rden ritad av Rurik Nylund ca 1946-47.\" width=\"1386\" height=\"773\" srcset=\"https:\/\/www.lassebacklund.fi\/wp-content\/uploads\/2016\/11\/1-11.jpg 1386w, https:\/\/www.lassebacklund.fi\/wp-content\/uploads\/2016\/11\/1-11-300x167.jpg 300w, https:\/\/www.lassebacklund.fi\/wp-content\/uploads\/2016\/11\/1-11-768x428.jpg 768w, https:\/\/www.lassebacklund.fi\/wp-content\/uploads\/2016\/11\/1-11-1024x571.jpg 1024w\" sizes=\"auto, (max-width: 1386px) 100vw, 1386px\" \/><figcaption id=\"caption-attachment-2083\" class=\"wp-caption-text\">G\u00e5rden ritad av Rurik Nylund ca 1946-47.<\/figcaption><\/figure>\n<p>Den h\u00e4r st\u00f6rre och om\u00e5lade g\u00e5rden stod i tiderna i v\u00e4gkanten p\u00e5 Sunnantillv\u00e4gen 70, snett mittemot <a href=\"https:\/\/www.lassebacklund.fi\/?page_id=2266\"><strong>Karl Lillkulls g\u00e5rd<\/strong><\/a> och <a href=\"https:\/\/www.lassebacklund.fi\/?page_id=16544\"><strong>Gunnar Lillkulls g\u00e5rd<\/strong><\/a>. Den \u00e4r troligen byggd efter 1881 f\u00f6r det var d\u00e5\u00a0 som &#8221;Rebeck Josip&#8221;, allts\u00e5 Josef Gustafsson Lillsj\u00f6 och hustrun Kristina Wilhelmina s\u00e5lde sitt hemman p\u00e5 1\/24 mantal i Lillsj\u00f6 \u00e5t Matts Lillsj\u00f6, som kallades &#8221;Lillsj\u00f6 Mattasain&#8221;. Efter flytten till Sunnantillv\u00e4gen bytte de sl\u00e4ktnamn till Lillkull.<\/p>\n<figure id=\"attachment_2095\" aria-describedby=\"caption-attachment-2095\" style=\"width: 527px\" class=\"wp-caption aligncenter\"><img loading=\"lazy\" decoding=\"async\" class=\" wp-image-2095\" src=\"http:\/\/www.lassebacklund.fi\/wp-content\/uploads\/2016\/11\/Ekbergs-el-\u00c5n\u00e4s.jpg\" alt=\"H\u00e4r p\u00e5 storskifteskartan fr\u00e5n b\u00f6rjan p\u00e5 1900-talet, s\u00e5 ser vi var g\u00e5rden ligger.\" width=\"527\" height=\"323\" srcset=\"https:\/\/www.lassebacklund.fi\/wp-content\/uploads\/2016\/11\/Ekbergs-el-\u00c5n\u00e4s.jpg 1048w, https:\/\/www.lassebacklund.fi\/wp-content\/uploads\/2016\/11\/Ekbergs-el-\u00c5n\u00e4s-300x184.jpg 300w, https:\/\/www.lassebacklund.fi\/wp-content\/uploads\/2016\/11\/Ekbergs-el-\u00c5n\u00e4s-768x471.jpg 768w, https:\/\/www.lassebacklund.fi\/wp-content\/uploads\/2016\/11\/Ekbergs-el-\u00c5n\u00e4s-1024x628.jpg 1024w\" sizes=\"auto, (max-width: 527px) 100vw, 527px\" \/><figcaption id=\"caption-attachment-2095\" class=\"wp-caption-text\">P\u00e5 storskifteskartan fr\u00e5n b\u00f6rjan p\u00e5 1900-talet, s\u00e5 ser vi var g\u00e5rden ligger.<\/figcaption><\/figure>\n<h3>Rebeck Josip och Kristina.<\/h3>\n<p>H\u00e4r bodde i tiderna <strong>Josef Gustavsson Lillkull<\/strong> (1845-1916) och hans hustru <strong>Kristina Wilhelmina<\/strong> (f. Korsb\u00e4ck 1843-1901). De hade tidigare varit b\u00f6nder i Lillsj\u00f6 men \u00e5r 1881 s\u00e5lde de hemmanet \u00e5t &#8221;Lillsj\u00f6 Mattasin&#8221;. Josef som kallades f\u00f6r &#8221;Rebeck Josip&#8221; var son till Gustav Andersson Riarb\u00e4ck, senare Lillkull och var allts\u00e5 bror till <a href=\"https:\/\/www.lassebacklund.fi\/?page_id=2213\"><strong>Rebeck Kalle Lillkull<\/strong> <\/a>och till <a href=\"https:\/\/www.lassebacklund.fi\/?page_id=2422\"><strong>Rebeck Viktor Lillkull<\/strong><\/a> som \u00e5r 1875 k\u00f6pte ett hemman av sin far som senare kom i familjen Backlunds \u00e4go. Rebeck Josips och Rebeck Kalles farfar Anders Andersson Riarb\u00e4ck eller Nyman (1785-1823) kom 1799 fr\u00e5n V\u00f6r\u00e5 till Sahakoski hemman i Kornb\u00e4cken och 1811 gifte han sig med Caisa Carlsdotter Lillkull (1788-1844).<\/p>\n<p>Rebeck Josips hustru Kristina (1843-1901) hade vuxit upp som fosterdotter \u00e5t <strong><a href=\"http:\/\/www.lassebacklund.fi\/?page_id=980\">\u201dPelas G\u00e5bbin\u201d<\/a> <\/strong>Johan Lillkull och Maja Greta och hade d\u00e5 bott p\u00e5 Korsb\u00e4ckv\u00e4gen 28, n\u00e4ra Lillbroen.<\/p>\n<p>Josef och Kristina fick flera barn, bland annat:<\/p>\n<p>&#8211;<strong>Josef Henrik<\/strong> (f. 1869 i Lillsj\u00f6, som flyttade till Ryssland, gifte sig med en Natalia och fick \u00e5tminstone tre barn. Han arbetade som verkst\u00e4llande direkt\u00f6r p\u00e5 ett rederi som tillverkade torpedb\u00e5tar f\u00f6r den ryska marinen. Hans vidare \u00f6den \u00e4r tillsvidare ok\u00e4nda.<\/p>\n<p>&#8211;<strong>Vilhelmina<\/strong> (1874-1954) som kallades Mina och som gifte sig med<a href=\"https:\/\/www.lassebacklund.fi\/?page_id=518\"><strong> Karl Blomkvist och flyttade till Dagsmarkv\u00e4gen 342<\/strong><\/a>.<\/p>\n<p>&#8211;<strong>Anna Sofia el Fia<\/strong> (1877-1960) som gifte sig med Erik Johan Klemets, senare Ekberg (1874-1951), fick dottern Signe (1909-1990) och bodde n\u00e4stan hela livet p\u00e5 hemg\u00e5rden.<\/p>\n<p>&#8211;<strong>Victor<\/strong> (1885-1959) gifte sig med Edla Maria (f. Tr\u00e4skvik \u00e5r 1885) emigrerade till Amerika och fick \u00e5tminstone 4 barn. Victors nekrolog hittar du h\u00e4r l\u00e4ngst ner tillsammans med sonen Waldemars nekrolog.<\/p>\n<figure id=\"attachment_2085\" aria-describedby=\"caption-attachment-2085\" style=\"width: 455px\" class=\"wp-caption aligncenter\"><img loading=\"lazy\" decoding=\"async\" class=\" wp-image-2085\" src=\"http:\/\/www.lassebacklund.fi\/wp-content\/uploads\/2016\/11\/4-10.jpg\" alt=\"P\u00e5 fotot Fias bror Viktor som flyttade till Amerika med sin Edla Maria. Nere t.v. sonen Waldemar.\" width=\"455\" height=\"663\" srcset=\"https:\/\/www.lassebacklund.fi\/wp-content\/uploads\/2016\/11\/4-10.jpg 804w, https:\/\/www.lassebacklund.fi\/wp-content\/uploads\/2016\/11\/4-10-206x300.jpg 206w, https:\/\/www.lassebacklund.fi\/wp-content\/uploads\/2016\/11\/4-10-768x1120.jpg 768w, https:\/\/www.lassebacklund.fi\/wp-content\/uploads\/2016\/11\/4-10-702x1024.jpg 702w\" sizes=\"auto, (max-width: 455px) 100vw, 455px\" \/><figcaption id=\"caption-attachment-2085\" class=\"wp-caption-text\">Fias bror Viktor som flyttade till Amerika med sin Edla Maria. Nere t.v. sonen Waldemar.<\/figcaption><\/figure>\n<figure id=\"attachment_2086\" aria-describedby=\"caption-attachment-2086\" style=\"width: 455px\" class=\"wp-caption aligncenter\"><img loading=\"lazy\" decoding=\"async\" class=\" wp-image-2086\" src=\"http:\/\/www.lassebacklund.fi\/wp-content\/uploads\/2016\/11\/5-10.jpg\" alt=\"P\u00e5 fotot Fias bror Josef Henrik som flyttade till Ryssland och gifte sig med Natalia. Han var direkt\u00f6r p\u00e5 rederiet Crighton Ship Building i St. Petersburg. \" width=\"455\" height=\"628\" srcset=\"https:\/\/www.lassebacklund.fi\/wp-content\/uploads\/2016\/11\/5-10.jpg 784w, https:\/\/www.lassebacklund.fi\/wp-content\/uploads\/2016\/11\/5-10-217x300.jpg 217w, https:\/\/www.lassebacklund.fi\/wp-content\/uploads\/2016\/11\/5-10-768x1060.jpg 768w, https:\/\/www.lassebacklund.fi\/wp-content\/uploads\/2016\/11\/5-10-742x1024.jpg 742w\" sizes=\"auto, (max-width: 455px) 100vw, 455px\" \/><figcaption id=\"caption-attachment-2086\" class=\"wp-caption-text\">Fias bror Josef Henrik som flyttade till Ryssland och gifte sig med Natalia. Han var direkt\u00f6r p\u00e5 rederiet Crighton Ship Building i St. Petersburg.<\/figcaption><\/figure>\n<h3>M\u00e5gen &#8221;Rebeck Erk J\u00e5han&#8221; och Fia.<\/h3>\n<figure id=\"attachment_2087\" aria-describedby=\"caption-attachment-2087\" style=\"width: 547px\" class=\"wp-caption aligncenter\"><img loading=\"lazy\" decoding=\"async\" class=\" wp-image-2087\" src=\"http:\/\/www.lassebacklund.fi\/wp-content\/uploads\/2016\/11\/6-7.jpg\" alt=\"Portr\u00e4tt av \u201dRebeck-Erk-J\u00e5han och Fia\u201d, allts\u00e5 Erik Johan och Sofia Ekberg.\" width=\"547\" height=\"391\" srcset=\"https:\/\/www.lassebacklund.fi\/wp-content\/uploads\/2016\/11\/6-7.jpg 965w, https:\/\/www.lassebacklund.fi\/wp-content\/uploads\/2016\/11\/6-7-300x214.jpg 300w, https:\/\/www.lassebacklund.fi\/wp-content\/uploads\/2016\/11\/6-7-768x548.jpg 768w\" sizes=\"auto, (max-width: 547px) 100vw, 547px\" \/><figcaption id=\"caption-attachment-2087\" class=\"wp-caption-text\">Portr\u00e4tt av \u201dRebeck Erk J\u00e5han och Fia\u201d, allts\u00e5 Erik Johan och Sofia Ekberg.<\/figcaption><\/figure>\n<p>Det var allts\u00e5 hit som m\u00e5gen <strong>Erik Johan Josefsson Ekberg<\/strong> (1874-1951) flyttade och blev bonde tillsammans med sin hustru Anna Sofia (Fia) Josefsdotter (f. Lillkull 1877, d. 1960). Erik Johan kallades vanligtvis f\u00f6r \u201dRebeck Erk J\u00e5han\u201d eller &#8221;Skr\u00e4ddar\u00a0 Erk J\u00e5han&#8221; och det fanns inte s\u00e5 m\u00e5nga i Dagsmark som k\u00e4nde till hans r\u00e4tta sl\u00e4ktnamn.<\/p>\n<p>Erik Johan var son till \u201dLill Skr\u00e4ddarin\u201d Josef Storkull (1842-1921) och Anna Caisa Skrivars, hemma fr\u00e5n Uttermossa. De bodde i en g\u00e5rd lite s\u00f6derut fr\u00e5n folkskolan och som i samband med storskiftet flyttades till By\u00e5sv\u00e4gen. I dag kallar vi g\u00e5rden f\u00f6r <a href=\"http:\/\/www.lassebacklund.fi\/?page_id=11562\">Rintam\u00e4ki Esteras.<\/a><\/p>\n<figure id=\"attachment_2088\" aria-describedby=\"caption-attachment-2088\" style=\"width: 417px\" class=\"wp-caption aligncenter\"><img loading=\"lazy\" decoding=\"async\" class=\" wp-image-2088\" src=\"http:\/\/www.lassebacklund.fi\/wp-content\/uploads\/2016\/11\/7-6.jpg\" alt=\"P\u00e5 fotot \u201dLill-Skr\u00e4ddarin\u201d Josef Storkull, senare Klemets med sin hustru Anna Caisa. I bakgrunden tv\u00e5 av barnen.\" width=\"417\" height=\"572\" srcset=\"https:\/\/www.lassebacklund.fi\/wp-content\/uploads\/2016\/11\/7-6.jpg 822w, https:\/\/www.lassebacklund.fi\/wp-content\/uploads\/2016\/11\/7-6-219x300.jpg 219w, https:\/\/www.lassebacklund.fi\/wp-content\/uploads\/2016\/11\/7-6-768x1053.jpg 768w, https:\/\/www.lassebacklund.fi\/wp-content\/uploads\/2016\/11\/7-6-747x1024.jpg 747w\" sizes=\"auto, (max-width: 417px) 100vw, 417px\" \/><figcaption id=\"caption-attachment-2088\" class=\"wp-caption-text\">\u201dLill Skr\u00e4ddarin\u201d Josef Storkull, senare Klemets med sin hustru Anna Caisa. I bakgrunden tv\u00e5 av barnen.<\/figcaption><\/figure>\n<p>&#8221;Rebeck&#8221; Erik Johan var allts\u00e5\u00a0f\u00f6dd Klemets och han var bror bland annat till:<\/p>\n<p>&#8211;<strong>Anna Sofia<\/strong>, mor till <a href=\"http:\/\/www.lassebacklund.fi\/?page_id=11402\">Frans Lillsj\u00f6<\/a> och <a href=\"http:\/\/www.lassebacklund.fi\/?page_id=12049\">Hulda Lindell.<\/a><\/p>\n<p>&#8211;<strong>Josef Henrik<\/strong>, far till \u201dLillmoss\u201d <a href=\"http:\/\/www.lassebacklund.fi\/?page_id=550\">Emil Klemets.<\/a><\/p>\n<p>&#8211;<a href=\"http:\/\/www.lassebacklund.fi\/?page_id=13410\"><strong>Viktor S\u00f6derqvist<\/strong>,<\/a> far till Valter, Ellen, Yngve och Elvi.<\/p>\n<p>&#8211;<strong>Hilma<\/strong>, gift Rosenback<\/p>\n<p>&#8211;<a href=\"http:\/\/www.lassebacklund.fi\/?page_id=6571\"><strong>Johannes Klemets<\/strong>,<\/a> far till Valter, Bruno, Agda, Erik, \u00c5ke, Nils, Frida, Stig och Per.<\/p>\n<figure id=\"attachment_2089\" aria-describedby=\"caption-attachment-2089\" style=\"width: 320px\" class=\"wp-caption aligncenter\"><img loading=\"lazy\" decoding=\"async\" class=\" wp-image-2089\" src=\"http:\/\/www.lassebacklund.fi\/wp-content\/uploads\/2016\/11\/8-7.jpg\" alt=\"P\u00e5 fotot \u201dRebeck\u201d Erik Johan Ekberg.\" width=\"320\" height=\"459\" srcset=\"https:\/\/www.lassebacklund.fi\/wp-content\/uploads\/2016\/11\/8-7.jpg 610w, https:\/\/www.lassebacklund.fi\/wp-content\/uploads\/2016\/11\/8-7-209x300.jpg 209w\" sizes=\"auto, (max-width: 320px) 100vw, 320px\" \/><figcaption id=\"caption-attachment-2089\" class=\"wp-caption-text\">\u201dRebeck\u201d Erik Johan Ekberg.<\/figcaption><\/figure>\n<p>Erik Johans och Fias enda dotter Signe (1909-1990) gifte sig \u00e5r 1937 med<a href=\"http:\/\/www.lassebacklund.fi\/?page_id=3898\"> Leander Nyholm fr\u00e5n Kvarn\u00e5<\/a> och hon flyttade d\u00e5 till Lillsj\u00f6v\u00e4gen 101. I b\u00f6rjan p\u00e5 1950-talet var det meningen att Erik Johan och Fia ocks\u00e5 skulle flytta till Kvarn\u00e5 till Nyholms lillstuga. Men Erik Johan dog pl\u00f6tsligt p\u00e5 <a href=\"http:\/\/www.lassebacklund.fi\/?page_id=1928\">b\u00f6nehuset i Dagsmark<\/a> \u00e5r 1951 och efter det flyttade \u00e4nkan Fia till dotterns g\u00e5rd i Kvarn\u00e5.<\/p>\n<figure id=\"attachment_2094\" aria-describedby=\"caption-attachment-2094\" style=\"width: 312px\" class=\"wp-caption aligncenter\"><img loading=\"lazy\" decoding=\"async\" class=\" wp-image-2094\" src=\"http:\/\/www.lassebacklund.fi\/wp-content\/uploads\/2016\/11\/Ekberg-Erik-och-Fia.jpg\" alt=\"Fia var syster till Blomkvistas-Mina (1874-1954) och h\u00e4r \u00e4r hon fotograferad p\u00e5 Minas g\u00e5rdsplan tillsammans med Erik Johan. Fias bror Viktor Carlsson (1885-1959) flyttade till Amerika och en annan bror till Ryssland. \" width=\"312\" height=\"488\" srcset=\"https:\/\/www.lassebacklund.fi\/wp-content\/uploads\/2016\/11\/Ekberg-Erik-och-Fia.jpg 621w, https:\/\/www.lassebacklund.fi\/wp-content\/uploads\/2016\/11\/Ekberg-Erik-och-Fia-192x300.jpg 192w\" sizes=\"auto, (max-width: 312px) 100vw, 312px\" \/><figcaption id=\"caption-attachment-2094\" class=\"wp-caption-text\">Fia var syster till <a href=\"http:\/\/www.lassebacklund.fi\/?page_id=518\">Blomkvistas-Mina<\/a> (1874-1954) och h\u00e4r \u00e4r hon fotograferad p\u00e5 Minas g\u00e5rdsplan tillsammans med Erik Johan. Fias bror Viktor Carlsson (1885-1959) flyttade till Amerika och en annan bror till Ryssland.<\/figcaption><\/figure>\n<figure id=\"attachment_2090\" aria-describedby=\"caption-attachment-2090\" style=\"width: 356px\" class=\"wp-caption aligncenter\"><img loading=\"lazy\" decoding=\"async\" class=\" wp-image-2090\" src=\"http:\/\/www.lassebacklund.fi\/wp-content\/uploads\/2016\/11\/10-4.jpg\" alt=\"P\u00e5 fotot Fia Ekberg med dottern Signe i famnen. Ok\u00e4nd flicka till h\u00f6ger.\" width=\"356\" height=\"604\" srcset=\"https:\/\/www.lassebacklund.fi\/wp-content\/uploads\/2016\/11\/10-4.jpg 436w, https:\/\/www.lassebacklund.fi\/wp-content\/uploads\/2016\/11\/10-4-177x300.jpg 177w\" sizes=\"auto, (max-width: 356px) 100vw, 356px\" \/><figcaption id=\"caption-attachment-2090\" class=\"wp-caption-text\">Fia Ekberg med dottern Signe i famnen. Ok\u00e4nd flicka till h\u00f6ger.<\/figcaption><\/figure>\n<h3>G\u00e5rden s\u00e4ljs \u00e5t Ulla Edvard och Ulla Miili.<\/h3>\n<p>I september 1952 s\u00e5lde Sofia Ekberg, Leander Nyholm och Signe Nyholm g\u00e5rden p\u00e5 Sunnantillv\u00e4gen s\u00e5ldes \u00e5t \u201dUlla\u201d Edvard Karolinasson \u00c5n\u00e4s (1878-1960) och \u201dUlla Miili\u201d Emilia (f. H\u00e4gg 1895-1972). K\u00f6pesumman var 90 000 mark, en del betalades kontant och resten efter att kolonisationsl\u00e5net betalades ut.<\/p>\n<h5><strong>Edvard och Ulla Maj.<\/strong><\/h5>\n<p>Edvard var f\u00f6dd under fattiga f\u00f6rh\u00e5llanden i H\u00e4rkmeri och v\u00e4xte upp som auktionspojke p\u00e5 flera olika st\u00e4llen i kommunen. Under flera \u00e5r var han fosterpojke hos sin farfars syster Anna Greta Finne, som kallades b\u00e5de &#8221;Majas Ana Gret&#8221; och &#8221;Skalon&#8221;, i n\u00e4rheten av Hans Stenlunds g\u00e5rd i Korsb\u00e4ck. Han gifte sig \u00e5r 1903 med Edla <span style=\"text-decoration: underline;\">Maria<\/span> Rosenlund (1873-1930) som kallades &#8221;Ulla Maj&#8221;. Maria var f\u00f6dd p\u00e5 Nyholm i Perus och hon var dotter till Wendla Maria Karlsdotter Rosenlund (f.1851 i Sideby, d\u00f6d i Lappfj\u00e4rd 1930) och hade ingen k\u00e4nd far. Wendla Maria gifte sig \u00e5r 1878 med Anders Herman Myll\u00e4ri eller B\u00e5sk (1852-1907) fr\u00e5n B\u00f6tom och fick med honom fyra barn till. Anders Hermans far Johan B\u00e5sk var hemma fr\u00e5n Dagsmark. Efter att de gift sig flyttade paret till Enkulla hemman i Lappfj\u00e4rd och dottern Edla Maria f\u00f6ljde med. Anders och Wendla Maria fick sedan flera barn tillsammans men endast dottern Amanda (1887-1949, gift Kuusikorpi) levde till vuxen \u00e5lder.<\/p>\n<p>Edvard, som kallades &#8221;Ulla Edvart&#8221; blev uttagen till 3-\u00e5rig milit\u00e4rtj\u00e4nstg\u00f6ring i den finska milit\u00e4ren i Vasa. Edvard var mager och m\u00f6rklagd och var k\u00e4nd som bataljonens b\u00e4sta dansare.<\/p>\n<p>Efter att Edvard och Edla Maria gifte sig bodde de som inhysingar p\u00e5 Knus hemman i Norrviken men sedan flyttade de till ett torp med endast ett rum &#8221;p\u00e5 byns mark&#8221; nedanf\u00f6r Berg\u00e5sen utefter Ullat\u00e5. Det h\u00e4r torpet p\u00e5 &#8221;byns mark&#8221; kunde Edvard l\u00f6sa in \u00e5r 1929 och d\u00e5 bildades l\u00e4genheten N\u00e4s 5:74. \u00c5r 1951 s\u00e5lde Edvard l\u00e4genheten N\u00e4s \u00e5t Frans och Amanda L\u00f6vdahl, som snart s\u00e5lde den vidare \u00e5t Vera Martin. \u00c5r 1982 s\u00e5lde Vera Martin l\u00e4genheten N\u00e4s \u00e5t H\u00e5kan Eskola.<\/p>\n<p>Edvard och Edla Maria fick flera barn:<\/p>\n<h6><strong>-Selma Amanda (<\/strong>1904-1904).<\/h6>\n<h6>&#8211;<strong>Selma Julina<\/strong> (1905-1959) flyttade ogift och barnl\u00f6s till N\u00e4rpes 1934, gift R\u00f6nnback.<\/h6>\n<h6><strong>-Johannes Georg<\/strong> (1907-1929) ogift och barnl\u00f6s. D\u00f6d i lungsot.<\/h6>\n<h6><strong>-Hulda Maria<\/strong> (1909-1985) flyttade ogift och barnl\u00f6s till N\u00e4rpes 1931, gift Filpus.<\/h6>\n<h6><strong>-Frans Viktor<\/strong> (1912-1914)<\/h6>\n<h6><strong>-Gunnar Sigfrid<\/strong> (1916-1917)<\/h6>\n<p>&nbsp;<\/p>\n<figure id=\"attachment_2103\" aria-describedby=\"caption-attachment-2103\" style=\"width: 470px\" class=\"wp-caption alignnone\"><img loading=\"lazy\" decoding=\"async\" class=\" wp-image-2103\" src=\"http:\/\/www.lassebacklund.fi\/wp-content\/uploads\/2016\/11\/\u00c5n\u00e4s-Edvards-g\u00e5rd.jpg\" alt=\"\u00c5r 1951 s\u00e5 skulle eleverna i skolan g\u00f6ra en ritning av hemmet och s\u00e5 h\u00e4r hade Ellen \u00c5n\u00e4s beskrivit hemmet p\u00e5 Ulla-T\u00e5, nedanf\u00f6r Berg\u00e5sen. G\u00e5rden bestod endast av ett k\u00f6k, en farstu och en skrubb.\" width=\"470\" height=\"562\" srcset=\"https:\/\/www.lassebacklund.fi\/wp-content\/uploads\/2016\/11\/\u00c5n\u00e4s-Edvards-g\u00e5rd.jpg 1255w, https:\/\/www.lassebacklund.fi\/wp-content\/uploads\/2016\/11\/\u00c5n\u00e4s-Edvards-g\u00e5rd-251x300.jpg 251w, https:\/\/www.lassebacklund.fi\/wp-content\/uploads\/2016\/11\/\u00c5n\u00e4s-Edvards-g\u00e5rd-768x918.jpg 768w, https:\/\/www.lassebacklund.fi\/wp-content\/uploads\/2016\/11\/\u00c5n\u00e4s-Edvards-g\u00e5rd-857x1024.jpg 857w\" sizes=\"auto, (max-width: 470px) 100vw, 470px\" \/><figcaption id=\"caption-attachment-2103\" class=\"wp-caption-text\">\u00c5r 1951 s\u00e5 skulle eleverna i skolan g\u00f6ra en ritning av hemmet och s\u00e5 h\u00e4r hade Ellen \u00c5n\u00e4s beskrivit hemmet p\u00e5 Ulla T\u00e5, nedanf\u00f6r Berg\u00e5sen. G\u00e5rden bestod endast av ett k\u00f6k, en farstu och en skrubb.<\/figcaption><\/figure>\n<p>Tidningen Syd-\u00d6sterbotten som utkom 2 dagar i veckan i Kristinestad, hade prenumeranter ocks\u00e5 i Dagsmark och dessa h\u00e4mtade Edvard i staden och forslade till Dagsmark. Hustrun Ulla Maj var s\u00e4kerligen med i detta arbete och efter henne fick tidningen sitt smeknamn &#8221;Majas Blaa&#8221;.<\/p>\n<h5><strong>Ulla Edvard och Ulla Miili.<\/strong><\/h5>\n<p>Emilia (1895-1972), som kallades &#8221;H\u00e4ggas Miili&#8221; f\u00f6ddes i Lillsj\u00f6 bakom Berg\u00e5sen, d\u00e4r H\u00e4ggas torpet var bel\u00e4get, i n\u00e4rheten av &#8221;Kalaksinas&#8221;. Hon var dotter till Oskar och Maria H\u00e4gg. (Vill du l\u00e4sa mera om torpet d\u00e4r Ulla-Miili v\u00e4xte upp, s\u00e5 klicka <a href=\"http:\/\/www.lassebacklund.fi\/?page_id=1296\"><span style=\"text-decoration: underline;\"><strong>h\u00e4r!)<\/strong><\/span><\/a> Miili var dotter till Karl Oskar H\u00e4gg och Maria Kristina (f. Sj\u00f6holm 1867) och f\u00f6re hon gifte sig med Edvard hade hon f\u00e5tt barnen :<\/p>\n<h6><strong>-Signe<\/strong> (1916-1976) gift Eriksson, bosatt i Sverige.<\/h6>\n<h6><strong>-Hildur<\/strong> (1932-2018) gift Kvist, bosatt i Sverige.<\/h6>\n<p>&nbsp;<\/p>\n<p>Efter att Emilia H\u00e4gg gifte sig med &#8221;Ulla Edvard&#8221; \u00c5n\u00e4s b\u00f6rjade hon kallas &#8221;Ulla Miili&#8221; och fick ytterligare barnen:<\/p>\n<h6><strong>-Anna<\/strong> (1932-2020) gift Nyberg, bodde i Sverige.<\/h6>\n<h6><strong>-Ruben Ragnvald<\/strong> (1934-1934).<\/h6>\n<h6><strong>-Ruben Edvard<\/strong> (1937-2009) som var gift med Benita H\u00e4gg (f\u00f6dd i Nykarleby 1944, d\u00f6d i Lappfj\u00e4rd 2020) och bodde p\u00e5 Dagsmarkv\u00e4gen 405.<\/h6>\n<h6><strong>-Ellen<\/strong> (f.1939, gift Hultkvist, bosatt i Sverige)<\/h6>\n<p>&nbsp;<\/p>\n<p>Under en vinter i slutet av 40-talet bodde Edvard och Emilia i lillstugan <a href=\"https:\/\/www.lassebacklund.fi\/?page_id=1798\">hos Mitts<\/a> p\u00e5 \u00c5backv\u00e4gen.&#8221;Ulla Edvard&#8221; var k\u00e4nd f\u00f6r sina fina kvastar som han gick omkring och s\u00e5lde i g\u00e5rdarna. Speciellt kvastarna av kr\u00e5kris var mycket h\u00e5llbara och eftertraktade.<\/p>\n<figure id=\"attachment_2091\" aria-describedby=\"caption-attachment-2091\" style=\"width: 546px\" class=\"wp-caption aligncenter\"><img loading=\"lazy\" decoding=\"async\" class=\" wp-image-2091\" src=\"http:\/\/www.lassebacklund.fi\/wp-content\/uploads\/2016\/11\/11-4.jpg\" alt=\"H\u00e4r Ellen \u00c5n\u00e4s p\u00e5 g\u00e5rden dit de flyttade fr\u00e5n Ulla-T\u00e5 i b\u00f6rjan p\u00e5 50-talet. Detta hus m\u00e5ste ha k\u00e4nts stort j\u00e4mf\u00f6rt med det anspr\u00e5ksl\u00f6sa huset i \u00e4ndan av Ulla-T\u00e5. \" width=\"546\" height=\"355\" srcset=\"https:\/\/www.lassebacklund.fi\/wp-content\/uploads\/2016\/11\/11-4.jpg 975w, https:\/\/www.lassebacklund.fi\/wp-content\/uploads\/2016\/11\/11-4-300x195.jpg 300w, https:\/\/www.lassebacklund.fi\/wp-content\/uploads\/2016\/11\/11-4-768x499.jpg 768w\" sizes=\"auto, (max-width: 546px) 100vw, 546px\" \/><figcaption id=\"caption-attachment-2091\" class=\"wp-caption-text\">Ellen \u00c5n\u00e4s p\u00e5 g\u00e5rden dit de flyttade fr\u00e5n Ulla-T\u00e5 i b\u00f6rjan p\u00e5 50-talet. Detta hus m\u00e5ste ha k\u00e4nts stort j\u00e4mf\u00f6rt med det anspr\u00e5ksl\u00f6sa huset i \u00e4ndan av Ulla-T\u00e5.<\/figcaption><\/figure>\n<figure id=\"attachment_2093\" aria-describedby=\"caption-attachment-2093\" style=\"width: 546px\" class=\"wp-caption aligncenter\"><img loading=\"lazy\" decoding=\"async\" class=\" wp-image-2093\" src=\"http:\/\/www.lassebacklund.fi\/wp-content\/uploads\/2016\/11\/13-5.jpg\" alt=\"\u00c5r 2003 fanns endast uthuset kvar av byggnaderna och i dag \u00e4r allting bortrivet och omr\u00e5det anv\u00e4nds f\u00f6r jordbruksodlingar.\" width=\"546\" height=\"348\" srcset=\"https:\/\/www.lassebacklund.fi\/wp-content\/uploads\/2016\/11\/13-5.jpg 1132w, https:\/\/www.lassebacklund.fi\/wp-content\/uploads\/2016\/11\/13-5-300x191.jpg 300w, https:\/\/www.lassebacklund.fi\/wp-content\/uploads\/2016\/11\/13-5-768x490.jpg 768w, https:\/\/www.lassebacklund.fi\/wp-content\/uploads\/2016\/11\/13-5-1024x653.jpg 1024w\" sizes=\"auto, (max-width: 546px) 100vw, 546px\" \/><figcaption id=\"caption-attachment-2093\" class=\"wp-caption-text\">\u00c5r 2003 fanns endast uthuset kvar av byggnaderna och i dag \u00e4r allting bortrivet och omr\u00e5det anv\u00e4nds f\u00f6r jordbruksodlingar.<\/figcaption><\/figure>\n<h3>Ellens fotografier.<\/h3>\n<p>Redan i unga \u00e5r skaffade sig Ellen \u00c5n\u00e4s tillsammans med sin bror Ruben\u00a0en kamera av bra kvalitet och h\u00e4r n\u00e5gra smakprov p\u00e5 deras fotografier:<\/p>\n<figure id=\"attachment_2131\" aria-describedby=\"caption-attachment-2131\" style=\"width: 329px\" class=\"wp-caption aligncenter\"><img loading=\"lazy\" decoding=\"async\" class=\" wp-image-2131\" src=\"http:\/\/www.lassebacklund.fi\/wp-content\/uploads\/2016\/11\/Ruben-och-Ellen-\u00c5n\u00e4s-k\u00f6pte-kamera-hos-Hyv\u00f6nen-1957.jpg\" alt=\"P\u00e5 Hyv\u00f6nens foto fr\u00e5n 1957 s\u00e5 st\u00e5r Ruben och Ellen \u00c5n\u00e4s. Ellen har den nyink\u00f6pta kameran under armen.\" width=\"329\" height=\"555\" srcset=\"https:\/\/www.lassebacklund.fi\/wp-content\/uploads\/2016\/11\/Ruben-och-Ellen-\u00c5n\u00e4s-k\u00f6pte-kamera-hos-Hyv\u00f6nen-1957.jpg 941w, https:\/\/www.lassebacklund.fi\/wp-content\/uploads\/2016\/11\/Ruben-och-Ellen-\u00c5n\u00e4s-k\u00f6pte-kamera-hos-Hyv\u00f6nen-1957-178x300.jpg 178w, https:\/\/www.lassebacklund.fi\/wp-content\/uploads\/2016\/11\/Ruben-och-Ellen-\u00c5n\u00e4s-k\u00f6pte-kamera-hos-Hyv\u00f6nen-1957-768x1296.jpg 768w, https:\/\/www.lassebacklund.fi\/wp-content\/uploads\/2016\/11\/Ruben-och-Ellen-\u00c5n\u00e4s-k\u00f6pte-kamera-hos-Hyv\u00f6nen-1957-607x1024.jpg 607w\" sizes=\"auto, (max-width: 329px) 100vw, 329px\" \/><figcaption id=\"caption-attachment-2131\" class=\"wp-caption-text\">P\u00e5 Hyv\u00f6nens foto fr\u00e5n 1957 s\u00e5 st\u00e5r Ruben och Ellen \u00c5n\u00e4s. Ellen har den nyink\u00f6pta kameran under armen.<\/figcaption><\/figure>\n<figure id=\"attachment_2106\" aria-describedby=\"caption-attachment-2106\" style=\"width: 395px\" class=\"wp-caption aligncenter\"><img loading=\"lazy\" decoding=\"async\" class=\" wp-image-2106\" src=\"http:\/\/www.lassebacklund.fi\/wp-content\/uploads\/2016\/11\/Adelina-Ranta.jpg\" alt=\"Adelina Ranta p\u00e5 bes\u00f6k d\u00e4r Ulla.\" width=\"395\" height=\"615\" srcset=\"https:\/\/www.lassebacklund.fi\/wp-content\/uploads\/2016\/11\/Adelina-Ranta.jpg 561w, https:\/\/www.lassebacklund.fi\/wp-content\/uploads\/2016\/11\/Adelina-Ranta-193x300.jpg 193w\" sizes=\"auto, (max-width: 395px) 100vw, 395px\" \/><figcaption id=\"caption-attachment-2106\" class=\"wp-caption-text\"><a href=\"http:\/\/www.lassebacklund.fi\/?page_id=14121\">Adelina Ranta<\/a> p\u00e5 bes\u00f6k d\u00e4r Ulla.<\/figcaption><\/figure>\n<figure id=\"attachment_2107\" aria-describedby=\"caption-attachment-2107\" style=\"width: 358px\" class=\"wp-caption aligncenter\"><img loading=\"lazy\" decoding=\"async\" class=\" wp-image-2107\" src=\"http:\/\/www.lassebacklund.fi\/wp-content\/uploads\/2016\/11\/Anna-\u00c5n\u00e4s-n\u00e5gonstans-i-Sverige.jpg\" alt=\"Anna \u00c5n\u00e4s n\u00e5gonstans i Sverige.\" width=\"358\" height=\"487\" srcset=\"https:\/\/www.lassebacklund.fi\/wp-content\/uploads\/2016\/11\/Anna-\u00c5n\u00e4s-n\u00e5gonstans-i-Sverige.jpg 587w, https:\/\/www.lassebacklund.fi\/wp-content\/uploads\/2016\/11\/Anna-\u00c5n\u00e4s-n\u00e5gonstans-i-Sverige-220x300.jpg 220w\" sizes=\"auto, (max-width: 358px) 100vw, 358px\" \/><figcaption id=\"caption-attachment-2107\" class=\"wp-caption-text\">Anna \u00c5n\u00e4s n\u00e5gonstans i Sverige.<\/figcaption><\/figure>\n<figure id=\"attachment_2108\" aria-describedby=\"caption-attachment-2108\" style=\"width: 518px\" class=\"wp-caption aligncenter\"><img loading=\"lazy\" decoding=\"async\" class=\" wp-image-2108\" src=\"http:\/\/www.lassebacklund.fi\/wp-content\/uploads\/2016\/11\/Arvid-Lillkull-med-Pontus-d\u00e4r-Ulla-p\u00e5-A-sidon.jpg\" alt=\"Arvid Lillkull med Pontus d\u00e4r Ulla p\u00e5 A-sidon. Berg\u00e5sen i bakgrunden.\" width=\"518\" height=\"307\" srcset=\"https:\/\/www.lassebacklund.fi\/wp-content\/uploads\/2016\/11\/Arvid-Lillkull-med-Pontus-d\u00e4r-Ulla-p\u00e5-A-sidon.jpg 892w, https:\/\/www.lassebacklund.fi\/wp-content\/uploads\/2016\/11\/Arvid-Lillkull-med-Pontus-d\u00e4r-Ulla-p\u00e5-A-sidon-300x178.jpg 300w, https:\/\/www.lassebacklund.fi\/wp-content\/uploads\/2016\/11\/Arvid-Lillkull-med-Pontus-d\u00e4r-Ulla-p\u00e5-A-sidon-768x455.jpg 768w\" sizes=\"auto, (max-width: 518px) 100vw, 518px\" \/><figcaption id=\"caption-attachment-2108\" class=\"wp-caption-text\"><a href=\"http:\/\/www.lassebacklund.fi\/?page_id=1838\">Arvid Lillkull<\/a> med Pontus d\u00e4r Ulla p\u00e5 A-sidon. Berg\u00e5sen i bakgrunden.<\/figcaption><\/figure>\n<figure id=\"attachment_2110\" aria-describedby=\"caption-attachment-2110\" style=\"width: 369px\" class=\"wp-caption aligncenter\"><img loading=\"lazy\" decoding=\"async\" class=\" wp-image-2110\" src=\"http:\/\/www.lassebacklund.fi\/wp-content\/uploads\/2016\/11\/Disen-Amanda-tidigare-Lillkull-Utteras-Manda.jpg\" alt=\"Utteras-Manda, som p\u00e5 riktigt hette Amanda Dis\u00e9n, f\u00f6dd Lillkull.\" width=\"369\" height=\"573\" srcset=\"https:\/\/www.lassebacklund.fi\/wp-content\/uploads\/2016\/11\/Disen-Amanda-tidigare-Lillkull-Utteras-Manda.jpg 569w, https:\/\/www.lassebacklund.fi\/wp-content\/uploads\/2016\/11\/Disen-Amanda-tidigare-Lillkull-Utteras-Manda-193x300.jpg 193w\" sizes=\"auto, (max-width: 369px) 100vw, 369px\" \/><figcaption id=\"caption-attachment-2110\" class=\"wp-caption-text\"><a href=\"http:\/\/www.lassebacklund.fi\/?page_id=2186\">Utteras-Manda<\/a>, som p\u00e5 riktigt hette Amanda Dis\u00e9n, f\u00f6dd Lillkull.<\/figcaption><\/figure>\n<figure id=\"attachment_2115\" aria-describedby=\"caption-attachment-2115\" style=\"width: 583px\" class=\"wp-caption aligncenter\"><img loading=\"lazy\" decoding=\"async\" class=\" wp-image-2115\" src=\"http:\/\/www.lassebacklund.fi\/wp-content\/uploads\/2016\/11\/Ellida-Prunnila-Hulda-Bj\u00f6rklund-Emilia-\u00c5n\u00e4s-med-dottern-Anna-pch-barnbarnet-Gun.jpg\" alt=\"Fr\u00e5n v\u00e4nster &quot;Utteras-Lida&quot; Ellida Prunnila, &quot;Hentela&quot; Hulda Bj\u00f6rklund, &quot;Ulla-Miili&quot; Emilia \u00c5n\u00e4s med dottern Anna och barnbarnet Gun.\" width=\"583\" height=\"372\" srcset=\"https:\/\/www.lassebacklund.fi\/wp-content\/uploads\/2016\/11\/Ellida-Prunnila-Hulda-Bj\u00f6rklund-Emilia-\u00c5n\u00e4s-med-dottern-Anna-pch-barnbarnet-Gun.jpg 914w, https:\/\/www.lassebacklund.fi\/wp-content\/uploads\/2016\/11\/Ellida-Prunnila-Hulda-Bj\u00f6rklund-Emilia-\u00c5n\u00e4s-med-dottern-Anna-pch-barnbarnet-Gun-300x191.jpg 300w, https:\/\/www.lassebacklund.fi\/wp-content\/uploads\/2016\/11\/Ellida-Prunnila-Hulda-Bj\u00f6rklund-Emilia-\u00c5n\u00e4s-med-dottern-Anna-pch-barnbarnet-Gun-768x490.jpg 768w\" sizes=\"auto, (max-width: 583px) 100vw, 583px\" \/><figcaption id=\"caption-attachment-2115\" class=\"wp-caption-text\">Fr\u00e5n v\u00e4nster &#8221;Utteras-Lida&#8221; <a href=\"http:\/\/www.lassebacklund.fi\/?page_id=2186\">Ellida Prunnila<\/a>, &#8221;<a href=\"http:\/\/www.lassebacklund.fi\/?page_id=10040\">Hentela&#8221; Hulda Bj\u00f6rklund<\/a>, &#8221;Ulla-Miili&#8221; Emilia \u00c5n\u00e4s med dottern Anna och barnbarnet Gun.<\/figcaption><\/figure>\n<figure id=\"attachment_2111\" aria-describedby=\"caption-attachment-2111\" style=\"width: 369px\" class=\"wp-caption aligncenter\"><img loading=\"lazy\" decoding=\"async\" class=\" wp-image-2111\" src=\"http:\/\/www.lassebacklund.fi\/wp-content\/uploads\/2016\/11\/Ekberg-Fia-d\u00e4r-Ulla.jpg\" alt=\"Fia Ekberg med sparkarin p\u00e5 A-sidon utanf\u00f6r sin gamla hemg\u00e5rd.\" width=\"369\" height=\"598\" srcset=\"https:\/\/www.lassebacklund.fi\/wp-content\/uploads\/2016\/11\/Ekberg-Fia-d\u00e4r-Ulla.jpg 551w, https:\/\/www.lassebacklund.fi\/wp-content\/uploads\/2016\/11\/Ekberg-Fia-d\u00e4r-Ulla-185x300.jpg 185w\" sizes=\"auto, (max-width: 369px) 100vw, 369px\" \/><figcaption id=\"caption-attachment-2111\" class=\"wp-caption-text\">Fia Ekberg med sparkarin p\u00e5 A-sidon utanf\u00f6r sin gamla hemg\u00e5rd.<\/figcaption><\/figure>\n<figure id=\"attachment_2114\" aria-describedby=\"caption-attachment-2114\" style=\"width: 478px\" class=\"wp-caption aligncenter\"><img loading=\"lazy\" decoding=\"async\" class=\" wp-image-2114\" src=\"http:\/\/www.lassebacklund.fi\/wp-content\/uploads\/2016\/11\/Ellen-\u00c5n\u00e4s-vid-P\u00e4rus-Fors-dammen.jpg\" alt=\"H\u00e4r st\u00e5r Ellen \u00c5n\u00e4s nedanf\u00f6r dammen vid P\u00e4rus-Fors. Kvis Olofs g\u00e5rd syns i bakgrunden.\" width=\"478\" height=\"277\" srcset=\"https:\/\/www.lassebacklund.fi\/wp-content\/uploads\/2016\/11\/Ellen-\u00c5n\u00e4s-vid-P\u00e4rus-Fors-dammen.jpg 905w, https:\/\/www.lassebacklund.fi\/wp-content\/uploads\/2016\/11\/Ellen-\u00c5n\u00e4s-vid-P\u00e4rus-Fors-dammen-300x174.jpg 300w, https:\/\/www.lassebacklund.fi\/wp-content\/uploads\/2016\/11\/Ellen-\u00c5n\u00e4s-vid-P\u00e4rus-Fors-dammen-768x446.jpg 768w\" sizes=\"auto, (max-width: 478px) 100vw, 478px\" \/><figcaption id=\"caption-attachment-2114\" class=\"wp-caption-text\">Ellen \u00c5n\u00e4s nedanf\u00f6r dammen vid <a href=\"http:\/\/www.lassebacklund.fi\/?page_id=14311\">P\u00e4rus-Fors<\/a>. Kvis Olofs g\u00e5rd syns i bakgrunden.<\/figcaption><\/figure>\n<figure id=\"attachment_2118\" aria-describedby=\"caption-attachment-2118\" style=\"width: 357px\" class=\"wp-caption aligncenter\"><img loading=\"lazy\" decoding=\"async\" class=\" wp-image-2118\" src=\"http:\/\/www.lassebacklund.fi\/wp-content\/uploads\/2016\/11\/H\u00e5kan-S\u00f6derqvist-och-Selma-Lillkull-Utteras-Selma.jpg\" alt=\"H\u00e4r &quot;Utteras&quot;-Selma Lillkull ut med tr\u00e4sparkaren. P\u00e5 sparkaren sitter &quot;Axelas&quot; H\u00e5kan S\u00f6derqvist och i bakgrunden syns lillstugan d\u00e4r Lillkulls.\" width=\"357\" height=\"556\" srcset=\"https:\/\/www.lassebacklund.fi\/wp-content\/uploads\/2016\/11\/H\u00e5kan-S\u00f6derqvist-och-Selma-Lillkull-Utteras-Selma.jpg 596w, https:\/\/www.lassebacklund.fi\/wp-content\/uploads\/2016\/11\/H\u00e5kan-S\u00f6derqvist-och-Selma-Lillkull-Utteras-Selma-193x300.jpg 193w\" sizes=\"auto, (max-width: 357px) 100vw, 357px\" \/><figcaption id=\"caption-attachment-2118\" class=\"wp-caption-text\"><a href=\"http:\/\/www.lassebacklund.fi\/?page_id=2186\">&#8221;Utteras&#8221;-Selma Lillkull<\/a> ut med tr\u00e4sparkaren. P\u00e5 sparkaren sitter &#8221;Axelas&#8221; <a href=\"http:\/\/www.lassebacklund.fi\/?page_id=13410\">H\u00e5kan S\u00f6derqvist<\/a> och i bakgrunden syns lillstugan d\u00e4r <a href=\"http:\/\/www.lassebacklund.fi\/?page_id=2266\">Lillkulls.<\/a><\/figcaption><\/figure>\n<figure id=\"attachment_2113\" aria-describedby=\"caption-attachment-2113\" style=\"width: 374px\" class=\"wp-caption aligncenter\"><img loading=\"lazy\" decoding=\"async\" class=\" wp-image-2113\" src=\"http:\/\/www.lassebacklund.fi\/wp-content\/uploads\/2016\/11\/Ellen-\u00c5n\u00e4s-med-kvast-och-2-kattor.jpg\" alt=\"H\u00e4r Ulla-Ellen med en av Edvards kvastar och tv\u00e5 kattor.\" width=\"374\" height=\"576\" srcset=\"https:\/\/www.lassebacklund.fi\/wp-content\/uploads\/2016\/11\/Ellen-\u00c5n\u00e4s-med-kvast-och-2-kattor.jpg 551w, https:\/\/www.lassebacklund.fi\/wp-content\/uploads\/2016\/11\/Ellen-\u00c5n\u00e4s-med-kvast-och-2-kattor-195x300.jpg 195w\" sizes=\"auto, (max-width: 374px) 100vw, 374px\" \/><figcaption id=\"caption-attachment-2113\" class=\"wp-caption-text\">Ulla Ellen med en av Edvards kvastar och tv\u00e5 kattor.<\/figcaption><\/figure>\n<figure id=\"attachment_2123\" aria-describedby=\"caption-attachment-2123\" style=\"width: 359px\" class=\"wp-caption aligncenter\"><img loading=\"lazy\" decoding=\"async\" class=\" wp-image-2123\" src=\"http:\/\/www.lassebacklund.fi\/wp-content\/uploads\/2016\/11\/Lindroos-Adelina.jpg\" alt=\"H\u00e4r Adelina Lindroos fr\u00e5n Kv\u00e4\u00e4n\u00e5en.\" width=\"359\" height=\"581\" srcset=\"https:\/\/www.lassebacklund.fi\/wp-content\/uploads\/2016\/11\/Lindroos-Adelina.jpg 570w, https:\/\/www.lassebacklund.fi\/wp-content\/uploads\/2016\/11\/Lindroos-Adelina-185x300.jpg 185w\" sizes=\"auto, (max-width: 359px) 100vw, 359px\" \/><figcaption id=\"caption-attachment-2123\" class=\"wp-caption-text\"><a href=\"http:\/\/www.lassebacklund.fi\/?page_id=12852\">Adelina Lindroos<\/a> fr\u00e5n Kv\u00e4\u00e4n\u00e5en.<\/figcaption><\/figure>\n<figure id=\"attachment_2112\" aria-describedby=\"caption-attachment-2112\" style=\"width: 388px\" class=\"wp-caption aligncenter\"><img loading=\"lazy\" decoding=\"async\" class=\" wp-image-2112\" src=\"http:\/\/www.lassebacklund.fi\/wp-content\/uploads\/2016\/11\/Ellen-\u00c5n\u00e4s-med-katt-Lillkulls-lillstuga-i-bakgrundn.jpg\" alt=\"H\u00e4r Ulla-Ellen \u00c5n\u00e4s med sin katt. I bakgrunden syn Karl Lillkulls lillstuga.\" width=\"388\" height=\"580\" srcset=\"https:\/\/www.lassebacklund.fi\/wp-content\/uploads\/2016\/11\/Ellen-\u00c5n\u00e4s-med-katt-Lillkulls-lillstuga-i-bakgrundn.jpg 582w, https:\/\/www.lassebacklund.fi\/wp-content\/uploads\/2016\/11\/Ellen-\u00c5n\u00e4s-med-katt-Lillkulls-lillstuga-i-bakgrundn-201x300.jpg 201w\" sizes=\"auto, (max-width: 388px) 100vw, 388px\" \/><figcaption id=\"caption-attachment-2112\" class=\"wp-caption-text\">&#8221;Ulla Ellen&#8221; \u00c5n\u00e4s med sin katt. I bakgrunden syn <a href=\"http:\/\/www.lassebacklund.fi\/?page_id=2266\">Karl Lillkulls<\/a> lillstuga.<\/figcaption><\/figure>\n<figure id=\"attachment_2116\" aria-describedby=\"caption-attachment-2116\" style=\"width: 398px\" class=\"wp-caption aligncenter\"><img loading=\"lazy\" decoding=\"async\" class=\" wp-image-2116\" src=\"http:\/\/www.lassebacklund.fi\/wp-content\/uploads\/2016\/11\/Hildur-\u00c5n\u00e4s.jpg\" alt=\"Hildur \u00c5n\u00e4s.\" width=\"398\" height=\"285\" srcset=\"https:\/\/www.lassebacklund.fi\/wp-content\/uploads\/2016\/11\/Hildur-\u00c5n\u00e4s.jpg 865w, https:\/\/www.lassebacklund.fi\/wp-content\/uploads\/2016\/11\/Hildur-\u00c5n\u00e4s-300x215.jpg 300w, https:\/\/www.lassebacklund.fi\/wp-content\/uploads\/2016\/11\/Hildur-\u00c5n\u00e4s-768x550.jpg 768w\" sizes=\"auto, (max-width: 398px) 100vw, 398px\" \/><figcaption id=\"caption-attachment-2116\" class=\"wp-caption-text\">Hildur \u00c5n\u00e4s.<\/figcaption><\/figure>\n<figure id=\"attachment_2110\" aria-describedby=\"caption-attachment-2110\" style=\"width: 350px\" class=\"wp-caption aligncenter\"><img loading=\"lazy\" decoding=\"async\" class=\" wp-image-2110\" src=\"http:\/\/www.lassebacklund.fi\/wp-content\/uploads\/2016\/11\/Disen-Amanda-tidigare-Lillkull-Utteras-Manda.jpg\" alt=\"Utteras-Manda, som p\u00e5 riktigt hette Amanda Dis\u00e9n, f\u00f6dd Lillkull.\" width=\"350\" height=\"544\" srcset=\"https:\/\/www.lassebacklund.fi\/wp-content\/uploads\/2016\/11\/Disen-Amanda-tidigare-Lillkull-Utteras-Manda.jpg 569w, https:\/\/www.lassebacklund.fi\/wp-content\/uploads\/2016\/11\/Disen-Amanda-tidigare-Lillkull-Utteras-Manda-193x300.jpg 193w\" sizes=\"auto, (max-width: 350px) 100vw, 350px\" \/><figcaption id=\"caption-attachment-2110\" class=\"wp-caption-text\"><a href=\"http:\/\/www.lassebacklund.fi\/?page_id=2186\">Utteras-Manda<\/a>, som p\u00e5 riktigt hette Amanda Dis\u00e9n, f\u00f6dd Lillkull.<\/figcaption><\/figure>\n<figure id=\"attachment_2109\" aria-describedby=\"caption-attachment-2109\" style=\"width: 338px\" class=\"wp-caption aligncenter\"><img loading=\"lazy\" decoding=\"async\" class=\" wp-image-2109\" src=\"http:\/\/www.lassebacklund.fi\/wp-content\/uploads\/2016\/11\/Berit-Anselm-och-Elna-Lillkull.jpg\" alt=\"H\u00e4r sitter Berit Lillkull till v\u00e4nster med f\u00f6r\u00e4ldrarna Anselm och Elna.\" width=\"338\" height=\"191\" srcset=\"https:\/\/www.lassebacklund.fi\/wp-content\/uploads\/2016\/11\/Berit-Anselm-och-Elna-Lillkull.jpg 896w, https:\/\/www.lassebacklund.fi\/wp-content\/uploads\/2016\/11\/Berit-Anselm-och-Elna-Lillkull-300x170.jpg 300w, https:\/\/www.lassebacklund.fi\/wp-content\/uploads\/2016\/11\/Berit-Anselm-och-Elna-Lillkull-768x435.jpg 768w\" sizes=\"auto, (max-width: 338px) 100vw, 338px\" \/><figcaption id=\"caption-attachment-2109\" class=\"wp-caption-text\">Berit Lillkull till v\u00e4nster med f\u00f6r\u00e4ldrarna Anselm och Elna.<\/figcaption><\/figure>\n<figure id=\"attachment_2117\" aria-describedby=\"caption-attachment-2117\" style=\"width: 593px\" class=\"wp-caption aligncenter\"><img loading=\"lazy\" decoding=\"async\" class=\" wp-image-2117\" src=\"http:\/\/www.lassebacklund.fi\/wp-content\/uploads\/2016\/11\/Hultkvist-Marita-gift-Ingves-Ellen-\u00c5n\u00e4s-och-Ruby-Storkull.jpg\" alt=\"Fr\u00e5n v\u00e4nster Hultkvist Marita gift Ingves, Ellen \u00c5n\u00e4s och Ruby Storkull.\" width=\"593\" height=\"389\" srcset=\"https:\/\/www.lassebacklund.fi\/wp-content\/uploads\/2016\/11\/Hultkvist-Marita-gift-Ingves-Ellen-\u00c5n\u00e4s-och-Ruby-Storkull.jpg 860w, https:\/\/www.lassebacklund.fi\/wp-content\/uploads\/2016\/11\/Hultkvist-Marita-gift-Ingves-Ellen-\u00c5n\u00e4s-och-Ruby-Storkull-300x197.jpg 300w, https:\/\/www.lassebacklund.fi\/wp-content\/uploads\/2016\/11\/Hultkvist-Marita-gift-Ingves-Ellen-\u00c5n\u00e4s-och-Ruby-Storkull-768x505.jpg 768w\" sizes=\"auto, (max-width: 593px) 100vw, 593px\" \/><figcaption id=\"caption-attachment-2117\" class=\"wp-caption-text\">Fr\u00e5n v\u00e4nster Hultkvist Marita gift Ingves, Ellen \u00c5n\u00e4s och Ruby Storkull.<\/figcaption><\/figure>\n<figure id=\"attachment_2119\" aria-describedby=\"caption-attachment-2119\" style=\"width: 567px\" class=\"wp-caption aligncenter\"><img loading=\"lazy\" decoding=\"async\" class=\" wp-image-2119\" src=\"http:\/\/www.lassebacklund.fi\/wp-content\/uploads\/2016\/11\/I-mitten-Sigrid-Nordman-th-Miili-\u00c5n\u00e4s.jpg\" alt=\"H\u00e4r visar Ellen hur man dricker kaffe ur fatet \u00e5t Sigrid Nordman och \u00e5t mamma Miili.\" width=\"567\" height=\"316\" srcset=\"https:\/\/www.lassebacklund.fi\/wp-content\/uploads\/2016\/11\/I-mitten-Sigrid-Nordman-th-Miili-\u00c5n\u00e4s.jpg 878w, https:\/\/www.lassebacklund.fi\/wp-content\/uploads\/2016\/11\/I-mitten-Sigrid-Nordman-th-Miili-\u00c5n\u00e4s-300x167.jpg 300w, https:\/\/www.lassebacklund.fi\/wp-content\/uploads\/2016\/11\/I-mitten-Sigrid-Nordman-th-Miili-\u00c5n\u00e4s-768x428.jpg 768w\" sizes=\"auto, (max-width: 567px) 100vw, 567px\" \/><figcaption id=\"caption-attachment-2119\" class=\"wp-caption-text\">Ellen visar hur man dricker kaffe p\u00e5 gammaldags vis ur fatet \u00e5t <a href=\"http:\/\/www.lassebacklund.fi\/?page_id=2196\">Sigrid Nordman<\/a> och \u00e5t mamma Miili.<\/figcaption><\/figure>\n<figure id=\"attachment_2120\" aria-describedby=\"caption-attachment-2120\" style=\"width: 359px\" class=\"wp-caption aligncenter\"><img loading=\"lazy\" decoding=\"async\" class=\" wp-image-2120\" src=\"http:\/\/www.lassebacklund.fi\/wp-content\/uploads\/2016\/11\/Isakas-Manda-Hosioja-1.jpg\" alt=\"Isakas-Manda Hosioja, som bytte namn till Bj\u00f6rkg\u00e5rd bodde p\u00e5 Korsb\u00e4ckv\u00e4gen.\" width=\"359\" height=\"585\" srcset=\"https:\/\/www.lassebacklund.fi\/wp-content\/uploads\/2016\/11\/Isakas-Manda-Hosioja-1.jpg 511w, https:\/\/www.lassebacklund.fi\/wp-content\/uploads\/2016\/11\/Isakas-Manda-Hosioja-1-184x300.jpg 184w\" sizes=\"auto, (max-width: 359px) 100vw, 359px\" \/><figcaption id=\"caption-attachment-2120\" class=\"wp-caption-text\">Isakas-Manda Hosioja, som bytte namn till Bj\u00f6rkg\u00e5rd och hon bodde p\u00e5 Korsb\u00e4ckv\u00e4gen.<\/figcaption><\/figure>\n<figure id=\"attachment_2121\" aria-describedby=\"caption-attachment-2121\" style=\"width: 369px\" class=\"wp-caption aligncenter\"><img loading=\"lazy\" decoding=\"async\" class=\" wp-image-2121\" src=\"http:\/\/www.lassebacklund.fi\/wp-content\/uploads\/2016\/11\/Lillkull-Anakajs-G\u00e5bbinas-1.jpg\" alt=\"&quot;G\u00e5bbinas-Anakajs&quot; allts\u00e5 Anna Kajsa Lillkull fr\u00e5n Brobackan.\" width=\"369\" height=\"523\" srcset=\"https:\/\/www.lassebacklund.fi\/wp-content\/uploads\/2016\/11\/Lillkull-Anakajs-G\u00e5bbinas-1.jpg 582w, https:\/\/www.lassebacklund.fi\/wp-content\/uploads\/2016\/11\/Lillkull-Anakajs-G\u00e5bbinas-1-212x300.jpg 212w\" sizes=\"auto, (max-width: 369px) 100vw, 369px\" \/><figcaption id=\"caption-attachment-2121\" class=\"wp-caption-text\">&#8221;G\u00e5bbinas-Anakajs&#8221; allts\u00e5 <a href=\"http:\/\/www.lassebacklund.fi\/?page_id=1824\">Anna Kajsa Lillkull<\/a> fr\u00e5n Brobackan.<\/figcaption><\/figure>\n<figure id=\"attachment_2122\" aria-describedby=\"caption-attachment-2122\" style=\"width: 385px\" class=\"wp-caption aligncenter\"><img loading=\"lazy\" decoding=\"async\" class=\" wp-image-2122\" src=\"http:\/\/www.lassebacklund.fi\/wp-content\/uploads\/2016\/11\/Lindroos-Adelina-med-dotter-Julia.jpg\" alt=\"H\u00e4r sitter Adelina Lindroos tillsammans med sin dotter Julia, som sedan gifte sig med Hemming Lindg\u00e5rd.\" width=\"385\" height=\"603\" srcset=\"https:\/\/www.lassebacklund.fi\/wp-content\/uploads\/2016\/11\/Lindroos-Adelina-med-dotter-Julia.jpg 583w, https:\/\/www.lassebacklund.fi\/wp-content\/uploads\/2016\/11\/Lindroos-Adelina-med-dotter-Julia-191x300.jpg 191w\" sizes=\"auto, (max-width: 385px) 100vw, 385px\" \/><figcaption id=\"caption-attachment-2122\" class=\"wp-caption-text\"><a href=\"http:\/\/www.lassebacklund.fi\/?page_id=12852\">Adelina Lindroos<\/a> tillsammans med sin dotter Julia, som sedan gifte sig med Hemming Lindg\u00e5rd.<\/figcaption><\/figure>\n<figure id=\"attachment_2124\" aria-describedby=\"caption-attachment-2124\" style=\"width: 941px\" class=\"wp-caption aligncenter\"><img loading=\"lazy\" decoding=\"async\" class=\"size-full wp-image-2124\" src=\"http:\/\/www.lassebacklund.fi\/wp-content\/uploads\/2016\/11\/Linnea-Lind-och-\u00c5ke-Backlund-utanf\u00f6r-Nelsonas.jpg\" alt=\"L\u00e4rarinnan Linnea Lind bakom flickorna . Mannen i bakgrunden \u00e4r \u00c5ke Backlund.\" width=\"941\" height=\"606\" srcset=\"https:\/\/www.lassebacklund.fi\/wp-content\/uploads\/2016\/11\/Linnea-Lind-och-\u00c5ke-Backlund-utanf\u00f6r-Nelsonas.jpg 941w, https:\/\/www.lassebacklund.fi\/wp-content\/uploads\/2016\/11\/Linnea-Lind-och-\u00c5ke-Backlund-utanf\u00f6r-Nelsonas-300x193.jpg 300w, https:\/\/www.lassebacklund.fi\/wp-content\/uploads\/2016\/11\/Linnea-Lind-och-\u00c5ke-Backlund-utanf\u00f6r-Nelsonas-768x495.jpg 768w\" sizes=\"auto, (max-width: 941px) 100vw, 941px\" \/><figcaption id=\"caption-attachment-2124\" class=\"wp-caption-text\">L\u00e4rarinnan Linnea Lind utanf\u00f6r <a href=\"http:\/\/www.lassebacklund.fi\/?page_id=298\">Nelsonas<\/a> bakom flickorna G\u00f6rel Eklund t.v. och Benita Lindblad t.h. Det \u00e4r fortfarande oklart vem pojken med kikaren \u00e4r. Mannen i bakgrunden \u00e4r <a href=\"http:\/\/www.lassebacklund.fi\/?page_id=14608\">\u00c5ke Backlund.<\/a><\/figcaption><\/figure>\n<figure id=\"attachment_2125\" aria-describedby=\"caption-attachment-2125\" style=\"width: 573px\" class=\"wp-caption aligncenter\"><img loading=\"lazy\" decoding=\"async\" class=\" wp-image-2125\" src=\"http:\/\/www.lassebacklund.fi\/wp-content\/uploads\/2016\/11\/Lund-Levi-med-cykel-vid-Ulla.jpg\" alt=\"&quot;Haga&quot; Levi Lund ute med sin cykel.\" width=\"573\" height=\"357\" srcset=\"https:\/\/www.lassebacklund.fi\/wp-content\/uploads\/2016\/11\/Lund-Levi-med-cykel-vid-Ulla.jpg 929w, https:\/\/www.lassebacklund.fi\/wp-content\/uploads\/2016\/11\/Lund-Levi-med-cykel-vid-Ulla-300x187.jpg 300w, https:\/\/www.lassebacklund.fi\/wp-content\/uploads\/2016\/11\/Lund-Levi-med-cykel-vid-Ulla-768x478.jpg 768w\" sizes=\"auto, (max-width: 573px) 100vw, 573px\" \/><figcaption id=\"caption-attachment-2125\" class=\"wp-caption-text\"><a href=\"http:\/\/www.lassebacklund.fi\/?page_id=11334\">&#8221;Haga&#8221; Levi Lund<\/a> ute med sin cykel.<\/figcaption><\/figure>\n<figure id=\"attachment_2126\" aria-describedby=\"caption-attachment-2126\" style=\"width: 372px\" class=\"wp-caption aligncenter\"><img loading=\"lazy\" decoding=\"async\" class=\" wp-image-2126\" src=\"http:\/\/www.lassebacklund.fi\/wp-content\/uploads\/2016\/11\/Maria-H\u00e4gg-Ulla-Miilis-mor.jpg\" alt=\"Maria H\u00e4gg, som var mor till Ulla-Miili.\" width=\"372\" height=\"552\" srcset=\"https:\/\/www.lassebacklund.fi\/wp-content\/uploads\/2016\/11\/Maria-H\u00e4gg-Ulla-Miilis-mor.jpg 610w, https:\/\/www.lassebacklund.fi\/wp-content\/uploads\/2016\/11\/Maria-H\u00e4gg-Ulla-Miilis-mor-202x300.jpg 202w\" sizes=\"auto, (max-width: 372px) 100vw, 372px\" \/><figcaption id=\"caption-attachment-2126\" class=\"wp-caption-text\">Maria H\u00e4gg, som var mor till Ulla-Miili.<\/figcaption><\/figure>\n<figure id=\"attachment_2127\" aria-describedby=\"caption-attachment-2127\" style=\"width: 392px\" class=\"wp-caption aligncenter\"><img loading=\"lazy\" decoding=\"async\" class=\" wp-image-2127\" src=\"http:\/\/www.lassebacklund.fi\/wp-content\/uploads\/2016\/11\/Nybond-Amanda.jpg\" alt=\"Amanda Nybond.\" width=\"392\" height=\"599\" srcset=\"https:\/\/www.lassebacklund.fi\/wp-content\/uploads\/2016\/11\/Nybond-Amanda.jpg 574w, https:\/\/www.lassebacklund.fi\/wp-content\/uploads\/2016\/11\/Nybond-Amanda-196x300.jpg 196w\" sizes=\"auto, (max-width: 392px) 100vw, 392px\" \/><figcaption id=\"caption-attachment-2127\" class=\"wp-caption-text\">Amanda Nybond.<\/figcaption><\/figure>\n<figure id=\"attachment_2128\" aria-describedby=\"caption-attachment-2128\" style=\"width: 375px\" class=\"wp-caption aligncenter\"><img loading=\"lazy\" decoding=\"async\" class=\" wp-image-2128\" src=\"http:\/\/www.lassebacklund.fi\/wp-content\/uploads\/2016\/11\/Nyholm-Emil-s\u00e5g\u00e4gare.jpg\" alt=\"S\u00e5g\u00e4garen Emil Nyholm.\" width=\"375\" height=\"485\" srcset=\"https:\/\/www.lassebacklund.fi\/wp-content\/uploads\/2016\/11\/Nyholm-Emil-s\u00e5g\u00e4gare.jpg 569w, https:\/\/www.lassebacklund.fi\/wp-content\/uploads\/2016\/11\/Nyholm-Emil-s\u00e5g\u00e4gare-232x300.jpg 232w\" sizes=\"auto, (max-width: 375px) 100vw, 375px\" \/><figcaption id=\"caption-attachment-2128\" class=\"wp-caption-text\">S\u00e5g\u00e4garen <a href=\"http:\/\/www.lassebacklund.fi\/?page_id=3864\">Emil Nyholm.<\/a><\/figcaption><\/figure>\n<figure id=\"attachment_2129\" aria-describedby=\"caption-attachment-2129\" style=\"width: 476px\" class=\"wp-caption aligncenter\"><img loading=\"lazy\" decoding=\"async\" class=\" wp-image-2129\" src=\"http:\/\/www.lassebacklund.fi\/wp-content\/uploads\/2016\/11\/Ok\u00e4nda-tv\u00e5-damer.jpg\" alt=\"Nylundas Ida ute med sparkaren tillsammans med Fia Ekberg.\" width=\"476\" height=\"308\" srcset=\"https:\/\/www.lassebacklund.fi\/wp-content\/uploads\/2016\/11\/Ok\u00e4nda-tv\u00e5-damer.jpg 893w, https:\/\/www.lassebacklund.fi\/wp-content\/uploads\/2016\/11\/Ok\u00e4nda-tv\u00e5-damer-300x194.jpg 300w, https:\/\/www.lassebacklund.fi\/wp-content\/uploads\/2016\/11\/Ok\u00e4nda-tv\u00e5-damer-768x497.jpg 768w\" sizes=\"auto, (max-width: 476px) 100vw, 476px\" \/><figcaption id=\"caption-attachment-2129\" class=\"wp-caption-text\">Nylundas Ida ute med sparkaren tillsammans med Fia Ekberg.<\/figcaption><\/figure>\n<figure id=\"attachment_2130\" aria-describedby=\"caption-attachment-2130\" style=\"width: 338px\" class=\"wp-caption aligncenter\"><img loading=\"lazy\" decoding=\"async\" class=\" wp-image-2130\" src=\"http:\/\/www.lassebacklund.fi\/wp-content\/uploads\/2016\/11\/Prunnila-Ellida-Utteras-Liida.jpg\" alt=\"&quot;Utteras-Liida&quot; allts\u00e5 Ellida Prunnila, f\u00f6dd Lillkull.\" width=\"338\" height=\"513\" srcset=\"https:\/\/www.lassebacklund.fi\/wp-content\/uploads\/2016\/11\/Prunnila-Ellida-Utteras-Liida.jpg 582w, https:\/\/www.lassebacklund.fi\/wp-content\/uploads\/2016\/11\/Prunnila-Ellida-Utteras-Liida-198x300.jpg 198w\" sizes=\"auto, (max-width: 338px) 100vw, 338px\" \/><figcaption id=\"caption-attachment-2130\" class=\"wp-caption-text\">&#8221;Utteras-Liida&#8221; allts\u00e5 <a href=\"http:\/\/www.lassebacklund.fi\/?page_id=2186\">Ellida Prunnila,<\/a> f\u00f6dd Lillkull.<\/figcaption><\/figure>\n<figure id=\"attachment_2132\" aria-describedby=\"caption-attachment-2132\" style=\"width: 418px\" class=\"wp-caption aligncenter\"><img loading=\"lazy\" decoding=\"async\" class=\" wp-image-2132\" src=\"http:\/\/www.lassebacklund.fi\/wp-content\/uploads\/2016\/11\/ruben-\u00c5n\u00e4s-med-mj\u00f6lkkanna-vid-Ulla-T\u00e5.jpg\" alt=\"H\u00e4r \u00e4r Ruben \u00c5n\u00e4s p\u00e5 v\u00e4g i den gamla g\u00e5rden i \u00e4ndan av Ullat\u00e5, nedanf\u00f6r Berg\u00e5sen.\" width=\"418\" height=\"662\" srcset=\"https:\/\/www.lassebacklund.fi\/wp-content\/uploads\/2016\/11\/ruben-\u00c5n\u00e4s-med-mj\u00f6lkkanna-vid-Ulla-T\u00e5.jpg 564w, https:\/\/www.lassebacklund.fi\/wp-content\/uploads\/2016\/11\/ruben-\u00c5n\u00e4s-med-mj\u00f6lkkanna-vid-Ulla-T\u00e5-189x300.jpg 189w\" sizes=\"auto, (max-width: 418px) 100vw, 418px\" \/><figcaption id=\"caption-attachment-2132\" class=\"wp-caption-text\">Ruben \u00c5n\u00e4s p\u00e5 v\u00e4g in i den gamla g\u00e5rden i \u00e4ndan av Ullat\u00e5, nedanf\u00f6r Berg\u00e5sen.<\/figcaption><\/figure>\n<figure id=\"attachment_2133\" aria-describedby=\"caption-attachment-2133\" style=\"width: 522px\" class=\"wp-caption aligncenter\"><img loading=\"lazy\" decoding=\"async\" class=\" wp-image-2133\" src=\"http:\/\/www.lassebacklund.fi\/wp-content\/uploads\/2016\/11\/Ruben-\u00c5n\u00e4s-islossning-vid-Nylundas-forsen.jpg\" alt=\"Islossningen i Gamla forsen kunde ibland inneb\u00e4ra \u00f6versv\u00e4mningar i Stor\u00e5krin p\u00e5 andra sidan \u00e5n. Isen stockades vanligen upp av Kias-holmen som ligger till v\u00e4nster utanf\u00f6r bilden.\" width=\"522\" height=\"331\" srcset=\"https:\/\/www.lassebacklund.fi\/wp-content\/uploads\/2016\/11\/Ruben-\u00c5n\u00e4s-islossning-vid-Nylundas-forsen.jpg 900w, https:\/\/www.lassebacklund.fi\/wp-content\/uploads\/2016\/11\/Ruben-\u00c5n\u00e4s-islossning-vid-Nylundas-forsen-300x190.jpg 300w, https:\/\/www.lassebacklund.fi\/wp-content\/uploads\/2016\/11\/Ruben-\u00c5n\u00e4s-islossning-vid-Nylundas-forsen-768x486.jpg 768w\" sizes=\"auto, (max-width: 522px) 100vw, 522px\" \/><figcaption id=\"caption-attachment-2133\" class=\"wp-caption-text\">Islossningen i Gamla forsen kunde ibland inneb\u00e4ra \u00f6versv\u00e4mningar i Stor\u00e5krin p\u00e5 andra sidan \u00e5n. Isen stockades vanligen upp av Kias-holmen som ligger till v\u00e4nster utanf\u00f6r bilden.<\/figcaption><\/figure>\n<figure id=\"attachment_2134\" aria-describedby=\"caption-attachment-2134\" style=\"width: 503px\" class=\"wp-caption aligncenter\"><img loading=\"lazy\" decoding=\"async\" class=\" wp-image-2134\" src=\"http:\/\/www.lassebacklund.fi\/wp-content\/uploads\/2016\/11\/Ruben-\u00c5n\u00e4s-Pontus-och-Arvid-Lillkull-d\u00e4r-Ulla-p\u00e5-Sunnantillv\u00e4gen-1.jpg\" alt=\"Till v\u00e4nster Ruben \u00c5n\u00e4s och till h\u00f6ger Arvid Lillkull som h\u00e5ller i Pontus. Bakom Pontus syns transformatorn vid Nylundas forsen.\" width=\"503\" height=\"298\" srcset=\"https:\/\/www.lassebacklund.fi\/wp-content\/uploads\/2016\/11\/Ruben-\u00c5n\u00e4s-Pontus-och-Arvid-Lillkull-d\u00e4r-Ulla-p\u00e5-Sunnantillv\u00e4gen-1.jpg 909w, https:\/\/www.lassebacklund.fi\/wp-content\/uploads\/2016\/11\/Ruben-\u00c5n\u00e4s-Pontus-och-Arvid-Lillkull-d\u00e4r-Ulla-p\u00e5-Sunnantillv\u00e4gen-1-300x178.jpg 300w, https:\/\/www.lassebacklund.fi\/wp-content\/uploads\/2016\/11\/Ruben-\u00c5n\u00e4s-Pontus-och-Arvid-Lillkull-d\u00e4r-Ulla-p\u00e5-Sunnantillv\u00e4gen-1-768x455.jpg 768w\" sizes=\"auto, (max-width: 503px) 100vw, 503px\" \/><figcaption id=\"caption-attachment-2134\" class=\"wp-caption-text\">Till v\u00e4nster Ruben \u00c5n\u00e4s och till h\u00f6ger <a href=\"http:\/\/www.lassebacklund.fi\/?page_id=1838\">Arvid Lillkull<\/a> som h\u00e5ller i Pontus. Bakom Pontus syns transformatorn vid Nylundas forsen.<\/figcaption><\/figure>\n<figure id=\"attachment_2135\" aria-describedby=\"caption-attachment-2135\" style=\"width: 517px\" class=\"wp-caption aligncenter\"><img loading=\"lazy\" decoding=\"async\" class=\" wp-image-2135\" src=\"http:\/\/www.lassebacklund.fi\/wp-content\/uploads\/2016\/11\/Ruby-Storkull-och-Ellen-\u00c5n\u00e4s.jpg\" alt=\"Till v\u00e4nster Ruby Storkull med Ellen \u00c5n\u00e4s.\" width=\"517\" height=\"333\" srcset=\"https:\/\/www.lassebacklund.fi\/wp-content\/uploads\/2016\/11\/Ruby-Storkull-och-Ellen-\u00c5n\u00e4s.jpg 869w, https:\/\/www.lassebacklund.fi\/wp-content\/uploads\/2016\/11\/Ruby-Storkull-och-Ellen-\u00c5n\u00e4s-300x193.jpg 300w, https:\/\/www.lassebacklund.fi\/wp-content\/uploads\/2016\/11\/Ruby-Storkull-och-Ellen-\u00c5n\u00e4s-768x495.jpg 768w\" sizes=\"auto, (max-width: 517px) 100vw, 517px\" \/><figcaption id=\"caption-attachment-2135\" class=\"wp-caption-text\">Till v\u00e4nster Ruby Storkull med Ellen \u00c5n\u00e4s.<\/figcaption><\/figure>\n<figure id=\"attachment_2136\" aria-describedby=\"caption-attachment-2136\" style=\"width: 520px\" class=\"wp-caption aligncenter\"><img loading=\"lazy\" decoding=\"async\" class=\" wp-image-2136\" src=\"http:\/\/www.lassebacklund.fi\/wp-content\/uploads\/2016\/11\/Ruth-Mitts-och-Emilia-\u00c5n\u00e4s-med-blommor.jpg\" alt=\"H\u00e4r har Ruth Mitts fr\u00e5n \u00c5backan varit och uppvaktat Ulla-Miili med blommor.\" width=\"520\" height=\"338\" srcset=\"https:\/\/www.lassebacklund.fi\/wp-content\/uploads\/2016\/11\/Ruth-Mitts-och-Emilia-\u00c5n\u00e4s-med-blommor.jpg 869w, https:\/\/www.lassebacklund.fi\/wp-content\/uploads\/2016\/11\/Ruth-Mitts-och-Emilia-\u00c5n\u00e4s-med-blommor-300x195.jpg 300w, https:\/\/www.lassebacklund.fi\/wp-content\/uploads\/2016\/11\/Ruth-Mitts-och-Emilia-\u00c5n\u00e4s-med-blommor-768x499.jpg 768w\" sizes=\"auto, (max-width: 520px) 100vw, 520px\" \/><figcaption id=\"caption-attachment-2136\" class=\"wp-caption-text\">H\u00e4r har <a href=\"http:\/\/www.lassebacklund.fi\/?page_id=1798\">Ruth Mitts<\/a> fr\u00e5n \u00c5backan varit och uppvaktat Ulla-Miili med blommor.<\/figcaption><\/figure>\n<figure id=\"attachment_2138\" aria-describedby=\"caption-attachment-2138\" style=\"width: 418px\" class=\"wp-caption aligncenter\"><img loading=\"lazy\" decoding=\"async\" class=\" wp-image-2138\" src=\"http:\/\/www.lassebacklund.fi\/wp-content\/uploads\/2016\/11\/S\u00f6derqvist-Manda-1959.jpg\" alt=\"&quot;Axelas-Manda&quot; allts\u00e5 Amanda S\u00f6derqvist.\" width=\"418\" height=\"595\" srcset=\"https:\/\/www.lassebacklund.fi\/wp-content\/uploads\/2016\/11\/S\u00f6derqvist-Manda-1959.jpg 614w, https:\/\/www.lassebacklund.fi\/wp-content\/uploads\/2016\/11\/S\u00f6derqvist-Manda-1959-211x300.jpg 211w\" sizes=\"auto, (max-width: 418px) 100vw, 418px\" \/><figcaption id=\"caption-attachment-2138\" class=\"wp-caption-text\">&#8221;Axelas-Manda&#8221; allts\u00e5 <a href=\"http:\/\/www.lassebacklund.fi\/?page_id=13410\">Amanda S\u00f6derqvist.<\/a><\/figcaption><\/figure>\n<figure id=\"attachment_2140\" aria-describedby=\"caption-attachment-2140\" style=\"width: 291px\" class=\"wp-caption aligncenter\"><img loading=\"lazy\" decoding=\"async\" class=\"size-full wp-image-2140\" src=\"http:\/\/www.lassebacklund.fi\/wp-content\/uploads\/2016\/11\/Ulla-Miili-\u00c5n\u00e4s.jpg\" alt=\"Ulla-Miili \u00c5n\u00e4s.\" width=\"291\" height=\"574\" srcset=\"https:\/\/www.lassebacklund.fi\/wp-content\/uploads\/2016\/11\/Ulla-Miili-\u00c5n\u00e4s.jpg 291w, https:\/\/www.lassebacklund.fi\/wp-content\/uploads\/2016\/11\/Ulla-Miili-\u00c5n\u00e4s-152x300.jpg 152w\" sizes=\"auto, (max-width: 291px) 100vw, 291px\" \/><figcaption id=\"caption-attachment-2140\" class=\"wp-caption-text\">Ulla-Miili \u00c5n\u00e4s.<\/figcaption><\/figure>\n<figure id=\"attachment_2141\" aria-describedby=\"caption-attachment-2141\" style=\"width: 346px\" class=\"wp-caption aligncenter\"><img loading=\"lazy\" decoding=\"async\" class=\" wp-image-2141\" src=\"http:\/\/www.lassebacklund.fi\/wp-content\/uploads\/2016\/11\/Vera-Vidberg-och-Ellen-\u00c5n\u00e4s-p\u00e5-B\u00f6tomberget-1956.jpg\" alt=\"Vera Vidberg fr\u00e5n &quot;Nystad&quot; tillsammans med Ellen \u00c5n\u00e4s.\" width=\"346\" height=\"580\" srcset=\"https:\/\/www.lassebacklund.fi\/wp-content\/uploads\/2016\/11\/Vera-Vidberg-och-Ellen-\u00c5n\u00e4s-p\u00e5-B\u00f6tomberget-1956.jpg 533w, https:\/\/www.lassebacklund.fi\/wp-content\/uploads\/2016\/11\/Vera-Vidberg-och-Ellen-\u00c5n\u00e4s-p\u00e5-B\u00f6tomberget-1956-179x300.jpg 179w\" sizes=\"auto, (max-width: 346px) 100vw, 346px\" \/><figcaption id=\"caption-attachment-2141\" class=\"wp-caption-text\"><a href=\"http:\/\/www.lassebacklund.fi\/?page_id=14121\">Vera Vidberg fr\u00e5n &#8221;Nystad&#8221;<\/a> tillsammans med Ellen \u00c5n\u00e4s.<\/figcaption><\/figure>\n<figure id=\"attachment_2142\" aria-describedby=\"caption-attachment-2142\" style=\"width: 236px\" class=\"wp-caption aligncenter\"><img loading=\"lazy\" decoding=\"async\" class=\" wp-image-2142\" src=\"http:\/\/www.lassebacklund.fi\/wp-content\/uploads\/2016\/11\/\u00c5n\u00e4s-Anna-foto-Hyv\u00f6nen.jpg\" alt=\"Anna \u00c5n\u00e4s, fotograferad av Hyv\u00f6nen.\" width=\"236\" height=\"343\" srcset=\"https:\/\/www.lassebacklund.fi\/wp-content\/uploads\/2016\/11\/\u00c5n\u00e4s-Anna-foto-Hyv\u00f6nen.jpg 766w, https:\/\/www.lassebacklund.fi\/wp-content\/uploads\/2016\/11\/\u00c5n\u00e4s-Anna-foto-Hyv\u00f6nen-206x300.jpg 206w, https:\/\/www.lassebacklund.fi\/wp-content\/uploads\/2016\/11\/\u00c5n\u00e4s-Anna-foto-Hyv\u00f6nen-705x1024.jpg 705w\" sizes=\"auto, (max-width: 236px) 100vw, 236px\" \/><figcaption id=\"caption-attachment-2142\" class=\"wp-caption-text\">Anna \u00c5n\u00e4s, fotograferad av Hyv\u00f6nen.<\/figcaption><\/figure>\n<figure id=\"attachment_2143\" aria-describedby=\"caption-attachment-2143\" style=\"width: 482px\" class=\"wp-caption aligncenter\"><img loading=\"lazy\" decoding=\"async\" class=\" wp-image-2143\" src=\"http:\/\/www.lassebacklund.fi\/wp-content\/uploads\/2016\/11\/\u00c5n\u00e4s-Ruben-i-Nylundas-forsen.jpg\" alt=\"Ruben \u00c5n\u00e4s p\u00e5 klipporna i Gamla eller i Nylundas forsen.\" width=\"482\" height=\"315\" srcset=\"https:\/\/www.lassebacklund.fi\/wp-content\/uploads\/2016\/11\/\u00c5n\u00e4s-Ruben-i-Nylundas-forsen.jpg 870w, https:\/\/www.lassebacklund.fi\/wp-content\/uploads\/2016\/11\/\u00c5n\u00e4s-Ruben-i-Nylundas-forsen-300x196.jpg 300w, https:\/\/www.lassebacklund.fi\/wp-content\/uploads\/2016\/11\/\u00c5n\u00e4s-Ruben-i-Nylundas-forsen-768x502.jpg 768w\" sizes=\"auto, (max-width: 482px) 100vw, 482px\" \/><figcaption id=\"caption-attachment-2143\" class=\"wp-caption-text\">Ruben \u00c5n\u00e4s p\u00e5 klipporna i Gamla eller i Nylundas forsen.<\/figcaption><\/figure>\n<figure id=\"attachment_2144\" aria-describedby=\"caption-attachment-2144\" style=\"width: 508px\" class=\"wp-caption aligncenter\"><img loading=\"lazy\" decoding=\"async\" class=\" wp-image-2144\" src=\"http:\/\/www.lassebacklund.fi\/wp-content\/uploads\/2016\/11\/\u00c5n\u00e4s-Ruben-med-karavagne.jpg\" alt=\"H\u00e4r st\u00e5r Ruben och visar hur ett riktigt &quot;karavagn&quot; ser ut.\" width=\"508\" height=\"327\" srcset=\"https:\/\/www.lassebacklund.fi\/wp-content\/uploads\/2016\/11\/\u00c5n\u00e4s-Ruben-med-karavagne.jpg 911w, https:\/\/www.lassebacklund.fi\/wp-content\/uploads\/2016\/11\/\u00c5n\u00e4s-Ruben-med-karavagne-300x193.jpg 300w, https:\/\/www.lassebacklund.fi\/wp-content\/uploads\/2016\/11\/\u00c5n\u00e4s-Ruben-med-karavagne-768x495.jpg 768w\" sizes=\"auto, (max-width: 508px) 100vw, 508px\" \/><figcaption id=\"caption-attachment-2144\" class=\"wp-caption-text\">Ruben visar hur ett riktigt &#8221;karavagn&#8221; ser ut.<\/figcaption><\/figure>\n<figure id=\"attachment_2145\" aria-describedby=\"caption-attachment-2145\" style=\"width: 535px\" class=\"wp-caption aligncenter\"><img loading=\"lazy\" decoding=\"async\" class=\" wp-image-2145\" src=\"http:\/\/www.lassebacklund.fi\/wp-content\/uploads\/2016\/11\/\u00c5n\u00e4s-Ruben-vid-ruinerna-av-Nylunds-s\u00e5g.jpg\" alt=\"H\u00e4r st\u00e5r Ruben p\u00e5 det som \u00e4r kvar av Nylundas s\u00e5gen vid Gamla forsen.\" width=\"535\" height=\"339\" srcset=\"https:\/\/www.lassebacklund.fi\/wp-content\/uploads\/2016\/11\/\u00c5n\u00e4s-Ruben-vid-ruinerna-av-Nylunds-s\u00e5g.jpg 897w, https:\/\/www.lassebacklund.fi\/wp-content\/uploads\/2016\/11\/\u00c5n\u00e4s-Ruben-vid-ruinerna-av-Nylunds-s\u00e5g-300x190.jpg 300w, https:\/\/www.lassebacklund.fi\/wp-content\/uploads\/2016\/11\/\u00c5n\u00e4s-Ruben-vid-ruinerna-av-Nylunds-s\u00e5g-768x487.jpg 768w\" sizes=\"auto, (max-width: 535px) 100vw, 535px\" \/><figcaption id=\"caption-attachment-2145\" class=\"wp-caption-text\">H\u00e4r st\u00e5r Ruben p\u00e5 det som \u00e4r kvar av Nylundas s\u00e5gen vid Gamla forsen.<\/figcaption><\/figure>\n<h3><strong>\u00d6vriga foton.<\/strong><\/h3>\n<figure id=\"attachment_19193\" aria-describedby=\"caption-attachment-19193\" style=\"width: 1456px\" class=\"wp-caption alignnone\"><img loading=\"lazy\" decoding=\"async\" class=\"size-full wp-image-19193\" src=\"https:\/\/www.lassebacklund.fi\/wp-content\/uploads\/2021\/01\/Fyra-damer.jpg\" alt=\"\" width=\"1456\" height=\"845\" srcset=\"https:\/\/www.lassebacklund.fi\/wp-content\/uploads\/2021\/01\/Fyra-damer.jpg 1456w, https:\/\/www.lassebacklund.fi\/wp-content\/uploads\/2021\/01\/Fyra-damer-300x174.jpg 300w, https:\/\/www.lassebacklund.fi\/wp-content\/uploads\/2021\/01\/Fyra-damer-1024x594.jpg 1024w, https:\/\/www.lassebacklund.fi\/wp-content\/uploads\/2021\/01\/Fyra-damer-768x446.jpg 768w\" sizes=\"auto, (max-width: 1456px) 100vw, 1456px\" \/><figcaption id=\"caption-attachment-19193\" class=\"wp-caption-text\">D\u00e5 Hildur fyllde 50 \u00e5r 1975, s\u00e5 uppvaktade n\u00e5gra av syskonen p\u00e5 f\u00f6delsedagen, fr\u00e5n v\u00e4nster Signe, Ellen, Anna och Hildur.<\/figcaption><\/figure>\n<h3>Tidningsurklipp.<\/h3>\n<figure id=\"attachment_2097\" aria-describedby=\"caption-attachment-2097\" style=\"width: 1015px\" class=\"wp-caption alignnone\"><img loading=\"lazy\" decoding=\"async\" class=\"size-full wp-image-2097\" src=\"http:\/\/www.lassebacklund.fi\/wp-content\/uploads\/2016\/11\/Viktor-Carlssons-nekrolog.jpg\" alt=\"H\u00e4r ovan Viktor Carlssons nekrolog fr\u00e5n 1959.\" width=\"1015\" height=\"1340\" srcset=\"https:\/\/www.lassebacklund.fi\/wp-content\/uploads\/2016\/11\/Viktor-Carlssons-nekrolog.jpg 1015w, https:\/\/www.lassebacklund.fi\/wp-content\/uploads\/2016\/11\/Viktor-Carlssons-nekrolog-227x300.jpg 227w, https:\/\/www.lassebacklund.fi\/wp-content\/uploads\/2016\/11\/Viktor-Carlssons-nekrolog-768x1014.jpg 768w, https:\/\/www.lassebacklund.fi\/wp-content\/uploads\/2016\/11\/Viktor-Carlssons-nekrolog-776x1024.jpg 776w\" sizes=\"auto, (max-width: 1015px) 100vw, 1015px\" \/><figcaption id=\"caption-attachment-2097\" class=\"wp-caption-text\">H\u00e4r ovan Viktor Carlssons nekrolog fr\u00e5n 1959.<\/figcaption><\/figure>\n<figure id=\"attachment_2096\" aria-describedby=\"caption-attachment-2096\" style=\"width: 2340px\" class=\"wp-caption alignnone\"><img loading=\"lazy\" decoding=\"async\" class=\"size-full wp-image-2096\" src=\"http:\/\/www.lassebacklund.fi\/wp-content\/uploads\/2016\/11\/Waldemars-bild-och-nekrolog.jpg\" alt=\"H\u00e4r Victors son Waldemar som levde mellan \u00e5ren 1907-1976 och var en framg\u00e5ngsrik f\u00f6retagare i oljebranschen i Amerika.\" width=\"2340\" height=\"1418\" srcset=\"https:\/\/www.lassebacklund.fi\/wp-content\/uploads\/2016\/11\/Waldemars-bild-och-nekrolog.jpg 2340w, https:\/\/www.lassebacklund.fi\/wp-content\/uploads\/2016\/11\/Waldemars-bild-och-nekrolog-300x182.jpg 300w, https:\/\/www.lassebacklund.fi\/wp-content\/uploads\/2016\/11\/Waldemars-bild-och-nekrolog-768x465.jpg 768w, https:\/\/www.lassebacklund.fi\/wp-content\/uploads\/2016\/11\/Waldemars-bild-och-nekrolog-1024x621.jpg 1024w\" sizes=\"auto, (max-width: 2340px) 100vw, 2340px\" \/><figcaption id=\"caption-attachment-2096\" class=\"wp-caption-text\">H\u00e4r Victors son Waldemar som levde mellan \u00e5ren 1907-1976 och var en framg\u00e5ngsrik f\u00f6retagare i oljebranschen i Amerika.<\/figcaption><\/figure>\n<p>&nbsp;<\/p>\n<p>&nbsp;<\/p>\n<p>&nbsp;<\/p>\n","protected":false},"excerpt":{"rendered":"<p>Sammanst\u00e4llt av Lasse Backlund 2014, med hj\u00e4lp av Helge Nyholm och Inga-Lill Sandstr\u00f6m. Ellen Hultqvist har bidragit med m\u00e5nga fotografier.\u00a0 L\u00e4nkar: -om du vill l\u00e4sa om varifr\u00e5n namnet &#8221;Ulla&#8221; har kommit, s\u00e5 skall du klicka H\u00c4R! Den h\u00e4r st\u00f6rre och <a class=\"more-link\" href=\"https:\/\/www.lassebacklund.fi\/?page_id=2098\">Forts\u00e4tt l\u00e4sa <span class=\"screen-reader-text\">  Ekbergs eller \u00c5n\u00e4s p\u00e5 Sunnantillv\u00e4gen 70<\/span><span class=\"meta-nav\">&rarr;<\/span><\/a><\/p>\n","protected":false},"author":1,"featured_media":0,"parent":90,"menu_order":70,"comment_status":"closed","ping_status":"closed","template":"","meta":{"footnotes":""},"class_list":["post-2098","page","type-page","status-publish","hentry"],"_links":{"self":[{"href":"https:\/\/www.lassebacklund.fi\/index.php?rest_route=\/wp\/v2\/pages\/2098","targetHints":{"allow":["GET"]}}],"collection":[{"href":"https:\/\/www.lassebacklund.fi\/index.php?rest_route=\/wp\/v2\/pages"}],"about":[{"href":"https:\/\/www.lassebacklund.fi\/index.php?rest_route=\/wp\/v2\/types\/page"}],"author":[{"embeddable":true,"href":"https:\/\/www.lassebacklund.fi\/index.php?rest_route=\/wp\/v2\/users\/1"}],"replies":[{"embeddable":true,"href":"https:\/\/www.lassebacklund.fi\/index.php?rest_route=%2Fwp%2Fv2%2Fcomments&post=2098"}],"version-history":[{"count":33,"href":"https:\/\/www.lassebacklund.fi\/index.php?rest_route=\/wp\/v2\/pages\/2098\/revisions"}],"predecessor-version":[{"id":25844,"href":"https:\/\/www.lassebacklund.fi\/index.php?rest_route=\/wp\/v2\/pages\/2098\/revisions\/25844"}],"up":[{"embeddable":true,"href":"https:\/\/www.lassebacklund.fi\/index.php?rest_route=\/wp\/v2\/pages\/90"}],"wp:attachment":[{"href":"https:\/\/www.lassebacklund.fi\/index.php?rest_route=%2Fwp%2Fv2%2Fmedia&parent=2098"}],"curies":[{"name":"wp","href":"https:\/\/api.w.org\/{rel}","templated":true}]}}