{"id":2034,"date":"2016-11-16T22:38:14","date_gmt":"2016-11-16T21:38:14","guid":{"rendered":"http:\/\/www.lassebacklund.fi\/?page_id=2034"},"modified":"2026-04-14T21:29:45","modified_gmt":"2026-04-14T18:29:45","slug":"nybergs-eller-mannfolks-pa-sunnantillvagen-174","status":"publish","type":"page","link":"https:\/\/www.lassebacklund.fi\/?page_id=2034","title":{"rendered":"Nybergs eller Mannfolks p\u00e5 Sunnantillv\u00e4gen 174"},"content":{"rendered":"<figure id=\"attachment_2009\" aria-describedby=\"caption-attachment-2009\" style=\"width: 1389px\" class=\"wp-caption aligncenter\"><img loading=\"lazy\" decoding=\"async\" class=\"size-full wp-image-2009\" src=\"http:\/\/www.lassebacklund.fi\/wp-content\/uploads\/2016\/11\/1-9.jpg\" alt=\"G\u00e5rden fotograferad fr\u00e5n v\u00e4gen 2013.\" width=\"1389\" height=\"1037\" srcset=\"https:\/\/www.lassebacklund.fi\/wp-content\/uploads\/2016\/11\/1-9.jpg 1389w, https:\/\/www.lassebacklund.fi\/wp-content\/uploads\/2016\/11\/1-9-300x224.jpg 300w, https:\/\/www.lassebacklund.fi\/wp-content\/uploads\/2016\/11\/1-9-768x573.jpg 768w, https:\/\/www.lassebacklund.fi\/wp-content\/uploads\/2016\/11\/1-9-1024x764.jpg 1024w\" sizes=\"auto, (max-width: 1389px) 100vw, 1389px\" \/><figcaption id=\"caption-attachment-2009\" class=\"wp-caption-text\">F\u00f6rsta delen av den h\u00e4r g\u00e5rden byggdes ca 1870 av torparen Erik Johansson Klemets och den byggdes till av sonen &#8221;Eerkas Viktor&#8221; Klemets som \u00e5r 1909 antog namnet Nyberg. Viktor v\u00e4xte upp p\u00e5 detta st\u00e4lle eftersom hans far Erik Klemets hade anlagt ett torp h\u00e4r redan 1870.Det h\u00e4r omr\u00e5det l\u00e5g d\u00e5 avsides och kunde kallas \u00f6demark. G\u00e5rden fotograferad fr\u00e5n v\u00e4gen \u00e5r 2013.<\/figcaption><\/figure>\n<p><strong><span style=\"color: #000080;\">Sammanst\u00e4llt av Lasse Backlund 2014 med hj\u00e4lp av Mayvor Wilhelms. Uppgifterna \u00e4r tagna ur gamla lagfarter, kyrkb\u00f6cker och mantalsl\u00e4ngder.<\/span><\/strong><\/p>\n<h2><strong>G\u00e5rdens historia<\/strong><\/h2>\n<p><strong>\u00c5r 1870<\/strong> blev Erik Johansson Klemets (1832-1894) och hans hustru Maja Greta Josefsdotter (f.1832) torpare p\u00e5 bonden Anders Henrik Andersson Klemets hemman. Bondens g\u00e5rd l\u00e5g i Klemets\u00e4ndan men hans marker l\u00e5g utspridda och en del fanns p\u00e5 S\u00e5nan p\u00e5 andra sidan \u00e5n. Torpomr\u00e5det och marken som Erik Klemets arrenderade fanns just p\u00e5 andra sidan \u00e5n vid Ris\u00e5smossen och utgjorde n\u00e4rmare 1,9 ha och l\u00e5g n\u00e4ra den v\u00e4g, som gick fr\u00e5n L\u00e5ngas bron mot S\u00e5nan. Kontraktet som skrevs den 27 april best\u00e4mde att torparen skulle g\u00f6ra 12 dagsverken per \u00e5r, ett varje m\u00e5nad med g\u00e5rdens kost. Kontraktet skall g\u00e4lla i 50 \u00e5r d\u00e5 det l\u00e4mnas tillbaka till hemmans\u00e4garen, som d\u00e5 skall betala 600 mark \u00e5t torparens barn eller andra arvingar.<\/p>\n<p><strong>\u00c5r 1908<\/strong> \u00f6vertogs torpet av Eriks son Viktor Klemets (1864-1952), som kallades &#8221;Eerkas Viktor&#8221;.<\/p>\n<p><strong>\u00c5r 1918<\/strong> tr\u00e4dde den s\u00e5 kallade torparlagen i kraft och Viktor ans\u00f6kte d\u00e5 av legon\u00e4mnden i Lappfj\u00e4rd om inl\u00f6sning av torpet. Hemmanets nya \u00e4gare Frans och Wilhelmina Sundblom motsatte sig inte inl\u00f6sningen. <strong>Den 5 november 1919<\/strong> s\u00e5lde Frans och Wilhelmina omr\u00e5det f\u00f6r 1 400 mark \u00e5t Viktor, som kunde bryta ut omr\u00e5det till en sj\u00e4lvst\u00e4ndig l\u00e4genhet. Omr\u00e5det fick namnet Ris\u00e5smossen 1:32.<\/p>\n<figure id=\"attachment_25237\" aria-describedby=\"caption-attachment-25237\" style=\"width: 899px\" class=\"wp-caption alignnone\"><img loading=\"lazy\" decoding=\"async\" class=\"size-full wp-image-25237\" src=\"https:\/\/www.lassebacklund.fi\/wp-content\/uploads\/2025\/12\/Viktor-Eriksson-Klemets-kopta-torp-av-Sundblom.jpg\" alt=\"\" width=\"899\" height=\"713\" srcset=\"https:\/\/www.lassebacklund.fi\/wp-content\/uploads\/2025\/12\/Viktor-Eriksson-Klemets-kopta-torp-av-Sundblom.jpg 899w, https:\/\/www.lassebacklund.fi\/wp-content\/uploads\/2025\/12\/Viktor-Eriksson-Klemets-kopta-torp-av-Sundblom-300x238.jpg 300w, https:\/\/www.lassebacklund.fi\/wp-content\/uploads\/2025\/12\/Viktor-Eriksson-Klemets-kopta-torp-av-Sundblom-768x609.jpg 768w\" sizes=\"auto, (max-width: 899px) 100vw, 899px\" \/><figcaption id=\"caption-attachment-25237\" class=\"wp-caption-text\">\u00c5r 1919 l\u00f6ste &#8221;Eerkas Viktor&#8221; in det torp som hans far Erik Klemets innehade redan 1870. Omr\u00e5det p\u00e5 n\u00e4rmare 1,9 ha fick namnet Ris\u00e5smossen 1:32. Omr\u00e5det delades \u00e5r 1985 i tv\u00e5 l\u00e4genheter med nya nummer.<\/figcaption><\/figure>\n<p>Viktor Klemets, senare Nyberg var allts\u00e5 son till Erik Klemets och det var efter denne Erik som Viktor och alla hans \u00e4ttlingar b\u00f6rjade kallas f\u00f6r &#8221;Eerkas&#8221;. Viktor var bror bland annat till &#8221;Dalmanas&#8221; Ida Sundblom (1878-1959). Tillsammans med sin man Erik Anders uppf\u00f6rde Ida en g\u00e5rd i n\u00e4rheten, den som vi kallar <a href=\"https:\/\/www.lassebacklund.fi\/?page_id=2370\">&#8221;Dal Fransas&#8221;.<\/a><\/p>\n<figure id=\"attachment_2029\" aria-describedby=\"caption-attachment-2029\" style=\"width: 376px\" class=\"wp-caption aligncenter\"><img loading=\"lazy\" decoding=\"async\" class=\" wp-image-2029\" src=\"http:\/\/www.lassebacklund.fi\/wp-content\/uploads\/2016\/11\/13553197_1048214895215544_838759539_n.jpg\" alt=\"&quot;Eerkas-Emel&quot; som p\u00e5 riktigt hette Emil Nyberg.\" width=\"376\" height=\"559\" srcset=\"https:\/\/www.lassebacklund.fi\/wp-content\/uploads\/2016\/11\/13553197_1048214895215544_838759539_n.jpg 646w, https:\/\/www.lassebacklund.fi\/wp-content\/uploads\/2016\/11\/13553197_1048214895215544_838759539_n-202x300.jpg 202w\" sizes=\"auto, (max-width: 376px) 100vw, 376px\" \/><figcaption id=\"caption-attachment-2029\" class=\"wp-caption-text\">&#8221;Eerkas Emel&#8221; som p\u00e5 riktigt hette Emil Nyberg.<\/figcaption><\/figure>\n<p>&nbsp;<\/p>\n<figure id=\"attachment_2010\" aria-describedby=\"caption-attachment-2010\" style=\"width: 1164px\" class=\"wp-caption aligncenter\"><img loading=\"lazy\" decoding=\"async\" class=\"size-full wp-image-2010\" src=\"http:\/\/www.lassebacklund.fi\/wp-content\/uploads\/2016\/11\/2-9.jpg\" alt=\"P\u00e5 bilden Alma och alla hennes syskon, utom Anna Sofia, f. 1886 som emigrerade till Amerika. Fotot fr\u00e5n \u00e5r 1967. Nere t.v. Alvina (1889-1982)som gifte sig med Erland Rosenback, f\u00f6ljande Johannes (1891-1970) som gifte sig med Hilma Elvira Ojanper\u00e4 fr\u00e5n Stor\u00e5 och som tog namnet H\u00e4llback, Maria Vilhelmina (1893-1989) som gifte sig med Sigfrid Storl\u00e5hls fr\u00e5n M\u00e5ston eller Lillsund, f\u00f6ljande Alma (1895-1984) som gifte sig med Emil Nyberg och l\u00e4ngst ut Amanda (1897-1985) som gifte sig med Evert Gr\u00f6ndahl. St\u00e5ende fr.v. Viktor (1899-1981) som f\u00f6rst varit gift med Helmi Tuominiemi men som sedan gifte sig med Selma Nyberg och som tog namnet Berglind, f\u00f6ljande \u00e4r Jenny (1901-1976) som var ogift, f\u00f6ljande Leander (1904-1972) som gifte sig med Selma Hammarberg, sedan Arthur (1905-1985) som gifte sig med Helmi Lydia Jansson fr\u00e5n Stor\u00e5 och l\u00e4ngst t.h. Mathilda (1908-1984) som gifte sig med Emil Lillsj\u00f6. \" width=\"1164\" height=\"770\" srcset=\"https:\/\/www.lassebacklund.fi\/wp-content\/uploads\/2016\/11\/2-9.jpg 1164w, https:\/\/www.lassebacklund.fi\/wp-content\/uploads\/2016\/11\/2-9-300x198.jpg 300w, https:\/\/www.lassebacklund.fi\/wp-content\/uploads\/2016\/11\/2-9-768x508.jpg 768w, https:\/\/www.lassebacklund.fi\/wp-content\/uploads\/2016\/11\/2-9-1024x677.jpg 1024w\" sizes=\"auto, (max-width: 1164px) 100vw, 1164px\" \/><figcaption id=\"caption-attachment-2010\" class=\"wp-caption-text\">Alma och alla hennes syskon, utom Anna Sofia, f. 1886 som emigrerade till Amerika. Fotot fr\u00e5n \u00e5r 1967.<br \/>Nere t.v. Alvina (1889-1982) som gifte sig med Erland Rosenback, f\u00f6ljande Johannes (1891-1970) som gifte sig med Hilma Elvira Ojanper\u00e4 fr\u00e5n Stor\u00e5 och som tog namnet H\u00e4llback, Maria Vilhelmina (1893-1989) som gifte sig med Sigfrid Storl\u00e5hls fr\u00e5n M\u00e5ston eller Lillsund, f\u00f6ljande Alma (1895-1984) som gifte sig med Emil Nyberg och l\u00e4ngst ut Amanda (1897-1985) som gifte sig med Evert Gr\u00f6ndahl.<br \/>St\u00e5ende fr.v. Viktor (1899-1981) som f\u00f6rst varit gift med Helmi Tuominiemi men som sedan gifte sig med Selma Nyberg och som tog namnet Berglind, f\u00f6ljande \u00e4r Jenny (1901-1976) som var ogift, f\u00f6ljande Leander (1904-1972) som gifte sig med Selma Hammarberg, sedan Arthur (1905-1985) som gifte sig med Helmi Lydia Jansson fr\u00e5n Stor\u00e5 och l\u00e4ngst t.h. Mathilda (1908-1984) som gifte sig med Emil Lillsj\u00f6.<\/figcaption><\/figure>\n<h4><strong>Emil och Alma Nyberg tar \u00f6ver<\/strong><\/h4>\n<p><strong>P\u00e5 1920-talet<\/strong> \u00f6vertogs g\u00e5rden och marken runtomkring av sonen Emil Nyberg (1898-1967) \u00a0och hans hustru Alma (f. Kankaanp\u00e4\u00e4 1895-1984).D\u00e5 Emil och Alma \u00f6vertog g\u00e5rden l\u00f6ste de ut Emils fem syskon:<\/p>\n<h6>\u2013&#8221;St\u00e5l Frans&#8221; Nyberg som var gift med St\u00e5l Ida och han flyttade till skogsbrynet p\u00e5 By\u00e5sv\u00e4gen.<\/h6>\n<h6>-Amanda som gifte sig med \u201dKlemets\u201d Emil L\u00e5ngfors och flyttade till Klemets\u00e4ndan.<\/h6>\n<h6>-Selma som var mor till Rudi Nyberg och som sedan gifte sig med Viktor Berglind. Hon flyttade d\u00e5 upp till Korsb\u00e4ck och de fick d\u00e5 dottern Anita, som sedan gifte sig med J\u00f6rgen Lindqvist<\/h6>\n<h6>-Alvina som gifte sig med handlanden \u201dBroback\u201d Erik Anders Roseng\u00e5rd och flyttade till Brobackan.<\/h6>\n<h6>-Hilma som gifte sig med \u201dLid\u201d Viktor Bj\u00f6rklund och flyttade till byin n\u00e4ra Sebasbackan.<\/h6>\n<p>&nbsp;<\/p>\n<p><strong>I slutet av 1920-talet<\/strong> k\u00f6pte Emil och Alma Nyberg en tredjedel av Viktor och Aurora R\u00f6nnqvists hemman 1:7. K\u00f6pet bestod av tre omr\u00e5den, varav det ena p\u00e5 10 ha fanns uppe n\u00e4ra Bymossen p\u00e5 A-sidon och det bestod mestadels av skog, och det andra var skog uppe p\u00e5 Drag\u00e5sen. Dessa tv\u00e5 omr\u00e5den fick namnet V\u00e4ster 1:112. Det tredje omr\u00e5det p\u00e5 0,8 ha l\u00e5g i Klemets\u00e4ndan i den v\u00e4stra \u00e4ndan av R\u00f6nnqvists hemman, n\u00e4ra landsv\u00e4gen och det var \u00e5kermark.<\/p>\n<p><strong>\u00c5r 1929, den 1 april<\/strong> s\u00e5lde Emil och Alma f\u00f6r 1 000 mark markomr\u00e5det p\u00e5 0,8 ha i Klemets\u00e4ndan \u00e5t Emils bror Frans Nyberg (1885-1952), som kallades &#8221;St\u00e5l Frans&#8221;. Omr\u00e5det fick namnet Blom 1:79. Frans hade \u00e5r 1908 gift sig med &#8221;St\u00e5l Ida&#8221; \u00c5str\u00f6m (f.1884) och han bodde i hennes torp p\u00e5 By\u00e5sen. <strong>\u00c5r 1954, den 17 april<\/strong> s\u00e5lde \u00e4nkan &#8221;St\u00e5l Ida&#8221; Nyberg detta omr\u00e5de \u00e5t bonden Egil Mannfolk f\u00f6r 200 000 mark. Egil s\u00e5lde sedan detta omr\u00e5de Blom \u00e5t bonden och blivande s\u00e5g\u00e4garen Harry Kangas, som uppf\u00f6rde en byggnad f\u00f6r en cirkels\u00e5g p\u00e5 omr\u00e5det. Den nuvarande \u00e4garen bedriver forts\u00e4ttningsvis s\u00e5gverksamhet p\u00e5 omr\u00e5det.<\/p>\n<figure id=\"attachment_2011\" aria-describedby=\"caption-attachment-2011\" style=\"width: 466px\" class=\"wp-caption alignnone\"><img loading=\"lazy\" decoding=\"async\" class=\" wp-image-2011\" src=\"http:\/\/www.lassebacklund.fi\/wp-content\/uploads\/2016\/11\/3-8.jpg\" alt=\"H\u00e4r Emil och Alma med dottern Dagny, fotot fr\u00e5n 1920-talet.\" width=\"466\" height=\"737\" srcset=\"https:\/\/www.lassebacklund.fi\/wp-content\/uploads\/2016\/11\/3-8.jpg 747w, https:\/\/www.lassebacklund.fi\/wp-content\/uploads\/2016\/11\/3-8-190x300.jpg 190w, https:\/\/www.lassebacklund.fi\/wp-content\/uploads\/2016\/11\/3-8-647x1024.jpg 647w\" sizes=\"auto, (max-width: 466px) 100vw, 466px\" \/><figcaption id=\"caption-attachment-2011\" class=\"wp-caption-text\">Emil och Alma med dottern Dagny, fotot fr\u00e5n 1920-talet.<\/figcaption><\/figure>\n<figure id=\"attachment_2013\" aria-describedby=\"caption-attachment-2013\" style=\"width: 488px\" class=\"wp-caption alignnone\"><img loading=\"lazy\" decoding=\"async\" class=\" wp-image-2013\" src=\"http:\/\/www.lassebacklund.fi\/wp-content\/uploads\/2016\/11\/5-8.jpg\" alt=\"\u00c5r 1938 fick Emil Nyberg detta diplom av \u00d6sterbottens Svenska Lantbrukss\u00e4llskap, som visar att hans hemman \u00e4r en del av Klemets gamla hemman som funnits till sedan 1608. \" width=\"488\" height=\"713\" srcset=\"https:\/\/www.lassebacklund.fi\/wp-content\/uploads\/2016\/11\/5-8.jpg 1389w, https:\/\/www.lassebacklund.fi\/wp-content\/uploads\/2016\/11\/5-8-205x300.jpg 205w, https:\/\/www.lassebacklund.fi\/wp-content\/uploads\/2016\/11\/5-8-768x1121.jpg 768w, https:\/\/www.lassebacklund.fi\/wp-content\/uploads\/2016\/11\/5-8-701x1024.jpg 701w\" sizes=\"auto, (max-width: 488px) 100vw, 488px\" \/><figcaption id=\"caption-attachment-2013\" class=\"wp-caption-text\">\u00c5r 1938 fick Emil Nyberg detta diplom av \u00d6sterbottens Svenska Lantbrukss\u00e4llskap, som visar att hans hemman \u00e4r en del av Klemets gamla hemman som funnits till sedan 1608.<\/figcaption><\/figure>\n<figure id=\"attachment_2014\" aria-describedby=\"caption-attachment-2014\" style=\"width: 963px\" class=\"wp-caption alignnone\"><img loading=\"lazy\" decoding=\"async\" class=\"size-full wp-image-2014\" src=\"http:\/\/www.lassebacklund.fi\/wp-content\/uploads\/2016\/11\/6-6.jpg\" alt=\"H\u00e4r ser vi Alma sittande p\u00e5 trappan hos sin syster Alvina Rosenback p\u00e5 Brobackan. Den unga pojken \u00e4r Trygve Mannfolk, damen till v\u00e4nster \u00e4r Dagny Mannfolk och till h\u00f6ger st\u00e5r Else Gullmes och Egil Mannfolk. Fotot fr\u00e5n 1968.\" width=\"963\" height=\"642\" srcset=\"https:\/\/www.lassebacklund.fi\/wp-content\/uploads\/2016\/11\/6-6.jpg 963w, https:\/\/www.lassebacklund.fi\/wp-content\/uploads\/2016\/11\/6-6-300x200.jpg 300w, https:\/\/www.lassebacklund.fi\/wp-content\/uploads\/2016\/11\/6-6-768x512.jpg 768w\" sizes=\"auto, (max-width: 963px) 100vw, 963px\" \/><figcaption id=\"caption-attachment-2014\" class=\"wp-caption-text\">H\u00e4r ser vi Alma sittande p\u00e5 trappan hos sin syster Alvina Rosenback p\u00e5 Brobackan. Den unga pojken \u00e4r Trygve Mannfolk, damen till v\u00e4nster \u00e4r Dagny Mannfolk och till h\u00f6ger st\u00e5r Else Gullmes och Egil Mannfolk. Fotot fr\u00e5n 1968.<\/figcaption><\/figure>\n<p>Emil och Alma Nyberg fick endast ett barn, dottern Dagny som f\u00f6ddes \u00e5r 1923. Men de fostrade ocks\u00e5 upp \u00c5ke Berglind (f. 1928) som var son till Almas bror Viktor Berglind och hans f\u00f6rsta hustru Helmi. D\u00e5 Helmi dog \u00e5r 1929 och Viktor blev ensam med tre sm\u00e5 pojkar s\u00e5 tog Emil och Alma hand om \u00c5ke som var den yngsta och de sk\u00f6tte honom till vuxen \u00e5lder. \u00c5ke blev allts\u00e5 inte adopterad utan de bara tog hand om honom.<\/p>\n<h4><strong>Egil och Dagny Mannfolk tar \u00f6ver<\/strong><\/h4>\n<p>P\u00e5 sj\u00e4lvst\u00e4ndighetsdagen 1942 gifte sig Dagny med Egil Mannfolk, hemma fr\u00e5n Stenv\u00e4gen i Lappfj\u00e4rd. F\u00f6ljande \u00e5r 1943 f\u00f6ddes sonen Tage som dog \u00e5r 1979 i Sverige och efter kriget f\u00f6ddes dottern Mayvor, numera bosatt i Lappfj\u00e4rd. \u00c5r 1949, i september flyttade Egil och Dagny till Dalsbruk d\u00e4r Egil fick arbete p\u00e5 j\u00e4rnbruket.<\/p>\n<p><strong>\u00c5r 1953, den 7 augusti<\/strong> s\u00e5lde Emil och Alma Nyberg l\u00e4genheten Ris\u00e5smossen och den tillh\u00f6rande marken \u00e5t dottern Dagny och hennes man Egil Mannfolk. K\u00f6peskillingen utgjorde 150 000 mark och den betalades med en skuldsedel. <span style=\"font-size: 15px; font-weight: 300;\">Egil och Dagny stannade i Dalsbruk till 1956 d\u00e5 de tog hand om hemmanet och blev b\u00f6nder.<\/span><\/p>\n<p>Egils f\u00f6r\u00e4ldrar, som bodde p\u00e5 Stenv\u00e4gen i Lappfj\u00e4rd hade en liten lemonadfabrik d\u00e4r som Egil flyttade till Dagsmark i slutet av 50-talet. Eftersom vattenkvalit\u00e9n var d\u00e5lig och otillr\u00e4cklig p\u00e5 A-sidon s\u00e5 installerades maskinerna i uthuset hos Ernst Lindell p\u00e5 Dagsmarkv\u00e4gen och d\u00e4r tillverkades lemonad av olika smaker. Lemonaden s\u00e5ldes till privatpersoner men ocks\u00e5 butikerna runtom i nejden k\u00f6pte och s\u00e5lde Mannfolks lemonad. Handelsm\u00e4nnen i Dagsmark och i grannbyarna brukade h\u00e4mta lemonaden fr\u00e5n Dagsmark men lemonadkorgarna k\u00f6rdes ocks\u00e5 ut med egen h\u00e4st till kunderna.<\/p>\n<p>Egil \u00e4gde ett st\u00f6rre skogsomr\u00e5de Mang\u00e5rd 32-29 p\u00e5 B\u00f6tombergen och \u00e5r 1968 kunde han k\u00f6pa statlig tillskottsskog p\u00e5 samma omr\u00e5de. Han \u00e4gde ocks\u00e5 ett mindre skogsomr\u00e5de Degermaren 24-28 n\u00e4ra hemg\u00e5rden p\u00e5 Stenv\u00e4gen.<\/p>\n<p><strong>P\u00e5 1960-talet<\/strong> \u00f6vertogs sk\u00f6tseln av Egil och Dagnys hemman av sonen Tage (1943-1979). Han var f\u00f6rsta g\u00e5ngen gift 1963 med Vivi-Ann Vesterman fr\u00e5n Korsholm och fick med henne s\u00f6nerna Tryggve (f.1963) och Stig \u00c5ke (f.1964). De skilde sig 1967 och Vivi-Ann flyttade till Korsholm med de b\u00e5da s\u00f6nerna. Samma \u00e5r gift Tage om sig med Anja Syrj\u00e4l\u00e4, som var f\u00f6dd 1949 i Alaj\u00e4rvi.<\/p>\n<p><strong>\u00c5r 1971, den 9 november<\/strong> k\u00f6pte Tage och Anja ett hemman f\u00f6r 65 000 mark av grannen Vilho Toivonen, som bestod av 4 l\u00e4genheter. Det h\u00e4r hemmanet hade Toivonen k\u00f6pt \u00e5r 1952 av hemmanshandlarna Viitala, Lankoski och M\u00e4ki-Kantti.<\/p>\n<p><strong>\u00c5r 1976, den 23 december<\/strong> s\u00e5lde Tage och Anja Mannfolk det hemman som de hade k\u00f6pt av Toivonen \u00e5t Finska staten f\u00f6r 180 000 mark.<\/p>\n<figure id=\"attachment_2017\" aria-describedby=\"caption-attachment-2017\" style=\"width: 520px\" class=\"wp-caption alignnone\"><img loading=\"lazy\" decoding=\"async\" class=\" wp-image-2017\" src=\"http:\/\/www.lassebacklund.fi\/wp-content\/uploads\/2016\/11\/8-6.jpg\" alt=\"S\u00e5 h\u00e4r kunde etiketterna se ut p\u00e5 de lemonadflaskor som Egil Mannfolk tillverkade i uthuset hos Ernst Lindell. Det har ju funnits m\u00e5nga lemonadfabriker i Dagsmark i tiderna, den mest k\u00e4nda \u00e4r v\u00e4l Bror Vikfors som i slutet p\u00e5 1950-talet k\u00f6pte sin f\u00f6rsta maskin av Eskil Guss och han h\u00f6ll p\u00e5 fram till b\u00f6rjan p\u00e5 1970-talet. Mellan \u00e5ren 1925 till 1930 tillverkade Emil Nyholm lemonad i det hus som kallades f\u00f6r Myll\u00e4ris hus.\" width=\"520\" height=\"727\" srcset=\"https:\/\/www.lassebacklund.fi\/wp-content\/uploads\/2016\/11\/8-6.jpg 1000w, https:\/\/www.lassebacklund.fi\/wp-content\/uploads\/2016\/11\/8-6-215x300.jpg 215w, https:\/\/www.lassebacklund.fi\/wp-content\/uploads\/2016\/11\/8-6-768x1074.jpg 768w, https:\/\/www.lassebacklund.fi\/wp-content\/uploads\/2016\/11\/8-6-732x1024.jpg 732w\" sizes=\"auto, (max-width: 520px) 100vw, 520px\" \/><figcaption id=\"caption-attachment-2017\" class=\"wp-caption-text\">S\u00e5 h\u00e4r kunde etiketterna se ut p\u00e5 de lemonadflaskor som Egil Mannfolk tillverkade i uthuset hos Ernst Lindell. Det har ju funnits m\u00e5nga lemonadfabriker i Dagsmark i tiderna, den mest k\u00e4nda \u00e4r v\u00e4l Bror Vikfors som i slutet p\u00e5 1950-talet k\u00f6pte sin f\u00f6rsta maskin av Eskil Guss och han h\u00f6ll p\u00e5 fram till b\u00f6rjan p\u00e5 1970-talet. Mellan \u00e5ren 1925 till 1930 tillverkade Emil Nyholm lemonad i det hus som kallades f\u00f6r Myll\u00e4ris hus.<\/figcaption><\/figure>\n<p>D\u00e5 Dagny dog 1973 flyttade Egil till sitt barndomshem p\u00e5 Stenv\u00e4gen\u00a0i Lappfj\u00e4rd och sedan vistades han en tid p\u00e5 \u00c5ldersro f\u00f6re han dog. Hans sv\u00e4rmor Alma flyttade till\u00a0sitt barnbarn Mayvor i Lappfj\u00e4rd d\u00e4r\u00a0hon bodde i 11 \u00e5rs tid fram till sin d\u00f6d.<\/p>\n<p><strong>\u00c5r 1985, den 28 juni<\/strong> s\u00e5lde Egil Mannfolk och hans dotter g\u00e5rden \u00e5t de nuvarande \u00e4garna.\u00a0 De bodde d\u00e4r i flera \u00e5r men de \u00e4r numera \u00e4r bosatta i Lappfj\u00e4rd. Huset nu numera obebott.<\/p>\n<figure id=\"attachment_2025\" aria-describedby=\"caption-attachment-2025\" style=\"width: 1386px\" class=\"wp-caption alignnone\"><img loading=\"lazy\" decoding=\"async\" class=\"size-full wp-image-2025\" src=\"http:\/\/www.lassebacklund.fi\/wp-content\/uploads\/2016\/11\/11-3.jpg\" alt=\"Huset fotograferat fr\u00e5n g\u00e5rdssidan 2013.\" width=\"1386\" height=\"1039\" srcset=\"https:\/\/www.lassebacklund.fi\/wp-content\/uploads\/2016\/11\/11-3.jpg 1386w, https:\/\/www.lassebacklund.fi\/wp-content\/uploads\/2016\/11\/11-3-300x225.jpg 300w, https:\/\/www.lassebacklund.fi\/wp-content\/uploads\/2016\/11\/11-3-768x576.jpg 768w, https:\/\/www.lassebacklund.fi\/wp-content\/uploads\/2016\/11\/11-3-1024x768.jpg 1024w\" sizes=\"auto, (max-width: 1386px) 100vw, 1386px\" \/><figcaption id=\"caption-attachment-2025\" class=\"wp-caption-text\">Huset fotograferat fr\u00e5n g\u00e5rdssidan 2013.<\/figcaption><\/figure>\n<figure id=\"attachment_2026\" aria-describedby=\"caption-attachment-2026\" style=\"width: 1148px\" class=\"wp-caption alignnone\"><img loading=\"lazy\" decoding=\"async\" class=\"size-full wp-image-2026\" src=\"http:\/\/www.lassebacklund.fi\/wp-content\/uploads\/2016\/11\/12-4.jpg\" alt=\"\u00c4nnu p\u00e5 1970-talet gick Sunnantillv\u00e4gen i en tv\u00e4r kr\u00f6k bakom Mannfolks uthus. V\u00e4gen byggdes senare om och fick d\u00e5 sin nuvarande str\u00e4ckning norr om g\u00e5rdsgruppen.\" width=\"1148\" height=\"483\" srcset=\"https:\/\/www.lassebacklund.fi\/wp-content\/uploads\/2016\/11\/12-4.jpg 1148w, https:\/\/www.lassebacklund.fi\/wp-content\/uploads\/2016\/11\/12-4-300x126.jpg 300w, https:\/\/www.lassebacklund.fi\/wp-content\/uploads\/2016\/11\/12-4-768x323.jpg 768w, https:\/\/www.lassebacklund.fi\/wp-content\/uploads\/2016\/11\/12-4-1024x431.jpg 1024w\" sizes=\"auto, (max-width: 1148px) 100vw, 1148px\" \/><figcaption id=\"caption-attachment-2026\" class=\"wp-caption-text\">\u00c4nnu p\u00e5 1970-talet gick Sunnantillv\u00e4gen i en tv\u00e4r kr\u00f6k bakom Mannfolks uthus. V\u00e4gen byggdes senare om och fick d\u00e5 sin nuvarande str\u00e4ckning norr om g\u00e5rdsgruppen.<\/figcaption><\/figure>\n<h3><strong>Nybergas lillstugan.<\/strong><\/h3>\n<figure id=\"attachment_2027\" aria-describedby=\"caption-attachment-2027\" style=\"width: 1164px\" class=\"wp-caption alignnone\"><img loading=\"lazy\" decoding=\"async\" class=\"size-full wp-image-2027\" src=\"http:\/\/www.lassebacklund.fi\/wp-content\/uploads\/2016\/11\/13-4.jpg\" alt=\"S\u00e5 h\u00e4r s\u00e5g Nybergs lillstuga ut \u00e5r 2003. Till h\u00f6ger skymtar Gr\u00f6nlunds nybyggda g\u00e5rd.\" width=\"1164\" height=\"661\" srcset=\"https:\/\/www.lassebacklund.fi\/wp-content\/uploads\/2016\/11\/13-4.jpg 1164w, https:\/\/www.lassebacklund.fi\/wp-content\/uploads\/2016\/11\/13-4-300x170.jpg 300w, https:\/\/www.lassebacklund.fi\/wp-content\/uploads\/2016\/11\/13-4-768x436.jpg 768w, https:\/\/www.lassebacklund.fi\/wp-content\/uploads\/2016\/11\/13-4-1024x581.jpg 1024w\" sizes=\"auto, (max-width: 1164px) 100vw, 1164px\" \/><figcaption id=\"caption-attachment-2027\" class=\"wp-caption-text\">S\u00e5 h\u00e4r s\u00e5g Nybergs lillstuga ut \u00e5r 2003. Till h\u00f6ger skymtar Gr\u00f6nlunds nybyggda g\u00e5rd.<\/figcaption><\/figure>\n<p>P\u00e5 andra sidan Sunnantillv\u00e4gen stod lillstugan som byggdes av Viktor och Emil Nyberg n\u00e5gon g\u00e5ng p\u00e5 30-talet \u00e5t \u00e4nklingen Viktor. Han blev dock sjuk s\u00e5 han flyttade aldrig dit men under olika perioder bodde d\u00e4r familjer som var sl\u00e4kt med Emil eller Alma. F\u00f6rsta som bodde d\u00e4r p\u00e5 riktigt var Egil och Dagny med barnen som flyttade hit 1956 efter att de flyttat tillbaka fr\u00e5n Dalsbruk d\u00e4r Egil arbetade p\u00e5 j\u00e4rnbruket i n\u00e4stan 10 \u00e5r. Ungef\u00e4r 1958 flyttade Emil och Alma till lillstugan och Egil, Dagny och barnen flyttade in i huvudbyggnaden. D\u00e5 Emil dog 1967 flyttade Alma in hos Egil och Dagny i huvudbyggnaden. Under kortare perioder har lillstugan varit bebodd men p\u00e5 senare tid har den st\u00e5tt tom.<\/p>\n<figure id=\"attachment_2028\" aria-describedby=\"caption-attachment-2028\" style=\"width: 1386px\" class=\"wp-caption aligncenter\"><img loading=\"lazy\" decoding=\"async\" class=\"size-full wp-image-2028\" src=\"http:\/\/www.lassebacklund.fi\/wp-content\/uploads\/2016\/11\/14-4.jpg\" alt=\"\u00c5r 2013 s\u00e5g Nybergas lillstuga ut s\u00e5 h\u00e4r. Markerna och denna lillstuga s\u00e5ldes p\u00e5 2000-talet \u00e5t nuvarande \u00e4garen som bor i Lappfj\u00e4rd. Fotot fr\u00e5n v\u00e4ster. \" width=\"1386\" height=\"1039\" srcset=\"https:\/\/www.lassebacklund.fi\/wp-content\/uploads\/2016\/11\/14-4.jpg 1386w, https:\/\/www.lassebacklund.fi\/wp-content\/uploads\/2016\/11\/14-4-300x225.jpg 300w, https:\/\/www.lassebacklund.fi\/wp-content\/uploads\/2016\/11\/14-4-768x576.jpg 768w, https:\/\/www.lassebacklund.fi\/wp-content\/uploads\/2016\/11\/14-4-1024x768.jpg 1024w\" sizes=\"auto, (max-width: 1386px) 100vw, 1386px\" \/><figcaption id=\"caption-attachment-2028\" class=\"wp-caption-text\">\u00c5r 2013 s\u00e5g Nybergas lillstuga ut s\u00e5 h\u00e4r. Markerna och denna lillstuga s\u00e5ldes p\u00e5 2000-talet \u00e5t nuvarande \u00e4garen som bor i Lappfj\u00e4rd. Fotot fr\u00e5n v\u00e4ster.<\/figcaption><\/figure>\n<h3>Flera foton.<\/h3>\n<figure id=\"attachment_2030\" aria-describedby=\"caption-attachment-2030\" style=\"width: 417px\" class=\"wp-caption aligncenter\"><img loading=\"lazy\" decoding=\"async\" class=\" wp-image-2030\" src=\"http:\/\/www.lassebacklund.fi\/wp-content\/uploads\/2016\/11\/Dagny-Nyberg-och-Else-Maj-Wester.jpg\" alt=\"H\u00e4r Dagny Nyberg fotograferad tillsammans med Else-Maj Wester.\" width=\"417\" height=\"585\" srcset=\"https:\/\/www.lassebacklund.fi\/wp-content\/uploads\/2016\/11\/Dagny-Nyberg-och-Else-Maj-Wester.jpg 588w, https:\/\/www.lassebacklund.fi\/wp-content\/uploads\/2016\/11\/Dagny-Nyberg-och-Else-Maj-Wester-214x300.jpg 214w\" sizes=\"auto, (max-width: 417px) 100vw, 417px\" \/><figcaption id=\"caption-attachment-2030\" class=\"wp-caption-text\">H\u00e4r Dagny Nyberg fotograferad tillsammans med Else-Maj Wester.<\/figcaption><\/figure>\n<figure id=\"attachment_2032\" aria-describedby=\"caption-attachment-2032\" style=\"width: 948px\" class=\"wp-caption aligncenter\"><img loading=\"lazy\" decoding=\"async\" class=\"size-full wp-image-2032\" src=\"http:\/\/www.lassebacklund.fi\/wp-content\/uploads\/2016\/11\/Erland-Egil-Mayvor-Elsa-Tage.jpg\" alt=\"H\u00e4r st\u00e5r Egil Mannfolk med dottern Mayvor i famnen. Till v\u00e4nster st\u00e5r hans far Erland Mannfolk (1895-1972) och mitt i bild hans mor Elsa (f. i Sideby 1897-1982). Pojken bakom Elsa torde vara Tage Mannfolk.\" width=\"948\" height=\"588\" srcset=\"https:\/\/www.lassebacklund.fi\/wp-content\/uploads\/2016\/11\/Erland-Egil-Mayvor-Elsa-Tage.jpg 948w, https:\/\/www.lassebacklund.fi\/wp-content\/uploads\/2016\/11\/Erland-Egil-Mayvor-Elsa-Tage-300x186.jpg 300w, https:\/\/www.lassebacklund.fi\/wp-content\/uploads\/2016\/11\/Erland-Egil-Mayvor-Elsa-Tage-768x476.jpg 768w\" sizes=\"auto, (max-width: 948px) 100vw, 948px\" \/><figcaption id=\"caption-attachment-2032\" class=\"wp-caption-text\">H\u00e4r st\u00e5r Egil Mannfolk med dottern Mayvor i famnen. Till v\u00e4nster st\u00e5r hans far Erland Mannfolk (1895-1972) och mitt i bild hans mor Elsa (f. Rosenlund i\u00a0Frivelas i Sideby\u00a01897-1982. I unga \u00e5r flyttade\u00a0Elsa med familjen till N\u00e4rpes, men\u00a0n\u00e5gon tid efter att hennes far dog \u00e5r 1913 flyttade de till H\u00e4rkmeri). Pojken bakom Elsa \u00e4r Egils son Tage. Flickan l\u00e4ngst till h\u00f6ger \u00e4r Egils syster Gunnel (f. 1930, gift Engman) och pojken i den rutiga skjortan torde vara\u00a0 en grannpojke Granlund.<\/figcaption><\/figure>\n<figure id=\"attachment_2031\" aria-describedby=\"caption-attachment-2031\" style=\"width: 405px\" class=\"wp-caption aligncenter\"><img loading=\"lazy\" decoding=\"async\" class=\" wp-image-2031\" src=\"http:\/\/www.lassebacklund.fi\/wp-content\/uploads\/2016\/11\/Else-Rosenback-och-Dagny-Nyberg.jpg\" alt=\"Till v\u00e4nster Else Rosenback fotograferad tillsammans med Dagny Nyberg.\" width=\"405\" height=\"591\" srcset=\"https:\/\/www.lassebacklund.fi\/wp-content\/uploads\/2016\/11\/Else-Rosenback-och-Dagny-Nyberg.jpg 505w, https:\/\/www.lassebacklund.fi\/wp-content\/uploads\/2016\/11\/Else-Rosenback-och-Dagny-Nyberg-206x300.jpg 206w\" sizes=\"auto, (max-width: 405px) 100vw, 405px\" \/><figcaption id=\"caption-attachment-2031\" class=\"wp-caption-text\">Till v\u00e4nster Else Rosenback fotograferad tillsammans med sin kusin Dagny Nyberg.<\/figcaption><\/figure>\n<figure id=\"attachment_2033\" aria-describedby=\"caption-attachment-2033\" style=\"width: 535px\" class=\"wp-caption aligncenter\"><img loading=\"lazy\" decoding=\"async\" class=\" wp-image-2033\" src=\"http:\/\/www.lassebacklund.fi\/wp-content\/uploads\/2016\/11\/ota295_foto_0484-Nybergs-hemsida.jpg\" alt=\"P\u00e5 Selim Bj\u00f6rses foto s\u00e5 ser vi Dagny Nyberg och \u00c5ke Berglind med &quot;p\u00e4rongr\u00e4ftor&quot;. \u00c5ke Berglind (f. 1928) son till Almas bror Viktor Berglind och hans f\u00f6rsta hustru Helmi. D\u00e5 Helmi dog \u00e5r 1929 och Viktor blev ensam med tre sm\u00e5 pojkar s\u00e5 tog Emil och Alma hand om \u00c5ke som var den yngsta och de sk\u00f6tte honom till vuxen \u00e5lder.\" width=\"535\" height=\"361\" srcset=\"https:\/\/www.lassebacklund.fi\/wp-content\/uploads\/2016\/11\/ota295_foto_0484-Nybergs-hemsida.jpg 2000w, https:\/\/www.lassebacklund.fi\/wp-content\/uploads\/2016\/11\/ota295_foto_0484-Nybergs-hemsida-300x203.jpg 300w, https:\/\/www.lassebacklund.fi\/wp-content\/uploads\/2016\/11\/ota295_foto_0484-Nybergs-hemsida-768x518.jpg 768w, https:\/\/www.lassebacklund.fi\/wp-content\/uploads\/2016\/11\/ota295_foto_0484-Nybergs-hemsida-1024x691.jpg 1024w\" sizes=\"auto, (max-width: 535px) 100vw, 535px\" \/><figcaption id=\"caption-attachment-2033\" class=\"wp-caption-text\">P\u00e5 Selim Bj\u00f6rses foto s\u00e5 ser vi Dagny Nyberg och \u00c5ke Berglind med &#8221;p\u00e4rongr\u00e4ftor&#8221;. \u00c5ke Berglind (f. 1928) son till Almas bror Viktor Berglind och hans f\u00f6rsta hustru Helmi. D\u00e5 Helmi dog \u00e5r 1929 och Viktor blev ensam med tre sm\u00e5 pojkar s\u00e5 tog Emil och Alma hand om \u00c5ke som var den yngsta och de sk\u00f6tte honom till vuxen \u00e5lder.<\/figcaption><\/figure>\n<figure id=\"attachment_2024\" aria-describedby=\"caption-attachment-2024\" style=\"width: 333px\" class=\"wp-caption aligncenter\"><img loading=\"lazy\" decoding=\"async\" class=\" wp-image-2024\" src=\"http:\/\/www.lassebacklund.fi\/wp-content\/uploads\/2016\/11\/10-Mannfolks-g\u00e5rd.jpg\" alt=\"H\u00e4r Mannfolks g\u00e5rd fotpgraferad p\u00e5 60-talet.\" width=\"333\" height=\"234\" srcset=\"https:\/\/www.lassebacklund.fi\/wp-content\/uploads\/2016\/11\/10-Mannfolks-g\u00e5rd.jpg 725w, https:\/\/www.lassebacklund.fi\/wp-content\/uploads\/2016\/11\/10-Mannfolks-g\u00e5rd-300x211.jpg 300w\" sizes=\"auto, (max-width: 333px) 100vw, 333px\" \/><figcaption id=\"caption-attachment-2024\" class=\"wp-caption-text\">Mannfolks g\u00e5rd fotograferad p\u00e5 60-talet.<\/figcaption><\/figure>\n<figure id=\"attachment_2023\" aria-describedby=\"caption-attachment-2023\" style=\"width: 333px\" class=\"wp-caption aligncenter\"><img loading=\"lazy\" decoding=\"async\" class=\" wp-image-2023\" src=\"http:\/\/www.lassebacklund.fi\/wp-content\/uploads\/2016\/11\/10-Mannfolk-Egil-i-milit\u00e4ren.jpg\" alt=\"Egil Mannfolk i uniform.\" width=\"333\" height=\"463\" srcset=\"https:\/\/www.lassebacklund.fi\/wp-content\/uploads\/2016\/11\/10-Mannfolk-Egil-i-milit\u00e4ren.jpg 591w, https:\/\/www.lassebacklund.fi\/wp-content\/uploads\/2016\/11\/10-Mannfolk-Egil-i-milit\u00e4ren-216x300.jpg 216w\" sizes=\"auto, (max-width: 333px) 100vw, 333px\" \/><figcaption id=\"caption-attachment-2023\" class=\"wp-caption-text\">Egil Mannfolk i uniform.<\/figcaption><\/figure>\n<figure id=\"attachment_2022\" aria-describedby=\"caption-attachment-2022\" style=\"width: 568px\" class=\"wp-caption aligncenter\"><img loading=\"lazy\" decoding=\"async\" class=\" wp-image-2022\" src=\"http:\/\/www.lassebacklund.fi\/wp-content\/uploads\/2016\/11\/10-Egil-Mannfolk-i-milt\u00e4rkl\u00e4der-framf\u00f6r-huset.jpg\" alt=\"H\u00e4r Egil Mannfolk bakom Nybergs g\u00e5rd p\u00e5 40-talet.\" width=\"568\" height=\"380\" srcset=\"https:\/\/www.lassebacklund.fi\/wp-content\/uploads\/2016\/11\/10-Egil-Mannfolk-i-milt\u00e4rkl\u00e4der-framf\u00f6r-huset.jpg 900w, https:\/\/www.lassebacklund.fi\/wp-content\/uploads\/2016\/11\/10-Egil-Mannfolk-i-milt\u00e4rkl\u00e4der-framf\u00f6r-huset-300x201.jpg 300w, https:\/\/www.lassebacklund.fi\/wp-content\/uploads\/2016\/11\/10-Egil-Mannfolk-i-milt\u00e4rkl\u00e4der-framf\u00f6r-huset-768x515.jpg 768w\" sizes=\"auto, (max-width: 568px) 100vw, 568px\" \/><figcaption id=\"caption-attachment-2022\" class=\"wp-caption-text\">Egil Mannfolk bakom Nybergs g\u00e5rd p\u00e5 40-talet.<\/figcaption><\/figure>\n<figure id=\"attachment_2015\" aria-describedby=\"caption-attachment-2015\" style=\"width: 470px\" class=\"wp-caption aligncenter\"><img loading=\"lazy\" decoding=\"async\" class=\" wp-image-2015\" src=\"http:\/\/www.lassebacklund.fi\/wp-content\/uploads\/2016\/11\/7-Dagny-Nyberg-i-Dagsmark.jpg\" alt=\"H\u00e4r Dagny Mannfolk med cykel utanf\u00f6r hemg\u00e5rden.\" width=\"470\" height=\"609\" srcset=\"https:\/\/www.lassebacklund.fi\/wp-content\/uploads\/2016\/11\/7-Dagny-Nyberg-i-Dagsmark.jpg 636w, https:\/\/www.lassebacklund.fi\/wp-content\/uploads\/2016\/11\/7-Dagny-Nyberg-i-Dagsmark-232x300.jpg 232w\" sizes=\"auto, (max-width: 470px) 100vw, 470px\" \/><figcaption id=\"caption-attachment-2015\" class=\"wp-caption-text\">Dagny Mannfolk med cykel utanf\u00f6r hemg\u00e5rden.<\/figcaption><\/figure>\n<figure id=\"attachment_2016\" aria-describedby=\"caption-attachment-2016\" style=\"width: 304px\" class=\"wp-caption aligncenter\"><img loading=\"lazy\" decoding=\"async\" class=\" wp-image-2016\" src=\"http:\/\/www.lassebacklund.fi\/wp-content\/uploads\/2016\/11\/7-Dagny-Nyberg-g-Mannfolk.jpg\" alt=\"H\u00e4r Dagny Nyberg som sedan gifte sig med Egil Mannfolk fr\u00e5n Lappfj\u00e4rd.\" width=\"304\" height=\"496\" srcset=\"https:\/\/www.lassebacklund.fi\/wp-content\/uploads\/2016\/11\/7-Dagny-Nyberg-g-Mannfolk.jpg 508w, https:\/\/www.lassebacklund.fi\/wp-content\/uploads\/2016\/11\/7-Dagny-Nyberg-g-Mannfolk-184x300.jpg 184w\" sizes=\"auto, (max-width: 304px) 100vw, 304px\" \/><figcaption id=\"caption-attachment-2016\" class=\"wp-caption-text\">Dagny Nyberg som sedan gifte sig med Egil Mannfolk fr\u00e5n Lappfj\u00e4rd.<\/figcaption><\/figure>\n<figure id=\"attachment_2018\" aria-describedby=\"caption-attachment-2018\" style=\"width: 349px\" class=\"wp-caption aligncenter\"><img loading=\"lazy\" decoding=\"async\" class=\" wp-image-2018\" src=\"http:\/\/www.lassebacklund.fi\/wp-content\/uploads\/2016\/11\/9-Egil-Mannfolk.jpg\" alt=\"H\u00e4r Egil Mannfolk i unga \u00e5r.\" width=\"349\" height=\"483\" srcset=\"https:\/\/www.lassebacklund.fi\/wp-content\/uploads\/2016\/11\/9-Egil-Mannfolk.jpg 529w, https:\/\/www.lassebacklund.fi\/wp-content\/uploads\/2016\/11\/9-Egil-Mannfolk-217x300.jpg 217w\" sizes=\"auto, (max-width: 349px) 100vw, 349px\" \/><figcaption id=\"caption-attachment-2018\" class=\"wp-caption-text\">Egil Mannfolk i unga \u00e5r.<\/figcaption><\/figure>\n<figure id=\"attachment_2012\" aria-describedby=\"caption-attachment-2012\" style=\"width: 276px\" class=\"wp-caption aligncenter\"><img loading=\"lazy\" decoding=\"async\" class=\"size-full wp-image-2012\" src=\"http:\/\/www.lassebacklund.fi\/wp-content\/uploads\/2016\/11\/4-8.jpg\" alt=\"Emil Nybergs passfoto, som togs 1927 f\u00f6re han reste till Amerika. Han stannade d\u00e4r i cirka 3 \u00e5r och n\u00e4r han \u00e5terv\u00e4nde hade han m\u00f6jlighet att l\u00f6sa ut sina syskon. \" width=\"276\" height=\"378\" srcset=\"https:\/\/www.lassebacklund.fi\/wp-content\/uploads\/2016\/11\/4-8.jpg 276w, https:\/\/www.lassebacklund.fi\/wp-content\/uploads\/2016\/11\/4-8-219x300.jpg 219w\" sizes=\"auto, (max-width: 276px) 100vw, 276px\" \/><figcaption id=\"caption-attachment-2012\" class=\"wp-caption-text\">Emil Nybergs passfoto, som togs 1927 f\u00f6re han reste till Amerika. Han stannade d\u00e4r i cirka 3 \u00e5r och n\u00e4r han \u00e5terv\u00e4nde hade han m\u00f6jlighet att l\u00f6sa ut sina syskon.<\/figcaption><\/figure>\n<figure id=\"attachment_2019\" aria-describedby=\"caption-attachment-2019\" style=\"width: 464px\" class=\"wp-caption aligncenter\"><img loading=\"lazy\" decoding=\"async\" class=\" wp-image-2019\" src=\"http:\/\/www.lassebacklund.fi\/wp-content\/uploads\/2016\/11\/9-Mannfolk-Egil-i-Kstad.jpg\" alt=\"Soldat Egil Mannfolk p\u00e5 det kullerstenslagda Salutorget i Kristinestad.\" width=\"464\" height=\"699\" srcset=\"https:\/\/www.lassebacklund.fi\/wp-content\/uploads\/2016\/11\/9-Mannfolk-Egil-i-Kstad.jpg 613w, https:\/\/www.lassebacklund.fi\/wp-content\/uploads\/2016\/11\/9-Mannfolk-Egil-i-Kstad-199x300.jpg 199w\" sizes=\"auto, (max-width: 464px) 100vw, 464px\" \/><figcaption id=\"caption-attachment-2019\" class=\"wp-caption-text\">Soldat Egil Mannfolk p\u00e5 det kullerstenslagda Salutorget i Kristinestad.<\/figcaption><\/figure>\n<figure id=\"attachment_2020\" aria-describedby=\"caption-attachment-2020\" style=\"width: 470px\" class=\"wp-caption aligncenter\"><img loading=\"lazy\" decoding=\"async\" class=\" wp-image-2020\" src=\"http:\/\/www.lassebacklund.fi\/wp-content\/uploads\/2016\/11\/9-Mannfolk-Egil-i-Lappfj\u00e4rd.jpg\" alt=\"Ynglingen Egil Mannfolk fr\u00e5n Lappfj\u00e4rd.\" width=\"470\" height=\"664\" srcset=\"https:\/\/www.lassebacklund.fi\/wp-content\/uploads\/2016\/11\/9-Mannfolk-Egil-i-Lappfj\u00e4rd.jpg 609w, https:\/\/www.lassebacklund.fi\/wp-content\/uploads\/2016\/11\/9-Mannfolk-Egil-i-Lappfj\u00e4rd-212x300.jpg 212w\" sizes=\"auto, (max-width: 470px) 100vw, 470px\" \/><figcaption id=\"caption-attachment-2020\" class=\"wp-caption-text\">Ynglingen Egil Mannfolk fr\u00e5n Lappfj\u00e4rd.<\/figcaption><\/figure>\n<figure id=\"attachment_11706\" aria-describedby=\"caption-attachment-11706\" style=\"width: 1080px\" class=\"wp-caption alignnone\"><img loading=\"lazy\" decoding=\"async\" class=\"size-full wp-image-11706\" src=\"http:\/\/www.lassebacklund.fi\/wp-content\/uploads\/2019\/03\/Krok-p\u00e5-v\u00e4gen-1977.jpg\" alt=\"\" width=\"1080\" height=\"1303\" srcset=\"https:\/\/www.lassebacklund.fi\/wp-content\/uploads\/2019\/03\/Krok-p\u00e5-v\u00e4gen-1977.jpg 1080w, https:\/\/www.lassebacklund.fi\/wp-content\/uploads\/2019\/03\/Krok-p\u00e5-v\u00e4gen-1977-249x300.jpg 249w, https:\/\/www.lassebacklund.fi\/wp-content\/uploads\/2019\/03\/Krok-p\u00e5-v\u00e4gen-1977-768x927.jpg 768w, https:\/\/www.lassebacklund.fi\/wp-content\/uploads\/2019\/03\/Krok-p\u00e5-v\u00e4gen-1977-849x1024.jpg 849w\" sizes=\"auto, (max-width: 1080px) 100vw, 1080px\" \/><figcaption id=\"caption-attachment-11706\" class=\"wp-caption-text\">I b\u00f6rjan p\u00e5 \u00e5r 1977 byggdes Storbron om och under tiden leddes trafiken mellan Kristinestad och Stor\u00e5 l\u00e4ngs Sunnantillv\u00e4gen. Kroken vid Mannfolks var tv\u00e4r och trafikfarlig. Syd-\u00d6sterbottens redakt\u00f6r har kommit fram att detta st\u00e4lle ligger n\u00e4ra &#8221;Davidsstad&#8221;.<\/figcaption><\/figure>\n<figure id=\"attachment_12190\" aria-describedby=\"caption-attachment-12190\" style=\"width: 1600px\" class=\"wp-caption alignnone\"><img loading=\"lazy\" decoding=\"async\" class=\"size-full wp-image-12190\" src=\"http:\/\/www.lassebacklund.fi\/wp-content\/uploads\/2019\/04\/M\u00e4enranta-Markku-och-Anne.jpg\" alt=\"\" width=\"1600\" height=\"1200\" srcset=\"https:\/\/www.lassebacklund.fi\/wp-content\/uploads\/2019\/04\/M\u00e4enranta-Markku-och-Anne.jpg 1600w, https:\/\/www.lassebacklund.fi\/wp-content\/uploads\/2019\/04\/M\u00e4enranta-Markku-och-Anne-300x225.jpg 300w, https:\/\/www.lassebacklund.fi\/wp-content\/uploads\/2019\/04\/M\u00e4enranta-Markku-och-Anne-768x576.jpg 768w, https:\/\/www.lassebacklund.fi\/wp-content\/uploads\/2019\/04\/M\u00e4enranta-Markku-och-Anne-1024x768.jpg 1024w\" sizes=\"auto, (max-width: 1600px) 100vw, 1600px\" \/><figcaption id=\"caption-attachment-12190\" class=\"wp-caption-text\">Mannfolks g\u00e5rd \u00e5r 2003 d\u00e5 M\u00e4enranta Markku och Anne bodde h\u00e4r. De flyttade sedan till Lappfj\u00e4rd och efter det har ingen bott i g\u00e5rden.<\/figcaption><\/figure>\n<figure id=\"attachment_12189\" aria-describedby=\"caption-attachment-12189\" style=\"width: 2816px\" class=\"wp-caption alignnone\"><img loading=\"lazy\" decoding=\"async\" class=\"size-full wp-image-12189\" src=\"http:\/\/www.lassebacklund.fi\/wp-content\/uploads\/2019\/04\/Mannfolks-uthus.jpg\" alt=\"\" width=\"2816\" height=\"2112\" srcset=\"https:\/\/www.lassebacklund.fi\/wp-content\/uploads\/2019\/04\/Mannfolks-uthus.jpg 2816w, https:\/\/www.lassebacklund.fi\/wp-content\/uploads\/2019\/04\/Mannfolks-uthus-300x225.jpg 300w, https:\/\/www.lassebacklund.fi\/wp-content\/uploads\/2019\/04\/Mannfolks-uthus-768x576.jpg 768w, https:\/\/www.lassebacklund.fi\/wp-content\/uploads\/2019\/04\/Mannfolks-uthus-1024x768.jpg 1024w\" sizes=\"auto, (max-width: 2816px) 100vw, 2816px\" \/><figcaption id=\"caption-attachment-12189\" class=\"wp-caption-text\">Sunnantillv\u00e4gen gick i tiderna bakom de h\u00e4r uthusen och gjorde en tv\u00e4r kr\u00f6k \u00e5t v\u00e4nster till h\u00f6ger i bild.<\/figcaption><\/figure>\n<figure id=\"attachment_12188\" aria-describedby=\"caption-attachment-12188\" style=\"width: 2816px\" class=\"wp-caption alignnone\"><img loading=\"lazy\" decoding=\"async\" class=\"size-full wp-image-12188\" src=\"http:\/\/www.lassebacklund.fi\/wp-content\/uploads\/2019\/04\/Mannfolks-gavel.jpg\" alt=\"\" width=\"2816\" height=\"2112\" srcset=\"https:\/\/www.lassebacklund.fi\/wp-content\/uploads\/2019\/04\/Mannfolks-gavel.jpg 2816w, https:\/\/www.lassebacklund.fi\/wp-content\/uploads\/2019\/04\/Mannfolks-gavel-300x225.jpg 300w, https:\/\/www.lassebacklund.fi\/wp-content\/uploads\/2019\/04\/Mannfolks-gavel-768x576.jpg 768w, https:\/\/www.lassebacklund.fi\/wp-content\/uploads\/2019\/04\/Mannfolks-gavel-1024x768.jpg 1024w\" sizes=\"auto, (max-width: 2816px) 100vw, 2816px\" \/><figcaption id=\"caption-attachment-12188\" class=\"wp-caption-text\">Mannfolks fotograferad fr\u00e5n \u00f6ster \u00e5r 2013.<\/figcaption><\/figure>\n<figure id=\"attachment_12186\" aria-describedby=\"caption-attachment-12186\" style=\"width: 2816px\" class=\"wp-caption alignnone\"><img loading=\"lazy\" decoding=\"async\" class=\"size-full wp-image-12186\" src=\"http:\/\/www.lassebacklund.fi\/wp-content\/uploads\/2019\/04\/Mannfolks-fr\u00e5n-g\u00e5rden-1.jpg\" alt=\"\" width=\"2816\" height=\"2112\" srcset=\"https:\/\/www.lassebacklund.fi\/wp-content\/uploads\/2019\/04\/Mannfolks-fr\u00e5n-g\u00e5rden-1.jpg 2816w, https:\/\/www.lassebacklund.fi\/wp-content\/uploads\/2019\/04\/Mannfolks-fr\u00e5n-g\u00e5rden-1-300x225.jpg 300w, https:\/\/www.lassebacklund.fi\/wp-content\/uploads\/2019\/04\/Mannfolks-fr\u00e5n-g\u00e5rden-1-768x576.jpg 768w, https:\/\/www.lassebacklund.fi\/wp-content\/uploads\/2019\/04\/Mannfolks-fr\u00e5n-g\u00e5rden-1-1024x768.jpg 1024w\" sizes=\"auto, (max-width: 2816px) 100vw, 2816px\" \/><figcaption id=\"caption-attachment-12186\" class=\"wp-caption-text\">Mannfolks g\u00e5rd \u00e5r 2013.<\/figcaption><\/figure>\n<figure id=\"attachment_12185\" aria-describedby=\"caption-attachment-12185\" style=\"width: 4000px\" class=\"wp-caption alignnone\"><img loading=\"lazy\" decoding=\"async\" class=\"size-full wp-image-12185\" src=\"http:\/\/www.lassebacklund.fi\/wp-content\/uploads\/2019\/04\/Mannfolk.jpg\" alt=\"\" width=\"4000\" height=\"3000\" srcset=\"https:\/\/www.lassebacklund.fi\/wp-content\/uploads\/2019\/04\/Mannfolk.jpg 4000w, https:\/\/www.lassebacklund.fi\/wp-content\/uploads\/2019\/04\/Mannfolk-300x225.jpg 300w, https:\/\/www.lassebacklund.fi\/wp-content\/uploads\/2019\/04\/Mannfolk-768x576.jpg 768w, https:\/\/www.lassebacklund.fi\/wp-content\/uploads\/2019\/04\/Mannfolk-1024x768.jpg 1024w\" sizes=\"auto, (max-width: 4000px) 100vw, 4000px\" \/><figcaption id=\"caption-attachment-12185\" class=\"wp-caption-text\">Mannfolks g\u00e5rd \u00e5r 2014.<\/figcaption><\/figure>\n<figure id=\"attachment_12187\" aria-describedby=\"caption-attachment-12187\" style=\"width: 2816px\" class=\"wp-caption alignnone\"><img loading=\"lazy\" decoding=\"async\" class=\"size-full wp-image-12187\" src=\"http:\/\/www.lassebacklund.fi\/wp-content\/uploads\/2019\/04\/Mannfolks-fr\u00e5n-g\u00e5rden-3.jpg\" alt=\"\" width=\"2816\" height=\"2112\" srcset=\"https:\/\/www.lassebacklund.fi\/wp-content\/uploads\/2019\/04\/Mannfolks-fr\u00e5n-g\u00e5rden-3.jpg 2816w, https:\/\/www.lassebacklund.fi\/wp-content\/uploads\/2019\/04\/Mannfolks-fr\u00e5n-g\u00e5rden-3-300x225.jpg 300w, https:\/\/www.lassebacklund.fi\/wp-content\/uploads\/2019\/04\/Mannfolks-fr\u00e5n-g\u00e5rden-3-768x576.jpg 768w, https:\/\/www.lassebacklund.fi\/wp-content\/uploads\/2019\/04\/Mannfolks-fr\u00e5n-g\u00e5rden-3-1024x768.jpg 1024w\" sizes=\"auto, (max-width: 2816px) 100vw, 2816px\" \/><figcaption id=\"caption-attachment-12187\" class=\"wp-caption-text\">Mannfolks g\u00e5rd \u00e5r 2013.<\/figcaption><\/figure>\n","protected":false},"excerpt":{"rendered":"<p>Sammanst\u00e4llt av Lasse Backlund 2014 med hj\u00e4lp av Mayvor Wilhelms. Uppgifterna \u00e4r tagna ur gamla lagfarter, kyrkb\u00f6cker och mantalsl\u00e4ngder. G\u00e5rdens historia \u00c5r 1870 blev Erik Johansson Klemets (1832-1894) och hans hustru Maja Greta Josefsdotter (f.1832) torpare p\u00e5 bonden Anders Henrik <a class=\"more-link\" href=\"https:\/\/www.lassebacklund.fi\/?page_id=2034\">Forts\u00e4tt l\u00e4sa <span class=\"screen-reader-text\">  Nybergs eller Mannfolks p\u00e5 Sunnantillv\u00e4gen 174<\/span><span class=\"meta-nav\">&rarr;<\/span><\/a><\/p>\n","protected":false},"author":1,"featured_media":0,"parent":90,"menu_order":174,"comment_status":"closed","ping_status":"closed","template":"","meta":{"footnotes":""},"class_list":["post-2034","page","type-page","status-publish","hentry"],"_links":{"self":[{"href":"https:\/\/www.lassebacklund.fi\/index.php?rest_route=\/wp\/v2\/pages\/2034","targetHints":{"allow":["GET"]}}],"collection":[{"href":"https:\/\/www.lassebacklund.fi\/index.php?rest_route=\/wp\/v2\/pages"}],"about":[{"href":"https:\/\/www.lassebacklund.fi\/index.php?rest_route=\/wp\/v2\/types\/page"}],"author":[{"embeddable":true,"href":"https:\/\/www.lassebacklund.fi\/index.php?rest_route=\/wp\/v2\/users\/1"}],"replies":[{"embeddable":true,"href":"https:\/\/www.lassebacklund.fi\/index.php?rest_route=%2Fwp%2Fv2%2Fcomments&post=2034"}],"version-history":[{"count":30,"href":"https:\/\/www.lassebacklund.fi\/index.php?rest_route=\/wp\/v2\/pages\/2034\/revisions"}],"predecessor-version":[{"id":25806,"href":"https:\/\/www.lassebacklund.fi\/index.php?rest_route=\/wp\/v2\/pages\/2034\/revisions\/25806"}],"up":[{"embeddable":true,"href":"https:\/\/www.lassebacklund.fi\/index.php?rest_route=\/wp\/v2\/pages\/90"}],"wp:attachment":[{"href":"https:\/\/www.lassebacklund.fi\/index.php?rest_route=%2Fwp%2Fv2%2Fmedia&parent=2034"}],"curies":[{"name":"wp","href":"https:\/\/api.w.org\/{rel}","templated":true}]}}