{"id":19602,"date":"2021-02-21T15:07:20","date_gmt":"2021-02-21T13:07:20","guid":{"rendered":"https:\/\/www.lassebacklund.fi\/?page_id=19602"},"modified":"2024-07-07T00:28:06","modified_gmt":"2024-07-06T21:28:06","slug":"trygves-foton-album-4","status":"publish","type":"page","link":"https:\/\/www.lassebacklund.fi\/?page_id=19602","title":{"rendered":"Trygves foton, album 4."},"content":{"rendered":"<figure id=\"attachment_19600\" aria-describedby=\"caption-attachment-19600\" style=\"width: 1805px\" class=\"wp-caption alignnone\"><img loading=\"lazy\" decoding=\"async\" class=\"size-full wp-image-19600\" src=\"https:\/\/www.lassebacklund.fi\/wp-content\/uploads\/2021\/02\/Nordisk-Nutidsorientering-1969.jpg\" alt=\"\" width=\"1805\" height=\"1202\" srcset=\"https:\/\/www.lassebacklund.fi\/wp-content\/uploads\/2021\/02\/Nordisk-Nutidsorientering-1969.jpg 1805w, https:\/\/www.lassebacklund.fi\/wp-content\/uploads\/2021\/02\/Nordisk-Nutidsorientering-1969-300x200.jpg 300w, https:\/\/www.lassebacklund.fi\/wp-content\/uploads\/2021\/02\/Nordisk-Nutidsorientering-1969-1024x682.jpg 1024w, https:\/\/www.lassebacklund.fi\/wp-content\/uploads\/2021\/02\/Nordisk-Nutidsorientering-1969-768x511.jpg 768w, https:\/\/www.lassebacklund.fi\/wp-content\/uploads\/2021\/02\/Nordisk-Nutidsorientering-1969-1536x1023.jpg 1536w\" sizes=\"auto, (max-width: 1805px) 100vw, 1805px\" \/><figcaption id=\"caption-attachment-19600\" class=\"wp-caption-text\">151. Den 28 november 1969 ordnade Svensk Ungdom i Kristinestadsnejden en t\u00e4vling i NORDISK NUTIDSORIENTERING under devisen K-stad NoNu. T\u00e4vlingsfr\u00e5gorna tangerade aktuella h\u00e4ndelser i v\u00e4rlden. L\u00e4ngst till v\u00e4nster Sixten Lindfors, Tor Bergman och i mitten sitter vinnaren Peter Stenlund, som visste mest. F\u00f6ljande \u00e4r Stig \u00c4bb (i glas\u00f6gon) och Klas Silverberg l\u00e4ngst t.h. Alla representerade arrang\u00f6rsf\u00f6reningen.<\/figcaption><\/figure>\n<figure id=\"attachment_19601\" aria-describedby=\"caption-attachment-19601\" style=\"width: 1316px\" class=\"wp-caption alignnone\"><img loading=\"lazy\" decoding=\"async\" class=\"size-full wp-image-19601\" src=\"https:\/\/www.lassebacklund.fi\/wp-content\/uploads\/2021\/02\/Radhuset-i-staden.jpg\" alt=\"\" width=\"1316\" height=\"1920\" srcset=\"https:\/\/www.lassebacklund.fi\/wp-content\/uploads\/2021\/02\/Radhuset-i-staden.jpg 1316w, https:\/\/www.lassebacklund.fi\/wp-content\/uploads\/2021\/02\/Radhuset-i-staden-206x300.jpg 206w, https:\/\/www.lassebacklund.fi\/wp-content\/uploads\/2021\/02\/Radhuset-i-staden-702x1024.jpg 702w, https:\/\/www.lassebacklund.fi\/wp-content\/uploads\/2021\/02\/Radhuset-i-staden-768x1120.jpg 768w, https:\/\/www.lassebacklund.fi\/wp-content\/uploads\/2021\/02\/Radhuset-i-staden-1053x1536.jpg 1053w\" sizes=\"auto, (max-width: 1316px) 100vw, 1316px\" \/><figcaption id=\"caption-attachment-19601\" class=\"wp-caption-text\">152. R\u00e5dhuset i Kristinestad \u00e4r en av de finaste byggnaderna i staden. Huset inrymmer stadens f\u00f6rvaltning och i \u00f6vre v\u00e5ningen finns festsalen, d\u00e4r stadens fullm\u00e4ktige brukar h\u00e5lla sina m\u00f6ten. Efter flera renoveringar \u00e4r byggnaden i gott skick, trots sina 170 \u00e5r p\u00e5 nacken.<\/figcaption><\/figure>\n<figure id=\"attachment_19599\" aria-describedby=\"caption-attachment-19599\" style=\"width: 1893px\" class=\"wp-caption alignnone\"><img loading=\"lazy\" decoding=\"async\" class=\"size-full wp-image-19599\" src=\"https:\/\/www.lassebacklund.fi\/wp-content\/uploads\/2021\/02\/Guiderna-vid-radhuset.jpg\" alt=\"\" width=\"1893\" height=\"1294\" srcset=\"https:\/\/www.lassebacklund.fi\/wp-content\/uploads\/2021\/02\/Guiderna-vid-radhuset.jpg 1893w, https:\/\/www.lassebacklund.fi\/wp-content\/uploads\/2021\/02\/Guiderna-vid-radhuset-300x205.jpg 300w, https:\/\/www.lassebacklund.fi\/wp-content\/uploads\/2021\/02\/Guiderna-vid-radhuset-1024x700.jpg 1024w, https:\/\/www.lassebacklund.fi\/wp-content\/uploads\/2021\/02\/Guiderna-vid-radhuset-768x525.jpg 768w, https:\/\/www.lassebacklund.fi\/wp-content\/uploads\/2021\/02\/Guiderna-vid-radhuset-1536x1050.jpg 1536w\" sizes=\"auto, (max-width: 1893px) 100vw, 1893px\" \/><figcaption id=\"caption-attachment-19599\" class=\"wp-caption-text\">153. Guidekursen p\u00e5 exkursion i staden med legendariske Carl Sj\u00f6blom i skinnm\u00f6ssa. T.v. om honom med v\u00e4skan Gun Mannfolk och Aila Mannermo och bakom honom G\u00f6ran Skogman. Till h\u00f6ger om Carl Sj\u00f6blom st\u00e5r Ilta-Lilja Klockars och l\u00e4ngst t.h. st\u00e5r Artur Hermans.<\/figcaption><\/figure>\n<figure id=\"attachment_19598\" aria-describedby=\"caption-attachment-19598\" style=\"width: 1408px\" class=\"wp-caption alignnone\"><img loading=\"lazy\" decoding=\"async\" class=\"size-full wp-image-19598\" src=\"https:\/\/www.lassebacklund.fi\/wp-content\/uploads\/2021\/02\/Guiderna-i-staden.jpg\" alt=\"\" width=\"1408\" height=\"1036\" srcset=\"https:\/\/www.lassebacklund.fi\/wp-content\/uploads\/2021\/02\/Guiderna-i-staden.jpg 1408w, https:\/\/www.lassebacklund.fi\/wp-content\/uploads\/2021\/02\/Guiderna-i-staden-300x221.jpg 300w, https:\/\/www.lassebacklund.fi\/wp-content\/uploads\/2021\/02\/Guiderna-i-staden-1024x753.jpg 1024w, https:\/\/www.lassebacklund.fi\/wp-content\/uploads\/2021\/02\/Guiderna-i-staden-768x565.jpg 768w\" sizes=\"auto, (max-width: 1408px) 100vw, 1408px\" \/><figcaption id=\"caption-attachment-19598\" class=\"wp-caption-text\">154. P\u00e5 v\u00e5ren 1972 ordnades en kurs f\u00f6r auktoriserade guider i medborgarinstitutets regi med 15 anm\u00e4lda deltagare. \u00c5tta guider utdimitterades och erh\u00f6ll Valtkunnaallinen opastoimikunta\u00b4s guidem\u00e4rke. Kursen inneh\u00f6ll b\u00e5de teori och praktik och man gjorde m\u00e5nga studiebes\u00f6k i de n\u00e4rliggande kommunerna. Kristinestadsnejdens allra f\u00f6rsta auktoriserade turistguider fr. Trygve Lindqvist, Gun Mannfolk (Lappfj\u00e4rd), Linn\u00e9a Ekholm, Gunnel Hiipakka (K-stad), Christina Sand (N\u00e4rpes), Aila Mannermo och Lars Ax\u00e9n (K-stad). K-stads Siv Palmberg saknas p\u00e5 bilden.<\/figcaption><\/figure>\n<figure id=\"attachment_19609\" aria-describedby=\"caption-attachment-19609\" style=\"width: 1402px\" class=\"wp-caption alignnone\"><img loading=\"lazy\" decoding=\"async\" class=\"size-full wp-image-19609\" src=\"https:\/\/www.lassebacklund.fi\/wp-content\/uploads\/2021\/02\/Martha-Ellen-Sjostrom-1902-1969..jpg\" alt=\"\" width=\"1402\" height=\"2013\" srcset=\"https:\/\/www.lassebacklund.fi\/wp-content\/uploads\/2021\/02\/Martha-Ellen-Sjostrom-1902-1969..jpg 1402w, https:\/\/www.lassebacklund.fi\/wp-content\/uploads\/2021\/02\/Martha-Ellen-Sjostrom-1902-1969.-209x300.jpg 209w, https:\/\/www.lassebacklund.fi\/wp-content\/uploads\/2021\/02\/Martha-Ellen-Sjostrom-1902-1969.-713x1024.jpg 713w, https:\/\/www.lassebacklund.fi\/wp-content\/uploads\/2021\/02\/Martha-Ellen-Sjostrom-1902-1969.-768x1103.jpg 768w, https:\/\/www.lassebacklund.fi\/wp-content\/uploads\/2021\/02\/Martha-Ellen-Sjostrom-1902-1969.-1070x1536.jpg 1070w\" sizes=\"auto, (max-width: 1402px) 100vw, 1402px\" \/><figcaption id=\"caption-attachment-19609\" class=\"wp-caption-text\">155. Marthaf\u00f6reningen i Kristinestad grundades \u00e5r 1919 och \u00e5r 1969 kunde f\u00f6reningen allts\u00e5 fira sina f\u00f6rsta 50 \u00e5r med en jubileumsfest. I talarstolen f\u00f6reningens d\u00e5varande ordf\u00f6rande Ellen Sj\u00f6str\u00f6m.<\/figcaption><\/figure>\n<figure id=\"attachment_19610\" aria-describedby=\"caption-attachment-19610\" style=\"width: 1740px\" class=\"wp-caption alignnone\"><img loading=\"lazy\" decoding=\"async\" class=\"size-full wp-image-19610\" src=\"https:\/\/www.lassebacklund.fi\/wp-content\/uploads\/2021\/02\/Marthas-30-ars-fest-1969.jpg\" alt=\"\" width=\"1740\" height=\"1234\" srcset=\"https:\/\/www.lassebacklund.fi\/wp-content\/uploads\/2021\/02\/Marthas-30-ars-fest-1969.jpg 1740w, https:\/\/www.lassebacklund.fi\/wp-content\/uploads\/2021\/02\/Marthas-30-ars-fest-1969-300x213.jpg 300w, https:\/\/www.lassebacklund.fi\/wp-content\/uploads\/2021\/02\/Marthas-30-ars-fest-1969-1024x726.jpg 1024w, https:\/\/www.lassebacklund.fi\/wp-content\/uploads\/2021\/02\/Marthas-30-ars-fest-1969-768x545.jpg 768w, https:\/\/www.lassebacklund.fi\/wp-content\/uploads\/2021\/02\/Marthas-30-ars-fest-1969-1536x1089.jpg 1536w\" sizes=\"auto, (max-width: 1740px) 100vw, 1740px\" \/><figcaption id=\"caption-attachment-19610\" class=\"wp-caption-text\">156. Marthaf\u00f6reningen i Kristinestads 50-\u00e5rs jubileum \u00e5r 1969. L\u00e4ngst till v\u00e4nster p\u00e5 \u00e4ndan sitter Bertel Blomberg och skymd bakom honom sitter Syd\u00f6sterbottens marthadistrikts ordf. Berit \u00d6hrnberg. Mannen mitt i bild \u00e4r Bertel Rusk och f\u00f6ljande \u00e4r Elly Sigfrids och kyrkoherde Paul \u00d6hrnberg. I randig blus vid f\u00f6nstret sitter Tora Nyg\u00e5rd och till h\u00f6ger om henne Rudi Nyg\u00e5rd. Damerna p\u00e5 andra sidan bordet \u00e4r fr\u00e5n v\u00e4nster Saga Ax\u00e9n, Aili Blomberg och Anita Sandlund. Vid bordet till h\u00f6ger sitter Lars Ax\u00e9n.<\/figcaption><\/figure>\n<figure id=\"attachment_19612\" aria-describedby=\"caption-attachment-19612\" style=\"width: 2004px\" class=\"wp-caption alignnone\"><img loading=\"lazy\" decoding=\"async\" class=\"size-full wp-image-19612\" src=\"https:\/\/www.lassebacklund.fi\/wp-content\/uploads\/2021\/02\/Bockholmens-Campin-1969.jpg\" alt=\"\" width=\"2004\" height=\"1333\" srcset=\"https:\/\/www.lassebacklund.fi\/wp-content\/uploads\/2021\/02\/Bockholmens-Campin-1969.jpg 2004w, https:\/\/www.lassebacklund.fi\/wp-content\/uploads\/2021\/02\/Bockholmens-Campin-1969-300x200.jpg 300w, https:\/\/www.lassebacklund.fi\/wp-content\/uploads\/2021\/02\/Bockholmens-Campin-1969-1024x681.jpg 1024w, https:\/\/www.lassebacklund.fi\/wp-content\/uploads\/2021\/02\/Bockholmens-Campin-1969-768x511.jpg 768w, https:\/\/www.lassebacklund.fi\/wp-content\/uploads\/2021\/02\/Bockholmens-Campin-1969-1536x1022.jpg 1536w\" sizes=\"auto, (max-width: 2004px) 100vw, 2004px\" \/><figcaption id=\"caption-attachment-19612\" class=\"wp-caption-text\">157. Mitt i bild syns den nya sanitetsbyggnaden som staden l\u00e4t uppf\u00f6ra \u00e5r 1969 p\u00e5 Bockholmens camping i Kristinestad. Stadsbyggm\u00e4stare Hjalmar Nylund gjorde ritningar enligt en motsvarande byggnad i Vasa och Eskil Hanses uppf\u00f6rde sj\u00e4lva byggnaden. D\u00e4r fanns vattenklosetter, tv\u00e4ttst\u00e4llen och duschar i tv\u00e5 skilda avdelningar. Den h\u00e4r byggnaden och strandbastun fick gott betyg av de t\u00e4ltande turisterna. Sommaren 1969 gjordes 4 399 \u00f6vernattningar och av dessa stod de utl\u00e4ndska turisterna f\u00f6r 1 048.<\/figcaption><\/figure>\n<figure id=\"attachment_19737\" aria-describedby=\"caption-attachment-19737\" style=\"width: 1955px\" class=\"wp-caption alignnone\"><img loading=\"lazy\" decoding=\"async\" class=\"size-full wp-image-19737\" src=\"https:\/\/www.lassebacklund.fi\/wp-content\/uploads\/2021\/03\/Helge-Holm-gard-Dreijer-th.jpg\" alt=\"\" width=\"1955\" height=\"1338\" srcset=\"https:\/\/www.lassebacklund.fi\/wp-content\/uploads\/2021\/03\/Helge-Holm-gard-Dreijer-th.jpg 1955w, https:\/\/www.lassebacklund.fi\/wp-content\/uploads\/2021\/03\/Helge-Holm-gard-Dreijer-th-300x205.jpg 300w, https:\/\/www.lassebacklund.fi\/wp-content\/uploads\/2021\/03\/Helge-Holm-gard-Dreijer-th-1024x701.jpg 1024w, https:\/\/www.lassebacklund.fi\/wp-content\/uploads\/2021\/03\/Helge-Holm-gard-Dreijer-th-768x526.jpg 768w, https:\/\/www.lassebacklund.fi\/wp-content\/uploads\/2021\/03\/Helge-Holm-gard-Dreijer-th-1536x1051.jpg 1536w\" sizes=\"auto, (max-width: 1955px) 100vw, 1955px\" \/><figcaption id=\"caption-attachment-19737\" class=\"wp-caption-text\">158. Helge och Maj-Britt Holms g\u00e5rd som byggdes \u00e5r 1955 och till h\u00f6ger syns kommunall\u00e4kare Dreijers nya g\u00e5rd, som byggdes i b\u00f6rjan av 1970-talet.<\/figcaption><\/figure>\n<figure id=\"attachment_19738\" aria-describedby=\"caption-attachment-19738\" style=\"width: 1929px\" class=\"wp-caption alignnone\"><img loading=\"lazy\" decoding=\"async\" class=\"size-full wp-image-19738\" src=\"https:\/\/www.lassebacklund.fi\/wp-content\/uploads\/2021\/03\/Vagbygge-pa-gang.jpg\" alt=\"\" width=\"1929\" height=\"1319\" srcset=\"https:\/\/www.lassebacklund.fi\/wp-content\/uploads\/2021\/03\/Vagbygge-pa-gang.jpg 1929w, https:\/\/www.lassebacklund.fi\/wp-content\/uploads\/2021\/03\/Vagbygge-pa-gang-300x205.jpg 300w, https:\/\/www.lassebacklund.fi\/wp-content\/uploads\/2021\/03\/Vagbygge-pa-gang-1024x700.jpg 1024w, https:\/\/www.lassebacklund.fi\/wp-content\/uploads\/2021\/03\/Vagbygge-pa-gang-768x525.jpg 768w, https:\/\/www.lassebacklund.fi\/wp-content\/uploads\/2021\/03\/Vagbygge-pa-gang-1536x1050.jpg 1536w\" sizes=\"auto, (max-width: 1929px) 100vw, 1929px\" \/><figcaption id=\"caption-attachment-19738\" class=\"wp-caption-text\">159. I b\u00f6rjan av 1970-talet planerades det en g\u00e5ngbana p\u00e5 den ena sidan av landsv\u00e4gen genom Lappfj\u00e4rd. Planerna \u00e4ndrades 1972 och g\u00e5ngbanor byggdes p\u00e5 v\u00e4gens b\u00e5da sidor, detta efter att det b\u00f6rjade klarna att det inom kort blir en kommunfusion. Fotot fr\u00e5n april 1972. Det h\u00e4r var huvudled i tiderna \u00e4nda till 1990-talet d\u00e5 den nya omfartsv\u00e4gen togs i bruk och efter det minskade trafiken radikalt.<\/figcaption><\/figure>\n<figure id=\"attachment_19739\" aria-describedby=\"caption-attachment-19739\" style=\"width: 1212px\" class=\"wp-caption alignnone\"><img loading=\"lazy\" decoding=\"async\" class=\"size-full wp-image-19739\" src=\"https:\/\/www.lassebacklund.fi\/wp-content\/uploads\/2021\/03\/LUF-ordforande-Hans-Ingvesgard-1969.jpg\" alt=\"\" width=\"1212\" height=\"1755\" srcset=\"https:\/\/www.lassebacklund.fi\/wp-content\/uploads\/2021\/03\/LUF-ordforande-Hans-Ingvesgard-1969.jpg 1212w, https:\/\/www.lassebacklund.fi\/wp-content\/uploads\/2021\/03\/LUF-ordforande-Hans-Ingvesgard-1969-207x300.jpg 207w, https:\/\/www.lassebacklund.fi\/wp-content\/uploads\/2021\/03\/LUF-ordforande-Hans-Ingvesgard-1969-707x1024.jpg 707w, https:\/\/www.lassebacklund.fi\/wp-content\/uploads\/2021\/03\/LUF-ordforande-Hans-Ingvesgard-1969-768x1112.jpg 768w, https:\/\/www.lassebacklund.fi\/wp-content\/uploads\/2021\/03\/LUF-ordforande-Hans-Ingvesgard-1969-1061x1536.jpg 1061w\" sizes=\"auto, (max-width: 1212px) 100vw, 1212px\" \/><figcaption id=\"caption-attachment-19739\" class=\"wp-caption-text\">160. Hans Ingvesg\u00e5rd var ordf\u00f6rande i Lappfj\u00e4rd Ungdomsf\u00f6rening \u00e5r 1969.<\/figcaption><\/figure>\n<figure id=\"attachment_19742\" aria-describedby=\"caption-attachment-19742\" style=\"width: 1811px\" class=\"wp-caption alignnone\"><img loading=\"lazy\" decoding=\"async\" class=\"size-full wp-image-19742\" src=\"https:\/\/www.lassebacklund.fi\/wp-content\/uploads\/2021\/03\/LUF-arsmote-Hannes-af-Hallstrom-och-Yngve-Lindahl-1969.jpg\" alt=\"\" width=\"1811\" height=\"1205\" srcset=\"https:\/\/www.lassebacklund.fi\/wp-content\/uploads\/2021\/03\/LUF-arsmote-Hannes-af-Hallstrom-och-Yngve-Lindahl-1969.jpg 1811w, https:\/\/www.lassebacklund.fi\/wp-content\/uploads\/2021\/03\/LUF-arsmote-Hannes-af-Hallstrom-och-Yngve-Lindahl-1969-300x200.jpg 300w, https:\/\/www.lassebacklund.fi\/wp-content\/uploads\/2021\/03\/LUF-arsmote-Hannes-af-Hallstrom-och-Yngve-Lindahl-1969-1024x681.jpg 1024w, https:\/\/www.lassebacklund.fi\/wp-content\/uploads\/2021\/03\/LUF-arsmote-Hannes-af-Hallstrom-och-Yngve-Lindahl-1969-768x511.jpg 768w, https:\/\/www.lassebacklund.fi\/wp-content\/uploads\/2021\/03\/LUF-arsmote-Hannes-af-Hallstrom-och-Yngve-Lindahl-1969-1536x1022.jpg 1536w\" sizes=\"auto, (max-width: 1811px) 100vw, 1811px\" \/><figcaption id=\"caption-attachment-19742\" class=\"wp-caption-text\">161. Vid Lappfj\u00e4rd ungdomsf\u00f6renings \u00e5rsm\u00f6te 1969 var det Hannes af H\u00e4llstr\u00f6m till v\u00e4nster som f\u00f6rde ordet medan Yngve Lindahl skrev protokollet.<\/figcaption><\/figure>\n<figure id=\"attachment_19741\" aria-describedby=\"caption-attachment-19741\" style=\"width: 1849px\" class=\"wp-caption alignnone\"><img loading=\"lazy\" decoding=\"async\" class=\"size-full wp-image-19741\" src=\"https:\/\/www.lassebacklund.fi\/wp-content\/uploads\/2021\/03\/LUF-arsmote-1969.jpg\" alt=\"\" width=\"1849\" height=\"1305\" srcset=\"https:\/\/www.lassebacklund.fi\/wp-content\/uploads\/2021\/03\/LUF-arsmote-1969.jpg 1849w, https:\/\/www.lassebacklund.fi\/wp-content\/uploads\/2021\/03\/LUF-arsmote-1969-300x212.jpg 300w, https:\/\/www.lassebacklund.fi\/wp-content\/uploads\/2021\/03\/LUF-arsmote-1969-1024x723.jpg 1024w, https:\/\/www.lassebacklund.fi\/wp-content\/uploads\/2021\/03\/LUF-arsmote-1969-768x542.jpg 768w, https:\/\/www.lassebacklund.fi\/wp-content\/uploads\/2021\/03\/LUF-arsmote-1969-1536x1084.jpg 1536w\" sizes=\"auto, (max-width: 1849px) 100vw, 1849px\" \/><figcaption id=\"caption-attachment-19741\" class=\"wp-caption-text\">162. N\u00e5gra deltagare vid Lappfj\u00e4rd ungdomsf\u00f6renings \u00e5rsm\u00f6te 1969. L\u00e4ngst fram sitter sekreteraren Frida Kl\u00e5vus och bakom henne sitter Olav Westerlund och Bengt Bergkulla. Vid v\u00e4ggen l\u00e4ngre bak sitter Laila och Bo-G\u00f6ran S\u00f6derg\u00e5rd och l\u00e4ngst till v\u00e4nster Harry Granlund. L\u00e4ngst till h\u00f6ger sitter Stig-Olof Brandt och snett bakom honom sitter Reino Hautaviita.<\/figcaption><\/figure>\n<figure id=\"attachment_19822\" aria-describedby=\"caption-attachment-19822\" style=\"width: 1395px\" class=\"wp-caption alignnone\"><img loading=\"lazy\" decoding=\"async\" class=\"size-full wp-image-19822\" src=\"https:\/\/www.lassebacklund.fi\/wp-content\/uploads\/2021\/03\/slojdlararen-emil-Bjorknas.jpg\" alt=\"\" width=\"1395\" height=\"2048\" srcset=\"https:\/\/www.lassebacklund.fi\/wp-content\/uploads\/2021\/03\/slojdlararen-emil-Bjorknas.jpg 1395w, https:\/\/www.lassebacklund.fi\/wp-content\/uploads\/2021\/03\/slojdlararen-emil-Bjorknas-204x300.jpg 204w, https:\/\/www.lassebacklund.fi\/wp-content\/uploads\/2021\/03\/slojdlararen-emil-Bjorknas-698x1024.jpg 698w, https:\/\/www.lassebacklund.fi\/wp-content\/uploads\/2021\/03\/slojdlararen-emil-Bjorknas-768x1128.jpg 768w, https:\/\/www.lassebacklund.fi\/wp-content\/uploads\/2021\/03\/slojdlararen-emil-Bjorknas-1046x1536.jpg 1046w\" sizes=\"auto, (max-width: 1395px) 100vw, 1395px\" \/><figcaption id=\"caption-attachment-19822\" class=\"wp-caption-text\">163. Emil Bj\u00f6rkn\u00e4s (1912-1991) m\u00e5ng\u00e5rig sl\u00f6jdl\u00e4rare i Lappfj\u00e4rd.<\/figcaption><\/figure>\n<figure id=\"attachment_19823\" aria-describedby=\"caption-attachment-19823\" style=\"width: 1398px\" class=\"wp-caption alignnone\"><img loading=\"lazy\" decoding=\"async\" class=\"size-full wp-image-19823\" src=\"https:\/\/www.lassebacklund.fi\/wp-content\/uploads\/2021\/03\/Brandchef-Jorgen-Rosenholm.jpg\" alt=\"\" width=\"1398\" height=\"1948\" srcset=\"https:\/\/www.lassebacklund.fi\/wp-content\/uploads\/2021\/03\/Brandchef-Jorgen-Rosenholm.jpg 1398w, https:\/\/www.lassebacklund.fi\/wp-content\/uploads\/2021\/03\/Brandchef-Jorgen-Rosenholm-215x300.jpg 215w, https:\/\/www.lassebacklund.fi\/wp-content\/uploads\/2021\/03\/Brandchef-Jorgen-Rosenholm-735x1024.jpg 735w, https:\/\/www.lassebacklund.fi\/wp-content\/uploads\/2021\/03\/Brandchef-Jorgen-Rosenholm-768x1070.jpg 768w, https:\/\/www.lassebacklund.fi\/wp-content\/uploads\/2021\/03\/Brandchef-Jorgen-Rosenholm-1102x1536.jpg 1102w\" sizes=\"auto, (max-width: 1398px) 100vw, 1398px\" \/><figcaption id=\"caption-attachment-19823\" class=\"wp-caption-text\">164. Brandchef J\u00f6rgen Rosenholm fr\u00e5n Lappfj\u00e4rd demonstrerar brandsoldatens utrustning.<\/figcaption><\/figure>\n<figure id=\"attachment_19824\" aria-describedby=\"caption-attachment-19824\" style=\"width: 1127px\" class=\"wp-caption alignnone\"><img loading=\"lazy\" decoding=\"async\" class=\"size-full wp-image-19824\" src=\"https:\/\/www.lassebacklund.fi\/wp-content\/uploads\/2021\/03\/Brandevakuering.jpg\" alt=\"\" width=\"1127\" height=\"1642\" srcset=\"https:\/\/www.lassebacklund.fi\/wp-content\/uploads\/2021\/03\/Brandevakuering.jpg 1127w, https:\/\/www.lassebacklund.fi\/wp-content\/uploads\/2021\/03\/Brandevakuering-206x300.jpg 206w, https:\/\/www.lassebacklund.fi\/wp-content\/uploads\/2021\/03\/Brandevakuering-703x1024.jpg 703w, https:\/\/www.lassebacklund.fi\/wp-content\/uploads\/2021\/03\/Brandevakuering-768x1119.jpg 768w, https:\/\/www.lassebacklund.fi\/wp-content\/uploads\/2021\/03\/Brandevakuering-1054x1536.jpg 1054w\" sizes=\"auto, (max-width: 1127px) 100vw, 1127px\" \/><figcaption id=\"caption-attachment-19824\" class=\"wp-caption-text\">165. Brand\u00f6vning p\u00e5 folkh\u00f6gskolan d\u00e4r eleverna skulle ta sig fr\u00e5n \u00f6vre v\u00e5ningen med en repstege, n\u00e5got som l\u00e4r vara l\u00e4ttare sagt \u00e4n gjort.<\/figcaption><\/figure>\n<figure id=\"attachment_19825\" aria-describedby=\"caption-attachment-19825\" style=\"width: 1979px\" class=\"wp-caption alignnone\"><img loading=\"lazy\" decoding=\"async\" class=\"size-full wp-image-19825\" src=\"https:\/\/www.lassebacklund.fi\/wp-content\/uploads\/2021\/03\/Brandslackning.jpg\" alt=\"\" width=\"1979\" height=\"1370\" srcset=\"https:\/\/www.lassebacklund.fi\/wp-content\/uploads\/2021\/03\/Brandslackning.jpg 1979w, https:\/\/www.lassebacklund.fi\/wp-content\/uploads\/2021\/03\/Brandslackning-300x208.jpg 300w, https:\/\/www.lassebacklund.fi\/wp-content\/uploads\/2021\/03\/Brandslackning-1024x709.jpg 1024w, https:\/\/www.lassebacklund.fi\/wp-content\/uploads\/2021\/03\/Brandslackning-768x532.jpg 768w, https:\/\/www.lassebacklund.fi\/wp-content\/uploads\/2021\/03\/Brandslackning-1536x1063.jpg 1536w\" sizes=\"auto, (max-width: 1979px) 100vw, 1979px\" \/><figcaption id=\"caption-attachment-19825\" class=\"wp-caption-text\">166. Sl\u00e4cknings\u00f6vning med pulversl\u00e4ckare utanf\u00f6r folkh\u00f6gskolan med brandchef J\u00f6rgen Rosenholm till h\u00f6ger.<\/figcaption><\/figure>\n<figure id=\"attachment_19828\" aria-describedby=\"caption-attachment-19828\" style=\"width: 1335px\" class=\"wp-caption alignnone\"><img loading=\"lazy\" decoding=\"async\" class=\"size-full wp-image-19828\" src=\"https:\/\/www.lassebacklund.fi\/wp-content\/uploads\/2021\/03\/Forsta-hjalp-1970.jpg\" alt=\"\" width=\"1335\" height=\"1978\" srcset=\"https:\/\/www.lassebacklund.fi\/wp-content\/uploads\/2021\/03\/Forsta-hjalp-1970.jpg 1335w, https:\/\/www.lassebacklund.fi\/wp-content\/uploads\/2021\/03\/Forsta-hjalp-1970-202x300.jpg 202w, https:\/\/www.lassebacklund.fi\/wp-content\/uploads\/2021\/03\/Forsta-hjalp-1970-691x1024.jpg 691w, https:\/\/www.lassebacklund.fi\/wp-content\/uploads\/2021\/03\/Forsta-hjalp-1970-768x1138.jpg 768w, https:\/\/www.lassebacklund.fi\/wp-content\/uploads\/2021\/03\/Forsta-hjalp-1970-1037x1536.jpg 1037w\" sizes=\"auto, (max-width: 1335px) 100vw, 1335px\" \/><figcaption id=\"caption-attachment-19828\" class=\"wp-caption-text\">167. F\u00f6rsta hj\u00e4lp-kurs p\u00e5 H\u00e4lsog\u00e5rden i Lappfj\u00e4rd. St\u00e5ende till v\u00e4nster Sivert Wickl\u00e9n, Leif Wilhelms granskar den skadade och den leende mannen bakom \u00e4r Johan Haglund. De tv\u00e5 herrarna i bakgrunden ser m\u00e5ttligt intresserade ut.<\/figcaption><\/figure>\n<figure id=\"attachment_19827\" aria-describedby=\"caption-attachment-19827\" style=\"width: 1769px\" class=\"wp-caption alignnone\"><img loading=\"lazy\" decoding=\"async\" class=\"size-full wp-image-19827\" src=\"https:\/\/www.lassebacklund.fi\/wp-content\/uploads\/2021\/03\/Forsta-hjalp-2.jpg\" alt=\"\" width=\"1769\" height=\"1298\" srcset=\"https:\/\/www.lassebacklund.fi\/wp-content\/uploads\/2021\/03\/Forsta-hjalp-2.jpg 1769w, https:\/\/www.lassebacklund.fi\/wp-content\/uploads\/2021\/03\/Forsta-hjalp-2-300x220.jpg 300w, https:\/\/www.lassebacklund.fi\/wp-content\/uploads\/2021\/03\/Forsta-hjalp-2-1024x751.jpg 1024w, https:\/\/www.lassebacklund.fi\/wp-content\/uploads\/2021\/03\/Forsta-hjalp-2-768x564.jpg 768w, https:\/\/www.lassebacklund.fi\/wp-content\/uploads\/2021\/03\/Forsta-hjalp-2-1536x1127.jpg 1536w\" sizes=\"auto, (max-width: 1769px) 100vw, 1769px\" \/><figcaption id=\"caption-attachment-19827\" class=\"wp-caption-text\">168. F\u00f6rsta hj\u00e4lp-kurs p\u00e5 H\u00e4lsog\u00e5rden i Lappfj\u00e4rd.<\/figcaption><\/figure>\n<figure id=\"attachment_19833\" aria-describedby=\"caption-attachment-19833\" style=\"width: 1789px\" class=\"wp-caption alignnone\"><img loading=\"lazy\" decoding=\"async\" class=\"size-full wp-image-19833\" src=\"https:\/\/www.lassebacklund.fi\/wp-content\/uploads\/2021\/03\/Kopman-4-med-pris.jpg\" alt=\"\" width=\"1789\" height=\"1235\" srcset=\"https:\/\/www.lassebacklund.fi\/wp-content\/uploads\/2021\/03\/Kopman-4-med-pris.jpg 1789w, https:\/\/www.lassebacklund.fi\/wp-content\/uploads\/2021\/03\/Kopman-4-med-pris-300x207.jpg 300w, https:\/\/www.lassebacklund.fi\/wp-content\/uploads\/2021\/03\/Kopman-4-med-pris-1024x707.jpg 1024w, https:\/\/www.lassebacklund.fi\/wp-content\/uploads\/2021\/03\/Kopman-4-med-pris-768x530.jpg 768w, https:\/\/www.lassebacklund.fi\/wp-content\/uploads\/2021\/03\/Kopman-4-med-pris-1536x1060.jpg 1536w\" sizes=\"auto, (max-width: 1789px) 100vw, 1789px\" \/><figcaption id=\"caption-attachment-19833\" class=\"wp-caption-text\">169. Kristinestadsnejdens k\u00f6pmannaf\u00f6rening firade sina 20 \u00e5r p\u00e5 motellet i L\u00e5lby och Gunnar B\u00e4ckstr\u00f6m, Rainer H\u00f6gback, Runar Sj\u00f6qvist och Egil Skogman fick diplom f\u00f6r 20-\u00e5rig medverkan.<\/figcaption><\/figure>\n<figure id=\"attachment_19835\" aria-describedby=\"caption-attachment-19835\" style=\"width: 2007px\" class=\"wp-caption alignnone\"><img loading=\"lazy\" decoding=\"async\" class=\"size-full wp-image-19835\" src=\"https:\/\/www.lassebacklund.fi\/wp-content\/uploads\/2021\/03\/Kopman-Tor-Erik-Bergvik-okand-och-Egil-Skogman.jpg\" alt=\"\" width=\"2007\" height=\"1400\" srcset=\"https:\/\/www.lassebacklund.fi\/wp-content\/uploads\/2021\/03\/Kopman-Tor-Erik-Bergvik-okand-och-Egil-Skogman.jpg 2007w, https:\/\/www.lassebacklund.fi\/wp-content\/uploads\/2021\/03\/Kopman-Tor-Erik-Bergvik-okand-och-Egil-Skogman-300x209.jpg 300w, https:\/\/www.lassebacklund.fi\/wp-content\/uploads\/2021\/03\/Kopman-Tor-Erik-Bergvik-okand-och-Egil-Skogman-1024x714.jpg 1024w, https:\/\/www.lassebacklund.fi\/wp-content\/uploads\/2021\/03\/Kopman-Tor-Erik-Bergvik-okand-och-Egil-Skogman-768x536.jpg 768w, https:\/\/www.lassebacklund.fi\/wp-content\/uploads\/2021\/03\/Kopman-Tor-Erik-Bergvik-okand-och-Egil-Skogman-1536x1071.jpg 1536w\" sizes=\"auto, (max-width: 2007px) 100vw, 2007px\" \/><figcaption id=\"caption-attachment-19835\" class=\"wp-caption-text\">170. P\u00e5 Kristinestadsnejdens k\u00f6pmannaf\u00f6renings 20-\u00e5rs jubileum f\u00e5r nyvalda ordf\u00f6rande Egil Skogman t.h. fr\u00e5n Vestervik i \u00d6mossa ta emot blommor. L\u00e4ngst till v\u00e4nster st\u00e5r Tor-Erik Bergvik.<\/figcaption><\/figure>\n<figure id=\"attachment_19836\" aria-describedby=\"caption-attachment-19836\" style=\"width: 1952px\" class=\"wp-caption alignnone\"><img loading=\"lazy\" decoding=\"async\" class=\"size-full wp-image-19836\" src=\"https:\/\/www.lassebacklund.fi\/wp-content\/uploads\/2021\/03\/Kopman-Jorgen-Lindqvist-och-Egil-Skogman-och-Rainer.jpg\" alt=\"\" width=\"1952\" height=\"1373\" srcset=\"https:\/\/www.lassebacklund.fi\/wp-content\/uploads\/2021\/03\/Kopman-Jorgen-Lindqvist-och-Egil-Skogman-och-Rainer.jpg 1952w, https:\/\/www.lassebacklund.fi\/wp-content\/uploads\/2021\/03\/Kopman-Jorgen-Lindqvist-och-Egil-Skogman-och-Rainer-300x211.jpg 300w, https:\/\/www.lassebacklund.fi\/wp-content\/uploads\/2021\/03\/Kopman-Jorgen-Lindqvist-och-Egil-Skogman-och-Rainer-1024x720.jpg 1024w, https:\/\/www.lassebacklund.fi\/wp-content\/uploads\/2021\/03\/Kopman-Jorgen-Lindqvist-och-Egil-Skogman-och-Rainer-768x540.jpg 768w, https:\/\/www.lassebacklund.fi\/wp-content\/uploads\/2021\/03\/Kopman-Jorgen-Lindqvist-och-Egil-Skogman-och-Rainer-1536x1080.jpg 1536w\" sizes=\"auto, (max-width: 1952px) 100vw, 1952px\" \/><figcaption id=\"caption-attachment-19836\" class=\"wp-caption-text\">171. Det ser ut som om Rainer H\u00f6gback fr\u00e5n staden skulle uppvakta handelsmannen J\u00f6rgen Lindqvist fr\u00e5n Korsb\u00e4ck. K\u00f6pman Egil Skogman fr\u00e5n Vestervik i bakgrunden \u00e4r nyvald ordf\u00f6rande f\u00f6r Kristinestadsnejdens k\u00f6pmannaf\u00f6rening. Fotot fr\u00e5n 1969 p\u00e5 Motorest i L\u00e5lby.<\/figcaption><\/figure>\n<figure id=\"attachment_19834\" aria-describedby=\"caption-attachment-19834\" style=\"width: 1995px\" class=\"wp-caption alignnone\"><img loading=\"lazy\" decoding=\"async\" class=\"size-full wp-image-19834\" src=\"https:\/\/www.lassebacklund.fi\/wp-content\/uploads\/2021\/03\/Kopman-8-personer.jpg\" alt=\"\" width=\"1995\" height=\"1355\" srcset=\"https:\/\/www.lassebacklund.fi\/wp-content\/uploads\/2021\/03\/Kopman-8-personer.jpg 1995w, https:\/\/www.lassebacklund.fi\/wp-content\/uploads\/2021\/03\/Kopman-8-personer-300x204.jpg 300w, https:\/\/www.lassebacklund.fi\/wp-content\/uploads\/2021\/03\/Kopman-8-personer-1024x695.jpg 1024w, https:\/\/www.lassebacklund.fi\/wp-content\/uploads\/2021\/03\/Kopman-8-personer-768x522.jpg 768w, https:\/\/www.lassebacklund.fi\/wp-content\/uploads\/2021\/03\/Kopman-8-personer-1536x1043.jpg 1536w\" sizes=\"auto, (max-width: 1995px) 100vw, 1995px\" \/><figcaption id=\"caption-attachment-19834\" class=\"wp-caption-text\">172. Entrepren\u00f6ren Johan Reinholm fr\u00e5n Lappfj\u00e4rd till v\u00e4nster var aktivt med i k\u00f6pmannaf\u00f6reningen och bredvid honom sitter Kaj Christer B\u00e4rnqvist fr\u00e5n N\u00e4rpes. Skymd bakom honom sitter Judith Silander fr\u00e5n H\u00e4rkmeri och Gunnel Berglund fr\u00e5n Henriksdal. L\u00e4ngst till h\u00f6ger sitter Ethel Reinholm, f\u00f6ljande \u00e4r Mona B\u00e4rnqvist som \u00e4r dotter till Konrad Kronman fr\u00e5n Lappfj\u00e4rd. Mannen med glas\u00f6gonen \u00e4r Eino Silander fr\u00e5n H\u00e4rkmeri och bakom honom borde handlanden Artur Berglund fr\u00e5n Henriksdal sitta.<\/figcaption><\/figure>\n<figure id=\"attachment_19837\" aria-describedby=\"caption-attachment-19837\" style=\"width: 1770px\" class=\"wp-caption alignnone\"><img loading=\"lazy\" decoding=\"async\" class=\"size-full wp-image-19837\" src=\"https:\/\/www.lassebacklund.fi\/wp-content\/uploads\/2021\/03\/Kopman-Tor-Erik-och-Nanny-Bervik-Ossi-och-Alma-Rusk-i-kanten-Henrik-Fridell.jpg\" alt=\"\" width=\"1770\" height=\"1247\" srcset=\"https:\/\/www.lassebacklund.fi\/wp-content\/uploads\/2021\/03\/Kopman-Tor-Erik-och-Nanny-Bervik-Ossi-och-Alma-Rusk-i-kanten-Henrik-Fridell.jpg 1770w, https:\/\/www.lassebacklund.fi\/wp-content\/uploads\/2021\/03\/Kopman-Tor-Erik-och-Nanny-Bervik-Ossi-och-Alma-Rusk-i-kanten-Henrik-Fridell-300x211.jpg 300w, https:\/\/www.lassebacklund.fi\/wp-content\/uploads\/2021\/03\/Kopman-Tor-Erik-och-Nanny-Bervik-Ossi-och-Alma-Rusk-i-kanten-Henrik-Fridell-1024x721.jpg 1024w, https:\/\/www.lassebacklund.fi\/wp-content\/uploads\/2021\/03\/Kopman-Tor-Erik-och-Nanny-Bervik-Ossi-och-Alma-Rusk-i-kanten-Henrik-Fridell-768x541.jpg 768w, https:\/\/www.lassebacklund.fi\/wp-content\/uploads\/2021\/03\/Kopman-Tor-Erik-och-Nanny-Bervik-Ossi-och-Alma-Rusk-i-kanten-Henrik-Fridell-1536x1082.jpg 1536w\" sizes=\"auto, (max-width: 1770px) 100vw, 1770px\" \/><figcaption id=\"caption-attachment-19837\" class=\"wp-caption-text\">173. Kristinestadsnejdens k\u00f6pmannaf\u00f6rening fyllde 20 \u00e5r i februari 1969 och ordnade en fest p\u00e5 Motorest i L\u00e5lby. Mannen p\u00e5 bords\u00e4ndan \u00e4r obekant men p\u00e5 andra sidan bordet sitter Hartwalls Tor-Erik Bergvik med hustrun Nanny. Han som kallar p\u00e5 servit\u00f6ren \u00e4r Ossi Rusk, som var agent f\u00f6r Porin Olut, och vid \u00e4ndan hustrun Alma Rusk. L\u00e4ngst till h\u00f6ger skymtar Henrik Fridell, som var chef p\u00e5 Granholm och sedan p\u00e5 Pohjanmaan Pikatukku.<\/figcaption><\/figure>\n<figure id=\"attachment_19850\" aria-describedby=\"caption-attachment-19850\" style=\"width: 1664px\" class=\"wp-caption alignnone\"><img loading=\"lazy\" decoding=\"async\" class=\"size-full wp-image-19850\" src=\"https:\/\/www.lassebacklund.fi\/wp-content\/uploads\/2021\/03\/Dammen-i-an-1970.jpg\" alt=\"\" width=\"1664\" height=\"1103\" srcset=\"https:\/\/www.lassebacklund.fi\/wp-content\/uploads\/2021\/03\/Dammen-i-an-1970.jpg 1664w, https:\/\/www.lassebacklund.fi\/wp-content\/uploads\/2021\/03\/Dammen-i-an-1970-300x199.jpg 300w, https:\/\/www.lassebacklund.fi\/wp-content\/uploads\/2021\/03\/Dammen-i-an-1970-1024x679.jpg 1024w, https:\/\/www.lassebacklund.fi\/wp-content\/uploads\/2021\/03\/Dammen-i-an-1970-768x509.jpg 768w, https:\/\/www.lassebacklund.fi\/wp-content\/uploads\/2021\/03\/Dammen-i-an-1970-1536x1018.jpg 1536w\" sizes=\"auto, (max-width: 1664px) 100vw, 1664px\" \/><figcaption id=\"caption-attachment-19850\" class=\"wp-caption-text\">174. Islossning p\u00e5 g\u00e5ng ovanf\u00f6r Nybron, d\u00e4r vattnet redan rinner \u00f6ver dammen.<\/figcaption><\/figure>\n<figure id=\"attachment_19851\" aria-describedby=\"caption-attachment-19851\" style=\"width: 2035px\" class=\"wp-caption alignnone\"><img loading=\"lazy\" decoding=\"async\" class=\"size-full wp-image-19851\" src=\"https:\/\/www.lassebacklund.fi\/wp-content\/uploads\/2021\/03\/Gard-nara-vatten.jpg\" alt=\"\" width=\"2035\" height=\"1372\" srcset=\"https:\/\/www.lassebacklund.fi\/wp-content\/uploads\/2021\/03\/Gard-nara-vatten.jpg 2035w, https:\/\/www.lassebacklund.fi\/wp-content\/uploads\/2021\/03\/Gard-nara-vatten-300x202.jpg 300w, https:\/\/www.lassebacklund.fi\/wp-content\/uploads\/2021\/03\/Gard-nara-vatten-1024x690.jpg 1024w, https:\/\/www.lassebacklund.fi\/wp-content\/uploads\/2021\/03\/Gard-nara-vatten-768x518.jpg 768w, https:\/\/www.lassebacklund.fi\/wp-content\/uploads\/2021\/03\/Gard-nara-vatten-1536x1036.jpg 1536w\" sizes=\"auto, (max-width: 2035px) 100vw, 2035px\" \/><figcaption id=\"caption-attachment-19851\" class=\"wp-caption-text\">175. Magnus Wissanders g\u00e5rd p\u00e5 S\u00f6r\u00e4ngsv\u00e4gen, d\u00e4r vattnet g\u00e5r \u00e4nda upp p\u00e5 gr\u00e4smattan.<\/figcaption><\/figure>\n<figure id=\"attachment_19852\" aria-describedby=\"caption-attachment-19852\" style=\"width: 1686px\" class=\"wp-caption alignnone\"><img loading=\"lazy\" decoding=\"async\" class=\"size-full wp-image-19852\" src=\"https:\/\/www.lassebacklund.fi\/wp-content\/uploads\/2021\/03\/Uf-Lokalen-1970.jpg\" alt=\"\" width=\"1686\" height=\"1088\" srcset=\"https:\/\/www.lassebacklund.fi\/wp-content\/uploads\/2021\/03\/Uf-Lokalen-1970.jpg 1686w, https:\/\/www.lassebacklund.fi\/wp-content\/uploads\/2021\/03\/Uf-Lokalen-1970-300x194.jpg 300w, https:\/\/www.lassebacklund.fi\/wp-content\/uploads\/2021\/03\/Uf-Lokalen-1970-1024x661.jpg 1024w, https:\/\/www.lassebacklund.fi\/wp-content\/uploads\/2021\/03\/Uf-Lokalen-1970-768x496.jpg 768w, https:\/\/www.lassebacklund.fi\/wp-content\/uploads\/2021\/03\/Uf-Lokalen-1970-1536x991.jpg 1536w\" sizes=\"auto, (max-width: 1686px) 100vw, 1686px\" \/><figcaption id=\"caption-attachment-19852\" class=\"wp-caption-text\">176. S\u00e5 gott som varje v\u00e5r steg vattenniv\u00e5n i \u00e5n s\u00e5 pass att ungdomslokalen blev helt kringr\u00e4nd. Fotot taget fr\u00e5n Centralbron.<\/figcaption><\/figure>\n<figure id=\"attachment_19849\" aria-describedby=\"caption-attachment-19849\" style=\"width: 1640px\" class=\"wp-caption alignnone\"><img loading=\"lazy\" decoding=\"async\" class=\"size-full wp-image-19849\" src=\"https:\/\/www.lassebacklund.fi\/wp-content\/uploads\/2021\/03\/Bilskolbil-2.jpg\" alt=\"\" width=\"1640\" height=\"1098\" srcset=\"https:\/\/www.lassebacklund.fi\/wp-content\/uploads\/2021\/03\/Bilskolbil-2.jpg 1640w, https:\/\/www.lassebacklund.fi\/wp-content\/uploads\/2021\/03\/Bilskolbil-2-300x201.jpg 300w, https:\/\/www.lassebacklund.fi\/wp-content\/uploads\/2021\/03\/Bilskolbil-2-1024x686.jpg 1024w, https:\/\/www.lassebacklund.fi\/wp-content\/uploads\/2021\/03\/Bilskolbil-2-768x514.jpg 768w, https:\/\/www.lassebacklund.fi\/wp-content\/uploads\/2021\/03\/Bilskolbil-2-1536x1028.jpg 1536w\" sizes=\"auto, (max-width: 1640px) 100vw, 1640px\" \/><figcaption id=\"caption-attachment-19849\" class=\"wp-caption-text\">177. Folkh\u00f6gskolan i Lappfj\u00e4rd hade samarbete med bilskolan i staden, s\u00e5 l\u00e4raren Hirsim\u00e4ki kom och h\u00e4mtade ungdomarna som skulle ta k\u00f6rkort. Flickorna Johanna och Liisa var fr\u00e5n Bj\u00f6rneborg.<\/figcaption><\/figure>\n<figure id=\"attachment_20269\" aria-describedby=\"caption-attachment-20269\" style=\"width: 1758px\" class=\"wp-caption alignnone\"><img loading=\"lazy\" decoding=\"async\" class=\"size-full wp-image-20269\" src=\"https:\/\/www.lassebacklund.fi\/wp-content\/uploads\/2021\/04\/Svensk-Ungdom-1.jpg\" alt=\"\" width=\"1758\" height=\"1181\" srcset=\"https:\/\/www.lassebacklund.fi\/wp-content\/uploads\/2021\/04\/Svensk-Ungdom-1.jpg 1758w, https:\/\/www.lassebacklund.fi\/wp-content\/uploads\/2021\/04\/Svensk-Ungdom-1-300x202.jpg 300w, https:\/\/www.lassebacklund.fi\/wp-content\/uploads\/2021\/04\/Svensk-Ungdom-1-1024x688.jpg 1024w, https:\/\/www.lassebacklund.fi\/wp-content\/uploads\/2021\/04\/Svensk-Ungdom-1-768x516.jpg 768w, https:\/\/www.lassebacklund.fi\/wp-content\/uploads\/2021\/04\/Svensk-Ungdom-1-1536x1032.jpg 1536w\" sizes=\"auto, (max-width: 1758px) 100vw, 1758px\" \/><figcaption id=\"caption-attachment-20269\" class=\"wp-caption-text\">178. Svensk Ungdoms m\u00f6te, fr\u00e5n v\u00e4nster Tor Bergman, Alf Westerlund, Per Thomasfolk, Folke Norrback, Paul Enlund, Kurt Gullberg, Kerstin Pellas, Ulla Sandvik och Carola Bj\u00f6rklund.<\/figcaption><\/figure>\n<figure id=\"attachment_20270\" aria-describedby=\"caption-attachment-20270\" style=\"width: 2012px\" class=\"wp-caption alignnone\"><img loading=\"lazy\" decoding=\"async\" class=\"size-full wp-image-20270\" src=\"https:\/\/www.lassebacklund.fi\/wp-content\/uploads\/2021\/04\/Svensk-Ungdom-2.jpg\" alt=\"\" width=\"2012\" height=\"1345\" srcset=\"https:\/\/www.lassebacklund.fi\/wp-content\/uploads\/2021\/04\/Svensk-Ungdom-2.jpg 2012w, https:\/\/www.lassebacklund.fi\/wp-content\/uploads\/2021\/04\/Svensk-Ungdom-2-300x201.jpg 300w, https:\/\/www.lassebacklund.fi\/wp-content\/uploads\/2021\/04\/Svensk-Ungdom-2-1024x685.jpg 1024w, https:\/\/www.lassebacklund.fi\/wp-content\/uploads\/2021\/04\/Svensk-Ungdom-2-768x513.jpg 768w, https:\/\/www.lassebacklund.fi\/wp-content\/uploads\/2021\/04\/Svensk-Ungdom-2-1536x1027.jpg 1536w\" sizes=\"auto, (max-width: 2012px) 100vw, 2012px\" \/><figcaption id=\"caption-attachment-20270\" class=\"wp-caption-text\">179. L\u00e4ngst till v\u00e4nster Hans Ingvesg\u00e5rd bredvid en ok\u00e4nd flicka, f\u00f6ljande \u00e4r G\u00f6ran Skogman och Carola Bj\u00f6rklund. Mannen l\u00e4ngst till h\u00f6ger ok\u00e4nd men det \u00e4r Svensk Ungdoms m\u00f6te, det \u00e4r \u00e5tminstone klart.<\/figcaption><\/figure>\n<figure id=\"attachment_20268\" aria-describedby=\"caption-attachment-20268\" style=\"width: 1970px\" class=\"wp-caption alignnone\"><img loading=\"lazy\" decoding=\"async\" class=\"size-full wp-image-20268\" src=\"https:\/\/www.lassebacklund.fi\/wp-content\/uploads\/2021\/04\/Hemhjalpare-i-staden-hosten-1970.jpg\" alt=\"\" width=\"1970\" height=\"1367\" srcset=\"https:\/\/www.lassebacklund.fi\/wp-content\/uploads\/2021\/04\/Hemhjalpare-i-staden-hosten-1970.jpg 1970w, https:\/\/www.lassebacklund.fi\/wp-content\/uploads\/2021\/04\/Hemhjalpare-i-staden-hosten-1970-300x208.jpg 300w, https:\/\/www.lassebacklund.fi\/wp-content\/uploads\/2021\/04\/Hemhjalpare-i-staden-hosten-1970-1024x711.jpg 1024w, https:\/\/www.lassebacklund.fi\/wp-content\/uploads\/2021\/04\/Hemhjalpare-i-staden-hosten-1970-768x533.jpg 768w, https:\/\/www.lassebacklund.fi\/wp-content\/uploads\/2021\/04\/Hemhjalpare-i-staden-hosten-1970-1536x1066.jpg 1536w\" sizes=\"auto, (max-width: 1970px) 100vw, 1970px\" \/><figcaption id=\"caption-attachment-20268\" class=\"wp-caption-text\">180. Stadssekreterare Kaj Bj\u00f6rni ber\u00e4ttar och visar bilder f\u00f6r kommande hemhj\u00e4lpare p\u00e5 r\u00e5dhuset h\u00f6sten 1970. Den h\u00e4r kursen ordnades av medborgarinstitutet och 10 damer deltog. I fr\u00e4mre raden fr\u00e5n v\u00e4nster Elsa Ik\u00e4heimonen, Svea L\u00f6fstr\u00f6m, ok\u00e4nd, Ida Helenefors och Elisabeth T\u00e5g. I bakre raden fr\u00e5n v\u00e4nster sitter Etel Mattfolk, Margit Ekman, Inga Enlund och Ingegerd Joki. L\u00e4ngst bak vid v\u00e4ggen sitter Anna-Lisa Malm.<\/figcaption><\/figure>\n<figure id=\"attachment_20267\" aria-describedby=\"caption-attachment-20267\" style=\"width: 1952px\" class=\"wp-caption alignnone\"><img loading=\"lazy\" decoding=\"async\" class=\"size-full wp-image-20267\" src=\"https:\/\/www.lassebacklund.fi\/wp-content\/uploads\/2021\/04\/Medborgarinstitutet-1969.jpg\" alt=\"\" width=\"1952\" height=\"1340\" srcset=\"https:\/\/www.lassebacklund.fi\/wp-content\/uploads\/2021\/04\/Medborgarinstitutet-1969.jpg 1952w, https:\/\/www.lassebacklund.fi\/wp-content\/uploads\/2021\/04\/Medborgarinstitutet-1969-300x206.jpg 300w, https:\/\/www.lassebacklund.fi\/wp-content\/uploads\/2021\/04\/Medborgarinstitutet-1969-1024x703.jpg 1024w, https:\/\/www.lassebacklund.fi\/wp-content\/uploads\/2021\/04\/Medborgarinstitutet-1969-768x527.jpg 768w, https:\/\/www.lassebacklund.fi\/wp-content\/uploads\/2021\/04\/Medborgarinstitutet-1969-1536x1054.jpg 1536w\" sizes=\"auto, (max-width: 1952px) 100vw, 1952px\" \/><figcaption id=\"caption-attachment-20267\" class=\"wp-caption-text\">181. Vid medborgarinstitutets avslutning 1969 var det n\u00e5gon typ av prisutdelning, eftersom Lars Ax\u00e9n till v\u00e4nster st\u00e5r med en pokal i handen. Bredvid honom st\u00e5r Otto Bj\u00f6rses och Sture Riissanen. F\u00f6ljande \u00e4r tillsvidare ok\u00e4nd, sedan kommer \u00c5ke L\u00f6fgren och han till h\u00f6ger och ocks\u00e5 ok\u00e4nd.<\/figcaption><\/figure>\n<figure id=\"attachment_22292\" aria-describedby=\"caption-attachment-22292\" style=\"width: 2434px\" class=\"wp-caption alignnone\"><img loading=\"lazy\" decoding=\"async\" class=\"size-full wp-image-22292\" src=\"https:\/\/www.lassebacklund.fi\/wp-content\/uploads\/2023\/11\/1-005-DSC_0495.jpg\" alt=\"\" width=\"2434\" height=\"1630\" srcset=\"https:\/\/www.lassebacklund.fi\/wp-content\/uploads\/2023\/11\/1-005-DSC_0495.jpg 2434w, https:\/\/www.lassebacklund.fi\/wp-content\/uploads\/2023\/11\/1-005-DSC_0495-300x201.jpg 300w, https:\/\/www.lassebacklund.fi\/wp-content\/uploads\/2023\/11\/1-005-DSC_0495-1024x686.jpg 1024w, https:\/\/www.lassebacklund.fi\/wp-content\/uploads\/2023\/11\/1-005-DSC_0495-768x514.jpg 768w, https:\/\/www.lassebacklund.fi\/wp-content\/uploads\/2023\/11\/1-005-DSC_0495-1536x1029.jpg 1536w, https:\/\/www.lassebacklund.fi\/wp-content\/uploads\/2023\/11\/1-005-DSC_0495-2048x1372.jpg 2048w\" sizes=\"auto, (max-width: 2434px) 100vw, 2434px\" \/><figcaption id=\"caption-attachment-22292\" class=\"wp-caption-text\">182. \u00c5r 1970 h\u00f6ll Thure Nygren p\u00e5 att bygga &#8221;Havshotellet&#8221; p\u00e5 \u00d6stra sidan, det som sedan d\u00f6ptes om till Hotell Kristina. L\u00e4ngst till v\u00e4nster syns Sampos gamla lager, som partifirman Granholm hyrde.<\/figcaption><\/figure>\n<figure id=\"attachment_22299\" aria-describedby=\"caption-attachment-22299\" style=\"width: 2103px\" class=\"wp-caption alignnone\"><img loading=\"lazy\" decoding=\"async\" class=\"size-full wp-image-22299\" src=\"https:\/\/www.lassebacklund.fi\/wp-content\/uploads\/2023\/11\/188-6-DSC_0006-001.jpg\" alt=\"\" width=\"2103\" height=\"1420\" srcset=\"https:\/\/www.lassebacklund.fi\/wp-content\/uploads\/2023\/11\/188-6-DSC_0006-001.jpg 2103w, https:\/\/www.lassebacklund.fi\/wp-content\/uploads\/2023\/11\/188-6-DSC_0006-001-300x203.jpg 300w, https:\/\/www.lassebacklund.fi\/wp-content\/uploads\/2023\/11\/188-6-DSC_0006-001-1024x691.jpg 1024w, https:\/\/www.lassebacklund.fi\/wp-content\/uploads\/2023\/11\/188-6-DSC_0006-001-768x519.jpg 768w, https:\/\/www.lassebacklund.fi\/wp-content\/uploads\/2023\/11\/188-6-DSC_0006-001-1536x1037.jpg 1536w, https:\/\/www.lassebacklund.fi\/wp-content\/uploads\/2023\/11\/188-6-DSC_0006-001-2048x1383.jpg 2048w\" sizes=\"auto, (max-width: 2103px) 100vw, 2103px\" \/><figcaption id=\"caption-attachment-22299\" class=\"wp-caption-text\">183. Flera hundra spelm\u00e4n fr\u00e5n hela Svenskfinland spelar p\u00e5 r\u00e5dhusets trappa under spelmansst\u00e4mman 1973.<\/figcaption><\/figure>\n<figure id=\"attachment_22294\" aria-describedby=\"caption-attachment-22294\" style=\"width: 1931px\" class=\"wp-caption alignnone\"><img loading=\"lazy\" decoding=\"async\" class=\"size-full wp-image-22294\" src=\"https:\/\/www.lassebacklund.fi\/wp-content\/uploads\/2023\/11\/Hotel-Kristina-byggs-2.jpg\" alt=\"\" width=\"1931\" height=\"1299\" srcset=\"https:\/\/www.lassebacklund.fi\/wp-content\/uploads\/2023\/11\/Hotel-Kristina-byggs-2.jpg 1931w, https:\/\/www.lassebacklund.fi\/wp-content\/uploads\/2023\/11\/Hotel-Kristina-byggs-2-300x202.jpg 300w, https:\/\/www.lassebacklund.fi\/wp-content\/uploads\/2023\/11\/Hotel-Kristina-byggs-2-1024x689.jpg 1024w, https:\/\/www.lassebacklund.fi\/wp-content\/uploads\/2023\/11\/Hotel-Kristina-byggs-2-768x517.jpg 768w, https:\/\/www.lassebacklund.fi\/wp-content\/uploads\/2023\/11\/Hotel-Kristina-byggs-2-1536x1033.jpg 1536w\" sizes=\"auto, (max-width: 1931px) 100vw, 1931px\" \/><figcaption id=\"caption-attachment-22294\" class=\"wp-caption-text\">184. \u00c5r 1969 st\u00e4ngde Stadshotellet vid torget och d\u00e5 blev det br\u00e5ttom f\u00f6r Thure Nygren att bygga det nya hotellet p\u00e5 andra sidan Stadsfj\u00e4rden. Bakom nybygget syns gaveln p\u00e5 H\u00e4m\u00e4l\u00e4inens aff\u00e4rsbyggnad och bakom den syns den byggnad d\u00e4r A. Talas idkande handel \u00e4nda till 1970.<\/figcaption><\/figure>\n<figure id=\"attachment_22296\" aria-describedby=\"caption-attachment-22296\" style=\"width: 1942px\" class=\"wp-caption alignnone\"><img loading=\"lazy\" decoding=\"async\" class=\"size-full wp-image-22296\" src=\"https:\/\/www.lassebacklund.fi\/wp-content\/uploads\/2023\/11\/185-1-DSC_0138.jpg\" alt=\"\" width=\"1942\" height=\"1259\" srcset=\"https:\/\/www.lassebacklund.fi\/wp-content\/uploads\/2023\/11\/185-1-DSC_0138.jpg 1942w, https:\/\/www.lassebacklund.fi\/wp-content\/uploads\/2023\/11\/185-1-DSC_0138-300x194.jpg 300w, https:\/\/www.lassebacklund.fi\/wp-content\/uploads\/2023\/11\/185-1-DSC_0138-1024x664.jpg 1024w, https:\/\/www.lassebacklund.fi\/wp-content\/uploads\/2023\/11\/185-1-DSC_0138-768x498.jpg 768w, https:\/\/www.lassebacklund.fi\/wp-content\/uploads\/2023\/11\/185-1-DSC_0138-1536x996.jpg 1536w\" sizes=\"auto, (max-width: 1942px) 100vw, 1942px\" \/><figcaption id=\"caption-attachment-22296\" class=\"wp-caption-text\">185. Marknadsf\u00f6rs\u00e4ljare p\u00e5 Kyndelsm\u00e4ssmarknaden 1970 i Kristinestad. I bakgrunden till v\u00e4nster syns den f\u00f6rsta Forum-byggnaden, som Thure Nygren uppf\u00f6rde och dit \u00d6sterbottens K\u00f6tt genast flyttade sin aff\u00e4r i mars 1964.<\/figcaption><\/figure>\n<figure id=\"attachment_22297\" aria-describedby=\"caption-attachment-22297\" style=\"width: 1305px\" class=\"wp-caption alignnone\"><img loading=\"lazy\" decoding=\"async\" class=\"size-full wp-image-22297\" src=\"https:\/\/www.lassebacklund.fi\/wp-content\/uploads\/2023\/11\/186-4-DSC_0141.jpg\" alt=\"\" width=\"1305\" height=\"1874\" srcset=\"https:\/\/www.lassebacklund.fi\/wp-content\/uploads\/2023\/11\/186-4-DSC_0141.jpg 1305w, https:\/\/www.lassebacklund.fi\/wp-content\/uploads\/2023\/11\/186-4-DSC_0141-209x300.jpg 209w, https:\/\/www.lassebacklund.fi\/wp-content\/uploads\/2023\/11\/186-4-DSC_0141-713x1024.jpg 713w, https:\/\/www.lassebacklund.fi\/wp-content\/uploads\/2023\/11\/186-4-DSC_0141-768x1103.jpg 768w, https:\/\/www.lassebacklund.fi\/wp-content\/uploads\/2023\/11\/186-4-DSC_0141-1070x1536.jpg 1070w\" sizes=\"auto, (max-width: 1305px) 100vw, 1305px\" \/><figcaption id=\"caption-attachment-22297\" class=\"wp-caption-text\">186. En typisk Halpa-Heikki bjuder ut ett set med penslar p\u00e5 Kyndelsm\u00e4ssmarknaden 1970.<\/figcaption><\/figure>\n<figure id=\"attachment_22301\" aria-describedby=\"caption-attachment-22301\" style=\"width: 2141px\" class=\"wp-caption alignnone\"><img loading=\"lazy\" decoding=\"async\" class=\"size-full wp-image-22301\" src=\"https:\/\/www.lassebacklund.fi\/wp-content\/uploads\/2023\/11\/Karl-Erik-AbbPaul-HautaviitaPer-Erik-NorrgardKurt-Lillhannus-o-Juhani-Kukkamaa-2-DSC_0633.jpg\" alt=\"\" width=\"2141\" height=\"1557\" srcset=\"https:\/\/www.lassebacklund.fi\/wp-content\/uploads\/2023\/11\/Karl-Erik-AbbPaul-HautaviitaPer-Erik-NorrgardKurt-Lillhannus-o-Juhani-Kukkamaa-2-DSC_0633.jpg 2141w, https:\/\/www.lassebacklund.fi\/wp-content\/uploads\/2023\/11\/Karl-Erik-AbbPaul-HautaviitaPer-Erik-NorrgardKurt-Lillhannus-o-Juhani-Kukkamaa-2-DSC_0633-300x218.jpg 300w, https:\/\/www.lassebacklund.fi\/wp-content\/uploads\/2023\/11\/Karl-Erik-AbbPaul-HautaviitaPer-Erik-NorrgardKurt-Lillhannus-o-Juhani-Kukkamaa-2-DSC_0633-1024x745.jpg 1024w, https:\/\/www.lassebacklund.fi\/wp-content\/uploads\/2023\/11\/Karl-Erik-AbbPaul-HautaviitaPer-Erik-NorrgardKurt-Lillhannus-o-Juhani-Kukkamaa-2-DSC_0633-768x559.jpg 768w, https:\/\/www.lassebacklund.fi\/wp-content\/uploads\/2023\/11\/Karl-Erik-AbbPaul-HautaviitaPer-Erik-NorrgardKurt-Lillhannus-o-Juhani-Kukkamaa-2-DSC_0633-1536x1117.jpg 1536w, https:\/\/www.lassebacklund.fi\/wp-content\/uploads\/2023\/11\/Karl-Erik-AbbPaul-HautaviitaPer-Erik-NorrgardKurt-Lillhannus-o-Juhani-Kukkamaa-2-DSC_0633-2048x1489.jpg 2048w\" sizes=\"auto, (max-width: 2141px) 100vw, 2141px\" \/><figcaption id=\"caption-attachment-22301\" class=\"wp-caption-text\">187. Nog ser pojkarna fr\u00e5n Lappfj\u00e4rd lite \u00e4ngsliga ut d\u00e4r de sitter p\u00e5 t\u00e5get till Dragsvik i februari 1969 och det \u00e4r inget att undra p\u00e5. Resan var l\u00e5ng och det var tj\u00e4nstetiden ocks\u00e5.<\/figcaption><\/figure>\n<figure id=\"attachment_22305\" aria-describedby=\"caption-attachment-22305\" style=\"width: 2175px\" class=\"wp-caption alignnone\"><img loading=\"lazy\" decoding=\"async\" class=\"size-full wp-image-22305\" src=\"https:\/\/www.lassebacklund.fi\/wp-content\/uploads\/2023\/11\/Emil-Bjorknas-Trygve-Lindqvist-Kurt-Algars-o-Torsten-Hemgard.jpg\" alt=\"\" width=\"2175\" height=\"1512\" srcset=\"https:\/\/www.lassebacklund.fi\/wp-content\/uploads\/2023\/11\/Emil-Bjorknas-Trygve-Lindqvist-Kurt-Algars-o-Torsten-Hemgard.jpg 2175w, https:\/\/www.lassebacklund.fi\/wp-content\/uploads\/2023\/11\/Emil-Bjorknas-Trygve-Lindqvist-Kurt-Algars-o-Torsten-Hemgard-300x209.jpg 300w, https:\/\/www.lassebacklund.fi\/wp-content\/uploads\/2023\/11\/Emil-Bjorknas-Trygve-Lindqvist-Kurt-Algars-o-Torsten-Hemgard-1024x712.jpg 1024w, https:\/\/www.lassebacklund.fi\/wp-content\/uploads\/2023\/11\/Emil-Bjorknas-Trygve-Lindqvist-Kurt-Algars-o-Torsten-Hemgard-768x534.jpg 768w, https:\/\/www.lassebacklund.fi\/wp-content\/uploads\/2023\/11\/Emil-Bjorknas-Trygve-Lindqvist-Kurt-Algars-o-Torsten-Hemgard-1536x1068.jpg 1536w, https:\/\/www.lassebacklund.fi\/wp-content\/uploads\/2023\/11\/Emil-Bjorknas-Trygve-Lindqvist-Kurt-Algars-o-Torsten-Hemgard-2048x1424.jpg 2048w\" sizes=\"auto, (max-width: 2175px) 100vw, 2175px\" \/><figcaption id=\"caption-attachment-22305\" class=\"wp-caption-text\">188. I mars 1972 fyllde l\u00e4raren Emil Bj\u00f6rkn\u00e4s 60 \u00e5r och han uppvaktades av folkh\u00f6gskolans rektor Trygve Lindqvist och bredvid honom st\u00e5r Kurt \u00c5lgars och Torsten Storhannus.<\/figcaption><\/figure>\n<figure id=\"attachment_22307\" aria-describedby=\"caption-attachment-22307\" style=\"width: 2560px\" class=\"wp-caption alignnone\"><img loading=\"lazy\" decoding=\"async\" class=\"size-full wp-image-22307\" src=\"https:\/\/www.lassebacklund.fi\/wp-content\/uploads\/2023\/11\/189-Emil-Bjorknas-ca-1970-scaled.jpg\" alt=\"\" width=\"2560\" height=\"1736\" srcset=\"https:\/\/www.lassebacklund.fi\/wp-content\/uploads\/2023\/11\/189-Emil-Bjorknas-ca-1970-scaled.jpg 2560w, https:\/\/www.lassebacklund.fi\/wp-content\/uploads\/2023\/11\/189-Emil-Bjorknas-ca-1970-300x203.jpg 300w, https:\/\/www.lassebacklund.fi\/wp-content\/uploads\/2023\/11\/189-Emil-Bjorknas-ca-1970-1024x695.jpg 1024w, https:\/\/www.lassebacklund.fi\/wp-content\/uploads\/2023\/11\/189-Emil-Bjorknas-ca-1970-768x521.jpg 768w, https:\/\/www.lassebacklund.fi\/wp-content\/uploads\/2023\/11\/189-Emil-Bjorknas-ca-1970-1536x1042.jpg 1536w, https:\/\/www.lassebacklund.fi\/wp-content\/uploads\/2023\/11\/189-Emil-Bjorknas-ca-1970-2048x1389.jpg 2048w\" sizes=\"auto, (max-width: 2560px) 100vw, 2560px\" \/><figcaption id=\"caption-attachment-22307\" class=\"wp-caption-text\">189. L\u00e4raren Emil Bj\u00f6rses sitter som elev i pulpeten p\u00e5 folkh\u00f6gskolan omkring 1970.<\/figcaption><\/figure>\n<figure id=\"attachment_22308\" aria-describedby=\"caption-attachment-22308\" style=\"width: 2560px\" class=\"wp-caption alignnone\"><img loading=\"lazy\" decoding=\"async\" class=\"size-full wp-image-22308\" src=\"https:\/\/www.lassebacklund.fi\/wp-content\/uploads\/2023\/11\/190-Emil-Bjorknas-och-Julia-Drijer-scaled.jpg\" alt=\"\" width=\"2560\" height=\"1694\" srcset=\"https:\/\/www.lassebacklund.fi\/wp-content\/uploads\/2023\/11\/190-Emil-Bjorknas-och-Julia-Drijer-scaled.jpg 2560w, https:\/\/www.lassebacklund.fi\/wp-content\/uploads\/2023\/11\/190-Emil-Bjorknas-och-Julia-Drijer-300x199.jpg 300w, https:\/\/www.lassebacklund.fi\/wp-content\/uploads\/2023\/11\/190-Emil-Bjorknas-och-Julia-Drijer-1024x678.jpg 1024w, https:\/\/www.lassebacklund.fi\/wp-content\/uploads\/2023\/11\/190-Emil-Bjorknas-och-Julia-Drijer-768x508.jpg 768w, https:\/\/www.lassebacklund.fi\/wp-content\/uploads\/2023\/11\/190-Emil-Bjorknas-och-Julia-Drijer-1536x1016.jpg 1536w, https:\/\/www.lassebacklund.fi\/wp-content\/uploads\/2023\/11\/190-Emil-Bjorknas-och-Julia-Drijer-2048x1355.jpg 2048w\" sizes=\"auto, (max-width: 2560px) 100vw, 2560px\" \/><figcaption id=\"caption-attachment-22308\" class=\"wp-caption-text\">190. Det ser ut som att Julia Dreijer har en hemlighet att ber\u00e4tta f\u00f6r Emil Bj\u00f6rkn\u00e4s.<\/figcaption><\/figure>\n<figure id=\"attachment_22309\" aria-describedby=\"caption-attachment-22309\" style=\"width: 2560px\" class=\"wp-caption alignnone\"><img loading=\"lazy\" decoding=\"async\" class=\"size-full wp-image-22309\" src=\"https:\/\/www.lassebacklund.fi\/wp-content\/uploads\/2023\/11\/191-Konstnar-Per-Olov-Hjortell-o-Otto-Bjorses1-DSC_0550-scaled.jpg\" alt=\"\" width=\"2560\" height=\"1938\" srcset=\"https:\/\/www.lassebacklund.fi\/wp-content\/uploads\/2023\/11\/191-Konstnar-Per-Olov-Hjortell-o-Otto-Bjorses1-DSC_0550-scaled.jpg 2560w, https:\/\/www.lassebacklund.fi\/wp-content\/uploads\/2023\/11\/191-Konstnar-Per-Olov-Hjortell-o-Otto-Bjorses1-DSC_0550-300x227.jpg 300w, https:\/\/www.lassebacklund.fi\/wp-content\/uploads\/2023\/11\/191-Konstnar-Per-Olov-Hjortell-o-Otto-Bjorses1-DSC_0550-1024x775.jpg 1024w, https:\/\/www.lassebacklund.fi\/wp-content\/uploads\/2023\/11\/191-Konstnar-Per-Olov-Hjortell-o-Otto-Bjorses1-DSC_0550-768x581.jpg 768w, https:\/\/www.lassebacklund.fi\/wp-content\/uploads\/2023\/11\/191-Konstnar-Per-Olov-Hjortell-o-Otto-Bjorses1-DSC_0550-1536x1163.jpg 1536w, https:\/\/www.lassebacklund.fi\/wp-content\/uploads\/2023\/11\/191-Konstnar-Per-Olov-Hjortell-o-Otto-Bjorses1-DSC_0550-2048x1551.jpg 2048w\" sizes=\"auto, (max-width: 2560px) 100vw, 2560px\" \/><figcaption id=\"caption-attachment-22309\" class=\"wp-caption-text\">191. Konstn\u00e4ren Per Olov Hjortell hade gjort sparbanksdirekt\u00f6ren Otto Bj\u00f6rses portr\u00e4tt.<\/figcaption><\/figure>\n<figure id=\"attachment_22310\" aria-describedby=\"caption-attachment-22310\" style=\"width: 2560px\" class=\"wp-caption alignnone\"><img loading=\"lazy\" decoding=\"async\" class=\"size-full wp-image-22310\" src=\"https:\/\/www.lassebacklund.fi\/wp-content\/uploads\/2023\/11\/192-Otto-Bjorses-o-Karl-Kronman-t.h.-5-DSC_0557-scaled.jpg\" alt=\"\" width=\"2560\" height=\"1866\" srcset=\"https:\/\/www.lassebacklund.fi\/wp-content\/uploads\/2023\/11\/192-Otto-Bjorses-o-Karl-Kronman-t.h.-5-DSC_0557-scaled.jpg 2560w, https:\/\/www.lassebacklund.fi\/wp-content\/uploads\/2023\/11\/192-Otto-Bjorses-o-Karl-Kronman-t.h.-5-DSC_0557-300x219.jpg 300w, https:\/\/www.lassebacklund.fi\/wp-content\/uploads\/2023\/11\/192-Otto-Bjorses-o-Karl-Kronman-t.h.-5-DSC_0557-1024x746.jpg 1024w, https:\/\/www.lassebacklund.fi\/wp-content\/uploads\/2023\/11\/192-Otto-Bjorses-o-Karl-Kronman-t.h.-5-DSC_0557-768x560.jpg 768w, https:\/\/www.lassebacklund.fi\/wp-content\/uploads\/2023\/11\/192-Otto-Bjorses-o-Karl-Kronman-t.h.-5-DSC_0557-1536x1120.jpg 1536w, https:\/\/www.lassebacklund.fi\/wp-content\/uploads\/2023\/11\/192-Otto-Bjorses-o-Karl-Kronman-t.h.-5-DSC_0557-2048x1493.jpg 2048w\" sizes=\"auto, (max-width: 2560px) 100vw, 2560px\" \/><figcaption id=\"caption-attachment-22310\" class=\"wp-caption-text\">192. Till v\u00e4nster sparbanksdirekt\u00f6ren Otto Bj\u00f6rses och till h\u00f6ger Karl Kronman p\u00e5 sparbanken i Lappfj\u00e4rd.<\/figcaption><\/figure>\n<figure id=\"attachment_22311\" aria-describedby=\"caption-attachment-22311\" style=\"width: 2560px\" class=\"wp-caption alignnone\"><img loading=\"lazy\" decoding=\"async\" class=\"size-full wp-image-22311\" src=\"https:\/\/www.lassebacklund.fi\/wp-content\/uploads\/2023\/11\/193-veterinargarden-skall-byggas-scaled.jpg\" alt=\"\" width=\"2560\" height=\"1694\" srcset=\"https:\/\/www.lassebacklund.fi\/wp-content\/uploads\/2023\/11\/193-veterinargarden-skall-byggas-scaled.jpg 2560w, https:\/\/www.lassebacklund.fi\/wp-content\/uploads\/2023\/11\/193-veterinargarden-skall-byggas-300x198.jpg 300w, https:\/\/www.lassebacklund.fi\/wp-content\/uploads\/2023\/11\/193-veterinargarden-skall-byggas-1024x678.jpg 1024w, https:\/\/www.lassebacklund.fi\/wp-content\/uploads\/2023\/11\/193-veterinargarden-skall-byggas-768x508.jpg 768w, https:\/\/www.lassebacklund.fi\/wp-content\/uploads\/2023\/11\/193-veterinargarden-skall-byggas-1536x1016.jpg 1536w, https:\/\/www.lassebacklund.fi\/wp-content\/uploads\/2023\/11\/193-veterinargarden-skall-byggas-2048x1355.jpg 2048w\" sizes=\"auto, (max-width: 2560px) 100vw, 2560px\" \/><figcaption id=\"caption-attachment-22311\" class=\"wp-caption-text\">193. Thure Nygren skall bygga veterin\u00e4rg\u00e5rden i Lappfj\u00e4rd och hans bror Elis p\u00e5 Lappfj\u00e4rds V\u00e4rme \u00e4r redan p\u00e5 plats med de f\u00f6rsta r\u00f6ren.<\/figcaption><\/figure>\n<figure id=\"attachment_22312\" aria-describedby=\"caption-attachment-22312\" style=\"width: 2560px\" class=\"wp-caption alignnone\"><img loading=\"lazy\" decoding=\"async\" class=\"size-full wp-image-22312\" src=\"https:\/\/www.lassebacklund.fi\/wp-content\/uploads\/2023\/11\/194-liften-1970-scaled.jpg\" alt=\"\" width=\"2560\" height=\"1694\" srcset=\"https:\/\/www.lassebacklund.fi\/wp-content\/uploads\/2023\/11\/194-liften-1970-scaled.jpg 2560w, https:\/\/www.lassebacklund.fi\/wp-content\/uploads\/2023\/11\/194-liften-1970-300x199.jpg 300w, https:\/\/www.lassebacklund.fi\/wp-content\/uploads\/2023\/11\/194-liften-1970-1024x678.jpg 1024w, https:\/\/www.lassebacklund.fi\/wp-content\/uploads\/2023\/11\/194-liften-1970-768x508.jpg 768w, https:\/\/www.lassebacklund.fi\/wp-content\/uploads\/2023\/11\/194-liften-1970-1536x1016.jpg 1536w, https:\/\/www.lassebacklund.fi\/wp-content\/uploads\/2023\/11\/194-liften-1970-2048x1355.jpg 2048w\" sizes=\"auto, (max-width: 2560px) 100vw, 2560px\" \/><figcaption id=\"caption-attachment-22312\" class=\"wp-caption-text\">194. Vajerliften p\u00e5 B\u00f6tombergen var inte riktigt l\u00e4tt att anv\u00e4nda men det gick i alla fall b\u00e4ttre \u00e4n att kl\u00e4ttra upp f\u00f6r backen.<\/figcaption><\/figure>\n<figure id=\"attachment_22313\" aria-describedby=\"caption-attachment-22313\" style=\"width: 1740px\" class=\"wp-caption alignnone\"><img loading=\"lazy\" decoding=\"async\" class=\"size-full wp-image-22313\" src=\"https:\/\/www.lassebacklund.fi\/wp-content\/uploads\/2023\/11\/195-Hans-Ingvesgard-o-Abbe-andlin-1970-scaled.jpg\" alt=\"\" width=\"1740\" height=\"2560\" srcset=\"https:\/\/www.lassebacklund.fi\/wp-content\/uploads\/2023\/11\/195-Hans-Ingvesgard-o-Abbe-andlin-1970-scaled.jpg 1740w, https:\/\/www.lassebacklund.fi\/wp-content\/uploads\/2023\/11\/195-Hans-Ingvesgard-o-Abbe-andlin-1970-204x300.jpg 204w, https:\/\/www.lassebacklund.fi\/wp-content\/uploads\/2023\/11\/195-Hans-Ingvesgard-o-Abbe-andlin-1970-696x1024.jpg 696w, https:\/\/www.lassebacklund.fi\/wp-content\/uploads\/2023\/11\/195-Hans-Ingvesgard-o-Abbe-andlin-1970-768x1130.jpg 768w, https:\/\/www.lassebacklund.fi\/wp-content\/uploads\/2023\/11\/195-Hans-Ingvesgard-o-Abbe-andlin-1970-1044x1536.jpg 1044w, https:\/\/www.lassebacklund.fi\/wp-content\/uploads\/2023\/11\/195-Hans-Ingvesgard-o-Abbe-andlin-1970-1392x2048.jpg 1392w\" sizes=\"auto, (max-width: 1740px) 100vw, 1740px\" \/><figcaption id=\"caption-attachment-22313\" class=\"wp-caption-text\">195. Hans Ingvesg\u00e5rd pustar ut och passar p\u00e5 att diskutera med Abbe Andlin, omkring 1970.<\/figcaption><\/figure>\n<figure id=\"attachment_22314\" aria-describedby=\"caption-attachment-22314\" style=\"width: 2560px\" class=\"wp-caption alignnone\"><img loading=\"lazy\" decoding=\"async\" class=\"size-full wp-image-22314\" src=\"https:\/\/www.lassebacklund.fi\/wp-content\/uploads\/2023\/11\/196-nya-backen10-DSC_0062-001-scaled.jpg\" alt=\"\" width=\"2560\" height=\"1718\" srcset=\"https:\/\/www.lassebacklund.fi\/wp-content\/uploads\/2023\/11\/196-nya-backen10-DSC_0062-001-scaled.jpg 2560w, https:\/\/www.lassebacklund.fi\/wp-content\/uploads\/2023\/11\/196-nya-backen10-DSC_0062-001-300x201.jpg 300w, https:\/\/www.lassebacklund.fi\/wp-content\/uploads\/2023\/11\/196-nya-backen10-DSC_0062-001-1024x687.jpg 1024w, https:\/\/www.lassebacklund.fi\/wp-content\/uploads\/2023\/11\/196-nya-backen10-DSC_0062-001-768x515.jpg 768w, https:\/\/www.lassebacklund.fi\/wp-content\/uploads\/2023\/11\/196-nya-backen10-DSC_0062-001-1536x1031.jpg 1536w, https:\/\/www.lassebacklund.fi\/wp-content\/uploads\/2023\/11\/196-nya-backen10-DSC_0062-001-2048x1374.jpg 2048w\" sizes=\"auto, (max-width: 2560px) 100vw, 2560px\" \/><figcaption id=\"caption-attachment-22314\" class=\"wp-caption-text\">196. Den nya slalombacken ser inte riktigt stor ut p\u00e5 bild men alldeles tillr\u00e4cklig f\u00f6r b\u00e5de nyb\u00f6rjare och v\u00e5ghalsar. Uppe p\u00e5 backen syns B\u00f6tombergsstugan, som byggdes 1957.<\/figcaption><\/figure>\n<figure id=\"attachment_22316\" aria-describedby=\"caption-attachment-22316\" style=\"width: 2560px\" class=\"wp-caption alignnone\"><img loading=\"lazy\" decoding=\"async\" class=\"size-full wp-image-22316\" src=\"https:\/\/www.lassebacklund.fi\/wp-content\/uploads\/2023\/11\/198-backen-i-skick-scaled.jpg\" alt=\"\" width=\"2560\" height=\"1707\" srcset=\"https:\/\/www.lassebacklund.fi\/wp-content\/uploads\/2023\/11\/198-backen-i-skick-scaled.jpg 2560w, https:\/\/www.lassebacklund.fi\/wp-content\/uploads\/2023\/11\/198-backen-i-skick-300x200.jpg 300w, https:\/\/www.lassebacklund.fi\/wp-content\/uploads\/2023\/11\/198-backen-i-skick-1024x683.jpg 1024w, https:\/\/www.lassebacklund.fi\/wp-content\/uploads\/2023\/11\/198-backen-i-skick-768x512.jpg 768w, https:\/\/www.lassebacklund.fi\/wp-content\/uploads\/2023\/11\/198-backen-i-skick-1536x1024.jpg 1536w, https:\/\/www.lassebacklund.fi\/wp-content\/uploads\/2023\/11\/198-backen-i-skick-2048x1365.jpg 2048w\" sizes=\"auto, (max-width: 2560px) 100vw, 2560px\" \/><figcaption id=\"caption-attachment-22316\" class=\"wp-caption-text\">197. Folk kom till backen med b\u00e5de bil och buss, och det r\u00e5der en viss tr\u00e4ngsel i hissk\u00f6n.<\/figcaption><\/figure>\n<figure id=\"attachment_22315\" aria-describedby=\"caption-attachment-22315\" style=\"width: 720px\" class=\"wp-caption alignnone\"><img loading=\"lazy\" decoding=\"async\" class=\"size-full wp-image-22315\" src=\"https:\/\/www.lassebacklund.fi\/wp-content\/uploads\/2023\/11\/197-Kalle-Kronman-och-Gunnar-Grondahl.jpg\" alt=\"\" width=\"720\" height=\"548\" srcset=\"https:\/\/www.lassebacklund.fi\/wp-content\/uploads\/2023\/11\/197-Kalle-Kronman-och-Gunnar-Grondahl.jpg 720w, https:\/\/www.lassebacklund.fi\/wp-content\/uploads\/2023\/11\/197-Kalle-Kronman-och-Gunnar-Grondahl-300x228.jpg 300w\" sizes=\"auto, (max-width: 720px) 100vw, 720px\" \/><figcaption id=\"caption-attachment-22315\" class=\"wp-caption-text\">198. L\u00e4ngst fram Gunnar Gr\u00f6ndahl och Karl Kronman under B\u00f6tombergsspelen i mars 1970. De var b\u00e5da p\u00e5 sin tid tv\u00e5 k\u00e4nda profiler p\u00e5 B\u00f6tombergen. Snett bakom dem st\u00e5r speakern Trygve Lindqvist. Publiken uppgick till \u00f6ver 1 000 personer och det kom buss till och med fr\u00e5n N\u00e4rpes. V\u00e5ra lokala deltagare i spelen fick inga bra placeringar i t\u00e4vlingarna.<\/figcaption><\/figure>\n<figure id=\"attachment_22317\" aria-describedby=\"caption-attachment-22317\" style=\"width: 2560px\" class=\"wp-caption alignnone\"><img loading=\"lazy\" decoding=\"async\" class=\"size-full wp-image-22317\" src=\"https:\/\/www.lassebacklund.fi\/wp-content\/uploads\/2023\/11\/199-stugan-scaled.jpg\" alt=\"\" width=\"2560\" height=\"1668\" srcset=\"https:\/\/www.lassebacklund.fi\/wp-content\/uploads\/2023\/11\/199-stugan-scaled.jpg 2560w, https:\/\/www.lassebacklund.fi\/wp-content\/uploads\/2023\/11\/199-stugan-300x195.jpg 300w, https:\/\/www.lassebacklund.fi\/wp-content\/uploads\/2023\/11\/199-stugan-1024x667.jpg 1024w, https:\/\/www.lassebacklund.fi\/wp-content\/uploads\/2023\/11\/199-stugan-768x500.jpg 768w, https:\/\/www.lassebacklund.fi\/wp-content\/uploads\/2023\/11\/199-stugan-1536x1001.jpg 1536w, https:\/\/www.lassebacklund.fi\/wp-content\/uploads\/2023\/11\/199-stugan-2048x1334.jpg 2048w\" sizes=\"auto, (max-width: 2560px) 100vw, 2560px\" \/><figcaption id=\"caption-attachment-22317\" class=\"wp-caption-text\">199. Ing\u00e5ngen till den gamla B\u00f6tombergsstugan med Atrias lockande korvreklam p\u00e5 v\u00e4ggen. Byggandet av denna skidstuga p\u00e5 Mellanberget p\u00e5b\u00f6rjades \u00e5r 1955 och ritningarna hade gjorts av L\u00e4nken-medlemmen Stig Nelson. Stugan p\u00e5 140 kvm inrymde en st\u00f6rre samlingssal med en \u00f6ppen spis, ett k\u00f6k och ett sovrum, ett vallningsrum och en bastu.\u00a0<\/figcaption><\/figure>\n<figure id=\"attachment_22318\" aria-describedby=\"caption-attachment-22318\" style=\"width: 2560px\" class=\"wp-caption alignnone\"><img loading=\"lazy\" decoding=\"async\" class=\"size-full wp-image-22318\" src=\"https:\/\/www.lassebacklund.fi\/wp-content\/uploads\/2023\/11\/200-Lappfjards-centrum-scaled.jpg\" alt=\"\" width=\"2560\" height=\"1700\" srcset=\"https:\/\/www.lassebacklund.fi\/wp-content\/uploads\/2023\/11\/200-Lappfjards-centrum-scaled.jpg 2560w, https:\/\/www.lassebacklund.fi\/wp-content\/uploads\/2023\/11\/200-Lappfjards-centrum-300x199.jpg 300w, https:\/\/www.lassebacklund.fi\/wp-content\/uploads\/2023\/11\/200-Lappfjards-centrum-1024x680.jpg 1024w, https:\/\/www.lassebacklund.fi\/wp-content\/uploads\/2023\/11\/200-Lappfjards-centrum-768x510.jpg 768w, https:\/\/www.lassebacklund.fi\/wp-content\/uploads\/2023\/11\/200-Lappfjards-centrum-1536x1020.jpg 1536w, https:\/\/www.lassebacklund.fi\/wp-content\/uploads\/2023\/11\/200-Lappfjards-centrum-2048x1360.jpg 2048w\" sizes=\"auto, (max-width: 2560px) 100vw, 2560px\" \/><figcaption id=\"caption-attachment-22318\" class=\"wp-caption-text\">200. Lappfj\u00e4rds centrum 1970 med Lehtonens bageri och butik till h\u00f6ger.<\/figcaption><\/figure>\n<p>Klicka <a href=\"https:\/\/www.lassebacklund.fi\/?page_id=22381\"><span style=\"color: #000080;\"><strong>H\u00c4R,<\/strong><\/span><\/a> s\u00e5 kommer du direkt till f\u00f6ljande fotoalbum!<\/p>\n","protected":false},"excerpt":{"rendered":"<p>Klicka H\u00c4R, s\u00e5 kommer du direkt till f\u00f6ljande fotoalbum!<\/p>\n","protected":false},"author":1,"featured_media":0,"parent":15591,"menu_order":4,"comment_status":"closed","ping_status":"closed","template":"","meta":{"footnotes":""},"class_list":["post-19602","page","type-page","status-publish","hentry"],"_links":{"self":[{"href":"https:\/\/www.lassebacklund.fi\/index.php?rest_route=\/wp\/v2\/pages\/19602","targetHints":{"allow":["GET"]}}],"collection":[{"href":"https:\/\/www.lassebacklund.fi\/index.php?rest_route=\/wp\/v2\/pages"}],"about":[{"href":"https:\/\/www.lassebacklund.fi\/index.php?rest_route=\/wp\/v2\/types\/page"}],"author":[{"embeddable":true,"href":"https:\/\/www.lassebacklund.fi\/index.php?rest_route=\/wp\/v2\/users\/1"}],"replies":[{"embeddable":true,"href":"https:\/\/www.lassebacklund.fi\/index.php?rest_route=%2Fwp%2Fv2%2Fcomments&post=19602"}],"version-history":[{"count":29,"href":"https:\/\/www.lassebacklund.fi\/index.php?rest_route=\/wp\/v2\/pages\/19602\/revisions"}],"predecessor-version":[{"id":22952,"href":"https:\/\/www.lassebacklund.fi\/index.php?rest_route=\/wp\/v2\/pages\/19602\/revisions\/22952"}],"up":[{"embeddable":true,"href":"https:\/\/www.lassebacklund.fi\/index.php?rest_route=\/wp\/v2\/pages\/15591"}],"wp:attachment":[{"href":"https:\/\/www.lassebacklund.fi\/index.php?rest_route=%2Fwp%2Fv2%2Fmedia&parent=19602"}],"curies":[{"name":"wp","href":"https:\/\/api.w.org\/{rel}","templated":true}]}}