{"id":1928,"date":"2016-11-13T22:33:23","date_gmt":"2016-11-13T21:33:23","guid":{"rendered":"http:\/\/www.lassebacklund.fi\/?page_id=1928"},"modified":"2025-09-28T19:16:57","modified_gmt":"2025-09-28T16:16:57","slug":"bonehuset-i-dagsmark","status":"publish","type":"page","link":"https:\/\/www.lassebacklund.fi\/?page_id=1928","title":{"rendered":"B\u00f6nehuset i Dagsmark"},"content":{"rendered":"<figure id=\"attachment_24422\" aria-describedby=\"caption-attachment-24422\" style=\"width: 2237px\" class=\"wp-caption alignnone\"><img loading=\"lazy\" decoding=\"async\" class=\"wp-image-24422 size-full\" src=\"https:\/\/www.lassebacklund.fi\/wp-content\/uploads\/2025\/07\/2025-olika-foton-2.jpg\" alt=\"\" width=\"2237\" height=\"1287\" srcset=\"https:\/\/www.lassebacklund.fi\/wp-content\/uploads\/2025\/07\/2025-olika-foton-2.jpg 2237w, https:\/\/www.lassebacklund.fi\/wp-content\/uploads\/2025\/07\/2025-olika-foton-2-300x173.jpg 300w, https:\/\/www.lassebacklund.fi\/wp-content\/uploads\/2025\/07\/2025-olika-foton-2-1024x589.jpg 1024w, https:\/\/www.lassebacklund.fi\/wp-content\/uploads\/2025\/07\/2025-olika-foton-2-768x442.jpg 768w, https:\/\/www.lassebacklund.fi\/wp-content\/uploads\/2025\/07\/2025-olika-foton-2-1536x884.jpg 1536w, https:\/\/www.lassebacklund.fi\/wp-content\/uploads\/2025\/07\/2025-olika-foton-2-2048x1178.jpg 2048w\" sizes=\"auto, (max-width: 2237px) 100vw, 2237px\" \/><figcaption id=\"caption-attachment-24422\" class=\"wp-caption-text\">B\u00f6nehuset i Dagsmark \u00e4r bel\u00e4get n\u00e4ra Lill\u00e5n och Lillbron vid Korsb\u00e4ckv\u00e4gen. Byggnaden \u00e4gs i dag av Svenska Lutherska Evangelif\u00f6reningen i Finland r.f. (SLEF) och den har tillbyggts och renoverats ett flertal g\u00e5nger. B\u00f6nehuset fotograferat fr\u00e5n sydost \u00e5r 2025.<\/figcaption><\/figure>\n<p><strong><span style=\"color: #000080;\">Sammanst\u00e4llt av Lasse Backlund 2013, med hj\u00e4lp av Annel Nyholm. Historiken har uppdaterats flera g\u00e5nger efter det.<\/span><\/strong><\/p>\n<h3><strong>L\u00e4nkar:<\/strong><\/h3>\n<p>Om du vill l\u00e4sa en tidningsartikel fr\u00e5n 1961 om uppkomsten av den evangeliska r\u00f6relsen i Syd\u00f6sterbotten, s\u00e5 skall du klicka <a href=\"https:\/\/www.lassebacklund.fi\/?page_id=24563\"><span style=\"text-decoration: underline;\"><strong>h\u00e4r!<\/strong><\/span><\/a><\/p>\n<p><span style=\"color: #000000;\">Inga-Lill Sandstr\u00f6m har bidragit med en utredning om huset och dess tidigare \u00e4gare och vill du l\u00e4sa den direkt, s\u00e5 skall du klicka <a style=\"color: #000000;\" href=\"http:\/\/www.lassebacklund.fi\/?page_id=1987\"><span style=\"text-decoration: underline;\"><strong>h\u00e4r!<\/strong><\/span><\/a>\u00a0<\/span><\/p>\n<figure id=\"attachment_1895\" aria-describedby=\"caption-attachment-1895\" style=\"width: 1579px\" class=\"wp-caption aligncenter\"><img loading=\"lazy\" decoding=\"async\" class=\"size-full wp-image-1895\" src=\"http:\/\/www.lassebacklund.fi\/wp-content\/uploads\/2016\/11\/2-8.jpg\" alt=\"B\u00f6nehuset fotograferat fr\u00e5n v\u00e4ster \u00e5r 2003.\" width=\"1579\" height=\"751\" srcset=\"https:\/\/www.lassebacklund.fi\/wp-content\/uploads\/2016\/11\/2-8.jpg 1579w, https:\/\/www.lassebacklund.fi\/wp-content\/uploads\/2016\/11\/2-8-300x143.jpg 300w, https:\/\/www.lassebacklund.fi\/wp-content\/uploads\/2016\/11\/2-8-768x365.jpg 768w, https:\/\/www.lassebacklund.fi\/wp-content\/uploads\/2016\/11\/2-8-1024x487.jpg 1024w\" sizes=\"auto, (max-width: 1579px) 100vw, 1579px\" \/><figcaption id=\"caption-attachment-1895\" class=\"wp-caption-text\">B\u00f6nehuset fotograferat fr\u00e5n v\u00e4ster \u00e5r 2003.<\/figcaption><\/figure>\n<figure id=\"attachment_10516\" aria-describedby=\"caption-attachment-10516\" style=\"width: 1573px\" class=\"wp-caption aligncenter\"><img loading=\"lazy\" decoding=\"async\" class=\"size-full wp-image-10516\" src=\"http:\/\/www.lassebacklund.fi\/wp-content\/uploads\/2018\/11\/ota295_foto_0906-B\u00f6nhuset-WEB.jpg\" alt=\"\" width=\"1573\" height=\"1010\" srcset=\"https:\/\/www.lassebacklund.fi\/wp-content\/uploads\/2018\/11\/ota295_foto_0906-B\u00f6nhuset-WEB.jpg 1573w, https:\/\/www.lassebacklund.fi\/wp-content\/uploads\/2018\/11\/ota295_foto_0906-B\u00f6nhuset-WEB-300x193.jpg 300w, https:\/\/www.lassebacklund.fi\/wp-content\/uploads\/2018\/11\/ota295_foto_0906-B\u00f6nhuset-WEB-768x493.jpg 768w, https:\/\/www.lassebacklund.fi\/wp-content\/uploads\/2018\/11\/ota295_foto_0906-B\u00f6nhuset-WEB-1024x657.jpg 1024w\" sizes=\"auto, (max-width: 1573px) 100vw, 1573px\" \/><figcaption id=\"caption-attachment-10516\" class=\"wp-caption-text\">B\u00f6nehuset fotograferat av Selim Bj\u00f6rses i slutet av 1920-talet. SLS:s arkiv i Vasa.<\/figcaption><\/figure>\n<figure id=\"attachment_1896\" aria-describedby=\"caption-attachment-1896\" style=\"width: 877px\" class=\"wp-caption aligncenter\"><img loading=\"lazy\" decoding=\"async\" class=\"size-full wp-image-1896\" src=\"http:\/\/www.lassebacklund.fi\/wp-content\/uploads\/2016\/11\/3-7.jpg\" alt=\"Flygfoto fr\u00e5n sommaren 1971. Backlund Ragnars v\u00e4xthus till h\u00f6ger \u00e4r under byggnad och man kan se Kurt och John p\u00e5 taket i f\u00e4rd med att s\u00e4tta glasrutorna p\u00e5 plats.\" width=\"877\" height=\"593\" srcset=\"https:\/\/www.lassebacklund.fi\/wp-content\/uploads\/2016\/11\/3-7.jpg 877w, https:\/\/www.lassebacklund.fi\/wp-content\/uploads\/2016\/11\/3-7-300x203.jpg 300w, https:\/\/www.lassebacklund.fi\/wp-content\/uploads\/2016\/11\/3-7-768x519.jpg 768w\" sizes=\"auto, (max-width: 877px) 100vw, 877px\" \/><figcaption id=\"caption-attachment-1896\" class=\"wp-caption-text\">Flygfoto fr\u00e5n sommaren 1971. Backlund Ragnars v\u00e4xthus till h\u00f6ger \u00e4r under byggnad och man kan se Kurt och John p\u00e5 taket i f\u00e4rd med att s\u00e4tta glasrutorna p\u00e5 plats.<\/figcaption><\/figure>\n<figure id=\"attachment_1897\" aria-describedby=\"caption-attachment-1897\" style=\"width: 1129px\" class=\"wp-caption aligncenter\"><img loading=\"lazy\" decoding=\"async\" class=\"size-full wp-image-1897\" src=\"http:\/\/www.lassebacklund.fi\/wp-content\/uploads\/2016\/11\/4-7.jpg\" alt=\"I b\u00f6rjan p\u00e5 1960 gjordes det detta vykort av b\u00f6nehuset.\" width=\"1129\" height=\"643\" srcset=\"https:\/\/www.lassebacklund.fi\/wp-content\/uploads\/2016\/11\/4-7.jpg 1129w, https:\/\/www.lassebacklund.fi\/wp-content\/uploads\/2016\/11\/4-7-300x171.jpg 300w, https:\/\/www.lassebacklund.fi\/wp-content\/uploads\/2016\/11\/4-7-768x437.jpg 768w, https:\/\/www.lassebacklund.fi\/wp-content\/uploads\/2016\/11\/4-7-1024x583.jpg 1024w\" sizes=\"auto, (max-width: 1129px) 100vw, 1129px\" \/><figcaption id=\"caption-attachment-1897\" class=\"wp-caption-text\">I b\u00f6rjan p\u00e5 1960 gjordes det detta vykort av b\u00f6nehuset.<\/figcaption><\/figure>\n<h3><strong><u>Historia:<\/u><\/strong><\/h3>\n<p>Den Lutherska evangelif\u00f6reningen hade bildats \u00e5r 1873 och \u00e5r 1890 fick f\u00f6reningen sin f\u00f6rsta medlem fr\u00e5n Dagsmark. Det var l\u00e4raren och byns allt i allo J.J. Wadstr\u00f6m. Han var f\u00f6dd i Yttermark \u00e5r 1861 och blev vald till l\u00e4rare i Dagsmark \u00e5r 1882. Han var l\u00e4rare i 37 \u00e5r och blev efter det f\u00f6rest\u00e5ndare f\u00f6r Unionbankens kontor i Lappfj\u00e4rd. Biblioteket i Dagsmark grundade han \u00e5r 1894 och Dagsmark Ungdomsf\u00f6rening \u00e5r 1896. Han var f\u00f6rest\u00e5ndare f\u00f6r Posten i Dagsmark och i flera \u00e5r var han kommunalfullm\u00e4ktiges ordf\u00f6rande.<\/p>\n<p>Det var allts\u00e5 han, Johan Jakob Wadstr\u00f6m som drog i g\u00e5ng en r\u00f6relse av s\u00e4llan sk\u00e5dat slag. Han fick byns ledande m\u00e4n med i f\u00f6reningen och under n\u00e5gra \u00e5r h\u00f6lls m\u00f6ten hemma hos bonden Josef Mattsson Lillkull p\u00e5 Sunnantillv\u00e4gen. St\u00f6rre tillst\u00e4llningar ordnades i den gamla skolbyggnaden.<\/p>\n<p>S\u00e5 sm\u00e5ningom blev Josef Lillkulls stuga f\u00f6r liten och den 1 juli 1913 besl\u00f6t en grupp Dagsmarkbor att bilda en b\u00f6nhusf\u00f6rening, h\u00f6rande till den Lutherska Evangelif\u00f6reningen och samma dag k\u00f6pte de en parcell p\u00e5 16 kappland med en tidstypisk bondg\u00e5rd med 5 rum f\u00f6r 200 mark. Varje \u00e5r skulle en avg\u00e4ld betalas till hemmanet. Parcellen med g\u00e5rden fick namnet B\u00f6nehustomten och s\u00e4ljare var Mathilda Forsg\u00e5rd, med fullmakt av maken Anders. Hennes man Anders hade f\u00f6re avresan till Amerika \u00e5r 1910 gett en \u00f6ppen fullmakt \u00e5t Mathilda att hon har fria h\u00e4nder att g\u00f6ra vad hon vill, till och med s\u00e4lja g\u00e5rden och hemmanet. Anders for sedan till Amerika och han \u00e5terv\u00e4nde inte.<\/p>\n<p>Huset som b\u00f6nhusf\u00f6reningen k\u00f6pte var mycket gammalt och troligen byggt av den f\u00f6rsta bonden L\u00e5ng som flyttade till denna sida av Lill\u00e5n fr\u00e5n Byin. Hur stort det var fr\u00e5n b\u00f6rjan \u00e4r oklart och m\u00f6jligtvis hade det byggts till i n\u00e5got skede. Sedan bodde ju h\u00e4r bland annat Maria Utter (1867-1950) och hennes man Karl Erik (1867-1901) f. Skrivars i Uttermossa. Maria Utter var dotter till \u201dPelas\u201d Maja Lena Lillkull (1844-1881). Maria och Karl Erik fick m\u00e5nga barn, blad annat Sigrid som sedan innehade Central kafe\u00e9t, som kallades f\u00f6r Sigridas kaf\u00e9. D\u00e5 Karl Erik dog s\u00e5 s\u00e5lde Maria g\u00e5rden \u00e5t Anders och Mathilda Forsg\u00e5rd.<\/p>\n<p>Mathilda hade 4 barn men endast dottern Alexandra f. 1894 n\u00e5dde vuxen \u00e5lder.\u00a0Alexandra gifte sig sedermera med Artur Rosengren, blev utdimitterad fr\u00e5n sm\u00e5skolseminariet i Vasa 1918 och blev efter det sm\u00e5skoll\u00e4rarinna i Dagsmark fram till \u00e5r 1940 d\u00e5 maken Artur blev l\u00e4rare i Tr\u00e4skvik och flyttade dit, men \u00e4gde ocks\u00e5 en g\u00e5rd p\u00e5 A-sidon i Dagsmark, ett stenkast fr\u00e5n b\u00f6nehuset. Vill du l\u00e4sa mera om Sandra och Artur Rosengren, s\u00e5 klicka <a href=\"http:\/\/www.lassebacklund.fi\/?page_id=1864\"><span style=\"text-decoration: underline;\"><strong>h\u00e4r!<\/strong><\/span><\/a><\/p>\n<p>Finansieringen av detta husk\u00f6p sk\u00f6ttes p\u00e5 ett ovanligt s\u00e4tt. I st\u00e4llet f\u00f6r att l\u00e5na pengar p\u00e5 banken till h\u00f6ga r\u00e4ntor s\u00e5 l\u00e5nade f\u00f6reningen pengar av bonden Sigfrid Haga, fr\u00e5n Kalax by i N\u00e4rpes. Han var en sann missionsv\u00e4n och var bekant med predikanten J. A. Sundstr\u00f6m.<\/p>\n<p>Styrelsen f\u00f6r b\u00f6nehuset som bestod av b\u00f6nderna Josef Lillkull, Erik Anders Rosengren, Viktor L\u00e5ngqvist, Erland B\u00e5sk, Viktor Eklund, Alfred Nordberg, Viktor Nyroos och handlanden Josef Henrik Storkull besl\u00f6t att bygga om den gamla bondg\u00e5rden f\u00f6r att b\u00e4ttre anpassa den till den nya verksamheten. Bondg\u00e5rden skulle ocks\u00e5 byggas till med en vinkel som skulle bli sj\u00e4lva b\u00f6nesalen. Tv\u00e5 kamrar i den v\u00e4stra delen revs f\u00f6r att ge rum f\u00f6r festsalen. \u00a0Ritningarna uppgjordes av byggm\u00e4staren Einar Wadstr\u00f6m, som var son till l\u00e4rare Wadstr\u00f6m.<\/p>\n<p>Den h\u00e4r tillbyggnaden uppf\u00f6rdes av Dagsmarks andra stora man, n\u00e4mligen bonden och s\u00e5g\u00e4garen Viktor Nylund. Arbetet gjordes \u00e5r 1914 till en total kostnad om 2\u00a0120 mark.<\/p>\n<p>Som ett dokument f\u00f6r efterv\u00e4rlden skrev Viktor en text p\u00e5 en av tak\u00e5sarna som\u00a0kan tolkas s\u00e5 h\u00e4r:<\/p>\n<p><strong>This bylding is byld of the millovner or bylder Wicktor Nylund 1914<\/strong>.<\/p>\n<p>P\u00e5 svenska ungef\u00e4r: Denna byggnad \u00e4r uppf\u00f6rd av s\u00e5g\u00e4garen eller byggaren Wicktor Nylund 1914.<\/p>\n<figure id=\"attachment_1898\" aria-describedby=\"caption-attachment-1898\" style=\"width: 1372px\" class=\"wp-caption aligncenter\"><img loading=\"lazy\" decoding=\"async\" class=\"size-full wp-image-1898\" src=\"http:\/\/www.lassebacklund.fi\/wp-content\/uploads\/2016\/11\/5-7.jpg\" alt=\"P\u00e5 Ralf Nyholms bild kan vi l\u00e4sa Viktors egen text.\" width=\"1372\" height=\"541\" srcset=\"https:\/\/www.lassebacklund.fi\/wp-content\/uploads\/2016\/11\/5-7.jpg 1372w, https:\/\/www.lassebacklund.fi\/wp-content\/uploads\/2016\/11\/5-7-300x118.jpg 300w, https:\/\/www.lassebacklund.fi\/wp-content\/uploads\/2016\/11\/5-7-768x303.jpg 768w, https:\/\/www.lassebacklund.fi\/wp-content\/uploads\/2016\/11\/5-7-1024x404.jpg 1024w\" sizes=\"auto, (max-width: 1372px) 100vw, 1372px\" \/><figcaption id=\"caption-attachment-1898\" class=\"wp-caption-text\">P\u00e5 Ralf Nyholms bild kan vi l\u00e4sa Viktors egen text.<\/figcaption><\/figure>\n<p>P\u00e5 en annan tak\u00e5s\u00a0har Viktor Nylund skrivit lite utf\u00f6rligare n\u00e4r det h\u00e4r arbetet utf\u00f6rdes. Texten p\u00e5 bilden h\u00e4r under kan tydas s\u00e5 h\u00e4r:<\/p>\n<p><strong>Byld in the somar att the time wen potatoes was planted, may 29 1914<\/strong>.<\/p>\n<p>P\u00e5 svenska s\u00e5 h\u00e4r: Byggd p\u00e5 sommaren den tid n\u00e4r potatis var s\u00e4tt, 29 maj 1914.<\/p>\n<figure id=\"attachment_1899\" aria-describedby=\"caption-attachment-1899\" style=\"width: 1366px\" class=\"wp-caption aligncenter\"><img loading=\"lazy\" decoding=\"async\" class=\"size-full wp-image-1899\" src=\"http:\/\/www.lassebacklund.fi\/wp-content\/uploads\/2016\/11\/6-5.jpg\" alt=\"Viktors egen text p\u00e5 tak\u00e5sen talar om n\u00e4r potatisen skall s\u00e4ttas. Foto: Ralf Nyholm. \" width=\"1366\" height=\"778\" srcset=\"https:\/\/www.lassebacklund.fi\/wp-content\/uploads\/2016\/11\/6-5.jpg 1366w, https:\/\/www.lassebacklund.fi\/wp-content\/uploads\/2016\/11\/6-5-300x171.jpg 300w, https:\/\/www.lassebacklund.fi\/wp-content\/uploads\/2016\/11\/6-5-768x437.jpg 768w, https:\/\/www.lassebacklund.fi\/wp-content\/uploads\/2016\/11\/6-5-1024x583.jpg 1024w\" sizes=\"auto, (max-width: 1366px) 100vw, 1366px\" \/><figcaption id=\"caption-attachment-1899\" class=\"wp-caption-text\">Viktors egen text p\u00e5 tak\u00e5sen talar om n\u00e4r potatisen skall s\u00e4ttas. Foto: Ralf Nyholm.<\/figcaption><\/figure>\n<p>B\u00f6nehusv\u00e4nnerna deltog med talkokraft genom att renovera k\u00f6ket och serveringsrummet, de satte ocks\u00e5 stenfoten under nybygget. Under b\u00f6rjan av \u00e5r 1915 gjordes inredning s\u00e5som predikstol, b\u00e4nkar och estrad. Alltsammans \u00f6verl\u00e4ts till Evangelif\u00f6reningen, som \u00e4nnu i dag st\u00e5r som \u00e4gare till huset.<\/p>\n<figure id=\"attachment_1924\" aria-describedby=\"caption-attachment-1924\" style=\"width: 257px\" class=\"wp-caption aligncenter\"><img loading=\"lazy\" decoding=\"async\" class=\" wp-image-1924\" src=\"http:\/\/www.lassebacklund.fi\/wp-content\/uploads\/2016\/11\/Invigningsfest-p\u00e5-b\u00f6nehuset.jpg\" alt=\"I b\u00f6rjan p\u00e5 juni 1915 annonserades i Syd-\u00d6sterbotten om den kommande invigningen.\" width=\"257\" height=\"164\" srcset=\"https:\/\/www.lassebacklund.fi\/wp-content\/uploads\/2016\/11\/Invigningsfest-p\u00e5-b\u00f6nehuset.jpg 1549w, https:\/\/www.lassebacklund.fi\/wp-content\/uploads\/2016\/11\/Invigningsfest-p\u00e5-b\u00f6nehuset-300x192.jpg 300w, https:\/\/www.lassebacklund.fi\/wp-content\/uploads\/2016\/11\/Invigningsfest-p\u00e5-b\u00f6nehuset-768x490.jpg 768w, https:\/\/www.lassebacklund.fi\/wp-content\/uploads\/2016\/11\/Invigningsfest-p\u00e5-b\u00f6nehuset-1024x654.jpg 1024w\" sizes=\"auto, (max-width: 257px) 100vw, 257px\" \/><figcaption id=\"caption-attachment-1924\" class=\"wp-caption-text\">I b\u00f6rjan p\u00e5 juni 1915 annonserades i Syd-\u00d6sterbotten om den kommande invigningen.<\/figcaption><\/figure>\n<p>S\u00e5 var allt klart f\u00f6r invigning. Tisdagen den 15 juni 1915, kl. 12 p\u00e5 dagen samlades s\u00e5 Dagsmarkborna till invigningsfest. Talare var bland andra kyrkoherden Georg Laur\u00e9n fr\u00e5n Lappfj\u00e4rd, Arvid Hyd\u00e9n fr\u00e5n Sverige och Gustav Vilhelm Pass fr\u00e5n Terj\u00e4rv. Gl\u00e4djen var stor trots att b\u00f6nesalen inte var helt f\u00e4rdig.<\/p>\n<figure id=\"attachment_1997\" aria-describedby=\"caption-attachment-1997\" style=\"width: 1030px\" class=\"wp-caption aligncenter\"><img loading=\"lazy\" decoding=\"async\" class=\"size-full wp-image-1997\" src=\"http:\/\/www.lassebacklund.fi\/wp-content\/uploads\/2016\/11\/B1.jpg\" alt=\"Det var s\u00e4kert fullt i det nya b\u00f6nehuset d\u00e5 det invigdes 1915. Man kan anta att folket p\u00e5 fotot tyckte att det var en stor dag d\u00e5 de fick egna, ordentliga utrymmen f\u00f6r sina tillst\u00e4llningar.\" width=\"1030\" height=\"718\" srcset=\"https:\/\/www.lassebacklund.fi\/wp-content\/uploads\/2016\/11\/B1.jpg 1030w, https:\/\/www.lassebacklund.fi\/wp-content\/uploads\/2016\/11\/B1-300x209.jpg 300w, https:\/\/www.lassebacklund.fi\/wp-content\/uploads\/2016\/11\/B1-768x535.jpg 768w, https:\/\/www.lassebacklund.fi\/wp-content\/uploads\/2016\/11\/B1-1024x714.jpg 1024w\" sizes=\"auto, (max-width: 1030px) 100vw, 1030px\" \/><figcaption id=\"caption-attachment-1997\" class=\"wp-caption-text\">Det var s\u00e4kert fullt i det nya b\u00f6nehuset d\u00e5 det invigdes 1915. Man kan anta att folket p\u00e5 fotot tyckte att det var en stor dag d\u00e5 de fick egna, ordentliga utrymmen f\u00f6r sina tillst\u00e4llningar. Det \u00e4r byggaren sj\u00e4lv, Viktor Nylund som har tagit bilden.<\/figcaption><\/figure>\n<figure id=\"attachment_1927\" aria-describedby=\"caption-attachment-1927\" style=\"width: 883px\" class=\"wp-caption aligncenter\"><img loading=\"lazy\" decoding=\"async\" class=\"size-full wp-image-1927\" src=\"http:\/\/www.lassebacklund.fi\/wp-content\/uploads\/2016\/11\/ota259_foto_224.jpg\" alt=\"Festdeltagarna st\u00e4llde upp f\u00f6r fotografering, som vi kan se av fotografiet h\u00e4r nedan s\u00e5 var invigningen verkligen v\u00e4lbes\u00f6kt. Fotograf var byggaren sj\u00e4lv, Viktor Nylund. \" width=\"883\" height=\"657\" srcset=\"https:\/\/www.lassebacklund.fi\/wp-content\/uploads\/2016\/11\/ota259_foto_224.jpg 883w, https:\/\/www.lassebacklund.fi\/wp-content\/uploads\/2016\/11\/ota259_foto_224-300x223.jpg 300w, https:\/\/www.lassebacklund.fi\/wp-content\/uploads\/2016\/11\/ota259_foto_224-768x571.jpg 768w\" sizes=\"auto, (max-width: 883px) 100vw, 883px\" \/><figcaption id=\"caption-attachment-1927\" class=\"wp-caption-text\">H\u00e4r ett annat foto fr\u00e5n samma vinkel. Fotograf var byggaren sj\u00e4lv, Viktor Nylund.<\/figcaption><\/figure>\n<p>Vid invigningen saknade den nya b\u00f6nesalen br\u00e4dfodring, den gjordes f\u00f6rst \u00e5r 1920 och r\u00f6dm\u00e5lades p\u00e5 samma g\u00e5ng. B\u00f6nehuset uppv\u00e4rmdes med kakelugnar och oljelampor anv\u00e4ndes till belysning vid behov.<\/p>\n<figure id=\"attachment_1901\" aria-describedby=\"caption-attachment-1901\" style=\"width: 406px\" class=\"wp-caption aligncenter\"><img loading=\"lazy\" decoding=\"async\" class=\" wp-image-1901\" src=\"http:\/\/www.lassebacklund.fi\/wp-content\/uploads\/2016\/11\/8-5.jpg\" alt=\"I b\u00f6rjan p\u00e5 1910-talet byggde s\u00e5g\u00e4garen ett elektriskt kraftverk i Gamla forsen p\u00e5 s\u00f6dra sidan av Lappfj\u00e4rds \u00e5 och n\u00e5got \u00e5r senare drogs elektriska ledningar b\u00e5de till skolhuset och till b\u00f6nehuset. Till julen 1919 sk\u00e4nkte Viktor Nylund en vacker ljuskrona till b\u00f6nehuset. Den f\u00f6rs\u00e5gs med elektriska lampor och samma krona pryder festsalen \u00e4nnu i dag. \" width=\"406\" height=\"604\" srcset=\"https:\/\/www.lassebacklund.fi\/wp-content\/uploads\/2016\/11\/8-5.jpg 900w, https:\/\/www.lassebacklund.fi\/wp-content\/uploads\/2016\/11\/8-5-201x300.jpg 201w, https:\/\/www.lassebacklund.fi\/wp-content\/uploads\/2016\/11\/8-5-768x1143.jpg 768w, https:\/\/www.lassebacklund.fi\/wp-content\/uploads\/2016\/11\/8-5-688x1024.jpg 688w\" sizes=\"auto, (max-width: 406px) 100vw, 406px\" \/><figcaption id=\"caption-attachment-1901\" class=\"wp-caption-text\">I b\u00f6rjan p\u00e5 1910-talet byggde s\u00e5g\u00e4garen ett elektriskt kraftverk i Gamla forsen p\u00e5 s\u00f6dra sidan av Lappfj\u00e4rds \u00e5 och n\u00e5got \u00e5r senare drogs elektriska ledningar b\u00e5de till skolhuset och till b\u00f6nehuset. Till julen 1919 sk\u00e4nkte Viktor Nylund en vacker ljuskrona till b\u00f6nehuset. Den f\u00f6rs\u00e5gs med elektriska lampor och samma krona pryder festsalen \u00e4nnu i dag.<\/figcaption><\/figure>\n<figure id=\"attachment_1926\" aria-describedby=\"caption-attachment-1926\" style=\"width: 904px\" class=\"wp-caption aligncenter\"><img loading=\"lazy\" decoding=\"async\" class=\"size-full wp-image-1926\" src=\"http:\/\/www.lassebacklund.fi\/wp-content\/uploads\/2016\/11\/ota259_foto_099.jpg\" alt=\"S\u00e5g\u00e4garen Viktor Nylund var en duktig fotograf och h\u00e4r har han lyckats \u00f6ver f\u00f6rv\u00e4ntan. Han fick med b\u00e5de takkronan, predikanten och en stor del av \u00e5h\u00f6rarna. Ljuset kommer symboliskt vackert in fr\u00e5n b\u00e5da f\u00f6nstren.\" width=\"904\" height=\"670\" srcset=\"https:\/\/www.lassebacklund.fi\/wp-content\/uploads\/2016\/11\/ota259_foto_099.jpg 904w, https:\/\/www.lassebacklund.fi\/wp-content\/uploads\/2016\/11\/ota259_foto_099-300x222.jpg 300w, https:\/\/www.lassebacklund.fi\/wp-content\/uploads\/2016\/11\/ota259_foto_099-768x569.jpg 768w\" sizes=\"auto, (max-width: 904px) 100vw, 904px\" \/><figcaption id=\"caption-attachment-1926\" class=\"wp-caption-text\">S\u00e5g\u00e4garen Viktor Nylund var en duktig fotograf och h\u00e4r har han lyckats \u00f6ver f\u00f6rv\u00e4ntan. Han fick med b\u00e5de takkronan, predikanten och en stor del av \u00e5h\u00f6rarna. Ljuset kommer symboliskt vackert in fr\u00e5n b\u00e5da f\u00f6nstren.<\/figcaption><\/figure>\n<figure id=\"attachment_1925\" aria-describedby=\"caption-attachment-1925\" style=\"width: 882px\" class=\"wp-caption aligncenter\"><img loading=\"lazy\" decoding=\"async\" class=\"size-full wp-image-1925\" src=\"http:\/\/www.lassebacklund.fi\/wp-content\/uploads\/2016\/11\/ota259_foto_098.jpg\" alt=\"Serveringen var viktig och h\u00e4r vi damerna som s\u00e4ljer dricka, sm\u00f6rg\u00e5sar och bulla.\" width=\"882\" height=\"676\" srcset=\"https:\/\/www.lassebacklund.fi\/wp-content\/uploads\/2016\/11\/ota259_foto_098.jpg 882w, https:\/\/www.lassebacklund.fi\/wp-content\/uploads\/2016\/11\/ota259_foto_098-300x230.jpg 300w, https:\/\/www.lassebacklund.fi\/wp-content\/uploads\/2016\/11\/ota259_foto_098-768x589.jpg 768w\" sizes=\"auto, (max-width: 882px) 100vw, 882px\" \/><figcaption id=\"caption-attachment-1925\" class=\"wp-caption-text\">Serveringen var viktig och h\u00e4r vi damerna som s\u00e4ljer dricka, sm\u00f6rg\u00e5sar och bulla.<\/figcaption><\/figure>\n<p>Verksamheten fortsatte och flera predikanter predikade p\u00e5 tillst\u00e4llningarna. Alla predikanter var kanske inte s\u00e5 seri\u00f6sa och skolade f\u00f6r sin uppgift, s\u00e5 h\u00e4r skrevs det i en tidningsartikel i april 1916:<\/p>\n<p><span style=\"color: #000080;\"><strong><em>Bildningsfientlig predikant.<\/em><\/strong><\/span><\/p>\n<p><span style=\"color: #000080;\"><em>I Dagsmarks b\u00f6nehus upptr\u00e4da stundom predikanter, vilkas andragande \u00e4r av tvivelaktigt v\u00e4rde. Sistf\u00f6rliden vecka, onsdag och torsdag, upptr\u00e4dde h\u00e4rst\u00e4des s\u00e5som andlig talare arbetaren Karl S\u00f6derlund fr\u00e5n N\u00e4rpes, Finby, j\u00e4mte en annan f\u00f6r meddelaren obekant person. S\u00f6derlund, som tillsvidare saknar f\u00f6ruts\u00e4ttning f\u00f6r att upptr\u00e4da som predikant, ans\u00e5g dock d\u00e4rvid n\u00f6digt bestraffande uttala sig mot tidens ondska. Orsaken till att kyrkobes\u00f6ken minskar och ungdomslokalerna \u00e4ro \u00f6verfyllda var enligt talarens mening &#8211; nutidens skolor. I skolorna rotf\u00e4stes gudl\u00f6sheten och d\u00e4r i skolorna j\u00e4mte i nutidens ungdomsliv \u00e4r roten till allt ont. L\u00e4rob\u00f6ckerna i skolorna \u00e4ro ogr\u00e4set bland vetet, icke ens a-b-c-boken \u00e4r fri fr\u00e5n otrosfr\u00f6, ty h\u00e4r l\u00e4ser man numera om tuppar och h\u00f6nor. I denna stil fortgick det \u00f6vriga av hans andragande. En predikant, som utpekar ungdoms- och bildningsstr\u00e4vandena, enkannerligen skolorna, s\u00e5som v\u00e5llande tidens ondska, har p\u00e5tagligen tagit sig talan i en sak, som han icke begrundat eller f\u00f6rst\u00e5r.<\/em><\/span><\/p>\n<p><span style=\"color: #000080;\"><em>Varp\u00e5 beror det, att \u00e4ldre personer, den stora massan av folket, varav en god del icke tillh\u00f6rt n\u00e5gon ungdomsf\u00f6rening eller deltagit i dess verksamhet, icke bes\u00f6ka kyrkan? S\u00f6derlunds uttalande var av det slag, att stora flertalet kunde uppskatta dess ringa v\u00e4rde. Vi tillr\u00e5da honom, att han &#8211; innan han h\u00e4rn\u00e4st upptr\u00e4der &#8211; ville v\u00e4sentligen utvidga sina kunskaper om m\u00f6jligt i en skola och mera s\u00e4tta sig in i det \u00e4mne, vars tolk han vill vara. Eljes m\u00e5 han icke besv\u00e4ra sig att vidare upptr\u00e4da som predikant. En predikant i v\u00e5ra dagar f\u00e5r icke f\u00f6rsvara sitt underhaltiga vetande d\u00e4rmed, att han i likhet med apostlarna \u00e4r ol\u00e4rd.<\/em><\/span><\/p>\n<figure id=\"attachment_1902\" aria-describedby=\"caption-attachment-1902\" style=\"width: 514px\" class=\"wp-caption aligncenter\"><img loading=\"lazy\" decoding=\"async\" class=\" wp-image-1902\" src=\"http:\/\/www.lassebacklund.fi\/wp-content\/uploads\/2016\/11\/9-3.jpg\" alt=\"B\u00f6nehuset reparerades hela tiden och nya inventarier anskaffades, bland annat ink\u00f6ptes \u00e5r 1924 det orgelharmonium av m\u00e4rket Hinkel som fortfarande \u00e4r i anv\u00e4ndning. Till orgelspelare valdes bonden Karl Johan Lindell (1871-1931). Karl Johans son Lennart (1904-1931) var gift med Jenny Maria Per\u00e4l\u00e4. \" width=\"514\" height=\"385\" srcset=\"https:\/\/www.lassebacklund.fi\/wp-content\/uploads\/2016\/11\/9-3.jpg 1242w, https:\/\/www.lassebacklund.fi\/wp-content\/uploads\/2016\/11\/9-3-300x225.jpg 300w, https:\/\/www.lassebacklund.fi\/wp-content\/uploads\/2016\/11\/9-3-768x576.jpg 768w, https:\/\/www.lassebacklund.fi\/wp-content\/uploads\/2016\/11\/9-3-1024x768.jpg 1024w\" sizes=\"auto, (max-width: 514px) 100vw, 514px\" \/><figcaption id=\"caption-attachment-1902\" class=\"wp-caption-text\">B\u00f6nehuset reparerades hela tiden och nya inventarier anskaffades, bland annat ink\u00f6ptes \u00e5r 1924 det orgelharmonium av m\u00e4rket Hinkel som fortfarande \u00e4r i anv\u00e4ndning. Till orgelspelare valdes bonden Karl Johan Lindell (1871-1931). Karl Johans son Lennart (1904-1931) var gift med Jenny Maria Per\u00e4l\u00e4.<\/figcaption><\/figure>\n<h3>B\u00f6nehuset uppl\u00e5ts \u00e5t Evangeliska Folkskolan.<\/h3>\n<p>Den 8 mars 1926 besl\u00f6ts att b\u00f6nehuset skulle uppl\u00e5tas f\u00f6r den nyinr\u00e4ttade Evangeliska Folkh\u00f6gskolan men f\u00f6rst gjordes en st\u00f6rre renovering med m\u00e5lning och tapetsering. Under \u00e5ren 1926-1928, allts\u00e5 under tv\u00e5 l\u00e4s\u00e5r verkade s\u00e5 denna skola i Dagsmark. Skolan invigdes under h\u00f6gtidliga former den 1 november 1926.<\/p>\n<figure id=\"attachment_1903\" aria-describedby=\"caption-attachment-1903\" style=\"width: 1193px\" class=\"wp-caption aligncenter\"><img loading=\"lazy\" decoding=\"async\" class=\"size-full wp-image-1903\" src=\"http:\/\/www.lassebacklund.fi\/wp-content\/uploads\/2016\/11\/10-3.jpg\" alt=\"Denna bild \u00e4r fr\u00e5n inskriptionen 1 november 1926. Rektorn Sj\u00f6blad l\u00e5ngt fram till v\u00e4nster och bakom honom de 33 eleverna. \" width=\"1193\" height=\"754\" srcset=\"https:\/\/www.lassebacklund.fi\/wp-content\/uploads\/2016\/11\/10-3.jpg 1193w, https:\/\/www.lassebacklund.fi\/wp-content\/uploads\/2016\/11\/10-3-300x190.jpg 300w, https:\/\/www.lassebacklund.fi\/wp-content\/uploads\/2016\/11\/10-3-768x485.jpg 768w, https:\/\/www.lassebacklund.fi\/wp-content\/uploads\/2016\/11\/10-3-1024x647.jpg 1024w\" sizes=\"auto, (max-width: 1193px) 100vw, 1193px\" \/><figcaption id=\"caption-attachment-1903\" class=\"wp-caption-text\">Denna bild \u00e4r fr\u00e5n inskriptionen 1 november 1926. Rektorn Sj\u00f6blad l\u00e5ngt fram till v\u00e4nster och bakom honom de 33 eleverna.<\/figcaption><\/figure>\n<p>Rektor f\u00f6r denna skola var folkskoll\u00e4raren J.E. Sj\u00f6blad som var folkskoll\u00e4rare i Dagsmark 1921-1930. Han var f\u00f6rest\u00e5ndare vid Evangeliska Folkh\u00f6gskolan under \u00e5ren 1926 till 1952. Eleverna i denna skola\u00a0kom fr\u00e5n olika h\u00e5ll som var inhysta i familjer i byn. Efter de h\u00e4r tv\u00e5 \u00e5ren flyttade skolan till b\u00f6nehuset i Jeppo och fr\u00e5n och med 1942 finns den i Vasa. Den h\u00e4r skolan \u00e4gs av en garantif\u00f6rening i n\u00e4ra anslutning till Svenska Lutherska Evangelif\u00f6reningen i Finland. Vill du l\u00e4sa mera om Johannes Sj\u00f6blad, skall du klicka <a href=\"http:\/\/www.lassebacklund.fi\/?page_id=11359\"><span style=\"text-decoration: underline;\"><span style=\"color: #000080;\"><strong>H\u00c4R!<\/strong><\/span><\/span><\/a><\/p>\n<figure id=\"attachment_1904\" aria-describedby=\"caption-attachment-1904\" style=\"width: 1181px\" class=\"wp-caption aligncenter\"><img loading=\"lazy\" decoding=\"async\" class=\"size-full wp-image-1904\" src=\"http:\/\/www.lassebacklund.fi\/wp-content\/uploads\/2016\/11\/11-2.jpg\" alt=\"Prydliga elever i skolsalen. \" width=\"1181\" height=\"754\" srcset=\"https:\/\/www.lassebacklund.fi\/wp-content\/uploads\/2016\/11\/11-2.jpg 1181w, https:\/\/www.lassebacklund.fi\/wp-content\/uploads\/2016\/11\/11-2-300x192.jpg 300w, https:\/\/www.lassebacklund.fi\/wp-content\/uploads\/2016\/11\/11-2-768x490.jpg 768w, https:\/\/www.lassebacklund.fi\/wp-content\/uploads\/2016\/11\/11-2-1024x654.jpg 1024w\" sizes=\"auto, (max-width: 1181px) 100vw, 1181px\" \/><figcaption id=\"caption-attachment-1904\" class=\"wp-caption-text\">Prydliga elever i skolsalen.<\/figcaption><\/figure>\n<p>De andra folkh\u00f6gskolorna i \u00d6sterbotten var inte alls n\u00f6jda med den nya folkh\u00f6gskolan i Dagsmark. F\u00f6rst och fr\u00e4mst var det folkh\u00f6gskolan i Lappfj\u00e4rd man t\u00e4nkte p\u00e5, eftersom denna redan under en l\u00e4ngre tid hade haft problem med elevrekryteringen.<\/p>\n<p>S\u00e5 gott som alla finlandssvenska tidningar tog upp detta \u00e4mne och de flesta f\u00f6rd\u00f6mde den nya &#8221;evangeliska&#8221; folkh\u00f6gskolan. Tidningen Syd-\u00d6sterbotten behandlade fr\u00e5gan flera g\u00e5nger p\u00e5 ledarplats men f\u00f6ll sedan till f\u00f6ga och kunde godk\u00e4nna skolan, eftersom det bara skulle vara en ambulerande s\u00e5dan. Om du vill l\u00e4sa den l\u00e5nga f\u00f6ljetong, som publicerades i dagstidningarna \u00f6ver hela landet, s\u00e5 klicka <a href=\"http:\/\/www.lassebacklund.fi\/?page_id=8088\"><span style=\"text-decoration: underline;\"><span style=\"color: #000080;\"><strong>H\u00c4R!<\/strong><\/span><\/span><\/a><\/p>\n<figure id=\"attachment_1905\" aria-describedby=\"caption-attachment-1905\" style=\"width: 1196px\" class=\"wp-caption aligncenter\"><img loading=\"lazy\" decoding=\"async\" class=\"size-full wp-image-1905\" src=\"http:\/\/www.lassebacklund.fi\/wp-content\/uploads\/2016\/11\/12-3.jpg\" alt=\"N\u00e5gra elever ute f\u00f6r fotografering. \" width=\"1196\" height=\"751\" srcset=\"https:\/\/www.lassebacklund.fi\/wp-content\/uploads\/2016\/11\/12-3.jpg 1196w, https:\/\/www.lassebacklund.fi\/wp-content\/uploads\/2016\/11\/12-3-300x188.jpg 300w, https:\/\/www.lassebacklund.fi\/wp-content\/uploads\/2016\/11\/12-3-768x482.jpg 768w, https:\/\/www.lassebacklund.fi\/wp-content\/uploads\/2016\/11\/12-3-1024x643.jpg 1024w\" sizes=\"auto, (max-width: 1196px) 100vw, 1196px\" \/><figcaption id=\"caption-attachment-1905\" class=\"wp-caption-text\">N\u00e5gra elever ute f\u00f6r fotografering.<\/figcaption><\/figure>\n<figure id=\"attachment_1906\" aria-describedby=\"caption-attachment-1906\" style=\"width: 1159px\" class=\"wp-caption aligncenter\"><img loading=\"lazy\" decoding=\"async\" class=\"size-full wp-image-1906\" src=\"http:\/\/www.lassebacklund.fi\/wp-content\/uploads\/2016\/11\/13-3.jpg\" alt=\"H\u00e4r alla elever och l\u00e4rare samlade utanf\u00f6r b\u00f6nehuset. Rektor Sj\u00f6blad nionde fr\u00e5n v\u00e4nster. \" width=\"1159\" height=\"606\" srcset=\"https:\/\/www.lassebacklund.fi\/wp-content\/uploads\/2016\/11\/13-3.jpg 1159w, https:\/\/www.lassebacklund.fi\/wp-content\/uploads\/2016\/11\/13-3-300x157.jpg 300w, https:\/\/www.lassebacklund.fi\/wp-content\/uploads\/2016\/11\/13-3-768x402.jpg 768w, https:\/\/www.lassebacklund.fi\/wp-content\/uploads\/2016\/11\/13-3-1024x535.jpg 1024w\" sizes=\"auto, (max-width: 1159px) 100vw, 1159px\" \/><figcaption id=\"caption-attachment-1906\" class=\"wp-caption-text\">H\u00e4r alla elever och l\u00e4rare samlade utanf\u00f6r b\u00f6nehuset. Rektor Sj\u00f6blad nionde fr\u00e5n v\u00e4nster.<\/figcaption><\/figure>\n<figure id=\"attachment_1907\" aria-describedby=\"caption-attachment-1907\" style=\"width: 835px\" class=\"wp-caption alignnone\"><img loading=\"lazy\" decoding=\"async\" class=\"size-full wp-image-1907\" src=\"http:\/\/www.lassebacklund.fi\/wp-content\/uploads\/2016\/11\/14-3.jpg\" alt=\"H\u00e4r n\u00e5gra elever av f\u00f6rsta \u00e5rskursen, bland annat Leander Nyholm, Lennart Nystr\u00f6m, Selim L\u00e5ng, Jenny Kankaanp\u00e4\u00e4, Selim Eklund.\" width=\"835\" height=\"568\" srcset=\"https:\/\/www.lassebacklund.fi\/wp-content\/uploads\/2016\/11\/14-3.jpg 835w, https:\/\/www.lassebacklund.fi\/wp-content\/uploads\/2016\/11\/14-3-300x204.jpg 300w, https:\/\/www.lassebacklund.fi\/wp-content\/uploads\/2016\/11\/14-3-768x522.jpg 768w\" sizes=\"auto, (max-width: 835px) 100vw, 835px\" \/><figcaption id=\"caption-attachment-1907\" class=\"wp-caption-text\">N\u00e5gra elever av f\u00f6rsta \u00e5rskursen, bland annat Leander Nyholm, Lennart Nystr\u00f6m, Selim L\u00e5ng, Jenny Kankaanp\u00e4\u00e4, Selim Eklund.<\/figcaption><\/figure>\n<p>Om du vill se hela listan p\u00e5 eleverna i Evangeliska folkh\u00f6gskolan i Dagsmark, s\u00e5 skall du klicka <a href=\"https:\/\/www.lassebacklund.fi\/?page_id=24723\"><span style=\"color: #000080;\"><strong>H\u00c4R!<\/strong><\/span><\/a><\/p>\n<p>I b\u00f6rjan p\u00e5 1930 bildades Dagsmark Elandelslag och fr\u00e5n december 1931 k\u00f6ptes elektriciteten d\u00e4rifr\u00e5n.<\/p>\n<figure id=\"attachment_1908\" aria-describedby=\"caption-attachment-1908\" style=\"width: 887px\" class=\"wp-caption alignnone\"><img loading=\"lazy\" decoding=\"async\" class=\"size-full wp-image-1908\" src=\"http:\/\/www.lassebacklund.fi\/wp-content\/uploads\/2016\/11\/15-3.jpg\" alt=\"P\u00e5 trappan medlemmar av b\u00f6nehusets syf\u00f6rening i mitten p\u00e5 1930-talet.\" width=\"887\" height=\"557\" srcset=\"https:\/\/www.lassebacklund.fi\/wp-content\/uploads\/2016\/11\/15-3.jpg 887w, https:\/\/www.lassebacklund.fi\/wp-content\/uploads\/2016\/11\/15-3-300x188.jpg 300w, https:\/\/www.lassebacklund.fi\/wp-content\/uploads\/2016\/11\/15-3-768x482.jpg 768w\" sizes=\"auto, (max-width: 887px) 100vw, 887px\" \/><figcaption id=\"caption-attachment-1908\" class=\"wp-caption-text\">P\u00e5 trappan medlemmar av b\u00f6nehusets syf\u00f6rening i mitten p\u00e5 1930-talet.<\/figcaption><\/figure>\n<figure id=\"attachment_1909\" aria-describedby=\"caption-attachment-1909\" style=\"width: 1160px\" class=\"wp-caption alignnone\"><img loading=\"lazy\" decoding=\"async\" class=\"size-full wp-image-1909\" src=\"http:\/\/www.lassebacklund.fi\/wp-content\/uploads\/2016\/11\/16-3.jpg\" alt=\"Det var livligt deltagande p\u00e5 Ungdomsdagen \u00e5r 1933. Alla rymdes inte med p\u00e5 gruppfotot p\u00e5 b\u00f6nehuset trappa.\" width=\"1160\" height=\"845\" srcset=\"https:\/\/www.lassebacklund.fi\/wp-content\/uploads\/2016\/11\/16-3.jpg 1160w, https:\/\/www.lassebacklund.fi\/wp-content\/uploads\/2016\/11\/16-3-300x219.jpg 300w, https:\/\/www.lassebacklund.fi\/wp-content\/uploads\/2016\/11\/16-3-768x559.jpg 768w, https:\/\/www.lassebacklund.fi\/wp-content\/uploads\/2016\/11\/16-3-1024x746.jpg 1024w\" sizes=\"auto, (max-width: 1160px) 100vw, 1160px\" \/><figcaption id=\"caption-attachment-1909\" class=\"wp-caption-text\">Det var livligt deltagande p\u00e5 Ungdomsdagen \u00e5r 1933. Alla rymdes inte med p\u00e5 gruppfotot p\u00e5 b\u00f6nehuset trappa.<\/figcaption><\/figure>\n<p>\u00c5r 1933 kunde avdelningen betala bort den sista delen av det l\u00e5n de tagit av Sigfrid Haga f\u00f6r att finansiera g\u00e5rdsk\u00f6pet och tillbyggnaden.<\/p>\n<p>D\u00e5 vinterkriget br\u00f6t ut i slutet p\u00e5 november 1939 besl\u00f6t att Evangeliska Unga skall ge 500 mark till julpaket \u00e5t reservisterna. De evakuerade karelarnas situation diskuterades ocks\u00e5 p\u00e5 m\u00f6tena.<\/p>\n<p>En minnes- och hyllningsfond \u00a0bildades i samband med Erland Rosenbacks bortg\u00e5ng 1943 och \u00e5r 1944 ink\u00f6ptes de f\u00f6rsta hyllningskorten och kuverten. \u00c5r 1952 besl\u00f6ts att pengar fr\u00e5n f\u00f6rs\u00e4ljningen av hyllningskorten \u00a0f\u00e5r anv\u00e4ndas till underh\u00e5ll och reparationer av b\u00f6nehuset. Lappfj\u00e4rds F\u00f6rsamling ger ocks\u00e5 ett \u00e5rligt bidrag till b\u00f6nehuset.<\/p>\n<figure id=\"attachment_15147\" aria-describedby=\"caption-attachment-15147\" style=\"width: 1605px\" class=\"wp-caption alignnone\"><img loading=\"lazy\" decoding=\"async\" class=\"size-full wp-image-15147\" src=\"http:\/\/www.lassebacklund.fi\/wp-content\/uploads\/2019\/12\/B\u00f6nhusfonden.jpg\" alt=\"\" width=\"1605\" height=\"1639\" srcset=\"https:\/\/www.lassebacklund.fi\/wp-content\/uploads\/2019\/12\/B\u00f6nhusfonden.jpg 1605w, https:\/\/www.lassebacklund.fi\/wp-content\/uploads\/2019\/12\/B\u00f6nhusfonden-294x300.jpg 294w, https:\/\/www.lassebacklund.fi\/wp-content\/uploads\/2019\/12\/B\u00f6nhusfonden-768x784.jpg 768w, https:\/\/www.lassebacklund.fi\/wp-content\/uploads\/2019\/12\/B\u00f6nhusfonden-1003x1024.jpg 1003w\" sizes=\"auto, (max-width: 1605px) 100vw, 1605px\" \/><figcaption id=\"caption-attachment-15147\" class=\"wp-caption-text\">Vid Erik Anders Englunds d\u00f6d \u00e5r 1948 s\u00e5 gjorde Anselm Storkull en inbetalning till Dagsmark B\u00f6nehus\u00b4 Minnes- och Hyllningsfond och gav d\u00e5 denna adress \u00e5t de anh\u00f6riga.<\/figcaption><\/figure>\n<p>Den 7 februari 1960 anskaffades altartavlan, som \u00e4r m\u00e5lad av l\u00e4raren Nils Enberg fr\u00e5n Korsn\u00e4s. F\u00f6ljande \u00e5r byggde styrelsens medlemmar det uthus som fortfarande st\u00e5r p\u00e5 g\u00e5rdsplanen. Virket fick de genom insamlingar.<\/p>\n<figure id=\"attachment_1910\" aria-describedby=\"caption-attachment-1910\" style=\"width: 569px\" class=\"wp-caption aligncenter\"><img loading=\"lazy\" decoding=\"async\" class=\" wp-image-1910\" src=\"http:\/\/www.lassebacklund.fi\/wp-content\/uploads\/2016\/11\/17-2.jpg\" alt=\"Bilden visar det ljusa och vackra serveringsrummet som det ser ut i dag. \" width=\"569\" height=\"426\" srcset=\"https:\/\/www.lassebacklund.fi\/wp-content\/uploads\/2016\/11\/17-2.jpg 1386w, https:\/\/www.lassebacklund.fi\/wp-content\/uploads\/2016\/11\/17-2-300x225.jpg 300w, https:\/\/www.lassebacklund.fi\/wp-content\/uploads\/2016\/11\/17-2-768x576.jpg 768w, https:\/\/www.lassebacklund.fi\/wp-content\/uploads\/2016\/11\/17-2-1024x768.jpg 1024w\" sizes=\"auto, (max-width: 569px) 100vw, 569px\" \/><figcaption id=\"caption-attachment-1910\" class=\"wp-caption-text\">Bilden visar det ljusa och vackra serveringsrummet som det ser ut i dag.<\/figcaption><\/figure>\n<p>I juli 1965 firades s\u00e5 50-\u00e5rs jubil\u00e9et under tv\u00e5 dagars tid. Historiken uppgjordes av l\u00e4rare Einar Lind och finns \u00e5tergiven l\u00e4ngre ner p\u00e5 denna sida.<\/p>\n<p>B\u00f6nehuset har renoverats och f\u00f6rb\u00e4ttrats flera g\u00e5nger och i februari 1969 tillsattes en grupp f\u00f6r att planera en st\u00f6rre renovering. Byggm\u00e4staren Harry Lillkull som \u00e4r b\u00f6rdig fr\u00e5n Dagsmark \u00e5tog sig att gratis uppg\u00f6ra n\u00f6dv\u00e4ndiga ritningar. Under tiden som renoveringen p\u00e5gick s\u00e5 h\u00f6lls samlingarna i folkskolans utrymmen. Nu installerades centralv\u00e4rme och el-systemet f\u00f6rnyades. Det upptogs l\u00e5n f\u00f6r denna renovering och Evangelif\u00f6reningen gick i borgen f\u00f6r ett l\u00e5n p\u00e5 15\u00a0000 mark.<\/p>\n<p>1974 fyllde Evangelif\u00f6reningen 100 \u00e5r och av den anledningen anskaffades en f\u00f6rstoring f\u00f6re-st\u00e4llande Fredrik Gabriel Hedberg (1811-1893). Han hade varit pr\u00e4st och psalmf\u00f6rfattare och r\u00e4knas allm\u00e4nt som den evangeliska r\u00f6relsens fader.<\/p>\n<figure id=\"attachment_1911\" aria-describedby=\"caption-attachment-1911\" style=\"width: 444px\" class=\"wp-caption aligncenter\"><img loading=\"lazy\" decoding=\"async\" class=\" wp-image-1911\" src=\"http:\/\/www.lassebacklund.fi\/wp-content\/uploads\/2016\/11\/18-2.jpg\" alt=\"Under renoveringen passade Holger Hammarberg p\u00e5 att \u00e5terst\u00e4lla den gamla ljuskronan i ursprungligt skick med levande ljus och Annel Nyholm tillverkade en linneduk till talarstolen. Nya stolar till samlingssalen anskaffades med bidrag fr\u00e5n Lappfj\u00e4rds f\u00f6rsamling. \" width=\"444\" height=\"592\" srcset=\"https:\/\/www.lassebacklund.fi\/wp-content\/uploads\/2016\/11\/18-2.jpg 714w, https:\/\/www.lassebacklund.fi\/wp-content\/uploads\/2016\/11\/18-2-225x300.jpg 225w\" sizes=\"auto, (max-width: 444px) 100vw, 444px\" \/><figcaption id=\"caption-attachment-1911\" class=\"wp-caption-text\">Under renoveringen passade Holger Hammarberg p\u00e5 att \u00e5terst\u00e4lla den gamla ljuskronan i ursprungligt skick med levande ljus och Annel Nyholm tillverkade en linneduk till talarstolen. Nya stolar till samlingssalen anskaffades med bidrag fr\u00e5n Lappfj\u00e4rds f\u00f6rsamling.<\/figcaption><\/figure>\n<p>Den 14 december 1975 var det s\u00e5 dags f\u00f6r \u00e5terinvigning av det nyrenoverade b\u00f6nehuset och det var ju 60-\u00e5rs jubileum p\u00e5 samma g\u00e5ng. Beda Westerback sk\u00e4nkte en Martin Luther-tavla till b\u00f6nehuset.<\/p>\n<p>Evangeliska Folkh\u00f6gskolan firade 50-\u00e5rs jubileum i november 1976 och d\u00e5 var det bes\u00f6k av m\u00e5nga forna elever och l\u00e4rare.<\/p>\n<p>Evy Nygren, f. Forslin sk\u00e4nkte \u00e5r 1977 en Nattvarden-stramaljtavla. Syf\u00f6reningen sydde stramaljtavlan och inramningen bekostades av fr\u00f6ken l\u00e4rarinnan Hulda Lindell.<\/p>\n<p>Sommaren 1980 fick avdelningen byggnadslov f\u00f6r en utbyggnad inneh\u00e5llande hall, pannrum och WC. 8-9 december 1984 firades 70-\u00e5rs jubileum med uppvaktningar av Lappfj\u00e4rds f\u00f6rsamling, Evangeliska Unga i Lappfj\u00e4rd och av SLEF i \u00d6sterbottens S\u00f6dra krets. F\u00f6retagaren Elof Lindell hade tillsammans med Lappfj\u00e4rds f\u00f6rsamling gett bidrag f\u00f6r anskaffande av ett piano, som invigdes p\u00e5 samma g\u00e5ng.<\/p>\n<p>\u00c5r 1985 tillverkades ett nytt kors av metall p\u00e5 taket. \u00c5r 1990 fick avdelningen som g\u00e5va ett altarskrank och ett altarbord fr\u00e5n Lutherg\u00e5rden i N\u00e4rpes och n\u00e5got \u00e5r efter\u00e5t tillverkade Arvid Dahlroos en hylla att f\u00f6rvara s\u00e5ngb\u00f6ckerna i.<\/p>\n<p><span style=\"font-family: 'Helvetica','sans-serif';\">Den 24 oktober 1986 var det fullsatt p\u00e5 b\u00f6nhuset d\u00e5 Evangeliska Folkh\u00f6gskolan firade sina 60 \u00e5r. Rektor Ola \u00d6sterbacka sade att mycket har f\u00f6r\u00e4ndrats p\u00e5 60 \u00e5r men budskapet om Jesus \u00e4r detsamma. Walter Fredriksson var ocks\u00e5 med och det var han f\u00f6r 60 \u00e5r sedan ocks\u00e5. \u2013Vi var som en enda stor familj, och upplevde gl\u00e4dje och harmoni. Det g\u00e4llde ocks\u00e5 att h\u00e5lla kakelugnarna varma, maten tillreddes p\u00e5 en vedspis och flickorna m\u00e5ste hj\u00e4lpa husmor. Husmor bodde p\u00e5 b\u00f6nhuset medan alla andra bodde i g\u00e5rdar. Lektionerna h\u00f6lls p\u00e5 b\u00f6nhuset medan sl\u00f6jd och v\u00e4vning h\u00f6lls ute i byn.<\/span><\/p>\n<p><span style=\"font-family: 'Helvetica','sans-serif';\">Programmet p\u00e5 60-\u00e5rs jubil\u00e9et bestod och s\u00e5ng, predikan av Gustav Norrback och tal av Johan Lindqvist.<\/span><\/p>\n<p>1994 blev en viktig milstolpe i b\u00f6nehusets historia f\u00f6r d\u00e5 gav Domkapitlet tillst\u00e5nd att ha gudstj\u00e4nster med nattvardsg\u00e5ng. Det h\u00e4r firades i samband med b\u00f6nehusets 80-\u00e5rs jubileum 1995. B\u00f6nehuset fick en nattvardskalk och ett oblatfat i silver av Lappfj\u00e4rds f\u00f6rsamling. Lappfj\u00e4rdsbon Hannes af H\u00e4llstr\u00f6m donerade en kollekthov.<\/p>\n<figure id=\"attachment_1912\" aria-describedby=\"caption-attachment-1912\" style=\"width: 442px\" class=\"wp-caption aligncenter\"><img loading=\"lazy\" decoding=\"async\" class=\" wp-image-1912\" src=\"http:\/\/www.lassebacklund.fi\/wp-content\/uploads\/2016\/11\/19-1.jpg\" alt=\"Till julen 1996 fick avdelningen en penningg\u00e5va efter S\u00f6dra B\u00f6nehusets tomtf\u00f6rs\u00e4ljning i Lappfj\u00e4rd och senare denna tavla som g\u00e5va.\" width=\"442\" height=\"559\" srcset=\"https:\/\/www.lassebacklund.fi\/wp-content\/uploads\/2016\/11\/19-1.jpg 848w, https:\/\/www.lassebacklund.fi\/wp-content\/uploads\/2016\/11\/19-1-237x300.jpg 237w, https:\/\/www.lassebacklund.fi\/wp-content\/uploads\/2016\/11\/19-1-768x972.jpg 768w, https:\/\/www.lassebacklund.fi\/wp-content\/uploads\/2016\/11\/19-1-809x1024.jpg 809w\" sizes=\"auto, (max-width: 442px) 100vw, 442px\" \/><figcaption id=\"caption-attachment-1912\" class=\"wp-caption-text\">Till julen 1996 fick avdelningen en penningg\u00e5va efter S\u00f6dra B\u00f6nehusets tomtf\u00f6rs\u00e4ljning i Lappfj\u00e4rd och senare denna tavla som g\u00e5va.<\/figcaption><\/figure>\n<p>\u00c5r 1997 fick b\u00f6nehuset kommunalt vatten, tidigare togs vattnet ur Evert Storkulls brunn. Eftersom detta vatten var av d\u00e5lig kvalitet s\u00e5 tog serveringsgruppen med vatten \u00a0hemifr\u00e5n f\u00f6r kaffekokningen.<\/p>\n<p>I b\u00f6rjan p\u00e5 2000-talet anskaffades en h\u00f6gtalaranl\u00e4ggning och Beatrice Nyholm hade ocks\u00e5 knypplat spetsen till en ny altarduk.<\/p>\n<p>Den gamla orgeln som anskaffats redan 1924 skulle repareras och med den kunniga orgelbyggaren, kantor Juhani Martikainens hj\u00e4lp gjordes detta \u00e5r 2003.<\/p>\n<p>Julannandagen \u00e5r 2009 radierades gudstj\u00e4nsten fr\u00e5n b\u00f6nehuset och h\u00f6rdes allts\u00e5 av hela Svensk-Finland. Kyrkok\u00f6ren deltog med s\u00e5ng och talare var Johan Ekl\u00f6f.<\/p>\n<h3><strong><u>B\u00f6nehuset i dag.<\/u><\/strong><\/h3>\n<p>Med tanke p\u00e5 husets \u00e5lder \u00e4r det i dag v\u00e4lsk\u00f6tt och i bra skick. Avdelningens medlemmar arbetar ideellt b\u00e5de med husets sk\u00f6tsel och verksamheten och utan den talkoandan som r\u00e5der skulle b\u00f6nehuset ha f\u00f6rfallit och kanske f\u00f6rst\u00f6rts. H\u00e4r nedan n\u00e5gra bilder som visar hur snyggt och prydligt allting \u00e4r.<\/p>\n<p><img loading=\"lazy\" decoding=\"async\" class=\"size-full wp-image-1913 aligncenter\" src=\"http:\/\/www.lassebacklund.fi\/wp-content\/uploads\/2016\/11\/20-2.jpg\" alt=\"20\" width=\"1431\" height=\"1073\" srcset=\"https:\/\/www.lassebacklund.fi\/wp-content\/uploads\/2016\/11\/20-2.jpg 1431w, https:\/\/www.lassebacklund.fi\/wp-content\/uploads\/2016\/11\/20-2-300x225.jpg 300w, https:\/\/www.lassebacklund.fi\/wp-content\/uploads\/2016\/11\/20-2-768x576.jpg 768w, https:\/\/www.lassebacklund.fi\/wp-content\/uploads\/2016\/11\/20-2-1024x768.jpg 1024w\" sizes=\"auto, (max-width: 1431px) 100vw, 1431px\" \/><\/p>\n<p><img loading=\"lazy\" decoding=\"async\" class=\"size-full wp-image-1914 aligncenter\" src=\"http:\/\/www.lassebacklund.fi\/wp-content\/uploads\/2016\/11\/21-2.jpg\" alt=\"21\" width=\"1126\" height=\"845\" srcset=\"https:\/\/www.lassebacklund.fi\/wp-content\/uploads\/2016\/11\/21-2.jpg 1126w, https:\/\/www.lassebacklund.fi\/wp-content\/uploads\/2016\/11\/21-2-300x225.jpg 300w, https:\/\/www.lassebacklund.fi\/wp-content\/uploads\/2016\/11\/21-2-768x576.jpg 768w, https:\/\/www.lassebacklund.fi\/wp-content\/uploads\/2016\/11\/21-2-1024x768.jpg 1024w\" sizes=\"auto, (max-width: 1126px) 100vw, 1126px\" \/><\/p>\n<p><img loading=\"lazy\" decoding=\"async\" class=\"size-full wp-image-1915 aligncenter\" src=\"http:\/\/www.lassebacklund.fi\/wp-content\/uploads\/2016\/11\/22-2.jpg\" alt=\"22\" width=\"1112\" height=\"834\" srcset=\"https:\/\/www.lassebacklund.fi\/wp-content\/uploads\/2016\/11\/22-2.jpg 1112w, https:\/\/www.lassebacklund.fi\/wp-content\/uploads\/2016\/11\/22-2-300x225.jpg 300w, https:\/\/www.lassebacklund.fi\/wp-content\/uploads\/2016\/11\/22-2-768x576.jpg 768w, https:\/\/www.lassebacklund.fi\/wp-content\/uploads\/2016\/11\/22-2-1024x768.jpg 1024w\" sizes=\"auto, (max-width: 1112px) 100vw, 1112px\" \/><\/p>\n<h3><strong><u>Syf\u00f6reningen.<\/u><\/strong><\/h3>\n<p>Syf\u00f6reningen har varit aktiv under s\u00e5 gott som alla \u00e5r med sammankomster b\u00e5de p\u00e5 b\u00f6nehuset och i hemmen. \u00c4nnu idag \u00e4r syf\u00f6reningen verksam och samlas n\u00e5gra g\u00e5nger under h\u00f6st- och v\u00e5rterminen. H\u00e4r nedan n\u00e5gra fotografier av aktiva deltagare.<\/p>\n<p><img loading=\"lazy\" decoding=\"async\" class=\"alignnone size-full wp-image-17447\" src=\"http:\/\/www.lassebacklund.fi\/wp-content\/uploads\/2020\/08\/Sym\u00f6te-hos-Aina-L\u00f6fgren-1968.jpg\" alt=\"\" width=\"1366\" height=\"964\" srcset=\"https:\/\/www.lassebacklund.fi\/wp-content\/uploads\/2020\/08\/Sym\u00f6te-hos-Aina-L\u00f6fgren-1968.jpg 1366w, https:\/\/www.lassebacklund.fi\/wp-content\/uploads\/2020\/08\/Sym\u00f6te-hos-Aina-L\u00f6fgren-1968-300x212.jpg 300w, https:\/\/www.lassebacklund.fi\/wp-content\/uploads\/2020\/08\/Sym\u00f6te-hos-Aina-L\u00f6fgren-1968-1024x723.jpg 1024w, https:\/\/www.lassebacklund.fi\/wp-content\/uploads\/2020\/08\/Sym\u00f6te-hos-Aina-L\u00f6fgren-1968-768x542.jpg 768w\" sizes=\"auto, (max-width: 1366px) 100vw, 1366px\" \/><\/p>\n<p>&nbsp;<\/p>\n<p><img loading=\"lazy\" decoding=\"async\" class=\"alignnone size-full wp-image-2002\" src=\"http:\/\/www.lassebacklund.fi\/wp-content\/uploads\/2016\/11\/Syf\u00f6reningsdamer-korrekta-p\u00e5-50-talet.jpg\" alt=\"Syf\u00f6reningsdamer korrekta p\u00e5 50-talet\" width=\"1417\" height=\"1401\" srcset=\"https:\/\/www.lassebacklund.fi\/wp-content\/uploads\/2016\/11\/Syf\u00f6reningsdamer-korrekta-p\u00e5-50-talet.jpg 1417w, https:\/\/www.lassebacklund.fi\/wp-content\/uploads\/2016\/11\/Syf\u00f6reningsdamer-korrekta-p\u00e5-50-talet-300x297.jpg 300w, https:\/\/www.lassebacklund.fi\/wp-content\/uploads\/2016\/11\/Syf\u00f6reningsdamer-korrekta-p\u00e5-50-talet-768x759.jpg 768w, https:\/\/www.lassebacklund.fi\/wp-content\/uploads\/2016\/11\/Syf\u00f6reningsdamer-korrekta-p\u00e5-50-talet-1024x1012.jpg 1024w\" sizes=\"auto, (max-width: 1417px) 100vw, 1417px\" \/><\/p>\n<p><img loading=\"lazy\" decoding=\"async\" class=\"alignnone size-full wp-image-2001\" src=\"http:\/\/www.lassebacklund.fi\/wp-content\/uploads\/2016\/11\/Syf\u00f6reningen-korrekt-p\u00e5-50-talet-i-Dagsmark.jpg\" alt=\"Syf\u00f6reningen korrekt p\u00e5 50-talet i Dagsmark\" width=\"919\" height=\"966\" srcset=\"https:\/\/www.lassebacklund.fi\/wp-content\/uploads\/2016\/11\/Syf\u00f6reningen-korrekt-p\u00e5-50-talet-i-Dagsmark.jpg 919w, https:\/\/www.lassebacklund.fi\/wp-content\/uploads\/2016\/11\/Syf\u00f6reningen-korrekt-p\u00e5-50-talet-i-Dagsmark-285x300.jpg 285w, https:\/\/www.lassebacklund.fi\/wp-content\/uploads\/2016\/11\/Syf\u00f6reningen-korrekt-p\u00e5-50-talet-i-Dagsmark-768x807.jpg 768w\" sizes=\"auto, (max-width: 919px) 100vw, 919px\" \/><\/p>\n<p>&nbsp;<\/p>\n<p>&nbsp;<\/p>\n<p>&nbsp;<\/p>\n<p><img loading=\"lazy\" decoding=\"async\" class=\"size-full wp-image-1918 aligncenter\" src=\"http:\/\/www.lassebacklund.fi\/wp-content\/uploads\/2016\/11\/25-2.jpg\" alt=\"25\" width=\"798\" height=\"1001\" srcset=\"https:\/\/www.lassebacklund.fi\/wp-content\/uploads\/2016\/11\/25-2.jpg 798w, https:\/\/www.lassebacklund.fi\/wp-content\/uploads\/2016\/11\/25-2-239x300.jpg 239w, https:\/\/www.lassebacklund.fi\/wp-content\/uploads\/2016\/11\/25-2-768x963.jpg 768w\" sizes=\"auto, (max-width: 798px) 100vw, 798px\" \/><\/p>\n<p><img loading=\"lazy\" decoding=\"async\" class=\"size-full wp-image-1920 aligncenter\" src=\"http:\/\/www.lassebacklund.fi\/wp-content\/uploads\/2016\/11\/27-2.jpg\" alt=\"27\" width=\"839\" height=\"891\" srcset=\"https:\/\/www.lassebacklund.fi\/wp-content\/uploads\/2016\/11\/27-2.jpg 839w, https:\/\/www.lassebacklund.fi\/wp-content\/uploads\/2016\/11\/27-2-282x300.jpg 282w, https:\/\/www.lassebacklund.fi\/wp-content\/uploads\/2016\/11\/27-2-768x816.jpg 768w\" sizes=\"auto, (max-width: 839px) 100vw, 839px\" \/><\/p>\n<h3><strong><u>Juniorverksamheten.<\/u><\/strong><\/h3>\n<p>Juniorgruppen samlades en g\u00e5ng i veckan under h\u00f6st- och v\u00e5rterminen och som ledare fungerade flera Dagsmarkbor, bland annat: Elvi H\u00e4llfors, Deris \u00c5lgars, Else Korsb\u00e4ck, Alice Dahlroos, Lars \u00c5lgars, Ralf Nyholm, Bror Vikfors, Arvid Dahlroos, Holger Hammarberg, Rune Lindblad, Annel Nyholm, Jarl Granlund, Gunvor Hammarberg (Roseng\u00e5rd), Gunvor Hammarberg (Vikfors) Beatrice Nyholm och m\u00e5nga flera.<\/p>\n<figure id=\"attachment_1921\" aria-describedby=\"caption-attachment-1921\" style=\"width: 994px\" class=\"wp-caption aligncenter\"><img loading=\"lazy\" decoding=\"async\" class=\"size-full wp-image-1921\" src=\"http:\/\/www.lassebacklund.fi\/wp-content\/uploads\/2016\/11\/28-1.jpg\" alt=\"P\u00e5 det h\u00e4r gruppfotot hittar vi bland andra: F\u00f6rsta raden: Lena Lindblad, Rita Lillkull, Sonya Bj\u00f6rklund, Boel Agn\u00e4s, Ann-Lis Berglund, Maj-Lis Berglund, Kerstin Lillkull, Bernice Lillkull och Ann-Britt Lillkull. I andra raden sitter: Inga-Lill Lillkull, Gunlis Guss, Carola Bj\u00f6rklund, Maj-Britt Holmqvist, Rita Kangas, Sirkka L\u00f6vholm och Bengt Lindblad l\u00e4ngst till h\u00f6ger. I tredje raden st\u00e5r Bror Skogman, Harry Kangas, Kjell Hemberg, Alpo Rintam\u00e4ki, H\u00e5kan S\u00f6derqvist, Roger Nygren, Ove Gr\u00f6nroos och Leif Rosenback. I f\u00f6ljande rad st\u00e5r ledarna Elvi Pettersson och Deris \u00c5lgars och i mitten Arto Rintam\u00e4ki och B\u00f6rje Norrg\u00e5rd. L\u00e4ngst bak st\u00e5r Rune Agn\u00e4s, Leif Eklund, G\u00f6sta Lillkull, Ingmar Roseng\u00e5rd, Bror Rosenback och l\u00e4ngst till h\u00f6ger Bjarne Roseng\u00e5rd. Ledarna i klungan till h\u00f6ger \u00e4r Else Korsb\u00e4ck och Alice Dahlroos, sedan Alf L\u00f6nnqvist, Lars \u00c5lgars, Ralf Nyholm och Bror Vikfors. \" width=\"994\" height=\"698\" srcset=\"https:\/\/www.lassebacklund.fi\/wp-content\/uploads\/2016\/11\/28-1.jpg 994w, https:\/\/www.lassebacklund.fi\/wp-content\/uploads\/2016\/11\/28-1-300x211.jpg 300w, https:\/\/www.lassebacklund.fi\/wp-content\/uploads\/2016\/11\/28-1-768x539.jpg 768w\" sizes=\"auto, (max-width: 994px) 100vw, 994px\" \/><figcaption id=\"caption-attachment-1921\" class=\"wp-caption-text\">P\u00e5 det h\u00e4r gruppfotot hittar vi bland andra:<br \/>F\u00f6rsta raden: Lena Lindblad, Rita Lillkull, Sonya Bj\u00f6rklund, Boel Agn\u00e4s, Ann-Lis Berglund, Maj-Lis Berglund, Kerstin Lillkull, Bernice Lillkull och Ann-Britt Lillkull.<br \/>I andra raden sitter: Inga-Lill Lillkull, Gunlis Guss, lite skymd Kerstin Agn\u00e4s, Carola Bj\u00f6rklund, Maj-Britt Holmqvist, Rita Kangas, Bernice Norrg\u00e5rd och Bengt Lindblad l\u00e4ngst till h\u00f6ger.<br \/>I tredje raden st\u00e5r Bror Skogman, Harry Kangas, Kjell Hemberg, Alpo Rintam\u00e4ki, H\u00e5kan S\u00f6derqvist, Roger Nygren, Ove Gr\u00f6nroos och Leif Rosenback.<br \/>I f\u00f6ljande rad st\u00e5r ledarna Elvi Pettersson och Deris \u00c5lgars och i mitten Arto Rintam\u00e4ki och B\u00f6rje Norrg\u00e5rd.<br \/>L\u00e4ngst bak st\u00e5r Rune Agn\u00e4s, Leif Eklund, G\u00f6sta Lillkull, Ingmar Roseng\u00e5rd, Bror Rosenback och l\u00e4ngst till h\u00f6ger Bjarne Roseng\u00e5rd.<br \/>Ledarna i klungan till h\u00f6ger \u00e4r Else Korsb\u00e4ck och Alice Dahlroos, sedan Alf L\u00f6nnqvist, Lars \u00c5lgars, Ralf Nyholm och Bror Vikfors.<\/figcaption><\/figure>\n<h3><strong><u>S\u00f6ndagsskolan.<\/u><\/strong><\/h3>\n<p>P\u00e5 s\u00f6ndagsf\u00f6rmiddagarna var det s\u00f6ndagsskola i b\u00f6nehuset och ett stort antal barn i skol\u00e5ldern brukade bes\u00f6ka s\u00f6ndagsskolan.<\/p>\n<figure id=\"attachment_1922\" aria-describedby=\"caption-attachment-1922\" style=\"width: 654px\" class=\"wp-caption aligncenter\"><img loading=\"lazy\" decoding=\"async\" class=\"size-full wp-image-1922\" src=\"http:\/\/www.lassebacklund.fi\/wp-content\/uploads\/2016\/11\/29-1.jpg\" alt=\"H\u00e4r en bild med ledarna Marita Lindell, senare Nelson och Alice Bj\u00f6rklund, senare Dahlroos och l\u00e4ngst till h\u00f6ger Birgit Lund, senare Karp. \u00d6vriga ledare var bland annat Gunvor Hammarberg, Deris \u00c5lgars, Emil Backlund, Alice Lindqvist, Johan Lindqvist, Julia Lindg\u00e5rd, Signe Nyholm, Verna Norrgrann, Ingeborg Lindblad, Heddy Vikfors, Nancy Hannus och m\u00e5nga fler.\" width=\"654\" height=\"422\" srcset=\"https:\/\/www.lassebacklund.fi\/wp-content\/uploads\/2016\/11\/29-1.jpg 654w, https:\/\/www.lassebacklund.fi\/wp-content\/uploads\/2016\/11\/29-1-300x194.jpg 300w\" sizes=\"auto, (max-width: 654px) 100vw, 654px\" \/><figcaption id=\"caption-attachment-1922\" class=\"wp-caption-text\">H\u00e4r en bild med ledarna Marita Lindell, senare Nelson och Alice Bj\u00f6rklund, senare Dahlroos och l\u00e4ngst till h\u00f6ger Birgit Lund, senare Karp. \u00d6vriga ledare var bland annat Gunvor Hammarberg, Deris \u00c5lgars, Emil Backlund, Alice Lindqvist, Johan Lindqvist, Julia Lindg\u00e5rd, Signe Nyholm, Verna Norrgrann, Ingeborg Lindblad, Heddy Vikfors, Nancy Hannus och m\u00e5nga fler.<\/figcaption><\/figure>\n<p>Avdelningens aktiva damer sk\u00f6tte och sk\u00f6ter forts\u00e4ttningsvis om serveringen p\u00e5 b\u00f6nehusets samlingar.<\/p>\n<figure id=\"attachment_1923\" aria-describedby=\"caption-attachment-1923\" style=\"width: 509px\" class=\"wp-caption aligncenter\"><img loading=\"lazy\" decoding=\"async\" class=\" wp-image-1923\" src=\"http:\/\/www.lassebacklund.fi\/wp-content\/uploads\/2016\/11\/30-1.jpg\" alt=\"P\u00e5 bilden fr\u00e5n 50-talet syns fr\u00e5n v\u00e4nster Beda Westerback, Agnes Blomqvist, Julia Lindg\u00e5rd, Signe Nyholm, Ingeborg Lindblad och Alice Dahlroos. Notera de m\u00e5nga ansiktena i f\u00f6nstret. \" width=\"509\" height=\"351\" srcset=\"https:\/\/www.lassebacklund.fi\/wp-content\/uploads\/2016\/11\/30-1.jpg 669w, https:\/\/www.lassebacklund.fi\/wp-content\/uploads\/2016\/11\/30-1-300x207.jpg 300w\" sizes=\"auto, (max-width: 509px) 100vw, 509px\" \/><figcaption id=\"caption-attachment-1923\" class=\"wp-caption-text\">P\u00e5 bilden fr\u00e5n 50-talet syns fr\u00e5n v\u00e4nster Beda Westerback, Agnes Blomqvist, Julia Lindg\u00e5rd, Signe Nyholm, Ingeborg Lindblad och Alice Dahlroos. Notera de m\u00e5nga ansiktena i f\u00f6nstret.<\/figcaption><\/figure>\n<h3><strong>Jubileumshistoriker fr\u00e5n g\u00e5ngna \u00e5r:<\/strong><\/h3>\n<p>50-\u00e5rs jubil\u00e9et firades i juli 1965 under tv\u00e5 dagars tid. Historiken som uppgjordes av l\u00e4rare Einar Lind kan du l\u00e4sa genom att klicka <a href=\"http:\/\/www.lassebacklund.fi\/?page_id=1961\"><span style=\"text-decoration: underline;\"><strong>h\u00e4r<\/strong><\/span><\/a>!<\/p>\n<p>I slutet av \u00e5r 1975 var det s\u00e5 dags f\u00f6r \u00e5terinvigning av b\u00f6nehuset efter den omfattande renoveringen. Historiken gjord av predikanten Bror Vikfors kan du l\u00e4sa genom att klicka <a href=\"http:\/\/www.lassebacklund.fi\/?page_id=1963\"><span style=\"text-decoration: underline;\"><strong>h\u00e4r!<\/strong><\/span><\/a><\/p>\n<p>60-\u00e5rs historiken \u00e5r 1975 \u00a0gjordes som ett axplock ur de gamla protokollb\u00f6ckerna, uppgjord av Bror Vikfors och mycket v\u00e4lgjord och intressant. Vill du l\u00e4sa den, s\u00e5 klicka <a href=\"http:\/\/www.lassebacklund.fi\/?page_id=1967\"><span style=\"text-decoration: underline;\"><strong>h\u00e4r<\/strong><\/span><\/a>!<\/p>\n<p>Evangeliska Ungas 70-\u00e5rs historik uppgjord av Bror Vikfors \u00e5r 1984. Vill du l\u00e4sa den, s\u00e5 klicka <a href=\"https:\/\/www.lassebacklund.fi\/?page_id=1974\"><span style=\"text-decoration: underline;\"><strong>h\u00e4r!<\/strong><\/span><\/a><\/p>\n<p>B\u00f6nehusets och Evangeliska Ungas 80-\u00e5rs historik uppgjord av Bror Vikfors \u00e5r 1994. Vill du l\u00e4sa den, s\u00e5 klicka <a href=\"http:\/\/www.lassebacklund.fi\/?page_id=1976\"><span style=\"text-decoration: underline;\"><strong>h\u00e4r<\/strong><\/span><\/a>!<\/p>\n<p>Vid 80-\u00e5rs jubileet ber\u00e4ttade Bror Vikfors om sina h\u00e5gkomster och vill du l\u00e4sa dom skall du klicka <a href=\"http:\/\/www.lassebacklund.fi\/?page_id=1978\"><span style=\"text-decoration: underline;\"><strong>h\u00e4r!<\/strong><\/span><\/a><\/p>\n<p>Den 15 oktober \u00e5r 2005 var det s\u00e5 dags att fira 90-\u00e5rs jubileum p\u00e5 b\u00f6nehuset med traditionsenlig samling. Nedanst\u00e5ende artikel ur S\u00e4ndebudet november 2005.<\/p>\n<p><img loading=\"lazy\" decoding=\"async\" class=\"alignnone size-full wp-image-1960\" src=\"http:\/\/www.lassebacklund.fi\/wp-content\/uploads\/2016\/11\/h31.jpg\" alt=\"h31\" width=\"1079\" height=\"1494\" srcset=\"https:\/\/www.lassebacklund.fi\/wp-content\/uploads\/2016\/11\/h31.jpg 1079w, https:\/\/www.lassebacklund.fi\/wp-content\/uploads\/2016\/11\/h31-217x300.jpg 217w, https:\/\/www.lassebacklund.fi\/wp-content\/uploads\/2016\/11\/h31-768x1063.jpg 768w, https:\/\/www.lassebacklund.fi\/wp-content\/uploads\/2016\/11\/h31-740x1024.jpg 740w\" sizes=\"auto, (max-width: 1079px) 100vw, 1079px\" \/><\/p>\n<p>100 \u00e5r \u00e4r en aktningsv\u00e4rd \u00e5lder f\u00f6r vem som helst och \u00e5r 2015 kunde jubil\u00e9et firas p\u00e5 b\u00f6nehuset. S\u00e4ndebudets uts\u00e4nde Leif Erikson var ocks\u00e5 p\u00e5 plats och han skrev s\u00e5 h\u00e4r:<\/p>\n<p><img loading=\"lazy\" decoding=\"async\" class=\"alignnone size-full wp-image-1982\" src=\"http:\/\/www.lassebacklund.fi\/wp-content\/uploads\/2016\/11\/S\u00e4ndebudet-om-b\u00f6nehuset-100-\u00e5r.jpg\" alt=\"S\u00e4ndebudet om b\u00f6nehuset 100 \u00e5r\" width=\"1048\" height=\"1428\" srcset=\"https:\/\/www.lassebacklund.fi\/wp-content\/uploads\/2016\/11\/S\u00e4ndebudet-om-b\u00f6nehuset-100-\u00e5r.jpg 1048w, https:\/\/www.lassebacklund.fi\/wp-content\/uploads\/2016\/11\/S\u00e4ndebudet-om-b\u00f6nehuset-100-\u00e5r-220x300.jpg 220w, https:\/\/www.lassebacklund.fi\/wp-content\/uploads\/2016\/11\/S\u00e4ndebudet-om-b\u00f6nehuset-100-\u00e5r-768x1046.jpg 768w, https:\/\/www.lassebacklund.fi\/wp-content\/uploads\/2016\/11\/S\u00e4ndebudet-om-b\u00f6nehuset-100-\u00e5r-752x1024.jpg 752w\" sizes=\"auto, (max-width: 1048px) 100vw, 1048px\" \/><\/p>\n<figure id=\"attachment_13567\" aria-describedby=\"caption-attachment-13567\" style=\"width: 4032px\" class=\"wp-caption alignnone\"><img loading=\"lazy\" decoding=\"async\" class=\"size-full wp-image-13567\" src=\"http:\/\/www.lassebacklund.fi\/wp-content\/uploads\/2019\/08\/IMG_6435.jpg\" alt=\"\" width=\"4032\" height=\"3024\" srcset=\"https:\/\/www.lassebacklund.fi\/wp-content\/uploads\/2019\/08\/IMG_6435.jpg 4032w, https:\/\/www.lassebacklund.fi\/wp-content\/uploads\/2019\/08\/IMG_6435-300x225.jpg 300w, https:\/\/www.lassebacklund.fi\/wp-content\/uploads\/2019\/08\/IMG_6435-768x576.jpg 768w, https:\/\/www.lassebacklund.fi\/wp-content\/uploads\/2019\/08\/IMG_6435-1024x768.jpg 1024w\" sizes=\"auto, (max-width: 4032px) 100vw, 4032px\" \/><figcaption id=\"caption-attachment-13567\" class=\"wp-caption-text\">B\u00f6nhuset fotograferat fr\u00e5n s\u00f6der \u00e5r 2019.<\/figcaption><\/figure>\n<figure id=\"attachment_13568\" aria-describedby=\"caption-attachment-13568\" style=\"width: 2304px\" class=\"wp-caption alignnone\"><img loading=\"lazy\" decoding=\"async\" class=\"size-full wp-image-13568\" src=\"http:\/\/www.lassebacklund.fi\/wp-content\/uploads\/2019\/08\/PICT4670.jpg\" alt=\"\" width=\"2304\" height=\"1704\" srcset=\"https:\/\/www.lassebacklund.fi\/wp-content\/uploads\/2019\/08\/PICT4670.jpg 2304w, https:\/\/www.lassebacklund.fi\/wp-content\/uploads\/2019\/08\/PICT4670-300x222.jpg 300w, https:\/\/www.lassebacklund.fi\/wp-content\/uploads\/2019\/08\/PICT4670-768x568.jpg 768w, https:\/\/www.lassebacklund.fi\/wp-content\/uploads\/2019\/08\/PICT4670-1024x757.jpg 1024w\" sizes=\"auto, (max-width: 2304px) 100vw, 2304px\" \/><figcaption id=\"caption-attachment-13568\" class=\"wp-caption-text\">B\u00f6nhuset fotograferat fr\u00e5n \u00f6ster \u00e5r 2019.<\/figcaption><\/figure>\n<figure id=\"attachment_13569\" aria-describedby=\"caption-attachment-13569\" style=\"width: 2304px\" class=\"wp-caption alignnone\"><img loading=\"lazy\" decoding=\"async\" class=\"size-full wp-image-13569\" src=\"http:\/\/www.lassebacklund.fi\/wp-content\/uploads\/2019\/08\/PICT4681.jpg\" alt=\"\" width=\"2304\" height=\"1704\" srcset=\"https:\/\/www.lassebacklund.fi\/wp-content\/uploads\/2019\/08\/PICT4681.jpg 2304w, https:\/\/www.lassebacklund.fi\/wp-content\/uploads\/2019\/08\/PICT4681-300x222.jpg 300w, https:\/\/www.lassebacklund.fi\/wp-content\/uploads\/2019\/08\/PICT4681-768x568.jpg 768w, https:\/\/www.lassebacklund.fi\/wp-content\/uploads\/2019\/08\/PICT4681-1024x757.jpg 1024w\" sizes=\"auto, (max-width: 2304px) 100vw, 2304px\" \/><figcaption id=\"caption-attachment-13569\" class=\"wp-caption-text\">B\u00f6nhuset fotograferat fr\u00e5n Lindbergas g\u00e5rdsplan i augusti 2019.<\/figcaption><\/figure>\n<figure id=\"attachment_1894\" aria-describedby=\"caption-attachment-1894\" style=\"width: 1546px\" class=\"wp-caption aligncenter\"><img loading=\"lazy\" decoding=\"async\" class=\"size-full wp-image-1894\" src=\"http:\/\/www.lassebacklund.fi\/wp-content\/uploads\/2016\/11\/1-8.jpg\" alt=\"B\u00f6nehuset fotograferat fr\u00e5n sydost \u00e5r 2003.\" width=\"1546\" height=\"861\" srcset=\"https:\/\/www.lassebacklund.fi\/wp-content\/uploads\/2016\/11\/1-8.jpg 1546w, https:\/\/www.lassebacklund.fi\/wp-content\/uploads\/2016\/11\/1-8-300x167.jpg 300w, https:\/\/www.lassebacklund.fi\/wp-content\/uploads\/2016\/11\/1-8-768x428.jpg 768w, https:\/\/www.lassebacklund.fi\/wp-content\/uploads\/2016\/11\/1-8-1024x570.jpg 1024w\" sizes=\"auto, (max-width: 1546px) 100vw, 1546px\" \/><figcaption id=\"caption-attachment-1894\" class=\"wp-caption-text\">B\u00f6nehuset fotograferat fr\u00e5n sydost \u00e5r 2003.<\/figcaption><\/figure>\n","protected":false},"excerpt":{"rendered":"<p>Sammanst\u00e4llt av Lasse Backlund 2013, med hj\u00e4lp av Annel Nyholm. Historiken har uppdaterats flera g\u00e5nger efter det. L\u00e4nkar: Om du vill l\u00e4sa en tidningsartikel fr\u00e5n 1961 om uppkomsten av den evangeliska r\u00f6relsen i Syd\u00f6sterbotten, s\u00e5 skall du klicka h\u00e4r! Inga-Lill <a class=\"more-link\" href=\"https:\/\/www.lassebacklund.fi\/?page_id=1928\">Forts\u00e4tt l\u00e4sa <span class=\"screen-reader-text\">  B\u00f6nehuset i Dagsmark<\/span><span class=\"meta-nav\">&rarr;<\/span><\/a><\/p>\n","protected":false},"author":1,"featured_media":0,"parent":1391,"menu_order":1,"comment_status":"closed","ping_status":"closed","template":"","meta":{"footnotes":""},"class_list":["post-1928","page","type-page","status-publish","hentry"],"_links":{"self":[{"href":"https:\/\/www.lassebacklund.fi\/index.php?rest_route=\/wp\/v2\/pages\/1928","targetHints":{"allow":["GET"]}}],"collection":[{"href":"https:\/\/www.lassebacklund.fi\/index.php?rest_route=\/wp\/v2\/pages"}],"about":[{"href":"https:\/\/www.lassebacklund.fi\/index.php?rest_route=\/wp\/v2\/types\/page"}],"author":[{"embeddable":true,"href":"https:\/\/www.lassebacklund.fi\/index.php?rest_route=\/wp\/v2\/users\/1"}],"replies":[{"embeddable":true,"href":"https:\/\/www.lassebacklund.fi\/index.php?rest_route=%2Fwp%2Fv2%2Fcomments&post=1928"}],"version-history":[{"count":30,"href":"https:\/\/www.lassebacklund.fi\/index.php?rest_route=\/wp\/v2\/pages\/1928\/revisions"}],"predecessor-version":[{"id":24726,"href":"https:\/\/www.lassebacklund.fi\/index.php?rest_route=\/wp\/v2\/pages\/1928\/revisions\/24726"}],"up":[{"embeddable":true,"href":"https:\/\/www.lassebacklund.fi\/index.php?rest_route=\/wp\/v2\/pages\/1391"}],"wp:attachment":[{"href":"https:\/\/www.lassebacklund.fi\/index.php?rest_route=%2Fwp%2Fv2%2Fmedia&parent=1928"}],"curies":[{"name":"wp","href":"https:\/\/api.w.org\/{rel}","templated":true}]}}