{"id":19236,"date":"2021-01-24T20:38:06","date_gmt":"2021-01-24T18:38:06","guid":{"rendered":"https:\/\/www.lassebacklund.fi\/?page_id=19236"},"modified":"2021-01-24T20:47:38","modified_gmt":"2021-01-24T18:47:38","slug":"till-kristinestad","status":"publish","type":"page","link":"https:\/\/www.lassebacklund.fi\/?page_id=19236","title":{"rendered":"Till Kristinestad."},"content":{"rendered":"<p><span style=\"color: #000080;\">Artikel i tidskriften Balder 15 maj 1908, renskriven av Lasse Backlund i januari 2021:<\/span><\/p>\n<p>S\u00e5som centralstyrelsen meddelat s\u00e5 kommer f\u00f6rbundets \u00e5rsm\u00f6te denna g\u00e5ng att f\u00f6rsigg\u00e5 i Kristinestad, den gamla handelsstaden i det sydligaste \u00d6sterbotten, ja \u00d6sterbottens sydligaste stad. I m\u00e5ngt och mycket b\u00e4r staden pr\u00e4geln av \u00e5lderdomlighet. S\u00e5 m\u00e4rks det redan p\u00e5 l\u00e5ngt h\u00e5ll, n\u00e4r man fr\u00e5n sj\u00f6sidan nalkas staden, den \u00e5ldriga, numera obrukbara kyrkans till f\u00f6rfall lutande torn. \u00c4ven de smala gatorna med sina \u00e4nnu smalare gr\u00e4nder och tv\u00e4rgator tyder \u00e4ven p\u00e5 \u00e5lderdom. Men staden kan ocks\u00e5 uppvisa prov p\u00e5 nyare str\u00e4vanden. S\u00e5 har den tv\u00e5 i sitt slag olika parker, av vilka den p\u00e5 \u00f6stra sidan nog f\u00f6rtj\u00e4nar ett omn\u00e4mnande. M\u00e4rkas b\u00f6r ocks\u00e5 den l\u00e5nga bro, som skiljer Norrfj\u00e4rden fr\u00e5n den egentliga hamnen. I denna stad skall nykteristerna i sommar samlas f\u00f6r att besluta i sina gemensamma angel\u00e4genheter. Men inte endast nykterhetsfolket har i \u00e5r valt Kristinestad till m\u00f6tesort. Dagarna f\u00f6re nykterhetsm\u00f6tet, s\u00e5 p\u00e5g\u00e5r d\u00e4r en av de tv\u00e5 s\u00e5ngfester, som i det svenska Finland under instundande sommar kommer att g\u00e5 av stapeln. I Kristinestad samlas ocks\u00e5 den \u00f6sterbottniska ungdomen s\u00e5v\u00e4l allmoge som den akademiska f\u00f6r att fira sin sommarfest.<\/p>\n<p>D\u00e5 det kan intressera nykterhetsfolket, hur det st\u00e5r till med nykterhetsf\u00f6rh\u00e5llandena p\u00e5 den blivande m\u00f6tesorten, m\u00e5 n\u00e5gra ord s\u00e4gas d\u00e4rom. I Kristinestad finnas det 2 br\u00e4nnvinsdestilleringsverk, 3 \u00f6lbryggerier, 2 br\u00e4nnvinsbutiker, 1 butik f\u00f6r utl\u00e4ndska br\u00e4nda och destillerade rusdrycker, 3 \u00f6lstugor, en f\u00f6r varje bryggeri, 3 utminuteringsst\u00e4llen, likas\u00e5 ett f\u00f6r varje bryggeri, tv\u00e5 vinbutiker, som har r\u00e4tt att s\u00e4lja \u00e4ven \u00f6l, varav dock endast den ena kunnat begagna sig. Vidare finnas ett stadshotell med alla utsk\u00e4nkningsr\u00e4ttigheter, en stadsk\u00e4llare, ett g\u00e4stgiveri samt ett utv\u00e4rdshus, som kallas Kvarnen, vilka alla gjort och g\u00f6r sitt b\u00e4sta att alkoholisera traktens befolkning. Dock, listan \u00e4r inte slut \u00e4nnu. Segelf\u00f6reningen har p\u00e5 sin paviljong p\u00e5 H\u00f6gholmen v\u00e4rdshusr\u00e4ttigheter, likas\u00e5 s\u00e4llskapsklubben under sina m\u00f6ten p\u00e5 R\u00e5dhuset. F\u00f6rresten tycks det vara l\u00e4tt att erh\u00e5lla tillf\u00e4lliga r\u00e4ttigheter, ty n\u00e4r helst p\u00e5 r\u00e5dhuset d\u00e5 n\u00e5gon fest firas, ser man ocks\u00e5 stadshotellets betj\u00e4ning d\u00e4rst\u00e4des servera starka drycker och ruljansen g\u00e5r inte endast in p\u00e5 sm\u00e5timmarna, utan ofta \u00e4nda till ljusan dag.<\/p>\n<p>Ett missf\u00f6rh\u00e5llande, som s\u00e4rskilt har varit utm\u00e4rkande f\u00f6r Kristinestad \u00e4r att \u00e5tminstone \u00e4nda till senaste tid vinbutikerna samt hotellet och g\u00e4stgiveriet varit \u00f6ppna f\u00f6r rusdryckstrafik \u00e4ven under marknadsdagarna. Och att oms\u00e4ttningen inte varit liten, det kan man vara s\u00e4ker p\u00e5. P\u00e5 g\u00e4stgiveriet var br\u00e4nnvinsbordet dukat i skilt rum, d\u00e4r glas stod vid glas. Att marknadslivet var d\u00e4refter \u00e4r klart. Dr\u00e5p och slagsm\u00e5l har d\u00e4rf\u00f6r inte varit ovanliga och enligt polisens utsago fanns inte rum f\u00f6r alla dem, som hade bort tas i f\u00f6rvar. H\u00f6sten 1906 inl\u00e4mnade en deputation till guvern\u00f6ren i Vasa besv\u00e4r \u00f6ver dessa missf\u00f6rh\u00e5llanden, varf\u00f6r \u00e4ven guvern\u00f6ren f\u00f6rordnade att rusdrycker inte skulle f\u00e5 s\u00e4ljas under marknadsdagarna, och inte heller under allhelgonaveckan. \u00d6ver detta f\u00f6rordnande besv\u00e4rade sig krogpartiet, som stadsfullm\u00e4ktige underst\u00f6dde. Hur slutet har blivit, det \u00e4r oss obekant. Att en s\u00e5 fasansfull alkoholtrafik, \u00e5t vilken s\u00e5v\u00e4l m\u00e4n som kvinnor, h\u00f6g och l\u00e5g, skattade, skulle v\u00e4cka upp en kraftig nykterhetsr\u00f6relse, \u00e4r inte underligt. Det \u00e4r ocks\u00e5 i denna stad som nykterhetsf\u00f6reningen \u201dSenapskornet\u201d har verkat, vars minnesskrift just i \u00e5r med anledning av f\u00f6reningens 10-\u00e5riga tillvaro utkommit.<\/p>\n<p>Kommunikationerna med Kristinestad \u00e4r inte de allra b\u00e4sta. Om vi hade v\u00e4ntat en tre \u00e5r till, hade vi kunnat fara med bant\u00e5g \u00e4nda fram, ty som b\u00e4st p\u00e5g\u00e5r arbetet p\u00e5 anl\u00e4ggandet av j\u00e4rnv\u00e4g till orten, men nu kommer man med bant\u00e5g inte n\u00e4rmare \u00e4n p\u00e5 omkring 10 mils avst\u00e5nd fr\u00e5n staden. Det blir d\u00e4rf\u00f6r b\u00e4st att resa antingen \u00f6ver Bj\u00f6rneborg eller \u00f6ver Vasa, fr\u00e5n vilka orter g\u00e5r \u00e5ngb\u00e5tar d\u00e5 och d\u00e5. En angen\u00e4m f\u00e4rd \u00e4r det ocks\u00e5 att resa hela v\u00e4gen fast \u00e4nda fr\u00e5n Helsingfors med \u00e5ngaren \u201dEbba Munck\u201d. Dock, trots resans besv\u00e4rligheter, som ju dock inte under h\u00f6gsommartid borde bli alltf\u00f6r sv\u00e5ra, m\u00e5ste vi samlas mangrant i \u00d6sterbottens sydligaste stad, ty de som f\u00f6rra g\u00e5ngen var med om m\u00f6tet i Kristinestad, talar ofta \u00e4nnu om, hur lyckat detta m\u00f6te var. Allts\u00e5, till Kristinestad i sommar \u201dman ur huset\u201d!<\/p>\n<figure id=\"attachment_19239\" aria-describedby=\"caption-attachment-19239\" style=\"width: 617px\" class=\"wp-caption alignnone\"><img loading=\"lazy\" decoding=\"async\" class=\"size-full wp-image-19239\" src=\"https:\/\/www.lassebacklund.fi\/wp-content\/uploads\/2021\/01\/19080605-Balder-annons-om-forbundets-fjarde-arsmote.jpg\" alt=\"\" width=\"617\" height=\"836\" srcset=\"https:\/\/www.lassebacklund.fi\/wp-content\/uploads\/2021\/01\/19080605-Balder-annons-om-forbundets-fjarde-arsmote.jpg 617w, https:\/\/www.lassebacklund.fi\/wp-content\/uploads\/2021\/01\/19080605-Balder-annons-om-forbundets-fjarde-arsmote-221x300.jpg 221w\" sizes=\"auto, (max-width: 617px) 100vw, 617px\" \/><figcaption id=\"caption-attachment-19239\" class=\"wp-caption-text\">Det var ett digert program som deltagarna i \u00e5rsm\u00f6tet skulle ha i juni 1908. M\u00f6tet f\u00f6rsiggick i samskolan, allts\u00e5 i den nuvarande l\u00e5gstadieskolan.<\/figcaption><\/figure>\n","protected":false},"excerpt":{"rendered":"<p>Artikel i tidskriften Balder 15 maj 1908, renskriven av Lasse Backlund i januari 2021: S\u00e5som centralstyrelsen meddelat s\u00e5 kommer f\u00f6rbundets \u00e5rsm\u00f6te denna g\u00e5ng att f\u00f6rsigg\u00e5 i Kristinestad, den gamla handelsstaden i det sydligaste \u00d6sterbotten, ja \u00d6sterbottens sydligaste stad. I m\u00e5ngt <a class=\"more-link\" href=\"https:\/\/www.lassebacklund.fi\/?page_id=19236\">Forts\u00e4tt l\u00e4sa <span class=\"screen-reader-text\">  Till Kristinestad.<\/span><span class=\"meta-nav\">&rarr;<\/span><\/a><\/p>\n","protected":false},"author":1,"featured_media":0,"parent":1355,"menu_order":5,"comment_status":"closed","ping_status":"closed","template":"","meta":{"footnotes":""},"class_list":["post-19236","page","type-page","status-publish","hentry"],"_links":{"self":[{"href":"https:\/\/www.lassebacklund.fi\/index.php?rest_route=\/wp\/v2\/pages\/19236","targetHints":{"allow":["GET"]}}],"collection":[{"href":"https:\/\/www.lassebacklund.fi\/index.php?rest_route=\/wp\/v2\/pages"}],"about":[{"href":"https:\/\/www.lassebacklund.fi\/index.php?rest_route=\/wp\/v2\/types\/page"}],"author":[{"embeddable":true,"href":"https:\/\/www.lassebacklund.fi\/index.php?rest_route=\/wp\/v2\/users\/1"}],"replies":[{"embeddable":true,"href":"https:\/\/www.lassebacklund.fi\/index.php?rest_route=%2Fwp%2Fv2%2Fcomments&post=19236"}],"version-history":[{"count":2,"href":"https:\/\/www.lassebacklund.fi\/index.php?rest_route=\/wp\/v2\/pages\/19236\/revisions"}],"predecessor-version":[{"id":19240,"href":"https:\/\/www.lassebacklund.fi\/index.php?rest_route=\/wp\/v2\/pages\/19236\/revisions\/19240"}],"up":[{"embeddable":true,"href":"https:\/\/www.lassebacklund.fi\/index.php?rest_route=\/wp\/v2\/pages\/1355"}],"wp:attachment":[{"href":"https:\/\/www.lassebacklund.fi\/index.php?rest_route=%2Fwp%2Fv2%2Fmedia&parent=19236"}],"curies":[{"name":"wp","href":"https:\/\/api.w.org\/{rel}","templated":true}]}}