{"id":18966,"date":"2021-01-07T19:06:46","date_gmt":"2021-01-07T17:06:46","guid":{"rendered":"https:\/\/www.lassebacklund.fi\/?page_id=18966"},"modified":"2026-01-02T23:48:07","modified_gmt":"2026-01-02T21:48:07","slug":"lindblads-gard-pa-dagsmarkvagen-439","status":"publish","type":"page","link":"https:\/\/www.lassebacklund.fi\/?page_id=18966","title":{"rendered":"Lindblads g\u00e5rd p\u00e5 Dagsmarkv\u00e4gen 439"},"content":{"rendered":"<figure id=\"attachment_24172\" aria-describedby=\"caption-attachment-24172\" style=\"width: 1972px\" class=\"wp-caption alignnone\"><img loading=\"lazy\" decoding=\"async\" class=\"wp-image-24172 size-full\" src=\"https:\/\/www.lassebacklund.fi\/wp-content\/uploads\/2025\/06\/2025-3.jpg\" alt=\"\" width=\"1972\" height=\"1341\" srcset=\"https:\/\/www.lassebacklund.fi\/wp-content\/uploads\/2025\/06\/2025-3.jpg 1972w, https:\/\/www.lassebacklund.fi\/wp-content\/uploads\/2025\/06\/2025-3-300x204.jpg 300w, https:\/\/www.lassebacklund.fi\/wp-content\/uploads\/2025\/06\/2025-3-1024x696.jpg 1024w, https:\/\/www.lassebacklund.fi\/wp-content\/uploads\/2025\/06\/2025-3-768x522.jpg 768w, https:\/\/www.lassebacklund.fi\/wp-content\/uploads\/2025\/06\/2025-3-1536x1045.jpg 1536w\" sizes=\"auto, (max-width: 1972px) 100vw, 1972px\" \/><figcaption id=\"caption-attachment-24172\" class=\"wp-caption-text\">Den h\u00e4r g\u00e5rden p\u00e5 Brobackan byggdes av \u00c5ke och Lillian Lindblad \u00e5r 1957. G\u00e5rden fotograferad fr\u00e5n v\u00e4ster sommaren 2025.<\/figcaption><\/figure>\n<p><strong><span style=\"color: #000080;\">Sammanst\u00e4llt av Lasse Backlund i januari 2021, med hj\u00e4lp av Lena Mannila.<\/span><\/strong><\/p>\n<h3><strong>G\u00e5rdens historia<\/strong><\/h3>\n<p>P\u00e5 samma tomt stod fr\u00e5n tidigare en gammal bondg\u00e5rd fr\u00e5n sekelskiftet 1800-1900 som Lillians farfar Viktor Eklund hade byggt. Den h\u00e4r nya g\u00e5rden byggdes bakom den gamla, som allts\u00e5 stod n\u00e4rmare landsv\u00e4gen. G\u00e5rden uppf\u00f6rdes av <a href=\"https:\/\/www.lassebacklund.fi\/?page_id=12346\">Aulis Mannila<\/a> och <a href=\"https:\/\/www.lassebacklund.fi\/?page_id=12852\">Hemming Prunnila<\/a> eller Lindg\u00e5rd. G\u00e5rden byggdes med k\u00e4llare och det fanns ocks\u00e5 tv\u00e5 rum p\u00e5 vinden. Fr\u00e5n b\u00f6rjan var den bekl\u00e4dd med vita mineritplatoor, som sedan byttes ut mot r\u00f6d tr\u00e4panel.<\/p>\n<p>\u00c5ke Lindblad (1926-2006) var son till bonden Johan Viktor Lindblad (1889-1965) och Amanda (f.Lillsj\u00f6 1889-1929) och han v\u00e4xte upp i Kvarn\u00e5 p\u00e5 Lillsj\u00f6v\u00e4gen 81. \u00c5ke hade 8 syskon och de flesta levde till vuxen \u00e5lder. D\u00e5 \u00c5ke var 3 \u00e5r gammal f\u00f6rlorade han sin mor i en tragisk olycka p\u00e5 Brobackan. Efter moderns d\u00f6d placerades flera barn ut i familjer i Korsb\u00e4ck men \u00c5ke stannade kvar i Kvarn\u00e5.<\/p>\n<p>Den 4 januari 1948 gifte sig \u00c5ke Lindblad med Lillian Eklund (1922-2004) fr\u00e5n Brobackan. Lillian, som kallades Lilli var f\u00f6dd i Amerika och hon var dotter till Frans Eklund (1890-1946) och Elvira (f. Bamberg p\u00e5 Finstr\u00f6m p\u00e5 \u00c5land 1899-1990). Pappa Frans, som kallades \u201dK\u00e5rk Frans\u201d var son till <a href=\"https:\/\/www.lassebacklund.fi\/?page_id=15030\">Viktor och Maria Eklund<\/a> och han hade emigrerat till Amerika \u00e5r 1916 och d\u00e4r tr\u00e4ffat Elvira som han gifte sig med och fick dottern Lillian.<\/p>\n<p>D\u00e5 \u00c5ke gifte sig med Lillian blev han m\u00e5g p\u00e5 hemmanet Eklund p\u00e5 Brobackan n\u00e4ra <a href=\"https:\/\/www.lassebacklund.fi\/?page_id=1501\">Storbron<\/a>. Han blev bonde p\u00e5 sv\u00e4rf\u00f6r\u00e4ldrarnas hemman som str\u00e4ckte sig mot Kvarn\u00e5, mellan Lillsj\u00f6v\u00e4gen och Lill\u00e5n. Han odlade mor\u00f6tter och potatis, och d\u00e5 han slutade med korna i b\u00f6rjan av 50-talet s\u00e5 b\u00f6rjade han tillverka takplattor av cement i det nedlagda f\u00e4huset p\u00e5 g\u00e5rden. I tillverkningen hade han ofta medhj\u00e4lpare, bland annat br\u00f6derna Aulis, Aarne och Erik Mannila. De f\u00e4rdiga takpannorna skulle ju monteras p\u00e5 taken och ofta var Lars Gran\u00e9r med i det arbetet. Den h\u00e4r tiden fanns det flera tillverkare av takplattor i Dagsmark, bland annat Johannes Martin, Frans Storkull och Boris Lindblad var verksamma under en tid.<\/p>\n<p>Tillverkningen av takplattor avslutades p\u00e5 60-talet d\u00e5 han byggde tv\u00e5 v\u00e4xthus d\u00e4r han odlade tomater.\u00a0 F\u00f6rutom allt detta s\u00e5 hade Lindblads ocks\u00e5 h\u00f6ns under en tid, s\u00e5 man kan gott s\u00e4ga att det varit ett som annat.<\/p>\n<p>Hemmanet \u00f6vertogs sedan av \u00c5kes och Lillis son, och det \u00e4r fortfarande i sl\u00e4ktens \u00e4go.<\/p>\n<h4><strong>G\u00e5rdens och hemmanets historia.<\/strong><\/h4>\n<figure id=\"attachment_18969\" aria-describedby=\"caption-attachment-18969\" style=\"width: 1262px\" class=\"wp-caption alignnone\"><img loading=\"lazy\" decoding=\"async\" class=\"size-full wp-image-18969\" src=\"https:\/\/www.lassebacklund.fi\/wp-content\/uploads\/2021\/01\/ota259_foto_135.jpg\" alt=\"\" width=\"1262\" height=\"620\" srcset=\"https:\/\/www.lassebacklund.fi\/wp-content\/uploads\/2021\/01\/ota259_foto_135.jpg 1262w, https:\/\/www.lassebacklund.fi\/wp-content\/uploads\/2021\/01\/ota259_foto_135-300x147.jpg 300w, https:\/\/www.lassebacklund.fi\/wp-content\/uploads\/2021\/01\/ota259_foto_135-1024x503.jpg 1024w, https:\/\/www.lassebacklund.fi\/wp-content\/uploads\/2021\/01\/ota259_foto_135-768x377.jpg 768w\" sizes=\"auto, (max-width: 1262px) 100vw, 1262px\" \/><figcaption id=\"caption-attachment-18969\" class=\"wp-caption-text\">G\u00e5rden l\u00e4ngst till h\u00f6ger \u00e4r den gamla <a href=\"https:\/\/www.lassebacklund.fi\/?page_id=676\">g\u00e5rden p\u00e5 \u00c5ddin<\/a>, som revs i b\u00f6rjan av 1920-talet d\u00e5 den nuvarande g\u00e5rden byggdes. I mitten st\u00e5r den g\u00e5rd som Viktor Eklund byggde i slutet av 1800-talet och som sonen Frans tog \u00f6ver d\u00e5 han \u00e5r 1925 \u00e5terv\u00e4nde fr\u00e5n sin vistelse i Amerika. F\u00f6ljande g\u00e5rd som ser lite fallf\u00e4rdig ut \u00e4r den f\u00f6rsta g\u00e5rden p\u00e5 Brobackan, som Erik Johansson L\u00e5ng (1765-1827) byggde \u00e5r 1808 d\u00e5 han flyttade fr\u00e5n Sebasbackan. Den g\u00e5rden revs i b\u00f6rjan av 1930-talet d\u00e5 <a href=\"https:\/\/www.lassebacklund.fi\/?page_id=15030\"><span style=\"color: #000080;\">Viktor Eklund byggde sin sytningsstuga<\/span><\/a> p\u00e5 samma st\u00e4lle, allts\u00e5 den som fortfarande st\u00e5r kvar i gott skick. F\u00f6ljande g\u00e5rd, allts\u00e5 nummer fyra fr\u00e5n h\u00f6ger \u00e4r Lillkulls gamla sl\u00e4ktg\u00e5rd, som byggdes i b\u00f6rjan av 1800-talet d\u00e5 sl\u00e4kten flyttade fr\u00e5n Sebasbackan. P\u00e5 1900-talet byggde Erik Anders Roseng\u00e5rd en vinkel p\u00e5 g\u00e5rden och d\u00e4r bedrev han sedan <a href=\"https:\/\/www.lassebacklund.fi\/?page_id=887\">lanthandel i m\u00e5nga \u00e5r tills Wester<\/a> tog \u00f6ver. Fotot fr\u00e5n 1910-talet ur SLS: samlingar.<\/figcaption><\/figure>\n<h5><strong>Viktor Eklunds g\u00e5rd och hemman.<\/strong><\/h5>\n<p>Det var bonden, n\u00e4mndemannen och h\u00e4radsdomaren &#8221;K\u00e5rk Viktor&#8221;, allts\u00e5 Karl <u>Viktor<\/u> L\u00e5ng (1866-1953) och hans hustru Maria (1869-1949) som byggde den gamla bondg\u00e5rden i slutet av 1800-talet. De gifte sig \u00e5r 1887 och \u00e5r 1888, den 6 mars \u00f6vertog de Viktors fars hemman p\u00e5 1\/24 dels mtl. Viktors farfar Eric Johansson L\u00e5ng (1765-1827) hade flyttat fr\u00e5n Sebasbackan till Brobackan ungef\u00e4r 1808 medan Marias sl\u00e4kt bodde i Nybonds g\u00e5rd, som stod precis bakom Kl\u00e5vus g\u00e5rd vid By\u00e5sv\u00e4gen. Maria var dotter till Nybond Kalle och hon flyttade till Brobackan d\u00e5 hon gifte sig med &#8221;K\u00e5rk Viktor&#8221;. I n\u00e5got skede bytte Viktor och Maria sl\u00e4ktnamnet till Eklund.<\/p>\n<p>Viktor och Maria Eklund fick 6 barn och 5 av dessa levde till vuxen \u00e5lder:<\/p>\n<h6>-Frans Eklund (1890-1946) som i Amerika \u00e5r 1922 gifte sig med Elvira Bamberg (1899-1990). Efter hemkomsten fr\u00e5n Amerika var det Frans som blev f\u00f6ljande bonde p\u00e5 L\u00e5ng hemmanet p\u00e5 Brobackan.<\/h6>\n<h6>&#8211;<a href=\"https:\/\/www.lassebacklund.fi\/?page_id=1200\">Emil Eklund (1893-1971)<\/a> som \u00e5r 1916 gifte sig med Hulda Klemets (1896-1931) fr\u00e5n Mellan\u00e5 och blev bonde p\u00e5 ett Storkull hemman vid Lillsj\u00f6v\u00e4gen.<\/h6>\n<h6>-Selma Eklund (1897-1978) som \u00e5r 1916 gifte sig med Erik Anders B\u00e5sk (1886-1954) fr\u00e5n \u00c5backan. De hade aff\u00e4r i Perus tills de i mitten av 1920-talet flyttade till Helsingfors.<\/h6>\n<h6>-Hulda Maria Eklund (1900-1991) som \u00e5r 1920 gifte sig med Emil Kronman fr\u00e5n Lappfj\u00e4rd. De flyttade sedan till Helsingfors.<\/h6>\n<h6>-Selim Eklund (1912-1989) som \u00e5r 1941 gifte sig med <a href=\"https:\/\/www.lassebacklund.fi\/?page_id=401\">Adele L\u00e5ngfors (1912-1983)<\/a> fr\u00e5n Klemets\u00e4ndan. De bodde i flera \u00e5r i Dagsmark tills de p\u00e5 1960-talet flyttade till Sverige.<\/h6>\n<p>&nbsp;<\/p>\n<p>\u00c5r 1916 for den \u00e4ldsta sonen Frans till Amerika tillsammans med 4 andra yngre m\u00e4n fr\u00e5n Dagsmark. Resan fick en dramatisk b\u00f6rjan redan p\u00e5 Bottenhavet d\u00e5 deras b\u00e5t som startade fr\u00e5n Pjelax h\u00f6ll p\u00e5 att g\u00e5 under i h\u00e5rd storm. Efter stor m\u00f6da kunde de dock ta i land i Sverige och resten av resan gick b\u00e4ttre och de kom fram till Ellis Island i New York i november 1916.<\/p>\n<p>Frans, som i Amerika anv\u00e4nde namnet Frank gifte sig \u00e5r 1922 med Elvira Bamberg och samma \u00e5r f\u00f6ddes dottern Lillian. Elvira, som var f\u00f6dd 1899 p\u00e5 \u00c5land blev tidigt moderl\u00f6s och som 10-\u00e5ring for hon till Amerika till sin far, som hade farit dit n\u00e5got \u00e5r innan.<\/p>\n<figure id=\"attachment_869\" aria-describedby=\"caption-attachment-869\" style=\"width: 1121px\" class=\"wp-caption alignnone\"><img loading=\"lazy\" decoding=\"async\" class=\"wp-image-869 size-full\" src=\"https:\/\/www.lassebacklund.fi\/wp-content\/uploads\/2016\/09\/4-16.jpg\" alt=\"\" width=\"1121\" height=\"578\" srcset=\"https:\/\/www.lassebacklund.fi\/wp-content\/uploads\/2016\/09\/4-16.jpg 1121w, https:\/\/www.lassebacklund.fi\/wp-content\/uploads\/2016\/09\/4-16-300x155.jpg 300w, https:\/\/www.lassebacklund.fi\/wp-content\/uploads\/2016\/09\/4-16-768x396.jpg 768w, https:\/\/www.lassebacklund.fi\/wp-content\/uploads\/2016\/09\/4-16-1024x528.jpg 1024w\" sizes=\"auto, (max-width: 1121px) 100vw, 1121px\" \/><figcaption id=\"caption-attachment-869\" class=\"wp-caption-text\">L\u00e4ngst till h\u00f6ger st\u00e5r den g\u00e5rd som Viktor Eklund byggde runt 1900. D\u00e5 sonen Frans och hustrun Elvira \u00e5terv\u00e4nde fr\u00e5n Amerika s\u00e5 byggde han p\u00e5 med en vindsv\u00e5ning, som f\u00f6rs\u00e5gs med dubbla burspr\u00e5k mot v\u00e4gen. G\u00e5rden revs 1957 d\u00e5 den nuvarande g\u00e5rden byggdes. Mitt i bild syns Viktor Eklunds <a href=\"https:\/\/www.lassebacklund.fi\/?page_id=15030\">nybyggda sytningsstuga<\/a> fr\u00e5n 1930-talet. L\u00e4ngst till v\u00e4nster\u00a0 Lillkulls gamla sl\u00e4ktg\u00e5rd fr\u00e5n 1800-talet, d\u00e4r <a href=\"https:\/\/www.lassebacklund.fi\/?page_id=887\">Erik Anders Roseng\u00e5rd bedrev lanthandel.<\/a> Fotot taget p\u00e5 1930-talet.<\/figcaption><\/figure>\n<h5><strong>Frans och Elvira Eklund tar \u00f6ver hemmanet.<\/strong><\/h5>\n<p>\u00c5r 1925 \u00e5terv\u00e4nde Frans med hustrun Elvira och dottern Lillian till Dagsmark, d\u00e4r de sedan tog \u00f6ver faderns hemman p\u00e5 Brobackan. Med sig p\u00e5 b\u00e5ten hade de bland annat en personbil, som blev en av de f\u00f6rsta i Dagsmark.<\/p>\n<p>Frans och Elvira b\u00f6rjade bo i den gamla bondg\u00e5rden och byggde till och med p\u00e5 den med en v\u00e5ning till, s\u00e5 att den fick ett helt annat utseende med tv\u00e5 burspr\u00e5k mot landsv\u00e4gen. \u00c5r 1928 fick de en dotter till men hon dog d\u00e5 hon var ett halvt \u00e5r gammal och n\u00e5gra fler barn fick de inte.<\/p>\n<p>Gamla bonden Viktor bodde en tid i lillstugan, som stod v\u00e4sterut fr\u00e5n bondg\u00e5rden men i slutet av 1920-talet byggde han <a href=\"https:\/\/www.lassebacklund.fi\/?page_id=15030\">en egen sytningstuga<\/a> \u00e5t sig n\u00e4ra v\u00e4gkorsningen till Korsb\u00e4ck. Viktors son Selim tog sedan \u00f6ver den h\u00e4r sytningsstugan och Viktor flyttade d\u00e5 tillbaka till den gamla lillstugan. D\u00e5 Viktor blev \u00e4nkling 1949 flyttade han in i g\u00e5rden d\u00e4r Elvira och Lilli bodde, d\u00e4r han sedan bodde tills han dog.<\/p>\n<p><strong>\u00c5r 1936<\/strong> startade Elvira Eklund &#8221;Kaf\u00e9 Brobacken&#8221; i g\u00e5rdens v\u00e4stra \u00e4nda men verksamheten blev inte s\u00e5 l\u00e5ngvarig, eftersom hon i mars 1941 meddelade att verksamheten har upph\u00f6rt. Lappfj\u00e4rds Sparbank \u00f6ppnade sedan ett filialkontor i samma utrymmen.<\/p>\n<p><strong>\u00c5r 1946 i augusti<\/strong> avled Frans Eklund och hemmanet \u00f6vertogs av \u00e4nkan Elvira som \u00e4gde h\u00e4lften genom giftor\u00e4tten och av dottern Lillian som \u00e4rvde den andra halvan. Lillian gifte sig i oktober 1948 med \u00c5ke Lindblad och bostadsbyggnaden tillskiftades d\u00e5 henne.<\/p>\n<p><strong> \u00c5r 1948<\/strong> gifte \u00e4nkan Elvira om sig med <a href=\"https:\/\/www.lassebacklund.fi\/?page_id=2786\">sj\u00f6kaptenen Nils Nelson,<\/a> som var \u00e4nkling och bodde p\u00e5 \u00c5backan. Elvira flyttade d\u00e5 till Nelsons g\u00e5rd p\u00e5 \u00c5backan medan dottern Lilli fortsatte att bo i bondg\u00e5rden tillsammans med sin man \u00c5ke. \u00c5ke kom allts\u00e5 som m\u00e5g till g\u00e5rden och p\u00e5 samma g\u00e5ng fick han ocks\u00e5 sl\u00e4ktens gamla namn s\u00e5 att han i folkmun kallades han \u201dK\u00e5rk \u00c5ke\u201d.<\/p>\n<h5><strong>Lilli och \u00c5ke Lindblad tar \u00f6ver hemmanet.<\/strong><\/h5>\n<p>Lilli och \u00c5ke Lindblad sk\u00f6tte hemmanet Eklund och de bodde i den gamla g\u00e5rden till \u00e5r 1957 d\u00e5 den revs och den nuvarande g\u00e5rden byggdes. D\u00e5 den nya g\u00e5rden blev f\u00e4rdig, s\u00e5 flyttade ocks\u00e5 Lillis mor Elvira och hennes man<a href=\"https:\/\/www.lassebacklund.fi\/?page_id=2786\"> sj\u00f6kaptenen Nils Nelson<\/a> fr\u00e5n \u00c5backan dit och de bodde sedan p\u00e5 Brobackan, s\u00e5 l\u00e4nge de levde.<\/p>\n<p><strong>\u00c5r 1962, den 12 februari gav Elvira<\/strong> sin halva av hemmanet Eklund \u00e5t dottern Lillian och hennes man \u00c5ke. Elvira tog \u00e5t sig fri bostadsr\u00e4tt och fri omv\u00e5rdnad till d\u00f6d dag.<\/p>\n<p>Lilli och \u00c5ke fick 3 barn som alla \u00e4r gifta och bosatta i Dagsmark. Deras son tog sedan \u00f6ver hemmanet och fortsatte med potatisodlingarna p\u00e5 hemmanet p\u00e5 sidan om sk\u00f6tseln av sin bokf\u00f6ringsbyr\u00e5 i Lappfj\u00e4rd. Hemmanet har sedan sonens pensionering arrenderats ut eller s\u00e5lts i delar.<\/p>\n<p>Den g\u00e5rd som Lilli och \u00c5ke byggde \u00e5r 1957 har st\u00e5tt tom efter deras d\u00f6d men har ocks\u00e5 tidvis varit uthyrd.<\/p>\n<h5><strong>Foton.<\/strong><\/h5>\n<figure id=\"attachment_19031\" aria-describedby=\"caption-attachment-19031\" style=\"width: 1600px\" class=\"wp-caption alignnone\"><img loading=\"lazy\" decoding=\"async\" class=\"size-full wp-image-19031\" src=\"https:\/\/www.lassebacklund.fi\/wp-content\/uploads\/2021\/01\/Lindblad-Akes-och-Lilli.jpg\" alt=\"\" width=\"1600\" height=\"1200\" srcset=\"https:\/\/www.lassebacklund.fi\/wp-content\/uploads\/2021\/01\/Lindblad-Akes-och-Lilli.jpg 1600w, https:\/\/www.lassebacklund.fi\/wp-content\/uploads\/2021\/01\/Lindblad-Akes-och-Lilli-300x225.jpg 300w, https:\/\/www.lassebacklund.fi\/wp-content\/uploads\/2021\/01\/Lindblad-Akes-och-Lilli-1024x768.jpg 1024w, https:\/\/www.lassebacklund.fi\/wp-content\/uploads\/2021\/01\/Lindblad-Akes-och-Lilli-768x576.jpg 768w, https:\/\/www.lassebacklund.fi\/wp-content\/uploads\/2021\/01\/Lindblad-Akes-och-Lilli-1536x1152.jpg 1536w\" sizes=\"auto, (max-width: 1600px) 100vw, 1600px\" \/><figcaption id=\"caption-attachment-19031\" class=\"wp-caption-text\">Lindblads g\u00e5rd fotograferad fr\u00e5n v\u00e4ster \u00e5r 2003, d\u00e4r de b\u00e5de grindstolparna finns med. P\u00e5 den ena stenen finns ingraverat bokst\u00e4verna &#8221;K. W. E&#8221; och p\u00e5 den andra &#8221;1901&#8221; vilket tyder p\u00e5 att den gamla g\u00e5rden byggdes av Viktor Eklund det \u00e5ret.<\/figcaption><\/figure>\n<figure id=\"attachment_18968\" aria-describedby=\"caption-attachment-18968\" style=\"width: 2560px\" class=\"wp-caption alignnone\"><img loading=\"lazy\" decoding=\"async\" class=\"size-full wp-image-18968\" src=\"https:\/\/www.lassebacklund.fi\/wp-content\/uploads\/2021\/01\/Lindblad-Ake-och-Lilli-2020-2-scaled.jpg\" alt=\"\" width=\"2560\" height=\"1546\" srcset=\"https:\/\/www.lassebacklund.fi\/wp-content\/uploads\/2021\/01\/Lindblad-Ake-och-Lilli-2020-2-scaled.jpg 2560w, https:\/\/www.lassebacklund.fi\/wp-content\/uploads\/2021\/01\/Lindblad-Ake-och-Lilli-2020-2-300x181.jpg 300w, https:\/\/www.lassebacklund.fi\/wp-content\/uploads\/2021\/01\/Lindblad-Ake-och-Lilli-2020-2-1024x619.jpg 1024w, https:\/\/www.lassebacklund.fi\/wp-content\/uploads\/2021\/01\/Lindblad-Ake-och-Lilli-2020-2-768x464.jpg 768w, https:\/\/www.lassebacklund.fi\/wp-content\/uploads\/2021\/01\/Lindblad-Ake-och-Lilli-2020-2-1536x928.jpg 1536w, https:\/\/www.lassebacklund.fi\/wp-content\/uploads\/2021\/01\/Lindblad-Ake-och-Lilli-2020-2-2048x1237.jpg 2048w\" sizes=\"auto, (max-width: 2560px) 100vw, 2560px\" \/><figcaption id=\"caption-attachment-18968\" class=\"wp-caption-text\">G\u00e5rden fotograferad fr\u00e5n v\u00e4ster sommaren 2020.<\/figcaption><\/figure>\n<figure id=\"attachment_19029\" aria-describedby=\"caption-attachment-19029\" style=\"width: 2165px\" class=\"wp-caption alignnone\"><img loading=\"lazy\" decoding=\"async\" class=\"size-full wp-image-19029\" src=\"https:\/\/www.lassebacklund.fi\/wp-content\/uploads\/2021\/01\/IMG_2872.jpg\" alt=\"\" width=\"2165\" height=\"1362\" srcset=\"https:\/\/www.lassebacklund.fi\/wp-content\/uploads\/2021\/01\/IMG_2872.jpg 2165w, https:\/\/www.lassebacklund.fi\/wp-content\/uploads\/2021\/01\/IMG_2872-300x189.jpg 300w, https:\/\/www.lassebacklund.fi\/wp-content\/uploads\/2021\/01\/IMG_2872-1024x644.jpg 1024w, https:\/\/www.lassebacklund.fi\/wp-content\/uploads\/2021\/01\/IMG_2872-768x483.jpg 768w, https:\/\/www.lassebacklund.fi\/wp-content\/uploads\/2021\/01\/IMG_2872-1536x966.jpg 1536w, https:\/\/www.lassebacklund.fi\/wp-content\/uploads\/2021\/01\/IMG_2872-2048x1288.jpg 2048w\" sizes=\"auto, (max-width: 2165px) 100vw, 2165px\" \/><figcaption id=\"caption-attachment-19029\" class=\"wp-caption-text\">I b\u00f6rjan av 1990-talet plockade \u00c5ke sina f\u00f6rsta svampar och efter det blev han &#8221;svampfr\u00e4lst&#8221; och plockade varje h\u00f6st stora m\u00e4ngder. Han ser n\u00f6jd ut med sk\u00f6rden och h\u00e4r visar han upp hur trattkantareller ser ut. N\u00e4rmast kameran ser det ut att finns en h\u00f6g med gula kantareller.<\/figcaption><\/figure>\n<figure id=\"attachment_19028\" aria-describedby=\"caption-attachment-19028\" style=\"width: 1484px\" class=\"wp-caption alignnone\"><img loading=\"lazy\" decoding=\"async\" class=\"size-full wp-image-19028\" src=\"https:\/\/www.lassebacklund.fi\/wp-content\/uploads\/2021\/01\/IMG_2854.jpg\" alt=\"\" width=\"1484\" height=\"2386\" srcset=\"https:\/\/www.lassebacklund.fi\/wp-content\/uploads\/2021\/01\/IMG_2854.jpg 1484w, https:\/\/www.lassebacklund.fi\/wp-content\/uploads\/2021\/01\/IMG_2854-187x300.jpg 187w, https:\/\/www.lassebacklund.fi\/wp-content\/uploads\/2021\/01\/IMG_2854-637x1024.jpg 637w, https:\/\/www.lassebacklund.fi\/wp-content\/uploads\/2021\/01\/IMG_2854-768x1235.jpg 768w, https:\/\/www.lassebacklund.fi\/wp-content\/uploads\/2021\/01\/IMG_2854-955x1536.jpg 955w, https:\/\/www.lassebacklund.fi\/wp-content\/uploads\/2021\/01\/IMG_2854-1274x2048.jpg 1274w\" sizes=\"auto, (max-width: 1484px) 100vw, 1484px\" \/><figcaption id=\"caption-attachment-19028\" class=\"wp-caption-text\">F\u00f6rlovningsparet Lilli Eklund och \u00c5ke Lindblad.<\/figcaption><\/figure>\n<figure id=\"attachment_19033\" aria-describedby=\"caption-attachment-19033\" style=\"width: 1472px\" class=\"wp-caption alignnone\"><img loading=\"lazy\" decoding=\"async\" class=\"size-full wp-image-19033\" src=\"https:\/\/www.lassebacklund.fi\/wp-content\/uploads\/2021\/01\/IMG_2845.jpg\" alt=\"\" width=\"1472\" height=\"1266\" srcset=\"https:\/\/www.lassebacklund.fi\/wp-content\/uploads\/2021\/01\/IMG_2845.jpg 1472w, https:\/\/www.lassebacklund.fi\/wp-content\/uploads\/2021\/01\/IMG_2845-300x258.jpg 300w, https:\/\/www.lassebacklund.fi\/wp-content\/uploads\/2021\/01\/IMG_2845-1024x881.jpg 1024w, https:\/\/www.lassebacklund.fi\/wp-content\/uploads\/2021\/01\/IMG_2845-768x661.jpg 768w\" sizes=\"auto, (max-width: 1472px) 100vw, 1472px\" \/><figcaption id=\"caption-attachment-19033\" class=\"wp-caption-text\">N\u00e4rmare kameran Viktor Eklunds dotter Selma (1897-1978) som \u00e5r 1916 gifte sig med Erik Anders B\u00e5sk fr\u00e5n \u00c5backan. De bodde i centrala Perus till mitten av 1920-talet d\u00e5 de flyttade till Helsingfors. Hon blev \u00e4nka 1954 och h\u00f6ll hela tiden kontakt till hemorten. Under ett av bes\u00f6ken tr\u00e4ffade hon Selma Gr\u00f6ndahl, som sitter l\u00e4ngre bak. Selma Gr\u00f6ndahl var kusin med Selmas man Erik Anders B\u00e5sk.<\/figcaption><\/figure>\n<figure id=\"attachment_19034\" aria-describedby=\"caption-attachment-19034\" style=\"width: 906px\" class=\"wp-caption alignnone\"><img loading=\"lazy\" decoding=\"async\" class=\"size-full wp-image-19034\" src=\"https:\/\/www.lassebacklund.fi\/wp-content\/uploads\/2021\/01\/IMG_2853.jpg\" alt=\"\" width=\"906\" height=\"1423\" srcset=\"https:\/\/www.lassebacklund.fi\/wp-content\/uploads\/2021\/01\/IMG_2853.jpg 906w, https:\/\/www.lassebacklund.fi\/wp-content\/uploads\/2021\/01\/IMG_2853-191x300.jpg 191w, https:\/\/www.lassebacklund.fi\/wp-content\/uploads\/2021\/01\/IMG_2853-652x1024.jpg 652w, https:\/\/www.lassebacklund.fi\/wp-content\/uploads\/2021\/01\/IMG_2853-768x1206.jpg 768w\" sizes=\"auto, (max-width: 906px) 100vw, 906px\" \/><figcaption id=\"caption-attachment-19034\" class=\"wp-caption-text\">\u00c5ke var glad och social, som alltid hade l\u00e4tt att skratta.<\/figcaption><\/figure>\n<figure id=\"attachment_19045\" aria-describedby=\"caption-attachment-19045\" style=\"width: 1448px\" class=\"wp-caption alignnone\"><img loading=\"lazy\" decoding=\"async\" class=\"size-full wp-image-19045\" src=\"https:\/\/www.lassebacklund.fi\/wp-content\/uploads\/2021\/01\/Lindblads-eller-Berglund-i-Kvarna.jpg\" alt=\"\" width=\"1448\" height=\"923\" srcset=\"https:\/\/www.lassebacklund.fi\/wp-content\/uploads\/2021\/01\/Lindblads-eller-Berglund-i-Kvarna.jpg 1448w, https:\/\/www.lassebacklund.fi\/wp-content\/uploads\/2021\/01\/Lindblads-eller-Berglund-i-Kvarna-300x191.jpg 300w, https:\/\/www.lassebacklund.fi\/wp-content\/uploads\/2021\/01\/Lindblads-eller-Berglund-i-Kvarna-1024x653.jpg 1024w, https:\/\/www.lassebacklund.fi\/wp-content\/uploads\/2021\/01\/Lindblads-eller-Berglund-i-Kvarna-768x490.jpg 768w\" sizes=\"auto, (max-width: 1448px) 100vw, 1448px\" \/><figcaption id=\"caption-attachment-19045\" class=\"wp-caption-text\">Det var i den h\u00e4r g\u00e5rden i Kvarn\u00e5 p\u00e5 Lillsj\u00f6v\u00e4gen, som \u00c5ke v\u00e4xte upp. Den har sedan dess byggts om till potatislager och den st\u00e5r fortfarande kvar men \u00e4r i d\u00e5ligt skick. Fotot fr\u00e5n sommaren 2003.<\/figcaption><\/figure>\n<figure id=\"attachment_19035\" aria-describedby=\"caption-attachment-19035\" style=\"width: 1210px\" class=\"wp-caption alignnone\"><img loading=\"lazy\" decoding=\"async\" class=\"size-full wp-image-19035\" src=\"https:\/\/www.lassebacklund.fi\/wp-content\/uploads\/2021\/01\/IMG_2856.jpg\" alt=\"\" width=\"1210\" height=\"1740\" srcset=\"https:\/\/www.lassebacklund.fi\/wp-content\/uploads\/2021\/01\/IMG_2856.jpg 1210w, https:\/\/www.lassebacklund.fi\/wp-content\/uploads\/2021\/01\/IMG_2856-209x300.jpg 209w, https:\/\/www.lassebacklund.fi\/wp-content\/uploads\/2021\/01\/IMG_2856-712x1024.jpg 712w, https:\/\/www.lassebacklund.fi\/wp-content\/uploads\/2021\/01\/IMG_2856-768x1104.jpg 768w, https:\/\/www.lassebacklund.fi\/wp-content\/uploads\/2021\/01\/IMG_2856-1068x1536.jpg 1068w\" sizes=\"auto, (max-width: 1210px) 100vw, 1210px\" \/><figcaption id=\"caption-attachment-19035\" class=\"wp-caption-text\">Fotografiet \u00e4r slitet, brutet och s\u00f6ndrigt men det visar hur Eklunds g\u00e5rd s\u00e5g ut f\u00f6re den renoverades och byggdes p\u00e5 med en v\u00e5ning till. Den tiden gick infarten till g\u00e5rdsplanen mellan g\u00e5rden och lillstugan och p\u00e5 grindstolpen ser man initialerna K. W. Den sista bokstaven som inte syns p\u00e5 fotot var &#8221;L&#8221; som i L\u00e5ng, men sedan d\u00e5 Viktor bytte namn till Eklund, s\u00e5 blev det f\u00f6r Viktor att hacka in tv\u00e5 streck till, s\u00e5 att det numera st\u00e5r &#8221;K.W.E&#8221;. L\u00e4ngst till h\u00f6ger st\u00e5r Viktor och Maria, och s\u00e5 \u00e4r det Frans som st\u00e5r till v\u00e4nster med lillebror Selim och dottern Lilli p\u00e5 varsin sida.<\/figcaption><\/figure>\n<figure id=\"attachment_19036\" aria-describedby=\"caption-attachment-19036\" style=\"width: 1434px\" class=\"wp-caption alignnone\"><img loading=\"lazy\" decoding=\"async\" class=\"size-full wp-image-19036\" src=\"https:\/\/www.lassebacklund.fi\/wp-content\/uploads\/2021\/01\/IMG_2857.jpg\" alt=\"\" width=\"1434\" height=\"2207\" srcset=\"https:\/\/www.lassebacklund.fi\/wp-content\/uploads\/2021\/01\/IMG_2857.jpg 1434w, https:\/\/www.lassebacklund.fi\/wp-content\/uploads\/2021\/01\/IMG_2857-195x300.jpg 195w, https:\/\/www.lassebacklund.fi\/wp-content\/uploads\/2021\/01\/IMG_2857-665x1024.jpg 665w, https:\/\/www.lassebacklund.fi\/wp-content\/uploads\/2021\/01\/IMG_2857-768x1182.jpg 768w, https:\/\/www.lassebacklund.fi\/wp-content\/uploads\/2021\/01\/IMG_2857-998x1536.jpg 998w, https:\/\/www.lassebacklund.fi\/wp-content\/uploads\/2021\/01\/IMG_2857-1331x2048.jpg 1331w\" sizes=\"auto, (max-width: 1434px) 100vw, 1434px\" \/><figcaption id=\"caption-attachment-19036\" class=\"wp-caption-text\">Till h\u00f6ger st\u00e5r <a href=\"https:\/\/www.lassebacklund.fi\/?page_id=2786\">sj\u00f6kaptenen Nils Nelson och hans hustru Amanda<\/a> med de tv\u00e5 \u00e4ldsta barnen Ragnvald och Margit utanf\u00f6r Eklunds g\u00e5rd p\u00e5 Brobackan. Knappast kunde sj\u00f6kaptenen d\u00e5 ana att han en vacker dag skulle gifta sig i g\u00e5rden och sedan bo d\u00e4r i flera \u00e5r. Mannen till v\u00e4nster ser ut att vara Frans Eklund som h\u00e5ller sin dotter Lilli i handen.<\/figcaption><\/figure>\n<figure id=\"attachment_19037\" aria-describedby=\"caption-attachment-19037\" style=\"width: 1930px\" class=\"wp-caption alignnone\"><img loading=\"lazy\" decoding=\"async\" class=\"size-full wp-image-19037\" src=\"https:\/\/www.lassebacklund.fi\/wp-content\/uploads\/2021\/01\/IMG_2861.jpg\" alt=\"\" width=\"1930\" height=\"1315\" srcset=\"https:\/\/www.lassebacklund.fi\/wp-content\/uploads\/2021\/01\/IMG_2861.jpg 1930w, https:\/\/www.lassebacklund.fi\/wp-content\/uploads\/2021\/01\/IMG_2861-300x204.jpg 300w, https:\/\/www.lassebacklund.fi\/wp-content\/uploads\/2021\/01\/IMG_2861-1024x698.jpg 1024w, https:\/\/www.lassebacklund.fi\/wp-content\/uploads\/2021\/01\/IMG_2861-768x523.jpg 768w, https:\/\/www.lassebacklund.fi\/wp-content\/uploads\/2021\/01\/IMG_2861-1536x1047.jpg 1536w\" sizes=\"auto, (max-width: 1930px) 100vw, 1930px\" \/><figcaption id=\"caption-attachment-19037\" class=\"wp-caption-text\">\u00c5ke Lindblad (1926-2006) hade m\u00e5nga syskon och h\u00e4r st\u00e5r han bredvid n\u00e5gra av dem. Till v\u00e4nster <a href=\"https:\/\/www.lassebacklund.fi\/?page_id=401\">Ida L\u00e5ngfors (f. 1914) fr\u00e5n Klemets\u00e4ndan<\/a> som blev som en mor f\u00f6r \u00c5ke d\u00e5 deras mor dog i en olycka p\u00e5 Stor\u00e5v\u00e4gen mellan Brobackan och Palon. I mitten sitter Elin Eskola (f. 1925) och bakom blommorna skymtar Inga Lind (f. 1920), b\u00e5da bosatta i Korsb\u00e4ck.<\/figcaption><\/figure>\n<figure id=\"attachment_19038\" aria-describedby=\"caption-attachment-19038\" style=\"width: 836px\" class=\"wp-caption alignnone\"><img loading=\"lazy\" decoding=\"async\" class=\"size-full wp-image-19038\" src=\"https:\/\/www.lassebacklund.fi\/wp-content\/uploads\/2021\/01\/IMG_2873.jpg\" alt=\"\" width=\"836\" height=\"1303\" srcset=\"https:\/\/www.lassebacklund.fi\/wp-content\/uploads\/2021\/01\/IMG_2873.jpg 836w, https:\/\/www.lassebacklund.fi\/wp-content\/uploads\/2021\/01\/IMG_2873-192x300.jpg 192w, https:\/\/www.lassebacklund.fi\/wp-content\/uploads\/2021\/01\/IMG_2873-657x1024.jpg 657w, https:\/\/www.lassebacklund.fi\/wp-content\/uploads\/2021\/01\/IMG_2873-768x1197.jpg 768w\" sizes=\"auto, (max-width: 836px) 100vw, 836px\" \/><figcaption id=\"caption-attachment-19038\" class=\"wp-caption-text\">Viktor Eklund var kommunalman och n\u00e4mndeman, som ocks\u00e5 fick titeln h\u00e4radsdomare. Han var en av de st\u00f6rsta b\u00f6nderna i Dagsmark som p\u00e5 sin tid \u00e4gde tv\u00e5 hemman, ett p\u00e5 Brobackan och det andra i Palon. H\u00e4r sitter han p\u00e5 &#8221;brotrappon&#8221; med barnbarnsbarnet Lena i b\u00f6rjan av 1950-talet.<\/figcaption><\/figure>\n<figure id=\"attachment_19025\" aria-describedby=\"caption-attachment-19025\" style=\"width: 1293px\" class=\"wp-caption alignnone\"><img loading=\"lazy\" decoding=\"async\" class=\"size-full wp-image-19025\" src=\"https:\/\/www.lassebacklund.fi\/wp-content\/uploads\/2021\/01\/IMG_2842.jpg\" alt=\"\" width=\"1293\" height=\"1962\" srcset=\"https:\/\/www.lassebacklund.fi\/wp-content\/uploads\/2021\/01\/IMG_2842.jpg 1293w, https:\/\/www.lassebacklund.fi\/wp-content\/uploads\/2021\/01\/IMG_2842-198x300.jpg 198w, https:\/\/www.lassebacklund.fi\/wp-content\/uploads\/2021\/01\/IMG_2842-675x1024.jpg 675w, https:\/\/www.lassebacklund.fi\/wp-content\/uploads\/2021\/01\/IMG_2842-768x1165.jpg 768w, https:\/\/www.lassebacklund.fi\/wp-content\/uploads\/2021\/01\/IMG_2842-1012x1536.jpg 1012w\" sizes=\"auto, (max-width: 1293px) 100vw, 1293px\" \/><figcaption id=\"caption-attachment-19025\" class=\"wp-caption-text\">Man kunde tro att det \u00e4r n\u00e5got firande p\u00e5 g\u00e5ng d\u00e5 \u00c5ke \u00e4r kl\u00e4dd i vit skjorta och slips men det beh\u00f6ver det inte alls vara. Faktum \u00e4r att \u00c5ke alltid helgade vilodagen och oberoende av br\u00e5dskan i jordbruket, s\u00e5 kl\u00e4dde han sig fint och l\u00e4t \u00e5krarna vara i fred om s\u00f6ndagarna.<\/figcaption><\/figure>\n<figure id=\"attachment_19022\" aria-describedby=\"caption-attachment-19022\" style=\"width: 1531px\" class=\"wp-caption alignnone\"><img loading=\"lazy\" decoding=\"async\" class=\"size-full wp-image-19022\" src=\"https:\/\/www.lassebacklund.fi\/wp-content\/uploads\/2021\/01\/IMG_2830.jpg\" alt=\"\" width=\"1531\" height=\"1284\" srcset=\"https:\/\/www.lassebacklund.fi\/wp-content\/uploads\/2021\/01\/IMG_2830.jpg 1531w, https:\/\/www.lassebacklund.fi\/wp-content\/uploads\/2021\/01\/IMG_2830-300x252.jpg 300w, https:\/\/www.lassebacklund.fi\/wp-content\/uploads\/2021\/01\/IMG_2830-1024x859.jpg 1024w, https:\/\/www.lassebacklund.fi\/wp-content\/uploads\/2021\/01\/IMG_2830-768x644.jpg 768w\" sizes=\"auto, (max-width: 1531px) 100vw, 1531px\" \/><figcaption id=\"caption-attachment-19022\" class=\"wp-caption-text\">\u00c5ke Lindblad byggde tv\u00e5 v\u00e4xthus p\u00e5 60-talet, d\u00e4r han odlade tomater under sommars\u00e4song. Husen v\u00e4rmdes upp med l\u00e4tt br\u00e4nnolja som den tiden var mycket billig och i varje v\u00e4xthus fanns en &#8221;Sputnik&#8221;, allts\u00e5 en cylinderformad v\u00e4rmecentral som var f\u00f6rsedd med en oljebr\u00e4nnare och en fl\u00e4kt som bl\u00e5ste den uppv\u00e4rmda luften till alla delar av v\u00e4xthuset. Skorstenen som syns ovanf\u00f6r \u00c5ke anv\u00e4ndes ocks\u00e5 som v\u00e4rmek\u00e4lla, d\u00e4r den gick n\u00e4stan fr\u00e5n \u00e4nda till \u00e4nda. I b\u00f6rjan k\u00f6pte \u00c5ke plantorna fr\u00e5n Danmark, och de kom med flyg till Vasa d\u00e4rifr\u00e5n de h\u00e4mtades med bil men p\u00e5 senare tid k\u00f6pte han dem fr\u00e5n en uppdrivare i Pjelax. Fotot fr\u00e5n mitten av 70-talet.<\/figcaption><\/figure>\n<figure id=\"attachment_19023\" aria-describedby=\"caption-attachment-19023\" style=\"width: 1599px\" class=\"wp-caption alignnone\"><img loading=\"lazy\" decoding=\"async\" class=\"size-full wp-image-19023\" src=\"https:\/\/www.lassebacklund.fi\/wp-content\/uploads\/2021\/01\/IMG_2832.jpg\" alt=\"\" width=\"1599\" height=\"1455\" srcset=\"https:\/\/www.lassebacklund.fi\/wp-content\/uploads\/2021\/01\/IMG_2832.jpg 1599w, https:\/\/www.lassebacklund.fi\/wp-content\/uploads\/2021\/01\/IMG_2832-300x273.jpg 300w, https:\/\/www.lassebacklund.fi\/wp-content\/uploads\/2021\/01\/IMG_2832-1024x932.jpg 1024w, https:\/\/www.lassebacklund.fi\/wp-content\/uploads\/2021\/01\/IMG_2832-768x699.jpg 768w, https:\/\/www.lassebacklund.fi\/wp-content\/uploads\/2021\/01\/IMG_2832-1536x1398.jpg 1536w\" sizes=\"auto, (max-width: 1599px) 100vw, 1599px\" \/><figcaption id=\"caption-attachment-19023\" class=\"wp-caption-text\">P\u00e5 50-\u00e5rsdagen blev \u00c5ke rikligt uppvaktad med blommor och presenter och sitter f\u00f6rn\u00f6jd i soffan med hustrun Lilli.<\/figcaption><\/figure>\n<figure id=\"attachment_19027\" aria-describedby=\"caption-attachment-19027\" style=\"width: 1927px\" class=\"wp-caption alignnone\"><img loading=\"lazy\" decoding=\"async\" class=\"size-full wp-image-19027\" src=\"https:\/\/www.lassebacklund.fi\/wp-content\/uploads\/2021\/01\/IMG_2849.jpg\" alt=\"\" width=\"1927\" height=\"1246\" srcset=\"https:\/\/www.lassebacklund.fi\/wp-content\/uploads\/2021\/01\/IMG_2849.jpg 1927w, https:\/\/www.lassebacklund.fi\/wp-content\/uploads\/2021\/01\/IMG_2849-300x194.jpg 300w, https:\/\/www.lassebacklund.fi\/wp-content\/uploads\/2021\/01\/IMG_2849-1024x662.jpg 1024w, https:\/\/www.lassebacklund.fi\/wp-content\/uploads\/2021\/01\/IMG_2849-768x497.jpg 768w, https:\/\/www.lassebacklund.fi\/wp-content\/uploads\/2021\/01\/IMG_2849-1536x993.jpg 1536w\" sizes=\"auto, (max-width: 1927px) 100vw, 1927px\" \/><figcaption id=\"caption-attachment-19027\" class=\"wp-caption-text\">Kommunalpolitikerna fr\u00e5n Dagsmarkavdelningen sitter och sk\u00e5lar p\u00e5 hotellet i staden i slutet av december 1972 d\u00e5 Stor-Kristinestad bildades och tre kommuner gick i graven. \u00c5ke Lindblad till v\u00e4nster och f\u00f6ljande \u00e4r Celia Bergman, Anita Lindqvist och J\u00f6rgen Lindqvist. Mittemot J\u00f6rgen sitter <a href=\"https:\/\/www.lassebacklund.fi\/?page_id=15809\">Egil Norrvik med hustrun Birgit<\/a> och n\u00e4rmast kameran Runar Lind.<\/figcaption><\/figure>\n<figure id=\"attachment_19026\" aria-describedby=\"caption-attachment-19026\" style=\"width: 1950px\" class=\"wp-caption alignnone\"><img loading=\"lazy\" decoding=\"async\" class=\"size-full wp-image-19026\" src=\"https:\/\/www.lassebacklund.fi\/wp-content\/uploads\/2021\/01\/IMG_2847.jpg\" alt=\"\" width=\"1950\" height=\"1360\" srcset=\"https:\/\/www.lassebacklund.fi\/wp-content\/uploads\/2021\/01\/IMG_2847.jpg 1950w, https:\/\/www.lassebacklund.fi\/wp-content\/uploads\/2021\/01\/IMG_2847-300x209.jpg 300w, https:\/\/www.lassebacklund.fi\/wp-content\/uploads\/2021\/01\/IMG_2847-1024x714.jpg 1024w, https:\/\/www.lassebacklund.fi\/wp-content\/uploads\/2021\/01\/IMG_2847-768x536.jpg 768w, https:\/\/www.lassebacklund.fi\/wp-content\/uploads\/2021\/01\/IMG_2847-1536x1071.jpg 1536w\" sizes=\"auto, (max-width: 1950px) 100vw, 1950px\" \/><figcaption id=\"caption-attachment-19026\" class=\"wp-caption-text\">Dagsmark folkskolas direktion \u00e5r 1972, st\u00e5ende fr\u00e5n v\u00e4nster Bengt Gr\u00f6ndahl, Gunbert Hammarberg och \u00c5ke Lindblad. Sittande fr\u00e5n v\u00e4nster <a href=\"https:\/\/www.lassebacklund.fi\/?page_id=15809\">Egil Norrvik<\/a>, <a href=\"https:\/\/www.lassebacklund.fi\/?page_id=860\">Mildrid Kl\u00e5vus<\/a> Celia Bergman och <a href=\"https:\/\/www.lassebacklund.fi\/?page_id=2298\">Elgot Berg.<\/a><\/figcaption><\/figure>\n<figure id=\"attachment_19024\" aria-describedby=\"caption-attachment-19024\" style=\"width: 1262px\" class=\"wp-caption alignnone\"><img loading=\"lazy\" decoding=\"async\" class=\"size-full wp-image-19024\" src=\"https:\/\/www.lassebacklund.fi\/wp-content\/uploads\/2021\/01\/IMG_2834.jpg\" alt=\"\" width=\"1262\" height=\"1182\" srcset=\"https:\/\/www.lassebacklund.fi\/wp-content\/uploads\/2021\/01\/IMG_2834.jpg 1262w, https:\/\/www.lassebacklund.fi\/wp-content\/uploads\/2021\/01\/IMG_2834-300x281.jpg 300w, https:\/\/www.lassebacklund.fi\/wp-content\/uploads\/2021\/01\/IMG_2834-1024x959.jpg 1024w, https:\/\/www.lassebacklund.fi\/wp-content\/uploads\/2021\/01\/IMG_2834-768x719.jpg 768w\" sizes=\"auto, (max-width: 1262px) 100vw, 1262px\" \/><figcaption id=\"caption-attachment-19024\" class=\"wp-caption-text\">Lucifer kolgrillen \u00e4r full med ved d\u00e5 \u00c5ke sitter i gungan och grillar en korvkringla.<\/figcaption><\/figure>\n<figure id=\"attachment_19030\" aria-describedby=\"caption-attachment-19030\" style=\"width: 1210px\" class=\"wp-caption alignnone\"><img loading=\"lazy\" decoding=\"async\" class=\"size-full wp-image-19030\" src=\"https:\/\/www.lassebacklund.fi\/wp-content\/uploads\/2021\/01\/Lindblad-Ake-och-Lilli-2020-3.jpg\" alt=\"\" width=\"1210\" height=\"1613\" srcset=\"https:\/\/www.lassebacklund.fi\/wp-content\/uploads\/2021\/01\/Lindblad-Ake-och-Lilli-2020-3.jpg 1210w, https:\/\/www.lassebacklund.fi\/wp-content\/uploads\/2021\/01\/Lindblad-Ake-och-Lilli-2020-3-225x300.jpg 225w, https:\/\/www.lassebacklund.fi\/wp-content\/uploads\/2021\/01\/Lindblad-Ake-och-Lilli-2020-3-768x1024.jpg 768w, https:\/\/www.lassebacklund.fi\/wp-content\/uploads\/2021\/01\/Lindblad-Ake-och-Lilli-2020-3-1152x1536.jpg 1152w\" sizes=\"auto, (max-width: 1210px) 100vw, 1210px\" \/><figcaption id=\"caption-attachment-19030\" class=\"wp-caption-text\">P\u00e5 den ena grindstolpen finns \u00e5rtalet 1901 ingraverat och h\u00f6gst troligt betyder det \u00e5ret d\u00e5 g\u00e5rden blev f\u00e4rdigbyggd.<\/figcaption><\/figure>\n<figure id=\"attachment_4113\" aria-describedby=\"caption-attachment-4113\" style=\"width: 1386px\" class=\"wp-caption alignnone\"><img loading=\"lazy\" decoding=\"async\" class=\"wp-image-4113 size-full\" src=\"https:\/\/www.lassebacklund.fi\/wp-content\/uploads\/2017\/05\/l-3-Eklund.jpg\" alt=\"\" width=\"1386\" height=\"744\" srcset=\"https:\/\/www.lassebacklund.fi\/wp-content\/uploads\/2017\/05\/l-3-Eklund.jpg 1386w, https:\/\/www.lassebacklund.fi\/wp-content\/uploads\/2017\/05\/l-3-Eklund-300x161.jpg 300w, https:\/\/www.lassebacklund.fi\/wp-content\/uploads\/2017\/05\/l-3-Eklund-768x412.jpg 768w, https:\/\/www.lassebacklund.fi\/wp-content\/uploads\/2017\/05\/l-3-Eklund-1024x550.jpg 1024w\" sizes=\"auto, (max-width: 1386px) 100vw, 1386px\" \/><figcaption id=\"caption-attachment-4113\" class=\"wp-caption-text\">Vid storskiftet 1900-1912 fick Viktor Eklund sitt hemman v\u00e4l placerat p\u00e5 Brobackan och upp mot Kvarn\u00e5, l\u00e4ngs med Lill\u00e5n. F\u00f6rutom detta hemskifte s\u00e5 fick han skogsmark i K\u00e4ll\u00e4ngen och i Svartmossen ovanf\u00f6r Lillsj\u00f6. Hemmanet som fick namnet Eklund 4:3 var p\u00e5 50 ha, varav 32 var skog. Fr\u00e5n hustrun Marias sida fick han ocks\u00e5 ett annat hemman uppe i Palon, som fick namnet \u00c5bro.<\/figcaption><\/figure>\n<p><img loading=\"lazy\" decoding=\"async\" class=\"alignnone size-full wp-image-18987\" src=\"https:\/\/www.lassebacklund.fi\/wp-content\/uploads\/2021\/01\/Kark-Viktors-slakt-med-namn.jpg\" alt=\"\" width=\"1502\" height=\"1341\" srcset=\"https:\/\/www.lassebacklund.fi\/wp-content\/uploads\/2021\/01\/Kark-Viktors-slakt-med-namn.jpg 1502w, https:\/\/www.lassebacklund.fi\/wp-content\/uploads\/2021\/01\/Kark-Viktors-slakt-med-namn-300x268.jpg 300w, https:\/\/www.lassebacklund.fi\/wp-content\/uploads\/2021\/01\/Kark-Viktors-slakt-med-namn-1024x914.jpg 1024w, https:\/\/www.lassebacklund.fi\/wp-content\/uploads\/2021\/01\/Kark-Viktors-slakt-med-namn-768x686.jpg 768w\" sizes=\"auto, (max-width: 1502px) 100vw, 1502px\" \/><\/p>\n<figure id=\"attachment_18982\" aria-describedby=\"caption-attachment-18982\" style=\"width: 1238px\" class=\"wp-caption alignnone\"><img loading=\"lazy\" decoding=\"async\" class=\"size-full wp-image-18982\" src=\"https:\/\/www.lassebacklund.fi\/wp-content\/uploads\/2021\/01\/Frans-Eklund-i-Boston.jpg\" alt=\"\" width=\"1238\" height=\"2140\" srcset=\"https:\/\/www.lassebacklund.fi\/wp-content\/uploads\/2021\/01\/Frans-Eklund-i-Boston.jpg 1238w, https:\/\/www.lassebacklund.fi\/wp-content\/uploads\/2021\/01\/Frans-Eklund-i-Boston-174x300.jpg 174w, https:\/\/www.lassebacklund.fi\/wp-content\/uploads\/2021\/01\/Frans-Eklund-i-Boston-592x1024.jpg 592w, https:\/\/www.lassebacklund.fi\/wp-content\/uploads\/2021\/01\/Frans-Eklund-i-Boston-768x1328.jpg 768w, https:\/\/www.lassebacklund.fi\/wp-content\/uploads\/2021\/01\/Frans-Eklund-i-Boston-889x1536.jpg 889w, https:\/\/www.lassebacklund.fi\/wp-content\/uploads\/2021\/01\/Frans-Eklund-i-Boston-1185x2048.jpg 1185w\" sizes=\"auto, (max-width: 1238px) 100vw, 1238px\" \/><figcaption id=\"caption-attachment-18982\" class=\"wp-caption-text\">Frans Eklund i Boston i Amerika.<\/figcaption><\/figure>\n<figure id=\"attachment_19000\" aria-describedby=\"caption-attachment-19000\" style=\"width: 1544px\" class=\"wp-caption alignnone\"><img loading=\"lazy\" decoding=\"async\" class=\"size-full wp-image-19000\" src=\"https:\/\/www.lassebacklund.fi\/wp-content\/uploads\/2021\/01\/Eklund-Frans-uppe-till-vanster-scaled.jpg\" alt=\"\" width=\"1544\" height=\"2560\" srcset=\"https:\/\/www.lassebacklund.fi\/wp-content\/uploads\/2021\/01\/Eklund-Frans-uppe-till-vanster-scaled.jpg 1544w, https:\/\/www.lassebacklund.fi\/wp-content\/uploads\/2021\/01\/Eklund-Frans-uppe-till-vanster-181x300.jpg 181w, https:\/\/www.lassebacklund.fi\/wp-content\/uploads\/2021\/01\/Eklund-Frans-uppe-till-vanster-617x1024.jpg 617w, https:\/\/www.lassebacklund.fi\/wp-content\/uploads\/2021\/01\/Eklund-Frans-uppe-till-vanster-768x1274.jpg 768w, https:\/\/www.lassebacklund.fi\/wp-content\/uploads\/2021\/01\/Eklund-Frans-uppe-till-vanster-926x1536.jpg 926w, https:\/\/www.lassebacklund.fi\/wp-content\/uploads\/2021\/01\/Eklund-Frans-uppe-till-vanster-1235x2048.jpg 1235w\" sizes=\"auto, (max-width: 1544px) 100vw, 1544px\" \/><figcaption id=\"caption-attachment-19000\" class=\"wp-caption-text\">Uppe till v\u00e4nster Frans Eklund tillsammans med 4 ok\u00e4nda m\u00e4n i Amerika.<\/figcaption><\/figure>\n<p><img loading=\"lazy\" decoding=\"async\" class=\"alignnone size-full wp-image-19003\" src=\"https:\/\/www.lassebacklund.fi\/wp-content\/uploads\/2021\/01\/Tv-okand-amerikan-Frans-Eklund-i-mitten-och-Frivilas-Anselm-till-hoger..jpg\" alt=\"\" width=\"1489\" height=\"2417\" srcset=\"https:\/\/www.lassebacklund.fi\/wp-content\/uploads\/2021\/01\/Tv-okand-amerikan-Frans-Eklund-i-mitten-och-Frivilas-Anselm-till-hoger..jpg 1489w, https:\/\/www.lassebacklund.fi\/wp-content\/uploads\/2021\/01\/Tv-okand-amerikan-Frans-Eklund-i-mitten-och-Frivilas-Anselm-till-hoger.-185x300.jpg 185w, https:\/\/www.lassebacklund.fi\/wp-content\/uploads\/2021\/01\/Tv-okand-amerikan-Frans-Eklund-i-mitten-och-Frivilas-Anselm-till-hoger.-631x1024.jpg 631w, https:\/\/www.lassebacklund.fi\/wp-content\/uploads\/2021\/01\/Tv-okand-amerikan-Frans-Eklund-i-mitten-och-Frivilas-Anselm-till-hoger.-768x1247.jpg 768w, https:\/\/www.lassebacklund.fi\/wp-content\/uploads\/2021\/01\/Tv-okand-amerikan-Frans-Eklund-i-mitten-och-Frivilas-Anselm-till-hoger.-946x1536.jpg 946w, https:\/\/www.lassebacklund.fi\/wp-content\/uploads\/2021\/01\/Tv-okand-amerikan-Frans-Eklund-i-mitten-och-Frivilas-Anselm-till-hoger.-1262x2048.jpg 1262w\" sizes=\"auto, (max-width: 1489px) 100vw, 1489px\" \/><\/p>\n<figure id=\"attachment_19002\" aria-describedby=\"caption-attachment-19002\" style=\"width: 2560px\" class=\"wp-caption alignnone\"><img loading=\"lazy\" decoding=\"async\" class=\"size-full wp-image-19002\" src=\"https:\/\/www.lassebacklund.fi\/wp-content\/uploads\/2021\/01\/okand-Johannes-Grondahl-okand-Anselm-Holmudd-okand-Frans-Eklund-scaled.jpg\" alt=\"\" width=\"2560\" height=\"1695\" srcset=\"https:\/\/www.lassebacklund.fi\/wp-content\/uploads\/2021\/01\/okand-Johannes-Grondahl-okand-Anselm-Holmudd-okand-Frans-Eklund-scaled.jpg 2560w, https:\/\/www.lassebacklund.fi\/wp-content\/uploads\/2021\/01\/okand-Johannes-Grondahl-okand-Anselm-Holmudd-okand-Frans-Eklund-300x199.jpg 300w, https:\/\/www.lassebacklund.fi\/wp-content\/uploads\/2021\/01\/okand-Johannes-Grondahl-okand-Anselm-Holmudd-okand-Frans-Eklund-1024x678.jpg 1024w, https:\/\/www.lassebacklund.fi\/wp-content\/uploads\/2021\/01\/okand-Johannes-Grondahl-okand-Anselm-Holmudd-okand-Frans-Eklund-768x508.jpg 768w, https:\/\/www.lassebacklund.fi\/wp-content\/uploads\/2021\/01\/okand-Johannes-Grondahl-okand-Anselm-Holmudd-okand-Frans-Eklund-1536x1017.jpg 1536w, https:\/\/www.lassebacklund.fi\/wp-content\/uploads\/2021\/01\/okand-Johannes-Grondahl-okand-Anselm-Holmudd-okand-Frans-Eklund-2048x1356.jpg 2048w\" sizes=\"auto, (max-width: 2560px) 100vw, 2560px\" \/><figcaption id=\"caption-attachment-19002\" class=\"wp-caption-text\">L\u00e4ngst till h\u00f6ger st\u00e5r Frans Eklund och andra fr\u00e5n v\u00e4nster \u00e4r Johannes Gr\u00f6ndahl, medan de \u00f6vriga fyra \u00e5r ok\u00e4nda. Frans och Johannes for ju tillsammans till Amerika \u00e5r 1916 och var med p\u00e5 den dramatiska f\u00e4rden \u00f6ver Bottenhavet, tillsammans med 3 andra ungdomar fr\u00e5n Dagsmark.<\/figcaption><\/figure>\n<figure id=\"attachment_18983\" aria-describedby=\"caption-attachment-18983\" style=\"width: 943px\" class=\"wp-caption alignnone\"><img loading=\"lazy\" decoding=\"async\" class=\"size-full wp-image-18983\" src=\"https:\/\/www.lassebacklund.fi\/wp-content\/uploads\/2021\/01\/Frans-Eklund.jpg\" alt=\"\" width=\"943\" height=\"1493\" srcset=\"https:\/\/www.lassebacklund.fi\/wp-content\/uploads\/2021\/01\/Frans-Eklund.jpg 943w, https:\/\/www.lassebacklund.fi\/wp-content\/uploads\/2021\/01\/Frans-Eklund-189x300.jpg 189w, https:\/\/www.lassebacklund.fi\/wp-content\/uploads\/2021\/01\/Frans-Eklund-647x1024.jpg 647w, https:\/\/www.lassebacklund.fi\/wp-content\/uploads\/2021\/01\/Frans-Eklund-768x1216.jpg 768w\" sizes=\"auto, (max-width: 943px) 100vw, 943px\" \/><figcaption id=\"caption-attachment-18983\" class=\"wp-caption-text\">Frans Eklund hos en fotograf i Amerika.<\/figcaption><\/figure>\n<figure id=\"attachment_18990\" aria-describedby=\"caption-attachment-18990\" style=\"width: 2179px\" class=\"wp-caption alignnone\"><img loading=\"lazy\" decoding=\"async\" class=\"size-full wp-image-18990\" src=\"https:\/\/www.lassebacklund.fi\/wp-content\/uploads\/2021\/01\/Passfoto-Frans-Lilli-och-Elvira.jpg\" alt=\"\" width=\"2179\" height=\"1743\" srcset=\"https:\/\/www.lassebacklund.fi\/wp-content\/uploads\/2021\/01\/Passfoto-Frans-Lilli-och-Elvira.jpg 2179w, https:\/\/www.lassebacklund.fi\/wp-content\/uploads\/2021\/01\/Passfoto-Frans-Lilli-och-Elvira-300x240.jpg 300w, https:\/\/www.lassebacklund.fi\/wp-content\/uploads\/2021\/01\/Passfoto-Frans-Lilli-och-Elvira-1024x819.jpg 1024w, https:\/\/www.lassebacklund.fi\/wp-content\/uploads\/2021\/01\/Passfoto-Frans-Lilli-och-Elvira-768x614.jpg 768w, https:\/\/www.lassebacklund.fi\/wp-content\/uploads\/2021\/01\/Passfoto-Frans-Lilli-och-Elvira-1536x1229.jpg 1536w, https:\/\/www.lassebacklund.fi\/wp-content\/uploads\/2021\/01\/Passfoto-Frans-Lilli-och-Elvira-2048x1638.jpg 2048w\" sizes=\"auto, (max-width: 2179px) 100vw, 2179px\" \/><figcaption id=\"caption-attachment-18990\" class=\"wp-caption-text\">I dag \u00e4r det v\u00e4ldigt noga hur ett passfoto skall se ut men annat var det i Amerika \u00e5r 1925, d\u00e5 Frans och Elvira skulle resa till Finland.<\/figcaption><\/figure>\n<figure id=\"attachment_19001\" aria-describedby=\"caption-attachment-19001\" style=\"width: 1900px\" class=\"wp-caption alignnone\"><img loading=\"lazy\" decoding=\"async\" class=\"size-full wp-image-19001\" src=\"https:\/\/www.lassebacklund.fi\/wp-content\/uploads\/2021\/01\/Frans-Elvira-och-Lilli-i-Amerika.jpg\" alt=\"\" width=\"1900\" height=\"2137\" srcset=\"https:\/\/www.lassebacklund.fi\/wp-content\/uploads\/2021\/01\/Frans-Elvira-och-Lilli-i-Amerika.jpg 1900w, https:\/\/www.lassebacklund.fi\/wp-content\/uploads\/2021\/01\/Frans-Elvira-och-Lilli-i-Amerika-267x300.jpg 267w, https:\/\/www.lassebacklund.fi\/wp-content\/uploads\/2021\/01\/Frans-Elvira-och-Lilli-i-Amerika-910x1024.jpg 910w, https:\/\/www.lassebacklund.fi\/wp-content\/uploads\/2021\/01\/Frans-Elvira-och-Lilli-i-Amerika-768x864.jpg 768w, https:\/\/www.lassebacklund.fi\/wp-content\/uploads\/2021\/01\/Frans-Elvira-och-Lilli-i-Amerika-1366x1536.jpg 1366w, https:\/\/www.lassebacklund.fi\/wp-content\/uploads\/2021\/01\/Frans-Elvira-och-Lilli-i-Amerika-1821x2048.jpg 1821w\" sizes=\"auto, (max-width: 1900px) 100vw, 1900px\" \/><figcaption id=\"caption-attachment-19001\" class=\"wp-caption-text\">Frans och Elvira med dottern Lillian i Amerika f\u00f6re hemf\u00e4rden till Finland.<\/figcaption><\/figure>\n<figure id=\"attachment_18985\" aria-describedby=\"caption-attachment-18985\" style=\"width: 2560px\" class=\"wp-caption alignnone\"><img loading=\"lazy\" decoding=\"async\" class=\"size-full wp-image-18985\" src=\"https:\/\/www.lassebacklund.fi\/wp-content\/uploads\/2021\/01\/Frans-och-Lilli-Eklund-pa-Amerikabaten-1925-scaled.jpg\" alt=\"\" width=\"2560\" height=\"1500\" srcset=\"https:\/\/www.lassebacklund.fi\/wp-content\/uploads\/2021\/01\/Frans-och-Lilli-Eklund-pa-Amerikabaten-1925-scaled.jpg 2560w, https:\/\/www.lassebacklund.fi\/wp-content\/uploads\/2021\/01\/Frans-och-Lilli-Eklund-pa-Amerikabaten-1925-300x176.jpg 300w, https:\/\/www.lassebacklund.fi\/wp-content\/uploads\/2021\/01\/Frans-och-Lilli-Eklund-pa-Amerikabaten-1925-1024x600.jpg 1024w, https:\/\/www.lassebacklund.fi\/wp-content\/uploads\/2021\/01\/Frans-och-Lilli-Eklund-pa-Amerikabaten-1925-768x450.jpg 768w, https:\/\/www.lassebacklund.fi\/wp-content\/uploads\/2021\/01\/Frans-och-Lilli-Eklund-pa-Amerikabaten-1925-1536x900.jpg 1536w, https:\/\/www.lassebacklund.fi\/wp-content\/uploads\/2021\/01\/Frans-och-Lilli-Eklund-pa-Amerikabaten-1925-2048x1200.jpg 2048w\" sizes=\"auto, (max-width: 2560px) 100vw, 2560px\" \/><figcaption id=\"caption-attachment-18985\" class=\"wp-caption-text\">Efter nio \u00e5r i Amerika reste Frans Eklund tillbaka till Dagsmark och Finland sommaren 1925, med hustrun Elvira och dottern Lillian.<\/figcaption><\/figure>\n<figure id=\"attachment_18989\" aria-describedby=\"caption-attachment-18989\" style=\"width: 2358px\" class=\"wp-caption alignnone\"><img loading=\"lazy\" decoding=\"async\" class=\"size-full wp-image-18989\" src=\"https:\/\/www.lassebacklund.fi\/wp-content\/uploads\/2021\/01\/Lilli-Eklund-pa-vag-fran-Amerika.jpg\" alt=\"\" width=\"2358\" height=\"1381\" srcset=\"https:\/\/www.lassebacklund.fi\/wp-content\/uploads\/2021\/01\/Lilli-Eklund-pa-vag-fran-Amerika.jpg 2358w, https:\/\/www.lassebacklund.fi\/wp-content\/uploads\/2021\/01\/Lilli-Eklund-pa-vag-fran-Amerika-300x176.jpg 300w, https:\/\/www.lassebacklund.fi\/wp-content\/uploads\/2021\/01\/Lilli-Eklund-pa-vag-fran-Amerika-1024x600.jpg 1024w, https:\/\/www.lassebacklund.fi\/wp-content\/uploads\/2021\/01\/Lilli-Eklund-pa-vag-fran-Amerika-768x450.jpg 768w, https:\/\/www.lassebacklund.fi\/wp-content\/uploads\/2021\/01\/Lilli-Eklund-pa-vag-fran-Amerika-1536x900.jpg 1536w, https:\/\/www.lassebacklund.fi\/wp-content\/uploads\/2021\/01\/Lilli-Eklund-pa-vag-fran-Amerika-2048x1199.jpg 2048w\" sizes=\"auto, (max-width: 2358px) 100vw, 2358px\" \/><figcaption id=\"caption-attachment-18989\" class=\"wp-caption-text\">Lilli f\u00f6ddes i Norwood City i Massachusetts \u00e5r 1922 och som 3-\u00e5ring gjorde hon den l\u00e5nga f\u00e4rden \u00f6ver Atlanten till pappas gamla hemland. Samtliga passagerare ser v\u00e4lm\u00e5ende och v\u00e4lkl\u00e4dda ut, precis som Lilli som st\u00e5r helt ensam p\u00e5 d\u00e4ck i solskenet.<\/figcaption><\/figure>\n<figure id=\"attachment_18998\" aria-describedby=\"caption-attachment-18998\" style=\"width: 1496px\" class=\"wp-caption alignnone\"><img loading=\"lazy\" decoding=\"async\" class=\"size-full wp-image-18998\" src=\"https:\/\/www.lassebacklund.fi\/wp-content\/uploads\/2021\/01\/Frans-Eklunds-korkort-fran-1925.jpg\" alt=\"\" width=\"1496\" height=\"1362\" srcset=\"https:\/\/www.lassebacklund.fi\/wp-content\/uploads\/2021\/01\/Frans-Eklunds-korkort-fran-1925.jpg 1496w, https:\/\/www.lassebacklund.fi\/wp-content\/uploads\/2021\/01\/Frans-Eklunds-korkort-fran-1925-300x273.jpg 300w, https:\/\/www.lassebacklund.fi\/wp-content\/uploads\/2021\/01\/Frans-Eklunds-korkort-fran-1925-1024x932.jpg 1024w, https:\/\/www.lassebacklund.fi\/wp-content\/uploads\/2021\/01\/Frans-Eklunds-korkort-fran-1925-768x699.jpg 768w\" sizes=\"auto, (max-width: 1496px) 100vw, 1496px\" \/><figcaption id=\"caption-attachment-18998\" class=\"wp-caption-text\">Direkt efter hemkomsten sommaren 1925 skaffade Frans Eklund ett k\u00f6rkort av l\u00e4nsmannen Erik Dahlstr\u00f6m i Lappfj\u00e4rd. Han fick tillst\u00e5nd f\u00f6r b\u00e5de privat och yrkesm\u00e4ssig trafik i fem \u00e5rs tid och det kostade 5 mark. Frans undertecknade k\u00f6rkortet med Frank Eklund. K\u00f6rkortet kopierat hos Lars \u00c5lgars.<\/figcaption><\/figure>\n<figure id=\"attachment_18997\" aria-describedby=\"caption-attachment-18997\" style=\"width: 2560px\" class=\"wp-caption alignnone\"><img loading=\"lazy\" decoding=\"async\" class=\"size-full wp-image-18997\" src=\"https:\/\/www.lassebacklund.fi\/wp-content\/uploads\/2021\/01\/Elvira-Eklund-i-bil-scaled.jpg\" alt=\"\" width=\"2560\" height=\"1714\" srcset=\"https:\/\/www.lassebacklund.fi\/wp-content\/uploads\/2021\/01\/Elvira-Eklund-i-bil-scaled.jpg 2560w, https:\/\/www.lassebacklund.fi\/wp-content\/uploads\/2021\/01\/Elvira-Eklund-i-bil-300x201.jpg 300w, https:\/\/www.lassebacklund.fi\/wp-content\/uploads\/2021\/01\/Elvira-Eklund-i-bil-1024x686.jpg 1024w, https:\/\/www.lassebacklund.fi\/wp-content\/uploads\/2021\/01\/Elvira-Eklund-i-bil-768x514.jpg 768w, https:\/\/www.lassebacklund.fi\/wp-content\/uploads\/2021\/01\/Elvira-Eklund-i-bil-1536x1028.jpg 1536w, https:\/\/www.lassebacklund.fi\/wp-content\/uploads\/2021\/01\/Elvira-Eklund-i-bil-2048x1371.jpg 2048w\" sizes=\"auto, (max-width: 2560px) 100vw, 2560px\" \/><figcaption id=\"caption-attachment-18997\" class=\"wp-caption-text\">Elvira Eklund sittande i den personbil som de hade med sig fr\u00e5n Amerika 1925 p\u00e5 g\u00e5rden p\u00e5 Brobackan. Det h\u00e4r borde ha varit den andra bilen i Dagsmark, eftersom s\u00e5g\u00e4garen Viktor Nylund hade en redan f\u00f6re 1920.<\/figcaption><\/figure>\n<figure id=\"attachment_18986\" aria-describedby=\"caption-attachment-18986\" style=\"width: 2560px\" class=\"wp-caption alignnone\"><img loading=\"lazy\" decoding=\"async\" class=\"size-full wp-image-18986\" src=\"https:\/\/www.lassebacklund.fi\/wp-content\/uploads\/2021\/01\/Frans-Elvira-och-Lilli-utanfor-lekstugan-scaled.jpg\" alt=\"\" width=\"2560\" height=\"1520\" srcset=\"https:\/\/www.lassebacklund.fi\/wp-content\/uploads\/2021\/01\/Frans-Elvira-och-Lilli-utanfor-lekstugan-scaled.jpg 2560w, https:\/\/www.lassebacklund.fi\/wp-content\/uploads\/2021\/01\/Frans-Elvira-och-Lilli-utanfor-lekstugan-300x178.jpg 300w, https:\/\/www.lassebacklund.fi\/wp-content\/uploads\/2021\/01\/Frans-Elvira-och-Lilli-utanfor-lekstugan-1024x608.jpg 1024w, https:\/\/www.lassebacklund.fi\/wp-content\/uploads\/2021\/01\/Frans-Elvira-och-Lilli-utanfor-lekstugan-768x456.jpg 768w, https:\/\/www.lassebacklund.fi\/wp-content\/uploads\/2021\/01\/Frans-Elvira-och-Lilli-utanfor-lekstugan-1536x912.jpg 1536w, https:\/\/www.lassebacklund.fi\/wp-content\/uploads\/2021\/01\/Frans-Elvira-och-Lilli-utanfor-lekstugan-2048x1216.jpg 2048w\" sizes=\"auto, (max-width: 2560px) 100vw, 2560px\" \/><figcaption id=\"caption-attachment-18986\" class=\"wp-caption-text\">Lilli bjuder p\u00e5 kaffe utanf\u00f6r sin lekstuga p\u00e5 Brobackan i slutet av 1920-talet.<\/figcaption><\/figure>\n<figure id=\"attachment_18992\" aria-describedby=\"caption-attachment-18992\" style=\"width: 2503px\" class=\"wp-caption alignnone\"><img loading=\"lazy\" decoding=\"async\" class=\"size-full wp-image-18992\" src=\"https:\/\/www.lassebacklund.fi\/wp-content\/uploads\/2021\/01\/Gardar-pa-Brobackan.jpg\" alt=\"\" width=\"2503\" height=\"1760\" srcset=\"https:\/\/www.lassebacklund.fi\/wp-content\/uploads\/2021\/01\/Gardar-pa-Brobackan.jpg 2503w, https:\/\/www.lassebacklund.fi\/wp-content\/uploads\/2021\/01\/Gardar-pa-Brobackan-300x211.jpg 300w, https:\/\/www.lassebacklund.fi\/wp-content\/uploads\/2021\/01\/Gardar-pa-Brobackan-1024x720.jpg 1024w, https:\/\/www.lassebacklund.fi\/wp-content\/uploads\/2021\/01\/Gardar-pa-Brobackan-768x540.jpg 768w, https:\/\/www.lassebacklund.fi\/wp-content\/uploads\/2021\/01\/Gardar-pa-Brobackan-1536x1080.jpg 1536w, https:\/\/www.lassebacklund.fi\/wp-content\/uploads\/2021\/01\/Gardar-pa-Brobackan-2048x1440.jpg 2048w\" sizes=\"auto, (max-width: 2503px) 100vw, 2503px\" \/><figcaption id=\"caption-attachment-18992\" class=\"wp-caption-text\">Eklunds g\u00e5rd p\u00e5 Brobackan, m\u00f6jligtvis p\u00e5 1930-talet.<\/figcaption><\/figure>\n<figure id=\"attachment_23882\" aria-describedby=\"caption-attachment-23882\" style=\"width: 1305px\" class=\"wp-caption alignnone\"><img loading=\"lazy\" decoding=\"async\" class=\"size-full wp-image-23882\" src=\"https:\/\/www.lassebacklund.fi\/wp-content\/uploads\/2025\/04\/Lilli-Eklund-o-Ellen-Westerback-pa-Brobackan.jpg\" alt=\"\" width=\"1305\" height=\"828\" srcset=\"https:\/\/www.lassebacklund.fi\/wp-content\/uploads\/2025\/04\/Lilli-Eklund-o-Ellen-Westerback-pa-Brobackan.jpg 1305w, https:\/\/www.lassebacklund.fi\/wp-content\/uploads\/2025\/04\/Lilli-Eklund-o-Ellen-Westerback-pa-Brobackan-300x190.jpg 300w, https:\/\/www.lassebacklund.fi\/wp-content\/uploads\/2025\/04\/Lilli-Eklund-o-Ellen-Westerback-pa-Brobackan-1024x650.jpg 1024w, https:\/\/www.lassebacklund.fi\/wp-content\/uploads\/2025\/04\/Lilli-Eklund-o-Ellen-Westerback-pa-Brobackan-768x487.jpg 768w\" sizes=\"auto, (max-width: 1305px) 100vw, 1305px\" \/><figcaption id=\"caption-attachment-23882\" class=\"wp-caption-text\">Lilli Eklund och Ellen Westerback visar upp sina odlingar p\u00e5 Brobackan f\u00f6r fotografen och klubbledaren Selim Bj\u00f6rses p\u00e5 1930-talet.<\/figcaption><\/figure>\n<figure id=\"attachment_18994\" aria-describedby=\"caption-attachment-18994\" style=\"width: 935px\" class=\"wp-caption alignnone\"><img loading=\"lazy\" decoding=\"async\" class=\"size-full wp-image-18994\" src=\"https:\/\/www.lassebacklund.fi\/wp-content\/uploads\/2021\/01\/Brobackan-med-storabron.jpg\" alt=\"\" width=\"935\" height=\"621\" srcset=\"https:\/\/www.lassebacklund.fi\/wp-content\/uploads\/2021\/01\/Brobackan-med-storabron.jpg 935w, https:\/\/www.lassebacklund.fi\/wp-content\/uploads\/2021\/01\/Brobackan-med-storabron-300x199.jpg 300w, https:\/\/www.lassebacklund.fi\/wp-content\/uploads\/2021\/01\/Brobackan-med-storabron-768x510.jpg 768w\" sizes=\"auto, (max-width: 935px) 100vw, 935px\" \/><figcaption id=\"caption-attachment-18994\" class=\"wp-caption-text\">I april 1936 fick Elvira Eklund r\u00e4ttigheter att \u00f6ppna ett kaf\u00e9 av tredje klass i hemg\u00e5rden, som kallades Caf\u00e9 Brobacken. I mars 1941 anm\u00e4lde Elvira till handelsregistret att hon upph\u00f6r med verksamheten. Det \u00e4r oklart n\u00e4r det h\u00e4nde men efter det \u00f6ppnade Lappfj\u00e4rds Sparbank ett filialkontor i samma utrymmen i h\u00f6rnkammaren n\u00e4rmast <a href=\"https:\/\/www.lassebacklund.fi\/?page_id=1501\">Storbron<\/a>. Bankkontoret var \u00f6ppet endast n\u00e5gra timmar i veckan och det f\u00f6restods av bonden Emil Backlund. Efter en tid flyttades bankkontoret till <a href=\"https:\/\/www.lassebacklund.fi\/?page_id=14608\">Emils hem p\u00e5 Sunnantillv\u00e4gen<\/a> d\u00e4r det verkade tills sparbanken k\u00f6pte <a href=\"https:\/\/www.lassebacklund.fi\/?page_id=253\">Eskil Storkulls aff\u00e4rshus<\/a> och \u00f6ppnade kontoret d\u00e4r. Foto Selim Bj\u00f6rses, ur SLS:s samlingar.<\/figcaption><\/figure>\n<figure id=\"attachment_18995\" aria-describedby=\"caption-attachment-18995\" style=\"width: 839px\" class=\"wp-caption alignnone\"><img loading=\"lazy\" decoding=\"async\" class=\"size-full wp-image-18995\" src=\"https:\/\/www.lassebacklund.fi\/wp-content\/uploads\/2021\/01\/Storbron-och-karkgarden.jpg\" alt=\"\" width=\"839\" height=\"543\" srcset=\"https:\/\/www.lassebacklund.fi\/wp-content\/uploads\/2021\/01\/Storbron-och-karkgarden.jpg 839w, https:\/\/www.lassebacklund.fi\/wp-content\/uploads\/2021\/01\/Storbron-och-karkgarden-300x194.jpg 300w, https:\/\/www.lassebacklund.fi\/wp-content\/uploads\/2021\/01\/Storbron-och-karkgarden-768x497.jpg 768w\" sizes=\"auto, (max-width: 839px) 100vw, 839px\" \/><figcaption id=\"caption-attachment-18995\" class=\"wp-caption-text\">Eklunds g\u00e5rd med Sparbankens reklamskylt i knuten. Kolla ocks\u00e5 vilket fint stenarbete som &#8221;K\u00e4ringk\u00e5sk Samel&#8221; gjorde p\u00e5 1850-talet d\u00e5 han byggde <a href=\"https:\/\/www.lassebacklund.fi\/?page_id=1501\">Storbron.<\/a> Foto Selim Bj\u00f6rses, ur SLS:s samlingar.<\/figcaption><\/figure>\n<figure id=\"attachment_18981\" aria-describedby=\"caption-attachment-18981\" style=\"width: 1226px\" class=\"wp-caption alignnone\"><img loading=\"lazy\" decoding=\"async\" class=\"size-full wp-image-18981\" src=\"https:\/\/www.lassebacklund.fi\/wp-content\/uploads\/2021\/01\/Elvira-vid-brunnen.jpg\" alt=\"\" width=\"1226\" height=\"2031\" srcset=\"https:\/\/www.lassebacklund.fi\/wp-content\/uploads\/2021\/01\/Elvira-vid-brunnen.jpg 1226w, https:\/\/www.lassebacklund.fi\/wp-content\/uploads\/2021\/01\/Elvira-vid-brunnen-181x300.jpg 181w, https:\/\/www.lassebacklund.fi\/wp-content\/uploads\/2021\/01\/Elvira-vid-brunnen-618x1024.jpg 618w, https:\/\/www.lassebacklund.fi\/wp-content\/uploads\/2021\/01\/Elvira-vid-brunnen-768x1272.jpg 768w, https:\/\/www.lassebacklund.fi\/wp-content\/uploads\/2021\/01\/Elvira-vid-brunnen-927x1536.jpg 927w\" sizes=\"auto, (max-width: 1226px) 100vw, 1226px\" \/><figcaption id=\"caption-attachment-18981\" class=\"wp-caption-text\">Elvira f\u00f6ddes 1899 p\u00e5 \u00c5land och tog en l\u00e5ng omv\u00e4g via Amerika f\u00f6re hon \u00e5r 1925 flyttade till Dagsmark, d\u00e4r hon sedan stannade livet ut.<\/figcaption><\/figure>\n<figure id=\"attachment_2775\" aria-describedby=\"caption-attachment-2775\" style=\"width: 1205px\" class=\"wp-caption alignnone\"><img loading=\"lazy\" decoding=\"async\" class=\"size-full wp-image-2775\" src=\"https:\/\/www.lassebacklund.fi\/wp-content\/uploads\/2017\/02\/4-3.jpg\" alt=\"\" width=\"1205\" height=\"713\" srcset=\"https:\/\/www.lassebacklund.fi\/wp-content\/uploads\/2017\/02\/4-3.jpg 1205w, https:\/\/www.lassebacklund.fi\/wp-content\/uploads\/2017\/02\/4-3-300x178.jpg 300w, https:\/\/www.lassebacklund.fi\/wp-content\/uploads\/2017\/02\/4-3-768x454.jpg 768w, https:\/\/www.lassebacklund.fi\/wp-content\/uploads\/2017\/02\/4-3-1024x606.jpg 1024w\" sizes=\"auto, (max-width: 1205px) 100vw, 1205px\" \/><figcaption id=\"caption-attachment-2775\" class=\"wp-caption-text\">P\u00e5 samma bild sj\u00f6kapten Nelsons b\u00e5da hustrur, f\u00f6rsta hustrun Amanda till v\u00e4nster och Elvira i mitten. En Linnea st\u00e5r till h\u00f6ger.<\/figcaption><\/figure>\n<figure id=\"attachment_2774\" aria-describedby=\"caption-attachment-2774\" style=\"width: 1197px\" class=\"wp-caption alignnone\"><img loading=\"lazy\" decoding=\"async\" class=\"size-full wp-image-2774\" src=\"https:\/\/www.lassebacklund.fi\/wp-content\/uploads\/2017\/02\/3-3.jpg\" alt=\"\" width=\"1197\" height=\"727\" srcset=\"https:\/\/www.lassebacklund.fi\/wp-content\/uploads\/2017\/02\/3-3.jpg 1197w, https:\/\/www.lassebacklund.fi\/wp-content\/uploads\/2017\/02\/3-3-300x182.jpg 300w, https:\/\/www.lassebacklund.fi\/wp-content\/uploads\/2017\/02\/3-3-768x466.jpg 768w, https:\/\/www.lassebacklund.fi\/wp-content\/uploads\/2017\/02\/3-3-1024x622.jpg 1024w\" sizes=\"auto, (max-width: 1197px) 100vw, 1197px\" \/><figcaption id=\"caption-attachment-2774\" class=\"wp-caption-text\">Amanda Nelson och Elvira Eklund fotograferad tillsammans p\u00e5 \u00c5backan.<\/figcaption><\/figure>\n<figure id=\"attachment_18988\" aria-describedby=\"caption-attachment-18988\" style=\"width: 2022px\" class=\"wp-caption alignnone\"><img loading=\"lazy\" decoding=\"async\" class=\"size-full wp-image-18988\" src=\"https:\/\/www.lassebacklund.fi\/wp-content\/uploads\/2021\/01\/Lilli-Eklund-i-klubblandet-pa-Brobackan.jpg\" alt=\"\" width=\"2022\" height=\"1710\" srcset=\"https:\/\/www.lassebacklund.fi\/wp-content\/uploads\/2021\/01\/Lilli-Eklund-i-klubblandet-pa-Brobackan.jpg 2022w, https:\/\/www.lassebacklund.fi\/wp-content\/uploads\/2021\/01\/Lilli-Eklund-i-klubblandet-pa-Brobackan-300x254.jpg 300w, https:\/\/www.lassebacklund.fi\/wp-content\/uploads\/2021\/01\/Lilli-Eklund-i-klubblandet-pa-Brobackan-1024x866.jpg 1024w, https:\/\/www.lassebacklund.fi\/wp-content\/uploads\/2021\/01\/Lilli-Eklund-i-klubblandet-pa-Brobackan-768x649.jpg 768w, https:\/\/www.lassebacklund.fi\/wp-content\/uploads\/2021\/01\/Lilli-Eklund-i-klubblandet-pa-Brobackan-1536x1299.jpg 1536w\" sizes=\"auto, (max-width: 2022px) 100vw, 2022px\" \/><figcaption id=\"caption-attachment-18988\" class=\"wp-caption-text\">Lilli som var med i lantbrukslubben visar upp sitt klubbland d\u00e4r det odlades b\u00e5de gr\u00f6nsaker och blommor. Till h\u00f6ger farfar Viktor Eklunds g\u00e5rd och bakom henne syns lite av Westaras boden. Fotot taget av klubbledaren <a href=\"https:\/\/www.lassebacklund.fi\/?page_id=4555\">Selim Bj\u00f6rses fr\u00e5n Lappfj\u00e4rd, ur SLS:s samlingar.<\/a><\/figcaption><\/figure>\n<figure id=\"attachment_18984\" aria-describedby=\"caption-attachment-18984\" style=\"width: 2560px\" class=\"wp-caption alignnone\"><img loading=\"lazy\" decoding=\"async\" class=\"size-full wp-image-18984\" src=\"https:\/\/www.lassebacklund.fi\/wp-content\/uploads\/2021\/01\/Frans-med-Lilli-Else-och-Elvira-med-hastar-pa-garden-scaled.jpg\" alt=\"\" width=\"2560\" height=\"1512\" srcset=\"https:\/\/www.lassebacklund.fi\/wp-content\/uploads\/2021\/01\/Frans-med-Lilli-Else-och-Elvira-med-hastar-pa-garden-scaled.jpg 2560w, https:\/\/www.lassebacklund.fi\/wp-content\/uploads\/2021\/01\/Frans-med-Lilli-Else-och-Elvira-med-hastar-pa-garden-300x177.jpg 300w, https:\/\/www.lassebacklund.fi\/wp-content\/uploads\/2021\/01\/Frans-med-Lilli-Else-och-Elvira-med-hastar-pa-garden-1024x605.jpg 1024w, https:\/\/www.lassebacklund.fi\/wp-content\/uploads\/2021\/01\/Frans-med-Lilli-Else-och-Elvira-med-hastar-pa-garden-768x454.jpg 768w, https:\/\/www.lassebacklund.fi\/wp-content\/uploads\/2021\/01\/Frans-med-Lilli-Else-och-Elvira-med-hastar-pa-garden-1536x907.jpg 1536w, https:\/\/www.lassebacklund.fi\/wp-content\/uploads\/2021\/01\/Frans-med-Lilli-Else-och-Elvira-med-hastar-pa-garden-2048x1210.jpg 2048w\" sizes=\"auto, (max-width: 2560px) 100vw, 2560px\" \/><figcaption id=\"caption-attachment-18984\" class=\"wp-caption-text\">Familjen Eklund st\u00e5r p\u00e5 g\u00e5rden p\u00e5 Brobackan och visar upp sina h\u00e4star. Till v\u00e4nster den gamla lillstugan, som Arvid Lillkull rev p\u00e5 50-talet och som anv\u00e4ndes vid <a href=\"https:\/\/www.lassebacklund.fi\/?page_id=1838\">husbygget p\u00e5 Sunnantillv\u00e4gen,<\/a><\/figcaption><\/figure>\n<figure id=\"attachment_18975\" aria-describedby=\"caption-attachment-18975\" style=\"width: 493px\" class=\"wp-caption alignnone\"><img loading=\"lazy\" decoding=\"async\" class=\"size-full wp-image-18975\" src=\"https:\/\/www.lassebacklund.fi\/wp-content\/uploads\/2021\/01\/Lindblad-Ake.jpg\" alt=\"\" width=\"493\" height=\"816\" srcset=\"https:\/\/www.lassebacklund.fi\/wp-content\/uploads\/2021\/01\/Lindblad-Ake.jpg 493w, https:\/\/www.lassebacklund.fi\/wp-content\/uploads\/2021\/01\/Lindblad-Ake-181x300.jpg 181w\" sizes=\"auto, (max-width: 493px) 100vw, 493px\" \/><figcaption id=\"caption-attachment-18975\" class=\"wp-caption-text\">\u00c5ke Lindblad som f\u00f6ddes 16 juli 1926 i Kvarn\u00e5.<\/figcaption><\/figure>\n<figure id=\"attachment_18979\" aria-describedby=\"caption-attachment-18979\" style=\"width: 724px\" class=\"wp-caption alignnone\"><img loading=\"lazy\" decoding=\"async\" class=\"size-full wp-image-18979\" src=\"https:\/\/www.lassebacklund.fi\/wp-content\/uploads\/2021\/01\/Ake-Lindblad-i-militarklader.jpg\" alt=\"\" width=\"724\" height=\"1164\" srcset=\"https:\/\/www.lassebacklund.fi\/wp-content\/uploads\/2021\/01\/Ake-Lindblad-i-militarklader.jpg 724w, https:\/\/www.lassebacklund.fi\/wp-content\/uploads\/2021\/01\/Ake-Lindblad-i-militarklader-187x300.jpg 187w, https:\/\/www.lassebacklund.fi\/wp-content\/uploads\/2021\/01\/Ake-Lindblad-i-militarklader-637x1024.jpg 637w\" sizes=\"auto, (max-width: 724px) 100vw, 724px\" \/><figcaption id=\"caption-attachment-18979\" class=\"wp-caption-text\">\u00c5ke Lindblad i milit\u00e4ren i mitten av 1940-talet.<\/figcaption><\/figure>\n<figure id=\"attachment_18974\" aria-describedby=\"caption-attachment-18974\" style=\"width: 1495px\" class=\"wp-caption alignnone\"><img loading=\"lazy\" decoding=\"async\" class=\"size-full wp-image-18974\" src=\"https:\/\/www.lassebacklund.fi\/wp-content\/uploads\/2021\/01\/Brollopsfoto-Ake-Lindblad-och-Lilian-Eklund-4.10-1948.jpg\" alt=\"\" width=\"1495\" height=\"940\" srcset=\"https:\/\/www.lassebacklund.fi\/wp-content\/uploads\/2021\/01\/Brollopsfoto-Ake-Lindblad-och-Lilian-Eklund-4.10-1948.jpg 1495w, https:\/\/www.lassebacklund.fi\/wp-content\/uploads\/2021\/01\/Brollopsfoto-Ake-Lindblad-och-Lilian-Eklund-4.10-1948-300x189.jpg 300w, https:\/\/www.lassebacklund.fi\/wp-content\/uploads\/2021\/01\/Brollopsfoto-Ake-Lindblad-och-Lilian-Eklund-4.10-1948-1024x644.jpg 1024w, https:\/\/www.lassebacklund.fi\/wp-content\/uploads\/2021\/01\/Brollopsfoto-Ake-Lindblad-och-Lilian-Eklund-4.10-1948-768x483.jpg 768w\" sizes=\"auto, (max-width: 1495px) 100vw, 1495px\" \/><figcaption id=\"caption-attachment-18974\" class=\"wp-caption-text\">Den 4 januari 1948 gifte sig Lilli Eklund med \u00c5ke Lindblad fr\u00e5n Kvarn\u00e5.<\/figcaption><\/figure>\n<figure id=\"attachment_18976\" aria-describedby=\"caption-attachment-18976\" style=\"width: 1495px\" class=\"wp-caption alignnone\"><img loading=\"lazy\" decoding=\"async\" class=\"size-full wp-image-18976\" src=\"https:\/\/www.lassebacklund.fi\/wp-content\/uploads\/2021\/01\/Lindblad-Akes-morotsland.jpg\" alt=\"\" width=\"1495\" height=\"974\" srcset=\"https:\/\/www.lassebacklund.fi\/wp-content\/uploads\/2021\/01\/Lindblad-Akes-morotsland.jpg 1495w, https:\/\/www.lassebacklund.fi\/wp-content\/uploads\/2021\/01\/Lindblad-Akes-morotsland-300x195.jpg 300w, https:\/\/www.lassebacklund.fi\/wp-content\/uploads\/2021\/01\/Lindblad-Akes-morotsland-1024x667.jpg 1024w, https:\/\/www.lassebacklund.fi\/wp-content\/uploads\/2021\/01\/Lindblad-Akes-morotsland-768x500.jpg 768w\" sizes=\"auto, (max-width: 1495px) 100vw, 1495px\" \/><figcaption id=\"caption-attachment-18976\" class=\"wp-caption-text\">P\u00e5 1950- och 1960-talet fanns det stora morotsodlingar i Dagsmark och Lindblad hade passliga marker f\u00f6r b\u00e5de mor\u00f6tter och potatis. P\u00e5 andra sidan &#8221;Treskvejin&#8221; finns det ett omr\u00e5de p\u00e5 0,9 ha som Elvira Nelson och Lillian Eklund i september 1948 s\u00e5lde \u00e5t Dagsmark Idrottsklubb och som sedan dess \u00e4r <a href=\"https:\/\/www.lassebacklund.fi\/?page_id=12575\">byns idrottsplan.<\/a> Bortom planen finns en bostadstomt p\u00e5 0,7 ha som Elvira Nelson och Lillian Lindblad i juli 1953 s\u00e5lde \u00e5t Lars och Astrid Gran\u00e9r. Bakom Gran\u00e9rs finns f\u00f6ljande bostadstomt, ocks\u00e5 p\u00e5 0,7 ha som Elvira Nelson och Lillian Lindblad i november 1948 s\u00e5lde \u00e5t <a href=\"https:\/\/www.lassebacklund.fi\/?page_id=9985\">chauff\u00f6ren Birger Gr\u00f6nroos<\/a>. Bakom Gr\u00f6nroos finns f\u00f6ljande tomt p\u00e5 1,4 ha som \u00c5ke Lindblad \u00e5r 1958 s\u00e5lde \u00e5t Lars \u00c5lgars, vars g\u00e5rd syns till v\u00e4nster. Ett par \u00e5r senare s\u00e5lde \u00c5lgars den g\u00e5rden \u00e5t Elvi och Levi Berg.<\/figcaption><\/figure>\n<figure id=\"attachment_18978\" aria-describedby=\"caption-attachment-18978\" style=\"width: 944px\" class=\"wp-caption alignnone\"><img loading=\"lazy\" decoding=\"async\" class=\"size-full wp-image-18978\" src=\"https:\/\/www.lassebacklund.fi\/wp-content\/uploads\/2021\/01\/Vykort-over-Brobackan.jpg\" alt=\"\" width=\"944\" height=\"713\" srcset=\"https:\/\/www.lassebacklund.fi\/wp-content\/uploads\/2021\/01\/Vykort-over-Brobackan.jpg 944w, https:\/\/www.lassebacklund.fi\/wp-content\/uploads\/2021\/01\/Vykort-over-Brobackan-300x227.jpg 300w, https:\/\/www.lassebacklund.fi\/wp-content\/uploads\/2021\/01\/Vykort-over-Brobackan-768x580.jpg 768w\" sizes=\"auto, (max-width: 944px) 100vw, 944px\" \/><figcaption id=\"caption-attachment-18978\" class=\"wp-caption-text\">S\u00e4kerligen var det <a href=\"https:\/\/www.lassebacklund.fi\/?page_id=676\">Westerbacks<\/a> ko som var motivet f\u00f6r detta vykort fr\u00e5n ca 1960 men i h\u00f6gra kanten syns Lindblads nya g\u00e5rd. Den var fr\u00e5n b\u00f6rjan f\u00f6rsedd med de popul\u00e4ra vita mineritskivorna, som sedan i n\u00e5got skede byttes ut mot traditionell, r\u00f6d br\u00e4dfodring. L\u00e4ngre fram till v\u00e4nster syns den <a href=\"https:\/\/www.lassebacklund.fi\/?page_id=15030\">sytningsg\u00e5rd<\/a> som Viktor Eklund byggde \u00e5t sig p\u00e5 1930-talet och i kanten syns <a href=\"https:\/\/www.lassebacklund.fi\/?page_id=887\">&#8221;Westeras boden&#8221;,<\/a> som l\u00e5g riktigt n\u00e4ra korsning till Korsb\u00e4ck.<\/figcaption><\/figure>\n<figure id=\"attachment_18977\" aria-describedby=\"caption-attachment-18977\" style=\"width: 963px\" class=\"wp-caption alignnone\"><img loading=\"lazy\" decoding=\"async\" class=\"size-full wp-image-18977\" src=\"https:\/\/www.lassebacklund.fi\/wp-content\/uploads\/2021\/01\/Vykort-storabron.jpg\" alt=\"\" width=\"963\" height=\"751\" srcset=\"https:\/\/www.lassebacklund.fi\/wp-content\/uploads\/2021\/01\/Vykort-storabron.jpg 963w, https:\/\/www.lassebacklund.fi\/wp-content\/uploads\/2021\/01\/Vykort-storabron-300x234.jpg 300w, https:\/\/www.lassebacklund.fi\/wp-content\/uploads\/2021\/01\/Vykort-storabron-768x599.jpg 768w\" sizes=\"auto, (max-width: 963px) 100vw, 963px\" \/><figcaption id=\"caption-attachment-18977\" class=\"wp-caption-text\">P\u00e5 vykortet av <a href=\"https:\/\/www.lassebacklund.fi\/?page_id=1501\">Storbron<\/a> s\u00e5 syns Lindblads nybyggda g\u00e5rd p\u00e5 Brobackan mitt i bild. Fotot \u00e4r taget runt 1960.<\/figcaption><\/figure>\n","protected":false},"excerpt":{"rendered":"<p>Sammanst\u00e4llt av Lasse Backlund i januari 2021, med hj\u00e4lp av Lena Mannila. G\u00e5rdens historia P\u00e5 samma tomt stod fr\u00e5n tidigare en gammal bondg\u00e5rd fr\u00e5n sekelskiftet 1800-1900 som Lillians farfar Viktor Eklund hade byggt. Den h\u00e4r nya g\u00e5rden byggdes bakom den <a class=\"more-link\" href=\"https:\/\/www.lassebacklund.fi\/?page_id=18966\">Forts\u00e4tt l\u00e4sa <span class=\"screen-reader-text\">  Lindblads g\u00e5rd p\u00e5 Dagsmarkv\u00e4gen 439<\/span><span class=\"meta-nav\">&rarr;<\/span><\/a><\/p>\n","protected":false},"author":1,"featured_media":0,"parent":61,"menu_order":439,"comment_status":"closed","ping_status":"closed","template":"","meta":{"footnotes":""},"class_list":["post-18966","page","type-page","status-publish","hentry"],"_links":{"self":[{"href":"https:\/\/www.lassebacklund.fi\/index.php?rest_route=\/wp\/v2\/pages\/18966","targetHints":{"allow":["GET"]}}],"collection":[{"href":"https:\/\/www.lassebacklund.fi\/index.php?rest_route=\/wp\/v2\/pages"}],"about":[{"href":"https:\/\/www.lassebacklund.fi\/index.php?rest_route=\/wp\/v2\/types\/page"}],"author":[{"embeddable":true,"href":"https:\/\/www.lassebacklund.fi\/index.php?rest_route=\/wp\/v2\/users\/1"}],"replies":[{"embeddable":true,"href":"https:\/\/www.lassebacklund.fi\/index.php?rest_route=%2Fwp%2Fv2%2Fcomments&post=18966"}],"version-history":[{"count":34,"href":"https:\/\/www.lassebacklund.fi\/index.php?rest_route=\/wp\/v2\/pages\/18966\/revisions"}],"predecessor-version":[{"id":25322,"href":"https:\/\/www.lassebacklund.fi\/index.php?rest_route=\/wp\/v2\/pages\/18966\/revisions\/25322"}],"up":[{"embeddable":true,"href":"https:\/\/www.lassebacklund.fi\/index.php?rest_route=\/wp\/v2\/pages\/61"}],"wp:attachment":[{"href":"https:\/\/www.lassebacklund.fi\/index.php?rest_route=%2Fwp%2Fv2%2Fmedia&parent=18966"}],"curies":[{"name":"wp","href":"https:\/\/api.w.org\/{rel}","templated":true}]}}