{"id":1864,"date":"2016-11-12T16:55:36","date_gmt":"2016-11-12T15:55:36","guid":{"rendered":"http:\/\/www.lassebacklund.fi\/?page_id=1864"},"modified":"2025-11-18T16:44:59","modified_gmt":"2025-11-18T14:44:59","slug":"artur-och-sandras-pa-sunnantillvagen-15","status":"publish","type":"page","link":"https:\/\/www.lassebacklund.fi\/?page_id=1864","title":{"rendered":"Artur och Sandras p\u00e5 Sunnantillv\u00e4gen 15"},"content":{"rendered":"<figure id=\"attachment_1846\" aria-describedby=\"caption-attachment-1846\" style=\"width: 517px\" class=\"wp-caption alignnone\"><img loading=\"lazy\" decoding=\"async\" class=\"size-full wp-image-1846\" src=\"http:\/\/www.lassebacklund.fi\/wp-content\/uploads\/2016\/11\/1-7.jpg\" alt=\"Artur och Sandras g\u00e5rd p\u00e5 A-sidon, fotograferad fr\u00e5n \u00f6ster.\" width=\"517\" height=\"372\" srcset=\"https:\/\/www.lassebacklund.fi\/wp-content\/uploads\/2016\/11\/1-7.jpg 517w, https:\/\/www.lassebacklund.fi\/wp-content\/uploads\/2016\/11\/1-7-300x216.jpg 300w\" sizes=\"auto, (max-width: 517px) 100vw, 517px\" \/><figcaption id=\"caption-attachment-1846\" class=\"wp-caption-text\">Den h\u00e4r g\u00e5rden p\u00e5 Sunnantillv\u00e4gen 15 skall enligt h\u00f6rs\u00e4gen ha st\u00e5tt p\u00e5 s\u00f6dra sidan Sunnantillv\u00e4gen och n\u00e5gon g\u00e5ng efter 1916 skulle den ha flyttats till den norra sidan. Den \u00e4r mest k\u00e4nd som Artur och Sandras g\u00e5rd och h\u00e4r \u00e4r den fotograferad fr\u00e5n \u00f6ster.<\/figcaption><\/figure>\n<p><strong><span style=\"color: #000080;\">Sammanst\u00e4llt av Lasse Backlund \u00e5r 2013, med hj\u00e4lp av folkskoll\u00e4raren Kurt Rosengren.\u00a0<\/span><\/strong><\/p>\n<h3><strong>Gamla historien.<\/strong><\/h3>\n<p>Den h\u00e4r g\u00e5rden p\u00e5 Sunnantillv\u00e4gen 15 stod tidigare n\u00e5gonstans p\u00e5 s\u00f6dra sidan av v\u00e4gen men flyttades i b\u00f6rjan av 1900-talet till den norra sidan och den \u00e4gdes d\u00e5 av Johan Josef Kaas eller Storfors, som var f\u00f6dd i P\u00e5skmark \u00e5r 1841 och hans hustru Edla Sofia (f. Yrj\u00e4ns 1841-1926) som ocks\u00e5 var hemma fr\u00e5n P\u00e5skmark.<\/p>\n<p><strong>\u00c5r 1869<\/strong> hade Johan Josef och Edla Kaas flyttat till Dagsmark tillsammans med barnen Amanda Sofia (f.1866) och Josef Henrik (1868-1923). \u00c5r 1870 f\u00f6ddes dottern Matilda och \u00e5r 1872 f\u00f6ddes sonen Johan August. \u00c5r 1875 blev Johan Josef Kaas \u00e4gare till s\u00e5gkvarnen i Storfors och d\u00e4rf\u00f6r kallades han i folkmun f\u00f6r &#8221;Storf\u00e5ssin&#8221;. (Vill du l\u00e4sa mera om s\u00e5gkvarnen i Storfors, s\u00e5 skall du klicka <a href=\"http:\/\/www.lassebacklund.fi\/?page_id=1761\"><span style=\"color: #000080; text-decoration: underline;\"><strong>H\u00c4R!) <\/strong><\/span><\/a>P\u00e5 1870-talet var han ocks\u00e5 del\u00e4gare i bonderederiet Ebb i Lappfj\u00e4rd, det som sedermera gick i konkurs och f\u00f6rsatte flera familjer p\u00e5 bar backe. Storf\u00e5ssin r\u00e4ddades h\u00e4r av sin bror Erik Henrik Kaas (1846-1926), som \u00f6vertog alla skulder och m\u00f6jliga tillg\u00e5ngar i konkursboet. (Vill du l\u00e4sa mera om bonderederiet Ebb, s\u00e5 klicka <a href=\"http:\/\/www.lassebacklund.fi\/?page_id=2441\"><span style=\"color: #000080; text-decoration: underline;\"><strong>H\u00c4R!)<\/strong><\/span><\/a><\/p>\n<p><strong>\u00c5r 1892<\/strong> gifte sig Storf\u00e5ssinas dotter Matilda Storfors med mj\u00f6lnaren Anders Johansson Klemets (1867-1898) och de fick \u00e5r 1894 dottern Alexandra, som kallades Sandra. Matilda blev \u00e4nka i unga \u00e5r, d\u00e5 hennes man pl\u00f6tsligt dog \u00e5r 1898. (Vill du l\u00e4sa mera om mj\u00f6lnaren Anders p\u00e5 Klemets kvarn, s\u00e5 klicka <a href=\"http:\/\/www.lassebacklund.fi\/?page_id=1587\"><span style=\"text-decoration: underline;\"><strong>H\u00c4R<\/strong><\/span><\/a>!)<\/p>\n<p><strong>\u00c5r 1902<\/strong> gifte Matilda om sig med Anders Henrik Bj\u00f6rses (f.1866 i Perus) och de bytte d\u00e5 sl\u00e4ktnamn till Forsg\u00e5rd. Tillsammans med sin dotter Alexandra fr\u00e5n f\u00f6rsta \u00e4ktenskapet och den nya mannen Anders k\u00f6pte de en bondg\u00e5rd och hemmanet Sandback 4:4 n\u00e4ra Lillbron p\u00e5 A-sidon. De fick tv\u00e5 d\u00f6ttrar tillsammans men b\u00e5da dog i unga \u00e5r och d\u00e5 emigrerade Anders \u00e5r 1910 till Amerika och han kom inte tillbaka. \u00c5r 1913 s\u00e5lde Mathilda Forsg\u00e5rd bostadstomten och den gamla bondg\u00e5rden \u00e5t b\u00f6nehusf\u00f6reningen, som genast byggde om den till b\u00f6nehus. (Vill du l\u00e4sa mera om detta b\u00f6nehus, s\u00e5 klicka <a href=\"http:\/\/www.lassebacklund.fi\/?page_id=1928\"><span style=\"text-decoration: underline;\"><strong>H\u00c4R!)<\/strong>\u00a0 <\/span><\/a><\/p>\n<h3><strong>Matilda Forsg\u00e5rd tar \u00f6ver Gunnilsb\u00e4rg.<\/strong><\/h3>\n<p>Samma \u00e5r, allts\u00e5 1913 s\u00e5lde Matilda hemmanets marker \u00e5t handlanden Josef Henrik Storkull. I september 1918 s\u00e5lde J. H. Storkull en parcell \u00e5t Matildas dotter Alexandra Forsg\u00e5rd. Parcellen, som fick namnet Gunnilsb\u00e4rg var p\u00e5 n\u00e4stan 0,2 ha och l\u00e5g i r\u00e5 med Backlundas hemman. Mathilda och Alexandra flyttade d\u00e5 till denna parcell p\u00e5 Sunnantillv\u00e4gen 15 d\u00e4r Mathildas mor, \u00e4nkan Edla Sofia bodde fr\u00e5n tidigare. Mathilda dog redan \u00e5r 1916 medan hennes mor Edla L\u00e5ng levde till 1926.<\/p>\n<p><strong>\u00c5r 1923, den 6 januari<\/strong> best\u00e4mde Edla Sofia L\u00e5ng i ett testamente att efter hennes d\u00f6d skall alla hennes tillg\u00e5ngar tillfalla dotterdottern Alexandra, f\u00f6rutom 300 mark som skall tillfalla Dagsmark B\u00f6nehus.<\/p>\n<figure id=\"attachment_2007\" aria-describedby=\"caption-attachment-2007\" style=\"width: 460px\" class=\"wp-caption alignnone\"><img loading=\"lazy\" decoding=\"async\" class=\" wp-image-2007\" src=\"http:\/\/www.lassebacklund.fi\/wp-content\/uploads\/2016\/11\/Matilda-Storfors-1870-1916-och-hennes-dotter-Alexandra-Forsg\u00e5rd-1894-1960.-Foto-1913..jpg\" alt=\"P\u00e5 fotot fr\u00e5n 1913 Matilda Storfors 1870-1916 och hennes dotter Alexandra Forsg\u00e5rd 1894-1960. \" width=\"460\" height=\"637\" srcset=\"https:\/\/www.lassebacklund.fi\/wp-content\/uploads\/2016\/11\/Matilda-Storfors-1870-1916-och-hennes-dotter-Alexandra-Forsg\u00e5rd-1894-1960.-Foto-1913..jpg 600w, https:\/\/www.lassebacklund.fi\/wp-content\/uploads\/2016\/11\/Matilda-Storfors-1870-1916-och-hennes-dotter-Alexandra-Forsg\u00e5rd-1894-1960.-Foto-1913.-217x300.jpg 217w\" sizes=\"auto, (max-width: 460px) 100vw, 460px\" \/><figcaption id=\"caption-attachment-2007\" class=\"wp-caption-text\">Matilda Storfors 1870-1916 och hennes dotter Alexandra Forsg\u00e5rd 1894-1960. Fotot fr\u00e5n \u00e5r 1913.<\/figcaption><\/figure>\n<figure id=\"attachment_1854\" aria-describedby=\"caption-attachment-1854\" style=\"width: 393px\" class=\"wp-caption alignnone\"><img loading=\"lazy\" decoding=\"async\" class=\"wp-image-1854\" src=\"http:\/\/www.lassebacklund.fi\/wp-content\/uploads\/2016\/11\/Bild3.jpg\" alt=\"Bild3\" width=\"393\" height=\"648\" srcset=\"https:\/\/www.lassebacklund.fi\/wp-content\/uploads\/2016\/11\/Bild3.jpg 907w, https:\/\/www.lassebacklund.fi\/wp-content\/uploads\/2016\/11\/Bild3-182x300.jpg 182w, https:\/\/www.lassebacklund.fi\/wp-content\/uploads\/2016\/11\/Bild3-768x1267.jpg 768w, https:\/\/www.lassebacklund.fi\/wp-content\/uploads\/2016\/11\/Bild3-621x1024.jpg 621w\" sizes=\"auto, (max-width: 393px) 100vw, 393px\" \/><figcaption id=\"caption-attachment-1854\" class=\"wp-caption-text\">Artur Rosengren med hustrun Alexandra, som kallades f\u00f6r Sandra.<\/figcaption><\/figure>\n<p><strong>\u00c5r 1926 p\u00e5 sommaren<\/strong> gifte sig Alexandra Forsg\u00e5rd Artur Rosengren (1901-1974) och han flyttade d\u00e5 till hennes g\u00e5rd fr\u00e5n hemg\u00e5rden p\u00e5 \u00c5backan. Uthuset som fortfarande st\u00e5r p\u00e5 tomten byggde Artur Rosengren \u00e5r 1937.<\/p>\n<p><strong>\u00c5r 1926, den 17 december<\/strong> avled sytnings\u00e4nkan Edla Sofia L\u00e5ng och d\u00e5 kunde Alexandra \u00f6verta g\u00e5rden och tomten.<\/p>\n<figure id=\"attachment_1863\" aria-describedby=\"caption-attachment-1863\" style=\"width: 550px\" class=\"wp-caption alignnone\"><img loading=\"lazy\" decoding=\"async\" class=\" wp-image-1863\" src=\"http:\/\/www.lassebacklund.fi\/wp-content\/uploads\/2016\/11\/Arturas-uthuset-i-december-1.jpg\" alt=\"Det enda som finns kvar p\u00e5 tomten i dag \u00e4r det gamla uthuset, h\u00e4r fotograferat i december 2015.\" width=\"550\" height=\"413\" srcset=\"https:\/\/www.lassebacklund.fi\/wp-content\/uploads\/2016\/11\/Arturas-uthuset-i-december-1.jpg 4000w, https:\/\/www.lassebacklund.fi\/wp-content\/uploads\/2016\/11\/Arturas-uthuset-i-december-1-300x225.jpg 300w, https:\/\/www.lassebacklund.fi\/wp-content\/uploads\/2016\/11\/Arturas-uthuset-i-december-1-768x576.jpg 768w, https:\/\/www.lassebacklund.fi\/wp-content\/uploads\/2016\/11\/Arturas-uthuset-i-december-1-1024x768.jpg 1024w\" sizes=\"auto, (max-width: 550px) 100vw, 550px\" \/><figcaption id=\"caption-attachment-1863\" class=\"wp-caption-text\">Det enda som finns kvar p\u00e5 tomten i dag \u00e4r det gamla uthuset, h\u00e4r fotograferat i december 2015.<\/figcaption><\/figure>\n<p>Alexandra var sm\u00e5skoll\u00e4rarinna i Dagsmark fr\u00e5n \u00e5r 1918 fram till \u00e5r 1940. I den h\u00e4r g\u00e5rden f\u00f6ddes de 4 fyra barnen Kurt, Fjalar, Gunnel och Volmar men hela familjen flyttade till Tr\u00e4skvik d\u00e5 Artur och Alexandra fick l\u00e4rartj\u00e4nst d\u00e4r. Vistelsen i Tr\u00e4skvik blev inte l\u00e5ngvarig f\u00f6r n\u00e4r forts\u00e4ttningskriget br\u00f6t ut sommaren 1941 s\u00e5 flyttade hela familjen tillbaka till Dagsmark och stannade h\u00e4r till 1944 d\u00e5 de igen flyttade till Tr\u00e4skvik.<\/p>\n<p>G\u00e5rden i Dagsmark var f\u00f6rsedd med elektricitet fr\u00e5n Viktor Nylunds kraftverk i Gamla forsen. N\u00e5gon elektricitet fanns det d\u00e4remot inte i Tr\u00e4skvik utan d\u00e4r anv\u00e4ndes endast oljelampor. N\u00e4r forts\u00e4ttningskriget br\u00f6t ut 1941 blev det brist p\u00e5 olja och petroleum och det var nog fr\u00e4msta orsaken varf\u00f6r familjen flyttade tillbaka. Skolan i Tr\u00e4skvik var st\u00e4ngd under kriget.<\/p>\n<figure id=\"attachment_1861\" aria-describedby=\"caption-attachment-1861\" style=\"width: 1495px\" class=\"wp-caption aligncenter\"><img loading=\"lazy\" decoding=\"async\" class=\"wp-image-1861 size-full\" src=\"http:\/\/www.lassebacklund.fi\/wp-content\/uploads\/2016\/11\/Gammalt-hus.jpg\" alt=\"Gammalt hus\" width=\"1495\" height=\"1023\" srcset=\"https:\/\/www.lassebacklund.fi\/wp-content\/uploads\/2016\/11\/Gammalt-hus.jpg 1495w, https:\/\/www.lassebacklund.fi\/wp-content\/uploads\/2016\/11\/Gammalt-hus-300x205.jpg 300w, https:\/\/www.lassebacklund.fi\/wp-content\/uploads\/2016\/11\/Gammalt-hus-768x526.jpg 768w, https:\/\/www.lassebacklund.fi\/wp-content\/uploads\/2016\/11\/Gammalt-hus-1024x701.jpg 1024w\" sizes=\"auto, (max-width: 1495px) 100vw, 1495px\" \/><figcaption id=\"caption-attachment-1861\" class=\"wp-caption-text\">I den h\u00e4r bygganden fr\u00e5n \u00e5r 1900, som byggdes som l\u00e4rarinnebostad h\u00f6ll Sandra sm\u00e5skola under flera \u00e5r. Huset stod \u00f6ster om den nuvarande sm\u00e5skolbygganden.<\/figcaption><\/figure>\n<p>G\u00e5rden p\u00e5 A-sidon stod tom n\u00e4stan hela tiden efter att Rosengrens flyttade till Tr\u00e4skvik efter kriget. Under en kort tid p\u00e5 1950-talet bodde Edla Lillsj\u00f6 fr\u00e5n Korsb\u00e4ck d\u00e4r, allts\u00e5 hon som kallades &#8221;Trell-Edla&#8221;.<\/p>\n<p><strong>\u00c5r 1960, den 6 ma<\/strong>j avled Alexandra Rosengren i sitt hem p\u00e5 Tr\u00e4skvik folkskola och g\u00e5rden i Dagsmark \u00f6vertogs d\u00e5 av \u00e4nklingen Artur och de fyra barnen.<\/p>\n<p><strong>\u00c5r 1974, den 6 mars<\/strong> avled pensionerade folkskoll\u00e4raren Artur Rosengren i sitt hem i Kristinestad, dit han hade flyttat i februari 1972. Vid arvskiftet best\u00e4mdes det att g\u00e5rden p\u00e5 Gunnilsb\u00e4rg i Dagsmark skulle \u00f6vertas av sonen Fjalar Rosengren, bosatt i Helsingfors. G\u00e5rdsbyggnaden v\u00e4rderas v\u00e4ldigt l\u00e5gt, eftersom den hade varit obebodd i 30 \u00e5r och i fallf\u00e4rdigt skick. Syskonen Kurt och Gunnel fick sitt arv i pengar medan lektor Volmar i Borg\u00e5 helt avstod fr\u00e5n arv, d\u00e5 han tyckte att f\u00f6r\u00e4ldrarna hade bekostat hans utbildning.<\/p>\n<p>Den gamla g\u00e5rden revs ner av v\u00e4xthusodlaren <a href=\"https:\/\/www.lassebacklund.fi\/?page_id=9985\">Birger Gr\u00f6nroos<\/a> i mitten av 1970-talet och han anv\u00e4nde virket f\u00f6r att v\u00e4rma upp sina v\u00e4xthus.<\/p>\n<p><strong>\u00c5r 2025, i april<\/strong> s\u00e5lde Fjalar Rosengrens arvingar tomten med det gamla uthuset \u00e5t en granne<\/p>\n<h3><strong>Sl\u00e4kthistoria:<\/strong><\/h3>\n<p>&#8211;<strong> Alexandra<\/strong> (f.1894,d.1960) var dotter till mj\u00f6lnaren och bonden ANDERS Johansson Klemets och Maria MATHILDA Johansdotter Storfors (f.1870 i Storfors, d. 1916). Mathildas far Johan Josefsson Storfors el L\u00e5ng var hemma fr\u00e5n Kaas hemman i Tj\u00f6ck och var i tiderna \u00e4gare till s\u00e5gkvarnen i Storfors och kallades d\u00e4rf\u00f6r f\u00f6r &#8221;Storf\u00e5ssin&#8221;. Familjen bodde i ett litet hus nedanom kvarnen. Mj\u00f6lnaren Anders Klemets dog pl\u00f6tsligt \u00e5r 1898 d\u00e5 han en dag tillsammans med hustrun Mathilda h\u00f6ll p\u00e5 att bearbeta en kvarnsten. N\u00e4r stenen skulle v\u00e4ndas blev p\u00e5frestningen s\u00e5 stor att Anders dog av anstr\u00e4ngningen.<\/p>\n<p>Klemets bron n\u00e4ra kvarnen kallas ju ocks\u00e5 f\u00f6r L\u00e5ngasbroen, m\u00f6jligtvis efter just denne Johan L\u00e5ng, allts\u00e5 Storf\u00e5ssin.<\/p>\n<p>Mathilda fick tv\u00e5 barn tillsammans med Anders Klemets, f\u00f6rst Emil Sigfrid (1893-1902) och sedan Alexandra \u00e5r 1894.<\/p>\n<p><strong>\u00c5r 1899, den 17 juli<\/strong> k\u00f6pte Matilda Klemets ett torp p\u00e5 Sunnantillv\u00e4gen av &#8221;Pelas Viktor och Katarina &#8221; Lillkull f\u00f6r 400 mark. Torpet skulle ha legat i n\u00e4rheten av Lillkulls g\u00e5rd p\u00e5 Sunnantillv\u00e4gen 59 och Rebecks g\u00e5rd p\u00e5 Sunnantillv\u00e4gen. Arrendetiden var 50 \u00e5r och varje \u00e5r skulle Matilda g\u00f6ra ett dagsverke.<\/p>\n<p><strong>\u00c5r 1900<\/strong> k\u00f6pte Mathilda ett hemman p\u00e5 A-Sidon, det som i dag \u00e4r familjen Backlunds hemg\u00e5rd. \u00c5r 1902 gifte Mathilda om sig med Anders Henrik Bj\u00f6rses fr\u00e5n Perus by men bytte namn till Forsg\u00e5rd och de flyttade 1904 till en bondg\u00e5rd n\u00e4ra Lillbron i Dagsmark, som de k\u00f6pte av Maria Utter. Med sin nya Anders fick hon tv\u00e5 barn som b\u00e5da dog unga. \u00c5r 1910 flyttade Anders till Amerika och levde d\u00e4r tills han dog. Anders kallades ocks\u00e5 f\u00f6r Lilltmoss Ant.<\/p>\n<p><strong>\u00c5r 1913<\/strong> besl\u00f6t en grupp Dagsmarkbor att bilda en b\u00f6nehusf\u00f6rening och att de skulle k\u00f6pa Mathilda Forsg\u00e5rds bondg\u00e5rd och att den skulle byggas om till b\u00f6nehus. F\u00f6r 2\u00a0000 mark s\u00e5ldes g\u00e5rden med 5 rum och Mathilda och dottern Alexandra flyttade d\u00e4rf\u00f6r till Sunnantillv\u00e4gen 15. Vill du l\u00e4sa vad Syd-\u00d6sterbotten skrev \u00e5r 1944, d\u00e5 Sandra fyllde 50 \u00e5r, s\u00e5 skall du klicka <a href=\"http:\/\/www.lassebacklund.fi\/?page_id=9642\"><span style=\"text-decoration: underline;\"><span style=\"color: #000080;\"><strong>H\u00c4R!<\/strong><\/span><\/span><\/a><\/p>\n<p>&#8211;<strong>ARTUR<\/strong> Anselm Rosengren (1901-1974) var son till bonden Erik Anders Klemets, senare Rosengren (f. 1873) och Vilhelmina Eriksdotter L\u00e5ng (f. 1869,). Han v\u00e4xte upp p\u00e5 \u00c5backan i den h\u00e4r g\u00e5rden h\u00e4r nedan.<\/p>\n<figure id=\"attachment_1862\" aria-describedby=\"caption-attachment-1862\" style=\"width: 1754px\" class=\"wp-caption aligncenter\"><img loading=\"lazy\" decoding=\"async\" class=\"wp-image-1862 size-full\" src=\"http:\/\/www.lassebacklund.fi\/wp-content\/uploads\/2016\/11\/Rosengrens-g\u00e5rd.jpg\" alt=\"Rosengrens g\u00e5rd\" width=\"1754\" height=\"1241\" srcset=\"https:\/\/www.lassebacklund.fi\/wp-content\/uploads\/2016\/11\/Rosengrens-g\u00e5rd.jpg 1754w, https:\/\/www.lassebacklund.fi\/wp-content\/uploads\/2016\/11\/Rosengrens-g\u00e5rd-300x212.jpg 300w, https:\/\/www.lassebacklund.fi\/wp-content\/uploads\/2016\/11\/Rosengrens-g\u00e5rd-768x543.jpg 768w, https:\/\/www.lassebacklund.fi\/wp-content\/uploads\/2016\/11\/Rosengrens-g\u00e5rd-1024x725.jpg 1024w\" sizes=\"auto, (max-width: 1754px) 100vw, 1754px\" \/><figcaption id=\"caption-attachment-1862\" class=\"wp-caption-text\">I denna g\u00e5rd p\u00e5 \u00c5backan f\u00f6ddes Artur Rosengren. G\u00e5rden hade tidigare st\u00e5tt d\u00e4r &#8221;Kaalas&#8221; p\u00e5 Kollt\u00e5 nere i centrum, d\u00e4r Arturs mor Vilhelmina hade bott. I samband med storskiftet 1900-1912 flyttades g\u00e5rden till \u00c5backan,<\/figcaption><\/figure>\n<h3><strong>Foton.<\/strong><\/h3>\n<figure id=\"attachment_1847\" aria-describedby=\"caption-attachment-1847\" style=\"width: 554px\" class=\"wp-caption aligncenter\"><img loading=\"lazy\" decoding=\"async\" class=\"size-full wp-image-1847\" src=\"http:\/\/www.lassebacklund.fi\/wp-content\/uploads\/2016\/11\/2-7.jpg\" alt=\"Artur och Sandra framf\u00f6r huset, som i tiderna hade en vacker och tidstypiskt farstukvist. \" width=\"554\" height=\"394\" srcset=\"https:\/\/www.lassebacklund.fi\/wp-content\/uploads\/2016\/11\/2-7.jpg 554w, https:\/\/www.lassebacklund.fi\/wp-content\/uploads\/2016\/11\/2-7-300x213.jpg 300w\" sizes=\"auto, (max-width: 554px) 100vw, 554px\" \/><figcaption id=\"caption-attachment-1847\" class=\"wp-caption-text\">Artur och Sandra framf\u00f6r g\u00e5rden, som i tiderna hade en vacker och tidstypiskt farstukvist.<\/figcaption><\/figure>\n<figure id=\"attachment_1848\" aria-describedby=\"caption-attachment-1848\" style=\"width: 1200px\" class=\"wp-caption aligncenter\"><img loading=\"lazy\" decoding=\"async\" class=\"size-full wp-image-1848\" src=\"http:\/\/www.lassebacklund.fi\/wp-content\/uploads\/2016\/11\/3-6.jpg\" alt=\"H\u00e4r st\u00e5r Artur Rosengren bakom barndomshemmet, fotograferat fr\u00e5n norr. \" width=\"1200\" height=\"818\" srcset=\"https:\/\/www.lassebacklund.fi\/wp-content\/uploads\/2016\/11\/3-6.jpg 1200w, https:\/\/www.lassebacklund.fi\/wp-content\/uploads\/2016\/11\/3-6-300x205.jpg 300w, https:\/\/www.lassebacklund.fi\/wp-content\/uploads\/2016\/11\/3-6-768x524.jpg 768w, https:\/\/www.lassebacklund.fi\/wp-content\/uploads\/2016\/11\/3-6-1024x698.jpg 1024w\" sizes=\"auto, (max-width: 1200px) 100vw, 1200px\" \/><figcaption id=\"caption-attachment-1848\" class=\"wp-caption-text\">Artur Rosengren bakom barndomshemmet, fotograferat fr\u00e5n norr.<\/figcaption><\/figure>\n<figure id=\"attachment_1849\" aria-describedby=\"caption-attachment-1849\" style=\"width: 1207px\" class=\"wp-caption aligncenter\"><img loading=\"lazy\" decoding=\"async\" class=\"size-full wp-image-1849\" src=\"http:\/\/www.lassebacklund.fi\/wp-content\/uploads\/2016\/11\/4-6.jpg\" alt=\"H\u00e4r st\u00e5r Artur och Sandra Rosengren tillsammans med barnen Kurt som h\u00e5ller i hunden, Volmar, Fjalar och Gunnel.\" width=\"1207\" height=\"821\" srcset=\"https:\/\/www.lassebacklund.fi\/wp-content\/uploads\/2016\/11\/4-6.jpg 1207w, https:\/\/www.lassebacklund.fi\/wp-content\/uploads\/2016\/11\/4-6-300x204.jpg 300w, https:\/\/www.lassebacklund.fi\/wp-content\/uploads\/2016\/11\/4-6-768x522.jpg 768w, https:\/\/www.lassebacklund.fi\/wp-content\/uploads\/2016\/11\/4-6-1024x697.jpg 1024w\" sizes=\"auto, (max-width: 1207px) 100vw, 1207px\" \/><figcaption id=\"caption-attachment-1849\" class=\"wp-caption-text\">Artur och Sandra Rosengren tillsammans med barnen Kurt som h\u00e5ller i hunden, Volmar, Fjalar och Gunnel.<\/figcaption><\/figure>\n<figure id=\"attachment_1850\" aria-describedby=\"caption-attachment-1850\" style=\"width: 581px\" class=\"wp-caption aligncenter\"><img loading=\"lazy\" decoding=\"async\" class=\" wp-image-1850\" src=\"http:\/\/www.lassebacklund.fi\/wp-content\/uploads\/2016\/11\/5-6.jpg\" alt=\"S\u00e5 h\u00e4r s\u00e5g g\u00e5rden ut i slutet p\u00e5 60-talet, d\u00e5 Artur med moped bes\u00f6kte Dagsmark och inspekterade st\u00e4llet.\" width=\"581\" height=\"371\" srcset=\"https:\/\/www.lassebacklund.fi\/wp-content\/uploads\/2016\/11\/5-6.jpg 625w, https:\/\/www.lassebacklund.fi\/wp-content\/uploads\/2016\/11\/5-6-300x192.jpg 300w\" sizes=\"auto, (max-width: 581px) 100vw, 581px\" \/><figcaption id=\"caption-attachment-1850\" class=\"wp-caption-text\">S\u00e5 h\u00e4r s\u00e5g g\u00e5rden ut i slutet p\u00e5 60-talet, d\u00e5 Artur med moped bes\u00f6kte Dagsmark och inspekterade st\u00e4llet.<\/figcaption><\/figure>\n<figure id=\"attachment_1852\" aria-describedby=\"caption-attachment-1852\" style=\"width: 566px\" class=\"wp-caption aligncenter\"><img loading=\"lazy\" decoding=\"async\" class=\"wp-image-1852 \" src=\"http:\/\/www.lassebacklund.fi\/wp-content\/uploads\/2016\/11\/7-5.jpg\" alt=\"7\" width=\"566\" height=\"307\" srcset=\"https:\/\/www.lassebacklund.fi\/wp-content\/uploads\/2016\/11\/7-5.jpg 801w, https:\/\/www.lassebacklund.fi\/wp-content\/uploads\/2016\/11\/7-5-300x163.jpg 300w, https:\/\/www.lassebacklund.fi\/wp-content\/uploads\/2016\/11\/7-5-768x417.jpg 768w\" sizes=\"auto, (max-width: 566px) 100vw, 566px\" \/><figcaption id=\"caption-attachment-1852\" class=\"wp-caption-text\">Uthuset som Artur byggde 1937, foto fr\u00e5n v\u00e4ster taget \u00e5r 2003.<\/figcaption><\/figure>\n<figure id=\"attachment_1855\" aria-describedby=\"caption-attachment-1855\" style=\"width: 535px\" class=\"wp-caption aligncenter\"><img loading=\"lazy\" decoding=\"async\" class=\"wp-image-1855 \" src=\"http:\/\/www.lassebacklund.fi\/wp-content\/uploads\/2016\/11\/Bild11.jpg\" alt=\"Bild11\" width=\"535\" height=\"366\" srcset=\"https:\/\/www.lassebacklund.fi\/wp-content\/uploads\/2016\/11\/Bild11.jpg 1496w, https:\/\/www.lassebacklund.fi\/wp-content\/uploads\/2016\/11\/Bild11-300x205.jpg 300w, https:\/\/www.lassebacklund.fi\/wp-content\/uploads\/2016\/11\/Bild11-768x525.jpg 768w, https:\/\/www.lassebacklund.fi\/wp-content\/uploads\/2016\/11\/Bild11-1024x700.jpg 1024w\" sizes=\"auto, (max-width: 535px) 100vw, 535px\" \/><figcaption id=\"caption-attachment-1855\" class=\"wp-caption-text\">Tack vare att pl\u00e5ttaket sattes p\u00e5 uthuset har det h\u00e5llit i gott skick.<\/figcaption><\/figure>\n<figure id=\"attachment_1859\" aria-describedby=\"caption-attachment-1859\" style=\"width: 408px\" class=\"wp-caption aligncenter\"><img loading=\"lazy\" decoding=\"async\" class=\"wp-image-1859 \" src=\"http:\/\/www.lassebacklund.fi\/wp-content\/uploads\/2016\/11\/Bild23.jpg\" alt=\"Bild23\" width=\"408\" height=\"597\" srcset=\"https:\/\/www.lassebacklund.fi\/wp-content\/uploads\/2016\/11\/Bild23.jpg 1023w, https:\/\/www.lassebacklund.fi\/wp-content\/uploads\/2016\/11\/Bild23-205x300.jpg 205w, https:\/\/www.lassebacklund.fi\/wp-content\/uploads\/2016\/11\/Bild23-768x1125.jpg 768w, https:\/\/www.lassebacklund.fi\/wp-content\/uploads\/2016\/11\/Bild23-699x1024.jpg 699w\" sizes=\"auto, (max-width: 408px) 100vw, 408px\" \/><figcaption id=\"caption-attachment-1859\" class=\"wp-caption-text\">Sandra som uppvaktas med blommor.<\/figcaption><\/figure>\n<figure id=\"attachment_1856\" aria-describedby=\"caption-attachment-1856\" style=\"width: 526px\" class=\"wp-caption aligncenter\"><img loading=\"lazy\" decoding=\"async\" class=\"wp-image-1856 \" src=\"http:\/\/www.lassebacklund.fi\/wp-content\/uploads\/2016\/11\/Bild15.jpg\" alt=\"Bild15\" width=\"526\" height=\"356\" srcset=\"https:\/\/www.lassebacklund.fi\/wp-content\/uploads\/2016\/11\/Bild15.jpg 1499w, https:\/\/www.lassebacklund.fi\/wp-content\/uploads\/2016\/11\/Bild15-300x203.jpg 300w, https:\/\/www.lassebacklund.fi\/wp-content\/uploads\/2016\/11\/Bild15-768x521.jpg 768w, https:\/\/www.lassebacklund.fi\/wp-content\/uploads\/2016\/11\/Bild15-1024x694.jpg 1024w\" sizes=\"auto, (max-width: 526px) 100vw, 526px\" \/><figcaption id=\"caption-attachment-1856\" class=\"wp-caption-text\">Artur Rosengren var en h\u00e4ngiven j\u00e4gare och gev\u00e4r var hans stora intresse. H\u00e4r sitter han i skolsalen bredvid katedern och siktar.<\/figcaption><\/figure>\n<figure id=\"attachment_1858\" aria-describedby=\"caption-attachment-1858\" style=\"width: 309px\" class=\"wp-caption aligncenter\"><img loading=\"lazy\" decoding=\"async\" class=\"wp-image-1858\" src=\"http:\/\/www.lassebacklund.fi\/wp-content\/uploads\/2016\/11\/Bild22.jpg\" alt=\"Bild22\" width=\"309\" height=\"453\" srcset=\"https:\/\/www.lassebacklund.fi\/wp-content\/uploads\/2016\/11\/Bild22.jpg 1022w, https:\/\/www.lassebacklund.fi\/wp-content\/uploads\/2016\/11\/Bild22-205x300.jpg 205w, https:\/\/www.lassebacklund.fi\/wp-content\/uploads\/2016\/11\/Bild22-768x1126.jpg 768w, https:\/\/www.lassebacklund.fi\/wp-content\/uploads\/2016\/11\/Bild22-699x1024.jpg 699w\" sizes=\"auto, (max-width: 309px) 100vw, 309px\" \/><figcaption id=\"caption-attachment-1858\" class=\"wp-caption-text\">Sm\u00e5skoll\u00e4rarinnan Alexandra &#8221;Sandra&#8221; Forsg\u00e5rd, som gifte sig med Artur Rosengren.<\/figcaption><\/figure>\n<figure id=\"attachment_1860\" aria-describedby=\"caption-attachment-1860\" style=\"width: 1500px\" class=\"wp-caption aligncenter\"><img loading=\"lazy\" decoding=\"async\" class=\"wp-image-1860 size-full\" src=\"http:\/\/www.lassebacklund.fi\/wp-content\/uploads\/2016\/11\/Br\u00f6llopsfoto.jpg\" alt=\"Br\u00f6llopsfoto\" width=\"1500\" height=\"1010\" srcset=\"https:\/\/www.lassebacklund.fi\/wp-content\/uploads\/2016\/11\/Br\u00f6llopsfoto.jpg 1500w, https:\/\/www.lassebacklund.fi\/wp-content\/uploads\/2016\/11\/Br\u00f6llopsfoto-300x202.jpg 300w, https:\/\/www.lassebacklund.fi\/wp-content\/uploads\/2016\/11\/Br\u00f6llopsfoto-768x517.jpg 768w, https:\/\/www.lassebacklund.fi\/wp-content\/uploads\/2016\/11\/Br\u00f6llopsfoto-1024x689.jpg 1024w\" sizes=\"auto, (max-width: 1500px) 100vw, 1500px\" \/><figcaption id=\"caption-attachment-1860\" class=\"wp-caption-text\">\u00c5r 1962 gifte sig Gunnel Rosengren med Erik Becker (f.1939) fr\u00e5n V\u00e4ster-Yttermark. De bosatte sig sedan i Kristinestad d\u00e4r Erik arbetade som skattedirekt\u00f6r.<\/figcaption><\/figure>\n<figure id=\"attachment_1857\" aria-describedby=\"caption-attachment-1857\" style=\"width: 437px\" class=\"wp-caption alignnone\"><img loading=\"lazy\" decoding=\"async\" class=\"wp-image-1857\" src=\"http:\/\/www.lassebacklund.fi\/wp-content\/uploads\/2016\/11\/Bild21.jpg\" alt=\"Bild21\" width=\"437\" height=\"637\" srcset=\"https:\/\/www.lassebacklund.fi\/wp-content\/uploads\/2016\/11\/Bild21.jpg 1027w, https:\/\/www.lassebacklund.fi\/wp-content\/uploads\/2016\/11\/Bild21-206x300.jpg 206w, https:\/\/www.lassebacklund.fi\/wp-content\/uploads\/2016\/11\/Bild21-768x1119.jpg 768w, https:\/\/www.lassebacklund.fi\/wp-content\/uploads\/2016\/11\/Bild21-703x1024.jpg 703w\" sizes=\"auto, (max-width: 437px) 100vw, 437px\" \/><figcaption id=\"caption-attachment-1857\" class=\"wp-caption-text\">Sandra Forsg\u00e5rd i unga \u00e5r.<\/figcaption><\/figure>\n<figure id=\"attachment_24978\" aria-describedby=\"caption-attachment-24978\" style=\"width: 670px\" class=\"wp-caption alignnone\"><img loading=\"lazy\" decoding=\"async\" class=\"size-full wp-image-24978\" src=\"https:\/\/www.lassebacklund.fi\/wp-content\/uploads\/2025\/10\/19620210-Artur-spelar-schack.jpg\" alt=\"\" width=\"670\" height=\"469\" srcset=\"https:\/\/www.lassebacklund.fi\/wp-content\/uploads\/2025\/10\/19620210-Artur-spelar-schack.jpg 670w, https:\/\/www.lassebacklund.fi\/wp-content\/uploads\/2025\/10\/19620210-Artur-spelar-schack-300x210.jpg 300w\" sizes=\"auto, (max-width: 670px) 100vw, 670px\" \/><figcaption id=\"caption-attachment-24978\" class=\"wp-caption-text\">Riksdagsvalet 1962 p\u00e5gick i normala tv\u00e5 dagar och n\u00e5gon rusning var det inte i vallokalen i Tr\u00e4skvik. Det var glest mellan v\u00e4ljarna och d\u00e4rf\u00f6r passade Artur Rosengren till v\u00e4nster p\u00e5 att spela schack med Vattula Voitto. I mitten sitter Eino Silfverberg och m\u00e4nnen till h\u00f6ger \u00e4r Valter Ahlberg och V. Ellfolk. Bilden ur Syd-\u00d6sterbotten 10.2.1962.<\/figcaption><\/figure>\n<p>&nbsp;<\/p>\n","protected":false},"excerpt":{"rendered":"<p>Sammanst\u00e4llt av Lasse Backlund \u00e5r 2013, med hj\u00e4lp av folkskoll\u00e4raren Kurt Rosengren.\u00a0 Gamla historien. Den h\u00e4r g\u00e5rden p\u00e5 Sunnantillv\u00e4gen 15 stod tidigare n\u00e5gonstans p\u00e5 s\u00f6dra sidan av v\u00e4gen men flyttades i b\u00f6rjan av 1900-talet till den norra sidan och den <a class=\"more-link\" href=\"https:\/\/www.lassebacklund.fi\/?page_id=1864\">Forts\u00e4tt l\u00e4sa <span class=\"screen-reader-text\">  Artur och Sandras p\u00e5 Sunnantillv\u00e4gen 15<\/span><span class=\"meta-nav\">&rarr;<\/span><\/a><\/p>\n","protected":false},"author":1,"featured_media":0,"parent":90,"menu_order":15,"comment_status":"closed","ping_status":"closed","template":"","meta":{"footnotes":""},"class_list":["post-1864","page","type-page","status-publish","hentry"],"_links":{"self":[{"href":"https:\/\/www.lassebacklund.fi\/index.php?rest_route=\/wp\/v2\/pages\/1864","targetHints":{"allow":["GET"]}}],"collection":[{"href":"https:\/\/www.lassebacklund.fi\/index.php?rest_route=\/wp\/v2\/pages"}],"about":[{"href":"https:\/\/www.lassebacklund.fi\/index.php?rest_route=\/wp\/v2\/types\/page"}],"author":[{"embeddable":true,"href":"https:\/\/www.lassebacklund.fi\/index.php?rest_route=\/wp\/v2\/users\/1"}],"replies":[{"embeddable":true,"href":"https:\/\/www.lassebacklund.fi\/index.php?rest_route=%2Fwp%2Fv2%2Fcomments&post=1864"}],"version-history":[{"count":22,"href":"https:\/\/www.lassebacklund.fi\/index.php?rest_route=\/wp\/v2\/pages\/1864\/revisions"}],"predecessor-version":[{"id":25027,"href":"https:\/\/www.lassebacklund.fi\/index.php?rest_route=\/wp\/v2\/pages\/1864\/revisions\/25027"}],"up":[{"embeddable":true,"href":"https:\/\/www.lassebacklund.fi\/index.php?rest_route=\/wp\/v2\/pages\/90"}],"wp:attachment":[{"href":"https:\/\/www.lassebacklund.fi\/index.php?rest_route=%2Fwp%2Fv2%2Fmedia&parent=1864"}],"curies":[{"name":"wp","href":"https:\/\/api.w.org\/{rel}","templated":true}]}}