{"id":18255,"date":"2020-11-08T22:28:54","date_gmt":"2020-11-08T20:28:54","guid":{"rendered":"https:\/\/www.lassebacklund.fi\/?page_id=18255"},"modified":"2020-11-08T22:28:54","modified_gmt":"2020-11-08T20:28:54","slug":"artikel-i-syd-osterbotten-15-10-1930","status":"publish","type":"page","link":"https:\/\/www.lassebacklund.fi\/?page_id=18255","title":{"rendered":"Artikel i Syd-\u00d6sterbotten 15.10.1930."},"content":{"rendered":"<p><strong>Korsb\u00e4ck folkskola invigdes<\/strong>\u00a0senaste s\u00f6ndag den 12 oktober 1930 med en ansl\u00e5ende h\u00f6gtidlighet. Sedan psalmen \u201dSanningens Ande\u201d sjungits f\u00f6rr\u00e4ttades invigningen av prosten Rancken, som talade om undervisningens n\u00f6dv\u00e4ndighet f\u00f6r det uppv\u00e4xande sl\u00e4ktet och betingelserna f\u00f6r v\u00e4lsignelse i skolarbetet. Byggnadskommitt\u00e9ns ordf\u00f6rande Viktor Nylund, som l\u00e4mnade diverse uppgifter om det nu slutf\u00f6rda skolbyggnadsarbetet, som utf\u00f6rts f\u00f6r en entreprenadsumma av 274,900 mk, \u00f6verl\u00e4mnade de nya skolbyggnaderna till kommunen f\u00f6r dess vidare v\u00e5rd.<\/p>\n<p>Kommunalfullm\u00e4ktiges ordf\u00f6rande J. J. Wadstr\u00f6m, som p\u00e5 kommunens v\u00e4gnar mottog de nu uppf\u00f6rda skolbyggnaderna, f\u00f6r att kommunen som dess egendom vidare v\u00e5rdas och underh\u00e5llas f\u00f6r det syfte de blivit uppf\u00f6rda, uttalade kommunens erk\u00e4nsla och tack till byggnadskommitt\u00e9n f\u00f6r v\u00e4l utf\u00f6rt uppdrag vid \u00f6vervakandet av skolbyggnadsarbetet samt l\u00e4mnade en relation om skolfr\u00e5gans utveckling i Korsb\u00e4ck.<\/p>\n<p>Under 45 \u00e5r, r\u00e4knat fr\u00e5n 1878 d\u00e5 Dagsmark folkskola \u00f6ppnades, har allm\u00e4nheten i Korsb\u00e4ck f\u00f6r sina barns undervisning begagnat sig av Dagsmark folkskola. Genom p\u00e5bjuden l\u00e4roplikt sammanf\u00f6rdes Lillsj\u00f6 och Korsb\u00e4ck byasamh\u00e4llen till ett s\u00e4rskilt skoldistrikt och \u00f6ppnades skolan i Korsb\u00e4ck fr\u00e5n h\u00f6sten 1923 i provisorisk lokal. Skolan, som till en b\u00f6rjan var en skola med f\u00f6rkortad l\u00e4rokurs, omlades 1929 till fullst\u00e4ndig folkskola, som genom den nya skolbyggnaden f\u00e5tt ett eget trevligt hem, varigenom Korsb\u00e4ck skoldistrikt nu kommit till sin fulla naturliga r\u00e4tt.<\/p>\n<h5><strong>Wadstr\u00f6ms tal till det uppv\u00e4xande sl\u00e4ktet<\/strong>.<\/h5>\n<p><span style=\"color: #000080;\">J.J. Wadstr\u00f6m som under \u00e5ren 1882 \u2013 1919 hade varit folkskoll\u00e4rare i Dagsmark, h\u00f6ll ett tal under invigningen, d\u00e4r han bland annat yttrade f\u00f6ljande:<\/span><\/p>\n<p>\u201dD\u00e5 vi i dag haft n\u00f6jet samlas till denna skolas invigning, \u00e4r det helt visst med k\u00e4nsla av gl\u00e4dje och tillfredsst\u00e4llelse. Ett \u00f6nskningsm\u00e5l. som l\u00e4nge h\u00e4grat, har nu n\u00e5tt sin fullbordan. Korsb\u00e4ck folkskola sluter sig nu som en l\u00e4nk till kommunens skolv\u00e4sende och d\u00e4rmed har Korsb\u00e4ck skoldistrikt kommit till sin fulla naturliga r\u00e4tt.<\/p>\n<p>M\u00e5 Gud h\u00e5lla sin skyddande hand \u00f6ver denna skola och giva riklig v\u00e4lsignelse \u00e5t det arbete, som under dagar som stunda h\u00e4r kommer att utf\u00f6ras f\u00f6r det uppv\u00e4xande sl\u00e4ktet, som b\u00e4r framtiden i sitt sk\u00f6te. Vihoppas att de elever som komma att bes\u00f6ka denna skola, h\u00e4r samlar kunskaper f\u00f6r det materiella livet, att de bliva dygdiga och \u00e4rbara, som \u00e4lska sin hembygd och de h\u00e4r j\u00e4mv\u00e4l upptaga fr\u00f6n, som medf\u00f6r v\u00e4lsignelse f\u00f6r en evighetsv\u00e4rld.\u201d<\/p>\n","protected":false},"excerpt":{"rendered":"<p>Korsb\u00e4ck folkskola invigdes\u00a0senaste s\u00f6ndag den 12 oktober 1930 med en ansl\u00e5ende h\u00f6gtidlighet. Sedan psalmen \u201dSanningens Ande\u201d sjungits f\u00f6rr\u00e4ttades invigningen av prosten Rancken, som talade om undervisningens n\u00f6dv\u00e4ndighet f\u00f6r det uppv\u00e4xande sl\u00e4ktet och betingelserna f\u00f6r v\u00e4lsignelse i skolarbetet. Byggnadskommitt\u00e9ns ordf\u00f6rande Viktor <a class=\"more-link\" href=\"https:\/\/www.lassebacklund.fi\/?page_id=18255\">Forts\u00e4tt l\u00e4sa <span class=\"screen-reader-text\">  Artikel i Syd-\u00d6sterbotten 15.10.1930.<\/span><span class=\"meta-nav\">&rarr;<\/span><\/a><\/p>\n","protected":false},"author":1,"featured_media":0,"parent":18246,"menu_order":1,"comment_status":"closed","ping_status":"closed","template":"","meta":{"footnotes":""},"class_list":["post-18255","page","type-page","status-publish","hentry"],"_links":{"self":[{"href":"https:\/\/www.lassebacklund.fi\/index.php?rest_route=\/wp\/v2\/pages\/18255","targetHints":{"allow":["GET"]}}],"collection":[{"href":"https:\/\/www.lassebacklund.fi\/index.php?rest_route=\/wp\/v2\/pages"}],"about":[{"href":"https:\/\/www.lassebacklund.fi\/index.php?rest_route=\/wp\/v2\/types\/page"}],"author":[{"embeddable":true,"href":"https:\/\/www.lassebacklund.fi\/index.php?rest_route=\/wp\/v2\/users\/1"}],"replies":[{"embeddable":true,"href":"https:\/\/www.lassebacklund.fi\/index.php?rest_route=%2Fwp%2Fv2%2Fcomments&post=18255"}],"version-history":[{"count":1,"href":"https:\/\/www.lassebacklund.fi\/index.php?rest_route=\/wp\/v2\/pages\/18255\/revisions"}],"predecessor-version":[{"id":18256,"href":"https:\/\/www.lassebacklund.fi\/index.php?rest_route=\/wp\/v2\/pages\/18255\/revisions\/18256"}],"up":[{"embeddable":true,"href":"https:\/\/www.lassebacklund.fi\/index.php?rest_route=\/wp\/v2\/pages\/18246"}],"wp:attachment":[{"href":"https:\/\/www.lassebacklund.fi\/index.php?rest_route=%2Fwp%2Fv2%2Fmedia&parent=18255"}],"curies":[{"name":"wp","href":"https:\/\/api.w.org\/{rel}","templated":true}]}}