{"id":17560,"date":"2020-09-07T17:32:03","date_gmt":"2020-09-07T14:32:03","guid":{"rendered":"https:\/\/www.lassebacklund.fi\/?page_id=17560"},"modified":"2026-03-31T16:57:17","modified_gmt":"2026-03-31T13:57:17","slug":"17560-2","status":"publish","type":"page","link":"https:\/\/www.lassebacklund.fi\/?page_id=17560","title":{"rendered":"Marthaf\u00f6reningen i Korsb\u00e4ck"},"content":{"rendered":"<p><strong><span style=\"color: #000080;\">Sammanst\u00e4llt av Lasse Backlund i september 2020, med hj\u00e4lp av flera bybor och f\u00f6reningens b\u00f6cker.<\/span><\/strong><\/p>\n<p>F\u00f6rsta f\u00f6rs\u00f6ket att bilda en marthaf\u00f6rening i Korsb\u00e4ck gjordes <strong>\u00e5r 1929<\/strong> p\u00e5 initiativ av folkskoll\u00e4rarinnan Telma Savela, som var l\u00e4rarinna i Korsb\u00e4ck 1927 &#8211; 1929. Funktion\u00e4rer valdes ocks\u00e5, till exempel Edna \u00c5lgars blev f\u00f6rsta ordf\u00f6rande och Emilia Lind, Elna Liljedahl och Fina Lindfors var ocks\u00e5 med. N\u00e5gon egentlig verksamhet blev det dessv\u00e4rre inte. B\u00e4ttre gick det p\u00e5 det andra f\u00f6rs\u00f6ket i mars 1936 d\u00e5 3 marthor fr\u00e5n Kristinestad kom p\u00e5 bes\u00f6k f\u00f6r att bl\u00e5sa liv i f\u00f6reningen. M. Skeppar som var ordf\u00f6rande i Syd\u00f6sterbottens Marthadistriktsf\u00f6rbund ber\u00e4ttade om r\u00f6relsen och om dess str\u00e4van att bevara svenskheten. Hon uppmanade de f\u00f6rsamlade korsb\u00e4ckkvinnorna att \u00e5teruppta verksamheten. Efter en stunds diskussion kom dessa fram till att de igen skulle f\u00e5 liv i f\u00f6reningen.<\/p>\n<p>F\u00f6r att bekr\u00e4fta samh\u00f6righeten inom Marthar\u00f6relsen, l\u00e4ste Daga Hinds upp en h\u00e4lsning av den norska biskopen Berggrav. Denne uttalade sin tillfredsst\u00e4llelse f\u00f6r Marthaf\u00f6rbundens verksamhet, deras arbete f\u00f6r hemmen och kvinnornas bildning och framtid.<\/p>\n<p>P\u00e5 detta m\u00f6te den <strong>3 mars 1936<\/strong>, som ocks\u00e5 ans\u00e5gs vara Korsb\u00e4ck Marthaf\u00f6renings f\u00f6rsta \u00e5rsm\u00f6te, uts\u00e5gs Linda Byman till ordf\u00f6rande, viceordf\u00f6rande blev Ida Korsb\u00e4ck, sekreterare Inga Liljeblad, kass\u00f6r Senja Steng\u00e5rd och till \u00f6vriga styrelsemedlemmar valdes Fina Lindfors och Elin Sten.<\/p>\n<p>Redan f\u00f6ljande vecka h\u00f6lls det f\u00f6rsta martham\u00f6tet, d\u00e4r 17 kvinnor var n\u00e4rvarande. F\u00f6r att f\u00e5 medel besl\u00f6t de att ordna en sommarfest den 19 juli.<\/p>\n<p>Knappast kunde medlemmarna d\u00e5 ana att marthaf\u00f6reningen skulle h\u00e5llas vid liv \u00e4nda till \u00e5r 2013 n\u00e4r den uppl\u00f6stes. Det har varit livlig verksamhet varje \u00e5r och ekonomin har varit god. Ett bra samarbete har marthaf\u00f6reningen haft med ungdomsf\u00f6reningen genom det egna utrymmet i lokalen och en del av verksamheten har ocks\u00e5 varit gemensam.<\/p>\n<h4><strong>Plock ur protokollen och kassab\u00f6ckerna.<\/strong><\/h4>\n<p>Protokollen fr\u00e5n den f\u00f6rsta tiden var enkla och v\u00e4l skrivna. Till exempel den 20 oktober 1936 h\u00f6lls ett martham\u00f6te eller \u201dett k\u00e5d \u2013spinntalko\u201d och allihopa var samlade hemma hos Manda Lindqvist. \u201dKardade och spann till ranan, som skall v\u00e4vas f\u00f6r utst\u00e4llningen. Kaffe fick vi nog ocks\u00e5.\u201d<\/p>\n<p><strong>Den 13 december 1936<\/strong> h\u00f6lls en julfest p\u00e5 ungdomsf\u00f6reningens lokal med program f\u00f6re pausen och \u201dringlekar med liv och lust\u201d efter pausen.<\/p>\n<p><strong>Till m\u00f6tet i februari 1937<\/strong> hade fru Byman tillverkat en docka som lottades ut. 99 lotter s\u00e5ldes f\u00f6r 3 mark per styck och s\u00e5 best\u00e4mdes det att vinnaren av dockan ytterligare skall betala 10 mark. Vid lottningen var det Selma Bergstr\u00f6m som vann.<\/p>\n<p><strong>Den 4 april 1937<\/strong> ordnade en fest d\u00e4r Sigfrid Liljedahl, Selim Norrvik och Lennart Lind spelade till dansen.<\/p>\n<p><strong>Den 26 maj 1938<\/strong> ordnades en fest dit ocks\u00e5 marthorna fr\u00e5n Dagsmark hade inbjudits, med ordf\u00f6rande Sandra Rosengren i spetsen. I januari 1939 blev Korsb\u00e4ck Marthaf\u00f6rening medlem i f\u00f6reningen \u201dFolkh\u00e4lsan i Lappfj\u00e4rd\u201d, som hade grundats den 8 december 1938.<\/p>\n<p><img loading=\"lazy\" decoding=\"async\" class=\"alignnone size-full wp-image-13656\" src=\"https:\/\/www.lassebacklund.fi\/wp-content\/uploads\/2019\/08\/Martafo\u00cc\u02c6rening-med-namn.jpg\" alt=\"\" width=\"1189\" height=\"971\" srcset=\"https:\/\/www.lassebacklund.fi\/wp-content\/uploads\/2019\/08\/Martafo\u00cc\u02c6rening-med-namn.jpg 1189w, https:\/\/www.lassebacklund.fi\/wp-content\/uploads\/2019\/08\/Martafo\u00cc\u02c6rening-med-namn-300x245.jpg 300w, https:\/\/www.lassebacklund.fi\/wp-content\/uploads\/2019\/08\/Martafo\u00cc\u02c6rening-med-namn-768x627.jpg 768w, https:\/\/www.lassebacklund.fi\/wp-content\/uploads\/2019\/08\/Martafo\u00cc\u02c6rening-med-namn-1024x836.jpg 1024w\" sizes=\"auto, (max-width: 1189px) 100vw, 1189px\" \/><\/p>\n<p><strong>P\u00e5 \u00e5rsm\u00f6tet i februari 1939<\/strong> besl\u00f6ts det att f\u00f6reningen skulle bes\u00f6ka den nya biografen Fennia i Lappfj\u00e4rd. P\u00e5 detta m\u00f6te valdes Ingeborg Lindqvist till ordf\u00f6rande efter Linda Byman. P\u00e5 ett annat m\u00f6te i februari 1939 f\u00f6reslogs det att de borde b\u00f6rja arbeta f\u00f6r en likvagn f\u00f6r byns r\u00e4kning.<\/p>\n<p>Normala m\u00f6ten h\u00f6lls med j\u00e4mna mellanrum med i stort sett samma program. D\u00e5 kriget br\u00f6t ut samlades marthorna f\u00f6r att sticka strumpor \u00e5t de reservister fr\u00e5n byn som var ute vid fronten. Kaffedrickandet var ett \u00e5terkommande program, som tydligen var mycket uppskattat. Detta p\u00e5gick \u00e4nda till november 1941 d\u00e5 det b\u00f6rjade serveras \u201dsurrogat med dopp\u201d.<\/p>\n<p><strong>P\u00e5 \u00e5rsm\u00f6tet i februari 1942<\/strong> besl\u00f6ts det att samla medel f\u00f6r paket till reservisterna i kriget. Medel skulle ocks\u00e5 skaffas genom att ordna samkv\u00e4m och dessa skulle s\u00e4ttas i kassan f\u00f6r den kommande likvagnen.<\/p>\n<p>Under det p\u00e5g\u00e5ende forts\u00e4ttningskriget h\u00f6lls martham\u00f6ten ungef\u00e4r varannan vecka i g\u00e5rdarna, d\u00e4r v\u00e4rdinnan bj\u00f6d p\u00e5 kaffe och bulla. S\u00e5nger sj\u00f6ngs tillsammans och n\u00e5gon l\u00e4ste n\u00e5got viktigt ur en bok eller ur en tidning. Det var brist p\u00e5 allt och fr\u00e5n Marthadistriktet kom ett \u00f6nskem\u00e5l att kl\u00e4der skulle skickas \u00e5t soldaterna vid fronten. I hemmen fanns det inga kl\u00e4der, s\u00e5 de besl\u00f6t att se vilka tyger som fanns till salu i aff\u00e4rerna. N\u00e5gra tyger hittades inte, s\u00e5 det blev inga paket till fronten. Sockerbristen var ocks\u00e5 stor, s\u00e5 d\u00e5 f\u00f6reningen skulle ordna ett samkv\u00e4m, s\u00e5 fick tv\u00e5 medlemmar i uppdrag att g\u00e5 i g\u00e5rdarna och beg\u00e4ra socker till surrogatkaffet.<\/p>\n<p><strong>P\u00e5 \u00e5rsm\u00f6tet den 21 januari 1943<\/strong> besl\u00f6t f\u00f6reningen att uppta ett l\u00e5n f\u00f6r ink\u00f6p av likvagnen. Denna hade ju varit aktuell redan f\u00f6re kriget. Regelbundet bakades det b\u00e5de r\u00e5g- och vetebr\u00f6d \u00e5t soldaterna vid fronten och nu b\u00f6rjade man ocks\u00e5 ha \u201dVet ni?\u201d fr\u00e5gesport p\u00e5 m\u00f6tena.<\/p>\n<figure id=\"attachment_17588\" aria-describedby=\"caption-attachment-17588\" style=\"width: 1599px\" class=\"wp-caption alignnone\"><img loading=\"lazy\" decoding=\"async\" class=\"size-full wp-image-17588\" src=\"https:\/\/www.lassebacklund.fi\/wp-content\/uploads\/2020\/09\/Likvagnen-pa-nytt.jpg\" alt=\"\" width=\"1599\" height=\"1200\" srcset=\"https:\/\/www.lassebacklund.fi\/wp-content\/uploads\/2020\/09\/Likvagnen-pa-nytt.jpg 1599w, https:\/\/www.lassebacklund.fi\/wp-content\/uploads\/2020\/09\/Likvagnen-pa-nytt-300x225.jpg 300w, https:\/\/www.lassebacklund.fi\/wp-content\/uploads\/2020\/09\/Likvagnen-pa-nytt-1024x768.jpg 1024w, https:\/\/www.lassebacklund.fi\/wp-content\/uploads\/2020\/09\/Likvagnen-pa-nytt-768x576.jpg 768w, https:\/\/www.lassebacklund.fi\/wp-content\/uploads\/2020\/09\/Likvagnen-pa-nytt-1536x1153.jpg 1536w\" sizes=\"auto, (max-width: 1599px) 100vw, 1599px\" \/><figcaption id=\"caption-attachment-17588\" class=\"wp-caption-text\">\u00c5r 1943 k\u00f6pte Korsb\u00e4ck marthaf\u00f6rening denna likvagn f\u00f6r 12 000 mark och den hyrdes sedan ut till beh\u00f6vande i byn. 40 \u00e5r senare s\u00e5ldes den \u00e5t \u00c5ke Weckstr\u00f6m f\u00f6r 100 mark och den finns nu uppbevarat p\u00e5 Carlsro museum i ett f\u00f6rr\u00e5d. Foto Bo-G\u00f6ran Lindh.<\/figcaption><\/figure>\n<p><strong>P\u00e5 styrelsem\u00f6tet den 16 maj 1943<\/strong> besl\u00f6ts att marthaf\u00f6reningen skall ink\u00f6pa en likvagn, som kommer att kosta lite \u00f6ver 12\u00a0000 mark. Ordf\u00f6randen Manda Liljedahl fick i uppdrag att sk\u00f6ta om saken.<\/p>\n<p><strong>P\u00e5 \u00e5rsm\u00f6tet den 27 januari 1944<\/strong> best\u00e4mdes det att hyran f\u00f6r likvagnen skulle vara 25 mark, f\u00f6r kaffekopparna 10 mark, f\u00f6r glasen likas\u00e5 10 mark. F\u00f6r tallrikar, fat, skedar och gafflar 20 mark och f\u00f6r porslinsservicen 50 mark.<\/p>\n<p><strong>P\u00e5 ett m\u00f6te i februari 1944<\/strong> besl\u00f6ts att anskaffa \u201den Br\u00e5tmaskin och en Potatismaskin till byn\u201d. 400 mark skulle ocks\u00e5 ges till Nationalinsamlingen.<\/p>\n<p><strong>Den 18 november 1944<\/strong> ordnade Marthaf\u00f6reningen och Korsb\u00e4ck Ungdomsf\u00f6rening en gemensam hemkomstfest f\u00f6r de soldater som hade \u00e5terv\u00e4nt fr\u00e5n kriget. \u201dDe \u00e5terv\u00e4ndande krigarna gjorde ett djupt intryck\u201d, skrev sekreteraren efter\u00e5t.<\/p>\n<p>Under krigs\u00e5ren hade pastor Stjernberg ofta deltagit i marthornas m\u00f6ten och fester, han hade till och med h\u00e5llit bibelstudier med medlemmarna. I februari 1945 d\u00e5 Stjernberg skulle flytta fr\u00e5n f\u00f6rsamlingen, s\u00e5 besl\u00f6t marthaf\u00f6reningen att de skulle tillverka ett \u201dsj\u00e4slongt\u00e4cke\u201d \u00e5t honom som avskedsg\u00e5va. Men f\u00f6rst skulle det kardas och spinnas!<\/p>\n<p>De vanliga martham\u00f6tena f\u00f6rsiggick ju i g\u00e5rdarna medan festerna och samkv\u00e4men firades p\u00e5 ungdomslokalen. I maj 1945 besl\u00f6t marthorna att de som ers\u00e4ttning skulle tapetsera serveringsrummet p\u00e5 lokalen och st\u00e5 f\u00f6r alla kostnader. P\u00e5 festerna b\u00f6rjade man ocks\u00e5 spela teater och nu var igen till\u00e5tet med dans efter programmet.<\/p>\n<p><strong>Den 8 juli 1945<\/strong> gjorde marthaf\u00f6reningen en utf\u00e4rd till Vasa med chauff\u00f6r Smeds buss. De bes\u00f6kte Brages hembygdsmuseum, n\u00e5gra var p\u00e5 bio, de fick vara med om spelmanst\u00e4vlingar och folkdansuppvisningar. De sj\u00f6ng i bussen b\u00e5da v\u00e4garna och alla var n\u00f6jda.<\/p>\n<p><strong>P\u00e5 \u00e5rsm\u00f6tet i januari 1946<\/strong> besl\u00f6ts det att med det snaraste anskaffa ett par stora v\u00e4vstolar och en b\u00e4rpress. F\u00f6reningen \u00e4gde nu s\u00e5 pass mycket egendom att tre medlemmar fick i uppdrag att g\u00f6ra en inventering. N\u00e5gra dagar efter inventeringen h\u00f6ll f\u00f6reningen ett krism\u00f6te, eftersom det visade sig att det fattades 16 emaljerade fat sedan f\u00f6rra inventeringen. Problemet blev ol\u00f6st.<\/p>\n<p><strong>P\u00e5 martham\u00f6tet den 29 april 1947<\/strong> bj\u00f6ds det p\u00e5 \u201d\u00e4kta gott kaffe\u201d hemma hos Signe Stenlund. I flera \u00e5r har det bara bjudits p\u00e5 \u201dsurra och bulla\u201d. En stor dag med andra ord!<\/p>\n<p><strong>P\u00e5 h\u00f6sten 1947<\/strong> diskuterades det vart marthak\u00e4rlen skulle flyttas eftersom Ida Korsb\u00e4ck inte skulle ta hand om dem. Slutligen blev det s\u00e5 att de skulle flyttas till Hulda Hammarbergs med hj\u00e4lp av Elna Norrgrann.<\/p>\n<p>Verksamheten fortsatte p\u00e5 traditionellt vis med m\u00f6ten i g\u00e5rdarna d\u00e4r mellan 20 och 30 marthor deltog och fester ordnades p\u00e5 lokalen. Av olika anledningar kunde deltagarantalet p\u00e5 m\u00f6tena g\u00e5 ned under 10.<\/p>\n<p><strong>I november 1948<\/strong> flyttades k\u00e4rlen till Inga Sten, som lovade ta hand om dem f\u00f6r en tid fram\u00e5t.<\/p>\n<p><strong>Under \u00e5r 1949<\/strong> h\u00f6lls det m\u00e5nga martham\u00f6ten och fester p\u00e5 traditionellt vis. Det enda speciella var att f\u00f6reningen best\u00e4llde ett par \u201dByk-Major\u201d fr\u00e5n Lillsj\u00f6, som de sedan hade Gunbert Hammarberg att h\u00e4mta.<\/p>\n<figure id=\"attachment_17567\" aria-describedby=\"caption-attachment-17567\" style=\"width: 2560px\" class=\"wp-caption alignnone\"><img loading=\"lazy\" decoding=\"async\" class=\"size-full wp-image-17567\" src=\"https:\/\/www.lassebacklund.fi\/wp-content\/uploads\/2020\/09\/IMG_2368-scaled.jpg\" alt=\"\" width=\"2560\" height=\"1711\" srcset=\"https:\/\/www.lassebacklund.fi\/wp-content\/uploads\/2020\/09\/IMG_2368-scaled.jpg 2560w, https:\/\/www.lassebacklund.fi\/wp-content\/uploads\/2020\/09\/IMG_2368-300x200.jpg 300w, https:\/\/www.lassebacklund.fi\/wp-content\/uploads\/2020\/09\/IMG_2368-1024x684.jpg 1024w, https:\/\/www.lassebacklund.fi\/wp-content\/uploads\/2020\/09\/IMG_2368-768x513.jpg 768w, https:\/\/www.lassebacklund.fi\/wp-content\/uploads\/2020\/09\/IMG_2368-1536x1026.jpg 1536w, https:\/\/www.lassebacklund.fi\/wp-content\/uploads\/2020\/09\/IMG_2368-2048x1369.jpg 2048w\" sizes=\"auto, (max-width: 2560px) 100vw, 2560px\" \/><figcaption id=\"caption-attachment-17567\" class=\"wp-caption-text\">Folkskolan i Korsb\u00e4ck verkade i denna byggnad fram till 1930, d\u00e5 det nya skolhuset blev f\u00e4rdigt. F\u00f6ljande \u00e5r bildades Korsb\u00e4ck ungdomsf\u00f6rening som tog \u00f6ver byggnaden och fotot kan vara fr\u00e5n mitten av 1920-talet. L\u00e4ngst fram sitter folkskoll\u00e4raren Walter Byman. I b\u00f6rjan av 50-talet utvidgades lokalen och fick i stort sett sitt nuvarande utseende och marthorna i Korsb\u00e4ck fick d\u00e5 ett eget rum, d\u00e4r de kunde f\u00f6rvara sina k\u00e4rl och andra viktiga saker,<\/figcaption><\/figure>\n<p><strong>Den 12 februari 1950<\/strong> inkallades styrelsen till ett extra m\u00f6te hos Inga Sten, detta p\u00e5 grund av att ungdomsf\u00f6reningen h\u00f6ll sitt \u00e5rsm\u00f6te just den dagen. P\u00e5 det \u00e5rsm\u00f6tet skulle ungdomsf\u00f6reningen behandla fr\u00e5gan om en utbyggnad av lokalen och marthorna som hittills varit utan egen lokal, s\u00e5g nu en m\u00f6jlighet till eget utrymme. Samtliga t\u00e5gade iv\u00e4g till lokalen d\u00e4r de blev v\u00e4l emot tagna med kaffe och bulla. Marthorna framf\u00f6rde d\u00e5 sitt \u00f6nskem\u00e5l om ett litet rum f\u00f6r sina k\u00e4rl. De erbj\u00f6d 75 000 mark som g\u00e5va ifall ett utrymme kunde ordnas. Ungdomsf\u00f6reningens \u00e5rsm\u00f6te omfattade saken och besl\u00f6t att ordna ett rum i n\u00e4rheten av den nya festsalen.<\/p>\n<p><strong>Den 26 februari 1950<\/strong> ordnade marthaf\u00f6reningen en fest i Uttermossa, men det kom litet eftersom v\u00e4dret var mycket kallt. Programmet var normalt och Lennart Hammarberg och Lennart Lind spelade till dansen. Den traditionella marthaauktionen som brukade h\u00e5llas runt f\u00f6rsta maj, skulle nu h\u00e5llas p\u00e5 skolan i juni eftersom det skulle rivas p\u00e5 lokalen. Den 2 september ordnade martorna en fest p\u00e5 lokalen i Dagsmark med traditionellt program och mycket publik. F\u00f6ljande vecka h\u00f6lls en likadan fest i H\u00e4rkmeri och d\u00e4r var det ocks\u00e5 mycket folk.<\/p>\n<p><strong>P\u00e5 \u00e5rsm\u00f6tet 11 januari 1951<\/strong> besl\u00f6ts att det skall v\u00e4vas ett sj\u00e4slong t\u00e4cke och \u201dUtteras Manda\u201d Dis\u00e9n fr\u00e5n Dagsmark skulle f\u00e5 uppdraget. De besl\u00f6t att ullen till t\u00e4cket skall skickas till P\u00f6rtom Karderi f\u00f6r att f\u00f6rspinnas. En pl\u00e5tstekugn skulle skaffas till martharummet och en kulspetspenna skulle skaffas \u00e5t sekreteraren. Antalet medlemmar p\u00e5 m\u00f6tena var nu under 20 och ibland kunde det vara mindre \u00e4n 10 n\u00e4rvarande.<\/p>\n<p>Marthornas rum p\u00e5 lokalen som kunde tas i bruk redan \u00e5r 1951, skulle nu g\u00f6ras f\u00e4rdigt och sekreteraren skrev s\u00e5 h\u00e4r i maj 1952: \u201dVidare talade vi om att tapetsera v\u00e5r Martarum, sku ha Wiljam Sj\u00f6vik att tapetsera, s\u00e5 sku vi ha Martagubbarna att n\u00e5gon kv\u00e4ll g\u00e5 och laga n\u00e5gra hillor d\u00e4r, s\u00e5 vi sku f\u00e5 setta dit v\u00e5ra martak\u00e4rl och mangeln, varje Marta sku d\u00e5 ge ett br\u00e4de och n\u00e5gon en planka till hillorna\u201d. I detta rum f\u00f6rvarades sedan marthak\u00e4rlen och mangeln medan de st\u00f6rre grytorna, v\u00e4vstolarna, bykmajorna och likvagnen uppbevarades i likvagnshuset nedanf\u00f6r S\u00e5gkvarnsbacken. Utrymmet p\u00e5 lokalen var s\u00e5 pass litet att Inga Lind redan \u00e5r 1957 lovade att uppbevara mangeln i sitt hem.<\/p>\n<p><strong>I juli 1952<\/strong> gjorde en grupp marthor och n\u00e5gra utomst\u00e5ende en 2-dagars resa till Tammerfors och Tavastehus med Salonens buss. I b\u00f6rjan av 50-talet gav f\u00f6reningen flera bidrag \u00e5t tuberkulossjuka medlemmar som v\u00e5rdades p\u00e5 H\u00f6g\u00e5sen.<\/p>\n<p><strong>P\u00e5 ett m\u00f6te den 28 januari 1953<\/strong> besl\u00f6ts det att f\u00f6reningen skall inregistreras i f\u00f6reningsregistret under namnet Korsb\u00e4ck Marthaf\u00f6rening. Eftersom det inte fanns n\u00e5gra protokoll fr\u00e5n f\u00f6reningens tillblivelse \u00e5r 1929, s\u00e5 m\u00e5ste f\u00f6reningen nu konstituera sig och de antog d\u00e5 Marthaf\u00f6rbundets stadgar. L\u00e4raren Nils Bergman hade f\u00e5tt i uppdrag att sk\u00f6ta om inregistreringen. Anh\u00e5llan till f\u00f6reningsregistret undertecknades av Inga Sten, Elna Hammarberg och Selma Nyholm.<\/p>\n<p><strong>Inregistreringen skedde 29 september 1953<\/strong> och f\u00f6reningens riktiga namn blev \u201dDagsmark Korsb\u00e4ck Marthaf\u00f6rening\u201d.<\/p>\n<p><strong>Den 21 juni 1953<\/strong> ordnade f\u00f6reningen en resa till Marthadagen i Norrn\u00e4s tillsammans med marthorna fr\u00e5n Dagsmark. I juli 1954 gjorde marthorna en utf\u00e4rd till Korsholm d\u00e4r en utst\u00e4llning p\u00e5gick.<\/p>\n<p><strong>Den 6 februari 1955<\/strong> blev f\u00f6reningen inbjuden till den nya ungdomslokalen i Dagsmark. \u201d16 marthor \u00e5 ett par gubbar\u201d blev till att b\u00f6rja med bjudna p\u00e5 kaffe i det nya martharummet. Sedan blev det program i lokalens festsal med tal av rektor Evalds, s\u00e5ng av n\u00e5gra skolflickor och s\u00e5 ber\u00e4ttade kapten Nils Nelson p\u00e5 sk\u00e5nska om sin barndom i Sk\u00e5ne.<\/p>\n<p><strong>I april<\/strong> ordnades en lampsk\u00e4rmskurs d\u00e4r Ruth Mitts fr\u00e5n Dagsmark var med och undervisade. I samma m\u00e5nad ordnades en Marthadag i P\u00e5skmark och n\u00e5gra marthor for till med Runar Linds lastbil.<\/p>\n<p><strong>Den 10 juni 1956<\/strong> bes\u00f6kte n\u00e5gra marthor kretsm\u00f6tet i N\u00e4rpesg\u00e5rden. Detta \u00e5r ink\u00f6ptes 45 tillbringare med texten K.M. p\u00e5 varje. I augusti ordnades Marthadagen p\u00e5 nya lokalen i Dagsmark och flera marthor cyklade dit. Programmet var bra och det bj\u00f6ds p\u00e5 mat och kaffe i den nybyggda sm\u00e5skolan. Det h\u00e4r \u00e5ret gavs ocks\u00e5 ett bidrag om 1\u00a0000 mark till Ungernhj\u00e4lpen, allts\u00e5 till de n\u00f6dst\u00e4llda under upproret. Till julen gavs det julklappar \u00e5t n\u00e5gra mindre bemedlade i byn.<\/p>\n<p><strong>Under \u00e5r 1957<\/strong> ordnades det igen m\u00f6ten och tillst\u00e4llningar utom under sommarm\u00e5naderna. S\u00e5 har det alltid varit under alla \u00e5r, endast resor och utflykter har gjorts sommartid. Den 30 juni for nio cyklande marthor via Dagsmark, Storliden och B\u00f6tom upp till den nybyggda B\u00f6tombergsstugan. D\u00e4r blev de bjudna p\u00e5 f\u00f6rfriskningar och alla fick beundra utsikten med Elna Hammarbergs kikare. Ungdomsf\u00f6reningen byggde ett vedlider och marthorna bidrog med en spikl\u00e5da. De \u00e5tog sig ocks\u00e5 att m\u00e5la f\u00f6nstren i serveringsrummet. I juni ordnades en sommarfest d\u00e4r \u201dFyrans g\u00e4ng\u201d svarade f\u00f6r dansmusiken. Femton marthor deltog i Marthadagen i Finby. Mot slutet av \u00e5ret s\u00e5 blev det mindre och mindre medlemmar med p\u00e5 m\u00f6tena. \u201dDet b\u00f6rjar bli lite sl\u00f6tt, trots att ordf\u00f6randen nog bjuder till\u201d, skrev sekreteraren.<\/p>\n<p><strong>\u00c5ret 1958<\/strong> fortsatte med samma program som tidigare \u00e5r. Det var auktioner med Elis Sten som m\u00e4klare, m\u00f6ten i g\u00e5rdar och fester p\u00e5 lokalen. En mindre v\u00e4vstol hade ink\u00f6pts fr\u00e5n Lappfj\u00e4rd och p\u00e5 den skulle det endast v\u00e4vas finare saker, inga mattor alls. P\u00e5 ett m\u00f6te hemma hos Elna Norrgrann, s\u00e5 bj\u00f6d Edgar p\u00e5 musik av skivor som spelades med en grammofon. En m\u00e4ssa ordnades i Sein\u00e4joki och sex marthor for dit med J\u00f6rgen Lindqvists bil. Elis Sten fick ocks\u00e5 f\u00f6lja med eftersom han svingat auktionsklubban i flera \u00e5r.<\/p>\n<p>Det blev sv\u00e5rare och sv\u00e5rare att ordna fester med program, eftersom ingen ville st\u00e4lla upp med sketcher, s\u00e5nger eller teater. \u00c4nd\u00e5 lyckades de st\u00e4lla till med en trevlig fest i augusti 1958 d\u00e4r Fyrans g\u00e4ng spelade till dansen.<\/p>\n<p>Selma Nyholm hade varit p\u00e5 \u201dMors vila\u201d p\u00e5 Jutbacka semesterhem i Nykarleby och hon kunde rekommendera en s\u00e5dan \u00e5t alla de andra marthorna ocks\u00e5 om m\u00f6jlighet gavs.<\/p>\n<p><strong>I januari 1959<\/strong> sammankallade ordf\u00f6rande Ellen Sten styrelsen och f\u00f6reslog att det skulle ordnas ett 30-\u00e5rs jubileum under \u00e5ret. Festen ordnades den 19 april dit b\u00e5de gamla och nya marthor hade inbjudits. Fr\u00e5n Dagsmark kom det 15 marthor med ordf\u00f6rande Mildrid Kl\u00e5vus i spetsen till festen. Hildur Lind h\u00e4lsade alla v\u00e4lkomna, en marthak\u00f6r sj\u00f6ng n\u00e5gra s\u00e5nger, en historik l\u00e4stes upp och ett f\u00f6redrag h\u00f6lls av l\u00e4rarinnan Elna Bergman fr\u00e5n Lappfj\u00e4rd. G\u00e4sterna bj\u00f6ds p\u00e5 gott kaffe f\u00f6re programmet och i pausen. Jubil\u00e9et fortsatte p\u00e5 kv\u00e4llen med program och dans.<\/p>\n<p>Under \u00e5ret ordnades det m\u00e5nga martham\u00f6ten i hemmen. Dessa b\u00f6rjade alltid med en psalm eller en s\u00e5ng, sedan bj\u00f6d v\u00e4rdinnan p\u00e5 kaffe och bulla. Sedan kunde det vara ett lotteri, n\u00e5gon l\u00e4ste h\u00f6gt och s\u00e5 blev det diskussion om n\u00e5got aktuellt \u00e4mne. S\u00e4kerligen var \u201dsticks\u00f6man\u201d i flitig anv\u00e4ndning hela tiden, fast\u00e4n det aldrig n\u00e4mns i protokollen. Sedan kunde det bli kaffe \u00e4nnu en g\u00e5ng och d\u00e5 besl\u00f6ts det ocks\u00e5 i vems g\u00e5rd n\u00e4sta m\u00f6te skall h\u00e5llas. Det diskuterades ocks\u00e5 hur sykurser skulle ordnas och var.<\/p>\n<p><strong>I januari 1960<\/strong> ordnades en hel veckas sykurs hemma hos Ida Korsb\u00e4ck och d\u00e4r tillverkades inte mindre \u00e4n 51 arbeten, bland annat 17 kl\u00e4nningar under ledning av en Tyra Forsberg. D\u00e5 kursen var slut ordnades en avslutningsfest med mannek\u00e4nger, utst\u00e4llning och annat trevligt program.<\/p>\n<p><strong>I mars<\/strong> best\u00e4mde marthorna att de skulle ge 15\u00a0000 i bidrag \u00e5t ungdomsf\u00f6reningen, d\u00e5 de skulle g\u00f6ra nytt pl\u00e5ttak p\u00e5 serveringsrummet. I \u00f6vrigt var det endast runt 10 marthor med p\u00e5 m\u00f6tena \u201ds\u00e5 det var lite si \u00e5 s\u00e5 med sjungandet\u201d skrev sekreteraren. En utf\u00e4rd till ett m\u00f6te i Kask\u00f6 gjordes p\u00e5 sommaren 1960. Ett annat m\u00f6te ordnades i Kristinestad p\u00e5 den svenska folkskolan och middagen intogs p\u00e5 stadens hotell.<\/p>\n<p><strong>I november<\/strong> h\u00f6ll styrelsen ett m\u00f6te f\u00f6r att diskutera julfesten men d\u00e5 inget passligt teaterstycke hittades \u201ds\u00e5 blev festen ut\u00f6dd\u201d.<\/p>\n<p><strong>Under \u00e5r 1961<\/strong> ordnades martha- eller sym\u00f6ten varannan vecka i medlemmarnas hem, f\u00f6rutom om sommaren d\u00e5 det var paus. Styrelsen hade sammantr\u00e4tt 3 g\u00e5nger och i \u00f6vrigt hade det ordnats en fest och ett par auktioner. En jubileumsfest p\u00e5 Juthbacka i Nykarleby hade lockat 14 marthor fr\u00e5n Korsb\u00e4ck. En speciell h\u00e4ndelse p\u00e5 m\u00f6tet den 22 november hemma hos Inga Lind, var att medlemmarna fick en m\u00f6jlighet att se p\u00e5 TV.<\/p>\n<p><strong>Sommaren 1962<\/strong> skulle ungdomslokalen m\u00e5las och fixas och marthorna lovade att delta i arbetet, eftersom de fick h\u00e5lla sina fester d\u00e4r. De skulle ocks\u00e5 sy nya gardiner.<\/p>\n<p>Olyckligt nog s\u00e5 fattas protokollboken fr\u00e5n 1<strong>962 till 1970<\/strong> men antagligen fortsatte verksamheten p\u00e5 traditionellt vis med m\u00f6ten, fester och auktioner. Ur kassaboken kan man se att verksamheten fortsatte p\u00e5 normalt s\u00e4tt under de kommande \u00e5ren.<\/p>\n<figure id=\"attachment_13648\" aria-describedby=\"caption-attachment-13648\" style=\"width: 1483px\" class=\"wp-caption alignnone\"><img loading=\"lazy\" decoding=\"async\" class=\"size-full wp-image-13648\" src=\"https:\/\/www.lassebacklund.fi\/wp-content\/uploads\/2019\/08\/Korsb\u00e4ckmarthor.jpg\" alt=\"\" width=\"1483\" height=\"1075\" srcset=\"https:\/\/www.lassebacklund.fi\/wp-content\/uploads\/2019\/08\/Korsb\u00e4ckmarthor.jpg 1483w, https:\/\/www.lassebacklund.fi\/wp-content\/uploads\/2019\/08\/Korsb\u00e4ckmarthor-300x217.jpg 300w, https:\/\/www.lassebacklund.fi\/wp-content\/uploads\/2019\/08\/Korsb\u00e4ckmarthor-768x557.jpg 768w, https:\/\/www.lassebacklund.fi\/wp-content\/uploads\/2019\/08\/Korsb\u00e4ckmarthor-1024x742.jpg 1024w\" sizes=\"auto, (max-width: 1483px) 100vw, 1483px\" \/><figcaption id=\"caption-attachment-13648\" class=\"wp-caption-text\">Korsb\u00e4ckmarthorna ser ut att ha uppvaktat Helga Liljedahl eftersom hon st\u00e5r med blommor i famnen. Fr\u00e5n v\u00e4nster Karin Norrvik, Linnea Liljedahl, Ida Korsb\u00e4ck och Sylvia Stenlund. Kvinnan med blommorna \u00e4r ju Helga och f\u00f6ljande \u00e4r Ines Tasanko, Ines Berg, Ellen Sten, Inga Sten, Signe Stenlund, Hildur Lindh, Martta Nyg\u00e5rd, och Anita Lindqvist.<\/figcaption><\/figure>\n<p>Protokollboken fr\u00e5n 1970 till 1996 finns i beh\u00e5ll och d\u00e4r syns direkt att verksamheten forts\u00e4tter som f\u00f6rr. Antalet deltagare i martham\u00f6tena har g\u00e5tt ned till ungef\u00e4r 10 \u2013 12. En ny verksamhet som har kommit med \u00e4r att bjuda \u00e5ldringarna p\u00e5 \u00c5ldersro p\u00e5 kaffe, bulla och s\u00e5ng.<\/p>\n<p><strong>I augusti 1973<\/strong> gjordes en utf\u00e4rd till marthafesten p\u00e5 Kilen i Sideby och p\u00e5 samma g\u00e5ng bes\u00f6ktes den nya kyrkan i Sideby d\u00e4r Valter Norrback var guide. P\u00e5 ett m\u00f6te \u00e5r 1977 fick marthorna sitta i m\u00f6rker eftersom det var elektricitetsstrejk. P\u00e5 ett m\u00f6te i januari 1979 s\u00e5 kunde endast 7 marthor delta, eftersom \u201dsotarmurre r\u00e5kade komma just d\u00e5 och en del hade att lasta potatis o.s.v.\u201d. I juni 1979 gjorde marthorna och n\u00e5gra gubbar en dagsresa till Ume\u00e5 och via Sundsvall hem tillbaka samma dag.<\/p>\n<p><strong>I oktober 1979<\/strong> ordnades ett martham\u00f6te som n\u00e4stan r\u00e4knades som ett 50-\u00e5rs jubileum. Endast 7 marthor var n\u00e4rvarande. Till m\u00f6tet i april 1981 hade ungdomsf\u00f6reningen kommit med en anh\u00e5llan om att marthorna skulle bidra med ett nytt f\u00f6nster till sitt rum. Eftersom ungdomsf\u00f6reningen hade f\u00e5tt bidrag till f\u00f6nsterrenoveringen, s\u00e5 ans\u00e5g martorna att de inte skulle bidra med detta. Till p\u00e5 k\u00f6pet var kassan s\u00e5 gott som tom.<\/p>\n<p><strong>Likvagnshuset revs sommaren 1983<\/strong> och marthaf\u00f6reningen s\u00e5lde d\u00e5 likvagnen \u00e5t museimannen \u00c5ke Weckstr\u00f6m p\u00e5 Carlsro i Kristinestad f\u00f6r 100 mark. Den finns fortfarande i beh\u00e5ll i ett f\u00f6rr\u00e5d.<\/p>\n<p>De f\u00f6ljande \u00e5ren fortsatte verksamheten p\u00e5 traditionellt s\u00e4tt. <strong>I april 1985<\/strong> var marthorna bjudna till Verna Bj\u00f6rses i Perus, d\u00e4r de bj\u00f6ds p\u00e5 b\u00e5de fyllkaka och sm\u00f6rg\u00e5st\u00e5rta. Vid detta tillf\u00e4lle visade ordf\u00f6rande en byggnadsritning som ungdomsf\u00f6reningen hade gjort. Lokalen skulle byggas ut och marthornas rum flyttas dit. Detta var ok bara rummet inte blev mindre \u00e4n det f\u00f6rra.<\/p>\n<p>Marthaf\u00f6rening anordnade ocks\u00e5\u00a0 soppdag p\u00e5 lokalen och den omtyckta kaffebjudningen ordnades p\u00e5 \u00c5ldersro.<\/p>\n<p><strong>Den 4 augusti 1985<\/strong> fyllde marthaf\u00f6rening i Lappfj\u00e4rd 75 \u00e5r och 13 medlemmar fr\u00e5n Korsb\u00e4ck for dit med Yngves b\u00e5da taxibilar.<\/p>\n<p>Dricksglas, kaffekoppar och serveringsbrickor anskaffades vid denna tid. Den 21 mars 1986 diskuterades igen utbyggnaden p\u00e5 lokalen. Den 23 april besl\u00f6ts det att marthak\u00e4rlen skulle flyttas bort fr\u00e5n lokalen och medlemmarna tog hem lite av varje och v\u00e4vstolarna flyttades till Helga Liljedahl. I maj gjorde nio marthor en resa till \u00c5land.<\/p>\n<p><strong>I november 1986<\/strong> besl\u00f6t f\u00f6reningen att ge en g\u00e5va \u00e5t Hans Stenlund f\u00f6r allt som han hade gjort vid renoveringen och utbyggnaden av lokalen. Marthorna bidrog med 200 mark till denna. Vid \u00e5terinvigningen fick Hans blommor av marthaf\u00f6reningen. Marthorna skaffade nya garderober, ett bord och b\u00e4nkar till det nya och vackra rummet.<\/p>\n<p><strong>Under \u00e5r 1987<\/strong> var det martham\u00f6ten n\u00e4stan varannan vecka med lotteri, l\u00e4sning, kaffedrickande och s\u00e4kerligen handarbete trots att det aldrig n\u00e4mns i protokollb\u00f6ckerna. Soppdagen tillsammans med ungdomsf\u00f6reningen \u00e4r popul\u00e4r och s\u00e5 bjuds det p\u00e5 kaffe p\u00e5 \u00c5ldersro. I april bes\u00f6kte marthorna Skaftung, d\u00e4r de bj\u00f6ds p\u00e5 bra program. P\u00e5 m\u00f6tena var det mellan 7 och 10 medlemmar n\u00e4rvarande. Den \u00e5rligen \u00e5terkommande julauktionen brukar vara v\u00e4lbes\u00f6kt och gav alltid ett bra tillskott i kassan.<\/p>\n<p>Skaftungmartorna kom p\u00e5 svarsbes\u00f6k \u00e5r 1988 och det \u00e5ret ordnades en endagars resa till Jyv\u00e4skyl\u00e4 och Tammerfors, d\u00e4r 8 marthor deltog. K\u00e4rlen hade under sommaren varit utl\u00e5nade till fem br\u00f6llop, varav fyra i den egna byn.<\/p>\n<p><strong>P\u00e5 \u00e5rsm\u00f6tet 1989<\/strong> bekymrade sig marthorna \u00f6ver det minskade antalet medlemmar och problem med att rekrytera nya. Pengar gavs till katastroffonden och ett 20-kilos kl\u00e4dpaket skickades till Polen. Marthaf\u00f6reningen hade f\u00f6r \u00f6vrigt under flera \u00e5r st\u00f6tt m\u00e5nga insamlingar f\u00f6r n\u00f6dst\u00e4llda runt om i v\u00e4rlden. P\u00e5 martham\u00f6tet den f\u00f6rsta mars hade endast 5 medlemmar infunnit sig.<\/p>\n<p>F\u00f6reningen fyllde 60 \u00e5r och f\u00f6r att fira detta gjorde medlemmarna en bussresa med M\u00e4kel\u00e4 till hotellet i Kask\u00f6 d\u00e4r det bj\u00f6ds p\u00e5 middag. Marthadagen firades i \u00d6vermark och dit reste n\u00e5gra marthor med Sideby trafik tillsammans med grannf\u00f6reningarnas marthor.<\/p>\n<p><strong>I juli 1990<\/strong> gjordes en resa till Stundars i Solf, denna g\u00e5ng med Yngves kleinbuss. Marthorna i Lappfj\u00e4rd ordnade en modevisning med kl\u00e4der och skor fr\u00e5n Textil och Sko Susanne.<\/p>\n<p>N\u00e5gra stora f\u00f6r\u00e4ndringar i verksamheten f\u00f6ljande \u00e5r var det inte. Marthafesten ordnades i juni i simhallens festsal i N\u00e4rpes, kaffebjudning p\u00e5 \u00c5ldersro, varupaket skickades till Rum\u00e4nien, martham\u00f6ten i hemmen och julauktion p\u00e5 lokalen.<\/p>\n<p><strong>I januari 1992<\/strong> for n\u00e5gra marthor till Yttermark d\u00e4r Marianne Ivars visade en film fr\u00e5n barnhemmet i Rum\u00e4nien, dit ett varupaket hade skickats. Under ett m\u00f6te hemma hos Ellen Sten i februari var det n\u00e5gon som kom p\u00e5 id\u00e9n att de skulle vandra iv\u00e4g till den nya isbanan, d\u00e4r det skulle bjudas p\u00e5 grillkorv. Tyv\u00e4rr var korven slut n\u00e4r de kom dit, s\u00e5 de fick g\u00e5 tillbaka och dricka lemonad och \u00e4ta kaka i st\u00e4llet.<\/p>\n<p><strong>I november 1992<\/strong> ordnades Syd\u00f6sterbottens Marthadistrikts h\u00f6stm\u00f6te p\u00e5 lokalen i Korsb\u00e4ck med 80 deltagare. Ordf\u00f6rande Sylvia Stenlund h\u00e4lsade v\u00e4lkommen, distriktsordf\u00f6rande Marja-Lisa Hohenthal ber\u00e4ttade om passliga b\u00f6cker och Ulla-Maj Jern ber\u00e4ttade om Sri Lanka i sitt festtal. Eftersom Finland snart skulle fylla 75 \u00e5r, sj\u00f6ngs \u201dV\u00e5rt land\u201d som avslutningss\u00e5ng.<\/p>\n<p><strong>\u00c5r 1993<\/strong> var tr\u00e4dg\u00e5rdsarbete aktuellt. Flera marthor for till marthag\u00e5rden i Lappfj\u00e4rd d\u00e4r \u201den fr\u00e5n Wickmans plantskola\u201d visade hur buskar och tr\u00e4d skulle besk\u00e4ras. I april for flera marthor med buss till en tr\u00e4dg\u00e5rdsm\u00e4ssa i Tammerfors. P\u00e5 samma g\u00e5ng bes\u00f6kte de ocks\u00e5 andra sev\u00e4rdheter. I maj blev det kaffebjudning p\u00e5 \u00c5ldersro och sju spelm\u00e4n fr\u00e5n byn var ocks\u00e5 med. \u201dDet blev riktigt br\u00f6llopsst\u00e4mning\u201d tyckte n\u00e5gon \u00e5ldring. Till marthafesten p\u00e5 Vargberget i N\u00e4rpes for sju marthor med Yngves taxi.<\/p>\n<p><strong>I oktober 1993<\/strong> h\u00f6ll styrelsen gemensamt m\u00f6te med ungdomsf\u00f6reningen, d\u00e4r diskussionen handlade om den nya fastighetsskatten. Enligt utr\u00e4kning skulle marthornas andel bli 223 mark. Under \u00e5ret har det h\u00e5llits flera martham\u00f6ten och deltagarantalet hade h\u00e5llit sig konstant p\u00e5 10 \u2013 11.<\/p>\n<p>Marthorna i Korsb\u00e4ck har flera g\u00e5nger visat intresse f\u00f6r skidsport och p\u00e5 martham\u00f6tet hemma hos Ines Tasanko, s\u00e5 f\u00f6ljde de med d\u00e5 Kirvesniemi tog silver p\u00e5 30 km OS i Lillehammer 1994. En g\u00e5ng tidigare hade sekreteraren skrivit att det var ett mycket sp\u00e4nnande martham\u00f6te, eftersom det finska damlandslaget skidade stafett i n\u00e5gon st\u00f6rre t\u00e4vling.<\/p>\n<p>Marthaf\u00f6reningen hade ocks\u00e5 under alla \u00e5r flitigt delat ut b\u00e5de blommor och pengar \u00e5t medlemmar som varit sjuka en l\u00e4ngre tid. Likas\u00e5 n\u00e4r n\u00e5gon medlem fyllde j\u00e4mt, s\u00e5 uppvaktades det med blommor och present. Kristinestads Cancerf\u00f6rening h\u00f6ll m\u00f6te i Korsb\u00e4ck i februari 1994, och marthorna bj\u00f6d d\u00e5 p\u00e5 kaffe.<\/p>\n<p><strong>I juni 1995 reste<\/strong> 11 marthor tillsammans med andra marthor till Marthaf\u00f6rbundets \u00e5rsfest i Nykarleby. Det blev bes\u00f6k b\u00e5de i kyrkan och p\u00e5 Kuddn\u00e4s f\u00f6re m\u00f6tet b\u00f6rjade med tal och annat bra program. P\u00e5 v\u00e5ren hade det varit en penninginsamling till en sm\u00e4rtpump p\u00e5 kretssjukhuset och korsb\u00e4ckmarthorna lyckades f\u00e5 ihop hela 1\u00a0500 mark. Det blev appl\u00e5der i bussen och till och med ett tack i Syd-\u00d6sterbotten. Marthorna var med d\u00e5 denna \u00f6verr\u00e4cktes till sjukhuset i oktober.<\/p>\n<p><strong>I augusti 1995<\/strong> deltog n\u00e5gra marthor i marthadistriktets sommarsamling i P\u00f6rtom. \u201dLars-Erik W\u00e4gar var festtalare, i \u00f6vrigt var det ett bra program\u201d, skrev sekreteraren efter\u00e5t. Verksamheten resten av \u00e5ret var traditionell med m\u00f6ten och julauktionen med den eviga klubbaren Elgot Berg.<\/p>\n<p><strong>\u00c5r 1996<\/strong> gavs 200 mark till cancerinsamlingen och 100 mark till R\u00f6da korset. Resor gjordes till m\u00f6tet i staden och en annan till Fridsk\u00e4r.<\/p>\n<figure id=\"attachment_17566\" aria-describedby=\"caption-attachment-17566\" style=\"width: 2467px\" class=\"wp-caption alignnone\"><img loading=\"lazy\" decoding=\"async\" class=\"size-full wp-image-17566\" src=\"https:\/\/www.lassebacklund.fi\/wp-content\/uploads\/2020\/09\/I-Vasa-1971-scaled.jpg\" alt=\"\" width=\"2467\" height=\"2560\" srcset=\"https:\/\/www.lassebacklund.fi\/wp-content\/uploads\/2020\/09\/I-Vasa-1971-scaled.jpg 2467w, https:\/\/www.lassebacklund.fi\/wp-content\/uploads\/2020\/09\/I-Vasa-1971-289x300.jpg 289w, https:\/\/www.lassebacklund.fi\/wp-content\/uploads\/2020\/09\/I-Vasa-1971-987x1024.jpg 987w, https:\/\/www.lassebacklund.fi\/wp-content\/uploads\/2020\/09\/I-Vasa-1971-768x797.jpg 768w, https:\/\/www.lassebacklund.fi\/wp-content\/uploads\/2020\/09\/I-Vasa-1971-1480x1536.jpg 1480w, https:\/\/www.lassebacklund.fi\/wp-content\/uploads\/2020\/09\/I-Vasa-1971-1973x2048.jpg 1973w\" sizes=\"auto, (max-width: 2467px) 100vw, 2467px\" \/><figcaption id=\"caption-attachment-17566\" class=\"wp-caption-text\">Korsb\u00e4ckmarthor p\u00e5 utf\u00e4rd \u00e5r 1971, platsen ser ut att vara Hovr\u00e4ttsparken i Vasa. L\u00e4ngst till v\u00e4nster en guide och f\u00f6ljande \u00e4r Ines Bergkvist, Ellen Sten, Seidi Bergkvist, Ines Tasanko, Ida Korsb\u00e4ck, Elvi \u00d6ist, Gun-Maj Blomstedt, Ines Berg och Inga Lind.<\/figcaption><\/figure>\n<p><strong>\u00c5r 1997<\/strong> gjorde f\u00f6reningen en utf\u00e4rd till Tammerfors och d\u00e4r gjordes en tur med Silverlinjen. 1998 gjordes en resa till Jakobstad. \u00c5r 1999 firade marthaf\u00f6reningen sina 70 \u00e5r med en stor fest och lotteri. \u00c5r 2000 gjordes utf\u00e4rder till b\u00e5de Parra i Teuva och Lauhanvuori i Stor\u00e5. \u00c5r 2001 fyllde ungdomsf\u00f6reningen 70 \u00e5r och marthorna uppvaktade med en check p\u00e5 1\u00a0000 mark.<\/p>\n<figure id=\"attachment_17570\" aria-describedby=\"caption-attachment-17570\" style=\"width: 1645px\" class=\"wp-caption alignnone\"><img loading=\"lazy\" decoding=\"async\" class=\"size-full wp-image-17570\" src=\"https:\/\/www.lassebacklund.fi\/wp-content\/uploads\/2020\/09\/IMG_2388.jpg\" alt=\"\" width=\"1645\" height=\"1144\" srcset=\"https:\/\/www.lassebacklund.fi\/wp-content\/uploads\/2020\/09\/IMG_2388.jpg 1645w, https:\/\/www.lassebacklund.fi\/wp-content\/uploads\/2020\/09\/IMG_2388-300x209.jpg 300w, https:\/\/www.lassebacklund.fi\/wp-content\/uploads\/2020\/09\/IMG_2388-1024x712.jpg 1024w, https:\/\/www.lassebacklund.fi\/wp-content\/uploads\/2020\/09\/IMG_2388-768x534.jpg 768w, https:\/\/www.lassebacklund.fi\/wp-content\/uploads\/2020\/09\/IMG_2388-1536x1068.jpg 1536w\" sizes=\"auto, (max-width: 1645px) 100vw, 1645px\" \/><figcaption id=\"caption-attachment-17570\" class=\"wp-caption-text\">Korsb\u00e4ck marthaf\u00f6rening som grundades \u00e5r 1929 \u00e4r 2 \u00e5r \u00e4ldre \u00e4n ungdomsf\u00f6reningen. \u00c5r 1999 var det stor fest p\u00e5 lokalen d\u00e5 marthaf\u00f6reningen fyllde 70 \u00e5r. Fr\u00e5n v\u00e4nster Sylvia Stenlund, Gertrud Kankaanp\u00e4\u00e4, Ines Tasanko, G\u00f6rel Bergqvist, Helga Liljedahl. P\u00e5 h\u00f6gra sidan Lisbeth Hammarberg, Gretel Kaskela, Fageli Berg och Gun-Maj Blomstedt.<\/figcaption><\/figure>\n<p><strong>\u00c5r 2003<\/strong> deltog martorna i f\u00f6rbundets sup\u00e9 p\u00e5 Majbo i Dagsmark. M\u00e5ng\u00e5riga ordf\u00f6randen Sylvia Stenlund uppvaktades p\u00e5 sin 75-\u00e5rs dag med f\u00f6reningens guldm\u00e4rke.<\/p>\n<figure id=\"attachment_17564\" aria-describedby=\"caption-attachment-17564\" style=\"width: 2560px\" class=\"wp-caption alignnone\"><img loading=\"lazy\" decoding=\"async\" class=\"size-full wp-image-17564\" src=\"https:\/\/www.lassebacklund.fi\/wp-content\/uploads\/2020\/09\/Gammaldags-torgdag-scaled.jpg\" alt=\"\" width=\"2560\" height=\"1684\" srcset=\"https:\/\/www.lassebacklund.fi\/wp-content\/uploads\/2020\/09\/Gammaldags-torgdag-scaled.jpg 2560w, https:\/\/www.lassebacklund.fi\/wp-content\/uploads\/2020\/09\/Gammaldags-torgdag-300x197.jpg 300w, https:\/\/www.lassebacklund.fi\/wp-content\/uploads\/2020\/09\/Gammaldags-torgdag-1024x674.jpg 1024w, https:\/\/www.lassebacklund.fi\/wp-content\/uploads\/2020\/09\/Gammaldags-torgdag-768x505.jpg 768w, https:\/\/www.lassebacklund.fi\/wp-content\/uploads\/2020\/09\/Gammaldags-torgdag-1536x1011.jpg 1536w, https:\/\/www.lassebacklund.fi\/wp-content\/uploads\/2020\/09\/Gammaldags-torgdag-2048x1347.jpg 2048w\" sizes=\"auto, (max-width: 2560px) 100vw, 2560px\" \/><figcaption id=\"caption-attachment-17564\" class=\"wp-caption-text\">M\u00e5nga f\u00f6rs\u00e4ljare bakom marthornas f\u00f6rs\u00e4ljningsbord p\u00e5 Gammaldags torgdag i Kristinestad. Fr\u00e5n v\u00e4nster Gertrud Kankaanp\u00e4\u00e4, Vineta Lind, Inger Nyholm, Sylvia Stenlund, Eila Stenlund, Lisbeth Hammarberg, Gun-Maj Blomstedt, Helga Liljedahl delvis skymd, Ines Tasanko och Astrid Liljeblad. Till h\u00f6ger st\u00e5r Boris och Iris fr\u00e5n Berg\u00e5sin.<\/figcaption><\/figure>\n<p>\u00d6ver lag kan man s\u00e4ga att ekonomin under alla \u00e5r har varit god och det \u00e4r nog fr\u00e4mst tack vare auktionerna och lotterierna. Medlemmarna har ju varje \u00e5r betalt en medlemsavgift men medlemsavgiften till marthadistriktet har varit betydligt h\u00f6gre. \u00c5r 2006 gjordes en resa med Linda Tours till \u00c5bo och N\u00e5dendal. Under de senaste \u00e5ren gavs mycket till hj\u00e4lporganisation Hoppets stj\u00e4rna. S\u00e5 gott som alla marthor stickade b\u00e5de vantar, strumpor och lappt\u00e4cken. Till jularna gjordes matpaket och julklappar \u00e5t samma f\u00f6rening och tacksamheten var stor, eftersom en av medlemmarna yttrade:<\/p>\n<p><strong>&#8221;T\u00e4nk om alla marthor gjorde likadant!&#8221;<\/strong><\/p>\n<h6><strong>Marthaf\u00f6reningen upph\u00f6r.<\/strong><\/h6>\n<p>N\u00e5gra speciella h\u00e4ndelser finns inte att n\u00e4mna fram till \u00e5r <strong>2013<\/strong> d\u00e5 marthaf\u00f6reningen uppl\u00f6stes. Mot slutet hade f\u00f6reningen endast ett f\u00e5tal medlemmar och dessa ans\u00e5g d\u00e5 att det inte fanns f\u00f6ruts\u00e4ttningar att forts\u00e4tta verksamheten. Eftersom martharummet med alla k\u00e4rl fanns inrymt i ungdomsf\u00f6reningens lokal, s\u00e5 ans\u00e5gs det naturligt att ungdomsf\u00f6reningen f\u00e5r ta \u00f6ver b\u00e5de rummet och k\u00e4rlen. F\u00f6reningen blev allts\u00e5 84 \u00e5r gammal &#8211; en aktningsv\u00e4rd \u00e5lder.<\/p>\n<h4><strong>Foton.<\/strong><\/h4>\n<figure id=\"attachment_17565\" aria-describedby=\"caption-attachment-17565\" style=\"width: 2560px\" class=\"wp-caption alignnone\"><img loading=\"lazy\" decoding=\"async\" class=\"size-full wp-image-17565\" src=\"https:\/\/www.lassebacklund.fi\/wp-content\/uploads\/2020\/09\/Grupp-framfor-fabrik-scaled.jpg\" alt=\"\" width=\"2560\" height=\"1737\" srcset=\"https:\/\/www.lassebacklund.fi\/wp-content\/uploads\/2020\/09\/Grupp-framfor-fabrik-scaled.jpg 2560w, https:\/\/www.lassebacklund.fi\/wp-content\/uploads\/2020\/09\/Grupp-framfor-fabrik-300x204.jpg 300w, https:\/\/www.lassebacklund.fi\/wp-content\/uploads\/2020\/09\/Grupp-framfor-fabrik-1024x695.jpg 1024w, https:\/\/www.lassebacklund.fi\/wp-content\/uploads\/2020\/09\/Grupp-framfor-fabrik-768x521.jpg 768w, https:\/\/www.lassebacklund.fi\/wp-content\/uploads\/2020\/09\/Grupp-framfor-fabrik-1536x1042.jpg 1536w, https:\/\/www.lassebacklund.fi\/wp-content\/uploads\/2020\/09\/Grupp-framfor-fabrik-2048x1389.jpg 2048w\" sizes=\"auto, (max-width: 2560px) 100vw, 2560px\" \/><figcaption id=\"caption-attachment-17565\" class=\"wp-caption-text\">I juni 2006 gjorde marthorna och n\u00e5gra andra Korsb\u00e4ckbor en utf\u00e4rd till \u00c5bo. D\u00e4rifr\u00e5n for de till N\u00e5dendal och till presidentens Gullranda. Fr\u00e5n v\u00e4nster guiden Linus Hoffman, sen kommer Eila Stenlund, Inger Nyholm, Lisbeth Hammarberg, Elmer Nyholm , Sylvia Stenlund, Rudi Liljedahl, Vineta Lind, Bo-Erik Ivars, Astrid Liljeblad, Gertrud Kankaanp\u00e4\u00e4, Ines Tasanko, Maj-Lis Liljedahl, Hans Stenlund, Gunbert Nyholm och Gunnel Stenlund.<\/figcaption><\/figure>\n<figure id=\"attachment_17572\" aria-describedby=\"caption-attachment-17572\" style=\"width: 817px\" class=\"wp-caption alignnone\"><img loading=\"lazy\" decoding=\"async\" class=\"size-full wp-image-17572\" src=\"https:\/\/www.lassebacklund.fi\/wp-content\/uploads\/2020\/09\/Sylvias-guldmarke.jpg\" alt=\"\" width=\"817\" height=\"822\" srcset=\"https:\/\/www.lassebacklund.fi\/wp-content\/uploads\/2020\/09\/Sylvias-guldmarke.jpg 817w, https:\/\/www.lassebacklund.fi\/wp-content\/uploads\/2020\/09\/Sylvias-guldmarke-298x300.jpg 298w, https:\/\/www.lassebacklund.fi\/wp-content\/uploads\/2020\/09\/Sylvias-guldmarke-150x150.jpg 150w, https:\/\/www.lassebacklund.fi\/wp-content\/uploads\/2020\/09\/Sylvias-guldmarke-768x773.jpg 768w\" sizes=\"auto, (max-width: 817px) 100vw, 817px\" \/><figcaption id=\"caption-attachment-17572\" class=\"wp-caption-text\">I juni 2003 fick m\u00e5ng\u00e5riga ordf\u00f6randen Sylvia Stenlund Marthaf\u00f6rbundets f\u00f6rtj\u00e4nsttecken i guld f\u00f6r v\u00e4rdefull, energisk och initiativ marthag\u00e4rning.<\/figcaption><\/figure>\n<p><img loading=\"lazy\" decoding=\"async\" class=\"alignnone size-full wp-image-13659\" src=\"https:\/\/www.lassebacklund.fi\/wp-content\/uploads\/2019\/08\/Ok\u00e4nda-damer-fr\u00e5n-Korsb\u00e4ck.jpg\" alt=\"\" width=\"1236\" height=\"1054\" srcset=\"https:\/\/www.lassebacklund.fi\/wp-content\/uploads\/2019\/08\/Ok\u00e4nda-damer-fr\u00e5n-Korsb\u00e4ck.jpg 1236w, https:\/\/www.lassebacklund.fi\/wp-content\/uploads\/2019\/08\/Ok\u00e4nda-damer-fr\u00e5n-Korsb\u00e4ck-300x256.jpg 300w, https:\/\/www.lassebacklund.fi\/wp-content\/uploads\/2019\/08\/Ok\u00e4nda-damer-fr\u00e5n-Korsb\u00e4ck-768x655.jpg 768w, https:\/\/www.lassebacklund.fi\/wp-content\/uploads\/2019\/08\/Ok\u00e4nda-damer-fr\u00e5n-Korsb\u00e4ck-1024x873.jpg 1024w\" sizes=\"auto, (max-width: 1236px) 100vw, 1236px\" \/><\/p>\n<p>I Korsb\u00e4ck fanns det i tiderna en annan f\u00f6rening, som hade i stort sett samma verksamhet som marthaf\u00f6reningen. P\u00e5 det h\u00e4r fotot fr\u00e5n b\u00f6rjan av 1930-talet syns medlemmarna i &#8221;Klutf\u00f6reningen&#8221; d\u00e4r ocks\u00e5 Lillsj\u00f6bor kunde vara med.<\/p>\n<figure id=\"attachment_17583\" aria-describedby=\"caption-attachment-17583\" style=\"width: 1565px\" class=\"wp-caption alignnone\"><img loading=\"lazy\" decoding=\"async\" class=\"size-full wp-image-17583\" src=\"https:\/\/www.lassebacklund.fi\/wp-content\/uploads\/2020\/09\/IMG_2389.jpg\" alt=\"\" width=\"1565\" height=\"1078\" srcset=\"https:\/\/www.lassebacklund.fi\/wp-content\/uploads\/2020\/09\/IMG_2389.jpg 1565w, https:\/\/www.lassebacklund.fi\/wp-content\/uploads\/2020\/09\/IMG_2389-300x207.jpg 300w, https:\/\/www.lassebacklund.fi\/wp-content\/uploads\/2020\/09\/IMG_2389-1024x705.jpg 1024w, https:\/\/www.lassebacklund.fi\/wp-content\/uploads\/2020\/09\/IMG_2389-768x529.jpg 768w, https:\/\/www.lassebacklund.fi\/wp-content\/uploads\/2020\/09\/IMG_2389-1536x1058.jpg 1536w\" sizes=\"auto, (max-width: 1565px) 100vw, 1565px\" \/><figcaption id=\"caption-attachment-17583\" class=\"wp-caption-text\">Marthor p\u00e5 utf\u00e4rd, fr\u00e5n v\u00e4nster Gertrud Kankaanp\u00e4\u00e4, Sanelma Jansson, Ines Tasanko, Fageli Berg, Astrid Liljedahl och l\u00e4ngst till h\u00f6ger Sylvia Stenlund.<\/figcaption><\/figure>\n<figure id=\"attachment_17638\" aria-describedby=\"caption-attachment-17638\" style=\"width: 2560px\" class=\"wp-caption alignnone\"><img loading=\"lazy\" decoding=\"async\" class=\"size-full wp-image-17638\" src=\"https:\/\/www.lassebacklund.fi\/wp-content\/uploads\/2020\/09\/Martharumshornet-1-scaled.jpg\" alt=\"\" width=\"2560\" height=\"1920\" srcset=\"https:\/\/www.lassebacklund.fi\/wp-content\/uploads\/2020\/09\/Martharumshornet-1-scaled.jpg 2560w, https:\/\/www.lassebacklund.fi\/wp-content\/uploads\/2020\/09\/Martharumshornet-1-300x225.jpg 300w, https:\/\/www.lassebacklund.fi\/wp-content\/uploads\/2020\/09\/Martharumshornet-1-1024x768.jpg 1024w, https:\/\/www.lassebacklund.fi\/wp-content\/uploads\/2020\/09\/Martharumshornet-1-768x576.jpg 768w, https:\/\/www.lassebacklund.fi\/wp-content\/uploads\/2020\/09\/Martharumshornet-1-1536x1152.jpg 1536w, https:\/\/www.lassebacklund.fi\/wp-content\/uploads\/2020\/09\/Martharumshornet-1-2048x1536.jpg 2048w\" sizes=\"auto, (max-width: 2560px) 100vw, 2560px\" \/><figcaption id=\"caption-attachment-17638\" class=\"wp-caption-text\">I mitten av 1980-talet d\u00e5 ungdomsf\u00f6reningen skarvade i lokalen i den \u00f6stra \u00e4ndan, s\u00e5 fick Korsb\u00e4ck marthaf\u00f6rening ett nytt eget rum bredvid ungdomsf\u00f6reningens klubbrum. Fotot fr\u00e5n september 2020.<\/figcaption><\/figure>\n<p><img loading=\"lazy\" decoding=\"async\" class=\"alignnone size-full wp-image-17574\" src=\"https:\/\/www.lassebacklund.fi\/wp-content\/uploads\/2020\/09\/IMG_2367.jpg\" alt=\"\" width=\"2262\" height=\"1348\" srcset=\"https:\/\/www.lassebacklund.fi\/wp-content\/uploads\/2020\/09\/IMG_2367.jpg 2262w, https:\/\/www.lassebacklund.fi\/wp-content\/uploads\/2020\/09\/IMG_2367-300x179.jpg 300w, https:\/\/www.lassebacklund.fi\/wp-content\/uploads\/2020\/09\/IMG_2367-1024x610.jpg 1024w, https:\/\/www.lassebacklund.fi\/wp-content\/uploads\/2020\/09\/IMG_2367-768x458.jpg 768w, https:\/\/www.lassebacklund.fi\/wp-content\/uploads\/2020\/09\/IMG_2367-1536x915.jpg 1536w, https:\/\/www.lassebacklund.fi\/wp-content\/uploads\/2020\/09\/IMG_2367-2048x1220.jpg 2048w\" sizes=\"auto, (max-width: 2262px) 100vw, 2262px\" \/><\/p>\n<figure id=\"attachment_17582\" aria-describedby=\"caption-attachment-17582\" style=\"width: 1606px\" class=\"wp-caption alignnone\"><img loading=\"lazy\" decoding=\"async\" class=\"size-full wp-image-17582\" src=\"https:\/\/www.lassebacklund.fi\/wp-content\/uploads\/2020\/09\/IMG_2386.jpg\" alt=\"\" width=\"1606\" height=\"1054\" srcset=\"https:\/\/www.lassebacklund.fi\/wp-content\/uploads\/2020\/09\/IMG_2386.jpg 1606w, https:\/\/www.lassebacklund.fi\/wp-content\/uploads\/2020\/09\/IMG_2386-300x197.jpg 300w, https:\/\/www.lassebacklund.fi\/wp-content\/uploads\/2020\/09\/IMG_2386-1024x672.jpg 1024w, https:\/\/www.lassebacklund.fi\/wp-content\/uploads\/2020\/09\/IMG_2386-768x504.jpg 768w, https:\/\/www.lassebacklund.fi\/wp-content\/uploads\/2020\/09\/IMG_2386-1536x1008.jpg 1536w\" sizes=\"auto, (max-width: 1606px) 100vw, 1606px\" \/><figcaption id=\"caption-attachment-17582\" class=\"wp-caption-text\">Tre marthor p\u00e5 utf\u00e4rd, fr\u00e5n v\u00e4nster Eila Stenlund, Vineta Lind och Inger Nyholm.<\/figcaption><\/figure>\n<figure id=\"attachment_17581\" aria-describedby=\"caption-attachment-17581\" style=\"width: 1637px\" class=\"wp-caption alignnone\"><img loading=\"lazy\" decoding=\"async\" class=\"size-full wp-image-17581\" src=\"https:\/\/www.lassebacklund.fi\/wp-content\/uploads\/2020\/09\/IMG_2383.jpg\" alt=\"\" width=\"1637\" height=\"1066\" srcset=\"https:\/\/www.lassebacklund.fi\/wp-content\/uploads\/2020\/09\/IMG_2383.jpg 1637w, https:\/\/www.lassebacklund.fi\/wp-content\/uploads\/2020\/09\/IMG_2383-300x195.jpg 300w, https:\/\/www.lassebacklund.fi\/wp-content\/uploads\/2020\/09\/IMG_2383-1024x667.jpg 1024w, https:\/\/www.lassebacklund.fi\/wp-content\/uploads\/2020\/09\/IMG_2383-768x500.jpg 768w, https:\/\/www.lassebacklund.fi\/wp-content\/uploads\/2020\/09\/IMG_2383-1536x1000.jpg 1536w\" sizes=\"auto, (max-width: 1637px) 100vw, 1637px\" \/><figcaption id=\"caption-attachment-17581\" class=\"wp-caption-text\">Att bjuda \u00e5ldringarna p\u00e5 \u00c5ldersro p\u00e5 kaffe var ett \u00e5rligen \u00e5terkommande evenemang. Ibland var byns spelm\u00e4n ocks\u00e5 med och spelande k\u00e4nda l\u00e5tar, n\u00e5got som alltid uppskattades. Fr\u00e5n v\u00e4nster Jan Norrvik, Yngve Hammarberg, Kenneth Bergqvist och Philip Norrvik.<\/figcaption><\/figure>\n<figure id=\"attachment_17580\" aria-describedby=\"caption-attachment-17580\" style=\"width: 1608px\" class=\"wp-caption alignnone\"><img loading=\"lazy\" decoding=\"async\" class=\"size-full wp-image-17580\" src=\"https:\/\/www.lassebacklund.fi\/wp-content\/uploads\/2020\/09\/IMG_2382.jpg\" alt=\"\" width=\"1608\" height=\"1087\" srcset=\"https:\/\/www.lassebacklund.fi\/wp-content\/uploads\/2020\/09\/IMG_2382.jpg 1608w, https:\/\/www.lassebacklund.fi\/wp-content\/uploads\/2020\/09\/IMG_2382-300x203.jpg 300w, https:\/\/www.lassebacklund.fi\/wp-content\/uploads\/2020\/09\/IMG_2382-1024x692.jpg 1024w, https:\/\/www.lassebacklund.fi\/wp-content\/uploads\/2020\/09\/IMG_2382-768x519.jpg 768w, https:\/\/www.lassebacklund.fi\/wp-content\/uploads\/2020\/09\/IMG_2382-1536x1038.jpg 1536w\" sizes=\"auto, (max-width: 1608px) 100vw, 1608px\" \/><figcaption id=\"caption-attachment-17580\" class=\"wp-caption-text\">Marthor i disken, Inger Nyholm till v\u00e4nster och Gertrud Kankaanp\u00e4\u00e4.<\/figcaption><\/figure>\n<figure id=\"attachment_17579\" aria-describedby=\"caption-attachment-17579\" style=\"width: 1678px\" class=\"wp-caption alignnone\"><img loading=\"lazy\" decoding=\"async\" class=\"size-full wp-image-17579\" src=\"https:\/\/www.lassebacklund.fi\/wp-content\/uploads\/2020\/09\/IMG_2377.jpg\" alt=\"\" width=\"1678\" height=\"1124\" srcset=\"https:\/\/www.lassebacklund.fi\/wp-content\/uploads\/2020\/09\/IMG_2377.jpg 1678w, https:\/\/www.lassebacklund.fi\/wp-content\/uploads\/2020\/09\/IMG_2377-300x201.jpg 300w, https:\/\/www.lassebacklund.fi\/wp-content\/uploads\/2020\/09\/IMG_2377-1024x686.jpg 1024w, https:\/\/www.lassebacklund.fi\/wp-content\/uploads\/2020\/09\/IMG_2377-768x514.jpg 768w, https:\/\/www.lassebacklund.fi\/wp-content\/uploads\/2020\/09\/IMG_2377-1536x1029.jpg 1536w\" sizes=\"auto, (max-width: 1678px) 100vw, 1678px\" \/><figcaption id=\"caption-attachment-17579\" class=\"wp-caption-text\">Att dricka kaffe med gott bulla var en sj\u00e4lvklarhet p\u00e5 martham\u00f6tena i g\u00e5rdarna. Hemma hos Ellen Sten \u00e4r samlade runt bordet fr\u00e5n v\u00e4nster Astrid Liljeblad, Ellen Sten, G\u00f6rel Bergqvist, Sanelma Jansson, Fageli Berg, Lisbeth Hammarberg och Ines Tasanko. St\u00e5ende till v\u00e4nster Sylvia Stenlund.<\/figcaption><\/figure>\n<figure id=\"attachment_17601\" aria-describedby=\"caption-attachment-17601\" style=\"width: 1734px\" class=\"wp-caption alignnone\"><img loading=\"lazy\" decoding=\"async\" class=\"size-full wp-image-17601\" src=\"https:\/\/www.lassebacklund.fi\/wp-content\/uploads\/2020\/09\/Medlemmar-2009.jpg\" alt=\"\" width=\"1734\" height=\"1124\" srcset=\"https:\/\/www.lassebacklund.fi\/wp-content\/uploads\/2020\/09\/Medlemmar-2009.jpg 1734w, https:\/\/www.lassebacklund.fi\/wp-content\/uploads\/2020\/09\/Medlemmar-2009-300x194.jpg 300w, https:\/\/www.lassebacklund.fi\/wp-content\/uploads\/2020\/09\/Medlemmar-2009-1024x664.jpg 1024w, https:\/\/www.lassebacklund.fi\/wp-content\/uploads\/2020\/09\/Medlemmar-2009-768x498.jpg 768w, https:\/\/www.lassebacklund.fi\/wp-content\/uploads\/2020\/09\/Medlemmar-2009-1536x996.jpg 1536w\" sizes=\"auto, (max-width: 1734px) 100vw, 1734px\" \/><figcaption id=\"caption-attachment-17601\" class=\"wp-caption-text\">Marthaf\u00f6reningens medlemmar \u00e5r 2009. Uppe till v\u00e4nster st\u00e5r Ulla Fagerstr\u00f6m, Lisbeth Hammarberg, Ines Tasanko, Gun-Maj Blomstedt, Maj-Lis Liljedahl, Fageli Berg, G\u00f6rel Bergqvist och Sylvia Stenlund. Sittande till v\u00e4nster Astrid Liljeblad, Vineta Lind, Gertrud Kankaanp\u00e4\u00e4, Inger Nyholm och Helga Liljedahl. Fotografen m\u00e5ste vara Eila Stenlund eftersom hon fattas p\u00e5 fotot.<\/figcaption><\/figure>\n<figure id=\"attachment_17602\" aria-describedby=\"caption-attachment-17602\" style=\"width: 1784px\" class=\"wp-caption alignnone\"><img loading=\"lazy\" decoding=\"async\" class=\"size-full wp-image-17602\" src=\"https:\/\/www.lassebacklund.fi\/wp-content\/uploads\/2020\/09\/Tartor-och-bulla.jpg\" alt=\"\" width=\"1784\" height=\"1160\" srcset=\"https:\/\/www.lassebacklund.fi\/wp-content\/uploads\/2020\/09\/Tartor-och-bulla.jpg 1784w, https:\/\/www.lassebacklund.fi\/wp-content\/uploads\/2020\/09\/Tartor-och-bulla-300x195.jpg 300w, https:\/\/www.lassebacklund.fi\/wp-content\/uploads\/2020\/09\/Tartor-och-bulla-1024x666.jpg 1024w, https:\/\/www.lassebacklund.fi\/wp-content\/uploads\/2020\/09\/Tartor-och-bulla-768x499.jpg 768w, https:\/\/www.lassebacklund.fi\/wp-content\/uploads\/2020\/09\/Tartor-och-bulla-1536x999.jpg 1536w\" sizes=\"auto, (max-width: 1784px) 100vw, 1784px\" \/><figcaption id=\"caption-attachment-17602\" class=\"wp-caption-text\">D\u00e5 marthorna st\u00e4ller till fest, s\u00e5 skall det bjudas bara p\u00e5 det b\u00e4sta.<\/figcaption><\/figure>\n<figure id=\"attachment_17578\" aria-describedby=\"caption-attachment-17578\" style=\"width: 1648px\" class=\"wp-caption alignnone\"><img loading=\"lazy\" decoding=\"async\" class=\"size-full wp-image-17578\" src=\"https:\/\/www.lassebacklund.fi\/wp-content\/uploads\/2020\/09\/IMG_2376.jpg\" alt=\"\" width=\"1648\" height=\"1185\" srcset=\"https:\/\/www.lassebacklund.fi\/wp-content\/uploads\/2020\/09\/IMG_2376.jpg 1648w, https:\/\/www.lassebacklund.fi\/wp-content\/uploads\/2020\/09\/IMG_2376-300x216.jpg 300w, https:\/\/www.lassebacklund.fi\/wp-content\/uploads\/2020\/09\/IMG_2376-1024x736.jpg 1024w, https:\/\/www.lassebacklund.fi\/wp-content\/uploads\/2020\/09\/IMG_2376-768x552.jpg 768w, https:\/\/www.lassebacklund.fi\/wp-content\/uploads\/2020\/09\/IMG_2376-1536x1104.jpg 1536w\" sizes=\"auto, (max-width: 1648px) 100vw, 1648px\" \/><figcaption id=\"caption-attachment-17578\" class=\"wp-caption-text\">Marthornas utf\u00e4rder gjordes ofta med Yngve Hammarbergs taxibil. Fr\u00e5n v\u00e4nster Ines Tasanko, Elvi \u00d6ist, Lisbeth Hammarberg, Ines Bergqvist, Gertrud Kankaanp\u00e4\u00e4, Ellen Sten, Inga Lind, Gun-Maj Blomstedt och Sylvia Stenlund. Chauff\u00f6ren Yngve syns l\u00e4ngst bak.<\/figcaption><\/figure>\n<figure id=\"attachment_17577\" aria-describedby=\"caption-attachment-17577\" style=\"width: 1150px\" class=\"wp-caption alignnone\"><img loading=\"lazy\" decoding=\"async\" class=\"size-full wp-image-17577\" src=\"https:\/\/www.lassebacklund.fi\/wp-content\/uploads\/2020\/09\/IMG_2375.jpg\" alt=\"\" width=\"1150\" height=\"1071\" srcset=\"https:\/\/www.lassebacklund.fi\/wp-content\/uploads\/2020\/09\/IMG_2375.jpg 1150w, https:\/\/www.lassebacklund.fi\/wp-content\/uploads\/2020\/09\/IMG_2375-300x279.jpg 300w, https:\/\/www.lassebacklund.fi\/wp-content\/uploads\/2020\/09\/IMG_2375-1024x954.jpg 1024w, https:\/\/www.lassebacklund.fi\/wp-content\/uploads\/2020\/09\/IMG_2375-768x715.jpg 768w\" sizes=\"auto, (max-width: 1150px) 100vw, 1150px\" \/><figcaption id=\"caption-attachment-17577\" class=\"wp-caption-text\">Marthor vid havet.<\/figcaption><\/figure>\n<figure id=\"attachment_17575\" aria-describedby=\"caption-attachment-17575\" style=\"width: 2393px\" class=\"wp-caption alignnone\"><img loading=\"lazy\" decoding=\"async\" class=\"size-full wp-image-17575\" src=\"https:\/\/www.lassebacklund.fi\/wp-content\/uploads\/2020\/09\/IMG_2371.jpg\" alt=\"\" width=\"2393\" height=\"1359\" srcset=\"https:\/\/www.lassebacklund.fi\/wp-content\/uploads\/2020\/09\/IMG_2371.jpg 2393w, https:\/\/www.lassebacklund.fi\/wp-content\/uploads\/2020\/09\/IMG_2371-300x170.jpg 300w, https:\/\/www.lassebacklund.fi\/wp-content\/uploads\/2020\/09\/IMG_2371-1024x582.jpg 1024w, https:\/\/www.lassebacklund.fi\/wp-content\/uploads\/2020\/09\/IMG_2371-768x436.jpg 768w, https:\/\/www.lassebacklund.fi\/wp-content\/uploads\/2020\/09\/IMG_2371-1536x872.jpg 1536w, https:\/\/www.lassebacklund.fi\/wp-content\/uploads\/2020\/09\/IMG_2371-2048x1163.jpg 2048w\" sizes=\"auto, (max-width: 2393px) 100vw, 2393px\" \/><figcaption id=\"caption-attachment-17575\" class=\"wp-caption-text\">Marthor p\u00e5 berget.<\/figcaption><\/figure>\n<figure id=\"attachment_17576\" aria-describedby=\"caption-attachment-17576\" style=\"width: 2028px\" class=\"wp-caption alignnone\"><img loading=\"lazy\" decoding=\"async\" class=\"size-full wp-image-17576\" src=\"https:\/\/www.lassebacklund.fi\/wp-content\/uploads\/2020\/09\/IMG_2372.jpg\" alt=\"\" width=\"2028\" height=\"1195\" srcset=\"https:\/\/www.lassebacklund.fi\/wp-content\/uploads\/2020\/09\/IMG_2372.jpg 2028w, https:\/\/www.lassebacklund.fi\/wp-content\/uploads\/2020\/09\/IMG_2372-300x177.jpg 300w, https:\/\/www.lassebacklund.fi\/wp-content\/uploads\/2020\/09\/IMG_2372-1024x603.jpg 1024w, https:\/\/www.lassebacklund.fi\/wp-content\/uploads\/2020\/09\/IMG_2372-768x453.jpg 768w, https:\/\/www.lassebacklund.fi\/wp-content\/uploads\/2020\/09\/IMG_2372-1536x905.jpg 1536w\" sizes=\"auto, (max-width: 2028px) 100vw, 2028px\" \/><figcaption id=\"caption-attachment-17576\" class=\"wp-caption-text\">Glada marthor i folkdr\u00e4kt.<\/figcaption><\/figure>\n<figure id=\"attachment_17585\" aria-describedby=\"caption-attachment-17585\" style=\"width: 1553px\" class=\"wp-caption alignnone\"><img loading=\"lazy\" decoding=\"async\" class=\"size-full wp-image-17585\" src=\"https:\/\/www.lassebacklund.fi\/wp-content\/uploads\/2020\/09\/IMG_2391.jpg\" alt=\"\" width=\"1553\" height=\"1018\" srcset=\"https:\/\/www.lassebacklund.fi\/wp-content\/uploads\/2020\/09\/IMG_2391.jpg 1553w, https:\/\/www.lassebacklund.fi\/wp-content\/uploads\/2020\/09\/IMG_2391-300x197.jpg 300w, https:\/\/www.lassebacklund.fi\/wp-content\/uploads\/2020\/09\/IMG_2391-1024x671.jpg 1024w, https:\/\/www.lassebacklund.fi\/wp-content\/uploads\/2020\/09\/IMG_2391-768x503.jpg 768w, https:\/\/www.lassebacklund.fi\/wp-content\/uploads\/2020\/09\/IMG_2391-1536x1007.jpg 1536w\" sizes=\"auto, (max-width: 1553px) 100vw, 1553px\" \/><figcaption id=\"caption-attachment-17585\" class=\"wp-caption-text\">P\u00e5 martham\u00f6tena diskuterades kommande program och andra aktuella h\u00e4ndelser samtidigt som h\u00e4nderna arbetade. H\u00e4r blir det m\u00e5nga fina julklappar f\u00f6r fattiga och n\u00f6dst\u00e4llda barn runt om i v\u00e4rlden. Hoppets stj\u00e4rna sk\u00f6tte om att bland annat barnhemsbarn fick helst en julklapp. I v\u00e4nstra kanten skymtar Helga Liljedahl sedan Astrid Liljeblad, G\u00f6rel Bergqvist, Ines Tasanko, Lisbeth Hammarberg, Ulla Fagerstr\u00f6m, Sylvia Stenlund, Gertrud Kankaanp\u00e4\u00e4, Fageli Berg, Inger Nyholm, Eila Stenlund och Vineta Lind.<\/figcaption><\/figure>\n<figure id=\"attachment_17584\" aria-describedby=\"caption-attachment-17584\" style=\"width: 1608px\" class=\"wp-caption alignnone\"><img loading=\"lazy\" decoding=\"async\" class=\"size-full wp-image-17584\" src=\"https:\/\/www.lassebacklund.fi\/wp-content\/uploads\/2020\/09\/IMG_2390.jpg\" alt=\"\" width=\"1608\" height=\"1116\" srcset=\"https:\/\/www.lassebacklund.fi\/wp-content\/uploads\/2020\/09\/IMG_2390.jpg 1608w, https:\/\/www.lassebacklund.fi\/wp-content\/uploads\/2020\/09\/IMG_2390-300x208.jpg 300w, https:\/\/www.lassebacklund.fi\/wp-content\/uploads\/2020\/09\/IMG_2390-1024x711.jpg 1024w, https:\/\/www.lassebacklund.fi\/wp-content\/uploads\/2020\/09\/IMG_2390-768x533.jpg 768w, https:\/\/www.lassebacklund.fi\/wp-content\/uploads\/2020\/09\/IMG_2390-1536x1066.jpg 1536w\" sizes=\"auto, (max-width: 1608px) 100vw, 1608px\" \/><figcaption id=\"caption-attachment-17584\" class=\"wp-caption-text\">Marthor p\u00e5 utf\u00e4rd till en tr\u00e4dg\u00e5rdsm\u00e4ssa. Fr\u00e5n v\u00e4nster Sanelma Jansson, Lisbeth Hammarberg, Astrid Liljeblad, Fageli Berg, Sylvia Stenlund och Ines Tasanko.<\/figcaption><\/figure>\n<figure id=\"attachment_17651\" aria-describedby=\"caption-attachment-17651\" style=\"width: 2560px\" class=\"wp-caption alignnone\"><img loading=\"lazy\" decoding=\"async\" class=\"size-full wp-image-17651\" src=\"https:\/\/www.lassebacklund.fi\/wp-content\/uploads\/2020\/09\/Kilen-julbasar-2007-scaled.jpg\" alt=\"\" width=\"2560\" height=\"1702\" srcset=\"https:\/\/www.lassebacklund.fi\/wp-content\/uploads\/2020\/09\/Kilen-julbasar-2007-scaled.jpg 2560w, https:\/\/www.lassebacklund.fi\/wp-content\/uploads\/2020\/09\/Kilen-julbasar-2007-300x199.jpg 300w, https:\/\/www.lassebacklund.fi\/wp-content\/uploads\/2020\/09\/Kilen-julbasar-2007-1024x681.jpg 1024w, https:\/\/www.lassebacklund.fi\/wp-content\/uploads\/2020\/09\/Kilen-julbasar-2007-768x511.jpg 768w, https:\/\/www.lassebacklund.fi\/wp-content\/uploads\/2020\/09\/Kilen-julbasar-2007-1536x1021.jpg 1536w, https:\/\/www.lassebacklund.fi\/wp-content\/uploads\/2020\/09\/Kilen-julbasar-2007-2048x1362.jpg 2048w\" sizes=\"auto, (max-width: 2560px) 100vw, 2560px\" \/><figcaption id=\"caption-attachment-17651\" class=\"wp-caption-text\">Marthorna p\u00e5 julbasar p\u00e5 Kilen \u00e5r 2007, fr\u00e5n v\u00e4nster Maj-Lis Liljedahl, Eila Stenlund och Inger Nyholm.<\/figcaption><\/figure>\n<figure id=\"attachment_17669\" aria-describedby=\"caption-attachment-17669\" style=\"width: 2560px\" class=\"wp-caption alignnone\"><img loading=\"lazy\" decoding=\"async\" class=\"size-full wp-image-17669\" src=\"https:\/\/www.lassebacklund.fi\/wp-content\/uploads\/2020\/09\/Inger-Nyholms-tarta-scaled.jpg\" alt=\"\" width=\"2560\" height=\"1702\" srcset=\"https:\/\/www.lassebacklund.fi\/wp-content\/uploads\/2020\/09\/Inger-Nyholms-tarta-scaled.jpg 2560w, https:\/\/www.lassebacklund.fi\/wp-content\/uploads\/2020\/09\/Inger-Nyholms-tarta-300x199.jpg 300w, https:\/\/www.lassebacklund.fi\/wp-content\/uploads\/2020\/09\/Inger-Nyholms-tarta-1024x681.jpg 1024w, https:\/\/www.lassebacklund.fi\/wp-content\/uploads\/2020\/09\/Inger-Nyholms-tarta-768x511.jpg 768w, https:\/\/www.lassebacklund.fi\/wp-content\/uploads\/2020\/09\/Inger-Nyholms-tarta-1536x1021.jpg 1536w, https:\/\/www.lassebacklund.fi\/wp-content\/uploads\/2020\/09\/Inger-Nyholms-tarta-2048x1362.jpg 2048w\" sizes=\"auto, (max-width: 2560px) 100vw, 2560px\" \/><figcaption id=\"caption-attachment-17669\" class=\"wp-caption-text\">Marthorna kan! H\u00e4r ett bra exempel p\u00e5 kreativitet med Inger Nyholms fj\u00e4rilst\u00e5rta.<\/figcaption><\/figure>\n<figure id=\"attachment_17668\" aria-describedby=\"caption-attachment-17668\" style=\"width: 2560px\" class=\"wp-caption alignnone\"><img loading=\"lazy\" decoding=\"async\" class=\"size-full wp-image-17668\" src=\"https:\/\/www.lassebacklund.fi\/wp-content\/uploads\/2020\/09\/Gavor-till-Hoppets-stjarna-scaled.jpg\" alt=\"\" width=\"2560\" height=\"1702\" srcset=\"https:\/\/www.lassebacklund.fi\/wp-content\/uploads\/2020\/09\/Gavor-till-Hoppets-stjarna-scaled.jpg 2560w, https:\/\/www.lassebacklund.fi\/wp-content\/uploads\/2020\/09\/Gavor-till-Hoppets-stjarna-300x199.jpg 300w, https:\/\/www.lassebacklund.fi\/wp-content\/uploads\/2020\/09\/Gavor-till-Hoppets-stjarna-1024x681.jpg 1024w, https:\/\/www.lassebacklund.fi\/wp-content\/uploads\/2020\/09\/Gavor-till-Hoppets-stjarna-768x511.jpg 768w, https:\/\/www.lassebacklund.fi\/wp-content\/uploads\/2020\/09\/Gavor-till-Hoppets-stjarna-1536x1021.jpg 1536w, https:\/\/www.lassebacklund.fi\/wp-content\/uploads\/2020\/09\/Gavor-till-Hoppets-stjarna-2048x1362.jpg 2048w\" sizes=\"auto, (max-width: 2560px) 100vw, 2560px\" \/><figcaption id=\"caption-attachment-17668\" class=\"wp-caption-text\">Bordet fullt med stickade vantar, strumpor, m\u00f6ssor och mycket annat som donerades till Hoppets Stj\u00e4rna.<\/figcaption><\/figure>\n<figure id=\"attachment_17586\" aria-describedby=\"caption-attachment-17586\" style=\"width: 1622px\" class=\"wp-caption alignnone\"><img loading=\"lazy\" decoding=\"async\" class=\"size-full wp-image-17586\" src=\"https:\/\/www.lassebacklund.fi\/wp-content\/uploads\/2020\/09\/IMG_2392.jpg\" alt=\"\" width=\"1622\" height=\"1075\" srcset=\"https:\/\/www.lassebacklund.fi\/wp-content\/uploads\/2020\/09\/IMG_2392.jpg 1622w, https:\/\/www.lassebacklund.fi\/wp-content\/uploads\/2020\/09\/IMG_2392-300x199.jpg 300w, https:\/\/www.lassebacklund.fi\/wp-content\/uploads\/2020\/09\/IMG_2392-1024x679.jpg 1024w, https:\/\/www.lassebacklund.fi\/wp-content\/uploads\/2020\/09\/IMG_2392-768x509.jpg 768w, https:\/\/www.lassebacklund.fi\/wp-content\/uploads\/2020\/09\/IMG_2392-1536x1018.jpg 1536w\" sizes=\"auto, (max-width: 1622px) 100vw, 1622px\" \/><figcaption id=\"caption-attachment-17586\" class=\"wp-caption-text\">Trots att det s\u00e4llan n\u00e4mns i protokollb\u00f6ckerna var handarbete den vanligaste och viktigaste verksamheten. De h\u00e4r handarbetena gjordes \u00e5t Hoppets stj\u00e4rna som sedan vidaref\u00f6rmedlade dem till n\u00f6dst\u00e4llda ute i v\u00e4rlden.<\/figcaption><\/figure>\n<figure id=\"attachment_17590\" aria-describedby=\"caption-attachment-17590\" style=\"width: 1613px\" class=\"wp-caption alignnone\"><img loading=\"lazy\" decoding=\"async\" class=\"size-full wp-image-17590\" src=\"https:\/\/www.lassebacklund.fi\/wp-content\/uploads\/2020\/09\/IMG_1657.jpg\" alt=\"\" width=\"1613\" height=\"1210\" srcset=\"https:\/\/www.lassebacklund.fi\/wp-content\/uploads\/2020\/09\/IMG_1657.jpg 1613w, https:\/\/www.lassebacklund.fi\/wp-content\/uploads\/2020\/09\/IMG_1657-300x225.jpg 300w, https:\/\/www.lassebacklund.fi\/wp-content\/uploads\/2020\/09\/IMG_1657-1024x768.jpg 1024w, https:\/\/www.lassebacklund.fi\/wp-content\/uploads\/2020\/09\/IMG_1657-768x576.jpg 768w, https:\/\/www.lassebacklund.fi\/wp-content\/uploads\/2020\/09\/IMG_1657-1536x1152.jpg 1536w\" sizes=\"auto, (max-width: 1613px) 100vw, 1613px\" \/><figcaption id=\"caption-attachment-17590\" class=\"wp-caption-text\">Marthornas likvagn fr\u00e5n 1943 finns nu uppbevarad i ett f\u00f6rr\u00e5d p\u00e5 Carlsro i Kristinestad. Den \u00e4r i bra skick f\u00f6rutom textilierna, som borde f\u00f6rnyas om vagnen skall visas f\u00f6r allm\u00e4nheten.<\/figcaption><\/figure>\n<figure id=\"attachment_17593\" aria-describedby=\"caption-attachment-17593\" style=\"width: 2560px\" class=\"wp-caption alignnone\"><img loading=\"lazy\" decoding=\"async\" class=\"size-full wp-image-17593\" src=\"https:\/\/www.lassebacklund.fi\/wp-content\/uploads\/2020\/09\/IMG_2378-scaled.jpg\" alt=\"\" width=\"2560\" height=\"1465\" srcset=\"https:\/\/www.lassebacklund.fi\/wp-content\/uploads\/2020\/09\/IMG_2378-scaled.jpg 2560w, https:\/\/www.lassebacklund.fi\/wp-content\/uploads\/2020\/09\/IMG_2378-300x172.jpg 300w, https:\/\/www.lassebacklund.fi\/wp-content\/uploads\/2020\/09\/IMG_2378-1024x586.jpg 1024w, https:\/\/www.lassebacklund.fi\/wp-content\/uploads\/2020\/09\/IMG_2378-768x439.jpg 768w, https:\/\/www.lassebacklund.fi\/wp-content\/uploads\/2020\/09\/IMG_2378-1536x879.jpg 1536w, https:\/\/www.lassebacklund.fi\/wp-content\/uploads\/2020\/09\/IMG_2378-2048x1172.jpg 2048w\" sizes=\"auto, (max-width: 2560px) 100vw, 2560px\" \/><figcaption id=\"caption-attachment-17593\" class=\"wp-caption-text\">\u00c5r 1998 b\u00f6rjade \u00c5sa Blomstedt arbeta som Marthaf\u00f6rbundets verksamhetsledare i \u00d6sterbotten. Klippet ur Vasabladet 8.9.1998.<\/figcaption><\/figure>\n","protected":false},"excerpt":{"rendered":"<p>Sammanst\u00e4llt av Lasse Backlund i september 2020, med hj\u00e4lp av flera bybor och f\u00f6reningens b\u00f6cker. F\u00f6rsta f\u00f6rs\u00f6ket att bilda en marthaf\u00f6rening i Korsb\u00e4ck gjordes \u00e5r 1929 p\u00e5 initiativ av folkskoll\u00e4rarinnan Telma Savela, som var l\u00e4rarinna i Korsb\u00e4ck 1927 &#8211; 1929. <a class=\"more-link\" href=\"https:\/\/www.lassebacklund.fi\/?page_id=17560\">Forts\u00e4tt l\u00e4sa <span class=\"screen-reader-text\">  Marthaf\u00f6reningen i Korsb\u00e4ck<\/span><span class=\"meta-nav\">&rarr;<\/span><\/a><\/p>\n","protected":false},"author":1,"featured_media":0,"parent":1391,"menu_order":4,"comment_status":"closed","ping_status":"closed","template":"","meta":{"footnotes":""},"class_list":["post-17560","page","type-page","status-publish","hentry"],"_links":{"self":[{"href":"https:\/\/www.lassebacklund.fi\/index.php?rest_route=\/wp\/v2\/pages\/17560","targetHints":{"allow":["GET"]}}],"collection":[{"href":"https:\/\/www.lassebacklund.fi\/index.php?rest_route=\/wp\/v2\/pages"}],"about":[{"href":"https:\/\/www.lassebacklund.fi\/index.php?rest_route=\/wp\/v2\/types\/page"}],"author":[{"embeddable":true,"href":"https:\/\/www.lassebacklund.fi\/index.php?rest_route=\/wp\/v2\/users\/1"}],"replies":[{"embeddable":true,"href":"https:\/\/www.lassebacklund.fi\/index.php?rest_route=%2Fwp%2Fv2%2Fcomments&post=17560"}],"version-history":[{"count":38,"href":"https:\/\/www.lassebacklund.fi\/index.php?rest_route=\/wp\/v2\/pages\/17560\/revisions"}],"predecessor-version":[{"id":25760,"href":"https:\/\/www.lassebacklund.fi\/index.php?rest_route=\/wp\/v2\/pages\/17560\/revisions\/25760"}],"up":[{"embeddable":true,"href":"https:\/\/www.lassebacklund.fi\/index.php?rest_route=\/wp\/v2\/pages\/1391"}],"wp:attachment":[{"href":"https:\/\/www.lassebacklund.fi\/index.php?rest_route=%2Fwp%2Fv2%2Fmedia&parent=17560"}],"curies":[{"name":"wp","href":"https:\/\/api.w.org\/{rel}","templated":true}]}}