{"id":16962,"date":"2020-06-24T18:44:31","date_gmt":"2020-06-24T15:44:31","guid":{"rendered":"http:\/\/www.lassebacklund.fi\/?page_id=16962"},"modified":"2020-06-24T18:44:31","modified_gmt":"2020-06-24T15:44:31","slug":"skolan-grunden-for-framatskridande","status":"publish","type":"page","link":"https:\/\/www.lassebacklund.fi\/?page_id=16962","title":{"rendered":"Skolan grunden f\u00f6r fram\u00e5tskridande."},"content":{"rendered":"<p><span style=\"color: #000080;\">Artikel i tidningen Syd-\u00d6sterbotten 20 oktober 1953.<\/span><\/p>\n<p><strong>Festkantat glansnummer vid jubileum i Dagsmark \u00e5r 1953.<\/strong><\/p>\n<p>Under talrik anslutning fr\u00e5n byns och bygdens, samt forna l\u00e4rares och elevers sida begick Dagsmark folkskola sin 75-\u00e5rsdag p\u00e5 s\u00f6ndagen.<\/p>\n<p>Sibelius &#8221;Andante festivo&#8221; utf\u00f6rd av Perus str\u00e5korkester under bankdirekt\u00f6r Einar Krooks ledning bildade en v\u00e4rdig upptakt till det alltigenom digra och gedigna programmet. Skolpsalmen framf\u00f6r andra \u201dSanningens ande\u201d sj\u00f6ngs och rektor Erik Ewalds h\u00f6ll b\u00f6n och tal. Han utgick h\u00e4rvid fr\u00e5n orden i F\u00f6rsta konungaboken 8:29 \u201dL\u00e5t dina \u00f6gon dag och natt vara \u00f6ppna och v\u00e4nda mot detta hus\u201d. \u00a0Samma ord som i tiden bildade k\u00e4rnan i kyrkoherde Georg Laur\u00e9ns tal d\u00e5 det nya skolhuset invigdes \u00e5r 1909. L\u00e4rare Nils Bergman l\u00e4ste ett par dikter av Bengt Nystrand och Nils Bolander. Skolans elevk\u00f6r och str\u00e5korkester upptr\u00e4dde under l\u00e4rare Einar Linds ledning med ett par s\u00e5nger. F\u00f6re detta eleven Else-Maj Hemberg deklamerade dikten Byskolan till\u00e4gnad Sveriges folkskola vid dess 100-\u00e5rsjubileum 1942.<\/p>\n<p>Dagens festtal h\u00f6lls av folkskolinspekt\u00f6ren, skolr\u00e5det E. A. Mitts. Talarens tema var m\u00e4nniskosl\u00e4ktets vandring genom seklerna. Det har hela tiden varit en stor vandring, fram\u00e5t och upp\u00e5t. De senaste tidernas snabba utveckling har f\u00f6rt till icke anat v\u00e4lst\u00e5nd. Skolv\u00e4sendet, inte minst folkskolan har en anm\u00e4rkningsv\u00e4rd del i denna utveckling. Ja, det \u00e4r fr\u00e5gan om inte just skolan \u00e4r grunden f\u00f6r allt fram\u00e5tskridande. Det anf\u00f6rs ofta att skolan blir dyr, sade talaren, men hur fattiga skulle vi inte vara utan skola.<\/p>\n<p>Efter festtalet f\u00f6ljde vacker duetts\u00e5ng av systrarna Hemberg, med s\u00e5ngerna \u201dVillsam \u00e4r v\u00e4gen\u201d och \u201dLycka\u201d tonsatt av Merikanto. Skolans f\u00f6rest\u00e5ndare Einar Lind hade utarbetat en utf\u00f6rlig historik \u00f6ver skolans 75-\u00e5riga verksamhet och han gav nu intressanta glimtar ur den.<\/p>\n<p>De talrika festdeltagarna trakterades med kaffe. Bidrag infl\u00f6t rikligt till den nya jubileumsfonden, som dagen till \u00e5minnelse \u00f6ppnades vid skolan. Vi festens slut torde summan av gjorda inbetalningar ha stigit till i det n\u00e4rmaste 18\u00a0000 mark.<\/p>\n<p>Festens glansnummer var den kantat, som bankdirekt\u00f6r E. Krook hade skrivit och tonsatt enkom f\u00f6r detta tillf\u00e4lle. Den fick ett lyckat framf\u00f6rande med k\u00f6r och orkester under hans ledning. Han avtackades med blommor och en hj\u00e4rtlig appl\u00e5d.<\/p>\n<p>Det fria ordet utnyttjades livligt. Forna l\u00e4rare t\u00e4ljde minnen fr\u00e5n de \u00e5r de hade arbetat vid skolan. L\u00e5ng var raden av gratulanter som \u00f6nskade skolan fortsatt framg\u00e5ng i arbetet f\u00f6r bygdens v\u00e4lf\u00e4rd.<\/p>\n<p>Sedan Valdemar Rosengren fr\u00e5n direktionens sida tackat alla som gett festen dess glans avslutades h\u00f6gtidligheten med b\u00f6n av rektor Ewalds och psalms\u00e5ng \u201dTack min Gud, f\u00f6r allt som varit\u201d.<\/p>\n<p>Inbjudna g\u00e4ster bj\u00f6ds slutligen p\u00e5 middag i skolans nya och trivsamma matsal. Den talrika skaran av festbes\u00f6kare var ett vittnesb\u00f6rd om uppskattningen av skolan och detta inneb\u00e4r en kraftig k\u00e4lla, en ny inspiration till fortsatt tr\u00e4get arbete i folkupplysningens och fram\u00e5tskridandets tj\u00e4nst.<\/p>\n","protected":false},"excerpt":{"rendered":"<p>Artikel i tidningen Syd-\u00d6sterbotten 20 oktober 1953. Festkantat glansnummer vid jubileum i Dagsmark \u00e5r 1953. Under talrik anslutning fr\u00e5n byns och bygdens, samt forna l\u00e4rares och elevers sida begick Dagsmark folkskola sin 75-\u00e5rsdag p\u00e5 s\u00f6ndagen. Sibelius &#8221;Andante festivo&#8221; utf\u00f6rd av <a class=\"more-link\" href=\"https:\/\/www.lassebacklund.fi\/?page_id=16962\">Forts\u00e4tt l\u00e4sa <span class=\"screen-reader-text\">  Skolan grunden f\u00f6r fram\u00e5tskridande.<\/span><span class=\"meta-nav\">&rarr;<\/span><\/a><\/p>\n","protected":false},"author":1,"featured_media":0,"parent":750,"menu_order":0,"comment_status":"closed","ping_status":"closed","template":"","meta":{"footnotes":""},"class_list":["post-16962","page","type-page","status-publish","hentry"],"_links":{"self":[{"href":"https:\/\/www.lassebacklund.fi\/index.php?rest_route=\/wp\/v2\/pages\/16962","targetHints":{"allow":["GET"]}}],"collection":[{"href":"https:\/\/www.lassebacklund.fi\/index.php?rest_route=\/wp\/v2\/pages"}],"about":[{"href":"https:\/\/www.lassebacklund.fi\/index.php?rest_route=\/wp\/v2\/types\/page"}],"author":[{"embeddable":true,"href":"https:\/\/www.lassebacklund.fi\/index.php?rest_route=\/wp\/v2\/users\/1"}],"replies":[{"embeddable":true,"href":"https:\/\/www.lassebacklund.fi\/index.php?rest_route=%2Fwp%2Fv2%2Fcomments&post=16962"}],"version-history":[{"count":1,"href":"https:\/\/www.lassebacklund.fi\/index.php?rest_route=\/wp\/v2\/pages\/16962\/revisions"}],"predecessor-version":[{"id":16963,"href":"https:\/\/www.lassebacklund.fi\/index.php?rest_route=\/wp\/v2\/pages\/16962\/revisions\/16963"}],"up":[{"embeddable":true,"href":"https:\/\/www.lassebacklund.fi\/index.php?rest_route=\/wp\/v2\/pages\/750"}],"wp:attachment":[{"href":"https:\/\/www.lassebacklund.fi\/index.php?rest_route=%2Fwp%2Fv2%2Fmedia&parent=16962"}],"curies":[{"name":"wp","href":"https:\/\/api.w.org\/{rel}","templated":true}]}}