{"id":1652,"date":"2016-11-02T21:50:19","date_gmt":"2016-11-02T20:50:19","guid":{"rendered":"http:\/\/www.lassebacklund.fi\/?page_id=1652"},"modified":"2019-09-30T20:56:16","modified_gmt":"2019-09-30T17:56:16","slug":"kraftverket-i-verkforsen","status":"publish","type":"page","link":"https:\/\/www.lassebacklund.fi\/?page_id=1652","title":{"rendered":"S\u00e5gkvarnen i Verkforsen."},"content":{"rendered":"<p><span style=\"color: #000080;\">Sammanst\u00e4llt av Lasse Backlund 2013. Uppdaterats i november 2016 och i augusti 2017, med hj\u00e4lp av familjen Skogman.<\/span><\/p>\n<p>I l\u00e5nga tider har vattenkraften utnyttjats f\u00f6r att driva kvarnar och s\u00e5gar. I s\u00e5 gott som varje fors i Lappfj\u00e4rds \u00e5 finns eller har funnits turbindrivna kvarnar, vissa fungerade redan p\u00e5 1600-talet. I dag anv\u00e4nds inte vattenkraften mera i Dagsmark, n\u00e4rmaste kraftverk finns i grannbyn Perus d\u00e4r byaf\u00f6reningen forts\u00e4tter driften p\u00e5 P\u00e4rus-Fors kraftverk.<\/p>\n<figure id=\"attachment_1643\" aria-describedby=\"caption-attachment-1643\" style=\"width: 574px\" class=\"wp-caption aligncenter\"><img loading=\"lazy\" decoding=\"async\" class=\" wp-image-1643\" src=\"http:\/\/www.lassebacklund.fi\/wp-content\/uploads\/2016\/11\/1-1.jpg\" alt=\"P\u00e5 kartan \u00f6ver Verkforsen fr\u00e5n 1897 s\u00e5 ser hur och var s\u00e5gkvarnen var placerad.\" width=\"574\" height=\"766\" srcset=\"https:\/\/www.lassebacklund.fi\/wp-content\/uploads\/2016\/11\/1-1.jpg 849w, https:\/\/www.lassebacklund.fi\/wp-content\/uploads\/2016\/11\/1-1-225x300.jpg 225w, https:\/\/www.lassebacklund.fi\/wp-content\/uploads\/2016\/11\/1-1-768x1025.jpg 768w, https:\/\/www.lassebacklund.fi\/wp-content\/uploads\/2016\/11\/1-1-767x1024.jpg 767w\" sizes=\"auto, (max-width: 574px) 100vw, 574px\" \/><figcaption id=\"caption-attachment-1643\" class=\"wp-caption-text\">P\u00e5 kartan \u00f6ver Verkforsen fr\u00e5n 1897 s\u00e5 ser vi hur och var s\u00e5gkvarnen var placerad.<\/figcaption><\/figure>\n<p>I centrala Dagsmark finns en fors med m\u00e5nga namn, den kallas f\u00f6r Brobackforsen eller Storbroforsen men enligt ovanst\u00e5ende karta fr\u00e5n 1897 s\u00e5 heter den Verkforsen. H\u00e4r ser vi tydligt hur s\u00e5gkvarnen var placerad lite ovanf\u00f6r Storbron p\u00e5 \u00e5ns s\u00f6dra sida. Det \u00e4r oklart n\u00e4r denna kvarn byggdes f\u00f6rsta g\u00e5ngen och hur mycket den anv\u00e4ndes men om du klickar <a href=\"http:\/\/www.lassebacklund.fi\/?page_id=5743\"><span style=\"text-decoration: underline;\"><span style=\"color: #000080; text-decoration: underline;\"><strong>H\u00c4R,<\/strong><\/span><\/span><\/a> s\u00e5 kan du l\u00e4sa om dess historia fr\u00e5n slutet p\u00e5 1800-talet. Det \u00e4r klart att \u00e5r 1897 \u00e4gdes den av &#8221;\u00c5dd&#8221; Ivar Westerback och &#8221;K\u00e5rk&#8221; Viktor Eklund. Det var det \u00e5ret som de ans\u00f6kte om tillst\u00e5nd att bygga om den gamla s\u00e5gkvarnen, som drevs med ett vattenhjul till en b\u00e4ttre som skulle drivas med en turbin. Vill du l\u00e4sa mera om ans\u00f6kningen och den syn som d\u00e5 verkst\u00e4lldes, s\u00e5 klicka <a href=\"http:\/\/www.lassebacklund.fi\/?page_id=5732\"><span style=\"text-decoration: underline;\"><span style=\"color: #000080; text-decoration: underline;\"><strong>H\u00c4R!<\/strong><\/span><\/span><\/a><\/p>\n<figure id=\"attachment_1472\" aria-describedby=\"caption-attachment-1472\" style=\"width: 564px\" class=\"wp-caption aligncenter\"><img loading=\"lazy\" decoding=\"async\" class=\" wp-image-1472\" src=\"http:\/\/www.lassebacklund.fi\/wp-content\/uploads\/2016\/10\/5-6.jpg\" alt=\"J.J. Wadstr\u00f6m som var l\u00e4rare i Dagsmark under \u00e5ren 1882 \u2013 1919 har tagit detta foto. De speciella brospannen var av tr\u00e4 och i det h\u00f6gra skymtar kvarnen och i det v\u00e4nstra syns dammen som ledde vattnet in i kvarnen. \" width=\"564\" height=\"422\" srcset=\"https:\/\/www.lassebacklund.fi\/wp-content\/uploads\/2016\/10\/5-6.jpg 1386w, https:\/\/www.lassebacklund.fi\/wp-content\/uploads\/2016\/10\/5-6-300x225.jpg 300w, https:\/\/www.lassebacklund.fi\/wp-content\/uploads\/2016\/10\/5-6-768x576.jpg 768w, https:\/\/www.lassebacklund.fi\/wp-content\/uploads\/2016\/10\/5-6-1024x768.jpg 1024w\" sizes=\"auto, (max-width: 564px) 100vw, 564px\" \/><figcaption id=\"caption-attachment-1472\" class=\"wp-caption-text\">J.J. Wadstr\u00f6m som var l\u00e4rare i Dagsmark under \u00e5ren 1882 \u2013 1919 har tagit detta foto. De speciella brospannen var av tr\u00e4 och i det h\u00f6gra skymtar s\u00e5gkvarnen och i det v\u00e4nstra syns dammen som ledde vattnet in i kvarnen.<\/figcaption><\/figure>\n<p>F\u00f6re storskiftet 1900-1912 i Dagsmark s\u00e5 tillh\u00f6rde\u00a0marken d\u00e4r s\u00e5gkvarnen stod K\u00e5rk-Viktor Eklund men lantm\u00e4taren Sten Nilsson f\u00f6reslog att det skulle tillh\u00f6ra Ivar Westerback. Viktor Eklund besv\u00e4rade sig \u00f6ver detta men r\u00e4tten var av samma \u00e5sikt som lantm\u00e4taren.<\/p>\n<figure id=\"attachment_5730\" aria-describedby=\"caption-attachment-5730\" style=\"width: 997px\" class=\"wp-caption aligncenter\"><img loading=\"lazy\" decoding=\"async\" class=\"size-full wp-image-5730\" src=\"http:\/\/www.lassebacklund.fi\/wp-content\/uploads\/2017\/08\/Karta-\u00f6ver-kvarn-s\u00e5gomr\u00e5det.jpg\" alt=\"P\u00e5 denna detaljkarta fr\u00e5n 1912, s\u00e5 ser vi att omr\u00e5det tillh\u00f6rde Ivar Westerback.\" width=\"997\" height=\"1604\" srcset=\"https:\/\/www.lassebacklund.fi\/wp-content\/uploads\/2017\/08\/Karta-\u00f6ver-kvarn-s\u00e5gomr\u00e5det.jpg 997w, https:\/\/www.lassebacklund.fi\/wp-content\/uploads\/2017\/08\/Karta-\u00f6ver-kvarn-s\u00e5gomr\u00e5det-186x300.jpg 186w, https:\/\/www.lassebacklund.fi\/wp-content\/uploads\/2017\/08\/Karta-\u00f6ver-kvarn-s\u00e5gomr\u00e5det-768x1236.jpg 768w, https:\/\/www.lassebacklund.fi\/wp-content\/uploads\/2017\/08\/Karta-\u00f6ver-kvarn-s\u00e5gomr\u00e5det-636x1024.jpg 636w\" sizes=\"auto, (max-width: 997px) 100vw, 997px\" \/><figcaption id=\"caption-attachment-5730\" class=\"wp-caption-text\">P\u00e5 denna detaljkarta fr\u00e5n 1912, s\u00e5 ser vi att omr\u00e5det tillh\u00f6rde Ivar Westerback.<\/figcaption><\/figure>\n<figure id=\"attachment_1650\" aria-describedby=\"caption-attachment-1650\" style=\"width: 510px\" class=\"wp-caption aligncenter\"><img loading=\"lazy\" decoding=\"async\" class=\" wp-image-1650\" src=\"http:\/\/www.lassebacklund.fi\/wp-content\/uploads\/2016\/11\/8.jpg\" alt=\"P\u00e5 storskifteskartan fr\u00e5n 1905 s\u00e5 syns s\u00e5gkvarnen vid pilen och att det vid storskiftet tilldelades Vesterbacks hemman nr 4:2, trots att det tidigare hade tillh\u00f6rt Eklund p\u00e5 nr 4:3..\" width=\"510\" height=\"364\" srcset=\"https:\/\/www.lassebacklund.fi\/wp-content\/uploads\/2016\/11\/8.jpg 1053w, https:\/\/www.lassebacklund.fi\/wp-content\/uploads\/2016\/11\/8-300x214.jpg 300w, https:\/\/www.lassebacklund.fi\/wp-content\/uploads\/2016\/11\/8-768x548.jpg 768w, https:\/\/www.lassebacklund.fi\/wp-content\/uploads\/2016\/11\/8-1024x731.jpg 1024w\" sizes=\"auto, (max-width: 510px) 100vw, 510px\" \/><figcaption id=\"caption-attachment-1650\" class=\"wp-caption-text\">P\u00e5 storskifteskartan fr\u00e5n 1905 s\u00e5 syns s\u00e5gkvarnen vid pilen och att det vid storskiftet tilldelades Vesterbacks hemman nr 4:2, trots att det tidigare hade tillh\u00f6rt Eklund p\u00e5 nr 4:3.<\/figcaption><\/figure>\n<figure id=\"attachment_1657\" aria-describedby=\"caption-attachment-1657\" style=\"width: 371px\" class=\"wp-caption aligncenter\"><img loading=\"lazy\" decoding=\"async\" class=\" wp-image-1657\" src=\"http:\/\/www.lassebacklund.fi\/wp-content\/uploads\/2016\/11\/1909-april-Brobergs-frakthyvling.jpg\" alt=\"\u00c5r 1909 s\u00e5 ser det ut som om Broberg skulle ha varit \u00e4gare till s\u00e5gkvarnen vid Verkforsen.\" width=\"371\" height=\"252\" srcset=\"https:\/\/www.lassebacklund.fi\/wp-content\/uploads\/2016\/11\/1909-april-Brobergs-frakthyvling.jpg 481w, https:\/\/www.lassebacklund.fi\/wp-content\/uploads\/2016\/11\/1909-april-Brobergs-frakthyvling-300x203.jpg 300w\" sizes=\"auto, (max-width: 371px) 100vw, 371px\" \/><figcaption id=\"caption-attachment-1657\" class=\"wp-caption-text\">\u00c5r 1909 s\u00e5 ser det ut som om Broberg skulle ha varit \u00e4gare till s\u00e5gkvarnen vid Verkforsen.<\/figcaption><\/figure>\n<figure id=\"attachment_1658\" aria-describedby=\"caption-attachment-1658\" style=\"width: 389px\" class=\"wp-caption aligncenter\"><img loading=\"lazy\" decoding=\"async\" class=\" wp-image-1658\" src=\"http:\/\/www.lassebacklund.fi\/wp-content\/uploads\/2016\/11\/19121214-Broberg-s\u00e4ljer-kvarn.jpg\" alt=\"I december 1912 vill Broberg s\u00e4lja kvarnen enligt en annons i Syd-\u00d6sterbotten.\" width=\"389\" height=\"227\" srcset=\"https:\/\/www.lassebacklund.fi\/wp-content\/uploads\/2016\/11\/19121214-Broberg-s\u00e4ljer-kvarn.jpg 1769w, https:\/\/www.lassebacklund.fi\/wp-content\/uploads\/2016\/11\/19121214-Broberg-s\u00e4ljer-kvarn-300x175.jpg 300w, https:\/\/www.lassebacklund.fi\/wp-content\/uploads\/2016\/11\/19121214-Broberg-s\u00e4ljer-kvarn-768x448.jpg 768w, https:\/\/www.lassebacklund.fi\/wp-content\/uploads\/2016\/11\/19121214-Broberg-s\u00e4ljer-kvarn-1024x598.jpg 1024w\" sizes=\"auto, (max-width: 389px) 100vw, 389px\" \/><figcaption id=\"caption-attachment-1658\" class=\"wp-caption-text\">I december 1912 vill Broberg s\u00e4lja kvarnen enligt en annons i Syd-\u00d6sterbotten.<\/figcaption><\/figure>\n<figure id=\"attachment_1644\" aria-describedby=\"caption-attachment-1644\" style=\"width: 1181px\" class=\"wp-caption aligncenter\"><img loading=\"lazy\" decoding=\"async\" class=\"size-full wp-image-1644\" src=\"http:\/\/www.lassebacklund.fi\/wp-content\/uploads\/2016\/11\/2-1.jpg\" alt=\"I den s\u00f6dra bro\u00f6ppningen syns den gamla s\u00e5gkvarnen i Verkforsen. Fotot taget p\u00e5 1920-talet.\" width=\"1181\" height=\"730\" srcset=\"https:\/\/www.lassebacklund.fi\/wp-content\/uploads\/2016\/11\/2-1.jpg 1181w, https:\/\/www.lassebacklund.fi\/wp-content\/uploads\/2016\/11\/2-1-300x185.jpg 300w, https:\/\/www.lassebacklund.fi\/wp-content\/uploads\/2016\/11\/2-1-768x475.jpg 768w, https:\/\/www.lassebacklund.fi\/wp-content\/uploads\/2016\/11\/2-1-1024x633.jpg 1024w\" sizes=\"auto, (max-width: 1181px) 100vw, 1181px\" \/><figcaption id=\"caption-attachment-1644\" class=\"wp-caption-text\">I den s\u00f6dra bro\u00f6ppningen syns den gamla s\u00e5gkvarnen i Verkforsen. Fotot taget p\u00e5 1920-talet, troligtvis av Viktor Nylund.<\/figcaption><\/figure>\n<p>P\u00e5 1920-talet byggdes kvarnen om till elkraftverk. Del\u00e4garna tog modell av Viktor Nylund, som ju d\u00e5 redan hade byggt elkraftverk i Gamla forsen och i P\u00e4rus forsen, s\u00e5 det var naturligt med ett elkraftverk ocks\u00e5 i Verkforsen.<\/p>\n<figure id=\"attachment_1645\" aria-describedby=\"caption-attachment-1645\" style=\"width: 583px\" class=\"wp-caption aligncenter\"><img loading=\"lazy\" decoding=\"async\" class=\" wp-image-1645\" src=\"http:\/\/www.lassebacklund.fi\/wp-content\/uploads\/2016\/11\/3-1.jpg\" alt=\"Elkraftverket fick ett helt annat utseende \u00e4n den gamla kvarnen. P\u00e5 fotot som \u00e4r taget fr\u00e5n Storbron \u00e5r 1938 ser det n\u00e4rmast ut som en kuliss, s\u00e5 vi kan anta att Broberg haft ett finger med i byggandet. Byggnaden ser ut att sakna tak och arkitekturen \u00e4r onekligen lite amerikansk. \" width=\"583\" height=\"403\" srcset=\"https:\/\/www.lassebacklund.fi\/wp-content\/uploads\/2016\/11\/3-1.jpg 1063w, https:\/\/www.lassebacklund.fi\/wp-content\/uploads\/2016\/11\/3-1-300x208.jpg 300w, https:\/\/www.lassebacklund.fi\/wp-content\/uploads\/2016\/11\/3-1-768x532.jpg 768w, https:\/\/www.lassebacklund.fi\/wp-content\/uploads\/2016\/11\/3-1-1024x709.jpg 1024w\" sizes=\"auto, (max-width: 583px) 100vw, 583px\" \/><figcaption id=\"caption-attachment-1645\" class=\"wp-caption-text\">Elkraftverket fick ett helt annat utseende \u00e4n den gamla kvarnen. P\u00e5 fotot som \u00e4r taget fr\u00e5n Storbron \u00e5r 1938 ser det n\u00e4rmast ut som en kuliss, s\u00e5 vi kan anta att Broberg haft ett finger med i byggandet. Byggnaden ser ut att sakna tak och arkitekturen \u00e4r onekligen lite amerikansk.<\/figcaption><\/figure>\n<p>&nbsp;<\/p>\n<figure id=\"attachment_1646\" aria-describedby=\"caption-attachment-1646\" style=\"width: 392px\" class=\"wp-caption aligncenter\"><img loading=\"lazy\" decoding=\"async\" class=\" wp-image-1646\" src=\"http:\/\/www.lassebacklund.fi\/wp-content\/uploads\/2016\/11\/4-1.jpg\" alt=\"H\u00e4r st\u00e5r Astrid Bj\u00f6rklund p\u00e5 Storbron och i bakgrunden syns elkraftverket.\" width=\"392\" height=\"354\" srcset=\"https:\/\/www.lassebacklund.fi\/wp-content\/uploads\/2016\/11\/4-1.jpg 863w, https:\/\/www.lassebacklund.fi\/wp-content\/uploads\/2016\/11\/4-1-300x271.jpg 300w, https:\/\/www.lassebacklund.fi\/wp-content\/uploads\/2016\/11\/4-1-768x693.jpg 768w\" sizes=\"auto, (max-width: 392px) 100vw, 392px\" \/><figcaption id=\"caption-attachment-1646\" class=\"wp-caption-text\">H\u00e4r st\u00e5r Astrid Bj\u00f6rklund p\u00e5 Storbron och bakom bror\u00e4cket syns elkraftverket. G\u00e5rden p\u00e5 Brobacken tillh\u00f6rde &#8221;K\u00e5rk-Viktor&#8221; Eklund.<\/figcaption><\/figure>\n<p>Del\u00e4gare i det h\u00e4r elverket var K\u00e5rk-Frans Eklund vars hus skymtar i h\u00f6gra kanten och handlanden J.H. Storkull, Ivar och Hilma Westerback, Erik-Anders Klemets och Erland Krook.<\/p>\n<figure id=\"attachment_1651\" aria-describedby=\"caption-attachment-1651\" style=\"width: 1935px\" class=\"wp-caption aligncenter\"><img loading=\"lazy\" decoding=\"async\" class=\"wp-image-1651 size-full\" src=\"http:\/\/www.lassebacklund.fi\/wp-content\/uploads\/2016\/11\/ota295_foto_0783.jpg\" alt=\"ota295_foto_0783\" width=\"1935\" height=\"1057\" srcset=\"https:\/\/www.lassebacklund.fi\/wp-content\/uploads\/2016\/11\/ota295_foto_0783.jpg 1935w, https:\/\/www.lassebacklund.fi\/wp-content\/uploads\/2016\/11\/ota295_foto_0783-300x164.jpg 300w, https:\/\/www.lassebacklund.fi\/wp-content\/uploads\/2016\/11\/ota295_foto_0783-768x420.jpg 768w, https:\/\/www.lassebacklund.fi\/wp-content\/uploads\/2016\/11\/ota295_foto_0783-1024x559.jpg 1024w\" sizes=\"auto, (max-width: 1935px) 100vw, 1935px\" \/><figcaption id=\"caption-attachment-1651\" class=\"wp-caption-text\">P\u00e5 Selim Bj\u00f6rses foto s\u00e5 syns elkraftverket under Storbron. Fotot troligen fr\u00e5n slutet p\u00e5 1930-talet.<\/figcaption><\/figure>\n<p>Samtliga del\u00e4gare bodde n\u00e4ra elverket s\u00e5 ledningsn\u00e4tet blev inte s\u00e5 l\u00e5ngt. Troligen var elproduktionen d\u00e5lig och oj\u00e4mn f\u00f6r n\u00e5gon g\u00e5ng efter kriget revs kraftverket och generatorn s\u00e5ldes till en k\u00f6pare fr\u00e5n K\u00e4rjenkoski by i Stor\u00e5.<\/p>\n<figure id=\"attachment_1647\" aria-describedby=\"caption-attachment-1647\" style=\"width: 536px\" class=\"wp-caption aligncenter\"><img loading=\"lazy\" decoding=\"async\" class=\" wp-image-1647\" src=\"http:\/\/www.lassebacklund.fi\/wp-content\/uploads\/2016\/11\/5-1.jpg\" alt=\"Efter ombyggnaden av Storbron p\u00e5 1980-talet gjordes stora markarbeten i forsen och i dag syns inga sp\u00e5r efter kraftverket. Foto John Hammarberg.\" width=\"536\" height=\"347\" srcset=\"https:\/\/www.lassebacklund.fi\/wp-content\/uploads\/2016\/11\/5-1.jpg 760w, https:\/\/www.lassebacklund.fi\/wp-content\/uploads\/2016\/11\/5-1-300x194.jpg 300w\" sizes=\"auto, (max-width: 536px) 100vw, 536px\" \/><figcaption id=\"caption-attachment-1647\" class=\"wp-caption-text\">Efter ombyggnaden av Storbron p\u00e5 1980-talet gjordes stora markarbeten i forsen och i dag syns inga sp\u00e5r efter kraftverket. Foto John Hammarberg.<\/figcaption><\/figure>\n<h3>\u00d6vrigt.<\/h3>\n<figure id=\"attachment_1649\" aria-describedby=\"caption-attachment-1649\" style=\"width: 1496px\" class=\"wp-caption aligncenter\"><img loading=\"lazy\" decoding=\"async\" class=\"size-full wp-image-1649\" src=\"http:\/\/www.lassebacklund.fi\/wp-content\/uploads\/2016\/11\/7-1.jpg\" alt=\"P\u00e5 detta foto som \u00e4r taget fr\u00e5n Brobackh\u00e5llet, s\u00e5 syns det litet av taket p\u00e5 s\u00e5gkvarnen i Verkforsen.\" width=\"1496\" height=\"858\" srcset=\"https:\/\/www.lassebacklund.fi\/wp-content\/uploads\/2016\/11\/7-1.jpg 1496w, https:\/\/www.lassebacklund.fi\/wp-content\/uploads\/2016\/11\/7-1-300x172.jpg 300w, https:\/\/www.lassebacklund.fi\/wp-content\/uploads\/2016\/11\/7-1-768x440.jpg 768w, https:\/\/www.lassebacklund.fi\/wp-content\/uploads\/2016\/11\/7-1-1024x587.jpg 1024w\" sizes=\"auto, (max-width: 1496px) 100vw, 1496px\" \/><figcaption id=\"caption-attachment-1649\" class=\"wp-caption-text\">P\u00e5 detta foto som \u00e4r taget fr\u00e5n Brobackh\u00e5llet, s\u00e5 syns det litet av taket p\u00e5 s\u00e5gkvarnen i Verkforsen.<\/figcaption><\/figure>\n<figure id=\"attachment_1648\" aria-describedby=\"caption-attachment-1648\" style=\"width: 965px\" class=\"wp-caption aligncenter\"><img loading=\"lazy\" decoding=\"async\" class=\"size-full wp-image-1648\" src=\"http:\/\/www.lassebacklund.fi\/wp-content\/uploads\/2016\/11\/6-1.jpg\" alt=\"H\u00e4r den v\u00e4lgjorda kartan i sin helhet med sk\u00e4rningar och profiler.\" width=\"965\" height=\"1507\" srcset=\"https:\/\/www.lassebacklund.fi\/wp-content\/uploads\/2016\/11\/6-1.jpg 965w, https:\/\/www.lassebacklund.fi\/wp-content\/uploads\/2016\/11\/6-1-192x300.jpg 192w, https:\/\/www.lassebacklund.fi\/wp-content\/uploads\/2016\/11\/6-1-768x1199.jpg 768w, https:\/\/www.lassebacklund.fi\/wp-content\/uploads\/2016\/11\/6-1-656x1024.jpg 656w\" sizes=\"auto, (max-width: 965px) 100vw, 965px\" \/><figcaption id=\"caption-attachment-1648\" class=\"wp-caption-text\">H\u00e4r den v\u00e4lgjorda kartan i sin helhet med sk\u00e4rningar och profiler.<\/figcaption><\/figure>\n","protected":false},"excerpt":{"rendered":"<p>Sammanst\u00e4llt av Lasse Backlund 2013. Uppdaterats i november 2016 och i augusti 2017, med hj\u00e4lp av familjen Skogman. I l\u00e5nga tider har vattenkraften utnyttjats f\u00f6r att driva kvarnar och s\u00e5gar. I s\u00e5 gott som varje fors i Lappfj\u00e4rds \u00e5 finns <a class=\"more-link\" href=\"https:\/\/www.lassebacklund.fi\/?page_id=1652\">Forts\u00e4tt l\u00e4sa <span class=\"screen-reader-text\">  S\u00e5gkvarnen i Verkforsen.<\/span><span class=\"meta-nav\">&rarr;<\/span><\/a><\/p>\n","protected":false},"author":1,"featured_media":0,"parent":23,"menu_order":0,"comment_status":"closed","ping_status":"closed","template":"","meta":{"footnotes":""},"class_list":["post-1652","page","type-page","status-publish","hentry"],"_links":{"self":[{"href":"https:\/\/www.lassebacklund.fi\/index.php?rest_route=\/wp\/v2\/pages\/1652","targetHints":{"allow":["GET"]}}],"collection":[{"href":"https:\/\/www.lassebacklund.fi\/index.php?rest_route=\/wp\/v2\/pages"}],"about":[{"href":"https:\/\/www.lassebacklund.fi\/index.php?rest_route=\/wp\/v2\/types\/page"}],"author":[{"embeddable":true,"href":"https:\/\/www.lassebacklund.fi\/index.php?rest_route=\/wp\/v2\/users\/1"}],"replies":[{"embeddable":true,"href":"https:\/\/www.lassebacklund.fi\/index.php?rest_route=%2Fwp%2Fv2%2Fcomments&post=1652"}],"version-history":[{"count":15,"href":"https:\/\/www.lassebacklund.fi\/index.php?rest_route=\/wp\/v2\/pages\/1652\/revisions"}],"predecessor-version":[{"id":14560,"href":"https:\/\/www.lassebacklund.fi\/index.php?rest_route=\/wp\/v2\/pages\/1652\/revisions\/14560"}],"up":[{"embeddable":true,"href":"https:\/\/www.lassebacklund.fi\/index.php?rest_route=\/wp\/v2\/pages\/23"}],"wp:attachment":[{"href":"https:\/\/www.lassebacklund.fi\/index.php?rest_route=%2Fwp%2Fv2%2Fmedia&parent=1652"}],"curies":[{"name":"wp","href":"https:\/\/api.w.org\/{rel}","templated":true}]}}