{"id":15726,"date":"2020-03-06T23:16:44","date_gmt":"2020-03-06T21:16:44","guid":{"rendered":"http:\/\/www.lassebacklund.fi\/?page_id=15726"},"modified":"2025-01-24T20:21:47","modified_gmt":"2025-01-24T18:21:47","slug":"toivonens-gard-pa-sunnantillvagen-ca-176","status":"publish","type":"page","link":"https:\/\/www.lassebacklund.fi\/?page_id=15726","title":{"rendered":"Toivonens g\u00e5rd p\u00e5 Sunnantillv\u00e4gen ca 176"},"content":{"rendered":"<figure id=\"attachment_15718\" aria-describedby=\"caption-attachment-15718\" style=\"width: 1587px\" class=\"wp-caption alignnone\"><img loading=\"lazy\" decoding=\"async\" class=\"size-full wp-image-15718\" src=\"http:\/\/www.lassebacklund.fi\/wp-content\/uploads\/2020\/03\/Toivonens-g\u00e5rd-p\u00e5-Sunnantillv\u00e4gen.jpg\" alt=\"\" width=\"1587\" height=\"887\" srcset=\"https:\/\/www.lassebacklund.fi\/wp-content\/uploads\/2020\/03\/Toivonens-g\u00e5rd-p\u00e5-Sunnantillv\u00e4gen.jpg 1587w, https:\/\/www.lassebacklund.fi\/wp-content\/uploads\/2020\/03\/Toivonens-g\u00e5rd-p\u00e5-Sunnantillv\u00e4gen-300x168.jpg 300w, https:\/\/www.lassebacklund.fi\/wp-content\/uploads\/2020\/03\/Toivonens-g\u00e5rd-p\u00e5-Sunnantillv\u00e4gen-1024x572.jpg 1024w, https:\/\/www.lassebacklund.fi\/wp-content\/uploads\/2020\/03\/Toivonens-g\u00e5rd-p\u00e5-Sunnantillv\u00e4gen-768x429.jpg 768w, https:\/\/www.lassebacklund.fi\/wp-content\/uploads\/2020\/03\/Toivonens-g\u00e5rd-p\u00e5-Sunnantillv\u00e4gen-1536x858.jpg 1536w\" sizes=\"auto, (max-width: 1587px) 100vw, 1587px\" \/><figcaption id=\"caption-attachment-15718\" class=\"wp-caption-text\">Toivonens g\u00e5rd fotograferad av Mauno Toivonen \u00e5r 1955.<\/figcaption><\/figure>\n<p><strong><span style=\"color: #000080;\">Sammanst\u00e4llt av Lasse Backlund i mars 2020, med hj\u00e4lp av Vilhos och Elmas barn Kaarina och Mauno.<\/span><\/strong><\/p>\n<p>Den h\u00e4r g\u00e5rden \u201d\u00e5p S\u00e5nan\u201d eller Sunnantill byggdes av Vilho och Elma Toivonen \u00e5r 1953. Bostadsdelen kombinerades med ett uthus med f\u00e4hus och m\u00f6jligtvis var tanken den att de senare skulle bygga ett separat bostadshus i n\u00e4rheten.<\/p>\n<p><strong>Vilho ArtturinpoikaToivonen<\/strong> (1919-2006) f\u00f6ddes i Back by i \u00d6mossa i en g\u00e5rd som stod p\u00e5 det st\u00e4lle d\u00e4r Haavistos transportbolag i dag har sitt garage n\u00e4ra Riksv\u00e4g 8. Vilhos far Artturi var b\u00e5de skr\u00e4ddare och skomakare, och Vilho v\u00e4xte upp under enkla f\u00f6rh\u00e5llanden i en liten stuga. Mot slutet av 1930-talet flyttade Vilho till Degerby i Ing\u00e5, d\u00e4r han b\u00f6rjade arbeta p\u00e5 <a href=\"http:\/\/www.mangsgard.fi\/Mangs%20sve\/index%20sve.html\">Mangs g\u00e5rd<\/a>. D\u00e4r tr\u00e4ffade han Elma Korkeam\u00e4ki som arbetade p\u00e5 g\u00e5rden<a href=\"http:\/\/bebyggelsenamn.sls.fi\/bebyggelsenamn\/1475\/flyt-inga\/\"> Flyt<\/a> i samma by.<\/p>\n<p><strong>Elma Korkeam\u00e4ki<\/strong> (1917-1990) var f\u00f6dd i L\u00e4hteenkyl\u00e4 by i Stor\u00e5 p\u00e5 ett stort hemman. Hon var dotter till Leander Hirsim\u00e4ki el. Korkeam\u00e4ki (1891-1931) och Hilda K\u00e4pyl\u00e4 (1891-1931). Leanders farfar Josef Korsb\u00e4ck och hans farmor Anna Kajsa Lillkull hade i tiderna flyttat fr\u00e5n Korsb\u00e4ck i Dagsmark till L\u00e4hteenkyl\u00e4 by i Stor\u00e5.<\/p>\n<p>Elmas mor Hilda dog i barns\u00e4ng i juli 1931, d\u00e5 Elmas lillasyster Helvi f\u00f6ddes. 5 dagar efter d\u00f6dsfallet dog Elmas far Leander i blodf\u00f6rgiftning och b\u00e5da f\u00f6r\u00e4ldrarna begravdes p\u00e5 samma g\u00e5ng. Tragedin var ofattbar och Elma och hennes syskon togs om hand av grannar och sl\u00e4ktingar. G\u00e5rden och hemmanet s\u00e5ldes i delar f\u00f6r att t\u00e4cka kostnaderna f\u00f6r barnens uppfostran. Elmas barndomshem st\u00e5r fortfarande kvar, en stor bondg\u00e5rd med dubbla farstukvistar.<\/p>\n<figure id=\"attachment_15702\" aria-describedby=\"caption-attachment-15702\" style=\"width: 883px\" class=\"wp-caption alignnone\"><img loading=\"lazy\" decoding=\"async\" class=\"wp-image-15702\" src=\"http:\/\/www.lassebacklund.fi\/wp-content\/uploads\/2020\/03\/Elma-Korkeam\u00e4ki-och-Vilho-Toivonen-f\u00f6rlovning-ca-1938-2.jpg\" alt=\"\" width=\"883\" height=\"1324\" \/><figcaption id=\"caption-attachment-15702\" class=\"wp-caption-text\">Vilho Toivonen fr\u00e5n Back och Elma Korkeam\u00e4ki fr\u00e5n L\u00e4hteenkyl\u00e4 f\u00f6rlovade sig i Ing\u00e5 ca 1939.<\/figcaption><\/figure>\n<p>Vilho och Elma gifte sig i april \u00e5r 1939 i Ing\u00e5 och samma \u00e5r f\u00f6ddes sonen Mauno. \u00c5ret d\u00e4rp\u00e5 gjorde Vilho sin milit\u00e4rtj\u00e4nst och f\u00f6re den avslutades br\u00f6t forts\u00e4ttningskriget ut. Vilho togs ut i krigstj\u00e4nst och han hemf\u00f6rlovades f\u00f6rst 1944. Under denna tid f\u00f6ddes Vilhos och Elmas andra barn, dottern Kaarina \u00e5r 1943. Hemspr\u00e5ket var finska men under tiden i Ing\u00e5 l\u00e4rde sig familjen tala ocks\u00e5 svenska.<\/p>\n<p>Medan Vilho var ute vid fronten flyttade Elma med de tv\u00e5 barnen tillbaka till L\u00e4hteenkyl\u00e4 by i Stor\u00e5, d\u00e4r hon kunde bo hos sl\u00e4ktingar. D\u00e5 kriget tog slut k\u00f6pte Vilho och Elma Toivonen en liten g\u00e5rd p\u00e5 Bergkullav\u00e4gen i Lappfj\u00e4rd, bakom kyrkan. De flyttade d\u00e5 dit och g\u00e5rden f\u00f6rstorades med n\u00e5gra rum och de k\u00f6pte mark bland annat i Lilltm\u00e5san och de arrenderade mark runt om i Lappfj\u00e4rd. Vilho arbetade ocks\u00e5 \u00e5t andra, bland annat \u00e5t Artur Hellman.<\/p>\n<p>I december \u00e5r 1952 k\u00f6pte Vilho och Elma Toivonen en del av <a href=\"http:\/\/www.lassebacklund.fi\/?page_id=11146\">Skomakas hemman<\/a> i Dagsmark. Den h\u00e4r hemmansdelen hade tillh\u00f6rt ungkarlen \u201dSkomakas Konrad\u201d Rosenlund (1893-1987). Tillsammans med sin syster Julia Norrman (1906-1993) \u00e4gde denne Konrad ett av de st\u00f6rre hemmanen i Dagsmark och i januari 1952 s\u00e5lde de alltsammans \u00e5t aff\u00e4rsm\u00e4nnen Matti Lankoski (f.1927) och chauff\u00f6ren Eero Viitala (f.1923) b\u00e5da fr\u00e5n Kankaanp\u00e4\u00e4 och en bonde Yrj\u00f6 M\u00e4ki-Kantti (f. 1907) fr\u00e5n Karvia.<\/p>\n<p>De h\u00e4r aff\u00e4rsm\u00e4nnen var fr\u00e4mst ute efter de stora skogarna och under \u00e5r 1952 s\u00e5lde de \u00e5krarna p\u00e5 Julia Norrmans hemmansdel \u00e5t <a href=\"http:\/\/www.lassebacklund.fi\/?page_id=11372\">Paavo Enberg fr\u00e5n Siikainen<\/a>. Enbergs familj flyttade d\u00e5 till den g\u00e5rd som fanns p\u00e5 Sunnantillv\u00e4gen.<\/p>\n<p>D\u00e5 Vilho och Elma k\u00f6pte \u00e5krarna p\u00e5 Konrads hemmansdel, s\u00e5 ingick i k\u00f6pet ocks\u00e5 den \u00e4ldre bondg\u00e5rden i Klemets\u00e4ndan, d\u00e4r Konrad bodde ensam. F\u00f6rutom sj\u00e4lva bondg\u00e5rden ingick ocks\u00e5 alla uthusbyggnader, f\u00f6rr\u00e5d, en ria, en smedja och n\u00e5gra byggnader till. Alla byggnader s\u00e5ldes f\u00f6r bortflyttning och nu b\u00f6rjade Vilho riva byggnaderna tillsammans med sonen Mauno och Tupa Uuno fr\u00e5n Nystad.<\/p>\n<p>Av detta virke byggde s\u00e5 Vilho den kombinerade g\u00e5rden och uthuset p\u00e5 Sunnantillv\u00e4gen 176. Medan rivningen och bygget p\u00e5gick, s\u00e5 bodde hela Toivonens familj i ena \u00e4ndan av den g\u00e5rd, som Paavo Enberg hade k\u00f6pt. Familjen Enberg bodde under tiden i den andra \u00e4ndan av bondg\u00e5rden.<\/p>\n<figure id=\"attachment_15717\" aria-describedby=\"caption-attachment-15717\" style=\"width: 1890px\" class=\"wp-caption alignnone\"><img loading=\"lazy\" decoding=\"async\" class=\"size-full wp-image-15717\" src=\"http:\/\/www.lassebacklund.fi\/wp-content\/uploads\/2020\/03\/Toivonens-g\u00e5rd-1956.jpg\" alt=\"\" width=\"1890\" height=\"1361\" srcset=\"https:\/\/www.lassebacklund.fi\/wp-content\/uploads\/2020\/03\/Toivonens-g\u00e5rd-1956.jpg 1890w, https:\/\/www.lassebacklund.fi\/wp-content\/uploads\/2020\/03\/Toivonens-g\u00e5rd-1956-300x216.jpg 300w, https:\/\/www.lassebacklund.fi\/wp-content\/uploads\/2020\/03\/Toivonens-g\u00e5rd-1956-1024x737.jpg 1024w, https:\/\/www.lassebacklund.fi\/wp-content\/uploads\/2020\/03\/Toivonens-g\u00e5rd-1956-768x553.jpg 768w, https:\/\/www.lassebacklund.fi\/wp-content\/uploads\/2020\/03\/Toivonens-g\u00e5rd-1956-1536x1106.jpg 1536w\" sizes=\"auto, (max-width: 1890px) 100vw, 1890px\" \/><figcaption id=\"caption-attachment-15717\" class=\"wp-caption-text\">Toivonens g\u00e5rd \u00e5r 1956 fotograferad fr\u00e5n sydost. Modellen till f\u00e4hus tog Vilho fr\u00e5n g\u00e5rden Flyt i Ing\u00e5 d\u00e4r Elma arbetade.<\/figcaption><\/figure>\n<p><strong>\u00c5r 1953<\/strong> var s\u00e5 den nya g\u00e5rden f\u00e4rdig och familjen Toivonen kunde flytta dit. Vilho arbetade som bonde p\u00e5 hemmanet och samtidigt arbetade han ocks\u00e5 \u00e5t andra. Han var en anlitad byggare och om vintrarna arbetade han i folks skogar. Vissa perioder arbetade han ocks\u00e5 p\u00e5 Kangas s\u00e5g. D\u00e4remot arbetade inte Elma utanf\u00f6r hemmet. Vilho var politiskt aktiv men inte aktiv i f\u00f6reningar men d\u00e4remot var han medlem av f\u00f6rvaltningsr\u00e5det f\u00f6r Sydbottens Andelsbank i slutet av 1960-talet och i b\u00f6rjan av 70-talet.<\/p>\n<p><strong>\u00c5r 1964, den 8 juni<\/strong> k\u00f6pte Vilho Toivonen ett markomr\u00e5de Ekholm 1:90 p\u00e5 1,5 ha som l\u00e5g intill hans \u00e4gor. S\u00e4ljare var Karl Nyholm och hans tre vuxna d\u00f6ttrar och marken hade tillh\u00f6rt Karl Nyholms hustru Hulda Rosenlund.<\/p>\n<p>Tanken var nog den att de skulle bygga ett egnahemshus p\u00e5 samma tomt men Elma ville att de skulle bygga det lite mera centralt. D\u00e4rf\u00f6r k\u00f6pte de i september 1966 en tomt i Kias kroken av Alvar Bj\u00f6rklund. P\u00e5\u00a0 detta st\u00e4lle hade det st\u00e5tt en gammal g\u00e5rd som hade tillh\u00f6rt \u201dViiraas Kaal Hindrik\u201d, allts\u00e5 Karl Henrik Mitts och hans andra hustru Matilda Rosenberg.<\/p>\n<p>I sakta mak b\u00f6rjade han bygga ett nytt hem p\u00e5 samma tomt. Han byggde n\u00e4r han hade tid och d\u00e4rf\u00f6r blev huset f\u00e4rdigt f\u00f6rst 1971 och d\u00e5 flyttade Vilho och Elma dit. Om du vill l\u00e4sa om denna g\u00e5rd n\u00e4ra Kiaskroken, s\u00e5 skall du klicka <a href=\"https:\/\/www.lassebacklund.fi\/?page_id=22611\"><span style=\"color: #000080;\"><strong>H\u00c4R!<\/strong><\/span><\/a><\/p>\n<figure id=\"attachment_15725\" aria-describedby=\"caption-attachment-15725\" style=\"width: 1387px\" class=\"wp-caption alignnone\"><img loading=\"lazy\" decoding=\"async\" class=\"size-full wp-image-15725\" src=\"http:\/\/www.lassebacklund.fi\/wp-content\/uploads\/2020\/03\/G\u00e5rd-i-Kias-kroken.jpg\" alt=\"\" width=\"1387\" height=\"800\" srcset=\"https:\/\/www.lassebacklund.fi\/wp-content\/uploads\/2020\/03\/G\u00e5rd-i-Kias-kroken.jpg 1387w, https:\/\/www.lassebacklund.fi\/wp-content\/uploads\/2020\/03\/G\u00e5rd-i-Kias-kroken-300x173.jpg 300w, https:\/\/www.lassebacklund.fi\/wp-content\/uploads\/2020\/03\/G\u00e5rd-i-Kias-kroken-1024x591.jpg 1024w, https:\/\/www.lassebacklund.fi\/wp-content\/uploads\/2020\/03\/G\u00e5rd-i-Kias-kroken-768x443.jpg 768w\" sizes=\"auto, (max-width: 1387px) 100vw, 1387px\" \/><figcaption id=\"caption-attachment-15725\" class=\"wp-caption-text\">Den h\u00e4r g\u00e5rden i Kias kroken b\u00f6rjade Vilho bygga i slutet av 1960-talet och de flyttade in \u00e5r 1971. De s\u00e5lde den gamla hemg\u00e5rden och hemmanet \u00e5t Tage Mannfolk, och Vilho b\u00f6rjade d\u00e5 arbeta p\u00e5 Lindells snickeri. Fotot taget fr\u00e5n v\u00e4ster \u00e5r 2003.<\/figcaption><\/figure>\n<p><strong>\u00c5r 1971, den 9 november<\/strong> s\u00e5lde Vilho och Elma Toivonen hela sitt hemman med alla byggnader \u00e5t chauff\u00f6ren Tage Mannfolk (f.1943). Han var uppv\u00e4xt i <a href=\"https:\/\/www.lassebacklund.fi\/?page_id=2034\">granng\u00e5rden<\/a> och \u00e5r 1967 hade han gift sig med Anja Syrj\u00e4l\u00e4 fr\u00e5n Alaj\u00e4rvi. Till Toivonens hemman h\u00f6rde d\u00e5 l\u00e4genheterna Kronsten (2 ha), Ekholm (1,5 ha) och Toivonen (9,5 ha) och alltsammans s\u00e5ldes f\u00f6r 65 000 mark.<\/p>\n<figure id=\"attachment_22640\" aria-describedby=\"caption-attachment-22640\" style=\"width: 772px\" class=\"wp-caption alignnone\"><img loading=\"lazy\" decoding=\"async\" class=\"size-full wp-image-22640\" src=\"https:\/\/www.lassebacklund.fi\/wp-content\/uploads\/2024\/03\/Karta-over-skiftena.jpg\" alt=\"\" width=\"772\" height=\"589\" srcset=\"https:\/\/www.lassebacklund.fi\/wp-content\/uploads\/2024\/03\/Karta-over-skiftena.jpg 772w, https:\/\/www.lassebacklund.fi\/wp-content\/uploads\/2024\/03\/Karta-over-skiftena-300x229.jpg 300w, https:\/\/www.lassebacklund.fi\/wp-content\/uploads\/2024\/03\/Karta-over-skiftena-768x586.jpg 768w\" sizes=\"auto, (max-width: 772px) 100vw, 772px\" \/><figcaption id=\"caption-attachment-22640\" class=\"wp-caption-text\">Toivonens hemman var v\u00e4l samlat i ett enda skifte, trots att det bestod av flera l\u00e4genheter. Den svarta rektangeln i \u00f6vre kanten visar ungef\u00e4r var deras g\u00e5rd stod. Det gick att n\u00e5 markerna ocks\u00e5 fr\u00e5n den v\u00e4stra sidan d\u00e4r Ris\u00e5sv\u00e4gen g\u00e5r mellan Sunnantillv\u00e4gen och Korsb\u00e4ck.<\/figcaption><\/figure>\n<p><strong>\u00c5r 1976, den 23 december<\/strong> s\u00e5lde Tage och Anja Mannfolk hela Toivonens gamla hemman i Dagsmark, plus ett skifte i Lappfj\u00e4rd \u00e5t finska staten f\u00f6r 180 000 mark. De var d\u00e5 sj\u00e4lva bosatta i Surahammar i Sverige men de hade gett bankdirekt\u00f6r Alf Mangs till\u00e5telse att s\u00e4lja g\u00e5rden och hemmanet och teckna under k\u00f6pebrevet.<\/p>\n<p><a href=\"http:\/\/www.lassebacklund.fi\/?page_id=13410\">H\u00e5kan S\u00f6derqvist<\/a> kunde f\u00f6ljande \u00e5r den 15 augusti k\u00f6pa Toivonens gamla hemmansdel i Dagsmark p\u00e5 f\u00f6rm\u00e5nliga villkor av finska staten. Han var potatisbonde p\u00e5 b\u00e5de <a href=\"https:\/\/www.lassebacklund.fi\/?page_id=13410\">f\u00e4dernehemmanet<\/a> och Toivonens tills han dog \u00e5r 2007. Toivonens gamla hemman och den d\u00e5 f\u00f6rfallna g\u00e5rden s\u00e5ldes \u00e5t familjen \u00d6str\u00f6m fr\u00e5n Back, som \u00e4r f\u00f6retagare inom potatisn\u00e4ringen.<\/p>\n<p>\u00d6str\u00f6ms rev d\u00e5 ner g\u00e5rden som Vilho Toivonen hade byggt \u00e5r 1953 och den var d\u00e5 redan i mycket d\u00e5ligt skick. Hemmanet \u00e4r fortfarande i familjen \u00d6str\u00f6ms \u00e4go och d\u00e4r odlas potatis.<\/p>\n<h4><strong>Foton:<\/strong><\/h4>\n<figure id=\"attachment_15723\" aria-describedby=\"caption-attachment-15723\" style=\"width: 881px\" class=\"wp-caption alignnone\"><img loading=\"lazy\" decoding=\"async\" class=\"size-full wp-image-15723\" src=\"http:\/\/www.lassebacklund.fi\/wp-content\/uploads\/2020\/03\/Vilho-Toivonen-i-unga-\u00e5r.jpg\" alt=\"\" width=\"881\" height=\"1248\" srcset=\"https:\/\/www.lassebacklund.fi\/wp-content\/uploads\/2020\/03\/Vilho-Toivonen-i-unga-\u00e5r.jpg 881w, https:\/\/www.lassebacklund.fi\/wp-content\/uploads\/2020\/03\/Vilho-Toivonen-i-unga-\u00e5r-212x300.jpg 212w, https:\/\/www.lassebacklund.fi\/wp-content\/uploads\/2020\/03\/Vilho-Toivonen-i-unga-\u00e5r-723x1024.jpg 723w, https:\/\/www.lassebacklund.fi\/wp-content\/uploads\/2020\/03\/Vilho-Toivonen-i-unga-\u00e5r-768x1088.jpg 768w\" sizes=\"auto, (max-width: 881px) 100vw, 881px\" \/><figcaption id=\"caption-attachment-15723\" class=\"wp-caption-text\">Vilho Toivonen i milit\u00e4ren, \u00e5ret \u00e4r 1939 eller 1940.<\/figcaption><\/figure>\n<figure id=\"attachment_15714\" aria-describedby=\"caption-attachment-15714\" style=\"width: 1012px\" class=\"wp-caption alignnone\"><img loading=\"lazy\" decoding=\"async\" class=\"size-full wp-image-15714\" src=\"http:\/\/www.lassebacklund.fi\/wp-content\/uploads\/2020\/03\/Mauno-Toivonen-p\u00e5-Sveaborg.jpg\" alt=\"\" width=\"1012\" height=\"1633\" srcset=\"https:\/\/www.lassebacklund.fi\/wp-content\/uploads\/2020\/03\/Mauno-Toivonen-p\u00e5-Sveaborg.jpg 1012w, https:\/\/www.lassebacklund.fi\/wp-content\/uploads\/2020\/03\/Mauno-Toivonen-p\u00e5-Sveaborg-186x300.jpg 186w, https:\/\/www.lassebacklund.fi\/wp-content\/uploads\/2020\/03\/Mauno-Toivonen-p\u00e5-Sveaborg-635x1024.jpg 635w, https:\/\/www.lassebacklund.fi\/wp-content\/uploads\/2020\/03\/Mauno-Toivonen-p\u00e5-Sveaborg-768x1239.jpg 768w, https:\/\/www.lassebacklund.fi\/wp-content\/uploads\/2020\/03\/Mauno-Toivonen-p\u00e5-Sveaborg-952x1536.jpg 952w\" sizes=\"auto, (max-width: 1012px) 100vw, 1012px\" \/><figcaption id=\"caption-attachment-15714\" class=\"wp-caption-text\">Kustj\u00e4garen Mauno Toivonen p\u00e5 en antik kanon vid Sveaborg.<\/figcaption><\/figure>\n<figure id=\"attachment_15713\" aria-describedby=\"caption-attachment-15713\" style=\"width: 1754px\" class=\"wp-caption alignnone\"><img loading=\"lazy\" decoding=\"async\" class=\"size-full wp-image-15713\" src=\"http:\/\/www.lassebacklund.fi\/wp-content\/uploads\/2020\/03\/Mauno-Toivonen-1956.jpg\" alt=\"\" width=\"1754\" height=\"1751\" srcset=\"https:\/\/www.lassebacklund.fi\/wp-content\/uploads\/2020\/03\/Mauno-Toivonen-1956.jpg 1754w, https:\/\/www.lassebacklund.fi\/wp-content\/uploads\/2020\/03\/Mauno-Toivonen-1956-300x300.jpg 300w, https:\/\/www.lassebacklund.fi\/wp-content\/uploads\/2020\/03\/Mauno-Toivonen-1956-1024x1022.jpg 1024w, https:\/\/www.lassebacklund.fi\/wp-content\/uploads\/2020\/03\/Mauno-Toivonen-1956-150x150.jpg 150w, https:\/\/www.lassebacklund.fi\/wp-content\/uploads\/2020\/03\/Mauno-Toivonen-1956-768x767.jpg 768w, https:\/\/www.lassebacklund.fi\/wp-content\/uploads\/2020\/03\/Mauno-Toivonen-1956-1536x1533.jpg 1536w\" sizes=\"auto, (max-width: 1754px) 100vw, 1754px\" \/><figcaption id=\"caption-attachment-15713\" class=\"wp-caption-text\">Fundersam Mauno Toivonen med vida f\u00e4lt i bakgrunden. Till h\u00f6ger om Mauno syns gaveln p\u00e5 Anselm och Elna Lillkulls g\u00e5rd.<\/figcaption><\/figure>\n<figure id=\"attachment_15712\" aria-describedby=\"caption-attachment-15712\" style=\"width: 1354px\" class=\"wp-caption alignnone\"><img loading=\"lazy\" decoding=\"async\" class=\"size-full wp-image-15712\" src=\"http:\/\/www.lassebacklund.fi\/wp-content\/uploads\/2020\/03\/Mauno-p\u00e5-Shell-stationen-1956.jpg\" alt=\"\" width=\"1354\" height=\"871\" srcset=\"https:\/\/www.lassebacklund.fi\/wp-content\/uploads\/2020\/03\/Mauno-p\u00e5-Shell-stationen-1956.jpg 1354w, https:\/\/www.lassebacklund.fi\/wp-content\/uploads\/2020\/03\/Mauno-p\u00e5-Shell-stationen-1956-300x193.jpg 300w, https:\/\/www.lassebacklund.fi\/wp-content\/uploads\/2020\/03\/Mauno-p\u00e5-Shell-stationen-1956-1024x659.jpg 1024w, https:\/\/www.lassebacklund.fi\/wp-content\/uploads\/2020\/03\/Mauno-p\u00e5-Shell-stationen-1956-768x494.jpg 768w\" sizes=\"auto, (max-width: 1354px) 100vw, 1354px\" \/><figcaption id=\"caption-attachment-15712\" class=\"wp-caption-text\">Mauno Toivonen for som 16-\u00e5ring till Tammerfors f\u00f6r att arbeta p\u00e5 en servicestation.<\/figcaption><\/figure>\n<figure id=\"attachment_15711\" aria-describedby=\"caption-attachment-15711\" style=\"width: 824px\" class=\"wp-caption alignnone\"><img loading=\"lazy\" decoding=\"async\" class=\"size-full wp-image-15711\" src=\"http:\/\/www.lassebacklund.fi\/wp-content\/uploads\/2020\/03\/Mauno-och-Elma-Toivonen.jpg\" alt=\"\" width=\"824\" height=\"1289\" srcset=\"https:\/\/www.lassebacklund.fi\/wp-content\/uploads\/2020\/03\/Mauno-och-Elma-Toivonen.jpg 824w, https:\/\/www.lassebacklund.fi\/wp-content\/uploads\/2020\/03\/Mauno-och-Elma-Toivonen-192x300.jpg 192w, https:\/\/www.lassebacklund.fi\/wp-content\/uploads\/2020\/03\/Mauno-och-Elma-Toivonen-655x1024.jpg 655w, https:\/\/www.lassebacklund.fi\/wp-content\/uploads\/2020\/03\/Mauno-och-Elma-Toivonen-768x1201.jpg 768w\" sizes=\"auto, (max-width: 824px) 100vw, 824px\" \/><figcaption id=\"caption-attachment-15711\" class=\"wp-caption-text\">Mauno Toivonen med sin mor Elma p\u00e5 trappan till det nybyggda huset p\u00e5 1950-talet.<\/figcaption><\/figure>\n<figure id=\"attachment_15708\" aria-describedby=\"caption-attachment-15708\" style=\"width: 918px\" class=\"wp-caption alignnone\"><img loading=\"lazy\" decoding=\"async\" class=\"size-full wp-image-15708\" src=\"http:\/\/www.lassebacklund.fi\/wp-content\/uploads\/2020\/03\/Kaarina-Toivonen-och-Rauha-L\u00f6vholm-1956.jpg\" alt=\"\" width=\"918\" height=\"1450\" srcset=\"https:\/\/www.lassebacklund.fi\/wp-content\/uploads\/2020\/03\/Kaarina-Toivonen-och-Rauha-L\u00f6vholm-1956.jpg 918w, https:\/\/www.lassebacklund.fi\/wp-content\/uploads\/2020\/03\/Kaarina-Toivonen-och-Rauha-L\u00f6vholm-1956-190x300.jpg 190w, https:\/\/www.lassebacklund.fi\/wp-content\/uploads\/2020\/03\/Kaarina-Toivonen-och-Rauha-L\u00f6vholm-1956-648x1024.jpg 648w, https:\/\/www.lassebacklund.fi\/wp-content\/uploads\/2020\/03\/Kaarina-Toivonen-och-Rauha-L\u00f6vholm-1956-768x1213.jpg 768w\" sizes=\"auto, (max-width: 918px) 100vw, 918px\" \/><figcaption id=\"caption-attachment-15708\" class=\"wp-caption-text\">Kaarina Toivonen och Rauha L\u00f6vholm p\u00e5 skidor \u00e5r 1956.<\/figcaption><\/figure>\n<figure id=\"attachment_15707\" aria-describedby=\"caption-attachment-15707\" style=\"width: 939px\" class=\"wp-caption alignnone\"><img loading=\"lazy\" decoding=\"async\" class=\"size-full wp-image-15707\" src=\"http:\/\/www.lassebacklund.fi\/wp-content\/uploads\/2020\/03\/Kaarina-Toivonen-1955-utanf\u00f6r-Adelinas-.jpg\" alt=\"\" width=\"939\" height=\"1421\" srcset=\"https:\/\/www.lassebacklund.fi\/wp-content\/uploads\/2020\/03\/Kaarina-Toivonen-1955-utanf\u00f6r-Adelinas-.jpg 939w, https:\/\/www.lassebacklund.fi\/wp-content\/uploads\/2020\/03\/Kaarina-Toivonen-1955-utanf\u00f6r-Adelinas--198x300.jpg 198w, https:\/\/www.lassebacklund.fi\/wp-content\/uploads\/2020\/03\/Kaarina-Toivonen-1955-utanf\u00f6r-Adelinas--677x1024.jpg 677w, https:\/\/www.lassebacklund.fi\/wp-content\/uploads\/2020\/03\/Kaarina-Toivonen-1955-utanf\u00f6r-Adelinas--768x1162.jpg 768w\" sizes=\"auto, (max-width: 939px) 100vw, 939px\" \/><figcaption id=\"caption-attachment-15707\" class=\"wp-caption-text\">Kaarina Toivonen utanf\u00f6r Adelinas gamla g\u00e5rd i Nystad.<\/figcaption><\/figure>\n<figure id=\"attachment_15719\" aria-describedby=\"caption-attachment-15719\" style=\"width: 1129px\" class=\"wp-caption alignnone\"><img loading=\"lazy\" decoding=\"async\" class=\"size-full wp-image-15719\" src=\"http:\/\/www.lassebacklund.fi\/wp-content\/uploads\/2020\/03\/Toivonens-kor-tv-bak-Josef-Guss-sytningsstuga-och-th-Mannfolks-g\u00e5rd.jpg\" alt=\"\" width=\"1129\" height=\"942\" srcset=\"https:\/\/www.lassebacklund.fi\/wp-content\/uploads\/2020\/03\/Toivonens-kor-tv-bak-Josef-Guss-sytningsstuga-och-th-Mannfolks-g\u00e5rd.jpg 1129w, https:\/\/www.lassebacklund.fi\/wp-content\/uploads\/2020\/03\/Toivonens-kor-tv-bak-Josef-Guss-sytningsstuga-och-th-Mannfolks-g\u00e5rd-300x250.jpg 300w, https:\/\/www.lassebacklund.fi\/wp-content\/uploads\/2020\/03\/Toivonens-kor-tv-bak-Josef-Guss-sytningsstuga-och-th-Mannfolks-g\u00e5rd-1024x854.jpg 1024w, https:\/\/www.lassebacklund.fi\/wp-content\/uploads\/2020\/03\/Toivonens-kor-tv-bak-Josef-Guss-sytningsstuga-och-th-Mannfolks-g\u00e5rd-768x641.jpg 768w\" sizes=\"auto, (max-width: 1129px) 100vw, 1129px\" \/><figcaption id=\"caption-attachment-15719\" class=\"wp-caption-text\">Toivonens kor p\u00e5 v\u00e4gen framf\u00f6r deras g\u00e5rd. Till v\u00e4nster syns den g\u00e5rd som Josef Guss byggde \u00e5t sin dotter, men som aldrig blev s\u00e5 f\u00e4rdig att den kunde i bruk. Till h\u00f6ger uthusen hos Mannfolks.<\/figcaption><\/figure>\n<figure id=\"attachment_15720\" aria-describedby=\"caption-attachment-15720\" style=\"width: 1016px\" class=\"wp-caption alignnone\"><img loading=\"lazy\" decoding=\"async\" class=\"size-full wp-image-15720\" src=\"http:\/\/www.lassebacklund.fi\/wp-content\/uploads\/2020\/03\/Vilho-med-traktorn-i-\u00e5n-vid-Klemets-bron.jpg\" alt=\"\" width=\"1016\" height=\"1033\" srcset=\"https:\/\/www.lassebacklund.fi\/wp-content\/uploads\/2020\/03\/Vilho-med-traktorn-i-\u00e5n-vid-Klemets-bron.jpg 1016w, https:\/\/www.lassebacklund.fi\/wp-content\/uploads\/2020\/03\/Vilho-med-traktorn-i-\u00e5n-vid-Klemets-bron-295x300.jpg 295w, https:\/\/www.lassebacklund.fi\/wp-content\/uploads\/2020\/03\/Vilho-med-traktorn-i-\u00e5n-vid-Klemets-bron-1007x1024.jpg 1007w, https:\/\/www.lassebacklund.fi\/wp-content\/uploads\/2020\/03\/Vilho-med-traktorn-i-\u00e5n-vid-Klemets-bron-768x781.jpg 768w\" sizes=\"auto, (max-width: 1016px) 100vw, 1016px\" \/><figcaption id=\"caption-attachment-15720\" class=\"wp-caption-text\">Det var med n\u00f6d och n\u00e4ppe som Vilho klarade sig, d\u00e5 Klemetsbron gav efter, d\u00e5 han k\u00f6rde \u00f6ver den med den stora traktorn. Vilho tog det hela med ro och harmade sig mest \u00f6ver m\u00f6ssan, som han f\u00f6rlorade i det strida vattnet.<\/figcaption><\/figure>\n<figure id=\"attachment_15722\" aria-describedby=\"caption-attachment-15722\" style=\"width: 2411px\" class=\"wp-caption alignnone\"><img loading=\"lazy\" decoding=\"async\" class=\"size-full wp-image-15722\" src=\"http:\/\/www.lassebacklund.fi\/wp-content\/uploads\/2020\/03\/Vilho-plogar-med-2-h\u00e4star.jpg\" alt=\"\" width=\"2411\" height=\"1532\" srcset=\"https:\/\/www.lassebacklund.fi\/wp-content\/uploads\/2020\/03\/Vilho-plogar-med-2-h\u00e4star.jpg 2411w, https:\/\/www.lassebacklund.fi\/wp-content\/uploads\/2020\/03\/Vilho-plogar-med-2-h\u00e4star-300x191.jpg 300w, https:\/\/www.lassebacklund.fi\/wp-content\/uploads\/2020\/03\/Vilho-plogar-med-2-h\u00e4star-1024x651.jpg 1024w, https:\/\/www.lassebacklund.fi\/wp-content\/uploads\/2020\/03\/Vilho-plogar-med-2-h\u00e4star-768x488.jpg 768w, https:\/\/www.lassebacklund.fi\/wp-content\/uploads\/2020\/03\/Vilho-plogar-med-2-h\u00e4star-1536x976.jpg 1536w, https:\/\/www.lassebacklund.fi\/wp-content\/uploads\/2020\/03\/Vilho-plogar-med-2-h\u00e4star-2048x1301.jpg 2048w\" sizes=\"auto, (max-width: 2411px) 100vw, 2411px\" \/><figcaption id=\"caption-attachment-15722\" class=\"wp-caption-text\">Bonden Vilho Toivonen hade \u00e5tminstone en h\u00e4st, men ibland l\u00e5nade han en till d\u00e5 \u00e5krarna skulle pl\u00f6jas.<\/figcaption><\/figure>\n<figure id=\"attachment_15705\" aria-describedby=\"caption-attachment-15705\" style=\"width: 1132px\" class=\"wp-caption alignnone\"><img loading=\"lazy\" decoding=\"async\" class=\"size-full wp-image-15705\" src=\"http:\/\/www.lassebacklund.fi\/wp-content\/uploads\/2020\/03\/Elma-och-Vilho-Toivonen-p\u00e5-motorcykel.jpg\" alt=\"\" width=\"1132\" height=\"1145\" srcset=\"https:\/\/www.lassebacklund.fi\/wp-content\/uploads\/2020\/03\/Elma-och-Vilho-Toivonen-p\u00e5-motorcykel.jpg 1132w, https:\/\/www.lassebacklund.fi\/wp-content\/uploads\/2020\/03\/Elma-och-Vilho-Toivonen-p\u00e5-motorcykel-297x300.jpg 297w, https:\/\/www.lassebacklund.fi\/wp-content\/uploads\/2020\/03\/Elma-och-Vilho-Toivonen-p\u00e5-motorcykel-1012x1024.jpg 1012w, https:\/\/www.lassebacklund.fi\/wp-content\/uploads\/2020\/03\/Elma-och-Vilho-Toivonen-p\u00e5-motorcykel-768x777.jpg 768w\" sizes=\"auto, (max-width: 1132px) 100vw, 1132px\" \/><figcaption id=\"caption-attachment-15705\" class=\"wp-caption-text\">Vilho t\u00e4nker provk\u00f6ra Maunos motorcykel med Elma p\u00e5 b\u00f6npallen. Fotot taget p\u00e5 60-talet i Karlstad.<\/figcaption><\/figure>\n<figure id=\"attachment_15703\" aria-describedby=\"caption-attachment-15703\" style=\"width: 1253px\" class=\"wp-caption alignnone\"><img loading=\"lazy\" decoding=\"async\" class=\"size-full wp-image-15703\" src=\"http:\/\/www.lassebacklund.fi\/wp-content\/uploads\/2020\/03\/Elma-och-Mauno-Toivonen-p\u00e5-\u00e5kern.jpg\" alt=\"\" width=\"1253\" height=\"1151\" srcset=\"https:\/\/www.lassebacklund.fi\/wp-content\/uploads\/2020\/03\/Elma-och-Mauno-Toivonen-p\u00e5-\u00e5kern.jpg 1253w, https:\/\/www.lassebacklund.fi\/wp-content\/uploads\/2020\/03\/Elma-och-Mauno-Toivonen-p\u00e5-\u00e5kern-300x276.jpg 300w, https:\/\/www.lassebacklund.fi\/wp-content\/uploads\/2020\/03\/Elma-och-Mauno-Toivonen-p\u00e5-\u00e5kern-1024x941.jpg 1024w, https:\/\/www.lassebacklund.fi\/wp-content\/uploads\/2020\/03\/Elma-och-Mauno-Toivonen-p\u00e5-\u00e5kern-768x705.jpg 768w\" sizes=\"auto, (max-width: 1253px) 100vw, 1253px\" \/><figcaption id=\"caption-attachment-15703\" class=\"wp-caption-text\">Mauno Toivonen h\u00e4lsar p\u00e5 mor Elma som \u00e4r ute p\u00e5 \u00e5kern.<\/figcaption><\/figure>\n<figure id=\"attachment_15701\" aria-describedby=\"caption-attachment-15701\" style=\"width: 1257px\" class=\"wp-caption alignnone\"><img loading=\"lazy\" decoding=\"async\" class=\"size-full wp-image-15701\" src=\"http:\/\/www.lassebacklund.fi\/wp-content\/uploads\/2020\/03\/Caterpillar-och-dikesplogen.jpg\" alt=\"\" width=\"1257\" height=\"1070\" srcset=\"https:\/\/www.lassebacklund.fi\/wp-content\/uploads\/2020\/03\/Caterpillar-och-dikesplogen.jpg 1257w, https:\/\/www.lassebacklund.fi\/wp-content\/uploads\/2020\/03\/Caterpillar-och-dikesplogen-300x255.jpg 300w, https:\/\/www.lassebacklund.fi\/wp-content\/uploads\/2020\/03\/Caterpillar-och-dikesplogen-1024x872.jpg 1024w, https:\/\/www.lassebacklund.fi\/wp-content\/uploads\/2020\/03\/Caterpillar-och-dikesplogen-768x654.jpg 768w\" sizes=\"auto, (max-width: 1257px) 100vw, 1257px\" \/><figcaption id=\"caption-attachment-15701\" class=\"wp-caption-text\">Det \u00e4r helt f\u00f6rst\u00e5eligt att det fanns m\u00e5nga \u00e5sk\u00e5dare, d\u00e5 Caterpillaren drog den stora dikesplogen p\u00e5 Toivonens \u00e5ker.<\/figcaption><\/figure>\n<figure id=\"attachment_15704\" aria-describedby=\"caption-attachment-15704\" style=\"width: 1249px\" class=\"wp-caption alignnone\"><img loading=\"lazy\" decoding=\"async\" class=\"size-full wp-image-15704\" src=\"http:\/\/www.lassebacklund.fi\/wp-content\/uploads\/2020\/03\/Elma-och-Vilho-med-barnbarnet-Krister-Hammarberg.jpg\" alt=\"\" width=\"1249\" height=\"1173\" srcset=\"https:\/\/www.lassebacklund.fi\/wp-content\/uploads\/2020\/03\/Elma-och-Vilho-med-barnbarnet-Krister-Hammarberg.jpg 1249w, https:\/\/www.lassebacklund.fi\/wp-content\/uploads\/2020\/03\/Elma-och-Vilho-med-barnbarnet-Krister-Hammarberg-300x282.jpg 300w, https:\/\/www.lassebacklund.fi\/wp-content\/uploads\/2020\/03\/Elma-och-Vilho-med-barnbarnet-Krister-Hammarberg-1024x962.jpg 1024w, https:\/\/www.lassebacklund.fi\/wp-content\/uploads\/2020\/03\/Elma-och-Vilho-med-barnbarnet-Krister-Hammarberg-768x721.jpg 768w\" sizes=\"auto, (max-width: 1249px) 100vw, 1249px\" \/><figcaption id=\"caption-attachment-15704\" class=\"wp-caption-text\">Barnbarnet Krister Hammarberg \u00e4r med, d\u00e5 antingen mormor eller morfar fyller 50 \u00e5r. Fotot fr\u00e5n Toivonens g\u00e5rd p\u00e5 Sunnantill.<\/figcaption><\/figure>\n<figure id=\"attachment_15710\" aria-describedby=\"caption-attachment-15710\" style=\"width: 1091px\" class=\"wp-caption alignnone\"><img loading=\"lazy\" decoding=\"async\" class=\"size-full wp-image-15710\" src=\"http:\/\/www.lassebacklund.fi\/wp-content\/uploads\/2020\/03\/Mauno-och-Elma-med-hennes-bror-1957.jpg\" alt=\"\" width=\"1091\" height=\"1109\" srcset=\"https:\/\/www.lassebacklund.fi\/wp-content\/uploads\/2020\/03\/Mauno-och-Elma-med-hennes-bror-1957.jpg 1091w, https:\/\/www.lassebacklund.fi\/wp-content\/uploads\/2020\/03\/Mauno-och-Elma-med-hennes-bror-1957-295x300.jpg 295w, https:\/\/www.lassebacklund.fi\/wp-content\/uploads\/2020\/03\/Mauno-och-Elma-med-hennes-bror-1957-1007x1024.jpg 1007w, https:\/\/www.lassebacklund.fi\/wp-content\/uploads\/2020\/03\/Mauno-och-Elma-med-hennes-bror-1957-768x781.jpg 768w\" sizes=\"auto, (max-width: 1091px) 100vw, 1091px\" \/><figcaption id=\"caption-attachment-15710\" class=\"wp-caption-text\">Mauno Toivonen med sin mor och sin kusin Lenni M\u00e4nnist\u00f6 fr\u00e5n L\u00e4hteenkyl\u00e4.<\/figcaption><\/figure>\n<figure id=\"attachment_15709\" aria-describedby=\"caption-attachment-15709\" style=\"width: 1264px\" class=\"wp-caption alignnone\"><img loading=\"lazy\" decoding=\"async\" class=\"size-full wp-image-15709\" src=\"http:\/\/www.lassebacklund.fi\/wp-content\/uploads\/2020\/03\/Mauno-med-fisk-i-Stor\u00e5.jpg\" alt=\"\" width=\"1264\" height=\"1296\" srcset=\"https:\/\/www.lassebacklund.fi\/wp-content\/uploads\/2020\/03\/Mauno-med-fisk-i-Stor\u00e5.jpg 1264w, https:\/\/www.lassebacklund.fi\/wp-content\/uploads\/2020\/03\/Mauno-med-fisk-i-Stor\u00e5-293x300.jpg 293w, https:\/\/www.lassebacklund.fi\/wp-content\/uploads\/2020\/03\/Mauno-med-fisk-i-Stor\u00e5-999x1024.jpg 999w, https:\/\/www.lassebacklund.fi\/wp-content\/uploads\/2020\/03\/Mauno-med-fisk-i-Stor\u00e5-768x787.jpg 768w\" sizes=\"auto, (max-width: 1264px) 100vw, 1264px\" \/><figcaption id=\"caption-attachment-15709\" class=\"wp-caption-text\">Mauno var ingen storfiskare, trots att han h\u00e4r st\u00e5r en fin lax i handen.<\/figcaption><\/figure>\n<figure id=\"attachment_15716\" aria-describedby=\"caption-attachment-15716\" style=\"width: 1013px\" class=\"wp-caption alignnone\"><img loading=\"lazy\" decoding=\"async\" class=\"size-full wp-image-15716\" src=\"http:\/\/www.lassebacklund.fi\/wp-content\/uploads\/2020\/03\/Mayvor-Mannfolk-och-Kaarina-Toivonen-1957.jpg\" alt=\"\" width=\"1013\" height=\"1068\" srcset=\"https:\/\/www.lassebacklund.fi\/wp-content\/uploads\/2020\/03\/Mayvor-Mannfolk-och-Kaarina-Toivonen-1957.jpg 1013w, https:\/\/www.lassebacklund.fi\/wp-content\/uploads\/2020\/03\/Mayvor-Mannfolk-och-Kaarina-Toivonen-1957-285x300.jpg 285w, https:\/\/www.lassebacklund.fi\/wp-content\/uploads\/2020\/03\/Mayvor-Mannfolk-och-Kaarina-Toivonen-1957-971x1024.jpg 971w, https:\/\/www.lassebacklund.fi\/wp-content\/uploads\/2020\/03\/Mayvor-Mannfolk-och-Kaarina-Toivonen-1957-768x810.jpg 768w\" sizes=\"auto, (max-width: 1013px) 100vw, 1013px\" \/><figcaption id=\"caption-attachment-15716\" class=\"wp-caption-text\">P\u00e5 Antti Enbergs motorcykel Kaarina Toivonen, med grannflickan Mayvor Mannfolk p\u00e5 b\u00f6npallen. Fotot \u00e4r taget 1957 utanf\u00f6r Toivonens f\u00e4hus.<\/figcaption><\/figure>\n<figure id=\"attachment_15721\" aria-describedby=\"caption-attachment-15721\" style=\"width: 1020px\" class=\"wp-caption alignnone\"><img loading=\"lazy\" decoding=\"async\" class=\"size-full wp-image-15721\" src=\"http:\/\/www.lassebacklund.fi\/wp-content\/uploads\/2020\/03\/Vilho-och-Elma-h\u00f6b\u00e4rgar-med-Mauno-o-sittande-Kaarina.jpg\" alt=\"\" width=\"1020\" height=\"1006\" srcset=\"https:\/\/www.lassebacklund.fi\/wp-content\/uploads\/2020\/03\/Vilho-och-Elma-h\u00f6b\u00e4rgar-med-Mauno-o-sittande-Kaarina.jpg 1020w, https:\/\/www.lassebacklund.fi\/wp-content\/uploads\/2020\/03\/Vilho-och-Elma-h\u00f6b\u00e4rgar-med-Mauno-o-sittande-Kaarina-300x296.jpg 300w, https:\/\/www.lassebacklund.fi\/wp-content\/uploads\/2020\/03\/Vilho-och-Elma-h\u00f6b\u00e4rgar-med-Mauno-o-sittande-Kaarina-768x757.jpg 768w\" sizes=\"auto, (max-width: 1020px) 100vw, 1020px\" \/><figcaption id=\"caption-attachment-15721\" class=\"wp-caption-text\">Vilho och Elma sk\u00f6rdar r\u00e5g, medan Mauno bara st\u00e5r med h\u00e4nderna i sidorna. Sittande dottern Kaarina tillsammans med grannens flicka. I h\u00f6gra kanten skymtar deras g\u00e5rd, som var tillbyggd med en vinkel p\u00e5 baksidan.<\/figcaption><\/figure>\n<figure id=\"attachment_15724\" aria-describedby=\"caption-attachment-15724\" style=\"width: 1289px\" class=\"wp-caption alignnone\"><img loading=\"lazy\" decoding=\"async\" class=\"size-full wp-image-15724\" src=\"http:\/\/www.lassebacklund.fi\/wp-content\/uploads\/2020\/03\/Vilho-t\u00f6mmer-upp-\u00e5t-Hilkka-Virtanen-och-Mauno-Toivonen.jpg\" alt=\"\" width=\"1289\" height=\"1206\" srcset=\"https:\/\/www.lassebacklund.fi\/wp-content\/uploads\/2020\/03\/Vilho-t\u00f6mmer-upp-\u00e5t-Hilkka-Virtanen-och-Mauno-Toivonen.jpg 1289w, https:\/\/www.lassebacklund.fi\/wp-content\/uploads\/2020\/03\/Vilho-t\u00f6mmer-upp-\u00e5t-Hilkka-Virtanen-och-Mauno-Toivonen-300x281.jpg 300w, https:\/\/www.lassebacklund.fi\/wp-content\/uploads\/2020\/03\/Vilho-t\u00f6mmer-upp-\u00e5t-Hilkka-Virtanen-och-Mauno-Toivonen-1024x958.jpg 1024w, https:\/\/www.lassebacklund.fi\/wp-content\/uploads\/2020\/03\/Vilho-t\u00f6mmer-upp-\u00e5t-Hilkka-Virtanen-och-Mauno-Toivonen-768x719.jpg 768w\" sizes=\"auto, (max-width: 1289px) 100vw, 1289px\" \/><figcaption id=\"caption-attachment-15724\" class=\"wp-caption-text\">Vilho h\u00e4ller i \u00e5t sambon Hilkka Virtanen och \u00e5t sonen Mauno Toivonen.<\/figcaption><\/figure>\n<figure id=\"attachment_15715\" aria-describedby=\"caption-attachment-15715\" style=\"width: 1098px\" class=\"wp-caption alignnone\"><img loading=\"lazy\" decoding=\"async\" class=\"size-full wp-image-15715\" src=\"http:\/\/www.lassebacklund.fi\/wp-content\/uploads\/2020\/03\/Mauno-Elma-och-Vilho-i-Sverige.jpg\" alt=\"\" width=\"1098\" height=\"1097\" srcset=\"https:\/\/www.lassebacklund.fi\/wp-content\/uploads\/2020\/03\/Mauno-Elma-och-Vilho-i-Sverige.jpg 1098w, https:\/\/www.lassebacklund.fi\/wp-content\/uploads\/2020\/03\/Mauno-Elma-och-Vilho-i-Sverige-300x300.jpg 300w, https:\/\/www.lassebacklund.fi\/wp-content\/uploads\/2020\/03\/Mauno-Elma-och-Vilho-i-Sverige-1024x1024.jpg 1024w, https:\/\/www.lassebacklund.fi\/wp-content\/uploads\/2020\/03\/Mauno-Elma-och-Vilho-i-Sverige-150x150.jpg 150w, https:\/\/www.lassebacklund.fi\/wp-content\/uploads\/2020\/03\/Mauno-Elma-och-Vilho-i-Sverige-768x767.jpg 768w\" sizes=\"auto, (max-width: 1098px) 100vw, 1098px\" \/><figcaption id=\"caption-attachment-15715\" class=\"wp-caption-text\">Elma och Vilho Toivonen h\u00e4lsar p\u00e5 sonen Mauno i Karlstad i b\u00f6rjan av 1960-talet.<\/figcaption><\/figure>\n","protected":false},"excerpt":{"rendered":"<p>Sammanst\u00e4llt av Lasse Backlund i mars 2020, med hj\u00e4lp av Vilhos och Elmas barn Kaarina och Mauno. Den h\u00e4r g\u00e5rden \u201d\u00e5p S\u00e5nan\u201d eller Sunnantill byggdes av Vilho och Elma Toivonen \u00e5r 1953. Bostadsdelen kombinerades med ett uthus med f\u00e4hus och <a class=\"more-link\" href=\"https:\/\/www.lassebacklund.fi\/?page_id=15726\">Forts\u00e4tt l\u00e4sa <span class=\"screen-reader-text\">  Toivonens g\u00e5rd p\u00e5 Sunnantillv\u00e4gen ca 176<\/span><span class=\"meta-nav\">&rarr;<\/span><\/a><\/p>\n","protected":false},"author":1,"featured_media":0,"parent":90,"menu_order":176,"comment_status":"closed","ping_status":"closed","template":"","meta":{"footnotes":""},"class_list":["post-15726","page","type-page","status-publish","hentry"],"_links":{"self":[{"href":"https:\/\/www.lassebacklund.fi\/index.php?rest_route=\/wp\/v2\/pages\/15726","targetHints":{"allow":["GET"]}}],"collection":[{"href":"https:\/\/www.lassebacklund.fi\/index.php?rest_route=\/wp\/v2\/pages"}],"about":[{"href":"https:\/\/www.lassebacklund.fi\/index.php?rest_route=\/wp\/v2\/types\/page"}],"author":[{"embeddable":true,"href":"https:\/\/www.lassebacklund.fi\/index.php?rest_route=\/wp\/v2\/users\/1"}],"replies":[{"embeddable":true,"href":"https:\/\/www.lassebacklund.fi\/index.php?rest_route=%2Fwp%2Fv2%2Fcomments&post=15726"}],"version-history":[{"count":18,"href":"https:\/\/www.lassebacklund.fi\/index.php?rest_route=\/wp\/v2\/pages\/15726\/revisions"}],"predecessor-version":[{"id":23556,"href":"https:\/\/www.lassebacklund.fi\/index.php?rest_route=\/wp\/v2\/pages\/15726\/revisions\/23556"}],"up":[{"embeddable":true,"href":"https:\/\/www.lassebacklund.fi\/index.php?rest_route=\/wp\/v2\/pages\/90"}],"wp:attachment":[{"href":"https:\/\/www.lassebacklund.fi\/index.php?rest_route=%2Fwp%2Fv2%2Fmedia&parent=15726"}],"curies":[{"name":"wp","href":"https:\/\/api.w.org\/{rel}","templated":true}]}}