{"id":15591,"date":"2020-01-28T22:18:13","date_gmt":"2020-01-28T20:18:13","guid":{"rendered":"http:\/\/www.lassebacklund.fi\/?page_id=15591"},"modified":"2025-09-25T13:31:36","modified_gmt":"2025-09-25T10:31:36","slug":"trygve-lindqvists-foton","status":"publish","type":"page","link":"https:\/\/www.lassebacklund.fi\/?page_id=15591","title":{"rendered":"Trygve Lindqvists foton"},"content":{"rendered":"<p>Trygve f\u00f6ddes \u00e5r 1940 p\u00e5 F\u00f6gl\u00f6 men v\u00e4xte upp i Korpo. 1954 flyttade han till Pargas och som 14-\u00e5ring tr\u00e4ffade han Gunnel, som han sedan gifte sig med. \u00c5r 1968 kom han till Lappfj\u00e4rd och mellan \u00e5ren 1968 och 1972 var han rektor f\u00f6r Lappfj\u00e4rds folkh\u00f6gskola och ocks\u00e5 f\u00f6r medborgarinstitutet fr\u00e5n \u00e5r 1969. Efter perioden i Lappfj\u00e4rd flyttade paret till Eken\u00e4s, d\u00e4r de fortfarande bor. Trygve var en aktiv fotograf som dokumenterade det mesta som skedde i Lappfj\u00e4rdsnejden mellan \u00e5ren 1968 till 1972. De 50 fotografierna h\u00e4r nedan presenteras huller om buller, helt utan ordning men \u00e4r allts\u00e5 tagna under hans tid i Lappfj\u00e4rd. Om du vill se flera av Trygves foton, s\u00e5 skall du klicka p\u00e5 f\u00f6ljande album h\u00e4r under.<\/p>\n<h6><a class=\"fasc-button fasc-size-medium fasc-type-glossy fasc-rounded-medium\" style=\"background-color: #33809e; color: #ffffff;\" href=\"http:\/\/www.lassebacklund.fi\/?page_id=16431\">Trygves foton, album 2, foton 51 &#8211; 100<\/a><\/h6>\n<h6><a class=\"fasc-button fasc-size-medium fasc-type-glossy fasc-rounded-medium\" style=\"background-color: #33809e; color: #ffffff;\" href=\"http:\/\/www.lassebacklund.fi\/?page_id=17500\">Trygves foton, album 3, foton 101 &#8211; 150<\/a><\/h6>\n<h6><a class=\"fasc-button fasc-size-medium fasc-type-glossy fasc-rounded-medium\" style=\"background-color: #33809e; color: #ffffff;\" href=\"https:\/\/www.lassebacklund.fi\/?page_id=19602\">Trygves foton, album 4, foton 151 &#8211; 200<\/a><\/h6>\n<h6><a class=\"fasc-button fasc-size-medium fasc-type-glossy fasc-rounded-medium\" style=\"background-color: #33809e; color: #ffffff;\" href=\"https:\/\/www.lassebacklund.fi\/?page_id=22381\">Trygves foton, album 5, foton 200 &#8211;<\/a><\/h6>\n<figure id=\"attachment_15594\" aria-describedby=\"caption-attachment-15594\" style=\"width: 1907px\" class=\"wp-caption alignnone\"><img loading=\"lazy\" decoding=\"async\" class=\"size-full wp-image-15594\" src=\"http:\/\/www.lassebacklund.fi\/wp-content\/uploads\/2020\/01\/1-Folkh\u00f6gskolan.jpg\" alt=\"\" width=\"1907\" height=\"1323\" srcset=\"https:\/\/www.lassebacklund.fi\/wp-content\/uploads\/2020\/01\/1-Folkh\u00f6gskolan.jpg 1907w, https:\/\/www.lassebacklund.fi\/wp-content\/uploads\/2020\/01\/1-Folkh\u00f6gskolan-300x208.jpg 300w, https:\/\/www.lassebacklund.fi\/wp-content\/uploads\/2020\/01\/1-Folkh\u00f6gskolan-768x533.jpg 768w, https:\/\/www.lassebacklund.fi\/wp-content\/uploads\/2020\/01\/1-Folkh\u00f6gskolan-1024x710.jpg 1024w\" sizes=\"auto, (max-width: 1907px) 100vw, 1907px\" \/><figcaption id=\"caption-attachment-15594\" class=\"wp-caption-text\">1. I denna st\u00e5tliga folkh\u00f6gskola som togs i bruk i februari 1931 var Trygve Lindqvist rektor fr\u00e5n 1969 till 1972.<\/figcaption><\/figure>\n<figure id=\"attachment_15595\" aria-describedby=\"caption-attachment-15595\" style=\"width: 1928px\" class=\"wp-caption alignnone\"><img loading=\"lazy\" decoding=\"async\" class=\"size-full wp-image-15595\" src=\"http:\/\/www.lassebacklund.fi\/wp-content\/uploads\/2020\/01\/2-Fennia-huset.jpg\" alt=\"\" width=\"1928\" height=\"1252\" srcset=\"https:\/\/www.lassebacklund.fi\/wp-content\/uploads\/2020\/01\/2-Fennia-huset.jpg 1928w, https:\/\/www.lassebacklund.fi\/wp-content\/uploads\/2020\/01\/2-Fennia-huset-300x195.jpg 300w, https:\/\/www.lassebacklund.fi\/wp-content\/uploads\/2020\/01\/2-Fennia-huset-768x499.jpg 768w, https:\/\/www.lassebacklund.fi\/wp-content\/uploads\/2020\/01\/2-Fennia-huset-1024x665.jpg 1024w\" sizes=\"auto, (max-width: 1928px) 100vw, 1928px\" \/><figcaption id=\"caption-attachment-15595\" class=\"wp-caption-text\">2. Fenniahuset i centrala Lappfj\u00e4rd byggdes av br\u00f6derna Erickson \u00e5r 1939 och fr\u00e5n b\u00f6rjan fanns d\u00e4r biografen Fennia och Cafe Fennia i nedre v\u00e5ningen och i \u00f6vre v\u00e5ningen fanns Fennia resandehem. Hela huset hyrdes ut \u00e5t biokungen Philp fr\u00e5n Vasa men efter en kort tid&nbsp; tog kantorn Eskil Erickson \u00f6ver verksamheten. Lappfj\u00e4rds Sparbank k\u00f6pte sedan huset p\u00e5 50-talet och flyttade sitt kontor dit. Ocks\u00e5 det lokala f\u00f6rs\u00e4kringsbolaget hade sitt kontor d\u00e4r liksom Posten.<\/figcaption><\/figure>\n<figure id=\"attachment_15596\" aria-describedby=\"caption-attachment-15596\" style=\"width: 960px\" class=\"wp-caption alignnone\"><img loading=\"lazy\" decoding=\"async\" class=\"size-full wp-image-15596\" src=\"http:\/\/www.lassebacklund.fi\/wp-content\/uploads\/2020\/01\/3-Bjarne-Smeds-fordonspark.jpg\" alt=\"\" width=\"960\" height=\"626\" srcset=\"https:\/\/www.lassebacklund.fi\/wp-content\/uploads\/2020\/01\/3-Bjarne-Smeds-fordonspark.jpg 960w, https:\/\/www.lassebacklund.fi\/wp-content\/uploads\/2020\/01\/3-Bjarne-Smeds-fordonspark-300x196.jpg 300w, https:\/\/www.lassebacklund.fi\/wp-content\/uploads\/2020\/01\/3-Bjarne-Smeds-fordonspark-768x501.jpg 768w\" sizes=\"auto, (max-width: 960px) 100vw, 960px\" \/><figcaption id=\"caption-attachment-15596\" class=\"wp-caption-text\">3. F:ma Bjarne Smeds var en f\u00f6reg\u00e5ngare inom potatisn\u00e4ringen och det gjordes stora satsningar i Lappfj\u00e4rd. Transporterna skedde som synes med egna bilar.<\/figcaption><\/figure>\n<figure id=\"attachment_15597\" aria-describedby=\"caption-attachment-15597\" style=\"width: 1676px\" class=\"wp-caption alignnone\"><img loading=\"lazy\" decoding=\"async\" class=\"size-full wp-image-15597\" src=\"http:\/\/www.lassebacklund.fi\/wp-content\/uploads\/2020\/01\/4-B\u00f6tombergsliften.jpg\" alt=\"\" width=\"1676\" height=\"1121\" srcset=\"https:\/\/www.lassebacklund.fi\/wp-content\/uploads\/2020\/01\/4-B\u00f6tombergsliften.jpg 1676w, https:\/\/www.lassebacklund.fi\/wp-content\/uploads\/2020\/01\/4-B\u00f6tombergsliften-300x201.jpg 300w, https:\/\/www.lassebacklund.fi\/wp-content\/uploads\/2020\/01\/4-B\u00f6tombergsliften-768x514.jpg 768w, https:\/\/www.lassebacklund.fi\/wp-content\/uploads\/2020\/01\/4-B\u00f6tombergsliften-1024x685.jpg 1024w\" sizes=\"auto, (max-width: 1676px) 100vw, 1676px\" \/><figcaption id=\"caption-attachment-15597\" class=\"wp-caption-text\">4. I mitten av 60-talet besl\u00f6ts det att ett skidcenter skall byggas p\u00e5 B\u00f6tombergen. Slalombacken gjordes i ordning p\u00e5 bergets v\u00e4stra sida och efter att vajerliften togs i bruk blev backen mycket popul\u00e4r. Kolla in den l\u00e5nga k\u00f6n nere i backen. Denna lift togs ur bruk d\u00e5 en ankarlift togs i bruk p\u00e5 andra sidan sj\u00e4lva backen och p\u00e5 v\u00e5ren 2020 har det byggts en motionstrappa just d\u00e4r gamla vajerliften gick.<\/figcaption><\/figure>\n<figure id=\"attachment_16212\" aria-describedby=\"caption-attachment-16212\" style=\"width: 1440px\" class=\"wp-caption alignnone\"><img loading=\"lazy\" decoding=\"async\" class=\"size-full wp-image-16212\" src=\"http:\/\/www.lassebacklund.fi\/wp-content\/uploads\/2020\/04\/5-Lappfj\u00e4rds-spelmanslag-1969-omslag-till-skivan-Br\u00f6llop-och-dans.jpg\" alt=\"\" width=\"1440\" height=\"987\" srcset=\"https:\/\/www.lassebacklund.fi\/wp-content\/uploads\/2020\/04\/5-Lappfj\u00e4rds-spelmanslag-1969-omslag-till-skivan-Br\u00f6llop-och-dans.jpg 1440w, https:\/\/www.lassebacklund.fi\/wp-content\/uploads\/2020\/04\/5-Lappfj\u00e4rds-spelmanslag-1969-omslag-till-skivan-Br\u00f6llop-och-dans-300x206.jpg 300w, https:\/\/www.lassebacklund.fi\/wp-content\/uploads\/2020\/04\/5-Lappfj\u00e4rds-spelmanslag-1969-omslag-till-skivan-Br\u00f6llop-och-dans-1024x702.jpg 1024w, https:\/\/www.lassebacklund.fi\/wp-content\/uploads\/2020\/04\/5-Lappfj\u00e4rds-spelmanslag-1969-omslag-till-skivan-Br\u00f6llop-och-dans-768x526.jpg 768w\" sizes=\"auto, (max-width: 1440px) 100vw, 1440px\" \/><figcaption id=\"caption-attachment-16212\" class=\"wp-caption-text\">5. Lappfj\u00e4rds spelmanslag i mars 1970, bilden blev anv\u00e4nd som omslagsbild till skivan &#8221;Br\u00f6llop och dans&#8221;. Skivan spelades in i Helsingfors och var en stereoinspelad LP-skiva med ett 20-tal l\u00e5tar, med en total speltid om 40 minuter. Sittande fr.v. Torsten P\u00e4rus, Torsten Storhannus, Lars Lillhannus, Yrj\u00f6 Majaniemi, Elis Holmlund och Valter Enlund. St\u00e5ende fr.v. Elis Ahlkulla, Helge Holm, Nils Bj\u00f6rses, Otto Fr\u00f6berg, Birger Holm, Elis Hellman och Elis Bj\u00f6rses. Lappfj\u00e4rds Spelmanslag grundades i mars 1963.<\/figcaption><\/figure>\n<figure id=\"attachment_16214\" aria-describedby=\"caption-attachment-16214\" style=\"width: 2011px\" class=\"wp-caption alignnone\"><img loading=\"lazy\" decoding=\"async\" class=\"size-full wp-image-16214\" src=\"http:\/\/www.lassebacklund.fi\/wp-content\/uploads\/2020\/04\/6-Kyrkan-norrifr\u00e5n.jpg\" alt=\"\" width=\"2011\" height=\"1334\" srcset=\"https:\/\/www.lassebacklund.fi\/wp-content\/uploads\/2020\/04\/6-Kyrkan-norrifr\u00e5n.jpg 2011w, https:\/\/www.lassebacklund.fi\/wp-content\/uploads\/2020\/04\/6-Kyrkan-norrifr\u00e5n-300x199.jpg 300w, https:\/\/www.lassebacklund.fi\/wp-content\/uploads\/2020\/04\/6-Kyrkan-norrifr\u00e5n-1024x679.jpg 1024w, https:\/\/www.lassebacklund.fi\/wp-content\/uploads\/2020\/04\/6-Kyrkan-norrifr\u00e5n-768x509.jpg 768w, https:\/\/www.lassebacklund.fi\/wp-content\/uploads\/2020\/04\/6-Kyrkan-norrifr\u00e5n-1536x1019.jpg 1536w\" sizes=\"auto, (max-width: 2011px) 100vw, 2011px\" \/><figcaption id=\"caption-attachment-16214\" class=\"wp-caption-text\">6. Lappfj\u00e4rds m\u00e4ktiga kyrka fotograferad fr\u00e5n norr.<\/figcaption><\/figure>\n<figure id=\"attachment_16215\" aria-describedby=\"caption-attachment-16215\" style=\"width: 1900px\" class=\"wp-caption alignnone\"><img loading=\"lazy\" decoding=\"async\" class=\"size-full wp-image-16215\" src=\"http:\/\/www.lassebacklund.fi\/wp-content\/uploads\/2020\/04\/7-Kyrkan-om-sommaren.jpg\" alt=\"\" width=\"1900\" height=\"1255\" srcset=\"https:\/\/www.lassebacklund.fi\/wp-content\/uploads\/2020\/04\/7-Kyrkan-om-sommaren.jpg 1900w, https:\/\/www.lassebacklund.fi\/wp-content\/uploads\/2020\/04\/7-Kyrkan-om-sommaren-300x198.jpg 300w, https:\/\/www.lassebacklund.fi\/wp-content\/uploads\/2020\/04\/7-Kyrkan-om-sommaren-1024x676.jpg 1024w, https:\/\/www.lassebacklund.fi\/wp-content\/uploads\/2020\/04\/7-Kyrkan-om-sommaren-768x507.jpg 768w, https:\/\/www.lassebacklund.fi\/wp-content\/uploads\/2020\/04\/7-Kyrkan-om-sommaren-1536x1015.jpg 1536w\" sizes=\"auto, (max-width: 1900px) 100vw, 1900px\" \/><figcaption id=\"caption-attachment-16215\" class=\"wp-caption-text\">7. Lappfj\u00e4rds kyrka och klockstapeln fotograferad fr\u00e5n v\u00e4ster under den tid d\u00e5 det inte \u00e4nnu fanns n\u00e5gra pension\u00e4rshem p\u00e5 denna sida av landsv\u00e4gen.<\/figcaption><\/figure>\n<figure id=\"attachment_16216\" aria-describedby=\"caption-attachment-16216\" style=\"width: 2014px\" class=\"wp-caption alignnone\"><img loading=\"lazy\" decoding=\"async\" class=\"size-full wp-image-16216\" src=\"http:\/\/www.lassebacklund.fi\/wp-content\/uploads\/2020\/04\/8-Kyrkan-om-vintern.jpg\" alt=\"\" width=\"2014\" height=\"1373\" srcset=\"https:\/\/www.lassebacklund.fi\/wp-content\/uploads\/2020\/04\/8-Kyrkan-om-vintern.jpg 2014w, https:\/\/www.lassebacklund.fi\/wp-content\/uploads\/2020\/04\/8-Kyrkan-om-vintern-300x205.jpg 300w, https:\/\/www.lassebacklund.fi\/wp-content\/uploads\/2020\/04\/8-Kyrkan-om-vintern-1024x698.jpg 1024w, https:\/\/www.lassebacklund.fi\/wp-content\/uploads\/2020\/04\/8-Kyrkan-om-vintern-768x524.jpg 768w, https:\/\/www.lassebacklund.fi\/wp-content\/uploads\/2020\/04\/8-Kyrkan-om-vintern-1536x1047.jpg 1536w\" sizes=\"auto, (max-width: 2014px) 100vw, 2014px\" \/><figcaption id=\"caption-attachment-16216\" class=\"wp-caption-text\">8. Lappfj\u00e4rds kyrka och klockstapeln. Planeringen av denna kyrka p\u00e5b\u00f6rjades redan 1847 och sedan startade bygget av kyrkan som skulle rymma hela 3 000 personer. Under denna tid h\u00f6rde ocks\u00e5 B\u00f6tom, Stor\u00e5 och Sideby till Lappfj\u00e4rds socken, s\u00e5 det var nog meningen att den skulle bli s\u00e5 stor som den sedan blev. Olyckligt nog s\u00e5 blev B\u00f6tom och Stor\u00e5 egna kommuner n\u00e5gra \u00e5r efter att kyrkan blev f\u00e4rdig 1851 och efter en tid blev ocks\u00e5 Sideby egen kommun.<\/figcaption><\/figure>\n<figure id=\"attachment_16220\" aria-describedby=\"caption-attachment-16220\" style=\"width: 1440px\" class=\"wp-caption alignnone\"><img loading=\"lazy\" decoding=\"async\" class=\"size-full wp-image-16220\" src=\"http:\/\/www.lassebacklund.fi\/wp-content\/uploads\/2020\/04\/9-Bj\u00f6rkskog-Verna-med-dottern-Nina-p\u00e5-v\u00e4g-\u00f6ver-Gam\u00e4lbroen.jpg\" alt=\"\" width=\"1440\" height=\"1005\" srcset=\"https:\/\/www.lassebacklund.fi\/wp-content\/uploads\/2020\/04\/9-Bj\u00f6rkskog-Verna-med-dottern-Nina-p\u00e5-v\u00e4g-\u00f6ver-Gam\u00e4lbroen.jpg 1440w, https:\/\/www.lassebacklund.fi\/wp-content\/uploads\/2020\/04\/9-Bj\u00f6rkskog-Verna-med-dottern-Nina-p\u00e5-v\u00e4g-\u00f6ver-Gam\u00e4lbroen-300x209.jpg 300w, https:\/\/www.lassebacklund.fi\/wp-content\/uploads\/2020\/04\/9-Bj\u00f6rkskog-Verna-med-dottern-Nina-p\u00e5-v\u00e4g-\u00f6ver-Gam\u00e4lbroen-1024x715.jpg 1024w, https:\/\/www.lassebacklund.fi\/wp-content\/uploads\/2020\/04\/9-Bj\u00f6rkskog-Verna-med-dottern-Nina-p\u00e5-v\u00e4g-\u00f6ver-Gam\u00e4lbroen-768x536.jpg 768w\" sizes=\"auto, (max-width: 1440px) 100vw, 1440px\" \/><figcaption id=\"caption-attachment-16220\" class=\"wp-caption-text\">9. Verna Bj\u00f6rkskog (1925-2018) med dottern Nina p\u00e5 paketh\u00e5llaren leder cykeln \u00f6ver Gamla bron i Lappfj\u00e4rd. Bron g\u00f6r verkligen r\u00e4tt f\u00f6r sitt namn, f\u00f6r den kom till redan \u00e5r 1638 d\u00e5 Per Brahe under den f\u00f6rsta perioden som generalguvern\u00f6r \u00f6ver Finland fick i uppdrag att bygga tv\u00e5 postv\u00e4gar. Den ena postv\u00e4gen som kallades Strandv\u00e4gen gick fr\u00e5n \u00c5bo via Sideby, Skaftung, H\u00e4rkmeri till Lappfj\u00e4rd. Just p\u00e5 detta st\u00e4lle gick den \u00f6ver Lappfj\u00e4rds \u00e5 och fortsatte sedan mot Tj\u00f6ck och N\u00e4rpes upp till Torne\u00e5. &#8221;Gam\u00e4lbroen&#8221; togs ur bruk i b\u00f6rjan av 1970-talet d\u00e5 den nya Centralbron togs i bruk.<\/figcaption><\/figure>\n<figure id=\"attachment_16221\" aria-describedby=\"caption-attachment-16221\" style=\"width: 1605px\" class=\"wp-caption alignnone\"><img loading=\"lazy\" decoding=\"async\" class=\"size-full wp-image-16221\" src=\"http:\/\/www.lassebacklund.fi\/wp-content\/uploads\/2020\/04\/10-Traktorer-utanf\u00f6r-La-Syd.jpg\" alt=\"\" width=\"1605\" height=\"1108\" srcset=\"https:\/\/www.lassebacklund.fi\/wp-content\/uploads\/2020\/04\/10-Traktorer-utanf\u00f6r-La-Syd.jpg 1605w, https:\/\/www.lassebacklund.fi\/wp-content\/uploads\/2020\/04\/10-Traktorer-utanf\u00f6r-La-Syd-300x207.jpg 300w, https:\/\/www.lassebacklund.fi\/wp-content\/uploads\/2020\/04\/10-Traktorer-utanf\u00f6r-La-Syd-1024x707.jpg 1024w, https:\/\/www.lassebacklund.fi\/wp-content\/uploads\/2020\/04\/10-Traktorer-utanf\u00f6r-La-Syd-768x530.jpg 768w, https:\/\/www.lassebacklund.fi\/wp-content\/uploads\/2020\/04\/10-Traktorer-utanf\u00f6r-La-Syd-1536x1060.jpg 1536w\" sizes=\"auto, (max-width: 1605px) 100vw, 1605px\" \/><figcaption id=\"caption-attachment-16221\" class=\"wp-caption-text\">10. Byggnaden i bakgrunden var <a href=\"http:\/\/www.lassebacklund.fi\/?page_id=1417\">Lappfj\u00e4rd andelshandels<\/a> huvudaff\u00e4r och kontor fram till 1968 d\u00e5 andelshandeln fusionerades med <a href=\"http:\/\/www.lassebacklund.fi\/?page_id=10682\">Syd\u00f6sterbottens Handelslag<\/a> i Kristinestad. Det nya handelslaget fick namnet La-Syd och maskinhandeln var koncentrerad till Lappfj\u00e4rd, d\u00e4r till och med traktorer fanns till salu.<\/figcaption><\/figure>\n<figure id=\"attachment_16223\" aria-describedby=\"caption-attachment-16223\" style=\"width: 2048px\" class=\"wp-caption alignnone\"><img loading=\"lazy\" decoding=\"async\" class=\"size-full wp-image-16223\" src=\"http:\/\/www.lassebacklund.fi\/wp-content\/uploads\/2020\/04\/11-BP-i-L\u00e5lby-byggd-1967.jpg\" alt=\"\" width=\"2048\" height=\"1319\" srcset=\"https:\/\/www.lassebacklund.fi\/wp-content\/uploads\/2020\/04\/11-BP-i-L\u00e5lby-byggd-1967.jpg 2048w, https:\/\/www.lassebacklund.fi\/wp-content\/uploads\/2020\/04\/11-BP-i-L\u00e5lby-byggd-1967-300x193.jpg 300w, https:\/\/www.lassebacklund.fi\/wp-content\/uploads\/2020\/04\/11-BP-i-L\u00e5lby-byggd-1967-1024x660.jpg 1024w, https:\/\/www.lassebacklund.fi\/wp-content\/uploads\/2020\/04\/11-BP-i-L\u00e5lby-byggd-1967-768x495.jpg 768w, https:\/\/www.lassebacklund.fi\/wp-content\/uploads\/2020\/04\/11-BP-i-L\u00e5lby-byggd-1967-1536x989.jpg 1536w\" sizes=\"auto, (max-width: 2048px) 100vw, 2048px\" \/><figcaption id=\"caption-attachment-16223\" class=\"wp-caption-text\">11. Arvo Wiitala, som var hemma fr\u00e5n Uttermossa var distriktschef p\u00e5 BP och i mitten av 1960-talet f\u00f6rhandlade han fram en tomt med bra l\u00e4ge i L\u00e5lby f\u00f6r en ny servicestation. Den nya stationen kunde tas i bruk i april 1967 och lappfj\u00e4rdsbon Klas \u00c5strand blev dess f\u00f6rsta stationsf\u00f6rest\u00e5ndare. Klas tvingades st\u00e4nga stationen i mars 1969 men BP \u00f6ppnade tillf\u00e4lligt n\u00e5gra dagar senare och den sk\u00f6ttes d\u00e5 av deras inspekt\u00f6r B\u00f6rje Lindblad. Kafeterian var dock st\u00e4ngd, som dock kunde \u00f6ppnas igen i april. H\u00e5kan H\u00e4ggblad var d\u00e5 t.f. f\u00f6rest\u00e5ndare f\u00f6r stationen. I november 1970 tog Kalervo J\u00e4rvenp\u00e4\u00e4 \u00f6ver som \u00e5terf\u00f6rs\u00e4ljare. I bakgrunden syns Kuusinens g\u00e5rd.<\/figcaption><\/figure>\n<figure id=\"attachment_16232\" aria-describedby=\"caption-attachment-16232\" style=\"width: 960px\" class=\"wp-caption alignnone\"><img loading=\"lazy\" decoding=\"async\" class=\"size-full wp-image-16232\" src=\"http:\/\/www.lassebacklund.fi\/wp-content\/uploads\/2020\/04\/12-Silverbr\u00f6llop-4-Kurt-och-Auli-30.6.1973.jpg\" alt=\"\" width=\"960\" height=\"656\" srcset=\"https:\/\/www.lassebacklund.fi\/wp-content\/uploads\/2020\/04\/12-Silverbr\u00f6llop-4-Kurt-och-Auli-30.6.1973.jpg 960w, https:\/\/www.lassebacklund.fi\/wp-content\/uploads\/2020\/04\/12-Silverbr\u00f6llop-4-Kurt-och-Auli-30.6.1973-300x205.jpg 300w, https:\/\/www.lassebacklund.fi\/wp-content\/uploads\/2020\/04\/12-Silverbr\u00f6llop-4-Kurt-och-Auli-30.6.1973-768x525.jpg 768w\" sizes=\"auto, (max-width: 960px) 100vw, 960px\" \/><figcaption id=\"caption-attachment-16232\" class=\"wp-caption-text\">12. I samband med spelmansst\u00e4mman i Lappfj\u00e4rd i slutet av juni 1973 ordnades det ocks\u00e5 ett gammaldags silverbr\u00f6llop. I den fullsatta kyrkan i Lappfj\u00e4rd vigdes Kurt Lillhannus och Auli Naukkarinen &#8221;p\u00e5 riktigt&#8221; men vid sj\u00e4lva festen p\u00e5 ungdomslokalen i Lappfj\u00e4rd tog Sol-Britt Bjors och Stig Brandt \u00f6ver rollen som brudpar. Fotot fr\u00e5n 30.6.1973.<\/figcaption><\/figure>\n<figure id=\"attachment_16233\" aria-describedby=\"caption-attachment-16233\" style=\"width: 1647px\" class=\"wp-caption alignnone\"><img loading=\"lazy\" decoding=\"async\" class=\"size-full wp-image-16233\" src=\"http:\/\/www.lassebacklund.fi\/wp-content\/uploads\/2020\/04\/13-Silverbr\u00f6llop-3-Kurt-och-Auli-i-brudraden-Torsten-P\u00e4rus-bakom-Helge-Holm-och-Bengt-Engelholm-och-Nisse.jpg\" alt=\"\" width=\"1647\" height=\"1098\" srcset=\"https:\/\/www.lassebacklund.fi\/wp-content\/uploads\/2020\/04\/13-Silverbr\u00f6llop-3-Kurt-och-Auli-i-brudraden-Torsten-P\u00e4rus-bakom-Helge-Holm-och-Bengt-Engelholm-och-Nisse.jpg 1647w, https:\/\/www.lassebacklund.fi\/wp-content\/uploads\/2020\/04\/13-Silverbr\u00f6llop-3-Kurt-och-Auli-i-brudraden-Torsten-P\u00e4rus-bakom-Helge-Holm-och-Bengt-Engelholm-och-Nisse-300x200.jpg 300w, https:\/\/www.lassebacklund.fi\/wp-content\/uploads\/2020\/04\/13-Silverbr\u00f6llop-3-Kurt-och-Auli-i-brudraden-Torsten-P\u00e4rus-bakom-Helge-Holm-och-Bengt-Engelholm-och-Nisse-1024x683.jpg 1024w, https:\/\/www.lassebacklund.fi\/wp-content\/uploads\/2020\/04\/13-Silverbr\u00f6llop-3-Kurt-och-Auli-i-brudraden-Torsten-P\u00e4rus-bakom-Helge-Holm-och-Bengt-Engelholm-och-Nisse-768x512.jpg 768w, https:\/\/www.lassebacklund.fi\/wp-content\/uploads\/2020\/04\/13-Silverbr\u00f6llop-3-Kurt-och-Auli-i-brudraden-Torsten-P\u00e4rus-bakom-Helge-Holm-och-Bengt-Engelholm-och-Nisse-1536x1024.jpg 1536w\" sizes=\"auto, (max-width: 1647px) 100vw, 1647px\" \/><figcaption id=\"caption-attachment-16233\" class=\"wp-caption-text\">13. Nygifta brudparet Auli och Kurt Lillhannus \u00e5tf\u00f6ljs av spelm\u00e4n fr\u00e5n Lappfj\u00e4rds spelmanslag. Till v\u00e4nster Torsten P\u00e4rus och efter brudparet kommer Helge Holm, Bengt Engelholm och Nils Bj\u00f6rses. Fotot fr\u00e5n 30.6.1973.<\/figcaption><\/figure>\n<figure id=\"attachment_16234\" aria-describedby=\"caption-attachment-16234\" style=\"width: 2030px\" class=\"wp-caption alignnone\"><img loading=\"lazy\" decoding=\"async\" class=\"size-full wp-image-16234\" src=\"http:\/\/www.lassebacklund.fi\/wp-content\/uploads\/2020\/04\/14-Silverbr\u00f6llop-2-f\u00f6lje-nedf\u00f6r-kyrbacken-polisbil-30.6.1973.jpg\" alt=\"\" width=\"2030\" height=\"1325\" srcset=\"https:\/\/www.lassebacklund.fi\/wp-content\/uploads\/2020\/04\/14-Silverbr\u00f6llop-2-f\u00f6lje-nedf\u00f6r-kyrbacken-polisbil-30.6.1973.jpg 2030w, https:\/\/www.lassebacklund.fi\/wp-content\/uploads\/2020\/04\/14-Silverbr\u00f6llop-2-f\u00f6lje-nedf\u00f6r-kyrbacken-polisbil-30.6.1973-300x196.jpg 300w, https:\/\/www.lassebacklund.fi\/wp-content\/uploads\/2020\/04\/14-Silverbr\u00f6llop-2-f\u00f6lje-nedf\u00f6r-kyrbacken-polisbil-30.6.1973-1024x668.jpg 1024w, https:\/\/www.lassebacklund.fi\/wp-content\/uploads\/2020\/04\/14-Silverbr\u00f6llop-2-f\u00f6lje-nedf\u00f6r-kyrbacken-polisbil-30.6.1973-768x501.jpg 768w, https:\/\/www.lassebacklund.fi\/wp-content\/uploads\/2020\/04\/14-Silverbr\u00f6llop-2-f\u00f6lje-nedf\u00f6r-kyrbacken-polisbil-30.6.1973-1536x1003.jpg 1536w\" sizes=\"auto, (max-width: 2030px) 100vw, 2030px\" \/><figcaption id=\"caption-attachment-16234\" class=\"wp-caption-text\">14. I vackraste sommarv\u00e4der h\u00f6lls ett gammaldags silverbr\u00f6llop i Lappfj\u00e4rd i samband med spelmansst\u00e4mman, som ordnades av Lappfj\u00e4rds spelmanslag. Den rymliga kyrkan var fylld med n\u00e4rmare 3 000 bes\u00f6kare och h\u00e4r ser vi brudraden p\u00e5 v\u00e4g ned f\u00f6r kyrkbacken. Fotot fr\u00e5n 30.6.1973.<\/figcaption><\/figure>\n<figure id=\"attachment_16236\" aria-describedby=\"caption-attachment-16236\" style=\"width: 960px\" class=\"wp-caption alignnone\"><img loading=\"lazy\" decoding=\"async\" class=\"size-full wp-image-16236\" src=\"http:\/\/www.lassebacklund.fi\/wp-content\/uploads\/2020\/04\/15-Bjarne-Smeds-fabrik.jpg\" alt=\"\" width=\"960\" height=\"637\" srcset=\"https:\/\/www.lassebacklund.fi\/wp-content\/uploads\/2020\/04\/15-Bjarne-Smeds-fabrik.jpg 960w, https:\/\/www.lassebacklund.fi\/wp-content\/uploads\/2020\/04\/15-Bjarne-Smeds-fabrik-300x199.jpg 300w, https:\/\/www.lassebacklund.fi\/wp-content\/uploads\/2020\/04\/15-Bjarne-Smeds-fabrik-768x510.jpg 768w\" sizes=\"auto, (max-width: 960px) 100vw, 960px\" \/><figcaption id=\"caption-attachment-16236\" class=\"wp-caption-text\">15. Bjarne Smeds var en f\u00f6reg\u00e5ngare inom potatisf\u00f6r\u00e4dlingen i Lappfj\u00e4rd och allting b\u00f6rjade \u00e5r 1961 d\u00e5 han i liten skala b\u00f6rjade k\u00f6pa upp mor\u00f6tter och potatis. Han k\u00f6pte ocks\u00e5 upp spannm\u00e5l som torkades i en egen torkanl\u00e4ggning p\u00e5 samma tomt.<\/figcaption><\/figure>\n<figure id=\"attachment_16237\" aria-describedby=\"caption-attachment-16237\" style=\"width: 960px\" class=\"wp-caption alignnone\"><img loading=\"lazy\" decoding=\"async\" class=\"size-full wp-image-16237\" src=\"http:\/\/www.lassebacklund.fi\/wp-content\/uploads\/2020\/04\/16-Hans-Ingvesg\u00e5rd-och-Boris-L\u00e5ngfors-med-ok\u00e4nd-kock.jpg\" alt=\"\" width=\"960\" height=\"653\" srcset=\"https:\/\/www.lassebacklund.fi\/wp-content\/uploads\/2020\/04\/16-Hans-Ingvesg\u00e5rd-och-Boris-L\u00e5ngfors-med-ok\u00e4nd-kock.jpg 960w, https:\/\/www.lassebacklund.fi\/wp-content\/uploads\/2020\/04\/16-Hans-Ingvesg\u00e5rd-och-Boris-L\u00e5ngfors-med-ok\u00e4nd-kock-300x204.jpg 300w, https:\/\/www.lassebacklund.fi\/wp-content\/uploads\/2020\/04\/16-Hans-Ingvesg\u00e5rd-och-Boris-L\u00e5ngfors-med-ok\u00e4nd-kock-768x522.jpg 768w\" sizes=\"auto, (max-width: 960px) 100vw, 960px\" \/><figcaption id=\"caption-attachment-16237\" class=\"wp-caption-text\">16. P\u00e5 v\u00e5rvintern 1969 bildade potatisodlarna i Lappfj\u00e4rd en potatisring, vars uppgift var att f\u00e5 fram matpotatis av god kvalitet, med mottot &#8221;prima matpotatis&#8221;. Under sommaren granskades 93 hektar med potatis hos 73 odlare av Heikki Kamppinen, som var VD f\u00f6r Delikatesspotatisf\u00f6reningen. P\u00e5 h\u00f6sten gjordes provkokningar av potatis p\u00e5 folkh\u00f6gskolan i Lappfj\u00e4rd, d\u00e4r kvaliteten bed\u00f6mdes. Odlarna Hans Ingvesg\u00e5rd fr\u00e5n Lappfj\u00e4rd och Boris L\u00e5ngfors fr\u00e5n Dagsmark ser intresserat p\u00e5 och inte att undra p\u00e5, eftersom odlaren fick 2 penni b\u00e4ttre kilopris om odlingarna var granskade. Potatispriset r\u00f6rde sig den h\u00e4r tiden omkring 35-40 penni per kilo.<\/figcaption><\/figure>\n<figure id=\"attachment_16238\" aria-describedby=\"caption-attachment-16238\" style=\"width: 662px\" class=\"wp-caption alignnone\"><img loading=\"lazy\" decoding=\"async\" class=\"size-full wp-image-16238\" src=\"http:\/\/www.lassebacklund.fi\/wp-content\/uploads\/2020\/04\/17-Helge-Holm-Pentti-Riihiluoma-och-Bengt-Engelholm.jpg\" alt=\"\" width=\"662\" height=\"960\" srcset=\"https:\/\/www.lassebacklund.fi\/wp-content\/uploads\/2020\/04\/17-Helge-Holm-Pentti-Riihiluoma-och-Bengt-Engelholm.jpg 662w, https:\/\/www.lassebacklund.fi\/wp-content\/uploads\/2020\/04\/17-Helge-Holm-Pentti-Riihiluoma-och-Bengt-Engelholm-207x300.jpg 207w\" sizes=\"auto, (max-width: 662px) 100vw, 662px\" \/><figcaption id=\"caption-attachment-16238\" class=\"wp-caption-text\">17. Helge Holm sitter p\u00e5 r\u00e4cket och Pentti Riihiluoma fr\u00e5n B\u00f6tom och Bengt Engelholm st\u00e5r och ser p\u00e5. Fotot taget p\u00e5 B\u00f6tombergstugan terrass.<\/figcaption><\/figure>\n<figure id=\"attachment_16343\" aria-describedby=\"caption-attachment-16343\" style=\"width: 960px\" class=\"wp-caption alignnone\"><img loading=\"lazy\" decoding=\"async\" class=\"size-full wp-image-16343\" src=\"http:\/\/www.lassebacklund.fi\/wp-content\/uploads\/2020\/05\/18-Bjarne-Smeds-med-Hans-Ingvesg\u00e5rd-och-Nils-Kl\u00e5vus.jpg\" alt=\"\" width=\"960\" height=\"673\" srcset=\"https:\/\/www.lassebacklund.fi\/wp-content\/uploads\/2020\/05\/18-Bjarne-Smeds-med-Hans-Ingvesg\u00e5rd-och-Nils-Kl\u00e5vus.jpg 960w, https:\/\/www.lassebacklund.fi\/wp-content\/uploads\/2020\/05\/18-Bjarne-Smeds-med-Hans-Ingvesg\u00e5rd-och-Nils-Kl\u00e5vus-300x210.jpg 300w, https:\/\/www.lassebacklund.fi\/wp-content\/uploads\/2020\/05\/18-Bjarne-Smeds-med-Hans-Ingvesg\u00e5rd-och-Nils-Kl\u00e5vus-768x538.jpg 768w\" sizes=\"auto, (max-width: 960px) 100vw, 960px\" \/><figcaption id=\"caption-attachment-16343\" class=\"wp-caption-text\">18, Ansiktsuttrycken p\u00e5 herrarna talar sitt tydliga spr\u00e5k. Potatisen \u00e4r och har alltid varit en viktig lantbruksprodukt och h\u00e4r beundrar fr.v. Heikki Kamppinen, Hans Ingvesg\u00e5rd, Bjarne Smeds och Nils Kl\u00e5vus n\u00e5gra potatisar. Fotot \u00e4r fr\u00e5n slutet av november 1969 p\u00e5 Lappfj\u00e4rds Potatisrings h\u00f6stm\u00f6te p\u00e5 Lappfj\u00e4rds folkh\u00f6gskola. I odlingst\u00e4vlingen hade Henrik Ebb det b\u00e4sta resultatet f\u00f6r sorten Rekord och Edvin Engman vann i sorten Pito.<\/figcaption><\/figure>\n<figure id=\"attachment_16344\" aria-describedby=\"caption-attachment-16344\" style=\"width: 1617px\" class=\"wp-caption alignnone\"><img loading=\"lazy\" decoding=\"async\" class=\"size-full wp-image-16344\" src=\"http:\/\/www.lassebacklund.fi\/wp-content\/uploads\/2020\/05\/19-Korsb\u00e4ck-skola-b\u00e4ttre.jpg\" alt=\"\" width=\"1617\" height=\"1070\" srcset=\"https:\/\/www.lassebacklund.fi\/wp-content\/uploads\/2020\/05\/19-Korsb\u00e4ck-skola-b\u00e4ttre.jpg 1617w, https:\/\/www.lassebacklund.fi\/wp-content\/uploads\/2020\/05\/19-Korsb\u00e4ck-skola-b\u00e4ttre-300x199.jpg 300w, https:\/\/www.lassebacklund.fi\/wp-content\/uploads\/2020\/05\/19-Korsb\u00e4ck-skola-b\u00e4ttre-1024x678.jpg 1024w, https:\/\/www.lassebacklund.fi\/wp-content\/uploads\/2020\/05\/19-Korsb\u00e4ck-skola-b\u00e4ttre-768x508.jpg 768w, https:\/\/www.lassebacklund.fi\/wp-content\/uploads\/2020\/05\/19-Korsb\u00e4ck-skola-b\u00e4ttre-1536x1016.jpg 1536w\" sizes=\"auto, (max-width: 1617px) 100vw, 1617px\" \/><figcaption id=\"caption-attachment-16344\" class=\"wp-caption-text\">19. I b\u00f6rjan av 1930-talet byggde bonden Johannes Stenlund den nya folkskolan i Korsb\u00e4ck p\u00e5 entreprenad och den var i g\u00e5ng \u00e4nda till 1969 d\u00e5 b\u00e5de eleverna och l\u00e4rarparet Bergman flyttade till Dagsmark folkskolan. Fotot \u00e4r fr\u00e5n december 1969 d\u00e5 en tv\u00e4ttsvampfabrik h\u00f6ll p\u00e5 att etablera sig i den gamla skolbyggnaden. Det var det rikssvenska f\u00f6retaget La-Lo Ab, med direkt\u00f6r Olle Ohlman i spetsen som stod f\u00f6r produktionen. Fabriken hade tidvis 4 anst\u00e4llda men i december 1970 stoppades verksamheten &#8221;p\u00e5 grund av r\u00e5varubrist&#8221;.<\/figcaption><\/figure>\n<figure id=\"attachment_16345\" aria-describedby=\"caption-attachment-16345\" style=\"width: 2048px\" class=\"wp-caption alignnone\"><img loading=\"lazy\" decoding=\"async\" class=\"size-full wp-image-16345\" src=\"http:\/\/www.lassebacklund.fi\/wp-content\/uploads\/2020\/05\/20-Kronomagasinet-2jpg.jpg\" alt=\"\" width=\"2048\" height=\"1438\" srcset=\"https:\/\/www.lassebacklund.fi\/wp-content\/uploads\/2020\/05\/20-Kronomagasinet-2jpg.jpg 2048w, https:\/\/www.lassebacklund.fi\/wp-content\/uploads\/2020\/05\/20-Kronomagasinet-2jpg-300x211.jpg 300w, https:\/\/www.lassebacklund.fi\/wp-content\/uploads\/2020\/05\/20-Kronomagasinet-2jpg-1024x719.jpg 1024w, https:\/\/www.lassebacklund.fi\/wp-content\/uploads\/2020\/05\/20-Kronomagasinet-2jpg-768x539.jpg 768w, https:\/\/www.lassebacklund.fi\/wp-content\/uploads\/2020\/05\/20-Kronomagasinet-2jpg-1536x1079.jpg 1536w\" sizes=\"auto, (max-width: 2048px) 100vw, 2048px\" \/><figcaption id=\"caption-attachment-16345\" class=\"wp-caption-text\">20. Det gamla kronomagasinet p\u00e5 Mangsbackan i Lappfj\u00e4rd, som sedan byggdes om till f\u00f6rsamlingshem. Fotograferat fr\u00e5n klockstapeln.<\/figcaption><\/figure>\n<figure id=\"attachment_16347\" aria-describedby=\"caption-attachment-16347\" style=\"width: 1662px\" class=\"wp-caption alignnone\"><img loading=\"lazy\" decoding=\"async\" class=\"size-full wp-image-16347\" src=\"http:\/\/www.lassebacklund.fi\/wp-content\/uploads\/2020\/05\/21.-Potatistr\u00f6ska-och-tv\u00e5-herrar.jpg\" alt=\"\" width=\"1662\" height=\"1115\" srcset=\"https:\/\/www.lassebacklund.fi\/wp-content\/uploads\/2020\/05\/21.-Potatistr\u00f6ska-och-tv\u00e5-herrar.jpg 1662w, https:\/\/www.lassebacklund.fi\/wp-content\/uploads\/2020\/05\/21.-Potatistr\u00f6ska-och-tv\u00e5-herrar-300x201.jpg 300w, https:\/\/www.lassebacklund.fi\/wp-content\/uploads\/2020\/05\/21.-Potatistr\u00f6ska-och-tv\u00e5-herrar-1024x687.jpg 1024w, https:\/\/www.lassebacklund.fi\/wp-content\/uploads\/2020\/05\/21.-Potatistr\u00f6ska-och-tv\u00e5-herrar-768x515.jpg 768w, https:\/\/www.lassebacklund.fi\/wp-content\/uploads\/2020\/05\/21.-Potatistr\u00f6ska-och-tv\u00e5-herrar-1536x1030.jpg 1536w\" sizes=\"auto, (max-width: 1662px) 100vw, 1662px\" \/><figcaption id=\"caption-attachment-16347\" class=\"wp-caption-text\">21. Potatistr\u00f6skan revolutionerade potatisn\u00e4ringen i Lappfj\u00e4rd redan i slutet av 1960-talet. Den h\u00e4r Wuhlmaus modellen anv\u00e4ndes flitigt av odlarna i Lappfj\u00e4rd och ans\u00e5gs vara en s\u00e4ker och bra upptagare.<\/figcaption><\/figure>\n<figure id=\"attachment_16348\" aria-describedby=\"caption-attachment-16348\" style=\"width: 960px\" class=\"wp-caption alignnone\"><img loading=\"lazy\" decoding=\"async\" class=\"size-full wp-image-16348\" src=\"http:\/\/www.lassebacklund.fi\/wp-content\/uploads\/2020\/05\/22.-Spelmanslaget-i-Pargas-1975.jpg\" alt=\"\" width=\"960\" height=\"678\" srcset=\"https:\/\/www.lassebacklund.fi\/wp-content\/uploads\/2020\/05\/22.-Spelmanslaget-i-Pargas-1975.jpg 960w, https:\/\/www.lassebacklund.fi\/wp-content\/uploads\/2020\/05\/22.-Spelmanslaget-i-Pargas-1975-300x212.jpg 300w, https:\/\/www.lassebacklund.fi\/wp-content\/uploads\/2020\/05\/22.-Spelmanslaget-i-Pargas-1975-768x542.jpg 768w\" sizes=\"auto, (max-width: 960px) 100vw, 960px\" \/><figcaption id=\"caption-attachment-16348\" class=\"wp-caption-text\">22. Lappfj\u00e4rds spelmanslag deltog i spelmansst\u00e4mman i Pargas \u00e5r 1975. Till v\u00e4nster syns Torsten Storhannus, Torsten P\u00e4rus och Helge Holm.<\/figcaption><\/figure>\n<figure id=\"attachment_16350\" aria-describedby=\"caption-attachment-16350\" style=\"width: 646px\" class=\"wp-caption alignnone\"><img loading=\"lazy\" decoding=\"async\" class=\"size-full wp-image-16350\" src=\"http:\/\/www.lassebacklund.fi\/wp-content\/uploads\/2020\/05\/23.-Evert-F\u00f6rn\u00e4s-med-dokument.jpg\" alt=\"\" width=\"646\" height=\"960\" srcset=\"https:\/\/www.lassebacklund.fi\/wp-content\/uploads\/2020\/05\/23.-Evert-F\u00f6rn\u00e4s-med-dokument.jpg 646w, https:\/\/www.lassebacklund.fi\/wp-content\/uploads\/2020\/05\/23.-Evert-F\u00f6rn\u00e4s-med-dokument-202x300.jpg 202w\" sizes=\"auto, (max-width: 646px) 100vw, 646px\" \/><figcaption id=\"caption-attachment-16350\" class=\"wp-caption-text\">23. Evert F\u00f6rn\u00e4s (f. 1905 i H\u00e4rkmeri) var son till Sigfrid F\u00f6rn\u00e4s (1885-1929) och Selma Julina (f. Teir i H\u00e4rkmeri 1885-1938). \u00c5r 1930 gifte sig Evert med Elvi Lilltr\u00e4sk (f. 1911) som var dotter till aff\u00e4rsmannen Axel Lilltr\u00e4sk. Evert arbetade som kommunal- och socialsekreterare p\u00e5 Lappfj\u00e4rds kommun tills han avgick med pension i slutet av december 1970.<\/figcaption><\/figure>\n<figure id=\"attachment_16351\" aria-describedby=\"caption-attachment-16351\" style=\"width: 689px\" class=\"wp-caption alignnone\"><img loading=\"lazy\" decoding=\"async\" class=\"size-full wp-image-16351\" src=\"http:\/\/www.lassebacklund.fi\/wp-content\/uploads\/2020\/05\/24.-Einar-Lind.jpg\" alt=\"\" width=\"689\" height=\"960\" srcset=\"https:\/\/www.lassebacklund.fi\/wp-content\/uploads\/2020\/05\/24.-Einar-Lind.jpg 689w, https:\/\/www.lassebacklund.fi\/wp-content\/uploads\/2020\/05\/24.-Einar-Lind-215x300.jpg 215w\" sizes=\"auto, (max-width: 689px) 100vw, 689px\" \/><figcaption id=\"caption-attachment-16351\" class=\"wp-caption-text\">24. Einar Lind, som f\u00f6ddes \u00e5r 1908 i N\u00e4rpes, folkskoll\u00e4rare i Dagsmark fr\u00e5n 1930 till 1969 d\u00e5 han avgick med pension. Efter pensioneringen flyttade l\u00e4rarparet till N\u00e4sby d\u00e4r Einar sedan dog \u00e5r 1978. Einar var gift med Linnea Teir fr\u00e5n N\u00e4rpes (1907-1984) som var folkskoll\u00e4rarinna i Dagsmark 1930 till 1969. Han satt ocks\u00e5 med i Lappfj\u00e4rds folkh\u00f6gskolas garantif\u00f6renings styrelse i 21 \u00e5r, varav 15 \u00e5r som ordf\u00f6rande fram till \u00e5r 1970, d\u00e5 han avtackades.<\/figcaption><\/figure>\n<figure id=\"attachment_16352\" aria-describedby=\"caption-attachment-16352\" style=\"width: 668px\" class=\"wp-caption alignnone\"><img loading=\"lazy\" decoding=\"async\" class=\"size-full wp-image-16352\" src=\"http:\/\/www.lassebacklund.fi\/wp-content\/uploads\/2020\/05\/25.-Mats-Nyby-som-l\u00e4rare.jpg\" alt=\"\" width=\"668\" height=\"960\" srcset=\"https:\/\/www.lassebacklund.fi\/wp-content\/uploads\/2020\/05\/25.-Mats-Nyby-som-l\u00e4rare.jpg 668w, https:\/\/www.lassebacklund.fi\/wp-content\/uploads\/2020\/05\/25.-Mats-Nyby-som-l\u00e4rare-209x300.jpg 209w\" sizes=\"auto, (max-width: 668px) 100vw, 668px\" \/><figcaption id=\"caption-attachment-16352\" class=\"wp-caption-text\">25. D\u00e5 l\u00e4raren p\u00e5 folkh\u00f6gskolan i Lappfj\u00e4rd Kurt Gullberg \u00e5r 1969 kandiderade till riksdagen, s\u00e5 vikarierades han av l\u00e4raren Mats Nyby. Liksom Gullberg undervisade Mats Nyby i flera \u00e4mnen, t.ex. matematik, kemi, geografi, nutidsorientering och gymnastik. Mats \u00e4r f\u00f6dd 1946 i Jakobstad och verkade sedan som l\u00e4rare i hemstaden tills han \u00e5r 1983 invaldes i riksdagen, d\u00e4r han sedan satt som ledamot \u00e4nda till 1999. Han representerade det socialdemokratiska partiet.<\/figcaption><\/figure>\n<figure id=\"attachment_16369\" aria-describedby=\"caption-attachment-16369\" style=\"width: 1915px\" class=\"wp-caption alignnone\"><img loading=\"lazy\" decoding=\"async\" class=\"size-full wp-image-16369\" src=\"http:\/\/www.lassebacklund.fi\/wp-content\/uploads\/2020\/05\/26-B\u00f6tombergsbacken.jpg\" alt=\"\" width=\"1915\" height=\"1255\" srcset=\"https:\/\/www.lassebacklund.fi\/wp-content\/uploads\/2020\/05\/26-B\u00f6tombergsbacken.jpg 1915w, https:\/\/www.lassebacklund.fi\/wp-content\/uploads\/2020\/05\/26-B\u00f6tombergsbacken-300x197.jpg 300w, https:\/\/www.lassebacklund.fi\/wp-content\/uploads\/2020\/05\/26-B\u00f6tombergsbacken-1024x671.jpg 1024w, https:\/\/www.lassebacklund.fi\/wp-content\/uploads\/2020\/05\/26-B\u00f6tombergsbacken-768x503.jpg 768w, https:\/\/www.lassebacklund.fi\/wp-content\/uploads\/2020\/05\/26-B\u00f6tombergsbacken-1536x1007.jpg 1536w\" sizes=\"auto, (max-width: 1915px) 100vw, 1915px\" \/><figcaption id=\"caption-attachment-16369\" class=\"wp-caption-text\">26. Skidbacken p\u00e5 B\u00f6tombergen har varit popul\u00e4r \u00e4nda sedan starten p\u00e5 60-talet. Vajerliften finns i h\u00f6gra kanten och uppe p\u00e5 toppen syns B\u00f6tombergsstugan, som byggdes p\u00e5 talko \u00e5r 1957.<\/figcaption><\/figure>\n<figure id=\"attachment_16370\" aria-describedby=\"caption-attachment-16370\" style=\"width: 960px\" class=\"wp-caption alignnone\"><img loading=\"lazy\" decoding=\"async\" class=\"size-full wp-image-16370\" src=\"http:\/\/www.lassebacklund.fi\/wp-content\/uploads\/2020\/05\/27-Karl-Kronman-och-Gjermund-Eggen-fr\u00e5n-Norge.jpg\" alt=\"\" width=\"960\" height=\"670\" srcset=\"https:\/\/www.lassebacklund.fi\/wp-content\/uploads\/2020\/05\/27-Karl-Kronman-och-Gjermund-Eggen-fr\u00e5n-Norge.jpg 960w, https:\/\/www.lassebacklund.fi\/wp-content\/uploads\/2020\/05\/27-Karl-Kronman-och-Gjermund-Eggen-fr\u00e5n-Norge-300x209.jpg 300w, https:\/\/www.lassebacklund.fi\/wp-content\/uploads\/2020\/05\/27-Karl-Kronman-och-Gjermund-Eggen-fr\u00e5n-Norge-768x536.jpg 768w\" sizes=\"auto, (max-width: 960px) 100vw, 960px\" \/><figcaption id=\"caption-attachment-16370\" class=\"wp-caption-text\">27. B\u00f6tombergsloppet drog i tiderna storpublik men s\u00e5 lyckades man ocks\u00e5 f\u00e5 med skid\u00e5kare i v\u00e4rldsklass. \u00c5r 1971 ordnades det 31:sta B\u00f6tombergsspelet och Gjermund Eggen fr\u00e5n Norge vann 10 km och blev tre p\u00e5 20 km. Till v\u00e4nster IF L\u00e4nkens allt i allo Karl Kronman, tillsammans med Gjermund Eggen fr\u00e5n Norge. F\u00f6r \u00f6vrigt s\u00e5 vann Jan Evars fr\u00e5n Lappfj\u00e4rd t\u00e4vlingen f\u00f6r pojkar under 14 \u00e5r.<\/figcaption><\/figure>\n<figure id=\"attachment_16371\" aria-describedby=\"caption-attachment-16371\" style=\"width: 1396px\" class=\"wp-caption alignnone\"><img loading=\"lazy\" decoding=\"async\" class=\"size-full wp-image-16371\" src=\"http:\/\/www.lassebacklund.fi\/wp-content\/uploads\/2020\/05\/28-Lars-Axen-med-kameran.jpg\" alt=\"\" width=\"1396\" height=\"1012\" srcset=\"https:\/\/www.lassebacklund.fi\/wp-content\/uploads\/2020\/05\/28-Lars-Axen-med-kameran.jpg 1396w, https:\/\/www.lassebacklund.fi\/wp-content\/uploads\/2020\/05\/28-Lars-Axen-med-kameran-300x217.jpg 300w, https:\/\/www.lassebacklund.fi\/wp-content\/uploads\/2020\/05\/28-Lars-Axen-med-kameran-1024x742.jpg 1024w, https:\/\/www.lassebacklund.fi\/wp-content\/uploads\/2020\/05\/28-Lars-Axen-med-kameran-768x557.jpg 768w\" sizes=\"auto, (max-width: 1396px) 100vw, 1396px\" \/><figcaption id=\"caption-attachment-16371\" class=\"wp-caption-text\">28. Kulturprofilen och m\u00e5ngsysslaren Lars Ax\u00e9n var en flitig fotograf under sin tid. Hans fotosamling finns sparad p\u00e5 SLS:s arkiv i Vasa.<\/figcaption><\/figure>\n<figure id=\"attachment_16372\" aria-describedby=\"caption-attachment-16372\" style=\"width: 1657px\" class=\"wp-caption alignnone\"><img loading=\"lazy\" decoding=\"async\" class=\"size-full wp-image-16372\" src=\"http:\/\/www.lassebacklund.fi\/wp-content\/uploads\/2020\/05\/29-Peter-Stenkund-och-Kurt-Gullberg.jpg\" alt=\"\" width=\"1657\" height=\"1089\" srcset=\"https:\/\/www.lassebacklund.fi\/wp-content\/uploads\/2020\/05\/29-Peter-Stenkund-och-Kurt-Gullberg.jpg 1657w, https:\/\/www.lassebacklund.fi\/wp-content\/uploads\/2020\/05\/29-Peter-Stenkund-och-Kurt-Gullberg-300x197.jpg 300w, https:\/\/www.lassebacklund.fi\/wp-content\/uploads\/2020\/05\/29-Peter-Stenkund-och-Kurt-Gullberg-1024x673.jpg 1024w, https:\/\/www.lassebacklund.fi\/wp-content\/uploads\/2020\/05\/29-Peter-Stenkund-och-Kurt-Gullberg-768x505.jpg 768w, https:\/\/www.lassebacklund.fi\/wp-content\/uploads\/2020\/05\/29-Peter-Stenkund-och-Kurt-Gullberg-1536x1009.jpg 1536w\" sizes=\"auto, (max-width: 1657px) 100vw, 1657px\" \/><figcaption id=\"caption-attachment-16372\" class=\"wp-caption-text\">29. SU-m\u00f6te p\u00e5 folkh\u00f6gskolan. Till v\u00e4nster Peter Stenlund fr\u00e5n Henriksdal tillsammans med Kurt Gullberg, som var l\u00e4rare p\u00e5 folkh\u00f6gskolan.<\/figcaption><\/figure>\n<figure id=\"attachment_16373\" aria-describedby=\"caption-attachment-16373\" style=\"width: 633px\" class=\"wp-caption alignnone\"><img loading=\"lazy\" decoding=\"async\" class=\"size-full wp-image-16373\" src=\"http:\/\/www.lassebacklund.fi\/wp-content\/uploads\/2020\/05\/30-Potatissorterare.jpg\" alt=\"\" width=\"633\" height=\"960\" srcset=\"https:\/\/www.lassebacklund.fi\/wp-content\/uploads\/2020\/05\/30-Potatissorterare.jpg 633w, https:\/\/www.lassebacklund.fi\/wp-content\/uploads\/2020\/05\/30-Potatissorterare-198x300.jpg 198w\" sizes=\"auto, (max-width: 633px) 100vw, 633px\" \/><figcaption id=\"caption-attachment-16373\" class=\"wp-caption-text\">30. Bjarne Smeds, som sedan 1961 handlat med potatis byggde \u00e5r 1970 en hall p\u00e5 800 kvm d\u00e4r han startade en potatisskalningslinje. Denna linje sysselsatte omkring 30 kvinnor och kapaciteten per dag var \u00f6ver 10 000 kg f\u00e4rdig vara. Skalad potatis blev med tiden en stor produkt p\u00e5 Bjarne Smeds fabrik i Lappfj\u00e4rd. <img loading=\"lazy\" decoding=\"async\" class=\"size-full wp-image-16374\" src=\"http:\/\/www.lassebacklund.fi\/wp-content\/uploads\/2020\/05\/Emil-Bj\u00f6rkn\u00e4s-p\u00e5-sticks\u00e5g.jpg\" alt=\"\" width=\"647\" height=\"960\" srcset=\"https:\/\/www.lassebacklund.fi\/wp-content\/uploads\/2020\/05\/Emil-Bj\u00f6rkn\u00e4s-p\u00e5-sticks\u00e5g.jpg 647w, https:\/\/www.lassebacklund.fi\/wp-content\/uploads\/2020\/05\/Emil-Bj\u00f6rkn\u00e4s-p\u00e5-sticks\u00e5g-202x300.jpg 202w\" sizes=\"auto, (max-width: 647px) 100vw, 647px\" \/><\/figcaption><\/figure>\n<p>31. Emil Bj\u00f6rkn\u00e4s, som var sl\u00f6jdl\u00e4rare p\u00e5 folkh\u00f6gskolan var ocks\u00e5 musikalisk och h\u00e4r visar han hur man spelar med sticks\u00e5g och str\u00e5ke. Emil anst\u00e4lldes som sl\u00f6jdl\u00e4rare redan 1945 och han har ocks\u00e5 varit vaktm\u00e4stare p\u00e5 folkh\u00f6gskolan.<\/p>\n<figure id=\"attachment_16376\" aria-describedby=\"caption-attachment-16376\" style=\"width: 1657px\" class=\"wp-caption alignnone\"><img loading=\"lazy\" decoding=\"async\" class=\"size-full wp-image-16376\" src=\"http:\/\/www.lassebacklund.fi\/wp-content\/uploads\/2020\/05\/32.-Centrum-i-Lappfj\u00e4rd.jpg\" alt=\"\" width=\"1657\" height=\"1120\" srcset=\"https:\/\/www.lassebacklund.fi\/wp-content\/uploads\/2020\/05\/32.-Centrum-i-Lappfj\u00e4rd.jpg 1657w, https:\/\/www.lassebacklund.fi\/wp-content\/uploads\/2020\/05\/32.-Centrum-i-Lappfj\u00e4rd-300x203.jpg 300w, https:\/\/www.lassebacklund.fi\/wp-content\/uploads\/2020\/05\/32.-Centrum-i-Lappfj\u00e4rd-1024x692.jpg 1024w, https:\/\/www.lassebacklund.fi\/wp-content\/uploads\/2020\/05\/32.-Centrum-i-Lappfj\u00e4rd-768x519.jpg 768w, https:\/\/www.lassebacklund.fi\/wp-content\/uploads\/2020\/05\/32.-Centrum-i-Lappfj\u00e4rd-1536x1038.jpg 1536w\" sizes=\"auto, (max-width: 1657px) 100vw, 1657px\" \/><figcaption id=\"caption-attachment-16376\" class=\"wp-caption-text\">32. Centrum i Lappfj\u00e4rd \u00e5r 1970. Till v\u00e4nster Fennia-huset som byggdes \u00e5r 1939 och inrymde d\u00e5 biograf, resandehem och ett caf\u00e9. Till h\u00f6ger Olavi Lehtonens bageri och aff\u00e4r. Det var Olavis far Eino som \u00e5r 1930 kom fr\u00e5n Tammerfors, f\u00f6r att bli bagare i Lappfj\u00e4rd, d\u00e5 han \u00f6vertog det gamla bageriet i centrum. Den gamla byggnaden uppf\u00f6rdes f\u00f6rresten av stockar som i tiderna togs fr\u00e5n den gamla Birgittakyrkan i n\u00e4rheten p\u00e5 1850-talet. Olavi rev ner den gamla byggnaden och byggde ett nytt bageri \u00e5r 1962 och n\u00e5gra \u00e5t efter\u00e5t byggde han ut med aff\u00e4r och bar. Lappfj\u00e4rds Sparbank som hade sitt kontor i Fennia-huset k\u00f6pte p\u00e5 80-talet fastigheten av Lehtonen och flyttade banken dit, d\u00e4r den fortfarande finns. Lyftkranen i bakgrunden finns p\u00e5 Bostads AB Blinkens h\u00f6ghusbygge.<\/figcaption><\/figure>\n<figure id=\"attachment_16378\" aria-describedby=\"caption-attachment-16378\" style=\"width: 1588px\" class=\"wp-caption alignnone\"><img loading=\"lazy\" decoding=\"async\" class=\"size-full wp-image-16378\" src=\"http:\/\/www.lassebacklund.fi\/wp-content\/uploads\/2020\/05\/33-Gunnar-Gr\u00f6ndahl-och-m\u00e5nga-till-p\u00e5-folkh\u00f6gskolan.jpg\" alt=\"\" width=\"1588\" height=\"1077\" srcset=\"https:\/\/www.lassebacklund.fi\/wp-content\/uploads\/2020\/05\/33-Gunnar-Gr\u00f6ndahl-och-m\u00e5nga-till-p\u00e5-folkh\u00f6gskolan.jpg 1588w, https:\/\/www.lassebacklund.fi\/wp-content\/uploads\/2020\/05\/33-Gunnar-Gr\u00f6ndahl-och-m\u00e5nga-till-p\u00e5-folkh\u00f6gskolan-300x203.jpg 300w, https:\/\/www.lassebacklund.fi\/wp-content\/uploads\/2020\/05\/33-Gunnar-Gr\u00f6ndahl-och-m\u00e5nga-till-p\u00e5-folkh\u00f6gskolan-1024x694.jpg 1024w, https:\/\/www.lassebacklund.fi\/wp-content\/uploads\/2020\/05\/33-Gunnar-Gr\u00f6ndahl-och-m\u00e5nga-till-p\u00e5-folkh\u00f6gskolan-768x521.jpg 768w, https:\/\/www.lassebacklund.fi\/wp-content\/uploads\/2020\/05\/33-Gunnar-Gr\u00f6ndahl-och-m\u00e5nga-till-p\u00e5-folkh\u00f6gskolan-1536x1042.jpg 1536w\" sizes=\"auto, (max-width: 1588px) 100vw, 1588px\" \/><figcaption id=\"caption-attachment-16378\" class=\"wp-caption-text\">33. Harald Teir h\u00f6ll ett f\u00f6redrag och i publiken p\u00e5 f\u00f6rsta rad sitter Evert F\u00f6rn\u00e4s och Gunnar Gr\u00f6ndahl. P\u00e5 f\u00f6ljande rad sitter Folke Norrback lite skymd, Artur Hermans, Valdemar Hinds och Rolf Stenlund. Bakom dessa sitter bland annat Lars Ax\u00e9n, Kurt Gullberg, Einar Snickars och Karin Stenlund. \u00c4nnu l\u00e4ngre bak syns Torsten Hemg\u00e5rd i d\u00f6rr\u00f6ppningen, Emil Bj\u00f6rkn\u00e4s och Alvar Stenlund. Folkh\u00f6gskoleleverna l\u00e4ngst bak till h\u00f6ger \u00e4r Dan Blomqvist fr\u00e5n Kuni, Folke \u00c5lgars fr\u00e5n Lappfj\u00e4rd, John Backlund fr\u00e5n Dagsmark och Birgit Rosendahl fr\u00e5n Lappfj\u00e4rd. Barnen l\u00e4ngst fram \u00e4r tillsvidare ok\u00e4nda.<\/figcaption><\/figure>\n<figure id=\"attachment_16381\" aria-describedby=\"caption-attachment-16381\" style=\"width: 1890px\" class=\"wp-caption alignnone\"><img loading=\"lazy\" decoding=\"async\" class=\"size-full wp-image-16381\" src=\"http:\/\/www.lassebacklund.fi\/wp-content\/uploads\/2020\/05\/34-B\u00f6tombergsstugan-med-sn\u00f6.jpg\" alt=\"\" width=\"1890\" height=\"1250\" srcset=\"https:\/\/www.lassebacklund.fi\/wp-content\/uploads\/2020\/05\/34-B\u00f6tombergsstugan-med-sn\u00f6.jpg 1890w, https:\/\/www.lassebacklund.fi\/wp-content\/uploads\/2020\/05\/34-B\u00f6tombergsstugan-med-sn\u00f6-300x198.jpg 300w, https:\/\/www.lassebacklund.fi\/wp-content\/uploads\/2020\/05\/34-B\u00f6tombergsstugan-med-sn\u00f6-1024x677.jpg 1024w, https:\/\/www.lassebacklund.fi\/wp-content\/uploads\/2020\/05\/34-B\u00f6tombergsstugan-med-sn\u00f6-768x508.jpg 768w, https:\/\/www.lassebacklund.fi\/wp-content\/uploads\/2020\/05\/34-B\u00f6tombergsstugan-med-sn\u00f6-1536x1016.jpg 1536w\" sizes=\"auto, (max-width: 1890px) 100vw, 1890px\" \/><figcaption id=\"caption-attachment-16381\" class=\"wp-caption-text\">34. Skidstugan p\u00e5 B\u00f6tombergen var ett popul\u00e4rt utflyktsm\u00e5l f\u00f6r en skid\u00e5kare och d\u00e4r serverades det varm saft, bulla och kaffe. Stugan b\u00f6rjade byggas p\u00e5 talko \u00e5r 1955 och den kunde invigas \u00e5r 1957 och den revs d\u00e5 den nuvarande Lokalgrottan byggdes. Under vintern 1967-1968 ordnade Lappfj\u00e4rds folkh\u00f6gskola &#8221;v\u00e4rdshus&#8221; i stugan d\u00e5 husmor och eleverna sk\u00f6tte om servering av kaffe, saft och annat gott under vissa s\u00f6ndagar.&nbsp;<\/figcaption><\/figure>\n<figure id=\"attachment_16382\" aria-describedby=\"caption-attachment-16382\" style=\"width: 704px\" class=\"wp-caption alignnone\"><img loading=\"lazy\" decoding=\"async\" class=\"size-full wp-image-16382\" src=\"http:\/\/www.lassebacklund.fi\/wp-content\/uploads\/2020\/05\/35-Trygve-och-Egil-Appel.jpg\" alt=\"\" width=\"704\" height=\"960\" srcset=\"https:\/\/www.lassebacklund.fi\/wp-content\/uploads\/2020\/05\/35-Trygve-och-Egil-Appel.jpg 704w, https:\/\/www.lassebacklund.fi\/wp-content\/uploads\/2020\/05\/35-Trygve-och-Egil-Appel-220x300.jpg 220w\" sizes=\"auto, (max-width: 704px) 100vw, 704px\" \/><figcaption id=\"caption-attachment-16382\" class=\"wp-caption-text\">35. Folkh\u00f6gskolans rektor Trygve Lindqvist t.v. tillsammans med Egil Appel, som var rektor f\u00f6r samskolan och gymnasiet i Kristinestad.<\/figcaption><\/figure>\n<figure id=\"attachment_16383\" aria-describedby=\"caption-attachment-16383\" style=\"width: 960px\" class=\"wp-caption alignnone\"><img loading=\"lazy\" decoding=\"async\" class=\"size-full wp-image-16383\" src=\"http:\/\/www.lassebacklund.fi\/wp-content\/uploads\/2020\/05\/36-Utsikt-fr\u00e5n-kyrkans-torn.jpg\" alt=\"\" width=\"960\" height=\"608\" srcset=\"https:\/\/www.lassebacklund.fi\/wp-content\/uploads\/2020\/05\/36-Utsikt-fr\u00e5n-kyrkans-torn.jpg 960w, https:\/\/www.lassebacklund.fi\/wp-content\/uploads\/2020\/05\/36-Utsikt-fr\u00e5n-kyrkans-torn-300x190.jpg 300w, https:\/\/www.lassebacklund.fi\/wp-content\/uploads\/2020\/05\/36-Utsikt-fr\u00e5n-kyrkans-torn-768x486.jpg 768w\" sizes=\"auto, (max-width: 960px) 100vw, 960px\" \/><figcaption id=\"caption-attachment-16383\" class=\"wp-caption-text\">36. Utsikt \u00f6ver Lappfj\u00e4rd.<\/figcaption><\/figure>\n<figure id=\"attachment_16385\" aria-describedby=\"caption-attachment-16385\" style=\"width: 960px\" class=\"wp-caption alignnone\"><img loading=\"lazy\" decoding=\"async\" class=\"size-full wp-image-16385\" src=\"http:\/\/www.lassebacklund.fi\/wp-content\/uploads\/2020\/05\/37-Ingvesg\u00e5rd-och-Boris-L\u00e5ngfors-med-p\u00e4ronp\u00e5sar.jpg\" alt=\"\" width=\"960\" height=\"691\" srcset=\"https:\/\/www.lassebacklund.fi\/wp-content\/uploads\/2020\/05\/37-Ingvesg\u00e5rd-och-Boris-L\u00e5ngfors-med-p\u00e4ronp\u00e5sar.jpg 960w, https:\/\/www.lassebacklund.fi\/wp-content\/uploads\/2020\/05\/37-Ingvesg\u00e5rd-och-Boris-L\u00e5ngfors-med-p\u00e4ronp\u00e5sar-300x216.jpg 300w, https:\/\/www.lassebacklund.fi\/wp-content\/uploads\/2020\/05\/37-Ingvesg\u00e5rd-och-Boris-L\u00e5ngfors-med-p\u00e4ronp\u00e5sar-768x553.jpg 768w\" sizes=\"auto, (max-width: 960px) 100vw, 960px\" \/><figcaption id=\"caption-attachment-16385\" class=\"wp-caption-text\">37. Heikki Kamppinen synar de potatisar som han hade provkokat. Bakom bordet st\u00e5r potatisodlarna Hans Ingvesg\u00e5rd fr\u00e5n Lappfj\u00e4rd och Boris L\u00e5ngfors fr\u00e5n Dagsmark.<\/figcaption><\/figure>\n<figure id=\"attachment_16386\" aria-describedby=\"caption-attachment-16386\" style=\"width: 1351px\" class=\"wp-caption alignnone\"><img loading=\"lazy\" decoding=\"async\" class=\"size-full wp-image-16386\" src=\"http:\/\/www.lassebacklund.fi\/wp-content\/uploads\/2020\/05\/38-Ivar-Linden-predikar.jpg\" alt=\"\" width=\"1351\" height=\"973\" srcset=\"https:\/\/www.lassebacklund.fi\/wp-content\/uploads\/2020\/05\/38-Ivar-Linden-predikar.jpg 1351w, https:\/\/www.lassebacklund.fi\/wp-content\/uploads\/2020\/05\/38-Ivar-Linden-predikar-300x216.jpg 300w, https:\/\/www.lassebacklund.fi\/wp-content\/uploads\/2020\/05\/38-Ivar-Linden-predikar-1024x737.jpg 1024w, https:\/\/www.lassebacklund.fi\/wp-content\/uploads\/2020\/05\/38-Ivar-Linden-predikar-768x553.jpg 768w\" sizes=\"auto, (max-width: 1351px) 100vw, 1351px\" \/><figcaption id=\"caption-attachment-16386\" class=\"wp-caption-text\">38. Pastor Ivar Lind\u00e9n i talarstolen. Ivar verkade som kaplan i Lappfj\u00e4rds f\u00f6rsamling fr\u00e5n b\u00f6rjan av 1950-talet, till september 1971 d\u00e5 han blev kyrkoherde i Sideby f\u00f6rsamling.<\/figcaption><\/figure>\n<figure id=\"attachment_16387\" aria-describedby=\"caption-attachment-16387\" style=\"width: 1937px\" class=\"wp-caption alignnone\"><img loading=\"lazy\" decoding=\"async\" class=\"size-full wp-image-16387\" src=\"http:\/\/www.lassebacklund.fi\/wp-content\/uploads\/2020\/05\/39-Julstj\u00e4rna-i-L\u00e5lby.jpg\" alt=\"\" width=\"1937\" height=\"1261\" srcset=\"https:\/\/www.lassebacklund.fi\/wp-content\/uploads\/2020\/05\/39-Julstj\u00e4rna-i-L\u00e5lby.jpg 1937w, https:\/\/www.lassebacklund.fi\/wp-content\/uploads\/2020\/05\/39-Julstj\u00e4rna-i-L\u00e5lby-300x195.jpg 300w, https:\/\/www.lassebacklund.fi\/wp-content\/uploads\/2020\/05\/39-Julstj\u00e4rna-i-L\u00e5lby-1024x667.jpg 1024w, https:\/\/www.lassebacklund.fi\/wp-content\/uploads\/2020\/05\/39-Julstj\u00e4rna-i-L\u00e5lby-768x500.jpg 768w, https:\/\/www.lassebacklund.fi\/wp-content\/uploads\/2020\/05\/39-Julstj\u00e4rna-i-L\u00e5lby-1536x1000.jpg 1536w\" sizes=\"auto, (max-width: 1937px) 100vw, 1937px\" \/><figcaption id=\"caption-attachment-16387\" class=\"wp-caption-text\">39. I mer \u00e4n 50 \u00e5rs tid har Egil \u00d6hmans &#8221;Betlehemsstj\u00e4rna&#8221; i L\u00e5lby spridit julgl\u00e4dje \u00e5t byborna och \u00e5t de resande som k\u00f6rt f\u00f6rbi p\u00e5 v\u00e4gen.<\/figcaption><\/figure>\n<figure id=\"attachment_16389\" aria-describedby=\"caption-attachment-16389\" style=\"width: 960px\" class=\"wp-caption alignnone\"><img loading=\"lazy\" decoding=\"async\" class=\"size-full wp-image-16389\" src=\"http:\/\/www.lassebacklund.fi\/wp-content\/uploads\/2020\/05\/40-Lappfj\u00e4rds-damer-i-folkdr\u00e4kt-i-Pargas-1975.jpg\" alt=\"\" width=\"960\" height=\"654\" srcset=\"https:\/\/www.lassebacklund.fi\/wp-content\/uploads\/2020\/05\/40-Lappfj\u00e4rds-damer-i-folkdr\u00e4kt-i-Pargas-1975.jpg 960w, https:\/\/www.lassebacklund.fi\/wp-content\/uploads\/2020\/05\/40-Lappfj\u00e4rds-damer-i-folkdr\u00e4kt-i-Pargas-1975-300x204.jpg 300w, https:\/\/www.lassebacklund.fi\/wp-content\/uploads\/2020\/05\/40-Lappfj\u00e4rds-damer-i-folkdr\u00e4kt-i-Pargas-1975-768x523.jpg 768w\" sizes=\"auto, (max-width: 960px) 100vw, 960px\" \/><figcaption id=\"caption-attachment-16389\" class=\"wp-caption-text\">40. Lappfj\u00e4rdsdamer kl\u00e4dda i folkdr\u00e4kt p\u00e5 spelmansst\u00e4mman i Pargas \u00e5r 1975.<\/figcaption><\/figure>\n<figure id=\"attachment_16390\" aria-describedby=\"caption-attachment-16390\" style=\"width: 672px\" class=\"wp-caption alignnone\"><img loading=\"lazy\" decoding=\"async\" class=\"size-full wp-image-16390\" src=\"http:\/\/www.lassebacklund.fi\/wp-content\/uploads\/2020\/05\/41-Nils-Bergman.jpg\" alt=\"\" width=\"672\" height=\"960\" srcset=\"https:\/\/www.lassebacklund.fi\/wp-content\/uploads\/2020\/05\/41-Nils-Bergman.jpg 672w, https:\/\/www.lassebacklund.fi\/wp-content\/uploads\/2020\/05\/41-Nils-Bergman-210x300.jpg 210w\" sizes=\"auto, (max-width: 672px) 100vw, 672px\" \/><figcaption id=\"caption-attachment-16390\" class=\"wp-caption-text\">41. Nils Bergman, som kallades &#8221;Tresk l\u00e4rarin&#8221; eftersom han var folkskoll\u00e4rare i Korsb\u00e4ck. D\u00e5 skolan i Korsb\u00e4ck drogs in \u00e5r 1969 s\u00e5 flyttade Nils och hustrun Celia till folkskolan i Dagsmark.<\/figcaption><\/figure>\n<figure id=\"attachment_16391\" aria-describedby=\"caption-attachment-16391\" style=\"width: 2024px\" class=\"wp-caption alignnone\"><img loading=\"lazy\" decoding=\"async\" class=\"size-full wp-image-16391\" src=\"http:\/\/www.lassebacklund.fi\/wp-content\/uploads\/2020\/05\/42-Traktorer-p\u00e5-rad-vid-La-Syd.jpg\" alt=\"\" width=\"2024\" height=\"1380\" srcset=\"https:\/\/www.lassebacklund.fi\/wp-content\/uploads\/2020\/05\/42-Traktorer-p\u00e5-rad-vid-La-Syd.jpg 2024w, https:\/\/www.lassebacklund.fi\/wp-content\/uploads\/2020\/05\/42-Traktorer-p\u00e5-rad-vid-La-Syd-300x205.jpg 300w, https:\/\/www.lassebacklund.fi\/wp-content\/uploads\/2020\/05\/42-Traktorer-p\u00e5-rad-vid-La-Syd-1024x698.jpg 1024w, https:\/\/www.lassebacklund.fi\/wp-content\/uploads\/2020\/05\/42-Traktorer-p\u00e5-rad-vid-La-Syd-768x524.jpg 768w, https:\/\/www.lassebacklund.fi\/wp-content\/uploads\/2020\/05\/42-Traktorer-p\u00e5-rad-vid-La-Syd-1536x1047.jpg 1536w\" sizes=\"auto, (max-width: 2024px) 100vw, 2024px\" \/><figcaption id=\"caption-attachment-16391\" class=\"wp-caption-text\">42. Maskinhandeln var stor p\u00e5 Handelslaget La-Syd i Lappfj\u00e4rd i tiderna. B\u00e5de matvaru- och j\u00e4rnaff\u00e4ren var inrymd i den h\u00f6ga byggnaden och lagret fanns i den l\u00e4gre till h\u00f6ger. \u00c5r 1975 flyttade matvaruavdelningen till den nya l\u00e5dbutiken p\u00e5 samma tomt och efter n\u00e5gra \u00e5r flyttade ocks\u00e5 j\u00e4rnavdelningen dit. Byggnaden \u00e4gs i dag av br\u00f6derna Rosenback, som har byggt om aff\u00e4rshuset till hyresbost\u00e4der.<\/figcaption><\/figure>\n<figure id=\"attachment_16411\" aria-describedby=\"caption-attachment-16411\" style=\"width: 1886px\" class=\"wp-caption alignnone\"><img loading=\"lazy\" decoding=\"async\" class=\"size-full wp-image-16411\" src=\"http:\/\/www.lassebacklund.fi\/wp-content\/uploads\/2020\/05\/43.-B\u00f6tombergsliften-nerifr\u00e5n.jpg\" alt=\"\" width=\"1886\" height=\"1279\" srcset=\"https:\/\/www.lassebacklund.fi\/wp-content\/uploads\/2020\/05\/43.-B\u00f6tombergsliften-nerifr\u00e5n.jpg 1886w, https:\/\/www.lassebacklund.fi\/wp-content\/uploads\/2020\/05\/43.-B\u00f6tombergsliften-nerifr\u00e5n-300x203.jpg 300w, https:\/\/www.lassebacklund.fi\/wp-content\/uploads\/2020\/05\/43.-B\u00f6tombergsliften-nerifr\u00e5n-1024x694.jpg 1024w, https:\/\/www.lassebacklund.fi\/wp-content\/uploads\/2020\/05\/43.-B\u00f6tombergsliften-nerifr\u00e5n-768x521.jpg 768w, https:\/\/www.lassebacklund.fi\/wp-content\/uploads\/2020\/05\/43.-B\u00f6tombergsliften-nerifr\u00e5n-1536x1042.jpg 1536w\" sizes=\"auto, (max-width: 1886px) 100vw, 1886px\" \/><figcaption id=\"caption-attachment-16411\" class=\"wp-caption-text\">43. Skidliften p\u00e5 B\u00f6tombergen invigdes l\u00f6rdagen den 10 januari 1970 av sj\u00e4lvaste minister Grels Teir. Direkt\u00f6ren i B\u00f6tombergsbolaget Bengt Engelholm hade f\u00e5tt ryggskott, d\u00e5 &#8221;han hade tagit i f\u00f6r mycket&#8221;, m\u00f6jligtvis just i denna backe, s\u00e5 det blev Bjarne Smeds som fick assistera ministern d\u00e5 han startade liften. Den 12 februari skrev Syd-\u00d6sterbotten att det under det g\u00e5ngna veckoslutet hade varit 500 personer i slalombacken.Som mest fanns det 200 bilar p\u00e5 parkeringen och det hade &#8221;tidvis varit k\u00f6bildning till hissen&#8221;. Under hela sportlovsveckan skulle backen vara \u00f6ppen varje dag fr\u00e5n kl.10.<\/figcaption><\/figure>\n<figure id=\"attachment_16413\" aria-describedby=\"caption-attachment-16413\" style=\"width: 626px\" class=\"wp-caption alignnone\"><img loading=\"lazy\" decoding=\"async\" class=\"size-full wp-image-16413\" src=\"http:\/\/www.lassebacklund.fi\/wp-content\/uploads\/2020\/05\/44-Trollet-Simo-Lahtinen-2.jpg\" alt=\"\" width=\"626\" height=\"960\" srcset=\"https:\/\/www.lassebacklund.fi\/wp-content\/uploads\/2020\/05\/44-Trollet-Simo-Lahtinen-2.jpg 626w, https:\/\/www.lassebacklund.fi\/wp-content\/uploads\/2020\/05\/44-Trollet-Simo-Lahtinen-2-196x300.jpg 196w\" sizes=\"auto, (max-width: 626px) 100vw, 626px\" \/><figcaption id=\"caption-attachment-16413\" class=\"wp-caption-text\">44. I april 1972 ordnade eleverna vid Lappfj\u00e4rds folkh\u00f6gskola en barnfest, d\u00e4r barnen kunde m\u00e5la, kl\u00e4ttra, se p\u00e5 film och till och med snickra med l\u00e4raren Emil Bj\u00f6rkn\u00e4s. Eleverna uppf\u00f6rde ocks\u00e5 ett sk\u00e5despel, som hette &#8221;Trollet som ville g\u00e5 i skolan&#8221; och i huvudrollen syntes Simo Lahtinen fr\u00e5n L\u00e5lby.<\/figcaption><\/figure>\n<figure id=\"attachment_16415\" aria-describedby=\"caption-attachment-16415\" style=\"width: 960px\" class=\"wp-caption alignnone\"><img loading=\"lazy\" decoding=\"async\" class=\"size-full wp-image-16415\" src=\"http:\/\/www.lassebacklund.fi\/wp-content\/uploads\/2020\/05\/45.-Medborgaskolan.jpg\" alt=\"\" width=\"960\" height=\"653\" srcset=\"https:\/\/www.lassebacklund.fi\/wp-content\/uploads\/2020\/05\/45.-Medborgaskolan.jpg 960w, https:\/\/www.lassebacklund.fi\/wp-content\/uploads\/2020\/05\/45.-Medborgaskolan-300x204.jpg 300w, https:\/\/www.lassebacklund.fi\/wp-content\/uploads\/2020\/05\/45.-Medborgaskolan-768x522.jpg 768w\" sizes=\"auto, (max-width: 960px) 100vw, 960px\" \/><figcaption id=\"caption-attachment-16415\" class=\"wp-caption-text\">45. Centralskolan eller medborgarskolan som den kallades togs i bruk 1958 och den inrymde d\u00e5 alla elever fr\u00e5n Lappfj\u00e4rds by och ocks\u00e5 de \u00e4ldre eleverna fr\u00e5n kommunens andra byar. Det var arkitekt Aulis Kahma fr\u00e5n Helsingfors som gjorde ritningarna och Ingenj\u00f6rsbyr\u00e5 Hugo Hakkala fr\u00e5n \u00c5bo sk\u00f6tte byggandet, som p\u00e5b\u00f6rjades i slutet av 1956 och slutf\u00f6rdes 1958.<\/figcaption><\/figure>\n<figure id=\"attachment_16416\" aria-describedby=\"caption-attachment-16416\" style=\"width: 1687px\" class=\"wp-caption alignnone\"><img loading=\"lazy\" decoding=\"async\" class=\"size-full wp-image-16416\" src=\"http:\/\/www.lassebacklund.fi\/wp-content\/uploads\/2020\/05\/46.-Potatistr\u00f6skan-studeras-av-skolelever.jpg\" alt=\"\" width=\"1687\" height=\"1119\" srcset=\"https:\/\/www.lassebacklund.fi\/wp-content\/uploads\/2020\/05\/46.-Potatistr\u00f6skan-studeras-av-skolelever.jpg 1687w, https:\/\/www.lassebacklund.fi\/wp-content\/uploads\/2020\/05\/46.-Potatistr\u00f6skan-studeras-av-skolelever-300x199.jpg 300w, https:\/\/www.lassebacklund.fi\/wp-content\/uploads\/2020\/05\/46.-Potatistr\u00f6skan-studeras-av-skolelever-1024x679.jpg 1024w, https:\/\/www.lassebacklund.fi\/wp-content\/uploads\/2020\/05\/46.-Potatistr\u00f6skan-studeras-av-skolelever-768x509.jpg 768w, https:\/\/www.lassebacklund.fi\/wp-content\/uploads\/2020\/05\/46.-Potatistr\u00f6skan-studeras-av-skolelever-1536x1019.jpg 1536w\" sizes=\"auto, (max-width: 1687px) 100vw, 1687px\" \/><figcaption id=\"caption-attachment-16416\" class=\"wp-caption-text\">46. Wuhlmaus potatistr\u00f6skan granskas av pojkarna. I bakgrunden till v\u00e4nster syns den s\u00e4destork som lappfj\u00e4rdsb\u00f6nderna byggde p\u00e5 1940-talet men som sedan s\u00e5ldes \u00e5t Lappfj\u00e4rds Andelshandel \u00e5r 1960. Torkrian revs \u00e5r 1979 av Nils Berglund fr\u00e5n Dagsmark, som anv\u00e4nde stockarna till sitt nybygge d\u00e4r. Bakom tr\u00f6skan syns lagerbyggnaden bakom huvudaff\u00e4ren.<\/figcaption><\/figure>\n<figure id=\"attachment_16422\" aria-describedby=\"caption-attachment-16422\" style=\"width: 2048px\" class=\"wp-caption alignnone\"><img loading=\"lazy\" decoding=\"async\" class=\"size-full wp-image-16422\" src=\"http:\/\/www.lassebacklund.fi\/wp-content\/uploads\/2020\/05\/47.-Campingplatsen.jpg\" alt=\"\" width=\"2048\" height=\"1378\" srcset=\"https:\/\/www.lassebacklund.fi\/wp-content\/uploads\/2020\/05\/47.-Campingplatsen.jpg 2048w, https:\/\/www.lassebacklund.fi\/wp-content\/uploads\/2020\/05\/47.-Campingplatsen-300x202.jpg 300w, https:\/\/www.lassebacklund.fi\/wp-content\/uploads\/2020\/05\/47.-Campingplatsen-1024x689.jpg 1024w, https:\/\/www.lassebacklund.fi\/wp-content\/uploads\/2020\/05\/47.-Campingplatsen-768x517.jpg 768w, https:\/\/www.lassebacklund.fi\/wp-content\/uploads\/2020\/05\/47.-Campingplatsen-1536x1034.jpg 1536w\" sizes=\"auto, (max-width: 2048px) 100vw, 2048px\" \/><figcaption id=\"caption-attachment-16422\" class=\"wp-caption-text\">47. Sommaren 1969 drev Lappfj\u00e4rd folkh\u00f6gskolas kamratf\u00f6rbund en campingplats och ett vandrar- och resandehem i och runt sj\u00e4lva folkh\u00f6gskolan. Turistn\u00e4mnden i Lappfj\u00e4rd gillade detta initiativ och beviljade ett bidrag om 500 mark f\u00f6r att anv\u00e4ndas till v\u00e4gm\u00e4rken och f\u00f6r att s\u00e4tta omr\u00e5det i skick. Rektor Trygve Lindqvist var sj\u00e4lv ansvarig f\u00f6r verksamheten och den utf\u00f6ll s\u00e5 v\u00e4l, att det blev en forts\u00e4ttning ocks\u00e5 f\u00f6ljande \u00e5r. F\u00f6rsta sommaren 1969 \u00f6vernattade ca 400 personer p\u00e5 resandehemmet eller p\u00e5 campingen men f\u00f6ljande \u00e5r hade antalet stigit till n\u00e4rmare 600. Arrang\u00f6rerna beklagar att det p\u00e5 grund av f\u00f6rekommande kolibakterier i \u00e5n inte g\u00e5r att simma d\u00e4r, trots att campingomr\u00e5det ligger precis p\u00e5 stranden.<\/figcaption><\/figure>\n<figure id=\"attachment_16423\" aria-describedby=\"caption-attachment-16423\" style=\"width: 2048px\" class=\"wp-caption alignnone\"><img loading=\"lazy\" decoding=\"async\" class=\"size-full wp-image-16423\" src=\"http:\/\/www.lassebacklund.fi\/wp-content\/uploads\/2020\/05\/Dansade-flickor-kolla-Sydin-26.3.1970.jpg\" alt=\"\" width=\"2048\" height=\"1561\" srcset=\"https:\/\/www.lassebacklund.fi\/wp-content\/uploads\/2020\/05\/Dansade-flickor-kolla-Sydin-26.3.1970.jpg 2048w, https:\/\/www.lassebacklund.fi\/wp-content\/uploads\/2020\/05\/Dansade-flickor-kolla-Sydin-26.3.1970-300x229.jpg 300w, https:\/\/www.lassebacklund.fi\/wp-content\/uploads\/2020\/05\/Dansade-flickor-kolla-Sydin-26.3.1970-1024x781.jpg 1024w, https:\/\/www.lassebacklund.fi\/wp-content\/uploads\/2020\/05\/Dansade-flickor-kolla-Sydin-26.3.1970-768x585.jpg 768w, https:\/\/www.lassebacklund.fi\/wp-content\/uploads\/2020\/05\/Dansade-flickor-kolla-Sydin-26.3.1970-1536x1171.jpg 1536w\" sizes=\"auto, (max-width: 2048px) 100vw, 2048px\" \/><figcaption id=\"caption-attachment-16423\" class=\"wp-caption-text\">48. I mars 1970 ordnade Lappfj\u00e4rd folkh\u00f6gskolas kamratf\u00f6rbund en \u00e5rsfest, d\u00e4r bland annat flickorna Maj-Britt Rosenholm, Mar\u00e9n Reinholm, Carita Bj\u00f6rklund och Eivor Mannfolk uppf\u00f6rde en cowboydans.<\/figcaption><\/figure>\n<figure id=\"attachment_16427\" aria-describedby=\"caption-attachment-16427\" style=\"width: 2048px\" class=\"wp-caption alignnone\"><img loading=\"lazy\" decoding=\"async\" class=\"size-full wp-image-16427\" src=\"http:\/\/www.lassebacklund.fi\/wp-content\/uploads\/2020\/05\/49.-Spr\u00e4ngning-p\u00e5-g\u00e5ng.jpg\" alt=\"\" width=\"2048\" height=\"1333\" srcset=\"https:\/\/www.lassebacklund.fi\/wp-content\/uploads\/2020\/05\/49.-Spr\u00e4ngning-p\u00e5-g\u00e5ng.jpg 2048w, https:\/\/www.lassebacklund.fi\/wp-content\/uploads\/2020\/05\/49.-Spr\u00e4ngning-p\u00e5-g\u00e5ng-300x195.jpg 300w, https:\/\/www.lassebacklund.fi\/wp-content\/uploads\/2020\/05\/49.-Spr\u00e4ngning-p\u00e5-g\u00e5ng-1024x667.jpg 1024w, https:\/\/www.lassebacklund.fi\/wp-content\/uploads\/2020\/05\/49.-Spr\u00e4ngning-p\u00e5-g\u00e5ng-768x500.jpg 768w, https:\/\/www.lassebacklund.fi\/wp-content\/uploads\/2020\/05\/49.-Spr\u00e4ngning-p\u00e5-g\u00e5ng-1536x1000.jpg 1536w\" sizes=\"auto, (max-width: 2048px) 100vw, 2048px\" \/><figcaption id=\"caption-attachment-16427\" class=\"wp-caption-text\">49. Islossningen har alltid varit sp\u00e4nnande i Lappfj\u00e4rd och ofta har den lett till \u00f6versv\u00e4mningar p\u00e5 stora omr\u00e5den. Omr\u00e5det mellan Starckes g\u00e5rd och folkh\u00f6gskolan \u00e4r v\u00e4rst utsatt, eftersom \u00e5n smalnar av och just d\u00e4r kan sv\u00e5ra isproppar bildas. F\u00f6r att f\u00e5 dessa att ge med sig, s\u00e5 brukade brandk\u00e5ren vissa \u00e5r hj\u00e4lpa till med att spr\u00e4nga s\u00f6nder isen med dynamit. Detta brukade man g\u00f6ra \u00e4nnu i b\u00f6rjan av 70-talet och spr\u00e4ngningen leddes av brandchefen, antingen Strandkull eller Rosenholm.<\/figcaption><\/figure>\n<figure id=\"attachment_16428\" aria-describedby=\"caption-attachment-16428\" style=\"width: 2048px\" class=\"wp-caption alignnone\"><img loading=\"lazy\" decoding=\"async\" class=\"size-full wp-image-16428\" src=\"http:\/\/www.lassebacklund.fi\/wp-content\/uploads\/2020\/05\/50.-Spr\u00e4ngning-sker.jpg\" alt=\"\" width=\"2048\" height=\"1318\" srcset=\"https:\/\/www.lassebacklund.fi\/wp-content\/uploads\/2020\/05\/50.-Spr\u00e4ngning-sker.jpg 2048w, https:\/\/www.lassebacklund.fi\/wp-content\/uploads\/2020\/05\/50.-Spr\u00e4ngning-sker-300x193.jpg 300w, https:\/\/www.lassebacklund.fi\/wp-content\/uploads\/2020\/05\/50.-Spr\u00e4ngning-sker-1024x659.jpg 1024w, https:\/\/www.lassebacklund.fi\/wp-content\/uploads\/2020\/05\/50.-Spr\u00e4ngning-sker-768x494.jpg 768w, https:\/\/www.lassebacklund.fi\/wp-content\/uploads\/2020\/05\/50.-Spr\u00e4ngning-sker-1536x989.jpg 1536w\" sizes=\"auto, (max-width: 2048px) 100vw, 2048px\" \/><figcaption id=\"caption-attachment-16428\" class=\"wp-caption-text\">50. Det var ett riskfyllt arbete att g\u00e5 ut bland de hoppackade propparna, f\u00f6r att placera dynamiten mellan isstyckena. S\u00e4kert var det en eller annan brandk\u00e5rist som &#8221;hamna i bl\u00f6iton&#8221;, men n\u00e5gra v\u00e4rre olyckor torde inte ha skett. H\u00e4r har Trygve lyckats trycka av i r\u00e4tt \u00f6gonblick och man kan se att is och vatten fl\u00f6g \u00e5tskilliga meter upp i luften.<\/figcaption><\/figure>\n<p>Klicka <a href=\"https:\/\/www.lassebacklund.fi\/?page_id=16431\"><span style=\"color: #000080;\"><strong>H\u00c4R<\/strong> <\/span><\/a>f\u00f6r att komma till f\u00f6ljande fotoalbum!<\/p>\n","protected":false},"excerpt":{"rendered":"<p>Trygve f\u00f6ddes \u00e5r 1940 p\u00e5 F\u00f6gl\u00f6 men v\u00e4xte upp i Korpo. 1954 flyttade han till Pargas och som 14-\u00e5ring tr\u00e4ffade han Gunnel, som han sedan gifte sig med. \u00c5r 1968 kom han till Lappfj\u00e4rd och mellan \u00e5ren 1968 och 1972 <a class=\"more-link\" href=\"https:\/\/www.lassebacklund.fi\/?page_id=15591\">Forts\u00e4tt l\u00e4sa <span class=\"screen-reader-text\">  Trygve Lindqvists foton<\/span><span class=\"meta-nav\">&rarr;<\/span><\/a><\/p>\n","protected":false},"author":1,"featured_media":0,"parent":47,"menu_order":10,"comment_status":"closed","ping_status":"closed","template":"","meta":{"footnotes":""},"class_list":["post-15591","page","type-page","status-publish","hentry"],"_links":{"self":[{"href":"https:\/\/www.lassebacklund.fi\/index.php?rest_route=\/wp\/v2\/pages\/15591","targetHints":{"allow":["GET"]}}],"collection":[{"href":"https:\/\/www.lassebacklund.fi\/index.php?rest_route=\/wp\/v2\/pages"}],"about":[{"href":"https:\/\/www.lassebacklund.fi\/index.php?rest_route=\/wp\/v2\/types\/page"}],"author":[{"embeddable":true,"href":"https:\/\/www.lassebacklund.fi\/index.php?rest_route=\/wp\/v2\/users\/1"}],"replies":[{"embeddable":true,"href":"https:\/\/www.lassebacklund.fi\/index.php?rest_route=%2Fwp%2Fv2%2Fcomments&post=15591"}],"version-history":[{"count":68,"href":"https:\/\/www.lassebacklund.fi\/index.php?rest_route=\/wp\/v2\/pages\/15591\/revisions"}],"predecessor-version":[{"id":24719,"href":"https:\/\/www.lassebacklund.fi\/index.php?rest_route=\/wp\/v2\/pages\/15591\/revisions\/24719"}],"up":[{"embeddable":true,"href":"https:\/\/www.lassebacklund.fi\/index.php?rest_route=\/wp\/v2\/pages\/47"}],"wp:attachment":[{"href":"https:\/\/www.lassebacklund.fi\/index.php?rest_route=%2Fwp%2Fv2%2Fmedia&parent=15591"}],"curies":[{"name":"wp","href":"https:\/\/api.w.org\/{rel}","templated":true}]}}