{"id":15030,"date":"2019-12-11T09:00:24","date_gmt":"2019-12-11T07:00:24","guid":{"rendered":"http:\/\/www.lassebacklund.fi\/?page_id=15030"},"modified":"2025-12-19T20:58:18","modified_gmt":"2025-12-19T18:58:18","slug":"kark-viktor-eklunds-gard-pa-korsbackvagen-3","status":"publish","type":"page","link":"https:\/\/www.lassebacklund.fi\/?page_id=15030","title":{"rendered":"&#8221;K\u00e5rk Viktor&#8221; Eklunds stuga p\u00e5 Korsb\u00e4ckv\u00e4gen 3"},"content":{"rendered":"<figure id=\"attachment_24174\" aria-describedby=\"caption-attachment-24174\" style=\"width: 2217px\" class=\"wp-caption alignnone\"><img loading=\"lazy\" decoding=\"async\" class=\"wp-image-24174 size-full\" src=\"https:\/\/www.lassebacklund.fi\/wp-content\/uploads\/2025\/06\/2025-1.jpg\" alt=\"\" width=\"2217\" height=\"1422\" srcset=\"https:\/\/www.lassebacklund.fi\/wp-content\/uploads\/2025\/06\/2025-1.jpg 2217w, https:\/\/www.lassebacklund.fi\/wp-content\/uploads\/2025\/06\/2025-1-300x192.jpg 300w, https:\/\/www.lassebacklund.fi\/wp-content\/uploads\/2025\/06\/2025-1-1024x657.jpg 1024w, https:\/\/www.lassebacklund.fi\/wp-content\/uploads\/2025\/06\/2025-1-768x493.jpg 768w, https:\/\/www.lassebacklund.fi\/wp-content\/uploads\/2025\/06\/2025-1-1536x985.jpg 1536w, https:\/\/www.lassebacklund.fi\/wp-content\/uploads\/2025\/06\/2025-1-2048x1314.jpg 2048w\" sizes=\"auto, (max-width: 2217px) 100vw, 2217px\" \/><figcaption id=\"caption-attachment-24174\" class=\"wp-caption-text\">Den h\u00e4r stugan p\u00e5 Brobackan i Westeras korsningen byggdes som sytningsstuga i slutet av 1920-talet av bonden och n\u00e4mndemannen Viktor Eklund och hans hustru Maria B\u00e5sk. Tomten p\u00e5 ca 1 500 kvm br\u00f6ts ut fr\u00e5n l\u00e4genheten Eklund i december 1927 och den fick namnet Ekholm 4:53. Fotot fr\u00e5n sommaren 2025.<\/figcaption><\/figure>\n<p><strong><span style=\"color: #000080;\">Sammanst\u00e4llt av Lasse Backlund i december 2019. Hemmansutredningen \u00e4r gjord av Inga-Lill Sandstr\u00f6m, f\u00f6dd Lillkull p\u00e5 Brobackan men numera bosatt i Vasa.<\/span><\/strong><\/p>\n<p><strong>Viktor Eklund <\/strong>(1866-1953), som kallades K\u00e5rk Viktor, var son till bonden Karl Gustav Eriksson L\u00e5ng (1836-1919) och Anna Kajsa Johan Henriksdotter Lillkull (1839-1905). Viktor hade inga syskon, som levde till vuxen \u00e5lder och han tog sl\u00e4ktnamnet Eklund efter att han gifte sig med Maria B\u00e5sk \u00e5r 1887.<\/p>\n<p>Viktors hustru Wendla <strong>Maria <\/strong>(1869-1949), var dotter till \u201dNybond Kalle\u201d (1844-1910) och dennes f\u00f6rsta hustru Maja Lena B\u00e5sk (1849-1870). Hon v\u00e4xte upp i Nybond g\u00e5rden, som f\u00f6re storskiftet stod p\u00e5 By\u00e5sv\u00e4gen, strax bakom nuvarande <a href=\"http:\/\/www.lassebacklund.fi\/?page_id=860\">Kl\u00e5vus g\u00e5rd.<\/a><\/p>\n<h4><strong>Gamla g\u00e5rden fr\u00e5n ca 1808.<\/strong><\/h4>\n<p>P\u00e5 samma st\u00e4lle p\u00e5 Brobackan stod f\u00f6re det en g\u00e5rd som byggdes i b\u00f6rjan av 1800-talet av Erik Johansson L\u00e5ng (1765-1827) och hans f\u00f6rsta hustru Greta Larsdotter Klemets (1764-1815). De hade f\u00f6re flytten varit bosatta i Stor\u00e5krin nedanf\u00f6r Sebasbackan. Det gamla namnet K\u00e5rck som hemmanet hade \u00e5r 1705 har levt vidare som g\u00e5rdsnamn f\u00f6r detta hemman \u00e4nda in till v\u00e5ra dagar.<\/p>\n<p><strong>Erik och Greta L\u00e5ng fick 3 barn:<\/strong><\/p>\n<p><strong>-Johan<\/strong> (1790-1868) vars son Erik Johansson L\u00e5ng och hans hustru \u201dK\u00e5rk Lena\u201d fick sin hemmansdel uppflyttat till Palon, nuvarande <a href=\"https:\/\/www.lassebacklund.fi\/?page_id=15809\">Norrviks hemg\u00e5rd<\/a>.<\/p>\n<p><strong>-Erik<\/strong> (f.1796) som tillsammans med hustrun Maria Grannas \u00f6vertog hemmanet p\u00e5 Brobackan och \u00c5ddin.<\/p>\n<p><strong>-Anders<\/strong> (1804-1852) som kallades \u201dK\u00e5rk Ant\u201d och vars sonson Josef Josefsson Nyg\u00e5rd fick hemmanet flyttat upp till Korsb\u00e4ck, nuvarande<a href=\"http:\/\/www.lassebacklund.fi\/?page_id=5755\"> Nyg\u00e5rds hemman.<\/a><\/p>\n<figure id=\"attachment_15029\" aria-describedby=\"caption-attachment-15029\" style=\"width: 2333px\" class=\"wp-caption alignnone\"><img loading=\"lazy\" decoding=\"async\" class=\"size-full wp-image-15029\" src=\"http:\/\/www.lassebacklund.fi\/wp-content\/uploads\/2019\/12\/ota259_foto_135-f\u00f6r-web.jpg\" alt=\"\" width=\"2333\" height=\"1101\" srcset=\"https:\/\/www.lassebacklund.fi\/wp-content\/uploads\/2019\/12\/ota259_foto_135-f\u00f6r-web.jpg 2333w, https:\/\/www.lassebacklund.fi\/wp-content\/uploads\/2019\/12\/ota259_foto_135-f\u00f6r-web-300x142.jpg 300w, https:\/\/www.lassebacklund.fi\/wp-content\/uploads\/2019\/12\/ota259_foto_135-f\u00f6r-web-768x362.jpg 768w, https:\/\/www.lassebacklund.fi\/wp-content\/uploads\/2019\/12\/ota259_foto_135-f\u00f6r-web-1024x483.jpg 1024w\" sizes=\"auto, (max-width: 2333px) 100vw, 2333px\" \/><figcaption id=\"caption-attachment-15029\" class=\"wp-caption-text\">P\u00e5 Viktor Nylunds foto fr\u00e5n ungef\u00e4r 1915, s\u00e5 ser vi mitt i bild den gamla g\u00e5rden fr\u00e5n ca 1808, dit sl\u00e4kten L\u00e5ng flyttade fr\u00e5n Stor\u00e5krin nedanf\u00f6r Sebasbackan. Fotot fr\u00e5n SLS:s arkiv.<\/figcaption><\/figure>\n<p>Det var allts\u00e5 mellansonen Erik som \u00f6vertog hemmanet p\u00e5 Brobackan. Erik och hans Maria fick 6 barn, bland annat s\u00f6nerna:<\/p>\n<p>-Karl Gustav L\u00e5ng (1836-1919)<\/p>\n<p>-Josef L\u00e5ng (1828-1908)<\/p>\n<h4><strong>Eriks hemman delas mellan tv\u00e5 br\u00f6der.<\/strong><\/h4>\n<p>Det var de h\u00e4r tv\u00e5 s\u00f6nerna som delade p\u00e5 faderns hemman \u00e5r 1860. Hemmanet v\u00e4rderades d\u00e5 till 450 rubel silver.\u00a0\u00c5r 1861 kom br\u00f6derna \u00f6verens om hur g\u00e5rdarna skulle delas dem emellan. Karl Gustav skulle f\u00e5 den gamla g\u00e5rden och den nya rian medan Josef skulle f\u00e5 den nyare g\u00e5rden p\u00e5 udden och den gamla rian. Det var allts\u00e5 Karl Gustav som \u00f6vertog hemg\u00e5rden som stod i Westeras korsningen och blev bonde d\u00e4r. Han blev sedan far till \u201dK\u00e5rk Viktor\u201d Eklund, som sedan \u00f6vertog pappa Karl Gustavs hemmansdel.<\/p>\n<h4><strong>Viktor Eklund tar \u00f6ver fadern Karl Gustavs hemman.<\/strong><\/h4>\n<p>Efter att Viktor Eklund gift sig 1887, s\u00e5 byggde han \u00e5t sig och Maria en ny g\u00e5rd, som stod mellan hemg\u00e5rden och broderns g\u00e5rd p\u00e5 \u00c5ddin. Av sin far \u00f6vertog Viktor hemmanet \u00e5r 1890 men fick slutlig lagfart f\u00f6rst \u00e5r 1902. \u00c5r 1918 s\u00e5lde Viktor ett omr\u00e5de p\u00e5 5 ha \u00e5t Erland Lindqvist p\u00e5 L\u00e5ng\u00e4ngen men i \u00f6vrigt gjordes inga \u00e4ndringar i hemmanet.<\/p>\n<p>Viktor och Maria bodde i g\u00e5rden tills de \u00f6verl\u00e4t hemmanet och g\u00e5rden \u00e5t sonen Frans och Elvira Eklund den 7 november 1926. Frans och Elvira hade n\u00e5got \u00e5r innan \u00e5terv\u00e4nt fr\u00e5n en l\u00e4ngre vistelse i Amerika.<\/p>\n<p>I samband med storskiftet 1900-1912, s\u00e5 fick Viktor Eklund ett andra hemman placerat i Palon. Detta var en del av hustrun Marias hemman fr\u00e5n B\u00e5sk och Viktor Eklund protesterade mot hemmanets placering upp i &#8221;Frysi Palon&#8221;. Vill du l\u00e4sa mera om detta \u00c5bro hemmans historia, s\u00e5 skall du klicka <a href=\"http:\/\/www.lassebacklund.fi\/?page_id=12351\"><span style=\"text-decoration: underline;\"><span style=\"color: #000080;\"><strong>H\u00c4R!\u00a0\u00a0<\/strong><\/span><\/span><\/a>Du kan l\u00e4sa mera om \u00c5bro hemmanet, d\u00e4r familjen Mannila bor, genom att klicka <a href=\"http:\/\/www.lassebacklund.fi\/?page_id=12346\"><span style=\"text-decoration: underline;\"><span style=\"color: #000080;\"><strong>H\u00c4R!<\/strong><\/span><\/span><\/a><\/p>\n<p><img loading=\"lazy\" decoding=\"async\" class=\"alignnone size-full wp-image-15033\" src=\"http:\/\/www.lassebacklund.fi\/wp-content\/uploads\/2019\/12\/K\u00e5rk-Viktors-sl\u00e4kt-med-namn.jpg\" alt=\"\" width=\"1502\" height=\"1341\" srcset=\"https:\/\/www.lassebacklund.fi\/wp-content\/uploads\/2019\/12\/K\u00e5rk-Viktors-sl\u00e4kt-med-namn.jpg 1502w, https:\/\/www.lassebacklund.fi\/wp-content\/uploads\/2019\/12\/K\u00e5rk-Viktors-sl\u00e4kt-med-namn-300x268.jpg 300w, https:\/\/www.lassebacklund.fi\/wp-content\/uploads\/2019\/12\/K\u00e5rk-Viktors-sl\u00e4kt-med-namn-768x686.jpg 768w, https:\/\/www.lassebacklund.fi\/wp-content\/uploads\/2019\/12\/K\u00e5rk-Viktors-sl\u00e4kt-med-namn-1024x914.jpg 1024w\" sizes=\"auto, (max-width: 1502px) 100vw, 1502px\" \/><\/p>\n<h4><strong>Frans Eklund tar \u00f6ver fadern Viktors hemman.<\/strong><\/h4>\n<p>Frans, som ocks\u00e5 kallades Frank \u00f6vertog \u00e5r 1926, den 7 november hemmanet p\u00e5 1\/24 mtl f\u00f6r 24 000 mark, plus normal sytning \u00e5t s\u00e4ljarna. S\u00e4ljaren Viktor tog undan en tomt f\u00f6r en sytningsstuga, som l\u00e5g vid Korsb\u00e4ckv\u00e4gen. P\u00e5 den tomten fanns fr\u00e5n tidigare en gammal stuga och ett f\u00e4hus. Tomten p\u00e5 ca 1 500 m<sup>2\u00a0 <\/sup>br\u00f6ts ut fr\u00e5n hemmanet i december 1927 och den fick namnet Ekholm 4:53 och efter det kunde Viktor och Maria bygga den sytningsstuga, som fortfarande st\u00e5r kvar. Viktor hade vid f\u00f6rs\u00e4ljningen ocks\u00e5 f\u00f6rbeh\u00e5llit sig r\u00e4tten att vid behov bo i den lillstuga som stod mellan hemg\u00e5rden och \u00c5ddin och s\u00e4kerligen bodde de d\u00e4r tills sytningsstugan var klar. Viktor tog ocks\u00e5 \u00e5t sig \u201dM\u00e5g J\u00e5ssas j\u00e4\u00e4lon\u201d f\u00f6r kreatursbete, och som troligen l\u00e5g n\u00e5gonstans n\u00e4ra hustruns hemg\u00e5rd p\u00e5 Sebasbackan.<\/p>\n<figure id=\"attachment_15028\" aria-describedby=\"caption-attachment-15028\" style=\"width: 1121px\" class=\"wp-caption alignnone\"><img loading=\"lazy\" decoding=\"async\" class=\"size-full wp-image-15028\" src=\"http:\/\/www.lassebacklund.fi\/wp-content\/uploads\/2019\/12\/4.jpg\" alt=\"\" width=\"1121\" height=\"578\" srcset=\"https:\/\/www.lassebacklund.fi\/wp-content\/uploads\/2019\/12\/4.jpg 1121w, https:\/\/www.lassebacklund.fi\/wp-content\/uploads\/2019\/12\/4-300x155.jpg 300w, https:\/\/www.lassebacklund.fi\/wp-content\/uploads\/2019\/12\/4-768x396.jpg 768w, https:\/\/www.lassebacklund.fi\/wp-content\/uploads\/2019\/12\/4-1024x528.jpg 1024w\" sizes=\"auto, (max-width: 1121px) 100vw, 1121px\" \/><figcaption id=\"caption-attachment-15028\" class=\"wp-caption-text\">L\u00e4ngst till h\u00f6ger st\u00e5r den g\u00e5rd som Viktor Eklund byggde i slutet av 1800-talet. Efter generationsskiftet l\u00e4t sonen Frans bygga p\u00e5 en v\u00e5ning till, f\u00f6rsedd med de tidstypiska burspr\u00e5ken p\u00e5 taket. Mitt i bild den sytningsstuga som Viktor Eklund byggde i slutet av 1920-talet och som fortfarande st\u00e5r kvar. Till v\u00e4nster Roseng\u00e5rd Erik Anders aff\u00e4rs- och bostadshus, som senare \u00f6vertogs av Wester. Fotot troligen fr\u00e5n 1930-talet.<\/figcaption><\/figure>\n<h4><strong>Flera nya \u00e4gare.<\/strong><\/h4>\n<p>D\u00e5 Viktors son Selim Eklund (1912-1989) \u00e5r 1941 gifte sig med <a href=\"http:\/\/www.lassebacklund.fi\/?page_id=401\">Adele Emilsdotter L\u00e5ngfors<\/a> (1912-1983) flyttade de till Viktors sytningsstuga.<\/p>\n<p><strong>\u00c5r 1944, den 31 decembe<\/strong>r s\u00e5lde Viktor, med hustruns godk\u00e4nnande l\u00e4genheten Ekholm 4:53 med alla byggnader \u00e5t sonen Selim och dennes hustru Adele. Viktor och Maria flyttade d\u00e5 tillbaka till den lillstuga, d\u00e4r de hade bott strax efter att de gav \u00f6ver hemmanet \u00e5t Frans.\u00a0 Medan Selim och Adele Eklund bodde i sytningsstugan fick de 3 barn och de bodde h\u00e4r tills de tog \u00f6ver g\u00e5rden <a href=\"http:\/\/www.lassebacklund.fi\/?page_id=4864\">d\u00e4r \u201dKrook\u201d<\/a> av Adeles bror Ragnar L\u00e5ngfors, som flyttade till Canada.<\/p>\n<p><strong>\u00c5r 1953 i november<\/strong> s\u00e5lde Selim och Adele g\u00e5rden vid Korsb\u00e4ckv\u00e4gen \u00e5t Maria Granberg (1897-1976). Maria var dotter till storbonden <a href=\"http:\/\/www.lassebacklund.fi\/?page_id=980\">\u201dPelas Viktor\u201d Lillkull<\/a> och hon hade i mars 1922 gift sig med Erland Granberg (1892-1953) fr\u00e5n Korsb\u00e4ck. Erland var son till &#8221;Tresk Erik&#8221;, allts\u00e5 Erik Korsb\u00e4ck och Maja Greta. Maria och Erland fick tv\u00e5 barn, dottern Ingrid Irene (1922-1938) och sonen Rudi, som var f\u00f6dd 1924 och stupade i kriget 1943. Maria och Erland bodde i en st\u00f6rre g\u00e5rd, som stod framf\u00f6r Bergqvist Wilhelms g\u00e5rd p\u00e5 Korsb\u00e4ckv\u00e4gen 565. Erland for tidigt till Amerika och han \u00e5terv\u00e4nde d\u00e4rifr\u00e5n d\u00e5 han blev sjuk, en kort tid f\u00f6re han avled \u00e5r 1953.<\/p>\n<p>Maria och Erland skildes \u00e5r 1952 och f\u00f6ljande \u00e5r k\u00f6pte Maria allts\u00e5 \u201dK\u00e5rk Viktors\u201d sytningsstuga och flyttade dit.<\/p>\n<p><strong>\u00c5r 1964, den 15 juli<\/strong> s\u00e5lde Maria Granberg sytningsstugan f\u00f6r 5 000 nymark \u00e5t Elna Norrback. Elna var f\u00f6dd Klockars i Lappfj\u00e4rd och \u00e5r 1927 hade hon gift hon sig med Vilhelm Norrback. Mellan \u00e5ren 1930 och 1936 bodde Elna och Oskar i <a href=\"http:\/\/www.lassebacklund.fi\/?page_id=906\">Myll\u00e4ris g\u00e5rd<\/a> p\u00e5 Korsb\u00e4ckv\u00e4gen. D\u00e4r hade de bageri, lemonadfabrik och butik men \u00e5r 1936 hamnade de p\u00e5 obest\u00e5nd och de flyttade d\u00e5 till Helsingfors.<\/p>\n<p>Det var allts\u00e5 \u00e5r 1964 som k\u00f6pte Elna stugan, eftersom hon och Vilhelm flyttade fr\u00e5n Helsingfors till Sverige och hon beh\u00f6vde d\u00e5 ett utrymme f\u00f6r alla m\u00f6bler och tillbeh\u00f6r, som hon inte kunde ta med sig. Hon anv\u00e4nde stugan under somrarna som sommarbostad. Elna dog i Sverige \u00e5r 1999.<\/p>\n<p>Vilhelm Norrback deltog i kriget som f\u00e4ltv\u00e4bel och kolonnchef. Efter kriget d\u00e5 han bodde i Helsingfors hade han egen lastbil men sk\u00f6tte ocks\u00e5 om och ordnade transporter \u00e5t andra trafikanter fr\u00e5n Kristinestadstrakten. Vilhelm Norrback dog \u00e5r 1973 och \u00e4r begraven p\u00e5 gamla begravningsplatsen i Kristinestad.<\/p>\n<p>Elna och Vilhelm fick 5 barn och av dessa torde tv\u00e5 vara f\u00f6dda i Dagsmark. De bor alla p\u00e5 andra orter men anv\u00e4nder fortfarande stugan som sommarbostad. P\u00e5 senare \u00e5r har de gjort renoveringar p\u00e5 stugan, s\u00e5 att den numera ser prydlig och vacker ut. Taket f\u00f6rnyades helt \u00e5r 2024 och Viktors sytningsstuga \u00e4r numera en prydnad i Westeras korsningen.<\/p>\n<h3><strong>Foton<\/strong><\/h3>\n<figure id=\"attachment_15025\" aria-describedby=\"caption-attachment-15025\" style=\"width: 1600px\" class=\"wp-caption alignnone\"><img loading=\"lazy\" decoding=\"async\" class=\"size-full wp-image-15025\" src=\"http:\/\/www.lassebacklund.fi\/wp-content\/uploads\/2019\/12\/2.jpg\" alt=\"\" width=\"1600\" height=\"1200\" srcset=\"https:\/\/www.lassebacklund.fi\/wp-content\/uploads\/2019\/12\/2.jpg 1600w, https:\/\/www.lassebacklund.fi\/wp-content\/uploads\/2019\/12\/2-300x225.jpg 300w, https:\/\/www.lassebacklund.fi\/wp-content\/uploads\/2019\/12\/2-768x576.jpg 768w, https:\/\/www.lassebacklund.fi\/wp-content\/uploads\/2019\/12\/2-1024x768.jpg 1024w\" sizes=\"auto, (max-width: 1600px) 100vw, 1600px\" \/><figcaption id=\"caption-attachment-15025\" class=\"wp-caption-text\">Foto fr\u00e5n v\u00e5ren 2003.<\/figcaption><\/figure>\n<figure id=\"attachment_15026\" aria-describedby=\"caption-attachment-15026\" style=\"width: 1600px\" class=\"wp-caption alignnone\"><img loading=\"lazy\" decoding=\"async\" class=\"size-full wp-image-15026\" src=\"http:\/\/www.lassebacklund.fi\/wp-content\/uploads\/2019\/12\/3.jpg\" alt=\"\" width=\"1600\" height=\"1200\" srcset=\"https:\/\/www.lassebacklund.fi\/wp-content\/uploads\/2019\/12\/3.jpg 1600w, https:\/\/www.lassebacklund.fi\/wp-content\/uploads\/2019\/12\/3-300x225.jpg 300w, https:\/\/www.lassebacklund.fi\/wp-content\/uploads\/2019\/12\/3-768x576.jpg 768w, https:\/\/www.lassebacklund.fi\/wp-content\/uploads\/2019\/12\/3-1024x768.jpg 1024w\" sizes=\"auto, (max-width: 1600px) 100vw, 1600px\" \/><figcaption id=\"caption-attachment-15026\" class=\"wp-caption-text\">P\u00e5 fotot fr\u00e5n sommaren 2004 s\u00e5 ser det ut som om naturen och vegetationen h\u00e5ller p\u00e5 att ta \u00f6ver K\u00e5rk Viktors stuga fr\u00e5n slutet av 1920-talet.<\/figcaption><\/figure>\n<figure id=\"attachment_15024\" aria-describedby=\"caption-attachment-15024\" style=\"width: 1386px\" class=\"wp-caption alignnone\"><img loading=\"lazy\" decoding=\"async\" class=\"size-full wp-image-15024\" src=\"http:\/\/www.lassebacklund.fi\/wp-content\/uploads\/2019\/12\/1.jpg\" alt=\"\" width=\"1386\" height=\"1039\" srcset=\"https:\/\/www.lassebacklund.fi\/wp-content\/uploads\/2019\/12\/1.jpg 1386w, https:\/\/www.lassebacklund.fi\/wp-content\/uploads\/2019\/12\/1-300x225.jpg 300w, https:\/\/www.lassebacklund.fi\/wp-content\/uploads\/2019\/12\/1-768x576.jpg 768w, https:\/\/www.lassebacklund.fi\/wp-content\/uploads\/2019\/12\/1-1024x768.jpg 1024w\" sizes=\"auto, (max-width: 1386px) 100vw, 1386px\" \/><figcaption id=\"caption-attachment-15024\" class=\"wp-caption-text\">Viktor och Maria Eklund sytningsstuga fotograferad fr\u00e5n v\u00e4ster sommaren 2017.<\/figcaption><\/figure>\n<figure id=\"attachment_15027\" aria-describedby=\"caption-attachment-15027\" style=\"width: 2304px\" class=\"wp-caption alignnone\"><img loading=\"lazy\" decoding=\"async\" class=\"size-full wp-image-15027\" src=\"http:\/\/www.lassebacklund.fi\/wp-content\/uploads\/2019\/12\/4-ny.jpg\" alt=\"\" width=\"2304\" height=\"1704\" srcset=\"https:\/\/www.lassebacklund.fi\/wp-content\/uploads\/2019\/12\/4-ny.jpg 2304w, https:\/\/www.lassebacklund.fi\/wp-content\/uploads\/2019\/12\/4-ny-300x222.jpg 300w, https:\/\/www.lassebacklund.fi\/wp-content\/uploads\/2019\/12\/4-ny-768x568.jpg 768w, https:\/\/www.lassebacklund.fi\/wp-content\/uploads\/2019\/12\/4-ny-1024x757.jpg 1024w\" sizes=\"auto, (max-width: 2304px) 100vw, 2304px\" \/><figcaption id=\"caption-attachment-15027\" class=\"wp-caption-text\">Sommaren 2019 ser huset prydligt och inbjudande ut.<\/figcaption><\/figure>\n<figure id=\"attachment_24425\" aria-describedby=\"caption-attachment-24425\" style=\"width: 2177px\" class=\"wp-caption alignnone\"><img loading=\"lazy\" decoding=\"async\" class=\"size-full wp-image-24425\" src=\"https:\/\/www.lassebacklund.fi\/wp-content\/uploads\/2025\/07\/3-ar-2025.jpg\" alt=\"\" width=\"2177\" height=\"1376\" srcset=\"https:\/\/www.lassebacklund.fi\/wp-content\/uploads\/2025\/07\/3-ar-2025.jpg 2177w, https:\/\/www.lassebacklund.fi\/wp-content\/uploads\/2025\/07\/3-ar-2025-300x190.jpg 300w, https:\/\/www.lassebacklund.fi\/wp-content\/uploads\/2025\/07\/3-ar-2025-1024x647.jpg 1024w, https:\/\/www.lassebacklund.fi\/wp-content\/uploads\/2025\/07\/3-ar-2025-768x485.jpg 768w, https:\/\/www.lassebacklund.fi\/wp-content\/uploads\/2025\/07\/3-ar-2025-1536x971.jpg 1536w, https:\/\/www.lassebacklund.fi\/wp-content\/uploads\/2025\/07\/3-ar-2025-2048x1294.jpg 2048w\" sizes=\"auto, (max-width: 2177px) 100vw, 2177px\" \/><figcaption id=\"caption-attachment-24425\" class=\"wp-caption-text\">Huset fotograferat sommaren 2025, d\u00e5 taket har f\u00e5tt ny filt och v\u00e4ggarna har f\u00e5tt ny f\u00e4rg.<\/figcaption><\/figure>\n","protected":false},"excerpt":{"rendered":"<p>Sammanst\u00e4llt av Lasse Backlund i december 2019. Hemmansutredningen \u00e4r gjord av Inga-Lill Sandstr\u00f6m, f\u00f6dd Lillkull p\u00e5 Brobackan men numera bosatt i Vasa. Viktor Eklund (1866-1953), som kallades K\u00e5rk Viktor, var son till bonden Karl Gustav Eriksson L\u00e5ng (1836-1919) och Anna <a class=\"more-link\" href=\"https:\/\/www.lassebacklund.fi\/?page_id=15030\">Forts\u00e4tt l\u00e4sa <span class=\"screen-reader-text\">  &#8221;K\u00e5rk Viktor&#8221; Eklunds stuga p\u00e5 Korsb\u00e4ckv\u00e4gen 3<\/span><span class=\"meta-nav\">&rarr;<\/span><\/a><\/p>\n","protected":false},"author":1,"featured_media":0,"parent":75,"menu_order":3,"comment_status":"closed","ping_status":"closed","template":"","meta":{"footnotes":""},"class_list":["post-15030","page","type-page","status-publish","hentry"],"_links":{"self":[{"href":"https:\/\/www.lassebacklund.fi\/index.php?rest_route=\/wp\/v2\/pages\/15030","targetHints":{"allow":["GET"]}}],"collection":[{"href":"https:\/\/www.lassebacklund.fi\/index.php?rest_route=\/wp\/v2\/pages"}],"about":[{"href":"https:\/\/www.lassebacklund.fi\/index.php?rest_route=\/wp\/v2\/types\/page"}],"author":[{"embeddable":true,"href":"https:\/\/www.lassebacklund.fi\/index.php?rest_route=\/wp\/v2\/users\/1"}],"replies":[{"embeddable":true,"href":"https:\/\/www.lassebacklund.fi\/index.php?rest_route=%2Fwp%2Fv2%2Fcomments&post=15030"}],"version-history":[{"count":19,"href":"https:\/\/www.lassebacklund.fi\/index.php?rest_route=\/wp\/v2\/pages\/15030\/revisions"}],"predecessor-version":[{"id":25202,"href":"https:\/\/www.lassebacklund.fi\/index.php?rest_route=\/wp\/v2\/pages\/15030\/revisions\/25202"}],"up":[{"embeddable":true,"href":"https:\/\/www.lassebacklund.fi\/index.php?rest_route=\/wp\/v2\/pages\/75"}],"wp:attachment":[{"href":"https:\/\/www.lassebacklund.fi\/index.php?rest_route=%2Fwp%2Fv2%2Fmedia&parent=15030"}],"curies":[{"name":"wp","href":"https:\/\/api.w.org\/{rel}","templated":true}]}}