{"id":14782,"date":"2019-10-29T21:12:03","date_gmt":"2019-10-29T19:12:03","guid":{"rendered":"http:\/\/www.lassebacklund.fi\/?page_id=14782"},"modified":"2025-05-09T22:20:45","modified_gmt":"2025-05-09T19:20:45","slug":"runar-och-elna-grans-pa-dagsmarkvagen-386","status":"publish","type":"page","link":"https:\/\/www.lassebacklund.fi\/?page_id=14782","title":{"rendered":"Runar och Elna Grans p\u00e5 Dagsmarkv\u00e4gen 386"},"content":{"rendered":"<figure id=\"attachment_14772\" aria-describedby=\"caption-attachment-14772\" style=\"width: 1600px\" class=\"wp-caption alignnone\"><img loading=\"lazy\" decoding=\"async\" class=\"size-full wp-image-14772\" src=\"http:\/\/www.lassebacklund.fi\/wp-content\/uploads\/2019\/10\/1-G\u00e5rden-fr\u00e5n-s\u00f6der.jpg\" alt=\"\" width=\"1600\" height=\"1200\" srcset=\"https:\/\/www.lassebacklund.fi\/wp-content\/uploads\/2019\/10\/1-G\u00e5rden-fr\u00e5n-s\u00f6der.jpg 1600w, https:\/\/www.lassebacklund.fi\/wp-content\/uploads\/2019\/10\/1-G\u00e5rden-fr\u00e5n-s\u00f6der-300x225.jpg 300w, https:\/\/www.lassebacklund.fi\/wp-content\/uploads\/2019\/10\/1-G\u00e5rden-fr\u00e5n-s\u00f6der-768x576.jpg 768w, https:\/\/www.lassebacklund.fi\/wp-content\/uploads\/2019\/10\/1-G\u00e5rden-fr\u00e5n-s\u00f6der-1024x768.jpg 1024w\" sizes=\"auto, (max-width: 1600px) 100vw, 1600px\" \/><figcaption id=\"caption-attachment-14772\" class=\"wp-caption-text\">Det h\u00e4r huset p\u00e5 By\u00e5sen \u00e4r mycket gammalt och byggdes m\u00f6jligtvis i slutet av 1800-talet av Karl Gustav Lindell, p\u00e5 det som d\u00e5 var Storkulls hemman. Fotot \u00e4r taget sommaren 2003 och l\u00e4ngst till h\u00f6ger syns Kristinestads Bost\u00e4ders radhus.<\/figcaption><\/figure>\n<p><strong><span style=\"color: #000080;\">Sammanst\u00e4llt av Lasse Backlund i oktober 2019, med hj\u00e4lp av Elnas brorsdotter Lilli Lillkull.<\/span><\/strong><\/p>\n<h5><strong>Torpets eller husets historia<\/strong><\/h5>\n<p>Den f\u00f6rsta k\u00e4nda hus\u00e4garen var torparen Karl Gustav Lindell (1846-1924), som var f\u00f6dd i B\u00f6tom och han dog i Dagsmark. Karl Gustav som kallades \u201dKiiaas Kalle\u201d var son till Anna Kajsa och Malakias Huhtala i B\u00f6tom. \u201dKiiaas Kalle\u201d var gift med Karolina Klemets (1848-1897), som var dotter till Erik Henriksson Klemets. Karl Gustav och Karolina var torpare h\u00e4r fr\u00e5n \u00e5r 1878 till 1910 d\u00e5 de kunde l\u00f6sa in torpet. \u201dKiiaas Kalle\u201d hade en bror som hette Konstantin Lindell, som \u00e4r farfar till b\u00e5de <a href=\"http:\/\/www.lassebacklund.fi\/?page_id=12049\">Artur<\/a> och <a href=\"http:\/\/www.lassebacklund.fi\/?page_id=11866\">Valter Lindell<\/a> i Klemets\u00e4ndan.<\/p>\n<p>\u201dKiiaas Kalle\u201d och Karolina Lindell fick 3 barn:<\/p>\n<p><strong>-Karl Johan Lindell<\/strong> (1871-1931), som kallades \u201dKiiaas Kaal J\u00e5han\u201d. Karl Johan for till Amerika, gifte sig d\u00e4r till och med tv\u00e5 g\u00e5nger. Sedan \u00e5terv\u00e4nde han med hustru och en son Lennart till en g\u00e5rd p\u00e5 Sebasbackan, som han sedan flyttade upp till \u201dPuputtias\u201d p\u00e5 \u00c5backan, d\u00e4r han \u00e5r 1915 hade k\u00f6pt en del av Nybond hemmanet.<\/p>\n<p><strong><span style=\"text-decoration: underline;\">-Maria<\/span> Karolina Lindell<\/strong> (1875-1961), som kallades \u201dKiiaas Kalleas Mari\u201d. Flyttade till Kristinestad \u00e5r 1910, sedan till Helsingfors och p\u00e5 \u00e4ldre dagar tillbaka till Dagsmark och bodde d\u00e5 i <a href=\"http:\/\/www.lassebacklund.fi\/?page_id=11402\">\u201dHan\u00e5s\u201d Axel Hannus<\/a> g\u00e5rd, som l\u00e5g lite \u00f6sterut fr\u00e5n Kiiaas Kalleas g\u00e5rd.<\/p>\n<p><strong>-Frans Oskar Lindell<\/strong> (f. 1878) for till Amerika 1899. Gift d\u00e4r 1902 med Selma Solax fr\u00e5n H\u00e4rkmeri och fick 3 barn. I Amerika kallades han Frank Carlson.<\/p>\n<h5><strong>Henrik Bj\u00f6rklund tar \u00f6ver<\/strong><\/h5>\n<p><strong>Vid storskiftet 1900-1912<\/strong> \u00f6verf\u00f6rdes denna torptomt till &#8221;Lid Hindriks&#8221; allts\u00e5 Henrik Bj\u00f6rklund hemman Rosenback nr 3:10 och f\u00f6ljande \u00e4gare blev Henriks son Otto Bj\u00f6rklund.<\/p>\n<h5><strong>Runar Grans tar \u00f6ver.<\/strong><\/h5>\n<p>Kiiaas Kalle Lindell dog \u00e5r 1924 och troligtvis var det n\u00e5gon som bodde i g\u00e5rden \u00e4nda tills Runar Grans \u00f6vertog den \u00e5r 1939. Runar och Elna gjorde den 26 januari 1939 ett legoavtal med bonden Otto Bj\u00f6rklund. Runar Grans (1915-1986) var son till \u201dMattas Viktor\u201d Grans (1890-1973) och Hilda (f. Sj\u00f6gren 1890-1969). <a href=\"http:\/\/www.lassebacklund.fi\/?page_id=11255\">Runars barndomshem<\/a> fanns i n\u00e4rheten p\u00e5 Dagsmarkv\u00e4gen 384, d\u00e4r han v\u00e4xte upp tillsammans med flera br\u00f6der.<\/p>\n<p>I december 1938 gifte sig Runar Grans, som kallades \u201dMattas Runar\u201d med Elna Solfvin (1907-2001) fr\u00e5n Lappfj\u00e4rd. Elna var dotter till Johan <a href=\"http:\/\/www.lassebacklund.fi\/?page_id=2623\"><u>Viktor<\/u> Solfvin<\/a> (1878-1934) och Amanda Josefina Mannfolk (f\u00f6dd i Lappfj\u00e4rd 1880). Elna var f\u00f6dd i Kristinestad men flyttade \u00e5r 1912 till Dagsmark d\u00e5 hennes far Viktor Solfvin blev mj\u00f6lnare p\u00e5 <a href=\"http:\/\/www.lassebacklund.fi\/?page_id=1587\">Klemets Kvarn.<\/a> Ungef\u00e4r 1922 flyttade hela familjen Solfvin till Nyskiftan i Lappfj\u00e4rd d\u00e4r Viktor blev smed.<\/p>\n<p><strong>\u00c5r 1948, den 3 augusti<\/strong> s\u00e5lde Otto och Manda Bj\u00f6rklund det omr\u00e5de och g\u00e5rden som Runar och Elna hade arrenderat sedan 1939. L\u00e4genheten p\u00e5 omkring 2 500 kvm fick namnet Bymo och kostade 10 000 mark.<\/p>\n<p>Runar arbetade som elmont\u00f6r, bland annat \u00e5t Dagsmark Elandelslag. Vissa perioder arbetade han ocks\u00e5 p\u00e5 Klemets s\u00e5g. Elna och Runar var barnl\u00f6sa. P\u00e5 1970-talet var Runar Grans ordf\u00f6rande i <a href=\"https:\/\/www.lassebacklund.fi\/?page_id=16724\">Sydbottens andelsbanks<\/a> f\u00f6rvaltningsr\u00e5d.<\/p>\n<p>Runar och Elna Grans bodde p\u00e5 By\u00e5sen s\u00e5 l\u00e4nge de levde och efter Elnas d\u00f6d 2001 \u00f6vertogs g\u00e5rden av Runars bror Bjarne och hans familj. De s\u00e5lde sedan g\u00e5rden vidare \u00e5t den nuvarande \u00e4garen som tidigare bodde i Palon.<\/p>\n<h4><strong>Foton.<\/strong><\/h4>\n<figure id=\"attachment_14773\" aria-describedby=\"caption-attachment-14773\" style=\"width: 1315px\" class=\"wp-caption alignnone\"><img loading=\"lazy\" decoding=\"async\" class=\"size-full wp-image-14773\" src=\"http:\/\/www.lassebacklund.fi\/wp-content\/uploads\/2019\/10\/2-g\u00e5rden-ur-en-bok.jpg\" alt=\"\" width=\"1315\" height=\"817\" srcset=\"https:\/\/www.lassebacklund.fi\/wp-content\/uploads\/2019\/10\/2-g\u00e5rden-ur-en-bok.jpg 1315w, https:\/\/www.lassebacklund.fi\/wp-content\/uploads\/2019\/10\/2-g\u00e5rden-ur-en-bok-300x186.jpg 300w, https:\/\/www.lassebacklund.fi\/wp-content\/uploads\/2019\/10\/2-g\u00e5rden-ur-en-bok-768x477.jpg 768w, https:\/\/www.lassebacklund.fi\/wp-content\/uploads\/2019\/10\/2-g\u00e5rden-ur-en-bok-1024x636.jpg 1024w\" sizes=\"auto, (max-width: 1315px) 100vw, 1315px\" \/><figcaption id=\"caption-attachment-14773\" class=\"wp-caption-text\">&#8221;Mattas Runars &#8221; g\u00e5rd p\u00e5 1960-talet. Till v\u00e4nster syns uthuset &#8221;d\u00e4r Huhtalas&#8221;.<\/figcaption><\/figure>\n<figure id=\"attachment_14777\" aria-describedby=\"caption-attachment-14777\" style=\"width: 429px\" class=\"wp-caption alignnone\"><img loading=\"lazy\" decoding=\"async\" class=\" wp-image-14777\" src=\"http:\/\/www.lassebacklund.fi\/wp-content\/uploads\/2019\/10\/Grans-Runar-i-unga-\u00e5r..jpg\" alt=\"\" width=\"429\" height=\"635\" srcset=\"https:\/\/www.lassebacklund.fi\/wp-content\/uploads\/2019\/10\/Grans-Runar-i-unga-\u00e5r..jpg 1040w, https:\/\/www.lassebacklund.fi\/wp-content\/uploads\/2019\/10\/Grans-Runar-i-unga-\u00e5r.-203x300.jpg 203w, https:\/\/www.lassebacklund.fi\/wp-content\/uploads\/2019\/10\/Grans-Runar-i-unga-\u00e5r.-768x1137.jpg 768w, https:\/\/www.lassebacklund.fi\/wp-content\/uploads\/2019\/10\/Grans-Runar-i-unga-\u00e5r.-692x1024.jpg 692w\" sizes=\"auto, (max-width: 429px) 100vw, 429px\" \/><figcaption id=\"caption-attachment-14777\" class=\"wp-caption-text\">Runar Grans i unga \u00e5r p\u00e5 1930-talet.<\/figcaption><\/figure>\n<figure id=\"attachment_14776\" aria-describedby=\"caption-attachment-14776\" style=\"width: 443px\" class=\"wp-caption alignnone\"><img loading=\"lazy\" decoding=\"async\" class=\" wp-image-14776\" src=\"http:\/\/www.lassebacklund.fi\/wp-content\/uploads\/2019\/10\/Grans-Runar-1937-i-milit\u00e4ren.jpg\" alt=\"\" width=\"443\" height=\"699\" srcset=\"https:\/\/www.lassebacklund.fi\/wp-content\/uploads\/2019\/10\/Grans-Runar-1937-i-milit\u00e4ren.jpg 812w, https:\/\/www.lassebacklund.fi\/wp-content\/uploads\/2019\/10\/Grans-Runar-1937-i-milit\u00e4ren-190x300.jpg 190w, https:\/\/www.lassebacklund.fi\/wp-content\/uploads\/2019\/10\/Grans-Runar-1937-i-milit\u00e4ren-768x1211.jpg 768w, https:\/\/www.lassebacklund.fi\/wp-content\/uploads\/2019\/10\/Grans-Runar-1937-i-milit\u00e4ren-650x1024.jpg 650w\" sizes=\"auto, (max-width: 443px) 100vw, 443px\" \/><figcaption id=\"caption-attachment-14776\" class=\"wp-caption-text\">Runar Grans i milit\u00e4ren 1937. Runar deltog sedan \u00e5tminstone i forts\u00e4ttningskriget i b\u00f6rjan av 40-talet.<\/figcaption><\/figure>\n<figure id=\"attachment_14778\" aria-describedby=\"caption-attachment-14778\" style=\"width: 619px\" class=\"wp-caption alignnone\"><img loading=\"lazy\" decoding=\"async\" class=\"size-full wp-image-14778\" src=\"http:\/\/www.lassebacklund.fi\/wp-content\/uploads\/2019\/10\/Grans-Runar-och-Elna-framf\u00f6r-skolan.jpg\" alt=\"\" width=\"619\" height=\"937\" srcset=\"https:\/\/www.lassebacklund.fi\/wp-content\/uploads\/2019\/10\/Grans-Runar-och-Elna-framf\u00f6r-skolan.jpg 619w, https:\/\/www.lassebacklund.fi\/wp-content\/uploads\/2019\/10\/Grans-Runar-och-Elna-framf\u00f6r-skolan-198x300.jpg 198w\" sizes=\"auto, (max-width: 619px) 100vw, 619px\" \/><figcaption id=\"caption-attachment-14778\" class=\"wp-caption-text\">Elna och Runar fotograferad framf\u00f6r folkskolan p\u00e5 1940-talet.<\/figcaption><\/figure>\n<figure id=\"attachment_14775\" aria-describedby=\"caption-attachment-14775\" style=\"width: 1155px\" class=\"wp-caption alignnone\"><img loading=\"lazy\" decoding=\"async\" class=\"size-full wp-image-14775\" src=\"http:\/\/www.lassebacklund.fi\/wp-content\/uploads\/2019\/10\/Elna-och-Runar-Grans-f\u00f6re-renoveringen-farstukvist-p\u00e5-g\u00e5rden.jpg\" alt=\"\" width=\"1155\" height=\"1892\" srcset=\"https:\/\/www.lassebacklund.fi\/wp-content\/uploads\/2019\/10\/Elna-och-Runar-Grans-f\u00f6re-renoveringen-farstukvist-p\u00e5-g\u00e5rden.jpg 1155w, https:\/\/www.lassebacklund.fi\/wp-content\/uploads\/2019\/10\/Elna-och-Runar-Grans-f\u00f6re-renoveringen-farstukvist-p\u00e5-g\u00e5rden-183x300.jpg 183w, https:\/\/www.lassebacklund.fi\/wp-content\/uploads\/2019\/10\/Elna-och-Runar-Grans-f\u00f6re-renoveringen-farstukvist-p\u00e5-g\u00e5rden-768x1258.jpg 768w, https:\/\/www.lassebacklund.fi\/wp-content\/uploads\/2019\/10\/Elna-och-Runar-Grans-f\u00f6re-renoveringen-farstukvist-p\u00e5-g\u00e5rden-625x1024.jpg 625w\" sizes=\"auto, (max-width: 1155px) 100vw, 1155px\" \/><figcaption id=\"caption-attachment-14775\" class=\"wp-caption-text\">Elna och Runar p\u00e5 1940-talet i gr\u00e4set framf\u00f6r den gamla g\u00e5rden f\u00f6re renoveringen.<\/figcaption><\/figure>\n<figure id=\"attachment_14780\" aria-describedby=\"caption-attachment-14780\" style=\"width: 1147px\" class=\"wp-caption alignnone\"><img loading=\"lazy\" decoding=\"async\" class=\"size-full wp-image-14780\" src=\"http:\/\/www.lassebacklund.fi\/wp-content\/uploads\/2019\/10\/Runar-Grans-g\u00e5rd-efter-renoveringen-p\u00e5-50-talet.jpg\" alt=\"\" width=\"1147\" height=\"1190\" srcset=\"https:\/\/www.lassebacklund.fi\/wp-content\/uploads\/2019\/10\/Runar-Grans-g\u00e5rd-efter-renoveringen-p\u00e5-50-talet.jpg 1147w, https:\/\/www.lassebacklund.fi\/wp-content\/uploads\/2019\/10\/Runar-Grans-g\u00e5rd-efter-renoveringen-p\u00e5-50-talet-289x300.jpg 289w, https:\/\/www.lassebacklund.fi\/wp-content\/uploads\/2019\/10\/Runar-Grans-g\u00e5rd-efter-renoveringen-p\u00e5-50-talet-768x797.jpg 768w, https:\/\/www.lassebacklund.fi\/wp-content\/uploads\/2019\/10\/Runar-Grans-g\u00e5rd-efter-renoveringen-p\u00e5-50-talet-987x1024.jpg 987w\" sizes=\"auto, (max-width: 1147px) 100vw, 1147px\" \/><figcaption id=\"caption-attachment-14780\" class=\"wp-caption-text\">S\u00e5 h\u00e4r b\u00f6rjade g\u00e5rden se ut efter renoveringen i b\u00f6rjan av 50-talet.<\/figcaption><\/figure>\n<figure id=\"attachment_14779\" aria-describedby=\"caption-attachment-14779\" style=\"width: 959px\" class=\"wp-caption alignnone\"><img loading=\"lazy\" decoding=\"async\" class=\"size-full wp-image-14779\" src=\"http:\/\/www.lassebacklund.fi\/wp-content\/uploads\/2019\/10\/Grans-Runars-g\u00e5rd-Annel-framme-och-Maria-Lindells-stuga-i-bakgrunden.jpg\" alt=\"\" width=\"959\" height=\"606\" srcset=\"https:\/\/www.lassebacklund.fi\/wp-content\/uploads\/2019\/10\/Grans-Runars-g\u00e5rd-Annel-framme-och-Maria-Lindells-stuga-i-bakgrunden.jpg 959w, https:\/\/www.lassebacklund.fi\/wp-content\/uploads\/2019\/10\/Grans-Runars-g\u00e5rd-Annel-framme-och-Maria-Lindells-stuga-i-bakgrunden-300x190.jpg 300w, https:\/\/www.lassebacklund.fi\/wp-content\/uploads\/2019\/10\/Grans-Runars-g\u00e5rd-Annel-framme-och-Maria-Lindells-stuga-i-bakgrunden-768x485.jpg 768w\" sizes=\"auto, (max-width: 959px) 100vw, 959px\" \/><figcaption id=\"caption-attachment-14779\" class=\"wp-caption-text\">Lennart och Signe Grans till h\u00f6ger med dottern Annel h\u00e4lsar p\u00e5 hos brodern Runar och Elna p\u00e5 By\u00e5sen. Fotot \u00e4r fr\u00e5n ca 1950, allts\u00e5 f\u00f6re renoveringen och till h\u00f6ger syns &#8221;Han\u00e5s Axelsas&#8221; g\u00e5rd d\u00e4r &#8221;Kiiaas Kalleas Mari&#8221; Lindell bodde. F\u00f6ljande g\u00e5rd till h\u00f6ger som dock inte syns h\u00e4r \u00e4r &#8221;St\u00e5l Frans och Idas&#8221;.<\/figcaption><\/figure>\n<figure id=\"attachment_14781\" aria-describedby=\"caption-attachment-14781\" style=\"width: 1126px\" class=\"wp-caption alignnone\"><img loading=\"lazy\" decoding=\"async\" class=\"size-full wp-image-14781\" src=\"http:\/\/www.lassebacklund.fi\/wp-content\/uploads\/2019\/10\/Runar-och-Elna-framf\u00f6r-det-halvrenoverade-huset.jpg\" alt=\"\" width=\"1126\" height=\"1139\" srcset=\"https:\/\/www.lassebacklund.fi\/wp-content\/uploads\/2019\/10\/Runar-och-Elna-framf\u00f6r-det-halvrenoverade-huset.jpg 1126w, https:\/\/www.lassebacklund.fi\/wp-content\/uploads\/2019\/10\/Runar-och-Elna-framf\u00f6r-det-halvrenoverade-huset-297x300.jpg 297w, https:\/\/www.lassebacklund.fi\/wp-content\/uploads\/2019\/10\/Runar-och-Elna-framf\u00f6r-det-halvrenoverade-huset-768x777.jpg 768w, https:\/\/www.lassebacklund.fi\/wp-content\/uploads\/2019\/10\/Runar-och-Elna-framf\u00f6r-det-halvrenoverade-huset-1012x1024.jpg 1012w\" sizes=\"auto, (max-width: 1126px) 100vw, 1126px\" \/><figcaption id=\"caption-attachment-14781\" class=\"wp-caption-text\">Runar och Elna framf\u00f6r det halvrenoverade huset p\u00e5 1950-talet.<\/figcaption><\/figure>\n<figure id=\"attachment_11269\" aria-describedby=\"caption-attachment-11269\" style=\"width: 974px\" class=\"wp-caption alignnone\"><img loading=\"lazy\" decoding=\"async\" class=\"size-full wp-image-11269\" src=\"http:\/\/www.lassebacklund.fi\/wp-content\/uploads\/2019\/02\/22-Grans-Hilda-med-Runar-Eskil-och-Lennart.jpg\" alt=\"\" width=\"974\" height=\"1371\" srcset=\"https:\/\/www.lassebacklund.fi\/wp-content\/uploads\/2019\/02\/22-Grans-Hilda-med-Runar-Eskil-och-Lennart.jpg 974w, https:\/\/www.lassebacklund.fi\/wp-content\/uploads\/2019\/02\/22-Grans-Hilda-med-Runar-Eskil-och-Lennart-213x300.jpg 213w, https:\/\/www.lassebacklund.fi\/wp-content\/uploads\/2019\/02\/22-Grans-Hilda-med-Runar-Eskil-och-Lennart-768x1081.jpg 768w, https:\/\/www.lassebacklund.fi\/wp-content\/uploads\/2019\/02\/22-Grans-Hilda-med-Runar-Eskil-och-Lennart-727x1024.jpg 727w\" sizes=\"auto, (max-width: 974px) 100vw, 974px\" \/><figcaption id=\"caption-attachment-11269\" class=\"wp-caption-text\">Hilda Grans med barnen Runar till v\u00e4nster, Eskil i mitten och Lennart till h\u00f6ger. Fotot togs under den tid d\u00e5 Viktor \u00e4nnu befann sig i Canada p\u00e5 skogsarbete.<\/figcaption><\/figure>\n<figure id=\"attachment_11250\" aria-describedby=\"caption-attachment-11250\" style=\"width: 904px\" class=\"wp-caption alignnone\"><img loading=\"lazy\" decoding=\"async\" class=\"size-full wp-image-11250\" src=\"http:\/\/www.lassebacklund.fi\/wp-content\/uploads\/2019\/02\/Boris-Runar-Elna-Signe-och-Lennart.jpg\" alt=\"\" width=\"904\" height=\"624\" srcset=\"https:\/\/www.lassebacklund.fi\/wp-content\/uploads\/2019\/02\/Boris-Runar-Elna-Signe-och-Lennart.jpg 904w, https:\/\/www.lassebacklund.fi\/wp-content\/uploads\/2019\/02\/Boris-Runar-Elna-Signe-och-Lennart-300x207.jpg 300w, https:\/\/www.lassebacklund.fi\/wp-content\/uploads\/2019\/02\/Boris-Runar-Elna-Signe-och-Lennart-768x530.jpg 768w\" sizes=\"auto, (max-width: 904px) 100vw, 904px\" \/><figcaption id=\"caption-attachment-11250\" class=\"wp-caption-text\">Boris L\u00e5ngfors, Runar och Elna Grans, Signe och Lennart Grans framf\u00f6r Runars nyrenoverade g\u00e5rd p\u00e5 1950-talet.<\/figcaption><\/figure>\n<figure id=\"attachment_11242\" aria-describedby=\"caption-attachment-11242\" style=\"width: 1844px\" class=\"wp-caption alignnone\"><img loading=\"lazy\" decoding=\"async\" class=\"size-full wp-image-11242\" src=\"http:\/\/www.lassebacklund.fi\/wp-content\/uploads\/2019\/02\/6-Mattas-Viktor-och-Hilda-p\u00e5-bes\u00f6k-hos-Runar-och-Elna-Grans.jpg\" alt=\"\" width=\"1844\" height=\"1818\" srcset=\"https:\/\/www.lassebacklund.fi\/wp-content\/uploads\/2019\/02\/6-Mattas-Viktor-och-Hilda-p\u00e5-bes\u00f6k-hos-Runar-och-Elna-Grans.jpg 1844w, https:\/\/www.lassebacklund.fi\/wp-content\/uploads\/2019\/02\/6-Mattas-Viktor-och-Hilda-p\u00e5-bes\u00f6k-hos-Runar-och-Elna-Grans-300x296.jpg 300w, https:\/\/www.lassebacklund.fi\/wp-content\/uploads\/2019\/02\/6-Mattas-Viktor-och-Hilda-p\u00e5-bes\u00f6k-hos-Runar-och-Elna-Grans-768x757.jpg 768w, https:\/\/www.lassebacklund.fi\/wp-content\/uploads\/2019\/02\/6-Mattas-Viktor-och-Hilda-p\u00e5-bes\u00f6k-hos-Runar-och-Elna-Grans-1024x1010.jpg 1024w\" sizes=\"auto, (max-width: 1844px) 100vw, 1844px\" \/><figcaption id=\"caption-attachment-11242\" class=\"wp-caption-text\">Mattas Viktor och Hilda p\u00e5 bes\u00f6k hos sonen Runar och dennes hustru Elna Grans.<\/figcaption><\/figure>\n<figure id=\"attachment_15732\" aria-describedby=\"caption-attachment-15732\" style=\"width: 1394px\" class=\"wp-caption alignnone\"><img loading=\"lazy\" decoding=\"async\" class=\"size-full wp-image-15732\" src=\"http:\/\/www.lassebacklund.fi\/wp-content\/uploads\/2020\/03\/19881201-Elna-Grans-f\u00e5r-en-trygghetstelefon.jpg\" alt=\"\" width=\"1394\" height=\"1966\" srcset=\"https:\/\/www.lassebacklund.fi\/wp-content\/uploads\/2020\/03\/19881201-Elna-Grans-f\u00e5r-en-trygghetstelefon.jpg 1394w, https:\/\/www.lassebacklund.fi\/wp-content\/uploads\/2020\/03\/19881201-Elna-Grans-f\u00e5r-en-trygghetstelefon-213x300.jpg 213w, https:\/\/www.lassebacklund.fi\/wp-content\/uploads\/2020\/03\/19881201-Elna-Grans-f\u00e5r-en-trygghetstelefon-726x1024.jpg 726w, https:\/\/www.lassebacklund.fi\/wp-content\/uploads\/2020\/03\/19881201-Elna-Grans-f\u00e5r-en-trygghetstelefon-768x1083.jpg 768w, https:\/\/www.lassebacklund.fi\/wp-content\/uploads\/2020\/03\/19881201-Elna-Grans-f\u00e5r-en-trygghetstelefon-1089x1536.jpg 1089w\" sizes=\"auto, (max-width: 1394px) 100vw, 1394px\" \/><figcaption id=\"caption-attachment-15732\" class=\"wp-caption-text\">\u00c5r 1988 delade socialn\u00e4mnden med hj\u00e4lp av R\u00f6da korset ut 10 trygghetstelefoner i Kristinestad. \u00c4nkan Elna Grans som bodde ensam i sin stuga fick en och hon var glad och tacksam. Hon var sjuklig och hade sv\u00e5rt att r\u00f6ra sig och med telefonen kunde hon snabbt och enkelt kalla p\u00e5 hj\u00e4lp av sl\u00e4ktingar i granng\u00e5rden. Bilden ur Syd-\u00d6sterbotten 1.12.1988.<\/figcaption><\/figure>\n","protected":false},"excerpt":{"rendered":"<p>Sammanst\u00e4llt av Lasse Backlund i oktober 2019, med hj\u00e4lp av Elnas brorsdotter Lilli Lillkull. Torpets eller husets historia Den f\u00f6rsta k\u00e4nda hus\u00e4garen var torparen Karl Gustav Lindell (1846-1924), som var f\u00f6dd i B\u00f6tom och han dog i Dagsmark. Karl Gustav <a class=\"more-link\" href=\"https:\/\/www.lassebacklund.fi\/?page_id=14782\">Forts\u00e4tt l\u00e4sa <span class=\"screen-reader-text\">  Runar och Elna Grans p\u00e5 Dagsmarkv\u00e4gen 386<\/span><span class=\"meta-nav\">&rarr;<\/span><\/a><\/p>\n","protected":false},"author":1,"featured_media":0,"parent":61,"menu_order":386,"comment_status":"closed","ping_status":"closed","template":"","meta":{"footnotes":""},"class_list":["post-14782","page","type-page","status-publish","hentry"],"_links":{"self":[{"href":"https:\/\/www.lassebacklund.fi\/index.php?rest_route=\/wp\/v2\/pages\/14782","targetHints":{"allow":["GET"]}}],"collection":[{"href":"https:\/\/www.lassebacklund.fi\/index.php?rest_route=\/wp\/v2\/pages"}],"about":[{"href":"https:\/\/www.lassebacklund.fi\/index.php?rest_route=\/wp\/v2\/types\/page"}],"author":[{"embeddable":true,"href":"https:\/\/www.lassebacklund.fi\/index.php?rest_route=\/wp\/v2\/users\/1"}],"replies":[{"embeddable":true,"href":"https:\/\/www.lassebacklund.fi\/index.php?rest_route=%2Fwp%2Fv2%2Fcomments&post=14782"}],"version-history":[{"count":12,"href":"https:\/\/www.lassebacklund.fi\/index.php?rest_route=\/wp\/v2\/pages\/14782\/revisions"}],"predecessor-version":[{"id":24029,"href":"https:\/\/www.lassebacklund.fi\/index.php?rest_route=\/wp\/v2\/pages\/14782\/revisions\/24029"}],"up":[{"embeddable":true,"href":"https:\/\/www.lassebacklund.fi\/index.php?rest_route=\/wp\/v2\/pages\/61"}],"wp:attachment":[{"href":"https:\/\/www.lassebacklund.fi\/index.php?rest_route=%2Fwp%2Fv2%2Fmedia&parent=14782"}],"curies":[{"name":"wp","href":"https:\/\/api.w.org\/{rel}","templated":true}]}}