{"id":14608,"date":"2019-10-02T22:49:32","date_gmt":"2019-10-02T19:49:32","guid":{"rendered":"http:\/\/www.lassebacklund.fi\/?page_id=14608"},"modified":"2025-03-07T22:51:39","modified_gmt":"2025-03-07T20:51:39","slug":"ake-backlunds-gard-pa-sunnantillvagen-23","status":"publish","type":"page","link":"https:\/\/www.lassebacklund.fi\/?page_id=14608","title":{"rendered":"\u00c5ke Backlunds g\u00e5rd p\u00e5 Sunnantillv\u00e4gen 23"},"content":{"rendered":"<figure id=\"attachment_14586\" aria-describedby=\"caption-attachment-14586\" style=\"width: 2304px\" class=\"wp-caption alignnone\"><img loading=\"lazy\" decoding=\"async\" class=\"size-full wp-image-14586\" src=\"http:\/\/www.lassebacklund.fi\/wp-content\/uploads\/2019\/10\/Backlund-\u00c5keas-2019-1.jpg\" alt=\"\" width=\"2304\" height=\"1704\" srcset=\"https:\/\/www.lassebacklund.fi\/wp-content\/uploads\/2019\/10\/Backlund-\u00c5keas-2019-1.jpg 2304w, https:\/\/www.lassebacklund.fi\/wp-content\/uploads\/2019\/10\/Backlund-\u00c5keas-2019-1-300x222.jpg 300w, https:\/\/www.lassebacklund.fi\/wp-content\/uploads\/2019\/10\/Backlund-\u00c5keas-2019-1-768x568.jpg 768w, https:\/\/www.lassebacklund.fi\/wp-content\/uploads\/2019\/10\/Backlund-\u00c5keas-2019-1-1024x757.jpg 1024w\" sizes=\"auto, (max-width: 2304px) 100vw, 2304px\" \/><figcaption id=\"caption-attachment-14586\" class=\"wp-caption-text\">Den h\u00e4r g\u00e5rden b\u00f6rjade timras \u00e5r 1948 men av olika orsaker s\u00e5 blev den inflyttningsklar f\u00f6rst 1950. Fotot fr\u00e5n 2019 \u00e4r taget fr\u00e5n s\u00f6der.<\/figcaption><\/figure>\n<p><strong><span style=\"color: #000080;\">Sammanst\u00e4llt av Lasse Backlund i oktober 2019.<\/span><\/strong><\/p>\n<p><span style=\"margin: 0px; color: #373737; font-family: 'Helvetica','sans-serif'; font-size: 12pt;\">Den h\u00e4r g\u00e5rden b\u00f6rjade byggas \u00e5r 1948 av Emil (1894-1951) och Ida (1894-1977) Backlund men den blev f\u00e4rdig f\u00f6rst 1950. De hade tidigare bott i huvudbyggnaden som l\u00e5g 100 meter mot nordost men vid generationsskifte s\u00e5 \u00f6vertogs <a href=\"http:\/\/www.lassebacklund.fi\/?page_id=2422\">den g\u00e5rden<\/a> av sonen Ragnar.<\/span><\/p>\n<p><span style=\"margin: 0px; color: #373737; font-family: 'Helvetica','sans-serif'; font-size: 12pt;\">\u00c5r 1950 flyttade allts\u00e5 Emil och Ida till den nya g\u00e5rden och yngsta sonen \u00c5ke f\u00f6ljde med. \u00c5ke som f\u00f6ddes 1927 bodde f\u00f6rsta \u00e5ret hos sina f\u00f6r\u00e4ldrar men\u00a0d\u00e5 <a href=\"http:\/\/www.lassebacklund.fi\/?page_id=11946\">systern Ethel<\/a> f\u00f6ddes blev det f\u00f6r \u00c5ke att flytta in till farfar och farmor i lillstugan. Han blev str\u00e4ngt uppfostrad av farfar Josef som s\u00e5g till att han l\u00e4rde sig b\u00e5de bibeln och kateksen.\u00a0\u00c5kes intresse f\u00f6r religionen h\u00f6ll i sig hela livet, trots att han var n\u00e4rap\u00e5 ateist. Han brukade f\u00f6ra l\u00e5nga samtal med bland annat Jehovas vittnen om livsfr\u00e5gor.<\/span><\/p>\n<p><span style=\"margin: 0px; color: #373737; font-family: 'Helvetica','sans-serif'; font-size: 12pt;\">Emil hann inte bo riktigt l\u00e4nge i den nya g\u00e5rden, eftersom han dog i december 1951. Efter det fortsatte Ida att bo i g\u00e5rden tillsammans med sonen \u00c5ke, som hade \u00f6vertagit en stor del av hemmanet av sina f\u00f6r\u00e4ldrar. <\/span><\/p>\n<p><span style=\"margin: 0px; color: #373737; font-family: 'Helvetica','sans-serif'; font-size: 12pt;\">\u00c5kes stora intresse var skogssk\u00f6tsel och potatisodling. D\u00e5 \u00c5ke var 14 \u00e5r gammal k\u00f6pte hans far ett 18 ha stort skogsskifte i Djupviken i Uttermossa av Lennart Westerlund. P\u00e5 60-talet var han med och grundade Ab Lappfj\u00e4rds Potatis och sedan bildade han ett eget handelsf\u00f6retag, som hette Lappfj\u00e4rds Gr\u00f6nsaker. P\u00e5 70-talet byggde han om det oanv\u00e4nda f\u00e4huset och flera andra utrymmen och b\u00f6rjade packa potatis som han sedan s\u00e5lde fr\u00e4mst till Helsingfors och till \u00c5bo. Han hade under en l\u00e5ng tid flera anst\u00e4llda och kunde vissa \u00e5r f\u00f6rmedla mer \u00e4n 1 miljon kg potatis.<\/span><\/p>\n<p>Efter att Ida dog, s\u00e5 bodde \u00c5ke ensam i g\u00e5rden. Han var ogift och barnl\u00f6s. Han var inte politiskt aktiv och inte heller med i n\u00e5gra f\u00f6reningar, f\u00f6rutom i Dagsmark ungdomsf\u00f6rening d\u00e4r han var ordf\u00f6rande \u00e5r 1953. I lokalf\u00f6rs\u00e4kringsbolaget i Lappfj\u00e4rd satt han under en tid i styrelsen. \u00c5ke bodde i g\u00e5rden hela livet, utom den sista tiden d\u00e5 han v\u00e5rdades i Kristinestad och p\u00e5 \u00c5ldersro. Hemmanet och g\u00e5rden \u00e4r fortfarande i sl\u00e4ktens \u00e4go.<\/p>\n<h4><strong>Foton.<\/strong><\/h4>\n<figure id=\"attachment_14590\" aria-describedby=\"caption-attachment-14590\" style=\"width: 596px\" class=\"wp-caption alignnone\"><img loading=\"lazy\" decoding=\"async\" class=\"size-full wp-image-14590\" src=\"http:\/\/www.lassebacklund.fi\/wp-content\/uploads\/2019\/10\/\u00c5ke-Backlund-som-ung-man.jpg\" alt=\"\" width=\"596\" height=\"932\" srcset=\"https:\/\/www.lassebacklund.fi\/wp-content\/uploads\/2019\/10\/\u00c5ke-Backlund-som-ung-man.jpg 596w, https:\/\/www.lassebacklund.fi\/wp-content\/uploads\/2019\/10\/\u00c5ke-Backlund-som-ung-man-192x300.jpg 192w\" sizes=\"auto, (max-width: 596px) 100vw, 596px\" \/><figcaption id=\"caption-attachment-14590\" class=\"wp-caption-text\">\u00c5ke Backlund i unga \u00e5r.<\/figcaption><\/figure>\n<figure id=\"attachment_14606\" aria-describedby=\"caption-attachment-14606\" style=\"width: 1297px\" class=\"wp-caption alignnone\"><img loading=\"lazy\" decoding=\"async\" class=\"size-full wp-image-14606\" src=\"http:\/\/www.lassebacklund.fi\/wp-content\/uploads\/2019\/10\/\u00c5kes-stuga.jpg\" alt=\"\" width=\"1297\" height=\"769\" srcset=\"https:\/\/www.lassebacklund.fi\/wp-content\/uploads\/2019\/10\/\u00c5kes-stuga.jpg 1297w, https:\/\/www.lassebacklund.fi\/wp-content\/uploads\/2019\/10\/\u00c5kes-stuga-300x178.jpg 300w, https:\/\/www.lassebacklund.fi\/wp-content\/uploads\/2019\/10\/\u00c5kes-stuga-768x455.jpg 768w, https:\/\/www.lassebacklund.fi\/wp-content\/uploads\/2019\/10\/\u00c5kes-stuga-1024x607.jpg 1024w\" sizes=\"auto, (max-width: 1297px) 100vw, 1297px\" \/><figcaption id=\"caption-attachment-14606\" class=\"wp-caption-text\">Ida Backlunds stuga d\u00e4r ocks\u00e5 sonen \u00c5ke bodde.<\/figcaption><\/figure>\n<figure id=\"attachment_14591\" aria-describedby=\"caption-attachment-14591\" style=\"width: 641px\" class=\"wp-caption alignnone\"><img loading=\"lazy\" decoding=\"async\" class=\"size-full wp-image-14591\" src=\"http:\/\/www.lassebacklund.fi\/wp-content\/uploads\/2019\/10\/\u00c5ke-Backlund-Yngve-S\u00f6derqvist-och-\u00c5ke-Grans.jpg\" alt=\"\" width=\"641\" height=\"605\" srcset=\"https:\/\/www.lassebacklund.fi\/wp-content\/uploads\/2019\/10\/\u00c5ke-Backlund-Yngve-S\u00f6derqvist-och-\u00c5ke-Grans.jpg 641w, https:\/\/www.lassebacklund.fi\/wp-content\/uploads\/2019\/10\/\u00c5ke-Backlund-Yngve-S\u00f6derqvist-och-\u00c5ke-Grans-300x283.jpg 300w\" sizes=\"auto, (max-width: 641px) 100vw, 641px\" \/><figcaption id=\"caption-attachment-14591\" class=\"wp-caption-text\">\u00c5ke Backlund, Yngve S\u00f6derqvist och \u00c5ke Grans i ett teaterstycke p\u00e5 lokalen.<\/figcaption><\/figure>\n<figure id=\"attachment_11703\" aria-describedby=\"caption-attachment-11703\" style=\"width: 379px\" class=\"wp-caption alignnone\"><img loading=\"lazy\" decoding=\"async\" class=\"size-full wp-image-11703\" src=\"http:\/\/www.lassebacklund.fi\/wp-content\/uploads\/2019\/03\/\u00c5kes-passfoto.jpg\" alt=\"\" width=\"379\" height=\"481\" srcset=\"https:\/\/www.lassebacklund.fi\/wp-content\/uploads\/2019\/03\/\u00c5kes-passfoto.jpg 379w, https:\/\/www.lassebacklund.fi\/wp-content\/uploads\/2019\/03\/\u00c5kes-passfoto-236x300.jpg 236w\" sizes=\"auto, (max-width: 379px) 100vw, 379px\" \/><figcaption id=\"caption-attachment-11703\" class=\"wp-caption-text\">\u00c5kes foto f\u00f6r k\u00f6rkortet.<\/figcaption><\/figure>\n<figure id=\"attachment_11702\" aria-describedby=\"caption-attachment-11702\" style=\"width: 1273px\" class=\"wp-caption alignnone\"><img loading=\"lazy\" decoding=\"async\" class=\"size-full wp-image-11702\" src=\"http:\/\/www.lassebacklund.fi\/wp-content\/uploads\/2019\/03\/IMG_4445.jpg\" alt=\"\" width=\"1273\" height=\"731\" srcset=\"https:\/\/www.lassebacklund.fi\/wp-content\/uploads\/2019\/03\/IMG_4445.jpg 1273w, https:\/\/www.lassebacklund.fi\/wp-content\/uploads\/2019\/03\/IMG_4445-300x172.jpg 300w, https:\/\/www.lassebacklund.fi\/wp-content\/uploads\/2019\/03\/IMG_4445-768x441.jpg 768w, https:\/\/www.lassebacklund.fi\/wp-content\/uploads\/2019\/03\/IMG_4445-1024x588.jpg 1024w\" sizes=\"auto, (max-width: 1273px) 100vw, 1273px\" \/><figcaption id=\"caption-attachment-11702\" class=\"wp-caption-text\">I ungdomen var \u00c5ke en omtyckt sk\u00e5despelare, det kan man l\u00e4sa i denna artikel av Lars Ax\u00e9n. \u00c5ke till h\u00f6ger f\u00f6rest\u00e4ller skr\u00e4ddarm\u00e4stare Amandus och Torsten Storhannus till v\u00e4nster \u00e5r pl\u00e5tslagarm\u00e4stare Rulle.<\/figcaption><\/figure>\n<figure id=\"attachment_2485\" aria-describedby=\"caption-attachment-2485\" style=\"width: 1497px\" class=\"wp-caption alignnone\"><img loading=\"lazy\" decoding=\"async\" class=\"size-full wp-image-2485\" src=\"http:\/\/www.lassebacklund.fi\/wp-content\/uploads\/2017\/01\/Staffan-Eva-Tommy-och-Lasse-med-\u00c5ke-tidigt-90-tal.jpg\" alt=\"\" width=\"1497\" height=\"930\" srcset=\"https:\/\/www.lassebacklund.fi\/wp-content\/uploads\/2017\/01\/Staffan-Eva-Tommy-och-Lasse-med-\u00c5ke-tidigt-90-tal.jpg 1497w, https:\/\/www.lassebacklund.fi\/wp-content\/uploads\/2017\/01\/Staffan-Eva-Tommy-och-Lasse-med-\u00c5ke-tidigt-90-tal-300x186.jpg 300w, https:\/\/www.lassebacklund.fi\/wp-content\/uploads\/2017\/01\/Staffan-Eva-Tommy-och-Lasse-med-\u00c5ke-tidigt-90-tal-768x477.jpg 768w, https:\/\/www.lassebacklund.fi\/wp-content\/uploads\/2017\/01\/Staffan-Eva-Tommy-och-Lasse-med-\u00c5ke-tidigt-90-tal-1024x636.jpg 1024w\" sizes=\"auto, (max-width: 1497px) 100vw, 1497px\" \/><figcaption id=\"caption-attachment-2485\" class=\"wp-caption-text\">Eva och Lasse med pojkarna i \u00c5kes b\u00e5t p\u00e5 90-talet. Foto Fjalar Rosengren.<\/figcaption><\/figure>\n<figure id=\"attachment_2407\" aria-describedby=\"caption-attachment-2407\" style=\"width: 1310px\" class=\"wp-caption alignnone\"><img loading=\"lazy\" decoding=\"async\" class=\"size-full wp-image-2407\" src=\"http:\/\/www.lassebacklund.fi\/wp-content\/uploads\/2017\/01\/21.jpg\" alt=\"\" width=\"1310\" height=\"428\" srcset=\"https:\/\/www.lassebacklund.fi\/wp-content\/uploads\/2017\/01\/21.jpg 1310w, https:\/\/www.lassebacklund.fi\/wp-content\/uploads\/2017\/01\/21-300x98.jpg 300w, https:\/\/www.lassebacklund.fi\/wp-content\/uploads\/2017\/01\/21-768x251.jpg 768w, https:\/\/www.lassebacklund.fi\/wp-content\/uploads\/2017\/01\/21-1024x335.jpg 1024w\" sizes=\"auto, (max-width: 1310px) 100vw, 1310px\" \/><figcaption id=\"caption-attachment-2407\" class=\"wp-caption-text\">\u00c5r 1948 b\u00f6rjade Emil och Ida Backlund att bygga ett nytt hus \u00e5t sig och sonen \u00c5ke 100 meter v\u00e4sterut fr\u00e5n huvudg\u00e5rden. Huset f\u00e4rdigst\u00e4lldes 1950 d\u00e5 de flyttade dit. Samtidigt byggdes ocks\u00e5 n\u00f6diga uthus med b\u00e5de stall och f\u00e4hus. N\u00e5gra kor skaffade de aldrig utan det satsades mera p\u00e5 potatisodling. P\u00e5 fotot till h\u00f6ger st\u00e5r \u00c5ke framf\u00f6r sin IFA hemma p\u00e5 g\u00e5rden.<\/figcaption><\/figure>\n<figure id=\"attachment_2412\" aria-describedby=\"caption-attachment-2412\" style=\"width: 1385px\" class=\"wp-caption alignnone\"><img loading=\"lazy\" decoding=\"async\" class=\"size-full wp-image-2412\" src=\"http:\/\/www.lassebacklund.fi\/wp-content\/uploads\/2017\/01\/26.jpg\" alt=\"\" width=\"1385\" height=\"632\" srcset=\"https:\/\/www.lassebacklund.fi\/wp-content\/uploads\/2017\/01\/26.jpg 1385w, https:\/\/www.lassebacklund.fi\/wp-content\/uploads\/2017\/01\/26-300x137.jpg 300w, https:\/\/www.lassebacklund.fi\/wp-content\/uploads\/2017\/01\/26-768x350.jpg 768w, https:\/\/www.lassebacklund.fi\/wp-content\/uploads\/2017\/01\/26-1024x467.jpg 1024w\" sizes=\"auto, (max-width: 1385px) 100vw, 1385px\" \/><figcaption id=\"caption-attachment-2412\" class=\"wp-caption-text\">P\u00e5 fotot till v\u00e4nster Ida p\u00e5 50-talet med barnbarnet Kurt p\u00e5 sparkaren.<\/figcaption><\/figure>\n<figure id=\"attachment_14618\" aria-describedby=\"caption-attachment-14618\" style=\"width: 1932px\" class=\"wp-caption alignnone\"><img loading=\"lazy\" decoding=\"async\" class=\"size-full wp-image-14618\" src=\"http:\/\/www.lassebacklund.fi\/wp-content\/uploads\/2019\/10\/IMG_7491.jpg\" alt=\"\" width=\"1932\" height=\"1816\" srcset=\"https:\/\/www.lassebacklund.fi\/wp-content\/uploads\/2019\/10\/IMG_7491.jpg 1932w, https:\/\/www.lassebacklund.fi\/wp-content\/uploads\/2019\/10\/IMG_7491-300x282.jpg 300w, https:\/\/www.lassebacklund.fi\/wp-content\/uploads\/2019\/10\/IMG_7491-768x722.jpg 768w, https:\/\/www.lassebacklund.fi\/wp-content\/uploads\/2019\/10\/IMG_7491-1024x963.jpg 1024w\" sizes=\"auto, (max-width: 1932px) 100vw, 1932px\" \/><figcaption id=\"caption-attachment-14618\" class=\"wp-caption-text\">John skottar sn\u00f6 p\u00e5 1960-talet framf\u00f6r lillstugan som syns till h\u00f6ger och den anv\u00e4ndes endast som snickarverkstad. I bakgrunden syns \u00c5kes g\u00e5rd, d\u00e4r ocks\u00e5 hans mor Ida bodde.<\/figcaption><\/figure>\n<figure id=\"attachment_14599\" aria-describedby=\"caption-attachment-14599\" style=\"width: 1710px\" class=\"wp-caption alignnone\"><img loading=\"lazy\" decoding=\"async\" class=\"size-full wp-image-14599\" src=\"http:\/\/www.lassebacklund.fi\/wp-content\/uploads\/2019\/10\/\u00c5ke-p\u00e5-revy.jpg\" alt=\"\" width=\"1710\" height=\"1116\" srcset=\"https:\/\/www.lassebacklund.fi\/wp-content\/uploads\/2019\/10\/\u00c5ke-p\u00e5-revy.jpg 1710w, https:\/\/www.lassebacklund.fi\/wp-content\/uploads\/2019\/10\/\u00c5ke-p\u00e5-revy-300x196.jpg 300w, https:\/\/www.lassebacklund.fi\/wp-content\/uploads\/2019\/10\/\u00c5ke-p\u00e5-revy-768x501.jpg 768w, https:\/\/www.lassebacklund.fi\/wp-content\/uploads\/2019\/10\/\u00c5ke-p\u00e5-revy-1024x668.jpg 1024w\" sizes=\"auto, (max-width: 1710px) 100vw, 1710px\" \/><figcaption id=\"caption-attachment-14599\" class=\"wp-caption-text\">\u00c5ke som st\u00e5r till h\u00f6ger deltog ofta i de revyer som Lappfj\u00e4rd Ungdomsf\u00f6rening ordnade p\u00e5 1950-talet.<\/figcaption><\/figure>\n<figure id=\"attachment_14596\" aria-describedby=\"caption-attachment-14596\" style=\"width: 1536px\" class=\"wp-caption alignnone\"><img loading=\"lazy\" decoding=\"async\" class=\"size-full wp-image-14596\" src=\"http:\/\/www.lassebacklund.fi\/wp-content\/uploads\/2019\/10\/\u00c5ke-med-stop.jpg\" alt=\"\" width=\"1536\" height=\"987\" srcset=\"https:\/\/www.lassebacklund.fi\/wp-content\/uploads\/2019\/10\/\u00c5ke-med-stop.jpg 1536w, https:\/\/www.lassebacklund.fi\/wp-content\/uploads\/2019\/10\/\u00c5ke-med-stop-300x193.jpg 300w, https:\/\/www.lassebacklund.fi\/wp-content\/uploads\/2019\/10\/\u00c5ke-med-stop-768x494.jpg 768w, https:\/\/www.lassebacklund.fi\/wp-content\/uploads\/2019\/10\/\u00c5ke-med-stop-1024x658.jpg 1024w\" sizes=\"auto, (max-width: 1536px) 100vw, 1536px\" \/><figcaption id=\"caption-attachment-14596\" class=\"wp-caption-text\">\u00c5ke Backlund i rollen som talman p\u00e5 ett silverbr\u00f6llop i Lappfj\u00e4rd.<\/figcaption><\/figure>\n<figure id=\"attachment_14600\" aria-describedby=\"caption-attachment-14600\" style=\"width: 825px\" class=\"wp-caption alignnone\"><img loading=\"lazy\" decoding=\"async\" class=\"size-full wp-image-14600\" src=\"http:\/\/www.lassebacklund.fi\/wp-content\/uploads\/2019\/10\/\u00c5ke-p\u00e5-trappan.jpg\" alt=\"\" width=\"825\" height=\"1290\" srcset=\"https:\/\/www.lassebacklund.fi\/wp-content\/uploads\/2019\/10\/\u00c5ke-p\u00e5-trappan.jpg 825w, https:\/\/www.lassebacklund.fi\/wp-content\/uploads\/2019\/10\/\u00c5ke-p\u00e5-trappan-192x300.jpg 192w, https:\/\/www.lassebacklund.fi\/wp-content\/uploads\/2019\/10\/\u00c5ke-p\u00e5-trappan-768x1201.jpg 768w, https:\/\/www.lassebacklund.fi\/wp-content\/uploads\/2019\/10\/\u00c5ke-p\u00e5-trappan-655x1024.jpg 655w\" sizes=\"auto, (max-width: 825px) 100vw, 825px\" \/><figcaption id=\"caption-attachment-14600\" class=\"wp-caption-text\">\u00c5ke p\u00e5 trappan med bl\u00e4nkande skor och med hatten p\u00e5 r\u00e4cket.<\/figcaption><\/figure>\n<figure id=\"attachment_2487\" aria-describedby=\"caption-attachment-2487\" style=\"width: 915px\" class=\"wp-caption alignnone\"><img loading=\"lazy\" decoding=\"async\" class=\"size-full wp-image-2487\" src=\"http:\/\/www.lassebacklund.fi\/wp-content\/uploads\/2017\/01\/tv\u00e5-h\u00e4star-p\u00e5-g\u00e5rden.jpg\" alt=\"\" width=\"915\" height=\"598\" srcset=\"https:\/\/www.lassebacklund.fi\/wp-content\/uploads\/2017\/01\/tv\u00e5-h\u00e4star-p\u00e5-g\u00e5rden.jpg 915w, https:\/\/www.lassebacklund.fi\/wp-content\/uploads\/2017\/01\/tv\u00e5-h\u00e4star-p\u00e5-g\u00e5rden-300x196.jpg 300w, https:\/\/www.lassebacklund.fi\/wp-content\/uploads\/2017\/01\/tv\u00e5-h\u00e4star-p\u00e5-g\u00e5rden-768x502.jpg 768w\" sizes=\"auto, (max-width: 915px) 100vw, 915px\" \/><figcaption id=\"caption-attachment-2487\" class=\"wp-caption-text\">Ragnar h\u00e5ller i t\u00f6mmarna p\u00e5 Linda till h\u00f6ger medan brodern \u00c5ke st\u00e5r p\u00e5 Puttes k\u00e4rra tillsammans med n\u00e5gra barn.<\/figcaption><\/figure>\n<figure id=\"attachment_2453\" aria-describedby=\"caption-attachment-2453\" style=\"width: 1202px\" class=\"wp-caption alignnone\"><img loading=\"lazy\" decoding=\"async\" class=\"size-full wp-image-2453\" src=\"http:\/\/www.lassebacklund.fi\/wp-content\/uploads\/2017\/01\/0006-nr-2.jpg\" alt=\"\" width=\"1202\" height=\"774\" srcset=\"https:\/\/www.lassebacklund.fi\/wp-content\/uploads\/2017\/01\/0006-nr-2.jpg 1202w, https:\/\/www.lassebacklund.fi\/wp-content\/uploads\/2017\/01\/0006-nr-2-300x193.jpg 300w, https:\/\/www.lassebacklund.fi\/wp-content\/uploads\/2017\/01\/0006-nr-2-768x495.jpg 768w, https:\/\/www.lassebacklund.fi\/wp-content\/uploads\/2017\/01\/0006-nr-2-1024x659.jpg 1024w\" sizes=\"auto, (max-width: 1202px) 100vw, 1202px\" \/><figcaption id=\"caption-attachment-2453\" class=\"wp-caption-text\">John och Kurt leker ryttare samtidigt som Per-Erik och \u00c5ke gallrar morotslanden bakom uthusen.<\/figcaption><\/figure>\n<figure id=\"attachment_14601\" aria-describedby=\"caption-attachment-14601\" style=\"width: 1011px\" class=\"wp-caption alignnone\"><img loading=\"lazy\" decoding=\"async\" class=\"size-full wp-image-14601\" src=\"http:\/\/www.lassebacklund.fi\/wp-content\/uploads\/2019\/10\/\u00c5ke-sjunger-p\u00e5-Jennys-50-\u00e5rskalas.jpg\" alt=\"\" width=\"1011\" height=\"959\" srcset=\"https:\/\/www.lassebacklund.fi\/wp-content\/uploads\/2019\/10\/\u00c5ke-sjunger-p\u00e5-Jennys-50-\u00e5rskalas.jpg 1011w, https:\/\/www.lassebacklund.fi\/wp-content\/uploads\/2019\/10\/\u00c5ke-sjunger-p\u00e5-Jennys-50-\u00e5rskalas-300x285.jpg 300w, https:\/\/www.lassebacklund.fi\/wp-content\/uploads\/2019\/10\/\u00c5ke-sjunger-p\u00e5-Jennys-50-\u00e5rskalas-768x728.jpg 768w\" sizes=\"auto, (max-width: 1011px) 100vw, 1011px\" \/><figcaption id=\"caption-attachment-14601\" class=\"wp-caption-text\">\u00c5ke underh\u00e5ller ett av Ragnars barnbarn p\u00e5 Jennys 50-\u00e5rs kalas.<\/figcaption><\/figure>\n<figure id=\"attachment_14602\" aria-describedby=\"caption-attachment-14602\" style=\"width: 1497px\" class=\"wp-caption alignnone\"><img loading=\"lazy\" decoding=\"async\" class=\"size-full wp-image-14602\" src=\"http:\/\/www.lassebacklund.fi\/wp-content\/uploads\/2019\/10\/\u00c5ke-vid-villan-vid-Svissk\u00e4rsviken.jpg\" alt=\"\" width=\"1497\" height=\"1030\" srcset=\"https:\/\/www.lassebacklund.fi\/wp-content\/uploads\/2019\/10\/\u00c5ke-vid-villan-vid-Svissk\u00e4rsviken.jpg 1497w, https:\/\/www.lassebacklund.fi\/wp-content\/uploads\/2019\/10\/\u00c5ke-vid-villan-vid-Svissk\u00e4rsviken-300x206.jpg 300w, https:\/\/www.lassebacklund.fi\/wp-content\/uploads\/2019\/10\/\u00c5ke-vid-villan-vid-Svissk\u00e4rsviken-768x528.jpg 768w, https:\/\/www.lassebacklund.fi\/wp-content\/uploads\/2019\/10\/\u00c5ke-vid-villan-vid-Svissk\u00e4rsviken-1024x705.jpg 1024w\" sizes=\"auto, (max-width: 1497px) 100vw, 1497px\" \/><figcaption id=\"caption-attachment-14602\" class=\"wp-caption-text\">Redan i unga \u00e5r byggde \u00c5ke en sommarstuga i Svissk\u00e4ret. P\u00e5 samma tomt hade det byggts segelfartyg i tiderna just d\u00e4r \u00c5ke st\u00e5r.<\/figcaption><\/figure>\n<figure id=\"attachment_14589\" aria-describedby=\"caption-attachment-14589\" style=\"width: 994px\" class=\"wp-caption alignnone\"><img loading=\"lazy\" decoding=\"async\" class=\"size-full wp-image-14589\" src=\"http:\/\/www.lassebacklund.fi\/wp-content\/uploads\/2019\/10\/\u00c5ke-50-\u00e5r-Per-Erik-Jenny-John-Ragnar-\u00c5ke-Eva-tvillingarna-och-Thea.jpg\" alt=\"\" width=\"994\" height=\"915\" srcset=\"https:\/\/www.lassebacklund.fi\/wp-content\/uploads\/2019\/10\/\u00c5ke-50-\u00e5r-Per-Erik-Jenny-John-Ragnar-\u00c5ke-Eva-tvillingarna-och-Thea.jpg 994w, https:\/\/www.lassebacklund.fi\/wp-content\/uploads\/2019\/10\/\u00c5ke-50-\u00e5r-Per-Erik-Jenny-John-Ragnar-\u00c5ke-Eva-tvillingarna-och-Thea-300x276.jpg 300w, https:\/\/www.lassebacklund.fi\/wp-content\/uploads\/2019\/10\/\u00c5ke-50-\u00e5r-Per-Erik-Jenny-John-Ragnar-\u00c5ke-Eva-tvillingarna-och-Thea-768x707.jpg 768w\" sizes=\"auto, (max-width: 994px) 100vw, 994px\" \/><figcaption id=\"caption-attachment-14589\" class=\"wp-caption-text\">D\u00e5 \u00c5ke fyllde 50 \u00e5r s\u00e5 st\u00e4lldes det till kalas i granng\u00e5rden. Fr\u00e5n v\u00e4nster Per-Erik, Jenny, John lite skymd, Ragnar och mitt i bild \u00c5ke. F\u00f6ljande \u00e4r Eva Lindb\u00e4ck och framf\u00f6r henne Per-Eriks tvillingflickor, Kurt \u00e4r lite skymd och l\u00e4ngst till h\u00f6ger Thea Backlund.<\/figcaption><\/figure>\n<figure id=\"attachment_14594\" aria-describedby=\"caption-attachment-14594\" style=\"width: 1070px\" class=\"wp-caption alignnone\"><img loading=\"lazy\" decoding=\"async\" class=\"size-full wp-image-14594\" src=\"http:\/\/www.lassebacklund.fi\/wp-content\/uploads\/2019\/10\/\u00c5ke-med-Anka-och-Milla-i-famnen.jpg\" alt=\"\" width=\"1070\" height=\"1496\" srcset=\"https:\/\/www.lassebacklund.fi\/wp-content\/uploads\/2019\/10\/\u00c5ke-med-Anka-och-Milla-i-famnen.jpg 1070w, https:\/\/www.lassebacklund.fi\/wp-content\/uploads\/2019\/10\/\u00c5ke-med-Anka-och-Milla-i-famnen-215x300.jpg 215w, https:\/\/www.lassebacklund.fi\/wp-content\/uploads\/2019\/10\/\u00c5ke-med-Anka-och-Milla-i-famnen-768x1074.jpg 768w, https:\/\/www.lassebacklund.fi\/wp-content\/uploads\/2019\/10\/\u00c5ke-med-Anka-och-Milla-i-famnen-732x1024.jpg 732w\" sizes=\"auto, (max-width: 1070px) 100vw, 1070px\" \/><figcaption id=\"caption-attachment-14594\" class=\"wp-caption-text\">Tvillingflickorna tycker tydligen att \u00c5ke luktar illa, kanske p\u00e5 grund av snapsglasen p\u00e5 bordet.<\/figcaption><\/figure>\n<figure id=\"attachment_14595\" aria-describedby=\"caption-attachment-14595\" style=\"width: 3840px\" class=\"wp-caption alignnone\"><img loading=\"lazy\" decoding=\"async\" class=\"size-full wp-image-14595\" src=\"http:\/\/www.lassebacklund.fi\/wp-content\/uploads\/2019\/10\/\u00c5ke-med-Bonzo.jpg\" alt=\"\" width=\"3840\" height=\"2160\" srcset=\"https:\/\/www.lassebacklund.fi\/wp-content\/uploads\/2019\/10\/\u00c5ke-med-Bonzo.jpg 3840w, https:\/\/www.lassebacklund.fi\/wp-content\/uploads\/2019\/10\/\u00c5ke-med-Bonzo-300x169.jpg 300w, https:\/\/www.lassebacklund.fi\/wp-content\/uploads\/2019\/10\/\u00c5ke-med-Bonzo-768x432.jpg 768w, https:\/\/www.lassebacklund.fi\/wp-content\/uploads\/2019\/10\/\u00c5ke-med-Bonzo-1024x576.jpg 1024w\" sizes=\"auto, (max-width: 3840px) 100vw, 3840px\" \/><figcaption id=\"caption-attachment-14595\" class=\"wp-caption-text\">\u00c5ke sitter bekv\u00e4mt med Bonzo i famnen.<\/figcaption><\/figure>\n<figure id=\"attachment_14597\" aria-describedby=\"caption-attachment-14597\" style=\"width: 1628px\" class=\"wp-caption alignnone\"><img loading=\"lazy\" decoding=\"async\" class=\"size-full wp-image-14597\" src=\"http:\/\/www.lassebacklund.fi\/wp-content\/uploads\/2019\/10\/\u00c5ke-o-farmor-p\u00e5-bes\u00f6k.jpg\" alt=\"\" width=\"1628\" height=\"1370\" srcset=\"https:\/\/www.lassebacklund.fi\/wp-content\/uploads\/2019\/10\/\u00c5ke-o-farmor-p\u00e5-bes\u00f6k.jpg 1628w, https:\/\/www.lassebacklund.fi\/wp-content\/uploads\/2019\/10\/\u00c5ke-o-farmor-p\u00e5-bes\u00f6k-300x252.jpg 300w, https:\/\/www.lassebacklund.fi\/wp-content\/uploads\/2019\/10\/\u00c5ke-o-farmor-p\u00e5-bes\u00f6k-768x646.jpg 768w, https:\/\/www.lassebacklund.fi\/wp-content\/uploads\/2019\/10\/\u00c5ke-o-farmor-p\u00e5-bes\u00f6k-1024x862.jpg 1024w\" sizes=\"auto, (max-width: 1628px) 100vw, 1628px\" \/><figcaption id=\"caption-attachment-14597\" class=\"wp-caption-text\">\u00c5ke Backlund med sv\u00e4gerskan Jenny p\u00e5 bes\u00f6k hos Staffan med f\u00f6rsta sonen i famnen.<\/figcaption><\/figure>\n<figure id=\"attachment_14585\" aria-describedby=\"caption-attachment-14585\" style=\"width: 1584px\" class=\"wp-caption alignnone\"><img loading=\"lazy\" decoding=\"async\" class=\"size-full wp-image-14585\" src=\"http:\/\/www.lassebacklund.fi\/wp-content\/uploads\/2019\/10\/Backlund-\u00c5ke.jpg\" alt=\"\" width=\"1584\" height=\"909\" srcset=\"https:\/\/www.lassebacklund.fi\/wp-content\/uploads\/2019\/10\/Backlund-\u00c5ke.jpg 1584w, https:\/\/www.lassebacklund.fi\/wp-content\/uploads\/2019\/10\/Backlund-\u00c5ke-300x172.jpg 300w, https:\/\/www.lassebacklund.fi\/wp-content\/uploads\/2019\/10\/Backlund-\u00c5ke-768x441.jpg 768w, https:\/\/www.lassebacklund.fi\/wp-content\/uploads\/2019\/10\/Backlund-\u00c5ke-1024x588.jpg 1024w\" sizes=\"auto, (max-width: 1584px) 100vw, 1584px\" \/><figcaption id=\"caption-attachment-14585\" class=\"wp-caption-text\">\u00c5kes g\u00e5rd fotograferad fr\u00e5n s\u00f6der \u00e5r 2003. Till h\u00f6ger skymtar den torkria som \u00c5ke byggde p\u00e5 1960-talet. D\u00e4r fanns en varmlufttork som var i bruk i flera \u00e5r men byggnaden anv\u00e4nds numera som f\u00f6rr\u00e5d.<\/figcaption><\/figure>\n<figure id=\"attachment_14584\" aria-describedby=\"caption-attachment-14584\" style=\"width: 1600px\" class=\"wp-caption alignnone\"><img loading=\"lazy\" decoding=\"async\" class=\"size-full wp-image-14584\" src=\"http:\/\/www.lassebacklund.fi\/wp-content\/uploads\/2019\/10\/Backlund-\u00c5ke-2.jpg\" alt=\"\" width=\"1600\" height=\"1200\" srcset=\"https:\/\/www.lassebacklund.fi\/wp-content\/uploads\/2019\/10\/Backlund-\u00c5ke-2.jpg 1600w, https:\/\/www.lassebacklund.fi\/wp-content\/uploads\/2019\/10\/Backlund-\u00c5ke-2-300x225.jpg 300w, https:\/\/www.lassebacklund.fi\/wp-content\/uploads\/2019\/10\/Backlund-\u00c5ke-2-768x576.jpg 768w, https:\/\/www.lassebacklund.fi\/wp-content\/uploads\/2019\/10\/Backlund-\u00c5ke-2-1024x768.jpg 1024w\" sizes=\"auto, (max-width: 1600px) 100vw, 1600px\" \/><figcaption id=\"caption-attachment-14584\" class=\"wp-caption-text\">\u00c5ke Backlunds g\u00e5rd fotograferad fr\u00e5n \u00f6ster.<\/figcaption><\/figure>\n<figure id=\"attachment_14607\" aria-describedby=\"caption-attachment-14607\" style=\"width: 1116px\" class=\"wp-caption alignnone\"><img loading=\"lazy\" decoding=\"async\" class=\"size-full wp-image-14607\" src=\"http:\/\/www.lassebacklund.fi\/wp-content\/uploads\/2019\/10\/Kniv-framsida.jpg\" alt=\"\" width=\"1116\" height=\"1135\" srcset=\"https:\/\/www.lassebacklund.fi\/wp-content\/uploads\/2019\/10\/Kniv-framsida.jpg 1116w, https:\/\/www.lassebacklund.fi\/wp-content\/uploads\/2019\/10\/Kniv-framsida-295x300.jpg 295w, https:\/\/www.lassebacklund.fi\/wp-content\/uploads\/2019\/10\/Kniv-framsida-768x781.jpg 768w, https:\/\/www.lassebacklund.fi\/wp-content\/uploads\/2019\/10\/Kniv-framsida-1007x1024.jpg 1007w\" sizes=\"auto, (max-width: 1116px) 100vw, 1116px\" \/><figcaption id=\"caption-attachment-14607\" class=\"wp-caption-text\">Eskil Backlund som under kriget vistades i Svir tillverkade \u00e5r 1942 denna &#8221;knivtopp&#8221; \u00e5t sin lillebror \u00c5ke. Den \u00e4r gjord av ett nedskjuten ryskt flygplan och p\u00e5 framsidan finns Finlands vapen och texten &#8221;\u00c5ke&#8221;. P\u00e5 baksidan finns en text &#8221;Minne av Eskil 1942&#8221; och l\u00e4ngre ned texten &#8221;Svir&#8221;.<\/figcaption><\/figure>\n<figure id=\"attachment_14593\" aria-describedby=\"caption-attachment-14593\" style=\"width: 2510px\" class=\"wp-caption alignnone\"><img loading=\"lazy\" decoding=\"async\" class=\"size-full wp-image-14593\" src=\"http:\/\/www.lassebacklund.fi\/wp-content\/uploads\/2019\/10\/\u00c5ke-i-b\u00e5t.jpg\" alt=\"\" width=\"2510\" height=\"1469\" srcset=\"https:\/\/www.lassebacklund.fi\/wp-content\/uploads\/2019\/10\/\u00c5ke-i-b\u00e5t.jpg 2510w, https:\/\/www.lassebacklund.fi\/wp-content\/uploads\/2019\/10\/\u00c5ke-i-b\u00e5t-300x176.jpg 300w, https:\/\/www.lassebacklund.fi\/wp-content\/uploads\/2019\/10\/\u00c5ke-i-b\u00e5t-768x449.jpg 768w, https:\/\/www.lassebacklund.fi\/wp-content\/uploads\/2019\/10\/\u00c5ke-i-b\u00e5t-1024x599.jpg 1024w\" sizes=\"auto, (max-width: 2510px) 100vw, 2510px\" \/><figcaption id=\"caption-attachment-14593\" class=\"wp-caption-text\">\u00c5ke trivdes p\u00e5 havet och otaliga \u00e4r de fiskar som han dragit upp. Han anv\u00e4nde aldrig flytv\u00e4st, trots att han gjorde l\u00e5nga f\u00e4rder. Han brukade s\u00e4ga att det bara f\u00f6rl\u00e4nger pinan att anv\u00e4nda flytv\u00e4st.<\/figcaption><\/figure>\n<figure id=\"attachment_2410\" aria-describedby=\"caption-attachment-2410\" style=\"width: 1272px\" class=\"wp-caption alignnone\"><img loading=\"lazy\" decoding=\"async\" class=\"size-full wp-image-2410\" src=\"http:\/\/www.lassebacklund.fi\/wp-content\/uploads\/2017\/01\/24.jpg\" alt=\"\" width=\"1272\" height=\"620\" srcset=\"https:\/\/www.lassebacklund.fi\/wp-content\/uploads\/2017\/01\/24.jpg 1272w, https:\/\/www.lassebacklund.fi\/wp-content\/uploads\/2017\/01\/24-300x146.jpg 300w, https:\/\/www.lassebacklund.fi\/wp-content\/uploads\/2017\/01\/24-768x374.jpg 768w, https:\/\/www.lassebacklund.fi\/wp-content\/uploads\/2017\/01\/24-1024x499.jpg 1024w\" sizes=\"auto, (max-width: 1272px) 100vw, 1272px\" \/><figcaption id=\"caption-attachment-2410\" class=\"wp-caption-text\">Villan till h\u00f6ger byggde \u00c5ke p\u00e5 50-talet och bastubyggnaden till v\u00e4nster l\u00e5ngt senare. H\u00e4r vistades han ofta och l\u00e4nge.<\/figcaption><\/figure>\n<figure id=\"attachment_2489\" aria-describedby=\"caption-attachment-2489\" style=\"width: 3072px\" class=\"wp-caption alignnone\"><img loading=\"lazy\" decoding=\"async\" class=\"size-full wp-image-2489\" src=\"http:\/\/www.lassebacklund.fi\/wp-content\/uploads\/2017\/01\/\u00c5ke-med-Bonzo.jpg\" alt=\"\" width=\"3072\" height=\"2304\" srcset=\"https:\/\/www.lassebacklund.fi\/wp-content\/uploads\/2017\/01\/\u00c5ke-med-Bonzo.jpg 3072w, https:\/\/www.lassebacklund.fi\/wp-content\/uploads\/2017\/01\/\u00c5ke-med-Bonzo-300x225.jpg 300w, https:\/\/www.lassebacklund.fi\/wp-content\/uploads\/2017\/01\/\u00c5ke-med-Bonzo-768x576.jpg 768w, https:\/\/www.lassebacklund.fi\/wp-content\/uploads\/2017\/01\/\u00c5ke-med-Bonzo-1024x768.jpg 1024w\" sizes=\"auto, (max-width: 3072px) 100vw, 3072px\" \/><figcaption id=\"caption-attachment-2489\" class=\"wp-caption-text\">\u00c5ke Backlund med grannens hund Bonzo \u00e5r 2008.<\/figcaption><\/figure>\n<figure id=\"attachment_14605\" aria-describedby=\"caption-attachment-14605\" style=\"width: 1224px\" class=\"wp-caption alignnone\"><img loading=\"lazy\" decoding=\"async\" class=\"size-full wp-image-14605\" src=\"http:\/\/www.lassebacklund.fi\/wp-content\/uploads\/2019\/10\/\u00c5kes-sista-foto.jpg\" alt=\"\" width=\"1224\" height=\"1632\" srcset=\"https:\/\/www.lassebacklund.fi\/wp-content\/uploads\/2019\/10\/\u00c5kes-sista-foto.jpg 1224w, https:\/\/www.lassebacklund.fi\/wp-content\/uploads\/2019\/10\/\u00c5kes-sista-foto-225x300.jpg 225w, https:\/\/www.lassebacklund.fi\/wp-content\/uploads\/2019\/10\/\u00c5kes-sista-foto-768x1024.jpg 768w\" sizes=\"auto, (max-width: 1224px) 100vw, 1224px\" \/><figcaption id=\"caption-attachment-14605\" class=\"wp-caption-text\">\u00c5ke Backlund i augusti 2010, samma \u00e5r som han dog.<\/figcaption><\/figure>\n<figure id=\"attachment_14592\" aria-describedby=\"caption-attachment-14592\" style=\"width: 720px\" class=\"wp-caption alignnone\"><img loading=\"lazy\" decoding=\"async\" class=\"size-full wp-image-14592\" src=\"http:\/\/www.lassebacklund.fi\/wp-content\/uploads\/2019\/10\/\u00c5ke-bland-de-stora-tallarna-i-L\u00e5ngfors-\u00e5r-2010.jpg\" alt=\"\" width=\"720\" height=\"540\" srcset=\"https:\/\/www.lassebacklund.fi\/wp-content\/uploads\/2019\/10\/\u00c5ke-bland-de-stora-tallarna-i-L\u00e5ngfors-\u00e5r-2010.jpg 720w, https:\/\/www.lassebacklund.fi\/wp-content\/uploads\/2019\/10\/\u00c5ke-bland-de-stora-tallarna-i-L\u00e5ngfors-\u00e5r-2010-300x225.jpg 300w\" sizes=\"auto, (max-width: 720px) 100vw, 720px\" \/><figcaption id=\"caption-attachment-14592\" class=\"wp-caption-text\">Skogen var \u00c5kes stora intresse och d\u00e4r tillbringade han m\u00e5nga timmar med att stamkvista tallarna. De h\u00e4r tv\u00e5 j\u00e4ttetallarna fanns i L\u00e5ngfors, som ligger n\u00e4ra Friivelas. Tallarna var fredade men det k\u00e4nde \u00e5skguden Tor inte till utan med en blixt s\u00e5 f\u00e4llde han den ena tallen under ett v\u00e4rre \u00e5skv\u00e4der.<\/figcaption><\/figure>\n<figure id=\"attachment_14588\" aria-describedby=\"caption-attachment-14588\" style=\"width: 1200px\" class=\"wp-caption alignnone\"><img loading=\"lazy\" decoding=\"async\" class=\"size-full wp-image-14588\" src=\"http:\/\/www.lassebacklund.fi\/wp-content\/uploads\/2019\/10\/Gammel-farbror-\u00c5ke-Backlund-i-soffan.jpg\" alt=\"\" width=\"1200\" height=\"1600\" srcset=\"https:\/\/www.lassebacklund.fi\/wp-content\/uploads\/2019\/10\/Gammel-farbror-\u00c5ke-Backlund-i-soffan.jpg 1200w, https:\/\/www.lassebacklund.fi\/wp-content\/uploads\/2019\/10\/Gammel-farbror-\u00c5ke-Backlund-i-soffan-225x300.jpg 225w, https:\/\/www.lassebacklund.fi\/wp-content\/uploads\/2019\/10\/Gammel-farbror-\u00c5ke-Backlund-i-soffan-768x1024.jpg 768w\" sizes=\"auto, (max-width: 1200px) 100vw, 1200px\" \/><figcaption id=\"caption-attachment-14588\" class=\"wp-caption-text\">\u00c5ke Backlund sitter bekv\u00e4mt i en l\u00e4nstol hos brorsonen Kurt. I de ovala fotoramarna bakom \u00c5ke syns Kerttu och Esko Jylli.<\/figcaption><\/figure>\n<figure id=\"attachment_8647\" aria-describedby=\"caption-attachment-8647\" style=\"width: 479px\" class=\"wp-caption alignnone\"><img loading=\"lazy\" decoding=\"async\" class=\"size-full wp-image-8647\" src=\"http:\/\/www.lassebacklund.fi\/wp-content\/uploads\/2018\/06\/Lappfj\u00e4rds-gr\u00f6nsaker-potatisp\u00e5se.jpg\" alt=\"\" width=\"479\" height=\"640\" srcset=\"https:\/\/www.lassebacklund.fi\/wp-content\/uploads\/2018\/06\/Lappfj\u00e4rds-gr\u00f6nsaker-potatisp\u00e5se.jpg 479w, https:\/\/www.lassebacklund.fi\/wp-content\/uploads\/2018\/06\/Lappfj\u00e4rds-gr\u00f6nsaker-potatisp\u00e5se-225x300.jpg 225w\" sizes=\"auto, (max-width: 479px) 100vw, 479px\" \/><figcaption id=\"caption-attachment-8647\" class=\"wp-caption-text\">\u00c5ke Backlund som var en av grundarna av Ab Lappfj\u00e4rds Potatis \u00e5r 1966, grundade n\u00e5gra \u00e5r senare det egna f\u00f6retaget Lappfj\u00e4rds Gr\u00f6nsaker &#8211; Lapv\u00e4\u00e4rtin Vihannes. F\u00f6retaget verkade i egna utrymmen p\u00e5 hemg\u00e5rden och som mest omsatte f\u00f6retaget \u00f6ver en miljon kg, vilket den tiden var en stor m\u00e4ngd. Potatisen s\u00e5ldes i 40 kg tygs\u00e4ckar eller i p\u00e5sar om 2,5 kg till uppk\u00f6pare i Helsingfors och \u00c5bo.<\/figcaption><\/figure>\n<figure id=\"attachment_14617\" aria-describedby=\"caption-attachment-14617\" style=\"width: 431px\" class=\"wp-caption alignnone\"><img loading=\"lazy\" decoding=\"async\" class=\" wp-image-14617\" src=\"http:\/\/www.lassebacklund.fi\/wp-content\/uploads\/2019\/10\/Backlund-\u00c5ke-5.jpg\" alt=\"\" width=\"431\" height=\"561\" srcset=\"https:\/\/www.lassebacklund.fi\/wp-content\/uploads\/2019\/10\/Backlund-\u00c5ke-5.jpg 1187w, https:\/\/www.lassebacklund.fi\/wp-content\/uploads\/2019\/10\/Backlund-\u00c5ke-5-231x300.jpg 231w, https:\/\/www.lassebacklund.fi\/wp-content\/uploads\/2019\/10\/Backlund-\u00c5ke-5-768x998.jpg 768w, https:\/\/www.lassebacklund.fi\/wp-content\/uploads\/2019\/10\/Backlund-\u00c5ke-5-788x1024.jpg 788w\" sizes=\"auto, (max-width: 431px) 100vw, 431px\" \/><figcaption id=\"caption-attachment-14617\" class=\"wp-caption-text\">\u00c5ke Backlund (1927-2010).<\/figcaption><\/figure>\n<figure id=\"attachment_14587\" aria-describedby=\"caption-attachment-14587\" style=\"width: 2304px\" class=\"wp-caption alignnone\"><img loading=\"lazy\" decoding=\"async\" class=\"size-full wp-image-14587\" src=\"http:\/\/www.lassebacklund.fi\/wp-content\/uploads\/2019\/10\/Backlund-\u00c5keas-2019-3.jpg\" alt=\"\" width=\"2304\" height=\"1704\" srcset=\"https:\/\/www.lassebacklund.fi\/wp-content\/uploads\/2019\/10\/Backlund-\u00c5keas-2019-3.jpg 2304w, https:\/\/www.lassebacklund.fi\/wp-content\/uploads\/2019\/10\/Backlund-\u00c5keas-2019-3-300x222.jpg 300w, https:\/\/www.lassebacklund.fi\/wp-content\/uploads\/2019\/10\/Backlund-\u00c5keas-2019-3-768x568.jpg 768w, https:\/\/www.lassebacklund.fi\/wp-content\/uploads\/2019\/10\/Backlund-\u00c5keas-2019-3-1024x757.jpg 1024w\" sizes=\"auto, (max-width: 2304px) 100vw, 2304px\" \/><figcaption id=\"caption-attachment-14587\" class=\"wp-caption-text\">Torkrian som \u00c5ke byggde f\u00f6r \u00e5tskilliga \u00e5r sedan n\u00e4ra \u00e5n st\u00e5r fortfarande kvar och anv\u00e4nds i dag som f\u00f6rr\u00e5d.<\/figcaption><\/figure>\n<figure id=\"attachment_7218\" aria-describedby=\"caption-attachment-7218\" style=\"width: 1726px\" class=\"wp-caption alignnone\"><img loading=\"lazy\" decoding=\"async\" class=\"size-full wp-image-7218\" src=\"http:\/\/www.lassebacklund.fi\/wp-content\/uploads\/2018\/01\/Flygfoto-Backlundas-Peruna-Nylundas-Nelsonas.jpg\" alt=\"\" width=\"1726\" height=\"1215\" srcset=\"https:\/\/www.lassebacklund.fi\/wp-content\/uploads\/2018\/01\/Flygfoto-Backlundas-Peruna-Nylundas-Nelsonas.jpg 1726w, https:\/\/www.lassebacklund.fi\/wp-content\/uploads\/2018\/01\/Flygfoto-Backlundas-Peruna-Nylundas-Nelsonas-300x211.jpg 300w, https:\/\/www.lassebacklund.fi\/wp-content\/uploads\/2018\/01\/Flygfoto-Backlundas-Peruna-Nylundas-Nelsonas-768x541.jpg 768w, https:\/\/www.lassebacklund.fi\/wp-content\/uploads\/2018\/01\/Flygfoto-Backlundas-Peruna-Nylundas-Nelsonas-1024x721.jpg 1024w\" sizes=\"auto, (max-width: 1726px) 100vw, 1726px\" \/><figcaption id=\"caption-attachment-7218\" class=\"wp-caption-text\">P\u00e5 flygfotot fr\u00e5n \u00e5r 1972 syns Backlundas gamla g\u00e5rd till v\u00e4nster p\u00e5 A-sidon och n\u00e4stan mitt i bild syns \u00c5kes g\u00e5rd och den f\u00f6rpackningshall som han byggde i b\u00f6rjan av 1970-talet..<\/figcaption><\/figure>\n<figure id=\"attachment_2414\" aria-describedby=\"caption-attachment-2414\" style=\"width: 963px\" class=\"wp-caption alignnone\"><img loading=\"lazy\" decoding=\"async\" class=\"size-full wp-image-2414\" src=\"http:\/\/www.lassebacklund.fi\/wp-content\/uploads\/2017\/01\/28.jpg\" alt=\"\" width=\"963\" height=\"308\" srcset=\"https:\/\/www.lassebacklund.fi\/wp-content\/uploads\/2017\/01\/28.jpg 963w, https:\/\/www.lassebacklund.fi\/wp-content\/uploads\/2017\/01\/28-300x96.jpg 300w, https:\/\/www.lassebacklund.fi\/wp-content\/uploads\/2017\/01\/28-768x246.jpg 768w\" sizes=\"auto, (max-width: 963px) 100vw, 963px\" \/><figcaption id=\"caption-attachment-2414\" class=\"wp-caption-text\">Under \u00e5ren 1950-1953 var Lappfj\u00e4rds Sparbanks kontor i Dagsmark inhyst i \u00c5ke Backlunds g\u00e5rd och sk\u00f6ttes av Emil, Ida och \u00c5ke. Kontoret flyttade sedan till \u201dK\u00e5rk\u201d Frans Eklunds g\u00e5rd, till den lokal d\u00e4r Elvira hade haft sitt kaf\u00e9. Notera de korta \u00f6ppeth\u00e5llningstiderna. Foto: Kurt Backlund.<\/figcaption><\/figure>\n<figure id=\"attachment_14701\" aria-describedby=\"caption-attachment-14701\" style=\"width: 4000px\" class=\"wp-caption alignnone\"><img loading=\"lazy\" decoding=\"async\" class=\"size-full wp-image-14701\" src=\"http:\/\/www.lassebacklund.fi\/wp-content\/uploads\/2019\/10\/IMG_8210.jpg\" alt=\"\" width=\"4000\" height=\"3000\" srcset=\"https:\/\/www.lassebacklund.fi\/wp-content\/uploads\/2019\/10\/IMG_8210.jpg 4000w, https:\/\/www.lassebacklund.fi\/wp-content\/uploads\/2019\/10\/IMG_8210-300x225.jpg 300w, https:\/\/www.lassebacklund.fi\/wp-content\/uploads\/2019\/10\/IMG_8210-768x576.jpg 768w, https:\/\/www.lassebacklund.fi\/wp-content\/uploads\/2019\/10\/IMG_8210-1024x768.jpg 1024w\" sizes=\"auto, (max-width: 4000px) 100vw, 4000px\" \/><figcaption id=\"caption-attachment-14701\" class=\"wp-caption-text\">\u00c5kes g\u00e5rd fotograferad fr\u00e5n daghemmets lekplats p\u00e5 andra sidan \u00e5n.<\/figcaption><\/figure>\n<figure id=\"attachment_20074\" aria-describedby=\"caption-attachment-20074\" style=\"width: 2016px\" class=\"wp-caption alignnone\"><img loading=\"lazy\" decoding=\"async\" class=\"size-full wp-image-20074\" src=\"https:\/\/www.lassebacklund.fi\/wp-content\/uploads\/2021\/03\/Ake-i-Forsakringsforeningen.jpg\" alt=\"\" width=\"2016\" height=\"1394\" srcset=\"https:\/\/www.lassebacklund.fi\/wp-content\/uploads\/2021\/03\/Ake-i-Forsakringsforeningen.jpg 2016w, https:\/\/www.lassebacklund.fi\/wp-content\/uploads\/2021\/03\/Ake-i-Forsakringsforeningen-300x207.jpg 300w, https:\/\/www.lassebacklund.fi\/wp-content\/uploads\/2021\/03\/Ake-i-Forsakringsforeningen-1024x708.jpg 1024w, https:\/\/www.lassebacklund.fi\/wp-content\/uploads\/2021\/03\/Ake-i-Forsakringsforeningen-768x531.jpg 768w, https:\/\/www.lassebacklund.fi\/wp-content\/uploads\/2021\/03\/Ake-i-Forsakringsforeningen-1536x1062.jpg 1536w\" sizes=\"auto, (max-width: 2016px) 100vw, 2016px\" \/><figcaption id=\"caption-attachment-20074\" class=\"wp-caption-text\">Under en l\u00e5ng tid satt \u00c5ke Backlund i styrelsen f\u00f6r Kristinestads F\u00f6rs\u00e4kringsf\u00f6rening. \u00c5r 1975 d\u00e5 f\u00f6reningen fyllde 100 \u00e5r togs denna bild, nere fr\u00e5n v\u00e4nster Axel Uppstu, f\u00f6ljande \u00e4r ordf\u00f6randen Karl Kronman och bredvid honom Aarre Sillanp\u00e4\u00e4. I \u00f6vre raden fr\u00e5n v\u00e4nster Helge Holm, \u00c5ke Backlund, Tor-Erik Bergvik och Johan Lindqvist.<\/figcaption><\/figure>\n<figure id=\"attachment_22108\" aria-describedby=\"caption-attachment-22108\" style=\"width: 670px\" class=\"wp-caption alignnone\"><img loading=\"lazy\" decoding=\"async\" class=\"size-full wp-image-22108\" src=\"https:\/\/www.lassebacklund.fi\/wp-content\/uploads\/2023\/06\/1977-april-Forsakringsforeningen-i-Kristinestad.jpg\" alt=\"\" width=\"670\" height=\"414\" srcset=\"https:\/\/www.lassebacklund.fi\/wp-content\/uploads\/2023\/06\/1977-april-Forsakringsforeningen-i-Kristinestad.jpg 670w, https:\/\/www.lassebacklund.fi\/wp-content\/uploads\/2023\/06\/1977-april-Forsakringsforeningen-i-Kristinestad-300x185.jpg 300w\" sizes=\"auto, (max-width: 670px) 100vw, 670px\" \/><figcaption id=\"caption-attachment-22108\" class=\"wp-caption-text\">I flera \u00e5r satt \u00c5ke med i F\u00f6rs\u00e4kringsf\u00f6reningens styrelse. P\u00e5 \u00e5rsst\u00e4mman i april 1977 sitter han med de andra medlemmarna och beundrar de fina utvecklingssiffrorna som f\u00f6reningen kunde uppvisa. Bilden fr\u00e5n Syd-\u00d6sterbotten.<\/figcaption><\/figure>\n","protected":false},"excerpt":{"rendered":"<p>Sammanst\u00e4llt av Lasse Backlund i oktober 2019. Den h\u00e4r g\u00e5rden b\u00f6rjade byggas \u00e5r 1948 av Emil (1894-1951) och Ida (1894-1977) Backlund men den blev f\u00e4rdig f\u00f6rst 1950. De hade tidigare bott i huvudbyggnaden som l\u00e5g 100 meter mot nordost men <a class=\"more-link\" href=\"https:\/\/www.lassebacklund.fi\/?page_id=14608\">Forts\u00e4tt l\u00e4sa <span class=\"screen-reader-text\">  \u00c5ke Backlunds g\u00e5rd p\u00e5 Sunnantillv\u00e4gen 23<\/span><span class=\"meta-nav\">&rarr;<\/span><\/a><\/p>\n","protected":false},"author":1,"featured_media":0,"parent":90,"menu_order":23,"comment_status":"closed","ping_status":"closed","template":"","meta":{"footnotes":""},"class_list":["post-14608","page","type-page","status-publish","hentry"],"_links":{"self":[{"href":"https:\/\/www.lassebacklund.fi\/index.php?rest_route=\/wp\/v2\/pages\/14608","targetHints":{"allow":["GET"]}}],"collection":[{"href":"https:\/\/www.lassebacklund.fi\/index.php?rest_route=\/wp\/v2\/pages"}],"about":[{"href":"https:\/\/www.lassebacklund.fi\/index.php?rest_route=\/wp\/v2\/types\/page"}],"author":[{"embeddable":true,"href":"https:\/\/www.lassebacklund.fi\/index.php?rest_route=\/wp\/v2\/users\/1"}],"replies":[{"embeddable":true,"href":"https:\/\/www.lassebacklund.fi\/index.php?rest_route=%2Fwp%2Fv2%2Fcomments&post=14608"}],"version-history":[{"count":13,"href":"https:\/\/www.lassebacklund.fi\/index.php?rest_route=\/wp\/v2\/pages\/14608\/revisions"}],"predecessor-version":[{"id":23765,"href":"https:\/\/www.lassebacklund.fi\/index.php?rest_route=\/wp\/v2\/pages\/14608\/revisions\/23765"}],"up":[{"embeddable":true,"href":"https:\/\/www.lassebacklund.fi\/index.php?rest_route=\/wp\/v2\/pages\/90"}],"wp:attachment":[{"href":"https:\/\/www.lassebacklund.fi\/index.php?rest_route=%2Fwp%2Fv2%2Fmedia&parent=14608"}],"curies":[{"name":"wp","href":"https:\/\/api.w.org\/{rel}","templated":true}]}}