{"id":14573,"date":"2019-10-01T17:15:16","date_gmt":"2019-10-01T14:15:16","guid":{"rendered":"http:\/\/www.lassebacklund.fi\/?page_id=14573"},"modified":"2019-10-02T00:16:18","modified_gmt":"2019-10-01T21:16:18","slug":"kooperationen-och-sallskapet-pellervo","status":"publish","type":"page","link":"https:\/\/www.lassebacklund.fi\/?page_id=14573","title":{"rendered":"Kooperationen och s\u00e4llskapet Pellervo."},"content":{"rendered":"<p>Vill du l\u00e4sa om S\u00e4llskapet Pellervo p\u00e5 deras egen hemsida, s\u00e5 skall du klicka <a href=\"https:\/\/pellervo.fi\/\"><span style=\"text-decoration: underline;\"><span style=\"color: #000080;\"><strong>H\u00c4R!<\/strong><\/span><\/span><\/a><\/p>\n<p><span style=\"margin: 0px; color: #000080; font-family: 'Helvetica','sans-serif';\">Kristinestads Tidnings skrev f\u00f6r f\u00f6rsta g\u00e5ngen om s\u00e4llskapet Pellervo den 5 augusti 1899 ungef\u00e4r s\u00e5 h\u00e4r:<\/span><\/p>\n<h4><strong><span style=\"margin: 0px; font-family: 'Helvetica','sans-serif';\"><span style=\"color: #000000;\">Ett beaktansv\u00e4rt f\u00f6retag.<\/span><\/span><\/strong><\/h4>\n<p><span style=\"margin: 0px; font-family: 'Helvetica','sans-serif';\"><span style=\"color: #000000;\">Under senaste v\u00e5r har planlagts ett s\u00e4llskap med namnet Pellervo, som har tagit som sin uppgift \u201datt befr\u00e4mja lantbefolkningens, s\u00e4rskilt den mindre medlade, ekonomiska f\u00f6rkovran genom samarbete. I detta syfte vill s\u00e4llskapet sprida k\u00e4nnedom om den ekonomiska associationsid\u00e9n i v\u00e5rt land, arbeta f\u00f6r uppkomsten av andelsf\u00f6reningar inom lanthush\u00e5llningen, s\u00e5som uppk\u00f6ps- och f\u00f6rs\u00e4ljningsf\u00f6reningar, andelsmejerier och andelsl\u00e5nekassor\u201d.<\/span><\/span><\/p>\n<p><span style=\"margin: 0px; font-family: 'Helvetica','sans-serif';\"><span style=\"color: #000000;\">Det \u00e4r ett 30-tal personer, som har tagit initiativ till detta s\u00e4llskap och bland dem kan vi n\u00e4mna vissa bekanta: Edw. Bj\u00f6rkenheim, Otto Donner, G\u00f6sta Grotenfelt, I. Heikel, Johannes Jernstr\u00f6m, Th. Rein, Wrede med flera. Ur de h\u00e4r personernas v\u00e4djan till allm\u00e4nheten anf\u00f6r vi f\u00f6ljande:<\/span><\/span><\/p>\n<p><span style=\"margin: 0px; font-family: 'Helvetica','sans-serif';\"><span style=\"color: #000000;\">N\u00e4r vi studerar arbetet f\u00f6r fram\u00e5tskridande p\u00e5 landsbygderna i Europas kulturl\u00e4nder, s\u00e5 ser vi att dessa under de senaste \u00e5rtiondena funnit de medel, som vi fr\u00e5gar efter. Allts\u00e5 uti jordbruksbefolkningens organisation till ett lands alla delar och s\u00e5vitt m\u00f6jligt alla samh\u00e4llslager omfattande samarbete p\u00e5 det ekonomiska livets omr\u00e5de.<\/span><\/span><\/p>\n<p><span style=\"margin: 0px; font-family: 'Helvetica','sans-serif';\"><span style=\"color: #000000;\">Denna institution har n\u00e4mligen varit i st\u00e5nd att h\u00f6ja inte endast landsbefolkningens ekonomiska villkor, f\u00f6r p\u00e5 samma g\u00e5ng har den varit \u00e4gnad att i h\u00f6g grad \u00f6ka landets produktion och f\u00f6rse konsumenterna med b\u00e4ttre produkter till ett l\u00e4gre pris. Det har ocks\u00e5 h\u00f6jt landsbefolkningens i sedligt och samh\u00e4lleligt h\u00e4nseende.<\/span><\/span><\/p>\n<p><span style=\"margin: 0px; font-family: 'Helvetica','sans-serif';\"><span style=\"color: #000000;\">Den kooperativa id\u00e9n har visat sig m\u00e4ktigt att tr\u00e4nga igenom p\u00e5 alla h\u00e5ll. Den har g\u00e5tt fram oberoende av nationalitet, s\u00e5v\u00e4l romanska som germanska folk, s\u00e5v\u00e4l slaver som ungrare har kunnat till\u00e4gna sig id\u00e9n. Den \u00e4r oberoende av konsession f\u00f6r b\u00e5de katoliker och protestanter har j\u00e4msides skyndat att till\u00e4mpa densamma. Den \u00e4r oberoende av bildningsgrad, f\u00f6r likav\u00e4l som Danmarks och Tysklands h\u00f6gt st\u00e5ende landsbefolkning, har ocks\u00e5 den galiciska, den italienska och den fattiga irl\u00e4ndska arrendatorn organiserat sig efter dess fordringar.<\/span><\/span><\/p>\n<p><span style=\"margin: 0px; font-family: 'Helvetica','sans-serif';\"><span style=\"color: #000000;\">\u00d6verallt har kooperationen visat sig vara ett medel att rycka med sig \u00e4ven den stora massan, som f\u00f6rut blivit st\u00e5ende ober\u00f6rd av alla de \u00e5tg\u00e4rder, som statsmakten eller enskilda har vidtagit f\u00f6r landsbefolkningens h\u00f6jande.<\/span><\/span><\/p>\n<p><span style=\"margin: 0px; font-family: 'Helvetica','sans-serif';\"><span style=\"color: #000000;\">Dessa erfarenheter fr\u00e5n de mest olika samh\u00e4llsf\u00f6rh\u00e5llanden st\u00e4rker v\u00e5r tro, att den st\u00f6rsta ekonomiska kraft, om vars betydelse vi ovan omtalat, ocks\u00e5 bland v\u00e5rt lands befolkning skall kunna erh\u00e5llas genom kooperationens verksamhet. I detta syfte har undertecknade beslutit att bilda ett s\u00e4llskap med \u00e4ndam\u00e5l att verka f\u00f6r spridande av den kooperativa id\u00e9n och arbeta f\u00f6r dess genomf\u00f6rande bland v\u00e5r landsbefolkning.<\/span><\/span><\/p>\n<p><span style=\"margin: 0px; font-family: 'Helvetica','sans-serif';\"><span style=\"color: #000000;\">Vi kommer att uppr\u00e4tta lantmannaf\u00f6reningar i varje socken i v\u00e5rt land och indela dessa f\u00f6reningar i mindre distrikt i \u00f6verenskommelse med de under bildning varande folkskoldistrikten. I varje s\u00e5dant distrikt vill vi att dessa sm\u00e5 lokalf\u00f6reningar och deras ledande m\u00e4n skall bli f\u00f6rmedlare mellan sin omgivning och den \u00f6vriga v\u00e4rlden. Genom dem vill vi n\u00e5 ocks\u00e5 s\u00e5dana trakter och s\u00e5dana folklager, som hittills st\u00e5tt fr\u00e4mmande f\u00f6r v\u00e5rt folks str\u00e4vanden. Sm\u00e5ningom vill vi f\u00e5 till st\u00e5nd gemensam bearbetning och f\u00f6rs\u00e4ljning av jordbruksprodukter, gemensamma ink\u00f6p av f\u00f6rn\u00f6denheter. Vi vill ocks\u00e5 p\u00e5 kooperativ v\u00e4g organisera f\u00f6rm\u00e5nliga krediter och f\u00f6rs\u00e4kringar, med andra ord s\u00e5 vill vi f\u00e5 till st\u00e5nd sj\u00e4lvhj\u00e4lp genom fri sammanslutning.<\/span><\/span><\/p>\n<p><span style=\"margin: 0px; font-family: 'Helvetica','sans-serif';\"><span style=\"color: #000000;\">F\u00f6r att n\u00e5 detta m\u00e5l vill vi f\u00f6r det f\u00f6rsta uppr\u00e4tta en veckotidning, som skall tala till de breda lagren och den skall spridas genom denna organisation \u00f6ver hela v\u00e5rt land. Den h\u00e4r tidningen skall avh\u00e5lla sig fr\u00e5n all politik men i st\u00e4llet ha kooperationens hela program i alla dess former. Den skall inneh\u00e5lla kommunala och ekonomiska fr\u00e5gor, lantbrukets tekniska fr\u00e5gor och ocks\u00e5 inneh\u00e5lla artiklar av allm\u00e4nt intresse.<\/span><\/span><\/p>\n<p><span style=\"margin: 0px; font-family: 'Helvetica','sans-serif';\"><span style=\"color: #000000;\">V\u00e5rt andra organ skall vara en stab av s\u00e5 kallade vandringsl\u00e4rare, agronomiskt bildade m\u00e4n som okallade skall g\u00e5 fr\u00e5n g\u00e5rd till g\u00e5rd, fr\u00e5n torp till torp och de skall ocks\u00e5 h\u00e5lla f\u00f6redrag, de skall genom samtal leda den mindre jordbrukaren till nationell hush\u00e5llning p\u00e5 alla omr\u00e5den. Jordbrukaren skall ledas till sammanslutning och d\u00e4r s\u00e5 beh\u00f6vs s\u00e5 skall hans k\u00e4nsla av samh\u00f6righet med sitt folk h\u00f6jas.<\/span><\/span><\/p>\n<p><span style=\"margin: 0px; font-family: 'Helvetica','sans-serif';\"><span style=\"color: #000000;\">Vi f\u00f6rst\u00e5r dock, att det m\u00e5l som vi har satt upp, i v\u00e5rt land liksom i andra l\u00e4nder fordrar ett kraftigt underst\u00f6d av den bildade allm\u00e4nheten. Under de senaste \u00e5rtiondena har i de flesta l\u00e4nder detta arbete f\u00f6r landsbefolkningens ekonomiska sj\u00e4lvverksamhet vunnit anh\u00e4ngare av de mest olika samh\u00e4llslager. I detta arbete har statsm\u00e4n, vetenskapsm\u00e4n, pr\u00e4ster och det praktiska livets m\u00e4n varit med. D\u00e4rf\u00f6r v\u00e4nder vi oss med tillf\u00f6rsikt ocks\u00e5 till v\u00e5rt lands bildade allm\u00e4nhet med anh\u00e5llan om anslutning och underst\u00f6d.<\/span><\/span><\/p>\n<p><span style=\"margin: 0px; font-family: 'Helvetica','sans-serif';\"><span style=\"color: #000000;\">Vi hoppas att man snart \u00e4ven hos oss skall kunna upprepa de ord, som den franska presidenten har uttalat: \u201dEn var har gett vad han kunnat. Den ena har gett sitt kunnande medan den andra har gett sina armar. Den tredje har gett sina pengar men alla har gett av sitt hj\u00e4rta\u201d.<\/span><\/span><\/p>\n<p><span style=\"margin: 0px; color: black; font-family: 'Helvetica','sans-serif';\"><span style=\"color: #000080;\">Kristinestad Tidning skrev s\u00e5 h\u00e4r p\u00e5 ledarplats den 21.10.1899 om den kooperativa r\u00f6relsen.<\/span> <\/span><\/p>\n<p><span style=\"margin: 0px; color: black; font-family: 'Helvetica','sans-serif';\">Den kooperativa r\u00f6relsen eller den r\u00f6relse, som avser att genom sammanslutning, genom enigt samarbete l\u00f6sa fr\u00e5gor av ekonomisk art, \u00e4r ett barn av v\u00e5r tid. Den har gripit m\u00e4ktigt omkring sig i alla l\u00e4nder och \u00f6verallt, d\u00e4r den framtr\u00e4tt, har den att uppvisa storartade resultat. Kooperationen, det ekonomiska samarbetet, manar ovillkorligen till efterf\u00f6ljd. P\u00e5 senaste tider har den ju vunnit genklang \u00e4ven hos oss. S\u00e5lunda har man i Viborgs l\u00e4n redan f\u00e5tt till st\u00e5nd 29 lantmannaf\u00f6reningar, som alla kommer att st\u00e5 i v\u00e4xelverkan med varandra. <\/span><\/p>\n<p><span style=\"margin: 0px; color: black; font-family: 'Helvetica','sans-serif';\">Dylika f\u00f6reningar grundas f\u00f6r n\u00e4rvarande till och med i norra Karelen, d\u00e4r man \u00e4r bet\u00e4nkt p\u00e5 att gemensamt s\u00e4lja kreatur, vilka nu, d\u00e5 betesmarkerna och \u00e4ngarna ligga \u00f6versv\u00e4mmade, inte kan livn\u00e4ras. Lantmannen kan p\u00e5 detta s\u00e4tt erh\u00e5lla \u00e5tminstone i n\u00e5gon m\u00e5n b\u00e4ttre pris \u00e4n om var och en f\u00f6r sig s\u00e5lde sina kreatur. I Savolax l\u00e4r man p\u00e5 flera st\u00e4llen ha verkst\u00e4llt gemensamma ink\u00f6p, \u00e4n av uts\u00e4de, \u00e4n livsf\u00f6rn\u00f6denheter, n\u00e5gon g\u00e5ng ocks\u00e5 jordbruksf\u00f6rn\u00f6denheter. <\/span><\/p>\n<p><span style=\"margin: 0px; color: black; font-family: 'Helvetica','sans-serif';\">Likaledes \u00e4r andelsmejerier under bildning, och \u00e4ven inom kreatursavelns omr\u00e5de g\u00f6r sig den kooperativa r\u00f6relsen g\u00e4llande. I Tavastland, v\u00e4stra Finland och Nyland, d\u00e4r jordbruksf\u00f6rh\u00e5llandena redan \u00e4r mera utvecklade \u00e4n annorst\u00e4des i Finland, har man genomf\u00f6rt allehanda kooperationsformer s\u00e5som lantmannagillen, ink\u00f6ps- och f\u00f6rs\u00e4ljningsf\u00f6reningar ja till och med kooperativa l\u00e5nekassor.<\/span><\/p>\n<p><span style=\"margin: 0px; color: black; font-family: 'Helvetica','sans-serif';\">Vad \u00e5ter v\u00e5rt \u00d6sterbotten betr\u00e4ffar, s\u00e5 finnas ocks\u00e5 h\u00e4r lantmannagillen eller fria sammanslutningar mellan jordbrukare som till exempel byavis anskaffar gemensamma jordbruksmaskiner. D\u00e5 vi genom emigrationen f\u00f6rlorar vara b\u00e4sta arbetskrafter och den enskilda jordbrukarens sm\u00e5 tillg\u00e5ngar inte f\u00f6rsl\u00e5r till anskaffandet av maskiner, \u00e4r det l\u00e4tt att inse av vilken utomordentlig nytta en dylik samf\u00e4lld egendom \u00e4r. Den kooperativa iden har f\u00f6ljaktligen funnit fotf\u00e4ste i alla delar av v\u00e5rt land. Och f\u00f6r att ytterligare befordra densamma har i Helsingfors nyligen konstituerat sig ett eget s\u00e4llskap under namnet Pellervo. Detta s\u00e4llskap vill l\u00e4ra lantbrukaren, hur han genom fri sammanslutning med andra till kooperativ verksamhet kan p\u00e5 en g\u00e5ng hj\u00e4lpa dessa andra och sj\u00e4lv erh\u00e5lla samma hj\u00e4lp.<\/span><\/p>\n<p><span style=\"margin: 0px; color: black; font-family: 'Helvetica','sans-serif';\">Men i och med detsamma arbetar Pellervo \u00e4ven p\u00e5 b\u00f6jandet av v\u00e5rt folks sedliga kraft, ty kooperationens naturliga f\u00f6ljd \u00e4r en vaknande k\u00e4nsla av samh\u00f6righet. Gemensamt arbete f\u00f6r gemensamma intressen framkallar inb\u00f6rdes f\u00f6rtroende, samtidigt som det h\u00f6jer f\u00f6rtroendet till den egna kraften, som \u00e4r en del av den gemensamma. Det uppfostrar medvetande om att sj\u00e4lvhj\u00e4lp under alla f\u00f6rh\u00e5llanden \u00e4r den s\u00e4kraste hj\u00e4lpen. All sj\u00e4lvst\u00e4ndig, fri verksamhet b\u00f6r efterstr\u00e4vas. Vi kan d\u00e4rf\u00f6r inte annat \u00e4n hoppas, att p\u00e5 orter, d\u00e4r \u00e5rets sk\u00f6rd slagit fel och jordbrukaren med bekymmer ser framtiden an, att alla, \u00e4ven de minst bemedlade, enigt sammansluter sig och framg\u00e5ngsrikt arbetar p\u00e5 avhj\u00e4lpandet av ekonomiska missf\u00f6rh\u00e5llanden.<\/span><\/p>\n<p><span style=\"margin: 0px; color: black; font-family: 'Helvetica','sans-serif';\"><span style=\"color: #000080;\">Kristinestads Tidning skrev s\u00e5 h\u00e4r om Pellervo 4.11.1899:<\/span> <\/span><\/p>\n<p><span style=\"margin: 0px; color: black; font-family: 'Helvetica','sans-serif';\">Styrelsen f\u00f6r s\u00e4llskapet Pellervo besl\u00f6t p\u00e5 m\u00f6te den 26\u201427 oktober, vid vilket n\u00e4rvar flera av lantbrukss\u00e4llskaps tj\u00e4nstem\u00e4n, som tillf\u00e4lligtvis uppeh\u00f6ll sig i huvudstaden, att fr\u00e5n och med november m\u00e5nad till en b\u00f6rjan anst\u00e4lla tv\u00e5 instrukt\u00f6rer i andelsverksamhet, agronomerna I. E. F\u00f6rstadius och W. Fagerstr\u00f6m. Trots att s\u00e4llskapet \u00e4nnu inte f\u00f6rfogar \u00f6ver tillr\u00e4ckliga penningmedel, ans\u00e5gs denna \u00e5tg\u00e4rd n\u00f6dv\u00e4ndig i betraktande av de fr\u00e5n landsbygden oavbrutet instr\u00f6mmande ans\u00f6kningar om s\u00e4llskapets medverkan s\u00e5v\u00e4l vid organisationen av allehanda kooperativa f\u00f6retag, gemensamma ink\u00f6p, lantmannaf\u00f6reningar och annat som f\u00f6r att g\u00f6ra den kooperativa id\u00e9n k\u00e4nd. <\/span><\/p>\n<p><span style=\"margin: 0px; color: black; font-family: 'Helvetica','sans-serif';\">D\u00e5 dessa instrukt\u00f6rer likv\u00e4l inte ens tilln\u00e4rmelsevis kunna tillfredsst\u00e4lla landsbygdens efterfr\u00e5gan och behov, besl\u00f6t styrelsen under n\u00e5gra dagar i januari m\u00e5nad anordna ett slags feriekurser i kooperation, som s\u00e4llskapet hoppas att i fr\u00e4msta rummet lantbrukss\u00e4llskapen och jordbruksskolorna s\u00e4tta sina tj\u00e4nstem\u00e4n i tillf\u00e4lle att bevista, men till vilka s\u00e4llskapet d\u00e4rj\u00e4mte erbjuder alla f\u00f6r den kooperativa id\u00e9n intresserade personer, som \u00e4r i tillf\u00e4lle att p\u00e5 sin hemort sprida eller f\u00f6rverkliga densamma. Tilltr\u00e4det till kurserna blir avgiftsfritt. P\u00e5 dessa <\/span><span style=\"margin: 0px; color: black; font-family: 'Helvetica','sans-serif';\">\u0084\u201d<\/span><span style=\"margin: 0px; color: black; font-family: 'Helvetica','sans-serif';\">Pellervo-dagar&#8221; kommer f\u00f6redragen och de efter varje f\u00f6redrag f\u00f6ljande diskussionerna att behandla fr\u00e5gor r\u00f6rande den mindre bemedlade lantbefolkningens ekonomiska st\u00e4llning och medlen till dennes f\u00f6rb\u00e4ttrande genom kooperativ sammanslutning. <\/span><\/p>\n<p><span style=\"margin: 0px; color: black; font-family: 'Helvetica','sans-serif';\">F\u00f6redrag kommer antagligen att h\u00e5llas av doktor Hannes Gebhard om kooperationens betydelse f\u00f6r det lilla jordbruket, doktor G\u00f6sta Grotenfelt om ett rationellt andelsmejerisystem, konsulenten H. Nylander om kooperation inom boskapssk\u00f6tseln, agronomen V\u00e4in\u00f6 Axelson om gemensamma ink\u00f6p och gemensam f\u00f6rs\u00e4ljning samt agronomen H. Brander om lantmannaf\u00f6reningar och deras uppgift. <\/span><\/p>\n<p><span style=\"margin: 0px; color: black; font-family: 'Helvetica','sans-serif';\">F\u00f6r att unders\u00f6ka de orsaker, som medverkat till de s\u00e5 kallade andelsmejeriernas ringa framg\u00e5ng hos oss, besl\u00f6t styrelsen tills\u00e4tta ett utskott, s\u00e5som vars ordf\u00f6rande dr G\u00f6sta Grotenfelt kommer att fungera och i vilket styrelsen s\u00e5som medlemmar hoppas p\u00e5r\u00e4kna statsmejeristerna A. von Wright och S. W. Hallberg samt mejeriskolf\u00f6rest\u00e5ndarna I. E. H\u00e4llstr\u00f6m och E. Relander. Detta utskott fick vid i januari anordnade <\/span><span style=\"margin: 0px; color: black; font-family: 'Helvetica','sans-serif';\">\u0084\u201d<\/span><span style=\"margin: 0px; color: black; font-family: 'Helvetica','sans-serif';\">Pellervo-dagarna&#8221; uppg\u00f6ra plan f\u00f6r ett rationellt andelsmejerisystem, som sedermera underst\u00e4lls de fr\u00e5n olika delar av landet samlade m\u00f6tesdeltagarnas diskussion.<\/span><\/p>\n","protected":false},"excerpt":{"rendered":"<p>Vill du l\u00e4sa om S\u00e4llskapet Pellervo p\u00e5 deras egen hemsida, s\u00e5 skall du klicka H\u00c4R! Kristinestads Tidnings skrev f\u00f6r f\u00f6rsta g\u00e5ngen om s\u00e4llskapet Pellervo den 5 augusti 1899 ungef\u00e4r s\u00e5 h\u00e4r: Ett beaktansv\u00e4rt f\u00f6retag. Under senaste v\u00e5r har planlagts ett <a class=\"more-link\" href=\"https:\/\/www.lassebacklund.fi\/?page_id=14573\">Forts\u00e4tt l\u00e4sa <span class=\"screen-reader-text\">  Kooperationen och s\u00e4llskapet Pellervo.<\/span><span class=\"meta-nav\">&rarr;<\/span><\/a><\/p>\n","protected":false},"author":1,"featured_media":0,"parent":1417,"menu_order":10,"comment_status":"closed","ping_status":"closed","template":"","meta":{"footnotes":""},"class_list":["post-14573","page","type-page","status-publish","hentry"],"_links":{"self":[{"href":"https:\/\/www.lassebacklund.fi\/index.php?rest_route=\/wp\/v2\/pages\/14573","targetHints":{"allow":["GET"]}}],"collection":[{"href":"https:\/\/www.lassebacklund.fi\/index.php?rest_route=\/wp\/v2\/pages"}],"about":[{"href":"https:\/\/www.lassebacklund.fi\/index.php?rest_route=\/wp\/v2\/types\/page"}],"author":[{"embeddable":true,"href":"https:\/\/www.lassebacklund.fi\/index.php?rest_route=\/wp\/v2\/users\/1"}],"replies":[{"embeddable":true,"href":"https:\/\/www.lassebacklund.fi\/index.php?rest_route=%2Fwp%2Fv2%2Fcomments&post=14573"}],"version-history":[{"count":6,"href":"https:\/\/www.lassebacklund.fi\/index.php?rest_route=\/wp\/v2\/pages\/14573\/revisions"}],"predecessor-version":[{"id":14582,"href":"https:\/\/www.lassebacklund.fi\/index.php?rest_route=\/wp\/v2\/pages\/14573\/revisions\/14582"}],"up":[{"embeddable":true,"href":"https:\/\/www.lassebacklund.fi\/index.php?rest_route=\/wp\/v2\/pages\/1417"}],"wp:attachment":[{"href":"https:\/\/www.lassebacklund.fi\/index.php?rest_route=%2Fwp%2Fv2%2Fmedia&parent=14573"}],"curies":[{"name":"wp","href":"https:\/\/api.w.org\/{rel}","templated":true}]}}