{"id":14554,"date":"2019-09-30T17:14:49","date_gmt":"2019-09-30T14:14:49","guid":{"rendered":"http:\/\/www.lassebacklund.fi\/?page_id=14554"},"modified":"2021-05-19T22:19:22","modified_gmt":"2021-05-19T19:19:22","slug":"byggmastaren-emil-storkulls-sjukhjalpsfond","status":"publish","type":"page","link":"https:\/\/www.lassebacklund.fi\/?page_id=14554","title":{"rendered":"Byggm\u00e4staren Emil Storkulls sjukhj\u00e4lpsfond."},"content":{"rendered":"<p><span style=\"color: #000080;\">Sammanst\u00e4llt av Lasse Backlund i september 2019:<\/span><\/p>\n<p><b><\/b>Emil Storkull f\u00f6ddes den 30 september 1887 och han var son till bonden Josef \u201dKoll-Josip\u201d och Anna Greta Storkull som bodde p\u00e5 Brobackan. Hans hem stod fram till storskiftet vid Milant\u00e5 bakom Myll\u00e4ris g\u00e5rd. Som yngsta son i familjen utbildade han sig till byggm\u00e4stare p\u00e5 Industriskolan i Vasa. Efter utbildningen b\u00f6rjade han arbeta bland annat \u00e5t sin bror Viktor Nylund, som \u00e5r 1909 fick uppdraget att bygga den nya skolan i Dagsmark. Det var Emil som sk\u00f6tte det praktiska med byggandet och Viktor tackade honom efter\u00e5t f\u00f6r ett v\u00e4l utf\u00f6rt arbete.<\/p>\n<figure id=\"attachment_3153\" aria-describedby=\"caption-attachment-3153\" style=\"width: 391px\" class=\"wp-caption alignnone\"><img loading=\"lazy\" decoding=\"async\" class=\"size-full wp-image-3153\" src=\"http:\/\/www.lassebacklund.fi\/wp-content\/uploads\/2017\/03\/11.jpg\" alt=\"\" width=\"391\" height=\"462\" srcset=\"https:\/\/www.lassebacklund.fi\/wp-content\/uploads\/2017\/03\/11.jpg 391w, https:\/\/www.lassebacklund.fi\/wp-content\/uploads\/2017\/03\/11-254x300.jpg 254w\" sizes=\"auto, (max-width: 391px) 100vw, 391px\" \/><figcaption id=\"caption-attachment-3153\" class=\"wp-caption-text\">Byggm\u00e4staren Emil Storkull, ca 1910.<\/figcaption><\/figure>\n<p>Emil Storkull gjorde \u00e5r 1908 ocks\u00e5 ritningar till brodern Erik Englunds g\u00e5rd i Palon, d\u00e5 den skulle flyttas fr\u00e5n Brobackan upp till Palon. M\u00f6jligtvis s\u00e5 gjorde han ocks\u00e5 ritningen till den aff\u00e4rsbyggnad som hans bror Josef Henrik Storkull byggde \u00e5r 1916. Troligtvis hade han ocks\u00e5 ett finger med i spelet d\u00e5 Dagsmark Ungdomsf\u00f6rening k\u00f6pte bondg\u00e5rden av Maja Klemets och n\u00e4r den sedan byggdes om till ungdomshemmet \u201dMajbo\u201d.<\/p>\n<p>Redan d\u00e5 folkskolan byggdes s\u00e5 insjuknade Emil i lungsot och han v\u00e5rdades till och med p\u00e5 sanatoriet i Nummela. H\u00f6g\u00e5sens sanatorium var inte \u00e4nnu byggt n\u00e4r Emil var sjuk.<\/p>\n<p>Bland det sista Emil gjorde i livet var att skriva ett g\u00e5vobrev p\u00e5 500 mark \u00e5t Dagsmark Ungdomsf\u00f6rening. Den tiden var 500 mark en stor summa och enligt valutaomr\u00e4knaren s\u00e5 skulle det \u00e5r 2018 motsvara n\u00e4rmare 2\u00a0000 euro. G\u00e5vobrevet lyder s\u00e5 h\u00e4r:<\/p>\n<h6><em><strong>G\u00e5vobrev.<\/strong><\/em><\/h6>\n<p><em>H\u00e4rmed \u00f6verl\u00e4mnar undertecknad \u00e5t Dagsmark Ungdomsf\u00f6rening en summa av femhundra (500) mark, vilken summa b\u00f6r f\u00f6rvaltas enligt f\u00f6ljande grunder:<\/em><\/p>\n<p><em>Av summan bildas en fond, ben\u00e4mnd \u201dEmil Storkulls sjukhj\u00e4lpsfond\u201d varav endast tre fj\u00e4rdedelar (3\/4) av den \u00e5rliga r\u00e4ntan utbetalas till medell\u00f6sa sjuka inom Dagsmark by f\u00f6r f\u00f6rb\u00e4ttrande av deras h\u00e4lsa, och b\u00f6r fondens f\u00f6rvaltningsr\u00e5d noggrant kontrollera att det utgivna beloppet anv\u00e4ndes till sagda \u00e4ndam\u00e5l. Resten av r\u00e4ntan l\u00e4gges \u00e5rligen till kapitalet.<\/em><\/p>\n<p><em>F\u00f6r fondens f\u00f6rvaltning utser Ungdomsf\u00f6reningens bestyrelse ett f\u00f6rvaltningsr\u00e5d best\u00e5ende av 3 personer, vilka v\u00e4ljas f\u00f6r 3 \u00e5r i s\u00e4nder och vilka i enlighet med fondens syftem\u00e5l f\u00f6rdelar r\u00e4ntemedlen.<\/em><\/p>\n<p><em>Ifall Ungdomsf\u00f6reningen skulle upph\u00f6ra med sin verksamhet \u00e4ger l\u00e4rarpersonalen vid byns folkskola r\u00e4tt att utse medlemmar i f\u00f6rvaltningsr\u00e5det.<\/em><\/p>\n<p><em>F\u00f6r fonden b\u00f6r \u00e5rlig redovisning avges.<\/em><\/p>\n<p><em>Dagsmark den 4 februari 1912.<\/em><\/p>\n<p><em>Emil Storkull<\/em><\/p>\n<p><em>S\u00e5som f\u00f6r \u00e4ndam\u00e5let tillkallade och p\u00e5 en g\u00e5ng n\u00e4rvarande vittnen intygar undertecknade att Byggm\u00e4staren Emil Storkull i v\u00e5r n\u00e4rvaro med sunt och fullt f\u00f6rst\u00e5nd och av fri vilja underskrivit f\u00f6rest\u00e5ende g\u00e5vobrev och f\u00f6r oss f\u00f6rklarat detsamma utg\u00f6ra hans yttersta vilja.<\/em><\/p>\n<p><em>Dagsmark, som ovan,<\/em><\/p>\n<p><em>J. J. Wadstr\u00f6m och\u00a0 Ida Wadstr\u00f6m<\/em><\/p>\n<p>G\u00e5vobrevet var allts\u00e5 undertecknat 4 februari 1912 och 4 dagar senare avled Emil Storkull, ogift och barnl\u00f6s, endast 24 \u00e5r gammal. F\u00f6rutom f\u00f6r\u00e4ldrarna l\u00e4mnade han efter sig ocks\u00e5 br\u00f6derna s\u00e5g\u00e4garen Viktor Nylund (1873-1936), handlanden Josef Henrik Storkull (1875-1931), handlanden Erland Nor\u00e9n (1877-1965) och bonden Erik Englund (1880-1948). Emil hade ocks\u00e5 4 syskon som dog i unga \u00e5r.<\/p>\n<p>Dagsmark ungdomsf\u00f6rening f\u00f6rvaltade kapitalet och delade \u00e5rligen ut hj\u00e4lp \u00e5t beh\u00f6vande. Vart tredje \u00e5r uts\u00e5g f\u00f6reningen f\u00f6rvaltare, som brukade vara folkskolans l\u00e4rare. n\u00e5gon n\u00e4ra sl\u00e4kting eller annars betrodd person. Det \u00e4r tillsvidare oklart n\u00e4r fonden upph\u00f6rde och vad som d\u00e5 skedde med medlen.<\/p>\n<p><span style=\"color: #000080;\">Tidningen Syd-\u00d6sterbotten skrev 17.4.1912 om betydelsen av att teckna en livf\u00f6rs\u00e4kring och h\u00e4r avs\u00e5gs Emil Storkull:<\/span><\/p>\n<p>Om livf\u00f6rs\u00e4kringens nytta och betydelse \u00e4r ofta talat. Se h\u00e4r ett nytt talande bevis d\u00e4rp\u00e5! I Dagsmark avled nyligen en person, som \u00e5r 1905 i bolaget Suomi tog en livf\u00f6rs\u00e4kring p\u00e5 5\u00a0000 mark. F\u00f6r n\u00e5got \u00e5r tillbaka angreps personen i fr\u00e5ga av en t\u00e4rande lungsot.<\/p>\n<p>Livf\u00f6rs\u00e4kringen satte honom i tillf\u00e4lle att bes\u00f6ka Nummela sanatorium samt att d\u00e4refter i hemmet \u00e5tnjuta \u00e4ndam\u00e5lsenlig v\u00e5rd. Sjukdomen hade tyv\u00e4rr redan f\u00e5tt \u00f6verhanden och genomf\u00f6rde sitt f\u00f6rst\u00f6relseverk till slut och mannen avled. Likv\u00e4l kunde han vid sin b\u00e4dd \u00e5t sina n\u00e4rmaste anh\u00f6riga efterl\u00e4mna en avsev\u00e4rd penningsumma. Tillika kunde han sk\u00e4nka en del av ers\u00e4ttningen till sjukhj\u00e4lp \u00e5t beh\u00f6vande fr\u00e5n hans hemby.<\/p>\n<figure id=\"attachment_3174\" aria-describedby=\"caption-attachment-3174\" style=\"width: 882px\" class=\"wp-caption alignnone\"><img loading=\"lazy\" decoding=\"async\" class=\"size-full wp-image-3174\" src=\"http:\/\/www.lassebacklund.fi\/wp-content\/uploads\/2017\/03\/32.jpg\" alt=\"\" width=\"882\" height=\"577\" srcset=\"https:\/\/www.lassebacklund.fi\/wp-content\/uploads\/2017\/03\/32.jpg 882w, https:\/\/www.lassebacklund.fi\/wp-content\/uploads\/2017\/03\/32-300x196.jpg 300w, https:\/\/www.lassebacklund.fi\/wp-content\/uploads\/2017\/03\/32-768x502.jpg 768w\" sizes=\"auto, (max-width: 882px) 100vw, 882px\" \/><figcaption id=\"caption-attachment-3174\" class=\"wp-caption-text\">Emil Storkull n\u00e4rmare kameran, v\u00e5rdades p\u00e5 sanatoriet R\u00f6ykk\u00e4 i Nummela och det g\u00e4llde att vistas s\u00e5 mycket som m\u00f6jligt ute i friska luften. Sanatoriet som l\u00e5g l\u00e5ngt ifr\u00e5n \u00f6vrig bebyggelse \u00e4r i dag i d\u00e5ligt skick men \u00e4r t\u00e4nkt att bli en f\u00f6rl\u00e4ggning f\u00f6r asyls\u00f6kande flyktingar.<\/figcaption><\/figure>\n<p>Nummela sanatorium f\u00f6r lungsjuka, som p\u00e5 initiativ av Finska L\u00e4kares\u00e4llskapet och med underst\u00f6d av finska statsmedel \u00e4r uppf\u00f6rt av ett aktiebolag, \u00e4r bel\u00e4get omkring en och en halv kilometer fr\u00e5n R\u00f6ykk\u00e4 haltpunkt vid Hang\u00f6banan i Nummela kronopark i Nurmij\u00e4rvi socken p\u00e5 den \u00e5s, som fr\u00e5n Hyvinge str\u00e4cker sig till Hang\u00f6. Det ligger i en tallskog p\u00e5 djup sandmark invid S\u00e4\u00e4ksj\u00e4rvi sj\u00f6, som med sitt kristallklara vatten och sina skogbevuxna str\u00e4nder f\u00f6r\u00e4dlar trakten ett s\u00e4rskilt behag. Den f\u00f6r sanatoriet uppl\u00e5tna delen av kronoparken utg\u00f6r 57 hektar, en s\u00e5 stor areal som endast f\u00e5 sanatorier utomlands disponerar \u00f6ver. Byggnaderna, som \u00e4r skyddade f\u00f6r vindar genom h\u00f6gv\u00e4xt skog, \u00e4r uppf\u00f6rda i enlighet med d\u00e5tidens hygieniska fordringar efter ritningar av medicinalarkitekten M. Schjerfbeck som p\u00e5 bolagets bekostnad hade bes\u00f6kt utlandets f\u00f6rn\u00e4msta lungsotssanatorier och studerat anordningarna vid desamma. Sanatoriet \u00f6ppnades i november 1903 och h\u00e5lls \u00f6ppet \u00e5ret om.<\/p>\n<figure id=\"attachment_3151\" aria-describedby=\"caption-attachment-3151\" style=\"width: 1387px\" class=\"wp-caption alignnone\"><img loading=\"lazy\" decoding=\"async\" class=\"size-full wp-image-3151\" src=\"http:\/\/www.lassebacklund.fi\/wp-content\/uploads\/2017\/03\/9.jpg\" alt=\"\" width=\"1387\" height=\"974\" srcset=\"https:\/\/www.lassebacklund.fi\/wp-content\/uploads\/2017\/03\/9.jpg 1387w, https:\/\/www.lassebacklund.fi\/wp-content\/uploads\/2017\/03\/9-300x211.jpg 300w, https:\/\/www.lassebacklund.fi\/wp-content\/uploads\/2017\/03\/9-768x539.jpg 768w, https:\/\/www.lassebacklund.fi\/wp-content\/uploads\/2017\/03\/9-1024x719.jpg 1024w\" sizes=\"auto, (max-width: 1387px) 100vw, 1387px\" \/><figcaption id=\"caption-attachment-3151\" class=\"wp-caption-text\">S\u00e5 h\u00e4r s\u00e5g Koll-g\u00e5rden p\u00e5 K\u00e5rkbackan ut \u00e5r 1908 fotograferad fr\u00e5n v\u00e4ster av Viktor Nylund. P\u00e5 fotot Viktors br\u00f6der byggm\u00e4staren Emil Storkull och den blivande bonden Erik Anders som \u00e5r 1910 bytte namn till Englund. Till h\u00f6ger husbonden \u201dKoll-Josip\u201d och hans Anagret. Virket i f\u00f6rgrunden skulle anv\u00e4ndas p\u00e5 det nya st\u00e4llet i Palon.<\/figcaption><\/figure>\n<figure id=\"attachment_3146\" aria-describedby=\"caption-attachment-3146\" style=\"width: 1384px\" class=\"wp-caption alignnone\"><img loading=\"lazy\" decoding=\"async\" class=\"size-full wp-image-3146\" src=\"http:\/\/www.lassebacklund.fi\/wp-content\/uploads\/2017\/03\/4.jpg\" alt=\"\" width=\"1384\" height=\"745\" srcset=\"https:\/\/www.lassebacklund.fi\/wp-content\/uploads\/2017\/03\/4.jpg 1384w, https:\/\/www.lassebacklund.fi\/wp-content\/uploads\/2017\/03\/4-300x161.jpg 300w, https:\/\/www.lassebacklund.fi\/wp-content\/uploads\/2017\/03\/4-768x413.jpg 768w, https:\/\/www.lassebacklund.fi\/wp-content\/uploads\/2017\/03\/4-1024x551.jpg 1024w\" sizes=\"auto, (max-width: 1384px) 100vw, 1384px\" \/><figcaption id=\"caption-attachment-3146\" class=\"wp-caption-text\">S\u00e5 h\u00e4r s\u00e5g fasaden ut ner mot byn. Ritningen \u00f6ver fasaderna \u00e4r konstn\u00e4rligt utf\u00f6rda och vackert f\u00e4rglagda. Trots att det inte fanns n\u00e5gra bostadsrum p\u00e5 vinden, s\u00e5 var huset f\u00f6rsett med n\u00e5gonting s\u00e5 ovanligt som en balkong, troligen den f\u00f6rsta i Dagsmark. Ritningen gjordes av Emil Storkull.<\/figcaption><\/figure>\n","protected":false},"excerpt":{"rendered":"<p>Sammanst\u00e4llt av Lasse Backlund i september 2019: Emil Storkull f\u00f6ddes den 30 september 1887 och han var son till bonden Josef \u201dKoll-Josip\u201d och Anna Greta Storkull som bodde p\u00e5 Brobackan. Hans hem stod fram till storskiftet vid Milant\u00e5 bakom Myll\u00e4ris <a class=\"more-link\" href=\"https:\/\/www.lassebacklund.fi\/?page_id=14554\">Forts\u00e4tt l\u00e4sa <span class=\"screen-reader-text\">  Byggm\u00e4staren Emil Storkulls sjukhj\u00e4lpsfond.<\/span><span class=\"meta-nav\">&rarr;<\/span><\/a><\/p>\n","protected":false},"author":1,"featured_media":0,"parent":3179,"menu_order":0,"comment_status":"closed","ping_status":"closed","template":"","meta":{"footnotes":""},"class_list":["post-14554","page","type-page","status-publish","hentry"],"_links":{"self":[{"href":"https:\/\/www.lassebacklund.fi\/index.php?rest_route=\/wp\/v2\/pages\/14554","targetHints":{"allow":["GET"]}}],"collection":[{"href":"https:\/\/www.lassebacklund.fi\/index.php?rest_route=\/wp\/v2\/pages"}],"about":[{"href":"https:\/\/www.lassebacklund.fi\/index.php?rest_route=\/wp\/v2\/types\/page"}],"author":[{"embeddable":true,"href":"https:\/\/www.lassebacklund.fi\/index.php?rest_route=\/wp\/v2\/users\/1"}],"replies":[{"embeddable":true,"href":"https:\/\/www.lassebacklund.fi\/index.php?rest_route=%2Fwp%2Fv2%2Fcomments&post=14554"}],"version-history":[{"count":4,"href":"https:\/\/www.lassebacklund.fi\/index.php?rest_route=\/wp\/v2\/pages\/14554\/revisions"}],"predecessor-version":[{"id":20803,"href":"https:\/\/www.lassebacklund.fi\/index.php?rest_route=\/wp\/v2\/pages\/14554\/revisions\/20803"}],"up":[{"embeddable":true,"href":"https:\/\/www.lassebacklund.fi\/index.php?rest_route=\/wp\/v2\/pages\/3179"}],"wp:attachment":[{"href":"https:\/\/www.lassebacklund.fi\/index.php?rest_route=%2Fwp%2Fv2%2Fmedia&parent=14554"}],"curies":[{"name":"wp","href":"https:\/\/api.w.org\/{rel}","templated":true}]}}