{"id":13978,"date":"2019-09-01T18:30:12","date_gmt":"2019-09-01T15:30:12","guid":{"rendered":"http:\/\/www.lassebacklund.fi\/?page_id=13978"},"modified":"2025-12-13T23:52:58","modified_gmt":"2025-12-13T21:52:58","slug":"lona-i-nystad","status":"publish","type":"page","link":"https:\/\/www.lassebacklund.fi\/?page_id=13978","title":{"rendered":"L\u00f6na i Nystad"},"content":{"rendered":"<p><span style=\"color: #000080;\"><b>Sammanst\u00e4llt av Lasse Backlund \u00e5r 2019. Uppgifterna \u00e4r tagna ur gamla k\u00f6pebrev och lagfartshandlingar.<\/b><\/span><\/p>\n<p><b><\/b>Den nuvarande Ris\u00e5sv\u00e4gen mellan Dagsmark och Korsb\u00e4ck fungerar som gr\u00e4ns mellan byarna Lappfj\u00e4rd och Dagsmark, vilket betyder att alla g\u00e5rdar och byggnader p\u00e5 den v\u00e4stra sidan upp mot skogen h\u00f6r till Lappfj\u00e4rd. \u00c4nd\u00e5 har det h\u00e4r omr\u00e5det som i l\u00e5nga tider kallats \u201dNystad\u201d r\u00e4knats som en del av Dagsmark by.<\/p>\n<p>Omr\u00e5det &#8221;Nystad&#8221; h\u00f6r till Hinders hemman nr 6 och det \u00e4gdes sedan 1902 bonden Viktor Eriksson \u00c4bb och hans hustru Maria Josefsdotter. Maria avled i juni 1904 och parcellen \u00f6vertogs d\u00e5 av \u00e4nklingen och deras barn.<\/p>\n<h4><strong>Johannes och Ida Hietaoja tar \u00f6ver 1904<\/strong><\/h4>\n<p>\u00c5r 1904, den 11 oktober s\u00e5lde Viktor p\u00e5 auktion den h\u00e4r parcellen p\u00e5 n\u00e4rmare 4 ha \u00e5t Johannes och Ida Hietaoja. De gav det h\u00f6gsta budet p\u00e5 1 635 mark, som skulle betalas i februari 1905. Parcellen fick namnet L\u00f6na och f\u00f6ljaktligen kallades v\u00e4gen dit upp f\u00f6r \u201dL\u00f6nat\u00e5\u201d.<\/p>\n<p>Johannes (1880-1929) var son till Josef Henrik Korsb\u00e4ck fr\u00e5n Korsb\u00e4ck, som bytte namn till Hietaoja. Johannes, som kallades \u201dLilltopinas Johannes\u201d var gift med Ida (f.1882) som var dotter till \u201dRebeck Viktor\u201d, allts\u00e5 Viktor Lillkull, som under \u00e5ren 1875 \u2013 1888 var bonde p\u00e5 det hemman som sedan blev <a href=\"https:\/\/www.lassebacklund.fi\/?page_id=2422\">Backlundas<\/a>. Viktor Lillkull for till Amerika 1888 och han dog d\u00e4r \u00e5r 1900.<\/p>\n<p>Johannes och Ida Hietaoja bodde p\u00e5 L\u00f6na parcellen och brukade den lilla mark som h\u00f6rde till.<\/p>\n<p>I mars 1917 s\u00e5lde Johannes och Ida denna parcell och de flyttade sj\u00e4lva till Lillsj\u00f6lidv\u00e4gen, d\u00e4r de \u00e5r 1915 i september hade k\u00f6pt ett st\u00f6rre omr\u00e5de p\u00e5 14 hektar av Ulrika och Henrik Hemberg. Paret Hemberg hade \u00e5r 1911 k\u00f6pt detta omr\u00e5de av Axel Lilltr\u00e4sk och det h\u00f6rde f\u00f6re det till \u201dPelas Viktors\u201d stora hemman. Johannes och Ida bytte d\u00e5 namn till Granlund och de fick flera barn, bland annat sonen Johan Granlund (1904-1948) som gifte sig med \u201dSebas Signe\u201d. Deras son Olof Granlund har skrivit ett par b\u00f6cker om dessa personer.<\/p>\n<h4><strong>Erland Krook och Erik Anders Klemets tar \u00f6ver 1917<\/strong><\/h4>\n<p>Det var allts\u00e5 i mars 1917 som Johannes och Ida s\u00e5lde L\u00f6na parcellen \u00e5t b\u00f6nderna \u201d<a href=\"http:\/\/www.lassebacklund.fi\/?page_id=4864\">Krook\u201d Erland Fagerroos<\/a> och \u201dBr\u00e4nnin\u201d, allts\u00e5 <a href=\"http:\/\/www.lassebacklund.fi\/?page_id=7609\">Erik Anders Klemets<\/a> f\u00f6r 4\u00a0450 mark. S\u00e4ljaren tog undan en boningsstuga men \u00f6vriga byggnader ingick i k\u00f6pet men det \u00e4r oklart om de faktisk tog undan n\u00e5gon stuga. Men de nya \u00e4garna bodde nog inte h\u00e4r.<\/p>\n<h4><strong>Josef Backlund och Viktor L\u00e5ngkvist tar \u00f6ver 1917<\/strong><\/h4>\n<p>Redan i september 1917 s\u00e5lde de parcellen p\u00e5 3,9 ha vidare \u00e5t b\u00f6nderna <a href=\"http:\/\/www.lassebacklund.fi\/?page_id=2422\">Josef Backlund<\/a> och Viktor L\u00e5ngkvist. Priset hade nu stigit till 4\u00a0900 mark och de h\u00e4r nya \u00e4garna bodde inte heller h\u00e4r.<\/p>\n<h4><strong>Sofia Huhtala och Kalle Rajam\u00e4ki tar \u00f6ver 1918<\/strong><\/h4>\n<p>I mars 1918 s\u00e5ldes parcellen vidare, denna g\u00e5ng till Sofia Huhtala och Kalle Rajam\u00e4ki fr\u00e5n B\u00f6tom och priset var nu 5\u00a0950 mark. H\u00f6gst troligt s\u00e5 bodde de h\u00e4r nya \u00e4garna h\u00e4r, i fem \u00e5rs tid.<\/p>\n<h4><strong>Frans Andersson och Erik Anders Roseng\u00e5rd tar \u00f6ver 1923 och s\u00e4ljer ut i delar<\/strong><\/h4>\n<p>Den 18 mars 1923 s\u00e5lde B\u00f6tomborna hela L\u00f6na parcellen \u00e5t br\u00f6derna <a href=\"http:\/\/www.lassebacklund.fi\/?page_id=11562\">Frans Andersson<\/a> och <a href=\"http:\/\/www.lassebacklund.fi\/?page_id=887\">Erik Anders Roseng\u00e5rd<\/a> f\u00f6r 15 000 mark. Frans bodde redan d\u00e5 i &#8221;Lill Skr\u00e4ddarinas g\u00e5rd&#8221;, allts\u00e5 i <a href=\"https:\/\/www.lassebacklund.fi\/?page_id=11562\">Rintam\u00e4kis g\u00e5rd<\/a> p\u00e5 By\u00e5sen. Erik Anders var handlande i egen aff\u00e4r <a href=\"https:\/\/www.lassebacklund.fi\/?page_id=887\">p\u00e5 Brobackan<\/a>.<\/p>\n<p>Br\u00f6derna Roseng\u00e5rd hade nog inga tankar p\u00e5 att beh\u00e5lla denna parcell, f\u00f6r redan 19 maj 1923 s\u00e5lde de den ett hektar stora \u00e5kern i s\u00f6dra \u00e4ndan av parcellen \u00e5t bonden <a href=\"http:\/\/www.lassebacklund.fi\/?page_id=11255\">\u201dAndersas\u201d Erland Gr\u00f6nroos<\/a> f\u00f6r 5 000 mark. Omr\u00e5det p\u00e5 ett hektar fick namnet Lerbacka 6:45. Sonen Birger Gr\u00f6nroos f\u00f6rv\u00e4rvade sedan detta omr\u00e5de och runt 1960 s\u00e5lde han det \u00e5t <a href=\"https:\/\/www.lassebacklund.fi\/?page_id=5566\">Gunnar och Svea Norrg\u00e5rd<\/a> och det \u00e4r fortfarande i den sl\u00e4ktens \u00e4go<\/p>\n<p>Den 24 maj 1923 s\u00e5lde de sj\u00e4lva byggnaderna och en liten tomt mitt p\u00e5 parcellen \u00e5t Lappfj\u00e4rds kommuns fattigv\u00e5rd, f\u00f6r 6 000 mark. Omr\u00e5det p\u00e5 0,245 ha fick namnet Lundqvist 6:44. Kommunen k\u00f6pte den h\u00e4r tiden in f\u00f6rm\u00e5nliga bost\u00e4der, d\u00e4r de kunde inhysa bostadsl\u00f6sa fattighjon. K\u00f6pebrevet undertecknades av b\u00e5da s\u00e4ljarna och fr\u00e5n kommunens sida av bonden <a href=\"http:\/\/www.lassebacklund.fi\/?page_id=1798\">Viktor Nyroos<\/a>. Det var ju sedan Adelina Ranta med familj som flyttade till detta st\u00e4lle och \u00f6vertog i sinom tid stugan och omr\u00e5det och det \u00e4r fortfarande i sl\u00e4ktens \u00e4go.<\/p>\n<p>Den 2 juni 1923 s\u00e5lde br\u00f6derna resten av L\u00f6na parcellen \u00e5t arbetaren <a href=\"http:\/\/www.lassebacklund.fi\/?page_id=9150\">\u201dRuffa\u201d Josef och Selma Granholm.<\/a> Omr\u00e5det p\u00e5 2,69 hektar fanns allts\u00e5 i den norra \u00e4ndan, n\u00e4ra korsningen till Sunnantillv\u00e4gen och det fick namnet L\u00f6na 6:46.\u00a0 F\u00f6ljande \u00e5r for Josef till Canada p\u00e5 sin tredje amerikaresa men \u00e5r 1928 d\u00e5 han \u00e5terv\u00e4nde s\u00e5 byggde han en g\u00e5rd p\u00e5 tomten. L\u00f6na l\u00e4genhet har delats och \u00e5kern p\u00e5 l\u00e4genhet 121 \u00e4gs i dag av en Nurminen fr\u00e5n Lappfj\u00e4rd och g\u00e5rdsgruppen p\u00e5 nr 120 av en familj fr\u00e5n Helsingfors.<\/p>\n<figure id=\"attachment_13980\" aria-describedby=\"caption-attachment-13980\" style=\"width: 1196px\" class=\"wp-caption alignnone\"><img loading=\"lazy\" decoding=\"async\" class=\"size-full wp-image-13980\" src=\"http:\/\/www.lassebacklund.fi\/wp-content\/uploads\/2019\/09\/Karta-\u00f6ver-L\u00f6na.jpg\" alt=\"\" width=\"1196\" height=\"822\" srcset=\"https:\/\/www.lassebacklund.fi\/wp-content\/uploads\/2019\/09\/Karta-\u00f6ver-L\u00f6na.jpg 1196w, https:\/\/www.lassebacklund.fi\/wp-content\/uploads\/2019\/09\/Karta-\u00f6ver-L\u00f6na-300x206.jpg 300w, https:\/\/www.lassebacklund.fi\/wp-content\/uploads\/2019\/09\/Karta-\u00f6ver-L\u00f6na-768x528.jpg 768w, https:\/\/www.lassebacklund.fi\/wp-content\/uploads\/2019\/09\/Karta-\u00f6ver-L\u00f6na-1024x704.jpg 1024w\" sizes=\"auto, (max-width: 1196px) 100vw, 1196px\" \/><figcaption id=\"caption-attachment-13980\" class=\"wp-caption-text\">L\u00f6na parcellen var tiderna s\u00e5 stor som det markerade omr\u00e5det men det s\u00e5ldes sedan ut i 3 delar. Den s\u00f6dra delen k\u00f6pte &#8221;Andersas&#8221; Erland Gr\u00f6nroos och den norra delen k\u00f6pte Josef Granholm. Den mittersta delen d\u00e4r byggnaderna fanns s\u00e5ldes som fattigg\u00e5rd \u00e5t Lappfj\u00e4rds kommun. Kommunen s\u00e5lde g\u00e5rden vidare \u00e5t Adelina Ranta och i dag \u00e4r alla byggnader i Nystad i den familjens \u00e4go, allts\u00e5 utom de g\u00e5rdar som fanns hos Granholms.<\/figcaption><\/figure>\n<p><strong>\u00c5r 1963, den 24 novembe<\/strong>r s\u00e5lde Birger Gr\u00f6nroos sitt markomr\u00e5de 6:45 p\u00e5 1 ha \u00e5t Gunnar och Svea Norrg\u00e5rd.<\/p>\n","protected":false},"excerpt":{"rendered":"<p>Sammanst\u00e4llt av Lasse Backlund \u00e5r 2019. Uppgifterna \u00e4r tagna ur gamla k\u00f6pebrev och lagfartshandlingar. Den nuvarande Ris\u00e5sv\u00e4gen mellan Dagsmark och Korsb\u00e4ck fungerar som gr\u00e4ns mellan byarna Lappfj\u00e4rd och Dagsmark, vilket betyder att alla g\u00e5rdar och byggnader p\u00e5 den v\u00e4stra sidan <a class=\"more-link\" href=\"https:\/\/www.lassebacklund.fi\/?page_id=13978\">Forts\u00e4tt l\u00e4sa <span class=\"screen-reader-text\">  L\u00f6na i Nystad<\/span><span class=\"meta-nav\">&rarr;<\/span><\/a><\/p>\n","protected":false},"author":1,"featured_media":0,"parent":9150,"menu_order":0,"comment_status":"closed","ping_status":"closed","template":"","meta":{"footnotes":""},"class_list":["post-13978","page","type-page","status-publish","hentry"],"_links":{"self":[{"href":"https:\/\/www.lassebacklund.fi\/index.php?rest_route=\/wp\/v2\/pages\/13978","targetHints":{"allow":["GET"]}}],"collection":[{"href":"https:\/\/www.lassebacklund.fi\/index.php?rest_route=\/wp\/v2\/pages"}],"about":[{"href":"https:\/\/www.lassebacklund.fi\/index.php?rest_route=\/wp\/v2\/types\/page"}],"author":[{"embeddable":true,"href":"https:\/\/www.lassebacklund.fi\/index.php?rest_route=\/wp\/v2\/users\/1"}],"replies":[{"embeddable":true,"href":"https:\/\/www.lassebacklund.fi\/index.php?rest_route=%2Fwp%2Fv2%2Fcomments&post=13978"}],"version-history":[{"count":13,"href":"https:\/\/www.lassebacklund.fi\/index.php?rest_route=\/wp\/v2\/pages\/13978\/revisions"}],"predecessor-version":[{"id":25168,"href":"https:\/\/www.lassebacklund.fi\/index.php?rest_route=\/wp\/v2\/pages\/13978\/revisions\/25168"}],"up":[{"embeddable":true,"href":"https:\/\/www.lassebacklund.fi\/index.php?rest_route=\/wp\/v2\/pages\/9150"}],"wp:attachment":[{"href":"https:\/\/www.lassebacklund.fi\/index.php?rest_route=%2Fwp%2Fv2%2Fmedia&parent=13978"}],"curies":[{"name":"wp","href":"https:\/\/api.w.org\/{rel}","templated":true}]}}