{"id":13065,"date":"2019-07-11T21:09:01","date_gmt":"2019-07-11T18:09:01","guid":{"rendered":"http:\/\/www.lassebacklund.fi\/?page_id=13065"},"modified":"2019-07-11T21:15:14","modified_gmt":"2019-07-11T18:15:14","slug":"cykeltur","status":"publish","type":"page","link":"https:\/\/www.lassebacklund.fi\/?page_id=13065","title":{"rendered":"Cykeltur."},"content":{"rendered":"<p><span style=\"color: #000080;\">Diktat av Eva efter en cykelf\u00e4rd till Lappfj\u00e4rd i maj 2018:<\/span><\/p>\n<p><span style=\"margin: 0px; color: #1d2129; font-family: 'Helvetica','sans-serif'; font-size: 10.5pt;\">I dag tog jag paus ifr\u00e5n spade och hacka,<br \/>\nkl\u00e4dde mig i min rosa fleecejacka.<br \/>\nMed hj\u00e4lmen p\u00e5 huvudet och shadsen p\u00e5 min n\u00e4sa<br \/>\njag tog min Kaunotar p\u00e5 en eftermiddagsresa.<\/span><\/p>\n<p><span style=\"margin: 0px; color: #1d2129; font-family: 'Helvetica','sans-serif'; font-size: 10.5pt;\">Solen sken och himmelen var bl\u00e5<br \/>\nm\u00e5nga saker jag s\u00e5g, b\u00e5de stora och sm\u00e5.<br \/>\nFj\u00e4rilar och humlor, en sl\u00e4nda och en sparv<br \/>\nen traktor p\u00e5 en \u00e5ker med plog eller harv.<\/span><\/p>\n<p><span style=\"margin: 0px; color: #1d2129; font-family: 'Helvetica','sans-serif'; font-size: 10.5pt;\">Blommor i massor p\u00e5 dikeskanten,<br \/>\nmed vinden i ryggen blev det fart p\u00e5 tanten.<br \/>\nVid Perus Filialin till h\u00f6ger jag sv\u00e4ngde,<br \/>\nen katt satt p\u00e5 v\u00e4gen, ringklockan jag anv\u00e4nde.<\/span><\/p>\n<p><span style=\"margin: 0px; color: #1d2129; font-family: 'Helvetica','sans-serif'; font-size: 10.5pt;\">P\u00e5 andra sidan \u00e5n f\u00f6rbi min barndoms skola,<br \/>\nintill en husv\u00e4gg en dam satt och sola.<br \/>\nTog paus hos Susanne, gott kaffe hon har<br \/>\noch sen var det bara 8 kilometer kvar.<\/span><\/p>\n<p><span style=\"margin: 0px; color: #1d2129; font-family: 'Helvetica','sans-serif'; font-size: 10.5pt;\">Sista biten med uppf\u00f6rsbacke och motvind<br \/>\nmen solen den v\u00e4rmde s\u00e5 sk\u00f6nt min kind.<br \/>\n25 kilometer blev distansen i dag,<br \/>\nnu f\u00e5r vi vila, Kaunotar och jag!<\/span><\/p>\n<figure id=\"attachment_13064\" aria-describedby=\"caption-attachment-13064\" style=\"width: 1040px\" class=\"wp-caption alignnone\"><img loading=\"lazy\" decoding=\"async\" class=\"size-full wp-image-13064\" src=\"http:\/\/www.lassebacklund.fi\/wp-content\/uploads\/2019\/07\/Cykeltur.jpg\" alt=\"\" width=\"1040\" height=\"1384\" srcset=\"https:\/\/www.lassebacklund.fi\/wp-content\/uploads\/2019\/07\/Cykeltur.jpg 1040w, https:\/\/www.lassebacklund.fi\/wp-content\/uploads\/2019\/07\/Cykeltur-225x300.jpg 225w, https:\/\/www.lassebacklund.fi\/wp-content\/uploads\/2019\/07\/Cykeltur-768x1022.jpg 768w, https:\/\/www.lassebacklund.fi\/wp-content\/uploads\/2019\/07\/Cykeltur-769x1024.jpg 769w\" sizes=\"auto, (max-width: 1040px) 100vw, 1040px\" \/><figcaption id=\"caption-attachment-13064\" class=\"wp-caption-text\">Eva med sin Kaunotar.<\/figcaption><\/figure>\n","protected":false},"excerpt":{"rendered":"<p>Diktat av Eva efter en cykelf\u00e4rd till Lappfj\u00e4rd i maj 2018: I dag tog jag paus ifr\u00e5n spade och hacka, kl\u00e4dde mig i min rosa fleecejacka. Med hj\u00e4lmen p\u00e5 huvudet och shadsen p\u00e5 min n\u00e4sa jag tog min Kaunotar p\u00e5 <a class=\"more-link\" href=\"https:\/\/www.lassebacklund.fi\/?page_id=13065\">Forts\u00e4tt l\u00e4sa <span class=\"screen-reader-text\">  Cykeltur.<\/span><span class=\"meta-nav\">&rarr;<\/span><\/a><\/p>\n","protected":false},"author":1,"featured_media":0,"parent":12953,"menu_order":0,"comment_status":"closed","ping_status":"closed","template":"","meta":{"footnotes":""},"class_list":["post-13065","page","type-page","status-publish","hentry"],"_links":{"self":[{"href":"https:\/\/www.lassebacklund.fi\/index.php?rest_route=\/wp\/v2\/pages\/13065","targetHints":{"allow":["GET"]}}],"collection":[{"href":"https:\/\/www.lassebacklund.fi\/index.php?rest_route=\/wp\/v2\/pages"}],"about":[{"href":"https:\/\/www.lassebacklund.fi\/index.php?rest_route=\/wp\/v2\/types\/page"}],"author":[{"embeddable":true,"href":"https:\/\/www.lassebacklund.fi\/index.php?rest_route=\/wp\/v2\/users\/1"}],"replies":[{"embeddable":true,"href":"https:\/\/www.lassebacklund.fi\/index.php?rest_route=%2Fwp%2Fv2%2Fcomments&post=13065"}],"version-history":[{"count":3,"href":"https:\/\/www.lassebacklund.fi\/index.php?rest_route=\/wp\/v2\/pages\/13065\/revisions"}],"predecessor-version":[{"id":13069,"href":"https:\/\/www.lassebacklund.fi\/index.php?rest_route=\/wp\/v2\/pages\/13065\/revisions\/13069"}],"up":[{"embeddable":true,"href":"https:\/\/www.lassebacklund.fi\/index.php?rest_route=\/wp\/v2\/pages\/12953"}],"wp:attachment":[{"href":"https:\/\/www.lassebacklund.fi\/index.php?rest_route=%2Fwp%2Fv2%2Fmedia&parent=13065"}],"curies":[{"name":"wp","href":"https:\/\/api.w.org\/{rel}","templated":true}]}}