{"id":13011,"date":"2019-07-10T17:50:58","date_gmt":"2019-07-10T14:50:58","guid":{"rendered":"http:\/\/www.lassebacklund.fi\/?page_id=13011"},"modified":"2019-07-10T21:53:22","modified_gmt":"2019-07-10T18:53:22","slug":"bockens-klagan","status":"publish","type":"page","link":"https:\/\/www.lassebacklund.fi\/?page_id=13011","title":{"rendered":"Bockens klagan."},"content":{"rendered":"<p><span style=\"color: #000080;\"><span style=\"margin: 0px; font-family: 'Helvetica','sans-serif';\">Skrivet av Eva en kall vinterdag:\u00a0<\/span><\/span><\/p>\n<h5><span style=\"color: #000000;\"><span style=\"margin: 0px; font-family: 'Helvetica','sans-serif';\">S\u00e5 h\u00e4r f\u00e5r jag st\u00e5 dag efter dag,<\/span><\/span><\/h5>\n<h5><span style=\"margin: 0px; font-family: 'Helvetica','sans-serif';\"><span style=\"color: #000000;\">\u00a0och ingen har fr\u00e5gat att vad tycker jag,<\/span><\/span><\/h5>\n<h5><span style=\"margin: 0px; font-family: 'Helvetica','sans-serif';\"><span style=\"color: #000000;\">\u00a0jag fryser hela tiden, h\u00e5ller p\u00e5 att f\u00e5 slag,<\/span><\/span><\/h5>\n<h5><span style=\"margin: 0px; font-family: 'Helvetica','sans-serif';\"><span style=\"color: #000000;\">\u00a0och inte f\u00e5r jag n\u00e5n mat, s\u00e5 jag blir s\u00e5 svag.<\/span><\/span><\/h5>\n<h5><span style=\"margin: 0px; font-family: 'Helvetica','sans-serif';\"><span style=\"color: #000000;\">\u00a0Jag klagat har gjort till domstol i Haag,<\/span><\/span><\/h5>\n<h5><span style=\"margin: 0px; font-family: 'Helvetica','sans-serif';\"><span style=\"color: #000000;\">\u00a0efter 2 veckors v\u00e4ntan s\u00e5 blev det avslag,<\/span><\/span><\/h5>\n<h5><span style=\"margin: 0px; font-family: 'Helvetica','sans-serif';\"><span style=\"color: #000000;\">\u00a0det \u00e4r varmare i Holland, d\u00e4r har de en lag<\/span><\/span><\/h5>\n<h5><span style=\"margin: 0px; font-family: 'Helvetica','sans-serif';\"><span style=\"color: #000000;\">\u00a0att n\u00e4r det \u00e4r kallt f\u00e5r man vara inne varje dag!<\/span><\/span><\/h5>\n<p><img loading=\"lazy\" decoding=\"async\" class=\"alignnone size-full wp-image-13013\" src=\"http:\/\/www.lassebacklund.fi\/wp-content\/uploads\/2019\/07\/Bocken-klagar.jpg\" alt=\"\" width=\"1153\" height=\"864\" srcset=\"https:\/\/www.lassebacklund.fi\/wp-content\/uploads\/2019\/07\/Bocken-klagar.jpg 1153w, https:\/\/www.lassebacklund.fi\/wp-content\/uploads\/2019\/07\/Bocken-klagar-300x225.jpg 300w, https:\/\/www.lassebacklund.fi\/wp-content\/uploads\/2019\/07\/Bocken-klagar-768x576.jpg 768w, https:\/\/www.lassebacklund.fi\/wp-content\/uploads\/2019\/07\/Bocken-klagar-1024x767.jpg 1024w\" sizes=\"auto, (max-width: 1153px) 100vw, 1153px\" \/><\/p>\n","protected":false},"excerpt":{"rendered":"<p>Skrivet av Eva en kall vinterdag:\u00a0 S\u00e5 h\u00e4r f\u00e5r jag st\u00e5 dag efter dag, \u00a0och ingen har fr\u00e5gat att vad tycker jag, \u00a0jag fryser hela tiden, h\u00e5ller p\u00e5 att f\u00e5 slag, \u00a0och inte f\u00e5r jag n\u00e5n mat, s\u00e5 jag blir <a class=\"more-link\" href=\"https:\/\/www.lassebacklund.fi\/?page_id=13011\">Forts\u00e4tt l\u00e4sa <span class=\"screen-reader-text\">  Bockens klagan.<\/span><span class=\"meta-nav\">&rarr;<\/span><\/a><\/p>\n","protected":false},"author":1,"featured_media":0,"parent":12953,"menu_order":0,"comment_status":"closed","ping_status":"closed","template":"","meta":{"footnotes":""},"class_list":["post-13011","page","type-page","status-publish","hentry"],"_links":{"self":[{"href":"https:\/\/www.lassebacklund.fi\/index.php?rest_route=\/wp\/v2\/pages\/13011","targetHints":{"allow":["GET"]}}],"collection":[{"href":"https:\/\/www.lassebacklund.fi\/index.php?rest_route=\/wp\/v2\/pages"}],"about":[{"href":"https:\/\/www.lassebacklund.fi\/index.php?rest_route=\/wp\/v2\/types\/page"}],"author":[{"embeddable":true,"href":"https:\/\/www.lassebacklund.fi\/index.php?rest_route=\/wp\/v2\/users\/1"}],"replies":[{"embeddable":true,"href":"https:\/\/www.lassebacklund.fi\/index.php?rest_route=%2Fwp%2Fv2%2Fcomments&post=13011"}],"version-history":[{"count":4,"href":"https:\/\/www.lassebacklund.fi\/index.php?rest_route=\/wp\/v2\/pages\/13011\/revisions"}],"predecessor-version":[{"id":13037,"href":"https:\/\/www.lassebacklund.fi\/index.php?rest_route=\/wp\/v2\/pages\/13011\/revisions\/13037"}],"up":[{"embeddable":true,"href":"https:\/\/www.lassebacklund.fi\/index.php?rest_route=\/wp\/v2\/pages\/12953"}],"wp:attachment":[{"href":"https:\/\/www.lassebacklund.fi\/index.php?rest_route=%2Fwp%2Fv2%2Fmedia&parent=13011"}],"curies":[{"name":"wp","href":"https:\/\/api.w.org\/{rel}","templated":true}]}}