{"id":13003,"date":"2019-07-10T17:30:13","date_gmt":"2019-07-10T14:30:13","guid":{"rendered":"http:\/\/www.lassebacklund.fi\/?page_id=13003"},"modified":"2019-07-10T21:58:55","modified_gmt":"2019-07-10T18:58:55","slug":"julmys-i-ankdammen","status":"publish","type":"page","link":"https:\/\/www.lassebacklund.fi\/?page_id=13003","title":{"rendered":"Julmys i Ankdammen."},"content":{"rendered":"<p><span style=\"color: #000080;\">Nedtecknat av Eva i december 2015:<\/span><\/p>\n<h5><span style=\"margin: 0px; font-family: 'Helvetica','sans-serif';\"><span style=\"color: #000000;\">Decemberkv\u00e4llen \u00e4r m\u00f6rk och gr\u00e5<\/span><\/span><\/h5>\n<h5><span style=\"margin: 0px; font-family: 'Helvetica','sans-serif';\"><span style=\"color: #000000;\">inga stj\u00e4rnor som tindrar.<\/span><\/span><\/h5>\n<h5><span style=\"margin: 0px; font-family: 'Helvetica','sans-serif';\"><span style=\"color: #000000;\">Jag vill s\u00e5 g\u00e4rna lite motion f\u00e5<\/span><\/span><\/h5>\n<h5><span style=\"margin: 0px; font-family: 'Helvetica','sans-serif';\"><span style=\"color: #000000;\">men slarvh\u00f6ften det mesta hindrar.<\/span><\/span><\/h5>\n<h5><span style=\"margin: 0px; font-family: 'Helvetica','sans-serif';\"><span style=\"color: #000000;\">D\u00e5 far jag iv\u00e4g till ett trevligt hus,<\/span><\/span><\/h5>\n<h5><span style=\"margin: 0px; font-family: 'Helvetica','sans-serif';\"><span style=\"color: #000000;\">Ankdammen visst det heter<\/span><\/span><\/h5>\n<h5><span style=\"margin: 0px; font-family: 'Helvetica','sans-serif';\"><span style=\"color: #000000;\">d\u00e4r kl\u00e4r jag av mig byxa och blus<\/span><\/span><\/h5>\n<h5><span style=\"margin: 0px; font-family: 'Helvetica','sans-serif';\"><span style=\"color: #000000;\">och simmar tv\u00e5tusen meter.<\/span><\/span><\/h5>\n<p><span style=\"margin: 0px; font-family: 'Helvetica','sans-serif';\"><span style=\"color: #000000;\">\u00a0<\/span><\/span><\/p>\n<h5><span style=\"margin: 0px; font-family: 'Helvetica','sans-serif';\"><span style=\"color: #000000;\">Decemberkv\u00e4llen \u00e4r m\u00f6rk, det \u00e4r sant<\/span><\/span><\/h5>\n<h5><span style=\"margin: 0px; font-family: 'Helvetica','sans-serif';\"><span style=\"color: #000000;\">att i Ankdammen ljusen dom glimmar<\/span><\/span><\/h5>\n<h5><span style=\"margin: 0px; font-family: 'Helvetica','sans-serif';\"><span style=\"color: #000000;\">i l\u00e5nga rader p\u00e5 bass\u00e4ngens kant<\/span><\/span><\/h5>\n<h5><span style=\"margin: 0px; font-family: 'Helvetica','sans-serif';\"><span style=\"color: #000000;\">medan fram och tillbaka vi simmar.<\/span><\/span><\/h5>\n<h5><span style=\"margin: 0px; font-family: 'Helvetica','sans-serif';\"><span style=\"color: #000000;\">Det finns ocks\u00e5 dom som med b\u00e4lte p\u00e5<\/span><\/span><\/h5>\n<h5><span style=\"margin: 0px; font-family: 'Helvetica','sans-serif';\"><span style=\"color: #000000;\">k\u00e4mpar sig fram\u00e5t, ibland p\u00e5 t\u00e5.<\/span><\/span><\/h5>\n<h5><span style=\"margin: 0px; font-family: 'Helvetica','sans-serif';\"><span style=\"color: #000000;\">Kv\u00e4llen \u00e4r mysig med fladdrande ljus,<\/span><\/span><\/h5>\n<h5><span style=\"margin: 0px; font-family: 'Helvetica','sans-serif';\"><span style=\"color: #000000;\">nu \u00e4r det jul i motionens hus!<\/span><\/span><\/h5>\n<figure id=\"attachment_13002\" aria-describedby=\"caption-attachment-13002\" style=\"width: 1192px\" class=\"wp-caption alignnone\"><img loading=\"lazy\" decoding=\"async\" class=\"size-full wp-image-13002\" src=\"http:\/\/www.lassebacklund.fi\/wp-content\/uploads\/2019\/07\/Ankdammen.jpg\" alt=\"\" width=\"1192\" height=\"894\" srcset=\"https:\/\/www.lassebacklund.fi\/wp-content\/uploads\/2019\/07\/Ankdammen.jpg 1192w, https:\/\/www.lassebacklund.fi\/wp-content\/uploads\/2019\/07\/Ankdammen-300x225.jpg 300w, https:\/\/www.lassebacklund.fi\/wp-content\/uploads\/2019\/07\/Ankdammen-768x576.jpg 768w, https:\/\/www.lassebacklund.fi\/wp-content\/uploads\/2019\/07\/Ankdammen-1024x768.jpg 1024w\" sizes=\"auto, (max-width: 1192px) 100vw, 1192px\" \/><figcaption id=\"caption-attachment-13002\" class=\"wp-caption-text\">Simhallen i Kristinestad, som ocks\u00e5 kallas &#8221;Ankdammen&#8221;.<\/figcaption><\/figure>\n","protected":false},"excerpt":{"rendered":"<p>Nedtecknat av Eva i december 2015: Decemberkv\u00e4llen \u00e4r m\u00f6rk och gr\u00e5 inga stj\u00e4rnor som tindrar. Jag vill s\u00e5 g\u00e4rna lite motion f\u00e5 men slarvh\u00f6ften det mesta hindrar. D\u00e5 far jag iv\u00e4g till ett trevligt hus, Ankdammen visst det heter d\u00e4r <a class=\"more-link\" href=\"https:\/\/www.lassebacklund.fi\/?page_id=13003\">Forts\u00e4tt l\u00e4sa <span class=\"screen-reader-text\">  Julmys i Ankdammen.<\/span><span class=\"meta-nav\">&rarr;<\/span><\/a><\/p>\n","protected":false},"author":1,"featured_media":0,"parent":12953,"menu_order":0,"comment_status":"closed","ping_status":"closed","template":"","meta":{"footnotes":""},"class_list":["post-13003","page","type-page","status-publish","hentry"],"_links":{"self":[{"href":"https:\/\/www.lassebacklund.fi\/index.php?rest_route=\/wp\/v2\/pages\/13003","targetHints":{"allow":["GET"]}}],"collection":[{"href":"https:\/\/www.lassebacklund.fi\/index.php?rest_route=\/wp\/v2\/pages"}],"about":[{"href":"https:\/\/www.lassebacklund.fi\/index.php?rest_route=\/wp\/v2\/types\/page"}],"author":[{"embeddable":true,"href":"https:\/\/www.lassebacklund.fi\/index.php?rest_route=\/wp\/v2\/users\/1"}],"replies":[{"embeddable":true,"href":"https:\/\/www.lassebacklund.fi\/index.php?rest_route=%2Fwp%2Fv2%2Fcomments&post=13003"}],"version-history":[{"count":2,"href":"https:\/\/www.lassebacklund.fi\/index.php?rest_route=\/wp\/v2\/pages\/13003\/revisions"}],"predecessor-version":[{"id":13042,"href":"https:\/\/www.lassebacklund.fi\/index.php?rest_route=\/wp\/v2\/pages\/13003\/revisions\/13042"}],"up":[{"embeddable":true,"href":"https:\/\/www.lassebacklund.fi\/index.php?rest_route=\/wp\/v2\/pages\/12953"}],"wp:attachment":[{"href":"https:\/\/www.lassebacklund.fi\/index.php?rest_route=%2Fwp%2Fv2%2Fmedia&parent=13003"}],"curies":[{"name":"wp","href":"https:\/\/api.w.org\/{rel}","templated":true}]}}