{"id":12852,"date":"2019-07-04T23:44:16","date_gmt":"2019-07-04T20:44:16","guid":{"rendered":"http:\/\/www.lassebacklund.fi\/?page_id=12852"},"modified":"2025-07-31T21:32:15","modified_gmt":"2025-07-31T18:32:15","slug":"lindroos-pa-lillsjovagen-88","status":"publish","type":"page","link":"https:\/\/www.lassebacklund.fi\/?page_id=12852","title":{"rendered":"Lindroos p\u00e5 Lillsj\u00f6v\u00e4gen 88"},"content":{"rendered":"<figure id=\"attachment_12848\" aria-describedby=\"caption-attachment-12848\" style=\"width: 1600px\" class=\"wp-caption alignnone\"><img loading=\"lazy\" decoding=\"async\" class=\"size-full wp-image-12848\" src=\"http:\/\/www.lassebacklund.fi\/wp-content\/uploads\/2019\/07\/1-Hemmingas-stuga-fr\u00e5n-g\u00e5rden.jpg\" alt=\"\" width=\"1600\" height=\"1200\" srcset=\"https:\/\/www.lassebacklund.fi\/wp-content\/uploads\/2019\/07\/1-Hemmingas-stuga-fr\u00e5n-g\u00e5rden.jpg 1600w, https:\/\/www.lassebacklund.fi\/wp-content\/uploads\/2019\/07\/1-Hemmingas-stuga-fr\u00e5n-g\u00e5rden-300x225.jpg 300w, https:\/\/www.lassebacklund.fi\/wp-content\/uploads\/2019\/07\/1-Hemmingas-stuga-fr\u00e5n-g\u00e5rden-768x576.jpg 768w, https:\/\/www.lassebacklund.fi\/wp-content\/uploads\/2019\/07\/1-Hemmingas-stuga-fr\u00e5n-g\u00e5rden-1024x768.jpg 1024w\" sizes=\"auto, (max-width: 1600px) 100vw, 1600px\" \/><figcaption id=\"caption-attachment-12848\" class=\"wp-caption-text\">Den h\u00e4r g\u00e5rden i Kvarn\u00e5 byggdes i slutet av 1940-talet av Hemming och Julia Lindg\u00e5rd. P\u00e5 samma st\u00e4lle stod fr\u00e5n tidigare en gammal bondg\u00e5rd som hade byggts av Julias f\u00f6r\u00e4ldrar n\u00e5gon g\u00e5ng efter \u00e5r 1910. Hemming och Julia Lindg\u00e5rds g\u00e5rd fotograferad 2004.<\/figcaption><\/figure>\n<p><strong><span style=\"color: #000080;\">Uppgjort av Lasse Backlund i juli 2019, med hj\u00e4lp av familjerna Englund och Lundell.<\/span><\/strong><\/p>\n<p>Hemming Lindg\u00e5rd, var f\u00f6dd Prunnila (1913-1987) p\u00e5 <a href=\"http:\/\/www.lassebacklund.fi\/?page_id=1299\">Stoas torp i Lillsj\u00f6<\/a> bakom Berg\u00e5sen. Hemming var son till Anders Prunnila (1879-1941) och Ellida (f. Lillkull 1884-1978) som kallades \u201dUtteras-Liida\u201d. Anders Prunnila var son till Johan Prunnila (f. i Honkajoki 1843-1923) som hade flyttat till Lillsj\u00f6 d\u00e5 han gifte sig med \u00e4nkan Anna Greta Lillsj\u00f6. Anders Prunnila var bror till Henry Lillsj\u00f6 och till <a href=\"http:\/\/www.lassebacklund.fi\/?page_id=1309\">\u201dKionas Mina<\/a>\u201d och s\u00e5 var han halvbror till <a href=\"http:\/\/www.lassebacklund.fi\/?page_id=645\">\u201dLillsj\u00f6 Bagarin\u201d<\/a>. \u00a0Anders och Ellida Prunnila fick tv\u00e5 barn:<\/p>\n<p>-Anna Julida (1912-1941) ogift och barnl\u00f6s.<\/p>\n<p>-Eino <u>Hemming<\/u> (1913-1987).<\/p>\n<figure id=\"attachment_12859\" aria-describedby=\"caption-attachment-12859\" style=\"width: 1559px\" class=\"wp-caption alignnone\"><img loading=\"lazy\" decoding=\"async\" class=\"size-full wp-image-12859\" src=\"http:\/\/www.lassebacklund.fi\/wp-content\/uploads\/2019\/07\/Hemming-och-Julias-f\u00f6rlovningsfoto.jpg\" alt=\"\" width=\"1559\" height=\"948\" srcset=\"https:\/\/www.lassebacklund.fi\/wp-content\/uploads\/2019\/07\/Hemming-och-Julias-f\u00f6rlovningsfoto.jpg 1559w, https:\/\/www.lassebacklund.fi\/wp-content\/uploads\/2019\/07\/Hemming-och-Julias-f\u00f6rlovningsfoto-300x182.jpg 300w, https:\/\/www.lassebacklund.fi\/wp-content\/uploads\/2019\/07\/Hemming-och-Julias-f\u00f6rlovningsfoto-768x467.jpg 768w, https:\/\/www.lassebacklund.fi\/wp-content\/uploads\/2019\/07\/Hemming-och-Julias-f\u00f6rlovningsfoto-1024x623.jpg 1024w\" sizes=\"auto, (max-width: 1559px) 100vw, 1559px\" \/><figcaption id=\"caption-attachment-12859\" class=\"wp-caption-text\">Julia Lindroos i Kvarn\u00e5 f\u00f6rlovade sig med Hemming Prunnila fr\u00e5n Lillsj\u00f6.<\/figcaption><\/figure>\n<p>Hemming Prunnila gifte sig sommaren 1939 med Julia Lindroos (1911-1998) fr\u00e5n Kvarn\u00e5. Julia, som kallades &#8221;Riikaas Juli&#8221; f\u00f6re hon gifte sig var dotter till Henrik Lindroos (f\u00f6dd Knus i Norrviken 1879-1951) och Adelina (f\u00f6dd Korsb\u00e4ck 1878-1959).<\/p>\n<p>Julias far &#8221;Riikaas Hindrik&#8221; Henrik Knus, senare Lindroos var son till Johan Henrik Finne och Fredrika \u201dRiika\u201d B\u00e5sk, som var b\u00f6nder p\u00e5 Knus hemman i Norrviken. Henrik var bror bland annat till Erik Johan Eskelin (1874-1952), Viktor Jansson-J\u00e4rvel\u00e4 (1875-1929) och Josef Anders Sm\u00e5tr\u00e4sk (1877-1948).<\/p>\n<p>Julias mor &#8221;G\u00e5sens Adelin&#8221;, allts\u00e5 Adelina var dotter till Karl och Vilhelmina Korsb\u00e4ck fr\u00e5n Korsb\u00e4ck. Adelina hade m\u00e5nga syskon, bland annat Karl Henrik Liljeblad (1874-1927), Viktor Sten (1880-1974), Johannes Stenlund (1883-1942), Ida Bergqvist (1885-1964), <a href=\"http:\/\/www.lassebacklund.fi\/?page_id=3179\">Amanda Englund<\/a> (1888-1974), Erland Korsb\u00e4ck (1891-1935) och Emil Korsb\u00e4ck (1893-1952).<\/p>\n<p>Hemming Prunnila gifte sig i juli 1939 med Julia, och efter n\u00e5gra \u00e5r s\u00e5 bytte de sl\u00e4ktnamn till Lindg\u00e5rd. Hemming kom sedan som m\u00e5g till Lindroos och blev efter en tid bonde p\u00e5 hemmanet. Han \u00f6vertog det hemman \u00e5r 1940 som hans sv\u00e4rf\u00f6r\u00e4ldrar hade f\u00f6rv\u00e4rvat \u00e5r 1910.<\/p>\n<h3><strong>Hemmanets historia<\/strong><\/h3>\n<p><strong>Henrik och Adelina k\u00f6per hemmansdel av Kv\u00e4\u00e4n\u00e5 Kajs<\/strong><\/p>\n<p>Henrik Knus fr\u00e5n Norrviken gifte sig \u00e5r 1905 med Adelina Korsb\u00e4ck fr\u00e5n Tresk och \u00e5r 1910, den 14 september k\u00f6pte de en tredjedel av <a href=\"http:\/\/www.lassebacklund.fi\/?page_id=4083\">Anna Kajsa Rosenbacks hemman<\/a> i Kvarn\u00e5. Anna Kajsa, som kallades \u201dKv\u00e4\u00e4n\u00e5 Kajs\u201d hade runt sekelskiftet blivit \u00e4nka och till p\u00e5 k\u00f6pet s\u00e5 brann alla hennes byggnader ner \u00e5r 1901, s\u00e5 det var naturligt att hon ville avyttra sitt hemman. &#8221;Kv\u00e4\u00e4n\u00e5 Kajs&#8221; s\u00e5lde sedan resten av hemmanet i olika delar och \u00e5r 1919 <a href=\"https:\/\/www.kristinestadshistoria.fi\/?page_id=24204\">flyttade Kajs till Kristinestad.<\/a><\/p>\n<p>Det var allts\u00e5 \u00e5r 1910 som Henrik och Adelina, som sedan tog sl\u00e4ktnamnet Lindroos k\u00f6pte sitt hemman p\u00e5 1\/48 dels mtl och de uppf\u00f6rde d\u00e5 en bondg\u00e5rd med n\u00f6diga uthus. De fick lagfart f\u00f6rst i september 1915 och de var ju i praktiken b\u00f6nder till efter kriget, eftersom m\u00e5gen Hemming var med i b\u00e5de vinter- och forts\u00e4ttningskriget.<\/p>\n<figure id=\"attachment_12849\" aria-describedby=\"caption-attachment-12849\" style=\"width: 638px\" class=\"wp-caption alignnone\"><img loading=\"lazy\" decoding=\"async\" class=\"size-full wp-image-12849\" src=\"http:\/\/www.lassebacklund.fi\/wp-content\/uploads\/2019\/07\/2-Lindroos-Henrik-och-Adelina-1938.jpg\" alt=\"\" width=\"638\" height=\"940\" srcset=\"https:\/\/www.lassebacklund.fi\/wp-content\/uploads\/2019\/07\/2-Lindroos-Henrik-och-Adelina-1938.jpg 638w, https:\/\/www.lassebacklund.fi\/wp-content\/uploads\/2019\/07\/2-Lindroos-Henrik-och-Adelina-1938-204x300.jpg 204w\" sizes=\"auto, (max-width: 638px) 100vw, 638px\" \/><figcaption id=\"caption-attachment-12849\" class=\"wp-caption-text\">Henrik och Adelina Lindroos framf\u00f6r hemmet i Kvarn\u00e5 \u00e5r 1938.<\/figcaption><\/figure>\n<p>Henrik och Adelina Lindroos fick 5 barn:<\/p>\n<h6>-Emil (f.1905) flyttade i unga \u00e5r till Sundom f\u00f6r arbete p\u00e5 s\u00e5gen i Kronvik. Gifte sig d\u00e4r \u00e5r 1935.<\/h6>\n<h6>&#8211;<a href=\"http:\/\/www.lassebacklund.fi\/?page_id=494\">Signe (f.1910)<\/a> kallad &#8221;Riikaas Signe&#8221; som \u00e5r 1932 gifte sig med Lennart Nystr\u00f6m.<\/h6>\n<h6>-Julia (f.1911) som \u00e5r 1939 gifte sig med Hemming Prunnila och tog \u00f6ver hemmanet.<\/h6>\n<h6>-Bertel (f.1913) som var den tillt\u00e4nkta bonden, men som stupade i vinterkriget i mars 1940. L\u00e4s mera <a href=\"http:\/\/www.lassebacklund.fi\/?page_id=2529\"><span style=\"text-decoration: underline;\"><span style=\"color: #000080;\"><strong>H\u00c4R!<\/strong><\/span><\/span><\/a><\/h6>\n<h6>-Fageli (f.1923) kallad &#8221;Riikaas Fageeli&#8221; som \u00e5r 1946 gifte sig med &#8221;Frivilas&#8221; Egil Holmudd fr\u00e5n Mellan\u00e5.<\/h6>\n<p>&nbsp;<\/p>\n<h4><strong>Hemming och Julia tar \u00f6ver<\/strong><\/h4>\n<p>D\u00e5 den tillt\u00e4nkta sonen Bertel stupade, s\u00e5 blev det dottern Julia och hennes man Hemming som tog \u00f6ver hemmanet och g\u00e5rden. Den 10 augusti 1940 k\u00f6pte de Lindroos hemmanet av Henrik och Adelina som d\u00e5 flyttade ut i lillstugan, d\u00e4r de bodde s\u00e5 l\u00e4nge de levde. P\u00e5 samma g\u00e5ng skrevs ett sytningskontrakt som gav Henrik och Adelina r\u00e4tt till att bo i lillstugan, r\u00e4tt till n\u00f6diga uthus, 3 tunnor r\u00e5g, 3 tunnor korn och 3 000 kg h\u00f6. De skulle ocks\u00e5 ha 8 famnar med blandved, 100 kg salt, 2 fj\u00e4rdingar str\u00f6mming, 20 kg k\u00f6tt, och tv\u00e5 par pj\u00e4xor varje \u00e5r. Hemming och Julia skulle sk\u00f6ta om gamlingarna s\u00e5 l\u00e4nge de levde. N\u00e5gra veckor efter k\u00f6pet s\u00e5lde Hemming Prunnila l\u00e4genheten K\u00e4rr, som var en del av <a href=\"https:\/\/www.lassebacklund.fi\/?page_id=1299\">Stoas torp<\/a> bakom Berg\u00e5sen.<\/p>\n<figure id=\"attachment_12850\" aria-describedby=\"caption-attachment-12850\" style=\"width: 1600px\" class=\"wp-caption alignnone\"><img loading=\"lazy\" decoding=\"async\" class=\"size-full wp-image-12850\" src=\"http:\/\/www.lassebacklund.fi\/wp-content\/uploads\/2019\/07\/3-Hemmingas-lillstuga.jpg\" alt=\"\" width=\"1600\" height=\"1200\" srcset=\"https:\/\/www.lassebacklund.fi\/wp-content\/uploads\/2019\/07\/3-Hemmingas-lillstuga.jpg 1600w, https:\/\/www.lassebacklund.fi\/wp-content\/uploads\/2019\/07\/3-Hemmingas-lillstuga-300x225.jpg 300w, https:\/\/www.lassebacklund.fi\/wp-content\/uploads\/2019\/07\/3-Hemmingas-lillstuga-768x576.jpg 768w, https:\/\/www.lassebacklund.fi\/wp-content\/uploads\/2019\/07\/3-Hemmingas-lillstuga-1024x768.jpg 1024w\" sizes=\"auto, (max-width: 1600px) 100vw, 1600px\" \/><figcaption id=\"caption-attachment-12850\" class=\"wp-caption-text\">Den h\u00e4r lillstugan hade varit Henriks f\u00f6r\u00e4ldrag\u00e5rd &#8221;Riikaas&#8221; i Norrviken och Henrik flyttade och byggde upp den som sytningsstuga \u00e5t sig och Adelina i Kvarn\u00e5, d\u00e5 deras son Bertel var p\u00e5 v\u00e4g att ta \u00f6ver hemmanet. Men \u00f6det ville annat, d\u00e5 Bertel stupade i krigets slutskede. Fotot fr\u00e5n 2004.<\/figcaption><\/figure>\n<p>I samma veva inredde Hemming en bostad i uthuset \u00e5t sin mor Ellida Prunnila och hon bodde d\u00e4r i flera \u00e5r. S\u00e4kerligen blev det problem med tre kvinnor p\u00e5 samma g\u00e5rdsplan och efter en tid flyttade Ellida till <a href=\"http:\/\/www.lassebacklund.fi\/?page_id=2186\">sina systrar p\u00e5 Sunnantillv\u00e4gen<\/a>.<\/p>\n<p>Efter kriget p\u00e5 40-talet rev Hemming och Julia den gamla g\u00e5rden och byggde en ny p\u00e5 samma st\u00e4lle. F\u00f6rutom att sk\u00f6ta det lilla jordbruket arbetade Hemming ocks\u00e5 p\u00e5 flera byggen och med renoveringar. Han var k\u00e4nd som en h\u00e4ndig man som klarade av alla arbetsskeden och var d\u00e4rf\u00f6r en eftertraktad arbetare.<\/p>\n<figure id=\"attachment_12851\" aria-describedby=\"caption-attachment-12851\" style=\"width: 1600px\" class=\"wp-caption alignnone\"><img loading=\"lazy\" decoding=\"async\" class=\"size-full wp-image-12851\" src=\"http:\/\/www.lassebacklund.fi\/wp-content\/uploads\/2019\/07\/4-Hemmingas-stuga-2.jpg\" alt=\"\" width=\"1600\" height=\"1200\" srcset=\"https:\/\/www.lassebacklund.fi\/wp-content\/uploads\/2019\/07\/4-Hemmingas-stuga-2.jpg 1600w, https:\/\/www.lassebacklund.fi\/wp-content\/uploads\/2019\/07\/4-Hemmingas-stuga-2-300x225.jpg 300w, https:\/\/www.lassebacklund.fi\/wp-content\/uploads\/2019\/07\/4-Hemmingas-stuga-2-768x576.jpg 768w, https:\/\/www.lassebacklund.fi\/wp-content\/uploads\/2019\/07\/4-Hemmingas-stuga-2-1024x768.jpg 1024w\" sizes=\"auto, (max-width: 1600px) 100vw, 1600px\" \/><figcaption id=\"caption-attachment-12851\" class=\"wp-caption-text\">G\u00e5rden fotograferad fr\u00e5n nordv\u00e4st i juni 2004.<\/figcaption><\/figure>\n<p>Julias syster Fageli som hade flyttat till Sverige bodde i den tomma lillstugan i Kvarn\u00e5 p\u00e5 semestrar och ledigheter och m\u00f6jligtvis var det hon som lockade ocks\u00e5 Hemming och Julia till Sverige. \u00c5r 1965 flyttade de till Sverige och de stannade d\u00e4r s\u00e5 l\u00e4nge de levde. Sommartid vistades de i flera veckor i Kvarn\u00e5.<\/p>\n<p>\u00c5r 1970, den 19 juli s\u00e5lde Hemming och Julia st\u00f6rsta delen av hemmanet f\u00f6r 20 000 mark \u00e5t Sten Hemberg. Samma dag s\u00e5lde de all skog p\u00e5 Drag\u00e5sen och Kyrktimmer\u00e5sen f\u00f6r 17 500 mark \u00e5t \u00c5ke Hemberg.<\/p>\n<p>Eftersom Julia och Hemming inte hade n\u00e5gra barn, s\u00e5 \u00f6vertogs huset i Kvarn\u00e5 av systern Fagelis barn, som bodde i Sverige. De fortsatte att anv\u00e4nda st\u00e4llet som sommarbostad i flera \u00e5r. P\u00e5 senare tid har g\u00e5rden varit s\u00e5 gott som oanv\u00e4nd och i juni 2019 s\u00e5lde de huset med omkringliggande mark \u00e5t grannen Englund.<\/p>\n<h3><strong>Foton.<\/strong><\/h3>\n<figure id=\"attachment_12860\" aria-describedby=\"caption-attachment-12860\" style=\"width: 1600px\" class=\"wp-caption alignnone\"><img loading=\"lazy\" decoding=\"async\" class=\"size-full wp-image-12860\" src=\"http:\/\/www.lassebacklund.fi\/wp-content\/uploads\/2019\/07\/Lindg\u00e5rd-Hemming-fr\u00e5n-v\u00e4gen-2003.jpg\" alt=\"\" width=\"1600\" height=\"1200\" srcset=\"https:\/\/www.lassebacklund.fi\/wp-content\/uploads\/2019\/07\/Lindg\u00e5rd-Hemming-fr\u00e5n-v\u00e4gen-2003.jpg 1600w, https:\/\/www.lassebacklund.fi\/wp-content\/uploads\/2019\/07\/Lindg\u00e5rd-Hemming-fr\u00e5n-v\u00e4gen-2003-300x225.jpg 300w, https:\/\/www.lassebacklund.fi\/wp-content\/uploads\/2019\/07\/Lindg\u00e5rd-Hemming-fr\u00e5n-v\u00e4gen-2003-768x576.jpg 768w, https:\/\/www.lassebacklund.fi\/wp-content\/uploads\/2019\/07\/Lindg\u00e5rd-Hemming-fr\u00e5n-v\u00e4gen-2003-1024x768.jpg 1024w\" sizes=\"auto, (max-width: 1600px) 100vw, 1600px\" \/><figcaption id=\"caption-attachment-12860\" class=\"wp-caption-text\">Julia och Hemmings g\u00e5rd i Kvarn\u00e5 \u00e5r 2003, fotot taget fr\u00e5n Lillsj\u00f6v\u00e4gen. Till v\u00e4nster syns lillstugan och till h\u00f6ger i \u00e4ndan p\u00e5 uthuset den bostad som Hemming inredde \u00e5t sin mor Ellida Prunnila.<\/figcaption><\/figure>\n<figure id=\"attachment_12861\" aria-describedby=\"caption-attachment-12861\" style=\"width: 2195px\" class=\"wp-caption alignnone\"><img loading=\"lazy\" decoding=\"async\" class=\"size-full wp-image-12861\" src=\"http:\/\/www.lassebacklund.fi\/wp-content\/uploads\/2019\/07\/Lindroos-Henrik.jpg\" alt=\"\" width=\"2195\" height=\"3238\" srcset=\"https:\/\/www.lassebacklund.fi\/wp-content\/uploads\/2019\/07\/Lindroos-Henrik.jpg 2195w, https:\/\/www.lassebacklund.fi\/wp-content\/uploads\/2019\/07\/Lindroos-Henrik-203x300.jpg 203w, https:\/\/www.lassebacklund.fi\/wp-content\/uploads\/2019\/07\/Lindroos-Henrik-768x1133.jpg 768w, https:\/\/www.lassebacklund.fi\/wp-content\/uploads\/2019\/07\/Lindroos-Henrik-694x1024.jpg 694w\" sizes=\"auto, (max-width: 2195px) 100vw, 2195px\" \/><figcaption id=\"caption-attachment-12861\" class=\"wp-caption-text\">Henrik Lindroos var f\u00f6dd Knus uppe i Norrviken. Han var mager, m\u00f6rkh\u00e5rig och brun\u00f6gd och p\u00e5 grund av sin astma var han s\u00e4ngliggande i m\u00e5nga \u00e5r.<\/figcaption><\/figure>\n<figure id=\"attachment_12863\" aria-describedby=\"caption-attachment-12863\" style=\"width: 814px\" class=\"wp-caption alignnone\"><img loading=\"lazy\" decoding=\"async\" class=\"size-full wp-image-12863\" src=\"http:\/\/www.lassebacklund.fi\/wp-content\/uploads\/2019\/07\/5-Hemming-i-milit\u00e4ren.jpg\" alt=\"\" width=\"814\" height=\"1098\" srcset=\"https:\/\/www.lassebacklund.fi\/wp-content\/uploads\/2019\/07\/5-Hemming-i-milit\u00e4ren.jpg 814w, https:\/\/www.lassebacklund.fi\/wp-content\/uploads\/2019\/07\/5-Hemming-i-milit\u00e4ren-222x300.jpg 222w, https:\/\/www.lassebacklund.fi\/wp-content\/uploads\/2019\/07\/5-Hemming-i-milit\u00e4ren-768x1036.jpg 768w, https:\/\/www.lassebacklund.fi\/wp-content\/uploads\/2019\/07\/5-Hemming-i-milit\u00e4ren-759x1024.jpg 759w\" sizes=\"auto, (max-width: 814px) 100vw, 814px\" \/><figcaption id=\"caption-attachment-12863\" class=\"wp-caption-text\">Fr\u00e5n den 4 januari 1935 tj\u00e4nstgjorde Hemming Prunnila vid Nylands regemente i Sandhamn. Han skrev i ett h\u00e4fte att det inte \u00e4r s\u00e5 trevligt och det h\u00e4r livet skall man dras med i 12 m\u00e5nader, men det \u00e4r som ordspr\u00e5ket s\u00e4ger: &#8221;Genom sv\u00e5righet till stj\u00e4rnorna&#8221;. I hans dagbok f\u00e5r man den uppfattningen att han tj\u00e4nstgjorde p\u00e5 brandstationen.<\/figcaption><\/figure>\n<figure id=\"attachment_12864\" aria-describedby=\"caption-attachment-12864\" style=\"width: 1328px\" class=\"wp-caption alignnone\"><img loading=\"lazy\" decoding=\"async\" class=\"size-full wp-image-12864\" src=\"http:\/\/www.lassebacklund.fi\/wp-content\/uploads\/2019\/07\/9-Hemming-och-Julia-i-soffan-1978.jpg\" alt=\"\" width=\"1328\" height=\"744\" srcset=\"https:\/\/www.lassebacklund.fi\/wp-content\/uploads\/2019\/07\/9-Hemming-och-Julia-i-soffan-1978.jpg 1328w, https:\/\/www.lassebacklund.fi\/wp-content\/uploads\/2019\/07\/9-Hemming-och-Julia-i-soffan-1978-300x168.jpg 300w, https:\/\/www.lassebacklund.fi\/wp-content\/uploads\/2019\/07\/9-Hemming-och-Julia-i-soffan-1978-768x430.jpg 768w, https:\/\/www.lassebacklund.fi\/wp-content\/uploads\/2019\/07\/9-Hemming-och-Julia-i-soffan-1978-1024x574.jpg 1024w\" sizes=\"auto, (max-width: 1328px) 100vw, 1328px\" \/><figcaption id=\"caption-attachment-12864\" class=\"wp-caption-text\">Hemming och Julia p\u00e5 \u00e4ldre dar.<\/figcaption><\/figure>\n<figure id=\"attachment_12865\" aria-describedby=\"caption-attachment-12865\" style=\"width: 2304px\" class=\"wp-caption alignnone\"><img loading=\"lazy\" decoding=\"async\" class=\"size-full wp-image-12865\" src=\"http:\/\/www.lassebacklund.fi\/wp-content\/uploads\/2019\/07\/10-Hemmingas-2019-2.jpg\" alt=\"\" width=\"2304\" height=\"1704\" srcset=\"https:\/\/www.lassebacklund.fi\/wp-content\/uploads\/2019\/07\/10-Hemmingas-2019-2.jpg 2304w, https:\/\/www.lassebacklund.fi\/wp-content\/uploads\/2019\/07\/10-Hemmingas-2019-2-300x222.jpg 300w, https:\/\/www.lassebacklund.fi\/wp-content\/uploads\/2019\/07\/10-Hemmingas-2019-2-768x568.jpg 768w, https:\/\/www.lassebacklund.fi\/wp-content\/uploads\/2019\/07\/10-Hemmingas-2019-2-1024x757.jpg 1024w\" sizes=\"auto, (max-width: 2304px) 100vw, 2304px\" \/><figcaption id=\"caption-attachment-12865\" class=\"wp-caption-text\">Hemming Lindg\u00e5rd inredde en bostad \u00e5t sin mor Ellida Prunnila i \u00f6stra \u00e4ndan p\u00e5 uthuset och hon bodde d\u00e4r i flera \u00e5r efter kriget. Men hon flyttade sedan till sina systrar p\u00e5 Sunnantillv\u00e4gen. Fotot fr\u00e5n juli 2019.<\/figcaption><\/figure>\n<figure id=\"attachment_12866\" aria-describedby=\"caption-attachment-12866\" style=\"width: 853px\" class=\"wp-caption alignnone\"><img loading=\"lazy\" decoding=\"async\" class=\"size-full wp-image-12866\" src=\"http:\/\/www.lassebacklund.fi\/wp-content\/uploads\/2019\/07\/11-Lindroos-Julia-och-Gerda-Englund.jpg\" alt=\"\" width=\"853\" height=\"1283\" srcset=\"https:\/\/www.lassebacklund.fi\/wp-content\/uploads\/2019\/07\/11-Lindroos-Julia-och-Gerda-Englund.jpg 853w, https:\/\/www.lassebacklund.fi\/wp-content\/uploads\/2019\/07\/11-Lindroos-Julia-och-Gerda-Englund-199x300.jpg 199w, https:\/\/www.lassebacklund.fi\/wp-content\/uploads\/2019\/07\/11-Lindroos-Julia-och-Gerda-Englund-768x1155.jpg 768w, https:\/\/www.lassebacklund.fi\/wp-content\/uploads\/2019\/07\/11-Lindroos-Julia-och-Gerda-Englund-681x1024.jpg 681w\" sizes=\"auto, (max-width: 853px) 100vw, 853px\" \/><figcaption id=\"caption-attachment-12866\" class=\"wp-caption-text\">Kusinerna Julia Lindroos till v\u00e4nster och Gerda Englund till h\u00f6ger. Trots att Julia bodde i Kvarn\u00e5 och Gerda i Palon som var de n\u00e4ra grannar, f\u00f6r det \u00e4r under 500 meter mellan deras hem \u00f6ver \u00e5krarna. Flickorna mammor var systrar.<\/figcaption><\/figure>\n<figure id=\"attachment_12868\" aria-describedby=\"caption-attachment-12868\" style=\"width: 1512px\" class=\"wp-caption alignnone\"><img loading=\"lazy\" decoding=\"async\" class=\"size-full wp-image-12868\" src=\"http:\/\/www.lassebacklund.fi\/wp-content\/uploads\/2019\/07\/13-Hemmingas-milit\u00e4rfoto-foto.jpg\" alt=\"\" width=\"1512\" height=\"2016\" srcset=\"https:\/\/www.lassebacklund.fi\/wp-content\/uploads\/2019\/07\/13-Hemmingas-milit\u00e4rfoto-foto.jpg 1512w, https:\/\/www.lassebacklund.fi\/wp-content\/uploads\/2019\/07\/13-Hemmingas-milit\u00e4rfoto-foto-225x300.jpg 225w, https:\/\/www.lassebacklund.fi\/wp-content\/uploads\/2019\/07\/13-Hemmingas-milit\u00e4rfoto-foto-768x1024.jpg 768w\" sizes=\"auto, (max-width: 1512px) 100vw, 1512px\" \/><figcaption id=\"caption-attachment-12868\" class=\"wp-caption-text\">Hemming Prunnila tillverkade denna speciella ram f\u00f6r sitt milit\u00e4rfoto.<\/figcaption><\/figure>\n<figure id=\"attachment_12867\" aria-describedby=\"caption-attachment-12867\" style=\"width: 570px\" class=\"wp-caption alignnone\"><img loading=\"lazy\" decoding=\"async\" class=\"size-full wp-image-12867\" src=\"http:\/\/www.lassebacklund.fi\/wp-content\/uploads\/2019\/07\/12-Lindroos-Adelina.jpg\" alt=\"\" width=\"570\" height=\"923\" srcset=\"https:\/\/www.lassebacklund.fi\/wp-content\/uploads\/2019\/07\/12-Lindroos-Adelina.jpg 570w, https:\/\/www.lassebacklund.fi\/wp-content\/uploads\/2019\/07\/12-Lindroos-Adelina-185x300.jpg 185w\" sizes=\"auto, (max-width: 570px) 100vw, 570px\" \/><figcaption id=\"caption-attachment-12867\" class=\"wp-caption-text\">Adelina f\u00f6ddes 1878 i Stenlunds pr\u00e4ktiga bondg\u00e5rd i Korsb\u00e4ck och \u00e5r 1905 gifte hon sig med Henrik Lindroos fr\u00e5n Knus i Norrviken, allts\u00e5 p\u00e5 Lappfj\u00e4rdssidan. P\u00e5 \u00e4ldre dar led hon s\u00e5 av gr\u00e5starr att hon n\u00e4stan blev blind och dessutom led hon av ledg\u00e5ngsreumatism.<\/figcaption><\/figure>\n<figure id=\"attachment_12869\" aria-describedby=\"caption-attachment-12869\" style=\"width: 1613px\" class=\"wp-caption alignnone\"><img loading=\"lazy\" decoding=\"async\" class=\"size-full wp-image-12869\" src=\"http:\/\/www.lassebacklund.fi\/wp-content\/uploads\/2019\/07\/14-Hemmingas-n\u00e4verstolar-hos-Lundells-11.jpg\" alt=\"\" width=\"1613\" height=\"1210\" srcset=\"https:\/\/www.lassebacklund.fi\/wp-content\/uploads\/2019\/07\/14-Hemmingas-n\u00e4verstolar-hos-Lundells-11.jpg 1613w, https:\/\/www.lassebacklund.fi\/wp-content\/uploads\/2019\/07\/14-Hemmingas-n\u00e4verstolar-hos-Lundells-11-300x225.jpg 300w, https:\/\/www.lassebacklund.fi\/wp-content\/uploads\/2019\/07\/14-Hemmingas-n\u00e4verstolar-hos-Lundells-11-768x576.jpg 768w, https:\/\/www.lassebacklund.fi\/wp-content\/uploads\/2019\/07\/14-Hemmingas-n\u00e4verstolar-hos-Lundells-11-1024x768.jpg 1024w\" sizes=\"auto, (max-width: 1613px) 100vw, 1613px\" \/><figcaption id=\"caption-attachment-12869\" class=\"wp-caption-text\">Hemming var k\u00e4nd som en duktig hantverkare men \u00e4nd\u00e5 \u00e4r det sv\u00e5rt att tro att han under krigstiden i Karelen med enkla verktyg kunde tillverka denna sittgrupp. Ytmaterialet \u00e4r bj\u00f6rkn\u00e4ver och trots sina 70 \u00e5r \u00e4r de fortfarande helt felfria. Stolarna \u00e4r bekv\u00e4ma och behagliga att sitta i.<\/figcaption><\/figure>\n<figure id=\"attachment_12870\" aria-describedby=\"caption-attachment-12870\" style=\"width: 2304px\" class=\"wp-caption alignnone\"><img loading=\"lazy\" decoding=\"async\" class=\"size-full wp-image-12870\" src=\"http:\/\/www.lassebacklund.fi\/wp-content\/uploads\/2019\/07\/15-Hemmingas-2019-4.jpg\" alt=\"\" width=\"2304\" height=\"1704\" srcset=\"https:\/\/www.lassebacklund.fi\/wp-content\/uploads\/2019\/07\/15-Hemmingas-2019-4.jpg 2304w, https:\/\/www.lassebacklund.fi\/wp-content\/uploads\/2019\/07\/15-Hemmingas-2019-4-300x222.jpg 300w, https:\/\/www.lassebacklund.fi\/wp-content\/uploads\/2019\/07\/15-Hemmingas-2019-4-768x568.jpg 768w, https:\/\/www.lassebacklund.fi\/wp-content\/uploads\/2019\/07\/15-Hemmingas-2019-4-1024x757.jpg 1024w\" sizes=\"auto, (max-width: 2304px) 100vw, 2304px\" \/><figcaption id=\"caption-attachment-12870\" class=\"wp-caption-text\">Julias och Hemmingas g\u00e5rd fotograferad i juli 2019. Lillsj\u00f6v\u00e4gen skymtar i bakgrunden.<\/figcaption><\/figure>\n<figure id=\"attachment_12872\" aria-describedby=\"caption-attachment-12872\" style=\"width: 1311px\" class=\"wp-caption alignnone\"><img loading=\"lazy\" decoding=\"async\" class=\"size-full wp-image-12872\" src=\"http:\/\/www.lassebacklund.fi\/wp-content\/uploads\/2019\/07\/17Utteras-fleckor-p\u00e5-a-sidon.jpg\" alt=\"\" width=\"1311\" height=\"967\" srcset=\"https:\/\/www.lassebacklund.fi\/wp-content\/uploads\/2019\/07\/17Utteras-fleckor-p\u00e5-a-sidon.jpg 1311w, https:\/\/www.lassebacklund.fi\/wp-content\/uploads\/2019\/07\/17Utteras-fleckor-p\u00e5-a-sidon-300x221.jpg 300w, https:\/\/www.lassebacklund.fi\/wp-content\/uploads\/2019\/07\/17Utteras-fleckor-p\u00e5-a-sidon-768x566.jpg 768w, https:\/\/www.lassebacklund.fi\/wp-content\/uploads\/2019\/07\/17Utteras-fleckor-p\u00e5-a-sidon-1024x755.jpg 1024w\" sizes=\"auto, (max-width: 1311px) 100vw, 1311px\" \/><figcaption id=\"caption-attachment-12872\" class=\"wp-caption-text\">Kvinnan till h\u00f6ger som \u00e4r\u00a0 p\u00e5 bes\u00f6k hos Ellida Prunnila och dennes syster Hilda Lillkull, kan vara Ulla Anna \u00c5n\u00e4s. Systrarna bodde p\u00e5 Sunnantillv\u00e4gen, d\u00e4r Lappfj\u00e4rds potatis i dag har sina lokaler.<\/figcaption><\/figure>\n<figure id=\"attachment_12871\" aria-describedby=\"caption-attachment-12871\" style=\"width: 1107px\" class=\"wp-caption alignnone\"><img loading=\"lazy\" decoding=\"async\" class=\"size-full wp-image-12871\" src=\"http:\/\/www.lassebacklund.fi\/wp-content\/uploads\/2019\/07\/16-Bertel-Lindroos.jpg\" alt=\"\" width=\"1107\" height=\"1641\" srcset=\"https:\/\/www.lassebacklund.fi\/wp-content\/uploads\/2019\/07\/16-Bertel-Lindroos.jpg 1107w, https:\/\/www.lassebacklund.fi\/wp-content\/uploads\/2019\/07\/16-Bertel-Lindroos-202x300.jpg 202w, https:\/\/www.lassebacklund.fi\/wp-content\/uploads\/2019\/07\/16-Bertel-Lindroos-768x1138.jpg 768w, https:\/\/www.lassebacklund.fi\/wp-content\/uploads\/2019\/07\/16-Bertel-Lindroos-691x1024.jpg 691w\" sizes=\"auto, (max-width: 1107px) 100vw, 1107px\" \/><figcaption id=\"caption-attachment-12871\" class=\"wp-caption-text\">Bertel Lindroos i milit\u00e4ren 1936 &#8211; 1937. Efter hemf\u00f6rlovningen blev han bonde p\u00e5 hemg\u00e5rden men i oktober 1939 inkallades han i krigstj\u00e4nst och han s\u00e5rades sv\u00e5rt i striderna i S\u00e4kkij\u00e4rvi den 7 mars 1940 och han dog p\u00e5 sjukhus den 10 mars 1940.<\/figcaption><\/figure>\n<figure id=\"attachment_12873\" aria-describedby=\"caption-attachment-12873\" style=\"width: 1536px\" class=\"wp-caption alignnone\"><img loading=\"lazy\" decoding=\"async\" class=\"size-full wp-image-12873\" src=\"http:\/\/www.lassebacklund.fi\/wp-content\/uploads\/2019\/07\/18-Ok\u00e4nda-damer-2.jpg\" alt=\"\" width=\"1536\" height=\"914\" srcset=\"https:\/\/www.lassebacklund.fi\/wp-content\/uploads\/2019\/07\/18-Ok\u00e4nda-damer-2.jpg 1536w, https:\/\/www.lassebacklund.fi\/wp-content\/uploads\/2019\/07\/18-Ok\u00e4nda-damer-2-300x179.jpg 300w, https:\/\/www.lassebacklund.fi\/wp-content\/uploads\/2019\/07\/18-Ok\u00e4nda-damer-2-768x457.jpg 768w, https:\/\/www.lassebacklund.fi\/wp-content\/uploads\/2019\/07\/18-Ok\u00e4nda-damer-2-1024x609.jpg 1024w\" sizes=\"auto, (max-width: 1536px) 100vw, 1536px\" \/><figcaption id=\"caption-attachment-12873\" class=\"wp-caption-text\">&#8221;Utteras fleckor&#8221; systrarna Hilda Lillkull och Ellida Prunnila vid en grav p\u00e5 \u00c5s\u00e4ndan.<\/figcaption><\/figure>\n<figure id=\"attachment_12875\" aria-describedby=\"caption-attachment-12875\" style=\"width: 868px\" class=\"wp-caption alignnone\"><img loading=\"lazy\" decoding=\"async\" class=\"size-full wp-image-12875\" src=\"http:\/\/www.lassebacklund.fi\/wp-content\/uploads\/2019\/07\/20-Lindroos-Julia-och-Lindg\u00e5rd-Hemming.jpg\" alt=\"\" width=\"868\" height=\"1250\" srcset=\"https:\/\/www.lassebacklund.fi\/wp-content\/uploads\/2019\/07\/20-Lindroos-Julia-och-Lindg\u00e5rd-Hemming.jpg 868w, https:\/\/www.lassebacklund.fi\/wp-content\/uploads\/2019\/07\/20-Lindroos-Julia-och-Lindg\u00e5rd-Hemming-208x300.jpg 208w, https:\/\/www.lassebacklund.fi\/wp-content\/uploads\/2019\/07\/20-Lindroos-Julia-och-Lindg\u00e5rd-Hemming-768x1106.jpg 768w, https:\/\/www.lassebacklund.fi\/wp-content\/uploads\/2019\/07\/20-Lindroos-Julia-och-Lindg\u00e5rd-Hemming-711x1024.jpg 711w\" sizes=\"auto, (max-width: 868px) 100vw, 868px\" \/><figcaption id=\"caption-attachment-12875\" class=\"wp-caption-text\">Julia och Hemming.<\/figcaption><\/figure>\n<figure id=\"attachment_12874\" aria-describedby=\"caption-attachment-12874\" style=\"width: 699px\" class=\"wp-caption alignnone\"><img loading=\"lazy\" decoding=\"async\" class=\"size-full wp-image-12874\" src=\"http:\/\/www.lassebacklund.fi\/wp-content\/uploads\/2019\/07\/19-Emil-Lindroos.jpg\" alt=\"\" width=\"699\" height=\"1172\" srcset=\"https:\/\/www.lassebacklund.fi\/wp-content\/uploads\/2019\/07\/19-Emil-Lindroos.jpg 699w, https:\/\/www.lassebacklund.fi\/wp-content\/uploads\/2019\/07\/19-Emil-Lindroos-179x300.jpg 179w, https:\/\/www.lassebacklund.fi\/wp-content\/uploads\/2019\/07\/19-Emil-Lindroos-611x1024.jpg 611w\" sizes=\"auto, (max-width: 699px) 100vw, 699px\" \/><figcaption id=\"caption-attachment-12874\" class=\"wp-caption-text\">Henrik och Adelinas \u00e4ldsta barn &#8221;Riikaas Emel&#8221; Emil Lindroos, f\u00f6dd 1905. Grannen Erik Anders Englund fixade arbete \u00e5t honom p\u00e5 Kronvik s\u00e5g i Sundom redan i unga \u00e5r och d\u00e4r gifte han sig \u00e5r 1935 med Edith Backman, och de fick tv\u00e5 d\u00f6ttrar och en son.<\/figcaption><\/figure>\n<figure id=\"attachment_12877\" aria-describedby=\"caption-attachment-12877\" style=\"width: 583px\" class=\"wp-caption alignnone\"><img loading=\"lazy\" decoding=\"async\" class=\"size-full wp-image-12877\" src=\"http:\/\/www.lassebacklund.fi\/wp-content\/uploads\/2019\/07\/21-Lindroos-Adelina-med-dotter-Julia.jpg\" alt=\"\" width=\"583\" height=\"914\" srcset=\"https:\/\/www.lassebacklund.fi\/wp-content\/uploads\/2019\/07\/21-Lindroos-Adelina-med-dotter-Julia.jpg 583w, https:\/\/www.lassebacklund.fi\/wp-content\/uploads\/2019\/07\/21-Lindroos-Adelina-med-dotter-Julia-191x300.jpg 191w\" sizes=\"auto, (max-width: 583px) 100vw, 583px\" \/><figcaption id=\"caption-attachment-12877\" class=\"wp-caption-text\">Adelina Lindroos hos dottern Julia Lindg\u00e5rd.<\/figcaption><\/figure>\n<figure id=\"attachment_12876\" aria-describedby=\"caption-attachment-12876\" style=\"width: 588px\" class=\"wp-caption alignnone\"><img loading=\"lazy\" decoding=\"async\" class=\"size-full wp-image-12876\" src=\"http:\/\/www.lassebacklund.fi\/wp-content\/uploads\/2019\/07\/21-Fageli-Lindroos-i-tr\u00e4dg\u00e5rdslandet.jpg\" alt=\"\" width=\"588\" height=\"913\" srcset=\"https:\/\/www.lassebacklund.fi\/wp-content\/uploads\/2019\/07\/21-Fageli-Lindroos-i-tr\u00e4dg\u00e5rdslandet.jpg 588w, https:\/\/www.lassebacklund.fi\/wp-content\/uploads\/2019\/07\/21-Fageli-Lindroos-i-tr\u00e4dg\u00e5rdslandet-193x300.jpg 193w\" sizes=\"auto, (max-width: 588px) 100vw, 588px\" \/><figcaption id=\"caption-attachment-12876\" class=\"wp-caption-text\">Fageli Lindroos i tr\u00e4dg\u00e5rdslandet.<\/figcaption><\/figure>\n<figure id=\"attachment_12878\" aria-describedby=\"caption-attachment-12878\" style=\"width: 1362px\" class=\"wp-caption alignnone\"><img loading=\"lazy\" decoding=\"async\" class=\"size-full wp-image-12878\" src=\"http:\/\/www.lassebacklund.fi\/wp-content\/uploads\/2019\/07\/22-Ok\u00e4nda-damer-foto.jpg\" alt=\"\" width=\"1362\" height=\"844\" srcset=\"https:\/\/www.lassebacklund.fi\/wp-content\/uploads\/2019\/07\/22-Ok\u00e4nda-damer-foto.jpg 1362w, https:\/\/www.lassebacklund.fi\/wp-content\/uploads\/2019\/07\/22-Ok\u00e4nda-damer-foto-300x186.jpg 300w, https:\/\/www.lassebacklund.fi\/wp-content\/uploads\/2019\/07\/22-Ok\u00e4nda-damer-foto-768x476.jpg 768w, https:\/\/www.lassebacklund.fi\/wp-content\/uploads\/2019\/07\/22-Ok\u00e4nda-damer-foto-1024x635.jpg 1024w\" sizes=\"auto, (max-width: 1362px) 100vw, 1362px\" \/><figcaption id=\"caption-attachment-12878\" class=\"wp-caption-text\">Till v\u00e4nster Hemmings mor Ellida Prunnila och till h\u00f6ger hennes syster Hilda Lillkull, som kallades &#8221;<a href=\"https:\/\/www.lassebacklund.fi\/?page_id=2186\">Utteras fleckor<\/a>&#8221;. Fotot \u00e4r troligen taget av Ellen \u00c5n\u00e4s, \u00e5tminstone st\u00e5r flickorna p\u00e5 <a href=\"https:\/\/www.lassebacklund.fi\/?page_id=2098\">Sunnantillv\u00e4gen utanf\u00f6r &#8221;Ulla&#8221;<\/a>. I bakgrunden syns &#8221;<a href=\"https:\/\/www.lassebacklund.fi\/?page_id=2266\">Pelas Kaalas<\/a>&#8221; uthus.<\/figcaption><\/figure>\n<figure id=\"attachment_12886\" aria-describedby=\"caption-attachment-12886\" style=\"width: 1274px\" class=\"wp-caption alignnone\"><img loading=\"lazy\" decoding=\"async\" class=\"size-full wp-image-12886\" src=\"http:\/\/www.lassebacklund.fi\/wp-content\/uploads\/2019\/07\/IMG_5790.jpg\" alt=\"\" width=\"1274\" height=\"1102\" srcset=\"https:\/\/www.lassebacklund.fi\/wp-content\/uploads\/2019\/07\/IMG_5790.jpg 1274w, https:\/\/www.lassebacklund.fi\/wp-content\/uploads\/2019\/07\/IMG_5790-300x259.jpg 300w, https:\/\/www.lassebacklund.fi\/wp-content\/uploads\/2019\/07\/IMG_5790-768x664.jpg 768w, https:\/\/www.lassebacklund.fi\/wp-content\/uploads\/2019\/07\/IMG_5790-1024x886.jpg 1024w\" sizes=\"auto, (max-width: 1274px) 100vw, 1274px\" \/><figcaption id=\"caption-attachment-12886\" class=\"wp-caption-text\">Hemming och Julia Lindg\u00e5rd.<\/figcaption><\/figure>\n<figure id=\"attachment_12884\" aria-describedby=\"caption-attachment-12884\" style=\"width: 1996px\" class=\"wp-caption alignnone\"><img loading=\"lazy\" decoding=\"async\" class=\"size-full wp-image-12884\" src=\"http:\/\/www.lassebacklund.fi\/wp-content\/uploads\/2019\/07\/IMG_5788.jpg\" alt=\"\" width=\"1996\" height=\"1150\" srcset=\"https:\/\/www.lassebacklund.fi\/wp-content\/uploads\/2019\/07\/IMG_5788.jpg 1996w, https:\/\/www.lassebacklund.fi\/wp-content\/uploads\/2019\/07\/IMG_5788-300x173.jpg 300w, https:\/\/www.lassebacklund.fi\/wp-content\/uploads\/2019\/07\/IMG_5788-768x442.jpg 768w, https:\/\/www.lassebacklund.fi\/wp-content\/uploads\/2019\/07\/IMG_5788-1024x590.jpg 1024w\" sizes=\"auto, (max-width: 1996px) 100vw, 1996px\" \/><figcaption id=\"caption-attachment-12884\" class=\"wp-caption-text\">Egil och Fageli Holmudd bodde i lillstugan i Kvarn\u00e5, d\u00e5 de bes\u00f6kte hembyn under semestrarna.<\/figcaption><\/figure>\n<figure id=\"attachment_12885\" aria-describedby=\"caption-attachment-12885\" style=\"width: 1512px\" class=\"wp-caption alignnone\"><img loading=\"lazy\" decoding=\"async\" class=\"size-full wp-image-12885\" src=\"http:\/\/www.lassebacklund.fi\/wp-content\/uploads\/2019\/07\/IMG_5789.jpg\" alt=\"\" width=\"1512\" height=\"2016\" srcset=\"https:\/\/www.lassebacklund.fi\/wp-content\/uploads\/2019\/07\/IMG_5789.jpg 1512w, https:\/\/www.lassebacklund.fi\/wp-content\/uploads\/2019\/07\/IMG_5789-225x300.jpg 225w, https:\/\/www.lassebacklund.fi\/wp-content\/uploads\/2019\/07\/IMG_5789-768x1024.jpg 768w\" sizes=\"auto, (max-width: 1512px) 100vw, 1512px\" \/><figcaption id=\"caption-attachment-12885\" class=\"wp-caption-text\">Julia och Hemming hade inga egna barn men h\u00e4r \u00e4r de tillsammans med Julias systerbarnbarn p\u00e5 trappan i Kvarn\u00e5.<\/figcaption><\/figure>\n<figure id=\"attachment_12883\" aria-describedby=\"caption-attachment-12883\" style=\"width: 1199px\" class=\"wp-caption alignnone\"><img loading=\"lazy\" decoding=\"async\" class=\"size-full wp-image-12883\" src=\"http:\/\/www.lassebacklund.fi\/wp-content\/uploads\/2019\/07\/IMG_5787.jpg\" alt=\"\" width=\"1199\" height=\"1793\" srcset=\"https:\/\/www.lassebacklund.fi\/wp-content\/uploads\/2019\/07\/IMG_5787.jpg 1199w, https:\/\/www.lassebacklund.fi\/wp-content\/uploads\/2019\/07\/IMG_5787-201x300.jpg 201w, https:\/\/www.lassebacklund.fi\/wp-content\/uploads\/2019\/07\/IMG_5787-768x1148.jpg 768w, https:\/\/www.lassebacklund.fi\/wp-content\/uploads\/2019\/07\/IMG_5787-685x1024.jpg 685w\" sizes=\"auto, (max-width: 1199px) 100vw, 1199px\" \/><figcaption id=\"caption-attachment-12883\" class=\"wp-caption-text\">Hemming kunde spela p\u00e5 b\u00e5de fiol och nyckelharpa. Eftersom han var skicklig hantverkare s\u00e5 hade han tillverkat denna sj\u00e4lv.<\/figcaption><\/figure>\n<figure id=\"attachment_12882\" aria-describedby=\"caption-attachment-12882\" style=\"width: 1104px\" class=\"wp-caption alignnone\"><img loading=\"lazy\" decoding=\"async\" class=\"size-full wp-image-12882\" src=\"http:\/\/www.lassebacklund.fi\/wp-content\/uploads\/2019\/07\/IMG_5780.jpg\" alt=\"\" width=\"1104\" height=\"1602\" srcset=\"https:\/\/www.lassebacklund.fi\/wp-content\/uploads\/2019\/07\/IMG_5780.jpg 1104w, https:\/\/www.lassebacklund.fi\/wp-content\/uploads\/2019\/07\/IMG_5780-207x300.jpg 207w, https:\/\/www.lassebacklund.fi\/wp-content\/uploads\/2019\/07\/IMG_5780-768x1114.jpg 768w, https:\/\/www.lassebacklund.fi\/wp-content\/uploads\/2019\/07\/IMG_5780-706x1024.jpg 706w\" sizes=\"auto, (max-width: 1104px) 100vw, 1104px\" \/><figcaption id=\"caption-attachment-12882\" class=\"wp-caption-text\">Barnbarnen Marianne, Kjell och Ole h\u00e4lsar p\u00e5 hos mormor Adelina i Kvarn\u00e5.<\/figcaption><\/figure>\n","protected":false},"excerpt":{"rendered":"<p>Uppgjort av Lasse Backlund i juli 2019, med hj\u00e4lp av familjerna Englund och Lundell. Hemming Lindg\u00e5rd, var f\u00f6dd Prunnila (1913-1987) p\u00e5 Stoas torp i Lillsj\u00f6 bakom Berg\u00e5sen. Hemming var son till Anders Prunnila (1879-1941) och Ellida (f. Lillkull 1884-1978) som <a class=\"more-link\" href=\"https:\/\/www.lassebacklund.fi\/?page_id=12852\">Forts\u00e4tt l\u00e4sa <span class=\"screen-reader-text\">  Lindroos p\u00e5 Lillsj\u00f6v\u00e4gen 88<\/span><span class=\"meta-nav\">&rarr;<\/span><\/a><\/p>\n","protected":false},"author":1,"featured_media":0,"parent":78,"menu_order":88,"comment_status":"closed","ping_status":"closed","template":"","meta":{"footnotes":""},"class_list":["post-12852","page","type-page","status-publish","hentry"],"_links":{"self":[{"href":"https:\/\/www.lassebacklund.fi\/index.php?rest_route=\/wp\/v2\/pages\/12852","targetHints":{"allow":["GET"]}}],"collection":[{"href":"https:\/\/www.lassebacklund.fi\/index.php?rest_route=\/wp\/v2\/pages"}],"about":[{"href":"https:\/\/www.lassebacklund.fi\/index.php?rest_route=\/wp\/v2\/types\/page"}],"author":[{"embeddable":true,"href":"https:\/\/www.lassebacklund.fi\/index.php?rest_route=\/wp\/v2\/users\/1"}],"replies":[{"embeddable":true,"href":"https:\/\/www.lassebacklund.fi\/index.php?rest_route=%2Fwp%2Fv2%2Fcomments&post=12852"}],"version-history":[{"count":22,"href":"https:\/\/www.lassebacklund.fi\/index.php?rest_route=\/wp\/v2\/pages\/12852\/revisions"}],"predecessor-version":[{"id":24438,"href":"https:\/\/www.lassebacklund.fi\/index.php?rest_route=\/wp\/v2\/pages\/12852\/revisions\/24438"}],"up":[{"embeddable":true,"href":"https:\/\/www.lassebacklund.fi\/index.php?rest_route=\/wp\/v2\/pages\/78"}],"wp:attachment":[{"href":"https:\/\/www.lassebacklund.fi\/index.php?rest_route=%2Fwp%2Fv2%2Fmedia&parent=12852"}],"curies":[{"name":"wp","href":"https:\/\/api.w.org\/{rel}","templated":true}]}}