{"id":12088,"date":"2019-04-18T22:04:24","date_gmt":"2019-04-18T19:04:24","guid":{"rendered":"http:\/\/www.lassebacklund.fi\/?page_id=12088"},"modified":"2019-05-05T09:35:54","modified_gmt":"2019-05-05T06:35:54","slug":"tidningsartiklar-fran-ar-1938","status":"publish","type":"page","link":"https:\/\/www.lassebacklund.fi\/?page_id=12088","title":{"rendered":"Tidningsartiklar fr\u00e5n \u00e5r 1938."},"content":{"rendered":"<p><strong><span style=\"margin: 0px; font-family: 'Helvetica','sans-serif';\"><span style=\"color: #000000;\">Folkm\u00e4ngderna i Syd\u00f6sterbotten.<\/span><\/span><\/strong><\/p>\n<p><span style=\"margin: 0px; font-family: 'Helvetica','sans-serif';\"><span style=\"color: #000000;\">F\u00f6rsamlingen i Lappfj\u00e4rd meddelar att det under det senaste \u00e5ren f\u00f6ddes 117 barn, av dessa var 64 gossar. 91 personer hade avlidit, den \u00e4ldsta var en kvinna som var 90 \u00e5r. 20 personer hade avlidit i lungsot. 38 \u00e4ktenskap ingicks medan 35 uppl\u00f6stes, 34 genom d\u00f6dsfall och ett genom skilsm\u00e4ssa. 104 personaer hade flyttat till Lappfj\u00e4rd medan 171 flyttade bort. Folkm\u00e4ngden minskade med 41 personer till 6\u00a0320 personer.<\/span><\/span><\/p>\n<p><span style=\"margin: 0px; font-family: 'Helvetica','sans-serif';\"><span style=\"color: #000000;\">I Kristinestads stadsf\u00f6rsamling f\u00f6ddes det under \u00e5r 1937 40 barn, av dessa var tre f\u00f6dda utom \u00e4ktenskapet. 38 personer hade avlidit, den \u00e4ldsta var en 89 \u00e5rig kvinna. 19 \u00e4ktenskap ingicks, 141 personer flyttade till staden och 106 flyttade bort. Folkm\u00e4ngden \u00f6kade med 37 personer till 3\u00a0184 personer.<\/span><\/span><\/p>\n<p><span style=\"margin: 0px; font-family: 'Helvetica','sans-serif';\"><span style=\"color: #000000;\">I Tj\u00f6ck f\u00f6ddes under det g\u00e5ngna \u00e5ret 18 barn och lika m\u00e5nga personer avled. Av de avlidna var hela 16 kvinnor och den \u00e4ldsta var 89 \u00e5r. 8 par gifte sig, 17 personer flyttade till Tj\u00f6ck medan hela 50 personer flyttade bort. F\u00f6rsamlingen minskade med 33 personer till 1\u00a0517.<\/span><\/span><\/p>\n<p><span style=\"margin: 0px; font-family: 'Helvetica','sans-serif';\"><span style=\"color: #000000;\">I Sideby f\u00f6ddes 46 barn, varav 4 utom \u00e4ktenskapet. 41 personer hade avlidit och den \u00e4ldsta var en 82 \u00e5r gammal man. 12 personer dog i lungsot. 13 par gifte sig, 38 personer flyttade till Sideby medan 66 flyttade bort. Folkm\u00e4ngden minskade med 23 personer till 3\u00a0614.<\/span><\/span><\/p>\n<p><span style=\"margin: 0px; font-family: 'Helvetica','sans-serif';\"><span style=\"color: #000000;\">\u00d6verlag visar utvecklingen att befolkningen minskade i alla kommuner medan den \u00f6kade i st\u00e4derna. N\u00e4rpes minskade med 29 och \u00d6vermark med 2. Vasa \u00f6kade med 505 personer till 30\u00a0661 och Kask\u00f6 kade med 22 till 1\u00a0806 personer.<\/span><\/span><\/p>\n<p><span style=\"margin: 0px; color: #000080; font-family: 'Helvetica','sans-serif';\">Syd-\u00d6sterbotten 25.1.1938:<\/span><\/p>\n<p><span style=\"margin: 0px; font-family: 'Helvetica','sans-serif';\"><span style=\"color: #000000;\">Kommunalfullm\u00e4ktige i Lappfj\u00e4rd \u00e5tervalde bonden Johan Lillkull till ordf\u00f6rande och till sekreterare valdes A. E. Appel. S\u00e5som tidigare skall sammantr\u00e4den utannonseras i Syd-\u00d6sterbotten och i Suupohjan Sanomat och p\u00e5 kommunens anslagstavla. Ordf\u00f6randen kommer att f\u00e5 ett \u00e5rsarvode p\u00e5 500 mark och sekreteraren kommer att f\u00e5 2\u00a0000 mark. Ledam\u00f6terna f\u00e5r ett dagsarvode om 15 mark. Ledam\u00f6terna i Dagsmark och Tr\u00e4skvik f\u00e5r ett resebidrag om 5 mk, de fr\u00e5n Korsb\u00e4ck, Uttermossa och H\u00e4rkmeri f\u00e5r 10 mk medan den fr\u00e5n \u00c5back kommer att f\u00e5 15 mk per m\u00f6te.<\/span><\/span><\/p>\n<p><span style=\"margin: 0px; font-family: 'Helvetica','sans-serif';\"><span style=\"color: #000000;\">Till revisorer valdes K. E. Mattfolk, Emil Granskog, Emil Backlund och A. Klockars. <\/span><\/span><\/p>\n<p><span style=\"color: #000080;\">Syd-\u00d6sterbotten 31.3.1938:<\/span><\/p>\n<p><strong>Dagsmark andelsmejeri<\/strong> h\u00f6ll sin \u00e5rsst\u00e4mma p\u00e5 ungdomshemmet den 28 mars. St\u00e4mman \u00f6ppnades av styrelsens ordf\u00f6rande Valdemar Rosengren, varp\u00e5 Erik Englund uts\u00e5gs att leda f\u00f6rhandlingarna och disponent Mattsson till sekreterare.<\/p>\n<p>Av \u00e5rsber\u00e4ttelsen framgick att mejeriet under \u00e5ret varit i g\u00e5ng 302 dagar. Under denna tid inv\u00e4gdes 519\u00a0686 kg helmj\u00f6lk, vilket j\u00e4mf\u00f6rt med f\u00f6reg\u00e5ende \u00e5r inneb\u00e4r en minskning med 12\u00a0642 kg. Mj\u00f6lkens medelfetthalt var under \u00e5ret 3,8 %, mot 3,67 % under f\u00f6reg\u00e5ende \u00e5r.<\/p>\n<p>Enligt reduktasproven \u00a0(med reduktasprov kunde man enkelt fastst\u00e4lla bakteriehalten i mj\u00f6lken genom att tills\u00e4tta en enzym) var kvaliteten till 48,8 % av f\u00f6rsta klass, 40 % var av andra klass, 8,1 % av tredje klass och 3,1 % var av fj\u00e4rde klass.<\/p>\n<p>Till ett kilo sm\u00f6r hade \u00e5tg\u00e5tt 22,69 kg mj\u00f6lk mot 23,53 kg f\u00f6reg\u00e5ende \u00e5r. Av den inv\u00e4gda mj\u00f6lken hade 10\u00a0434 kg s\u00e5lts f\u00f6r konsumtion medan resten eller 509\u00a0262 jg hade anv\u00e4nts f\u00f6r beredning av 22\u00a0439 kg sm\u00f6r. Av denna sm\u00f6rm\u00e4ngd hade 1\u00a0326 kg s\u00e5lt till leverant\u00f6rerna, 22 kg hade anv\u00e4nts vid st\u00e4mmor och utst\u00e4llningar och 19\u00a0830 kg hade s\u00e5lts till Centrallaget Enigheten.<\/p>\n<p>Till mj\u00f6lkleverant\u00f6rerna utbetalades 490\u00a0497 mak enligt ett medelpris av 94,4 penni per kilo, vilket var 12,8 penni mera \u00e4n \u00e5ret innan. Driftskostnaderna under \u00e5ret steg till 69\u00a0022 mk, vilket var 7\u00a0881 mindre \u00e4n \u00e5r 1936.<\/p>\n<p>Sedan revisorernas utl\u00e5tande delgivits, beviljades styrelsen och kass\u00f6ren full och tacksam ansvarsfrihet. Efter f\u00f6rhandlingarnas slut bj\u00f6ds deltagarna i st\u00e4mman p\u00e5 kaffe och sm\u00f6rg\u00e5s.<\/p>\n<p><strong>Dagsmark andelskassa<\/strong> h\u00f6ll sin \u00e5rsst\u00e4mma i ungdomshemmet den 28 mars. F\u00f6rhandlingarna leddes av bonden Emil Backlund, medan protokollet f\u00f6rdes av l\u00e4raren Einar Lind.<\/p>\n<p>Av \u00e5rsber\u00e4ttelsen framgick att kassans medlemsantal under \u00e5ret \u00f6kats med 6 till 72. Insatsernas sammanlagda belopp utg\u00f6r 12\u00a0690 mk, reservfonden uppg\u00e5r till 11\u00a0746 mk och dispositionsfonden till 7\u00a0992 mk, egna medel sammanlagt 32\u00a0439 mk.<\/p>\n<p>Den 31 december 1937 hade kassan ett inl\u00e5nat kapital av 639\u00a0163 mk, vari ing\u00e5r depositioner om sammanlagt 465\u00a0383 mk, vilken summa som \u00e4r f\u00f6rdelad p\u00e5 111 motb\u00f6cker. \u00c5ret f\u00f6rut var depositionsstocken 329\u00a0147 mk och deponenternas antal 89, \u00f6kningen \u00e4r s\u00e5lunda 136\u00a0235 mk, vilket \u00e4r r\u00e4tt anm\u00e4rkningsv\u00e4rt.<\/p>\n<p>Kassans utl\u00e5nade kapital den 31 december 1937 var 546\u00a0525 mk, f\u00f6rdelat p\u00e5 115 skuldsedlar. S\u00e4kerheten var i 109 fall personborgen och i 6 fall borgen plus inteckning. Andelskassan har dessutom i ACA deponerat 87\u00a0884 mk och vidare under \u00e5ret k\u00f6pt premieobligationer till ett nominellt v\u00e4rde av 25\u00a0000 mk, varf\u00f6r de sammanlagda reserverna stiger till 112\u00a0884 mk. Inl\u00e5ningsr\u00e4ntan p\u00e5 depositioner var 4 % och utl\u00e5ningsr\u00e4ntan var 6 %, f\u00f6rutom p\u00e5 speciall\u00e5nen. R\u00f6relsen hade under gett en vinst av 3\u00a0740 mk.<\/p>\n<p>Sedan ytterligare revisionsber\u00e4ttelsen f\u00f6redragits, beviljades styrelsen och kass\u00f6ren full och tacksam ansvarsfrihet.<\/p>\n<p><span style=\"margin: 0px; color: #000080; font-family: 'Helvetica','sans-serif';\">Syd-\u00d6sterbotten 7.4.1938:<\/span><\/p>\n<p><span style=\"margin: 0px; font-family: 'Helvetica','sans-serif';\"><span style=\"color: #000000;\"><strong>Ab. P\u00e4rus-Fors oy<\/strong> h\u00f6ll ordinarie bolagsst\u00e4mma i g\u00e5r i Dagsmark. Bokslutet fastst\u00e4lldes och direktionen beviljades ansvarsfrihet. I dividend f\u00f6r 1937 besl\u00f6ts utdela 12 procent. Av \u00e5rsvinsten besl\u00f6ts vidare sk\u00e4nka 500 mk till Lappfj\u00e4rd kommuns tuberkulosfond. I direktionen \u00e5tervaldes direkt\u00f6r Rurik Nylund, vicekonsul Erik T\u00f6tterman och direkt\u00f6r Verner Grankull samt till suppleanter bonden Erik Englund och aff\u00e4rsmannen Gunnar Grankull. Till revisorer \u00e5tervaldes bankdirekt\u00f6r Oiva Nordlund och direkt\u00f6r Gunnar Grankull med kontorist Birger Grannas som suppleant.<\/span><\/span><\/p>\n<p><span style=\"margin: 0px; font-family: 'Helvetica','sans-serif';\"><span style=\"color: #000000;\"><span style=\"color: #000080;\">Syd-\u00d6sterbotten skrev den 12.4.1938<\/span> att Kristinestads h\u00e4stavelsf\u00f6rening hade ordnat en lyckad utst\u00e4llning med 40 anm\u00e4lda h\u00e4star, i Tj\u00f6ck. Bertel Krooks 2-\u00e5riga hingst Erakon pommi fick pris, likas\u00e5 ett 3-\u00e5ringt sto som hette Vivi, som \u00e4gdes av Artur Mitts. <\/span><\/span><span style=\"margin: 0px; font-family: 'Helvetica','sans-serif';\"><span style=\"color: #000000;\">Samtidigt intogs i stamboken flera h\u00e4star, bland annat stoet Drilla som \u00e4gdes av Viktor Sten i Korsb\u00e4ck och \u00a0stoet Universal som \u00e4gdes av Konrad Rosenlund fr\u00e5n Dagsmark.<\/span><\/span><\/p>\n<p><span style=\"margin: 0px; font-family: 'Helvetica','sans-serif';\"><span style=\"color: #000000;\"><span style=\"color: #000080;\">Syd-\u00d6sterbotten skrev den 19 april 1938<\/span> att en ny elektrisk ledning skall byggas fr\u00e5n kraftverket i Harjavalta till Vasa. Det var Vasa elektriska som inte l\u00e4ngre kunde bygga ut sitt kraftverk vid Br\u00e4nd\u00f6 bro, som hade avtalat med Ahlstr\u00f6m \u2013 Nokiakoncernen, som var huvudintressenter i det v\u00e4ldiga kraftverket i Harjavalta, att de skulle bygga en elektrisk linje mellan orterna.<\/span><\/span><\/p>\n<p><span style=\"margin: 0px; font-family: 'Helvetica','sans-serif';\"><span style=\"color: #000000;\">Linjen skulle bli 215 km l\u00e5ng och Harjavaltabolaget skulle st\u00e5 f\u00f6r 200 km mellan Harjavalta och Toby. Arbetet med linjen som kommer att g\u00e5 genom Dagsmark skulle p\u00e5b\u00f6rjas inom kort och leveranserna av el skulle inledas \u00e5r 1940.<\/span><\/span><\/p>\n<p><span style=\"margin: 0px; font-family: 'Helvetica','sans-serif';\"><span style=\"color: #000000;\"><span style=\"color: #000080;\">Syd-\u00d6sterbotten den 24 april 1938<\/span> skrev att den f\u00f6rsta delen av Lappfj\u00e4rds historia b\u00f6rjar s\u00e4ljas inkommande vecka. Hembygdsforskaren K. V. \u00c5kerblom har skrivit boken som handlar om b\u00e5de kyrkan och sockenf\u00f6rvaltningen. Den inneh\u00e5ller 18 kapitel p\u00e5 376 sidor.<\/span><\/span><\/p>\n<p><span style=\"margin: 0px; font-family: 'Helvetica','sans-serif';\"><span style=\"color: #000000;\">F\u00f6rs\u00e4ljare kommer att r\u00f6ra sig i kommunen och s\u00e4lja boken f\u00f6r 50 mark f\u00f6r ett h\u00e4ftat exemplar och lite dyrare f\u00f6r inbunden bok. I bokhandeln i staden kommer den ocks\u00e5 att s\u00e4ljas men d\u00e5 \u00e4r priset 10 mark dyrare. Den andra delen av Lappfj\u00e4rds historia skall skrivas och tryckas d\u00e5 den f\u00f6rsta delen \u00e4r sluts\u00e5ld.<\/span><\/span><\/p>\n<p><span style=\"margin: 0px; color: #000080; font-family: 'Helvetica','sans-serif';\">Syd-\u00d6sterbotten 23.6.1938:<\/span><\/p>\n<h5><span style=\"margin: 0px; font-family: 'Helvetica','sans-serif';\"><span style=\"color: #000000;\">Dyrbart travarsto offer f\u00f6r trafikolycka.<\/span><\/span><\/h5>\n<p><strong><span style=\"margin: 0px; font-family: 'Helvetica','sans-serif';\"><span style=\"color: #000000;\">Direkt\u00f6r Verner Grankulls Vilpas m\u00e5ste slaktas efter att ha blivit p\u00e5k\u00f6rd av lastbil.<\/span><\/span><\/strong><\/p>\n<p><span style=\"margin: 0px; font-family: 'Helvetica','sans-serif';\"><span style=\"color: #000000;\">En v\u00e5ldsam kollisionsolycka mellan en lastbil och ett h\u00e4stfordon intr\u00e4ffade i tisdags kort f\u00f6re kl. 18 p\u00e5 Lappfj\u00e4rdsv\u00e4gen i n\u00e4rheten av H\u00f6f\u00e5sens sanatorium. Vid n\u00e4mnda tid var k\u00f6rkarlen Arvid Mattila och arbetaren Artur Nyg\u00e5rd p\u00e5 v\u00e4g fr\u00e5n Kristinestad till en i n\u00e4rheten av olycksplatsen bel\u00e4gen h\u00f6lada med en h\u00e4st och k\u00e4rra tillh\u00f6riga direkt\u00f6r Verner Grankull fr\u00e5n Kristinestad.<\/span><\/span><\/p>\n<p><span style=\"margin: 0px; font-family: 'Helvetica','sans-serif';\"><span style=\"color: #000000;\">I det \u00f6gonblick m\u00e4nnen skulle ta av l\u00e4ngs biv\u00e4gen till ladan, som i f\u00f6rh\u00e5llande till k\u00f6rriktningen befinner sig p\u00e5 v\u00e4nster sida av landsv\u00e4gen, s\u00e5 kom fr\u00e5n Kristinstadsh\u00e5llet en Ford lastbil med sl\u00e4pvagn, f\u00f6rd av chauff\u00f6ren Valter Roseng\u00e5rd fr\u00e5n Dagsmark och f\u00f6rs\u00f6kte passera framf\u00f6r h\u00e4sten.<\/span><\/span><\/p>\n<p><span style=\"margin: 0px; font-family: 'Helvetica','sans-serif';\"><span style=\"color: #000000;\">Detta lyckades dock inte, utan lastflaket t\u00f6rnade med kraft mot k\u00e4rrans framdel och d\u00e4rp\u00e5 mot h\u00e4stens l\u00e4nd, som blev illa tilltygad. S\u00e5v\u00e4l h\u00e4st som k\u00e4rra sl\u00e4pades med ett tiotal meter, varp\u00e5 de slungades i diket. De b\u00e4gge m\u00e4nnen kastades handl\u00f6st i marken men erh\u00f6ll till all lycka inte sv\u00e5rare skador. \u00c4ven lastbilen \u00e5kte i diket och stannade n\u00e5got ramponerad f\u00f6rst 18 neter fr\u00e5n kollisionsplatsen.<\/span><\/span><\/p>\n<p><span style=\"margin: 0px; font-family: 'Helvetica','sans-serif';\"><span style=\"color: #000000;\">Av en h\u00e4ndelse r\u00e5kade h\u00e4stens \u00e4gare passera platsen i bil omedelbart efter olyckan. Polis och veterin\u00e4r tillkallades genast. Vid unders\u00f6kningen konstaterades att h\u00e4sten erh\u00e5llit s\u00e5 sv\u00e5ra skador i l\u00e4nden och bakbenet, att den omedelbart m\u00e5ste avlivas.<\/span><\/span><\/p>\n<p><span style=\"margin: 0px; font-family: 'Helvetica','sans-serif';\"><span style=\"color: #000000;\">Vidare framgick att chauff\u00f6ren tydligen f\u00f6rs\u00f6kt undvika kollisionen genom att h\u00e5rt sl\u00e5 p\u00e5 bromsarna. Ac sp\u00e5ren att d\u00f6ma hade bilens hjul st\u00e5tt stilla under en str\u00e4cka av 32 meter f\u00f6re kollisionen. Chauff\u00f6ren uppger att han k\u00f6rt med en fart av h\u00f6gst 45 km i timmen och att han givit signal, d\u00e5 han uppt\u00e4ckte h\u00e4sten. K\u00f6rkarlen p\u00e5stod vid polisf\u00f6rh\u00f6ret, att han inte uppfattat n\u00e5gon signal. Huruvida olyckan kan l\u00e4ggas chauff\u00f6ren eller k\u00f6rsvennen till last \u00e4r tillsvidare inte utrett, men unders\u00f6kningen p\u00e5g\u00e5r.<\/span><\/span><\/p>\n<p><span style=\"margin: 0px; font-family: 'Helvetica','sans-serif';\"><span style=\"color: #000000;\">H\u00e4sten, som m\u00e5ste nedslaktas var direkt\u00f6r Grankulls ber\u00f6mda travsto Vilpas och den representerade ett v\u00e4rde p\u00e5 minst 30\u00a0000 mark och den var of\u00f6rs\u00e4krad.<\/span><\/span><\/p>\n<p><span style=\"margin: 0px; color: #000080; font-family: 'Helvetica','sans-serif';\">Syd-\u00d6sterbotten 11.8.1938:<\/span><\/p>\n<p><span style=\"margin: 0px; font-family: 'Helvetica','sans-serif';\"><span style=\"color: #000000;\">Dagsmark idrottsklubb ordnade idrottst\u00e4vlingar i Dagsmark och lagen fr\u00e5n Lappfj\u00e4rd och Tj\u00f6ck tog de b\u00e4sta placeringarna. P\u00e5 100 meter var Urho Myllyniemi trea n\u00e5gra meter efter segraren och i h\u00f6jdhopp var han tv\u00e5a med resultatet 160 cm. P\u00e5 1\u00a0500 meter var Helmer Holmqvist trea med tiden 5,32. Juniorernas h\u00f6jdhopp vanns av Ragnar Backlund med resultatet 155 cm och en R. Lillsj\u00f6 vann juniorernas diskus med ett kast p\u00e5 33,27 meter.<\/span><\/span><\/p>\n<p><span style=\"margin: 0px; color: #000080; font-family: 'Helvetica','sans-serif';\">Syd-\u00d6sterbotten 27.8.1938:<\/span><\/p>\n<p><span style=\"margin: 0px; font-family: 'Helvetica','sans-serif';\"><span style=\"color: #000000;\">60 \u00e5r fyller i dag folkskoll\u00e4rarinnan Elin Andersson i Lappfj\u00e4rd. Hon \u00e4r f\u00f6dd i Ule\u00e5borg, som den \u00e4ldsta i en stor syskonskara. Efter skolg\u00e5ng i hemstaden och studentexamen b\u00f6rjade hon i Eken\u00e4s seminarium. Direkt efter skolan blev hon l\u00e4rarinna i Dagsmark folkskola. Tre \u00e5r senare blev hon l\u00e4rarinna i Lappfj\u00e4rds norra folkskola, d\u00e4r hon fortfarande verkar. Bland annat har hon varit ordf\u00f6rande i den lokala marthaf\u00f6reningen i 20 \u00e5rs tid.<\/span><\/span><\/p>\n<p><span style=\"margin: 0px; color: #000080; font-family: 'Helvetica','sans-serif';\">Syd-\u00d6sterbotten 6.9.1938:<\/span><\/p>\n<p><span style=\"margin: 0px; font-family: 'Helvetica','sans-serif';\"><span style=\"color: #000000;\">Kommunalfullm\u00e4ktige i Lappfj\u00e4rd valde p\u00e5 sitt m\u00f6te ledam\u00f6ter i taxeringsn\u00e4mnden f\u00f6r \u00e5r 1939 och fr\u00e5n Dagsmark invaldes Erland Krook, Emil Backlund och Selim Norrvik. I taxeringsberedningen invaldes Emil Backlund. I pr\u00f6vningsn\u00e4mnden invaldes Johan Lillkull, som ocks\u00e5 invaldes i f\u00f6rmyndarn\u00e4mnden. I styrelsen f\u00f6r Dagsmark l\u00e5nebibliotek valdes Einar Lind, Alexandra Rosengren, Erik Anders Klemets och Frans Agn\u00e4s.<\/span><\/span><\/p>\n<p><span style=\"margin: 0px; font-family: 'Helvetica','sans-serif';\"><span style=\"color: #000000;\">I skoln\u00e4mnden invaldes Johan Lillkull och Johannes Stenlund. F\u00f6r att avsyna bygget av den nya finska folkskolan i Lappfj\u00e4rds valdes Erland Krook.<\/span><\/span><\/p>\n<p><span style=\"margin: 0px; font-family: 'Helvetica','sans-serif';\"><span style=\"color: #000000;\"><span style=\"color: #000080;\">Syd-\u00d6sterbotten 20.9.1938 s<\/span>krev att Lappfj\u00e4rd under det senaste milit\u00e4ruppb\u00e5det hade den h\u00f6gsta procenten godk\u00e4nda i hela \u00d6sterbotten. Av de uppb\u00e5dade ynglingarna godk\u00e4ndes hela 86,1 % mot 81 % \u00e5ret innan. I Sideby godk\u00e4ndes 72, i Kristinestad 68 och i Tj\u00f6ck ocks\u00e5 68 %. Milit\u00e4rmyndigheterna hade befarat att procenterna \u00f6verlag kommer att bli l\u00e5ga d\u00e5 \u00e5rskullen fr\u00e5n 1918 skall inkallas.<\/span><\/span><\/p>\n<p><span style=\"color: #000080;\">Syd-\u00d6sterbotten 6.10.1938:<\/span><\/p>\n<h4><strong><span style=\"margin: 0px; font-family: 'Helvetica','sans-serif';\"><span style=\"color: #000000;\">Dagsmark folkskola 60 \u00e5r. V\u00e4lbes\u00f6kt minnesfest senaste s\u00f6ndag.<\/span><\/span><\/strong><\/h4>\n<p><span style=\"margin: 0px; font-family: 'Helvetica','sans-serif';\"><span style=\"color: #000000;\">Dagsmark folkskolas 60-\u00e5rs fest senaste s\u00f6ndag gestaltades sig till en ansl\u00e5ende h\u00f6gtidsstund f\u00f6r de omkring 250 n\u00e4rvarande ortsborna. Skolsalen var dagen till \u00e4ra prydd med blommor och h\u00f6stl\u00f6v.<\/span><\/span><\/p>\n<p><span style=\"margin: 0px; font-family: 'Helvetica','sans-serif';\"><span style=\"color: #000000;\">Sedan psalmen \u201dSanningens ande\u201d sjungits, talade prosten A. G. Rancken i anslutning till bibelorden \u201dVi \u00e4r inf\u00f6r Guds \u00f6gon\u201d samt framh\u00f6ll skolans och kunnandets stora betydelse, Efter en psalem upptr\u00e4dde en grupp skolelever med tre s\u00e5nger. Under den d\u00e4rp\u00e5 f\u00f6ljande pausen undf\u00e4gnades de n\u00e4rvarande med kaffe.<\/span><\/span><\/p>\n<p><span style=\"margin: 0px; font-family: 'Helvetica','sans-serif';\"><span style=\"color: #000000;\">Efter pausen f\u00f6redrog skolans l\u00e4rare Einar Lind en ber\u00e4ttelse \u00f6ver skolans 60-\u00e5riga tillvaro. Ur historiken framgick bland annat att den f\u00f6rsta skolbyggnaden uppf\u00f6rdes 1878, samt tillbyggdes 1886. Denna skollokal anv\u00e4ndes till 1909, d\u00e5 den nuvarande skolbyggnaden uppf\u00f6rdes. Skolan blev dubbelskola \u00e5r 1900. Under den g\u00e5ngna \u00e5ren har totalt 1\u00a0015 elever varit inskrivna i skolans matrikel och sammanlagt 15 l\u00e4rare har varit anst\u00e4llda. (l\u00e4s historiken <a href=\"http:\/\/www.lassebacklund.fi\/?page_id=787\"><span style=\"text-decoration: underline;\"><span style=\"color: #000080;\"><strong>H\u00c4R)<\/strong><\/span><\/span><\/a><\/span><\/span><\/p>\n<p><span style=\"margin: 0px; font-family: 'Helvetica','sans-serif';\"><span style=\"color: #000000;\">Skolans m\u00e5ng\u00e5rige l\u00e4rare, ekonomiedirekt\u00f6ren J. J. Wadstr\u00f6m \u00e4gnades varma minnesord. En portr\u00e4ttf\u00f6rstoring av herr Wadstr\u00f6m \u00f6verl\u00e4mnades till skolan.<\/span><\/span><\/p>\n<p><span style=\"margin: 0px; font-family: 'Helvetica','sans-serif';\"><span style=\"color: #000000;\">Rektor Johannes Nyquist talade om folkskolid\u00e9ns uppkomst och utveckling, samt erinrade om de framsynta m\u00e4n som f\u00f6r 50 \u00e5r sedan arbetade f\u00f6r folkskolornas, folkh\u00f6gskolornas och ungdomsf\u00f6reningarnas uppkomst.<\/span><\/span><\/p>\n<p><span style=\"margin: 0px; font-family: 'Helvetica','sans-serif';\"><span style=\"color: #000000;\">Sist riktade pastor A. G. Stjernberg maningens ord till f\u00f6r\u00e4ldrarna att v\u00e4nja barnen vid den r\u00e4tta v\u00e4gen genom livet. F\u00f6r\u00e4ldrarnas st\u00e4llning som sina barns f\u00f6red\u00f6me \u00e4r oerh\u00f6rt ansvarsfull.<\/span><\/span><\/p>\n<p><span style=\"margin: 0px; font-family: 'Helvetica','sans-serif';\"><span style=\"color: #000000;\">Sedan psalmen \u201dHerre signe du och r\u00e5de\u201d sjungits, var en st\u00e4mningsfull dag till \u00e4nda.<\/span><\/span><\/p>\n<p><span style=\"margin: 0px; color: #000080; font-family: 'Helvetica','sans-serif';\">Syd-\u00d6sterbotten 1.11.1938:<\/span><\/p>\n<p><span style=\"margin: 0px; font-family: 'Helvetica','sans-serif';\"><span style=\"color: #000000;\">Dagsmark andelskassa h\u00f6ll sin h\u00f6stst\u00e4mma i g\u00e5r p\u00e5 ungdomshemmet. Sedan sedvanliga ber\u00e4ttelser f\u00f6redragits, beviljades styrelsen tacksam ansvarsfrihet. Fr\u00e5n styrelsen var i tur att avg\u00e5 Erik Englund och Emil Kl\u00e5vus, vilka b\u00e5da \u00e5tervaldes. Till revisorer \u00e5tervaldes Einar Lind och Emil Backlund. St\u00e4mman besl\u00f6t att h\u00f6ja inl\u00e5ningsgr\u00e4nsen fr\u00e5n 600\u00a0000 mk till 1 miljon. Sammanslutningar f\u00e5r deponera h\u00f6gst 250\u00a0000 mk och enskilda h\u00f6gst 150\u00a0000 mk. \u00d6vriga best\u00e4mmelser f\u00f6rblev of\u00f6r\u00e4ndrade. Slutligen f\u00f6rekom \u00e4ven diskussion av en del i anledning av sparsamhetsdagens sp\u00f6rsm\u00e5l.<\/span><\/span><\/p>\n<p><span style=\"margin: 0px; font-family: 'Helvetica','sans-serif';\"><span style=\"color: #000000;\">Dagsmark andelsmejeri h\u00f6ll sin h\u00f6stst\u00e4mma i g\u00e5r efter andelskassans st\u00e4mma. Av redog\u00f6relsen f\u00f6r mejeriets verksamhet under \u00e5rets 9 f\u00f6rsta m\u00e5nader, framgick bland annat att mj\u00f6lktillf\u00f6rseln j\u00e4mf\u00f6rt med f\u00f6reg\u00e5ende \u00e5r \u00f6kats med ca 40\u00a0000 kg. Fr\u00e5n styrelsen var i tur att avg\u00e5 medlemmen Frans Agn\u00e4s och suppleanten Johan Lillkull. Den f\u00f6rra undanbad sig \u00e5terval och i hans st\u00e4lle invaldes Erik Anders Klemets, medan Lillkull \u00e5tervaldes. Till revisorer \u00e5tervaldes Viktor Bj\u00f6rklund och Emil Backlund. Vidare behandlades ett antal mindre \u00e4renden av olika slag.<\/span><\/span><\/p>\n<p><span style=\"margin: 0px; font-family: 'Helvetica','sans-serif';\"><span style=\"color: #000000;\">\u00a0<\/span><\/span><span style=\"margin: 0px; color: #000080; font-family: 'Helvetica','sans-serif';\">Syd-\u00d6sterbotten 8.11.1938:<\/span><\/p>\n<p><span style=\"margin: 0px; font-family: 'Helvetica','sans-serif';\"><span style=\"color: #000000;\">Svenska dagen den 6 november firades i Dagsmark i ungdomshemmet med en ganska talrik publik. Festen \u00f6ppnades med psalmen \u201dV\u00e5r Gud \u00e4r oss en v\u00e4ldig borg\u201d. H\u00e4lsningstalet h\u00f6lls av l\u00e4raren Einar Lind, och under ledning av l\u00e4rarinnan Linnea Lind sj\u00f6ng en barnk\u00f6r n\u00e5gra hurtiga s\u00e5nger. Efter kaffepausen upptr\u00e4dde barnk\u00f6ren p\u00e5 nytt, varp\u00e5 disponent G. Mattsson uppl\u00e4ste dagens festtal. L\u00e4rare Lind l\u00e4ste \u00e4nnu en dikt och som avslutning sj\u00f6ngs \u201dModersm\u00e5lets s\u00e5ng\u201d.<\/span><\/span><\/p>\n<p><span style=\"margin: 0px; color: #000080; font-family: 'Helvetica','sans-serif';\">Syd-\u00d6sterbotten 22.11.1938:<\/span><\/p>\n<p><strong><span style=\"margin: 0px; font-family: 'Helvetica','sans-serif';\"><span style=\"color: #000000;\">Leksaksbilen stj\u00e4lpte &#8211; den 8-\u00e5riga f\u00f6raren br\u00f6t armen.<\/span><\/span><\/strong><\/p>\n<p><span style=\"margin: 0px; font-family: 'Helvetica','sans-serif';\"><span style=\"color: #000000;\">P\u00e5 s\u00f6ndagseftermiddagen intr\u00e4ffade i Dagsmark n\u00e5got, som man kan kalla en ovanlig bilolycka. En 8-\u00e5rig gosse, Paul Englund, k\u00f6rde omkring p\u00e5 hemg\u00e5rdens g\u00e5rdsplan med en leksaksbil. En j\u00e4mn\u00e5rig kamrat fungerade som drivkraft. Denne gav dock bilen s\u00e5 h\u00e5rd fart att den stj\u00e4lpte, varvid f\u00f6raren br\u00f6t sin v\u00e4nstra underarm.<\/span><\/span><\/p>\n<p>&nbsp;<\/p>\n","protected":false},"excerpt":{"rendered":"<p>Folkm\u00e4ngderna i Syd\u00f6sterbotten. F\u00f6rsamlingen i Lappfj\u00e4rd meddelar att det under det senaste \u00e5ren f\u00f6ddes 117 barn, av dessa var 64 gossar. 91 personer hade avlidit, den \u00e4ldsta var en kvinna som var 90 \u00e5r. 20 personer hade avlidit i lungsot. <a class=\"more-link\" href=\"https:\/\/www.lassebacklund.fi\/?page_id=12088\">Forts\u00e4tt l\u00e4sa <span class=\"screen-reader-text\">  Tidningsartiklar fr\u00e5n \u00e5r 1938.<\/span><span class=\"meta-nav\">&rarr;<\/span><\/a><\/p>\n","protected":false},"author":1,"featured_media":0,"parent":8994,"menu_order":1938,"comment_status":"closed","ping_status":"closed","template":"","meta":{"footnotes":""},"class_list":["post-12088","page","type-page","status-publish","hentry"],"_links":{"self":[{"href":"https:\/\/www.lassebacklund.fi\/index.php?rest_route=\/wp\/v2\/pages\/12088","targetHints":{"allow":["GET"]}}],"collection":[{"href":"https:\/\/www.lassebacklund.fi\/index.php?rest_route=\/wp\/v2\/pages"}],"about":[{"href":"https:\/\/www.lassebacklund.fi\/index.php?rest_route=\/wp\/v2\/types\/page"}],"author":[{"embeddable":true,"href":"https:\/\/www.lassebacklund.fi\/index.php?rest_route=\/wp\/v2\/users\/1"}],"replies":[{"embeddable":true,"href":"https:\/\/www.lassebacklund.fi\/index.php?rest_route=%2Fwp%2Fv2%2Fcomments&post=12088"}],"version-history":[{"count":20,"href":"https:\/\/www.lassebacklund.fi\/index.php?rest_route=\/wp\/v2\/pages\/12088\/revisions"}],"predecessor-version":[{"id":12290,"href":"https:\/\/www.lassebacklund.fi\/index.php?rest_route=\/wp\/v2\/pages\/12088\/revisions\/12290"}],"up":[{"embeddable":true,"href":"https:\/\/www.lassebacklund.fi\/index.php?rest_route=\/wp\/v2\/pages\/8994"}],"wp:attachment":[{"href":"https:\/\/www.lassebacklund.fi\/index.php?rest_route=%2Fwp%2Fv2%2Fmedia&parent=12088"}],"curies":[{"name":"wp","href":"https:\/\/api.w.org\/{rel}","templated":true}]}}