{"id":11778,"date":"2019-03-23T09:43:25","date_gmt":"2019-03-23T07:43:25","guid":{"rendered":"http:\/\/www.lassebacklund.fi\/?page_id=11778"},"modified":"2019-03-23T09:45:26","modified_gmt":"2019-03-23T07:45:26","slug":"annonser-1936","status":"publish","type":"page","link":"https:\/\/www.lassebacklund.fi\/?page_id=11778","title":{"rendered":"Annonser 1936"},"content":{"rendered":"<figure id=\"attachment_11728\" aria-describedby=\"caption-attachment-11728\" style=\"width: 440px\" class=\"wp-caption alignnone\"><img loading=\"lazy\" decoding=\"async\" class=\"size-full wp-image-11728\" src=\"http:\/\/www.lassebacklund.fi\/wp-content\/uploads\/2019\/03\/19360108-P\u00e4rus-Fors-malar-igen.jpg\" alt=\"\" width=\"440\" height=\"122\" srcset=\"https:\/\/www.lassebacklund.fi\/wp-content\/uploads\/2019\/03\/19360108-P\u00e4rus-Fors-malar-igen.jpg 440w, https:\/\/www.lassebacklund.fi\/wp-content\/uploads\/2019\/03\/19360108-P\u00e4rus-Fors-malar-igen-300x83.jpg 300w\" sizes=\"auto, (max-width: 440px) 100vw, 440px\" \/><figcaption id=\"caption-attachment-11728\" class=\"wp-caption-text\">8.1.1936 P\u00e4rus-Fors p\u00e5minner om m\u00f6jligheten att mala s\u00e4d p\u00e5 deras kvarn i Perus.<\/figcaption><\/figure>\n<figure id=\"attachment_11727\" aria-describedby=\"caption-attachment-11727\" style=\"width: 439px\" class=\"wp-caption alignnone\"><img loading=\"lazy\" decoding=\"async\" class=\"size-full wp-image-11727\" src=\"http:\/\/www.lassebacklund.fi\/wp-content\/uploads\/2019\/03\/19360108-Norrback.jpg\" alt=\"\" width=\"439\" height=\"200\" srcset=\"https:\/\/www.lassebacklund.fi\/wp-content\/uploads\/2019\/03\/19360108-Norrback.jpg 439w, https:\/\/www.lassebacklund.fi\/wp-content\/uploads\/2019\/03\/19360108-Norrback-300x137.jpg 300w\" sizes=\"auto, (max-width: 439px) 100vw, 439px\" \/><figcaption id=\"caption-attachment-11727\" class=\"wp-caption-text\">8.1.1936 Norrbacks som hade butik i Myll\u00e4ris g\u00e5rd n\u00e4ra sportplanen.<\/figcaption><\/figure>\n<figure id=\"attachment_11729\" aria-describedby=\"caption-attachment-11729\" style=\"width: 268px\" class=\"wp-caption alignnone\"><img loading=\"lazy\" decoding=\"async\" class=\"size-full wp-image-11729\" src=\"http:\/\/www.lassebacklund.fi\/wp-content\/uploads\/2019\/03\/19360111-Lantmanngillet-och-tjurandelslaget.jpg\" alt=\"\" width=\"268\" height=\"207\" \/><figcaption id=\"caption-attachment-11729\" class=\"wp-caption-text\">1.11.1936 Andelslag i Dagsmark h\u00e5ller \u00e5rsm\u00f6ten.<\/figcaption><\/figure>\n<figure id=\"attachment_11731\" aria-describedby=\"caption-attachment-11731\" style=\"width: 659px\" class=\"wp-caption alignnone\"><img loading=\"lazy\" decoding=\"async\" class=\"size-full wp-image-11731\" src=\"http:\/\/www.lassebacklund.fi\/wp-content\/uploads\/2019\/03\/19360208-Betala-alla-r\u00e4kningar-till-P\u00e4rus-Fors.jpg\" alt=\"\" width=\"659\" height=\"192\" srcset=\"https:\/\/www.lassebacklund.fi\/wp-content\/uploads\/2019\/03\/19360208-Betala-alla-r\u00e4kningar-till-P\u00e4rus-Fors.jpg 659w, https:\/\/www.lassebacklund.fi\/wp-content\/uploads\/2019\/03\/19360208-Betala-alla-r\u00e4kningar-till-P\u00e4rus-Fors-300x87.jpg 300w\" sizes=\"auto, (max-width: 659px) 100vw, 659px\" \/><figcaption id=\"caption-attachment-11731\" class=\"wp-caption-text\">8.2.1936 \u00c4nnu p\u00e5 1930-talet s\u00e5 skulle skatter, avgifter och andra r\u00e4kningar betalas kontant till mottagaren.<\/figcaption><\/figure>\n<figure id=\"attachment_11730\" aria-describedby=\"caption-attachment-11730\" style=\"width: 346px\" class=\"wp-caption alignnone\"><img loading=\"lazy\" decoding=\"async\" class=\"size-full wp-image-11730\" src=\"http:\/\/www.lassebacklund.fi\/wp-content\/uploads\/2019\/03\/19360118-Storsj\u00f6tr\u00e4sk-kallar-till-st\u00e4mman.jpg\" alt=\"\" width=\"346\" height=\"581\" srcset=\"https:\/\/www.lassebacklund.fi\/wp-content\/uploads\/2019\/03\/19360118-Storsj\u00f6tr\u00e4sk-kallar-till-st\u00e4mman.jpg 346w, https:\/\/www.lassebacklund.fi\/wp-content\/uploads\/2019\/03\/19360118-Storsj\u00f6tr\u00e4sk-kallar-till-st\u00e4mman-179x300.jpg 179w\" sizes=\"auto, (max-width: 346px) 100vw, 346px\" \/><figcaption id=\"caption-attachment-11730\" class=\"wp-caption-text\">18.1.1936 Dagsmark Storsj\u00f6tr\u00e4sk i Korsb\u00e4ck ordnade ofta m\u00f6ten och st\u00e4mmor.<\/figcaption><\/figure>\n<figure id=\"attachment_11733\" aria-describedby=\"caption-attachment-11733\" style=\"width: 300px\" class=\"wp-caption alignnone\"><img loading=\"lazy\" decoding=\"async\" class=\" wp-image-11733\" src=\"http:\/\/www.lassebacklund.fi\/wp-content\/uploads\/2019\/03\/19360318-Korsb\u00e4ck-v\u00e4gens-sammantr\u00e4de.jpg\" alt=\"\" width=\"300\" height=\"270\" \/><figcaption id=\"caption-attachment-11733\" class=\"wp-caption-text\">18.3.1936 Eftersom v\u00e4gen till Korsb\u00e4ck var privat\u00e4gd, s\u00e5 skulle intressenterna samlas regelbundet f\u00f6r att besluta om v\u00e4gens sk\u00f6tsel.<\/figcaption><\/figure>\n<figure id=\"attachment_11734\" aria-describedby=\"caption-attachment-11734\" style=\"width: 312px\" class=\"wp-caption alignnone\"><img loading=\"lazy\" decoding=\"async\" class=\" wp-image-11734\" src=\"http:\/\/www.lassebacklund.fi\/wp-content\/uploads\/2019\/03\/19360318-Offertf\u00f6rfr\u00e5gan-p\u00e5-Perus-filialen.jpg\" alt=\"\" width=\"312\" height=\"404\" \/><figcaption id=\"caption-attachment-11734\" class=\"wp-caption-text\">18.3.1936 Lappfj\u00e4rd andelhandel skall bygga en ny filial i Perus och arbetet gavs ut p\u00e5 entreprenad.<\/figcaption><\/figure>\n<figure id=\"attachment_11732\" aria-describedby=\"caption-attachment-11732\" style=\"width: 442px\" class=\"wp-caption alignnone\"><img loading=\"lazy\" decoding=\"async\" class=\"size-full wp-image-11732\" src=\"http:\/\/www.lassebacklund.fi\/wp-content\/uploads\/2019\/03\/19360215-Selim-hammarberg-s\u00e4ljer-kilade-stenar.jpg\" alt=\"\" width=\"442\" height=\"197\" srcset=\"https:\/\/www.lassebacklund.fi\/wp-content\/uploads\/2019\/03\/19360215-Selim-hammarberg-s\u00e4ljer-kilade-stenar.jpg 442w, https:\/\/www.lassebacklund.fi\/wp-content\/uploads\/2019\/03\/19360215-Selim-hammarberg-s\u00e4ljer-kilade-stenar-300x134.jpg 300w\" sizes=\"auto, (max-width: 442px) 100vw, 442px\" \/><figcaption id=\"caption-attachment-11732\" class=\"wp-caption-text\">15.2.1936 Sedan sekelskiftet var kilade stenar en allm\u00e4n grund f\u00f6r byggnader och ofta h\u00e4mtades den fr\u00e5n K\u00e4rjenkoski och Uttermossa.<\/figcaption><\/figure>\n<figure id=\"attachment_11735\" aria-describedby=\"caption-attachment-11735\" style=\"width: 344px\" class=\"wp-caption alignnone\"><img loading=\"lazy\" decoding=\"async\" class=\" wp-image-11735\" src=\"http:\/\/www.lassebacklund.fi\/wp-content\/uploads\/2019\/03\/19360318-Sandsl\u00e4pning-f\u00f6rbjuden.jpg\" alt=\"\" width=\"344\" height=\"319\" \/><figcaption id=\"caption-attachment-11735\" class=\"wp-caption-text\">18.3.1936 F\u00f6rr var det s\u00e5 att ordspr\u00e5ket &#8221;Taa t\u00e4r e finns \u00e5 legg t\u00e4r e beh\u00f6vs&#8221; anv\u00e4ndes alltf\u00f6r ofta. Beh\u00f6vde man sand s\u00e5 tog man det p\u00e5 Berg\u00e5sen, utan att fr\u00e5ga vems den var.<\/figcaption><\/figure>\n<figure id=\"attachment_11736\" aria-describedby=\"caption-attachment-11736\" style=\"width: 345px\" class=\"wp-caption alignnone\"><img loading=\"lazy\" decoding=\"async\" class=\"size-full wp-image-11736\" src=\"http:\/\/www.lassebacklund.fi\/wp-content\/uploads\/2019\/03\/19360326-Upprensning-av-L\u00e5ngstrandsdiket.jpg\" alt=\"\" width=\"345\" height=\"536\" srcset=\"https:\/\/www.lassebacklund.fi\/wp-content\/uploads\/2019\/03\/19360326-Upprensning-av-L\u00e5ngstrandsdiket.jpg 345w, https:\/\/www.lassebacklund.fi\/wp-content\/uploads\/2019\/03\/19360326-Upprensning-av-L\u00e5ngstrandsdiket-193x300.jpg 193w\" sizes=\"auto, (max-width: 345px) 100vw, 345px\" \/><figcaption id=\"caption-attachment-11736\" class=\"wp-caption-text\">26.3.1936 L\u00e5ngstrandsdiket skall rensas.<\/figcaption><\/figure>\n<figure id=\"attachment_11738\" aria-describedby=\"caption-attachment-11738\" style=\"width: 520px\" class=\"wp-caption alignnone\"><img loading=\"lazy\" decoding=\"async\" class=\"size-full wp-image-11738\" src=\"http:\/\/www.lassebacklund.fi\/wp-content\/uploads\/2019\/03\/19360404-Bodman-k\u00f6r-buss-till-Dagsmark.jpg\" alt=\"\" width=\"520\" height=\"253\" srcset=\"https:\/\/www.lassebacklund.fi\/wp-content\/uploads\/2019\/03\/19360404-Bodman-k\u00f6r-buss-till-Dagsmark.jpg 520w, https:\/\/www.lassebacklund.fi\/wp-content\/uploads\/2019\/03\/19360404-Bodman-k\u00f6r-buss-till-Dagsmark-300x146.jpg 300w\" sizes=\"auto, (max-width: 520px) 100vw, 520px\" \/><figcaption id=\"caption-attachment-11738\" class=\"wp-caption-text\">4.4.1936 Br\u00f6derna Bodman \u00f6ppnar busslinje till Dagsmark.<\/figcaption><\/figure>\n<figure id=\"attachment_11739\" aria-describedby=\"caption-attachment-11739\" style=\"width: 359px\" class=\"wp-caption alignnone\"><img loading=\"lazy\" decoding=\"async\" class=\"size-full wp-image-11739\" src=\"http:\/\/www.lassebacklund.fi\/wp-content\/uploads\/2019\/03\/19360422-Bj\u00f6rklund-p\u00e5bjuder-sotning.jpg\" alt=\"\" width=\"359\" height=\"459\" srcset=\"https:\/\/www.lassebacklund.fi\/wp-content\/uploads\/2019\/03\/19360422-Bj\u00f6rklund-p\u00e5bjuder-sotning.jpg 359w, https:\/\/www.lassebacklund.fi\/wp-content\/uploads\/2019\/03\/19360422-Bj\u00f6rklund-p\u00e5bjuder-sotning-235x300.jpg 235w\" sizes=\"auto, (max-width: 359px) 100vw, 359px\" \/><figcaption id=\"caption-attachment-11739\" class=\"wp-caption-text\">22.4.1936 &#8221;Lid-Viktor&#8221; Bj\u00f6rklund som sk\u00f6tte om Lappfj\u00e4rd och Tj\u00f6ck brandf\u00f6rs\u00e4kringsf\u00f6rening ville att hus\u00e4garna skulle sota.<\/figcaption><\/figure>\n<figure id=\"attachment_11737\" aria-describedby=\"caption-attachment-11737\" style=\"width: 444px\" class=\"wp-caption alignnone\"><img loading=\"lazy\" decoding=\"async\" class=\"size-full wp-image-11737\" src=\"http:\/\/www.lassebacklund.fi\/wp-content\/uploads\/2019\/03\/19360401-L\u00e4karunders\u00f6kning-hos-Erland-Krook.jpg\" alt=\"\" width=\"444\" height=\"351\" srcset=\"https:\/\/www.lassebacklund.fi\/wp-content\/uploads\/2019\/03\/19360401-L\u00e4karunders\u00f6kning-hos-Erland-Krook.jpg 444w, https:\/\/www.lassebacklund.fi\/wp-content\/uploads\/2019\/03\/19360401-L\u00e4karunders\u00f6kning-hos-Erland-Krook-300x237.jpg 300w\" sizes=\"auto, (max-width: 444px) 100vw, 444px\" \/><figcaption id=\"caption-attachment-11737\" class=\"wp-caption-text\">1.4.1936 L\u00e4kare eller sjuksk\u00f6tare hade ofta mottagningar ute i byarna och i Dagsmark skedde dessa hemma hos Erland Krook mittemot mejeriet.<\/figcaption><\/figure>\n<figure id=\"attachment_11741\" aria-describedby=\"caption-attachment-11741\" style=\"width: 360px\" class=\"wp-caption alignnone\"><img loading=\"lazy\" decoding=\"async\" class=\"size-full wp-image-11741\" src=\"http:\/\/www.lassebacklund.fi\/wp-content\/uploads\/2019\/03\/19360425-Lantmannagillet-h\u00e5ller-m\u00f6te.jpg\" alt=\"\" width=\"360\" height=\"247\" srcset=\"https:\/\/www.lassebacklund.fi\/wp-content\/uploads\/2019\/03\/19360425-Lantmannagillet-h\u00e5ller-m\u00f6te.jpg 360w, https:\/\/www.lassebacklund.fi\/wp-content\/uploads\/2019\/03\/19360425-Lantmannagillet-h\u00e5ller-m\u00f6te-300x206.jpg 300w\" sizes=\"auto, (max-width: 360px) 100vw, 360px\" \/><figcaption id=\"caption-attachment-11741\" class=\"wp-caption-text\">25.4.1936 Lantmannagillet h\u00e5ller m\u00f6te och f\u00f6redrag p\u00e5 sm\u00e5skolan.<\/figcaption><\/figure>\n<figure id=\"attachment_11740\" aria-describedby=\"caption-attachment-11740\" style=\"width: 396px\" class=\"wp-caption alignnone\"><img loading=\"lazy\" decoding=\"async\" class=\"size-full wp-image-11740\" src=\"http:\/\/www.lassebacklund.fi\/wp-content\/uploads\/2019\/03\/19360422-Frans-Renfors-s\u00e4ljer-egendom.jpg\" alt=\"\" width=\"396\" height=\"342\" srcset=\"https:\/\/www.lassebacklund.fi\/wp-content\/uploads\/2019\/03\/19360422-Frans-Renfors-s\u00e4ljer-egendom.jpg 396w, https:\/\/www.lassebacklund.fi\/wp-content\/uploads\/2019\/03\/19360422-Frans-Renfors-s\u00e4ljer-egendom-300x259.jpg 300w\" sizes=\"auto, (max-width: 396px) 100vw, 396px\" \/><figcaption id=\"caption-attachment-11740\" class=\"wp-caption-text\">22.4.1936 Frans Renfors s\u00e4ljer l\u00f6segendom och hela l\u00e4genheten p\u00e5 auktion.<\/figcaption><\/figure>\n<figure id=\"attachment_11742\" aria-describedby=\"caption-attachment-11742\" style=\"width: 343px\" class=\"wp-caption alignnone\"><img loading=\"lazy\" decoding=\"async\" class=\"size-full wp-image-11742\" src=\"http:\/\/www.lassebacklund.fi\/wp-content\/uploads\/2019\/03\/19360426-Elvira-Eklund-\u00f6ppnar-Cafe-Brobacken.jpg\" alt=\"\" width=\"343\" height=\"153\" srcset=\"https:\/\/www.lassebacklund.fi\/wp-content\/uploads\/2019\/03\/19360426-Elvira-Eklund-\u00f6ppnar-Cafe-Brobacken.jpg 343w, https:\/\/www.lassebacklund.fi\/wp-content\/uploads\/2019\/03\/19360426-Elvira-Eklund-\u00f6ppnar-Cafe-Brobacken-300x134.jpg 300w\" sizes=\"auto, (max-width: 343px) 100vw, 343px\" \/><figcaption id=\"caption-attachment-11742\" class=\"wp-caption-text\">26.4.1936 I en liten notis i Syd-\u00d6sterbotten s\u00e5 ser vi att &#8221;K\u00e5rk-Elvira&#8221; Eklund t\u00e4nker \u00f6ppna ett kaf\u00e9 p\u00e5 Brobackan.<\/figcaption><\/figure>\n<figure id=\"attachment_11743\" aria-describedby=\"caption-attachment-11743\" style=\"width: 317px\" class=\"wp-caption alignnone\"><img loading=\"lazy\" decoding=\"async\" class=\"size-full wp-image-11743\" src=\"http:\/\/www.lassebacklund.fi\/wp-content\/uploads\/2019\/03\/19360429-Mejeriet-h\u00e5ller-extra-st\u00e4mma.jpg\" alt=\"\" width=\"317\" height=\"276\" srcset=\"https:\/\/www.lassebacklund.fi\/wp-content\/uploads\/2019\/03\/19360429-Mejeriet-h\u00e5ller-extra-st\u00e4mma.jpg 317w, https:\/\/www.lassebacklund.fi\/wp-content\/uploads\/2019\/03\/19360429-Mejeriet-h\u00e5ller-extra-st\u00e4mma-300x261.jpg 300w\" sizes=\"auto, (max-width: 317px) 100vw, 317px\" \/><figcaption id=\"caption-attachment-11743\" class=\"wp-caption-text\">29.4.1936 Mejeriet h\u00e5ller extra st\u00e4mma p\u00e5 sm\u00e5skolan.<\/figcaption><\/figure>\n<figure id=\"attachment_11744\" aria-describedby=\"caption-attachment-11744\" style=\"width: 352px\" class=\"wp-caption alignnone\"><img loading=\"lazy\" decoding=\"async\" class=\"size-full wp-image-11744\" src=\"http:\/\/www.lassebacklund.fi\/wp-content\/uploads\/2019\/03\/19360516-Skifteslaget-och-byalaget-kallas-till-m\u00f6te.jpg\" alt=\"\" width=\"352\" height=\"280\" srcset=\"https:\/\/www.lassebacklund.fi\/wp-content\/uploads\/2019\/03\/19360516-Skifteslaget-och-byalaget-kallas-till-m\u00f6te.jpg 352w, https:\/\/www.lassebacklund.fi\/wp-content\/uploads\/2019\/03\/19360516-Skifteslaget-och-byalaget-kallas-till-m\u00f6te-300x239.jpg 300w\" sizes=\"auto, (max-width: 352px) 100vw, 352px\" \/><figcaption id=\"caption-attachment-11744\" class=\"wp-caption-text\">16.5.1936 Skifteslaget h\u00e5ller m\u00f6te p\u00e5 sm\u00e5skolan.<\/figcaption><\/figure>\n<figure id=\"attachment_11746\" aria-describedby=\"caption-attachment-11746\" style=\"width: 335px\" class=\"wp-caption alignnone\"><img loading=\"lazy\" decoding=\"async\" class=\" wp-image-11746\" src=\"http:\/\/www.lassebacklund.fi\/wp-content\/uploads\/2019\/03\/19360527-DUF-ordnar-dans-med-Valencia.jpg\" alt=\"\" width=\"335\" height=\"311\" \/><figcaption id=\"caption-attachment-11746\" class=\"wp-caption-text\">27.5.1936 Ungdomsf\u00f6reningen ordar dans med orkestern Valencia.<\/figcaption><\/figure>\n<figure id=\"attachment_11745\" aria-describedby=\"caption-attachment-11745\" style=\"width: 486px\" class=\"wp-caption alignnone\"><img loading=\"lazy\" decoding=\"async\" class=\"size-full wp-image-11745\" src=\"http:\/\/www.lassebacklund.fi\/wp-content\/uploads\/2019\/03\/19360516-Viktor-L\u00e5ngkvist-s\u00e4ljer-ett-hemman-i-Dagsmark.jpg\" alt=\"\" width=\"486\" height=\"299\" srcset=\"https:\/\/www.lassebacklund.fi\/wp-content\/uploads\/2019\/03\/19360516-Viktor-L\u00e5ngkvist-s\u00e4ljer-ett-hemman-i-Dagsmark.jpg 486w, https:\/\/www.lassebacklund.fi\/wp-content\/uploads\/2019\/03\/19360516-Viktor-L\u00e5ngkvist-s\u00e4ljer-ett-hemman-i-Dagsmark-300x185.jpg 300w\" sizes=\"auto, (max-width: 486px) 100vw, 486px\" \/><figcaption id=\"caption-attachment-11745\" class=\"wp-caption-text\">16.5.1936 Viktor L\u00e5ngkvist som nyligen hade k\u00f6pt R\u00f6nnqvist hemman i Klemets\u00e4ndan av &#8221;Roraas Viktor&#8221; s\u00e5lde det direkt vidare \u00e5t Armas Hakala.<\/figcaption><\/figure>\n<figure id=\"attachment_11748\" aria-describedby=\"caption-attachment-11748\" style=\"width: 277px\" class=\"wp-caption alignnone\"><img loading=\"lazy\" decoding=\"async\" class=\"size-full wp-image-11748\" src=\"http:\/\/www.lassebacklund.fi\/wp-content\/uploads\/2019\/03\/19360617-DIK-ordnar-t\u00e4vlingar-om-Hellmans-pokal.jpg\" alt=\"\" width=\"277\" height=\"490\" srcset=\"https:\/\/www.lassebacklund.fi\/wp-content\/uploads\/2019\/03\/19360617-DIK-ordnar-t\u00e4vlingar-om-Hellmans-pokal.jpg 277w, https:\/\/www.lassebacklund.fi\/wp-content\/uploads\/2019\/03\/19360617-DIK-ordnar-t\u00e4vlingar-om-Hellmans-pokal-170x300.jpg 170w\" sizes=\"auto, (max-width: 277px) 100vw, 277px\" \/><figcaption id=\"caption-attachment-11748\" class=\"wp-caption-text\">17.6.1936 Dagsmark Idrottsklubb ordnade t\u00e4vlingar p\u00e5 den gamla sportplanen n\u00e4ra ungdomslokalen.<\/figcaption><\/figure>\n<figure id=\"attachment_11747\" aria-describedby=\"caption-attachment-11747\" style=\"width: 270px\" class=\"wp-caption alignnone\"><img loading=\"lazy\" decoding=\"async\" class=\"size-full wp-image-11747\" src=\"http:\/\/www.lassebacklund.fi\/wp-content\/uploads\/2019\/03\/19360603-DUF-har-teater-i-H\u00e4rkmeri.jpg\" alt=\"\" width=\"270\" height=\"191\" \/><figcaption id=\"caption-attachment-11747\" class=\"wp-caption-text\">3.6.1936 DUF uppf\u00f6rde sina teaterstycken ocks\u00e5 i andra byar.<\/figcaption><\/figure>\n<figure id=\"attachment_11749\" aria-describedby=\"caption-attachment-11749\" style=\"width: 334px\" class=\"wp-caption alignnone\"><img loading=\"lazy\" decoding=\"async\" class=\"size-full wp-image-11749\" src=\"http:\/\/www.lassebacklund.fi\/wp-content\/uploads\/2019\/03\/19360620-Erland-Lindqvist-vill-s\u00e4lja-Snickarbacken.jpg\" alt=\"\" width=\"334\" height=\"193\" srcset=\"https:\/\/www.lassebacklund.fi\/wp-content\/uploads\/2019\/03\/19360620-Erland-Lindqvist-vill-s\u00e4lja-Snickarbacken.jpg 334w, https:\/\/www.lassebacklund.fi\/wp-content\/uploads\/2019\/03\/19360620-Erland-Lindqvist-vill-s\u00e4lja-Snickarbacken-300x173.jpg 300w\" sizes=\"auto, (max-width: 334px) 100vw, 334px\" \/><figcaption id=\"caption-attachment-11749\" class=\"wp-caption-text\">20.6.1936 Erland Lindqvist vill s\u00e4lja ett hemman p\u00e5 Sneckarbackan i Norrviken.<\/figcaption><\/figure>\n<figure id=\"attachment_11752\" aria-describedby=\"caption-attachment-11752\" style=\"width: 346px\" class=\"wp-caption alignnone\"><img loading=\"lazy\" decoding=\"async\" class=\"size-full wp-image-11752\" src=\"http:\/\/www.lassebacklund.fi\/wp-content\/uploads\/2019\/03\/19360708-Johannes-Stenlund-s\u00e4ljer-billigt-gr\u00e4s-i-Storsj\u00f6.jpg\" alt=\"\" width=\"346\" height=\"305\" srcset=\"https:\/\/www.lassebacklund.fi\/wp-content\/uploads\/2019\/03\/19360708-Johannes-Stenlund-s\u00e4ljer-billigt-gr\u00e4s-i-Storsj\u00f6.jpg 346w, https:\/\/www.lassebacklund.fi\/wp-content\/uploads\/2019\/03\/19360708-Johannes-Stenlund-s\u00e4ljer-billigt-gr\u00e4s-i-Storsj\u00f6-300x264.jpg 300w\" sizes=\"auto, (max-width: 346px) 100vw, 346px\" \/><figcaption id=\"caption-attachment-11752\" class=\"wp-caption-text\">8.7.1936 Johannes s\u00e4ljer gr\u00e4set fr\u00e5n flera skiften.<\/figcaption><\/figure>\n<figure id=\"attachment_11750\" aria-describedby=\"caption-attachment-11750\" style=\"width: 359px\" class=\"wp-caption alignnone\"><img loading=\"lazy\" decoding=\"async\" class=\"size-full wp-image-11750\" src=\"http:\/\/www.lassebacklund.fi\/wp-content\/uploads\/2019\/03\/19360701-Yli-Heikkil\u00e4-s\u00e4ljer-redskap-p\u00e5-auktion.jpg\" alt=\"\" width=\"359\" height=\"263\" srcset=\"https:\/\/www.lassebacklund.fi\/wp-content\/uploads\/2019\/03\/19360701-Yli-Heikkil\u00e4-s\u00e4ljer-redskap-p\u00e5-auktion.jpg 359w, https:\/\/www.lassebacklund.fi\/wp-content\/uploads\/2019\/03\/19360701-Yli-Heikkil\u00e4-s\u00e4ljer-redskap-p\u00e5-auktion-300x220.jpg 300w\" sizes=\"auto, (max-width: 359px) 100vw, 359px\" \/><figcaption id=\"caption-attachment-11750\" class=\"wp-caption-text\">1.7.1936 Samppa och Tilda Yli-Heikkil\u00e4 s\u00e4ljer lantbruksredskap, d\u00e5 han s\u00e5lde sin g\u00e5rd p\u00e5 \u00c5bro hemman i Palon \u00e5t V\u00e4in\u00f6 och Elna Mannila.<\/figcaption><\/figure>\n<figure id=\"attachment_11751\" aria-describedby=\"caption-attachment-11751\" style=\"width: 343px\" class=\"wp-caption alignnone\"><img loading=\"lazy\" decoding=\"async\" class=\"size-full wp-image-11751\" src=\"http:\/\/www.lassebacklund.fi\/wp-content\/uploads\/2019\/03\/19360704-Gr\u00e4sv\u00e4xten-p\u00e5-bolagslotten-s\u00e4ljs-p\u00e5-auktion.jpg\" alt=\"\" width=\"343\" height=\"296\" srcset=\"https:\/\/www.lassebacklund.fi\/wp-content\/uploads\/2019\/03\/19360704-Gr\u00e4sv\u00e4xten-p\u00e5-bolagslotten-s\u00e4ljs-p\u00e5-auktion.jpg 343w, https:\/\/www.lassebacklund.fi\/wp-content\/uploads\/2019\/03\/19360704-Gr\u00e4sv\u00e4xten-p\u00e5-bolagslotten-s\u00e4ljs-p\u00e5-auktion-300x259.jpg 300w\" sizes=\"auto, (max-width: 343px) 100vw, 343px\" \/><figcaption id=\"caption-attachment-11751\" class=\"wp-caption-text\">4.7.1936 Gr\u00e4sv\u00e4xten p\u00e5 en bolagslott i Storsj\u00f6 tr\u00e4sk skall s\u00e4ljas.<\/figcaption><\/figure>\n<figure id=\"attachment_11753\" aria-describedby=\"caption-attachment-11753\" style=\"width: 314px\" class=\"wp-caption alignnone\"><img loading=\"lazy\" decoding=\"async\" class=\"size-full wp-image-11753\" src=\"http:\/\/www.lassebacklund.fi\/wp-content\/uploads\/2019\/03\/19360711-DUF-ordnar-sommarfest.jpg\" alt=\"\" width=\"314\" height=\"233\" srcset=\"https:\/\/www.lassebacklund.fi\/wp-content\/uploads\/2019\/03\/19360711-DUF-ordnar-sommarfest.jpg 314w, https:\/\/www.lassebacklund.fi\/wp-content\/uploads\/2019\/03\/19360711-DUF-ordnar-sommarfest-300x223.jpg 300w\" sizes=\"auto, (max-width: 314px) 100vw, 314px\" \/><figcaption id=\"caption-attachment-11753\" class=\"wp-caption-text\">11.7.1936 Rio-Rita med k\u00e4nda musiker fr\u00e5n Lappfj\u00e4rd var en popul\u00e4r orkester p\u00e5 1930-talet.<\/figcaption><\/figure>\n<figure id=\"attachment_11755\" aria-describedby=\"caption-attachment-11755\" style=\"width: 329px\" class=\"wp-caption alignnone\"><img loading=\"lazy\" decoding=\"async\" class=\"size-full wp-image-11755\" src=\"http:\/\/www.lassebacklund.fi\/wp-content\/uploads\/2019\/03\/19360711-L\u00e5ngstrandsdiket-intressenter-samlas-hos-Erland-Lindqvist.jpg\" alt=\"\" width=\"329\" height=\"343\" srcset=\"https:\/\/www.lassebacklund.fi\/wp-content\/uploads\/2019\/03\/19360711-L\u00e5ngstrandsdiket-intressenter-samlas-hos-Erland-Lindqvist.jpg 329w, https:\/\/www.lassebacklund.fi\/wp-content\/uploads\/2019\/03\/19360711-L\u00e5ngstrandsdiket-intressenter-samlas-hos-Erland-Lindqvist-288x300.jpg 288w\" sizes=\"auto, (max-width: 329px) 100vw, 329px\" \/><figcaption id=\"caption-attachment-11755\" class=\"wp-caption-text\">11.7.1936 Del\u00e4garna i L\u00e5ngstrandsdiket skall samlas till m\u00f6te hos Erland Lindqvist.<\/figcaption><\/figure>\n<figure id=\"attachment_11754\" aria-describedby=\"caption-attachment-11754\" style=\"width: 348px\" class=\"wp-caption alignnone\"><img loading=\"lazy\" decoding=\"async\" class=\"size-full wp-image-11754\" src=\"http:\/\/www.lassebacklund.fi\/wp-content\/uploads\/2019\/03\/19360711-Karl-Lindell-k\u00f6per-slaktdjur.jpg\" alt=\"\" width=\"348\" height=\"157\" srcset=\"https:\/\/www.lassebacklund.fi\/wp-content\/uploads\/2019\/03\/19360711-Karl-Lindell-k\u00f6per-slaktdjur.jpg 348w, https:\/\/www.lassebacklund.fi\/wp-content\/uploads\/2019\/03\/19360711-Karl-Lindell-k\u00f6per-slaktdjur-300x135.jpg 300w\" sizes=\"auto, (max-width: 348px) 100vw, 348px\" \/><figcaption id=\"caption-attachment-11754\" class=\"wp-caption-text\">11.7.1936 &#8221;K\u00e5nstonas-Kalle&#8221; Lindell gjorde hela tiden aff\u00e4rer med lantbruksprodukter.<\/figcaption><\/figure>\n<p><img loading=\"lazy\" decoding=\"async\" class=\"alignnone size-full wp-image-11756\" src=\"http:\/\/www.lassebacklund.fi\/wp-content\/uploads\/2019\/03\/19360722-J-V-Bj\u00f6rklund-och-Lappfj\u00e4rd-Tj\u00f6ck-brandf\u00f6rs\u00e4kring.jpg\" alt=\"\" width=\"343\" height=\"403\" srcset=\"https:\/\/www.lassebacklund.fi\/wp-content\/uploads\/2019\/03\/19360722-J-V-Bj\u00f6rklund-och-Lappfj\u00e4rd-Tj\u00f6ck-brandf\u00f6rs\u00e4kring.jpg 343w, https:\/\/www.lassebacklund.fi\/wp-content\/uploads\/2019\/03\/19360722-J-V-Bj\u00f6rklund-och-Lappfj\u00e4rd-Tj\u00f6ck-brandf\u00f6rs\u00e4kring-255x300.jpg 255w\" sizes=\"auto, (max-width: 343px) 100vw, 343px\" \/><\/p>\n<figure id=\"attachment_11757\" aria-describedby=\"caption-attachment-11757\" style=\"width: 492px\" class=\"wp-caption alignnone\"><img loading=\"lazy\" decoding=\"async\" class=\"size-full wp-image-11757\" src=\"http:\/\/www.lassebacklund.fi\/wp-content\/uploads\/2019\/03\/19360801-Frans-Korsb\u00e4ck-s\u00e4ljer-stuga-i-Storsj\u00f6.jpg\" alt=\"\" width=\"492\" height=\"448\" srcset=\"https:\/\/www.lassebacklund.fi\/wp-content\/uploads\/2019\/03\/19360801-Frans-Korsb\u00e4ck-s\u00e4ljer-stuga-i-Storsj\u00f6.jpg 492w, https:\/\/www.lassebacklund.fi\/wp-content\/uploads\/2019\/03\/19360801-Frans-Korsb\u00e4ck-s\u00e4ljer-stuga-i-Storsj\u00f6-300x273.jpg 300w\" sizes=\"auto, (max-width: 492px) 100vw, 492px\" \/><figcaption id=\"caption-attachment-11757\" class=\"wp-caption-text\">1.8.1936. Frans Korsb\u00e4ck s\u00e4ljer en stuga i Korsb\u00e4ck.<\/figcaption><\/figure>\n<figure id=\"attachment_11758\" aria-describedby=\"caption-attachment-11758\" style=\"width: 349px\" class=\"wp-caption alignnone\"><img loading=\"lazy\" decoding=\"async\" class=\"size-full wp-image-11758\" src=\"http:\/\/www.lassebacklund.fi\/wp-content\/uploads\/2019\/03\/19360905-Koskenkorva-utf\u00f6r-malning-i-Ragnarsvik.jpg\" alt=\"\" width=\"349\" height=\"295\" srcset=\"https:\/\/www.lassebacklund.fi\/wp-content\/uploads\/2019\/03\/19360905-Koskenkorva-utf\u00f6r-malning-i-Ragnarsvik.jpg 349w, https:\/\/www.lassebacklund.fi\/wp-content\/uploads\/2019\/03\/19360905-Koskenkorva-utf\u00f6r-malning-i-Ragnarsvik-300x254.jpg 300w\" sizes=\"auto, (max-width: 349px) 100vw, 349px\" \/><figcaption id=\"caption-attachment-11758\" class=\"wp-caption-text\">5.9.1936 Eelis Koskenkorva som just hade \u00f6vertagit kvarnen i Ragnarsvik bjuder ut snabba och billiga malningar.<\/figcaption><\/figure>\n<figure id=\"attachment_11759\" aria-describedby=\"caption-attachment-11759\" style=\"width: 688px\" class=\"wp-caption alignnone\"><img loading=\"lazy\" decoding=\"async\" class=\"size-full wp-image-11759\" src=\"http:\/\/www.lassebacklund.fi\/wp-content\/uploads\/2019\/03\/19360905-P\u00e4rusfors-kvarn-malar-dygnet-runt.jpg\" alt=\"\" width=\"688\" height=\"180\" srcset=\"https:\/\/www.lassebacklund.fi\/wp-content\/uploads\/2019\/03\/19360905-P\u00e4rusfors-kvarn-malar-dygnet-runt.jpg 688w, https:\/\/www.lassebacklund.fi\/wp-content\/uploads\/2019\/03\/19360905-P\u00e4rusfors-kvarn-malar-dygnet-runt-300x78.jpg 300w\" sizes=\"auto, (max-width: 688px) 100vw, 688px\" \/><figcaption id=\"caption-attachment-11759\" class=\"wp-caption-text\">5.9.1936. 24\/7 skulle det kanske kallas i dag men f\u00f6rr malde man &#8221;alla dagar under hela dygnet&#8221;.<\/figcaption><\/figure>\n<figure id=\"attachment_11762\" aria-describedby=\"caption-attachment-11762\" style=\"width: 354px\" class=\"wp-caption alignnone\"><img loading=\"lazy\" decoding=\"async\" class=\"size-full wp-image-11762\" src=\"http:\/\/www.lassebacklund.fi\/wp-content\/uploads\/2019\/03\/19360923-DUF-ordnar-fester.jpg\" alt=\"\" width=\"354\" height=\"351\" srcset=\"https:\/\/www.lassebacklund.fi\/wp-content\/uploads\/2019\/03\/19360923-DUF-ordnar-fester.jpg 354w, https:\/\/www.lassebacklund.fi\/wp-content\/uploads\/2019\/03\/19360923-DUF-ordnar-fester-150x150.jpg 150w, https:\/\/www.lassebacklund.fi\/wp-content\/uploads\/2019\/03\/19360923-DUF-ordnar-fester-300x297.jpg 300w\" sizes=\"auto, (max-width: 354px) 100vw, 354px\" \/><figcaption id=\"caption-attachment-11762\" class=\"wp-caption-text\">23.9.1936 Tv\u00e5 fester ordnas p\u00e5 ungdomslokalen med lite olika arrang\u00f6rer.<\/figcaption><\/figure>\n<figure id=\"attachment_11761\" aria-describedby=\"caption-attachment-11761\" style=\"width: 352px\" class=\"wp-caption alignnone\"><img loading=\"lazy\" decoding=\"async\" class=\"size-full wp-image-11761\" src=\"http:\/\/www.lassebacklund.fi\/wp-content\/uploads\/2019\/03\/19360916-Leander-Nyholm-s\u00e4ljer-st\u00f6vartik.jpg\" alt=\"\" width=\"352\" height=\"232\" srcset=\"https:\/\/www.lassebacklund.fi\/wp-content\/uploads\/2019\/03\/19360916-Leander-Nyholm-s\u00e4ljer-st\u00f6vartik.jpg 352w, https:\/\/www.lassebacklund.fi\/wp-content\/uploads\/2019\/03\/19360916-Leander-Nyholm-s\u00e4ljer-st\u00f6vartik-300x198.jpg 300w\" sizes=\"auto, (max-width: 352px) 100vw, 352px\" \/><figcaption id=\"caption-attachment-11761\" class=\"wp-caption-text\">16.9.1936 Leander i Kvarn\u00e5 vill s\u00e4lja en hund.<\/figcaption><\/figure>\n<figure id=\"attachment_11760\" aria-describedby=\"caption-attachment-11760\" style=\"width: 353px\" class=\"wp-caption alignnone\"><img loading=\"lazy\" decoding=\"async\" class=\"size-full wp-image-11760\" src=\"http:\/\/www.lassebacklund.fi\/wp-content\/uploads\/2019\/03\/19360912-Handlande-Norrback-inl\u00e4mnar-konkursans\u00f6kan.jpg\" alt=\"\" width=\"353\" height=\"203\" srcset=\"https:\/\/www.lassebacklund.fi\/wp-content\/uploads\/2019\/03\/19360912-Handlande-Norrback-inl\u00e4mnar-konkursans\u00f6kan.jpg 353w, https:\/\/www.lassebacklund.fi\/wp-content\/uploads\/2019\/03\/19360912-Handlande-Norrback-inl\u00e4mnar-konkursans\u00f6kan-300x173.jpg 300w\" sizes=\"auto, (max-width: 353px) 100vw, 353px\" \/><figcaption id=\"caption-attachment-11760\" class=\"wp-caption-text\">12.9.1936 Handlande Norrback som hade butik n\u00e4ra sportplanen l\u00e4mnade sj\u00e4lv in sin konkursans\u00f6kan.<\/figcaption><\/figure>\n<figure id=\"attachment_11764\" aria-describedby=\"caption-attachment-11764\" style=\"width: 341px\" class=\"wp-caption alignnone\"><img loading=\"lazy\" decoding=\"async\" class=\"size-full wp-image-11764\" src=\"http:\/\/www.lassebacklund.fi\/wp-content\/uploads\/2019\/03\/19360930-Gunnar-Lillkull-s\u00e4ljer-stof\u00f6.jpg\" alt=\"\" width=\"341\" height=\"181\" srcset=\"https:\/\/www.lassebacklund.fi\/wp-content\/uploads\/2019\/03\/19360930-Gunnar-Lillkull-s\u00e4ljer-stof\u00f6.jpg 341w, https:\/\/www.lassebacklund.fi\/wp-content\/uploads\/2019\/03\/19360930-Gunnar-Lillkull-s\u00e4ljer-stof\u00f6-300x159.jpg 300w\" sizes=\"auto, (max-width: 341px) 100vw, 341px\" \/><figcaption id=\"caption-attachment-11764\" class=\"wp-caption-text\">30.9.1936 Gunnar p\u00e5 Sunnantillv\u00e4gen vill s\u00e4lja ett f\u00f6l.<\/figcaption><\/figure>\n<figure id=\"attachment_11763\" aria-describedby=\"caption-attachment-11763\" style=\"width: 341px\" class=\"wp-caption alignnone\"><img loading=\"lazy\" decoding=\"async\" class=\"size-full wp-image-11763\" src=\"http:\/\/www.lassebacklund.fi\/wp-content\/uploads\/2019\/03\/19360926-Jyllinkoski-hyr-sin-kvarn-och-s\u00e5g-i-Kornb\u00e4cken.jpg\" alt=\"\" width=\"341\" height=\"437\" srcset=\"https:\/\/www.lassebacklund.fi\/wp-content\/uploads\/2019\/03\/19360926-Jyllinkoski-hyr-sin-kvarn-och-s\u00e5g-i-Kornb\u00e4cken.jpg 341w, https:\/\/www.lassebacklund.fi\/wp-content\/uploads\/2019\/03\/19360926-Jyllinkoski-hyr-sin-kvarn-och-s\u00e5g-i-Kornb\u00e4cken-234x300.jpg 234w\" sizes=\"auto, (max-width: 341px) 100vw, 341px\" \/><figcaption id=\"caption-attachment-11763\" class=\"wp-caption-text\">26.9.1936 Jyllinkoski vill hyra ut kvarnen och s\u00e5gen i Tuimala i Kornb\u00e4cken.<\/figcaption><\/figure>\n<figure id=\"attachment_11765\" aria-describedby=\"caption-attachment-11765\" style=\"width: 341px\" class=\"wp-caption alignnone\"><img loading=\"lazy\" decoding=\"async\" class=\"size-full wp-image-11765\" src=\"http:\/\/www.lassebacklund.fi\/wp-content\/uploads\/2019\/03\/19361007-Dagsmark-UF-fyller-40-\u00e5r.jpg\" alt=\"\" width=\"341\" height=\"368\" srcset=\"https:\/\/www.lassebacklund.fi\/wp-content\/uploads\/2019\/03\/19361007-Dagsmark-UF-fyller-40-\u00e5r.jpg 341w, https:\/\/www.lassebacklund.fi\/wp-content\/uploads\/2019\/03\/19361007-Dagsmark-UF-fyller-40-\u00e5r-278x300.jpg 278w\" sizes=\"auto, (max-width: 341px) 100vw, 341px\" \/><figcaption id=\"caption-attachment-11765\" class=\"wp-caption-text\">7.10.1936 kommunens \u00e4ldsta ungdomsf\u00f6rening som grundades 1896 firade ordentligt d\u00e5 den fyllde 40 \u00e5r.<\/figcaption><\/figure>\n<figure id=\"attachment_11766\" aria-describedby=\"caption-attachment-11766\" style=\"width: 330px\" class=\"wp-caption alignnone\"><img loading=\"lazy\" decoding=\"async\" class=\"size-full wp-image-11766\" src=\"http:\/\/www.lassebacklund.fi\/wp-content\/uploads\/2019\/03\/19361014-Lantmanngillet-ordnar-sk\u00f6rdefest-i-Korsb\u00e4ck.jpg\" alt=\"\" width=\"330\" height=\"244\" srcset=\"https:\/\/www.lassebacklund.fi\/wp-content\/uploads\/2019\/03\/19361014-Lantmanngillet-ordnar-sk\u00f6rdefest-i-Korsb\u00e4ck.jpg 330w, https:\/\/www.lassebacklund.fi\/wp-content\/uploads\/2019\/03\/19361014-Lantmanngillet-ordnar-sk\u00f6rdefest-i-Korsb\u00e4ck-300x222.jpg 300w\" sizes=\"auto, (max-width: 330px) 100vw, 330px\" \/><figcaption id=\"caption-attachment-11766\" class=\"wp-caption-text\">14.10.1936 Lantmannagillet ordnar sk\u00f6rdefest i Korsb\u00e4ck.<\/figcaption><\/figure>\n<figure id=\"attachment_11767\" aria-describedby=\"caption-attachment-11767\" style=\"width: 346px\" class=\"wp-caption alignnone\"><img loading=\"lazy\" decoding=\"async\" class=\"size-full wp-image-11767\" src=\"http:\/\/www.lassebacklund.fi\/wp-content\/uploads\/2019\/03\/19361031-arvingarna-s\u00e4ljer-Anna-Greta-Englunds-kvarl\u00e5tenskap.jpg\" alt=\"\" width=\"346\" height=\"290\" srcset=\"https:\/\/www.lassebacklund.fi\/wp-content\/uploads\/2019\/03\/19361031-arvingarna-s\u00e4ljer-Anna-Greta-Englunds-kvarl\u00e5tenskap.jpg 346w, https:\/\/www.lassebacklund.fi\/wp-content\/uploads\/2019\/03\/19361031-arvingarna-s\u00e4ljer-Anna-Greta-Englunds-kvarl\u00e5tenskap-300x251.jpg 300w\" sizes=\"auto, (max-width: 346px) 100vw, 346px\" \/><figcaption id=\"caption-attachment-11767\" class=\"wp-caption-text\">31.10.1936 &#8221;Koll-Anagrets&#8221; arvingar s\u00e4ljer hennes kvarl\u00e5tenskap p\u00e5 auktion. Hon hette Storkull och bodde hos sin son Erik Anders Englund i Palon. Hon var ocks\u00e5 mor till s\u00e5g\u00e4gare Viktor Nylund, handlanden J.H.Storkull och handlanden Erland Nor\u00e9n.<\/figcaption><\/figure>\n<figure id=\"attachment_11768\" aria-describedby=\"caption-attachment-11768\" style=\"width: 340px\" class=\"wp-caption alignnone\"><img loading=\"lazy\" decoding=\"async\" class=\"size-full wp-image-11768\" src=\"http:\/\/www.lassebacklund.fi\/wp-content\/uploads\/2019\/03\/19361104-Intressenterna-i-Korsb\u00e4ckv\u00e4gen-kallas-till-m\u00f6te.jpg\" alt=\"\" width=\"340\" height=\"379\" srcset=\"https:\/\/www.lassebacklund.fi\/wp-content\/uploads\/2019\/03\/19361104-Intressenterna-i-Korsb\u00e4ckv\u00e4gen-kallas-till-m\u00f6te.jpg 340w, https:\/\/www.lassebacklund.fi\/wp-content\/uploads\/2019\/03\/19361104-Intressenterna-i-Korsb\u00e4ckv\u00e4gen-kallas-till-m\u00f6te-269x300.jpg 269w\" sizes=\"auto, (max-width: 340px) 100vw, 340px\" \/><figcaption id=\"caption-attachment-11768\" class=\"wp-caption-text\">4.11.1936 Korsb\u00e4ckv\u00e4gen var privat v\u00e4g och intressenterna samlades till m\u00f6te i Dagsmark.<\/figcaption><\/figure>\n<figure id=\"attachment_11769\" aria-describedby=\"caption-attachment-11769\" style=\"width: 339px\" class=\"wp-caption alignnone\"><img loading=\"lazy\" decoding=\"async\" class=\"size-full wp-image-11769\" src=\"http:\/\/www.lassebacklund.fi\/wp-content\/uploads\/2019\/03\/19361205-Norrbacks-konkursauktion.jpg\" alt=\"\" width=\"339\" height=\"662\" srcset=\"https:\/\/www.lassebacklund.fi\/wp-content\/uploads\/2019\/03\/19361205-Norrbacks-konkursauktion.jpg 339w, https:\/\/www.lassebacklund.fi\/wp-content\/uploads\/2019\/03\/19361205-Norrbacks-konkursauktion-154x300.jpg 154w\" sizes=\"auto, (max-width: 339px) 100vw, 339px\" \/><figcaption id=\"caption-attachment-11769\" class=\"wp-caption-text\">5.12.1936. Handlande Norrbacks konkursbo s\u00e4ljer hans varulager, lastbil och 150 h\u00f6nor p\u00e5 auktion. Sj\u00e4lva fastigheten skulle s\u00e4ljas p\u00e5 eftermiddagen.<\/figcaption><\/figure>\n<figure id=\"attachment_11772\" aria-describedby=\"caption-attachment-11772\" style=\"width: 347px\" class=\"wp-caption alignnone\"><img loading=\"lazy\" decoding=\"async\" class=\"size-full wp-image-11772\" src=\"http:\/\/www.lassebacklund.fi\/wp-content\/uploads\/2019\/03\/19361215-Elandelslaget-planerar-att-s\u00e4lja-sina-ledningar.jpg\" alt=\"\" width=\"347\" height=\"388\" srcset=\"https:\/\/www.lassebacklund.fi\/wp-content\/uploads\/2019\/03\/19361215-Elandelslaget-planerar-att-s\u00e4lja-sina-ledningar.jpg 347w, https:\/\/www.lassebacklund.fi\/wp-content\/uploads\/2019\/03\/19361215-Elandelslaget-planerar-att-s\u00e4lja-sina-ledningar-268x300.jpg 268w\" sizes=\"auto, (max-width: 347px) 100vw, 347px\" \/><figcaption id=\"caption-attachment-11772\" class=\"wp-caption-text\">15.12.1936 Elandelslaget som bildades i mitten av 1930-talet t\u00e4nker besluta om att s\u00e4lja ledningarna.<\/figcaption><\/figure>\n<figure id=\"attachment_11770\" aria-describedby=\"caption-attachment-11770\" style=\"width: 335px\" class=\"wp-caption alignnone\"><img loading=\"lazy\" decoding=\"async\" class=\"size-full wp-image-11770\" src=\"http:\/\/www.lassebacklund.fi\/wp-content\/uploads\/2019\/03\/19361208-Viktor-Bj\u00f6rklund-uppb\u00e4rr\u00e4ntor-f\u00f6r-kolonisationsl\u00e5nen.jpg\" alt=\"\" width=\"335\" height=\"425\" srcset=\"https:\/\/www.lassebacklund.fi\/wp-content\/uploads\/2019\/03\/19361208-Viktor-Bj\u00f6rklund-uppb\u00e4rr\u00e4ntor-f\u00f6r-kolonisationsl\u00e5nen.jpg 335w, https:\/\/www.lassebacklund.fi\/wp-content\/uploads\/2019\/03\/19361208-Viktor-Bj\u00f6rklund-uppb\u00e4rr\u00e4ntor-f\u00f6r-kolonisationsl\u00e5nen-236x300.jpg 236w\" sizes=\"auto, (max-width: 335px) 100vw, 335px\" \/><figcaption id=\"caption-attachment-11770\" class=\"wp-caption-text\">8.12.1936 &#8221;Lid-Viktor&#8221; var kass\u00f6r i kolonisationsn\u00e4mnden och l\u00e5ntagarna skulle betala r\u00e4ntor och amorteringar p\u00e5 kommunalg\u00e5rden i Lappfj\u00e4rd.<\/figcaption><\/figure>\n<figure id=\"attachment_11771\" aria-describedby=\"caption-attachment-11771\" style=\"width: 423px\" class=\"wp-caption alignnone\"><img loading=\"lazy\" decoding=\"async\" class=\"size-full wp-image-11771\" src=\"http:\/\/www.lassebacklund.fi\/wp-content\/uploads\/2019\/03\/19361212-Norrback-\u00f6ppnar-butiken-igen-efter-f\u00f6rlikning.jpg\" alt=\"\" width=\"423\" height=\"214\" srcset=\"https:\/\/www.lassebacklund.fi\/wp-content\/uploads\/2019\/03\/19361212-Norrback-\u00f6ppnar-butiken-igen-efter-f\u00f6rlikning.jpg 423w, https:\/\/www.lassebacklund.fi\/wp-content\/uploads\/2019\/03\/19361212-Norrback-\u00f6ppnar-butiken-igen-efter-f\u00f6rlikning-300x152.jpg 300w\" sizes=\"auto, (max-width: 423px) 100vw, 423px\" \/><figcaption id=\"caption-attachment-11771\" class=\"wp-caption-text\">12.12.1936 Handlande Norrback som hade s\u00f6kt i konkurs hade tydligen kommit \u00f6verens med borgen\u00e4rerna om en f\u00f6rlikning, vilket gjorde att han kunde forts\u00e4tta handla en tid.<\/figcaption><\/figure>\n<figure id=\"attachment_11774\" aria-describedby=\"caption-attachment-11774\" style=\"width: 660px\" class=\"wp-caption alignnone\"><img loading=\"lazy\" decoding=\"async\" class=\"size-full wp-image-11774\" src=\"http:\/\/www.lassebacklund.fi\/wp-content\/uploads\/2019\/03\/19361229-Norrback-f\u00f6rlorade-ett-paket-i-Lappfj\u00e4rd.jpg\" alt=\"\" width=\"660\" height=\"296\" srcset=\"https:\/\/www.lassebacklund.fi\/wp-content\/uploads\/2019\/03\/19361229-Norrback-f\u00f6rlorade-ett-paket-i-Lappfj\u00e4rd.jpg 660w, https:\/\/www.lassebacklund.fi\/wp-content\/uploads\/2019\/03\/19361229-Norrback-f\u00f6rlorade-ett-paket-i-Lappfj\u00e4rd-300x135.jpg 300w\" sizes=\"auto, (max-width: 660px) 100vw, 660px\" \/><figcaption id=\"caption-attachment-11774\" class=\"wp-caption-text\">29.12.1936 Handlande Norrback har f\u00f6rlorat ett paket.<\/figcaption><\/figure>\n<figure id=\"attachment_11773\" aria-describedby=\"caption-attachment-11773\" style=\"width: 980px\" class=\"wp-caption alignnone\"><img loading=\"lazy\" decoding=\"async\" class=\"size-full wp-image-11773\" src=\"http:\/\/www.lassebacklund.fi\/wp-content\/uploads\/2019\/03\/19361219-Norrback-realiserar-varulagret.jpg\" alt=\"\" width=\"980\" height=\"483\" srcset=\"https:\/\/www.lassebacklund.fi\/wp-content\/uploads\/2019\/03\/19361219-Norrback-realiserar-varulagret.jpg 980w, https:\/\/www.lassebacklund.fi\/wp-content\/uploads\/2019\/03\/19361219-Norrback-realiserar-varulagret-300x148.jpg 300w, https:\/\/www.lassebacklund.fi\/wp-content\/uploads\/2019\/03\/19361219-Norrback-realiserar-varulagret-768x379.jpg 768w\" sizes=\"auto, (max-width: 980px) 100vw, 980px\" \/><figcaption id=\"caption-attachment-11773\" class=\"wp-caption-text\">19.12.1936 Handlande Norrback s\u00e4ljer ut lagret men han g\u00f6r ocks\u00e5 bytesaff\u00e4rer.<\/figcaption><\/figure>\n<figure id=\"attachment_11776\" aria-describedby=\"caption-attachment-11776\" style=\"width: 311px\" class=\"wp-caption alignnone\"><img loading=\"lazy\" decoding=\"async\" class=\"size-full wp-image-11776\" src=\"http:\/\/www.lassebacklund.fi\/wp-content\/uploads\/2019\/03\/19369314-Mejeri-och-andelskassan-h\u00e5ller-st\u00e4mma.jpg\" alt=\"\" width=\"311\" height=\"368\" srcset=\"https:\/\/www.lassebacklund.fi\/wp-content\/uploads\/2019\/03\/19369314-Mejeri-och-andelskassan-h\u00e5ller-st\u00e4mma.jpg 311w, https:\/\/www.lassebacklund.fi\/wp-content\/uploads\/2019\/03\/19369314-Mejeri-och-andelskassan-h\u00e5ller-st\u00e4mma-254x300.jpg 254w\" sizes=\"auto, (max-width: 311px) 100vw, 311px\" \/><figcaption id=\"caption-attachment-11776\" class=\"wp-caption-text\">12.3.1936 Andelskassan och mejeriet hade alltid gemensamma st\u00e4mmor och m\u00f6ten, f\u00f6r de i stort sett samma del\u00e4gare.<\/figcaption><\/figure>\n<figure id=\"attachment_11775\" aria-describedby=\"caption-attachment-11775\" style=\"width: 598px\" class=\"wp-caption alignnone\"><img loading=\"lazy\" decoding=\"async\" class=\"size-full wp-image-11775\" src=\"http:\/\/www.lassebacklund.fi\/wp-content\/uploads\/2019\/03\/19361231-P\u00e4rus-fors-kvarn-i-g\u00e5ng.jpg\" alt=\"\" width=\"598\" height=\"156\" srcset=\"https:\/\/www.lassebacklund.fi\/wp-content\/uploads\/2019\/03\/19361231-P\u00e4rus-fors-kvarn-i-g\u00e5ng.jpg 598w, https:\/\/www.lassebacklund.fi\/wp-content\/uploads\/2019\/03\/19361231-P\u00e4rus-fors-kvarn-i-g\u00e5ng-300x78.jpg 300w\" sizes=\"auto, (max-width: 598px) 100vw, 598px\" \/><figcaption id=\"caption-attachment-11775\" class=\"wp-caption-text\">31.12.1936 P\u00e4rus-Fors Ab:s kvarn var ig\u00e5ng dygnet runt varje dag.<\/figcaption><\/figure>\n","protected":false},"excerpt":{"rendered":"","protected":false},"author":1,"featured_media":0,"parent":8060,"menu_order":1936,"comment_status":"closed","ping_status":"closed","template":"","meta":{"footnotes":""},"class_list":["post-11778","page","type-page","status-publish","hentry"],"_links":{"self":[{"href":"https:\/\/www.lassebacklund.fi\/index.php?rest_route=\/wp\/v2\/pages\/11778","targetHints":{"allow":["GET"]}}],"collection":[{"href":"https:\/\/www.lassebacklund.fi\/index.php?rest_route=\/wp\/v2\/pages"}],"about":[{"href":"https:\/\/www.lassebacklund.fi\/index.php?rest_route=\/wp\/v2\/types\/page"}],"author":[{"embeddable":true,"href":"https:\/\/www.lassebacklund.fi\/index.php?rest_route=\/wp\/v2\/users\/1"}],"replies":[{"embeddable":true,"href":"https:\/\/www.lassebacklund.fi\/index.php?rest_route=%2Fwp%2Fv2%2Fcomments&post=11778"}],"version-history":[{"count":2,"href":"https:\/\/www.lassebacklund.fi\/index.php?rest_route=\/wp\/v2\/pages\/11778\/revisions"}],"predecessor-version":[{"id":11780,"href":"https:\/\/www.lassebacklund.fi\/index.php?rest_route=\/wp\/v2\/pages\/11778\/revisions\/11780"}],"up":[{"embeddable":true,"href":"https:\/\/www.lassebacklund.fi\/index.php?rest_route=\/wp\/v2\/pages\/8060"}],"wp:attachment":[{"href":"https:\/\/www.lassebacklund.fi\/index.php?rest_route=%2Fwp%2Fv2%2Fmedia&parent=11778"}],"curies":[{"name":"wp","href":"https:\/\/api.w.org\/{rel}","templated":true}]}}